{"id":82758,"date":"2024-10-21T20:30:10","date_gmt":"2024-10-21T18:30:10","guid":{"rendered":"https:\/\/www.upjs.sk\/aktuality\/nova-drzitelka-cestneho-titulu-profesor-emeritus\/"},"modified":"2024-10-24T10:33:40","modified_gmt":"2024-10-24T08:33:40","slug":"honorary-title-professor-emeritus","status":"publish","type":"cpt_aktuality","link":"https:\/\/www.upjs.sk\/en\/actualities\/honorary-title-professor-emeritus\/","title":{"rendered":"Meet the new holder of the honorary title &#8220;Professor Emeritus&#8221;"},"content":{"rendered":"\n<p>Pursuant to Section 78 of Act No. 131\/2002 Coll. on Higher Education and the Amendments and Supplementation to Certain Acts, as amended, based on the motion of the Dean of the UPJ\u0160 Faculty of Arts, prof. Ren\u00e1ta Panocov\u00e1, and after approval by the UPJ\u0160 Scientific Board, <strong>on 24 May 2024 Rector of UPJ\u0160, prof. Daniel Pella, awarded the honorary title of &#8220;Professor Emeritus&#8221; to:<\/strong><\/p>\n\n\n\n<p><strong>prof. PhDr. Eva \u017diakov\u00e1, CSc.<\/strong><\/p>\n\n\n\n<p>Department of Social Work, Faculty of Arts, UPJ\u0160 in Ko\u0161ic<\/p>\n\n\n<style>.kb-row-layout-id82758_e039f6-1f > .kt-row-column-wrap{align-content:start;}:where(.kb-row-layout-id82758_e039f6-1f > .kt-row-column-wrap) > .wp-block-kadence-column{justify-content:start;}.kb-row-layout-id82758_e039f6-1f > .kt-row-column-wrap{column-gap:var(--global-kb-gap-md, 2rem);row-gap:var(--global-kb-gap-md, 2rem);padding-top:var(--global-kb-spacing-sm, 1.5rem);padding-bottom:var(--global-kb-spacing-sm, 1.5rem);grid-template-columns:repeat(2, minmax(0, 1fr));}.kb-row-layout-id82758_e039f6-1f > .kt-row-layout-overlay{opacity:0.30;}@media all and (max-width: 1024px){.kb-row-layout-id82758_e039f6-1f > .kt-row-column-wrap{grid-template-columns:repeat(2, minmax(0, 1fr));}}@media all and (max-width: 767px){.kb-row-layout-id82758_e039f6-1f > .kt-row-column-wrap{grid-template-columns:minmax(0, 1fr);}}<\/style><div class=\"kb-row-layout-wrap kb-row-layout-id82758_e039f6-1f alignnone wp-block-kadence-rowlayout\"><div class=\"kt-row-column-wrap kt-has-2-columns kt-row-layout-equal kt-tab-layout-inherit kt-mobile-layout-row kt-row-valign-top\">\n<style>.kadence-column82758_d40f4a-53 > .kt-inside-inner-col,.kadence-column82758_d40f4a-53 > .kt-inside-inner-col:before{border-top-left-radius:0px;border-top-right-radius:0px;border-bottom-right-radius:0px;border-bottom-left-radius:0px;}.kadence-column82758_d40f4a-53 > .kt-inside-inner-col{column-gap:var(--global-kb-gap-sm, 1rem);}.kadence-column82758_d40f4a-53 > .kt-inside-inner-col{flex-direction:column;}.kadence-column82758_d40f4a-53 > .kt-inside-inner-col > .aligncenter{width:100%;}.kadence-column82758_d40f4a-53 > .kt-inside-inner-col:before{opacity:0.3;}.kadence-column82758_d40f4a-53{position:relative;}@media all and (max-width: 1024px){.kadence-column82758_d40f4a-53 > .kt-inside-inner-col{flex-direction:column;justify-content:center;}}@media all and (max-width: 767px){.kadence-column82758_d40f4a-53 > .kt-inside-inner-col{flex-direction:column;justify-content:center;}}<\/style>\n<div class=\"wp-block-kadence-column kadence-column82758_d40f4a-53\"><div class=\"kt-inside-inner-col\">\n<figure class=\"wp-block-image size-full\"><img decoding=\"async\" width=\"500\" height=\"333\" src=\"https:\/\/www.upjs.sk\/app\/uploads\/2024\/10\/profesor_emeritus_1-1.jpg\" alt=\"\" class=\"wp-image-82572\" srcset=\"https:\/\/www.upjs.sk\/app\/uploads\/2024\/10\/profesor_emeritus_1-1.jpg 500w, https:\/\/www.upjs.sk\/app\/uploads\/2024\/10\/profesor_emeritus_1-1-300x200.jpg 300w\" sizes=\"(max-width: 500px) 100vw, 500px\" \/><\/figure>\n<\/div><\/div>\n\n\n<style>.kadence-column82758_7e6841-0e > .kt-inside-inner-col,.kadence-column82758_7e6841-0e > .kt-inside-inner-col:before{border-top-left-radius:0px;border-top-right-radius:0px;border-bottom-right-radius:0px;border-bottom-left-radius:0px;}.kadence-column82758_7e6841-0e > .kt-inside-inner-col{column-gap:var(--global-kb-gap-sm, 1rem);}.kadence-column82758_7e6841-0e > .kt-inside-inner-col{flex-direction:column;}.kadence-column82758_7e6841-0e > .kt-inside-inner-col > .aligncenter{width:100%;}.kadence-column82758_7e6841-0e > .kt-inside-inner-col:before{opacity:0.3;}.kadence-column82758_7e6841-0e{position:relative;}@media all and (max-width: 1024px){.kadence-column82758_7e6841-0e > .kt-inside-inner-col{flex-direction:column;justify-content:center;}}@media all and (max-width: 767px){.kadence-column82758_7e6841-0e > .kt-inside-inner-col{flex-direction:column;justify-content:center;}}<\/style>\n<div class=\"wp-block-kadence-column kadence-column82758_7e6841-0e\"><div class=\"kt-inside-inner-col\">\n<figure class=\"wp-block-image size-full is-resized\"><img decoding=\"async\" width=\"500\" height=\"362\" src=\"https:\/\/www.upjs.sk\/app\/uploads\/2024\/10\/profesor-emeritus_2.jpg\" alt=\"\" class=\"wp-image-82566\" style=\"width:390px;height:auto\" srcset=\"https:\/\/www.upjs.sk\/app\/uploads\/2024\/10\/profesor-emeritus_2.jpg 500w, https:\/\/www.upjs.sk\/app\/uploads\/2024\/10\/profesor-emeritus_2-300x217.jpg 300w\" sizes=\"(max-width: 500px) 100vw, 500px\" \/><\/figure>\n<\/div><\/div>\n\n<\/div><\/div>\n\n\n<p>At the first meeting of the UPJ\u0160 Scientific Board in the academic year 2024\/2025, which was held<strong> on 18 October 2024, the Rector of the Pavol Jozef \u0160af\u00e1rik University in Ko\u0161ice, Daniel Pella, officially handed over the &#8220;professor emeritus&#8221; appointment decree to prof. Eva \u017diakov\u00e1 <\/strong>for her significant contribution in the field of science and education. Rector Pella thanked professor \u017diakov\u00e1 for her contribution to the university and wished her good health and further success in her professional and personal life.<\/p>\n\n\n\n<p>We warmly congratulate professor \u017diakov\u00e1 and wish her much success in her future endeavours.<\/p>\n\n\n\n<p><\/p>\n","protected":false},"excerpt":{"rendered":"<p>Pursuant to Section 78 of Act No. 131\/2002 Coll. on Higher Education and the Amendments and Supplementation to Certain Acts, as amended, based on the motion of the Dean of the UPJ\u0160 Faculty of Arts, prof. Ren\u00e1ta Panocov\u00e1, and after approval by the UPJ\u0160 Scientific Board, on 24 May 2024 Rector of UPJ\u0160, prof. Daniel &hellip; <a href=\"https:\/\/www.upjs.sk\/en\/actualities\/honorary-title-professor-emeritus\/\">Continued<\/a><\/p>\n","protected":false},"author":16,"featured_media":82569,"template":"","meta":{"_acf_changed":false,"_editorskit_title_hidden":false,"_editorskit_reading_time":0,"_editorskit_is_block_options_detached":false,"_editorskit_block_options_position":"{}","footnotes":""},"categories":[],"tags":[],"tax_aktuality":[],"class_list":["post-82758","cpt_aktuality","type-cpt_aktuality","status-publish","has-post-thumbnail","hentry"],"acf":{"acf_link_na_externy_obsah":"","poradie_clanku":""},"yoast_head":"<!-- This site is optimized with the Yoast SEO plugin v27.4 - https:\/\/yoast.com\/product\/yoast-seo-wordpress\/ -->\n<title>Meet the new holder of the honorary title &quot;Professor Emeritus&quot; - UPJ\u0160 Ko\u0161ice<\/title>\n<meta name=\"robots\" content=\"index, follow, max-snippet:-1, max-image-preview:large, max-video-preview:-1\" \/>\n<link rel=\"canonical\" href=\"https:\/\/www.upjs.sk\/en\/actualities\/honorary-title-professor-emeritus\/\" \/>\n<meta property=\"og:locale\" content=\"en_US\" \/>\n<meta property=\"og:type\" content=\"article\" \/>\n<meta property=\"og:title\" content=\"Meet the new holder of the honorary title &quot;Professor Emeritus&quot; - UPJ\u0160 Ko\u0161ice\" \/>\n<meta property=\"og:description\" content=\"Pursuant to Section 78 of Act No. 131\/2002 Coll. on Higher Education and the Amendments and Supplementation to Certain Acts, as amended, based on the motion of the Dean of the UPJ\u0160 Faculty of Arts, prof. Ren\u00e1ta Panocov\u00e1, and after approval by the UPJ\u0160 Scientific Board, on 24 May 2024 Rector of UPJ\u0160, prof. Daniel &hellip; Continued\" \/>\n<meta property=\"og:url\" content=\"https:\/\/www.upjs.sk\/en\/actualities\/honorary-title-professor-emeritus\/\" \/>\n<meta property=\"og:site_name\" content=\"UPJ\u0160 Ko\u0161ice\" \/>\n<meta property=\"article:publisher\" content=\"https:\/\/www.facebook.com\/UniverzitaPavlaJozefaSafarikaVkosiciach\/\" \/>\n<meta property=\"article:modified_time\" content=\"2024-10-24T08:33:40+00:00\" \/>\n<meta property=\"og:image\" content=\"https:\/\/www.upjs.sk\/app\/uploads\/2024\/10\/profesor_emeritus_1.jpg\" \/>\n\t<meta property=\"og:image:width\" content=\"500\" \/>\n\t<meta property=\"og:image:height\" content=\"333\" \/>\n\t<meta property=\"og:image:type\" content=\"image\/jpeg\" \/>\n<meta name=\"twitter:card\" content=\"summary_large_image\" \/>\n<meta name=\"twitter:site\" content=\"@UPJS_kosice\" \/>\n<meta name=\"twitter:label1\" content=\"Est. reading time\" \/>\n\t<meta name=\"twitter:data1\" content=\"1 minute\" \/>\n<script type=\"application\/ld+json\" class=\"yoast-schema-graph\">{\"@context\":\"https:\\\/\\\/schema.org\",\"@graph\":[{\"@type\":\"WebPage\",\"@id\":\"https:\\\/\\\/www.upjs.sk\\\/en\\\/actualities\\\/honorary-title-professor-emeritus\\\/\",\"url\":\"https:\\\/\\\/www.upjs.sk\\\/en\\\/actualities\\\/honorary-title-professor-emeritus\\\/\",\"name\":\"Meet the new holder of the honorary title \\\"Professor Emeritus\\\" - UPJ\u0160 Ko\u0161ice\",\"isPartOf\":{\"@id\":\"https:\\\/\\\/www.upjs.sk\\\/en\\\/#website\"},\"primaryImageOfPage\":{\"@id\":\"https:\\\/\\\/www.upjs.sk\\\/en\\\/actualities\\\/honorary-title-professor-emeritus\\\/#primaryimage\"},\"image\":{\"@id\":\"https:\\\/\\\/www.upjs.sk\\\/en\\\/actualities\\\/honorary-title-professor-emeritus\\\/#primaryimage\"},\"thumbnailUrl\":\"https:\\\/\\\/www.upjs.sk\\\/app\\\/uploads\\\/2024\\\/10\\\/profesor_emeritus_1.jpg\",\"datePublished\":\"2024-10-21T18:30:10+00:00\",\"dateModified\":\"2024-10-24T08:33:40+00:00\",\"breadcrumb\":{\"@id\":\"https:\\\/\\\/www.upjs.sk\\\/en\\\/actualities\\\/honorary-title-professor-emeritus\\\/#breadcrumb\"},\"inLanguage\":\"en-US\",\"potentialAction\":[{\"@type\":\"ReadAction\",\"target\":[\"https:\\\/\\\/www.upjs.sk\\\/en\\\/actualities\\\/honorary-title-professor-emeritus\\\/\"]}]},{\"@type\":\"ImageObject\",\"inLanguage\":\"en-US\",\"@id\":\"https:\\\/\\\/www.upjs.sk\\\/en\\\/actualities\\\/honorary-title-professor-emeritus\\\/#primaryimage\",\"url\":\"https:\\\/\\\/www.upjs.sk\\\/app\\\/uploads\\\/2024\\\/10\\\/profesor_emeritus_1.jpg\",\"contentUrl\":\"https:\\\/\\\/www.upjs.sk\\\/app\\\/uploads\\\/2024\\\/10\\\/profesor_emeritus_1.jpg\",\"width\":500,\"height\":333},{\"@type\":\"BreadcrumbList\",\"@id\":\"https:\\\/\\\/www.upjs.sk\\\/en\\\/actualities\\\/honorary-title-professor-emeritus\\\/#breadcrumb\",\"itemListElement\":[{\"@type\":\"ListItem\",\"position\":1,\"name\":\"Home\",\"item\":\"https:\\\/\\\/www.upjs.sk\\\/en\\\/\"},{\"@type\":\"ListItem\",\"position\":2,\"name\":\"News\",\"item\":\"https:\\\/\\\/www.upjs.sk\\\/en\\\/actualities\\\/\"},{\"@type\":\"ListItem\",\"position\":3,\"name\":\"Meet the new holder of the honorary title &#8222;Professor Emeritus&#8220;\"}]},{\"@type\":\"WebSite\",\"@id\":\"https:\\\/\\\/www.upjs.sk\\\/en\\\/#website\",\"url\":\"https:\\\/\\\/www.upjs.sk\\\/en\\\/\",\"name\":\"UPJ\u0160 Ko\u0161ice\",\"description\":\"Wisdom of the Past, Knowledge of the Present, Education of the Future\",\"publisher\":{\"@id\":\"https:\\\/\\\/www.upjs.sk\\\/en\\\/#organization\"},\"potentialAction\":[{\"@type\":\"SearchAction\",\"target\":{\"@type\":\"EntryPoint\",\"urlTemplate\":\"https:\\\/\\\/www.upjs.sk\\\/en\\\/?s={search_term_string}\"},\"query-input\":{\"@type\":\"PropertyValueSpecification\",\"valueRequired\":true,\"valueName\":\"search_term_string\"}}],\"inLanguage\":\"en-US\"},{\"@type\":\"Organization\",\"@id\":\"https:\\\/\\\/www.upjs.sk\\\/en\\\/#organization\",\"name\":\"UPJ\u0160 Ko\u0161ice\",\"url\":\"https:\\\/\\\/www.upjs.sk\\\/en\\\/\",\"logo\":{\"@type\":\"ImageObject\",\"inLanguage\":\"en-US\",\"@id\":\"https:\\\/\\\/www.upjs.sk\\\/en\\\/#\\\/schema\\\/logo\\\/image\\\/\",\"url\":\"https:\\\/\\\/www.upjs.sk\\\/app\\\/uploads\\\/2023\\\/01\\\/UPJS_ENG_esymbol.svg\",\"contentUrl\":\"https:\\\/\\\/www.upjs.sk\\\/app\\\/uploads\\\/2023\\\/01\\\/UPJS_ENG_esymbol.svg\",\"width\":448,\"height\":139,\"caption\":\"UPJ\u0160 Ko\u0161ice\"},\"image\":{\"@id\":\"https:\\\/\\\/www.upjs.sk\\\/en\\\/#\\\/schema\\\/logo\\\/image\\\/\"},\"sameAs\":[\"https:\\\/\\\/www.facebook.com\\\/UniverzitaPavlaJozefaSafarikaVkosiciach\\\/\",\"https:\\\/\\\/x.com\\\/UPJS_kosice\",\"https:\\\/\\\/www.instagram.com\\\/upjs_kosice\",\"https:\\\/\\\/www.linkedin.com\\\/company\\\/pavol-jozef-afrik-university-in-koice\\\/\"]}]}<\/script>\n<!-- \/ Yoast SEO plugin. -->","yoast_head_json":{"title":"Meet the new holder of the honorary title \"Professor Emeritus\" - UPJ\u0160 Ko\u0161ice","robots":{"index":"index","follow":"follow","max-snippet":"max-snippet:-1","max-image-preview":"max-image-preview:large","max-video-preview":"max-video-preview:-1"},"canonical":"https:\/\/www.upjs.sk\/en\/actualities\/honorary-title-professor-emeritus\/","og_locale":"en_US","og_type":"article","og_title":"Meet the new holder of the honorary title \"Professor Emeritus\" - UPJ\u0160 Ko\u0161ice","og_description":"Pursuant to Section 78 of Act No. 131\/2002 Coll. on Higher Education and the Amendments and Supplementation to Certain Acts, as amended, based on the motion of the Dean of the UPJ\u0160 Faculty of Arts, prof. Ren\u00e1ta Panocov\u00e1, and after approval by the UPJ\u0160 Scientific Board, on 24 May 2024 Rector of UPJ\u0160, prof. Daniel &hellip; Continued","og_url":"https:\/\/www.upjs.sk\/en\/actualities\/honorary-title-professor-emeritus\/","og_site_name":"UPJ\u0160 Ko\u0161ice","article_publisher":"https:\/\/www.facebook.com\/UniverzitaPavlaJozefaSafarikaVkosiciach\/","article_modified_time":"2024-10-24T08:33:40+00:00","og_image":[{"width":500,"height":333,"url":"https:\/\/www.upjs.sk\/app\/uploads\/2024\/10\/profesor_emeritus_1.jpg","type":"image\/jpeg"}],"twitter_card":"summary_large_image","twitter_site":"@UPJS_kosice","twitter_misc":{"Est. reading time":"1 minute"},"schema":{"@context":"https:\/\/schema.org","@graph":[{"@type":"WebPage","@id":"https:\/\/www.upjs.sk\/en\/actualities\/honorary-title-professor-emeritus\/","url":"https:\/\/www.upjs.sk\/en\/actualities\/honorary-title-professor-emeritus\/","name":"Meet the new holder of the honorary title \"Professor Emeritus\" - UPJ\u0160 Ko\u0161ice","isPartOf":{"@id":"https:\/\/www.upjs.sk\/en\/#website"},"primaryImageOfPage":{"@id":"https:\/\/www.upjs.sk\/en\/actualities\/honorary-title-professor-emeritus\/#primaryimage"},"image":{"@id":"https:\/\/www.upjs.sk\/en\/actualities\/honorary-title-professor-emeritus\/#primaryimage"},"thumbnailUrl":"https:\/\/www.upjs.sk\/app\/uploads\/2024\/10\/profesor_emeritus_1.jpg","datePublished":"2024-10-21T18:30:10+00:00","dateModified":"2024-10-24T08:33:40+00:00","breadcrumb":{"@id":"https:\/\/www.upjs.sk\/en\/actualities\/honorary-title-professor-emeritus\/#breadcrumb"},"inLanguage":"en-US","potentialAction":[{"@type":"ReadAction","target":["https:\/\/www.upjs.sk\/en\/actualities\/honorary-title-professor-emeritus\/"]}]},{"@type":"ImageObject","inLanguage":"en-US","@id":"https:\/\/www.upjs.sk\/en\/actualities\/honorary-title-professor-emeritus\/#primaryimage","url":"https:\/\/www.upjs.sk\/app\/uploads\/2024\/10\/profesor_emeritus_1.jpg","contentUrl":"https:\/\/www.upjs.sk\/app\/uploads\/2024\/10\/profesor_emeritus_1.jpg","width":500,"height":333},{"@type":"BreadcrumbList","@id":"https:\/\/www.upjs.sk\/en\/actualities\/honorary-title-professor-emeritus\/#breadcrumb","itemListElement":[{"@type":"ListItem","position":1,"name":"Home","item":"https:\/\/www.upjs.sk\/en\/"},{"@type":"ListItem","position":2,"name":"News","item":"https:\/\/www.upjs.sk\/en\/actualities\/"},{"@type":"ListItem","position":3,"name":"Meet the new holder of the honorary title &#8222;Professor Emeritus&#8220;"}]},{"@type":"WebSite","@id":"https:\/\/www.upjs.sk\/en\/#website","url":"https:\/\/www.upjs.sk\/en\/","name":"UPJ\u0160 Ko\u0161ice","description":"Wisdom of the Past, Knowledge of the Present, Education of the Future","publisher":{"@id":"https:\/\/www.upjs.sk\/en\/#organization"},"potentialAction":[{"@type":"SearchAction","target":{"@type":"EntryPoint","urlTemplate":"https:\/\/www.upjs.sk\/en\/?s={search_term_string}"},"query-input":{"@type":"PropertyValueSpecification","valueRequired":true,"valueName":"search_term_string"}}],"inLanguage":"en-US"},{"@type":"Organization","@id":"https:\/\/www.upjs.sk\/en\/#organization","name":"UPJ\u0160 Ko\u0161ice","url":"https:\/\/www.upjs.sk\/en\/","logo":{"@type":"ImageObject","inLanguage":"en-US","@id":"https:\/\/www.upjs.sk\/en\/#\/schema\/logo\/image\/","url":"https:\/\/www.upjs.sk\/app\/uploads\/2023\/01\/UPJS_ENG_esymbol.svg","contentUrl":"https:\/\/www.upjs.sk\/app\/uploads\/2023\/01\/UPJS_ENG_esymbol.svg","width":448,"height":139,"caption":"UPJ\u0160 Ko\u0161ice"},"image":{"@id":"https:\/\/www.upjs.sk\/en\/#\/schema\/logo\/image\/"},"sameAs":["https:\/\/www.facebook.com\/UniverzitaPavlaJozefaSafarikaVkosiciach\/","https:\/\/x.com\/UPJS_kosice","https:\/\/www.instagram.com\/upjs_kosice","https:\/\/www.linkedin.com\/company\/pavol-jozef-afrik-university-in-koice\/"]}]}},"_links":{"self":[{"href":"https:\/\/www.upjs.sk\/en\/wp-json\/wp\/v2\/cpt_aktuality\/82758","targetHints":{"allow":["GET"]}}],"collection":[{"href":"https:\/\/www.upjs.sk\/en\/wp-json\/wp\/v2\/cpt_aktuality"}],"about":[{"href":"https:\/\/www.upjs.sk\/en\/wp-json\/wp\/v2\/types\/cpt_aktuality"}],"author":[{"embeddable":true,"href":"https:\/\/www.upjs.sk\/en\/wp-json\/wp\/v2\/users\/16"}],"version-history":[{"count":1,"href":"https:\/\/www.upjs.sk\/en\/wp-json\/wp\/v2\/cpt_aktuality\/82758\/revisions"}],"predecessor-version":[{"id":82760,"href":"https:\/\/www.upjs.sk\/en\/wp-json\/wp\/v2\/cpt_aktuality\/82758\/revisions\/82760"}],"wp:featuredmedia":[{"embeddable":true,"href":"https:\/\/www.upjs.sk\/en\/wp-json\/wp\/v2\/media\/82569"}],"wp:attachment":[{"href":"https:\/\/www.upjs.sk\/en\/wp-json\/wp\/v2\/media?parent=82758"}],"wp:term":[{"taxonomy":"category","embeddable":true,"href":"https:\/\/www.upjs.sk\/en\/wp-json\/wp\/v2\/categories?post=82758"},{"taxonomy":"post_tag","embeddable":true,"href":"https:\/\/www.upjs.sk\/en\/wp-json\/wp\/v2\/tags?post=82758"},{"taxonomy":"tax_aktuality","embeddable":true,"href":"https:\/\/www.upjs.sk\/en\/wp-json\/wp\/v2\/tax_aktuality?post=82758"}],"curies":[{"name":"wp","href":"https:\/\/api.w.org\/{rel}","templated":true}]}}