{"id":41199,"date":"2008-08-27T15:04:01","date_gmt":"2008-08-27T15:04:01","guid":{"rendered":"https:\/\/www.upjs.sk\/about-the-university-kat_id-315\/university-officers-and-governing-bodies-kat_id-335\/rectors-council-kat_id-398\/"},"modified":"2025-10-16T08:45:08","modified_gmt":"2025-10-16T06:45:08","slug":"rectors-board","status":"publish","type":"page","link":"https:\/\/www.upjs.sk\/en\/university\/about-the-university\/university-officers-and-governing-bodies\/rectors-board\/","title":{"rendered":"Rector&#8217;s Council"},"content":{"rendered":"\n<figure class=\"wp-block-table is-style-stripes\"><table class=\"has-fixed-layout\"><thead><tr><th><mark style=\"background-color:rgba(0, 0, 0, 0)\" class=\"has-inline-color has-cierna-color\">List of the Members<\/mark><\/th><th><\/th><\/tr><\/thead><tbody><tr><td><strong><a href=\"https:\/\/www.upjs.sk\/en\/LF\/employee\/daniel.pella\/\" target=\"_blank\" aria-label=\" (opens in a new tab)\" rel=\"noreferrer noopener\" class=\"ek-link\"><strong><\/strong><\/a><strong><a href=\"https:\/\/www.upjs.sk\/en\/LF\/employee\/daniel.pella\/\" class=\"ek-link\">prof. MUDr. Daniel Pella, PhD.<\/a><\/strong><\/strong><\/td><td>Rector<\/td><\/tr><tr><td><strong><a href=\"https:\/\/www.upjs.sk\/en\/LF\/employee\/monika.halanova\/\" target=\"_blank\" aria-label=\" (opens in a new tab)\" rel=\"noreferrer noopener\" class=\"ek-link\"><strong><\/strong><\/a><strong><a href=\"https:\/\/www.upjs.sk\/en\/LF\/employee\/monika.halanova\/\" class=\"ek-link\">prof. MVDr. Monika Hal\u00e1nov\u00e1, PhD.<\/a><\/strong><\/strong><\/td><td>Vice-Rector for Academic Qualifications and PhD Studies, and person in charge of representing the Rector in his absence<\/td><\/tr><tr><td><strong><a href=\"https:\/\/www.upjs.sk\/en\/PF\/employee\/renata.orinakova\/\" target=\"_blank\" aria-label=\" (opens in a new tab)\" rel=\"noreferrer noopener\" class=\"ek-link\"><strong><\/strong><\/a><strong><a href=\"https:\/\/www.upjs.sk\/en\/PF\/employee\/renata.orinakova\/\" class=\"ek-link\">prof. RNDr. Ren\u00e1ta Ori\u0148akov\u00e1, DrSc.<\/a><\/strong><\/strong><\/td><td>Vice-Rector for Science, Research and Projects<\/td><\/tr><tr><td><a aria-label=\" (opens in a new tab)\" href=\"https:\/\/www.upjs.sk\/en\/LF\/zamestnanec\/pavol.jarcuska\/\" target=\"_blank\" rel=\"noreferrer noopener\" class=\"ek-link\"><strong>Dr. h. c. prof. MUDr. Pavol Jar\u010du\u0161ka, PhD.<\/strong><\/a><\/td><td>Vice-Rector for Strategic Development and Investments<\/td><\/tr><tr><td><strong><strong><a href=\"https:\/\/www.upjs.sk\/en\/PrF\/employee\/ludmila.elbert\/\" class=\"ek-link\">JUDr. \u013dudmila Elbert, PhD., <strong>univer. assoc. prof.<\/strong><\/a><\/strong><\/strong><\/td><td>Vice-Rector for Undergraduate and Lifelong Learning<\/td><\/tr><tr><td><strong><a href=\"https:\/\/www.upjs.sk\/en\/FF\/employee\/slavka.tomascikova\/\" target=\"_blank\" aria-label=\" (opens in a new tab)\" rel=\"noreferrer noopener\" class=\"ek-link\">Dr. h. c. prof. Mgr. Sl\u00e1vka Toma\u0161\u010d\u00edkov\u00e1, PhD.<\/a><\/strong><\/td><td>Vice-Rector for International Relations<\/td><\/tr><tr><td><strong><strong><a href=\"https:\/\/www.upjs.sk\/en\/FVS\/employee\/silvia.rucinska\/\" class=\"ek-link\">doc. Ing. Silvia Ru\u010dinsk\u00e1, PhD., univer. prof.<\/a><\/strong><\/strong><\/td><td>Vice-Rector for Internationalization<\/td><\/tr><tr><td><strong><a href=\"https:\/\/www.upjs.sk\/en\/FF\/employee\/renata.orosova\/\">doc. PaedDr. Ren\u00e1ta Orosov\u00e1, PhD.<\/a><\/strong><\/td><td>Vice-Rector for Interdisciplinary Education and Innovations<\/td><\/tr><tr><td><strong><a href=\"https:\/\/www.upjs.sk\/en\/PF\/employee\/jaroslav.hofierka\/\">prof. Mgr. Jaroslav Hofierka, PhD.<\/a><\/strong><\/td><td>Vice-Rector for Quality of Education<\/td><\/tr><tr><td><strong><strong><strong><strong><strong><a href=\"https:\/\/www.upjs.sk\/UPJS\/zamestnanec\/patrik.geci\" target=\"_blank\" rel=\"noreferrer noopener\">PhDr. Patrik G\u00e9ci<\/a><\/strong><\/strong><\/strong><\/strong><\/strong><\/td><td>Bursar<\/td><\/tr><tr><td><strong><a href=\"https:\/\/www.upjs.sk\/en\/FF\/zamestnanec\/jan.gbur\">prof. PhDr. J\u00e1n Gb\u00far, CSc.<\/a><\/strong><\/td><td>Advisor to the Rector for UPJ\u0160 Cultural, Arts and Media Activities and for Research and Promotion of the Life and Work of Pavol Jozef \u0160af\u00e1rik<\/td><\/tr><tr><td><strong><a href=\"https:\/\/www.upjs.sk\/en\/PF\/zamestnanec\/juraj.cernak\">prof. RNDr. Juraj \u010cern\u00e1k, DrSc.<\/a><\/strong><\/td><td>Advisor to the Rector for Science and Research<\/td><\/tr><tr><td><strong><a href=\"http:\/\/doc. MUDr. Sylvia Dra\u017eilov\u00e1, PhD.\" target=\"_blank\" rel=\"noreferrer noopener\">doc. MUDr. Sylvia Dra\u017eilov\u00e1, PhD.<\/a><\/strong><\/td><td>Advisor to the Rector for Health Care<\/td><\/tr><tr><td><strong><a href=\"https:\/\/www.upjs.sk\/vyhladavanie-zamestnancov\/?search=pomikala\" target=\"_blank\" rel=\"noreferrer noopener\">Ing. Miroslav Pomikala<\/a><\/strong><\/td><td>Advisor to the Rector for Information and Communication Technologies<\/td><\/tr><tr><td><strong><a href=\"https:\/\/www.upjs.sk\/en\/LF\/employee\/maria.marekova\/\" target=\"_blank\" aria-label=\" (opens in a new tab)\" rel=\"noreferrer noopener\" class=\"ek-link\">prof. Ing. M\u00e1ria Marekov\u00e1, CSc.<\/a><\/strong><\/td><td>Chair of the UPJ\u0160 Board for Internal Quality Verification<\/td><\/tr><tr><td><strong><a href=\"https:\/\/www.upjs.sk\/en\/LF\/employee\/peter.jarcuska\/\" target=\"_blank\" aria-label=\" (opens in a new tab)\" rel=\"noreferrer noopener\" class=\"ek-link\">prof. MUDr. Peter Jar\u010du\u0161ka, PhD.<\/a><\/strong><\/td><td>Dean of the Faculty of Medicine<\/td><\/tr><tr><td><strong><a href=\"https:\/\/www.upjs.sk\/en\/PF\/employee\/roman.sotak\/\" target=\"_blank\" aria-label=\" (opens in a new tab)\" rel=\"noreferrer noopener\" class=\"ek-link\">doc. RNDr. Roman Sot\u00e1k, PhD.<\/a><\/strong><\/td><td>Dean of the Faculty of Science<\/td><\/tr><tr><td><strong><a href=\"https:\/\/www.upjs.sk\/en\/PrF\/employee\/miroslav.strkolec\/\" target=\"_blank\" aria-label=\" (opens in a new tab)\" rel=\"noreferrer noopener\" class=\"ek-link\">doc. JUDr. Miroslav \u0160trkolec, PhD.<\/a><\/strong><\/td><td>Dean of the Faculty of Law<\/td><\/tr><tr><td><strong><a href=\"https:\/\/www.upjs.sk\/en\/FVS\/employee\/michal.jesenko\/\" target=\"_blank\" aria-label=\" (opens in a new tab)\" rel=\"noreferrer noopener\" class=\"ek-link\">doc. JUDr. Mgr. Michal Jesenko, PhD.<\/a><\/strong><\/td><td>Dean of the Faculty of Public Administration<\/td><\/tr><tr><td><strong><strong><a href=\"https:\/\/www.upjs.sk\/en\/FF\/employee\/renata.panocova\/\" target=\"_blank\" aria-label=\" (opens in a new tab)\" rel=\"noreferrer noopener\" class=\"ek-link\"><strong>prof. Mgr. Ren\u00e1ta Panocov\u00e1, PhD.<\/strong><\/a><\/strong><\/strong><\/td><td>Dean of the Faculty of Arts<\/td><\/tr><tr><td>&nbsp;<\/td><td>&nbsp;<\/td><\/tr><tr><td>Invited Members:<\/td><td>&nbsp;<\/td><\/tr><tr><td><a href=\"https:\/\/www.upjs.sk\/en\/LF\/employee\/jana.katuchova\/\" class=\"ek-link\"><strong>prof. MUDr. Jana Ka\u0165uchov\u00e1, PhD., MBA<\/strong><\/a><\/td><td>Chairman of the UPJ\u0160 Academic Senate<\/td><\/tr><tr><td><a href=\"https:\/\/www.upjs.sk\/en\/UPJS\/zamestnanec\/lucia.hulicova\" class=\"ek-link\"><strong>Mgr. Lucia Huli\u010dov\u00e1<\/strong><\/a><\/td><td>Head of the Rector&#8217;s Office<\/td><\/tr><\/tbody><\/table><\/figure>\n","protected":false},"excerpt":{"rendered":"<p>List of the Members prof. MUDr. Daniel Pella, PhD. Rector prof. MVDr. Monika Hal\u00e1nov\u00e1, PhD. Vice-Rector for Academic Qualifications and PhD Studies, and person in charge of representing the Rector in his absence prof. RNDr. Ren\u00e1ta Ori\u0148akov\u00e1, DrSc. Vice-Rector for Science, Research and Projects Dr. h. c. prof. MUDr. Pavol Jar\u010du\u0161ka, PhD. Vice-Rector for Strategic &hellip; <a href=\"https:\/\/www.upjs.sk\/en\/university\/about-the-university\/university-officers-and-governing-bodies\/rectors-board\/\">Continued<\/a><\/p>\n","protected":false},"author":1,"featured_media":0,"parent":41196,"menu_order":1,"comment_status":"closed","ping_status":"closed","template":"","meta":{"_acf_changed":false,"_editorskit_title_hidden":false,"_editorskit_reading_time":1,"_editorskit_is_block_options_detached":false,"_editorskit_block_options_position":"{}","footnotes":""},"categories":[],"tags":[],"class_list":["post-41199","page","type-page","status-publish","hentry"],"acf":{"acf_link_na_externy_obsah":""},"yoast_head":"<!-- This site is optimized with the Yoast SEO plugin v27.4 - https:\/\/yoast.com\/product\/yoast-seo-wordpress\/ -->\n<title>Rector&#039;s Council - UPJ\u0160 Ko\u0161ice<\/title>\n<meta name=\"robots\" content=\"index, follow, max-snippet:-1, max-image-preview:large, max-video-preview:-1\" \/>\n<link rel=\"canonical\" href=\"https:\/\/www.upjs.sk\/en\/university\/about-the-university\/university-officers-and-governing-bodies\/rectors-board\/\" \/>\n<meta property=\"og:locale\" content=\"en_US\" \/>\n<meta property=\"og:type\" content=\"article\" \/>\n<meta property=\"og:title\" content=\"Rector&#039;s Council - UPJ\u0160 Ko\u0161ice\" \/>\n<meta property=\"og:description\" content=\"List of the Members prof. MUDr. Daniel Pella, PhD. Rector prof. MVDr. Monika Hal\u00e1nov\u00e1, PhD. Vice-Rector for Academic Qualifications and PhD Studies, and person in charge of representing the Rector in his absence prof. RNDr. Ren\u00e1ta Ori\u0148akov\u00e1, DrSc. Vice-Rector for Science, Research and Projects Dr. h. c. prof. MUDr. Pavol Jar\u010du\u0161ka, PhD. Vice-Rector for Strategic &hellip; Continued\" \/>\n<meta property=\"og:url\" content=\"https:\/\/www.upjs.sk\/en\/university\/about-the-university\/university-officers-and-governing-bodies\/rectors-board\/\" \/>\n<meta property=\"og:site_name\" content=\"UPJ\u0160 Ko\u0161ice\" \/>\n<meta property=\"article:publisher\" content=\"https:\/\/www.facebook.com\/UniverzitaPavlaJozefaSafarikaVkosiciach\/\" \/>\n<meta property=\"article:modified_time\" content=\"2025-10-16T06:45:08+00:00\" \/>\n<meta name=\"twitter:card\" content=\"summary_large_image\" \/>\n<meta name=\"twitter:site\" content=\"@UPJS_kosice\" \/>\n<meta name=\"twitter:label1\" content=\"Est. reading time\" \/>\n\t<meta name=\"twitter:data1\" content=\"2 minutes\" \/>\n<script type=\"application\/ld+json\" class=\"yoast-schema-graph\">{\"@context\":\"https:\\\/\\\/schema.org\",\"@graph\":[{\"@type\":\"WebPage\",\"@id\":\"https:\\\/\\\/www.upjs.sk\\\/en\\\/university\\\/about-the-university\\\/university-officers-and-governing-bodies\\\/rectors-board\\\/\",\"url\":\"https:\\\/\\\/www.upjs.sk\\\/en\\\/university\\\/about-the-university\\\/university-officers-and-governing-bodies\\\/rectors-board\\\/\",\"name\":\"Rector's Council - UPJ\u0160 Ko\u0161ice\",\"isPartOf\":{\"@id\":\"https:\\\/\\\/www.upjs.sk\\\/en\\\/#website\"},\"datePublished\":\"2008-08-27T15:04:01+00:00\",\"dateModified\":\"2025-10-16T06:45:08+00:00\",\"breadcrumb\":{\"@id\":\"https:\\\/\\\/www.upjs.sk\\\/en\\\/university\\\/about-the-university\\\/university-officers-and-governing-bodies\\\/rectors-board\\\/#breadcrumb\"},\"inLanguage\":\"en-US\",\"potentialAction\":[{\"@type\":\"ReadAction\",\"target\":[\"https:\\\/\\\/www.upjs.sk\\\/en\\\/university\\\/about-the-university\\\/university-officers-and-governing-bodies\\\/rectors-board\\\/\"]}]},{\"@type\":\"BreadcrumbList\",\"@id\":\"https:\\\/\\\/www.upjs.sk\\\/en\\\/university\\\/about-the-university\\\/university-officers-and-governing-bodies\\\/rectors-board\\\/#breadcrumb\",\"itemListElement\":[{\"@type\":\"ListItem\",\"position\":1,\"name\":\"Home\",\"item\":\"https:\\\/\\\/www.upjs.sk\\\/en\\\/\"},{\"@type\":\"ListItem\",\"position\":2,\"name\":\"University\",\"item\":\"https:\\\/\\\/www.upjs.sk\\\/en\\\/university\\\/\"},{\"@type\":\"ListItem\",\"position\":3,\"name\":\"About the University\",\"item\":\"https:\\\/\\\/www.upjs.sk\\\/en\\\/university\\\/about-the-university\\\/\"},{\"@type\":\"ListItem\",\"position\":4,\"name\":\"University Officers and Governing Bodies\",\"item\":\"https:\\\/\\\/www.upjs.sk\\\/en\\\/university\\\/about-the-university\\\/university-officers-and-governing-bodies\\\/\"},{\"@type\":\"ListItem\",\"position\":5,\"name\":\"Rector&#8217;s Council\"}]},{\"@type\":\"WebSite\",\"@id\":\"https:\\\/\\\/www.upjs.sk\\\/en\\\/#website\",\"url\":\"https:\\\/\\\/www.upjs.sk\\\/en\\\/\",\"name\":\"UPJ\u0160 Ko\u0161ice\",\"description\":\"Wisdom of the Past, Knowledge of the Present, Education of the Future\",\"publisher\":{\"@id\":\"https:\\\/\\\/www.upjs.sk\\\/en\\\/#organization\"},\"potentialAction\":[{\"@type\":\"SearchAction\",\"target\":{\"@type\":\"EntryPoint\",\"urlTemplate\":\"https:\\\/\\\/www.upjs.sk\\\/en\\\/?s={search_term_string}\"},\"query-input\":{\"@type\":\"PropertyValueSpecification\",\"valueRequired\":true,\"valueName\":\"search_term_string\"}}],\"inLanguage\":\"en-US\"},{\"@type\":\"Organization\",\"@id\":\"https:\\\/\\\/www.upjs.sk\\\/en\\\/#organization\",\"name\":\"UPJ\u0160 Ko\u0161ice\",\"url\":\"https:\\\/\\\/www.upjs.sk\\\/en\\\/\",\"logo\":{\"@type\":\"ImageObject\",\"inLanguage\":\"en-US\",\"@id\":\"https:\\\/\\\/www.upjs.sk\\\/en\\\/#\\\/schema\\\/logo\\\/image\\\/\",\"url\":\"https:\\\/\\\/www.upjs.sk\\\/app\\\/uploads\\\/2023\\\/01\\\/UPJS_ENG_esymbol.svg\",\"contentUrl\":\"https:\\\/\\\/www.upjs.sk\\\/app\\\/uploads\\\/2023\\\/01\\\/UPJS_ENG_esymbol.svg\",\"width\":448,\"height\":139,\"caption\":\"UPJ\u0160 Ko\u0161ice\"},\"image\":{\"@id\":\"https:\\\/\\\/www.upjs.sk\\\/en\\\/#\\\/schema\\\/logo\\\/image\\\/\"},\"sameAs\":[\"https:\\\/\\\/www.facebook.com\\\/UniverzitaPavlaJozefaSafarikaVkosiciach\\\/\",\"https:\\\/\\\/x.com\\\/UPJS_kosice\",\"https:\\\/\\\/www.instagram.com\\\/upjs_kosice\",\"https:\\\/\\\/www.linkedin.com\\\/company\\\/pavol-jozef-afrik-university-in-koice\\\/\"]}]}<\/script>\n<!-- \/ Yoast SEO plugin. -->","yoast_head_json":{"title":"Rector's Council - UPJ\u0160 Ko\u0161ice","robots":{"index":"index","follow":"follow","max-snippet":"max-snippet:-1","max-image-preview":"max-image-preview:large","max-video-preview":"max-video-preview:-1"},"canonical":"https:\/\/www.upjs.sk\/en\/university\/about-the-university\/university-officers-and-governing-bodies\/rectors-board\/","og_locale":"en_US","og_type":"article","og_title":"Rector's Council - UPJ\u0160 Ko\u0161ice","og_description":"List of the Members prof. MUDr. Daniel Pella, PhD. Rector prof. MVDr. Monika Hal\u00e1nov\u00e1, PhD. Vice-Rector for Academic Qualifications and PhD Studies, and person in charge of representing the Rector in his absence prof. RNDr. Ren\u00e1ta Ori\u0148akov\u00e1, DrSc. Vice-Rector for Science, Research and Projects Dr. h. c. prof. MUDr. Pavol Jar\u010du\u0161ka, PhD. Vice-Rector for Strategic &hellip; Continued","og_url":"https:\/\/www.upjs.sk\/en\/university\/about-the-university\/university-officers-and-governing-bodies\/rectors-board\/","og_site_name":"UPJ\u0160 Ko\u0161ice","article_publisher":"https:\/\/www.facebook.com\/UniverzitaPavlaJozefaSafarikaVkosiciach\/","article_modified_time":"2025-10-16T06:45:08+00:00","twitter_card":"summary_large_image","twitter_site":"@UPJS_kosice","twitter_misc":{"Est. reading time":"2 minutes"},"schema":{"@context":"https:\/\/schema.org","@graph":[{"@type":"WebPage","@id":"https:\/\/www.upjs.sk\/en\/university\/about-the-university\/university-officers-and-governing-bodies\/rectors-board\/","url":"https:\/\/www.upjs.sk\/en\/university\/about-the-university\/university-officers-and-governing-bodies\/rectors-board\/","name":"Rector's Council - UPJ\u0160 Ko\u0161ice","isPartOf":{"@id":"https:\/\/www.upjs.sk\/en\/#website"},"datePublished":"2008-08-27T15:04:01+00:00","dateModified":"2025-10-16T06:45:08+00:00","breadcrumb":{"@id":"https:\/\/www.upjs.sk\/en\/university\/about-the-university\/university-officers-and-governing-bodies\/rectors-board\/#breadcrumb"},"inLanguage":"en-US","potentialAction":[{"@type":"ReadAction","target":["https:\/\/www.upjs.sk\/en\/university\/about-the-university\/university-officers-and-governing-bodies\/rectors-board\/"]}]},{"@type":"BreadcrumbList","@id":"https:\/\/www.upjs.sk\/en\/university\/about-the-university\/university-officers-and-governing-bodies\/rectors-board\/#breadcrumb","itemListElement":[{"@type":"ListItem","position":1,"name":"Home","item":"https:\/\/www.upjs.sk\/en\/"},{"@type":"ListItem","position":2,"name":"University","item":"https:\/\/www.upjs.sk\/en\/university\/"},{"@type":"ListItem","position":3,"name":"About the University","item":"https:\/\/www.upjs.sk\/en\/university\/about-the-university\/"},{"@type":"ListItem","position":4,"name":"University Officers and Governing Bodies","item":"https:\/\/www.upjs.sk\/en\/university\/about-the-university\/university-officers-and-governing-bodies\/"},{"@type":"ListItem","position":5,"name":"Rector&#8217;s Council"}]},{"@type":"WebSite","@id":"https:\/\/www.upjs.sk\/en\/#website","url":"https:\/\/www.upjs.sk\/en\/","name":"UPJ\u0160 Ko\u0161ice","description":"Wisdom of the Past, Knowledge of the Present, Education of the Future","publisher":{"@id":"https:\/\/www.upjs.sk\/en\/#organization"},"potentialAction":[{"@type":"SearchAction","target":{"@type":"EntryPoint","urlTemplate":"https:\/\/www.upjs.sk\/en\/?s={search_term_string}"},"query-input":{"@type":"PropertyValueSpecification","valueRequired":true,"valueName":"search_term_string"}}],"inLanguage":"en-US"},{"@type":"Organization","@id":"https:\/\/www.upjs.sk\/en\/#organization","name":"UPJ\u0160 Ko\u0161ice","url":"https:\/\/www.upjs.sk\/en\/","logo":{"@type":"ImageObject","inLanguage":"en-US","@id":"https:\/\/www.upjs.sk\/en\/#\/schema\/logo\/image\/","url":"https:\/\/www.upjs.sk\/app\/uploads\/2023\/01\/UPJS_ENG_esymbol.svg","contentUrl":"https:\/\/www.upjs.sk\/app\/uploads\/2023\/01\/UPJS_ENG_esymbol.svg","width":448,"height":139,"caption":"UPJ\u0160 Ko\u0161ice"},"image":{"@id":"https:\/\/www.upjs.sk\/en\/#\/schema\/logo\/image\/"},"sameAs":["https:\/\/www.facebook.com\/UniverzitaPavlaJozefaSafarikaVkosiciach\/","https:\/\/x.com\/UPJS_kosice","https:\/\/www.instagram.com\/upjs_kosice","https:\/\/www.linkedin.com\/company\/pavol-jozef-afrik-university-in-koice\/"]}]}},"_links":{"self":[{"href":"https:\/\/www.upjs.sk\/en\/wp-json\/wp\/v2\/pages\/41199","targetHints":{"allow":["GET"]}}],"collection":[{"href":"https:\/\/www.upjs.sk\/en\/wp-json\/wp\/v2\/pages"}],"about":[{"href":"https:\/\/www.upjs.sk\/en\/wp-json\/wp\/v2\/types\/page"}],"author":[{"embeddable":true,"href":"https:\/\/www.upjs.sk\/en\/wp-json\/wp\/v2\/users\/1"}],"replies":[{"embeddable":true,"href":"https:\/\/www.upjs.sk\/en\/wp-json\/wp\/v2\/comments?post=41199"}],"version-history":[{"count":20,"href":"https:\/\/www.upjs.sk\/en\/wp-json\/wp\/v2\/pages\/41199\/revisions"}],"predecessor-version":[{"id":96773,"href":"https:\/\/www.upjs.sk\/en\/wp-json\/wp\/v2\/pages\/41199\/revisions\/96773"}],"up":[{"embeddable":true,"href":"https:\/\/www.upjs.sk\/en\/wp-json\/wp\/v2\/pages\/41196"}],"wp:attachment":[{"href":"https:\/\/www.upjs.sk\/en\/wp-json\/wp\/v2\/media?parent=41199"}],"wp:term":[{"taxonomy":"category","embeddable":true,"href":"https:\/\/www.upjs.sk\/en\/wp-json\/wp\/v2\/categories?post=41199"},{"taxonomy":"post_tag","embeddable":true,"href":"https:\/\/www.upjs.sk\/en\/wp-json\/wp\/v2\/tags?post=41199"}],"curies":[{"name":"wp","href":"https:\/\/api.w.org\/{rel}","templated":true}]}}