{"id":22803,"date":"2023-02-01T14:02:55","date_gmt":"2023-02-01T13:02:55","guid":{"rendered":"https:\/\/www.upjs.sk\/fakulta-verejnej-spravy\/erasmus-2\/"},"modified":"2026-01-19T19:09:40","modified_gmt":"2026-01-19T18:09:40","slug":"erasmus-en","status":"publish","type":"page","link":"https:\/\/www.upjs.sk\/fakulta-verejnej-spravy\/en\/erasmus-en\/","title":{"rendered":"Erasmus+"},"content":{"rendered":"\n<p><a href=\"https:\/\/www.upjs.sk\/fakulta-verejnej-spravy\/en\/25815-2\/\" target=\"_blank\" aria-label=\"Description of Erasmus+ Courses for Incoming Students (opens in a new tab)\" rel=\"noreferrer noopener\" class=\"ek-link\">Description of Erasmus+ Courses for Incoming Students<\/a><\/p>\n\n\n<style>.kb-row-layout-id22803_345a38-41 > .kt-row-column-wrap{align-content:start;}:where(.kb-row-layout-id22803_345a38-41 > .kt-row-column-wrap) > .wp-block-kadence-column{justify-content:start;}.kb-row-layout-id22803_345a38-41 > .kt-row-column-wrap{column-gap:var(--global-kb-gap-md, 2rem);row-gap:var(--global-kb-gap-md, 2rem);padding-top:var(--global-kb-spacing-sm, 1.5rem);padding-bottom:var(--global-kb-spacing-sm, 1.5rem);}.kb-row-layout-id22803_345a38-41 > .kt-row-column-wrap > div:not(.added-for-specificity){grid-column:initial;}.kb-row-layout-id22803_345a38-41 > .kt-row-column-wrap{grid-template-columns:repeat(3, minmax(0, 1fr));}.kb-row-layout-id22803_345a38-41 > .kt-row-layout-overlay{opacity:0.30;}@media all and (max-width: 1024px){.kb-row-layout-id22803_345a38-41 > .kt-row-column-wrap > div:not(.added-for-specificity){grid-column:initial;}}@media all and (max-width: 1024px){.kb-row-layout-id22803_345a38-41 > .kt-row-column-wrap{grid-template-columns:repeat(3, minmax(0, 1fr));}}@media all and (max-width: 767px){.kb-row-layout-id22803_345a38-41 > .kt-row-column-wrap > div:not(.added-for-specificity){grid-column:initial;}.kb-row-layout-id22803_345a38-41 > .kt-row-column-wrap{grid-template-columns:minmax(0, 1fr);}}<\/style><div class=\"kb-row-layout-wrap kb-row-layout-id22803_345a38-41 alignnone wp-block-kadence-rowlayout\"><div class=\"kt-row-column-wrap kt-has-3-columns kt-row-layout-equal kt-tab-layout-inherit kt-mobile-layout-row kt-row-valign-top\">\n<style>.kadence-column22803_e468f1-f5 > .kt-inside-inner-col,.kadence-column22803_e468f1-f5 > .kt-inside-inner-col:before{border-top-left-radius:0px;border-top-right-radius:0px;border-bottom-right-radius:0px;border-bottom-left-radius:0px;}.kadence-column22803_e468f1-f5 > .kt-inside-inner-col{column-gap:var(--global-kb-gap-sm, 1rem);}.kadence-column22803_e468f1-f5 > .kt-inside-inner-col{flex-direction:column;}.kadence-column22803_e468f1-f5 > .kt-inside-inner-col > .aligncenter{width:100%;}.kadence-column22803_e468f1-f5 > .kt-inside-inner-col:before{opacity:0.3;}.kadence-column22803_e468f1-f5{position:relative;}@media all and (max-width: 1024px){.kadence-column22803_e468f1-f5 > .kt-inside-inner-col{flex-direction:column;justify-content:center;}}@media all and (max-width: 767px){.kadence-column22803_e468f1-f5 > .kt-inside-inner-col{flex-direction:column;justify-content:center;}}<\/style>\n<div class=\"wp-block-kadence-column kadence-column22803_e468f1-f5\"><div class=\"kt-inside-inner-col\">\n<p><strong>Erasmus+ Faculty Coordinator:<\/strong><\/p>\n\n\n\n<p><mark style=\"background-color:rgba(0, 0, 0, 0)\" class=\"has-inline-color has-f-verejnej-s-color\"><strong>PhDr. Miroslav Fe\u010dko PhD.<\/strong><\/mark><br>Vice-Dean for Science, Research and Foreign Relations<br>Tel.: 055234 5154<br>Email: miroslav.fecko@upjs.sk<\/p>\n\n\n\n<p><br><br><\/p>\n<\/div><\/div>\n\n\n<style>.kadence-column22803_79e42b-53 > .kt-inside-inner-col,.kadence-column22803_79e42b-53 > .kt-inside-inner-col:before{border-top-left-radius:0px;border-top-right-radius:0px;border-bottom-right-radius:0px;border-bottom-left-radius:0px;}.kadence-column22803_79e42b-53 > .kt-inside-inner-col{column-gap:var(--global-kb-gap-sm, 1rem);}.kadence-column22803_79e42b-53 > .kt-inside-inner-col{flex-direction:column;}.kadence-column22803_79e42b-53 > .kt-inside-inner-col > .aligncenter{width:100%;}.kadence-column22803_79e42b-53 > .kt-inside-inner-col:before{opacity:0.3;}.kadence-column22803_79e42b-53{position:relative;}@media all and (max-width: 1024px){.kadence-column22803_79e42b-53 > .kt-inside-inner-col{flex-direction:column;justify-content:center;}}@media all and (max-width: 767px){.kadence-column22803_79e42b-53 > .kt-inside-inner-col{flex-direction:column;justify-content:center;}}<\/style>\n<div class=\"wp-block-kadence-column kadence-column22803_79e42b-53\"><div class=\"kt-inside-inner-col\">\n<p><strong>Erasmus+ Mobilities for Students:<\/strong><\/p>\n\n\n\n<p><strong><mark style=\"background-color:rgba(0, 0, 0, 0)\" class=\"has-inline-color has-f-verejnej-s-color\">Ing. Jana Chmelov\u00e1<\/mark><\/strong><\/p>\n\n\n\n<p>Tel.: 055 234 5116<br>Email: jana.chmelova@upjs.sk<\/p>\n<\/div><\/div>\n\n\n<style>.kadence-column22803_8eb1f5-87 > .kt-inside-inner-col,.kadence-column22803_8eb1f5-87 > .kt-inside-inner-col:before{border-top-left-radius:0px;border-top-right-radius:0px;border-bottom-right-radius:0px;border-bottom-left-radius:0px;}.kadence-column22803_8eb1f5-87 > .kt-inside-inner-col{column-gap:var(--global-kb-gap-sm, 1rem);}.kadence-column22803_8eb1f5-87 > .kt-inside-inner-col{flex-direction:column;}.kadence-column22803_8eb1f5-87 > .kt-inside-inner-col > .aligncenter{width:100%;}.kadence-column22803_8eb1f5-87 > .kt-inside-inner-col:before{opacity:0.3;}.kadence-column22803_8eb1f5-87{position:relative;}@media all and (max-width: 1024px){.kadence-column22803_8eb1f5-87 > .kt-inside-inner-col{flex-direction:column;justify-content:center;}}@media all and (max-width: 767px){.kadence-column22803_8eb1f5-87 > .kt-inside-inner-col{flex-direction:column;justify-content:center;}}<\/style>\n<div class=\"wp-block-kadence-column kadence-column22803_8eb1f5-87\"><div class=\"kt-inside-inner-col\">\n<p><strong>Erasmus+ Mobilities for Employees:<\/strong><\/p>\n\n\n\n<p><strong><mark style=\"background-color:rgba(0, 0, 0, 0)\" class=\"has-inline-color has-f-verejnej-s-color\">Janka \u0160im\u010d\u00e1kov\u00e1<\/mark><\/strong><\/p>\n\n\n\n<p>Tel.: 055 234 5102<br>Email: janka.simcakova@upjs.sk<\/p>\n<\/div><\/div>\n\n<\/div><\/div>\n\n\n<p><\/p>\n","protected":false},"excerpt":{"rendered":"<p>Description of Erasmus+ Courses for Incoming Students Erasmus+ Faculty Coordinator: PhDr. Miroslav Fe\u010dko PhD.Vice-Dean for Science, Research and Foreign RelationsTel.: 055234 5154Email: miroslav.fecko@upjs.sk Erasmus+ Mobilities for Students: Ing. Jana Chmelov\u00e1 Tel.: 055 234 5116Email: jana.chmelova@upjs.sk Erasmus+ Mobilities for Employees: Janka \u0160im\u010d\u00e1kov\u00e1 Tel.: 055 234 5102Email: janka.simcakova@upjs.sk<\/p>\n","protected":false},"author":20,"featured_media":0,"parent":0,"menu_order":24,"comment_status":"closed","ping_status":"closed","template":"","meta":{"_acf_changed":false,"_editorskit_title_hidden":false,"_editorskit_reading_time":1,"_editorskit_is_block_options_detached":false,"_editorskit_block_options_position":"{}","footnotes":""},"categories":[],"tags":[],"class_list":["post-22803","page","type-page","status-publish","hentry"],"acf":{"acf_link_na_externy_obsah":""},"yoast_head":"<!-- This site is optimized with the Yoast SEO plugin v27.4 - https:\/\/yoast.com\/product\/yoast-seo-wordpress\/ -->\n<title>Erasmus+ - Fakulta verejnej spr\u00e1vy | UPJ\u0160<\/title>\n<meta name=\"robots\" content=\"index, follow, max-snippet:-1, max-image-preview:large, max-video-preview:-1\" \/>\n<link rel=\"canonical\" href=\"https:\/\/www.upjs.sk\/fakulta-verejnej-spravy\/en\/erasmus-en\/\" \/>\n<meta property=\"og:locale\" content=\"en_US\" \/>\n<meta property=\"og:type\" content=\"article\" \/>\n<meta property=\"og:title\" content=\"Erasmus+ - Fakulta verejnej spr\u00e1vy | UPJ\u0160\" \/>\n<meta property=\"og:description\" content=\"Description of Erasmus+ Courses for Incoming Students Erasmus+ Faculty Coordinator: PhDr. Miroslav Fe\u010dko PhD.Vice-Dean for Science, Research and Foreign RelationsTel.: 055234 5154Email: miroslav.fecko@upjs.sk Erasmus+ Mobilities for Students: Ing. Jana Chmelov\u00e1 Tel.: 055 234 5116Email: jana.chmelova@upjs.sk Erasmus+ Mobilities for Employees: Janka \u0160im\u010d\u00e1kov\u00e1 Tel.: 055 234 5102Email: janka.simcakova@upjs.sk\" \/>\n<meta property=\"og:url\" content=\"https:\/\/www.upjs.sk\/fakulta-verejnej-spravy\/en\/erasmus-en\/\" \/>\n<meta property=\"og:site_name\" content=\"Fakulta verejnej spr\u00e1vy | UPJ\u0160\" \/>\n<meta property=\"article:modified_time\" content=\"2026-01-19T18:09:40+00:00\" \/>\n<meta name=\"twitter:card\" content=\"summary_large_image\" \/>\n<meta name=\"twitter:label1\" content=\"Est. reading time\" \/>\n\t<meta name=\"twitter:data1\" content=\"1 minute\" \/>\n<script type=\"application\/ld+json\" class=\"yoast-schema-graph\">{\"@context\":\"https:\\\/\\\/schema.org\",\"@graph\":[{\"@type\":\"WebPage\",\"@id\":\"https:\\\/\\\/www.upjs.sk\\\/fakulta-verejnej-spravy\\\/en\\\/erasmus-en\\\/\",\"url\":\"https:\\\/\\\/www.upjs.sk\\\/fakulta-verejnej-spravy\\\/en\\\/erasmus-en\\\/\",\"name\":\"Erasmus+ - Fakulta verejnej spr\u00e1vy | UPJ\u0160\",\"isPartOf\":{\"@id\":\"https:\\\/\\\/www.upjs.sk\\\/fakulta-verejnej-spravy\\\/en\\\/#website\"},\"datePublished\":\"2023-02-01T13:02:55+00:00\",\"dateModified\":\"2026-01-19T18:09:40+00:00\",\"breadcrumb\":{\"@id\":\"https:\\\/\\\/www.upjs.sk\\\/fakulta-verejnej-spravy\\\/en\\\/erasmus-en\\\/#breadcrumb\"},\"inLanguage\":\"en-US\",\"potentialAction\":[{\"@type\":\"ReadAction\",\"target\":[\"https:\\\/\\\/www.upjs.sk\\\/fakulta-verejnej-spravy\\\/en\\\/erasmus-en\\\/\"]}]},{\"@type\":\"BreadcrumbList\",\"@id\":\"https:\\\/\\\/www.upjs.sk\\\/fakulta-verejnej-spravy\\\/en\\\/erasmus-en\\\/#breadcrumb\",\"itemListElement\":[{\"@type\":\"ListItem\",\"position\":1,\"name\":\"Home\",\"item\":\"https:\\\/\\\/www.upjs.sk\\\/fakulta-verejnej-spravy\\\/en\\\/\"},{\"@type\":\"ListItem\",\"position\":2,\"name\":\"Erasmus+\"}]},{\"@type\":\"WebSite\",\"@id\":\"https:\\\/\\\/www.upjs.sk\\\/fakulta-verejnej-spravy\\\/en\\\/#website\",\"url\":\"https:\\\/\\\/www.upjs.sk\\\/fakulta-verejnej-spravy\\\/en\\\/\",\"name\":\"Fakulta verejnej spr\u00e1vy | UPJ\u0160\",\"description\":\"\",\"publisher\":{\"@id\":\"https:\\\/\\\/www.upjs.sk\\\/fakulta-verejnej-spravy\\\/en\\\/#organization\"},\"potentialAction\":[{\"@type\":\"SearchAction\",\"target\":{\"@type\":\"EntryPoint\",\"urlTemplate\":\"https:\\\/\\\/www.upjs.sk\\\/fakulta-verejnej-spravy\\\/en\\\/?s={search_term_string}\"},\"query-input\":{\"@type\":\"PropertyValueSpecification\",\"valueRequired\":true,\"valueName\":\"search_term_string\"}}],\"inLanguage\":\"en-US\"},{\"@type\":\"Organization\",\"@id\":\"https:\\\/\\\/www.upjs.sk\\\/fakulta-verejnej-spravy\\\/en\\\/#organization\",\"name\":\"Fakulta verejnej spr\u00e1vy | UPJ\u0160\",\"url\":\"https:\\\/\\\/www.upjs.sk\\\/fakulta-verejnej-spravy\\\/en\\\/\",\"logo\":{\"@type\":\"ImageObject\",\"inLanguage\":\"en-US\",\"@id\":\"https:\\\/\\\/www.upjs.sk\\\/fakulta-verejnej-spravy\\\/en\\\/#\\\/schema\\\/logo\\\/image\\\/\",\"url\":\"https:\\\/\\\/www.upjs.sk\\\/app\\\/uploads\\\/sites\\\/12\\\/2023\\\/01\\\/FVS_ENG_frame.svg\",\"contentUrl\":\"https:\\\/\\\/www.upjs.sk\\\/app\\\/uploads\\\/sites\\\/12\\\/2023\\\/01\\\/FVS_ENG_frame.svg\",\"width\":292,\"height\":61,\"caption\":\"Fakulta verejnej spr\u00e1vy | UPJ\u0160\"},\"image\":{\"@id\":\"https:\\\/\\\/www.upjs.sk\\\/fakulta-verejnej-spravy\\\/en\\\/#\\\/schema\\\/logo\\\/image\\\/\"}}]}<\/script>\n<!-- \/ Yoast SEO plugin. -->","yoast_head_json":{"title":"Erasmus+ - Fakulta verejnej spr\u00e1vy | UPJ\u0160","robots":{"index":"index","follow":"follow","max-snippet":"max-snippet:-1","max-image-preview":"max-image-preview:large","max-video-preview":"max-video-preview:-1"},"canonical":"https:\/\/www.upjs.sk\/fakulta-verejnej-spravy\/en\/erasmus-en\/","og_locale":"en_US","og_type":"article","og_title":"Erasmus+ - Fakulta verejnej spr\u00e1vy | UPJ\u0160","og_description":"Description of Erasmus+ Courses for Incoming Students Erasmus+ Faculty Coordinator: PhDr. Miroslav Fe\u010dko PhD.Vice-Dean for Science, Research and Foreign RelationsTel.: 055234 5154Email: miroslav.fecko@upjs.sk Erasmus+ Mobilities for Students: Ing. Jana Chmelov\u00e1 Tel.: 055 234 5116Email: jana.chmelova@upjs.sk Erasmus+ Mobilities for Employees: Janka \u0160im\u010d\u00e1kov\u00e1 Tel.: 055 234 5102Email: janka.simcakova@upjs.sk","og_url":"https:\/\/www.upjs.sk\/fakulta-verejnej-spravy\/en\/erasmus-en\/","og_site_name":"Fakulta verejnej spr\u00e1vy | UPJ\u0160","article_modified_time":"2026-01-19T18:09:40+00:00","twitter_card":"summary_large_image","twitter_misc":{"Est. reading time":"1 minute"},"schema":{"@context":"https:\/\/schema.org","@graph":[{"@type":"WebPage","@id":"https:\/\/www.upjs.sk\/fakulta-verejnej-spravy\/en\/erasmus-en\/","url":"https:\/\/www.upjs.sk\/fakulta-verejnej-spravy\/en\/erasmus-en\/","name":"Erasmus+ - Fakulta verejnej spr\u00e1vy | UPJ\u0160","isPartOf":{"@id":"https:\/\/www.upjs.sk\/fakulta-verejnej-spravy\/en\/#website"},"datePublished":"2023-02-01T13:02:55+00:00","dateModified":"2026-01-19T18:09:40+00:00","breadcrumb":{"@id":"https:\/\/www.upjs.sk\/fakulta-verejnej-spravy\/en\/erasmus-en\/#breadcrumb"},"inLanguage":"en-US","potentialAction":[{"@type":"ReadAction","target":["https:\/\/www.upjs.sk\/fakulta-verejnej-spravy\/en\/erasmus-en\/"]}]},{"@type":"BreadcrumbList","@id":"https:\/\/www.upjs.sk\/fakulta-verejnej-spravy\/en\/erasmus-en\/#breadcrumb","itemListElement":[{"@type":"ListItem","position":1,"name":"Home","item":"https:\/\/www.upjs.sk\/fakulta-verejnej-spravy\/en\/"},{"@type":"ListItem","position":2,"name":"Erasmus+"}]},{"@type":"WebSite","@id":"https:\/\/www.upjs.sk\/fakulta-verejnej-spravy\/en\/#website","url":"https:\/\/www.upjs.sk\/fakulta-verejnej-spravy\/en\/","name":"Fakulta verejnej spr\u00e1vy | UPJ\u0160","description":"","publisher":{"@id":"https:\/\/www.upjs.sk\/fakulta-verejnej-spravy\/en\/#organization"},"potentialAction":[{"@type":"SearchAction","target":{"@type":"EntryPoint","urlTemplate":"https:\/\/www.upjs.sk\/fakulta-verejnej-spravy\/en\/?s={search_term_string}"},"query-input":{"@type":"PropertyValueSpecification","valueRequired":true,"valueName":"search_term_string"}}],"inLanguage":"en-US"},{"@type":"Organization","@id":"https:\/\/www.upjs.sk\/fakulta-verejnej-spravy\/en\/#organization","name":"Fakulta verejnej spr\u00e1vy | UPJ\u0160","url":"https:\/\/www.upjs.sk\/fakulta-verejnej-spravy\/en\/","logo":{"@type":"ImageObject","inLanguage":"en-US","@id":"https:\/\/www.upjs.sk\/fakulta-verejnej-spravy\/en\/#\/schema\/logo\/image\/","url":"https:\/\/www.upjs.sk\/app\/uploads\/sites\/12\/2023\/01\/FVS_ENG_frame.svg","contentUrl":"https:\/\/www.upjs.sk\/app\/uploads\/sites\/12\/2023\/01\/FVS_ENG_frame.svg","width":292,"height":61,"caption":"Fakulta verejnej spr\u00e1vy | UPJ\u0160"},"image":{"@id":"https:\/\/www.upjs.sk\/fakulta-verejnej-spravy\/en\/#\/schema\/logo\/image\/"}}]}},"_links":{"self":[{"href":"https:\/\/www.upjs.sk\/fakulta-verejnej-spravy\/en\/wp-json\/wp\/v2\/pages\/22803","targetHints":{"allow":["GET"]}}],"collection":[{"href":"https:\/\/www.upjs.sk\/fakulta-verejnej-spravy\/en\/wp-json\/wp\/v2\/pages"}],"about":[{"href":"https:\/\/www.upjs.sk\/fakulta-verejnej-spravy\/en\/wp-json\/wp\/v2\/types\/page"}],"author":[{"embeddable":true,"href":"https:\/\/www.upjs.sk\/fakulta-verejnej-spravy\/en\/wp-json\/wp\/v2\/users\/20"}],"replies":[{"embeddable":true,"href":"https:\/\/www.upjs.sk\/fakulta-verejnej-spravy\/en\/wp-json\/wp\/v2\/comments?post=22803"}],"version-history":[{"count":7,"href":"https:\/\/www.upjs.sk\/fakulta-verejnej-spravy\/en\/wp-json\/wp\/v2\/pages\/22803\/revisions"}],"predecessor-version":[{"id":30381,"href":"https:\/\/www.upjs.sk\/fakulta-verejnej-spravy\/en\/wp-json\/wp\/v2\/pages\/22803\/revisions\/30381"}],"wp:attachment":[{"href":"https:\/\/www.upjs.sk\/fakulta-verejnej-spravy\/en\/wp-json\/wp\/v2\/media?parent=22803"}],"wp:term":[{"taxonomy":"category","embeddable":true,"href":"https:\/\/www.upjs.sk\/fakulta-verejnej-spravy\/en\/wp-json\/wp\/v2\/categories?post=22803"},{"taxonomy":"post_tag","embeddable":true,"href":"https:\/\/www.upjs.sk\/fakulta-verejnej-spravy\/en\/wp-json\/wp\/v2\/tags?post=22803"}],"curies":[{"name":"wp","href":"https:\/\/api.w.org\/{rel}","templated":true}]}}