{"version":"1.0","provider_name":"Fakulta verejnej spr\u00e1vy | UPJ\u0160","provider_url":"https:\/\/www.upjs.sk\/fakulta-verejnej-spravy","title":"Fakultn\u00e9 kolo \u0160VO\u010c 2025 - Fakulta verejnej spr\u00e1vy | UPJ\u0160","type":"rich","width":600,"height":338,"html":"<blockquote class=\"wp-embedded-content\" data-secret=\"2jdD2tab3O\"><a href=\"https:\/\/www.upjs.sk\/fakulta-verejnej-spravy\/actuality\/fakultne-kolo-svoc-2025\/\">Fakultn\u00e9 kolo \u0160VO\u010c 2025<\/a><\/blockquote><iframe sandbox=\"allow-scripts\" security=\"restricted\" src=\"https:\/\/www.upjs.sk\/fakulta-verejnej-spravy\/actuality\/fakultne-kolo-svoc-2025\/embed\/#?secret=2jdD2tab3O\" width=\"600\" height=\"338\" title=\"&#8220;Fakultn\u00e9 kolo \u0160VO\u010c 2025&#8221; &#8212; Fakulta verejnej spr\u00e1vy | UPJ\u0160\" data-secret=\"2jdD2tab3O\" frameborder=\"0\" marginwidth=\"0\" marginheight=\"0\" scrolling=\"no\" class=\"wp-embedded-content\"><\/iframe><script>\n\/*! This file is auto-generated *\/\n!function(d,l){\"use strict\";l.querySelector&&d.addEventListener&&\"undefined\"!=typeof URL&&(d.wp=d.wp||{},d.wp.receiveEmbedMessage||(d.wp.receiveEmbedMessage=function(e){var t=e.data;if((t||t.secret||t.message||t.value)&&!\/[^a-zA-Z0-9]\/.test(t.secret)){for(var s,r,n,a=l.querySelectorAll('iframe[data-secret=\"'+t.secret+'\"]'),o=l.querySelectorAll('blockquote[data-secret=\"'+t.secret+'\"]'),c=new RegExp(\"^https?:$\",\"i\"),i=0;i<o.length;i++)o[i].style.display=\"none\";for(i=0;i<a.length;i++)s=a[i],e.source===s.contentWindow&&(s.removeAttribute(\"style\"),\"height\"===t.message?(1e3<(r=parseInt(t.value,10))?r=1e3:~~r<200&&(r=200),s.height=r):\"link\"===t.message&&(r=new URL(s.getAttribute(\"src\")),n=new URL(t.value),c.test(n.protocol))&&n.host===r.host&&l.activeElement===s&&(d.top.location.href=t.value))}},d.addEventListener(\"message\",d.wp.receiveEmbedMessage,!1),l.addEventListener(\"DOMContentLoaded\",function(){for(var e,t,s=l.querySelectorAll(\"iframe.wp-embedded-content\"),r=0;r<s.length;r++)(t=(e=s[r]).getAttribute(\"data-secret\"))||(t=Math.random().toString(36).substring(2,12),e.src+=\"#?secret=\"+t,e.setAttribute(\"data-secret\",t)),e.contentWindow.postMessage({message:\"ready\",secret:t},\"*\")},!1)))}(window,document);\n\/\/# sourceURL=https:\/\/www.upjs.sk\/fakulta-verejnej-spravy\/wp-includes\/js\/wp-embed.min.js\n<\/script>\n","thumbnail_url":"https:\/\/www.upjs.sk\/app\/uploads\/sites\/12\/2025\/03\/IMG_4890zm-akt.jpg","thumbnail_width":450,"thumbnail_height":338,"description":"D\u0148a 24. 03. 2025 sa na Fakulte verejnej spr\u00e1vy UPJ\u0160 v\u00a0Ko\u0161iciach konal 16. ro\u010dn\u00edk fakultnej \u0160tudentskej vedeckej odbornej \u010dinnosti. Zapojen\u00ed \u0161tudenti a\u00a0\u0161tudentky obh\u00e1jili svoje pr\u00e1ce na r\u00f4zne aktu\u00e1lne t\u00e9my verenej politiky a\u00a0verejnej spr\u00e1vy. Komisia pri hodnoten\u00ed prihliadala hlavne na aktu\u00e1lnos\u0165 t\u00e9my a pr\u00ednos pre rozvoj te\u00f3rie a praxe verejnej spr\u00e1vy a verejnej politiky, obsah pr\u00e1ce &hellip; \u010c\u00edta\u0165 \u010falej"}