{"version":"1.0","provider_name":"Fakulta verejnej spr\u00e1vy | UPJ\u0160","provider_url":"https:\/\/www.upjs.sk\/fakulta-verejnej-spravy","title":"Kol\u00e9gium dekana - Fakulta verejnej spr\u00e1vy | UPJ\u0160","type":"rich","width":600,"height":338,"html":"<blockquote class=\"wp-embedded-content\" data-secret=\"RTzHPsQrvC\"><a href=\"https:\/\/www.upjs.sk\/fakulta-verejnej-spravy\/organy-fakulty\/kolegium-dekana\/\">Kol\u00e9gium dekana<\/a><\/blockquote><iframe sandbox=\"allow-scripts\" security=\"restricted\" src=\"https:\/\/www.upjs.sk\/fakulta-verejnej-spravy\/organy-fakulty\/kolegium-dekana\/embed\/#?secret=RTzHPsQrvC\" width=\"600\" height=\"338\" title=\"&#8220;Kol\u00e9gium dekana&#8221; &#8212; Fakulta verejnej spr\u00e1vy | UPJ\u0160\" data-secret=\"RTzHPsQrvC\" frameborder=\"0\" marginwidth=\"0\" marginheight=\"0\" scrolling=\"no\" class=\"wp-embedded-content\"><\/iframe><script>\n\/*! This file is auto-generated *\/\n!function(d,l){\"use strict\";l.querySelector&&d.addEventListener&&\"undefined\"!=typeof URL&&(d.wp=d.wp||{},d.wp.receiveEmbedMessage||(d.wp.receiveEmbedMessage=function(e){var t=e.data;if((t||t.secret||t.message||t.value)&&!\/[^a-zA-Z0-9]\/.test(t.secret)){for(var s,r,n,a=l.querySelectorAll('iframe[data-secret=\"'+t.secret+'\"]'),o=l.querySelectorAll('blockquote[data-secret=\"'+t.secret+'\"]'),c=new RegExp(\"^https?:$\",\"i\"),i=0;i<o.length;i++)o[i].style.display=\"none\";for(i=0;i<a.length;i++)s=a[i],e.source===s.contentWindow&&(s.removeAttribute(\"style\"),\"height\"===t.message?(1e3<(r=parseInt(t.value,10))?r=1e3:~~r<200&&(r=200),s.height=r):\"link\"===t.message&&(r=new URL(s.getAttribute(\"src\")),n=new URL(t.value),c.test(n.protocol))&&n.host===r.host&&l.activeElement===s&&(d.top.location.href=t.value))}},d.addEventListener(\"message\",d.wp.receiveEmbedMessage,!1),l.addEventListener(\"DOMContentLoaded\",function(){for(var e,t,s=l.querySelectorAll(\"iframe.wp-embedded-content\"),r=0;r<s.length;r++)(t=(e=s[r]).getAttribute(\"data-secret\"))||(t=Math.random().toString(36).substring(2,12),e.src+=\"#?secret=\"+t,e.setAttribute(\"data-secret\",t)),e.contentWindow.postMessage({message:\"ready\",secret:t},\"*\")},!1)))}(window,document);\n\/\/# sourceURL=https:\/\/www.upjs.sk\/fakulta-verejnej-spravy\/wp-includes\/js\/wp-embed.min.js\n<\/script>\n","description":"Zoznam \u010dlenov Kol\u00e9gia dekana FVS UPJ\u0160 v Ko\u0161iciach doc. JUDr. Mgr. Michal Jesenko, PhD. &#8211; dekan fakultyJUDr. Martina Kantorov\u00e1, PhD. &#8211;\u00a0prodekanka\u00a0pre vzdel\u00e1vaciu \u010dinnos\u0165, poveren\u00e1 veden\u00edm Katedry verejnopr\u00e1vnych discipl\u00ednPhDr. Miroslav Fe\u010dko, PhD. &#8211; prodekan\u00a0pre vedeckov\u00fdskumn\u00fa \u010dinnos\u0165 a zahrani\u010dn\u00e9 vz\u0165ahyPhDr. Eli\u0161ka Z\u00e1sadov\u00e1, PhD.&#8211; predsedn\u00ed\u010dka Akademick\u00e9ho sen\u00e1tu FVSdoc. Ing. Silvia Ru\u010dinsk\u00e1, PhD., univerzitn\u00e1 profesorka &#8211; ved\u00faca Katedry verejnej &hellip; \u010c\u00edta\u0165 \u010falej"}