{"version":"1.0","provider_name":"Fakulta verejnej spr\u00e1vy | UPJ\u0160","provider_url":"https:\/\/www.upjs.sk\/fakulta-verejnej-spravy","title":"Fakulta verejnej spr\u00e1vy UPJ\u0160 v Ko\u0161iciach spolupracuje s \u00daradom vl\u00e1dy SR na zlep\u0161en\u00ed verejnej integrity vo verejnej spr\u00e1ve - Fakulta verejnej spr\u00e1vy | UPJ\u0160","type":"rich","width":600,"height":338,"html":"<blockquote class=\"wp-embedded-content\" data-secret=\"Xbx8hDBjnD\"><a href=\"https:\/\/www.upjs.sk\/fakulta-verejnej-spravy\/upjs-life\/25996\/\">Fakulta verejnej spr\u00e1vy UPJ\u0160 v Ko\u0161iciach spolupracuje s \u00daradom vl\u00e1dy SR na zlep\u0161en\u00ed verejnej integrity vo verejnej spr\u00e1ve<\/a><\/blockquote><iframe sandbox=\"allow-scripts\" security=\"restricted\" src=\"https:\/\/www.upjs.sk\/fakulta-verejnej-spravy\/upjs-life\/25996\/embed\/#?secret=Xbx8hDBjnD\" width=\"600\" height=\"338\" title=\"&#8220;Fakulta verejnej spr\u00e1vy UPJ\u0160 v Ko\u0161iciach spolupracuje s \u00daradom vl\u00e1dy SR na zlep\u0161en\u00ed verejnej integrity vo verejnej spr\u00e1ve&#8221; &#8212; Fakulta verejnej spr\u00e1vy | UPJ\u0160\" data-secret=\"Xbx8hDBjnD\" frameborder=\"0\" marginwidth=\"0\" marginheight=\"0\" scrolling=\"no\" class=\"wp-embedded-content\"><\/iframe><script>\n\/*! This file is auto-generated *\/\n!function(d,l){\"use strict\";l.querySelector&&d.addEventListener&&\"undefined\"!=typeof URL&&(d.wp=d.wp||{},d.wp.receiveEmbedMessage||(d.wp.receiveEmbedMessage=function(e){var t=e.data;if((t||t.secret||t.message||t.value)&&!\/[^a-zA-Z0-9]\/.test(t.secret)){for(var s,r,n,a=l.querySelectorAll('iframe[data-secret=\"'+t.secret+'\"]'),o=l.querySelectorAll('blockquote[data-secret=\"'+t.secret+'\"]'),c=new RegExp(\"^https?:$\",\"i\"),i=0;i<o.length;i++)o[i].style.display=\"none\";for(i=0;i<a.length;i++)s=a[i],e.source===s.contentWindow&&(s.removeAttribute(\"style\"),\"height\"===t.message?(1e3<(r=parseInt(t.value,10))?r=1e3:~~r<200&&(r=200),s.height=r):\"link\"===t.message&&(r=new URL(s.getAttribute(\"src\")),n=new URL(t.value),c.test(n.protocol))&&n.host===r.host&&l.activeElement===s&&(d.top.location.href=t.value))}},d.addEventListener(\"message\",d.wp.receiveEmbedMessage,!1),l.addEventListener(\"DOMContentLoaded\",function(){for(var e,t,s=l.querySelectorAll(\"iframe.wp-embedded-content\"),r=0;r<s.length;r++)(t=(e=s[r]).getAttribute(\"data-secret\"))||(t=Math.random().toString(36).substring(2,12),e.src+=\"#?secret=\"+t,e.setAttribute(\"data-secret\",t)),e.contentWindow.postMessage({message:\"ready\",secret:t},\"*\")},!1)))}(window,document);\n\/\/# sourceURL=https:\/\/www.upjs.sk\/fakulta-verejnej-spravy\/wp-includes\/js\/wp-embed.min.js\n<\/script>\n","thumbnail_url":"https:\/\/www.upjs.sk\/app\/uploads\/sites\/12\/2022\/09\/Mital-Urad-vlady-SR-1.jpg","thumbnail_width":1500,"thumbnail_height":2000,"description":"D\u0148a 15. j\u00fana 2021 organizoval \u00darad vl\u00e1dy Slovenskej republiky pracovn\u00e9 stretnutie zameran\u00e9 na problematiku verejnej integrity vo verejnej spr\u00e1ve, ktor\u00e9 sa uskuto\u010dnilo v priestoroch \u00da\u010delov\u00e9ho zariadenia \u00daradu vl\u00e1dy SR \u2013 Hotel B\u00f4rik. Odbornej diskusie boli akt\u00edvne \u00fa\u010dastn\u00ed aj \u010dlenovia Fakulty verejnej spr\u00e1vy UPJ\u0160 v\u00a0Ko\u0161iciach, menovite dekan fakulty doc. JUDr. Mgr. Michal Jesenko, PhD. a\u00a0\u010dlen Katedry &hellip; \u010c\u00edta\u0165 \u010falej"}