{"id":23219,"date":"2023-02-20T11:23:17","date_gmt":"2023-02-20T10:23:17","guid":{"rendered":"https:\/\/www.upjs.sk\/fakulta-verejnej-spravy\/?post_type=cpt_aktuality&#038;p=23219"},"modified":"2023-03-31T08:29:37","modified_gmt":"2023-03-31T07:29:37","slug":"zoznam-zaregistrovanych-kandidatov-2","status":"publish","type":"cpt_aktuality","link":"https:\/\/www.upjs.sk\/fakulta-verejnej-spravy\/actuality\/zoznam-zaregistrovanych-kandidatov-2\/","title":{"rendered":"Zoznam zaregistrovan\u00fdch kandid\u00e1tov"},"content":{"rendered":"\n<p><a href=\"https:\/\/www.upjs.sk\/app\/uploads\/sites\/12\/2023\/02\/Oznamenie-o-vzdani-sa-kandidatury-AS-UPJS-SVO21787.docx\" target=\"_blank\" aria-label=\"Ozn\u00e1menie o vzdan\u00ed sa kandidat\u00fary - Spolo\u010dn\u00fd volebn\u00fd obvod (opens in a new tab)\" rel=\"noreferrer noopener\" class=\"ek-link\">Ozn\u00e1menie o vzdan\u00ed sa kandidat\u00fary &#8211; Spolo\u010dn\u00fd volebn\u00fd obvod<\/a><\/p>\n\n\n\n<p>ZOZNAM KANDID\u00c1TOV \u2013 zamestnaneck\u00e1 \u010das\u0165<\/p>\n\n\n\n<ol class=\"wp-block-list\" type=\"1\">\n<li><strong>BA\u010c\u00c1ROV\u00c1 Ren\u00e1ta, doc., JUDr., PhD., LL.M <\/strong>\u2013 docentka, Katedra ob\u010dianskeho pr\u00e1va UPJ\u0160, UPJ\u0160 PrF (navrhovate\u013e: UPJ\u0160 PrF, UPJ\u0160 RaUP)<\/li>\n\n\n\n<li><strong>FEDA\u010cKO J\u00e1n, doc., MUDr., PhD.<\/strong> \u2013 riadite\u013e, V\u0160 u\u010dite\u013e, Centrum klinick\u00e9ho a&nbsp;predklinick\u00e9ho v\u00fdskumu Medipark UPJ\u0160, UPJ\u0160 LF (navrhovate\u013e: UPJ\u0160 LF)<\/li>\n\n\n\n<li><strong>J\u00c1NO\u0160\u00cdK Jakub, MDDr.<\/strong> \u2013 ved\u00faci, Centrum simul\u00e1torovej a&nbsp;virtu\u00e1lnej medic\u00edny UPJ\u0160 LF (navrhovate\u013e: UPJ\u0160 LF)<\/li>\n\n\n\n<li><strong>JEN\u010cA Andrej, Dr. h. c., prof., MUDr., CSc., MPH.<\/strong> \u2013 profesor, Klinika stomatol\u00f3gie a&nbsp;maxilofaci\u00e1lnej chirurgie UPJ\u0160 LF a Akad\u00e9mia Ko\u0161ice, n. o. (navrhovate\u013e: UPJ\u0160 LF)<\/li>\n\n\n\n<li><strong>KA\u0164UCHOV\u00c1 Jana, prof., MUDr., PhD.<\/strong> \u2013 profesor, I. chirurgick\u00e1 klinika UPJ\u0160 LF a&nbsp;UNLP (navrhovate\u013e: UPJ\u0160 LF)<\/li>\n\n\n\n<li><strong>KUZMA Miron, Ing., PhD.<\/strong> \u2013 ved\u00faci, Centrum aplikovanej informatiky, UPJ\u0160 PF (navrhovate\u013e: UPJ\u0160 PF)<\/li>\n\n\n\n<li><strong>MAJERN\u00cdK Jaroslav, doc., Ing., PhD.<\/strong> \u2013 docent, prednosta \u00fastavu, \u00dastav lek\u00e1rskej informatiky a&nbsp;simul\u00e1torovej medic\u00edny UPJ\u0160 LF (navrhovate\u013e: UPJ\u0160 LF)<\/li>\n\n\n\n<li><strong>ONUFR\u00c1K Alexander, doc., Mgr., PhD. <\/strong>\u2013 odborn\u00fd asistent, Katedra politol\u00f3gie, UPJ\u0160 FF (navrhovate\u013e: UPJ\u0160 FF)<\/li>\n\n\n\n<li><strong>PRISTA\u0160 Peter, doc., RNDr., CSc.<\/strong> \u2013 docent, riadite\u013e, \u00dastav biologick\u00fdch a&nbsp;ekologick\u00fdch vied, UPJ\u0160 PF (navrhovate\u013e: UPJ\u0160 PF)<\/li>\n\n\n\n<li><strong>ROM\u017dA Sergej, prof., JUDr., PhD.<\/strong> \u2013 V\u0160 u\u010dite\u013e, ved\u00faci, Katedra trestn\u00e9ho pr\u00e1va, UPJ\u0160 PrF (navrhovate\u013e: UPJ\u0160 PrF)<\/li>\n\n\n\n<li><strong>SABO J\u00e1n, doc., RNDr., CSc.<\/strong> \u2013 prednosta \u00fastavu, V\u0160 u\u010dite\u013e, \u00dastav lek\u00e1rskej a&nbsp;klinickej biofyziky, UPJ\u0160 LF (navrhovate\u013e: UPJ\u0160 LF)<\/li>\n\n\n\n<li><strong>SIEGFRIED Leonard, Dr. h. c., prof., MUDr., CSc.<\/strong> \u2013 profesor, prednosta, \u00dastav lek\u00e1rskej a&nbsp;klinickej mikrobiol\u00f3gie UPJ\u0160 LF (navrhovate\u013e: UPJ\u0160 LF)<\/li>\n\n\n\n<li><strong>\u0160I\u0147ANSK\u00c1 Katar\u00edna, doc., PhDr., PhD.<\/strong> \u2013 docentka, Katedra soci\u00e1lnej pr\u00e1ce UPJ\u0160 FF (navrhovate\u013e: UPJ\u0160 FF)<\/li>\n\n\n\n<li><strong>\u017dIDZIK Jozef, RNDr., PhD.<\/strong> \u2013 odborn\u00fd asistent, \u00dastav lek\u00e1rskej biol\u00f3gie UPJ\u0160 LF (navrhovate\u013e: UPJ\u0160 LF)<\/li>\n<\/ol>\n\n\n\n<p><br>ZOZNAM KANDID\u00c1TOV \u2013 \u0161tudentsk\u00e1 \u010das\u0165<\/p>\n\n\n\n<ol class=\"wp-block-list\" type=\"1\">\n<li><strong>MACKOV\u00c1 Michaela<\/strong> \u2013 4. ro\u010dn\u00edk, UPJ\u0160 LF (navrhovate\u013e: UPJ\u0160 LF)<\/li>\n\n\n\n<li><strong>\u0160EF\u010c\u00cdK Tom\u00e1\u0161, Bc.<\/strong> \u2013 1. ro\u010dn\u00edk, 2. stupe\u0148 \u0161t\u00fadia, UPJ\u0160 PrF (navrhovate\u013e: UPJ\u0160 PrF)<\/li>\n\n\n\n<li><strong>TOMAJKOV\u00c1 Ester, MUDr.<\/strong> \u2013 1. ro\u010dn\u00edk, 3. stupe\u0148 \u0161t\u00fadia, UPJ\u0160 LF (navrhovate\u013e: UPJ\u0160 LF)<\/li>\n\n\n\n<li><strong>VOLESKOV\u00c1 Simona<\/strong> \u2013 3. ro\u010dn\u00edk, 1. stupe\u0148 \u0161t\u00fadia, UPJ\u0160 PF (navrhovate\u013e: UPJ\u0160 PF)<\/li>\n<\/ol>\n\n\n\n<p><br>Vo\u013eby do AS UPJ\u0160 v&nbsp;Ko\u0161iciach, Spolo\u010dn\u00fd volebn\u00fd obvod sa uskuto\u010dnia:<\/p>\n\n\n\n<p><strong>Filozofick\u00e1 fakulta UPJ\u0160<\/strong> <strong>v&nbsp;Ko\u0161iciach<\/strong>: 1. marec 2023 v&nbsp;\u010dase od 9.00 do 13.00 hod.<br><strong>Fakulta verejnej spr\u00e1vy UPJ\u0160 v&nbsp;Ko\u0161iciach<\/strong>: 2. marec 2023 v&nbsp;\u010dase od 8.30 do 12.30 hod.<br><strong>Lek\u00e1rska fakulta UPJ\u0160 v&nbsp;Ko\u0161iciach: <\/strong>1. marec 2023 v&nbsp;\u010dase od 7.00 do 18.00 hod.<br><strong>Pr\u00edrodovedeck\u00e1 fakulta UPJ\u0160<\/strong> <strong>v&nbsp;Ko\u0161iciach<\/strong>: 2. marec 2023 v&nbsp;\u010dase od 8.00 do 16.00 hod.<br><strong>Pr\u00e1vnick\u00e1 fakulta UPJ\u0160<\/strong> <strong>v&nbsp;Ko\u0161iciach<\/strong>: 1. marec 2023 v&nbsp;\u010dase od 9.00 do 16.00 hod.<br><strong>Rektor\u00e1t a&nbsp;univerzitn\u00e9 pracovisk\u00e1 UPJ\u0160 v Ko\u0161iciach<\/strong>: 28. febru\u00e1r v&nbsp;\u010dase od 8.00 do 16.00 hod.<\/p>\n\n\n\n<p>Kandidat\u00fary sa mo\u017eno vzda\u0165 do term\u00ednu 24. febru\u00e1ra 2023 do 12.00 hod. na z\u00e1klade p\u00edsomn\u00e9ho ozn\u00e1menia predsedovi VaMK pre vo\u013eby do AS UPJ\u0160.<\/p>\n\n\n\n<p>Sp\u00f4sob hlasovania bude uveden\u00fd na hlasovacom l\u00edstku, ktor\u00fd dostane ka\u017ed\u00fd \u010dlen akademickej obce pred hlasovan\u00edm.<\/p>\n\n\n\n<p>Ko\u0161ice 17. 2. 2023&nbsp;&nbsp;&nbsp;&nbsp;&nbsp;&nbsp;&nbsp;&nbsp;&nbsp;&nbsp;&nbsp;&nbsp;&nbsp;&nbsp;&nbsp;&nbsp;&nbsp;&nbsp;&nbsp;&nbsp;&nbsp;&nbsp;&nbsp;&nbsp;&nbsp;&nbsp;&nbsp;&nbsp;&nbsp;&nbsp;&nbsp;&nbsp;&nbsp;&nbsp;&nbsp;&nbsp;&nbsp;&nbsp;&nbsp;&nbsp;&nbsp;&nbsp;&nbsp;&nbsp;&nbsp;&nbsp;&nbsp;&nbsp;&nbsp;&nbsp;&nbsp; &nbsp;&nbsp;&nbsp;&nbsp;&nbsp; <\/p>\n\n\n\n<p><\/p>\n\n\n\n<p>doc. JUDr. Jozef Tekeli, PhD., v. r.<br>predseda VaMK pre vo\u013eby do AS UPJ\u0160<\/p>\n","protected":false},"excerpt":{"rendered":"<p>pre vo\u013eby do Akademick\u00e9ho sen\u00e1tu UPJ\u0160 v Ko\u0161iciach na funk\u010dn\u00e9 obdobie 2023 &#8211; 2027 &#8211; Spolo\u010dn\u00fd volebn\u00fd obvod<\/p>\n","protected":false},"author":19,"featured_media":23566,"template":"","meta":{"_acf_changed":false,"_editorskit_title_hidden":false,"_editorskit_reading_time":2,"_editorskit_is_block_options_detached":false,"_editorskit_block_options_position":"{}","footnotes":""},"categories":[],"tags":[],"tax_aktuality":[],"class_list":["post-23219","cpt_aktuality","type-cpt_aktuality","status-publish","has-post-thumbnail","hentry"],"acf":{"acf_link_na_externy_obsah":"","poradie_clanku":0},"yoast_head":"<!-- This site is optimized with the Yoast SEO plugin v27.4 - https:\/\/yoast.com\/product\/yoast-seo-wordpress\/ -->\n<title>Zoznam zaregistrovan\u00fdch kandid\u00e1tov - Fakulta verejnej spr\u00e1vy | UPJ\u0160<\/title>\n<meta name=\"robots\" content=\"index, follow, max-snippet:-1, max-image-preview:large, max-video-preview:-1\" \/>\n<link rel=\"canonical\" href=\"https:\/\/www.upjs.sk\/fakulta-verejnej-spravy\/actuality\/zoznam-zaregistrovanych-kandidatov-2\/\" \/>\n<meta property=\"og:locale\" content=\"sk_SK\" \/>\n<meta property=\"og:type\" content=\"article\" \/>\n<meta property=\"og:title\" content=\"Zoznam zaregistrovan\u00fdch kandid\u00e1tov - Fakulta verejnej spr\u00e1vy | UPJ\u0160\" \/>\n<meta property=\"og:description\" content=\"pre vo\u013eby do Akademick\u00e9ho sen\u00e1tu UPJ\u0160 v Ko\u0161iciach na funk\u010dn\u00e9 obdobie 2023 - 2027 - Spolo\u010dn\u00fd volebn\u00fd obvod\" \/>\n<meta property=\"og:url\" content=\"https:\/\/www.upjs.sk\/fakulta-verejnej-spravy\/actuality\/zoznam-zaregistrovanych-kandidatov-2\/\" \/>\n<meta property=\"og:site_name\" content=\"Fakulta verejnej spr\u00e1vy | UPJ\u0160\" \/>\n<meta property=\"article:modified_time\" content=\"2023-03-31T07:29:37+00:00\" \/>\n<meta property=\"og:image\" content=\"https:\/\/www.upjs.sk\/app\/uploads\/sites\/12\/2023\/03\/volby-uputavka-web-10_350x250.png\" \/>\n\t<meta property=\"og:image:width\" content=\"350\" \/>\n\t<meta property=\"og:image:height\" content=\"250\" \/>\n\t<meta property=\"og:image:type\" content=\"image\/png\" \/>\n<meta name=\"twitter:card\" content=\"summary_large_image\" \/>\n<meta name=\"twitter:label1\" content=\"Predpokladan\u00fd \u010das \u010d\u00edtania\" \/>\n\t<meta name=\"twitter:data1\" content=\"3 min\u00faty\" \/>\n<script type=\"application\/ld+json\" class=\"yoast-schema-graph\">{\"@context\":\"https:\\\/\\\/schema.org\",\"@graph\":[{\"@type\":\"WebPage\",\"@id\":\"https:\\\/\\\/www.upjs.sk\\\/fakulta-verejnej-spravy\\\/actuality\\\/zoznam-zaregistrovanych-kandidatov-2\\\/\",\"url\":\"https:\\\/\\\/www.upjs.sk\\\/fakulta-verejnej-spravy\\\/actuality\\\/zoznam-zaregistrovanych-kandidatov-2\\\/\",\"name\":\"Zoznam zaregistrovan\u00fdch kandid\u00e1tov - Fakulta verejnej spr\u00e1vy | UPJ\u0160\",\"isPartOf\":{\"@id\":\"https:\\\/\\\/www.upjs.sk\\\/fakulta-verejnej-spravy\\\/#website\"},\"primaryImageOfPage\":{\"@id\":\"https:\\\/\\\/www.upjs.sk\\\/fakulta-verejnej-spravy\\\/actuality\\\/zoznam-zaregistrovanych-kandidatov-2\\\/#primaryimage\"},\"image\":{\"@id\":\"https:\\\/\\\/www.upjs.sk\\\/fakulta-verejnej-spravy\\\/actuality\\\/zoznam-zaregistrovanych-kandidatov-2\\\/#primaryimage\"},\"thumbnailUrl\":\"https:\\\/\\\/www.upjs.sk\\\/app\\\/uploads\\\/sites\\\/12\\\/2023\\\/03\\\/volby-uputavka-web-10_350x250.png\",\"datePublished\":\"2023-02-20T10:23:17+00:00\",\"dateModified\":\"2023-03-31T07:29:37+00:00\",\"breadcrumb\":{\"@id\":\"https:\\\/\\\/www.upjs.sk\\\/fakulta-verejnej-spravy\\\/actuality\\\/zoznam-zaregistrovanych-kandidatov-2\\\/#breadcrumb\"},\"inLanguage\":\"sk-SK\",\"potentialAction\":[{\"@type\":\"ReadAction\",\"target\":[\"https:\\\/\\\/www.upjs.sk\\\/fakulta-verejnej-spravy\\\/actuality\\\/zoznam-zaregistrovanych-kandidatov-2\\\/\"]}]},{\"@type\":\"ImageObject\",\"inLanguage\":\"sk-SK\",\"@id\":\"https:\\\/\\\/www.upjs.sk\\\/fakulta-verejnej-spravy\\\/actuality\\\/zoznam-zaregistrovanych-kandidatov-2\\\/#primaryimage\",\"url\":\"https:\\\/\\\/www.upjs.sk\\\/app\\\/uploads\\\/sites\\\/12\\\/2023\\\/03\\\/volby-uputavka-web-10_350x250.png\",\"contentUrl\":\"https:\\\/\\\/www.upjs.sk\\\/app\\\/uploads\\\/sites\\\/12\\\/2023\\\/03\\\/volby-uputavka-web-10_350x250.png\",\"width\":350,\"height\":250},{\"@type\":\"BreadcrumbList\",\"@id\":\"https:\\\/\\\/www.upjs.sk\\\/fakulta-verejnej-spravy\\\/actuality\\\/zoznam-zaregistrovanych-kandidatov-2\\\/#breadcrumb\",\"itemListElement\":[{\"@type\":\"ListItem\",\"position\":1,\"name\":\"Home\",\"item\":\"https:\\\/\\\/www.upjs.sk\\\/fakulta-verejnej-spravy\\\/\"},{\"@type\":\"ListItem\",\"position\":2,\"name\":\"Aktuality\",\"item\":\"https:\\\/\\\/www.upjs.sk\\\/fakulta-verejnej-spravy\\\/actuality\\\/\"},{\"@type\":\"ListItem\",\"position\":3,\"name\":\"Zoznam zaregistrovan\u00fdch kandid\u00e1tov\"}]},{\"@type\":\"WebSite\",\"@id\":\"https:\\\/\\\/www.upjs.sk\\\/fakulta-verejnej-spravy\\\/#website\",\"url\":\"https:\\\/\\\/www.upjs.sk\\\/fakulta-verejnej-spravy\\\/\",\"name\":\"Fakulta verejnej spr\u00e1vy | UPJ\u0160\",\"description\":\"\",\"publisher\":{\"@id\":\"https:\\\/\\\/www.upjs.sk\\\/fakulta-verejnej-spravy\\\/#organization\"},\"potentialAction\":[{\"@type\":\"SearchAction\",\"target\":{\"@type\":\"EntryPoint\",\"urlTemplate\":\"https:\\\/\\\/www.upjs.sk\\\/fakulta-verejnej-spravy\\\/?s={search_term_string}\"},\"query-input\":{\"@type\":\"PropertyValueSpecification\",\"valueRequired\":true,\"valueName\":\"search_term_string\"}}],\"inLanguage\":\"sk-SK\"},{\"@type\":\"Organization\",\"@id\":\"https:\\\/\\\/www.upjs.sk\\\/fakulta-verejnej-spravy\\\/#organization\",\"name\":\"Fakulta verejnej spr\u00e1vy | UPJ\u0160\",\"url\":\"https:\\\/\\\/www.upjs.sk\\\/fakulta-verejnej-spravy\\\/\",\"logo\":{\"@type\":\"ImageObject\",\"inLanguage\":\"sk-SK\",\"@id\":\"https:\\\/\\\/www.upjs.sk\\\/fakulta-verejnej-spravy\\\/#\\\/schema\\\/logo\\\/image\\\/\",\"url\":\"https:\\\/\\\/www.upjs.sk\\\/app\\\/uploads\\\/sites\\\/12\\\/2022\\\/09\\\/logo-verejnej-spravy-fakulta.png\",\"contentUrl\":\"https:\\\/\\\/www.upjs.sk\\\/app\\\/uploads\\\/sites\\\/12\\\/2022\\\/09\\\/logo-verejnej-spravy-fakulta.png\",\"width\":415,\"height\":87,\"caption\":\"Fakulta verejnej spr\u00e1vy | UPJ\u0160\"},\"image\":{\"@id\":\"https:\\\/\\\/www.upjs.sk\\\/fakulta-verejnej-spravy\\\/#\\\/schema\\\/logo\\\/image\\\/\"}}]}<\/script>\n<!-- \/ Yoast SEO plugin. -->","yoast_head_json":{"title":"Zoznam zaregistrovan\u00fdch kandid\u00e1tov - Fakulta verejnej spr\u00e1vy | UPJ\u0160","robots":{"index":"index","follow":"follow","max-snippet":"max-snippet:-1","max-image-preview":"max-image-preview:large","max-video-preview":"max-video-preview:-1"},"canonical":"https:\/\/www.upjs.sk\/fakulta-verejnej-spravy\/actuality\/zoznam-zaregistrovanych-kandidatov-2\/","og_locale":"sk_SK","og_type":"article","og_title":"Zoznam zaregistrovan\u00fdch kandid\u00e1tov - Fakulta verejnej spr\u00e1vy | UPJ\u0160","og_description":"pre vo\u013eby do Akademick\u00e9ho sen\u00e1tu UPJ\u0160 v Ko\u0161iciach na funk\u010dn\u00e9 obdobie 2023 - 2027 - Spolo\u010dn\u00fd volebn\u00fd obvod","og_url":"https:\/\/www.upjs.sk\/fakulta-verejnej-spravy\/actuality\/zoznam-zaregistrovanych-kandidatov-2\/","og_site_name":"Fakulta verejnej spr\u00e1vy | UPJ\u0160","article_modified_time":"2023-03-31T07:29:37+00:00","og_image":[{"width":350,"height":250,"url":"https:\/\/www.upjs.sk\/app\/uploads\/sites\/12\/2023\/03\/volby-uputavka-web-10_350x250.png","type":"image\/png"}],"twitter_card":"summary_large_image","twitter_misc":{"Predpokladan\u00fd \u010das \u010d\u00edtania":"3 min\u00faty"},"schema":{"@context":"https:\/\/schema.org","@graph":[{"@type":"WebPage","@id":"https:\/\/www.upjs.sk\/fakulta-verejnej-spravy\/actuality\/zoznam-zaregistrovanych-kandidatov-2\/","url":"https:\/\/www.upjs.sk\/fakulta-verejnej-spravy\/actuality\/zoznam-zaregistrovanych-kandidatov-2\/","name":"Zoznam zaregistrovan\u00fdch kandid\u00e1tov - Fakulta verejnej spr\u00e1vy | UPJ\u0160","isPartOf":{"@id":"https:\/\/www.upjs.sk\/fakulta-verejnej-spravy\/#website"},"primaryImageOfPage":{"@id":"https:\/\/www.upjs.sk\/fakulta-verejnej-spravy\/actuality\/zoznam-zaregistrovanych-kandidatov-2\/#primaryimage"},"image":{"@id":"https:\/\/www.upjs.sk\/fakulta-verejnej-spravy\/actuality\/zoznam-zaregistrovanych-kandidatov-2\/#primaryimage"},"thumbnailUrl":"https:\/\/www.upjs.sk\/app\/uploads\/sites\/12\/2023\/03\/volby-uputavka-web-10_350x250.png","datePublished":"2023-02-20T10:23:17+00:00","dateModified":"2023-03-31T07:29:37+00:00","breadcrumb":{"@id":"https:\/\/www.upjs.sk\/fakulta-verejnej-spravy\/actuality\/zoznam-zaregistrovanych-kandidatov-2\/#breadcrumb"},"inLanguage":"sk-SK","potentialAction":[{"@type":"ReadAction","target":["https:\/\/www.upjs.sk\/fakulta-verejnej-spravy\/actuality\/zoznam-zaregistrovanych-kandidatov-2\/"]}]},{"@type":"ImageObject","inLanguage":"sk-SK","@id":"https:\/\/www.upjs.sk\/fakulta-verejnej-spravy\/actuality\/zoznam-zaregistrovanych-kandidatov-2\/#primaryimage","url":"https:\/\/www.upjs.sk\/app\/uploads\/sites\/12\/2023\/03\/volby-uputavka-web-10_350x250.png","contentUrl":"https:\/\/www.upjs.sk\/app\/uploads\/sites\/12\/2023\/03\/volby-uputavka-web-10_350x250.png","width":350,"height":250},{"@type":"BreadcrumbList","@id":"https:\/\/www.upjs.sk\/fakulta-verejnej-spravy\/actuality\/zoznam-zaregistrovanych-kandidatov-2\/#breadcrumb","itemListElement":[{"@type":"ListItem","position":1,"name":"Home","item":"https:\/\/www.upjs.sk\/fakulta-verejnej-spravy\/"},{"@type":"ListItem","position":2,"name":"Aktuality","item":"https:\/\/www.upjs.sk\/fakulta-verejnej-spravy\/actuality\/"},{"@type":"ListItem","position":3,"name":"Zoznam zaregistrovan\u00fdch kandid\u00e1tov"}]},{"@type":"WebSite","@id":"https:\/\/www.upjs.sk\/fakulta-verejnej-spravy\/#website","url":"https:\/\/www.upjs.sk\/fakulta-verejnej-spravy\/","name":"Fakulta verejnej spr\u00e1vy | UPJ\u0160","description":"","publisher":{"@id":"https:\/\/www.upjs.sk\/fakulta-verejnej-spravy\/#organization"},"potentialAction":[{"@type":"SearchAction","target":{"@type":"EntryPoint","urlTemplate":"https:\/\/www.upjs.sk\/fakulta-verejnej-spravy\/?s={search_term_string}"},"query-input":{"@type":"PropertyValueSpecification","valueRequired":true,"valueName":"search_term_string"}}],"inLanguage":"sk-SK"},{"@type":"Organization","@id":"https:\/\/www.upjs.sk\/fakulta-verejnej-spravy\/#organization","name":"Fakulta verejnej spr\u00e1vy | UPJ\u0160","url":"https:\/\/www.upjs.sk\/fakulta-verejnej-spravy\/","logo":{"@type":"ImageObject","inLanguage":"sk-SK","@id":"https:\/\/www.upjs.sk\/fakulta-verejnej-spravy\/#\/schema\/logo\/image\/","url":"https:\/\/www.upjs.sk\/app\/uploads\/sites\/12\/2022\/09\/logo-verejnej-spravy-fakulta.png","contentUrl":"https:\/\/www.upjs.sk\/app\/uploads\/sites\/12\/2022\/09\/logo-verejnej-spravy-fakulta.png","width":415,"height":87,"caption":"Fakulta verejnej spr\u00e1vy | UPJ\u0160"},"image":{"@id":"https:\/\/www.upjs.sk\/fakulta-verejnej-spravy\/#\/schema\/logo\/image\/"}}]}},"_links":{"self":[{"href":"https:\/\/www.upjs.sk\/fakulta-verejnej-spravy\/wp-json\/wp\/v2\/cpt_aktuality\/23219","targetHints":{"allow":["GET"]}}],"collection":[{"href":"https:\/\/www.upjs.sk\/fakulta-verejnej-spravy\/wp-json\/wp\/v2\/cpt_aktuality"}],"about":[{"href":"https:\/\/www.upjs.sk\/fakulta-verejnej-spravy\/wp-json\/wp\/v2\/types\/cpt_aktuality"}],"author":[{"embeddable":true,"href":"https:\/\/www.upjs.sk\/fakulta-verejnej-spravy\/wp-json\/wp\/v2\/users\/19"}],"version-history":[{"count":5,"href":"https:\/\/www.upjs.sk\/fakulta-verejnej-spravy\/wp-json\/wp\/v2\/cpt_aktuality\/23219\/revisions"}],"predecessor-version":[{"id":23266,"href":"https:\/\/www.upjs.sk\/fakulta-verejnej-spravy\/wp-json\/wp\/v2\/cpt_aktuality\/23219\/revisions\/23266"}],"wp:featuredmedia":[{"embeddable":true,"href":"https:\/\/www.upjs.sk\/fakulta-verejnej-spravy\/wp-json\/wp\/v2\/media\/23566"}],"wp:attachment":[{"href":"https:\/\/www.upjs.sk\/fakulta-verejnej-spravy\/wp-json\/wp\/v2\/media?parent=23219"}],"wp:term":[{"taxonomy":"category","embeddable":true,"href":"https:\/\/www.upjs.sk\/fakulta-verejnej-spravy\/wp-json\/wp\/v2\/categories?post=23219"},{"taxonomy":"post_tag","embeddable":true,"href":"https:\/\/www.upjs.sk\/fakulta-verejnej-spravy\/wp-json\/wp\/v2\/tags?post=23219"},{"taxonomy":"tax_aktuality","embeddable":true,"href":"https:\/\/www.upjs.sk\/fakulta-verejnej-spravy\/wp-json\/wp\/v2\/tax_aktuality?post=23219"}],"curies":[{"name":"wp","href":"https:\/\/api.w.org\/{rel}","templated":true}]}}