{"id":28567,"date":"2025-03-28T15:16:13","date_gmt":"2025-03-28T14:16:13","guid":{"rendered":"https:\/\/www.upjs.sk\/fakulta-verejnej-spravy\/?post_type=cpt_aktuality&#038;p=28567"},"modified":"2025-03-28T15:18:24","modified_gmt":"2025-03-28T14:18:24","slug":"den-ucitelov","status":"publish","type":"cpt_aktuality","link":"https:\/\/www.upjs.sk\/fakulta-verejnej-spravy\/actuality\/den-ucitelov\/","title":{"rendered":"De\u0148 u\u010dite\u013eov"},"content":{"rendered":"\n<p>V\u00e1\u017een\u00e9 kolegyne, v\u00e1\u017een\u00ed kolegovia,<\/p>\n\n\n\n<p>dne\u0161n\u00fd <strong>De\u0148 u\u010dite\u013eov<\/strong> je pr\u00edle\u017eitos\u0165ou po\u010fakova\u0165 sa V\u00e1m za Va\u0161e odborn\u00e9 nasadenie a&nbsp;profesionalitu, s ktorou ka\u017edodenne uskuto\u010d\u0148ujete svoju u\u010dite\u013esk\u00fa profesiu, ale tie\u017e za Va\u0161e osobn\u00e9 zanietenie a energiu, ktor\u00fa vklad\u00e1te do vzdel\u00e1vania \u0161tudentiek a \u0161tudentov na\u0161ej fakulty a univerzity. Chcem vyjadri\u0165 uznanie Va\u0161ej n\u00e1ro\u010dnej pr\u00e1ci a popria\u0165 V\u00e1m ve\u013ea zdravia, \u017eivotnej energie a \u00faspechov v&nbsp;pracovnom aj osobnom \u017eivote.<\/p>\n\n\n\n<p>S \u00factou, <\/p>\n\n\n\n<p><strong>doc. JUDr. Mgr. Michal Jesenko, PhD.<br><\/strong>dekan Fakulty verejnej spr\u00e1vy UPJ\u0160 v Ko\u0161iciach<\/p>\n","protected":false},"excerpt":{"rendered":"<p>V\u00e1\u017een\u00e9 kolegyne, v\u00e1\u017een\u00ed kolegovia, dne\u0161n\u00fd De\u0148 u\u010dite\u013eov je pr\u00edle\u017eitos\u0165ou po\u010fakova\u0165 sa V\u00e1m za Va\u0161e odborn\u00e9 nasadenie a&nbsp;profesionalitu, s ktorou ka\u017edodenne uskuto\u010d\u0148ujete svoju u\u010dite\u013esk\u00fa profesiu, ale tie\u017e za Va\u0161e osobn\u00e9 zanietenie a energiu, ktor\u00fa vklad\u00e1te do vzdel\u00e1vania \u0161tudentiek a \u0161tudentov na\u0161ej fakulty a univerzity. Chcem vyjadri\u0165 uznanie Va\u0161ej n\u00e1ro\u010dnej pr\u00e1ci a popria\u0165 V\u00e1m ve\u013ea zdravia, \u017eivotnej &hellip; <a href=\"https:\/\/www.upjs.sk\/fakulta-verejnej-spravy\/actuality\/den-ucitelov\/\">\u010c\u00edta\u0165 \u010falej<\/a><\/p>\n","protected":false},"author":19,"featured_media":28572,"template":"","meta":{"_acf_changed":false,"_editorskit_title_hidden":false,"_editorskit_reading_time":0,"_editorskit_is_block_options_detached":false,"_editorskit_block_options_position":"{}","footnotes":""},"categories":[],"tags":[],"tax_aktuality":[],"class_list":["post-28567","cpt_aktuality","type-cpt_aktuality","status-publish","has-post-thumbnail","hentry"],"acf":{"acf_link_na_externy_obsah":"","poradie_clanku":""},"yoast_head":"<!-- This site is optimized with the Yoast SEO plugin v27.4 - https:\/\/yoast.com\/product\/yoast-seo-wordpress\/ -->\n<title>De\u0148 u\u010dite\u013eov - Fakulta verejnej spr\u00e1vy | UPJ\u0160<\/title>\n<meta name=\"robots\" content=\"index, follow, max-snippet:-1, max-image-preview:large, max-video-preview:-1\" \/>\n<link rel=\"canonical\" href=\"https:\/\/www.upjs.sk\/fakulta-verejnej-spravy\/actuality\/den-ucitelov\/\" \/>\n<meta property=\"og:locale\" content=\"sk_SK\" \/>\n<meta property=\"og:type\" content=\"article\" \/>\n<meta property=\"og:title\" content=\"De\u0148 u\u010dite\u013eov - Fakulta verejnej spr\u00e1vy | UPJ\u0160\" \/>\n<meta property=\"og:description\" content=\"V\u00e1\u017een\u00e9 kolegyne, v\u00e1\u017een\u00ed kolegovia, dne\u0161n\u00fd De\u0148 u\u010dite\u013eov je pr\u00edle\u017eitos\u0165ou po\u010fakova\u0165 sa V\u00e1m za Va\u0161e odborn\u00e9 nasadenie a&nbsp;profesionalitu, s ktorou ka\u017edodenne uskuto\u010d\u0148ujete svoju u\u010dite\u013esk\u00fa profesiu, ale tie\u017e za Va\u0161e osobn\u00e9 zanietenie a energiu, ktor\u00fa vklad\u00e1te do vzdel\u00e1vania \u0161tudentiek a \u0161tudentov na\u0161ej fakulty a univerzity. Chcem vyjadri\u0165 uznanie Va\u0161ej n\u00e1ro\u010dnej pr\u00e1ci a popria\u0165 V\u00e1m ve\u013ea zdravia, \u017eivotnej &hellip; \u010c\u00edta\u0165 \u010falej\" \/>\n<meta property=\"og:url\" content=\"https:\/\/www.upjs.sk\/fakulta-verejnej-spravy\/actuality\/den-ucitelov\/\" \/>\n<meta property=\"og:site_name\" content=\"Fakulta verejnej spr\u00e1vy | UPJ\u0160\" \/>\n<meta property=\"article:modified_time\" content=\"2025-03-28T14:18:24+00:00\" \/>\n<meta property=\"og:image\" content=\"https:\/\/www.upjs.sk\/app\/uploads\/sites\/12\/2025\/03\/DEN-UCITELOV-1.png\" \/>\n\t<meta property=\"og:image:width\" content=\"450\" \/>\n\t<meta property=\"og:image:height\" content=\"250\" \/>\n\t<meta property=\"og:image:type\" content=\"image\/png\" \/>\n<meta name=\"twitter:card\" content=\"summary_large_image\" \/>\n<meta name=\"twitter:label1\" content=\"Predpokladan\u00fd \u010das \u010d\u00edtania\" \/>\n\t<meta name=\"twitter:data1\" content=\"1 min\u00fata\" \/>\n<script type=\"application\/ld+json\" class=\"yoast-schema-graph\">{\"@context\":\"https:\\\/\\\/schema.org\",\"@graph\":[{\"@type\":\"WebPage\",\"@id\":\"https:\\\/\\\/www.upjs.sk\\\/fakulta-verejnej-spravy\\\/actuality\\\/den-ucitelov\\\/\",\"url\":\"https:\\\/\\\/www.upjs.sk\\\/fakulta-verejnej-spravy\\\/actuality\\\/den-ucitelov\\\/\",\"name\":\"De\u0148 u\u010dite\u013eov - Fakulta verejnej spr\u00e1vy | UPJ\u0160\",\"isPartOf\":{\"@id\":\"https:\\\/\\\/www.upjs.sk\\\/fakulta-verejnej-spravy\\\/#website\"},\"primaryImageOfPage\":{\"@id\":\"https:\\\/\\\/www.upjs.sk\\\/fakulta-verejnej-spravy\\\/actuality\\\/den-ucitelov\\\/#primaryimage\"},\"image\":{\"@id\":\"https:\\\/\\\/www.upjs.sk\\\/fakulta-verejnej-spravy\\\/actuality\\\/den-ucitelov\\\/#primaryimage\"},\"thumbnailUrl\":\"https:\\\/\\\/www.upjs.sk\\\/app\\\/uploads\\\/sites\\\/12\\\/2025\\\/03\\\/DEN-UCITELOV-1.png\",\"datePublished\":\"2025-03-28T14:16:13+00:00\",\"dateModified\":\"2025-03-28T14:18:24+00:00\",\"breadcrumb\":{\"@id\":\"https:\\\/\\\/www.upjs.sk\\\/fakulta-verejnej-spravy\\\/actuality\\\/den-ucitelov\\\/#breadcrumb\"},\"inLanguage\":\"sk-SK\",\"potentialAction\":[{\"@type\":\"ReadAction\",\"target\":[\"https:\\\/\\\/www.upjs.sk\\\/fakulta-verejnej-spravy\\\/actuality\\\/den-ucitelov\\\/\"]}]},{\"@type\":\"ImageObject\",\"inLanguage\":\"sk-SK\",\"@id\":\"https:\\\/\\\/www.upjs.sk\\\/fakulta-verejnej-spravy\\\/actuality\\\/den-ucitelov\\\/#primaryimage\",\"url\":\"https:\\\/\\\/www.upjs.sk\\\/app\\\/uploads\\\/sites\\\/12\\\/2025\\\/03\\\/DEN-UCITELOV-1.png\",\"contentUrl\":\"https:\\\/\\\/www.upjs.sk\\\/app\\\/uploads\\\/sites\\\/12\\\/2025\\\/03\\\/DEN-UCITELOV-1.png\",\"width\":450,\"height\":250},{\"@type\":\"BreadcrumbList\",\"@id\":\"https:\\\/\\\/www.upjs.sk\\\/fakulta-verejnej-spravy\\\/actuality\\\/den-ucitelov\\\/#breadcrumb\",\"itemListElement\":[{\"@type\":\"ListItem\",\"position\":1,\"name\":\"Home\",\"item\":\"https:\\\/\\\/www.upjs.sk\\\/fakulta-verejnej-spravy\\\/\"},{\"@type\":\"ListItem\",\"position\":2,\"name\":\"Aktuality\",\"item\":\"https:\\\/\\\/www.upjs.sk\\\/fakulta-verejnej-spravy\\\/actuality\\\/\"},{\"@type\":\"ListItem\",\"position\":3,\"name\":\"De\u0148 u\u010dite\u013eov\"}]},{\"@type\":\"WebSite\",\"@id\":\"https:\\\/\\\/www.upjs.sk\\\/fakulta-verejnej-spravy\\\/#website\",\"url\":\"https:\\\/\\\/www.upjs.sk\\\/fakulta-verejnej-spravy\\\/\",\"name\":\"Fakulta verejnej spr\u00e1vy | UPJ\u0160\",\"description\":\"\",\"publisher\":{\"@id\":\"https:\\\/\\\/www.upjs.sk\\\/fakulta-verejnej-spravy\\\/#organization\"},\"potentialAction\":[{\"@type\":\"SearchAction\",\"target\":{\"@type\":\"EntryPoint\",\"urlTemplate\":\"https:\\\/\\\/www.upjs.sk\\\/fakulta-verejnej-spravy\\\/?s={search_term_string}\"},\"query-input\":{\"@type\":\"PropertyValueSpecification\",\"valueRequired\":true,\"valueName\":\"search_term_string\"}}],\"inLanguage\":\"sk-SK\"},{\"@type\":\"Organization\",\"@id\":\"https:\\\/\\\/www.upjs.sk\\\/fakulta-verejnej-spravy\\\/#organization\",\"name\":\"Fakulta verejnej spr\u00e1vy | UPJ\u0160\",\"url\":\"https:\\\/\\\/www.upjs.sk\\\/fakulta-verejnej-spravy\\\/\",\"logo\":{\"@type\":\"ImageObject\",\"inLanguage\":\"sk-SK\",\"@id\":\"https:\\\/\\\/www.upjs.sk\\\/fakulta-verejnej-spravy\\\/#\\\/schema\\\/logo\\\/image\\\/\",\"url\":\"https:\\\/\\\/www.upjs.sk\\\/app\\\/uploads\\\/sites\\\/12\\\/2022\\\/09\\\/logo-verejnej-spravy-fakulta.png\",\"contentUrl\":\"https:\\\/\\\/www.upjs.sk\\\/app\\\/uploads\\\/sites\\\/12\\\/2022\\\/09\\\/logo-verejnej-spravy-fakulta.png\",\"width\":415,\"height\":87,\"caption\":\"Fakulta verejnej spr\u00e1vy | UPJ\u0160\"},\"image\":{\"@id\":\"https:\\\/\\\/www.upjs.sk\\\/fakulta-verejnej-spravy\\\/#\\\/schema\\\/logo\\\/image\\\/\"}}]}<\/script>\n<!-- \/ Yoast SEO plugin. -->","yoast_head_json":{"title":"De\u0148 u\u010dite\u013eov - Fakulta verejnej spr\u00e1vy | UPJ\u0160","robots":{"index":"index","follow":"follow","max-snippet":"max-snippet:-1","max-image-preview":"max-image-preview:large","max-video-preview":"max-video-preview:-1"},"canonical":"https:\/\/www.upjs.sk\/fakulta-verejnej-spravy\/actuality\/den-ucitelov\/","og_locale":"sk_SK","og_type":"article","og_title":"De\u0148 u\u010dite\u013eov - Fakulta verejnej spr\u00e1vy | UPJ\u0160","og_description":"V\u00e1\u017een\u00e9 kolegyne, v\u00e1\u017een\u00ed kolegovia, dne\u0161n\u00fd De\u0148 u\u010dite\u013eov je pr\u00edle\u017eitos\u0165ou po\u010fakova\u0165 sa V\u00e1m za Va\u0161e odborn\u00e9 nasadenie a&nbsp;profesionalitu, s ktorou ka\u017edodenne uskuto\u010d\u0148ujete svoju u\u010dite\u013esk\u00fa profesiu, ale tie\u017e za Va\u0161e osobn\u00e9 zanietenie a energiu, ktor\u00fa vklad\u00e1te do vzdel\u00e1vania \u0161tudentiek a \u0161tudentov na\u0161ej fakulty a univerzity. Chcem vyjadri\u0165 uznanie Va\u0161ej n\u00e1ro\u010dnej pr\u00e1ci a popria\u0165 V\u00e1m ve\u013ea zdravia, \u017eivotnej &hellip; \u010c\u00edta\u0165 \u010falej","og_url":"https:\/\/www.upjs.sk\/fakulta-verejnej-spravy\/actuality\/den-ucitelov\/","og_site_name":"Fakulta verejnej spr\u00e1vy | UPJ\u0160","article_modified_time":"2025-03-28T14:18:24+00:00","og_image":[{"width":450,"height":250,"url":"https:\/\/www.upjs.sk\/app\/uploads\/sites\/12\/2025\/03\/DEN-UCITELOV-1.png","type":"image\/png"}],"twitter_card":"summary_large_image","twitter_misc":{"Predpokladan\u00fd \u010das \u010d\u00edtania":"1 min\u00fata"},"schema":{"@context":"https:\/\/schema.org","@graph":[{"@type":"WebPage","@id":"https:\/\/www.upjs.sk\/fakulta-verejnej-spravy\/actuality\/den-ucitelov\/","url":"https:\/\/www.upjs.sk\/fakulta-verejnej-spravy\/actuality\/den-ucitelov\/","name":"De\u0148 u\u010dite\u013eov - Fakulta verejnej spr\u00e1vy | UPJ\u0160","isPartOf":{"@id":"https:\/\/www.upjs.sk\/fakulta-verejnej-spravy\/#website"},"primaryImageOfPage":{"@id":"https:\/\/www.upjs.sk\/fakulta-verejnej-spravy\/actuality\/den-ucitelov\/#primaryimage"},"image":{"@id":"https:\/\/www.upjs.sk\/fakulta-verejnej-spravy\/actuality\/den-ucitelov\/#primaryimage"},"thumbnailUrl":"https:\/\/www.upjs.sk\/app\/uploads\/sites\/12\/2025\/03\/DEN-UCITELOV-1.png","datePublished":"2025-03-28T14:16:13+00:00","dateModified":"2025-03-28T14:18:24+00:00","breadcrumb":{"@id":"https:\/\/www.upjs.sk\/fakulta-verejnej-spravy\/actuality\/den-ucitelov\/#breadcrumb"},"inLanguage":"sk-SK","potentialAction":[{"@type":"ReadAction","target":["https:\/\/www.upjs.sk\/fakulta-verejnej-spravy\/actuality\/den-ucitelov\/"]}]},{"@type":"ImageObject","inLanguage":"sk-SK","@id":"https:\/\/www.upjs.sk\/fakulta-verejnej-spravy\/actuality\/den-ucitelov\/#primaryimage","url":"https:\/\/www.upjs.sk\/app\/uploads\/sites\/12\/2025\/03\/DEN-UCITELOV-1.png","contentUrl":"https:\/\/www.upjs.sk\/app\/uploads\/sites\/12\/2025\/03\/DEN-UCITELOV-1.png","width":450,"height":250},{"@type":"BreadcrumbList","@id":"https:\/\/www.upjs.sk\/fakulta-verejnej-spravy\/actuality\/den-ucitelov\/#breadcrumb","itemListElement":[{"@type":"ListItem","position":1,"name":"Home","item":"https:\/\/www.upjs.sk\/fakulta-verejnej-spravy\/"},{"@type":"ListItem","position":2,"name":"Aktuality","item":"https:\/\/www.upjs.sk\/fakulta-verejnej-spravy\/actuality\/"},{"@type":"ListItem","position":3,"name":"De\u0148 u\u010dite\u013eov"}]},{"@type":"WebSite","@id":"https:\/\/www.upjs.sk\/fakulta-verejnej-spravy\/#website","url":"https:\/\/www.upjs.sk\/fakulta-verejnej-spravy\/","name":"Fakulta verejnej spr\u00e1vy | UPJ\u0160","description":"","publisher":{"@id":"https:\/\/www.upjs.sk\/fakulta-verejnej-spravy\/#organization"},"potentialAction":[{"@type":"SearchAction","target":{"@type":"EntryPoint","urlTemplate":"https:\/\/www.upjs.sk\/fakulta-verejnej-spravy\/?s={search_term_string}"},"query-input":{"@type":"PropertyValueSpecification","valueRequired":true,"valueName":"search_term_string"}}],"inLanguage":"sk-SK"},{"@type":"Organization","@id":"https:\/\/www.upjs.sk\/fakulta-verejnej-spravy\/#organization","name":"Fakulta verejnej spr\u00e1vy | UPJ\u0160","url":"https:\/\/www.upjs.sk\/fakulta-verejnej-spravy\/","logo":{"@type":"ImageObject","inLanguage":"sk-SK","@id":"https:\/\/www.upjs.sk\/fakulta-verejnej-spravy\/#\/schema\/logo\/image\/","url":"https:\/\/www.upjs.sk\/app\/uploads\/sites\/12\/2022\/09\/logo-verejnej-spravy-fakulta.png","contentUrl":"https:\/\/www.upjs.sk\/app\/uploads\/sites\/12\/2022\/09\/logo-verejnej-spravy-fakulta.png","width":415,"height":87,"caption":"Fakulta verejnej spr\u00e1vy | UPJ\u0160"},"image":{"@id":"https:\/\/www.upjs.sk\/fakulta-verejnej-spravy\/#\/schema\/logo\/image\/"}}]}},"_links":{"self":[{"href":"https:\/\/www.upjs.sk\/fakulta-verejnej-spravy\/wp-json\/wp\/v2\/cpt_aktuality\/28567","targetHints":{"allow":["GET"]}}],"collection":[{"href":"https:\/\/www.upjs.sk\/fakulta-verejnej-spravy\/wp-json\/wp\/v2\/cpt_aktuality"}],"about":[{"href":"https:\/\/www.upjs.sk\/fakulta-verejnej-spravy\/wp-json\/wp\/v2\/types\/cpt_aktuality"}],"author":[{"embeddable":true,"href":"https:\/\/www.upjs.sk\/fakulta-verejnej-spravy\/wp-json\/wp\/v2\/users\/19"}],"version-history":[{"count":2,"href":"https:\/\/www.upjs.sk\/fakulta-verejnej-spravy\/wp-json\/wp\/v2\/cpt_aktuality\/28567\/revisions"}],"predecessor-version":[{"id":28575,"href":"https:\/\/www.upjs.sk\/fakulta-verejnej-spravy\/wp-json\/wp\/v2\/cpt_aktuality\/28567\/revisions\/28575"}],"wp:featuredmedia":[{"embeddable":true,"href":"https:\/\/www.upjs.sk\/fakulta-verejnej-spravy\/wp-json\/wp\/v2\/media\/28572"}],"wp:attachment":[{"href":"https:\/\/www.upjs.sk\/fakulta-verejnej-spravy\/wp-json\/wp\/v2\/media?parent=28567"}],"wp:term":[{"taxonomy":"category","embeddable":true,"href":"https:\/\/www.upjs.sk\/fakulta-verejnej-spravy\/wp-json\/wp\/v2\/categories?post=28567"},{"taxonomy":"post_tag","embeddable":true,"href":"https:\/\/www.upjs.sk\/fakulta-verejnej-spravy\/wp-json\/wp\/v2\/tags?post=28567"},{"taxonomy":"tax_aktuality","embeddable":true,"href":"https:\/\/www.upjs.sk\/fakulta-verejnej-spravy\/wp-json\/wp\/v2\/tax_aktuality?post=28567"}],"curies":[{"name":"wp","href":"https:\/\/api.w.org\/{rel}","templated":true}]}}