{"id":14302,"date":"2022-09-26T08:57:57","date_gmt":"2022-09-26T08:57:57","guid":{"rendered":"https:\/\/www.upjs.sk\/fakulta-verejnej-spravy\/pracoviska\/root\/kervs\/"},"modified":"2025-09-26T11:28:37","modified_gmt":"2025-09-26T10:28:37","slug":"kervs","status":"publish","type":"cpt_pracoviska","link":"https:\/\/www.upjs.sk\/fakulta-verejnej-spravy\/pracoviska\/kervs\/","title":{"rendered":"Katedra ekonomiky a riadenia verejnej spr\u00e1vy"},"content":{"rendered":"<style>.kadence-column14302_fc2ffd-9f > .kt-inside-inner-col,.kadence-column14302_fc2ffd-9f > .kt-inside-inner-col:before{border-top-left-radius:0px;border-top-right-radius:0px;border-bottom-right-radius:0px;border-bottom-left-radius:0px;}.kadence-column14302_fc2ffd-9f > .kt-inside-inner-col{column-gap:var(--global-kb-gap-sm, 1rem);}.kadence-column14302_fc2ffd-9f > .kt-inside-inner-col{flex-direction:column;}.kadence-column14302_fc2ffd-9f > .kt-inside-inner-col > .aligncenter{width:100%;}.kadence-column14302_fc2ffd-9f > .kt-inside-inner-col:before{opacity:0.3;}.kadence-column14302_fc2ffd-9f{position:relative;}@media all and (max-width: 1024px){.kadence-column14302_fc2ffd-9f > .kt-inside-inner-col{flex-direction:column;justify-content:center;}}@media all and (max-width: 767px){.kadence-column14302_fc2ffd-9f > .kt-inside-inner-col{flex-direction:column;justify-content:center;}}<\/style>\n<div class=\"wp-block-kadence-column kadence-column14302_fc2ffd-9f\"><div class=\"kt-inside-inner-col\"><style>.kb-row-layout-id14302_e31a98-36 > .kt-row-column-wrap{align-content:start;}:where(.kb-row-layout-id14302_e31a98-36 > .kt-row-column-wrap) > .wp-block-kadence-column{justify-content:start;}.kb-row-layout-id14302_e31a98-36 > .kt-row-column-wrap{column-gap:var(--global-kb-gap-md, 2rem);row-gap:var(--global-kb-gap-none, 0rem );padding-top:var(--global-kb-spacing-sm, 1.5rem);padding-bottom:var(--global-kb-spacing-sm, 1.5rem);grid-template-columns:minmax(0, 2fr) minmax(0, 1fr);}.kb-row-layout-id14302_e31a98-36 > .kt-row-layout-overlay{opacity:0.30;}@media all and (max-width: 1024px){.kb-row-layout-id14302_e31a98-36 > .kt-row-column-wrap{grid-template-columns:minmax(0, 2fr) minmax(0, 1fr);}}@media all and (max-width: 767px){.kb-row-layout-id14302_e31a98-36 > .kt-row-column-wrap{grid-template-columns:minmax(0, 1fr);}}<\/style><div class=\"kb-row-layout-wrap kb-row-layout-id14302_e31a98-36 alignnone wp-block-kadence-rowlayout\"><div class=\"kt-row-column-wrap kt-has-2-columns kt-row-layout-left-golden kt-tab-layout-inherit kt-mobile-layout-row kt-row-valign-top\">\n<style>.kadence-column14302_19cc16-10 > .kt-inside-inner-col,.kadence-column14302_19cc16-10 > .kt-inside-inner-col:before{border-top-left-radius:0px;border-top-right-radius:0px;border-bottom-right-radius:0px;border-bottom-left-radius:0px;}.kadence-column14302_19cc16-10 > .kt-inside-inner-col{column-gap:var(--global-kb-gap-sm, 1rem);}.kadence-column14302_19cc16-10 > .kt-inside-inner-col{flex-direction:column;}.kadence-column14302_19cc16-10 > .kt-inside-inner-col > .aligncenter{width:100%;}.kadence-column14302_19cc16-10 > .kt-inside-inner-col:before{opacity:0.3;}.kadence-column14302_19cc16-10{position:relative;}@media all and (max-width: 1024px){.kadence-column14302_19cc16-10 > .kt-inside-inner-col{flex-direction:column;justify-content:center;}}@media all and (max-width: 767px){.kadence-column14302_19cc16-10 > .kt-inside-inner-col{flex-direction:column;justify-content:center;}}<\/style>\n<div class=\"wp-block-kadence-column kadence-column14302_19cc16-10\"><div class=\"kt-inside-inner-col\"><style>.kb-image14302_2ca8eb-3e .kb-image-has-overlay:after{opacity:0.3;border-top-left-radius:10px;border-top-right-radius:10px;border-bottom-right-radius:10px;border-bottom-left-radius:10px;}.kb-image14302_2ca8eb-3e img.kb-img, .kb-image14302_2ca8eb-3e .kb-img img{border-top-left-radius:10px;border-top-right-radius:10px;border-bottom-right-radius:10px;border-bottom-left-radius:10px;}<\/style>\n<figure class=\"wp-block-kadence-image kb-image14302_2ca8eb-3e size-full\"><img loading=\"lazy\" decoding=\"async\" width=\"1200\" height=\"400\" src=\"https:\/\/www.upjs.sk\/app\/uploads\/sites\/12\/2022\/09\/KERVS_ilustr.png\" alt=\"\" class=\"kb-img wp-image-29342\" srcset=\"https:\/\/www.upjs.sk\/app\/uploads\/sites\/12\/2022\/09\/KERVS_ilustr.png 1200w, https:\/\/www.upjs.sk\/app\/uploads\/sites\/12\/2022\/09\/KERVS_ilustr-300x100.png 300w, https:\/\/www.upjs.sk\/app\/uploads\/sites\/12\/2022\/09\/KERVS_ilustr-1024x341.png 1024w, https:\/\/www.upjs.sk\/app\/uploads\/sites\/12\/2022\/09\/KERVS_ilustr-768x256.png 768w\" sizes=\"auto, (max-width: 1200px) 100vw, 1200px\" \/><\/figure>\n<\/div><\/div>\n\n\n<style>.kadence-column14302_f748d4-86 > .kt-inside-inner-col{display:flex;}.kadence-column14302_f748d4-86 > .kt-inside-inner-col{padding-top:var(--global-kb-spacing-md, 2rem);padding-bottom:var(--global-kb-spacing-xxs, 0.5rem);padding-left:var(--global-kb-spacing-lg, 3rem);}.kadence-column14302_f748d4-86 > .kt-inside-inner-col,.kadence-column14302_f748d4-86 > .kt-inside-inner-col:before{border-top-left-radius:10px;border-top-right-radius:10px;border-bottom-right-radius:10px;border-bottom-left-radius:10px;}.kadence-column14302_f748d4-86 > .kt-inside-inner-col{row-gap:var(--global-kb-gap-none, 0rem );column-gap:var(--global-kb-gap-sm, 1rem);}.kadence-column14302_f748d4-86 > .kt-inside-inner-col{flex-direction:column;justify-content:flex-start;align-items:stretch;}.kadence-column14302_f748d4-86 > .kt-inside-inner-col > .kb-image-is-ratio-size{align-self:stretch;}.kadence-column14302_f748d4-86 > .kt-inside-inner-col > .wp-block-kadence-advancedgallery{align-self:stretch;}.kadence-column14302_f748d4-86 > .kt-inside-inner-col > .aligncenter{width:100%;}.kt-row-column-wrap > .kadence-column14302_f748d4-86{align-self:flex-start;}.kt-inner-column-height-full:not(.kt-has-1-columns) > .wp-block-kadence-column.kadence-column14302_f748d4-86{align-self:auto;}.kt-inner-column-height-full:not(.kt-has-1-columns) > .wp-block-kadence-column.kadence-column14302_f748d4-86 > .kt-inside-inner-col{flex-direction:column;justify-content:flex-start;}.kadence-column14302_f748d4-86 > .kt-inside-inner-col{background-color:#006DB2;}.kadence-column14302_f748d4-86 > .kt-inside-inner-col:before{opacity:0.3;}.kadence-column14302_f748d4-86:hover a:hover{color:#D6D6D6;}.kadence-column14302_f748d4-86{position:relative;}@media all and (max-width: 1024px){.kt-row-column-wrap > .kadence-column14302_f748d4-86{align-self:flex-start;}}@media all and (max-width: 1024px){.kt-inner-column-height-full:not(.kt-has-1-columns) > .wp-block-kadence-column.kadence-column14302_f748d4-86{align-self:auto;}}@media all and (max-width: 1024px){.kt-inner-column-height-full:not(.kt-has-1-columns) > .wp-block-kadence-column.kadence-column14302_f748d4-86 > .kt-inside-inner-col{flex-direction:column;justify-content:flex-start;}}@media all and (max-width: 1024px){.kadence-column14302_f748d4-86 > .kt-inside-inner-col{flex-direction:column;justify-content:flex-start;align-items:stretch;}}@media all and (max-width: 767px){.kt-row-column-wrap > .kadence-column14302_f748d4-86{align-self:flex-start;}.kt-inner-column-height-full:not(.kt-has-1-columns) > .wp-block-kadence-column.kadence-column14302_f748d4-86{align-self:auto;}.kt-inner-column-height-full:not(.kt-has-1-columns) > .wp-block-kadence-column.kadence-column14302_f748d4-86 > .kt-inside-inner-col{flex-direction:column;justify-content:flex-start;}.kadence-column14302_f748d4-86 > .kt-inside-inner-col{flex-direction:column;justify-content:flex-start;align-items:stretch;}}<\/style>\n<div class=\"wp-block-kadence-column kadence-column14302_f748d4-86 kb-section-dir-vertical\"><div class=\"kt-inside-inner-col\">\n<p class=\"has-biela-color has-text-color has-link-color has-medium-font-size wp-elements-a69dbe8e7f3439094fb868c93aad71f3\"><strong><a href=\"https:\/\/www.upjs.sk\/fakulta-verejnej-spravy\/pracoviska\/kervs\/personalne-obsadenie\/\" target=\"_blank\" rel=\"noreferrer noopener\">Person\u00e1lne obsadenie<\/a><br><a href=\"https:\/\/www.upjs.sk\/fakulta-verejnej-spravy\/kervs\/6672-2\" target=\"_blank\" rel=\"noreferrer noopener\">V\u00fdu\u010dba<\/a><br><a href=\"https:\/\/www.upjs.sk\/fakulta-verejnej-spravy\/kervs\/6673-2\" target=\"_blank\" rel=\"noreferrer noopener\">V\u00fdskum<\/a><br><a href=\"https:\/\/www.upjs.sk\/fakulta-verejnej-spravy\/kervs\/6674-2\" target=\"_blank\" rel=\"noreferrer noopener\">Projekty<\/a><br><a href=\"https:\/\/www.upjs.sk\/fakulta-verejnej-spravy\/kervs\/6675-2\" target=\"_blank\" rel=\"noreferrer noopener\">Publik\u00e1cie<\/a><br><a href=\"https:\/\/www.upjs.sk\/fakulta-verejnej-spravy\/kervs\/6590-2\" target=\"_blank\" rel=\"noreferrer noopener\">Hist\u00f3ria<\/a><\/strong><\/p>\n<\/div><\/div>\n\n<\/div><\/div><\/div><\/div>\n\n\n<style>.kadence-column14302_ede34b-30 > .kt-inside-inner-col,.kadence-column14302_ede34b-30 > .kt-inside-inner-col:before{border-top-left-radius:0px;border-top-right-radius:0px;border-bottom-right-radius:0px;border-bottom-left-radius:0px;}.kadence-column14302_ede34b-30 > .kt-inside-inner-col{column-gap:var(--global-kb-gap-sm, 1rem);}.kadence-column14302_ede34b-30 > .kt-inside-inner-col{flex-direction:column;}.kadence-column14302_ede34b-30 > .kt-inside-inner-col > .aligncenter{width:100%;}.kadence-column14302_ede34b-30 > .kt-inside-inner-col{background-color:#F4F4F4;}.kadence-column14302_ede34b-30 > .kt-inside-inner-col:before{opacity:0.3;}.kadence-column14302_ede34b-30{position:relative;}@media all and (max-width: 1024px){.kadence-column14302_ede34b-30 > .kt-inside-inner-col{flex-direction:column;justify-content:center;}}@media all and (max-width: 767px){.kadence-column14302_ede34b-30 > .kt-inside-inner-col{flex-direction:column;justify-content:center;}}<\/style>\n<div class=\"wp-block-kadence-column kadence-column14302_ede34b-30\"><div class=\"kt-inside-inner-col\"><style>.kb-row-layout-id14302_7c279c-27 > .kt-row-column-wrap{align-content:start;}:where(.kb-row-layout-id14302_7c279c-27 > .kt-row-column-wrap) > .wp-block-kadence-column{justify-content:start;}.kb-row-layout-id14302_7c279c-27 > .kt-row-column-wrap{column-gap:var(--global-kb-gap-md, 2rem);row-gap:var(--global-kb-gap-md, 2rem);padding-top:var(--global-kb-spacing-sm, 1.5rem);padding-bottom:var(--global-kb-spacing-sm, 1.5rem);grid-template-columns:minmax(0, 2fr) minmax(0, 1fr);}.kb-row-layout-id14302_7c279c-27 > .kt-row-layout-overlay{opacity:0.30;}@media all and (max-width: 1024px){.kb-row-layout-id14302_7c279c-27 > .kt-row-column-wrap{grid-template-columns:minmax(0, 2fr) minmax(0, 1fr);}}@media all and (max-width: 767px){.kb-row-layout-id14302_7c279c-27 > .kt-row-column-wrap{grid-template-columns:minmax(0, 1fr);}}<\/style><div class=\"kb-row-layout-wrap kb-row-layout-id14302_7c279c-27 alignnone wp-block-kadence-rowlayout\"><div class=\"kt-row-column-wrap kt-has-2-columns kt-row-layout-left-golden kt-tab-layout-inherit kt-mobile-layout-row kt-row-valign-top\">\n<style>.kadence-column14302_4525b6-b5 > .kt-inside-inner-col{padding-right:var(--global-kb-spacing-xs, 1rem);padding-left:var(--global-kb-spacing-sm, 1.5rem);}.kadence-column14302_4525b6-b5 > .kt-inside-inner-col,.kadence-column14302_4525b6-b5 > .kt-inside-inner-col:before{border-top-left-radius:0px;border-top-right-radius:0px;border-bottom-right-radius:0px;border-bottom-left-radius:0px;}.kadence-column14302_4525b6-b5 > .kt-inside-inner-col{column-gap:var(--global-kb-gap-sm, 1rem);}.kadence-column14302_4525b6-b5 > .kt-inside-inner-col{flex-direction:column;}.kadence-column14302_4525b6-b5 > .kt-inside-inner-col > .aligncenter{width:100%;}.kadence-column14302_4525b6-b5 > .kt-inside-inner-col:before{opacity:0.3;}.kadence-column14302_4525b6-b5{position:relative;}@media all and (max-width: 1024px){.kadence-column14302_4525b6-b5 > .kt-inside-inner-col{flex-direction:column;justify-content:center;}}@media all and (max-width: 767px){.kadence-column14302_4525b6-b5 > .kt-inside-inner-col{flex-direction:column;justify-content:center;}}<\/style>\n<div class=\"wp-block-kadence-column kadence-column14302_4525b6-b5\"><div class=\"kt-inside-inner-col\">\n<p class=\"has-f-verejnej-s-color has-text-color has-link-color has-medium-font-size wp-elements-2ece9af567e0f39f60e796c6cc963997\"><strong>Katedra ekonomiky a riadenia verejnej spr\u00e1vy<\/strong><\/p>\n\n\n\n<p>Katedra sa podie\u013ea na vzdel\u00e1van\u00ed a&nbsp;v\u00fdchove odborn\u00edkov v&nbsp;\u0161tudijn\u00fdch programoch <strong><em>verejn\u00e1 spr\u00e1va<\/em><\/strong>, <strong><em>eur\u00f3pska verejn\u00e1 spr\u00e1va<\/em><\/strong> a <strong><em>informa\u010dn\u00e9 syst\u00e9my vo verejnej spr\u00e1ve<\/em><\/strong>. \u0160trukt\u00farou a&nbsp;obsahom predmetov, ktor\u00e9 katedra pon\u00faka, absolvent z\u00edskava sp\u00f4sobilos\u0165 orientova\u0165 sa v&nbsp;problematike ekonomiky a&nbsp;riadenia organiz\u00e1ci\u00ed a&nbsp;in\u0161tit\u00faci\u00ed, ktor\u00e9 p\u00f4sobia vo verejnej spr\u00e1ve a&nbsp;verejnom sektore. Hlavn\u00fdm zameran\u00edm aktiv\u00edt katedry je vzdel\u00e1vacia a vedecko-v\u00fdskumn\u00e1 \u010dinnos\u0165 t\u00fdkaj\u00faca sa ekonomiky verejnej spr\u00e1vy, verejn\u00fdch financi\u00ed, \u00fa\u010dtovn\u00edctva, riadenia vo verejnej spr\u00e1ve, marketingu a&nbsp;region\u00e1lnej ekon\u00f3mie a rozvoja.<\/p>\n<\/div><\/div>\n\n\n<style>.kadence-column14302_c999f7-55 > .kt-inside-inner-col{display:flex;}.kadence-column14302_c999f7-55 > .kt-inside-inner-col{padding-left:var(--global-kb-spacing-xl, 4rem);}.kadence-column14302_c999f7-55 > .kt-inside-inner-col,.kadence-column14302_c999f7-55 > .kt-inside-inner-col:before{border-top-left-radius:0px;border-top-right-radius:0px;border-bottom-right-radius:0px;border-bottom-left-radius:0px;}.kadence-column14302_c999f7-55 > .kt-inside-inner-col{column-gap:var(--global-kb-gap-sm, 1rem);}.kadence-column14302_c999f7-55 > .kt-inside-inner-col{flex-direction:row;flex-wrap:wrap;align-items:center;justify-content:space-around;}.kadence-column14302_c999f7-55 > .kt-inside-inner-col > *, .kadence-column14302_c999f7-55 > .kt-inside-inner-col > figure.wp-block-image, .kadence-column14302_c999f7-55 > .kt-inside-inner-col > figure.wp-block-kadence-image{margin-top:0px;margin-bottom:0px;}.kadence-column14302_c999f7-55 > .kt-inside-inner-col > .kb-image-is-ratio-size{flex-grow:1;}.kt-row-column-wrap > .kadence-column14302_c999f7-55{align-self:center;}.kt-inner-column-height-full:not(.kt-has-1-columns) > .wp-block-kadence-column.kadence-column14302_c999f7-55{align-self:auto;}.kt-inner-column-height-full:not(.kt-has-1-columns) > .wp-block-kadence-column.kadence-column14302_c999f7-55 > .kt-inside-inner-col{align-items:center;}.kadence-column14302_c999f7-55 > .kt-inside-inner-col:before{opacity:0.3;}.kadence-column14302_c999f7-55{position:relative;}@media all and (max-width: 1024px){.kt-row-column-wrap > .kadence-column14302_c999f7-55{align-self:center;}}@media all and (max-width: 1024px){.kt-inner-column-height-full:not(.kt-has-1-columns) > .wp-block-kadence-column.kadence-column14302_c999f7-55{align-self:auto;}}@media all and (max-width: 1024px){.kt-inner-column-height-full:not(.kt-has-1-columns) > .wp-block-kadence-column.kadence-column14302_c999f7-55 > .kt-inside-inner-col{align-items:center;}}@media all and (max-width: 1024px){.kadence-column14302_c999f7-55 > .kt-inside-inner-col{flex-direction:row;flex-wrap:wrap;align-items:center;justify-content:space-around;}}@media all and (min-width: 768px) and (max-width: 1024px){.kadence-column14302_c999f7-55 > .kt-inside-inner-col > *, .kadence-column14302_c999f7-55 > .kt-inside-inner-col > figure.wp-block-image, .kadence-column14302_c999f7-55 > .kt-inside-inner-col > figure.wp-block-kadence-image{margin-top:0px;margin-bottom:0px;}.kadence-column14302_c999f7-55 > .kt-inside-inner-col > .kb-image-is-ratio-size{flex-grow:1;}}@media all and (max-width: 767px){.kt-row-column-wrap > .kadence-column14302_c999f7-55{align-self:center;}.kt-inner-column-height-full:not(.kt-has-1-columns) > .wp-block-kadence-column.kadence-column14302_c999f7-55{align-self:auto;}.kt-inner-column-height-full:not(.kt-has-1-columns) > .wp-block-kadence-column.kadence-column14302_c999f7-55 > .kt-inside-inner-col{align-items:center;}.kadence-column14302_c999f7-55 > .kt-inside-inner-col{flex-direction:row;flex-wrap:wrap;justify-content:flex-start;justify-content:space-around;}.kadence-column14302_c999f7-55 > .kt-inside-inner-col > *, .kadence-column14302_c999f7-55 > .kt-inside-inner-col > figure.wp-block-image, .kadence-column14302_c999f7-55 > .kt-inside-inner-col > figure.wp-block-kadence-image{margin-top:0px;margin-bottom:0px;}.kadence-column14302_c999f7-55 > .kt-inside-inner-col > .kb-image-is-ratio-size{flex-grow:1;}}<\/style>\n<div class=\"wp-block-kadence-column kadence-column14302_c999f7-55 kb-section-dir-horizontal\"><div class=\"kt-inside-inner-col\">\n<figure class=\"wp-block-image aligncenter size-full is-resized\"><img loading=\"lazy\" decoding=\"async\" width=\"708\" height=\"708\" src=\"https:\/\/www.upjs.sk\/app\/uploads\/sites\/12\/2022\/09\/Logo-FVS-UPJS-farebne-bez-pozadia.png\" alt=\"\" class=\"wp-image-29334\" style=\"width:180px;height:auto\" srcset=\"https:\/\/www.upjs.sk\/app\/uploads\/sites\/12\/2022\/09\/Logo-FVS-UPJS-farebne-bez-pozadia.png 708w, https:\/\/www.upjs.sk\/app\/uploads\/sites\/12\/2022\/09\/Logo-FVS-UPJS-farebne-bez-pozadia-300x300.png 300w, https:\/\/www.upjs.sk\/app\/uploads\/sites\/12\/2022\/09\/Logo-FVS-UPJS-farebne-bez-pozadia-150x150.png 150w\" sizes=\"auto, (max-width: 708px) 100vw, 708px\" \/><\/figure>\n<\/div><\/div>\n\n<\/div><\/div><\/div><\/div>\n","protected":false},"author":1,"featured_media":0,"parent":0,"menu_order":2,"template":"","meta":{"_acf_changed":false,"_editorskit_title_hidden":false,"_editorskit_reading_time":1,"_editorskit_is_block_options_detached":false,"_editorskit_block_options_position":"{}"},"categories":[],"tags":[],"tax_aktuality":[],"class_list":["post-14302","cpt_pracoviska","type-cpt_pracoviska","status-publish","hentry"],"acf":{"acf_link_na_externy_obsah":""},"yoast_head":"<!-- This site is optimized with the Yoast SEO plugin v27.4 - https:\/\/yoast.com\/product\/yoast-seo-wordpress\/ -->\n<title>Katedra ekonomiky a riadenia verejnej spr\u00e1vy - Fakulta verejnej spr\u00e1vy | UPJ\u0160<\/title>\n<meta name=\"robots\" content=\"index, follow, max-snippet:-1, max-image-preview:large, max-video-preview:-1\" \/>\n<link rel=\"canonical\" href=\"https:\/\/www.upjs.sk\/fakulta-verejnej-spravy\/pracoviska\/kervs\/\" \/>\n<meta property=\"og:locale\" content=\"sk_SK\" \/>\n<meta property=\"og:type\" content=\"article\" \/>\n<meta property=\"og:title\" content=\"Katedra ekonomiky a riadenia verejnej spr\u00e1vy - Fakulta verejnej spr\u00e1vy | UPJ\u0160\" \/>\n<meta property=\"og:description\" content=\"Person\u00e1lne obsadenieV\u00fdu\u010dbaV\u00fdskumProjektyPublik\u00e1cieHist\u00f3ria Katedra ekonomiky a riadenia verejnej spr\u00e1vy Katedra sa podie\u013ea na vzdel\u00e1van\u00ed a&nbsp;v\u00fdchove odborn\u00edkov v&nbsp;\u0161tudijn\u00fdch programoch verejn\u00e1 spr\u00e1va, eur\u00f3pska verejn\u00e1 spr\u00e1va a informa\u010dn\u00e9 syst\u00e9my vo verejnej spr\u00e1ve. \u0160trukt\u00farou a&nbsp;obsahom predmetov, ktor\u00e9 katedra pon\u00faka, absolvent z\u00edskava sp\u00f4sobilos\u0165 orientova\u0165 sa v&nbsp;problematike ekonomiky a&nbsp;riadenia organiz\u00e1ci\u00ed a&nbsp;in\u0161tit\u00faci\u00ed, ktor\u00e9 p\u00f4sobia vo verejnej spr\u00e1ve a&nbsp;verejnom sektore. Hlavn\u00fdm zameran\u00edm aktiv\u00edt katedry &hellip; \u010c\u00edta\u0165 \u010falej\" \/>\n<meta property=\"og:url\" content=\"https:\/\/www.upjs.sk\/fakulta-verejnej-spravy\/pracoviska\/kervs\/\" \/>\n<meta property=\"og:site_name\" content=\"Fakulta verejnej spr\u00e1vy | UPJ\u0160\" \/>\n<meta property=\"article:modified_time\" content=\"2025-09-26T10:28:37+00:00\" \/>\n<meta property=\"og:image\" content=\"https:\/\/www.upjs.sk\/app\/uploads\/sites\/12\/2022\/09\/KERVS_ilustr.png\" \/>\n\t<meta property=\"og:image:width\" content=\"1200\" \/>\n\t<meta property=\"og:image:height\" content=\"400\" \/>\n\t<meta property=\"og:image:type\" content=\"image\/png\" \/>\n<meta name=\"twitter:card\" content=\"summary_large_image\" \/>\n<meta name=\"twitter:label1\" content=\"Predpokladan\u00fd \u010das \u010d\u00edtania\" \/>\n\t<meta name=\"twitter:data1\" content=\"1 min\u00fata\" \/>\n<script type=\"application\/ld+json\" class=\"yoast-schema-graph\">{\"@context\":\"https:\\\/\\\/schema.org\",\"@graph\":[{\"@type\":\"WebPage\",\"@id\":\"https:\\\/\\\/www.upjs.sk\\\/fakulta-verejnej-spravy\\\/pracoviska\\\/kervs\\\/\",\"url\":\"https:\\\/\\\/www.upjs.sk\\\/fakulta-verejnej-spravy\\\/pracoviska\\\/kervs\\\/\",\"name\":\"Katedra ekonomiky a riadenia verejnej spr\u00e1vy - Fakulta verejnej spr\u00e1vy | UPJ\u0160\",\"isPartOf\":{\"@id\":\"https:\\\/\\\/www.upjs.sk\\\/fakulta-verejnej-spravy\\\/#website\"},\"primaryImageOfPage\":{\"@id\":\"https:\\\/\\\/www.upjs.sk\\\/fakulta-verejnej-spravy\\\/pracoviska\\\/kervs\\\/#primaryimage\"},\"image\":{\"@id\":\"https:\\\/\\\/www.upjs.sk\\\/fakulta-verejnej-spravy\\\/pracoviska\\\/kervs\\\/#primaryimage\"},\"thumbnailUrl\":\"https:\\\/\\\/www.upjs.sk\\\/app\\\/uploads\\\/sites\\\/12\\\/2022\\\/09\\\/KERVS_ilustr.png\",\"datePublished\":\"2022-09-26T08:57:57+00:00\",\"dateModified\":\"2025-09-26T10:28:37+00:00\",\"breadcrumb\":{\"@id\":\"https:\\\/\\\/www.upjs.sk\\\/fakulta-verejnej-spravy\\\/pracoviska\\\/kervs\\\/#breadcrumb\"},\"inLanguage\":\"sk-SK\",\"potentialAction\":[{\"@type\":\"ReadAction\",\"target\":[\"https:\\\/\\\/www.upjs.sk\\\/fakulta-verejnej-spravy\\\/pracoviska\\\/kervs\\\/\"]}]},{\"@type\":\"ImageObject\",\"inLanguage\":\"sk-SK\",\"@id\":\"https:\\\/\\\/www.upjs.sk\\\/fakulta-verejnej-spravy\\\/pracoviska\\\/kervs\\\/#primaryimage\",\"url\":\"https:\\\/\\\/www.upjs.sk\\\/app\\\/uploads\\\/sites\\\/12\\\/2022\\\/09\\\/KERVS_ilustr.png\",\"contentUrl\":\"https:\\\/\\\/www.upjs.sk\\\/app\\\/uploads\\\/sites\\\/12\\\/2022\\\/09\\\/KERVS_ilustr.png\"},{\"@type\":\"BreadcrumbList\",\"@id\":\"https:\\\/\\\/www.upjs.sk\\\/fakulta-verejnej-spravy\\\/pracoviska\\\/kervs\\\/#breadcrumb\",\"itemListElement\":[{\"@type\":\"ListItem\",\"position\":1,\"name\":\"Home\",\"item\":\"https:\\\/\\\/www.upjs.sk\\\/fakulta-verejnej-spravy\\\/\"},{\"@type\":\"ListItem\",\"position\":2,\"name\":\"Pracovisk\u00e1\",\"item\":\"https:\\\/\\\/www.upjs.sk\\\/fakulta-verejnej-spravy\\\/pracoviska\\\/\"},{\"@type\":\"ListItem\",\"position\":3,\"name\":\"Katedra ekonomiky a riadenia verejnej spr\u00e1vy\"}]},{\"@type\":\"WebSite\",\"@id\":\"https:\\\/\\\/www.upjs.sk\\\/fakulta-verejnej-spravy\\\/#website\",\"url\":\"https:\\\/\\\/www.upjs.sk\\\/fakulta-verejnej-spravy\\\/\",\"name\":\"Fakulta verejnej spr\u00e1vy | UPJ\u0160\",\"description\":\"\",\"publisher\":{\"@id\":\"https:\\\/\\\/www.upjs.sk\\\/fakulta-verejnej-spravy\\\/#organization\"},\"potentialAction\":[{\"@type\":\"SearchAction\",\"target\":{\"@type\":\"EntryPoint\",\"urlTemplate\":\"https:\\\/\\\/www.upjs.sk\\\/fakulta-verejnej-spravy\\\/?s={search_term_string}\"},\"query-input\":{\"@type\":\"PropertyValueSpecification\",\"valueRequired\":true,\"valueName\":\"search_term_string\"}}],\"inLanguage\":\"sk-SK\"},{\"@type\":\"Organization\",\"@id\":\"https:\\\/\\\/www.upjs.sk\\\/fakulta-verejnej-spravy\\\/#organization\",\"name\":\"Fakulta verejnej spr\u00e1vy | UPJ\u0160\",\"url\":\"https:\\\/\\\/www.upjs.sk\\\/fakulta-verejnej-spravy\\\/\",\"logo\":{\"@type\":\"ImageObject\",\"inLanguage\":\"sk-SK\",\"@id\":\"https:\\\/\\\/www.upjs.sk\\\/fakulta-verejnej-spravy\\\/#\\\/schema\\\/logo\\\/image\\\/\",\"url\":\"https:\\\/\\\/www.upjs.sk\\\/app\\\/uploads\\\/sites\\\/12\\\/2022\\\/09\\\/logo-verejnej-spravy-fakulta.png\",\"contentUrl\":\"https:\\\/\\\/www.upjs.sk\\\/app\\\/uploads\\\/sites\\\/12\\\/2022\\\/09\\\/logo-verejnej-spravy-fakulta.png\",\"width\":415,\"height\":87,\"caption\":\"Fakulta verejnej spr\u00e1vy | UPJ\u0160\"},\"image\":{\"@id\":\"https:\\\/\\\/www.upjs.sk\\\/fakulta-verejnej-spravy\\\/#\\\/schema\\\/logo\\\/image\\\/\"}}]}<\/script>\n<!-- \/ Yoast SEO plugin. -->","yoast_head_json":{"title":"Katedra ekonomiky a riadenia verejnej spr\u00e1vy - Fakulta verejnej spr\u00e1vy | UPJ\u0160","robots":{"index":"index","follow":"follow","max-snippet":"max-snippet:-1","max-image-preview":"max-image-preview:large","max-video-preview":"max-video-preview:-1"},"canonical":"https:\/\/www.upjs.sk\/fakulta-verejnej-spravy\/pracoviska\/kervs\/","og_locale":"sk_SK","og_type":"article","og_title":"Katedra ekonomiky a riadenia verejnej spr\u00e1vy - Fakulta verejnej spr\u00e1vy | UPJ\u0160","og_description":"Person\u00e1lne obsadenieV\u00fdu\u010dbaV\u00fdskumProjektyPublik\u00e1cieHist\u00f3ria Katedra ekonomiky a riadenia verejnej spr\u00e1vy Katedra sa podie\u013ea na vzdel\u00e1van\u00ed a&nbsp;v\u00fdchove odborn\u00edkov v&nbsp;\u0161tudijn\u00fdch programoch verejn\u00e1 spr\u00e1va, eur\u00f3pska verejn\u00e1 spr\u00e1va a informa\u010dn\u00e9 syst\u00e9my vo verejnej spr\u00e1ve. \u0160trukt\u00farou a&nbsp;obsahom predmetov, ktor\u00e9 katedra pon\u00faka, absolvent z\u00edskava sp\u00f4sobilos\u0165 orientova\u0165 sa v&nbsp;problematike ekonomiky a&nbsp;riadenia organiz\u00e1ci\u00ed a&nbsp;in\u0161tit\u00faci\u00ed, ktor\u00e9 p\u00f4sobia vo verejnej spr\u00e1ve a&nbsp;verejnom sektore. Hlavn\u00fdm zameran\u00edm aktiv\u00edt katedry &hellip; \u010c\u00edta\u0165 \u010falej","og_url":"https:\/\/www.upjs.sk\/fakulta-verejnej-spravy\/pracoviska\/kervs\/","og_site_name":"Fakulta verejnej spr\u00e1vy | UPJ\u0160","article_modified_time":"2025-09-26T10:28:37+00:00","og_image":[{"width":1200,"height":400,"url":"https:\/\/www.upjs.sk\/app\/uploads\/sites\/12\/2022\/09\/KERVS_ilustr.png","type":"image\/png"}],"twitter_card":"summary_large_image","twitter_misc":{"Predpokladan\u00fd \u010das \u010d\u00edtania":"1 min\u00fata"},"schema":{"@context":"https:\/\/schema.org","@graph":[{"@type":"WebPage","@id":"https:\/\/www.upjs.sk\/fakulta-verejnej-spravy\/pracoviska\/kervs\/","url":"https:\/\/www.upjs.sk\/fakulta-verejnej-spravy\/pracoviska\/kervs\/","name":"Katedra ekonomiky a riadenia verejnej spr\u00e1vy - Fakulta verejnej spr\u00e1vy | UPJ\u0160","isPartOf":{"@id":"https:\/\/www.upjs.sk\/fakulta-verejnej-spravy\/#website"},"primaryImageOfPage":{"@id":"https:\/\/www.upjs.sk\/fakulta-verejnej-spravy\/pracoviska\/kervs\/#primaryimage"},"image":{"@id":"https:\/\/www.upjs.sk\/fakulta-verejnej-spravy\/pracoviska\/kervs\/#primaryimage"},"thumbnailUrl":"https:\/\/www.upjs.sk\/app\/uploads\/sites\/12\/2022\/09\/KERVS_ilustr.png","datePublished":"2022-09-26T08:57:57+00:00","dateModified":"2025-09-26T10:28:37+00:00","breadcrumb":{"@id":"https:\/\/www.upjs.sk\/fakulta-verejnej-spravy\/pracoviska\/kervs\/#breadcrumb"},"inLanguage":"sk-SK","potentialAction":[{"@type":"ReadAction","target":["https:\/\/www.upjs.sk\/fakulta-verejnej-spravy\/pracoviska\/kervs\/"]}]},{"@type":"ImageObject","inLanguage":"sk-SK","@id":"https:\/\/www.upjs.sk\/fakulta-verejnej-spravy\/pracoviska\/kervs\/#primaryimage","url":"https:\/\/www.upjs.sk\/app\/uploads\/sites\/12\/2022\/09\/KERVS_ilustr.png","contentUrl":"https:\/\/www.upjs.sk\/app\/uploads\/sites\/12\/2022\/09\/KERVS_ilustr.png"},{"@type":"BreadcrumbList","@id":"https:\/\/www.upjs.sk\/fakulta-verejnej-spravy\/pracoviska\/kervs\/#breadcrumb","itemListElement":[{"@type":"ListItem","position":1,"name":"Home","item":"https:\/\/www.upjs.sk\/fakulta-verejnej-spravy\/"},{"@type":"ListItem","position":2,"name":"Pracovisk\u00e1","item":"https:\/\/www.upjs.sk\/fakulta-verejnej-spravy\/pracoviska\/"},{"@type":"ListItem","position":3,"name":"Katedra ekonomiky a riadenia verejnej spr\u00e1vy"}]},{"@type":"WebSite","@id":"https:\/\/www.upjs.sk\/fakulta-verejnej-spravy\/#website","url":"https:\/\/www.upjs.sk\/fakulta-verejnej-spravy\/","name":"Fakulta verejnej spr\u00e1vy | UPJ\u0160","description":"","publisher":{"@id":"https:\/\/www.upjs.sk\/fakulta-verejnej-spravy\/#organization"},"potentialAction":[{"@type":"SearchAction","target":{"@type":"EntryPoint","urlTemplate":"https:\/\/www.upjs.sk\/fakulta-verejnej-spravy\/?s={search_term_string}"},"query-input":{"@type":"PropertyValueSpecification","valueRequired":true,"valueName":"search_term_string"}}],"inLanguage":"sk-SK"},{"@type":"Organization","@id":"https:\/\/www.upjs.sk\/fakulta-verejnej-spravy\/#organization","name":"Fakulta verejnej spr\u00e1vy | UPJ\u0160","url":"https:\/\/www.upjs.sk\/fakulta-verejnej-spravy\/","logo":{"@type":"ImageObject","inLanguage":"sk-SK","@id":"https:\/\/www.upjs.sk\/fakulta-verejnej-spravy\/#\/schema\/logo\/image\/","url":"https:\/\/www.upjs.sk\/app\/uploads\/sites\/12\/2022\/09\/logo-verejnej-spravy-fakulta.png","contentUrl":"https:\/\/www.upjs.sk\/app\/uploads\/sites\/12\/2022\/09\/logo-verejnej-spravy-fakulta.png","width":415,"height":87,"caption":"Fakulta verejnej spr\u00e1vy | UPJ\u0160"},"image":{"@id":"https:\/\/www.upjs.sk\/fakulta-verejnej-spravy\/#\/schema\/logo\/image\/"}}]}},"_links":{"self":[{"href":"https:\/\/www.upjs.sk\/fakulta-verejnej-spravy\/wp-json\/wp\/v2\/cpt_pracoviska\/14302","targetHints":{"allow":["GET"]}}],"collection":[{"href":"https:\/\/www.upjs.sk\/fakulta-verejnej-spravy\/wp-json\/wp\/v2\/cpt_pracoviska"}],"about":[{"href":"https:\/\/www.upjs.sk\/fakulta-verejnej-spravy\/wp-json\/wp\/v2\/types\/cpt_pracoviska"}],"author":[{"embeddable":true,"href":"https:\/\/www.upjs.sk\/fakulta-verejnej-spravy\/wp-json\/wp\/v2\/users\/1"}],"wp:attachment":[{"href":"https:\/\/www.upjs.sk\/fakulta-verejnej-spravy\/wp-json\/wp\/v2\/media?parent=14302"}],"wp:term":[{"taxonomy":"category","embeddable":true,"href":"https:\/\/www.upjs.sk\/fakulta-verejnej-spravy\/wp-json\/wp\/v2\/categories?post=14302"},{"taxonomy":"post_tag","embeddable":true,"href":"https:\/\/www.upjs.sk\/fakulta-verejnej-spravy\/wp-json\/wp\/v2\/tags?post=14302"},{"taxonomy":"tax_aktuality","embeddable":true,"href":"https:\/\/www.upjs.sk\/fakulta-verejnej-spravy\/wp-json\/wp\/v2\/tax_aktuality?post=14302"}],"curies":[{"name":"wp","href":"https:\/\/api.w.org\/{rel}","templated":true}]}}