{"id":13036,"date":"2022-09-20T13:33:15","date_gmt":"2022-09-20T13:33:15","guid":{"rendered":"https:\/\/www.upjs.sk\/fakulta-verejnej-spravy\/informacie-pre-zamestnancov\/volne-miesta\/zverejnenie\/"},"modified":"2026-04-22T11:52:35","modified_gmt":"2026-04-22T10:52:35","slug":"zverejnenie","status":"publish","type":"page","link":"https:\/\/www.upjs.sk\/fakulta-verejnej-spravy\/vyberove-konania\/zverejnenie\/","title":{"rendered":"Zverejnenie \u00fadajov o v\u00fdberov\u00fdch konaniach"},"content":{"rendered":"\n<p><\/p>\n\n\n\n<p><a href=\"https:\/\/www.upjs.sk\/app\/uploads\/sites\/12\/2026\/04\/Zverejnenie-VK-OA-KVD-04-2026.pdf\" target=\"_blank\" rel=\"noreferrer noopener\">Zverejnenie \u00fadajov o v\u00fdberovom konan\u00ed zo d\u0148a 20. 4. 2026 &#8211; 1 pracovn\u00e9 miesto vysoko\u0161kolsk\u00e9ho u\u010dite\u013ea na funk\u010dnom mieste odborn\u00e9ho asistenta<\/a><br>Zverejnenie \u00fadajov o v\u00fdberovom konan\u00ed zo d\u0148a 22. 8. 2025 &#8211; 1 pracovn\u00e9 miesto vysoko\u0161kolsk\u00e9ho u\u010dite\u013ea na funk\u010dnom mieste docenta<br>Zverejnenie \u00fadajov o v\u00fdberovom konan\u00ed zo d\u0148a 20. 8. 2025 &#8211; 1 pracovn\u00e9 miesto vysoko\u0161kolsk\u00e9ho u\u010dite\u013ea na funk\u010dnom mieste odborn\u00e9ho asistenta<br>Zverejnenie \u00fadajov o v\u00fdberovom konan\u00ed zo d\u0148a 20. 8. 2025 &#8211; 3 pracovn\u00e9 miesta vysoko\u0161kolsk\u00e9ho u\u010dite\u013ea na funk\u010dnom mieste odborn\u00e9ho asistenta<br>Zverejnenie \u00fadajov o v\u00fdberovom konan\u00ed zo d\u0148a 10. 7. 2025 &#8211; 1 pracovn\u00e9 miesto vysoko\u0161kolsk\u00e9ho u\u010dite\u013ea na funk\u010dnom mieste profesora<br>Zverejnenie \u00fadajov o v\u00fdberovom konan\u00ed zo d\u0148a 10. 7. 2025 &#8211; 1 pracovn\u00e9 miesto vysoko\u0161kolsk\u00e9ho u\u010dite\u013ea na funk\u010dnom mieste profesora<br>Zverejnenie \u00fadajov o v\u00fdberovom konan\u00ed zo d\u0148a 10. 7. 2025 &#8211; 1 pracovn\u00e9 miesto vysoko\u0161kolsk\u00e9ho u\u010dite\u013ea na funk\u010dnom mieste profesora<br>Zverejnenie \u00fadajov o v\u00fdberovom konan\u00ed zo d\u0148a 10. 7. 2025 &#8211; 1 pracovn\u00e9 miesto vysoko\u0161kolsk\u00e9ho u\u010dite\u013ea na funk\u010dnom mieste docenta<br>Zverejnenie \u00fadajov o v\u00fdberovom konan\u00ed zo d\u0148a 19. 6. 2025 &#8211; 1 pracovn\u00e9 miesto vysoko\u0161kolsk\u00e9ho u\u010dite\u013ea na funk\u010dnom mieste profesora<br>Zverejnenie \u00fadajov o v\u00fdberovom konan\u00ed zo d\u0148a 23. 4. 2025 &#8211; 1 pracovn\u00e9 miesto vysoko\u0161kolsk\u00e9ho u\u010dite\u013ea pre v\u00fdkon funkcie odborn\u00e9ho asistenta<br><a href=\"https:\/\/www.upjs.sk\/app\/uploads\/sites\/12\/2025\/01\/Zverejnenie-VK-1-doc-pre-KSS-01-2025.pdf\" target=\"_blank\" rel=\"noreferrer noopener\">Zverejnenie \u00fadajov o v\u00fdberovom konan\u00ed zo d\u0148a 24. 1. 2025 &#8211; 1 pracovn\u00e9 miesto vysoko\u0161kolsk\u00e9ho u\u010dite\u013ea pre v\u00fdkon funkcie docenta<\/a><br><a href=\"https:\/\/www.upjs.sk\/app\/uploads\/sites\/12\/2024\/09\/Zverejnenie-VK-1-doc-KE-a-RVS-08-2024.pdf\" target=\"_blank\" rel=\"noreferrer noopener\">Zverejnenie \u00fadajov o v\u00fdberovom konan\u00ed zo d\u0148a 28. 8. 2024 &#8211; 1 pracovn\u00e9 miesto vysoko\u0161kolsk\u00e9ho u\u010dite\u013ea pre v\u00fdkon funkcie docenta<\/a><br><a aria-label=\"Zverejnenie \u00fadajov o v\u00fdberovom konan\u00ed zo d\u0148a 25. 6. 2024 - 1 pracovn\u00e9 miesto vysoko\u0161kolsk\u00e9ho u\u010dite\u013ea pre v\u00fdkon funkcie odborn\u00e9ho asistenta (opens in a new tab)\" href=\"https:\/\/www.upjs.sk\/app\/uploads\/sites\/12\/2024\/07\/Zverejnenie-VK-1-OA-KVD-06-2024.pdf\" target=\"_blank\" rel=\"noreferrer noopener\" class=\"ek-link\">Zverejnenie \u00fadajov o v\u00fdberovom konan\u00ed zo d\u0148a 25. 6. 2024 &#8211; 1 pracovn\u00e9 miesto vysoko\u0161kolsk\u00e9ho u\u010dite\u013ea pre v\u00fdkon funkcie odborn\u00e9ho asistenta<\/a><br><a aria-label=\"Zverejnenie \u00fadajov o v\u00fdberovom konan\u00ed zo d\u0148a 25. 6. 2024 - 2 pracovn\u00e9 miesta vysoko\u0161kolsk\u00e9ho u\u010dite\u013ea pre v\u00fdkon funkcie odborn\u00e9ho asistenta (opens in a new tab)\" href=\"https:\/\/www.upjs.sk\/app\/uploads\/sites\/12\/2024\/07\/Zverejnenie-VK-2-OA-KVP-a-TVS-06-2024.pdf\" target=\"_blank\" rel=\"noreferrer noopener\" class=\"ek-link\">Zverejnenie \u00fadajov o v\u00fdberovom konan\u00ed zo d\u0148a 25. 6. 2024 &#8211; 2 pracovn\u00e9 miesta vysoko\u0161kolsk\u00e9ho u\u010dite\u013ea pre v\u00fdkon funkcie odborn\u00e9ho asistenta<\/a><br><a aria-label=\"Zverejnenie \u00fadajov o v\u00fdberovom konan\u00ed zo d\u0148a 18. 6. 2024 - 1 pracovn\u00e9 miesto vysoko\u0161kolsk\u00e9ho u\u010dite\u013ea pre v\u00fdkon funkcie docenta (opens in a new tab)\" href=\"https:\/\/www.upjs.sk\/app\/uploads\/sites\/12\/2024\/06\/Zverejnenie-VK-1-doc-KE-a-RVS-2024.pdf\" target=\"_blank\" rel=\"noreferrer noopener\" class=\"ek-link\">Zverejnenie \u00fadajov o v\u00fdberovom konan\u00ed zo d\u0148a 18. 6. 2024 &#8211; 1 pracovn\u00e9 miesto vysoko\u0161kolsk\u00e9ho u\u010dite\u013ea pre v\u00fdkon funkcie docenta<\/a><br><a aria-label=\"Zverejnenie \u00fadajov o v\u00fdberovom konan\u00ed zo d\u0148a 29. 4. 2024 - 1 pracovn\u00e9 miesto vysoko\u0161kolsk\u00e9ho u\u010dite\u013ea pre v\u00fdkon funkcie docenta (opens in a new tab)\" href=\"https:\/\/www.upjs.sk\/app\/uploads\/sites\/12\/2024\/05\/Zverejnenie-VK-1-doc-KVD-04-2024.pdf\" target=\"_blank\" rel=\"noreferrer noopener\" class=\"ek-link\">Zverejnenie \u00fadajov o v\u00fdberovom konan\u00ed zo d\u0148a 29. 4. 2024 &#8211; 1 pracovn\u00e9 miesto vysoko\u0161kolsk\u00e9ho u\u010dite\u013ea pre v\u00fdkon funkcie docenta<\/a><br><a aria-label=\"Zverejnenie \u00fadajov o v\u00fdberovom konan\u00ed zo d\u0148a 29. 1. 2024 - 1 pracovn\u00e9 miesto vysoko\u0161kolsk\u00e9ho u\u010dite\u013ea pre v\u00fdkon funkcie odborn\u00e9ho asistenta (opens in a new tab)\" href=\"https:\/\/www.upjs.sk\/app\/uploads\/sites\/12\/2024\/05\/Zverejnenie-VK-1-OA-KSS-01-2024-_dodatok-c-1.pdf\" target=\"_blank\" rel=\"noreferrer noopener\" class=\"ek-link\">Zverejnenie \u00fadajov o v\u00fdberovom konan\u00ed zo d\u0148a 29. 1. 2024 &#8211; 1 pracovn\u00e9 miesto vysoko\u0161kolsk\u00e9ho u\u010dite\u013ea pre v\u00fdkon funkcie odborn\u00e9ho asistenta<\/a><br><a aria-label=\"Zverejnenie \u00fadajov o v\u00fdberovom konan\u00ed zo d\u0148a 24. 8. 2023 - 3 pracovn\u00e9 miesta vysoko\u0161kolsk\u00e9ho u\u010dite\u013ea pre v\u00fdkon funkcie odborn\u00e9ho asistenta (opens in a new tab)\" href=\"https:\/\/www.upjs.sk\/app\/uploads\/sites\/12\/2023\/10\/Zverejnenie-VK-3-OA-KVD-08-2023.pdf\" target=\"_blank\" rel=\"noreferrer noopener\" class=\"ek-link\">Zverejnenie \u00fadajov o v\u00fdberovom konan\u00ed zo d\u0148a 24. 8. 2023 &#8211; 3 pracovn\u00e9 miesta vysoko\u0161kolsk\u00e9ho u\u010dite\u013ea pre v\u00fdkon funkcie odborn\u00e9ho asistenta<\/a><br><a aria-label=\"Zverejnenie \u00fadajov o v\u00fdberovom konan\u00ed zo d\u0148a 6. 7. 2023 - 1 pracovn\u00e9 miesto vysoko\u0161kolsk\u00e9ho u\u010dite\u013ea pre v\u00fdkon funkcie odborn\u00e9ho asistenta (opens in a new tab)\" href=\"https:\/\/www.upjs.sk\/app\/uploads\/sites\/12\/2023\/07\/Zverejnenie-VK-1-OA-KSS-07-2023.pdf\" target=\"_blank\" rel=\"noreferrer noopener\" class=\"ek-link\">Zverejnenie \u00fadajov o v\u00fdberovom konan\u00ed zo d\u0148a 6. 7. 2023 &#8211; 1 pracovn\u00e9 miesto vysoko\u0161kolsk\u00e9ho u\u010dite\u013ea pre v\u00fdkon funkcie odborn\u00e9ho asistenta<\/a><br><a aria-label=\"Zverejnenie \u00fadajov o v\u00fdberovom konan\u00ed zo d\u0148a 6. 7. 2023 - 1 pracovn\u00e9 miesto vysoko\u0161kolsk\u00e9ho u\u010dite\u013ea pre v\u00fdkon funkcie odborn\u00e9ho asistenta (opens in a new tab)\" href=\"https:\/\/www.upjs.sk\/app\/uploads\/sites\/12\/2023\/07\/Zverejnenie-VK-1-OA-KVP-a-TVS-07-2023.pdf\" target=\"_blank\" rel=\"noreferrer noopener\" class=\"ek-link\">Zverejnenie \u00fadajov o v\u00fdberovom konan\u00ed zo d\u0148a 6. 7. 2023 &#8211; 1 pracovn\u00e9 miesto vysoko\u0161kolsk\u00e9ho u\u010dite\u013ea pre v\u00fdkon funkcie odborn\u00e9ho asistenta<\/a><br><a aria-label=\"Zverejnenie \u00fadajov o v\u00fdberovom konan\u00ed zo d\u0148a 26. 4. 2023 - 2 pracovn\u00e9 miesta vysoko\u0161kolsk\u00e9ho u\u010dite\u013ea pre v\u00fdkon funkcie odborn\u00e9ho asistenta (opens in a new tab)\" href=\"https:\/\/www.upjs.sk\/app\/uploads\/sites\/12\/2023\/04\/Zverejnenie-VK-2-OA-KVP-a-TVS-04-2023.pdf\" target=\"_blank\" rel=\"noreferrer noopener\" class=\"ek-link\">Zverejnenie \u00fadajov o v\u00fdberovom konan\u00ed zo d\u0148a 26. 4. 2023 &#8211; 2 pracovn\u00e9 miesta vysoko\u0161kolsk\u00e9ho u\u010dite\u013ea pre v\u00fdkon funkcie odborn\u00e9ho asistenta<\/a><br><a aria-label=\"Zverejnenie \u00fadajov o v\u00fdberovom konan\u00ed zo d\u0148a 31. 3. 2023 - 1 pracovn\u00e9 miesto vysoko\u0161kolsk\u00e9ho u\u010dite\u013ea vo funkcii docenta (opens in a new tab)\" href=\"https:\/\/www.upjs.sk\/app\/uploads\/sites\/12\/2023\/04\/Zverejnenie-VK-DOC-KSS-03-2023.pdf\" target=\"_blank\" rel=\"noreferrer noopener\" class=\"ek-link\">Zverejnenie \u00fadajov o v\u00fdberovom konan\u00ed zo d\u0148a 31. 3. 2023 &#8211; 1 pracovn\u00e9 miesto vysoko\u0161kolsk\u00e9ho u\u010dite\u013ea vo funkcii docenta<\/a><br><a href=\"https:\/\/www.upjs.sk\/app\/uploads\/sites\/12\/2023\/02\/Zverejnenie-VK-2-DOC-KVD-01-202319643.pdf\" target=\"_blank\" rel=\"noreferrer noopener\" class=\"ek-link\">Zverejnenie \u00fadajov o v\u00fdberovom konan\u00ed zo d\u0148a 27. 1. 2023 &#8211; 2 pracovn\u00e9 miesta vysoko\u0161kolsk\u00fdch u\u010dite\u013eov vo funkcii docentov<\/a><br><a href=\"https:\/\/www.upjs.sk\/app\/uploads\/sites\/12\/2023\/02\/Zverejnenie-VK-DOC-KSS-01-202319644.pdf\" target=\"_blank\" rel=\"noreferrer noopener\" class=\"ek-link\">Zverejnenie \u00fadajov o v\u00fdberovom konan\u00ed zo d\u0148a 27. 1. 2023 &#8211; pracovn\u00e9 miesto vysoko\u0161kolsk\u00e9ho u\u010dite\u013ea vo funkcii docenta<\/a><br><a href=\"https:\/\/www.upjs.sk\/app\/uploads\/sites\/12\/2022\/09\/zverejnenie-VK-OA-pre-KEaRVS-09-202211245.pdf\" target=\"_blank\" rel=\"noreferrer noopener\" class=\"ek-link\">Zverejnenie \u00fadajov o v\u00fdberovom konan\u00ed zo d\u0148a 14. 9. 2022 \u2013 funk\u010dn\u00e9 miesto odborn\u00e9ho asistenta<\/a><\/p>\n","protected":false},"excerpt":{"rendered":"<p>Zverejnenie \u00fadajov o v\u00fdberovom konan\u00ed zo d\u0148a 20. 4. 2026 &#8211; 1 pracovn\u00e9 miesto vysoko\u0161kolsk\u00e9ho u\u010dite\u013ea na funk\u010dnom mieste odborn\u00e9ho asistentaZverejnenie \u00fadajov o v\u00fdberovom konan\u00ed zo d\u0148a 22. 8. 2025 &#8211; 1 pracovn\u00e9 miesto vysoko\u0161kolsk\u00e9ho u\u010dite\u013ea na funk\u010dnom mieste docentaZverejnenie \u00fadajov o v\u00fdberovom konan\u00ed zo d\u0148a 20. 8. 2025 &#8211; 1 pracovn\u00e9 miesto vysoko\u0161kolsk\u00e9ho u\u010dite\u013ea &hellip; <a href=\"https:\/\/www.upjs.sk\/fakulta-verejnej-spravy\/vyberove-konania\/zverejnenie\/\">\u010c\u00edta\u0165 \u010falej<\/a><\/p>\n","protected":false},"author":1,"featured_media":0,"parent":13033,"menu_order":2,"comment_status":"closed","ping_status":"closed","template":"","meta":{"_acf_changed":false,"_editorskit_title_hidden":false,"_editorskit_reading_time":1,"_editorskit_is_block_options_detached":false,"_editorskit_block_options_position":"{}","footnotes":""},"categories":[],"tags":[],"class_list":["post-13036","page","type-page","status-publish","hentry"],"acf":{"acf_link_na_externy_obsah":""},"yoast_head":"<!-- This site is optimized with the Yoast SEO plugin v27.4 - https:\/\/yoast.com\/product\/yoast-seo-wordpress\/ -->\n<title>Zverejnenie \u00fadajov o v\u00fdberov\u00fdch konaniach - Fakulta verejnej spr\u00e1vy | UPJ\u0160<\/title>\n<meta name=\"robots\" content=\"index, follow, max-snippet:-1, max-image-preview:large, max-video-preview:-1\" \/>\n<link rel=\"canonical\" href=\"https:\/\/www.upjs.sk\/fakulta-verejnej-spravy\/vyberove-konania\/zverejnenie\/\" \/>\n<meta property=\"og:locale\" content=\"sk_SK\" \/>\n<meta property=\"og:type\" content=\"article\" \/>\n<meta property=\"og:title\" content=\"Zverejnenie \u00fadajov o v\u00fdberov\u00fdch konaniach - Fakulta verejnej spr\u00e1vy | UPJ\u0160\" \/>\n<meta property=\"og:description\" content=\"Zverejnenie \u00fadajov o v\u00fdberovom konan\u00ed zo d\u0148a 20. 4. 2026 &#8211; 1 pracovn\u00e9 miesto vysoko\u0161kolsk\u00e9ho u\u010dite\u013ea na funk\u010dnom mieste odborn\u00e9ho asistentaZverejnenie \u00fadajov o v\u00fdberovom konan\u00ed zo d\u0148a 22. 8. 2025 &#8211; 1 pracovn\u00e9 miesto vysoko\u0161kolsk\u00e9ho u\u010dite\u013ea na funk\u010dnom mieste docentaZverejnenie \u00fadajov o v\u00fdberovom konan\u00ed zo d\u0148a 20. 8. 2025 &#8211; 1 pracovn\u00e9 miesto vysoko\u0161kolsk\u00e9ho u\u010dite\u013ea &hellip; \u010c\u00edta\u0165 \u010falej\" \/>\n<meta property=\"og:url\" content=\"https:\/\/www.upjs.sk\/fakulta-verejnej-spravy\/vyberove-konania\/zverejnenie\/\" \/>\n<meta property=\"og:site_name\" content=\"Fakulta verejnej spr\u00e1vy | UPJ\u0160\" \/>\n<meta property=\"article:modified_time\" content=\"2026-04-22T10:52:35+00:00\" \/>\n<meta name=\"twitter:card\" content=\"summary_large_image\" \/>\n<meta name=\"twitter:label1\" content=\"Predpokladan\u00fd \u010das \u010d\u00edtania\" \/>\n\t<meta name=\"twitter:data1\" content=\"3 min\u00faty\" \/>\n<script type=\"application\/ld+json\" class=\"yoast-schema-graph\">{\"@context\":\"https:\\\/\\\/schema.org\",\"@graph\":[{\"@type\":\"WebPage\",\"@id\":\"https:\\\/\\\/www.upjs.sk\\\/fakulta-verejnej-spravy\\\/vyberove-konania\\\/zverejnenie\\\/\",\"url\":\"https:\\\/\\\/www.upjs.sk\\\/fakulta-verejnej-spravy\\\/vyberove-konania\\\/zverejnenie\\\/\",\"name\":\"Zverejnenie \u00fadajov o v\u00fdberov\u00fdch konaniach - Fakulta verejnej spr\u00e1vy | UPJ\u0160\",\"isPartOf\":{\"@id\":\"https:\\\/\\\/www.upjs.sk\\\/fakulta-verejnej-spravy\\\/#website\"},\"datePublished\":\"2022-09-20T13:33:15+00:00\",\"dateModified\":\"2026-04-22T10:52:35+00:00\",\"breadcrumb\":{\"@id\":\"https:\\\/\\\/www.upjs.sk\\\/fakulta-verejnej-spravy\\\/vyberove-konania\\\/zverejnenie\\\/#breadcrumb\"},\"inLanguage\":\"sk-SK\",\"potentialAction\":[{\"@type\":\"ReadAction\",\"target\":[\"https:\\\/\\\/www.upjs.sk\\\/fakulta-verejnej-spravy\\\/vyberove-konania\\\/zverejnenie\\\/\"]}]},{\"@type\":\"BreadcrumbList\",\"@id\":\"https:\\\/\\\/www.upjs.sk\\\/fakulta-verejnej-spravy\\\/vyberove-konania\\\/zverejnenie\\\/#breadcrumb\",\"itemListElement\":[{\"@type\":\"ListItem\",\"position\":1,\"name\":\"Home\",\"item\":\"https:\\\/\\\/www.upjs.sk\\\/fakulta-verejnej-spravy\\\/\"},{\"@type\":\"ListItem\",\"position\":2,\"name\":\"V\u00fdberov\u00e9 konania\",\"item\":\"https:\\\/\\\/www.upjs.sk\\\/fakulta-verejnej-spravy\\\/vyberove-konania\\\/\"},{\"@type\":\"ListItem\",\"position\":3,\"name\":\"Zverejnenie \u00fadajov o v\u00fdberov\u00fdch konaniach\"}]},{\"@type\":\"WebSite\",\"@id\":\"https:\\\/\\\/www.upjs.sk\\\/fakulta-verejnej-spravy\\\/#website\",\"url\":\"https:\\\/\\\/www.upjs.sk\\\/fakulta-verejnej-spravy\\\/\",\"name\":\"Fakulta verejnej spr\u00e1vy | UPJ\u0160\",\"description\":\"\",\"publisher\":{\"@id\":\"https:\\\/\\\/www.upjs.sk\\\/fakulta-verejnej-spravy\\\/#organization\"},\"potentialAction\":[{\"@type\":\"SearchAction\",\"target\":{\"@type\":\"EntryPoint\",\"urlTemplate\":\"https:\\\/\\\/www.upjs.sk\\\/fakulta-verejnej-spravy\\\/?s={search_term_string}\"},\"query-input\":{\"@type\":\"PropertyValueSpecification\",\"valueRequired\":true,\"valueName\":\"search_term_string\"}}],\"inLanguage\":\"sk-SK\"},{\"@type\":\"Organization\",\"@id\":\"https:\\\/\\\/www.upjs.sk\\\/fakulta-verejnej-spravy\\\/#organization\",\"name\":\"Fakulta verejnej spr\u00e1vy | UPJ\u0160\",\"url\":\"https:\\\/\\\/www.upjs.sk\\\/fakulta-verejnej-spravy\\\/\",\"logo\":{\"@type\":\"ImageObject\",\"inLanguage\":\"sk-SK\",\"@id\":\"https:\\\/\\\/www.upjs.sk\\\/fakulta-verejnej-spravy\\\/#\\\/schema\\\/logo\\\/image\\\/\",\"url\":\"https:\\\/\\\/www.upjs.sk\\\/app\\\/uploads\\\/sites\\\/12\\\/2022\\\/09\\\/logo-verejnej-spravy-fakulta.png\",\"contentUrl\":\"https:\\\/\\\/www.upjs.sk\\\/app\\\/uploads\\\/sites\\\/12\\\/2022\\\/09\\\/logo-verejnej-spravy-fakulta.png\",\"width\":415,\"height\":87,\"caption\":\"Fakulta verejnej spr\u00e1vy | UPJ\u0160\"},\"image\":{\"@id\":\"https:\\\/\\\/www.upjs.sk\\\/fakulta-verejnej-spravy\\\/#\\\/schema\\\/logo\\\/image\\\/\"}}]}<\/script>\n<!-- \/ Yoast SEO plugin. -->","yoast_head_json":{"title":"Zverejnenie \u00fadajov o v\u00fdberov\u00fdch konaniach - Fakulta verejnej spr\u00e1vy | UPJ\u0160","robots":{"index":"index","follow":"follow","max-snippet":"max-snippet:-1","max-image-preview":"max-image-preview:large","max-video-preview":"max-video-preview:-1"},"canonical":"https:\/\/www.upjs.sk\/fakulta-verejnej-spravy\/vyberove-konania\/zverejnenie\/","og_locale":"sk_SK","og_type":"article","og_title":"Zverejnenie \u00fadajov o v\u00fdberov\u00fdch konaniach - Fakulta verejnej spr\u00e1vy | UPJ\u0160","og_description":"Zverejnenie \u00fadajov o v\u00fdberovom konan\u00ed zo d\u0148a 20. 4. 2026 &#8211; 1 pracovn\u00e9 miesto vysoko\u0161kolsk\u00e9ho u\u010dite\u013ea na funk\u010dnom mieste odborn\u00e9ho asistentaZverejnenie \u00fadajov o v\u00fdberovom konan\u00ed zo d\u0148a 22. 8. 2025 &#8211; 1 pracovn\u00e9 miesto vysoko\u0161kolsk\u00e9ho u\u010dite\u013ea na funk\u010dnom mieste docentaZverejnenie \u00fadajov o v\u00fdberovom konan\u00ed zo d\u0148a 20. 8. 2025 &#8211; 1 pracovn\u00e9 miesto vysoko\u0161kolsk\u00e9ho u\u010dite\u013ea &hellip; \u010c\u00edta\u0165 \u010falej","og_url":"https:\/\/www.upjs.sk\/fakulta-verejnej-spravy\/vyberove-konania\/zverejnenie\/","og_site_name":"Fakulta verejnej spr\u00e1vy | UPJ\u0160","article_modified_time":"2026-04-22T10:52:35+00:00","twitter_card":"summary_large_image","twitter_misc":{"Predpokladan\u00fd \u010das \u010d\u00edtania":"3 min\u00faty"},"schema":{"@context":"https:\/\/schema.org","@graph":[{"@type":"WebPage","@id":"https:\/\/www.upjs.sk\/fakulta-verejnej-spravy\/vyberove-konania\/zverejnenie\/","url":"https:\/\/www.upjs.sk\/fakulta-verejnej-spravy\/vyberove-konania\/zverejnenie\/","name":"Zverejnenie \u00fadajov o v\u00fdberov\u00fdch konaniach - Fakulta verejnej spr\u00e1vy | UPJ\u0160","isPartOf":{"@id":"https:\/\/www.upjs.sk\/fakulta-verejnej-spravy\/#website"},"datePublished":"2022-09-20T13:33:15+00:00","dateModified":"2026-04-22T10:52:35+00:00","breadcrumb":{"@id":"https:\/\/www.upjs.sk\/fakulta-verejnej-spravy\/vyberove-konania\/zverejnenie\/#breadcrumb"},"inLanguage":"sk-SK","potentialAction":[{"@type":"ReadAction","target":["https:\/\/www.upjs.sk\/fakulta-verejnej-spravy\/vyberove-konania\/zverejnenie\/"]}]},{"@type":"BreadcrumbList","@id":"https:\/\/www.upjs.sk\/fakulta-verejnej-spravy\/vyberove-konania\/zverejnenie\/#breadcrumb","itemListElement":[{"@type":"ListItem","position":1,"name":"Home","item":"https:\/\/www.upjs.sk\/fakulta-verejnej-spravy\/"},{"@type":"ListItem","position":2,"name":"V\u00fdberov\u00e9 konania","item":"https:\/\/www.upjs.sk\/fakulta-verejnej-spravy\/vyberove-konania\/"},{"@type":"ListItem","position":3,"name":"Zverejnenie \u00fadajov o v\u00fdberov\u00fdch konaniach"}]},{"@type":"WebSite","@id":"https:\/\/www.upjs.sk\/fakulta-verejnej-spravy\/#website","url":"https:\/\/www.upjs.sk\/fakulta-verejnej-spravy\/","name":"Fakulta verejnej spr\u00e1vy | UPJ\u0160","description":"","publisher":{"@id":"https:\/\/www.upjs.sk\/fakulta-verejnej-spravy\/#organization"},"potentialAction":[{"@type":"SearchAction","target":{"@type":"EntryPoint","urlTemplate":"https:\/\/www.upjs.sk\/fakulta-verejnej-spravy\/?s={search_term_string}"},"query-input":{"@type":"PropertyValueSpecification","valueRequired":true,"valueName":"search_term_string"}}],"inLanguage":"sk-SK"},{"@type":"Organization","@id":"https:\/\/www.upjs.sk\/fakulta-verejnej-spravy\/#organization","name":"Fakulta verejnej spr\u00e1vy | UPJ\u0160","url":"https:\/\/www.upjs.sk\/fakulta-verejnej-spravy\/","logo":{"@type":"ImageObject","inLanguage":"sk-SK","@id":"https:\/\/www.upjs.sk\/fakulta-verejnej-spravy\/#\/schema\/logo\/image\/","url":"https:\/\/www.upjs.sk\/app\/uploads\/sites\/12\/2022\/09\/logo-verejnej-spravy-fakulta.png","contentUrl":"https:\/\/www.upjs.sk\/app\/uploads\/sites\/12\/2022\/09\/logo-verejnej-spravy-fakulta.png","width":415,"height":87,"caption":"Fakulta verejnej spr\u00e1vy | UPJ\u0160"},"image":{"@id":"https:\/\/www.upjs.sk\/fakulta-verejnej-spravy\/#\/schema\/logo\/image\/"}}]}},"_links":{"self":[{"href":"https:\/\/www.upjs.sk\/fakulta-verejnej-spravy\/wp-json\/wp\/v2\/pages\/13036","targetHints":{"allow":["GET"]}}],"collection":[{"href":"https:\/\/www.upjs.sk\/fakulta-verejnej-spravy\/wp-json\/wp\/v2\/pages"}],"about":[{"href":"https:\/\/www.upjs.sk\/fakulta-verejnej-spravy\/wp-json\/wp\/v2\/types\/page"}],"author":[{"embeddable":true,"href":"https:\/\/www.upjs.sk\/fakulta-verejnej-spravy\/wp-json\/wp\/v2\/users\/1"}],"replies":[{"embeddable":true,"href":"https:\/\/www.upjs.sk\/fakulta-verejnej-spravy\/wp-json\/wp\/v2\/comments?post=13036"}],"version-history":[{"count":19,"href":"https:\/\/www.upjs.sk\/fakulta-verejnej-spravy\/wp-json\/wp\/v2\/pages\/13036\/revisions"}],"predecessor-version":[{"id":30843,"href":"https:\/\/www.upjs.sk\/fakulta-verejnej-spravy\/wp-json\/wp\/v2\/pages\/13036\/revisions\/30843"}],"up":[{"embeddable":true,"href":"https:\/\/www.upjs.sk\/fakulta-verejnej-spravy\/wp-json\/wp\/v2\/pages\/13033"}],"wp:attachment":[{"href":"https:\/\/www.upjs.sk\/fakulta-verejnej-spravy\/wp-json\/wp\/v2\/media?parent=13036"}],"wp:term":[{"taxonomy":"category","embeddable":true,"href":"https:\/\/www.upjs.sk\/fakulta-verejnej-spravy\/wp-json\/wp\/v2\/categories?post=13036"},{"taxonomy":"post_tag","embeddable":true,"href":"https:\/\/www.upjs.sk\/fakulta-verejnej-spravy\/wp-json\/wp\/v2\/tags?post=13036"}],"curies":[{"name":"wp","href":"https:\/\/api.w.org\/{rel}","templated":true}]}}