{"id":13344,"date":"2022-03-21T14:18:44","date_gmt":"2022-03-21T14:18:44","guid":{"rendered":"https:\/\/www.upjs.sk\/fakulta-verejnej-spravy\/informacie-pre-studentov\/26789-2\/"},"modified":"2023-08-15T12:46:05","modified_gmt":"2023-08-15T11:46:05","slug":"ako-ich-nepozname","status":"publish","type":"page","link":"https:\/\/www.upjs.sk\/fakulta-verejnej-spravy\/ako-ich-nepozname\/","title":{"rendered":"Ako ich nepozn\u00e1me&#8230;"},"content":{"rendered":"<style>.kb-row-layout-id_41325b-68 > .kt-row-column-wrap{align-content:start;}:where(.kb-row-layout-id_41325b-68 > .kt-row-column-wrap) > .wp-block-kadence-column{justify-content:start;}.kb-row-layout-id_41325b-68 > .kt-row-column-wrap{column-gap:var(--global-kb-gap-md, 2rem);row-gap:var(--global-kb-gap-md, 2rem);padding-top:var(--global-kb-spacing-sm, 1.5rem);padding-bottom:var(--global-kb-spacing-sm, 1.5rem);grid-template-columns:minmax(0, 1fr) minmax(0, 2fr);}.kb-row-layout-id_41325b-68 > .kt-row-layout-overlay{opacity:0.30;}@media all and (max-width: 1024px){.kb-row-layout-id_41325b-68 > .kt-row-column-wrap{grid-template-columns:minmax(0, 1fr) minmax(0, 2fr);}}@media all and (max-width: 767px){.kb-row-layout-id_41325b-68 > .kt-row-column-wrap{grid-template-columns:minmax(0, 1fr);}}<\/style><div class=\"kb-row-layout-wrap kb-row-layout-id_41325b-68 alignnone wp-block-kadence-rowlayout\"><div class=\"kt-row-column-wrap kt-has-2-columns kt-row-layout-right-golden kt-tab-layout-inherit kt-mobile-layout-row kt-row-valign-top\">\n<style>.kadence-column_416b63-4c > .kt-inside-inner-col,.kadence-column_416b63-4c > .kt-inside-inner-col:before{border-top-left-radius:0px;border-top-right-radius:0px;border-bottom-right-radius:0px;border-bottom-left-radius:0px;}.kadence-column_416b63-4c > .kt-inside-inner-col{column-gap:var(--global-kb-gap-sm, 1rem);}.kadence-column_416b63-4c > .kt-inside-inner-col{flex-direction:column;}.kadence-column_416b63-4c > .kt-inside-inner-col > .aligncenter{width:100%;}.kadence-column_416b63-4c > .kt-inside-inner-col:before{opacity:0.3;}.kadence-column_416b63-4c{position:relative;}@media all and (max-width: 1024px){.kadence-column_416b63-4c > .kt-inside-inner-col{flex-direction:column;justify-content:center;}}@media all and (max-width: 767px){.kadence-column_416b63-4c > .kt-inside-inner-col{flex-direction:column;justify-content:center;}}<\/style>\n<div class=\"wp-block-kadence-column kadence-column_416b63-4c\"><div class=\"kt-inside-inner-col\">\n<figure class=\"wp-block-image size-full\"><img loading=\"lazy\" decoding=\"async\" width=\"400\" height=\"400\" src=\"https:\/\/www.upjs.sk\/app\/uploads\/sites\/12\/2023\/08\/akoichnepozname_Beregszaszi.png\" alt=\"\" class=\"wp-image-24861\" srcset=\"https:\/\/www.upjs.sk\/app\/uploads\/sites\/12\/2023\/08\/akoichnepozname_Beregszaszi.png 400w, https:\/\/www.upjs.sk\/app\/uploads\/sites\/12\/2023\/08\/akoichnepozname_Beregszaszi-300x300.png 300w, https:\/\/www.upjs.sk\/app\/uploads\/sites\/12\/2023\/08\/akoichnepozname_Beregszaszi-150x150.png 150w\" sizes=\"auto, (max-width: 400px) 100vw, 400px\" \/><\/figure>\n<\/div><\/div>\n\n\n<style>.kadence-column_77ff7a-6e > .kt-inside-inner-col,.kadence-column_77ff7a-6e > .kt-inside-inner-col:before{border-top-left-radius:0px;border-top-right-radius:0px;border-bottom-right-radius:0px;border-bottom-left-radius:0px;}.kadence-column_77ff7a-6e > .kt-inside-inner-col{column-gap:var(--global-kb-gap-sm, 1rem);}.kadence-column_77ff7a-6e > .kt-inside-inner-col{flex-direction:column;}.kadence-column_77ff7a-6e > .kt-inside-inner-col > .aligncenter{width:100%;}.kadence-column_77ff7a-6e > .kt-inside-inner-col:before{opacity:0.3;}.kadence-column_77ff7a-6e{position:relative;}@media all and (max-width: 1024px){.kadence-column_77ff7a-6e > .kt-inside-inner-col{flex-direction:column;justify-content:center;}}@media all and (max-width: 767px){.kadence-column_77ff7a-6e > .kt-inside-inner-col{flex-direction:column;justify-content:center;}}<\/style>\n<div class=\"wp-block-kadence-column kadence-column_77ff7a-6e\"><div class=\"kt-inside-inner-col\">\n<p><strong>Adam Beregsz\u00e1szi<\/strong>, \u0161tudent Mgr. stup\u0148a <em>verejn\u00e1 spr\u00e1va<\/em>, je referentom na oddelen\u00ed rozvoja na Miestnom \u00farade Mestskej \u010dasti Ko\u0161ice-Z\u00e1pad.<\/p>\n\n\n\n<p>Medzi jeho pracovn\u00fa agendu spad\u00e1 pr\u00edprava a realiz\u00e1cia Participat\u00edvneho rozpo\u010dtu Mestskej \u010dasti Ko\u0161ice-Z\u00e1pad, pr\u00edprava podkladov na \u00fazemn\u00e9, stavebn\u00e9 a kolauda\u010dn\u00e9 povolenia. Taktie\u017e sa venuje programu du\u00e1lneho vzdel\u00e1vania a rie\u0161eniu podnetov od obyvate\u013eov tejto mestskej \u010dasti.<\/p>\n\n\n\n<p>\u201eJe skvel\u00e9, ak vyrast\u00e1te a \u0161tudujete v meste a na s\u00eddlisku, kde si popri \u0161t\u00fadiu n\u00e1jdete aj pr\u00e1cu v odbore.\u201c<\/p>\n\n\n\n<p>Adam sk\u013abil \u0161t\u00fadium a pr\u00e1cu, to \u010do sa na na\u0161ej fakulte nau\u010d\u00ed teoreticky, uplat\u0148uje v praxi a naopak.<\/p>\n<\/div><\/div>\n\n<\/div><\/div>\n\n<style>.kb-row-layout-id_b170d6-58 > .kt-row-column-wrap{align-content:start;}:where(.kb-row-layout-id_b170d6-58 > .kt-row-column-wrap) > .wp-block-kadence-column{justify-content:start;}.kb-row-layout-id_b170d6-58 > .kt-row-column-wrap{column-gap:var(--global-kb-gap-md, 2rem);row-gap:var(--global-kb-gap-md, 2rem);padding-top:var(--global-kb-spacing-sm, 1.5rem);padding-bottom:var(--global-kb-spacing-sm, 1.5rem);grid-template-columns:minmax(0, 1fr) minmax(0, 2fr);}.kb-row-layout-id_b170d6-58 > .kt-row-layout-overlay{opacity:0.30;}@media all and (max-width: 1024px){.kb-row-layout-id_b170d6-58 > .kt-row-column-wrap{grid-template-columns:minmax(0, 1fr) minmax(0, 2fr);}}@media all and (max-width: 767px){.kb-row-layout-id_b170d6-58 > .kt-row-column-wrap{grid-template-columns:minmax(0, 1fr);}}<\/style><div class=\"kb-row-layout-wrap kb-row-layout-id_b170d6-58 alignnone wp-block-kadence-rowlayout\"><div class=\"kt-row-column-wrap kt-has-2-columns kt-row-layout-right-golden kt-tab-layout-inherit kt-mobile-layout-row kt-row-valign-top\">\n<style>.kadence-column_dba148-90 > .kt-inside-inner-col,.kadence-column_dba148-90 > .kt-inside-inner-col:before{border-top-left-radius:0px;border-top-right-radius:0px;border-bottom-right-radius:0px;border-bottom-left-radius:0px;}.kadence-column_dba148-90 > .kt-inside-inner-col{column-gap:var(--global-kb-gap-sm, 1rem);}.kadence-column_dba148-90 > .kt-inside-inner-col{flex-direction:column;}.kadence-column_dba148-90 > .kt-inside-inner-col > .aligncenter{width:100%;}.kadence-column_dba148-90 > .kt-inside-inner-col:before{opacity:0.3;}.kadence-column_dba148-90{position:relative;}@media all and (max-width: 1024px){.kadence-column_dba148-90 > .kt-inside-inner-col{flex-direction:column;justify-content:center;}}@media all and (max-width: 767px){.kadence-column_dba148-90 > .kt-inside-inner-col{flex-direction:column;justify-content:center;}}<\/style>\n<div class=\"wp-block-kadence-column kadence-column_dba148-90\"><div class=\"kt-inside-inner-col\">\n<figure class=\"wp-block-image size-full\"><img loading=\"lazy\" decoding=\"async\" width=\"400\" height=\"400\" src=\"https:\/\/www.upjs.sk\/app\/uploads\/sites\/12\/2023\/08\/Akoichnepozname_Balazova.png\" alt=\"\" class=\"wp-image-24864\" srcset=\"https:\/\/www.upjs.sk\/app\/uploads\/sites\/12\/2023\/08\/Akoichnepozname_Balazova.png 400w, https:\/\/www.upjs.sk\/app\/uploads\/sites\/12\/2023\/08\/Akoichnepozname_Balazova-300x300.png 300w, https:\/\/www.upjs.sk\/app\/uploads\/sites\/12\/2023\/08\/Akoichnepozname_Balazova-150x150.png 150w\" sizes=\"auto, (max-width: 400px) 100vw, 400px\" \/><\/figure>\n<\/div><\/div>\n\n\n<style>.kadence-column_3b0c42-3d > .kt-inside-inner-col,.kadence-column_3b0c42-3d > .kt-inside-inner-col:before{border-top-left-radius:0px;border-top-right-radius:0px;border-bottom-right-radius:0px;border-bottom-left-radius:0px;}.kadence-column_3b0c42-3d > .kt-inside-inner-col{column-gap:var(--global-kb-gap-sm, 1rem);}.kadence-column_3b0c42-3d > .kt-inside-inner-col{flex-direction:column;}.kadence-column_3b0c42-3d > .kt-inside-inner-col > .aligncenter{width:100%;}.kadence-column_3b0c42-3d > .kt-inside-inner-col:before{opacity:0.3;}.kadence-column_3b0c42-3d{position:relative;}@media all and (max-width: 1024px){.kadence-column_3b0c42-3d > .kt-inside-inner-col{flex-direction:column;justify-content:center;}}@media all and (max-width: 767px){.kadence-column_3b0c42-3d > .kt-inside-inner-col{flex-direction:column;justify-content:center;}}<\/style>\n<div class=\"wp-block-kadence-column kadence-column_3b0c42-3d\"><div class=\"kt-inside-inner-col\">\n<p><strong>Michaela Bal\u00e1\u017eov\u00e1<\/strong>, \u0161tudentka 1. ro\u010dn\u00edka Mgr. \u0161t\u00fadia <em>eur\u00f3pska verejn\u00e1 spr\u00e1va<\/em> u\u017e piaty rok p\u00f4sob\u00ed v&nbsp;klube Young Angels Ko\u0161ice.<\/p>\n\n\n\n<p>Michaele sa basketbalovo naozaj dar\u00ed, o&nbsp;\u010dom sved\u010d\u00ed aj v\u00fdhra v&nbsp;Slovenskom poh\u00e1ri \u017eien, obsadenie tretieho miesta v&nbsp;slovenskej extralige, z\u00edskanie striebra na Feder\u00e1lnom poh\u00e1ri v r\u00e1mci slovensk\u00fdch a \u010desk\u00fdch dru\u017estiev. Mi\u0161ka je tie\u017e \u010dlenkou slovenskej reprezent\u00e1cie, z\u00fa\u010dastnila sa na majstrovstv\u00e1ch Eur\u00f3py v\u0161etk\u00fdch ml\u00e1de\u017en\u00edckych kateg\u00f3ri\u00ed, absolvovala svetov\u00fa univerzi\u00e1du v Neapole a v tomto roku sa pripravuje na univerzi\u00e1du v \u010c\u00edne.<\/p>\n<\/div><\/div>\n\n<\/div><\/div>\n\n<style>.kb-row-layout-id_76d94b-da > .kt-row-column-wrap{align-content:start;}:where(.kb-row-layout-id_76d94b-da > .kt-row-column-wrap) > .wp-block-kadence-column{justify-content:start;}.kb-row-layout-id_76d94b-da > .kt-row-column-wrap{column-gap:var(--global-kb-gap-md, 2rem);row-gap:var(--global-kb-gap-md, 2rem);padding-top:var(--global-kb-spacing-sm, 1.5rem);padding-bottom:var(--global-kb-spacing-sm, 1.5rem);grid-template-columns:minmax(0, 1fr) minmax(0, 2fr);}.kb-row-layout-id_76d94b-da > .kt-row-layout-overlay{opacity:0.30;}@media all and (max-width: 1024px){.kb-row-layout-id_76d94b-da > .kt-row-column-wrap{grid-template-columns:minmax(0, 1fr) minmax(0, 2fr);}}@media all and (max-width: 767px){.kb-row-layout-id_76d94b-da > .kt-row-column-wrap{grid-template-columns:minmax(0, 1fr);}}<\/style><div class=\"kb-row-layout-wrap kb-row-layout-id_76d94b-da alignnone wp-block-kadence-rowlayout\"><div class=\"kt-row-column-wrap kt-has-2-columns kt-row-layout-right-golden kt-tab-layout-inherit kt-mobile-layout-row kt-row-valign-top\">\n<style>.kadence-column_b46231-84 > .kt-inside-inner-col,.kadence-column_b46231-84 > .kt-inside-inner-col:before{border-top-left-radius:0px;border-top-right-radius:0px;border-bottom-right-radius:0px;border-bottom-left-radius:0px;}.kadence-column_b46231-84 > .kt-inside-inner-col{column-gap:var(--global-kb-gap-sm, 1rem);}.kadence-column_b46231-84 > .kt-inside-inner-col{flex-direction:column;}.kadence-column_b46231-84 > .kt-inside-inner-col > .aligncenter{width:100%;}.kadence-column_b46231-84 > .kt-inside-inner-col:before{opacity:0.3;}.kadence-column_b46231-84{position:relative;}@media all and (max-width: 1024px){.kadence-column_b46231-84 > .kt-inside-inner-col{flex-direction:column;justify-content:center;}}@media all and (max-width: 767px){.kadence-column_b46231-84 > .kt-inside-inner-col{flex-direction:column;justify-content:center;}}<\/style>\n<div class=\"wp-block-kadence-column kadence-column_b46231-84\"><div class=\"kt-inside-inner-col\">\n<figure class=\"wp-block-image size-full\"><img loading=\"lazy\" decoding=\"async\" width=\"400\" height=\"400\" src=\"https:\/\/www.upjs.sk\/app\/uploads\/sites\/12\/2023\/08\/akoichnepozname_Miklei.png\" alt=\"\" class=\"wp-image-24867\" srcset=\"https:\/\/www.upjs.sk\/app\/uploads\/sites\/12\/2023\/08\/akoichnepozname_Miklei.png 400w, https:\/\/www.upjs.sk\/app\/uploads\/sites\/12\/2023\/08\/akoichnepozname_Miklei-300x300.png 300w, https:\/\/www.upjs.sk\/app\/uploads\/sites\/12\/2023\/08\/akoichnepozname_Miklei-150x150.png 150w\" sizes=\"auto, (max-width: 400px) 100vw, 400px\" \/><\/figure>\n<\/div><\/div>\n\n\n<style>.kadence-column_56caa3-00 > .kt-inside-inner-col,.kadence-column_56caa3-00 > .kt-inside-inner-col:before{border-top-left-radius:0px;border-top-right-radius:0px;border-bottom-right-radius:0px;border-bottom-left-radius:0px;}.kadence-column_56caa3-00 > .kt-inside-inner-col{column-gap:var(--global-kb-gap-sm, 1rem);}.kadence-column_56caa3-00 > .kt-inside-inner-col{flex-direction:column;}.kadence-column_56caa3-00 > .kt-inside-inner-col > .aligncenter{width:100%;}.kadence-column_56caa3-00 > .kt-inside-inner-col:before{opacity:0.3;}.kadence-column_56caa3-00{position:relative;}@media all and (max-width: 1024px){.kadence-column_56caa3-00 > .kt-inside-inner-col{flex-direction:column;justify-content:center;}}@media all and (max-width: 767px){.kadence-column_56caa3-00 > .kt-inside-inner-col{flex-direction:column;justify-content:center;}}<\/style>\n<div class=\"wp-block-kadence-column kadence-column_56caa3-00\"><div class=\"kt-inside-inner-col\">\n<p>Na festivale Pohoda v Tren\u010d\u00edne ste mohli po\u010du\u0165 aj hudbu z dielne na\u0161ej \u0161tudentky <strong>Kateriny Miklei<\/strong>.<\/p>\n\n\n\n<p>MIKLEI, ako znie jej DJ meno sa hudbe venuje od mala. Moment\u00e1lne sa zameriava aj na audiovizu\u00e1lne diela, pri\u010dom jedn\u00fdm z posledn\u00fdch bolo hranie na streche Ko\u0161ick\u00e9ho mlynu.<\/p>\n\n\n\n<p>Svoju tvorbu so zameran\u00edm na \u017e\u00e1nre techno, acid alebo hard techno prezentovala aj na festivale Fraj v Rimavskej Sobote, Boiler room v Bratislave, ob\u010das hr\u00e1va v R\u00e1diu FM a bola pozvan\u00e1 aj do rel\u00e1cie RTVS Klubtura.<\/p>\n\n\n\n<p>MIKLEI n\u00e1jdete na Soundcloud ale aj YouTube a soci\u00e1lnych sie\u0165ach.<\/p>\n<\/div><\/div>\n\n<\/div><\/div>\n\n\n<p><a id=\"3\" name=\"3\"><\/a><\/p>\n","protected":false},"excerpt":{"rendered":"<p>Adam Beregsz\u00e1szi, \u0161tudent Mgr. stup\u0148a verejn\u00e1 spr\u00e1va, je referentom na oddelen\u00ed rozvoja na Miestnom \u00farade Mestskej \u010dasti Ko\u0161ice-Z\u00e1pad. Medzi jeho pracovn\u00fa agendu spad\u00e1 pr\u00edprava a realiz\u00e1cia Participat\u00edvneho rozpo\u010dtu Mestskej \u010dasti Ko\u0161ice-Z\u00e1pad, pr\u00edprava podkladov na \u00fazemn\u00e9, stavebn\u00e9 a kolauda\u010dn\u00e9 povolenia. Taktie\u017e sa venuje programu du\u00e1lneho vzdel\u00e1vania a rie\u0161eniu podnetov od obyvate\u013eov tejto mestskej \u010dasti. \u201eJe skvel\u00e9, &hellip; <a href=\"https:\/\/www.upjs.sk\/fakulta-verejnej-spravy\/ako-ich-nepozname\/\">\u010c\u00edta\u0165 \u010falej<\/a><\/p>\n","protected":false},"author":1,"featured_media":0,"parent":0,"menu_order":21,"comment_status":"closed","ping_status":"closed","template":"","meta":{"_acf_changed":false,"_editorskit_title_hidden":false,"_editorskit_reading_time":1,"_editorskit_is_block_options_detached":false,"_editorskit_block_options_position":"{}","footnotes":""},"categories":[],"tags":[],"class_list":["post-13344","page","type-page","status-publish","hentry"],"acf":{"acf_link_na_externy_obsah":""},"yoast_head":"<!-- This site is optimized with the Yoast SEO plugin v27.4 - https:\/\/yoast.com\/product\/yoast-seo-wordpress\/ -->\n<title>Ako ich nepozn\u00e1me... - Fakulta verejnej spr\u00e1vy | UPJ\u0160<\/title>\n<meta name=\"robots\" content=\"index, follow, max-snippet:-1, max-image-preview:large, max-video-preview:-1\" \/>\n<link rel=\"canonical\" href=\"https:\/\/www.upjs.sk\/fakulta-verejnej-spravy\/ako-ich-nepozname\/\" \/>\n<meta property=\"og:locale\" content=\"sk_SK\" \/>\n<meta property=\"og:type\" content=\"article\" \/>\n<meta property=\"og:title\" content=\"Ako ich nepozn\u00e1me... - Fakulta verejnej spr\u00e1vy | UPJ\u0160\" \/>\n<meta property=\"og:description\" content=\"Adam Beregsz\u00e1szi, \u0161tudent Mgr. stup\u0148a verejn\u00e1 spr\u00e1va, je referentom na oddelen\u00ed rozvoja na Miestnom \u00farade Mestskej \u010dasti Ko\u0161ice-Z\u00e1pad. Medzi jeho pracovn\u00fa agendu spad\u00e1 pr\u00edprava a realiz\u00e1cia Participat\u00edvneho rozpo\u010dtu Mestskej \u010dasti Ko\u0161ice-Z\u00e1pad, pr\u00edprava podkladov na \u00fazemn\u00e9, stavebn\u00e9 a kolauda\u010dn\u00e9 povolenia. Taktie\u017e sa venuje programu du\u00e1lneho vzdel\u00e1vania a rie\u0161eniu podnetov od obyvate\u013eov tejto mestskej \u010dasti. \u201eJe skvel\u00e9, &hellip; \u010c\u00edta\u0165 \u010falej\" \/>\n<meta property=\"og:url\" content=\"https:\/\/www.upjs.sk\/fakulta-verejnej-spravy\/ako-ich-nepozname\/\" \/>\n<meta property=\"og:site_name\" content=\"Fakulta verejnej spr\u00e1vy | UPJ\u0160\" \/>\n<meta property=\"article:modified_time\" content=\"2023-08-15T11:46:05+00:00\" \/>\n<meta property=\"og:image\" content=\"https:\/\/www.upjs.sk\/app\/uploads\/sites\/12\/2023\/08\/akoichnepozname_Beregszaszi.png\" \/>\n<meta name=\"twitter:card\" content=\"summary_large_image\" \/>\n<meta name=\"twitter:label1\" content=\"Predpokladan\u00fd \u010das \u010d\u00edtania\" \/>\n\t<meta name=\"twitter:data1\" content=\"3 min\u00faty\" \/>\n<script type=\"application\/ld+json\" class=\"yoast-schema-graph\">{\"@context\":\"https:\\\/\\\/schema.org\",\"@graph\":[{\"@type\":\"WebPage\",\"@id\":\"https:\\\/\\\/www.upjs.sk\\\/fakulta-verejnej-spravy\\\/ako-ich-nepozname\\\/\",\"url\":\"https:\\\/\\\/www.upjs.sk\\\/fakulta-verejnej-spravy\\\/ako-ich-nepozname\\\/\",\"name\":\"Ako ich nepozn\u00e1me... - Fakulta verejnej spr\u00e1vy | UPJ\u0160\",\"isPartOf\":{\"@id\":\"https:\\\/\\\/www.upjs.sk\\\/fakulta-verejnej-spravy\\\/#website\"},\"primaryImageOfPage\":{\"@id\":\"https:\\\/\\\/www.upjs.sk\\\/fakulta-verejnej-spravy\\\/ako-ich-nepozname\\\/#primaryimage\"},\"image\":{\"@id\":\"https:\\\/\\\/www.upjs.sk\\\/fakulta-verejnej-spravy\\\/ako-ich-nepozname\\\/#primaryimage\"},\"thumbnailUrl\":\"https:\\\/\\\/www.upjs.sk\\\/app\\\/uploads\\\/sites\\\/12\\\/2023\\\/08\\\/akoichnepozname_Beregszaszi.png\",\"datePublished\":\"2022-03-21T14:18:44+00:00\",\"dateModified\":\"2023-08-15T11:46:05+00:00\",\"breadcrumb\":{\"@id\":\"https:\\\/\\\/www.upjs.sk\\\/fakulta-verejnej-spravy\\\/ako-ich-nepozname\\\/#breadcrumb\"},\"inLanguage\":\"sk-SK\",\"potentialAction\":[{\"@type\":\"ReadAction\",\"target\":[\"https:\\\/\\\/www.upjs.sk\\\/fakulta-verejnej-spravy\\\/ako-ich-nepozname\\\/\"]}]},{\"@type\":\"ImageObject\",\"inLanguage\":\"sk-SK\",\"@id\":\"https:\\\/\\\/www.upjs.sk\\\/fakulta-verejnej-spravy\\\/ako-ich-nepozname\\\/#primaryimage\",\"url\":\"https:\\\/\\\/www.upjs.sk\\\/app\\\/uploads\\\/sites\\\/12\\\/2023\\\/08\\\/akoichnepozname_Beregszaszi.png\",\"contentUrl\":\"https:\\\/\\\/www.upjs.sk\\\/app\\\/uploads\\\/sites\\\/12\\\/2023\\\/08\\\/akoichnepozname_Beregszaszi.png\"},{\"@type\":\"BreadcrumbList\",\"@id\":\"https:\\\/\\\/www.upjs.sk\\\/fakulta-verejnej-spravy\\\/ako-ich-nepozname\\\/#breadcrumb\",\"itemListElement\":[{\"@type\":\"ListItem\",\"position\":1,\"name\":\"Home\",\"item\":\"https:\\\/\\\/www.upjs.sk\\\/fakulta-verejnej-spravy\\\/\"},{\"@type\":\"ListItem\",\"position\":2,\"name\":\"Ako ich nepozn\u00e1me&#8230;\"}]},{\"@type\":\"WebSite\",\"@id\":\"https:\\\/\\\/www.upjs.sk\\\/fakulta-verejnej-spravy\\\/#website\",\"url\":\"https:\\\/\\\/www.upjs.sk\\\/fakulta-verejnej-spravy\\\/\",\"name\":\"Fakulta verejnej spr\u00e1vy | UPJ\u0160\",\"description\":\"\",\"publisher\":{\"@id\":\"https:\\\/\\\/www.upjs.sk\\\/fakulta-verejnej-spravy\\\/#organization\"},\"potentialAction\":[{\"@type\":\"SearchAction\",\"target\":{\"@type\":\"EntryPoint\",\"urlTemplate\":\"https:\\\/\\\/www.upjs.sk\\\/fakulta-verejnej-spravy\\\/?s={search_term_string}\"},\"query-input\":{\"@type\":\"PropertyValueSpecification\",\"valueRequired\":true,\"valueName\":\"search_term_string\"}}],\"inLanguage\":\"sk-SK\"},{\"@type\":\"Organization\",\"@id\":\"https:\\\/\\\/www.upjs.sk\\\/fakulta-verejnej-spravy\\\/#organization\",\"name\":\"Fakulta verejnej spr\u00e1vy | UPJ\u0160\",\"url\":\"https:\\\/\\\/www.upjs.sk\\\/fakulta-verejnej-spravy\\\/\",\"logo\":{\"@type\":\"ImageObject\",\"inLanguage\":\"sk-SK\",\"@id\":\"https:\\\/\\\/www.upjs.sk\\\/fakulta-verejnej-spravy\\\/#\\\/schema\\\/logo\\\/image\\\/\",\"url\":\"https:\\\/\\\/www.upjs.sk\\\/app\\\/uploads\\\/sites\\\/12\\\/2022\\\/09\\\/logo-verejnej-spravy-fakulta.png\",\"contentUrl\":\"https:\\\/\\\/www.upjs.sk\\\/app\\\/uploads\\\/sites\\\/12\\\/2022\\\/09\\\/logo-verejnej-spravy-fakulta.png\",\"width\":415,\"height\":87,\"caption\":\"Fakulta verejnej spr\u00e1vy | UPJ\u0160\"},\"image\":{\"@id\":\"https:\\\/\\\/www.upjs.sk\\\/fakulta-verejnej-spravy\\\/#\\\/schema\\\/logo\\\/image\\\/\"}}]}<\/script>\n<!-- \/ Yoast SEO plugin. -->","yoast_head_json":{"title":"Ako ich nepozn\u00e1me... - Fakulta verejnej spr\u00e1vy | UPJ\u0160","robots":{"index":"index","follow":"follow","max-snippet":"max-snippet:-1","max-image-preview":"max-image-preview:large","max-video-preview":"max-video-preview:-1"},"canonical":"https:\/\/www.upjs.sk\/fakulta-verejnej-spravy\/ako-ich-nepozname\/","og_locale":"sk_SK","og_type":"article","og_title":"Ako ich nepozn\u00e1me... - Fakulta verejnej spr\u00e1vy | UPJ\u0160","og_description":"Adam Beregsz\u00e1szi, \u0161tudent Mgr. stup\u0148a verejn\u00e1 spr\u00e1va, je referentom na oddelen\u00ed rozvoja na Miestnom \u00farade Mestskej \u010dasti Ko\u0161ice-Z\u00e1pad. Medzi jeho pracovn\u00fa agendu spad\u00e1 pr\u00edprava a realiz\u00e1cia Participat\u00edvneho rozpo\u010dtu Mestskej \u010dasti Ko\u0161ice-Z\u00e1pad, pr\u00edprava podkladov na \u00fazemn\u00e9, stavebn\u00e9 a kolauda\u010dn\u00e9 povolenia. Taktie\u017e sa venuje programu du\u00e1lneho vzdel\u00e1vania a rie\u0161eniu podnetov od obyvate\u013eov tejto mestskej \u010dasti. \u201eJe skvel\u00e9, &hellip; \u010c\u00edta\u0165 \u010falej","og_url":"https:\/\/www.upjs.sk\/fakulta-verejnej-spravy\/ako-ich-nepozname\/","og_site_name":"Fakulta verejnej spr\u00e1vy | UPJ\u0160","article_modified_time":"2023-08-15T11:46:05+00:00","og_image":[{"url":"https:\/\/www.upjs.sk\/app\/uploads\/sites\/12\/2023\/08\/akoichnepozname_Beregszaszi.png","type":"","width":"","height":""}],"twitter_card":"summary_large_image","twitter_misc":{"Predpokladan\u00fd \u010das \u010d\u00edtania":"3 min\u00faty"},"schema":{"@context":"https:\/\/schema.org","@graph":[{"@type":"WebPage","@id":"https:\/\/www.upjs.sk\/fakulta-verejnej-spravy\/ako-ich-nepozname\/","url":"https:\/\/www.upjs.sk\/fakulta-verejnej-spravy\/ako-ich-nepozname\/","name":"Ako ich nepozn\u00e1me... - Fakulta verejnej spr\u00e1vy | UPJ\u0160","isPartOf":{"@id":"https:\/\/www.upjs.sk\/fakulta-verejnej-spravy\/#website"},"primaryImageOfPage":{"@id":"https:\/\/www.upjs.sk\/fakulta-verejnej-spravy\/ako-ich-nepozname\/#primaryimage"},"image":{"@id":"https:\/\/www.upjs.sk\/fakulta-verejnej-spravy\/ako-ich-nepozname\/#primaryimage"},"thumbnailUrl":"https:\/\/www.upjs.sk\/app\/uploads\/sites\/12\/2023\/08\/akoichnepozname_Beregszaszi.png","datePublished":"2022-03-21T14:18:44+00:00","dateModified":"2023-08-15T11:46:05+00:00","breadcrumb":{"@id":"https:\/\/www.upjs.sk\/fakulta-verejnej-spravy\/ako-ich-nepozname\/#breadcrumb"},"inLanguage":"sk-SK","potentialAction":[{"@type":"ReadAction","target":["https:\/\/www.upjs.sk\/fakulta-verejnej-spravy\/ako-ich-nepozname\/"]}]},{"@type":"ImageObject","inLanguage":"sk-SK","@id":"https:\/\/www.upjs.sk\/fakulta-verejnej-spravy\/ako-ich-nepozname\/#primaryimage","url":"https:\/\/www.upjs.sk\/app\/uploads\/sites\/12\/2023\/08\/akoichnepozname_Beregszaszi.png","contentUrl":"https:\/\/www.upjs.sk\/app\/uploads\/sites\/12\/2023\/08\/akoichnepozname_Beregszaszi.png"},{"@type":"BreadcrumbList","@id":"https:\/\/www.upjs.sk\/fakulta-verejnej-spravy\/ako-ich-nepozname\/#breadcrumb","itemListElement":[{"@type":"ListItem","position":1,"name":"Home","item":"https:\/\/www.upjs.sk\/fakulta-verejnej-spravy\/"},{"@type":"ListItem","position":2,"name":"Ako ich nepozn\u00e1me&#8230;"}]},{"@type":"WebSite","@id":"https:\/\/www.upjs.sk\/fakulta-verejnej-spravy\/#website","url":"https:\/\/www.upjs.sk\/fakulta-verejnej-spravy\/","name":"Fakulta verejnej spr\u00e1vy | UPJ\u0160","description":"","publisher":{"@id":"https:\/\/www.upjs.sk\/fakulta-verejnej-spravy\/#organization"},"potentialAction":[{"@type":"SearchAction","target":{"@type":"EntryPoint","urlTemplate":"https:\/\/www.upjs.sk\/fakulta-verejnej-spravy\/?s={search_term_string}"},"query-input":{"@type":"PropertyValueSpecification","valueRequired":true,"valueName":"search_term_string"}}],"inLanguage":"sk-SK"},{"@type":"Organization","@id":"https:\/\/www.upjs.sk\/fakulta-verejnej-spravy\/#organization","name":"Fakulta verejnej spr\u00e1vy | UPJ\u0160","url":"https:\/\/www.upjs.sk\/fakulta-verejnej-spravy\/","logo":{"@type":"ImageObject","inLanguage":"sk-SK","@id":"https:\/\/www.upjs.sk\/fakulta-verejnej-spravy\/#\/schema\/logo\/image\/","url":"https:\/\/www.upjs.sk\/app\/uploads\/sites\/12\/2022\/09\/logo-verejnej-spravy-fakulta.png","contentUrl":"https:\/\/www.upjs.sk\/app\/uploads\/sites\/12\/2022\/09\/logo-verejnej-spravy-fakulta.png","width":415,"height":87,"caption":"Fakulta verejnej spr\u00e1vy | UPJ\u0160"},"image":{"@id":"https:\/\/www.upjs.sk\/fakulta-verejnej-spravy\/#\/schema\/logo\/image\/"}}]}},"_links":{"self":[{"href":"https:\/\/www.upjs.sk\/fakulta-verejnej-spravy\/wp-json\/wp\/v2\/pages\/13344","targetHints":{"allow":["GET"]}}],"collection":[{"href":"https:\/\/www.upjs.sk\/fakulta-verejnej-spravy\/wp-json\/wp\/v2\/pages"}],"about":[{"href":"https:\/\/www.upjs.sk\/fakulta-verejnej-spravy\/wp-json\/wp\/v2\/types\/page"}],"author":[{"embeddable":true,"href":"https:\/\/www.upjs.sk\/fakulta-verejnej-spravy\/wp-json\/wp\/v2\/users\/1"}],"replies":[{"embeddable":true,"href":"https:\/\/www.upjs.sk\/fakulta-verejnej-spravy\/wp-json\/wp\/v2\/comments?post=13344"}],"version-history":[{"count":8,"href":"https:\/\/www.upjs.sk\/fakulta-verejnej-spravy\/wp-json\/wp\/v2\/pages\/13344\/revisions"}],"predecessor-version":[{"id":24870,"href":"https:\/\/www.upjs.sk\/fakulta-verejnej-spravy\/wp-json\/wp\/v2\/pages\/13344\/revisions\/24870"}],"wp:attachment":[{"href":"https:\/\/www.upjs.sk\/fakulta-verejnej-spravy\/wp-json\/wp\/v2\/media?parent=13344"}],"wp:term":[{"taxonomy":"category","embeddable":true,"href":"https:\/\/www.upjs.sk\/fakulta-verejnej-spravy\/wp-json\/wp\/v2\/categories?post=13344"},{"taxonomy":"post_tag","embeddable":true,"href":"https:\/\/www.upjs.sk\/fakulta-verejnej-spravy\/wp-json\/wp\/v2\/tags?post=13344"}],"curies":[{"name":"wp","href":"https:\/\/api.w.org\/{rel}","templated":true}]}}