{"id":13397,"date":"2019-05-19T21:51:17","date_gmt":"2019-05-19T21:51:17","guid":{"rendered":"https:\/\/www.upjs.sk\/fakulta-verejnej-spravy\/vedecky-vyskum\/18300-2\/"},"modified":"2023-01-11T13:14:39","modified_gmt":"2023-01-11T12:14:39","slug":"18300-2","status":"publish","type":"page","link":"https:\/\/www.upjs.sk\/fakulta-verejnej-spravy\/vedecky-vyskum\/studentska-vedecka-odborna-cinnost\/18300-2\/","title":{"rendered":"Medzifakultn\u00e1 s\u00fa\u0165a\u017e \u0160VO\u010c 2018"},"content":{"rendered":"<p style=\"text-align: justify\"><strong>Celoslovensk\u00e1 medzifakultn\u00e1 s\u00fa\u0165a\u017e \u0160VO\u010c 2018 <\/strong><\/p>\n<p style=\"text-align: justify\">\n<p style=\"text-align: justify\">S&nbsp;podporou <strong>Ministerstva \u0161kolstva, vedy, v\u00fdskumu a&nbsp;\u0161portu SR, vydavate\u013estva NIKARA, port\u00e1lu Veda na dosah, vedeck\u00fdch \u010dasopisov Politick\u00e9 vedy, Slovak Journal of Political Sciences, Slovak Journal of Public Policy and Public Administration a&nbsp;Slovenskej spolo\u010dnosti pre verejn\u00fa spr\u00e1vu pri SAV<\/strong> sa d\u0148a 3.5.2018 na Fakulte soci\u00e1lnych vied UCM v&nbsp;Trnave konal 1. ro\u010dn\u00edk&nbsp; celoslovenskej medzifakultnej s\u00fa\u0165a\u017ee \u0160VO\u010c 2018 za \u00fa\u010dasti 13 \u0161tudentov z&nbsp;t\u00fdchto univerzitn\u00fdch pracov\u00edsk:<\/p>\n<ul>\n<li style=\"text-align: justify\">Fakulta verejnej spr\u00e1vy Univerzity P. J. \u0160af\u00e1rika v&nbsp;Ko\u0161iciach,&nbsp;<\/li>\n<li style=\"text-align: justify\">Fakulta soci\u00e1lnych vied UCM v&nbsp;Trnave,<\/li>\n<li style=\"text-align: justify\">Fakulta medzin\u00e1rodn\u00fdch vz\u0165ahov Ekonomickej univerzity v&nbsp;Bratislave,&nbsp;<\/li>\n<li style=\"text-align: justify\">Fakulta soci\u00e1lno-ekonomick\u00fdch vz\u0165ahov Tren\u010dianskej univerzity A. Dub\u010deka,<\/li>\n<li style=\"text-align: justify\">Fakulta politick\u00fdch vied a&nbsp;medzin\u00e1rodn\u00fdch vz\u0165ahov Univerzity M. Bela v&nbsp;Banskej Bystrici,<\/li>\n<li style=\"text-align: justify\">Filozofick\u00e1 fakulta Univerzity K. Filozofa v&nbsp;Nitre.<\/li>\n<\/ul>\n<p style=\"margin-left: 36pt;text-align: justify\">\n<p style=\"text-align: justify\">Komisia v&nbsp;zlo\u017een\u00ed \u2013 prof. PhDr. Svetoz\u00e1r Krno, CSc. (FF UKF Nitra), doc. PaedDr. PhDr. Marcel Linc\u00e9nyi, PhD. (TnUAD), doc. PhDr. Peter \u010cajka, PhD. (FPV a&nbsp;MV UMB), doc. PhDr. Jaroslav Mih\u00e1lik, PhD. (FSV UCM), PhDr. Miroslav Fe\u010dko, PhD. (FVS UPJ\u0160 Ko\u0161ice) a&nbsp;Ing. Leonid Raneta, PhD. (FMV EU) rozhodla o&nbsp;nasledovnom umiestnen\u00ed:<\/p>\n<p style=\"text-align: justify\">1. miesto: <strong>M\u00e1ria Hrub\u0161ov\u00e1<\/strong> (KSSP FSV UCM)<\/p>\n<p style=\"text-align: justify\">&nbsp;&nbsp;&nbsp;&nbsp;t\u00e9ma: <strong><em>Canisterapia a&nbsp;jej v\u00fdznam v&nbsp;soci\u00e1lnych slu\u017eb\u00e1ch<\/em><\/strong><\/p>\n<p style=\"text-align: justify\">&nbsp;&nbsp;&nbsp;&nbsp;\u0161kolite\u013e: doc. PhDr. M. D\u00e1videkov\u00e1, PhD.<\/p>\n<p style=\"text-align: justify\">2. miesto<em>: <\/em><strong>Andrej Miky\u0161ka <\/strong>(FPV a&nbsp;MV UMB)<\/p>\n<p style=\"text-align: justify\">&nbsp;&nbsp;&nbsp;&nbsp;t\u00e9ma: <strong><em>Hybridn\u00e1 vojna ako novodob\u00fd fenom\u00e9n: Anal\u00fdza protiz\u00e1padnej propagandy<\/em><\/strong><\/p>\n<p style=\"text-align: justify\">&nbsp;&nbsp;&nbsp;&nbsp;\u0161kolite\u013e: Mgr. M. \u0160uplata, PhD.<\/p>\n<p style=\"text-align: justify\">3. miesto: <strong>M\u00e1ty\u00e1s Szuri <\/strong>(KPE\u0160 FF UKF)&nbsp;&nbsp;&nbsp;&nbsp;&nbsp;<\/p>\n<p style=\"text-align: justify\">&nbsp;&nbsp;&nbsp;&nbsp;t\u00e9ma: <strong><em>Extr\u00e9mizmus v&nbsp;nov\u00fdch m\u00e9di\u00e1ch<\/em><\/strong><\/p>\n<p style=\"text-align: justify\">&nbsp;&nbsp;&nbsp;&nbsp;\u0161kolite\u013e: PhDr. M. Mlynekov\u00e1, PhD.<\/p>\n<p style=\"text-align: justify\">\n<p style=\"text-align: justify\">Fakultu verejnej spr\u00e1vy na s\u00fa\u0165a\u017ei reprezentoval v\u00ed\u0165az fakultn\u00e9ho kola, Bc. Franti\u0161ek Demeter s&nbsp;t\u00e9mou Poslanci obecn\u00e9ho zastupite\u013estva. Viac o&nbsp;fakultnom kole sa dozviete <strong><a href=\"https:\/\/www.upjs.sk\/fakulta-verejnej-spravy\/vedecky-vyskum\/17967\/\" target=\"_blank\" rel=\"noopener\">TU<\/a><\/strong><\/p>\n<p style=\"text-align: justify\">V\u0161etci \u00fa\u010dastn\u00edci z\u00edskali vecn\u00e9 ceny, ktor\u00e9 do s\u00fa\u0165a\u017ee venovala FVS UPJ\u0160 v&nbsp;Ko\u0161iciach s&nbsp;FSV UCM v&nbsp;Trnave. Prv\u00e9 tri miesta boli z\u00e1rove\u0148 ocenen\u00e9 \u010fal\u0161\u00edmi \u0161peci\u00e1lnymi cenami.<\/p>\n","protected":false},"excerpt":{"rendered":"<p>Celoslovensk\u00e1 medzifakultn\u00e1 s\u00fa\u0165a\u017e \u0160VO\u010c 2018 S&nbsp;podporou Ministerstva \u0161kolstva, vedy, v\u00fdskumu a&nbsp;\u0161portu SR, vydavate\u013estva NIKARA, port\u00e1lu Veda na dosah, vedeck\u00fdch \u010dasopisov Politick\u00e9 vedy, Slovak Journal of Political Sciences, Slovak Journal of Public Policy and Public Administration a&nbsp;Slovenskej spolo\u010dnosti pre verejn\u00fa spr\u00e1vu pri SAV sa d\u0148a 3.5.2018 na Fakulte soci\u00e1lnych vied UCM v&nbsp;Trnave konal 1. ro\u010dn\u00edk&nbsp; celoslovenskej &hellip; <a href=\"https:\/\/www.upjs.sk\/fakulta-verejnej-spravy\/vedecky-vyskum\/studentska-vedecka-odborna-cinnost\/18300-2\/\">\u010c\u00edta\u0165 \u010falej<\/a><\/p>\n","protected":false},"author":1,"featured_media":13398,"parent":16407,"menu_order":8,"comment_status":"closed","ping_status":"closed","template":"","meta":{"_acf_changed":false,"_editorskit_title_hidden":false,"_editorskit_reading_time":1,"_editorskit_is_block_options_detached":false,"_editorskit_block_options_position":"{}","footnotes":""},"categories":[],"tags":[],"class_list":["post-13397","page","type-page","status-publish","has-post-thumbnail","hentry"],"acf":{"acf_link_na_externy_obsah":""},"yoast_head":"<!-- This site is optimized with the Yoast SEO plugin v27.4 - https:\/\/yoast.com\/product\/yoast-seo-wordpress\/ -->\n<title>Medzifakultn\u00e1 s\u00fa\u0165a\u017e \u0160VO\u010c 2018 - Fakulta verejnej spr\u00e1vy | UPJ\u0160<\/title>\n<meta name=\"robots\" content=\"index, follow, max-snippet:-1, max-image-preview:large, max-video-preview:-1\" \/>\n<link rel=\"canonical\" href=\"https:\/\/www.upjs.sk\/fakulta-verejnej-spravy\/vedecky-vyskum\/studentska-vedecka-odborna-cinnost\/18300-2\/\" \/>\n<meta property=\"og:locale\" content=\"sk_SK\" \/>\n<meta property=\"og:type\" content=\"article\" \/>\n<meta property=\"og:title\" content=\"Medzifakultn\u00e1 s\u00fa\u0165a\u017e \u0160VO\u010c 2018 - Fakulta verejnej spr\u00e1vy | UPJ\u0160\" \/>\n<meta property=\"og:description\" content=\"Celoslovensk\u00e1 medzifakultn\u00e1 s\u00fa\u0165a\u017e \u0160VO\u010c 2018 S&nbsp;podporou Ministerstva \u0161kolstva, vedy, v\u00fdskumu a&nbsp;\u0161portu SR, vydavate\u013estva NIKARA, port\u00e1lu Veda na dosah, vedeck\u00fdch \u010dasopisov Politick\u00e9 vedy, Slovak Journal of Political Sciences, Slovak Journal of Public Policy and Public Administration a&nbsp;Slovenskej spolo\u010dnosti pre verejn\u00fa spr\u00e1vu pri SAV sa d\u0148a 3.5.2018 na Fakulte soci\u00e1lnych vied UCM v&nbsp;Trnave konal 1. ro\u010dn\u00edk&nbsp; celoslovenskej &hellip; \u010c\u00edta\u0165 \u010falej\" \/>\n<meta property=\"og:url\" content=\"https:\/\/www.upjs.sk\/fakulta-verejnej-spravy\/vedecky-vyskum\/studentska-vedecka-odborna-cinnost\/18300-2\/\" \/>\n<meta property=\"og:site_name\" content=\"Fakulta verejnej spr\u00e1vy | UPJ\u0160\" \/>\n<meta property=\"article:modified_time\" content=\"2023-01-11T12:14:39+00:00\" \/>\n<meta property=\"og:image\" content=\"https:\/\/www.upjs.sk\/app\/uploads\/sites\/12\/2022\/09\/IMG_0949.jpg\" \/>\n\t<meta property=\"og:image:width\" content=\"1280\" \/>\n\t<meta property=\"og:image:height\" content=\"853\" \/>\n\t<meta property=\"og:image:type\" content=\"image\/jpeg\" \/>\n<meta name=\"twitter:card\" content=\"summary_large_image\" \/>\n<meta name=\"twitter:label1\" content=\"Predpokladan\u00fd \u010das \u010d\u00edtania\" \/>\n\t<meta name=\"twitter:data1\" content=\"2 min\u00faty\" \/>\n<script type=\"application\/ld+json\" class=\"yoast-schema-graph\">{\"@context\":\"https:\\\/\\\/schema.org\",\"@graph\":[{\"@type\":\"WebPage\",\"@id\":\"https:\\\/\\\/www.upjs.sk\\\/fakulta-verejnej-spravy\\\/vedecky-vyskum\\\/studentska-vedecka-odborna-cinnost\\\/18300-2\\\/\",\"url\":\"https:\\\/\\\/www.upjs.sk\\\/fakulta-verejnej-spravy\\\/vedecky-vyskum\\\/studentska-vedecka-odborna-cinnost\\\/18300-2\\\/\",\"name\":\"Medzifakultn\u00e1 s\u00fa\u0165a\u017e \u0160VO\u010c 2018 - Fakulta verejnej spr\u00e1vy | UPJ\u0160\",\"isPartOf\":{\"@id\":\"https:\\\/\\\/www.upjs.sk\\\/fakulta-verejnej-spravy\\\/#website\"},\"primaryImageOfPage\":{\"@id\":\"https:\\\/\\\/www.upjs.sk\\\/fakulta-verejnej-spravy\\\/vedecky-vyskum\\\/studentska-vedecka-odborna-cinnost\\\/18300-2\\\/#primaryimage\"},\"image\":{\"@id\":\"https:\\\/\\\/www.upjs.sk\\\/fakulta-verejnej-spravy\\\/vedecky-vyskum\\\/studentska-vedecka-odborna-cinnost\\\/18300-2\\\/#primaryimage\"},\"thumbnailUrl\":\"https:\\\/\\\/www.upjs.sk\\\/app\\\/uploads\\\/sites\\\/12\\\/2022\\\/09\\\/IMG_0949.jpg\",\"datePublished\":\"2019-05-19T21:51:17+00:00\",\"dateModified\":\"2023-01-11T12:14:39+00:00\",\"breadcrumb\":{\"@id\":\"https:\\\/\\\/www.upjs.sk\\\/fakulta-verejnej-spravy\\\/vedecky-vyskum\\\/studentska-vedecka-odborna-cinnost\\\/18300-2\\\/#breadcrumb\"},\"inLanguage\":\"sk-SK\",\"potentialAction\":[{\"@type\":\"ReadAction\",\"target\":[\"https:\\\/\\\/www.upjs.sk\\\/fakulta-verejnej-spravy\\\/vedecky-vyskum\\\/studentska-vedecka-odborna-cinnost\\\/18300-2\\\/\"]}]},{\"@type\":\"ImageObject\",\"inLanguage\":\"sk-SK\",\"@id\":\"https:\\\/\\\/www.upjs.sk\\\/fakulta-verejnej-spravy\\\/vedecky-vyskum\\\/studentska-vedecka-odborna-cinnost\\\/18300-2\\\/#primaryimage\",\"url\":\"https:\\\/\\\/www.upjs.sk\\\/app\\\/uploads\\\/sites\\\/12\\\/2022\\\/09\\\/IMG_0949.jpg\",\"contentUrl\":\"https:\\\/\\\/www.upjs.sk\\\/app\\\/uploads\\\/sites\\\/12\\\/2022\\\/09\\\/IMG_0949.jpg\",\"width\":1280,\"height\":853,\"caption\":\"18300\"},{\"@type\":\"BreadcrumbList\",\"@id\":\"https:\\\/\\\/www.upjs.sk\\\/fakulta-verejnej-spravy\\\/vedecky-vyskum\\\/studentska-vedecka-odborna-cinnost\\\/18300-2\\\/#breadcrumb\",\"itemListElement\":[{\"@type\":\"ListItem\",\"position\":1,\"name\":\"Home\",\"item\":\"https:\\\/\\\/www.upjs.sk\\\/fakulta-verejnej-spravy\\\/\"},{\"@type\":\"ListItem\",\"position\":2,\"name\":\"Veda a v\u00fdskum\",\"item\":\"https:\\\/\\\/www.upjs.sk\\\/fakulta-verejnej-spravy\\\/?page_id=12880\"},{\"@type\":\"ListItem\",\"position\":3,\"name\":\"\u0160tudentsk\u00e1 vedeck\u00e1 a odborn\u00e1 \u010dinnos\u0165 (\u0160VO\u010c)\",\"item\":\"https:\\\/\\\/www.upjs.sk\\\/fakulta-verejnej-spravy\\\/vedecky-vyskum\\\/studentska-vedecka-odborna-cinnost\\\/\"},{\"@type\":\"ListItem\",\"position\":4,\"name\":\"Medzifakultn\u00e1 s\u00fa\u0165a\u017e \u0160VO\u010c 2018\"}]},{\"@type\":\"WebSite\",\"@id\":\"https:\\\/\\\/www.upjs.sk\\\/fakulta-verejnej-spravy\\\/#website\",\"url\":\"https:\\\/\\\/www.upjs.sk\\\/fakulta-verejnej-spravy\\\/\",\"name\":\"Fakulta verejnej spr\u00e1vy | UPJ\u0160\",\"description\":\"\",\"publisher\":{\"@id\":\"https:\\\/\\\/www.upjs.sk\\\/fakulta-verejnej-spravy\\\/#organization\"},\"potentialAction\":[{\"@type\":\"SearchAction\",\"target\":{\"@type\":\"EntryPoint\",\"urlTemplate\":\"https:\\\/\\\/www.upjs.sk\\\/fakulta-verejnej-spravy\\\/?s={search_term_string}\"},\"query-input\":{\"@type\":\"PropertyValueSpecification\",\"valueRequired\":true,\"valueName\":\"search_term_string\"}}],\"inLanguage\":\"sk-SK\"},{\"@type\":\"Organization\",\"@id\":\"https:\\\/\\\/www.upjs.sk\\\/fakulta-verejnej-spravy\\\/#organization\",\"name\":\"Fakulta verejnej spr\u00e1vy | UPJ\u0160\",\"url\":\"https:\\\/\\\/www.upjs.sk\\\/fakulta-verejnej-spravy\\\/\",\"logo\":{\"@type\":\"ImageObject\",\"inLanguage\":\"sk-SK\",\"@id\":\"https:\\\/\\\/www.upjs.sk\\\/fakulta-verejnej-spravy\\\/#\\\/schema\\\/logo\\\/image\\\/\",\"url\":\"https:\\\/\\\/www.upjs.sk\\\/app\\\/uploads\\\/sites\\\/12\\\/2022\\\/09\\\/logo-verejnej-spravy-fakulta.png\",\"contentUrl\":\"https:\\\/\\\/www.upjs.sk\\\/app\\\/uploads\\\/sites\\\/12\\\/2022\\\/09\\\/logo-verejnej-spravy-fakulta.png\",\"width\":415,\"height\":87,\"caption\":\"Fakulta verejnej spr\u00e1vy | UPJ\u0160\"},\"image\":{\"@id\":\"https:\\\/\\\/www.upjs.sk\\\/fakulta-verejnej-spravy\\\/#\\\/schema\\\/logo\\\/image\\\/\"}}]}<\/script>\n<!-- \/ Yoast SEO plugin. -->","yoast_head_json":{"title":"Medzifakultn\u00e1 s\u00fa\u0165a\u017e \u0160VO\u010c 2018 - Fakulta verejnej spr\u00e1vy | UPJ\u0160","robots":{"index":"index","follow":"follow","max-snippet":"max-snippet:-1","max-image-preview":"max-image-preview:large","max-video-preview":"max-video-preview:-1"},"canonical":"https:\/\/www.upjs.sk\/fakulta-verejnej-spravy\/vedecky-vyskum\/studentska-vedecka-odborna-cinnost\/18300-2\/","og_locale":"sk_SK","og_type":"article","og_title":"Medzifakultn\u00e1 s\u00fa\u0165a\u017e \u0160VO\u010c 2018 - Fakulta verejnej spr\u00e1vy | UPJ\u0160","og_description":"Celoslovensk\u00e1 medzifakultn\u00e1 s\u00fa\u0165a\u017e \u0160VO\u010c 2018 S&nbsp;podporou Ministerstva \u0161kolstva, vedy, v\u00fdskumu a&nbsp;\u0161portu SR, vydavate\u013estva NIKARA, port\u00e1lu Veda na dosah, vedeck\u00fdch \u010dasopisov Politick\u00e9 vedy, Slovak Journal of Political Sciences, Slovak Journal of Public Policy and Public Administration a&nbsp;Slovenskej spolo\u010dnosti pre verejn\u00fa spr\u00e1vu pri SAV sa d\u0148a 3.5.2018 na Fakulte soci\u00e1lnych vied UCM v&nbsp;Trnave konal 1. ro\u010dn\u00edk&nbsp; celoslovenskej &hellip; \u010c\u00edta\u0165 \u010falej","og_url":"https:\/\/www.upjs.sk\/fakulta-verejnej-spravy\/vedecky-vyskum\/studentska-vedecka-odborna-cinnost\/18300-2\/","og_site_name":"Fakulta verejnej spr\u00e1vy | UPJ\u0160","article_modified_time":"2023-01-11T12:14:39+00:00","og_image":[{"width":1280,"height":853,"url":"https:\/\/www.upjs.sk\/app\/uploads\/sites\/12\/2022\/09\/IMG_0949.jpg","type":"image\/jpeg"}],"twitter_card":"summary_large_image","twitter_misc":{"Predpokladan\u00fd \u010das \u010d\u00edtania":"2 min\u00faty"},"schema":{"@context":"https:\/\/schema.org","@graph":[{"@type":"WebPage","@id":"https:\/\/www.upjs.sk\/fakulta-verejnej-spravy\/vedecky-vyskum\/studentska-vedecka-odborna-cinnost\/18300-2\/","url":"https:\/\/www.upjs.sk\/fakulta-verejnej-spravy\/vedecky-vyskum\/studentska-vedecka-odborna-cinnost\/18300-2\/","name":"Medzifakultn\u00e1 s\u00fa\u0165a\u017e \u0160VO\u010c 2018 - Fakulta verejnej spr\u00e1vy | UPJ\u0160","isPartOf":{"@id":"https:\/\/www.upjs.sk\/fakulta-verejnej-spravy\/#website"},"primaryImageOfPage":{"@id":"https:\/\/www.upjs.sk\/fakulta-verejnej-spravy\/vedecky-vyskum\/studentska-vedecka-odborna-cinnost\/18300-2\/#primaryimage"},"image":{"@id":"https:\/\/www.upjs.sk\/fakulta-verejnej-spravy\/vedecky-vyskum\/studentska-vedecka-odborna-cinnost\/18300-2\/#primaryimage"},"thumbnailUrl":"https:\/\/www.upjs.sk\/app\/uploads\/sites\/12\/2022\/09\/IMG_0949.jpg","datePublished":"2019-05-19T21:51:17+00:00","dateModified":"2023-01-11T12:14:39+00:00","breadcrumb":{"@id":"https:\/\/www.upjs.sk\/fakulta-verejnej-spravy\/vedecky-vyskum\/studentska-vedecka-odborna-cinnost\/18300-2\/#breadcrumb"},"inLanguage":"sk-SK","potentialAction":[{"@type":"ReadAction","target":["https:\/\/www.upjs.sk\/fakulta-verejnej-spravy\/vedecky-vyskum\/studentska-vedecka-odborna-cinnost\/18300-2\/"]}]},{"@type":"ImageObject","inLanguage":"sk-SK","@id":"https:\/\/www.upjs.sk\/fakulta-verejnej-spravy\/vedecky-vyskum\/studentska-vedecka-odborna-cinnost\/18300-2\/#primaryimage","url":"https:\/\/www.upjs.sk\/app\/uploads\/sites\/12\/2022\/09\/IMG_0949.jpg","contentUrl":"https:\/\/www.upjs.sk\/app\/uploads\/sites\/12\/2022\/09\/IMG_0949.jpg","width":1280,"height":853,"caption":"18300"},{"@type":"BreadcrumbList","@id":"https:\/\/www.upjs.sk\/fakulta-verejnej-spravy\/vedecky-vyskum\/studentska-vedecka-odborna-cinnost\/18300-2\/#breadcrumb","itemListElement":[{"@type":"ListItem","position":1,"name":"Home","item":"https:\/\/www.upjs.sk\/fakulta-verejnej-spravy\/"},{"@type":"ListItem","position":2,"name":"Veda a v\u00fdskum","item":"https:\/\/www.upjs.sk\/fakulta-verejnej-spravy\/?page_id=12880"},{"@type":"ListItem","position":3,"name":"\u0160tudentsk\u00e1 vedeck\u00e1 a odborn\u00e1 \u010dinnos\u0165 (\u0160VO\u010c)","item":"https:\/\/www.upjs.sk\/fakulta-verejnej-spravy\/vedecky-vyskum\/studentska-vedecka-odborna-cinnost\/"},{"@type":"ListItem","position":4,"name":"Medzifakultn\u00e1 s\u00fa\u0165a\u017e \u0160VO\u010c 2018"}]},{"@type":"WebSite","@id":"https:\/\/www.upjs.sk\/fakulta-verejnej-spravy\/#website","url":"https:\/\/www.upjs.sk\/fakulta-verejnej-spravy\/","name":"Fakulta verejnej spr\u00e1vy | UPJ\u0160","description":"","publisher":{"@id":"https:\/\/www.upjs.sk\/fakulta-verejnej-spravy\/#organization"},"potentialAction":[{"@type":"SearchAction","target":{"@type":"EntryPoint","urlTemplate":"https:\/\/www.upjs.sk\/fakulta-verejnej-spravy\/?s={search_term_string}"},"query-input":{"@type":"PropertyValueSpecification","valueRequired":true,"valueName":"search_term_string"}}],"inLanguage":"sk-SK"},{"@type":"Organization","@id":"https:\/\/www.upjs.sk\/fakulta-verejnej-spravy\/#organization","name":"Fakulta verejnej spr\u00e1vy | UPJ\u0160","url":"https:\/\/www.upjs.sk\/fakulta-verejnej-spravy\/","logo":{"@type":"ImageObject","inLanguage":"sk-SK","@id":"https:\/\/www.upjs.sk\/fakulta-verejnej-spravy\/#\/schema\/logo\/image\/","url":"https:\/\/www.upjs.sk\/app\/uploads\/sites\/12\/2022\/09\/logo-verejnej-spravy-fakulta.png","contentUrl":"https:\/\/www.upjs.sk\/app\/uploads\/sites\/12\/2022\/09\/logo-verejnej-spravy-fakulta.png","width":415,"height":87,"caption":"Fakulta verejnej spr\u00e1vy | UPJ\u0160"},"image":{"@id":"https:\/\/www.upjs.sk\/fakulta-verejnej-spravy\/#\/schema\/logo\/image\/"}}]}},"_links":{"self":[{"href":"https:\/\/www.upjs.sk\/fakulta-verejnej-spravy\/wp-json\/wp\/v2\/pages\/13397","targetHints":{"allow":["GET"]}}],"collection":[{"href":"https:\/\/www.upjs.sk\/fakulta-verejnej-spravy\/wp-json\/wp\/v2\/pages"}],"about":[{"href":"https:\/\/www.upjs.sk\/fakulta-verejnej-spravy\/wp-json\/wp\/v2\/types\/page"}],"author":[{"embeddable":true,"href":"https:\/\/www.upjs.sk\/fakulta-verejnej-spravy\/wp-json\/wp\/v2\/users\/1"}],"replies":[{"embeddable":true,"href":"https:\/\/www.upjs.sk\/fakulta-verejnej-spravy\/wp-json\/wp\/v2\/comments?post=13397"}],"version-history":[{"count":2,"href":"https:\/\/www.upjs.sk\/fakulta-verejnej-spravy\/wp-json\/wp\/v2\/pages\/13397\/revisions"}],"predecessor-version":[{"id":21912,"href":"https:\/\/www.upjs.sk\/fakulta-verejnej-spravy\/wp-json\/wp\/v2\/pages\/13397\/revisions\/21912"}],"up":[{"embeddable":true,"href":"https:\/\/www.upjs.sk\/fakulta-verejnej-spravy\/wp-json\/wp\/v2\/pages\/16407"}],"wp:featuredmedia":[{"embeddable":true,"href":"https:\/\/www.upjs.sk\/fakulta-verejnej-spravy\/wp-json\/wp\/v2\/media\/13398"}],"wp:attachment":[{"href":"https:\/\/www.upjs.sk\/fakulta-verejnej-spravy\/wp-json\/wp\/v2\/media?parent=13397"}],"wp:term":[{"taxonomy":"category","embeddable":true,"href":"https:\/\/www.upjs.sk\/fakulta-verejnej-spravy\/wp-json\/wp\/v2\/categories?post=13397"},{"taxonomy":"post_tag","embeddable":true,"href":"https:\/\/www.upjs.sk\/fakulta-verejnej-spravy\/wp-json\/wp\/v2\/tags?post=13397"}],"curies":[{"name":"wp","href":"https:\/\/api.w.org\/{rel}","templated":true}]}}