{"id":20804,"date":"2022-11-03T08:04:06","date_gmt":"2022-11-03T08:04:06","guid":{"rendered":"https:\/\/www.upjs.sk\/filozoficka-fakulta\/pracoviska\/department-of-history\/15668-2\/"},"modified":"2025-09-22T17:06:36","modified_gmt":"2025-09-22T16:06:36","slug":"15668-2","status":"publish","type":"cpt_pracoviska","link":"https:\/\/www.upjs.sk\/filozoficka-fakulta\/en\/pracoviska\/department-of-history\/15668-2\/","title":{"rendered":"Staff and Contacts at the Department of History"},"content":{"rendered":"<style>.kb-row-layout-id20804_9b18d7-6f > .kt-row-column-wrap{align-content:start;}:where(.kb-row-layout-id20804_9b18d7-6f > .kt-row-column-wrap) > .wp-block-kadence-column{justify-content:start;}.kb-row-layout-id20804_9b18d7-6f > .kt-row-column-wrap{column-gap:var(--global-kb-gap-md, 2rem);row-gap:var(--global-kb-gap-md, 2rem);padding-top:var(--global-kb-spacing-sm, 1.5rem);padding-bottom:var(--global-kb-spacing-sm, 1.5rem);grid-template-columns:minmax(0, 2fr) minmax(0, 1fr);}.kb-row-layout-id20804_9b18d7-6f > .kt-row-layout-overlay{opacity:0.30;}@media all and (max-width: 1024px){.kb-row-layout-id20804_9b18d7-6f > .kt-row-column-wrap{grid-template-columns:minmax(0, 2fr) minmax(0, 1fr);}}@media all and (max-width: 767px){.kb-row-layout-id20804_9b18d7-6f > .kt-row-column-wrap{grid-template-columns:minmax(0, 1fr);}}<\/style><div class=\"kb-row-layout-wrap kb-row-layout-id20804_9b18d7-6f alignnone has-bg-siva-background-color kt-row-has-bg wp-block-kadence-rowlayout\"><div class=\"kt-row-column-wrap kt-has-2-columns kt-row-layout-left-golden kt-tab-layout-inherit kt-mobile-layout-row kt-row-valign-top\">\n<style>.kadence-column20804_a34a8a-9a > .kt-inside-inner-col,.kadence-column20804_a34a8a-9a > .kt-inside-inner-col:before{border-top-left-radius:0px;border-top-right-radius:0px;border-bottom-right-radius:0px;border-bottom-left-radius:0px;}.kadence-column20804_a34a8a-9a > .kt-inside-inner-col{column-gap:var(--global-kb-gap-sm, 1rem);}.kadence-column20804_a34a8a-9a > .kt-inside-inner-col{flex-direction:column;}.kadence-column20804_a34a8a-9a > .kt-inside-inner-col > .aligncenter{width:100%;}.kadence-column20804_a34a8a-9a > .kt-inside-inner-col:before{opacity:0.3;}.kadence-column20804_a34a8a-9a{position:relative;}@media all and (max-width: 1024px){.kadence-column20804_a34a8a-9a > .kt-inside-inner-col{flex-direction:column;justify-content:center;}}@media all and (max-width: 767px){.kadence-column20804_a34a8a-9a > .kt-inside-inner-col{flex-direction:column;justify-content:center;}}<\/style>\n<div class=\"wp-block-kadence-column kadence-column20804_a34a8a-9a\"><div class=\"kt-inside-inner-col\"><style>.kt-accordion-id20804_ac8fca-9d .kt-accordion-inner-wrap{column-gap:var(--global-kb-gap-md, 2rem);row-gap:8px;}.kt-accordion-id20804_ac8fca-9d .kt-accordion-panel-inner{padding-top:var(--global-kb-spacing-sm, 1.5rem);padding-right:var(--global-kb-spacing-sm, 1.5rem);padding-bottom:var(--global-kb-spacing-sm, 1.5rem);padding-left:var(--global-kb-spacing-sm, 1.5rem);}.kt-accordion-id20804_ac8fca-9d .wp-block-kadence-pane .kt-accordion-header-wrap .kt-blocks-accordion-header{background:#F4F4F4;color:#C19152;padding-top:var(--global-kb-spacing-xxs, 0.5rem);padding-right:var(--global-kb-spacing-xs, 1rem);padding-bottom:var(--global-kb-spacing-xxs, 0.5rem);padding-left:var(--global-kb-spacing-xs, 1rem);}.kt-accordion-id20804_ac8fca-9d:not( .kt-accodion-icon-style-basiccircle ):not( .kt-accodion-icon-style-xclosecircle ):not( .kt-accodion-icon-style-arrowcircle ) .kt-blocks-accordion-icon-trigger:after, .kt-accordion-id20804_ac8fca-9d:not( .kt-accodion-icon-style-basiccircle ):not( .kt-accodion-icon-style-xclosecircle ):not( .kt-accodion-icon-style-arrowcircle ) .kt-blocks-accordion-icon-trigger:before{background:#C19152;}.kt-accordion-id20804_ac8fca-9d:not( .kt-accodion-icon-style-basic ):not( .kt-accodion-icon-style-xclose ):not( .kt-accodion-icon-style-arrow ) .kt-blocks-accordion-icon-trigger{background:#C19152;}.kt-accordion-id20804_ac8fca-9d:not( .kt-accodion-icon-style-basic ):not( .kt-accodion-icon-style-xclose ):not( .kt-accodion-icon-style-arrow ) .kt-blocks-accordion-icon-trigger:after, .kt-accordion-id20804_ac8fca-9d:not( .kt-accodion-icon-style-basic ):not( .kt-accodion-icon-style-xclose ):not( .kt-accodion-icon-style-arrow ) .kt-blocks-accordion-icon-trigger:before{background:#F4F4F4;}@media all and (max-width: 767px){.kt-accordion-id20804_ac8fca-9d .kt-accordion-inner-wrap{display:block;}.kt-accordion-id20804_ac8fca-9d .kt-accordion-inner-wrap .kt-accordion-pane:not(:first-child){margin-top:8px;}}<\/style>\n<div class=\"wp-block-kadence-accordion alignnone\"><div class=\"kt-accordion-wrap kt-accordion-id20804_ac8fca-9d kt-accordion-has-3-panes kt-active-pane-0 kt-accordion-block kt-pane-header-alignment-left kt-accodion-icon-style-arrow kt-accodion-icon-side-left\" style=\"max-width:none\"><div class=\"kt-accordion-inner-wrap\" data-allow-multiple-open=\"false\" data-start-open=\"none\">\n<div class=\"wp-block-kadence-pane kt-accordion-pane kt-accordion-pane-1 kt-pane20804_9ae2a4-ff\"><div class=\"kt-accordion-header-wrap\"><button class=\"kt-blocks-accordion-header kt-acccordion-button-label-show\" type=\"button\"><span class=\"kt-blocks-accordion-title-wrap\"><span class=\"kt-blocks-accordion-title\"><strong>Actual Staff<\/strong><\/span><\/span><span class=\"kt-blocks-accordion-icon-trigger\"><\/span><\/button><\/div><div class=\"kt-accordion-panel kt-accordion-panel-hidden\"><div class=\"kt-accordion-panel-inner\">\n<p><strong><a aria-label=\"Workplace Card (opens in a new tab)\" href=\"https:\/\/www.upjs.sk\/en\/FF\/workplace\/KH\/\" target=\"_blank\" rel=\"noreferrer noopener\" class=\"ek-link\">Workplace Card<\/a><\/strong><\/p>\n<\/div><\/div><\/div>\n\n\n\n<div class=\"wp-block-kadence-pane kt-accordion-pane kt-accordion-pane-2 kt-pane20804_7ecf88-fe\"><div class=\"kt-accordion-header-wrap\"><button class=\"kt-blocks-accordion-header kt-acccordion-button-label-show\" type=\"button\"><span class=\"kt-blocks-accordion-title-wrap\"><span class=\"kt-blocks-accordion-title\"><strong>External Associates<\/strong><\/span><\/span><span class=\"kt-blocks-accordion-icon-trigger\"><\/span><\/button><\/div><div class=\"kt-accordion-panel kt-accordion-panel-hidden\"><div class=\"kt-accordion-panel-inner\">\n<p>prof. Abdellah ABARKAN (Blekinge Tekniska H\u00f6gskola, Karlskrona, Sweden)<br>Mgr. M\u00e1ria \u010eURKOVSK\u00c1, PhD. (Centrum spolo\u010densk\u00fdch a psychologick\u00fdch vied SAV, Ko\u0161ice, Slovakia)<br>PhDr. J\u00e1n HLAVINKA, PhD. (Historick\u00fd \u00fastav SAV, Bratislava, Slovakia)<br>prof. Mgr. Jaroslav HOFIERKA, PhD. (\u00dastav geografie, Pr\u00edrodovedeck\u00e1 fakulta UPJ\u0160 v Ko\u0161iciach, Slovakia)<br>prof. Dr. Marina JIM\u00c9NEZ (Universidad de Valladolid, Spain)<br>PhDr. T\u00fcnde LENGYELOV\u00c1, CSc. (Historick\u00fd \u00fastav SAV, Bratislava, Slovakia)<br>PhDr. Elena MIRO\u0160\u0160AYOV\u00c1, CSc. (Archeologick\u00fd \u00fastav SAV, Ko\u0161ice, Slovakia)<br>PhDr. Richard PAVLOVI\u010c, PhD. (\u0160t\u00e1tny arch\u00edv Ko\u0161ice, Slovakia)<br>MA, MPhil Petr ROUBAL, Ph.D. (\u00dastav pro soudob\u00e9 d\u011bjiny AV \u010cR, v.v.i., Praha, Czech Republic)<br>prof. Dr. Luis SANTOS Y GANGES (Universidad de Valladolid, Spain)<br>doc. Mat\u011bj SPURN\u00dd, Ph.D. (\u00dastav hospod\u00e1\u0159sk\u00fdch a soci\u00e1ln\u00edch d\u011bjin FF UK, Praha, Czech Republic)<br>Mgr. Veronika SZEGHY-GAYER, PhD. (Centrum spolo\u010densk\u00fdch a psychologick\u00fdch vied SAV, Ko\u0161ice, Slovakia)<br>Mgr. Kamil \u0160VA\u0147A, PhD. (Archeol\u00f3gia Zempl\u00edn, s.r.o., Slovakia)<br>prof. Max WELCH GUERRA (Bauhaus-Universit\u00e4t Weimar, Germany)<\/p>\n<\/div><\/div><\/div>\n\n\n\n<div class=\"wp-block-kadence-pane kt-accordion-pane kt-accordion-pane-3 kt-pane20804_7fd296-7f\"><div class=\"kt-accordion-header-wrap\"><button class=\"kt-blocks-accordion-header kt-acccordion-button-label-show\" type=\"button\"><span class=\"kt-blocks-accordion-title-wrap\"><span class=\"kt-blocks-accordion-title\"><strong>Former Members<\/strong><\/span><\/span><span class=\"kt-blocks-accordion-icon-trigger\"><\/span><\/button><\/div><div class=\"kt-accordion-panel kt-accordion-panel-hidden\"><div class=\"kt-accordion-panel-inner\">\n<p>PhDr. Henrieta ALBERTOV\u00c1, PhD. (2008 \u2013 2011)<br>Mgr. Patr\u00edcia FOGELOV\u00c1, PhD. (2020 \u2013 2021)<br>doc. PhDr. So\u0148a GABZDILOV\u00c1, CSc. (2008 \u2013 2017)<br>Mgr. Henrich HREHOR, PhD. (2008 \u2013 2021)<br>doc. PhDr. \u013dubom\u00edra KAMINSK\u00c1, CSc. (2008 \u2013 2024)<br>Mgr. Katar\u00edna LUK\u00c1\u010cOV\u00c1, PhD. (2021 \u2013 2022)<br>doc. Mgr. Milan OLEJN\u00cdK, PhD. (2013 \u2013 2016)<br>doc. PhDr. Sl\u00e1vka OT\u010cEN\u00c1\u0160OV\u00c1, M.A., PhD. (2008 \u2013 2025)<br>PaedDr. Marta SENDEKOV\u00c1, PhD. (2010 \u2013 2020)<br>Mgr. Timea VERE\u0160OV\u00c1, PhD. (2013 \u2013 2015)<\/p>\n<\/div><\/div><\/div>\n<\/div><\/div><\/div>\n<\/div><\/div>\n\n\n<style>.kadence-column20804_558838-ff > .kt-inside-inner-col,.kadence-column20804_558838-ff > .kt-inside-inner-col:before{border-top-left-radius:0px;border-top-right-radius:0px;border-bottom-right-radius:0px;border-bottom-left-radius:0px;}.kadence-column20804_558838-ff > .kt-inside-inner-col{column-gap:var(--global-kb-gap-sm, 1rem);}.kadence-column20804_558838-ff > .kt-inside-inner-col{flex-direction:column;}.kadence-column20804_558838-ff > .kt-inside-inner-col > .aligncenter{width:100%;}.kadence-column20804_558838-ff > .kt-inside-inner-col:before{opacity:0.3;}.kadence-column20804_558838-ff{position:relative;}@media all and (max-width: 1024px){.kadence-column20804_558838-ff > .kt-inside-inner-col{flex-direction:column;justify-content:center;}}@media all and (max-width: 767px){.kadence-column20804_558838-ff > .kt-inside-inner-col{flex-direction:column;justify-content:center;}}<\/style>\n<div class=\"wp-block-kadence-column kadence-column20804_558838-ff\"><div class=\"kt-inside-inner-col\"><style>.kb-image20804_588154-a7 .kb-image-has-overlay:after{opacity:0.3;}<\/style>\n<figure class=\"wp-block-kadence-image kb-image20804_588154-a7 size-full\"><img loading=\"lazy\" decoding=\"async\" width=\"960\" height=\"720\" src=\"https:\/\/www.upjs.sk\/app\/uploads\/sites\/7\/2022\/09\/2019-11_Sutaj_jubileum_2.jpg\" alt=\"\" class=\"kb-img wp-image-28243\" srcset=\"https:\/\/www.upjs.sk\/app\/uploads\/sites\/7\/2022\/09\/2019-11_Sutaj_jubileum_2.jpg 960w, https:\/\/www.upjs.sk\/app\/uploads\/sites\/7\/2022\/09\/2019-11_Sutaj_jubileum_2-300x225.jpg 300w, https:\/\/www.upjs.sk\/app\/uploads\/sites\/7\/2022\/09\/2019-11_Sutaj_jubileum_2-768x576.jpg 768w\" sizes=\"auto, (max-width: 960px) 100vw, 960px\" \/><\/figure>\n\n\n\n<p>November 2019<\/p>\n<\/div><\/div>\n\n<\/div><\/div>","protected":false},"author":1,"featured_media":0,"parent":20793,"menu_order":0,"template":"","meta":{"_acf_changed":false,"_editorskit_title_hidden":false,"_editorskit_reading_time":0,"_editorskit_is_block_options_detached":false,"_editorskit_block_options_position":"{}"},"categories":[],"tags":[],"tax_aktuality":[],"class_list":["post-20804","cpt_pracoviska","type-cpt_pracoviska","status-publish","hentry"],"acf":{"acf_link_na_externy_obsah":""},"yoast_head":"<!-- This site is optimized with the Yoast SEO plugin v27.4 - https:\/\/yoast.com\/product\/yoast-seo-wordpress\/ -->\n<title>Staff and Contacts at the Department of History - Filozofick\u00e1 fakulta | UPJ\u0160<\/title>\n<meta name=\"robots\" content=\"index, follow, max-snippet:-1, max-image-preview:large, max-video-preview:-1\" \/>\n<link rel=\"canonical\" href=\"https:\/\/www.upjs.sk\/filozoficka-fakulta\/en\/pracoviska\/department-of-history\/15668-2\/\" \/>\n<meta property=\"og:locale\" content=\"en_US\" \/>\n<meta property=\"og:type\" content=\"article\" \/>\n<meta property=\"og:title\" content=\"Staff and Contacts at the Department of History - Filozofick\u00e1 fakulta | UPJ\u0160\" \/>\n<meta property=\"og:description\" content=\"November 2019\" \/>\n<meta property=\"og:url\" content=\"https:\/\/www.upjs.sk\/filozoficka-fakulta\/en\/pracoviska\/department-of-history\/15668-2\/\" \/>\n<meta property=\"og:site_name\" content=\"Filozofick\u00e1 fakulta | UPJ\u0160\" \/>\n<meta property=\"article:modified_time\" content=\"2025-09-22T16:06:36+00:00\" \/>\n<meta property=\"og:image\" content=\"https:\/\/www.upjs.sk\/app\/uploads\/sites\/7\/2022\/09\/2019-11_Sutaj_jubileum_2.jpg\" \/>\n\t<meta property=\"og:image:width\" content=\"960\" \/>\n\t<meta property=\"og:image:height\" content=\"720\" \/>\n\t<meta property=\"og:image:type\" content=\"image\/jpeg\" \/>\n<meta name=\"twitter:card\" content=\"summary_large_image\" \/>\n<meta name=\"twitter:label1\" content=\"Est. reading time\" \/>\n\t<meta name=\"twitter:data1\" content=\"2 minutes\" \/>\n<script type=\"application\/ld+json\" class=\"yoast-schema-graph\">{\"@context\":\"https:\\\/\\\/schema.org\",\"@graph\":[{\"@type\":\"WebPage\",\"@id\":\"https:\\\/\\\/www.upjs.sk\\\/filozoficka-fakulta\\\/en\\\/pracoviska\\\/department-of-history\\\/15668-2\\\/\",\"url\":\"https:\\\/\\\/www.upjs.sk\\\/filozoficka-fakulta\\\/en\\\/pracoviska\\\/department-of-history\\\/15668-2\\\/\",\"name\":\"Staff and Contacts at the Department of History - Filozofick\u00e1 fakulta | UPJ\u0160\",\"isPartOf\":{\"@id\":\"https:\\\/\\\/www.upjs.sk\\\/filozoficka-fakulta\\\/en\\\/#website\"},\"primaryImageOfPage\":{\"@id\":\"https:\\\/\\\/www.upjs.sk\\\/filozoficka-fakulta\\\/en\\\/pracoviska\\\/department-of-history\\\/15668-2\\\/#primaryimage\"},\"image\":{\"@id\":\"https:\\\/\\\/www.upjs.sk\\\/filozoficka-fakulta\\\/en\\\/pracoviska\\\/department-of-history\\\/15668-2\\\/#primaryimage\"},\"thumbnailUrl\":\"https:\\\/\\\/www.upjs.sk\\\/app\\\/uploads\\\/sites\\\/7\\\/2022\\\/09\\\/2019-11_Sutaj_jubileum_2.jpg\",\"datePublished\":\"2022-11-03T08:04:06+00:00\",\"dateModified\":\"2025-09-22T16:06:36+00:00\",\"breadcrumb\":{\"@id\":\"https:\\\/\\\/www.upjs.sk\\\/filozoficka-fakulta\\\/en\\\/pracoviska\\\/department-of-history\\\/15668-2\\\/#breadcrumb\"},\"inLanguage\":\"en-US\",\"potentialAction\":[{\"@type\":\"ReadAction\",\"target\":[\"https:\\\/\\\/www.upjs.sk\\\/filozoficka-fakulta\\\/en\\\/pracoviska\\\/department-of-history\\\/15668-2\\\/\"]}]},{\"@type\":\"ImageObject\",\"inLanguage\":\"en-US\",\"@id\":\"https:\\\/\\\/www.upjs.sk\\\/filozoficka-fakulta\\\/en\\\/pracoviska\\\/department-of-history\\\/15668-2\\\/#primaryimage\",\"url\":\"https:\\\/\\\/www.upjs.sk\\\/app\\\/uploads\\\/sites\\\/7\\\/2022\\\/09\\\/2019-11_Sutaj_jubileum_2.jpg\",\"contentUrl\":\"https:\\\/\\\/www.upjs.sk\\\/app\\\/uploads\\\/sites\\\/7\\\/2022\\\/09\\\/2019-11_Sutaj_jubileum_2.jpg\"},{\"@type\":\"BreadcrumbList\",\"@id\":\"https:\\\/\\\/www.upjs.sk\\\/filozoficka-fakulta\\\/en\\\/pracoviska\\\/department-of-history\\\/15668-2\\\/#breadcrumb\",\"itemListElement\":[{\"@type\":\"ListItem\",\"position\":1,\"name\":\"Home\",\"item\":\"https:\\\/\\\/www.upjs.sk\\\/filozoficka-fakulta\\\/en\\\/\"},{\"@type\":\"ListItem\",\"position\":2,\"name\":\"Workplaces\",\"item\":\"https:\\\/\\\/www.upjs.sk\\\/filozoficka-fakulta\\\/en\\\/pracoviska\\\/\"},{\"@type\":\"ListItem\",\"position\":3,\"name\":\"Department of History\",\"item\":\"https:\\\/\\\/www.upjs.sk\\\/filozoficka-fakulta\\\/en\\\/pracoviska\\\/department-of-history\\\/\"},{\"@type\":\"ListItem\",\"position\":4,\"name\":\"Staff and Contacts at the Department of History\"}]},{\"@type\":\"WebSite\",\"@id\":\"https:\\\/\\\/www.upjs.sk\\\/filozoficka-fakulta\\\/en\\\/#website\",\"url\":\"https:\\\/\\\/www.upjs.sk\\\/filozoficka-fakulta\\\/en\\\/\",\"name\":\"Filozofick\u00e1 fakulta | UPJ\u0160\",\"description\":\"\",\"publisher\":{\"@id\":\"https:\\\/\\\/www.upjs.sk\\\/filozoficka-fakulta\\\/en\\\/#organization\"},\"potentialAction\":[{\"@type\":\"SearchAction\",\"target\":{\"@type\":\"EntryPoint\",\"urlTemplate\":\"https:\\\/\\\/www.upjs.sk\\\/filozoficka-fakulta\\\/en\\\/?s={search_term_string}\"},\"query-input\":{\"@type\":\"PropertyValueSpecification\",\"valueRequired\":true,\"valueName\":\"search_term_string\"}}],\"inLanguage\":\"en-US\"},{\"@type\":\"Organization\",\"@id\":\"https:\\\/\\\/www.upjs.sk\\\/filozoficka-fakulta\\\/en\\\/#organization\",\"name\":\"Filozofick\u00e1 fakulta | UPJ\u0160\",\"url\":\"https:\\\/\\\/www.upjs.sk\\\/filozoficka-fakulta\\\/en\\\/\",\"logo\":{\"@type\":\"ImageObject\",\"inLanguage\":\"en-US\",\"@id\":\"https:\\\/\\\/www.upjs.sk\\\/filozoficka-fakulta\\\/en\\\/#\\\/schema\\\/logo\\\/image\\\/\",\"url\":\"https:\\\/\\\/www.upjs.sk\\\/app\\\/uploads\\\/sites\\\/7\\\/2023\\\/02\\\/FF_ENG_frame.svg\",\"contentUrl\":\"https:\\\/\\\/www.upjs.sk\\\/app\\\/uploads\\\/sites\\\/7\\\/2023\\\/02\\\/FF_ENG_frame.svg\",\"width\":292,\"height\":61,\"caption\":\"Filozofick\u00e1 fakulta | UPJ\u0160\"},\"image\":{\"@id\":\"https:\\\/\\\/www.upjs.sk\\\/filozoficka-fakulta\\\/en\\\/#\\\/schema\\\/logo\\\/image\\\/\"}}]}<\/script>\n<!-- \/ Yoast SEO plugin. -->","yoast_head_json":{"title":"Staff and Contacts at the Department of History - Filozofick\u00e1 fakulta | UPJ\u0160","robots":{"index":"index","follow":"follow","max-snippet":"max-snippet:-1","max-image-preview":"max-image-preview:large","max-video-preview":"max-video-preview:-1"},"canonical":"https:\/\/www.upjs.sk\/filozoficka-fakulta\/en\/pracoviska\/department-of-history\/15668-2\/","og_locale":"en_US","og_type":"article","og_title":"Staff and Contacts at the Department of History - Filozofick\u00e1 fakulta | UPJ\u0160","og_description":"November 2019","og_url":"https:\/\/www.upjs.sk\/filozoficka-fakulta\/en\/pracoviska\/department-of-history\/15668-2\/","og_site_name":"Filozofick\u00e1 fakulta | UPJ\u0160","article_modified_time":"2025-09-22T16:06:36+00:00","og_image":[{"width":960,"height":720,"url":"https:\/\/www.upjs.sk\/app\/uploads\/sites\/7\/2022\/09\/2019-11_Sutaj_jubileum_2.jpg","type":"image\/jpeg"}],"twitter_card":"summary_large_image","twitter_misc":{"Est. reading time":"2 minutes"},"schema":{"@context":"https:\/\/schema.org","@graph":[{"@type":"WebPage","@id":"https:\/\/www.upjs.sk\/filozoficka-fakulta\/en\/pracoviska\/department-of-history\/15668-2\/","url":"https:\/\/www.upjs.sk\/filozoficka-fakulta\/en\/pracoviska\/department-of-history\/15668-2\/","name":"Staff and Contacts at the Department of History - Filozofick\u00e1 fakulta | UPJ\u0160","isPartOf":{"@id":"https:\/\/www.upjs.sk\/filozoficka-fakulta\/en\/#website"},"primaryImageOfPage":{"@id":"https:\/\/www.upjs.sk\/filozoficka-fakulta\/en\/pracoviska\/department-of-history\/15668-2\/#primaryimage"},"image":{"@id":"https:\/\/www.upjs.sk\/filozoficka-fakulta\/en\/pracoviska\/department-of-history\/15668-2\/#primaryimage"},"thumbnailUrl":"https:\/\/www.upjs.sk\/app\/uploads\/sites\/7\/2022\/09\/2019-11_Sutaj_jubileum_2.jpg","datePublished":"2022-11-03T08:04:06+00:00","dateModified":"2025-09-22T16:06:36+00:00","breadcrumb":{"@id":"https:\/\/www.upjs.sk\/filozoficka-fakulta\/en\/pracoviska\/department-of-history\/15668-2\/#breadcrumb"},"inLanguage":"en-US","potentialAction":[{"@type":"ReadAction","target":["https:\/\/www.upjs.sk\/filozoficka-fakulta\/en\/pracoviska\/department-of-history\/15668-2\/"]}]},{"@type":"ImageObject","inLanguage":"en-US","@id":"https:\/\/www.upjs.sk\/filozoficka-fakulta\/en\/pracoviska\/department-of-history\/15668-2\/#primaryimage","url":"https:\/\/www.upjs.sk\/app\/uploads\/sites\/7\/2022\/09\/2019-11_Sutaj_jubileum_2.jpg","contentUrl":"https:\/\/www.upjs.sk\/app\/uploads\/sites\/7\/2022\/09\/2019-11_Sutaj_jubileum_2.jpg"},{"@type":"BreadcrumbList","@id":"https:\/\/www.upjs.sk\/filozoficka-fakulta\/en\/pracoviska\/department-of-history\/15668-2\/#breadcrumb","itemListElement":[{"@type":"ListItem","position":1,"name":"Home","item":"https:\/\/www.upjs.sk\/filozoficka-fakulta\/en\/"},{"@type":"ListItem","position":2,"name":"Workplaces","item":"https:\/\/www.upjs.sk\/filozoficka-fakulta\/en\/pracoviska\/"},{"@type":"ListItem","position":3,"name":"Department of History","item":"https:\/\/www.upjs.sk\/filozoficka-fakulta\/en\/pracoviska\/department-of-history\/"},{"@type":"ListItem","position":4,"name":"Staff and Contacts at the Department of History"}]},{"@type":"WebSite","@id":"https:\/\/www.upjs.sk\/filozoficka-fakulta\/en\/#website","url":"https:\/\/www.upjs.sk\/filozoficka-fakulta\/en\/","name":"Filozofick\u00e1 fakulta | UPJ\u0160","description":"","publisher":{"@id":"https:\/\/www.upjs.sk\/filozoficka-fakulta\/en\/#organization"},"potentialAction":[{"@type":"SearchAction","target":{"@type":"EntryPoint","urlTemplate":"https:\/\/www.upjs.sk\/filozoficka-fakulta\/en\/?s={search_term_string}"},"query-input":{"@type":"PropertyValueSpecification","valueRequired":true,"valueName":"search_term_string"}}],"inLanguage":"en-US"},{"@type":"Organization","@id":"https:\/\/www.upjs.sk\/filozoficka-fakulta\/en\/#organization","name":"Filozofick\u00e1 fakulta | UPJ\u0160","url":"https:\/\/www.upjs.sk\/filozoficka-fakulta\/en\/","logo":{"@type":"ImageObject","inLanguage":"en-US","@id":"https:\/\/www.upjs.sk\/filozoficka-fakulta\/en\/#\/schema\/logo\/image\/","url":"https:\/\/www.upjs.sk\/app\/uploads\/sites\/7\/2023\/02\/FF_ENG_frame.svg","contentUrl":"https:\/\/www.upjs.sk\/app\/uploads\/sites\/7\/2023\/02\/FF_ENG_frame.svg","width":292,"height":61,"caption":"Filozofick\u00e1 fakulta | UPJ\u0160"},"image":{"@id":"https:\/\/www.upjs.sk\/filozoficka-fakulta\/en\/#\/schema\/logo\/image\/"}}]}},"_links":{"self":[{"href":"https:\/\/www.upjs.sk\/filozoficka-fakulta\/en\/wp-json\/wp\/v2\/cpt_pracoviska\/20804","targetHints":{"allow":["GET"]}}],"collection":[{"href":"https:\/\/www.upjs.sk\/filozoficka-fakulta\/en\/wp-json\/wp\/v2\/cpt_pracoviska"}],"about":[{"href":"https:\/\/www.upjs.sk\/filozoficka-fakulta\/en\/wp-json\/wp\/v2\/types\/cpt_pracoviska"}],"author":[{"embeddable":true,"href":"https:\/\/www.upjs.sk\/filozoficka-fakulta\/en\/wp-json\/wp\/v2\/users\/1"}],"up":[{"embeddable":true,"href":"https:\/\/www.upjs.sk\/filozoficka-fakulta\/en\/wp-json\/wp\/v2\/cpt_pracoviska\/20793"}],"wp:attachment":[{"href":"https:\/\/www.upjs.sk\/filozoficka-fakulta\/en\/wp-json\/wp\/v2\/media?parent=20804"}],"wp:term":[{"taxonomy":"category","embeddable":true,"href":"https:\/\/www.upjs.sk\/filozoficka-fakulta\/en\/wp-json\/wp\/v2\/categories?post=20804"},{"taxonomy":"post_tag","embeddable":true,"href":"https:\/\/www.upjs.sk\/filozoficka-fakulta\/en\/wp-json\/wp\/v2\/tags?post=20804"},{"taxonomy":"tax_aktuality","embeddable":true,"href":"https:\/\/www.upjs.sk\/filozoficka-fakulta\/en\/wp-json\/wp\/v2\/tax_aktuality?post=20804"}],"curies":[{"name":"wp","href":"https:\/\/api.w.org\/{rel}","templated":true}]}}