{"id":20979,"date":"2022-06-08T11:58:13","date_gmt":"2022-06-08T11:58:13","guid":{"rendered":"https:\/\/www.upjs.sk\/filozoficka-fakulta\/pracoviska\/department-of-history\/10986-2\/"},"modified":"2025-09-11T07:45:02","modified_gmt":"2025-09-11T06:45:02","slug":"10986-2","status":"publish","type":"cpt_pracoviska","link":"https:\/\/www.upjs.sk\/filozoficka-fakulta\/en\/pracoviska\/department-of-history\/10986-2\/","title":{"rendered":"Publications of the Department of History"},"content":{"rendered":"<style>.kadence-column20979_f8197f-9d > .kt-inside-inner-col,.kadence-column20979_f8197f-9d > .kt-inside-inner-col:before{border-top-left-radius:0px;border-top-right-radius:0px;border-bottom-right-radius:0px;border-bottom-left-radius:0px;}.kadence-column20979_f8197f-9d > .kt-inside-inner-col{column-gap:var(--global-kb-gap-sm, 1rem);}.kadence-column20979_f8197f-9d > .kt-inside-inner-col{flex-direction:column;}.kadence-column20979_f8197f-9d > .kt-inside-inner-col > .aligncenter{width:100%;}.kadence-column20979_f8197f-9d > .kt-inside-inner-col{background-color:#F4F4F4;}.kadence-column20979_f8197f-9d > .kt-inside-inner-col:before{opacity:0.3;}.kadence-column20979_f8197f-9d{position:relative;}@media all and (max-width: 1024px){.kadence-column20979_f8197f-9d > .kt-inside-inner-col{flex-direction:column;justify-content:center;}}@media all and (max-width: 767px){.kadence-column20979_f8197f-9d > .kt-inside-inner-col{flex-direction:column;justify-content:center;}}<\/style>\n<div class=\"wp-block-kadence-column kadence-column20979_f8197f-9d\"><div class=\"kt-inside-inner-col\"><style>.kt-accordion-id20979_ee3320-0c .kt-accordion-inner-wrap{column-gap:var(--global-kb-gap-md, 2rem);row-gap:8px;}.kt-accordion-id20979_ee3320-0c .kt-accordion-panel-inner{padding-top:var(--global-kb-spacing-sm, 1.5rem);padding-right:var(--global-kb-spacing-sm, 1.5rem);padding-bottom:var(--global-kb-spacing-sm, 1.5rem);padding-left:var(--global-kb-spacing-sm, 1.5rem);}.kt-accordion-id20979_ee3320-0c .wp-block-kadence-pane .kt-accordion-header-wrap .kt-blocks-accordion-header{background:#F4F4F4;color:#C19152;padding-top:var(--global-kb-spacing-xxs, 0.5rem);padding-right:var(--global-kb-spacing-xs, 1rem);padding-bottom:var(--global-kb-spacing-xxs, 0.5rem);padding-left:var(--global-kb-spacing-xs, 1rem);}.kt-accordion-id20979_ee3320-0c:not( .kt-accodion-icon-style-basiccircle ):not( .kt-accodion-icon-style-xclosecircle ):not( .kt-accodion-icon-style-arrowcircle ) .kt-blocks-accordion-icon-trigger:after, .kt-accordion-id20979_ee3320-0c:not( .kt-accodion-icon-style-basiccircle ):not( .kt-accodion-icon-style-xclosecircle ):not( .kt-accodion-icon-style-arrowcircle ) .kt-blocks-accordion-icon-trigger:before{background:#C19152;}.kt-accordion-id20979_ee3320-0c:not( .kt-accodion-icon-style-basic ):not( .kt-accodion-icon-style-xclose ):not( .kt-accodion-icon-style-arrow ) .kt-blocks-accordion-icon-trigger{background:#C19152;}.kt-accordion-id20979_ee3320-0c:not( .kt-accodion-icon-style-basic ):not( .kt-accodion-icon-style-xclose ):not( .kt-accodion-icon-style-arrow ) .kt-blocks-accordion-icon-trigger:after, .kt-accordion-id20979_ee3320-0c:not( .kt-accodion-icon-style-basic ):not( .kt-accodion-icon-style-xclose ):not( .kt-accodion-icon-style-arrow ) .kt-blocks-accordion-icon-trigger:before{background:#F4F4F4;}@media all and (max-width: 767px){.kt-accordion-id20979_ee3320-0c .kt-accordion-inner-wrap{display:block;}.kt-accordion-id20979_ee3320-0c .kt-accordion-inner-wrap .kt-accordion-pane:not(:first-child){margin-top:8px;}}<\/style>\n<div class=\"wp-block-kadence-accordion alignnone\"><div class=\"kt-accordion-wrap kt-accordion-id20979_ee3320-0c kt-accordion-has-11-panes kt-active-pane-0 kt-accordion-block kt-pane-header-alignment-left kt-accodion-icon-style-arrow kt-accodion-icon-side-left\" style=\"max-width:none\"><div class=\"kt-accordion-inner-wrap\" data-allow-multiple-open=\"false\" data-start-open=\"none\">\n<div class=\"wp-block-kadence-pane kt-accordion-pane kt-accordion-pane-1 kt-pane20979_673268-c0\"><div class=\"kt-accordion-header-wrap\"><button class=\"kt-blocks-accordion-header kt-acccordion-button-label-show\" type=\"button\"><span class=\"kt-blocks-accordion-title-wrap\"><span class=\"kt-blocks-accordion-title\"><strong>Monographs<\/strong><\/span><\/span><span class=\"kt-blocks-accordion-icon-trigger\"><\/span><\/button><\/div><div class=\"kt-accordion-panel kt-accordion-panel-hidden\"><div class=\"kt-accordion-panel-inner\">\n<ul class=\"wp-block-list\">\n<li>MELICH\u00c1REK, Maro\u0161 \u2013 JAN\u010cURA, Mikul\u00e1\u0161 \u2013 PEK\u00c1R, Martin. \u010ceskoslovensko a Juhosl\u00e1via medzi ideologick\u00fdmi prienikmi, kult\u00farnou dynamikou a historick\u00fdmi interakciami [Czechoslovakia and Yugoslavia between Ideological Penetrations, Cultural Dynamics and Historical Interactions]. Ko\u0161ice : V\u00fdchodoslovensk\u00fd historicko-v\u00fdskumn\u00fd in\u0161tit\u00fat, o. z., 2024, 154 pp.<\/li>\n\n\n\n<li>FEDOR\u010c\u00c1KOV\u00c1, M\u00e1ria. Civitas nostra Bardfa vocata: Spr\u00e1va mesta Bardejov v stredoveku (1320 \u2013 1526) [Civitas nostra Bardfa vocata: Administration of the town of Bardejov in the Middle Ages (1320 \u2013 1526)]. Ko\u0161ice: Bessarion, 2021, 239 pp. (<a href=\"https:\/\/www.upjs.sk\/app\/uploads\/sites\/7\/2022\/06\/Monografia_Civitas_nostra_Bardfa_vocata_Fedorcakova_obalka.pdf\" target=\"_blank\" rel=\"noreferrer noopener\" class=\"ek-link\">cover<\/a>)<\/li>\n\n\n\n<li>\u0160UTAJ, \u0160tefan \u2013 \u0160UTAJOV\u00c1, Jana. V\u00fdmena obyvate\u013estva medzi \u010ceskoslovenskom a Ma\u010farskom (v rokovaniach \u010ceskoslovensko-ma\u010farskej zmie\u0161anej komisie) [Population Exchange Between Czechoslovakia and Hungary (In Negotiations of the Czechoslovak-Hungarian Mixed Commission)]. Ko\u0161ice : Vydavate\u013estvo \u0160af\u00e1rikPress, Univerzita Pavla Jozefa \u0160af\u00e1rika v Ko\u0161iciach, 2022, 552 pp. (<a class=\"ek-link\" href=\"https:\/\/unibook.upjs.sk\/sk\/historia\/1806-vymena-obyvatelstva-medzi-ceskoslovenskom-a-madarskom-v-rokovaniach-ceskoslovensko-madarskej-zmiesanej-komisie\" target=\"_blank\" rel=\"noreferrer noopener\">available online<\/a>)<\/li>\n\n\n\n<li>HREHOR, Henrich. Parcel\u00e1cia a pr\u00eddel p\u00f4dy na Slovensku&nbsp;1918 \u2013 1938 [Plots and Subdivison of Land in Slovakia 1918 \u2013 1938].&nbsp;Ko\u0161ice : Filozofick\u00e1 fakulta, Univerzita Pavla Jozefa \u0160af\u00e1rika v Ko\u0161iciach, 2021, 262 pp.&nbsp;<\/li>\n\n\n\n<li>FOGELOV\u00c1, Patr\u00edcia \u2013 PEK\u00c1R, Martin. Disciplinovan\u00e9 mesto. Z\u00e1sahy politiky do verejn\u00e9ho priestoru na Slovensku 1938 \u2013 1945&nbsp;[Disciplined City. Policy Interventions in Public Space in Slovakia 1938 &#8211; 1945]. Ko\u0161ice : Univerzita Pavla Jozefa \u0160af\u00e1rika v Ko\u0161iciach, 2021,&nbsp;198 pp. (<a href=\"\/public\/media\/17371\/Monografia_Disciplinovane_mesto_Fogelova_Pekar.pdf\" target=\"_blank\" rel=\"noreferrer noopener\">imprint and contents<\/a>)<\/li>\n\n\n\n<li>REGIN\u00c1\u010cOV\u00c1, Nikola. Ko\u0161ice a s\u010d\u00edtania obyvate\u013eov : V\u00fdvoj po\u010dtu obyvate\u013eov Ko\u0161\u00edc v rokoch 1800 \u2013 1921 &nbsp;[Ko\u0161ice and Censuses: Development of the Population of Ko\u0161ice in 1800 \u2013 1921]. Ko\u0161ice : Univerzita Pavla Jozefa \u0160af\u00e1rika v Ko\u0161iciach, 2020,&nbsp;164 pp. (<a href=\"\/public\/media\/17371\/Monografia_Kosice_a_scitania_obyvatelov_Reginacova_obalka.png\" target=\"_blank\" rel=\"noreferrer noopener\">cover<\/a>,&nbsp;<a href=\"\/public\/media\/17371\/Monografia_Kosice_a_scitania_obyvatelov_Reginacova_obsah.pdf\" target=\"_blank\" rel=\"noreferrer noopener\">contents<\/a>,&nbsp;<a href=\"\/public\/media\/17371\/Monografia_Kosice_a_scitania_obyvatelov_Reginacova_tiraz.pdf\" target=\"_blank\" rel=\"noreferrer noopener\">imprint<\/a>)<\/li>\n\n\n\n<li>MELICH\u00c1REK, Maro\u0161.&nbsp;N\u00e1rody juhov\u00fdchodnej Eur\u00f3py v silo\u010diarach medzin\u00e1rodnej politiky 1856&nbsp;\u2013&nbsp;1913 [The Nations of Southeastern Europe in the International Politics&nbsp;1856&nbsp;\u2013&nbsp;1913].&nbsp;Ko\u0161ice : Univerzita Pavla Jozefa \u0160af\u00e1rika v Ko\u0161iciach, 2020, 230 pp. (<a href=\"\/public\/media\/17371\/Monografia_Narody-juhovychodnej-Europy-v-silociarach-medzinarodnej-politiky-1856-1913_Melicharek_obalka.jpg\" target=\"_blank\" rel=\"noreferrer noopener\">cover<\/a>, <a href=\"https:\/\/unibook.upjs.sk\/en\/history\/1349-narody-juhovychodnej-europy-v-silociarach-medzinarodnej-politiky-1856-1913-302621\" target=\"_blank\" rel=\"noreferrer noopener\">sale<\/a>)<\/li>\n\n\n\n<li>BORZA, Peter. Gr\u00e9ckokatol\u00edcka cirkev na okupovan\u00fdch \u00fazemiach \u010ceskoslovenska&nbsp;1938&nbsp;\u2013&nbsp;1945&nbsp;[The Greek Catholic Church in the Occupied Territories of Czechoslovakia&nbsp;1938&nbsp;\u2013&nbsp;1945]. Ko\u0161ice : Univerzita Pavla Jozefa \u0160af\u00e1rika v Ko\u0161iciach, 2019, 122 pp. (<a href=\"\/public\/media\/17371\/Monografia_Greckokatolicka_cirkev_Borza_Obalka.pdf\" target=\"_blank\" rel=\"noreferrer noopener\">cover<\/a>,&nbsp;<a href=\"\/public\/media\/17371\/Monografia_Greckokatolicka_cirkev_Borza_Obsah.pdf\" target=\"_blank\" rel=\"noreferrer noopener\">contents<\/a>)<\/li>\n\n\n\n<li>\u0160UTAJ, \u0160tefan. Emanuel B\u00f6hm a Jozef Styk&nbsp;\u2013&nbsp;Ko\u0161i\u010dania z Turca a Oravy. Rivali a spolupracovn\u00edci v slovenskej politike (1945&nbsp;\u2013 1948) [Emanuel B\u00f6hm and Jozef Styk&nbsp;\u2013&nbsp;The citizens of Ko\u0161ice from regions of Turiec and Orava. Rivals and colleagues in Slovak politics&nbsp;(1945&nbsp;\u2013 1948)]. Ko\u0161ice : Univerzita Pavla Jozefa \u0160af\u00e1rika v Ko\u0161iciach, 2018, 167 pp.&nbsp;&nbsp;(<a href=\"\/public\/media\/17371\/Monografia_Emanuel_Bohm_a_Jozef_Styk_od_Sutaj_obalka.pdf\" target=\"_blank\" rel=\"noreferrer noopener\">cover<\/a>,&nbsp;<a href=\"\/public\/media\/17371\/Monografia_Emanuel_Bohm_a_Jozef_Styk_od_Sutaj_obsah.pdf\" target=\"_blank\" rel=\"noreferrer noopener\">contents<\/a>)<\/li>\n\n\n\n<li>SENDEKOV\u00c1, Marta. Diockletianova politika a kres\u0165anstvo [The Diocletian\u00b4s policy and the Christianity]. Ko\u0161ice : Univerzita Pavla Jozefa \u0160af\u00e1rika v Ko\u0161iciach, 2018, 140 pp. (<a href=\"\/public\/media\/17371\/Dioklecianova_politika_a_krestanstvo_Sendekova_obalka.jpg\" target=\"_blank\" rel=\"noreferrer noopener\">cover<\/a>)<\/li>\n\n\n\n<li>BOJKOV\u00c1, Al\u017ebeta. Prim\u00e1rne probl\u00e9my transform\u00e1cie slovensk\u00fdch stredn\u00fdch a odborn\u00fdch \u0161k\u00f4l v Ko\u0161iciach v medzivojnovom obdob\u00ed [The primary problems of transformation of Slovak secondary and vocational schools in Ko\u0161ice in the interwar period]. Ko\u0161ice : Univerzita Pavla Jozefa \u0160af\u00e1rika v Ko\u0161iciach, 2018, 205 pp.&nbsp;(<a href=\"\/public\/media\/17371\/Monografia_Primarne_problemy_transformacie_skol_Bojkova-obalka.pdf\" target=\"_blank\" rel=\"noreferrer noopener\">cover<\/a>,&nbsp;<a href=\"\/public\/media\/17371\/Monografia_Primarne_problemy_transformacie_skol_Bojkova-obsah.pdf\" target=\"_blank\" rel=\"noreferrer noopener\">contents<\/a>)<\/li>\n\n\n\n<li>FEDOR\u010c\u00c1K, Peter. Tuka proti republike. Proces&nbsp;z roku 1929 [Tuka versus Republic.The process from 1929].&nbsp;Bratislava : Maren\u010din PT, 2018, 272 pp.&nbsp;(<a href=\"\/public\/media\/17371\/Monografia_Tuka%20proti%20republike_Fedorcak_obalka.jpg\" target=\"_blank\" rel=\"noreferrer noopener\">cover<\/a>,<a href=\"\/public\/media\/17371\/Monografia_Tuka%20proti%20republike_Fedorcak_obsah.pdf\" target=\"_blank\" rel=\"noreferrer noopener\">contents<\/a>)<\/li>\n\n\n\n<li>PEK\u00c1R, Martin. Pr\u00edbeh Juraja Sz\u00e1nta. Rozhovor o z\u00e1chrancoch a obeti [The story of Juraj Sz\u00e1nto. An interview about rescuers and a victim]. Ko\u0161ice : Univerzita Pavla Jozefa \u0160af\u00e1rika v Ko\u0161iciach, 2018, 122 pp. (<a href=\"\/public\/media\/17371\/Monografia_Pribeh_Juraja_Szanta_Pekar_obalka.jpg\" target=\"_blank\" rel=\"noreferrer noopener\">cover<\/a>)<\/li>\n\n\n\n<li>JAN\u010cURA, Mikul\u00e1\u0161. Osobn\u00fd automobilizmus na Slovensku v rokoch 1918&nbsp;\u2013 1938 [Private Motorism in Slovakia in the Years&nbsp;1918&nbsp;\u2013 1938]. Ko\u0161ice : Univerzita Pavla Jozefa \u0160af\u00e1rika v Ko\u0161iciach, 2017, 170 pp. (<a href=\"\/public\/media\/17371\/Kniha_Osobny_automobilizmus_Jancura_obalka_a_obsah.pdf\" target=\"_blank\" rel=\"noreferrer noopener\">cover and contents<\/a>)<\/li>\n\n\n\n<li>MAGDO\u0160KO, Drahoslav. Samospr\u00e1va mesta Ko\u0161ice v stredoveku [The Self-Governance of the Town of Ko\u0161ice in the Middle Ages]. Ko\u0161ice : Univerzita Pavla Jozefa \u0160af\u00e1rika v Ko\u0161iciach, 2017, 304 pp. (<a href=\"\/public\/media\/9168\/obalka-Samosprava.._navrh05.pdf\" target=\"_blank\" rel=\"noreferrer noopener\">cover<\/a>,&nbsp;<a href=\"\/public\/media\/9168\/Samosprava_mesta_Kosice_v_stredoveku_Magdosko.pdf\" target=\"_blank\" rel=\"noreferrer noopener\">contents<\/a>)<\/li>\n\n\n\n<li>TOK\u00c1ROV\u00c1, Zuzana. Slovensk\u00fd \u0161t\u00e1t: Re\u017eim medzi te\u00f3riou a politickou praxou&nbsp;[The Slovak State: R\u00e9gime between Theory and Political Practice]. Ko\u0161ice : UPJ\u0160, 2016, 272 pp. (<a href=\"\/public\/media\/9168\/Slovensky_stat_obalka.png\" target=\"_blank\" rel=\"noreferrer noopener\">cover<\/a>,&nbsp;<a href=\"\/public\/media\/9168\/Slovensky_stat_obsah.pdf\" target=\"_blank\" rel=\"noreferrer noopener\">contents<\/a>)<\/li>\n\n\n\n<li>\u0160UTAJ, \u0160tefan et al. Interrelations of Slovak and World Historiography (Slovak Historiography in European History). Ko\u0161ice : Univerzita Pavla Jozefa \u0160af\u00e1rika v Ko\u0161iciach, 2015, 158 pp.&nbsp;(<a href=\"\/public\/media\/17371\/Monografia_Interrelations_of_Slovak_Historiography_Sutaj_ed.pdf\" target=\"_blank\" rel=\"noreferrer noopener\">cover and contents<\/a>)<\/li>\n\n\n\n<li>MELICH\u00c1REK, Maro\u0161.&nbsp;Medzin\u00e1rodn\u00e9 vz\u0165ahy v 19. a 20. storo\u010d\u00ed I. N\u00e1rody juhov\u00fdchodnej Eur\u00f3py v silo\u010diarach medzin\u00e1rodnej politiky, 1804 \u2013 1856&nbsp;[International Relations in the 19th and 20th Century I. The South-East European Nations in the Network of Diplomacy, 1804 \u2013 1856]. Ko\u0161ice : Univerzita Pavla Jozefa \u0160af\u00e1rika v Ko\u0161iciach, 2015, 182 pp.&nbsp;(<a href=\"\/public\/media\/17371\/Monografia_Medzinarodne_vztahy_1_Melicharek.pdf\" target=\"_blank\" rel=\"noreferrer noopener\">cover and contents<\/a>)<\/li>\n\n\n\n<li>\u0160UTAJ, \u0160tefan. Par\u00ed\u017eska konferencia 1946 a mierov\u00e1 zmluva s Ma\u010farskom [The Paris Conference 1946 and The Peace Treaty with Hungary]. Pre\u0161ov : Universum, 2014, 404 pp.&nbsp;(<a href=\"\/public\/media\/17371\/Monografia_Parizska_konferencia_1946_Sutaj.pdf\" target=\"_blank\" rel=\"noreferrer noopener\">cover and contents<\/a>)<\/li>\n\n\n\n<li>KAMINSK\u00c1, \u013dubom\u00edra. Neanderthals at Bojnice in the Context of Central Europe.&nbsp;Brno : Moravsk\u00e9 zemsk\u00e9 muzeum. Nitra : Archeologick\u00fd \u00fastav SAV, 2013, 249 pp.<\/li>\n\n\n\n<li>\u0160UTAJ, \u0160tefan. Ma\u010farsk\u00e1 men\u0161ina na Slovensku v 20. storo\u010d\u00ed [Hungarian Minority in Slovakia in the 20th Century]. Bratislava : Kalligram, 2012, 400 pp.&nbsp;(<a href=\"\/public\/media\/17371\/Monografia_Madarska_mensina_na_Slovensku_Sutaj.pdf\" target=\"_blank\" rel=\"noreferrer noopener\">cover and contents<\/a>)<\/li>\n\n\n\n<li>PEK\u00c1R, Martin et al. Ethnic Minorities in Slovakia in the Years 1918 \u2013 1945.&nbsp;Pre\u0161ov : UNIVERSUM-EU, 2011, 195 pp.&nbsp;<\/li>\n\n\n\n<li>KAMINSK\u00c1, \u013dubom\u00edra. \u010ci\u010darovce \u2013 Ve\u013ek\u00e1 Mo\u013eva : V\u00fdskum polykult\u00farneho s\u00eddliska [\u010ci\u010darovce&nbsp;\u2013&nbsp;Ve\u013ek\u00e1 Mo\u013eva : Research of a Polycultural Settlement].&nbsp;Nitra : Archeologick\u00fd \u00fastav SAV v Nitre, 2010, 148 pp.<\/li>\n\n\n\n<li>FEDOR\u010c\u00c1K, Peter. Social issues in the first Czechoslovak Republic (1918 \u2013 1938).&nbsp;Olsztyn : Warmi\u0144skie Wydawnictwo Diecezjalne, 2010, 75 pp.&nbsp;(<a href=\"\/public\/media\/17371\/Monografia_Social_Issues_Fedorcak.pdf\" target=\"_blank\" rel=\"noreferrer noopener\">cover and contents<\/a>)<\/li>\n\n\n\n<li>OT\u010cEN\u00c1\u0160OV\u00c1, Sl\u00e1vka. Schv\u00e1len\u00e1 minulos\u0165 : kolekt\u00edvna identita v \u010deskoslovensk\u00fdch a slovensk\u00fdch u\u010debniciach dejepisu (1918 \u2013&nbsp;1989) [Approved Past : Collective Indentity in Czechoslovak and Slovak Textbooks (1918&nbsp;\u2013&nbsp;1989)].&nbsp;Ko\u0161ice : Univerzita Pavla Jozefa \u0160af\u00e1rika v Ko\u0161iciach, 2010, 159 pp.&nbsp;<\/li>\n\n\n\n<li>\u0160UTAJ, \u0160tefan. Magyarok Csehszlov\u00e1ki\u00e1ban 1945 \u2013&nbsp;1948 k\u00f6z\u00f6tt : tanulm\u00e1nyok a bene\u0161i dekr\u00e9tumokr\u00f3l a csehorsz\u00e1gi deport\u00e1l\u00e1sokr\u00f3l \u00e9s a lakoss\u00e1gcser\u00e9r\u0151l [Hungarians in Czechoslovakia between 1945 \u2013&nbsp;1948 : Studies on the Decrees of Bene\u0161 on Deportations in the Czechia&nbsp;and Population Change].&nbsp;Budapest : Lucidus Ki\u00e1do, 2008, 291 pp.<\/li>\n\n\n\n<li>OT\u010cEN\u00c1\u0160, Michal&nbsp;\u2013 HAVRILA, Marek&nbsp;\u2013 LIPKA, Martin&nbsp;\u2013 OT\u010cEN\u00c1\u0160OV\u00c1, Sl\u00e1vka. Metodologick\u00e9 v\u00fdchodisk\u00e1 v\u00fdskumu vz\u0165ahov slovenskej historiografie k inon\u00e1rodn\u00fdm historiografi\u00e1m v 20. storo\u010d\u00ed [Methodological Bases of the Research of Relations of Slovak Historiography to Other Historiographies in the 20th Century].&nbsp;Ko\u0161ice : Univerzita Pavla Jozefa \u0160af\u00e1rika v Ko\u0161iciach, 2009, 76 pp.<\/li>\n<\/ul>\n<\/div><\/div><\/div>\n\n\n\n<div class=\"wp-block-kadence-pane kt-accordion-pane kt-accordion-pane-2 kt-pane20979_ee5d26-fc\"><div class=\"kt-accordion-header-wrap\"><button class=\"kt-blocks-accordion-header kt-acccordion-button-label-show\" type=\"button\"><span class=\"kt-blocks-accordion-title-wrap\"><span class=\"kt-blocks-accordion-title\"><strong>Collective Volumes<\/strong><\/span><\/span><span class=\"kt-blocks-accordion-icon-trigger\"><\/span><\/button><\/div><div class=\"kt-accordion-panel kt-accordion-panel-hidden\"><div class=\"kt-accordion-panel-inner\">\n<ul class=\"wp-block-list\">\n<li>MAGDO\u0160KO, Drahoslav (ed.). Historik, archiv\u00e1r a univerzitn\u00fd profesor Ferdinand Uli\u010dn\u00fd \u00b490  [Historian, Archivist and University Professor Ferdinand Uli\u010dn\u00fd \u00b490]. Ko\u0161ice : Univerzita Pavla Jozefa \u0160af\u00e1rika v Ko\u0161iciach, 2024,&nbsp;290 pp. (<a href=\"https:\/\/unibook.upjs.sk\/sk\/filozoficka-fakulta\/2048-historik-archivar-a-univerzitny-profesor-ferdinand-ulicny-90\">available online<\/a>)<\/li>\n\n\n\n<li>\u0160UTAJ, \u0160tefan (ed.). Zmeny hran\u00edc a pohyb obyvate\u013estva v Eur\u00f3pe po druhej svetovej vojne [Border Changes and Population Movements in Europe&nbsp;after 2WW]. Ko\u0161ice : Univerzita Pavla Jozefa \u0160af\u00e1rika v Ko\u0161iciach, 2020,&nbsp;296 pp.&nbsp;(<a href=\"\/public\/media\/17371\/Zbornik_Zmeny_hranic_obalka.png\" target=\"_blank\" rel=\"noreferrer noopener\">cover<\/a>,&nbsp;<a href=\"\/public\/media\/17371\/Zbornik_Zmeny_hranic_obsah.pdf\" target=\"_blank\" rel=\"noreferrer noopener\">contents<\/a>,&nbsp;<a href=\"\/public\/media\/17371\/Zbornik_Zmeny_hranic_tiraz.pdf\" target=\"_blank\" rel=\"noreferrer noopener\">imprint<\/a>)<\/li>\n\n\n\n<li>REGIN\u00c1\u010cOV\u00c1, Nikola&nbsp;\u2013&nbsp;\u0160UTAJ, \u0160tefan&nbsp;\u2013&nbsp;\u010eURKOVSK\u00c1, M\u00e1ria (eds.). Etnick\u00e9 vz\u0165ahy na Slovensku na za\u010diatku 21. storo\u010dia. Ko\u0161ice : Univerzita Pavla Jozefa \u0160af\u00e1rika v Ko\u0161iciach, 2020, 204 pp.&nbsp;(<a href=\"\/public\/media\/17371\/Zbornik_Etnicke_vztahy_na_Slovensku_obalka.png\" target=\"_blank\" rel=\"noreferrer noopener\">cover<\/a>,&nbsp;<a href=\"\/public\/media\/17371\/Zbornik_Etnicke_vztahy_na_Slovensku_obsah.pdf\" target=\"_blank\" rel=\"noreferrer noopener\">contents<\/a>,&nbsp;<a href=\"\/public\/media\/17371\/Zbornik_Etnicke_vztahy_na_Slovensku_tiraz.pdf\" target=\"_blank\" rel=\"noreferrer noopener\">imprint<\/a>)<\/li>\n\n\n\n<li>\u010eURKOVSK\u00c1, M\u00e1ria&nbsp;\u2013&nbsp;\u0160UTAJ, \u0160tefan&nbsp;\u2013&nbsp;REGIN\u00c1\u010cOV\u00c1, Nikola (eds.). Ethnic Relations in Slovakia at the Beginning of the 21st Century. Ko\u0161ice : Univerzita Pavla Jozefa \u0160af\u00e1rika v Ko\u0161iciach, 2020,&nbsp;208 pp.&nbsp;(<a href=\"\/public\/media\/17371\/Proceedings_Ethnic_relations_in_Slovakia_cover.png\" target=\"_blank\" rel=\"noreferrer noopener\">cover<\/a>,&nbsp;<a href=\"\/public\/media\/17371\/Proceedings_Ethnic_relations_in_Slovakia_contents.pdf\" target=\"_blank\" rel=\"noreferrer noopener\">contents<\/a>,&nbsp;<a href=\"\/public\/media\/17371\/Proceedings_Ethnic_relations_in_Slovakia_imprint.pdf\" target=\"_blank\" rel=\"noreferrer noopener\">imprint<\/a>)<\/li>\n\n\n\n<li>\u0160UTAJ, \u0160tefan (ed.).&nbsp;V\u00fdznamn\u00e9 osobnosti politiky a kult\u00fary v Ko\u0161iciach [Significant Personalities of Politics and Culture in Ko\u0161ice]. Ko\u0161ice : Univerzita Pavla Jozefa \u0160af\u00e1rika v Ko\u0161iciach, 2017, 120 pp.&nbsp;(<a href=\"\/public\/media\/17371\/Zbornik_Vyznamne_osobnosti_politiky_a_kultury_Sutaj_ed.pdf\" target=\"_blank\" rel=\"noreferrer noopener\">cover and contents<\/a>)<\/li>\n\n\n\n<li>PEK\u00c1R, Martin&nbsp;\u2013&nbsp;SIMON, Attila&nbsp;\u2013&nbsp;TOK\u00c1ROV\u00c1, Zuzana (eds.).&nbsp;Cena v\u00ed\u0165azstva : odvle\u010denie obyvate\u013eov z \u00fazemia \u010ceskoslovenska, Ma\u010farska a Po\u013eska do Sovietskeho zv\u00e4zu v rokoch 1944 \u2013&nbsp;1945 [The Price of Victory : Removal of Citizens from Czechoslovakia, Hungary and Poland to the Soviet&nbsp;Union in 1944&nbsp;\u2013&nbsp;1945].&nbsp;\u0160amor\u00edn : Forum in\u0161tit\u00fat pre v\u00fdskum men\u0161\u00edn, 2017, 124 pp.<\/li>\n\n\n\n<li>\u0160UTAJ, \u0160tefan (ed.).&nbsp;\u013dudia a dejiny \u2013 historick\u00e1 biografia a jej miesto v historiografii [The People and History \u2013 Historical Biography and Its Place in Historiography]. Ko\u0161ice : UPJ\u0160, 2016, 150 pp. (<a href=\"\/public\/media\/9168\/Ludia_a_dejiny_zbornik_obalka_2016.pdf\">cover<\/a>,&nbsp;<a href=\"\/public\/media\/9168\/Ludia_a_dejiny_zbornik_obsah_2016.pdf\">contents<\/a>)<\/li>\n\n\n\n<li>OT\u010cEN\u00c1\u0160OV\u00c1, Sl\u00e1vka&nbsp;\u2013&nbsp;ZAHOR\u00c1N, Csaba (eds.).&nbsp;Shifting Discourses on Central European Histories.&nbsp;Budapest : Terra Recognita Foundation, 2015, 183 pp.&nbsp;(<a href=\"\/public\/media\/17371\/Zbornik_Shiffting_History_Otcenasova-Zahoran.pdf\" target=\"_blank\" rel=\"noreferrer noopener\">cover and contents<\/a>)<\/li>\n\n\n\n<li>PEK\u00c1R, Martin (ed.).&nbsp;Zlomky z dej\u00edn Slovenska v 19. a 20. storo\u010d\u00ed [Fragments from the History of Slovakia in the 19th and 20th Century]. Ko\u0161ice : Equilibria, 2015, 176 pp. (<a href=\"\/public\/media\/17371\/Zbornik_Zlomky_z_dejin_Slovenska_Pekar_ed.pdf\" target=\"_blank\" rel=\"noreferrer noopener\">cover and contents<\/a>)<\/li>\n\n\n\n<li>DOMENOV\u00c1, Marcela \u2013 MAGDO\u0160KO, Drahoslav (eds.).&nbsp;Pozn\u00e1vanie dej\u00edn Slovenska. Pramene, met\u00f3dy a poznatky [Recognizing the History of Slovakia. Sources, Methods and Knowledge]. Pre\u0161ov \u2013 Ko\u0161ice : UNIVERSUM-EU, 2015, 360 pp. (<a href=\"\/public\/media\/9570\/Poznavanie_dejin_Slovenska_obsah.pdf\" target=\"_blank\" rel=\"noreferrer noopener\">contents<\/a>)<\/li>\n\n\n\n<li>KAMINSK\u00c1, \u013dubom\u00edra (ed.).&nbsp;Star\u00e9 Slovensko 2 : Paleolit a mezolit [Old Slovakia 2 :&nbsp;Palaeolithic and Mesolithic]. Nitra : Archeologick\u00fd \u00fastav SAV, 2014,&nbsp;366 pp.&nbsp;<\/li>\n\n\n\n<li>\u0160UTAJ, \u0160tefan \u2013 DZURIKANINOV\u00c1, Nikoleta (eds.).&nbsp;\u0160trukt\u00fary a fragmenty historick\u00e9ho v\u00fdvoja Ko\u0161\u00edc [The Structers and Fragments of Historical Development of Ko\u0161ice]. Ko\u0161ice : UPJ\u0160, 2014, 236 pp. (<a href=\"\/public\/media\/9570\/Struktury_a_fragmenty_2015_obalka.jpg\" target=\"_blank\" rel=\"noreferrer noopener\">cover<\/a>,&nbsp;<a href=\"\/public\/media\/9570\/Struktury_a_fragmenty_2015_obsah.jpg\" target=\"_blank\" rel=\"noreferrer noopener\">contents<\/a>)<\/li>\n\n\n\n<li>GABZDILOV\u00c1, So\u0148a&nbsp;\u2013&nbsp;SIMON, Attila&nbsp;(eds.).&nbsp;Pr\u00edstupy k rie\u0161eniu n\u00e1rodnostnej ot\u00e1zky v medzivojnovom \u010ceskoslovensku (CD-ROM) [Approaches to Solving the National Issue in Interwar Czechoslovakia (CD-ROM)].&nbsp;Kom\u00e1rno : Univerzita J. Selyeho, 2014, 199 pp.<\/li>\n\n\n\n<li>HRUBO\u0147, Anton\u00edn&nbsp;\u2013&nbsp;LEPI\u0160, Juraj&nbsp;\u2013&nbsp;TOK\u00c1ROV\u00c1, Zuzana (eds.).&nbsp;Slovensko v rokoch neslobody 1938 \u2013 1989 II.&nbsp;Osobnosti zn\u00e1me \u2013 nezn\u00e1me [Slovakia in the Years of Lack of Freedom II. Known and Unknown Personalities].&nbsp;Bratislava : \u00dastav pam\u00e4ti n\u00e1roda, 2014, 295 pp.&nbsp;<\/li>\n\n\n\n<li>BOJKOV\u00c1, Al\u017ebeta \u2013 REGIN\u00c1\u010cOV\u00c1, Nikola (eds.).&nbsp;Historick\u00e9 medzn\u00edky vo v\u00fdvoji Ko\u0161\u00edc v 20. storo\u010d\u00ed [Historical Milestones in the Development of Ko\u0161ice in the 20th Century]. Ko\u0161ice : Univerzita Pavla Jozefa \u0160af\u00e1rika v Ko\u0161iciach, 2013, 148 pp. (<a href=\"\/public\/media\/17371\/Zbornik_Historicke_medzniky_%20Reginacova_Bojkova_eds.pdf\" target=\"_blank\" rel=\"noreferrer noopener\">cover and contents<\/a>)<\/li>\n\n\n\n<li>HREHOR, Henrich \u2013 PEK\u00c1R, Martin (eds.).&nbsp;Transformation of Central European Cities in Historical Development (Ko\u0161ice, Krak\u00f3w, Miskolc, Opava). From the Middle Ages to the End of the 18th Century. Ko\u0161ice : Univerzita Pavla Jozefa \u0160af\u00e1rika v Ko\u0161iciach, 2013, 160 pp. (<a href=\"http:\/\/www.upjs.sk\/public\/media\/5596\/Transformation-of-Centra-European-cities.pdf\" target=\"_blank\" rel=\"noreferrer noopener\">whole volume<\/a>)<\/li>\n\n\n\n<li>AMBRU\u0160OV\u00c1, Ur\u0161ula \u2013 FEDOR\u010c\u00c1K, Peter (eds.).&nbsp;Ko\u0161ice \u2013 In\u0161titucion\u00e1lna z\u00e1klad\u0148a kult\u00fary, \u0161kolstva a vedy [Ko\u0161ice \u2013 The Institutional Basis of the Culture, Education and Science]. Ko\u0161ice : Univerzita Pavla Jozefa \u0160af\u00e1rika v Ko\u0161iciach,&nbsp;2012,&nbsp;230 pp.&nbsp;(<a href=\"\/public\/media\/9570\/VSM140_obalka.jpg\" target=\"_blank\" rel=\"noreferrer noopener\">cover<\/a>,&nbsp;<a href=\"\/public\/media\/9570\/VSM140_Tiraz-1.pdf\" target=\"_blank\" rel=\"noreferrer noopener\">contents<\/a>)<\/li>\n\n\n\n<li>ULI\u010cN\u00dd, Ferdinand \u2013 MAGDO\u0160KO, Drahoslav (eds.).&nbsp;Bitka pri Rozhanovciach v kontexte slovensk\u00fdch a uhorsk\u00fdch dej\u00edn [The Battle of Rozhanovce in the Context of Slovak and Hungarian Kingdom\u00b4s History]. Ko\u0161ice : Univerzita Pavla Jozefa \u0160af\u00e1rika v Ko\u0161iciach, 2012,&nbsp;356 pp. (<a href=\"\/public\/media\/9570\/Zbornik_Rozhanovce_obalka.jpg\" target=\"_blank\" rel=\"noreferrer noopener\">cover<\/a>,&nbsp;<a href=\"\/public\/media\/9570\/zbornik_rozhanovce_-_uvodne_strany.pdf\" target=\"_blank\" rel=\"noreferrer noopener\">contents<\/a>)<\/li>\n\n\n\n<li>OT\u010cEN\u00c1\u0160OV\u00c1, Sl\u00e1vka&nbsp;\u2013&nbsp;ZAHOR\u00c1N, Csaba (eds.).&nbsp;H\u013eadanie spolo\u010dn\u00e9ho jazyka o spolo\u010dnej minulosti \u2013 dial\u00f3g mladej gener\u00e1cie slovensk\u00fdch a ma\u010farsk\u00fdch historikov (CD-ROM) [Finding a Common Language&nbsp;\u2013 A Dialogue of the Young Generation of the Slovak and Hungarian Historians&nbsp;(CD-ROM)].&nbsp;Ko\u0161ice : Filozofick\u00e1 fakulta UPJ\u0160 v Ko\u0161iciach, 2012, 116 pp.<\/li>\n\n\n\n<li>\u0160UTAJ, \u0160tefan (ed.).&nbsp;Ko\u0161ice a dejiny \u2013 dejiny Ko\u0161\u00edc [Ko\u0161ice and History \u2013 History of Ko\u0161ice]. Ko\u0161ice : Univerzita Pavla Jozefa \u0160af\u00e1rika v Ko\u0161iciach, 2011,&nbsp;206 pp. (<a href=\"\/public\/media\/9570\/Zbornik_Kosice_a_dejiny_obalka.jpg\" target=\"_blank\" rel=\"noreferrer noopener\">cover<\/a>,&nbsp;<a href=\"\/public\/media\/9570\/Zbornik_Kosice_a_dejiny_obsah.jpg\" target=\"_blank\" rel=\"noreferrer noopener\">contents<\/a>)<\/li>\n\n\n\n<li>\u0160UTAJ, \u0160tefan (ed.).&nbsp;Key Issues of Slovak and Hungarian History (A View of Slovak Historians). Pre\u0161ov : Universum, 2011, 258 pp.<\/li>\n\n\n\n<li>ZAHOR\u00c1N, Csaba&nbsp;\u2013&nbsp;KOLLAI, Istv\u00e1n&nbsp;\u2013&nbsp;OT\u010cEN\u00c1\u0160OV\u00c1, Sl\u00e1vka (eds.).&nbsp;Nezn\u00e1my sused : dvadsa\u0165 rokov Ma\u010farska (1990 \u2013&nbsp;2010)&nbsp;[The Unknown Neighbour : Twenty Years of Hungary (1990&nbsp;\u2013&nbsp;2010)].&nbsp;Budapest : Terra Recognita Alap\u00edtv\u00e1ny, 2011, 254 pp.<\/li>\n\n\n\n<li>S\u00c1POSOV\u00c1, Zlatica&nbsp;\u2013&nbsp;\u0160UTAJ, \u0160tefan (eds.).&nbsp;Povojnov\u00e9 migr\u00e1cie a v\u00fdmena obyvate\u013estva medzi \u010ceskoslovenskom a Ma\u010farskom [Post-War Migrations and the Population Exchange Between Czechoslovakia and Hungary].&nbsp;Pre\u0161ov : Universum, 2010, 221 pp.&nbsp;<\/li>\n\n\n\n<li>HAVRILA, Marek&nbsp;\u2013&nbsp;OT\u010cEN\u00c1\u0160OV\u00c1, Sl\u00e1vka (eds.).&nbsp;Historiografia na Slovensku v kontexte spolo\u010densk\u00e9ho v\u00fdvinu v 19. a 20. storo\u010d\u00ed [Historiography in Slovakia in the Context of Social Development in the 19th and 20th Centuries].&nbsp;Pre\u0161ov : UNIVERSUM-EU, 2009, 99 pp.<\/li>\n\n\n\n<li>\u0160UTAJ, \u0160tefan (ed.).&nbsp;Ma\u010farsk\u00e1 men\u0161ina na Slovensku po roku 1989 [Hungarian Minority in Slovakia after 1989]. Pre\u0161ov : Universum, 2008, 216 pp.&nbsp; \u0160UTAJ, \u0160tefan (ed.).&nbsp;Protihabsbursk\u00e9 stavovsk\u00e9 povstania a ich vplyv na v\u00fdvoj pohrani\u010dn\u00fdch regi\u00f3nov Slovenska a Ma\u010farska v 17. storo\u010d\u00ed [Anti-Habsburg Uprisings and Their Impact on the Development of the Border Regions of Slovakia and Hungary in the 17th Century]. Pre\u0161ov : Universum, 2008,&nbsp;166 pp.<\/li>\n<\/ul>\n<\/div><\/div><\/div>\n\n\n\n<div class=\"wp-block-kadence-pane kt-accordion-pane kt-accordion-pane-3 kt-pane20979_a3fe4d-0e\"><div class=\"kt-accordion-header-wrap\"><button class=\"kt-blocks-accordion-header kt-acccordion-button-label-show\" type=\"button\"><span class=\"kt-blocks-accordion-title-wrap\"><span class=\"kt-blocks-accordion-title\"><strong>Collective Volumes<\/strong> <strong>from Meetings of Young Historians<\/strong><\/span><\/span><span class=\"kt-blocks-accordion-icon-trigger\"><\/span><\/button><\/div><div class=\"kt-accordion-panel kt-accordion-panel-hidden\"><div class=\"kt-accordion-panel-inner\">\n<ul class=\"wp-block-list\">\n<li>KUNCOV\u00c1, Helena \u2013 HRIC, Pavol (eds.). Myslenie a spolo\u010dnos\u0165 v priebehu dej\u00edn. Stretnutie mlad\u00fdch historikov XIV. [Thought and society in the course of history. Conference of Young Historians XIV.]. Ko\u0161ice : Vydavate\u013estvo \u0160af\u00e1rikPress, Univerzita Pavla Jozefa \u0160af\u00e1rika v Ko\u0161iciach, 2025, 181 pp. (<a href=\"https:\/\/unibook.upjs.sk\/en\/filozoficka-fakulta\/1299-myslenie-a-spolocnost-v-priebehu-dejin-stretnutie-mladych-historikov-xiv.html\">PDF<\/a>)<\/li>\n\n\n\n<li>BILECOV\u00c1, Simona \u2013 TRESOV\u00c1, Monika (eds.). Moc v dejin\u00e1ch \u013eudskej spolo\u010dnosti. Stretnutie mlad\u00fdch historikov XIII. [Power in the History of Human Society. Conference of Young Historians XIII.]. Ko\u0161ice : Vydavate\u013estvo \u0160af\u00e1rikPress, Univerzita Pavla Jozefa \u0160af\u00e1rika v Ko\u0161iciach, 2024, 113 pp. (<a aria-label=\"cel\u00fd zborn\u00edk (opens in a new tab)\" href=\"https:\/\/unibook.upjs.sk\/sk\/filozoficka-fakulta\/1987-moc-v-dejinach-ludskej-spolocnosti-stretnutie-mladych-historikov-xiii?fbclid=IwAR3OAbQGI_HHHD417fNyOXw0YODd-9RXPHpUHD4CU_grQoK1AK3WVtg_Cmc_aem_AcYq0ocaC9TaG2-xJM2GXjvTYDtqmEpdZLXhZH6nQ3UdWdHv39n3II8EUxKWz1Xxg4zpRKG7vGcugKdimnIT5DDv\" target=\"_blank\" rel=\"noreferrer noopener\" class=\"ek-link\">PDF<\/a>)<\/li>\n\n\n\n<li>FEDOR\u010c\u00c1KOV\u00c1, M\u00e1ria \u2013 FIL\u010c\u00c1KOV\u00c1, Miriama (eds.). Historick\u00fd prame\u0148 v s\u00fa\u010dasnosti \u2013 arch\u00edvy, inov\u00e1cie, zdie\u013eanie. Stretnutie mlad\u00fdch historikov XII. [Historical Source in the Present &#8211; Archives, Innovation, Sharing. Conference of Young Historians XII.]. Ko\u0161ice : Vydavate\u013estvo \u0160af\u00e1rikPress, Univerzita Pavla Jozefa \u0160af\u00e1rika v Ko\u0161iciach, 2023, 88 pp. (<a href=\"https:\/\/unibook.upjs.sk\/sk\/historia\/1825-historicky-pramen-v-sucasnosti-archivy-inovacie-zdielanie-stretnutie-mladych-historikov-xii\" target=\"_blank\" rel=\"noreferrer noopener\" class=\"ek-link\">PDF<\/a>)<\/li>\n\n\n\n<li>Poznanie, spolo\u010dnos\u0165, dejiny.&nbsp;Stretnutie mlad\u00fdch historikov XI. [Knowledge, Society, History.&nbsp;Conference of Young Historians XI.]. FIL\u010c\u00c1KOV\u00c1, Miriama (ed.). Ko\u0161ice : Filozofick\u00e1 fakulta, Univerzita Pavla Jozefa \u0160af\u00e1rika v Ko\u0161iciach, 2022, 164&nbsp;pp. (<a href=\"https:\/\/unibook.upjs.sk\/sk\/historia\/1630-poznanie-spolocnost-dejiny-stretnutie-mladych-historikov-xi\" target=\"_blank\" rel=\"noreferrer noopener\" class=\"ek-link\">PDF<\/a>)<\/li>\n\n\n\n<li>KATRI\u0147\u00c1K, Luk\u00e1\u0161 (ed.).&nbsp;Prehodnoten\u00e9 dejiny. Historick\u00e1 pam\u00e4\u0165&nbsp;\u2013&nbsp;jej miesto a v\u00fdznam pre spolo\u010dnos\u0165. Stretnutie mlad\u00fdch historikov VII. [Revised History. Historical Memory \u2013 Its Place and Importance for Society.&nbsp;Conference of Young Historians VII.]. Ko\u0161ice : Univerzita Pavla Jozefa \u0160af\u00e1rika v Ko\u0161iciach, 2018,&nbsp;66 pp. (<a href=\"\/public\/media\/17371\/Zbornik_SMH_VII-Prehodnotene%20dejiny.pdf\" target=\"_blank\" rel=\"noreferrer noopener\" class=\"ek-link\">PDF<\/a>)<\/li>\n\n\n\n<li>\u010eU\u010e\u00c1KOV\u00c1, Monika&nbsp;\u2013&nbsp;PO\u010c\u00c1TKO, Martin (eds.).&nbsp;Migra\u010dn\u00e9 procesy v dejin\u00e1ch Eur\u00f3py. Kr\u00edza alebo \u00fasvit civiliz\u00e1cie? Stretnutie mlad\u00fdch historikov VI. [Migration Processes in the History of Europe. Crisis or Dawn of Civilization? Conference of Young Historians VI.]. Ko\u0161ice \u2013 Praha : Univerzita Pavla Jozefa \u0160af\u00e1rika v Ko\u0161iciach a \u00dastav pro soudob\u00e9 d\u011bjiny AV \u010cR, 2017, 162 pp.&nbsp;(<a href=\"\/public\/media\/17371\/Zbornik_SHM_VI_Migracne_procesy_obalka_obsah.pdf\" target=\"_blank\" rel=\"noreferrer noopener\">cover and contents<\/a>)<\/li>\n\n\n\n<li>DZURIKANINOV\u00c1, Nikoleta (ed.).&nbsp;Vojensk\u00e9 konflikty v dejin\u00e1ch Eur\u00f3py. Stretnutie mlad\u00fdch historikov V. [Military Conflicts in the History of Europe. Conference of Young Historians V.]. Ko\u0161ice : Univerzita Pavla Jozefa \u0160af\u00e1rika v Ko\u0161iciach, 2016, 204 pp.&nbsp;(<a href=\"\/public\/media\/17371\/Zbornik_SMH_V_Vojenske_konflikty.pdf\" target=\"_blank\" rel=\"noreferrer noopener\">cover and contents<\/a>)<\/li>\n\n\n\n<li>KACVINSK\u00dd, Pavol&nbsp;\u2013&nbsp;DZURIKANINOV\u00c1, Nikoleta (eds.).&nbsp;Stredoeur\u00f3pske mesto ako politick\u00e9, hospod\u00e1rske a kult\u00farne centrum.&nbsp;Stretnutie mlad\u00fdch historikov IV. [Central European City as a Political, Economic and Cultural Center. Conference of Young Historians IV.]. Ko\u0161ice : Univerzita Pavla Jozefa \u0160af\u00e1rika v Ko\u0161iciach, 2015, 168 pp.&nbsp;(<a href=\"\/public\/media\/17371\/Zbornik_SMH_IV_Stredoeuropske_mesto.pdf\" target=\"_blank\" rel=\"noreferrer noopener\">cover and contents<\/a>)<\/li>\n\n\n\n<li>PEK\u00c1R, Martin \u2013 TOK\u00c1ROV\u00c1, Zuzana (eds.).&nbsp;\u010clovek, spolo\u010dnos\u0165, doba. Stretnutie mlad\u00fdch historikov III. [Man, Society, Era. Conference of Young Historians III]. Ko\u0161ice, UPJ\u0160, 2014, 276 pp. (<a href=\"\/public\/media\/9570\/Zbornik_SHM_III_obalka.jpg\" target=\"_blank\" rel=\"noreferrer noopener\">cover<\/a>,&nbsp;<a href=\"\/public\/media\/9570\/Zbornik_SHM_III_obsah.jpg.pdf\" target=\"_blank\" rel=\"noreferrer noopener\">contents<\/a>)<\/li>\n\n\n\n<li>FABOV\u00c1, Bernadeta \u2013 JAN\u010cURA, Mikul\u00e1\u0161 (eds.).&nbsp;Priese\u010dn\u00edky spolo\u010dnej hist\u00f3rie kraj\u00edn V4.&nbsp;Stretnutie mlad\u00fdch historikov II. [Intersections of the V4 Coutries\u00b4 Common History. Conference&nbsp;of Young Historians II.]. Ko\u0161ice : Univerzita Pavla Jozefa \u0160af\u00e1rika v Ko\u0161iciach, 2013,&nbsp;119 pp. (<a href=\"http:\/\/www.upjs.sk\/public\/media\/5596\/Stretnutie-mladych-historikov.pdf\" target=\"_blank\" rel=\"noreferrer noopener\" class=\"ek-link\">PDF<\/a>) <\/li>\n\n\n\n<li>BOJKOV\u00c1, Al\u017ebeta (ed.).&nbsp;Spolo\u010dnos\u0165, kult\u00fara a ka\u017edennos\u0165 v dejin\u00e1ch Slovenska.&nbsp;Stretnutie mlad\u00fdch historikov I.&nbsp;[Society, Culture and Everydayness in the Past of Slovakia. Conference&nbsp;of Young Historians I.]. Ko\u0161ice : Univerzita Pavla Jozefa \u0160af\u00e1rika v Ko\u0161iciach, 2012,&nbsp;408&nbsp;pp.&nbsp;(<a href=\"\/public\/media\/9570\/Zbornik_Spolocnost_kultura_obalka.jpg\" target=\"_blank\" rel=\"noreferrer noopener\">cover<\/a>,&nbsp;<a href=\"\/public\/media\/9570\/obsah_-_zbornik_-_spolocnost_kultura_a_kazdodennost_v_dejinach_svk_-_shm_i.pdf\" target=\"_blank\" rel=\"noreferrer noopener\">contents<\/a>)<\/li>\n<\/ul>\n<\/div><\/div><\/div>\n\n\n\n<div class=\"wp-block-kadence-pane kt-accordion-pane kt-accordion-pane-4 kt-pane20979_2b7048-2b\"><div class=\"kt-accordion-header-wrap\"><button class=\"kt-blocks-accordion-header kt-acccordion-button-label-show\" type=\"button\"><span class=\"kt-blocks-accordion-title-wrap\"><span class=\"kt-blocks-accordion-title\"><strong>Collective Volumes<\/strong> <strong>from Student Scientific Conferences<\/strong><\/span><\/span><span class=\"kt-blocks-accordion-icon-trigger\"><\/span><\/button><\/div><div class=\"kt-accordion-panel kt-accordion-panel-hidden\"><div class=\"kt-accordion-panel-inner\">\n<ul class=\"wp-block-list\">\n<li>JAN\u010cURA, Mikul\u00e1\u0161 \u2013 MELICH\u00c1REK Maro\u0161 (eds.). \u0160tudentsk\u00e1 vedeck\u00e1 konferencia XIII. Zborn\u00edk pr\u00edspevkov. Ko\u0161ice : Vydavate\u013estvo \u0160af\u00e1rikPress, Univerzita Pavla Jozefa \u0160af\u00e1rika v Ko\u0161iciach, 2025, 156 pp. (<a href=\"https:\/\/unibook.upjs.sk\/sk\/filozoficka-fakulta\/1323-studentska-vedecka-konferencia-xiii.html?fbclid=IwY2xjawLKEVpleHRuA2FlbQIxMQABHmF1ndllT-rHaYpQzABBNZNJzSMxsItA96kUDcL-BFc88ENQ19J3_R62qPsx_aem_HORINSOehF5koAWLZPfHbQ&amp;sfnsn=mo\">available online<\/a>)<\/li>\n\n\n\n<li>JAN\u010cURA, Mikul\u00e1\u0161 \u2013 MELICH\u00c1REK Maro\u0161 (eds.). \u0160tudentsk\u00e1 vedeck\u00e1 konferencia XII. Zborn\u00edk pr\u00edspevkov. Ko\u0161ice : Vydavate\u013estvo \u0160af\u00e1rikPress, Univerzita Pavla Jozefa \u0160af\u00e1rika v Ko\u0161iciach, 2024, 110 pp. (<a href=\"https:\/\/unibook.upjs.sk\/sk\/filozoficka-fakulta\/1189-studentska-vedecka-konferencia-xii.html\">available online<\/a>)<\/li>\n\n\n\n<li>JAN\u010cURA, Mikul\u00e1\u0161 \u2013 MELICH\u00c1REK Maro\u0161 (eds.). \u0160tudentsk\u00e1 vedeck\u00e1 konferencia XI. Zborn\u00edk pr\u00edspevkov. Ko\u0161ice : Vydavate\u013estvo \u0160af\u00e1rikPress, Univerzita Pavla Jozefa \u0160af\u00e1rika v Ko\u0161iciach, 2023, 118 pp. (<a href=\"https:\/\/unibook.upjs.sk\/sk\/historia\/1833-studentska-vedecka-konferencia-xi\" target=\"_blank\" rel=\"noreferrer noopener\" class=\"ek-link\">available online<\/a>)<\/li>\n\n\n\n<li>JAN\u010cURA, Mikul\u00e1\u0161 \u2013 MELICH\u00c1REK Maro\u0161 (eds.). \u0160tudentsk\u00e1 vedeck\u00e1 konferencia X. Zborn\u00edk pr\u00edspevkov. Ko\u0161ice : Vydavate\u013estvo \u0160af\u00e1rikPress, Univerzita Pavla Jozefa \u0160af\u00e1rika v Ko\u0161iciach, 2022, 103 pp. (<a href=\"https:\/\/unibook.upjs.sk\/sk\/historia\/1670-studentska-vedecka-konferencia-x\" target=\"_blank\" rel=\"noreferrer noopener\" class=\"ek-link\">available online<\/a>)<\/li>\n<\/ul>\n<\/div><\/div><\/div>\n\n\n\n<div class=\"wp-block-kadence-pane kt-accordion-pane kt-accordion-pane-5 kt-pane20979_5085a1-09\"><div class=\"kt-accordion-header-wrap\"><button class=\"kt-blocks-accordion-header kt-acccordion-button-label-show\" type=\"button\"><span class=\"kt-blocks-accordion-title-wrap\"><span class=\"kt-blocks-accordion-title\"><strong>Textbooks<\/strong><\/span><\/span><span class=\"kt-blocks-accordion-icon-trigger\"><\/span><\/button><\/div><div class=\"kt-accordion-panel kt-accordion-panel-hidden\"><div class=\"kt-accordion-panel-inner\">\n<ul class=\"wp-block-list\">\n<li>FEDOR\u010c\u00c1K, Peter. Kult\u00farne dejiny talianskej renesancie: Pojmy, ot\u00e1zky a interpret\u00e1cie [Cultural History of the Italian Renaissance: Concepts, Questions and Interpretations]. Ko\u0161ice : Vydavate\u013estvo \u0160af\u00e1rikPress, Univerzita Pavla Jozefa \u0160af\u00e1rika v Ko\u0161iciach, 2023, 261 pp. (<a href=\"https:\/\/unibook.upjs.sk\/sk\/historia\/1836-kulturne-dejiny-talianskej-renesancie-pojmy-otazky-a-interpretacie\" target=\"_blank\" rel=\"noreferrer noopener\" class=\"ek-link\">available online<\/a>)<\/li>\n\n\n\n<li>BORZA, Peter. Na pomedz\u00ed V\u00fdchodu a Z\u00e1padu. Vybran\u00e9 kapitoly z dej\u00edn v\u00fdchodn\u00fdch kres\u0165anov na Slovensku [On the Border Between East and West. Selected Chapters from the History of Eastern Christians in Slovakia]. Ko\u0161ice : Vydavate\u013estvo \u0160af\u00e1rikPress, Univerzita Pavla Jozefa \u0160af\u00e1rika v Ko\u0161iciach, 2021, 96 pp. (<a href=\"https:\/\/unibook.upjs.sk\/sk\/historia\/1557-na-pomedzi-vychodu-a-zapadu-vybrane-kapitoly-z-dejin-vychodnych-krestanov-na-slovensku\" target=\"_blank\" rel=\"noreferrer noopener\" class=\"ek-link\">available online<\/a>)<\/li>\n\n\n\n<li>MELICH\u00c1REK, Maro\u0161. Dejiny Balk\u00e1nu po druhej svetovej vojne. Vysoko\u0161kolsk\u00e1 u\u010debnica [History of the Balkans After World War II. University Textbook]. Ko\u0161ice : Filozofick\u00e1 fakulta, Univerzita Pavla Jozefa \u0160af\u00e1rika v Ko\u0161iciach, 2021,&nbsp;118 pp. (<a href=\"http:\/\/unibook.upjs.sk\/sk\/historia\/1527-dejiny-balkanu-po-druhej-svetovej-vojne\" target=\"_blank\" rel=\"noreferrer noopener\">free download<\/a>)<\/li>\n\n\n\n<li>JAN\u010cURA, Mikul\u00e1\u0161 \u2013 \u015aNIE\u017bKO, Al\u017ebeta (eds.). Prv\u00fd dotyk so slobodou. Spr\u00edtom\u0148ovanie minulosti na pr\u00edklade&nbsp;Ne\u017enej revol\u00facie z novembra \u00b489. Vysoko\u0161kolsk\u00fd u\u010debn\u00fd text [The First Touch With Freedom. Presenting the Past on the Example of the Velvet Revolution from November \u00b489. University Textbook]. Ko\u0161ice : Univerzita Pavla Jozefa \u0160af\u00e1rika v Ko\u0161iciach, Vydavate\u013estvo \u0160af\u00e1rikPress, 2021, 134 pp. (<a href=\"\/public\/media\/17371\/Ucebnica_Prvy-dotyk-so-slobodou_2021_Jancura-Sniezko.pdf\" target=\"_blank\" rel=\"noreferrer noopener\">PDF<\/a>)<\/li>\n\n\n\n<li>JAN\u010cURA, Mikul\u00e1\u0161&nbsp;\u2013&nbsp;BOJKOV\u00c1, Al\u017ebeta (eds.). Dejiny tvor\u00ed\u0161 Ty! Hist\u00f3ria&nbsp;\u2013&nbsp;\u0161kola&nbsp;\u2013&nbsp;verejn\u00fd priestor [You make the History! History \u2013&nbsp;School \u2013&nbsp;Public Space]. Ko\u0161ice : Univerzita Pavla Jozefa \u0160af\u00e1rika v Ko\u0161iciach, 2019, 116 pp. (<a href=\"\/public\/media\/17371\/Dejiny_tvoris_Ty_obalka.pdf\" target=\"_blank\" rel=\"noreferrer noopener\">cover<\/a>, <a href=\"\/public\/media\/17371\/Dejiny_tvoris_Ty_komplet_nahlad.pdf\" target=\"_blank\" rel=\"noreferrer noopener\">PDF Preview Quality<\/a>)<\/li>\n\n\n\n<li>KAMINSK\u00c1, \u013dubom\u00edra. Dejiny praveku a v\u010dasnej doby historickej na Slovensku [Prehistoric and Early Historical Period in Slovakia]. Ko\u0161ice : Univerzita Pavla Jozefa \u0160af\u00e1rika v Ko\u0161iciach, 2018. (<a href=\"\/public\/media\/17371\/Dejiny_praveku_Kaminska_obalka.jpg\" target=\"_blank\" rel=\"noreferrer noopener\">cover<\/a>)<\/li>\n\n\n\n<li>Rozvojov\u00e9 vzdel\u00e1vanie. T\u00e9my a met\u00f3dy IV.&nbsp;[Developing Education. Issues and Methods IV]. Bratislava : Nad\u00e1cia Pontis, 2018, 171 pp. (authorial share of our colleagues Al\u017ebeta&nbsp;Bojkov\u00e1&nbsp;and Mikul\u00e1\u0161&nbsp;Jan\u010dura,&nbsp;<a href=\"https:\/\/www.slideshare.net\/PontisFoundation\/rozvojov-vzdelvanie-tmy-a-metdy-iv\" target=\"_blank\" rel=\"noreferrer noopener\">available online<\/a>)<\/li>\n\n\n\n<li>BOJKOV\u00c1, Al\u017ebeta. Hrav\u00fd dejepis. Pracovn\u00fd zo\u0161it pre 5. ro\u010dn\u00edk Z\u0160 [A Playful History. Workbook for the 5th Grade of Elementary Schools]. Ko\u0161ice : Taktik, 2015 (<a href=\"\/public\/media\/9570\/Ucebnica_pre_5_rocnik_Alzbeta_Bojkova.jpg\" target=\"_blank\" rel=\"noreferrer noopener\">cover<\/a>)<\/li>\n\n\n\n<li>JAN\u010cURA, Mikul\u00e1\u0161. N\u00e1h\u013ead do v\u0161eobecn\u00fdch dej\u00edn vedy a techniky pre \u0161tudentov hist\u00f3rie [Insight into the World History of Science and Technology for Students of History].&nbsp;Ko\u0161ice : Univerzita Pavla Jozefa \u0160af\u00e1rika v Ko\u0161iciach, 2015, 200 pp. (<a href=\"\/public\/media\/9168\/Nahlad_do_vseobecnych_dejin_vedy_a%20techniky-Jancura_M_obalka.pdf\" target=\"_blank\" rel=\"noreferrer noopener\">cover<\/a>,&nbsp;<a href=\"\/public\/media\/9168\/Nahlad_do_vseobecnych_dejin_vedy_a%20techniky-Jancura_M_obsah.pdf\" target=\"_blank\" rel=\"noreferrer noopener\">contents<\/a>)<\/li>\n\n\n\n<li>MAGDO\u0160KO, Drahoslav. Dejiny Slovenska v stredoveku [The History of Slovakia in the Middle Ages]. Ko\u0161ice : Univerzita Pavla Jozefa \u0160af\u00e1rika v Ko\u0161iciach, 2015, 164 pp. (<a href=\"\/public\/media\/17371\/Ucebnica_Dejiny_Slovenska_v_stredoveku_Magdosko.pdf\" target=\"_blank\" rel=\"noreferrer noopener\">cover and contents<\/a>)&nbsp;<\/li>\n\n\n\n<li>OLEJN\u00cdK, Milan. Warfare in Antiquity. Ko\u0161ice : Univerzita Pavla Jozefa \u0160af\u00e1rika v Ko\u0161iciach, 2015, 162 pp.&nbsp;(<a href=\"\/public\/media\/17371\/Ucebnica_Warfare_in_Antiquity_Olejnik.pdf\" target=\"_blank\" rel=\"noreferrer noopener\">cover and contents<\/a>)<\/li>\n\n\n\n<li>OT\u010cEN\u00c1\u0160OV\u00c1, Sl\u00e1vka. Oral history ako met\u00f3da historick\u00e9ho v\u00fdskumu a jej vyu\u017eitie v praxi [Oral History as a Method of Historical Research and Its Application in Practice].&nbsp;Ko\u0161ice : Univerzita Pavla Jozefa \u0160af\u00e1rika v Ko\u0161iciach, 2015, 116 pp.&nbsp;(<a href=\"\/public\/media\/17371\/Ucebnica_Oral_History_Otcenasova.pdf\" target=\"_blank\" rel=\"noreferrer noopener\">cover and contents<\/a>)<\/li>\n\n\n\n<li>PEK\u00c1R, Martin. Dejiny Slovenska 1918 \u2013 1945 [The History of Slovakia 1918 \u2013 1945].&nbsp;Ko\u0161ice : Univerzita Pavla Jozefa \u0160af\u00e1rika v Ko\u0161iciach, 2015, 198 pp.&nbsp;(<a href=\"\/public\/media\/17371\/Ucebnica_Dejiny_Slovenska_1939-1945_Pekar.pdf\" target=\"_blank\" rel=\"noreferrer noopener\">cover and contents<\/a>)<\/li>\n\n\n\n<li>PEK\u00c1R, Martin. Komentovan\u00e9 pramene k dejin\u00e1m Slovenska 1939&nbsp;\u2013&nbsp;1945&nbsp;[Commented Sources to the History of Slovakia 1939&nbsp;\u2013&nbsp;1945].&nbsp;Ko\u0161ice : UPJ\u0160, 2015, 112 pp.&nbsp;(<a href=\"\/public\/media\/17371\/Ucebnica_Komentovane_pramene_Pekar.pdf\" target=\"_blank\" rel=\"noreferrer noopener\">cover and contents<\/a>)<\/li>\n\n\n\n<li>REGIN\u00c1\u010cOV\u00c1, Nikola. \u00davod do historickej demografie [Introduction into the Historical Demography].&nbsp;Ko\u0161ice : Univerzita Pavla Jozefa \u0160af\u00e1rika v Ko\u0161iciach, 2015, 134 pp.&nbsp;(<a href=\"\/public\/media\/17371\/Ucebnica_Uvod_do_historickej_demografie_Reginacova.pdf\" target=\"_blank\" rel=\"noreferrer noopener\">cover and contents<\/a>)<\/li>\n\n\n\n<li>SENDEKOV\u00c1, Marta. Dejiny neskorej antiky. Vybran\u00e9 kapitoly I [The History of the Late Antiquity. Selected Topics I.].&nbsp;Ko\u0161ice : UPJ\u0160, 2015, 144&nbsp;pp.&nbsp;(<a href=\"\/public\/media\/17371\/Ucebnica_Dejiny_neskorej_antiky_1_Sendekova.pdf\" target=\"_blank\" rel=\"noreferrer noopener\">cover and contents<\/a>)<\/li>\n\n\n\n<li>\u0160UTAJ, \u0160tefan. Slovensk\u00e9 dejiny po roku 1945 I. (Vybran\u00e9 kapitoly k v\u00fdvoju v rokoch 1945 \u2013 1968) [The Slovak History after 1945 I. Selected Topics on the Development in 1945 \u2013 1968].&nbsp;Ko\u0161ice : Univerzita Pavla Jozefa \u0160af\u00e1rika v Ko\u0161iciach, 2015, 200&nbsp;pp.&nbsp;(<a href=\"\/public\/media\/17371\/Ucebnica_Slovenske_dejiny_po_1945_1_Sutaj.pdf\" target=\"_blank\" rel=\"noreferrer noopener\">cover and contents<\/a>) \u0160UTAJ, \u0160tefan. Ma\u010farsk\u00e1 men\u0161ina na Slovensku po roku 1945 [Hungarian Minority in Slovakia after 1945]. Ko\u0161ice : Univerzita Pavla Jozefa \u0160af\u00e1rika v Ko\u0161iciach, 2015, 186 pp.&nbsp;(<a href=\"\/public\/media\/17371\/Ucebnica_Madarska_mensina_na_Slovensku_po_1945_Sutaj.pdf\" target=\"_blank\" rel=\"noreferrer noopener\">cover and contents<\/a>)<\/li>\n<\/ul>\n<\/div><\/div><\/div>\n\n\n\n<div class=\"wp-block-kadence-pane kt-accordion-pane kt-accordion-pane-6 kt-pane20979_bc62bc-7a\"><div class=\"kt-accordion-header-wrap\"><button class=\"kt-blocks-accordion-header kt-acccordion-button-label-show\" type=\"button\"><span class=\"kt-blocks-accordion-title-wrap\"><span class=\"kt-blocks-accordion-title\"><strong>Primary Sources Editions<\/strong><\/span><\/span><span class=\"kt-blocks-accordion-icon-trigger\"><\/span><\/button><\/div><div class=\"kt-accordion-panel kt-accordion-panel-hidden\"><div class=\"kt-accordion-panel-inner\">\n<ul class=\"wp-block-list\">\n<li>JAN\u010cURA, Mikul\u00e1\u0161. Komentovan\u00e1 ed\u00edcia prame\u0148ov k dejin\u00e1m osobn\u00e9ho automobilizmu na Slovensku v medzivojnovom obdob\u00ed [A Commented Edition of Sources on the History of Private Motoring in Slovakia in the Interwar Period]. Ko\u0161ice : \u0160af\u00e1rikPress \u2013 UPJ\u0160 v Ko\u0161iciach, 2025, 258 pp. (<a href=\"https:\/\/unibook.upjs.sk\/sk\/filozoficka-fakulta\/1359-komentovana-edicia-pramenov-k-dejinam-osobneho-automobilizmu-na-slovensku-v-medzivojnovom-obdobi.html\">available online<\/a>)<\/li>\n\n\n\n<li>\u010eURKOVSK\u00c1, M\u00e1ria \u2013 HREHOR, Henrich. Stredn\u00e9 \u0161koly na Slovensku v rokoch 1918 \u2013 1948. Dokumenty [The Secondary Schools in Slovakia in 1918 \u2013 1948. Documents]. Ko\u0161ice : Spolo\u010denskovedn\u00fd \u00fastav SAV, 2014 (<a href=\"\/public\/media\/9570\/Stredne_skoly_na_SVK_1918-1948_Durkovska_Hrehor_obalka.jpg\" target=\"_blank\" rel=\"noreferrer noopener\">cover<\/a>,&nbsp;<a href=\"\/public\/media\/9570\/Stredne_skoly_na_SVK_1918-1948_Durkovska_Hrehor_obsah.pdf\" target=\"_blank\" rel=\"noreferrer noopener\">contents<\/a>)<\/li>\n\n\n\n<li>DOMENOV\u00c1, Marcela \u2013&nbsp;PEK\u00c1R, Martin. Pam\u00e4tn\u00e1 kniha mesta Pre\u0161ova. Diel III. (1938 \u2013 1941) [Memorial Book of the City of Pre\u0161ov. Part III.&nbsp;(1938&nbsp;\u2013&nbsp;1941)]. Pre\u0161ov : \u0160t\u00e1tna vedeck\u00e1 kni\u017enica v Pre\u0161ove, 2011, 536 pp.<\/li>\n<\/ul>\n<\/div><\/div><\/div>\n\n\n\n<div class=\"wp-block-kadence-pane kt-accordion-pane kt-accordion-pane-7 kt-pane20979_888690-f0\"><div class=\"kt-accordion-header-wrap\"><button class=\"kt-blocks-accordion-header kt-acccordion-button-label-show\" type=\"button\"><span class=\"kt-blocks-accordion-title-wrap\"><span class=\"kt-blocks-accordion-title\"><strong>Acta Historiae Cassoviensis<\/strong><\/span><\/span><span class=\"kt-blocks-accordion-icon-trigger\"><\/span><\/button><\/div><div class=\"kt-accordion-panel kt-accordion-panel-hidden\"><div class=\"kt-accordion-panel-inner\">\n<p>Series of original scientific works on the history of Ko\u0161ice, established in 2011:<br><\/p>\n\n\n\n<ul class=\"wp-block-list\">\n<li>10.&nbsp;REGIN\u00c1\u010cOV\u00c1, Nikola. Ko\u0161ice a s\u010d\u00edtania obyvate\u013eov : V\u00fdvoj po\u010dtu obyvate\u013eov Ko\u0161\u00edc v rokoch 1800 \u2013 1921 &nbsp;[Ko\u0161ice and Censuses: Development of the Population of Ko\u0161ice in 1800 \u2013 1921]. Ko\u0161ice : Univerzita Pavla Jozefa \u0160af\u00e1rika v Ko\u0161iciach, 2020,&nbsp;164 pp. (<a href=\"\/public\/media\/17371\/Monografia_Kosice_a_scitania_obyvatelov_Reginacova_obalka.png\" target=\"_blank\" rel=\"noreferrer noopener\">cover<\/a>,&nbsp;<a href=\"\/public\/media\/17371\/Monografia_Kosice_a_scitania_obyvatelov_Reginacova_obsah.pdf\" target=\"_blank\" rel=\"noreferrer noopener\">contents<\/a>,&nbsp;<a href=\"\/public\/media\/17371\/Monografia_Kosice_a_scitania_obyvatelov_Reginacova_tiraz.pdf\" target=\"_blank\" rel=\"noreferrer noopener\">imprint<\/a>)<\/li>\n\n\n\n<li>9. \u0160UTAJ, \u0160tefan. Emanuel B\u00f6hm a Jozef Styk&nbsp;\u2013&nbsp;Ko\u0161i\u010dania z Turca a Oravy. Rivali a spolupracovn\u00edci v slovenskej politike (1945&nbsp;\u2013 1948) [Emanuel B\u00f6hm and Jozef Styk&nbsp;\u2013&nbsp;The citizens of Ko\u0161ice from regions of Turiec and Orava. Rivals and colleagues in Slovak politics&nbsp;(1945&nbsp;\u2013 1948)]. Ko\u0161ice : UPJ\u0160, 2018, 167 pp.<\/li>\n\n\n\n<li>8. BOJKOV\u00c1, Al\u017ebeta. Prim\u00e1rne probl\u00e9my transform\u00e1cie slovensk\u00fdch stredn\u00fdch a odborn\u00fdch \u0161k\u00f4l v Ko\u0161iciach v medzivojnovom obdob\u00ed&nbsp;[The primary problems of transformation of Slovak secondary and vocational schools in Ko\u0161ice in the interwar period]. Ko\u0161ice : UPJ\u0160, 2018, 205 pp.<\/li>\n\n\n\n<li>7. Cassovia docta. Osobnosti vedy a \u0161kolstva [Cassovia Docta: The Personalities of Science and Education]. FEDOR\u010c\u00c1K, Peter &#8211; FOGELOV\u00c1, Patr\u00edcia (Eds.).&nbsp;Ko\u0161ice : Univerzita Pavla Jozefa \u0160af\u00e1rika v Ko\u0161iciach, 2018, 210 s. (<a href=\"\/public\/media\/17370\/Zbornik_Cassovia_docta_obalka.pdf\" target=\"_blank\" rel=\"noreferrer noopener\">cover<\/a>,&nbsp;<a href=\"\/public\/media\/17370\/Zbornik_Cassovia%20Docta_obsah.pdf\" target=\"_blank\" rel=\"noreferrer noopener\">contents<\/a>)<\/li>\n\n\n\n<li>6.&nbsp;V\u00fdznamn\u00e9 osobnosti politiky a kult\u00fary v Ko\u0161iciach [Significant Personalities of Politics and Culture in Ko\u0161ice]. \u0160UTAJ, \u0160tefan (Ed.).&nbsp;Ko\u0161ice : Univerzita Pavla Jozefa \u0160af\u00e1rika v Ko\u0161iciach, 2017, 120 pp.<\/li>\n\n\n\n<li>5. MAGDO\u0160KO, Drahoslav. Samospr\u00e1va mesta Ko\u0161ice v stredoveku [The Self-Governance of the Town of Ko\u0161ice in the Middle Ages]. Ko\u0161ice : UPJ\u0160, 2017, 304 pp. (<a href=\"\/public\/media\/9168\/obalka-Samosprava.._navrh05.pdf\" target=\"_blank\" rel=\"noreferrer noopener\">cover<\/a>,&nbsp;<a href=\"\/public\/media\/9168\/Samosprava_mesta_Kosice_v_stredoveku_Magdosko.pdf\" target=\"_blank\" rel=\"noreferrer noopener\">contents<\/a>)<\/li>\n\n\n\n<li>4. \u013dudia a dejiny \u2013 historick\u00e1 biografia a jej miesto v historiografii [The People and History \u2013 Historical Biography and Its Place in Historiography]. \u0160UTAJ, \u0160tefan (Ed.). Ko\u0161ice : UPJ\u0160, 2016, 150 pp. (<a href=\"\/public\/media\/9168\/Ludia_a_dejiny_zbornik_obalka_2016.pdf\">cover<\/a>,&nbsp;<a href=\"\/public\/media\/9168\/Ludia_a_dejiny_zbornik_obsah_2016.pdf\">contents<\/a>)<\/li>\n\n\n\n<li>3. \u0160trukt\u00fary a fragmenty historick\u00e9ho v\u00fdvoja Ko\u0161\u00edc [The Structers and Fragments of Historical Development of Ko\u0161ice].&nbsp;\u0160UTAJ, \u0160tefan \u2013 DZURIKANINOV\u00c1, Nikoleta (Eds.). Ko\u0161ice : UPJ\u0160, 2014, 236 pp. (<a href=\"\/public\/media\/9570\/Struktury_a_fragmenty_2015_obalka.jpg\" target=\"_blank\" rel=\"noreferrer noopener\">cover<\/a>,&nbsp;<a href=\"\/public\/media\/9570\/Struktury_a_fragmenty_2015_obsah.jpg\" target=\"_blank\" rel=\"noreferrer noopener\">contents<\/a>)<\/li>\n\n\n\n<li>2. Historick\u00e9 medzn\u00edky vo v\u00fdvoji Ko\u0161\u00edc v 20. storo\u010d\u00ed [Historical Milestones in Development of Ko\u0161ice in the 20th Century]. BOJKOV\u00c1, Al\u017ebeta \u2013 REGIN\u00c1\u010cOV\u00c1, Nikola (Eds.). Ko\u0161ice : UPJ\u0160, 2013, 148 pp. (<a href=\"\/public\/media\/17371\/Zbornik_Historicke_medzniky_%20Reginacova_Bojkova_eds.pdf\" target=\"_blank\" rel=\"noreferrer noopener\">cover and contents<\/a>)<\/li>\n\n\n\n<li>1. Ko\u0161ice a dejiny \u2013 dejiny Ko\u0161\u00edc [Ko\u0161ice and History \u2013 History of Ko\u0161ice].&nbsp;\u0160UTAJ, \u0160tefan (Ed.). Ko\u0161ice : UPJ\u0160, 2011,&nbsp;206 pp. (<a href=\"\/public\/media\/9570\/Zbornik_Kosice_a_dejiny_obalka.jpg\" target=\"_blank\" rel=\"noreferrer noopener\">cover<\/a>,&nbsp;<a href=\"\/public\/media\/9570\/Zbornik_Kosice_a_dejiny_obsah.jpg\" target=\"_blank\" rel=\"noreferrer noopener\">contents<\/a>)<\/li>\n<\/ul>\n<\/div><\/div><\/div>\n\n\n\n<div class=\"wp-block-kadence-pane kt-accordion-pane kt-accordion-pane-8 kt-pane20979_0a295c-f7\"><div class=\"kt-accordion-header-wrap\"><button class=\"kt-blocks-accordion-header kt-acccordion-button-label-show\" type=\"button\"><span class=\"kt-blocks-accordion-title-wrap\"><span class=\"kt-blocks-accordion-title\"><strong>Scientific journal The City and History<\/strong><\/span><\/span><span class=\"kt-blocks-accordion-icon-trigger\"><\/span><\/button><\/div><div class=\"kt-accordion-panel kt-accordion-panel-hidden\"><div class=\"kt-accordion-panel-inner\">\n<p><a href=\"https:\/\/www.upjs.sk\/filozoficka-fakulta\/en\/pracoviska\/department-of-history\/10987-2\/\" target=\"_blank\" aria-label=\"The City and History website (opens in a new tab)\" rel=\"noreferrer noopener\" class=\"ek-link\"><strong>The City and History website<\/strong><\/a><\/p>\n<\/div><\/div><\/div>\n\n\n\n<div class=\"wp-block-kadence-pane kt-accordion-pane kt-accordion-pane-9 kt-pane20979_6600f4-45\"><div class=\"kt-accordion-header-wrap\"><button class=\"kt-blocks-accordion-header kt-acccordion-button-label-show\" type=\"button\"><span class=\"kt-blocks-accordion-title-wrap\"><span class=\"kt-blocks-accordion-title\"><strong>Newsletter urbanHIST<\/strong><\/span><\/span><span class=\"kt-blocks-accordion-icon-trigger\"><\/span><\/button><\/div><div class=\"kt-accordion-panel kt-accordion-panel-hidden\"><div class=\"kt-accordion-panel-inner\">\n<p>The urbanHIST project bulletin was published quaterly in electronic form.&nbsp;More information on the newsletter&nbsp;<a href=\"http:\/\/www.urbanhist.eu\/newsletter\" target=\"_blank\" rel=\"noreferrer noopener\"><strong>website<\/strong><\/a>.<\/p>\n<\/div><\/div><\/div>\n\n\n\n<div class=\"wp-block-kadence-pane kt-accordion-pane kt-accordion-pane-10 kt-pane20979_cd6c00-02\"><div class=\"kt-accordion-header-wrap\"><button class=\"kt-blocks-accordion-header kt-acccordion-button-label-show\" type=\"button\"><span class=\"kt-blocks-accordion-title-wrap\"><span class=\"kt-blocks-accordion-title\"><strong>Science Popularizing Publications<\/strong><\/span><\/span><span class=\"kt-blocks-accordion-icon-trigger\"><\/span><\/button><\/div><div class=\"kt-accordion-panel kt-accordion-panel-hidden\"><div class=\"kt-accordion-panel-inner\">\n<ul class=\"wp-block-list\">\n<li>FEDOR\u010c\u00c1KOV\u00c1, M\u00e1ria \u2013 FIL\u010c\u00c1KOV\u00c1, Miriama. Filozofick\u00e9 vzdel\u00e1vanie v Ko\u0161iciach v kontinuite a diskontinuite historick\u00e9ho v\u00fdvoja [Philosophical Education in Ko\u0161ice in Continuity and Discontinuity of Historical Development]. Ko\u0161ice : Vydavate\u013estvo \u0160af\u00e1rikPress, Univerzita Pavla Jozefa \u0160af\u00e1rika v Ko\u0161iciach, 2022, 40 pp. (<a href=\"https:\/\/unibook.upjs.sk\/sk\/filozoficka-fakulta\/1757-filozoficke-vzdelavanie-v-kosiciach-v-kontinuite-a-diskontinuite-historickeho-vyvoja\" target=\"_blank\" rel=\"noreferrer noopener\" class=\"ek-link\">available online<\/a>)<\/li>\n\n\n\n<li>FEDOR\u010c\u00c1KOV\u00c1, M\u00e1ria. Universitas Cassoviensis a trad\u00edcia univerzitn\u00e9ho vzdel\u00e1vania v Ko\u0161iciach pred vznikom UPJ\u0160 [Universitas Cassoviensis and the Tradition of University Education in Ko\u0161ice before the Establishment of UPJ\u0160]. Ko\u0161ice : Vydavate\u013estvo \u0160af\u00e1rikPress, Univerzita Pavla Jozefa \u0160af\u00e1rika v Ko\u0161iciach, 2021, 32 pp. (<a href=\"https:\/\/intranet.upjs.sk\/op\/op.Public.php?documentid=5779\" target=\"_blank\" rel=\"noreferrer noopener\" class=\"ek-link\">available online<\/a>)<\/li>\n\n\n\n<li>Pontis Digest, 2019, \u010d. 2 &#8220;Balk\u00e1n a nacionalizmus&#8221; [Balkans and Nationalism], authorial share of our colleague Maro\u0161&nbsp;Melich\u00e1rek&nbsp;(<a href=\"https:\/\/www.slideshare.net\/PontisFoundation\/pontis-digest-22019-balkn-a-nacionalizmus\" target=\"_blank\" rel=\"noreferrer noopener\">available online<\/a>)<\/li>\n\n\n\n<li>Pontis Digest, 2019, \u010d. 1 &#8220;Pou\u010denie z 20. storo\u010dia&#8221; [Lessons from the 20th Century], the whole journal issue devoted to the interactive public exhibition &#8220;Who will be next?&#8221; organized by our department&nbsp;(<a href=\"https:\/\/www.slideshare.net\/PontisFoundation\/pontis-digest-12019-ponauenie-z-20-storoia\" target=\"_blank\" rel=\"noreferrer noopener\">available online<\/a>)<\/li>\n\n\n\n<li>GAYER, Veronika \u2013 OT\u010cEN\u00c1\u0160OV\u00c1, Sl\u00e1vka \u2013 ZAHOR\u00c1N, Csaba (eds.).&nbsp;Remembering the City.&nbsp;A Guide through the Past of Ko\u0161ice. Budapest \u2013 Ko\u0161ice : Terra Recognita Foundation and Pavol Jozef \u0160af\u00e1rik University in Ko\u0161ice, 2013 (English city guide written by young historians as a result of an international project) (<a href=\"\/public\/media\/9168\/Remembering_the_City_obalka.jpg\" target=\"_blank\" rel=\"noreferrer noopener\">cover<\/a>)<\/li>\n\n\n\n<li>Historick\u00e1 revue [Historical Revue],special volume about Ko\u0161ice, 2013 (<a href=\"\/public\/media\/9570\/Historicka_revue_Special_2013.pdf\" target=\"_blank\" rel=\"noreferrer noopener\">cover and contents<\/a>)<\/li>\n\n\n\n<li>\u0160UTAJ, \u0160tefan (ed.).&nbsp;K\u013e\u00fa\u010de k dejin\u00e1m Ko\u0161\u00edc. Historick\u00e1 \u010d\u00edtanka [The Keys to the History of Ko\u0161ice. Historical Reading-Book]. Ko\u0161ice \u2013 Pre\u0161ov : Universum, 2009.&nbsp;(<a href=\"https:\/\/drive.google.com\/file\/d\/0B4S54mu0_ZISYTJkOTEwMGYtOWU5My00YzE1LTg0MjctZGU3MTUwNzE3OTcw\/view\" target=\"_blank\" rel=\"noreferrer noopener\" class=\"ek-link\">available online<\/a>)<\/li>\n<\/ul>\n<\/div><\/div><\/div>\n\n\n\n<div class=\"wp-block-kadence-pane kt-accordion-pane kt-accordion-pane-11 kt-pane20979_75a207-7f\"><div class=\"kt-accordion-header-wrap\"><button class=\"kt-blocks-accordion-header kt-acccordion-button-label-show\" type=\"button\"><span class=\"kt-blocks-accordion-title-wrap\"><span class=\"kt-blocks-accordion-title\"><strong>Bibliography of the Department\u00b4s Members<\/strong><\/span><\/span><span class=\"kt-blocks-accordion-icon-trigger\"><\/span><\/button><\/div><div class=\"kt-accordion-panel kt-accordion-panel-hidden\"><div class=\"kt-accordion-panel-inner\">\n<ul class=\"wp-block-list\">\n<li><strong><a href=\"https:\/\/www.upjs.sk\/app\/uploads\/sites\/7\/2022\/06\/2024_Bibliography_KH_FF_UPJS.pdf\">Year 2024<\/a><\/strong><\/li>\n\n\n\n<li><strong><a href=\"https:\/\/www.upjs.sk\/app\/uploads\/sites\/7\/2022\/06\/2023_Bibliography_KH_FF_UPJS.pdf\" target=\"_blank\" aria-label=\"Year 2023 (opens in a new tab)\" rel=\"noreferrer noopener\" class=\"ek-link\">Year 2023<\/a><\/strong><\/li>\n\n\n\n<li><strong><a href=\"https:\/\/www.upjs.sk\/app\/uploads\/sites\/7\/2022\/06\/2022_Bibliography_KH_FF_UPJS.pdf\" target=\"_blank\" aria-label=\"Year 2022 (opens in a new tab)\" rel=\"noreferrer noopener\" class=\"ek-link\">Year 2022<\/a><\/strong><\/li>\n\n\n\n<li><a href=\"\/public\/media\/10986\/2021_Bibliography_KH_FF_UPJS.pdf\" target=\"_blank\" rel=\"noreferrer noopener\"><strong>Year 2021<\/strong><\/a><\/li>\n\n\n\n<li><a href=\"\/public\/media\/10986\/2020_Bibliography_KH_FF_UPJS.pdf\" target=\"_blank\" rel=\"noreferrer noopener\"><strong>Year 2020<\/strong><\/a><\/li>\n\n\n\n<li><a href=\"\/public\/media\/10986\/2019_Bibliography_KH_FF_UPJS.pdf\" target=\"_blank\" rel=\"noreferrer noopener\"><strong>Year 2019<\/strong><\/a><\/li>\n\n\n\n<li><a href=\"\/public\/media\/10986\/2018_Bibliography_KH_FF_UPJS.pdf\" target=\"_blank\" rel=\"noreferrer noopener\"><strong>Year 2018<\/strong><\/a><\/li>\n\n\n\n<li><strong><a href=\"\/public\/media\/10986\/2017_Bibliography_KH_FF_UPJS.pdf\" target=\"_blank\" rel=\"noreferrer noopener\">Year 2017<\/a><\/strong><\/li>\n\n\n\n<li><a href=\"\/public\/media\/10986\/2016_Bibliography_KH_FF_UPJS.pdf\" target=\"_blank\" rel=\"noreferrer noopener\"><strong>Year&nbsp;2016<\/strong><\/a><\/li>\n\n\n\n<li><a href=\"\/public\/media\/10986\/2015_Bibliography_KH_FF_UPJS.pdf\" target=\"_blank\" rel=\"noreferrer noopener\"><strong>Year 2015<\/strong><\/a><\/li>\n\n\n\n<li><a href=\"\/public\/media\/10986\/2014_Bibliography_KH_FF_UPJS.pdf\" target=\"_blank\" rel=\"noreferrer noopener\"><strong>Year&nbsp;2014<\/strong><\/a><\/li>\n\n\n\n<li><a href=\"\/public\/media\/10986\/2013_Bibliography_KH_FF_UPJS.pdf\" target=\"_blank\" rel=\"noreferrer noopener\"><strong>Year&nbsp;2013<\/strong><\/a><\/li>\n\n\n\n<li><a href=\"\/public\/media\/10986\/2012_Bibliography_KH_FF_UPJS.pdf\" target=\"_blank\" rel=\"noreferrer noopener\"><strong>Year&nbsp;2012<\/strong><\/a><\/li>\n\n\n\n<li><a href=\"\/public\/media\/10986\/2011_Bibliography_KH_FF_UPJS.pdf\" target=\"_blank\" rel=\"noreferrer noopener\"><strong>Year&nbsp;2011<\/strong><\/a><\/li>\n\n\n\n<li><a href=\"\/public\/media\/10986\/2010_Bibliography_KH_FF_UPJS.pdf\" target=\"_blank\" rel=\"noreferrer noopener\"><strong>Year&nbsp;2010<\/strong><\/a><\/li>\n\n\n\n<li><a href=\"\/public\/media\/10986\/2009_Bibliography_KH_FF_UPJS.pdf\" target=\"_blank\" rel=\"noreferrer noopener\"><strong>Year&nbsp;2009<\/strong><\/a><\/li>\n\n\n\n<li><a href=\"\/public\/media\/10986\/2008_Bibliography_KH_FF_UPJS.pdf\" target=\"_blank\" rel=\"noreferrer noopener\"><strong>Year 2008<\/strong><\/a><\/li>\n<\/ul>\n<\/div><\/div><\/div>\n<\/div><\/div><\/div>\n<\/div><\/div>\n","protected":false},"author":1,"featured_media":0,"parent":20793,"menu_order":34,"template":"","meta":{"_acf_changed":false,"_editorskit_title_hidden":false,"_editorskit_reading_time":0,"_editorskit_is_block_options_detached":false,"_editorskit_block_options_position":"{}"},"categories":[],"tags":[],"tax_aktuality":[],"class_list":["post-20979","cpt_pracoviska","type-cpt_pracoviska","status-publish","hentry"],"acf":{"acf_link_na_externy_obsah":""},"yoast_head":"<!-- This site is optimized with the Yoast SEO plugin v27.4 - https:\/\/yoast.com\/product\/yoast-seo-wordpress\/ -->\n<title>Publications of the Department of History - Filozofick\u00e1 fakulta | UPJ\u0160<\/title>\n<meta name=\"robots\" content=\"index, follow, max-snippet:-1, max-image-preview:large, max-video-preview:-1\" \/>\n<link rel=\"canonical\" href=\"https:\/\/www.upjs.sk\/filozoficka-fakulta\/en\/pracoviska\/department-of-history\/10986-2\/\" \/>\n<meta property=\"og:locale\" content=\"en_US\" \/>\n<meta property=\"og:type\" content=\"article\" \/>\n<meta property=\"og:title\" content=\"Publications of the Department of History - Filozofick\u00e1 fakulta | UPJ\u0160\" \/>\n<meta property=\"og:url\" content=\"https:\/\/www.upjs.sk\/filozoficka-fakulta\/en\/pracoviska\/department-of-history\/10986-2\/\" \/>\n<meta property=\"og:site_name\" content=\"Filozofick\u00e1 fakulta | UPJ\u0160\" \/>\n<meta property=\"article:modified_time\" content=\"2025-09-11T06:45:02+00:00\" \/>\n<meta name=\"twitter:card\" content=\"summary_large_image\" \/>\n<meta name=\"twitter:label1\" content=\"Est. reading time\" \/>\n\t<meta name=\"twitter:data1\" content=\"20 minutes\" \/>\n<script type=\"application\/ld+json\" class=\"yoast-schema-graph\">{\"@context\":\"https:\\\/\\\/schema.org\",\"@graph\":[{\"@type\":\"WebPage\",\"@id\":\"https:\\\/\\\/www.upjs.sk\\\/filozoficka-fakulta\\\/en\\\/pracoviska\\\/department-of-history\\\/10986-2\\\/\",\"url\":\"https:\\\/\\\/www.upjs.sk\\\/filozoficka-fakulta\\\/en\\\/pracoviska\\\/department-of-history\\\/10986-2\\\/\",\"name\":\"Publications of the Department of History - Filozofick\u00e1 fakulta | UPJ\u0160\",\"isPartOf\":{\"@id\":\"https:\\\/\\\/www.upjs.sk\\\/filozoficka-fakulta\\\/en\\\/#website\"},\"datePublished\":\"2022-06-08T11:58:13+00:00\",\"dateModified\":\"2025-09-11T06:45:02+00:00\",\"breadcrumb\":{\"@id\":\"https:\\\/\\\/www.upjs.sk\\\/filozoficka-fakulta\\\/en\\\/pracoviska\\\/department-of-history\\\/10986-2\\\/#breadcrumb\"},\"inLanguage\":\"en-US\",\"potentialAction\":[{\"@type\":\"ReadAction\",\"target\":[\"https:\\\/\\\/www.upjs.sk\\\/filozoficka-fakulta\\\/en\\\/pracoviska\\\/department-of-history\\\/10986-2\\\/\"]}]},{\"@type\":\"BreadcrumbList\",\"@id\":\"https:\\\/\\\/www.upjs.sk\\\/filozoficka-fakulta\\\/en\\\/pracoviska\\\/department-of-history\\\/10986-2\\\/#breadcrumb\",\"itemListElement\":[{\"@type\":\"ListItem\",\"position\":1,\"name\":\"Home\",\"item\":\"https:\\\/\\\/www.upjs.sk\\\/filozoficka-fakulta\\\/en\\\/\"},{\"@type\":\"ListItem\",\"position\":2,\"name\":\"Workplaces\",\"item\":\"https:\\\/\\\/www.upjs.sk\\\/filozoficka-fakulta\\\/en\\\/pracoviska\\\/\"},{\"@type\":\"ListItem\",\"position\":3,\"name\":\"Department of History\",\"item\":\"https:\\\/\\\/www.upjs.sk\\\/filozoficka-fakulta\\\/en\\\/pracoviska\\\/department-of-history\\\/\"},{\"@type\":\"ListItem\",\"position\":4,\"name\":\"Publications of the Department of History\"}]},{\"@type\":\"WebSite\",\"@id\":\"https:\\\/\\\/www.upjs.sk\\\/filozoficka-fakulta\\\/en\\\/#website\",\"url\":\"https:\\\/\\\/www.upjs.sk\\\/filozoficka-fakulta\\\/en\\\/\",\"name\":\"Filozofick\u00e1 fakulta | UPJ\u0160\",\"description\":\"\",\"publisher\":{\"@id\":\"https:\\\/\\\/www.upjs.sk\\\/filozoficka-fakulta\\\/en\\\/#organization\"},\"potentialAction\":[{\"@type\":\"SearchAction\",\"target\":{\"@type\":\"EntryPoint\",\"urlTemplate\":\"https:\\\/\\\/www.upjs.sk\\\/filozoficka-fakulta\\\/en\\\/?s={search_term_string}\"},\"query-input\":{\"@type\":\"PropertyValueSpecification\",\"valueRequired\":true,\"valueName\":\"search_term_string\"}}],\"inLanguage\":\"en-US\"},{\"@type\":\"Organization\",\"@id\":\"https:\\\/\\\/www.upjs.sk\\\/filozoficka-fakulta\\\/en\\\/#organization\",\"name\":\"Filozofick\u00e1 fakulta | UPJ\u0160\",\"url\":\"https:\\\/\\\/www.upjs.sk\\\/filozoficka-fakulta\\\/en\\\/\",\"logo\":{\"@type\":\"ImageObject\",\"inLanguage\":\"en-US\",\"@id\":\"https:\\\/\\\/www.upjs.sk\\\/filozoficka-fakulta\\\/en\\\/#\\\/schema\\\/logo\\\/image\\\/\",\"url\":\"https:\\\/\\\/www.upjs.sk\\\/app\\\/uploads\\\/sites\\\/7\\\/2023\\\/02\\\/FF_ENG_frame.svg\",\"contentUrl\":\"https:\\\/\\\/www.upjs.sk\\\/app\\\/uploads\\\/sites\\\/7\\\/2023\\\/02\\\/FF_ENG_frame.svg\",\"width\":292,\"height\":61,\"caption\":\"Filozofick\u00e1 fakulta | UPJ\u0160\"},\"image\":{\"@id\":\"https:\\\/\\\/www.upjs.sk\\\/filozoficka-fakulta\\\/en\\\/#\\\/schema\\\/logo\\\/image\\\/\"}}]}<\/script>\n<!-- \/ Yoast SEO plugin. -->","yoast_head_json":{"title":"Publications of the Department of History - Filozofick\u00e1 fakulta | UPJ\u0160","robots":{"index":"index","follow":"follow","max-snippet":"max-snippet:-1","max-image-preview":"max-image-preview:large","max-video-preview":"max-video-preview:-1"},"canonical":"https:\/\/www.upjs.sk\/filozoficka-fakulta\/en\/pracoviska\/department-of-history\/10986-2\/","og_locale":"en_US","og_type":"article","og_title":"Publications of the Department of History - Filozofick\u00e1 fakulta | UPJ\u0160","og_url":"https:\/\/www.upjs.sk\/filozoficka-fakulta\/en\/pracoviska\/department-of-history\/10986-2\/","og_site_name":"Filozofick\u00e1 fakulta | UPJ\u0160","article_modified_time":"2025-09-11T06:45:02+00:00","twitter_card":"summary_large_image","twitter_misc":{"Est. reading time":"20 minutes"},"schema":{"@context":"https:\/\/schema.org","@graph":[{"@type":"WebPage","@id":"https:\/\/www.upjs.sk\/filozoficka-fakulta\/en\/pracoviska\/department-of-history\/10986-2\/","url":"https:\/\/www.upjs.sk\/filozoficka-fakulta\/en\/pracoviska\/department-of-history\/10986-2\/","name":"Publications of the Department of History - Filozofick\u00e1 fakulta | UPJ\u0160","isPartOf":{"@id":"https:\/\/www.upjs.sk\/filozoficka-fakulta\/en\/#website"},"datePublished":"2022-06-08T11:58:13+00:00","dateModified":"2025-09-11T06:45:02+00:00","breadcrumb":{"@id":"https:\/\/www.upjs.sk\/filozoficka-fakulta\/en\/pracoviska\/department-of-history\/10986-2\/#breadcrumb"},"inLanguage":"en-US","potentialAction":[{"@type":"ReadAction","target":["https:\/\/www.upjs.sk\/filozoficka-fakulta\/en\/pracoviska\/department-of-history\/10986-2\/"]}]},{"@type":"BreadcrumbList","@id":"https:\/\/www.upjs.sk\/filozoficka-fakulta\/en\/pracoviska\/department-of-history\/10986-2\/#breadcrumb","itemListElement":[{"@type":"ListItem","position":1,"name":"Home","item":"https:\/\/www.upjs.sk\/filozoficka-fakulta\/en\/"},{"@type":"ListItem","position":2,"name":"Workplaces","item":"https:\/\/www.upjs.sk\/filozoficka-fakulta\/en\/pracoviska\/"},{"@type":"ListItem","position":3,"name":"Department of History","item":"https:\/\/www.upjs.sk\/filozoficka-fakulta\/en\/pracoviska\/department-of-history\/"},{"@type":"ListItem","position":4,"name":"Publications of the Department of History"}]},{"@type":"WebSite","@id":"https:\/\/www.upjs.sk\/filozoficka-fakulta\/en\/#website","url":"https:\/\/www.upjs.sk\/filozoficka-fakulta\/en\/","name":"Filozofick\u00e1 fakulta | UPJ\u0160","description":"","publisher":{"@id":"https:\/\/www.upjs.sk\/filozoficka-fakulta\/en\/#organization"},"potentialAction":[{"@type":"SearchAction","target":{"@type":"EntryPoint","urlTemplate":"https:\/\/www.upjs.sk\/filozoficka-fakulta\/en\/?s={search_term_string}"},"query-input":{"@type":"PropertyValueSpecification","valueRequired":true,"valueName":"search_term_string"}}],"inLanguage":"en-US"},{"@type":"Organization","@id":"https:\/\/www.upjs.sk\/filozoficka-fakulta\/en\/#organization","name":"Filozofick\u00e1 fakulta | UPJ\u0160","url":"https:\/\/www.upjs.sk\/filozoficka-fakulta\/en\/","logo":{"@type":"ImageObject","inLanguage":"en-US","@id":"https:\/\/www.upjs.sk\/filozoficka-fakulta\/en\/#\/schema\/logo\/image\/","url":"https:\/\/www.upjs.sk\/app\/uploads\/sites\/7\/2023\/02\/FF_ENG_frame.svg","contentUrl":"https:\/\/www.upjs.sk\/app\/uploads\/sites\/7\/2023\/02\/FF_ENG_frame.svg","width":292,"height":61,"caption":"Filozofick\u00e1 fakulta | UPJ\u0160"},"image":{"@id":"https:\/\/www.upjs.sk\/filozoficka-fakulta\/en\/#\/schema\/logo\/image\/"}}]}},"_links":{"self":[{"href":"https:\/\/www.upjs.sk\/filozoficka-fakulta\/en\/wp-json\/wp\/v2\/cpt_pracoviska\/20979","targetHints":{"allow":["GET"]}}],"collection":[{"href":"https:\/\/www.upjs.sk\/filozoficka-fakulta\/en\/wp-json\/wp\/v2\/cpt_pracoviska"}],"about":[{"href":"https:\/\/www.upjs.sk\/filozoficka-fakulta\/en\/wp-json\/wp\/v2\/types\/cpt_pracoviska"}],"author":[{"embeddable":true,"href":"https:\/\/www.upjs.sk\/filozoficka-fakulta\/en\/wp-json\/wp\/v2\/users\/1"}],"up":[{"embeddable":true,"href":"https:\/\/www.upjs.sk\/filozoficka-fakulta\/en\/wp-json\/wp\/v2\/cpt_pracoviska\/20793"}],"wp:attachment":[{"href":"https:\/\/www.upjs.sk\/filozoficka-fakulta\/en\/wp-json\/wp\/v2\/media?parent=20979"}],"wp:term":[{"taxonomy":"category","embeddable":true,"href":"https:\/\/www.upjs.sk\/filozoficka-fakulta\/en\/wp-json\/wp\/v2\/categories?post=20979"},{"taxonomy":"post_tag","embeddable":true,"href":"https:\/\/www.upjs.sk\/filozoficka-fakulta\/en\/wp-json\/wp\/v2\/tags?post=20979"},{"taxonomy":"tax_aktuality","embeddable":true,"href":"https:\/\/www.upjs.sk\/filozoficka-fakulta\/en\/wp-json\/wp\/v2\/tax_aktuality?post=20979"}],"curies":[{"name":"wp","href":"https:\/\/api.w.org\/{rel}","templated":true}]}}