{"id":21044,"date":"2022-09-30T09:30:50","date_gmt":"2022-09-30T09:30:50","guid":{"rendered":"https:\/\/www.upjs.sk\/filozoficka-fakulta\/pracoviska\/department-of-history\/17019-2\/"},"modified":"2025-06-26T10:18:21","modified_gmt":"2025-06-26T09:18:21","slug":"17019-2","status":"publish","type":"cpt_pracoviska","link":"https:\/\/www.upjs.sk\/filozoficka-fakulta\/en\/pracoviska\/department-of-history\/9569-2\/17019-2\/","title":{"rendered":"Meeting of Young Historians"},"content":{"rendered":"<style>.kadence-column21044_5df85b-6a > .kt-inside-inner-col{padding-right:var(--global-kb-spacing-xs, 1rem);padding-left:var(--global-kb-spacing-xs, 1rem);}.kadence-column21044_5df85b-6a > .kt-inside-inner-col,.kadence-column21044_5df85b-6a > .kt-inside-inner-col:before{border-top-left-radius:0px;border-top-right-radius:0px;border-bottom-right-radius:0px;border-bottom-left-radius:0px;}.kadence-column21044_5df85b-6a > .kt-inside-inner-col{column-gap:var(--global-kb-gap-sm, 1rem);}.kadence-column21044_5df85b-6a > .kt-inside-inner-col{flex-direction:column;}.kadence-column21044_5df85b-6a > .kt-inside-inner-col > .aligncenter{width:100%;}.kadence-column21044_5df85b-6a > .kt-inside-inner-col{background-color:#F4F4F4;}.kadence-column21044_5df85b-6a > .kt-inside-inner-col:before{opacity:0.3;}.kadence-column21044_5df85b-6a{position:relative;}@media all and (max-width: 1024px){.kadence-column21044_5df85b-6a > .kt-inside-inner-col{flex-direction:column;justify-content:center;}}@media all and (max-width: 767px){.kadence-column21044_5df85b-6a > .kt-inside-inner-col{flex-direction:column;justify-content:center;}}<\/style>\n<div class=\"wp-block-kadence-column kadence-column21044_5df85b-6a\"><div class=\"kt-inside-inner-col\">\n<p>Stretnutie mlad\u00fdch historikov [Meeting of Young Historians], organized by Department of History, is an annual scientific conference of both Slovak and foreign doctoral students in Ko\u0161ice. The reviewed contributions of the participants are published in a form of&nbsp;<a href=\"\/faculty-of-arts\/department-of-history\/17389\" target=\"_blank\" rel=\"noreferrer noopener\"><strong>collective volumes<\/strong><\/a>.<br><\/p>\n\n\n<style>.kadence-column21044_02a190-4d > .kt-inside-inner-col,.kadence-column21044_02a190-4d > .kt-inside-inner-col:before{border-top-left-radius:0px;border-top-right-radius:0px;border-bottom-right-radius:0px;border-bottom-left-radius:0px;}.kadence-column21044_02a190-4d > .kt-inside-inner-col{column-gap:var(--global-kb-gap-sm, 1rem);}.kadence-column21044_02a190-4d > .kt-inside-inner-col{flex-direction:column;}.kadence-column21044_02a190-4d > .kt-inside-inner-col > .aligncenter{width:100%;}.kadence-column21044_02a190-4d > .kt-inside-inner-col:before{opacity:0.3;}.kadence-column21044_02a190-4d{position:relative;}@media all and (max-width: 1024px){.kadence-column21044_02a190-4d > .kt-inside-inner-col{flex-direction:column;justify-content:center;}}@media all and (max-width: 767px){.kadence-column21044_02a190-4d > .kt-inside-inner-col{flex-direction:column;justify-content:center;}}<\/style>\n<div class=\"wp-block-kadence-column kadence-column21044_02a190-4d\"><div class=\"kt-inside-inner-col\">\n<ul class=\"wp-block-list\">\n<li><strong>Meeting of Young Historians XV.: Communication as the Driving Force of History<\/strong>, 14 October 2025, Ko\u0161ice (<a href=\"https:\/\/www.upjs.sk\/app\/uploads\/sites\/7\/2022\/06\/2025-10_Konferencia_SMH_XV_CfP.pdf\">CfP<\/a>)<\/li>\n\n\n\n<li><strong>Meeting of Young Historians XIV.: Thinking and Society in the Course of History<\/strong>, 15 &#8211; 16 October 2024, Ko\u0161ice (<a aria-label=\"CfP (opens in a new tab)\" class=\"ek-link\" href=\"https:\/\/www.upjs.sk\/app\/uploads\/sites\/7\/2022\/06\/2024-10_Stretnutie_mladych_historikov-XIV_CfP.pdf\" target=\"_blank\" rel=\"noreferrer noopener\">CfP<\/a>, <a href=\"https:\/\/www.upjs.sk\/app\/uploads\/sites\/7\/2022\/06\/2024-10_Stretnutie_mladych_historikov_XIV_program-5.pdf\">Programme<\/a>)<\/li>\n\n\n\n<li><strong>Meeting of Young Historians XII.: Historical Source in the Present &#8211; Archives, Innovations, Sharing<\/strong>, 12\u00a0October 2022, Ko\u0161ice (<a href=\"\/public\/media\/17019\/2022-10_CfP_SMH_XII_AJ.pdf\" target=\"_blank\" rel=\"noreferrer noopener\">CfP<\/a>, <a href=\"\/public\/media\/15789\/2022_SMH_XII_ApplicationForm.xls\" target=\"_blank\" rel=\"noreferrer noopener\">Application Form<\/a>,\u00a0<a href=\"\/public\/media\/15789\/Konferencia_SMH_XII_2022_program.pdf\" target=\"_blank\" rel=\"noreferrer noopener\">Programme<\/a>)<\/li>\n\n\n\n<li><strong>Meeting of Young Historians XI.: Knowledge, Society, History<\/strong>, 19 &#8211; 20 October 2021, Ko\u0161ice (<a href=\"\/public\/media\/17019\/2021-10_SMH_XI_EN_CfP.pdf\" target=\"_blank\" rel=\"noreferrer noopener\">CfP<\/a>, <a href=\"\/public\/media\/17019\/2021-10_SMH_XI_ApplicationForm.xls\" target=\"_blank\" rel=\"noreferrer noopener\">Application Form<\/a>, <a href=\"\/public\/media\/15789\/Konferencia_SMH_XI_2021_program.pdf\" target=\"_blank\" rel=\"noreferrer noopener\">Programme<\/a>)<\/li>\n\n\n\n<li><strong>Meeting of Young Historians X.: Borders in Space and Time<\/strong>, 18\u00a0&#8211; 19\u00a0November 2020, Ko\u0161ice (<a href=\"\/public\/media\/17019\/CfP_SMH_X_EN.pdf\" target=\"_blank\" rel=\"noreferrer noopener\">CfP<\/a>,\u00a0<a href=\"\/public\/media\/17019\/SMH_X_2020_Application-form.xls\" target=\"_blank\" rel=\"noreferrer noopener\">Application Form<\/a>,\u00a0<a href=\"\/public\/media\/15789\/Konferencia_SMH_X_program.pdf\" target=\"_blank\" rel=\"noreferrer noopener\">Programme<\/a>)<\/li>\n\n\n\n<li><strong>Meeting of Young Historians IX.: How to write history?<\/strong>, 16 &#8211; 17 October 2019, Ko\u0161ice (<a href=\"\/public\/media\/17019\/SMH_IX_CfP_EN.pdf\" target=\"_blank\" rel=\"noreferrer noopener\">CfP<\/a>, <a href=\"\/public\/media\/17019\/SMH_IX_Application-form_Kosice-Slovakia.xls\" target=\"_blank\" rel=\"noreferrer noopener\">Application Form<\/a>, <a href=\"\/public\/media\/15789\/2019-10_SMH_IX_program_final.pdf\" target=\"_blank\" rel=\"noreferrer noopener\">Programme<\/a>)<\/li>\n\n\n\n<li><strong>Meeting of Young Historians VIII.:\u00a0Young Urban(h)ist. History of European Urbanism in the 20th Century &#8211; Distinctive and Common Themes<\/strong>, 1 &#8211; 2\u00a0October 2018,\u00a0Ko\u0161ice\u00a0(<a href=\"\/public\/media\/15789\/2018-10_SMH_VIII_Young_urbanHIST_CfP.pdf\" target=\"_blank\" rel=\"noreferrer noopener\">CfP<\/a>,\u00a0<a href=\"\/public\/media\/15789\/2018-10_SMH_VIII_Young_urbanHIST_Appl.form.pdf\" target=\"_blank\" rel=\"noreferrer noopener\">Application Form<\/a>, <a href=\"\/public\/media\/15789\/2018-10_Konferencia_SMH_VIII_urbanHIST_program.pdf\" target=\"_blank\" rel=\"noreferrer noopener\">Programme<\/a>)<\/li>\n\n\n\n<li><strong>Meeting\u00a0of Young Historians VII.:\u00a0Revised History. Historical Memory &#8211; Its Place and Importance to Society<\/strong>, 25 October 2017, Ko\u0161ice (<a href=\"\/public\/media\/15789\/SMH_VII_2017_CfP.pdf\" target=\"_blank\" rel=\"noreferrer noopener\">CfP<\/a>,\u00a0<a href=\"\/public\/media\/15789\/SMH_VII_2017_prihlaska.pdf.xls\" target=\"_blank\" rel=\"noreferrer noopener\">Application Form<\/a>,\u00a0<a href=\"\/public\/media\/15789\/Program_SMH_VII_2017.pdf\" target=\"_blank\" rel=\"noreferrer noopener\">Programme<\/a>)<\/li>\n\n\n\n<li><strong>Meeting\u00a0of Young Historians VI.: Migrations in the European History. Crisis\u00a0or the Dawn of Civilization?<\/strong>, 12 October 2016, Ko\u0161ice (<a href=\"\/public\/media\/9569\/Konferencia_SMH6_2016_pozvanka.pdf\">CfP<\/a>,\u00a0<a href=\"\/public\/media\/9569\/Konferencia_SMH_VI_program_oktober_2016.pdf\">Programme<\/a>)<\/li>\n\n\n\n<li><strong>Meeting\u00a0of Young Historians V.: Military Conflicts in the History of Europe<\/strong>, 7 October 2015, Ko\u0161ice (<a href=\"\/public\/media\/9569\/Konferencia_SHM_V_oktober_2015_program.pdf\">Programme<\/a>)\u200b<\/li>\n\n\n\n<li><strong>Meeting\u00a0of Young Historians IV.:\u00a0Central European City as a Political, Economical and Cultural Center,\u00a0<\/strong>15 &#8211; 16 October 2014,\u00a0Ko\u0161ice\u00a0(<a href=\"\/public\/media\/9569\/CfP KE 2014.pdf\">CfP<\/a>,\u00a0<a href=\"\/public\/media\/9569\/Prihl\u00e1\u0161ka SMH IV.xls\">Application Form<\/a>,\u00a0<a href=\"\/public\/media\/9569\/Konferencia_Stredoeuropske mesto_SMH4_program.pdf\">Programme<\/a>)<\/li>\n\n\n\n<li><strong>Meeting\u00a0of Young Historians III.: Man, Society, Era,\u00a0<\/strong>16 &#8211; 17 October 2013,\u00a0Ko\u0161ice\u00a0(<a href=\"\/public\/media\/9569\/SMH_III_vyzva.jpg\">CfP<\/a>,\u00a0<a href=\"\/public\/media\/9569\/Program_konferencie_SMH_III.pdf\">Programme<\/a>)<\/li>\n\n\n\n<li><strong>Meeting\u00a0of Young Historians II.: Intersections of the V4 Coutries\u00b4 Common History<\/strong>, 29. &#8211; 30. October 2012, Ko\u0161ice\u00a0(<a href=\"\/public\/media\/9172\/stretnutie_mladch_historikov_ii_-_2012.pdf\">Programme<\/a>)<\/li>\n\n\n\n<li><strong>Meeting\u00a0of Young Historians I.: Society, Culture and Everydayness in the History of Slovakia<\/strong>, 27\u00a0&#8211; 28\u00a0September 2011, Ko\u0161ice\u00a0(<a href=\"\/public\/media\/9172\/program_smh_27-28.9.2011.pdf\">Programme<\/a>)<\/li>\n<\/ul>\n<\/div><\/div>\n<\/div><\/div>\n\n\n<style>.kadence-column21044_0e9b7c-39 > .kt-inside-inner-col,.kadence-column21044_0e9b7c-39 > .kt-inside-inner-col:before{border-top-left-radius:0px;border-top-right-radius:0px;border-bottom-right-radius:0px;border-bottom-left-radius:0px;}.kadence-column21044_0e9b7c-39 > .kt-inside-inner-col{column-gap:var(--global-kb-gap-sm, 1rem);}.kadence-column21044_0e9b7c-39 > .kt-inside-inner-col{flex-direction:column;}.kadence-column21044_0e9b7c-39 > .kt-inside-inner-col > .aligncenter{width:100%;}.kadence-column21044_0e9b7c-39 > .kt-inside-inner-col{background-color:#F4F4F4;}.kadence-column21044_0e9b7c-39 > .kt-inside-inner-col:before{opacity:0.3;}.kadence-column21044_0e9b7c-39{position:relative;}@media all and (max-width: 1024px){.kadence-column21044_0e9b7c-39 > .kt-inside-inner-col{flex-direction:column;justify-content:center;}}@media all and (max-width: 767px){.kadence-column21044_0e9b7c-39 > .kt-inside-inner-col{flex-direction:column;justify-content:center;}}<\/style>\n<div class=\"wp-block-kadence-column kadence-column21044_0e9b7c-39\"><div class=\"kt-inside-inner-col\">\n<p><br><strong><a href=\"https:\/\/www.upjs.sk\/filozoficka-fakulta\/en\/pracoviska\/department-of-history\/9569-2\/\" target=\"_blank\" aria-label=\"Back to the Conferences and Events (opens in a new tab)\" rel=\"noreferrer noopener\" class=\"ek-link\">Back to the Conferences and Events<\/a><\/strong><\/p>\n<\/div><\/div>\n","protected":false},"author":1,"featured_media":0,"parent":20824,"menu_order":3,"template":"","meta":{"_acf_changed":false,"_editorskit_title_hidden":false,"_editorskit_reading_time":0,"_editorskit_is_block_options_detached":false,"_editorskit_block_options_position":"{}"},"categories":[],"tags":[],"tax_aktuality":[],"class_list":["post-21044","cpt_pracoviska","type-cpt_pracoviska","status-publish","hentry"],"acf":{"acf_link_na_externy_obsah":""},"yoast_head":"<!-- This site is optimized with the Yoast SEO plugin v27.4 - https:\/\/yoast.com\/product\/yoast-seo-wordpress\/ -->\n<title>Meeting of Young Historians - Filozofick\u00e1 fakulta | UPJ\u0160<\/title>\n<meta name=\"robots\" content=\"index, follow, max-snippet:-1, max-image-preview:large, max-video-preview:-1\" \/>\n<link rel=\"canonical\" href=\"https:\/\/www.upjs.sk\/filozoficka-fakulta\/en\/pracoviska\/department-of-history\/9569-2\/17019-2\/\" \/>\n<meta property=\"og:locale\" content=\"en_US\" \/>\n<meta property=\"og:type\" content=\"article\" \/>\n<meta property=\"og:title\" content=\"Meeting of Young Historians - Filozofick\u00e1 fakulta | UPJ\u0160\" \/>\n<meta property=\"og:description\" content=\"Stretnutie mlad\u00fdch historikov [Meeting of Young Historians], organized by Department of History, is an annual scientific conference of both Slovak and foreign doctoral students in Ko\u0161ice. The reviewed contributions of the participants are published in a form of&nbsp;collective volumes. Back to the Conferences and Events\" \/>\n<meta property=\"og:url\" content=\"https:\/\/www.upjs.sk\/filozoficka-fakulta\/en\/pracoviska\/department-of-history\/9569-2\/17019-2\/\" \/>\n<meta property=\"og:site_name\" content=\"Filozofick\u00e1 fakulta | UPJ\u0160\" \/>\n<meta property=\"article:modified_time\" content=\"2025-06-26T09:18:21+00:00\" \/>\n<meta name=\"twitter:card\" content=\"summary_large_image\" \/>\n<meta name=\"twitter:label1\" content=\"Est. reading time\" \/>\n\t<meta name=\"twitter:data1\" content=\"2 minutes\" \/>\n<script type=\"application\/ld+json\" class=\"yoast-schema-graph\">{\"@context\":\"https:\\\/\\\/schema.org\",\"@graph\":[{\"@type\":\"WebPage\",\"@id\":\"https:\\\/\\\/www.upjs.sk\\\/filozoficka-fakulta\\\/en\\\/pracoviska\\\/department-of-history\\\/9569-2\\\/17019-2\\\/\",\"url\":\"https:\\\/\\\/www.upjs.sk\\\/filozoficka-fakulta\\\/en\\\/pracoviska\\\/department-of-history\\\/9569-2\\\/17019-2\\\/\",\"name\":\"Meeting of Young Historians - Filozofick\u00e1 fakulta | UPJ\u0160\",\"isPartOf\":{\"@id\":\"https:\\\/\\\/www.upjs.sk\\\/filozoficka-fakulta\\\/en\\\/#website\"},\"datePublished\":\"2022-09-30T09:30:50+00:00\",\"dateModified\":\"2025-06-26T09:18:21+00:00\",\"breadcrumb\":{\"@id\":\"https:\\\/\\\/www.upjs.sk\\\/filozoficka-fakulta\\\/en\\\/pracoviska\\\/department-of-history\\\/9569-2\\\/17019-2\\\/#breadcrumb\"},\"inLanguage\":\"en-US\",\"potentialAction\":[{\"@type\":\"ReadAction\",\"target\":[\"https:\\\/\\\/www.upjs.sk\\\/filozoficka-fakulta\\\/en\\\/pracoviska\\\/department-of-history\\\/9569-2\\\/17019-2\\\/\"]}]},{\"@type\":\"BreadcrumbList\",\"@id\":\"https:\\\/\\\/www.upjs.sk\\\/filozoficka-fakulta\\\/en\\\/pracoviska\\\/department-of-history\\\/9569-2\\\/17019-2\\\/#breadcrumb\",\"itemListElement\":[{\"@type\":\"ListItem\",\"position\":1,\"name\":\"Home\",\"item\":\"https:\\\/\\\/www.upjs.sk\\\/filozoficka-fakulta\\\/en\\\/\"},{\"@type\":\"ListItem\",\"position\":2,\"name\":\"Workplaces\",\"item\":\"https:\\\/\\\/www.upjs.sk\\\/filozoficka-fakulta\\\/en\\\/pracoviska\\\/\"},{\"@type\":\"ListItem\",\"position\":3,\"name\":\"Department of History\",\"item\":\"https:\\\/\\\/www.upjs.sk\\\/filozoficka-fakulta\\\/en\\\/pracoviska\\\/department-of-history\\\/\"},{\"@type\":\"ListItem\",\"position\":4,\"name\":\"Conferences and Events of the Department of History\",\"item\":\"https:\\\/\\\/www.upjs.sk\\\/filozoficka-fakulta\\\/en\\\/pracoviska\\\/department-of-history\\\/9569-2\\\/\"},{\"@type\":\"ListItem\",\"position\":5,\"name\":\"Meeting of Young Historians\"}]},{\"@type\":\"WebSite\",\"@id\":\"https:\\\/\\\/www.upjs.sk\\\/filozoficka-fakulta\\\/en\\\/#website\",\"url\":\"https:\\\/\\\/www.upjs.sk\\\/filozoficka-fakulta\\\/en\\\/\",\"name\":\"Filozofick\u00e1 fakulta | UPJ\u0160\",\"description\":\"\",\"publisher\":{\"@id\":\"https:\\\/\\\/www.upjs.sk\\\/filozoficka-fakulta\\\/en\\\/#organization\"},\"potentialAction\":[{\"@type\":\"SearchAction\",\"target\":{\"@type\":\"EntryPoint\",\"urlTemplate\":\"https:\\\/\\\/www.upjs.sk\\\/filozoficka-fakulta\\\/en\\\/?s={search_term_string}\"},\"query-input\":{\"@type\":\"PropertyValueSpecification\",\"valueRequired\":true,\"valueName\":\"search_term_string\"}}],\"inLanguage\":\"en-US\"},{\"@type\":\"Organization\",\"@id\":\"https:\\\/\\\/www.upjs.sk\\\/filozoficka-fakulta\\\/en\\\/#organization\",\"name\":\"Filozofick\u00e1 fakulta | UPJ\u0160\",\"url\":\"https:\\\/\\\/www.upjs.sk\\\/filozoficka-fakulta\\\/en\\\/\",\"logo\":{\"@type\":\"ImageObject\",\"inLanguage\":\"en-US\",\"@id\":\"https:\\\/\\\/www.upjs.sk\\\/filozoficka-fakulta\\\/en\\\/#\\\/schema\\\/logo\\\/image\\\/\",\"url\":\"https:\\\/\\\/www.upjs.sk\\\/app\\\/uploads\\\/sites\\\/7\\\/2023\\\/02\\\/FF_ENG_frame.svg\",\"contentUrl\":\"https:\\\/\\\/www.upjs.sk\\\/app\\\/uploads\\\/sites\\\/7\\\/2023\\\/02\\\/FF_ENG_frame.svg\",\"width\":292,\"height\":61,\"caption\":\"Filozofick\u00e1 fakulta | UPJ\u0160\"},\"image\":{\"@id\":\"https:\\\/\\\/www.upjs.sk\\\/filozoficka-fakulta\\\/en\\\/#\\\/schema\\\/logo\\\/image\\\/\"}}]}<\/script>\n<!-- \/ Yoast SEO plugin. -->","yoast_head_json":{"title":"Meeting of Young Historians - Filozofick\u00e1 fakulta | UPJ\u0160","robots":{"index":"index","follow":"follow","max-snippet":"max-snippet:-1","max-image-preview":"max-image-preview:large","max-video-preview":"max-video-preview:-1"},"canonical":"https:\/\/www.upjs.sk\/filozoficka-fakulta\/en\/pracoviska\/department-of-history\/9569-2\/17019-2\/","og_locale":"en_US","og_type":"article","og_title":"Meeting of Young Historians - Filozofick\u00e1 fakulta | UPJ\u0160","og_description":"Stretnutie mlad\u00fdch historikov [Meeting of Young Historians], organized by Department of History, is an annual scientific conference of both Slovak and foreign doctoral students in Ko\u0161ice. The reviewed contributions of the participants are published in a form of&nbsp;collective volumes. Back to the Conferences and Events","og_url":"https:\/\/www.upjs.sk\/filozoficka-fakulta\/en\/pracoviska\/department-of-history\/9569-2\/17019-2\/","og_site_name":"Filozofick\u00e1 fakulta | UPJ\u0160","article_modified_time":"2025-06-26T09:18:21+00:00","twitter_card":"summary_large_image","twitter_misc":{"Est. reading time":"2 minutes"},"schema":{"@context":"https:\/\/schema.org","@graph":[{"@type":"WebPage","@id":"https:\/\/www.upjs.sk\/filozoficka-fakulta\/en\/pracoviska\/department-of-history\/9569-2\/17019-2\/","url":"https:\/\/www.upjs.sk\/filozoficka-fakulta\/en\/pracoviska\/department-of-history\/9569-2\/17019-2\/","name":"Meeting of Young Historians - Filozofick\u00e1 fakulta | UPJ\u0160","isPartOf":{"@id":"https:\/\/www.upjs.sk\/filozoficka-fakulta\/en\/#website"},"datePublished":"2022-09-30T09:30:50+00:00","dateModified":"2025-06-26T09:18:21+00:00","breadcrumb":{"@id":"https:\/\/www.upjs.sk\/filozoficka-fakulta\/en\/pracoviska\/department-of-history\/9569-2\/17019-2\/#breadcrumb"},"inLanguage":"en-US","potentialAction":[{"@type":"ReadAction","target":["https:\/\/www.upjs.sk\/filozoficka-fakulta\/en\/pracoviska\/department-of-history\/9569-2\/17019-2\/"]}]},{"@type":"BreadcrumbList","@id":"https:\/\/www.upjs.sk\/filozoficka-fakulta\/en\/pracoviska\/department-of-history\/9569-2\/17019-2\/#breadcrumb","itemListElement":[{"@type":"ListItem","position":1,"name":"Home","item":"https:\/\/www.upjs.sk\/filozoficka-fakulta\/en\/"},{"@type":"ListItem","position":2,"name":"Workplaces","item":"https:\/\/www.upjs.sk\/filozoficka-fakulta\/en\/pracoviska\/"},{"@type":"ListItem","position":3,"name":"Department of History","item":"https:\/\/www.upjs.sk\/filozoficka-fakulta\/en\/pracoviska\/department-of-history\/"},{"@type":"ListItem","position":4,"name":"Conferences and Events of the Department of History","item":"https:\/\/www.upjs.sk\/filozoficka-fakulta\/en\/pracoviska\/department-of-history\/9569-2\/"},{"@type":"ListItem","position":5,"name":"Meeting of Young Historians"}]},{"@type":"WebSite","@id":"https:\/\/www.upjs.sk\/filozoficka-fakulta\/en\/#website","url":"https:\/\/www.upjs.sk\/filozoficka-fakulta\/en\/","name":"Filozofick\u00e1 fakulta | UPJ\u0160","description":"","publisher":{"@id":"https:\/\/www.upjs.sk\/filozoficka-fakulta\/en\/#organization"},"potentialAction":[{"@type":"SearchAction","target":{"@type":"EntryPoint","urlTemplate":"https:\/\/www.upjs.sk\/filozoficka-fakulta\/en\/?s={search_term_string}"},"query-input":{"@type":"PropertyValueSpecification","valueRequired":true,"valueName":"search_term_string"}}],"inLanguage":"en-US"},{"@type":"Organization","@id":"https:\/\/www.upjs.sk\/filozoficka-fakulta\/en\/#organization","name":"Filozofick\u00e1 fakulta | UPJ\u0160","url":"https:\/\/www.upjs.sk\/filozoficka-fakulta\/en\/","logo":{"@type":"ImageObject","inLanguage":"en-US","@id":"https:\/\/www.upjs.sk\/filozoficka-fakulta\/en\/#\/schema\/logo\/image\/","url":"https:\/\/www.upjs.sk\/app\/uploads\/sites\/7\/2023\/02\/FF_ENG_frame.svg","contentUrl":"https:\/\/www.upjs.sk\/app\/uploads\/sites\/7\/2023\/02\/FF_ENG_frame.svg","width":292,"height":61,"caption":"Filozofick\u00e1 fakulta | UPJ\u0160"},"image":{"@id":"https:\/\/www.upjs.sk\/filozoficka-fakulta\/en\/#\/schema\/logo\/image\/"}}]}},"_links":{"self":[{"href":"https:\/\/www.upjs.sk\/filozoficka-fakulta\/en\/wp-json\/wp\/v2\/cpt_pracoviska\/21044","targetHints":{"allow":["GET"]}}],"collection":[{"href":"https:\/\/www.upjs.sk\/filozoficka-fakulta\/en\/wp-json\/wp\/v2\/cpt_pracoviska"}],"about":[{"href":"https:\/\/www.upjs.sk\/filozoficka-fakulta\/en\/wp-json\/wp\/v2\/types\/cpt_pracoviska"}],"author":[{"embeddable":true,"href":"https:\/\/www.upjs.sk\/filozoficka-fakulta\/en\/wp-json\/wp\/v2\/users\/1"}],"up":[{"embeddable":true,"href":"https:\/\/www.upjs.sk\/filozoficka-fakulta\/en\/wp-json\/wp\/v2\/cpt_pracoviska\/20824"}],"wp:attachment":[{"href":"https:\/\/www.upjs.sk\/filozoficka-fakulta\/en\/wp-json\/wp\/v2\/media?parent=21044"}],"wp:term":[{"taxonomy":"category","embeddable":true,"href":"https:\/\/www.upjs.sk\/filozoficka-fakulta\/en\/wp-json\/wp\/v2\/categories?post=21044"},{"taxonomy":"post_tag","embeddable":true,"href":"https:\/\/www.upjs.sk\/filozoficka-fakulta\/en\/wp-json\/wp\/v2\/tags?post=21044"},{"taxonomy":"tax_aktuality","embeddable":true,"href":"https:\/\/www.upjs.sk\/filozoficka-fakulta\/en\/wp-json\/wp\/v2\/tax_aktuality?post=21044"}],"curies":[{"name":"wp","href":"https:\/\/api.w.org\/{rel}","templated":true}]}}