{"version":"1.0","provider_name":"Filozofick\u00e1 fakulta | UPJ\u0160","provider_url":"https:\/\/www.upjs.sk\/filozoficka-fakulta","title":"Nov\u00e1 forma imatrikul\u00e1cie sa vydarila, prialo n\u00e1m aj po\u010dasie - Filozofick\u00e1 fakulta | UPJ\u0160","type":"rich","width":600,"height":338,"html":"<blockquote class=\"wp-embedded-content\" data-secret=\"cddgftmiyt\"><a href=\"https:\/\/www.upjs.sk\/filozoficka-fakulta\/actuality\/imatrikulacia-1bc-2024\/\">Nov\u00e1 forma imatrikul\u00e1cie sa vydarila, prialo n\u00e1m aj po\u010dasie<\/a><\/blockquote><iframe sandbox=\"allow-scripts\" security=\"restricted\" src=\"https:\/\/www.upjs.sk\/filozoficka-fakulta\/actuality\/imatrikulacia-1bc-2024\/embed\/#?secret=cddgftmiyt\" width=\"600\" height=\"338\" title=\"&#8220;Nov\u00e1 forma imatrikul\u00e1cie sa vydarila, prialo n\u00e1m aj po\u010dasie&#8221; &#8212; Filozofick\u00e1 fakulta | UPJ\u0160\" data-secret=\"cddgftmiyt\" frameborder=\"0\" marginwidth=\"0\" marginheight=\"0\" scrolling=\"no\" class=\"wp-embedded-content\"><\/iframe><script>\n\/*! This file is auto-generated *\/\n!function(d,l){\"use strict\";l.querySelector&&d.addEventListener&&\"undefined\"!=typeof URL&&(d.wp=d.wp||{},d.wp.receiveEmbedMessage||(d.wp.receiveEmbedMessage=function(e){var t=e.data;if((t||t.secret||t.message||t.value)&&!\/[^a-zA-Z0-9]\/.test(t.secret)){for(var s,r,n,a=l.querySelectorAll('iframe[data-secret=\"'+t.secret+'\"]'),o=l.querySelectorAll('blockquote[data-secret=\"'+t.secret+'\"]'),c=new RegExp(\"^https?:$\",\"i\"),i=0;i<o.length;i++)o[i].style.display=\"none\";for(i=0;i<a.length;i++)s=a[i],e.source===s.contentWindow&&(s.removeAttribute(\"style\"),\"height\"===t.message?(1e3<(r=parseInt(t.value,10))?r=1e3:~~r<200&&(r=200),s.height=r):\"link\"===t.message&&(r=new URL(s.getAttribute(\"src\")),n=new URL(t.value),c.test(n.protocol))&&n.host===r.host&&l.activeElement===s&&(d.top.location.href=t.value))}},d.addEventListener(\"message\",d.wp.receiveEmbedMessage,!1),l.addEventListener(\"DOMContentLoaded\",function(){for(var e,t,s=l.querySelectorAll(\"iframe.wp-embedded-content\"),r=0;r<s.length;r++)(t=(e=s[r]).getAttribute(\"data-secret\"))||(t=Math.random().toString(36).substring(2,12),e.src+=\"#?secret=\"+t,e.setAttribute(\"data-secret\",t)),e.contentWindow.postMessage({message:\"ready\",secret:t},\"*\")},!1)))}(window,document);\n\/\/# sourceURL=https:\/\/www.upjs.sk\/filozoficka-fakulta\/wp-includes\/js\/wp-embed.min.js\n<\/script>\n","thumbnail_url":"https:\/\/www.upjs.sk\/app\/uploads\/sites\/7\/2024\/09\/Imatrikulacia-2024-1.jpg","thumbnail_width":1440,"thumbnail_height":960,"description":"Sl\u00e1vnostn\u00e9 skladanie akademick\u00e9ho s\u013eubu \u0161tudentov prv\u00e9ho ro\u010dn\u00edka vysokej \u0161koly a\u00a0spolo\u010densk\u00e9 stretnutie, ktor\u00e9 je s t\u00fdm spojen\u00e9, je tradi\u010dn\u00fdm podujat\u00edm, ktor\u00e9 sa natrvalo zap\u00ed\u0161e do pam\u00e4ti ka\u017ed\u00e9ho vysoko\u0161kol\u00e1ka. Vedenie Filozofickej fakulty UPJ\u0160 v\u00a0Ko\u0161iciach sa tento akademick\u00fd rok rozhodlo prist\u00fapi\u0165 k\u00a0novej, pre \u0161tudentov bli\u017e\u0161ej, menej form\u00e1lnej a\u00a0viac z\u00e1bavnej forme tohto sl\u00e1vnostn\u00e9ho aktu \u2013 napokon, u\u017e v\u00a0pozv\u00e1nke bolo &hellip; \u010c\u00edta\u0165 \u010falej"}