{"version":"1.0","provider_name":"Filozofick\u00e1 fakulta | UPJ\u0160","provider_url":"https:\/\/www.upjs.sk\/filozoficka-fakulta","title":"Magda V\u00e1\u0161\u00e1ryov\u00e1: Aj mal\u00e1 skupina odhodlan\u00fdch \u013eud\u00ed m\u00f4\u017ee zmeni\u0165 svet - Filozofick\u00e1 fakulta | UPJ\u0160","type":"rich","width":600,"height":338,"html":"<blockquote class=\"wp-embedded-content\" data-secret=\"kirzKSInQ2\"><a href=\"https:\/\/www.upjs.sk\/filozoficka-fakulta\/actuality\/magda-vasaryova-24042026\/\">Magda V\u00e1\u0161\u00e1ryov\u00e1: Aj mal\u00e1 skupina odhodlan\u00fdch \u013eud\u00ed m\u00f4\u017ee zmeni\u0165 svet<\/a><\/blockquote><iframe sandbox=\"allow-scripts\" security=\"restricted\" src=\"https:\/\/www.upjs.sk\/filozoficka-fakulta\/actuality\/magda-vasaryova-24042026\/embed\/#?secret=kirzKSInQ2\" width=\"600\" height=\"338\" title=\"&#8220;Magda V\u00e1\u0161\u00e1ryov\u00e1: Aj mal\u00e1 skupina odhodlan\u00fdch \u013eud\u00ed m\u00f4\u017ee zmeni\u0165 svet&#8221; &#8212; Filozofick\u00e1 fakulta | UPJ\u0160\" data-secret=\"kirzKSInQ2\" frameborder=\"0\" marginwidth=\"0\" marginheight=\"0\" scrolling=\"no\" class=\"wp-embedded-content\"><\/iframe><script>\n\/*! This file is auto-generated *\/\n!function(d,l){\"use strict\";l.querySelector&&d.addEventListener&&\"undefined\"!=typeof URL&&(d.wp=d.wp||{},d.wp.receiveEmbedMessage||(d.wp.receiveEmbedMessage=function(e){var t=e.data;if((t||t.secret||t.message||t.value)&&!\/[^a-zA-Z0-9]\/.test(t.secret)){for(var s,r,n,a=l.querySelectorAll('iframe[data-secret=\"'+t.secret+'\"]'),o=l.querySelectorAll('blockquote[data-secret=\"'+t.secret+'\"]'),c=new RegExp(\"^https?:$\",\"i\"),i=0;i<o.length;i++)o[i].style.display=\"none\";for(i=0;i<a.length;i++)s=a[i],e.source===s.contentWindow&&(s.removeAttribute(\"style\"),\"height\"===t.message?(1e3<(r=parseInt(t.value,10))?r=1e3:~~r<200&&(r=200),s.height=r):\"link\"===t.message&&(r=new URL(s.getAttribute(\"src\")),n=new URL(t.value),c.test(n.protocol))&&n.host===r.host&&l.activeElement===s&&(d.top.location.href=t.value))}},d.addEventListener(\"message\",d.wp.receiveEmbedMessage,!1),l.addEventListener(\"DOMContentLoaded\",function(){for(var e,t,s=l.querySelectorAll(\"iframe.wp-embedded-content\"),r=0;r<s.length;r++)(t=(e=s[r]).getAttribute(\"data-secret\"))||(t=Math.random().toString(36).substring(2,12),e.src+=\"#?secret=\"+t,e.setAttribute(\"data-secret\",t)),e.contentWindow.postMessage({message:\"ready\",secret:t},\"*\")},!1)))}(window,document);\n\/\/# sourceURL=https:\/\/www.upjs.sk\/filozoficka-fakulta\/wp-includes\/js\/wp-embed.min.js\n<\/script>\n","thumbnail_url":"https:\/\/www.upjs.sk\/app\/uploads\/sites\/7\/2026\/04\/Zivena-Magda-Vasaryova-1.jpg","thumbnail_width":1000,"thumbnail_height":700,"description":"Filozofick\u00e1 fakulta UPJ\u0160 v Ko\u0161iciach\u00a0pri pr\u00edle\u017eitosti celoslovensk\u00e9ho zasadnutia spolku slovensk\u00fdch \u017eien \u017divena v Ko\u0161iciach priv\u00edtala 24. apr\u00edla 2026\u00a0\u010destn\u00fa predsedn\u00ed\u010dku \u017diveny Dr. h. c. Mgr. Magdu V\u00e1\u0161\u00e1ryov\u00fa, Ph.D.\u00a0V zaplnenej Aule UPJ\u0160 na Ul. Dr. Kostliv\u00e9ho vyst\u00fapila s\u00a0predn\u00e1\u0161kou na t\u00e9mu\u00a0Spolkov\u00e1 \u010dinnos\u0165 \u017eien \u2013 podpora solidarity, koh\u00e9zie a\u00a0aktivizmu v\u00a0spolo\u010dnosti. Popul\u00e1rnu slovensk\u00fa here\u010dku, diplomatku, sociologi\u010dku a\u00a0politi\u010dku priv\u00edtali organiz\u00e1torka podujatia\u00a0doc. &hellip; \u010c\u00edta\u0165 \u010falej"}