{"version":"1.0","provider_name":"Filozofick\u00e1 fakulta | UPJ\u0160","provider_url":"https:\/\/www.upjs.sk\/filozoficka-fakulta","title":"Filozofick\u00e1 fakulta z\u00edskala pam\u00e4tn\u00fa medailu Fakulty verejnej spr\u00e1vy UPJ\u0160 - Filozofick\u00e1 fakulta | UPJ\u0160","type":"rich","width":600,"height":338,"html":"<blockquote class=\"wp-embedded-content\" data-secret=\"h2DocduQ3Q\"><a href=\"https:\/\/www.upjs.sk\/filozoficka-fakulta\/actuality\/medaila-jubilujecej-fvs-upjs-pre-ff-upjs\/\">Filozofick\u00e1 fakulta z\u00edskala pam\u00e4tn\u00fa medailu Fakulty verejnej spr\u00e1vy UPJ\u0160<\/a><\/blockquote><iframe sandbox=\"allow-scripts\" security=\"restricted\" src=\"https:\/\/www.upjs.sk\/filozoficka-fakulta\/actuality\/medaila-jubilujecej-fvs-upjs-pre-ff-upjs\/embed\/#?secret=h2DocduQ3Q\" width=\"600\" height=\"338\" title=\"&#8220;Filozofick\u00e1 fakulta z\u00edskala pam\u00e4tn\u00fa medailu Fakulty verejnej spr\u00e1vy UPJ\u0160&#8221; &#8212; Filozofick\u00e1 fakulta | UPJ\u0160\" data-secret=\"h2DocduQ3Q\" frameborder=\"0\" marginwidth=\"0\" marginheight=\"0\" scrolling=\"no\" class=\"wp-embedded-content\"><\/iframe><script>\n\/*! This file is auto-generated *\/\n!function(d,l){\"use strict\";l.querySelector&&d.addEventListener&&\"undefined\"!=typeof URL&&(d.wp=d.wp||{},d.wp.receiveEmbedMessage||(d.wp.receiveEmbedMessage=function(e){var t=e.data;if((t||t.secret||t.message||t.value)&&!\/[^a-zA-Z0-9]\/.test(t.secret)){for(var s,r,n,a=l.querySelectorAll('iframe[data-secret=\"'+t.secret+'\"]'),o=l.querySelectorAll('blockquote[data-secret=\"'+t.secret+'\"]'),c=new RegExp(\"^https?:$\",\"i\"),i=0;i<o.length;i++)o[i].style.display=\"none\";for(i=0;i<a.length;i++)s=a[i],e.source===s.contentWindow&&(s.removeAttribute(\"style\"),\"height\"===t.message?(1e3<(r=parseInt(t.value,10))?r=1e3:~~r<200&&(r=200),s.height=r):\"link\"===t.message&&(r=new URL(s.getAttribute(\"src\")),n=new URL(t.value),c.test(n.protocol))&&n.host===r.host&&l.activeElement===s&&(d.top.location.href=t.value))}},d.addEventListener(\"message\",d.wp.receiveEmbedMessage,!1),l.addEventListener(\"DOMContentLoaded\",function(){for(var e,t,s=l.querySelectorAll(\"iframe.wp-embedded-content\"),r=0;r<s.length;r++)(t=(e=s[r]).getAttribute(\"data-secret\"))||(t=Math.random().toString(36).substring(2,12),e.src+=\"#?secret=\"+t,e.setAttribute(\"data-secret\",t)),e.contentWindow.postMessage({message:\"ready\",secret:t},\"*\")},!1)))}(window,document);\n\/\/# sourceURL=https:\/\/www.upjs.sk\/filozoficka-fakulta\/wp-includes\/js\/wp-embed.min.js\n<\/script>\n","thumbnail_url":"https:\/\/www.upjs.sk\/app\/uploads\/sites\/7\/2023\/12\/25vyrocieFVS-1.jpg","thumbnail_width":1200,"thumbnail_height":840,"description":"Dekan jubiluj\u00facej Fakulty verejnej spr\u00e1vy UPJ\u0160\u00a0doc. JUDr. Mgr. Michal Jesenko, PhD., udelil Filozofickej fakulte UPJ\u0160\u00a0pam\u00e4tn\u00fa medailu Fakulty verejnej spr\u00e1vy Univerzity Pavla Jozefa \u0160af\u00e1rika v Ko\u0161iciach. Ocenenie po\u010das\u00a0sl\u00e1vnostn\u00e9ho zasadnutia Vedeckej rady FVS UPJ\u0160 pri pr\u00edle\u017eitosti 25. v\u00fdro\u010dia zalo\u017eenia fakulty, ktor\u00e9 sa konalo vo \u0161tvrtok 7. decembra 2023, prevzala dekanka FF UPJ\u0160\u00a0prof. Mgr. Ren\u00e1ta Panocov\u00e1, PhD.\u201ePam\u00e4tn\u00fa medailu &hellip; \u010c\u00edta\u0165 \u010falej"}