{"version":"1.0","provider_name":"Filozofick\u00e1 fakulta | UPJ\u0160","provider_url":"https:\/\/www.upjs.sk\/filozoficka-fakulta","title":"Nikdy viac je teraz! - Filozofick\u00e1 fakulta | UPJ\u0160","type":"rich","width":600,"height":338,"html":"<blockquote class=\"wp-embedded-content\" data-secret=\"e1Q8tuWt7W\"><a href=\"https:\/\/www.upjs.sk\/filozoficka-fakulta\/actuality\/nikdy-viac-je-teraz-25092025\/\">Nikdy viac je teraz!<\/a><\/blockquote><iframe sandbox=\"allow-scripts\" security=\"restricted\" src=\"https:\/\/www.upjs.sk\/filozoficka-fakulta\/actuality\/nikdy-viac-je-teraz-25092025\/embed\/#?secret=e1Q8tuWt7W\" width=\"600\" height=\"338\" title=\"&#8220;Nikdy viac je teraz!&#8221; &#8212; Filozofick\u00e1 fakulta | UPJ\u0160\" data-secret=\"e1Q8tuWt7W\" frameborder=\"0\" marginwidth=\"0\" marginheight=\"0\" scrolling=\"no\" class=\"wp-embedded-content\"><\/iframe><script>\n\/*! This file is auto-generated *\/\n!function(d,l){\"use strict\";l.querySelector&&d.addEventListener&&\"undefined\"!=typeof URL&&(d.wp=d.wp||{},d.wp.receiveEmbedMessage||(d.wp.receiveEmbedMessage=function(e){var t=e.data;if((t||t.secret||t.message||t.value)&&!\/[^a-zA-Z0-9]\/.test(t.secret)){for(var s,r,n,a=l.querySelectorAll('iframe[data-secret=\"'+t.secret+'\"]'),o=l.querySelectorAll('blockquote[data-secret=\"'+t.secret+'\"]'),c=new RegExp(\"^https?:$\",\"i\"),i=0;i<o.length;i++)o[i].style.display=\"none\";for(i=0;i<a.length;i++)s=a[i],e.source===s.contentWindow&&(s.removeAttribute(\"style\"),\"height\"===t.message?(1e3<(r=parseInt(t.value,10))?r=1e3:~~r<200&&(r=200),s.height=r):\"link\"===t.message&&(r=new URL(s.getAttribute(\"src\")),n=new URL(t.value),c.test(n.protocol))&&n.host===r.host&&l.activeElement===s&&(d.top.location.href=t.value))}},d.addEventListener(\"message\",d.wp.receiveEmbedMessage,!1),l.addEventListener(\"DOMContentLoaded\",function(){for(var e,t,s=l.querySelectorAll(\"iframe.wp-embedded-content\"),r=0;r<s.length;r++)(t=(e=s[r]).getAttribute(\"data-secret\"))||(t=Math.random().toString(36).substring(2,12),e.src+=\"#?secret=\"+t,e.setAttribute(\"data-secret\",t)),e.contentWindow.postMessage({message:\"ready\",secret:t},\"*\")},!1)))}(window,document);\n\/\/# sourceURL=https:\/\/www.upjs.sk\/filozoficka-fakulta\/wp-includes\/js\/wp-embed.min.js\n<\/script>\n","thumbnail_url":"https:\/\/www.upjs.sk\/app\/uploads\/sites\/7\/2025\/09\/Nikdy-viac-je-teraz-4.jpg","thumbnail_width":1000,"thumbnail_height":667,"description":"D\u0148a 25. septembra 2025\u00a0Katedra hist\u00f3rie Filozofickej fakulty Univerzity Pavla Jozefa \u0160af\u00e1rika v\u00a0Ko\u0161iciach\u00a0\u2013\u00a0spolo\u010dne s\u00a0Karpatskou platformou\u00a0\u2013\u00a0organizovala v\u00a0priestoroch Historickej auly Rektor\u00e1tu UPJ\u0160 diskusiu pri pr\u00edle\u017eitosti D\u0148a obet\u00ed holokaustu a\u00a0rasov\u00e9ho n\u00e1silia na t\u00e9mu \u201eNikdy viac je teraz!\u201c.\u00da\u010dastn\u00edkmi diskusie boli ved\u00faci M\u00fazea holokaustu v\u00a0Seredi\u00a0PhDr. Martin Kor\u010dok, PhD., rab\u00edn z\u00a0\u00dastredn\u00e9ho zv\u00e4zu \u017eidovsk\u00fdch n\u00e1bo\u017eensk\u00fdch obc\u00ed v\u00a0SR\u00a0Misha Kapustin, gr\u00e9ckokatol\u00edcky k\u0148az a\u00a0vysoko\u0161kolsk\u00fd u\u010dite\u013e\u00a0doc. ThDr. &hellip; \u010c\u00edta\u0165 \u010falej"}