{"version":"1.0","provider_name":"Filozofick\u00e1 fakulta | UPJ\u0160","provider_url":"https:\/\/www.upjs.sk\/filozoficka-fakulta","title":"Nov\u00fd podcast o gr\u00e9ckej mytol\u00f3gii \u201eNa k\u00e1ve s Prometeom\u201c - Filozofick\u00e1 fakulta | UPJ\u0160","type":"rich","width":600,"height":338,"html":"<blockquote class=\"wp-embedded-content\" data-secret=\"mxFFNWOkI1\"><a href=\"https:\/\/www.upjs.sk\/filozoficka-fakulta\/actuality\/podcast-na-kave-s-prometeom\/\">Nov\u00fd podcast o gr\u00e9ckej mytol\u00f3gii \u201eNa k\u00e1ve s Prometeom\u201c<\/a><\/blockquote><iframe sandbox=\"allow-scripts\" security=\"restricted\" src=\"https:\/\/www.upjs.sk\/filozoficka-fakulta\/actuality\/podcast-na-kave-s-prometeom\/embed\/#?secret=mxFFNWOkI1\" width=\"600\" height=\"338\" title=\"&#8220;Nov\u00fd podcast o gr\u00e9ckej mytol\u00f3gii \u201eNa k\u00e1ve s Prometeom\u201c&#8221; &#8212; Filozofick\u00e1 fakulta | UPJ\u0160\" data-secret=\"mxFFNWOkI1\" frameborder=\"0\" marginwidth=\"0\" marginheight=\"0\" scrolling=\"no\" class=\"wp-embedded-content\"><\/iframe><script>\n\/*! This file is auto-generated *\/\n!function(d,l){\"use strict\";l.querySelector&&d.addEventListener&&\"undefined\"!=typeof URL&&(d.wp=d.wp||{},d.wp.receiveEmbedMessage||(d.wp.receiveEmbedMessage=function(e){var t=e.data;if((t||t.secret||t.message||t.value)&&!\/[^a-zA-Z0-9]\/.test(t.secret)){for(var s,r,n,a=l.querySelectorAll('iframe[data-secret=\"'+t.secret+'\"]'),o=l.querySelectorAll('blockquote[data-secret=\"'+t.secret+'\"]'),c=new RegExp(\"^https?:$\",\"i\"),i=0;i<o.length;i++)o[i].style.display=\"none\";for(i=0;i<a.length;i++)s=a[i],e.source===s.contentWindow&&(s.removeAttribute(\"style\"),\"height\"===t.message?(1e3<(r=parseInt(t.value,10))?r=1e3:~~r<200&&(r=200),s.height=r):\"link\"===t.message&&(r=new URL(s.getAttribute(\"src\")),n=new URL(t.value),c.test(n.protocol))&&n.host===r.host&&l.activeElement===s&&(d.top.location.href=t.value))}},d.addEventListener(\"message\",d.wp.receiveEmbedMessage,!1),l.addEventListener(\"DOMContentLoaded\",function(){for(var e,t,s=l.querySelectorAll(\"iframe.wp-embedded-content\"),r=0;r<s.length;r++)(t=(e=s[r]).getAttribute(\"data-secret\"))||(t=Math.random().toString(36).substring(2,12),e.src+=\"#?secret=\"+t,e.setAttribute(\"data-secret\",t)),e.contentWindow.postMessage({message:\"ready\",secret:t},\"*\")},!1)))}(window,document);\n\/\/# sourceURL=https:\/\/www.upjs.sk\/filozoficka-fakulta\/wp-includes\/js\/wp-embed.min.js\n<\/script>\n","thumbnail_url":"https:\/\/www.upjs.sk\/app\/uploads\/sites\/7\/2025\/08\/banner-podcast-Na-kave-s-Prometeom.jpg","thumbnail_width":900,"thumbnail_height":630,"description":"Na k\u00e1ve s Prometeom je nov\u00fd popul\u00e1rno-n\u00e1u\u010dn\u00fd podcast o gr\u00e9ckej mytol\u00f3gii, antick\u00fdch pr\u00edbehoch a ich prepojen\u00ed so s\u00fa\u010dasn\u00fdm svetom. Venuje sa m\u00fdtom nie ako zabudnut\u00fdm rozpr\u00e1vkam, ale ako \u017eiv\u00e9mu kult\u00farnemu dedi\u010dstvu, ktor\u00e9 dodnes ovplyv\u0148uje na\u0161e myslenie, jazyk, umenie \u010di dokonca aj identitu.Podcast prin\u00e1\u0161a hlb\u0161ie poh\u013eady na pr\u00edbehy, ktor\u00e9 po st\u00e1ro\u010dia formovali eur\u00f3psku civiliz\u00e1ciu. Ka\u017ed\u00e1 epiz\u00f3da &hellip; \u010c\u00edta\u0165 \u010falej"}