{"version":"1.0","provider_name":"Filozofick\u00e1 fakulta | UPJ\u0160","provider_url":"https:\/\/www.upjs.sk\/filozoficka-fakulta","title":"\u0160t\u00farovo pero 2026: Univerz\u00e1l sa op\u00e4\u0165 presadil - Filozofick\u00e1 fakulta | UPJ\u0160","type":"rich","width":600,"height":338,"html":"<blockquote class=\"wp-embedded-content\" data-secret=\"5GWcSXK8x8\"><a href=\"https:\/\/www.upjs.sk\/filozoficka-fakulta\/actuality\/sturovo-pero-2026-univerzal\/\">\u0160t\u00farovo pero 2026: Univerz\u00e1l sa op\u00e4\u0165 presadil<\/a><\/blockquote><iframe sandbox=\"allow-scripts\" security=\"restricted\" src=\"https:\/\/www.upjs.sk\/filozoficka-fakulta\/actuality\/sturovo-pero-2026-univerzal\/embed\/#?secret=5GWcSXK8x8\" width=\"600\" height=\"338\" title=\"&#8220;\u0160t\u00farovo pero 2026: Univerz\u00e1l sa op\u00e4\u0165 presadil&#8221; &#8212; Filozofick\u00e1 fakulta | UPJ\u0160\" data-secret=\"5GWcSXK8x8\" frameborder=\"0\" marginwidth=\"0\" marginheight=\"0\" scrolling=\"no\" class=\"wp-embedded-content\"><\/iframe><script>\n\/*! This file is auto-generated *\/\n!function(d,l){\"use strict\";l.querySelector&&d.addEventListener&&\"undefined\"!=typeof URL&&(d.wp=d.wp||{},d.wp.receiveEmbedMessage||(d.wp.receiveEmbedMessage=function(e){var t=e.data;if((t||t.secret||t.message||t.value)&&!\/[^a-zA-Z0-9]\/.test(t.secret)){for(var s,r,n,a=l.querySelectorAll('iframe[data-secret=\"'+t.secret+'\"]'),o=l.querySelectorAll('blockquote[data-secret=\"'+t.secret+'\"]'),c=new RegExp(\"^https?:$\",\"i\"),i=0;i<o.length;i++)o[i].style.display=\"none\";for(i=0;i<a.length;i++)s=a[i],e.source===s.contentWindow&&(s.removeAttribute(\"style\"),\"height\"===t.message?(1e3<(r=parseInt(t.value,10))?r=1e3:~~r<200&&(r=200),s.height=r):\"link\"===t.message&&(r=new URL(s.getAttribute(\"src\")),n=new URL(t.value),c.test(n.protocol))&&n.host===r.host&&l.activeElement===s&&(d.top.location.href=t.value))}},d.addEventListener(\"message\",d.wp.receiveEmbedMessage,!1),l.addEventListener(\"DOMContentLoaded\",function(){for(var e,t,s=l.querySelectorAll(\"iframe.wp-embedded-content\"),r=0;r<s.length;r++)(t=(e=s[r]).getAttribute(\"data-secret\"))||(t=Math.random().toString(36).substring(2,12),e.src+=\"#?secret=\"+t,e.setAttribute(\"data-secret\",t)),e.contentWindow.postMessage({message:\"ready\",secret:t},\"*\")},!1)))}(window,document);\n\/\/# sourceURL=https:\/\/www.upjs.sk\/filozoficka-fakulta\/wp-includes\/js\/wp-embed.min.js\n<\/script>\n","thumbnail_url":"https:\/\/www.upjs.sk\/app\/uploads\/sites\/7\/2026\/04\/Sturovo-pero-2026-1.jpg","thumbnail_width":1000,"thumbnail_height":700,"description":"Aj tento rok, u\u017e \u0161tvrt\u00fdkr\u00e1t po sebe, sa redakcia\u00a0\u010dasopisu \u0161tudentov Filozofickej fakulty UPJ\u0160 v\u00a0Ko\u0161iciach\u00a0Univerz\u00e1l\u00a0vybrala na celoslovensk\u00fa novin\u00e1rsku s\u00fa\u0165a\u017e\u00a0\u0160t\u00farovo pero. Po\u010das dvoch nabit\u00fdch dn\u00ed (24. a\u00a025. apr\u00edla 2026) sme mali \u0161ancu vypo\u010du\u0165 si cenn\u00e9 rady, v\u00fdhrady aj pochvaly od akt\u00edvnych novin\u00e1rov. Porota, zlo\u017een\u00e1 z\u00a0Jozefa Bedn\u00e1ra,\u00a0Andrey \u0160prochovej\u00a0a\u00a0Katar\u00edny Sabovej, hodnotila na\u0161e minuloro\u010dn\u00e9 \u010d\u00edsla s\u00a0t\u00e9mami\u00a0\u010cas,\u00a0Detstvo\u00a0a\u00a0Ako pre\u017ei\u0165 I &amp; II.V\u00a0sp\u00e4tnej &hellip; \u010c\u00edta\u0165 \u010falej"}