{"version":"1.0","provider_name":"Filozofick\u00e1 fakulta | UPJ\u0160","provider_url":"https:\/\/www.upjs.sk\/filozoficka-fakulta","title":"Katedra filozofie - Filozofick\u00e1 fakulta | UPJ\u0160","type":"rich","width":600,"height":338,"html":"<blockquote class=\"wp-embedded-content\" data-secret=\"i4AbJoMAS0\"><a href=\"https:\/\/www.upjs.sk\/filozoficka-fakulta\/pracoviska\/kf\/\">Katedra filozofie<\/a><\/blockquote><iframe sandbox=\"allow-scripts\" security=\"restricted\" src=\"https:\/\/www.upjs.sk\/filozoficka-fakulta\/pracoviska\/kf\/embed\/#?secret=i4AbJoMAS0\" width=\"600\" height=\"338\" title=\"&#8220;Katedra filozofie&#8221; &#8212; Filozofick\u00e1 fakulta | UPJ\u0160\" data-secret=\"i4AbJoMAS0\" frameborder=\"0\" marginwidth=\"0\" marginheight=\"0\" scrolling=\"no\" class=\"wp-embedded-content\"><\/iframe><script>\n\/*! This file is auto-generated *\/\n!function(d,l){\"use strict\";l.querySelector&&d.addEventListener&&\"undefined\"!=typeof URL&&(d.wp=d.wp||{},d.wp.receiveEmbedMessage||(d.wp.receiveEmbedMessage=function(e){var t=e.data;if((t||t.secret||t.message||t.value)&&!\/[^a-zA-Z0-9]\/.test(t.secret)){for(var s,r,n,a=l.querySelectorAll('iframe[data-secret=\"'+t.secret+'\"]'),o=l.querySelectorAll('blockquote[data-secret=\"'+t.secret+'\"]'),c=new RegExp(\"^https?:$\",\"i\"),i=0;i<o.length;i++)o[i].style.display=\"none\";for(i=0;i<a.length;i++)s=a[i],e.source===s.contentWindow&&(s.removeAttribute(\"style\"),\"height\"===t.message?(1e3<(r=parseInt(t.value,10))?r=1e3:~~r<200&&(r=200),s.height=r):\"link\"===t.message&&(r=new URL(s.getAttribute(\"src\")),n=new URL(t.value),c.test(n.protocol))&&n.host===r.host&&l.activeElement===s&&(d.top.location.href=t.value))}},d.addEventListener(\"message\",d.wp.receiveEmbedMessage,!1),l.addEventListener(\"DOMContentLoaded\",function(){for(var e,t,s=l.querySelectorAll(\"iframe.wp-embedded-content\"),r=0;r<s.length;r++)(t=(e=s[r]).getAttribute(\"data-secret\"))||(t=Math.random().toString(36).substring(2,12),e.src+=\"#?secret=\"+t,e.setAttribute(\"data-secret\",t)),e.contentWindow.postMessage({message:\"ready\",secret:t},\"*\")},!1)))}(window,document);\n\/\/# sourceURL=https:\/\/www.upjs.sk\/filozoficka-fakulta\/wp-includes\/js\/wp-embed.min.js\n<\/script>\n","description":"Katedra filozofie Katedra filozofie v s\u00fa\u010dasnosti pon\u00faka denn\u00e9 jednoodborov\u00e9 a\u00a0medziodborov\u00e9 \u0161t\u00fadium filozofie, ako aj mo\u017enos\u0165 \u0161t\u00fadia v\u00a0r\u00e1mci u\u010dite\u013estva V\u00fdchovy k\u00a0ob\u010dianstvu a\u00a0Etickej v\u00fdchovy. V\u00a0r\u00e1mci doktorandsk\u00e9ho \u0161t\u00fadia pon\u00faka \u0161tvorro\u010dn\u00fd \u0161tudijn\u00fd program v\u00a0odbore Filozofia. V\u00a0roku 2020 sa spojila s\u00a0Katedrou aplikovanej etiky a\u00a0obohatila svoju ponuku o\u00a0v\u00fdraznej\u0161ie zameranie na etick\u00e9 t\u00e9my. \u0160tudenti a\u00a0\u0161tudentky na bakal\u00e1rskom stupni \u0161t\u00fadia odvtedy maj\u00fa mo\u017enos\u0165 &hellip; \u010c\u00edta\u0165 \u010falej","thumbnail_url":"https:\/\/www.upjs.sk\/app\/uploads\/sites\/7\/2023\/04\/webbanner-kf.png","thumbnail_width":900,"thumbnail_height":300}