{"id":18092,"date":"2020-01-13T16:51:31","date_gmt":"2020-01-13T16:51:31","guid":{"rendered":"https:\/\/www.upjs.sk\/filozoficka-fakulta\/actuality\/ocenenie-cerniveckouu-tomascikova\/"},"modified":"2020-01-13T16:51:31","modified_gmt":"2020-01-13T16:51:31","slug":"ocenenie-cerniveckouu-tomascikova","status":"publish","type":"cpt_aktuality","link":"https:\/\/www.upjs.sk\/filozoficka-fakulta\/actuality\/ocenenie-cerniveckouu-tomascikova\/","title":{"rendered":"Dr. h. c. doc. Mgr. Sl\u00e1vka Toma\u0161\u010d\u00edkov\u00e1, PhD., si v ukrajinsk\u00fdch \u010cernivciach prevzala dve ocenenia"},"content":{"rendered":"<p>\u00a0<\/p>\n<p style=\"text-align: justify;\">Za dlhoro\u010dn\u00fa akt\u00edvnu spolupr\u00e1cu, vysokoprofesion\u00e1lny pr\u00edstup, v\u00fdchovu kvalifikovan\u00fdch odborn\u00edkov a osobn\u00fd pr\u00edspevok k medzin\u00e1rodnej spolupr\u00e1ci ved\u00facej k rozvoju \u010cerniveckej n\u00e1rodnej univerzity Jurija Fedkovi\u010da ocenila \u010cerniveck\u00e1 region\u00e1lna \u0161t\u00e1tna administr\u00e1cia <strong>Dr. h. c. doc. Mgr. Sl\u00e1vku Toma\u0161\u010d\u00edkov\u00fa, PhD.<\/strong>, Pam\u00e4tnou medailou &#8222;100 rokov Bukovinskej rady&#8220;. Ocenenie si prevzala osobne 2. janu\u00e1ra 2020 z r\u00fak\u00a0<strong>doc. Dr. Sergeja Ne\u017eurbidu, LL.D.<\/strong>, ved\u00faceho Oddelenia v\u00fdkonnej slu\u017eby guvern\u00e9ra \u010cerniveckej region\u00e1lnej \u0161t\u00e1tnej administ\u00e1cie Sergeja Osa\u010duka.<br \/>\nV rozhovore s doc. Dr. Sergejom Ne\u017eurbidom, LL.D., a ved\u00facou Oddelenia medzin\u00e1rodnej spolupr\u00e1ce a eur\u00f3pskej integr\u00e1cie \u010cerniveckej region\u00e1lnej \u0161t\u00e1tnej administ\u00e1cie pani <strong>Hannou \u017deb\u010duk<\/strong> doc. Toma\u0161\u010d\u00edkov\u00e1 zhodnotila doteraj\u0161ie v\u00fdsledky spolupr\u00e1ce UPJ\u0160 a \u010cerniveckej n\u00e1rodnej univerzity Jurija Fedkovi\u010da v odboroch anglickej filol\u00f3gie, pr\u00e1va a geografie, ku ktor\u00fdm v\u00fdznamne prispelo Zahrani\u010dn\u00e9 oddelenie \u010cerniveckej n\u00e1rodnej univerzity Jurija Fedkovi\u010da. Podelila sa tie\u017e o pl\u00e1ny na spolupr\u00e1cu do bud\u00facnosti predov\u0161etk\u00fdm s Katedrou anglick\u00e9ho jazyka Fakulty cudz\u00edch jazykov \u010cerniveckej n\u00e1rodnej univerzity Jurija Fedkovi\u010da pod veden\u00edm <strong>prof. Dr. Nadi Yesypenko, DrSc.<\/strong>, ktor\u00e1 koordinuje v\u0161etky spolo\u010dn\u00e9 aktivity spolupracuj\u00facich katedier.<br \/>\nDr. h. c. doc. Mgr. Sl\u00e1vka Toma\u0161\u010d\u00edkov\u00e1, PhD., je taktie\u017e ako editorka s\u00fa\u010das\u0165ou kolekt\u00edvu autorov publik\u00e1cie Eugen Ehrlich: Bibliographic Index (Vernon Press, 2018), ktor\u00e9mu bola za t\u00fato knihu udelen\u00e1 Medajla starostu mesta \u010cernivci Antona Kochanovsk\u00e9ho. Cenu za kolekt\u00edv autorov \u2013 Sergeja Ne\u017eurbidu, M\u00e1riu Dia\u010duk, Manfreda Rehbindera a Sl\u00e1vku Toma\u0161\u010d\u00edkov\u00fa \u2013 prevzala v okt\u00f3bri 2019 po\u010das osl\u00e1v mesta \u010cernivci pani M\u00e1ria Dia\u010duk.<\/p>\n<p style=\"text-align: justify;\">Viac na:<br \/>\n<a href=\"https:\/\/bukoda.gov.ua\/new\/9631\" target=\"_blank\" rel=\"noopener\">https:\/\/bukoda.gov.ua\/new\/9631<\/a><br \/>\n<a href=\"https:\/\/www.facebook.com\/cvODA\/photos\/rpp.181111528763560\/1207832619424774\/?type=3&#038;theater\" target=\"_blank\" rel=\"noopener\">https:\/\/www.facebook.com\/cvODA\/photos\/rpp.181111528763560\/1207832619424774\/?type=3&#038;theater<\/a><br \/>\n<a href=\"https:\/\/pogliad.ua\/news\/education\/pochesni-doktori-chnu-otrimali-vidznaku-100-rokiv-bukovinskomu-viche-375298\" target=\"_blank\" rel=\"noopener\">https:\/\/pogliad.ua\/news\/education\/pochesni-doktori-chnu-otrimali-vidznaku-100-rokiv-bukovinskomu-viche-375298<\/a><br \/>\n<a href=\"https:\/\/karpaty.news\/chernivecka-oblast\/pochesni-doktori-chnu-otrimali-vidznaku-100-rokiv-bukovinskomu-viche\" target=\"_blank\" rel=\"noopener\">https:\/\/karpaty.news\/chernivecka-oblast\/pochesni-doktori-chnu-otrimali-vidznaku-100-rokiv-bukovinskomu-viche<\/a><br \/>\n<a href=\"https:\/\/twnews.com.ua\/ua-news\/pochesni-doktori-chnu-otrimali-vidznaku-100-rokiv-bukovins-komu-viche\" target=\"_blank\" rel=\"noopener\">https:\/\/twnews.com.ua\/ua-news\/pochesni-doktori-chnu-otrimali-vidznaku-100-rokiv-bukovins-komu-viche<\/a><br \/>\n<a href=\"https:\/\/zaxid.media\/news\/1344011\" target=\"_blank\" rel=\"noopener\">https:\/\/zaxid.media\/news\/1344011<\/a><br \/>\n<a href=\"http:\/\/chnu.edu.ua\/index.php?page=ua\/news\/archive&#038;data%5b5013%5d%5bnews_id%5d=11536\" target=\"_blank\" rel=\"noopener\">http:\/\/chnu.edu.ua\/index.php?page=ua\/news\/archive&#038;data[5013][news_id]=11536<\/a><\/p>\n<p style=\"text-align: justify;\"><strong>Mgr. J\u00falius Rozenfeld, PhD.<\/strong><br \/>\nKAA FF UPJ\u0160<\/p>\n","protected":false},"excerpt":{"rendered":"<p>\u00a0 Za dlhoro\u010dn\u00fa akt\u00edvnu spolupr\u00e1cu, vysokoprofesion\u00e1lny pr\u00edstup, v\u00fdchovu kvalifikovan\u00fdch odborn\u00edkov a osobn\u00fd pr\u00edspevok k medzin\u00e1rodnej spolupr\u00e1ci ved\u00facej k rozvoju \u010cerniveckej n\u00e1rodnej univerzity Jurija Fedkovi\u010da ocenila \u010cerniveck\u00e1 region\u00e1lna \u0161t\u00e1tna administr\u00e1cia Dr. h. c. doc. Mgr. Sl\u00e1vku Toma\u0161\u010d\u00edkov\u00fa, PhD., Pam\u00e4tnou medailou &#8222;100 rokov Bukovinskej rady&#8220;. Ocenenie si prevzala osobne 2. janu\u00e1ra 2020 z r\u00fak\u00a0doc. Dr. Sergeja Ne\u017eurbidu, &hellip; <a href=\"https:\/\/www.upjs.sk\/filozoficka-fakulta\/actuality\/ocenenie-cerniveckouu-tomascikova\/\">\u010c\u00edta\u0165 \u010falej<\/a><\/p>\n","protected":false},"author":1,"featured_media":18093,"template":"","meta":{"_acf_changed":false,"_editorskit_title_hidden":false,"_editorskit_reading_time":0,"_editorskit_is_block_options_detached":false,"_editorskit_block_options_position":"{}","footnotes":""},"categories":[],"tags":[],"tax_aktuality":[23],"class_list":["post-18092","cpt_aktuality","type-cpt_aktuality","status-publish","has-post-thumbnail","hentry","tax_aktuality-23"],"acf":{"acf_link_na_externy_obsah":"","poradie_clanku":""},"yoast_head":"<!-- This site is optimized with the Yoast SEO plugin v27.4 - https:\/\/yoast.com\/product\/yoast-seo-wordpress\/ -->\n<title>Dr. h. c. doc. Mgr. Sl\u00e1vka Toma\u0161\u010d\u00edkov\u00e1, PhD., si v ukrajinsk\u00fdch \u010cernivciach prevzala dve ocenenia - Filozofick\u00e1 fakulta | UPJ\u0160<\/title>\n<meta name=\"robots\" content=\"index, follow, max-snippet:-1, max-image-preview:large, max-video-preview:-1\" \/>\n<link rel=\"canonical\" href=\"https:\/\/www.upjs.sk\/filozoficka-fakulta\/actuality\/ocenenie-cerniveckouu-tomascikova\/\" \/>\n<meta property=\"og:locale\" content=\"sk_SK\" \/>\n<meta property=\"og:type\" content=\"article\" \/>\n<meta property=\"og:title\" content=\"Dr. h. c. doc. Mgr. Sl\u00e1vka Toma\u0161\u010d\u00edkov\u00e1, PhD., si v ukrajinsk\u00fdch \u010cernivciach prevzala dve ocenenia - Filozofick\u00e1 fakulta | UPJ\u0160\" \/>\n<meta property=\"og:description\" content=\"\u00a0 Za dlhoro\u010dn\u00fa akt\u00edvnu spolupr\u00e1cu, vysokoprofesion\u00e1lny pr\u00edstup, v\u00fdchovu kvalifikovan\u00fdch odborn\u00edkov a osobn\u00fd pr\u00edspevok k medzin\u00e1rodnej spolupr\u00e1ci ved\u00facej k rozvoju \u010cerniveckej n\u00e1rodnej univerzity Jurija Fedkovi\u010da ocenila \u010cerniveck\u00e1 region\u00e1lna \u0161t\u00e1tna administr\u00e1cia Dr. h. c. doc. Mgr. Sl\u00e1vku Toma\u0161\u010d\u00edkov\u00fa, PhD., Pam\u00e4tnou medailou &#8222;100 rokov Bukovinskej rady&#8220;. Ocenenie si prevzala osobne 2. janu\u00e1ra 2020 z r\u00fak\u00a0doc. Dr. Sergeja Ne\u017eurbidu, &hellip; \u010c\u00edta\u0165 \u010falej\" \/>\n<meta property=\"og:url\" content=\"https:\/\/www.upjs.sk\/filozoficka-fakulta\/actuality\/ocenenie-cerniveckouu-tomascikova\/\" \/>\n<meta property=\"og:site_name\" content=\"Filozofick\u00e1 fakulta | UPJ\u0160\" \/>\n<meta property=\"og:image\" content=\"https:\/\/www.upjs.sk\/app\/uploads\/sites\/7\/2022\/10\/1-20.jpg\" \/>\n\t<meta property=\"og:image:width\" content=\"768\" \/>\n\t<meta property=\"og:image:height\" content=\"1024\" \/>\n\t<meta property=\"og:image:type\" content=\"image\/jpeg\" \/>\n<meta name=\"twitter:card\" content=\"summary_large_image\" \/>\n<meta name=\"twitter:label1\" content=\"Predpokladan\u00fd \u010das \u010d\u00edtania\" \/>\n\t<meta name=\"twitter:data1\" content=\"2 min\u00faty\" \/>\n<script type=\"application\/ld+json\" class=\"yoast-schema-graph\">{\"@context\":\"https:\\\/\\\/schema.org\",\"@graph\":[{\"@type\":\"WebPage\",\"@id\":\"https:\\\/\\\/www.upjs.sk\\\/filozoficka-fakulta\\\/actuality\\\/ocenenie-cerniveckouu-tomascikova\\\/\",\"url\":\"https:\\\/\\\/www.upjs.sk\\\/filozoficka-fakulta\\\/actuality\\\/ocenenie-cerniveckouu-tomascikova\\\/\",\"name\":\"Dr. h. c. doc. Mgr. Sl\u00e1vka Toma\u0161\u010d\u00edkov\u00e1, PhD., si v ukrajinsk\u00fdch \u010cernivciach prevzala dve ocenenia - Filozofick\u00e1 fakulta | UPJ\u0160\",\"isPartOf\":{\"@id\":\"https:\\\/\\\/www.upjs.sk\\\/filozoficka-fakulta\\\/#website\"},\"primaryImageOfPage\":{\"@id\":\"https:\\\/\\\/www.upjs.sk\\\/filozoficka-fakulta\\\/actuality\\\/ocenenie-cerniveckouu-tomascikova\\\/#primaryimage\"},\"image\":{\"@id\":\"https:\\\/\\\/www.upjs.sk\\\/filozoficka-fakulta\\\/actuality\\\/ocenenie-cerniveckouu-tomascikova\\\/#primaryimage\"},\"thumbnailUrl\":\"https:\\\/\\\/www.upjs.sk\\\/app\\\/uploads\\\/sites\\\/7\\\/2022\\\/10\\\/1-20.jpg\",\"datePublished\":\"2020-01-13T16:51:31+00:00\",\"breadcrumb\":{\"@id\":\"https:\\\/\\\/www.upjs.sk\\\/filozoficka-fakulta\\\/actuality\\\/ocenenie-cerniveckouu-tomascikova\\\/#breadcrumb\"},\"inLanguage\":\"sk-SK\",\"potentialAction\":[{\"@type\":\"ReadAction\",\"target\":[\"https:\\\/\\\/www.upjs.sk\\\/filozoficka-fakulta\\\/actuality\\\/ocenenie-cerniveckouu-tomascikova\\\/\"]}]},{\"@type\":\"ImageObject\",\"inLanguage\":\"sk-SK\",\"@id\":\"https:\\\/\\\/www.upjs.sk\\\/filozoficka-fakulta\\\/actuality\\\/ocenenie-cerniveckouu-tomascikova\\\/#primaryimage\",\"url\":\"https:\\\/\\\/www.upjs.sk\\\/app\\\/uploads\\\/sites\\\/7\\\/2022\\\/10\\\/1-20.jpg\",\"contentUrl\":\"https:\\\/\\\/www.upjs.sk\\\/app\\\/uploads\\\/sites\\\/7\\\/2022\\\/10\\\/1-20.jpg\",\"width\":768,\"height\":1024,\"caption\":\"ocenenie-CerniveckouU-Tomascikova\"},{\"@type\":\"BreadcrumbList\",\"@id\":\"https:\\\/\\\/www.upjs.sk\\\/filozoficka-fakulta\\\/actuality\\\/ocenenie-cerniveckouu-tomascikova\\\/#breadcrumb\",\"itemListElement\":[{\"@type\":\"ListItem\",\"position\":1,\"name\":\"Home\",\"item\":\"https:\\\/\\\/www.upjs.sk\\\/filozoficka-fakulta\\\/\"},{\"@type\":\"ListItem\",\"position\":2,\"name\":\"Aktuality\",\"item\":\"https:\\\/\\\/www.upjs.sk\\\/filozoficka-fakulta\\\/actuality\\\/\"},{\"@type\":\"ListItem\",\"position\":3,\"name\":\"Dr. h. c. doc. Mgr. Sl\u00e1vka Toma\u0161\u010d\u00edkov\u00e1, PhD., si v ukrajinsk\u00fdch \u010cernivciach prevzala dve ocenenia\"}]},{\"@type\":\"WebSite\",\"@id\":\"https:\\\/\\\/www.upjs.sk\\\/filozoficka-fakulta\\\/#website\",\"url\":\"https:\\\/\\\/www.upjs.sk\\\/filozoficka-fakulta\\\/\",\"name\":\"Filozofick\u00e1 fakulta | UPJ\u0160\",\"description\":\"\",\"publisher\":{\"@id\":\"https:\\\/\\\/www.upjs.sk\\\/filozoficka-fakulta\\\/#organization\"},\"potentialAction\":[{\"@type\":\"SearchAction\",\"target\":{\"@type\":\"EntryPoint\",\"urlTemplate\":\"https:\\\/\\\/www.upjs.sk\\\/filozoficka-fakulta\\\/?s={search_term_string}\"},\"query-input\":{\"@type\":\"PropertyValueSpecification\",\"valueRequired\":true,\"valueName\":\"search_term_string\"}}],\"inLanguage\":\"sk-SK\"},{\"@type\":\"Organization\",\"@id\":\"https:\\\/\\\/www.upjs.sk\\\/filozoficka-fakulta\\\/#organization\",\"name\":\"Filozofick\u00e1 fakulta | UPJ\u0160\",\"url\":\"https:\\\/\\\/www.upjs.sk\\\/filozoficka-fakulta\\\/\",\"logo\":{\"@type\":\"ImageObject\",\"inLanguage\":\"sk-SK\",\"@id\":\"https:\\\/\\\/www.upjs.sk\\\/filozoficka-fakulta\\\/#\\\/schema\\\/logo\\\/image\\\/\",\"url\":\"https:\\\/\\\/www.upjs.sk\\\/app\\\/uploads\\\/sites\\\/7\\\/2022\\\/09\\\/logo-filozoficka-fakulta.png\",\"contentUrl\":\"https:\\\/\\\/www.upjs.sk\\\/app\\\/uploads\\\/sites\\\/7\\\/2022\\\/09\\\/logo-filozoficka-fakulta.png\",\"width\":415,\"height\":87,\"caption\":\"Filozofick\u00e1 fakulta | UPJ\u0160\"},\"image\":{\"@id\":\"https:\\\/\\\/www.upjs.sk\\\/filozoficka-fakulta\\\/#\\\/schema\\\/logo\\\/image\\\/\"}}]}<\/script>\n<!-- \/ Yoast SEO plugin. -->","yoast_head_json":{"title":"Dr. h. c. doc. Mgr. Sl\u00e1vka Toma\u0161\u010d\u00edkov\u00e1, PhD., si v ukrajinsk\u00fdch \u010cernivciach prevzala dve ocenenia - Filozofick\u00e1 fakulta | UPJ\u0160","robots":{"index":"index","follow":"follow","max-snippet":"max-snippet:-1","max-image-preview":"max-image-preview:large","max-video-preview":"max-video-preview:-1"},"canonical":"https:\/\/www.upjs.sk\/filozoficka-fakulta\/actuality\/ocenenie-cerniveckouu-tomascikova\/","og_locale":"sk_SK","og_type":"article","og_title":"Dr. h. c. doc. Mgr. Sl\u00e1vka Toma\u0161\u010d\u00edkov\u00e1, PhD., si v ukrajinsk\u00fdch \u010cernivciach prevzala dve ocenenia - Filozofick\u00e1 fakulta | UPJ\u0160","og_description":"\u00a0 Za dlhoro\u010dn\u00fa akt\u00edvnu spolupr\u00e1cu, vysokoprofesion\u00e1lny pr\u00edstup, v\u00fdchovu kvalifikovan\u00fdch odborn\u00edkov a osobn\u00fd pr\u00edspevok k medzin\u00e1rodnej spolupr\u00e1ci ved\u00facej k rozvoju \u010cerniveckej n\u00e1rodnej univerzity Jurija Fedkovi\u010da ocenila \u010cerniveck\u00e1 region\u00e1lna \u0161t\u00e1tna administr\u00e1cia Dr. h. c. doc. Mgr. Sl\u00e1vku Toma\u0161\u010d\u00edkov\u00fa, PhD., Pam\u00e4tnou medailou &#8222;100 rokov Bukovinskej rady&#8220;. Ocenenie si prevzala osobne 2. janu\u00e1ra 2020 z r\u00fak\u00a0doc. Dr. Sergeja Ne\u017eurbidu, &hellip; \u010c\u00edta\u0165 \u010falej","og_url":"https:\/\/www.upjs.sk\/filozoficka-fakulta\/actuality\/ocenenie-cerniveckouu-tomascikova\/","og_site_name":"Filozofick\u00e1 fakulta | UPJ\u0160","og_image":[{"width":768,"height":1024,"url":"https:\/\/www.upjs.sk\/app\/uploads\/sites\/7\/2022\/10\/1-20.jpg","type":"image\/jpeg"}],"twitter_card":"summary_large_image","twitter_misc":{"Predpokladan\u00fd \u010das \u010d\u00edtania":"2 min\u00faty"},"schema":{"@context":"https:\/\/schema.org","@graph":[{"@type":"WebPage","@id":"https:\/\/www.upjs.sk\/filozoficka-fakulta\/actuality\/ocenenie-cerniveckouu-tomascikova\/","url":"https:\/\/www.upjs.sk\/filozoficka-fakulta\/actuality\/ocenenie-cerniveckouu-tomascikova\/","name":"Dr. h. c. doc. Mgr. Sl\u00e1vka Toma\u0161\u010d\u00edkov\u00e1, PhD., si v ukrajinsk\u00fdch \u010cernivciach prevzala dve ocenenia - Filozofick\u00e1 fakulta | UPJ\u0160","isPartOf":{"@id":"https:\/\/www.upjs.sk\/filozoficka-fakulta\/#website"},"primaryImageOfPage":{"@id":"https:\/\/www.upjs.sk\/filozoficka-fakulta\/actuality\/ocenenie-cerniveckouu-tomascikova\/#primaryimage"},"image":{"@id":"https:\/\/www.upjs.sk\/filozoficka-fakulta\/actuality\/ocenenie-cerniveckouu-tomascikova\/#primaryimage"},"thumbnailUrl":"https:\/\/www.upjs.sk\/app\/uploads\/sites\/7\/2022\/10\/1-20.jpg","datePublished":"2020-01-13T16:51:31+00:00","breadcrumb":{"@id":"https:\/\/www.upjs.sk\/filozoficka-fakulta\/actuality\/ocenenie-cerniveckouu-tomascikova\/#breadcrumb"},"inLanguage":"sk-SK","potentialAction":[{"@type":"ReadAction","target":["https:\/\/www.upjs.sk\/filozoficka-fakulta\/actuality\/ocenenie-cerniveckouu-tomascikova\/"]}]},{"@type":"ImageObject","inLanguage":"sk-SK","@id":"https:\/\/www.upjs.sk\/filozoficka-fakulta\/actuality\/ocenenie-cerniveckouu-tomascikova\/#primaryimage","url":"https:\/\/www.upjs.sk\/app\/uploads\/sites\/7\/2022\/10\/1-20.jpg","contentUrl":"https:\/\/www.upjs.sk\/app\/uploads\/sites\/7\/2022\/10\/1-20.jpg","width":768,"height":1024,"caption":"ocenenie-CerniveckouU-Tomascikova"},{"@type":"BreadcrumbList","@id":"https:\/\/www.upjs.sk\/filozoficka-fakulta\/actuality\/ocenenie-cerniveckouu-tomascikova\/#breadcrumb","itemListElement":[{"@type":"ListItem","position":1,"name":"Home","item":"https:\/\/www.upjs.sk\/filozoficka-fakulta\/"},{"@type":"ListItem","position":2,"name":"Aktuality","item":"https:\/\/www.upjs.sk\/filozoficka-fakulta\/actuality\/"},{"@type":"ListItem","position":3,"name":"Dr. h. c. doc. Mgr. Sl\u00e1vka Toma\u0161\u010d\u00edkov\u00e1, PhD., si v ukrajinsk\u00fdch \u010cernivciach prevzala dve ocenenia"}]},{"@type":"WebSite","@id":"https:\/\/www.upjs.sk\/filozoficka-fakulta\/#website","url":"https:\/\/www.upjs.sk\/filozoficka-fakulta\/","name":"Filozofick\u00e1 fakulta | UPJ\u0160","description":"","publisher":{"@id":"https:\/\/www.upjs.sk\/filozoficka-fakulta\/#organization"},"potentialAction":[{"@type":"SearchAction","target":{"@type":"EntryPoint","urlTemplate":"https:\/\/www.upjs.sk\/filozoficka-fakulta\/?s={search_term_string}"},"query-input":{"@type":"PropertyValueSpecification","valueRequired":true,"valueName":"search_term_string"}}],"inLanguage":"sk-SK"},{"@type":"Organization","@id":"https:\/\/www.upjs.sk\/filozoficka-fakulta\/#organization","name":"Filozofick\u00e1 fakulta | UPJ\u0160","url":"https:\/\/www.upjs.sk\/filozoficka-fakulta\/","logo":{"@type":"ImageObject","inLanguage":"sk-SK","@id":"https:\/\/www.upjs.sk\/filozoficka-fakulta\/#\/schema\/logo\/image\/","url":"https:\/\/www.upjs.sk\/app\/uploads\/sites\/7\/2022\/09\/logo-filozoficka-fakulta.png","contentUrl":"https:\/\/www.upjs.sk\/app\/uploads\/sites\/7\/2022\/09\/logo-filozoficka-fakulta.png","width":415,"height":87,"caption":"Filozofick\u00e1 fakulta | UPJ\u0160"},"image":{"@id":"https:\/\/www.upjs.sk\/filozoficka-fakulta\/#\/schema\/logo\/image\/"}}]}},"_links":{"self":[{"href":"https:\/\/www.upjs.sk\/filozoficka-fakulta\/wp-json\/wp\/v2\/cpt_aktuality\/18092","targetHints":{"allow":["GET"]}}],"collection":[{"href":"https:\/\/www.upjs.sk\/filozoficka-fakulta\/wp-json\/wp\/v2\/cpt_aktuality"}],"about":[{"href":"https:\/\/www.upjs.sk\/filozoficka-fakulta\/wp-json\/wp\/v2\/types\/cpt_aktuality"}],"author":[{"embeddable":true,"href":"https:\/\/www.upjs.sk\/filozoficka-fakulta\/wp-json\/wp\/v2\/users\/1"}],"version-history":[{"count":0,"href":"https:\/\/www.upjs.sk\/filozoficka-fakulta\/wp-json\/wp\/v2\/cpt_aktuality\/18092\/revisions"}],"wp:featuredmedia":[{"embeddable":true,"href":"https:\/\/www.upjs.sk\/filozoficka-fakulta\/wp-json\/wp\/v2\/media\/18093"}],"wp:attachment":[{"href":"https:\/\/www.upjs.sk\/filozoficka-fakulta\/wp-json\/wp\/v2\/media?parent=18092"}],"wp:term":[{"taxonomy":"category","embeddable":true,"href":"https:\/\/www.upjs.sk\/filozoficka-fakulta\/wp-json\/wp\/v2\/categories?post=18092"},{"taxonomy":"post_tag","embeddable":true,"href":"https:\/\/www.upjs.sk\/filozoficka-fakulta\/wp-json\/wp\/v2\/tags?post=18092"},{"taxonomy":"tax_aktuality","embeddable":true,"href":"https:\/\/www.upjs.sk\/filozoficka-fakulta\/wp-json\/wp\/v2\/tax_aktuality?post=18092"}],"curies":[{"name":"wp","href":"https:\/\/api.w.org\/{rel}","templated":true}]}}