{"id":47764,"date":"2024-01-21T17:10:09","date_gmt":"2024-01-21T16:10:09","guid":{"rendered":"https:\/\/www.upjs.sk\/filozoficka-fakulta\/?post_type=cpt_aktuality&#038;p=47764"},"modified":"2024-02-09T19:09:15","modified_gmt":"2024-02-09T18:09:15","slug":"dod-ff-upjs-09022024","status":"publish","type":"cpt_aktuality","link":"https:\/\/www.upjs.sk\/filozoficka-fakulta\/actuality\/dod-ff-upjs-09022024\/","title":{"rendered":"De\u0148 otvoren\u00fdch dver\u00ed Filozofickej fakulty UPJ\u0160 v Ko\u0161iciach"},"content":{"rendered":"\n<div style=\"height:20px\" aria-hidden=\"true\" class=\"wp-block-spacer\"><\/div>\n\n\n\n<div class=\"wp-block-media-text is-stacked-on-mobile\" style=\"grid-template-columns:35% auto\"><figure class=\"wp-block-media-text__media\"><img loading=\"lazy\" decoding=\"async\" width=\"600\" height=\"420\" src=\"https:\/\/www.upjs.sk\/app\/uploads\/sites\/7\/2024\/01\/mbanner-DOD-FF-022024.jpg\" alt=\"\" class=\"wp-image-48183 size-full\" srcset=\"https:\/\/www.upjs.sk\/app\/uploads\/sites\/7\/2024\/01\/mbanner-DOD-FF-022024.jpg 600w, https:\/\/www.upjs.sk\/app\/uploads\/sites\/7\/2024\/01\/mbanner-DOD-FF-022024-300x210.jpg 300w\" sizes=\"auto, (max-width: 600px) 100vw, 600px\" \/><\/figure><div class=\"wp-block-media-text__content\">\n<p><mark style=\"background-color:rgba(0, 0, 0, 0)\" class=\"has-inline-color has-filozoficka-f-color\"><strong>Filozofick\u00e1 fakulta UPJ\u0160 v Ko\u0161iciach<\/strong><\/mark> srde\u010dne poz\u00fdva \u0161irok\u00fa verejnos\u0165 na <strong>De\u0148 otvoren\u00fdch dver\u00ed FF UPJ\u0160<\/strong>, ktor\u00fd sa uskuto\u010dn\u00ed v piatok <strong>9. 2. 2024<\/strong> od <strong>9.00 hod<\/strong>. v are\u00e1li fakulty na <strong>Moyzesovej 9<\/strong> v historickom centre Ko\u0161\u00edc. Pre z\u00e1ujemcov o vysoko\u0161kolsk\u00e9 \u0161t\u00fadium sme pripravili zauj\u00edmav\u00fd <a aria-label=\"program (opens in a new tab)\" href=\"https:\/\/www.upjs.sk\/app\/uploads\/sites\/7\/2024\/01\/DOD-FF-022024-program.jpg\" target=\"_blank\" rel=\"noreferrer noopener\" class=\"ek-link\"><strong>program<\/strong><\/a>.<\/p>\n<\/div><\/div>\n\n\n\n<div style=\"height:30px\" aria-hidden=\"true\" class=\"wp-block-spacer\"><\/div>\n\n\n<style>.kadence-column47764_337f0d-2d > .kt-inside-inner-col,.kadence-column47764_337f0d-2d > .kt-inside-inner-col:before{border-top-left-radius:5px;border-top-right-radius:5px;border-bottom-right-radius:5px;border-bottom-left-radius:5px;}.kadence-column47764_337f0d-2d > .kt-inside-inner-col{column-gap:var(--global-kb-gap-sm, 1rem);}.kadence-column47764_337f0d-2d > .kt-inside-inner-col{flex-direction:column;}.kadence-column47764_337f0d-2d > .kt-inside-inner-col > .aligncenter{width:100%;}.kadence-column47764_337f0d-2d > .kt-inside-inner-col{background-color:#f4f4f4;}.kadence-column47764_337f0d-2d > .kt-inside-inner-col:before{opacity:0.3;}.kadence-column47764_337f0d-2d{position:relative;}@media all and (max-width: 1024px){.kadence-column47764_337f0d-2d > .kt-inside-inner-col{flex-direction:column;justify-content:center;}}@media all and (max-width: 767px){.kadence-column47764_337f0d-2d > .kt-inside-inner-col{flex-direction:column;justify-content:center;}}<\/style>\n<div class=\"wp-block-kadence-column kadence-column47764_337f0d-2d inner-column-1\"><div class=\"kt-inside-inner-col\"><style>.kb-row-layout-id47764_af74f2-3c > .kt-row-column-wrap{align-content:start;}:where(.kb-row-layout-id47764_af74f2-3c > .kt-row-column-wrap) > .wp-block-kadence-column{justify-content:start;}.kb-row-layout-id47764_af74f2-3c > .kt-row-column-wrap{column-gap:var(--global-kb-gap-md, 2rem);row-gap:var(--global-kb-gap-md, 2rem);padding-top:25px;padding-bottom:0px;padding-left:20px;}.kb-row-layout-id47764_af74f2-3c > .kt-row-column-wrap > *:nth-child(3n+1 of *:not(style)){grid-column:1 \/ -1;}.kb-row-layout-id47764_af74f2-3c > .kt-row-column-wrap{grid-template-columns:repeat(2, minmax(0, 1fr));}.kb-row-layout-id47764_af74f2-3c > .kt-row-layout-overlay{opacity:0.30;}.kb-row-layout-id47764_af74f2-3c .kt-row-layout-bottom-sep{height:100px;}.kb-row-layout-id47764_af74f2-3c .kt-row-layout-bottom-sep svg{width:100%;}.kb-row-layout-id47764_af74f2-3c .kt-row-layout-bottom-sep svg{fill:#ffffff!important;}@media all and (max-width: 1024px){.kb-row-layout-id47764_af74f2-3c > .kt-row-column-wrap > *:nth-child(3n+1 of *:not(style)){grid-column:1 \/ -1;}}@media all and (max-width: 1024px){.kb-row-layout-id47764_af74f2-3c > .kt-row-column-wrap{grid-template-columns:repeat(2, minmax(0, 1fr));}}@media all and (max-width: 1024px){.kb-row-layout-id47764_af74f2-3c .kt-row-layout-bottom-sep{height:px;}}@media all and (max-width: 1024px){.kb-row-layout-id47764_af74f2-3c .kt-row-layout-bottom-sep svg{width:%;}}@media all and (max-width: 767px){.kb-row-layout-id47764_af74f2-3c > .kt-row-column-wrap > div:not(.added-for-specificity){grid-column:initial;}.kb-row-layout-id47764_af74f2-3c > .kt-row-column-wrap{grid-template-columns:minmax(0, 1fr);}.kb-row-layout-id47764_af74f2-3c .kt-row-layout-bottom-sep{height:px;}.kb-row-layout-id47764_af74f2-3c .kt-row-layout-bottom-sep svg{width:%;}}<\/style><div class=\"kb-row-layout-wrap kb-row-layout-id47764_af74f2-3c alignnone wp-block-kadence-rowlayout\"><div class=\"kt-row-column-wrap kt-has-3-columns kt-row-layout-first-row kt-tab-layout-inherit kt-mobile-layout-row kt-row-valign-top\">\n<style>.kadence-column47764_34ae52-3d > .kt-inside-inner-col,.kadence-column47764_34ae52-3d > .kt-inside-inner-col:before{border-top-left-radius:0px;border-top-right-radius:0px;border-bottom-right-radius:0px;border-bottom-left-radius:0px;}.kadence-column47764_34ae52-3d > .kt-inside-inner-col{column-gap:var(--global-kb-gap-sm, 1rem);}.kadence-column47764_34ae52-3d > .kt-inside-inner-col{flex-direction:column;}.kadence-column47764_34ae52-3d > .kt-inside-inner-col > .aligncenter{width:100%;}.kadence-column47764_34ae52-3d > .kt-inside-inner-col:before{opacity:0.3;}.kadence-column47764_34ae52-3d{position:relative;}@media all and (max-width: 1024px){.kadence-column47764_34ae52-3d > .kt-inside-inner-col{flex-direction:column;justify-content:center;}}@media all and (max-width: 767px){.kadence-column47764_34ae52-3d > .kt-inside-inner-col{flex-direction:column;justify-content:center;}}<\/style>\n<div class=\"wp-block-kadence-column kadence-column47764_34ae52-3d inner-column-1\"><div class=\"kt-inside-inner-col\">\n<h4 class=\"wp-block-heading has-zakladna-zlata-color has-text-color\"><strong>S nami<\/strong> <strong>sa nestrat\u00ed\u0161<\/strong>!<\/h4>\n<\/div><\/div>\n\n\n<style>.kadence-column47764_5cac2c-49 > .kt-inside-inner-col{border-top:2px solid #000000;border-right:2px solid #000000;border-bottom:2px solid #000000;border-left:2px solid #000000;}.kadence-column47764_5cac2c-49 > .kt-inside-inner-col,.kadence-column47764_5cac2c-49 > .kt-inside-inner-col:before{border-top-left-radius:0px;border-top-right-radius:0px;border-bottom-right-radius:0px;border-bottom-left-radius:0px;}.kadence-column47764_5cac2c-49 > .kt-inside-inner-col{column-gap:var(--global-kb-gap-sm, 1rem);}.kadence-column47764_5cac2c-49 > .kt-inside-inner-col{flex-direction:column;}.kadence-column47764_5cac2c-49 > .kt-inside-inner-col > .aligncenter{width:100%;}.kadence-column47764_5cac2c-49 > .kt-inside-inner-col:before{opacity:0.3;}.kadence-column47764_5cac2c-49{position:relative;}@media all and (max-width: 1024px){.kadence-column47764_5cac2c-49 > .kt-inside-inner-col{border-top:2px solid #000000;border-right:2px solid #000000;border-bottom:2px solid #000000;border-left:2px solid #000000;flex-direction:column;justify-content:center;}}@media all and (max-width: 767px){.kadence-column47764_5cac2c-49 > .kt-inside-inner-col{border-top:2px solid #000000;border-right:2px solid #000000;border-bottom:2px solid #000000;border-left:2px solid #000000;flex-direction:column;justify-content:center;}}<\/style>\n<div class=\"wp-block-kadence-column kadence-column47764_5cac2c-49 inner-column-3\"><div class=\"kt-inside-inner-col\">\n<figure class=\"wp-block-image size-large is-resized\"><a href=\"https:\/\/upjs_kosice.tematickemapy.sk\/mapa\/mapa.html\" target=\"_blank\" rel=\"noreferrer noopener\"><img loading=\"lazy\" decoding=\"async\" width=\"1024\" height=\"553\" src=\"https:\/\/www.upjs.sk\/app\/uploads\/sites\/7\/2023\/02\/tematicka-mapa-1024x553.jpg\" alt=\"\" class=\"wp-image-39579\" style=\"width:475px;height:auto\" srcset=\"https:\/\/www.upjs.sk\/app\/uploads\/sites\/7\/2023\/02\/tematicka-mapa-1024x553.jpg 1024w, https:\/\/www.upjs.sk\/app\/uploads\/sites\/7\/2023\/02\/tematicka-mapa-300x162.jpg 300w, https:\/\/www.upjs.sk\/app\/uploads\/sites\/7\/2023\/02\/tematicka-mapa-768x415.jpg 768w, https:\/\/www.upjs.sk\/app\/uploads\/sites\/7\/2023\/02\/tematicka-mapa.jpg 1536w\" sizes=\"auto, (max-width: 1024px) 100vw, 1024px\" \/><\/a><figcaption class=\"wp-element-caption\">Tematick\u00e1 mapa<\/figcaption><\/figure>\n<\/div><\/div>\n\n\n<style>.kadence-column47764_f59366-aa > .kt-inside-inner-col{border-top:2px solid #000000;border-right:2px solid #000000;border-bottom:2px solid #000000;border-left:2px solid #000000;}.kadence-column47764_f59366-aa > .kt-inside-inner-col,.kadence-column47764_f59366-aa > .kt-inside-inner-col:before{border-top-left-radius:0px;border-top-right-radius:0px;border-bottom-right-radius:0px;border-bottom-left-radius:0px;}.kadence-column47764_f59366-aa > .kt-inside-inner-col{column-gap:var(--global-kb-gap-sm, 1rem);}.kadence-column47764_f59366-aa > .kt-inside-inner-col{flex-direction:column;}.kadence-column47764_f59366-aa > .kt-inside-inner-col > .aligncenter{width:100%;}.kadence-column47764_f59366-aa > .kt-inside-inner-col:before{opacity:0.3;}.kadence-column47764_f59366-aa{position:relative;}@media all and (max-width: 1024px){.kadence-column47764_f59366-aa > .kt-inside-inner-col{border-top:2px solid #000000;border-right:2px solid #000000;border-bottom:2px solid #000000;border-left:2px solid #000000;flex-direction:column;justify-content:center;}}@media all and (max-width: 767px){.kadence-column47764_f59366-aa > .kt-inside-inner-col{border-top:2px solid #000000;border-right:2px solid #000000;border-bottom:2px solid #000000;border-left:2px solid #000000;flex-direction:column;justify-content:center;}}<\/style>\n<div class=\"wp-block-kadence-column kadence-column47764_f59366-aa\"><div class=\"kt-inside-inner-col\"><style>.kb-google-maps-container47764_36de58-24{height:267px;}<\/style><div class=\"kb-google-maps-container kb-google-maps-container47764_36de58-24  wp-block-kadence-googlemaps\" data-mapid=\"47764_36de5824\"><iframe width=\"100%\" height=\"100%\"\n\t\t\t\t\t\t\tstyle=\"border:0\" loading=\"lazy\"\n\t\t\t\t\t\t\tsrc=\"https:\/\/www.google.com\/maps\/embed\/v1\/place?key=AIzaSyBAM2o7PiQqwk15LC1XRH2e_KJ-jUa7KYk&#038;zoom=15&#038;maptype=roadmap&#038;q=Filozofick%C3%A1+fakulta+UPJ%C5%A0\"\n\t\t\t\t\t\t\ttitle=\"Google map of Filozofick\u00e1 fakulta UPJ\u0160\"><\/iframe><\/div><script>function kb_google_map47764_36de5824() { let center = { lat: 37.8201, lng: -122.4781}; let map = new google.maps.Map(document.getElementById(\"kb-google-map47764_36de5824\"), {\n\t\t\t\t\t    zoom: 15,\n\t\t\t\t\t    center: center,});let marker = new google.maps.Marker({   position: { lat: 37.8201, lng: -122.4781},    map: map,  });}<\/script><\/div><\/div>\n\n<\/div><\/div><\/div><\/div>\n","protected":false},"excerpt":{"rendered":"<p>Filozofick\u00e1 fakulta UPJ\u0160 v Ko\u0161iciach srde\u010dne poz\u00fdva \u0161irok\u00fa verejnos\u0165 na De\u0148 otvoren\u00fdch dver\u00ed FF UPJ\u0160, ktor\u00fd sa uskuto\u010dn\u00ed v piatok 9. 2. 2024 od 9.00 hod. v are\u00e1li fakulty na Moyzesovej 9 v historickom centre Ko\u0161\u00edc. Pre z\u00e1ujemcov o vysoko\u0161kolsk\u00e9 \u0161t\u00fadium sme pripravili zauj\u00edmav\u00fd program. S nami sa nestrat\u00ed\u0161!<\/p>\n","protected":false},"author":21,"featured_media":48183,"template":"","meta":{"_acf_changed":false,"_editorskit_title_hidden":false,"_editorskit_reading_time":0,"_editorskit_is_block_options_detached":false,"_editorskit_block_options_position":"{}","footnotes":""},"categories":[],"tags":[],"tax_aktuality":[],"class_list":["post-47764","cpt_aktuality","type-cpt_aktuality","status-publish","has-post-thumbnail","hentry"],"acf":{"acf_link_na_externy_obsah":"","poradie_clanku":0},"yoast_head":"<!-- This site is optimized with the Yoast SEO plugin v27.4 - https:\/\/yoast.com\/product\/yoast-seo-wordpress\/ -->\n<title>De\u0148 otvoren\u00fdch dver\u00ed Filozofickej fakulty UPJ\u0160 v Ko\u0161iciach - Filozofick\u00e1 fakulta | UPJ\u0160<\/title>\n<meta name=\"robots\" content=\"index, follow, max-snippet:-1, max-image-preview:large, max-video-preview:-1\" \/>\n<link rel=\"canonical\" href=\"https:\/\/www.upjs.sk\/filozoficka-fakulta\/actuality\/dod-ff-upjs-09022024\/\" \/>\n<meta property=\"og:locale\" content=\"sk_SK\" \/>\n<meta property=\"og:type\" content=\"article\" \/>\n<meta property=\"og:title\" content=\"De\u0148 otvoren\u00fdch dver\u00ed Filozofickej fakulty UPJ\u0160 v Ko\u0161iciach - Filozofick\u00e1 fakulta | UPJ\u0160\" \/>\n<meta property=\"og:description\" content=\"Filozofick\u00e1 fakulta UPJ\u0160 v Ko\u0161iciach srde\u010dne poz\u00fdva \u0161irok\u00fa verejnos\u0165 na De\u0148 otvoren\u00fdch dver\u00ed FF UPJ\u0160, ktor\u00fd sa uskuto\u010dn\u00ed v piatok 9. 2. 2024 od 9.00 hod. v are\u00e1li fakulty na Moyzesovej 9 v historickom centre Ko\u0161\u00edc. Pre z\u00e1ujemcov o vysoko\u0161kolsk\u00e9 \u0161t\u00fadium sme pripravili zauj\u00edmav\u00fd program. S nami sa nestrat\u00ed\u0161!\" \/>\n<meta property=\"og:url\" content=\"https:\/\/www.upjs.sk\/filozoficka-fakulta\/actuality\/dod-ff-upjs-09022024\/\" \/>\n<meta property=\"og:site_name\" content=\"Filozofick\u00e1 fakulta | UPJ\u0160\" \/>\n<meta property=\"article:modified_time\" content=\"2024-02-09T18:09:15+00:00\" \/>\n<meta property=\"og:image\" content=\"https:\/\/www.upjs.sk\/app\/uploads\/sites\/7\/2024\/01\/mbanner-DOD-FF-022024.jpg\" \/>\n\t<meta property=\"og:image:width\" content=\"600\" \/>\n\t<meta property=\"og:image:height\" content=\"420\" \/>\n\t<meta property=\"og:image:type\" content=\"image\/jpeg\" \/>\n<meta name=\"twitter:card\" content=\"summary_large_image\" \/>\n<meta name=\"twitter:label1\" content=\"Predpokladan\u00fd \u010das \u010d\u00edtania\" \/>\n\t<meta name=\"twitter:data1\" content=\"1 min\u00fata\" \/>\n<script type=\"application\/ld+json\" class=\"yoast-schema-graph\">{\"@context\":\"https:\\\/\\\/schema.org\",\"@graph\":[{\"@type\":\"WebPage\",\"@id\":\"https:\\\/\\\/www.upjs.sk\\\/filozoficka-fakulta\\\/actuality\\\/dod-ff-upjs-09022024\\\/\",\"url\":\"https:\\\/\\\/www.upjs.sk\\\/filozoficka-fakulta\\\/actuality\\\/dod-ff-upjs-09022024\\\/\",\"name\":\"De\u0148 otvoren\u00fdch dver\u00ed Filozofickej fakulty UPJ\u0160 v Ko\u0161iciach - Filozofick\u00e1 fakulta | UPJ\u0160\",\"isPartOf\":{\"@id\":\"https:\\\/\\\/www.upjs.sk\\\/filozoficka-fakulta\\\/#website\"},\"primaryImageOfPage\":{\"@id\":\"https:\\\/\\\/www.upjs.sk\\\/filozoficka-fakulta\\\/actuality\\\/dod-ff-upjs-09022024\\\/#primaryimage\"},\"image\":{\"@id\":\"https:\\\/\\\/www.upjs.sk\\\/filozoficka-fakulta\\\/actuality\\\/dod-ff-upjs-09022024\\\/#primaryimage\"},\"thumbnailUrl\":\"https:\\\/\\\/www.upjs.sk\\\/app\\\/uploads\\\/sites\\\/7\\\/2024\\\/01\\\/mbanner-DOD-FF-022024.jpg\",\"datePublished\":\"2024-01-21T16:10:09+00:00\",\"dateModified\":\"2024-02-09T18:09:15+00:00\",\"breadcrumb\":{\"@id\":\"https:\\\/\\\/www.upjs.sk\\\/filozoficka-fakulta\\\/actuality\\\/dod-ff-upjs-09022024\\\/#breadcrumb\"},\"inLanguage\":\"sk-SK\",\"potentialAction\":[{\"@type\":\"ReadAction\",\"target\":[\"https:\\\/\\\/www.upjs.sk\\\/filozoficka-fakulta\\\/actuality\\\/dod-ff-upjs-09022024\\\/\"]}]},{\"@type\":\"ImageObject\",\"inLanguage\":\"sk-SK\",\"@id\":\"https:\\\/\\\/www.upjs.sk\\\/filozoficka-fakulta\\\/actuality\\\/dod-ff-upjs-09022024\\\/#primaryimage\",\"url\":\"https:\\\/\\\/www.upjs.sk\\\/app\\\/uploads\\\/sites\\\/7\\\/2024\\\/01\\\/mbanner-DOD-FF-022024.jpg\",\"contentUrl\":\"https:\\\/\\\/www.upjs.sk\\\/app\\\/uploads\\\/sites\\\/7\\\/2024\\\/01\\\/mbanner-DOD-FF-022024.jpg\",\"width\":600,\"height\":420},{\"@type\":\"BreadcrumbList\",\"@id\":\"https:\\\/\\\/www.upjs.sk\\\/filozoficka-fakulta\\\/actuality\\\/dod-ff-upjs-09022024\\\/#breadcrumb\",\"itemListElement\":[{\"@type\":\"ListItem\",\"position\":1,\"name\":\"Home\",\"item\":\"https:\\\/\\\/www.upjs.sk\\\/filozoficka-fakulta\\\/\"},{\"@type\":\"ListItem\",\"position\":2,\"name\":\"Aktuality\",\"item\":\"https:\\\/\\\/www.upjs.sk\\\/filozoficka-fakulta\\\/actuality\\\/\"},{\"@type\":\"ListItem\",\"position\":3,\"name\":\"De\u0148 otvoren\u00fdch dver\u00ed Filozofickej fakulty UPJ\u0160 v Ko\u0161iciach\"}]},{\"@type\":\"WebSite\",\"@id\":\"https:\\\/\\\/www.upjs.sk\\\/filozoficka-fakulta\\\/#website\",\"url\":\"https:\\\/\\\/www.upjs.sk\\\/filozoficka-fakulta\\\/\",\"name\":\"Filozofick\u00e1 fakulta | UPJ\u0160\",\"description\":\"\",\"publisher\":{\"@id\":\"https:\\\/\\\/www.upjs.sk\\\/filozoficka-fakulta\\\/#organization\"},\"potentialAction\":[{\"@type\":\"SearchAction\",\"target\":{\"@type\":\"EntryPoint\",\"urlTemplate\":\"https:\\\/\\\/www.upjs.sk\\\/filozoficka-fakulta\\\/?s={search_term_string}\"},\"query-input\":{\"@type\":\"PropertyValueSpecification\",\"valueRequired\":true,\"valueName\":\"search_term_string\"}}],\"inLanguage\":\"sk-SK\"},{\"@type\":\"Organization\",\"@id\":\"https:\\\/\\\/www.upjs.sk\\\/filozoficka-fakulta\\\/#organization\",\"name\":\"Filozofick\u00e1 fakulta | UPJ\u0160\",\"url\":\"https:\\\/\\\/www.upjs.sk\\\/filozoficka-fakulta\\\/\",\"logo\":{\"@type\":\"ImageObject\",\"inLanguage\":\"sk-SK\",\"@id\":\"https:\\\/\\\/www.upjs.sk\\\/filozoficka-fakulta\\\/#\\\/schema\\\/logo\\\/image\\\/\",\"url\":\"https:\\\/\\\/www.upjs.sk\\\/app\\\/uploads\\\/sites\\\/7\\\/2022\\\/09\\\/logo-filozoficka-fakulta.png\",\"contentUrl\":\"https:\\\/\\\/www.upjs.sk\\\/app\\\/uploads\\\/sites\\\/7\\\/2022\\\/09\\\/logo-filozoficka-fakulta.png\",\"width\":415,\"height\":87,\"caption\":\"Filozofick\u00e1 fakulta | UPJ\u0160\"},\"image\":{\"@id\":\"https:\\\/\\\/www.upjs.sk\\\/filozoficka-fakulta\\\/#\\\/schema\\\/logo\\\/image\\\/\"}}]}<\/script>\n<!-- \/ Yoast SEO plugin. -->","yoast_head_json":{"title":"De\u0148 otvoren\u00fdch dver\u00ed Filozofickej fakulty UPJ\u0160 v Ko\u0161iciach - Filozofick\u00e1 fakulta | UPJ\u0160","robots":{"index":"index","follow":"follow","max-snippet":"max-snippet:-1","max-image-preview":"max-image-preview:large","max-video-preview":"max-video-preview:-1"},"canonical":"https:\/\/www.upjs.sk\/filozoficka-fakulta\/actuality\/dod-ff-upjs-09022024\/","og_locale":"sk_SK","og_type":"article","og_title":"De\u0148 otvoren\u00fdch dver\u00ed Filozofickej fakulty UPJ\u0160 v Ko\u0161iciach - Filozofick\u00e1 fakulta | UPJ\u0160","og_description":"Filozofick\u00e1 fakulta UPJ\u0160 v Ko\u0161iciach srde\u010dne poz\u00fdva \u0161irok\u00fa verejnos\u0165 na De\u0148 otvoren\u00fdch dver\u00ed FF UPJ\u0160, ktor\u00fd sa uskuto\u010dn\u00ed v piatok 9. 2. 2024 od 9.00 hod. v are\u00e1li fakulty na Moyzesovej 9 v historickom centre Ko\u0161\u00edc. Pre z\u00e1ujemcov o vysoko\u0161kolsk\u00e9 \u0161t\u00fadium sme pripravili zauj\u00edmav\u00fd program. S nami sa nestrat\u00ed\u0161!","og_url":"https:\/\/www.upjs.sk\/filozoficka-fakulta\/actuality\/dod-ff-upjs-09022024\/","og_site_name":"Filozofick\u00e1 fakulta | UPJ\u0160","article_modified_time":"2024-02-09T18:09:15+00:00","og_image":[{"width":600,"height":420,"url":"https:\/\/www.upjs.sk\/app\/uploads\/sites\/7\/2024\/01\/mbanner-DOD-FF-022024.jpg","type":"image\/jpeg"}],"twitter_card":"summary_large_image","twitter_misc":{"Predpokladan\u00fd \u010das \u010d\u00edtania":"1 min\u00fata"},"schema":{"@context":"https:\/\/schema.org","@graph":[{"@type":"WebPage","@id":"https:\/\/www.upjs.sk\/filozoficka-fakulta\/actuality\/dod-ff-upjs-09022024\/","url":"https:\/\/www.upjs.sk\/filozoficka-fakulta\/actuality\/dod-ff-upjs-09022024\/","name":"De\u0148 otvoren\u00fdch dver\u00ed Filozofickej fakulty UPJ\u0160 v Ko\u0161iciach - Filozofick\u00e1 fakulta | UPJ\u0160","isPartOf":{"@id":"https:\/\/www.upjs.sk\/filozoficka-fakulta\/#website"},"primaryImageOfPage":{"@id":"https:\/\/www.upjs.sk\/filozoficka-fakulta\/actuality\/dod-ff-upjs-09022024\/#primaryimage"},"image":{"@id":"https:\/\/www.upjs.sk\/filozoficka-fakulta\/actuality\/dod-ff-upjs-09022024\/#primaryimage"},"thumbnailUrl":"https:\/\/www.upjs.sk\/app\/uploads\/sites\/7\/2024\/01\/mbanner-DOD-FF-022024.jpg","datePublished":"2024-01-21T16:10:09+00:00","dateModified":"2024-02-09T18:09:15+00:00","breadcrumb":{"@id":"https:\/\/www.upjs.sk\/filozoficka-fakulta\/actuality\/dod-ff-upjs-09022024\/#breadcrumb"},"inLanguage":"sk-SK","potentialAction":[{"@type":"ReadAction","target":["https:\/\/www.upjs.sk\/filozoficka-fakulta\/actuality\/dod-ff-upjs-09022024\/"]}]},{"@type":"ImageObject","inLanguage":"sk-SK","@id":"https:\/\/www.upjs.sk\/filozoficka-fakulta\/actuality\/dod-ff-upjs-09022024\/#primaryimage","url":"https:\/\/www.upjs.sk\/app\/uploads\/sites\/7\/2024\/01\/mbanner-DOD-FF-022024.jpg","contentUrl":"https:\/\/www.upjs.sk\/app\/uploads\/sites\/7\/2024\/01\/mbanner-DOD-FF-022024.jpg","width":600,"height":420},{"@type":"BreadcrumbList","@id":"https:\/\/www.upjs.sk\/filozoficka-fakulta\/actuality\/dod-ff-upjs-09022024\/#breadcrumb","itemListElement":[{"@type":"ListItem","position":1,"name":"Home","item":"https:\/\/www.upjs.sk\/filozoficka-fakulta\/"},{"@type":"ListItem","position":2,"name":"Aktuality","item":"https:\/\/www.upjs.sk\/filozoficka-fakulta\/actuality\/"},{"@type":"ListItem","position":3,"name":"De\u0148 otvoren\u00fdch dver\u00ed Filozofickej fakulty UPJ\u0160 v Ko\u0161iciach"}]},{"@type":"WebSite","@id":"https:\/\/www.upjs.sk\/filozoficka-fakulta\/#website","url":"https:\/\/www.upjs.sk\/filozoficka-fakulta\/","name":"Filozofick\u00e1 fakulta | UPJ\u0160","description":"","publisher":{"@id":"https:\/\/www.upjs.sk\/filozoficka-fakulta\/#organization"},"potentialAction":[{"@type":"SearchAction","target":{"@type":"EntryPoint","urlTemplate":"https:\/\/www.upjs.sk\/filozoficka-fakulta\/?s={search_term_string}"},"query-input":{"@type":"PropertyValueSpecification","valueRequired":true,"valueName":"search_term_string"}}],"inLanguage":"sk-SK"},{"@type":"Organization","@id":"https:\/\/www.upjs.sk\/filozoficka-fakulta\/#organization","name":"Filozofick\u00e1 fakulta | UPJ\u0160","url":"https:\/\/www.upjs.sk\/filozoficka-fakulta\/","logo":{"@type":"ImageObject","inLanguage":"sk-SK","@id":"https:\/\/www.upjs.sk\/filozoficka-fakulta\/#\/schema\/logo\/image\/","url":"https:\/\/www.upjs.sk\/app\/uploads\/sites\/7\/2022\/09\/logo-filozoficka-fakulta.png","contentUrl":"https:\/\/www.upjs.sk\/app\/uploads\/sites\/7\/2022\/09\/logo-filozoficka-fakulta.png","width":415,"height":87,"caption":"Filozofick\u00e1 fakulta | UPJ\u0160"},"image":{"@id":"https:\/\/www.upjs.sk\/filozoficka-fakulta\/#\/schema\/logo\/image\/"}}]}},"_links":{"self":[{"href":"https:\/\/www.upjs.sk\/filozoficka-fakulta\/wp-json\/wp\/v2\/cpt_aktuality\/47764","targetHints":{"allow":["GET"]}}],"collection":[{"href":"https:\/\/www.upjs.sk\/filozoficka-fakulta\/wp-json\/wp\/v2\/cpt_aktuality"}],"about":[{"href":"https:\/\/www.upjs.sk\/filozoficka-fakulta\/wp-json\/wp\/v2\/types\/cpt_aktuality"}],"author":[{"embeddable":true,"href":"https:\/\/www.upjs.sk\/filozoficka-fakulta\/wp-json\/wp\/v2\/users\/21"}],"version-history":[{"count":20,"href":"https:\/\/www.upjs.sk\/filozoficka-fakulta\/wp-json\/wp\/v2\/cpt_aktuality\/47764\/revisions"}],"predecessor-version":[{"id":48748,"href":"https:\/\/www.upjs.sk\/filozoficka-fakulta\/wp-json\/wp\/v2\/cpt_aktuality\/47764\/revisions\/48748"}],"wp:featuredmedia":[{"embeddable":true,"href":"https:\/\/www.upjs.sk\/filozoficka-fakulta\/wp-json\/wp\/v2\/media\/48183"}],"wp:attachment":[{"href":"https:\/\/www.upjs.sk\/filozoficka-fakulta\/wp-json\/wp\/v2\/media?parent=47764"}],"wp:term":[{"taxonomy":"category","embeddable":true,"href":"https:\/\/www.upjs.sk\/filozoficka-fakulta\/wp-json\/wp\/v2\/categories?post=47764"},{"taxonomy":"post_tag","embeddable":true,"href":"https:\/\/www.upjs.sk\/filozoficka-fakulta\/wp-json\/wp\/v2\/tags?post=47764"},{"taxonomy":"tax_aktuality","embeddable":true,"href":"https:\/\/www.upjs.sk\/filozoficka-fakulta\/wp-json\/wp\/v2\/tax_aktuality?post=47764"}],"curies":[{"name":"wp","href":"https:\/\/api.w.org\/{rel}","templated":true}]}}