{"id":53135,"date":"2025-01-20T09:40:24","date_gmt":"2025-01-20T08:40:24","guid":{"rendered":"https:\/\/www.upjs.sk\/filozoficka-fakulta\/?post_type=cpt_aktuality&#038;p=53135"},"modified":"2025-01-20T09:52:22","modified_gmt":"2025-01-20T08:52:22","slug":"prof-lovas-o-tragedii-v-spisskej-starej-vsi","status":"publish","type":"cpt_aktuality","link":"https:\/\/www.upjs.sk\/filozoficka-fakulta\/actuality\/prof-lovas-o-tragedii-v-spisskej-starej-vsi\/","title":{"rendered":"Profesor Ladislav Lova\u0161 o trag\u00e9dii v Spi\u0161skej Starej Vsi"},"content":{"rendered":"\n<div style=\"height:20px\" aria-hidden=\"true\" class=\"wp-block-spacer\"><\/div>\n\n\n\n<div class=\"wp-block-media-text is-stacked-on-mobile\" style=\"grid-template-columns:37% auto\"><figure class=\"wp-block-media-text__media\"><img loading=\"lazy\" decoding=\"async\" width=\"900\" height=\"630\" src=\"https:\/\/www.upjs.sk\/app\/uploads\/sites\/7\/2025\/01\/prof-Lovas.jpg\" alt=\"\" class=\"wp-image-53137 size-full\" srcset=\"https:\/\/www.upjs.sk\/app\/uploads\/sites\/7\/2025\/01\/prof-Lovas.jpg 900w, https:\/\/www.upjs.sk\/app\/uploads\/sites\/7\/2025\/01\/prof-Lovas-300x210.jpg 300w, https:\/\/www.upjs.sk\/app\/uploads\/sites\/7\/2025\/01\/prof-Lovas-768x538.jpg 768w\" sizes=\"auto, (max-width: 900px) 100vw, 900px\" \/><\/figure><div class=\"wp-block-media-text__content\">\n<p>\u201eAsi ne\u0161lo o impulz\u00edvne konanie, preto\u017ee n\u00f4\u017e si zrejme priniesol so sebou, \u010do by znamenalo, \u017ee s t\u00fdm r\u00e1tal,\u201c\u00a0hovor\u00ed v rozhovore pre denn\u00edk Postoj emeritn\u00fd profesor psychol\u00f3gie \u2013\u00a0prof. PhDr. Ladislav Lova\u0161, CSc., z Katedry psychol\u00f3gie Filozofickej fakulty UPJ\u0160 v Ko\u0161iciach \u2013, ktor\u00fd sk\u00fama agresiu dlh\u00e9 roky.<\/p>\n\n\n\n<p>Redakcia denn\u00edka Postoj sa s prof. Lova\u0161om rozpr\u00e1vala\u00a0o tom, \u010do uk\u00e1zala trag\u00e9dia v \u0161kolskom prostred\u00ed, ak\u00fd vplyv maj\u00fa na to soci\u00e1lne siete a spolo\u010densk\u00e1 situ\u00e1cia na Slovensku. Hovorili aj o tom, ako vpl\u00fdva na agresora rodina a \u010di m\u00f4\u017ee by\u0165 agres\u00edvnym \u010dlovekom ka\u017ed\u00fd \u2013\u00a0bez oh\u013eadu na vzdelanie alebo z\u00e1zemie&#8230;<\/p>\n<\/div><\/div>\n\n\n\n<p><a href=\"https:\/\/www.postoj.sk\/168906\/je-dobre-ze-ten-mlady-muz-prezil-mame-tak-moznost-zistit-preco-ktomu-doslo\" target=\"_blank\" rel=\"noreferrer noopener\">Cel\u00fd rozhovor s prof. Lova\u0161om<\/a><\/p>\n","protected":false},"excerpt":{"rendered":"<p>\u201eAsi ne\u0161lo o impulz\u00edvne konanie, preto\u017ee n\u00f4\u017e si zrejme priniesol so sebou, \u010do by znamenalo, \u017ee s t\u00fdm r\u00e1tal,\u201c\u00a0hovor\u00ed v rozhovore pre denn\u00edk Postoj emeritn\u00fd profesor psychol\u00f3gie \u2013\u00a0prof. PhDr. Ladislav Lova\u0161, CSc., z Katedry psychol\u00f3gie Filozofickej fakulty UPJ\u0160 v Ko\u0161iciach \u2013, ktor\u00fd sk\u00fama agresiu dlh\u00e9 roky. Redakcia denn\u00edka Postoj sa s prof. Lova\u0161om rozpr\u00e1vala\u00a0o tom, &hellip; <a href=\"https:\/\/www.upjs.sk\/filozoficka-fakulta\/actuality\/prof-lovas-o-tragedii-v-spisskej-starej-vsi\/\">\u010c\u00edta\u0165 \u010falej<\/a><\/p>\n","protected":false},"author":21,"featured_media":53137,"template":"","meta":{"_acf_changed":false,"_editorskit_title_hidden":false,"_editorskit_reading_time":0,"_editorskit_is_block_options_detached":false,"_editorskit_block_options_position":"{}","footnotes":""},"categories":[],"tags":[],"tax_aktuality":[],"class_list":["post-53135","cpt_aktuality","type-cpt_aktuality","status-publish","has-post-thumbnail","hentry"],"acf":{"acf_link_na_externy_obsah":"","poradie_clanku":""},"yoast_head":"<!-- This site is optimized with the Yoast SEO plugin v27.4 - https:\/\/yoast.com\/product\/yoast-seo-wordpress\/ -->\n<title>Profesor Ladislav Lova\u0161 o trag\u00e9dii v Spi\u0161skej Starej Vsi - Filozofick\u00e1 fakulta | UPJ\u0160<\/title>\n<meta name=\"robots\" content=\"index, follow, max-snippet:-1, max-image-preview:large, max-video-preview:-1\" \/>\n<link rel=\"canonical\" href=\"https:\/\/www.upjs.sk\/filozoficka-fakulta\/actuality\/prof-lovas-o-tragedii-v-spisskej-starej-vsi\/\" \/>\n<meta property=\"og:locale\" content=\"sk_SK\" \/>\n<meta property=\"og:type\" content=\"article\" \/>\n<meta property=\"og:title\" content=\"Profesor Ladislav Lova\u0161 o trag\u00e9dii v Spi\u0161skej Starej Vsi - Filozofick\u00e1 fakulta | UPJ\u0160\" \/>\n<meta property=\"og:description\" content=\"\u201eAsi ne\u0161lo o impulz\u00edvne konanie, preto\u017ee n\u00f4\u017e si zrejme priniesol so sebou, \u010do by znamenalo, \u017ee s t\u00fdm r\u00e1tal,\u201c\u00a0hovor\u00ed v rozhovore pre denn\u00edk Postoj emeritn\u00fd profesor psychol\u00f3gie \u2013\u00a0prof. PhDr. Ladislav Lova\u0161, CSc., z Katedry psychol\u00f3gie Filozofickej fakulty UPJ\u0160 v Ko\u0161iciach \u2013, ktor\u00fd sk\u00fama agresiu dlh\u00e9 roky. Redakcia denn\u00edka Postoj sa s prof. Lova\u0161om rozpr\u00e1vala\u00a0o tom, &hellip; \u010c\u00edta\u0165 \u010falej\" \/>\n<meta property=\"og:url\" content=\"https:\/\/www.upjs.sk\/filozoficka-fakulta\/actuality\/prof-lovas-o-tragedii-v-spisskej-starej-vsi\/\" \/>\n<meta property=\"og:site_name\" content=\"Filozofick\u00e1 fakulta | UPJ\u0160\" \/>\n<meta property=\"article:modified_time\" content=\"2025-01-20T08:52:22+00:00\" \/>\n<meta property=\"og:image\" content=\"https:\/\/www.upjs.sk\/app\/uploads\/sites\/7\/2025\/01\/prof-Lovas.jpg\" \/>\n\t<meta property=\"og:image:width\" content=\"900\" \/>\n\t<meta property=\"og:image:height\" content=\"630\" \/>\n\t<meta property=\"og:image:type\" content=\"image\/jpeg\" \/>\n<meta name=\"twitter:card\" content=\"summary_large_image\" \/>\n<meta name=\"twitter:label1\" content=\"Predpokladan\u00fd \u010das \u010d\u00edtania\" \/>\n\t<meta name=\"twitter:data1\" content=\"1 min\u00fata\" \/>\n<script type=\"application\/ld+json\" class=\"yoast-schema-graph\">{\"@context\":\"https:\\\/\\\/schema.org\",\"@graph\":[{\"@type\":\"WebPage\",\"@id\":\"https:\\\/\\\/www.upjs.sk\\\/filozoficka-fakulta\\\/actuality\\\/prof-lovas-o-tragedii-v-spisskej-starej-vsi\\\/\",\"url\":\"https:\\\/\\\/www.upjs.sk\\\/filozoficka-fakulta\\\/actuality\\\/prof-lovas-o-tragedii-v-spisskej-starej-vsi\\\/\",\"name\":\"Profesor Ladislav Lova\u0161 o trag\u00e9dii v Spi\u0161skej Starej Vsi - Filozofick\u00e1 fakulta | UPJ\u0160\",\"isPartOf\":{\"@id\":\"https:\\\/\\\/www.upjs.sk\\\/filozoficka-fakulta\\\/#website\"},\"primaryImageOfPage\":{\"@id\":\"https:\\\/\\\/www.upjs.sk\\\/filozoficka-fakulta\\\/actuality\\\/prof-lovas-o-tragedii-v-spisskej-starej-vsi\\\/#primaryimage\"},\"image\":{\"@id\":\"https:\\\/\\\/www.upjs.sk\\\/filozoficka-fakulta\\\/actuality\\\/prof-lovas-o-tragedii-v-spisskej-starej-vsi\\\/#primaryimage\"},\"thumbnailUrl\":\"https:\\\/\\\/www.upjs.sk\\\/app\\\/uploads\\\/sites\\\/7\\\/2025\\\/01\\\/prof-Lovas.jpg\",\"datePublished\":\"2025-01-20T08:40:24+00:00\",\"dateModified\":\"2025-01-20T08:52:22+00:00\",\"breadcrumb\":{\"@id\":\"https:\\\/\\\/www.upjs.sk\\\/filozoficka-fakulta\\\/actuality\\\/prof-lovas-o-tragedii-v-spisskej-starej-vsi\\\/#breadcrumb\"},\"inLanguage\":\"sk-SK\",\"potentialAction\":[{\"@type\":\"ReadAction\",\"target\":[\"https:\\\/\\\/www.upjs.sk\\\/filozoficka-fakulta\\\/actuality\\\/prof-lovas-o-tragedii-v-spisskej-starej-vsi\\\/\"]}]},{\"@type\":\"ImageObject\",\"inLanguage\":\"sk-SK\",\"@id\":\"https:\\\/\\\/www.upjs.sk\\\/filozoficka-fakulta\\\/actuality\\\/prof-lovas-o-tragedii-v-spisskej-starej-vsi\\\/#primaryimage\",\"url\":\"https:\\\/\\\/www.upjs.sk\\\/app\\\/uploads\\\/sites\\\/7\\\/2025\\\/01\\\/prof-Lovas.jpg\",\"contentUrl\":\"https:\\\/\\\/www.upjs.sk\\\/app\\\/uploads\\\/sites\\\/7\\\/2025\\\/01\\\/prof-Lovas.jpg\",\"width\":900,\"height\":630},{\"@type\":\"BreadcrumbList\",\"@id\":\"https:\\\/\\\/www.upjs.sk\\\/filozoficka-fakulta\\\/actuality\\\/prof-lovas-o-tragedii-v-spisskej-starej-vsi\\\/#breadcrumb\",\"itemListElement\":[{\"@type\":\"ListItem\",\"position\":1,\"name\":\"Home\",\"item\":\"https:\\\/\\\/www.upjs.sk\\\/filozoficka-fakulta\\\/\"},{\"@type\":\"ListItem\",\"position\":2,\"name\":\"Aktuality\",\"item\":\"https:\\\/\\\/www.upjs.sk\\\/filozoficka-fakulta\\\/actuality\\\/\"},{\"@type\":\"ListItem\",\"position\":3,\"name\":\"Profesor Ladislav Lova\u0161 o trag\u00e9dii v Spi\u0161skej Starej Vsi\"}]},{\"@type\":\"WebSite\",\"@id\":\"https:\\\/\\\/www.upjs.sk\\\/filozoficka-fakulta\\\/#website\",\"url\":\"https:\\\/\\\/www.upjs.sk\\\/filozoficka-fakulta\\\/\",\"name\":\"Filozofick\u00e1 fakulta | UPJ\u0160\",\"description\":\"\",\"publisher\":{\"@id\":\"https:\\\/\\\/www.upjs.sk\\\/filozoficka-fakulta\\\/#organization\"},\"potentialAction\":[{\"@type\":\"SearchAction\",\"target\":{\"@type\":\"EntryPoint\",\"urlTemplate\":\"https:\\\/\\\/www.upjs.sk\\\/filozoficka-fakulta\\\/?s={search_term_string}\"},\"query-input\":{\"@type\":\"PropertyValueSpecification\",\"valueRequired\":true,\"valueName\":\"search_term_string\"}}],\"inLanguage\":\"sk-SK\"},{\"@type\":\"Organization\",\"@id\":\"https:\\\/\\\/www.upjs.sk\\\/filozoficka-fakulta\\\/#organization\",\"name\":\"Filozofick\u00e1 fakulta | UPJ\u0160\",\"url\":\"https:\\\/\\\/www.upjs.sk\\\/filozoficka-fakulta\\\/\",\"logo\":{\"@type\":\"ImageObject\",\"inLanguage\":\"sk-SK\",\"@id\":\"https:\\\/\\\/www.upjs.sk\\\/filozoficka-fakulta\\\/#\\\/schema\\\/logo\\\/image\\\/\",\"url\":\"https:\\\/\\\/www.upjs.sk\\\/app\\\/uploads\\\/sites\\\/7\\\/2022\\\/09\\\/logo-filozoficka-fakulta.png\",\"contentUrl\":\"https:\\\/\\\/www.upjs.sk\\\/app\\\/uploads\\\/sites\\\/7\\\/2022\\\/09\\\/logo-filozoficka-fakulta.png\",\"width\":415,\"height\":87,\"caption\":\"Filozofick\u00e1 fakulta | UPJ\u0160\"},\"image\":{\"@id\":\"https:\\\/\\\/www.upjs.sk\\\/filozoficka-fakulta\\\/#\\\/schema\\\/logo\\\/image\\\/\"}}]}<\/script>\n<!-- \/ Yoast SEO plugin. -->","yoast_head_json":{"title":"Profesor Ladislav Lova\u0161 o trag\u00e9dii v Spi\u0161skej Starej Vsi - Filozofick\u00e1 fakulta | UPJ\u0160","robots":{"index":"index","follow":"follow","max-snippet":"max-snippet:-1","max-image-preview":"max-image-preview:large","max-video-preview":"max-video-preview:-1"},"canonical":"https:\/\/www.upjs.sk\/filozoficka-fakulta\/actuality\/prof-lovas-o-tragedii-v-spisskej-starej-vsi\/","og_locale":"sk_SK","og_type":"article","og_title":"Profesor Ladislav Lova\u0161 o trag\u00e9dii v Spi\u0161skej Starej Vsi - Filozofick\u00e1 fakulta | UPJ\u0160","og_description":"\u201eAsi ne\u0161lo o impulz\u00edvne konanie, preto\u017ee n\u00f4\u017e si zrejme priniesol so sebou, \u010do by znamenalo, \u017ee s t\u00fdm r\u00e1tal,\u201c\u00a0hovor\u00ed v rozhovore pre denn\u00edk Postoj emeritn\u00fd profesor psychol\u00f3gie \u2013\u00a0prof. PhDr. Ladislav Lova\u0161, CSc., z Katedry psychol\u00f3gie Filozofickej fakulty UPJ\u0160 v Ko\u0161iciach \u2013, ktor\u00fd sk\u00fama agresiu dlh\u00e9 roky. Redakcia denn\u00edka Postoj sa s prof. Lova\u0161om rozpr\u00e1vala\u00a0o tom, &hellip; \u010c\u00edta\u0165 \u010falej","og_url":"https:\/\/www.upjs.sk\/filozoficka-fakulta\/actuality\/prof-lovas-o-tragedii-v-spisskej-starej-vsi\/","og_site_name":"Filozofick\u00e1 fakulta | UPJ\u0160","article_modified_time":"2025-01-20T08:52:22+00:00","og_image":[{"width":900,"height":630,"url":"https:\/\/www.upjs.sk\/app\/uploads\/sites\/7\/2025\/01\/prof-Lovas.jpg","type":"image\/jpeg"}],"twitter_card":"summary_large_image","twitter_misc":{"Predpokladan\u00fd \u010das \u010d\u00edtania":"1 min\u00fata"},"schema":{"@context":"https:\/\/schema.org","@graph":[{"@type":"WebPage","@id":"https:\/\/www.upjs.sk\/filozoficka-fakulta\/actuality\/prof-lovas-o-tragedii-v-spisskej-starej-vsi\/","url":"https:\/\/www.upjs.sk\/filozoficka-fakulta\/actuality\/prof-lovas-o-tragedii-v-spisskej-starej-vsi\/","name":"Profesor Ladislav Lova\u0161 o trag\u00e9dii v Spi\u0161skej Starej Vsi - Filozofick\u00e1 fakulta | UPJ\u0160","isPartOf":{"@id":"https:\/\/www.upjs.sk\/filozoficka-fakulta\/#website"},"primaryImageOfPage":{"@id":"https:\/\/www.upjs.sk\/filozoficka-fakulta\/actuality\/prof-lovas-o-tragedii-v-spisskej-starej-vsi\/#primaryimage"},"image":{"@id":"https:\/\/www.upjs.sk\/filozoficka-fakulta\/actuality\/prof-lovas-o-tragedii-v-spisskej-starej-vsi\/#primaryimage"},"thumbnailUrl":"https:\/\/www.upjs.sk\/app\/uploads\/sites\/7\/2025\/01\/prof-Lovas.jpg","datePublished":"2025-01-20T08:40:24+00:00","dateModified":"2025-01-20T08:52:22+00:00","breadcrumb":{"@id":"https:\/\/www.upjs.sk\/filozoficka-fakulta\/actuality\/prof-lovas-o-tragedii-v-spisskej-starej-vsi\/#breadcrumb"},"inLanguage":"sk-SK","potentialAction":[{"@type":"ReadAction","target":["https:\/\/www.upjs.sk\/filozoficka-fakulta\/actuality\/prof-lovas-o-tragedii-v-spisskej-starej-vsi\/"]}]},{"@type":"ImageObject","inLanguage":"sk-SK","@id":"https:\/\/www.upjs.sk\/filozoficka-fakulta\/actuality\/prof-lovas-o-tragedii-v-spisskej-starej-vsi\/#primaryimage","url":"https:\/\/www.upjs.sk\/app\/uploads\/sites\/7\/2025\/01\/prof-Lovas.jpg","contentUrl":"https:\/\/www.upjs.sk\/app\/uploads\/sites\/7\/2025\/01\/prof-Lovas.jpg","width":900,"height":630},{"@type":"BreadcrumbList","@id":"https:\/\/www.upjs.sk\/filozoficka-fakulta\/actuality\/prof-lovas-o-tragedii-v-spisskej-starej-vsi\/#breadcrumb","itemListElement":[{"@type":"ListItem","position":1,"name":"Home","item":"https:\/\/www.upjs.sk\/filozoficka-fakulta\/"},{"@type":"ListItem","position":2,"name":"Aktuality","item":"https:\/\/www.upjs.sk\/filozoficka-fakulta\/actuality\/"},{"@type":"ListItem","position":3,"name":"Profesor Ladislav Lova\u0161 o trag\u00e9dii v Spi\u0161skej Starej Vsi"}]},{"@type":"WebSite","@id":"https:\/\/www.upjs.sk\/filozoficka-fakulta\/#website","url":"https:\/\/www.upjs.sk\/filozoficka-fakulta\/","name":"Filozofick\u00e1 fakulta | UPJ\u0160","description":"","publisher":{"@id":"https:\/\/www.upjs.sk\/filozoficka-fakulta\/#organization"},"potentialAction":[{"@type":"SearchAction","target":{"@type":"EntryPoint","urlTemplate":"https:\/\/www.upjs.sk\/filozoficka-fakulta\/?s={search_term_string}"},"query-input":{"@type":"PropertyValueSpecification","valueRequired":true,"valueName":"search_term_string"}}],"inLanguage":"sk-SK"},{"@type":"Organization","@id":"https:\/\/www.upjs.sk\/filozoficka-fakulta\/#organization","name":"Filozofick\u00e1 fakulta | UPJ\u0160","url":"https:\/\/www.upjs.sk\/filozoficka-fakulta\/","logo":{"@type":"ImageObject","inLanguage":"sk-SK","@id":"https:\/\/www.upjs.sk\/filozoficka-fakulta\/#\/schema\/logo\/image\/","url":"https:\/\/www.upjs.sk\/app\/uploads\/sites\/7\/2022\/09\/logo-filozoficka-fakulta.png","contentUrl":"https:\/\/www.upjs.sk\/app\/uploads\/sites\/7\/2022\/09\/logo-filozoficka-fakulta.png","width":415,"height":87,"caption":"Filozofick\u00e1 fakulta | UPJ\u0160"},"image":{"@id":"https:\/\/www.upjs.sk\/filozoficka-fakulta\/#\/schema\/logo\/image\/"}}]}},"_links":{"self":[{"href":"https:\/\/www.upjs.sk\/filozoficka-fakulta\/wp-json\/wp\/v2\/cpt_aktuality\/53135","targetHints":{"allow":["GET"]}}],"collection":[{"href":"https:\/\/www.upjs.sk\/filozoficka-fakulta\/wp-json\/wp\/v2\/cpt_aktuality"}],"about":[{"href":"https:\/\/www.upjs.sk\/filozoficka-fakulta\/wp-json\/wp\/v2\/types\/cpt_aktuality"}],"author":[{"embeddable":true,"href":"https:\/\/www.upjs.sk\/filozoficka-fakulta\/wp-json\/wp\/v2\/users\/21"}],"version-history":[{"count":12,"href":"https:\/\/www.upjs.sk\/filozoficka-fakulta\/wp-json\/wp\/v2\/cpt_aktuality\/53135\/revisions"}],"predecessor-version":[{"id":53151,"href":"https:\/\/www.upjs.sk\/filozoficka-fakulta\/wp-json\/wp\/v2\/cpt_aktuality\/53135\/revisions\/53151"}],"wp:featuredmedia":[{"embeddable":true,"href":"https:\/\/www.upjs.sk\/filozoficka-fakulta\/wp-json\/wp\/v2\/media\/53137"}],"wp:attachment":[{"href":"https:\/\/www.upjs.sk\/filozoficka-fakulta\/wp-json\/wp\/v2\/media?parent=53135"}],"wp:term":[{"taxonomy":"category","embeddable":true,"href":"https:\/\/www.upjs.sk\/filozoficka-fakulta\/wp-json\/wp\/v2\/categories?post=53135"},{"taxonomy":"post_tag","embeddable":true,"href":"https:\/\/www.upjs.sk\/filozoficka-fakulta\/wp-json\/wp\/v2\/tags?post=53135"},{"taxonomy":"tax_aktuality","embeddable":true,"href":"https:\/\/www.upjs.sk\/filozoficka-fakulta\/wp-json\/wp\/v2\/tax_aktuality?post=53135"}],"curies":[{"name":"wp","href":"https:\/\/api.w.org\/{rel}","templated":true}]}}