{"id":56534,"date":"2025-09-17T07:11:12","date_gmt":"2025-09-17T06:11:12","guid":{"rendered":"https:\/\/www.upjs.sk\/filozoficka-fakulta\/?post_type=cpt_aktuality&#038;p=56534"},"modified":"2025-09-29T11:48:42","modified_gmt":"2025-09-29T10:48:42","slug":"east-meets-west-092025","status":"publish","type":"cpt_aktuality","link":"https:\/\/www.upjs.sk\/filozoficka-fakulta\/actuality\/east-meets-west-092025\/","title":{"rendered":"East Meets West: O\u00a0meniacich sa perspekt\u00edvach na s\u00fa\u010dasn\u00e9 USA"},"content":{"rendered":"\n<p><strong><mark style=\"background-color:rgba(0, 0, 0, 0)\" class=\"has-inline-color has-filozoficka-f-color\">Filozofick\u00e1 fakulta UPJ\u0160 v Ko\u0161iciach<\/mark><\/strong>&nbsp;hostila v d\u0148och 12. a 13. septembra 2025 prest\u00ed\u017enu bien\u00e1lnu medzin\u00e1rodn\u00fa vedeck\u00fa konferenciu&nbsp;<strong><em>East Meets West: Cross-Cultural Perspectives on America\u2019s Changing Image<\/em><\/strong>. Podujatie pripravila&nbsp;<strong><mark style=\"background-color:rgba(0, 0, 0, 0)\" class=\"has-inline-color has-filozoficka-f-color\">Katedra anglistiky a amerikanistiky FF UPJ\u0160<\/mark><\/strong>&nbsp;v spolupr\u00e1ci s&nbsp;<strong>\u010ceskoslovenskou asoci\u00e1ciou pre americk\u00e9 \u0161t\u00fadi\u00e1<\/strong>&nbsp;(CSAAS).<br>Konferencia priviedla do Ko\u0161\u00edc&nbsp;<strong>odborn\u00edkov z Eur\u00f3py, \u00c1zie a USA<\/strong>, ktor\u00ed diskutovali o&nbsp;liter\u00e1rnych, kult\u00farnych, historick\u00fdch a politick\u00fdch aspektoch Spojen\u00fdch \u0161t\u00e1tov americk\u00fdch a&nbsp;o tom, ako sa men\u00ed ich obraz v glob\u00e1lnom kontexte.<br>Spomedzi v\u00fdznamn\u00fdch host\u00ed vyst\u00fapili:<\/p>\n\n\n\n<ul class=\"wp-block-list\">\n<li><strong>prof. Stephen Wooten<\/strong>&nbsp;(University of Oregon, USA), antropol\u00f3g a expert na glob\u00e1lne \u0161t\u00fadi\u00e1,<\/li>\n\n\n\n<li><strong>prof. Hua-Yu Sebastian Cherng<\/strong>&nbsp;(New York University, USA), sociol\u00f3g a odborn\u00edk na etnick\u00e9 \u0161t\u00fadi\u00e1,<\/li>\n\n\n\n<li><strong>doc. Michaela Weiss<\/strong>&nbsp;(Sliezska univerzita v Opave, \u010cR), \u0161pecialistka na americko-\u017eidovsk\u00fa literat\u00faru,<\/li>\n\n\n\n<li><strong>Dr. Matej Cib\u00edk<\/strong>&nbsp;(Central European University, Viede\u0148, Rak\u00fasko), filozof so zameran\u00edm na etiku a politick\u00fa filozofiu.<\/li>\n<\/ul>\n\n\n\n<div style=\"height:20px\" aria-hidden=\"true\" class=\"wp-block-spacer\"><\/div>\n\n\n\n<p>Program pon\u00fakol plen\u00e1rne predn\u00e1\u0161ky, panelov\u00e9 diskusie aj sekcie pre doktorandov a mlad\u00fdch v\u00fdskumn\u00edkov. \u00da\u010dastn\u00edci ocenili odborn\u00fa kvalitu, ale aj atmosf\u00e9ru Ko\u0161\u00edc ako \u201emetropoly v\u00fdchodu\u201c.<br>Konferencia&nbsp;<em>East Meets West<\/em>&nbsp;sa kon\u00e1 ka\u017ed\u00e9 dva roky pod z\u00e1\u0161titou CSAAS a doteraz mala dejisko v r\u00f4znych mest\u00e1ch \u010ceskej republiky. Ko\u0161ice sa stali prv\u00fdm mestom na Slovensku, ktor\u00e9 hostilo toto prest\u00ed\u017ene podujatie, \u010d\u00edm sa otvorila nov\u00e1 kapitola v hist\u00f3rii tejto bien\u00e1lnej trad\u00edcie.<br>Podujatie potvrdilo, \u017ee dobr\u00e9 medzin\u00e1rodn\u00e9 kontakty s\u00fa pre na\u0161u fakultu a univerzitu ve\u013ek\u00fdm pr\u00ednosom. Aj napriek n\u00e1ro\u010dnej situ\u00e1cii vo svete je d\u00f4le\u017eit\u00e9 pokra\u010dova\u0165 vo vzdel\u00e1van\u00ed, otvorene diskutova\u0165 a vymie\u0148a\u0165 si sk\u00fasenosti naprie\u010d kult\u00farami a discipl\u00ednami.<br>Bien\u00e1lna trad\u00edcia konferencie op\u00e4\u0165 splnila svoje poslanie \u2013 vytv\u00e1ra\u0165 priestor na medzin\u00e1rodn\u00fd dial\u00f3g a nov\u00e9 perspekt\u00edvy v americk\u00fdch \u0161t\u00fadi\u00e1ch. Najbli\u017e\u0161ie sa konferencia presunie sp\u00e4\u0165 do \u010ceskej republiky.<\/p>\n\n\n\n<p>\u00da\u010das\u0165 expertov bola \u010diasto\u010dne financovan\u00e1 z projektu\u00a0<strong><em>Audit \u00farovne internacionaliz\u00e1cie a\u00a0implement\u00e1cia projektov internacionaliz\u00e1cie vysok\u00fdch \u0161k\u00f4l a\u00a0verejn\u00fdch v\u00fdskumn\u00fdch in\u0161tit\u00faci\u00ed<\/em><\/strong><em>,\u00a0<\/em>Aktivita 23.1 \u2013\u00a0<em>Pozvanie zahrani\u010dn\u00fdch expertov s cie\u013eom nadviaza\u0165 spolupr\u00e1cu v oblasti v\u00fdskumu a\u00a0vzdel\u00e1vania.<\/em><\/p>\n\n\n\n<p><strong>Mgr. Zuzana Bur\u00e1kov\u00e1, PhD.<\/strong><br>organiz\u00e1torka konferencie, KAA FF UPJ\u0160<\/p>\n","protected":false},"excerpt":{"rendered":"<p>Filozofick\u00e1 fakulta UPJ\u0160 v Ko\u0161iciach&nbsp;hostila v d\u0148och 12. a 13. septembra 2025 prest\u00ed\u017enu bien\u00e1lnu medzin\u00e1rodn\u00fa vedeck\u00fa konferenciu&nbsp;East Meets West: Cross-Cultural Perspectives on America\u2019s Changing Image. Podujatie pripravila&nbsp;Katedra anglistiky a amerikanistiky FF UPJ\u0160&nbsp;v spolupr\u00e1ci s&nbsp;\u010ceskoslovenskou asoci\u00e1ciou pre americk\u00e9 \u0161t\u00fadi\u00e1&nbsp;(CSAAS).Konferencia priviedla do Ko\u0161\u00edc&nbsp;odborn\u00edkov z Eur\u00f3py, \u00c1zie a USA, ktor\u00ed diskutovali o&nbsp;liter\u00e1rnych, kult\u00farnych, historick\u00fdch a politick\u00fdch aspektoch Spojen\u00fdch &hellip; <a href=\"https:\/\/www.upjs.sk\/filozoficka-fakulta\/actuality\/east-meets-west-092025\/\">\u010c\u00edta\u0165 \u010falej<\/a><\/p>\n","protected":false},"author":21,"featured_media":56537,"template":"","meta":{"_acf_changed":false,"_editorskit_title_hidden":false,"_editorskit_reading_time":0,"_editorskit_is_block_options_detached":false,"_editorskit_block_options_position":"{}","footnotes":""},"categories":[],"tags":[],"tax_aktuality":[],"class_list":["post-56534","cpt_aktuality","type-cpt_aktuality","status-publish","has-post-thumbnail","hentry"],"acf":{"acf_link_na_externy_obsah":"","poradie_clanku":0},"yoast_head":"<!-- This site is optimized with the Yoast SEO plugin v27.4 - https:\/\/yoast.com\/product\/yoast-seo-wordpress\/ -->\n<title>East Meets West: O\u00a0meniacich sa perspekt\u00edvach na s\u00fa\u010dasn\u00e9 USA - Filozofick\u00e1 fakulta | UPJ\u0160<\/title>\n<meta name=\"robots\" content=\"index, follow, max-snippet:-1, max-image-preview:large, max-video-preview:-1\" \/>\n<link rel=\"canonical\" href=\"https:\/\/www.upjs.sk\/filozoficka-fakulta\/actuality\/east-meets-west-092025\/\" \/>\n<meta property=\"og:locale\" content=\"sk_SK\" \/>\n<meta property=\"og:type\" content=\"article\" \/>\n<meta property=\"og:title\" content=\"East Meets West: O\u00a0meniacich sa perspekt\u00edvach na s\u00fa\u010dasn\u00e9 USA - Filozofick\u00e1 fakulta | UPJ\u0160\" \/>\n<meta property=\"og:description\" content=\"Filozofick\u00e1 fakulta UPJ\u0160 v Ko\u0161iciach&nbsp;hostila v d\u0148och 12. a 13. septembra 2025 prest\u00ed\u017enu bien\u00e1lnu medzin\u00e1rodn\u00fa vedeck\u00fa konferenciu&nbsp;East Meets West: Cross-Cultural Perspectives on America\u2019s Changing Image. Podujatie pripravila&nbsp;Katedra anglistiky a amerikanistiky FF UPJ\u0160&nbsp;v spolupr\u00e1ci s&nbsp;\u010ceskoslovenskou asoci\u00e1ciou pre americk\u00e9 \u0161t\u00fadi\u00e1&nbsp;(CSAAS).Konferencia priviedla do Ko\u0161\u00edc&nbsp;odborn\u00edkov z Eur\u00f3py, \u00c1zie a USA, ktor\u00ed diskutovali o&nbsp;liter\u00e1rnych, kult\u00farnych, historick\u00fdch a politick\u00fdch aspektoch Spojen\u00fdch &hellip; \u010c\u00edta\u0165 \u010falej\" \/>\n<meta property=\"og:url\" content=\"https:\/\/www.upjs.sk\/filozoficka-fakulta\/actuality\/east-meets-west-092025\/\" \/>\n<meta property=\"og:site_name\" content=\"Filozofick\u00e1 fakulta | UPJ\u0160\" \/>\n<meta property=\"article:modified_time\" content=\"2025-09-29T10:48:42+00:00\" \/>\n<meta property=\"og:image\" content=\"https:\/\/www.upjs.sk\/app\/uploads\/sites\/7\/2025\/09\/mbanner-EMW-2025.jpg\" \/>\n\t<meta property=\"og:image:width\" content=\"900\" \/>\n\t<meta property=\"og:image:height\" content=\"630\" \/>\n\t<meta property=\"og:image:type\" content=\"image\/jpeg\" \/>\n<meta name=\"twitter:card\" content=\"summary_large_image\" \/>\n<meta name=\"twitter:label1\" content=\"Predpokladan\u00fd \u010das \u010d\u00edtania\" \/>\n\t<meta name=\"twitter:data1\" content=\"2 min\u00faty\" \/>\n<script type=\"application\/ld+json\" class=\"yoast-schema-graph\">{\"@context\":\"https:\\\/\\\/schema.org\",\"@graph\":[{\"@type\":\"WebPage\",\"@id\":\"https:\\\/\\\/www.upjs.sk\\\/filozoficka-fakulta\\\/actuality\\\/east-meets-west-092025\\\/\",\"url\":\"https:\\\/\\\/www.upjs.sk\\\/filozoficka-fakulta\\\/actuality\\\/east-meets-west-092025\\\/\",\"name\":\"East Meets West: O\u00a0meniacich sa perspekt\u00edvach na s\u00fa\u010dasn\u00e9 USA - Filozofick\u00e1 fakulta | UPJ\u0160\",\"isPartOf\":{\"@id\":\"https:\\\/\\\/www.upjs.sk\\\/filozoficka-fakulta\\\/#website\"},\"primaryImageOfPage\":{\"@id\":\"https:\\\/\\\/www.upjs.sk\\\/filozoficka-fakulta\\\/actuality\\\/east-meets-west-092025\\\/#primaryimage\"},\"image\":{\"@id\":\"https:\\\/\\\/www.upjs.sk\\\/filozoficka-fakulta\\\/actuality\\\/east-meets-west-092025\\\/#primaryimage\"},\"thumbnailUrl\":\"https:\\\/\\\/www.upjs.sk\\\/app\\\/uploads\\\/sites\\\/7\\\/2025\\\/09\\\/mbanner-EMW-2025.jpg\",\"datePublished\":\"2025-09-17T06:11:12+00:00\",\"dateModified\":\"2025-09-29T10:48:42+00:00\",\"breadcrumb\":{\"@id\":\"https:\\\/\\\/www.upjs.sk\\\/filozoficka-fakulta\\\/actuality\\\/east-meets-west-092025\\\/#breadcrumb\"},\"inLanguage\":\"sk-SK\",\"potentialAction\":[{\"@type\":\"ReadAction\",\"target\":[\"https:\\\/\\\/www.upjs.sk\\\/filozoficka-fakulta\\\/actuality\\\/east-meets-west-092025\\\/\"]}]},{\"@type\":\"ImageObject\",\"inLanguage\":\"sk-SK\",\"@id\":\"https:\\\/\\\/www.upjs.sk\\\/filozoficka-fakulta\\\/actuality\\\/east-meets-west-092025\\\/#primaryimage\",\"url\":\"https:\\\/\\\/www.upjs.sk\\\/app\\\/uploads\\\/sites\\\/7\\\/2025\\\/09\\\/mbanner-EMW-2025.jpg\",\"contentUrl\":\"https:\\\/\\\/www.upjs.sk\\\/app\\\/uploads\\\/sites\\\/7\\\/2025\\\/09\\\/mbanner-EMW-2025.jpg\",\"width\":900,\"height\":630},{\"@type\":\"BreadcrumbList\",\"@id\":\"https:\\\/\\\/www.upjs.sk\\\/filozoficka-fakulta\\\/actuality\\\/east-meets-west-092025\\\/#breadcrumb\",\"itemListElement\":[{\"@type\":\"ListItem\",\"position\":1,\"name\":\"Home\",\"item\":\"https:\\\/\\\/www.upjs.sk\\\/filozoficka-fakulta\\\/\"},{\"@type\":\"ListItem\",\"position\":2,\"name\":\"Aktuality\",\"item\":\"https:\\\/\\\/www.upjs.sk\\\/filozoficka-fakulta\\\/actuality\\\/\"},{\"@type\":\"ListItem\",\"position\":3,\"name\":\"East Meets West: O\u00a0meniacich sa perspekt\u00edvach na s\u00fa\u010dasn\u00e9 USA\"}]},{\"@type\":\"WebSite\",\"@id\":\"https:\\\/\\\/www.upjs.sk\\\/filozoficka-fakulta\\\/#website\",\"url\":\"https:\\\/\\\/www.upjs.sk\\\/filozoficka-fakulta\\\/\",\"name\":\"Filozofick\u00e1 fakulta | UPJ\u0160\",\"description\":\"\",\"publisher\":{\"@id\":\"https:\\\/\\\/www.upjs.sk\\\/filozoficka-fakulta\\\/#organization\"},\"potentialAction\":[{\"@type\":\"SearchAction\",\"target\":{\"@type\":\"EntryPoint\",\"urlTemplate\":\"https:\\\/\\\/www.upjs.sk\\\/filozoficka-fakulta\\\/?s={search_term_string}\"},\"query-input\":{\"@type\":\"PropertyValueSpecification\",\"valueRequired\":true,\"valueName\":\"search_term_string\"}}],\"inLanguage\":\"sk-SK\"},{\"@type\":\"Organization\",\"@id\":\"https:\\\/\\\/www.upjs.sk\\\/filozoficka-fakulta\\\/#organization\",\"name\":\"Filozofick\u00e1 fakulta | UPJ\u0160\",\"url\":\"https:\\\/\\\/www.upjs.sk\\\/filozoficka-fakulta\\\/\",\"logo\":{\"@type\":\"ImageObject\",\"inLanguage\":\"sk-SK\",\"@id\":\"https:\\\/\\\/www.upjs.sk\\\/filozoficka-fakulta\\\/#\\\/schema\\\/logo\\\/image\\\/\",\"url\":\"https:\\\/\\\/www.upjs.sk\\\/app\\\/uploads\\\/sites\\\/7\\\/2022\\\/09\\\/logo-filozoficka-fakulta.png\",\"contentUrl\":\"https:\\\/\\\/www.upjs.sk\\\/app\\\/uploads\\\/sites\\\/7\\\/2022\\\/09\\\/logo-filozoficka-fakulta.png\",\"width\":415,\"height\":87,\"caption\":\"Filozofick\u00e1 fakulta | UPJ\u0160\"},\"image\":{\"@id\":\"https:\\\/\\\/www.upjs.sk\\\/filozoficka-fakulta\\\/#\\\/schema\\\/logo\\\/image\\\/\"}}]}<\/script>\n<!-- \/ Yoast SEO plugin. -->","yoast_head_json":{"title":"East Meets West: O\u00a0meniacich sa perspekt\u00edvach na s\u00fa\u010dasn\u00e9 USA - Filozofick\u00e1 fakulta | UPJ\u0160","robots":{"index":"index","follow":"follow","max-snippet":"max-snippet:-1","max-image-preview":"max-image-preview:large","max-video-preview":"max-video-preview:-1"},"canonical":"https:\/\/www.upjs.sk\/filozoficka-fakulta\/actuality\/east-meets-west-092025\/","og_locale":"sk_SK","og_type":"article","og_title":"East Meets West: O\u00a0meniacich sa perspekt\u00edvach na s\u00fa\u010dasn\u00e9 USA - Filozofick\u00e1 fakulta | UPJ\u0160","og_description":"Filozofick\u00e1 fakulta UPJ\u0160 v Ko\u0161iciach&nbsp;hostila v d\u0148och 12. a 13. septembra 2025 prest\u00ed\u017enu bien\u00e1lnu medzin\u00e1rodn\u00fa vedeck\u00fa konferenciu&nbsp;East Meets West: Cross-Cultural Perspectives on America\u2019s Changing Image. Podujatie pripravila&nbsp;Katedra anglistiky a amerikanistiky FF UPJ\u0160&nbsp;v spolupr\u00e1ci s&nbsp;\u010ceskoslovenskou asoci\u00e1ciou pre americk\u00e9 \u0161t\u00fadi\u00e1&nbsp;(CSAAS).Konferencia priviedla do Ko\u0161\u00edc&nbsp;odborn\u00edkov z Eur\u00f3py, \u00c1zie a USA, ktor\u00ed diskutovali o&nbsp;liter\u00e1rnych, kult\u00farnych, historick\u00fdch a politick\u00fdch aspektoch Spojen\u00fdch &hellip; \u010c\u00edta\u0165 \u010falej","og_url":"https:\/\/www.upjs.sk\/filozoficka-fakulta\/actuality\/east-meets-west-092025\/","og_site_name":"Filozofick\u00e1 fakulta | UPJ\u0160","article_modified_time":"2025-09-29T10:48:42+00:00","og_image":[{"width":900,"height":630,"url":"https:\/\/www.upjs.sk\/app\/uploads\/sites\/7\/2025\/09\/mbanner-EMW-2025.jpg","type":"image\/jpeg"}],"twitter_card":"summary_large_image","twitter_misc":{"Predpokladan\u00fd \u010das \u010d\u00edtania":"2 min\u00faty"},"schema":{"@context":"https:\/\/schema.org","@graph":[{"@type":"WebPage","@id":"https:\/\/www.upjs.sk\/filozoficka-fakulta\/actuality\/east-meets-west-092025\/","url":"https:\/\/www.upjs.sk\/filozoficka-fakulta\/actuality\/east-meets-west-092025\/","name":"East Meets West: O\u00a0meniacich sa perspekt\u00edvach na s\u00fa\u010dasn\u00e9 USA - Filozofick\u00e1 fakulta | UPJ\u0160","isPartOf":{"@id":"https:\/\/www.upjs.sk\/filozoficka-fakulta\/#website"},"primaryImageOfPage":{"@id":"https:\/\/www.upjs.sk\/filozoficka-fakulta\/actuality\/east-meets-west-092025\/#primaryimage"},"image":{"@id":"https:\/\/www.upjs.sk\/filozoficka-fakulta\/actuality\/east-meets-west-092025\/#primaryimage"},"thumbnailUrl":"https:\/\/www.upjs.sk\/app\/uploads\/sites\/7\/2025\/09\/mbanner-EMW-2025.jpg","datePublished":"2025-09-17T06:11:12+00:00","dateModified":"2025-09-29T10:48:42+00:00","breadcrumb":{"@id":"https:\/\/www.upjs.sk\/filozoficka-fakulta\/actuality\/east-meets-west-092025\/#breadcrumb"},"inLanguage":"sk-SK","potentialAction":[{"@type":"ReadAction","target":["https:\/\/www.upjs.sk\/filozoficka-fakulta\/actuality\/east-meets-west-092025\/"]}]},{"@type":"ImageObject","inLanguage":"sk-SK","@id":"https:\/\/www.upjs.sk\/filozoficka-fakulta\/actuality\/east-meets-west-092025\/#primaryimage","url":"https:\/\/www.upjs.sk\/app\/uploads\/sites\/7\/2025\/09\/mbanner-EMW-2025.jpg","contentUrl":"https:\/\/www.upjs.sk\/app\/uploads\/sites\/7\/2025\/09\/mbanner-EMW-2025.jpg","width":900,"height":630},{"@type":"BreadcrumbList","@id":"https:\/\/www.upjs.sk\/filozoficka-fakulta\/actuality\/east-meets-west-092025\/#breadcrumb","itemListElement":[{"@type":"ListItem","position":1,"name":"Home","item":"https:\/\/www.upjs.sk\/filozoficka-fakulta\/"},{"@type":"ListItem","position":2,"name":"Aktuality","item":"https:\/\/www.upjs.sk\/filozoficka-fakulta\/actuality\/"},{"@type":"ListItem","position":3,"name":"East Meets West: O\u00a0meniacich sa perspekt\u00edvach na s\u00fa\u010dasn\u00e9 USA"}]},{"@type":"WebSite","@id":"https:\/\/www.upjs.sk\/filozoficka-fakulta\/#website","url":"https:\/\/www.upjs.sk\/filozoficka-fakulta\/","name":"Filozofick\u00e1 fakulta | UPJ\u0160","description":"","publisher":{"@id":"https:\/\/www.upjs.sk\/filozoficka-fakulta\/#organization"},"potentialAction":[{"@type":"SearchAction","target":{"@type":"EntryPoint","urlTemplate":"https:\/\/www.upjs.sk\/filozoficka-fakulta\/?s={search_term_string}"},"query-input":{"@type":"PropertyValueSpecification","valueRequired":true,"valueName":"search_term_string"}}],"inLanguage":"sk-SK"},{"@type":"Organization","@id":"https:\/\/www.upjs.sk\/filozoficka-fakulta\/#organization","name":"Filozofick\u00e1 fakulta | UPJ\u0160","url":"https:\/\/www.upjs.sk\/filozoficka-fakulta\/","logo":{"@type":"ImageObject","inLanguage":"sk-SK","@id":"https:\/\/www.upjs.sk\/filozoficka-fakulta\/#\/schema\/logo\/image\/","url":"https:\/\/www.upjs.sk\/app\/uploads\/sites\/7\/2022\/09\/logo-filozoficka-fakulta.png","contentUrl":"https:\/\/www.upjs.sk\/app\/uploads\/sites\/7\/2022\/09\/logo-filozoficka-fakulta.png","width":415,"height":87,"caption":"Filozofick\u00e1 fakulta | UPJ\u0160"},"image":{"@id":"https:\/\/www.upjs.sk\/filozoficka-fakulta\/#\/schema\/logo\/image\/"}}]}},"_links":{"self":[{"href":"https:\/\/www.upjs.sk\/filozoficka-fakulta\/wp-json\/wp\/v2\/cpt_aktuality\/56534","targetHints":{"allow":["GET"]}}],"collection":[{"href":"https:\/\/www.upjs.sk\/filozoficka-fakulta\/wp-json\/wp\/v2\/cpt_aktuality"}],"about":[{"href":"https:\/\/www.upjs.sk\/filozoficka-fakulta\/wp-json\/wp\/v2\/types\/cpt_aktuality"}],"author":[{"embeddable":true,"href":"https:\/\/www.upjs.sk\/filozoficka-fakulta\/wp-json\/wp\/v2\/users\/21"}],"version-history":[{"count":7,"href":"https:\/\/www.upjs.sk\/filozoficka-fakulta\/wp-json\/wp\/v2\/cpt_aktuality\/56534\/revisions"}],"predecessor-version":[{"id":56854,"href":"https:\/\/www.upjs.sk\/filozoficka-fakulta\/wp-json\/wp\/v2\/cpt_aktuality\/56534\/revisions\/56854"}],"wp:featuredmedia":[{"embeddable":true,"href":"https:\/\/www.upjs.sk\/filozoficka-fakulta\/wp-json\/wp\/v2\/media\/56537"}],"wp:attachment":[{"href":"https:\/\/www.upjs.sk\/filozoficka-fakulta\/wp-json\/wp\/v2\/media?parent=56534"}],"wp:term":[{"taxonomy":"category","embeddable":true,"href":"https:\/\/www.upjs.sk\/filozoficka-fakulta\/wp-json\/wp\/v2\/categories?post=56534"},{"taxonomy":"post_tag","embeddable":true,"href":"https:\/\/www.upjs.sk\/filozoficka-fakulta\/wp-json\/wp\/v2\/tags?post=56534"},{"taxonomy":"tax_aktuality","embeddable":true,"href":"https:\/\/www.upjs.sk\/filozoficka-fakulta\/wp-json\/wp\/v2\/tax_aktuality?post=56534"}],"curies":[{"name":"wp","href":"https:\/\/api.w.org\/{rel}","templated":true}]}}