{"id":57304,"date":"2025-10-25T07:16:59","date_gmt":"2025-10-25T06:16:59","guid":{"rendered":"https:\/\/www.upjs.sk\/filozoficka-fakulta\/?post_type=cpt_aktuality&#038;p=57304"},"modified":"2025-11-03T11:10:49","modified_gmt":"2025-11-03T10:10:49","slug":"bip-erasmus-na-katedre-germanistiky-ff-upjs-102025","status":"publish","type":"cpt_aktuality","link":"https:\/\/www.upjs.sk\/filozoficka-fakulta\/actuality\/bip-erasmus-na-katedre-germanistiky-ff-upjs-102025\/","title":{"rendered":"BIP Erasmus+ na Katedre germanistiky FF UPJ\u0160"},"content":{"rendered":"\n<p><strong>Katedra germanistiky Filozofickej fakulty UPJ\u0160 v Ko\u0161iciach<\/strong>&nbsp;host\u00ed medzin\u00e1rodn\u00fdch partnerov a \u0161tudentov v r\u00e1mci&nbsp;<strong>BIP Erasmus+<\/strong>, ktor\u00fd \u00faspe\u0161ne pokra\u010duje t\u00fd\u017ed\u0148ov\u00fdm stretnut\u00edm v Ko\u0161iciach. Po in\u0161pirat\u00edvnych mobilit\u00e1ch a intenz\u00edvnej spolupr\u00e1ci v Innsbrucku a Var\u0161ave sa BIP zameran\u00fd na k\u013e\u00fa\u010dov\u00e9 eur\u00f3pske t\u00e9my pres\u00fava do fin\u00e1lnej f\u00e1zy na na\u0161ej univerzite.<br>Kr\u00e1tko popoludn\u00ed sa uskuto\u010dnilo \u00favodn\u00e9 stretnutie, po\u010das ktor\u00e9ho sa \u0161tudenti rozdelili do medzin\u00e1rodn\u00fdch t\u00edmov. Spolupracova\u0165 bud\u00fa na tvorbe vlogov, ktor\u00e9 zachytia ich spolo\u010dn\u00e9 z\u00e1\u017eitky a z\u00edskan\u00e9 poznatky z cel\u00e9ho t\u00fd\u017ed\u0148a. V pondelok popoludn\u00ed tie\u017e absolvovali prehliadku historick\u00e9ho centra Ko\u0161\u00edc a objavovali zauj\u00edmav\u00e9 z\u00e1kutia n\u00e1\u0161ho mesta.<br>Te\u0161\u00edme sa na spolo\u010dn\u00fd t\u00fd\u017ede\u0148 pln\u00fd in\u0161pir\u00e1cie, kult\u00fary a spolupr\u00e1ce.<\/p>\n\n\n\n<p><strong>Mgr. Sofia Bednar\u010d\u00edkov\u00e1<\/strong><br>KG FF UPJ\u0160 v Ko\u0161iciach<\/p>\n\n\n<style>.wp-block-kadence-advancedgallery.kb-gallery-wrap-id-57304_68f43b-00{overflow:hidden;}.kb-gallery-type-carousel.kb-gallery-id-57304_68f43b-00 .kt-blocks-carousel .kt-blocks-carousel-init:not( .splide-initialized ){margin-left:-5px;margin-right:-5px;}.kb-gallery-type-carousel.kb-gallery-id-57304_68f43b-00 .kt-blocks-carousel .kt-blocks-carousel-init:not( .splide-initialized ) .kb-slide-item{padding-left:5px;padding-right:5px;}.kb-gallery-id-57304_68f43b-00 .kadence-blocks-gallery-item .kb-gal-image-radius, .kb-gallery-id-57304_68f43b-00 .kb-slide-item .kb-gal-image-radius img{border-radius:0px 0px 0px 0px;;}.kb-gallery-wrap-id-57304_68f43b-00.wp-block-kadence-advancedgallery{overflow:visible;}.kb-gallery-wrap-id-57304_68f43b-00.wp-block-kadence-advancedgallery .kt-blocks-carousel{overflow:visible;}<\/style><div class=\"kb-gallery-wrap-id-57304_68f43b-00 alignnone wp-block-kadence-advancedgallery\"><div class=\"kb-gallery-ul kb-gallery-non-static kb-gallery-type-carousel kb-gallery-id-57304_68f43b-00 kb-gallery-caption-style-bottom-hover kb-gallery-filter-none kb-gallery-magnific-init\" data-image-filter=\"none\" data-lightbox-caption=\"true\"><div class=\"kt-blocks-carousel kt-carousel-container-dotstyle-dark\"><div class=\"kt-blocks-carousel-init kb-gallery-carousel kt-carousel-arrowstyle-whiteondark kt-carousel-dotstyle-dark kb-slider-group-arrow kb-slider-arrow-position-center\" data-columns-xxl=\"3\" data-columns-xl=\"3\" data-columns-md=\"3\" data-columns-sm=\"2\" data-columns-xs=\"1\" data-columns-ss=\"1\" data-slider-anim-speed=\"400\" data-slider-scroll=\"1\" data-slider-arrows=\"true\" data-slider-dots=\"true\" data-slider-hover-pause=\"false\" data-slider-auto=\"\" data-slider-speed=\"7000\" data-slider-gap=\"10px\" data-slider-gap-tablet=\"10px\" data-slider-gap-mobile=\"10px\" aria-label=\"Photo Gallery Carousel\"><div class=\"kb-slide-item kb-gallery-carousel-item\"><div class=\"kadence-blocks-gallery-item\"><div class=\"kadence-blocks-gallery-item-inner\"><figure class=\"kb-gallery-figure kb-gallery-item-has-link kadence-blocks-gallery-item-hide-caption\"><a href=\"https:\/\/www.upjs.sk\/app\/uploads\/sites\/7\/2025\/10\/KGER-BIP1-102025.png\" class=\"kb-gallery-item-link\"  ><div class=\"kb-gal-image-radius\"><div class=\"kb-gallery-image-contain kadence-blocks-gallery-intrinsic kb-gallery-image-ratio-land32 kb-has-image-ratio-land32\" ><img loading=\"lazy\" decoding=\"async\" src=\"https:\/\/www.upjs.sk\/app\/uploads\/sites\/7\/2025\/10\/KGER-BIP1-102025.png\" width=\"1000\" height=\"700\" alt=\"\" data-full-image=\"https:\/\/www.upjs.sk\/app\/uploads\/sites\/7\/2025\/10\/KGER-BIP1-102025.png\" data-light-image=\"https:\/\/www.upjs.sk\/app\/uploads\/sites\/7\/2025\/10\/KGER-BIP1-102025.png\" data-id=\"57305\" class=\"wp-image-57305 skip-lazy\" srcset=\"https:\/\/www.upjs.sk\/app\/uploads\/sites\/7\/2025\/10\/KGER-BIP1-102025.png 1000w, https:\/\/www.upjs.sk\/app\/uploads\/sites\/7\/2025\/10\/KGER-BIP1-102025-300x210.png 300w, https:\/\/www.upjs.sk\/app\/uploads\/sites\/7\/2025\/10\/KGER-BIP1-102025-768x538.png 768w\" sizes=\"auto, (max-width: 1000px) 100vw, 1000px\" \/><\/div><\/div><\/a><\/figure><\/div><\/div><\/div><div class=\"kb-slide-item kb-gallery-carousel-item\"><div class=\"kadence-blocks-gallery-item\"><div class=\"kadence-blocks-gallery-item-inner\"><figure class=\"kb-gallery-figure kb-gallery-item-has-link kadence-blocks-gallery-item-hide-caption\"><a href=\"https:\/\/www.upjs.sk\/app\/uploads\/sites\/7\/2025\/10\/KGER-BIP2-102025.png\" class=\"kb-gallery-item-link\"  ><div class=\"kb-gal-image-radius\"><div class=\"kb-gallery-image-contain kadence-blocks-gallery-intrinsic kb-gallery-image-ratio-land32 kb-has-image-ratio-land32\" ><img loading=\"lazy\" decoding=\"async\" src=\"https:\/\/www.upjs.sk\/app\/uploads\/sites\/7\/2025\/10\/KGER-BIP2-102025.png\" width=\"1000\" height=\"700\" alt=\"\" data-full-image=\"https:\/\/www.upjs.sk\/app\/uploads\/sites\/7\/2025\/10\/KGER-BIP2-102025.png\" data-light-image=\"https:\/\/www.upjs.sk\/app\/uploads\/sites\/7\/2025\/10\/KGER-BIP2-102025.png\" data-id=\"57308\" class=\"wp-image-57308 skip-lazy\" srcset=\"https:\/\/www.upjs.sk\/app\/uploads\/sites\/7\/2025\/10\/KGER-BIP2-102025.png 1000w, https:\/\/www.upjs.sk\/app\/uploads\/sites\/7\/2025\/10\/KGER-BIP2-102025-300x210.png 300w, https:\/\/www.upjs.sk\/app\/uploads\/sites\/7\/2025\/10\/KGER-BIP2-102025-768x538.png 768w\" sizes=\"auto, (max-width: 1000px) 100vw, 1000px\" \/><\/div><\/div><\/a><\/figure><\/div><\/div><\/div><div class=\"kb-slide-item kb-gallery-carousel-item\"><div class=\"kadence-blocks-gallery-item\"><div class=\"kadence-blocks-gallery-item-inner\"><figure class=\"kb-gallery-figure kb-gallery-item-has-link kadence-blocks-gallery-item-hide-caption\"><a href=\"https:\/\/www.upjs.sk\/app\/uploads\/sites\/7\/2025\/10\/KGER-BIP3-102025.png\" class=\"kb-gallery-item-link\"  ><div class=\"kb-gal-image-radius\"><div class=\"kb-gallery-image-contain kadence-blocks-gallery-intrinsic kb-gallery-image-ratio-land32 kb-has-image-ratio-land32\" ><img loading=\"lazy\" decoding=\"async\" src=\"https:\/\/www.upjs.sk\/app\/uploads\/sites\/7\/2025\/10\/KGER-BIP3-102025.png\" width=\"1000\" height=\"700\" alt=\"\" data-full-image=\"https:\/\/www.upjs.sk\/app\/uploads\/sites\/7\/2025\/10\/KGER-BIP3-102025.png\" data-light-image=\"https:\/\/www.upjs.sk\/app\/uploads\/sites\/7\/2025\/10\/KGER-BIP3-102025.png\" data-id=\"57311\" class=\"wp-image-57311 skip-lazy\" srcset=\"https:\/\/www.upjs.sk\/app\/uploads\/sites\/7\/2025\/10\/KGER-BIP3-102025.png 1000w, https:\/\/www.upjs.sk\/app\/uploads\/sites\/7\/2025\/10\/KGER-BIP3-102025-300x210.png 300w, https:\/\/www.upjs.sk\/app\/uploads\/sites\/7\/2025\/10\/KGER-BIP3-102025-768x538.png 768w\" sizes=\"auto, (max-width: 1000px) 100vw, 1000px\" \/><\/div><\/div><\/a><\/figure><\/div><\/div><\/div><div class=\"kb-slide-item kb-gallery-carousel-item\"><div class=\"kadence-blocks-gallery-item\"><div class=\"kadence-blocks-gallery-item-inner\"><figure class=\"kb-gallery-figure kb-gallery-item-has-link kadence-blocks-gallery-item-hide-caption\"><a href=\"https:\/\/www.upjs.sk\/app\/uploads\/sites\/7\/2025\/10\/KGER-BIP4-102025.png\" class=\"kb-gallery-item-link\"  ><div class=\"kb-gal-image-radius\"><div class=\"kb-gallery-image-contain kadence-blocks-gallery-intrinsic kb-gallery-image-ratio-land32 kb-has-image-ratio-land32\" ><img loading=\"lazy\" decoding=\"async\" src=\"https:\/\/www.upjs.sk\/app\/uploads\/sites\/7\/2025\/10\/KGER-BIP4-102025.png\" width=\"1000\" height=\"700\" alt=\"\" data-full-image=\"https:\/\/www.upjs.sk\/app\/uploads\/sites\/7\/2025\/10\/KGER-BIP4-102025.png\" data-light-image=\"https:\/\/www.upjs.sk\/app\/uploads\/sites\/7\/2025\/10\/KGER-BIP4-102025.png\" data-id=\"57314\" class=\"wp-image-57314 skip-lazy\" srcset=\"https:\/\/www.upjs.sk\/app\/uploads\/sites\/7\/2025\/10\/KGER-BIP4-102025.png 1000w, https:\/\/www.upjs.sk\/app\/uploads\/sites\/7\/2025\/10\/KGER-BIP4-102025-300x210.png 300w, https:\/\/www.upjs.sk\/app\/uploads\/sites\/7\/2025\/10\/KGER-BIP4-102025-768x538.png 768w\" sizes=\"auto, (max-width: 1000px) 100vw, 1000px\" \/><\/div><\/div><\/a><\/figure><\/div><\/div><\/div><\/div><\/div><\/div><\/div>\n\n\n<p><strong>V r\u00e1mci programu Erasmus+ priv\u00edtala Filozofick\u00e1 fakulta UPJ\u0160 \u0161tudentov a&nbsp;vyu\u010duj\u00facich z Rak\u00faska a Po\u013eska na p\u00e4\u0165d\u0148ovej mobilite venovanej \u00falohe men\u0161\u00edn v&nbsp;dejin\u00e1ch demokracie a multikult\u00farnej identite strednej Eur\u00f3py.<\/strong><\/p>\n\n\n\n<p>V d\u0148och 20. \u2013 24. okt\u00f3bra 2025 sa na\u00a0<strong>Filozofickej fakulte UPJ\u0160 v Ko\u0161iciach<\/strong>\u00a0uskuto\u010dnila kr\u00e1tkodob\u00e1 zmie\u0161an\u00e1 mobilita v r\u00e1mci programu Erasmus+\u00a0<em>Blended Intensive Program<\/em>\u00a0(BIP) s n\u00e1zvom\u00a0<strong>\u201eMinderheiten und Demokratie\u201c<\/strong>\u00a0(Men\u0161iny a demokracia). Podujatie zorganizovala\u00a0<strong>Katedra germanistiky FF UPJ\u0160<\/strong>. Za jeho \u00faspe\u0161n\u00fdm priebehom st\u00e1li ved\u00faca katedry\u00a0<strong>doc. PaedDr. Ingrid Puchalov\u00e1, PhD.<\/strong>, a\u00a0koordin\u00e1torka \u00a0projektu\u00a0<strong>Mgr. Alexandra Popovi\u010dov\u00e1, PhD.<\/strong><br>Projekt nadv\u00e4zuje na predch\u00e1dzaj\u00face mobility, ktor\u00e9 v priebehu roka hostili partnersk\u00e9 in\u0161tit\u00facie \u2013\u00a0<strong>Vysok\u00e1 \u0161kola pedagogick\u00e1 v Innsbrucku<\/strong>\u00a0a\u00a0<strong>Var\u0161avsk\u00e1 univerzita vo Var\u0161ave<\/strong>. Spolo\u010dne sa venuj\u00fa sk\u00famaniu t\u00e9m\u00a0<strong>demokracie, boja za slobodu a \u00falohy n\u00e1rodnostn\u00fdch men\u0161\u00edn v dejin\u00e1ch strednej Eur\u00f3py<\/strong>.<br>V\u00a0r\u00e1mci programu zav\u00edtalo do Ko\u0161\u00edc dovedna 18 \u0161tudentov a dve vyu\u010duj\u00face z Po\u013eska a\u00a0Rak\u00faska. Spolu so slovensk\u00fdmi \u0161tudentmi diskutovali o demokratick\u00fdch hodnot\u00e1ch, spozn\u00e1vali multikult\u00farnu hist\u00f3riu regi\u00f3nu a \u201ezdie\u013eali\u201c svoje poh\u013eady na \u00fa\u010das\u0165 mlad\u00fdch \u013eud\u00ed na formovan\u00ed ob\u010dianskej spolo\u010dnosti.<br>Bohat\u00fd p\u00e4\u0165d\u0148ov\u00fd program zah\u0155\u0148al odborn\u00e9 workshopy, predn\u00e1\u0161ky, exkurzie a kult\u00farne podujatia. \u00da\u010dastn\u00edci nav\u0161t\u00edvili napr\u00edklad Spi\u0161sk\u00fd hrad, Spi\u0161sk\u00e9 Podhradie a Levo\u010du, spoznali \u017eidovsk\u00e9 kult\u00farne dedi\u010dstvo Ko\u0161\u00edc, stretli sa s b\u00fdval\u00fdm prezidentom Rudolfom Schusterom, nav\u0161t\u00edvili pam\u00e4tn\u00fa v\u00fdstavu S\u00e1ndora M\u00e1raia a z\u00fa\u010dastnili sa aj na kreat\u00edvnom workshope s v\u00fdtvarn\u00edkom Helmutom Bistikom.<br>V\u00fdstupom programu s\u00fa \u0161tudentsk\u00e9 minireport\u00e1\u017ee vo forme vlogov, v\u00a0ktor\u00fdch \u0161tudenti prezentuj\u00fa svoje z\u00e1\u017eitky a dojmy z mobility a\u00a0reflektuj\u00fa t\u00e9my men\u0161\u00edn, demokracie a\u00a0spolo\u010dn\u00e9ho stredoeur\u00f3pskeho kult\u00farneho priestoru.<br>Projekt BIP \u201eMen\u0161iny a\u00a0demokracia\u201c Katedry germanistiky FF UPJ\u0160 prispel k\u00a0interkult\u00farnemu dial\u00f3gu, preh\u013abil spolupr\u00e1cu medzi univerzitami a pon\u00fakol \u0161tudentom mo\u017enos\u0165 u\u010di\u0165 sa o hist\u00f3rii a s\u00fa\u010dasnosti z viacer\u00fdch perspekt\u00edv \u2013 akademickej, kult\u00farnej aj osobnej.<\/p>\n\n\n\n<p><strong>Mgr. Alexandra Popovi\u010dov\u00e1, PhD.<\/strong><br>Katedra germanistiky FF UPJ\u0160 v Ko\u0161iciach<\/p>\n\n\n<style>.wp-block-kadence-advancedgallery.kb-gallery-wrap-id-57304_f98569-c0{overflow:hidden;}.kb-gallery-type-carousel.kb-gallery-id-57304_f98569-c0 .kt-blocks-carousel .kt-blocks-carousel-init:not( .splide-initialized ){margin-left:-5px;margin-right:-5px;}.kb-gallery-type-carousel.kb-gallery-id-57304_f98569-c0 .kt-blocks-carousel .kt-blocks-carousel-init:not( .splide-initialized ) .kb-slide-item{padding-left:5px;padding-right:5px;}.kb-gallery-id-57304_f98569-c0 .kadence-blocks-gallery-item .kb-gal-image-radius, .kb-gallery-id-57304_f98569-c0 .kb-slide-item .kb-gal-image-radius img{border-radius:0px 0px 0px 0px;;}.kb-gallery-wrap-id-57304_f98569-c0.wp-block-kadence-advancedgallery{overflow:visible;}.kb-gallery-wrap-id-57304_f98569-c0.wp-block-kadence-advancedgallery .kt-blocks-carousel{overflow:visible;}<\/style><div class=\"kb-gallery-wrap-id-57304_f98569-c0 alignnone wp-block-kadence-advancedgallery\"><div class=\"kb-gallery-ul kb-gallery-non-static kb-gallery-type-carousel kb-gallery-id-57304_f98569-c0 kb-gallery-caption-style-bottom-hover kb-gallery-filter-none kb-gallery-magnific-init\" data-image-filter=\"none\" data-lightbox-caption=\"true\"><div class=\"kt-blocks-carousel kt-carousel-container-dotstyle-dark\"><div class=\"kt-blocks-carousel-init kb-gallery-carousel kt-carousel-arrowstyle-whiteondark kt-carousel-dotstyle-dark kb-slider-group-arrow kb-slider-arrow-position-center\" data-columns-xxl=\"3\" data-columns-xl=\"3\" data-columns-md=\"3\" data-columns-sm=\"2\" data-columns-xs=\"1\" data-columns-ss=\"1\" data-slider-anim-speed=\"400\" data-slider-scroll=\"1\" data-slider-arrows=\"true\" data-slider-dots=\"true\" data-slider-hover-pause=\"false\" data-slider-auto=\"\" data-slider-speed=\"7000\" data-slider-gap=\"10px\" data-slider-gap-tablet=\"10px\" data-slider-gap-mobile=\"10px\" aria-label=\"Photo Gallery Carousel\"><div class=\"kb-slide-item kb-gallery-carousel-item\"><div class=\"kadence-blocks-gallery-item\"><div class=\"kadence-blocks-gallery-item-inner\"><figure class=\"kb-gallery-figure kb-gallery-item-has-link kadence-blocks-gallery-item-hide-caption\"><a href=\"https:\/\/www.upjs.sk\/app\/uploads\/sites\/7\/2025\/10\/KGER-BIP5-102025.jpg\" class=\"kb-gallery-item-link\"  ><div class=\"kb-gal-image-radius\"><div class=\"kb-gallery-image-contain kadence-blocks-gallery-intrinsic kb-gallery-image-ratio-land32 kb-has-image-ratio-land32\" ><img loading=\"lazy\" decoding=\"async\" src=\"https:\/\/www.upjs.sk\/app\/uploads\/sites\/7\/2025\/10\/KGER-BIP5-102025.jpg\" width=\"1000\" height=\"750\" alt=\"\" data-full-image=\"https:\/\/www.upjs.sk\/app\/uploads\/sites\/7\/2025\/10\/KGER-BIP5-102025.jpg\" data-light-image=\"https:\/\/www.upjs.sk\/app\/uploads\/sites\/7\/2025\/10\/KGER-BIP5-102025.jpg\" data-id=\"57549\" class=\"wp-image-57549 skip-lazy\" srcset=\"https:\/\/www.upjs.sk\/app\/uploads\/sites\/7\/2025\/10\/KGER-BIP5-102025.jpg 1000w, https:\/\/www.upjs.sk\/app\/uploads\/sites\/7\/2025\/10\/KGER-BIP5-102025-300x225.jpg 300w, https:\/\/www.upjs.sk\/app\/uploads\/sites\/7\/2025\/10\/KGER-BIP5-102025-768x576.jpg 768w\" sizes=\"auto, (max-width: 1000px) 100vw, 1000px\" \/><\/div><\/div><\/a><\/figure><\/div><\/div><\/div><div class=\"kb-slide-item kb-gallery-carousel-item\"><div class=\"kadence-blocks-gallery-item\"><div class=\"kadence-blocks-gallery-item-inner\"><figure class=\"kb-gallery-figure kb-gallery-item-has-link kadence-blocks-gallery-item-hide-caption\"><a href=\"https:\/\/www.upjs.sk\/app\/uploads\/sites\/7\/2025\/10\/KGER-BIP6-102025.jpg\" class=\"kb-gallery-item-link\"  ><div class=\"kb-gal-image-radius\"><div class=\"kb-gallery-image-contain kadence-blocks-gallery-intrinsic kb-gallery-image-ratio-land32 kb-has-image-ratio-land32\" ><img loading=\"lazy\" decoding=\"async\" src=\"https:\/\/www.upjs.sk\/app\/uploads\/sites\/7\/2025\/10\/KGER-BIP6-102025.jpg\" width=\"1000\" height=\"750\" alt=\"\" data-full-image=\"https:\/\/www.upjs.sk\/app\/uploads\/sites\/7\/2025\/10\/KGER-BIP6-102025.jpg\" data-light-image=\"https:\/\/www.upjs.sk\/app\/uploads\/sites\/7\/2025\/10\/KGER-BIP6-102025.jpg\" data-id=\"57552\" class=\"wp-image-57552 skip-lazy\" srcset=\"https:\/\/www.upjs.sk\/app\/uploads\/sites\/7\/2025\/10\/KGER-BIP6-102025.jpg 1000w, https:\/\/www.upjs.sk\/app\/uploads\/sites\/7\/2025\/10\/KGER-BIP6-102025-300x225.jpg 300w, https:\/\/www.upjs.sk\/app\/uploads\/sites\/7\/2025\/10\/KGER-BIP6-102025-768x576.jpg 768w\" sizes=\"auto, (max-width: 1000px) 100vw, 1000px\" \/><\/div><\/div><\/a><\/figure><\/div><\/div><\/div><div class=\"kb-slide-item kb-gallery-carousel-item\"><div class=\"kadence-blocks-gallery-item\"><div class=\"kadence-blocks-gallery-item-inner\"><figure class=\"kb-gallery-figure kb-gallery-item-has-link kadence-blocks-gallery-item-hide-caption\"><a href=\"https:\/\/www.upjs.sk\/app\/uploads\/sites\/7\/2025\/10\/KGER-BIP7-102025.jpg\" class=\"kb-gallery-item-link\"  ><div class=\"kb-gal-image-radius\"><div class=\"kb-gallery-image-contain kadence-blocks-gallery-intrinsic kb-gallery-image-ratio-land32 kb-has-image-ratio-land32\" ><img loading=\"lazy\" decoding=\"async\" src=\"https:\/\/www.upjs.sk\/app\/uploads\/sites\/7\/2025\/10\/KGER-BIP7-102025.jpg\" width=\"1000\" height=\"750\" alt=\"\" data-full-image=\"https:\/\/www.upjs.sk\/app\/uploads\/sites\/7\/2025\/10\/KGER-BIP7-102025.jpg\" data-light-image=\"https:\/\/www.upjs.sk\/app\/uploads\/sites\/7\/2025\/10\/KGER-BIP7-102025.jpg\" data-id=\"57555\" class=\"wp-image-57555 skip-lazy\" srcset=\"https:\/\/www.upjs.sk\/app\/uploads\/sites\/7\/2025\/10\/KGER-BIP7-102025.jpg 1000w, https:\/\/www.upjs.sk\/app\/uploads\/sites\/7\/2025\/10\/KGER-BIP7-102025-300x225.jpg 300w, https:\/\/www.upjs.sk\/app\/uploads\/sites\/7\/2025\/10\/KGER-BIP7-102025-768x576.jpg 768w\" sizes=\"auto, (max-width: 1000px) 100vw, 1000px\" \/><\/div><\/div><\/a><\/figure><\/div><\/div><\/div><div class=\"kb-slide-item kb-gallery-carousel-item\"><div class=\"kadence-blocks-gallery-item\"><div class=\"kadence-blocks-gallery-item-inner\"><figure class=\"kb-gallery-figure kb-gallery-item-has-link kadence-blocks-gallery-item-hide-caption\"><a href=\"https:\/\/www.upjs.sk\/app\/uploads\/sites\/7\/2025\/10\/KGER-BIP8-102025.jpg\" class=\"kb-gallery-item-link\"  ><div class=\"kb-gal-image-radius\"><div class=\"kb-gallery-image-contain kadence-blocks-gallery-intrinsic kb-gallery-image-ratio-land32 kb-has-image-ratio-land32\" ><img loading=\"lazy\" decoding=\"async\" src=\"https:\/\/www.upjs.sk\/app\/uploads\/sites\/7\/2025\/10\/KGER-BIP8-102025.jpg\" width=\"1000\" height=\"750\" alt=\"\" data-full-image=\"https:\/\/www.upjs.sk\/app\/uploads\/sites\/7\/2025\/10\/KGER-BIP8-102025.jpg\" data-light-image=\"https:\/\/www.upjs.sk\/app\/uploads\/sites\/7\/2025\/10\/KGER-BIP8-102025.jpg\" data-id=\"57558\" class=\"wp-image-57558 skip-lazy\" srcset=\"https:\/\/www.upjs.sk\/app\/uploads\/sites\/7\/2025\/10\/KGER-BIP8-102025.jpg 1000w, https:\/\/www.upjs.sk\/app\/uploads\/sites\/7\/2025\/10\/KGER-BIP8-102025-300x225.jpg 300w, https:\/\/www.upjs.sk\/app\/uploads\/sites\/7\/2025\/10\/KGER-BIP8-102025-768x576.jpg 768w\" sizes=\"auto, (max-width: 1000px) 100vw, 1000px\" \/><\/div><\/div><\/a><\/figure><\/div><\/div><\/div><div class=\"kb-slide-item kb-gallery-carousel-item\"><div class=\"kadence-blocks-gallery-item\"><div class=\"kadence-blocks-gallery-item-inner\"><figure class=\"kb-gallery-figure kb-gallery-item-has-link kadence-blocks-gallery-item-hide-caption\"><a href=\"https:\/\/www.upjs.sk\/app\/uploads\/sites\/7\/2025\/10\/KGER-BIP9-102025.jpg\" class=\"kb-gallery-item-link\"  ><div class=\"kb-gal-image-radius\"><div class=\"kb-gallery-image-contain kadence-blocks-gallery-intrinsic kb-gallery-image-ratio-land32 kb-has-image-ratio-land32\" ><img loading=\"lazy\" decoding=\"async\" src=\"https:\/\/www.upjs.sk\/app\/uploads\/sites\/7\/2025\/10\/KGER-BIP9-102025.jpg\" width=\"1000\" height=\"750\" alt=\"\" data-full-image=\"https:\/\/www.upjs.sk\/app\/uploads\/sites\/7\/2025\/10\/KGER-BIP9-102025.jpg\" data-light-image=\"https:\/\/www.upjs.sk\/app\/uploads\/sites\/7\/2025\/10\/KGER-BIP9-102025.jpg\" data-id=\"57561\" class=\"wp-image-57561 skip-lazy\" srcset=\"https:\/\/www.upjs.sk\/app\/uploads\/sites\/7\/2025\/10\/KGER-BIP9-102025.jpg 1000w, https:\/\/www.upjs.sk\/app\/uploads\/sites\/7\/2025\/10\/KGER-BIP9-102025-300x225.jpg 300w, https:\/\/www.upjs.sk\/app\/uploads\/sites\/7\/2025\/10\/KGER-BIP9-102025-768x576.jpg 768w\" sizes=\"auto, (max-width: 1000px) 100vw, 1000px\" \/><\/div><\/div><\/a><\/figure><\/div><\/div><\/div><div class=\"kb-slide-item kb-gallery-carousel-item\"><div class=\"kadence-blocks-gallery-item\"><div class=\"kadence-blocks-gallery-item-inner\"><figure class=\"kb-gallery-figure kb-gallery-item-has-link kadence-blocks-gallery-item-hide-caption\"><a href=\"https:\/\/www.upjs.sk\/app\/uploads\/sites\/7\/2025\/10\/KGER-BIP10-102025.jpg\" class=\"kb-gallery-item-link\"  ><div class=\"kb-gal-image-radius\"><div class=\"kb-gallery-image-contain kadence-blocks-gallery-intrinsic kb-gallery-image-ratio-land32 kb-has-image-ratio-land32\" ><img loading=\"lazy\" decoding=\"async\" src=\"https:\/\/www.upjs.sk\/app\/uploads\/sites\/7\/2025\/10\/KGER-BIP10-102025.jpg\" width=\"1000\" height=\"750\" alt=\"\" data-full-image=\"https:\/\/www.upjs.sk\/app\/uploads\/sites\/7\/2025\/10\/KGER-BIP10-102025.jpg\" data-light-image=\"https:\/\/www.upjs.sk\/app\/uploads\/sites\/7\/2025\/10\/KGER-BIP10-102025.jpg\" data-id=\"57564\" class=\"wp-image-57564 skip-lazy\" srcset=\"https:\/\/www.upjs.sk\/app\/uploads\/sites\/7\/2025\/10\/KGER-BIP10-102025.jpg 1000w, https:\/\/www.upjs.sk\/app\/uploads\/sites\/7\/2025\/10\/KGER-BIP10-102025-300x225.jpg 300w, https:\/\/www.upjs.sk\/app\/uploads\/sites\/7\/2025\/10\/KGER-BIP10-102025-768x576.jpg 768w\" sizes=\"auto, (max-width: 1000px) 100vw, 1000px\" \/><\/div><\/div><\/a><\/figure><\/div><\/div><\/div><div class=\"kb-slide-item kb-gallery-carousel-item\"><div class=\"kadence-blocks-gallery-item\"><div class=\"kadence-blocks-gallery-item-inner\"><figure class=\"kb-gallery-figure kb-gallery-item-has-link kadence-blocks-gallery-item-hide-caption\"><a href=\"https:\/\/www.upjs.sk\/app\/uploads\/sites\/7\/2025\/10\/KGER-BIP11-102025.jpg\" class=\"kb-gallery-item-link\"  ><div class=\"kb-gal-image-radius\"><div class=\"kb-gallery-image-contain kadence-blocks-gallery-intrinsic kb-gallery-image-ratio-land32 kb-has-image-ratio-land32\" ><img loading=\"lazy\" decoding=\"async\" src=\"https:\/\/www.upjs.sk\/app\/uploads\/sites\/7\/2025\/10\/KGER-BIP11-102025.jpg\" width=\"1000\" height=\"750\" alt=\"\" data-full-image=\"https:\/\/www.upjs.sk\/app\/uploads\/sites\/7\/2025\/10\/KGER-BIP11-102025.jpg\" data-light-image=\"https:\/\/www.upjs.sk\/app\/uploads\/sites\/7\/2025\/10\/KGER-BIP11-102025.jpg\" data-id=\"57567\" class=\"wp-image-57567 skip-lazy\" srcset=\"https:\/\/www.upjs.sk\/app\/uploads\/sites\/7\/2025\/10\/KGER-BIP11-102025.jpg 1000w, https:\/\/www.upjs.sk\/app\/uploads\/sites\/7\/2025\/10\/KGER-BIP11-102025-300x225.jpg 300w, https:\/\/www.upjs.sk\/app\/uploads\/sites\/7\/2025\/10\/KGER-BIP11-102025-768x576.jpg 768w\" sizes=\"auto, (max-width: 1000px) 100vw, 1000px\" \/><\/div><\/div><\/a><\/figure><\/div><\/div><\/div><\/div><\/div><\/div><\/div>","protected":false},"excerpt":{"rendered":"<p>Katedra germanistiky Filozofickej fakulty UPJ\u0160 v Ko\u0161iciach&nbsp;host\u00ed medzin\u00e1rodn\u00fdch partnerov a \u0161tudentov v r\u00e1mci&nbsp;BIP Erasmus+, ktor\u00fd \u00faspe\u0161ne pokra\u010duje t\u00fd\u017ed\u0148ov\u00fdm stretnut\u00edm v Ko\u0161iciach. Po in\u0161pirat\u00edvnych mobilit\u00e1ch a intenz\u00edvnej spolupr\u00e1ci v Innsbrucku a Var\u0161ave sa BIP zameran\u00fd na k\u013e\u00fa\u010dov\u00e9 eur\u00f3pske t\u00e9my pres\u00fava do fin\u00e1lnej f\u00e1zy na na\u0161ej univerzite.Kr\u00e1tko popoludn\u00ed sa uskuto\u010dnilo \u00favodn\u00e9 stretnutie, po\u010das ktor\u00e9ho sa \u0161tudenti rozdelili &hellip; <a href=\"https:\/\/www.upjs.sk\/filozoficka-fakulta\/actuality\/bip-erasmus-na-katedre-germanistiky-ff-upjs-102025\/\">\u010c\u00edta\u0165 \u010falej<\/a><\/p>\n","protected":false},"author":21,"featured_media":57305,"template":"","meta":{"_acf_changed":false,"_editorskit_title_hidden":false,"_editorskit_reading_time":0,"_editorskit_is_block_options_detached":false,"_editorskit_block_options_position":"{}","footnotes":""},"categories":[],"tags":[],"tax_aktuality":[],"class_list":["post-57304","cpt_aktuality","type-cpt_aktuality","status-publish","has-post-thumbnail","hentry"],"acf":{"acf_link_na_externy_obsah":"","poradie_clanku":0},"yoast_head":"<!-- This site is optimized with the Yoast SEO plugin v27.4 - https:\/\/yoast.com\/product\/yoast-seo-wordpress\/ -->\n<title>BIP Erasmus+ na Katedre germanistiky FF UPJ\u0160 - Filozofick\u00e1 fakulta | UPJ\u0160<\/title>\n<meta name=\"robots\" content=\"index, follow, max-snippet:-1, max-image-preview:large, max-video-preview:-1\" \/>\n<link rel=\"canonical\" href=\"https:\/\/www.upjs.sk\/filozoficka-fakulta\/actuality\/bip-erasmus-na-katedre-germanistiky-ff-upjs-102025\/\" \/>\n<meta property=\"og:locale\" content=\"sk_SK\" \/>\n<meta property=\"og:type\" content=\"article\" \/>\n<meta property=\"og:title\" content=\"BIP Erasmus+ na Katedre germanistiky FF UPJ\u0160 - Filozofick\u00e1 fakulta | UPJ\u0160\" \/>\n<meta property=\"og:description\" content=\"Katedra germanistiky Filozofickej fakulty UPJ\u0160 v Ko\u0161iciach&nbsp;host\u00ed medzin\u00e1rodn\u00fdch partnerov a \u0161tudentov v r\u00e1mci&nbsp;BIP Erasmus+, ktor\u00fd \u00faspe\u0161ne pokra\u010duje t\u00fd\u017ed\u0148ov\u00fdm stretnut\u00edm v Ko\u0161iciach. Po in\u0161pirat\u00edvnych mobilit\u00e1ch a intenz\u00edvnej spolupr\u00e1ci v Innsbrucku a Var\u0161ave sa BIP zameran\u00fd na k\u013e\u00fa\u010dov\u00e9 eur\u00f3pske t\u00e9my pres\u00fava do fin\u00e1lnej f\u00e1zy na na\u0161ej univerzite.Kr\u00e1tko popoludn\u00ed sa uskuto\u010dnilo \u00favodn\u00e9 stretnutie, po\u010das ktor\u00e9ho sa \u0161tudenti rozdelili &hellip; \u010c\u00edta\u0165 \u010falej\" \/>\n<meta property=\"og:url\" content=\"https:\/\/www.upjs.sk\/filozoficka-fakulta\/actuality\/bip-erasmus-na-katedre-germanistiky-ff-upjs-102025\/\" \/>\n<meta property=\"og:site_name\" content=\"Filozofick\u00e1 fakulta | UPJ\u0160\" \/>\n<meta property=\"article:modified_time\" content=\"2025-11-03T10:10:49+00:00\" \/>\n<meta property=\"og:image\" content=\"https:\/\/www.upjs.sk\/app\/uploads\/sites\/7\/2025\/10\/KGER-BIP1-102025.png\" \/>\n\t<meta property=\"og:image:width\" content=\"1000\" \/>\n\t<meta property=\"og:image:height\" content=\"700\" \/>\n\t<meta property=\"og:image:type\" content=\"image\/png\" \/>\n<meta name=\"twitter:card\" content=\"summary_large_image\" \/>\n<meta name=\"twitter:label1\" content=\"Predpokladan\u00fd \u010das \u010d\u00edtania\" \/>\n\t<meta name=\"twitter:data1\" content=\"3 min\u00faty\" \/>\n<script type=\"application\/ld+json\" class=\"yoast-schema-graph\">{\"@context\":\"https:\\\/\\\/schema.org\",\"@graph\":[{\"@type\":\"WebPage\",\"@id\":\"https:\\\/\\\/www.upjs.sk\\\/filozoficka-fakulta\\\/actuality\\\/bip-erasmus-na-katedre-germanistiky-ff-upjs-102025\\\/\",\"url\":\"https:\\\/\\\/www.upjs.sk\\\/filozoficka-fakulta\\\/actuality\\\/bip-erasmus-na-katedre-germanistiky-ff-upjs-102025\\\/\",\"name\":\"BIP Erasmus+ na Katedre germanistiky FF UPJ\u0160 - Filozofick\u00e1 fakulta | UPJ\u0160\",\"isPartOf\":{\"@id\":\"https:\\\/\\\/www.upjs.sk\\\/filozoficka-fakulta\\\/#website\"},\"primaryImageOfPage\":{\"@id\":\"https:\\\/\\\/www.upjs.sk\\\/filozoficka-fakulta\\\/actuality\\\/bip-erasmus-na-katedre-germanistiky-ff-upjs-102025\\\/#primaryimage\"},\"image\":{\"@id\":\"https:\\\/\\\/www.upjs.sk\\\/filozoficka-fakulta\\\/actuality\\\/bip-erasmus-na-katedre-germanistiky-ff-upjs-102025\\\/#primaryimage\"},\"thumbnailUrl\":\"https:\\\/\\\/www.upjs.sk\\\/app\\\/uploads\\\/sites\\\/7\\\/2025\\\/10\\\/KGER-BIP1-102025.png\",\"datePublished\":\"2025-10-25T06:16:59+00:00\",\"dateModified\":\"2025-11-03T10:10:49+00:00\",\"breadcrumb\":{\"@id\":\"https:\\\/\\\/www.upjs.sk\\\/filozoficka-fakulta\\\/actuality\\\/bip-erasmus-na-katedre-germanistiky-ff-upjs-102025\\\/#breadcrumb\"},\"inLanguage\":\"sk-SK\",\"potentialAction\":[{\"@type\":\"ReadAction\",\"target\":[\"https:\\\/\\\/www.upjs.sk\\\/filozoficka-fakulta\\\/actuality\\\/bip-erasmus-na-katedre-germanistiky-ff-upjs-102025\\\/\"]}]},{\"@type\":\"ImageObject\",\"inLanguage\":\"sk-SK\",\"@id\":\"https:\\\/\\\/www.upjs.sk\\\/filozoficka-fakulta\\\/actuality\\\/bip-erasmus-na-katedre-germanistiky-ff-upjs-102025\\\/#primaryimage\",\"url\":\"https:\\\/\\\/www.upjs.sk\\\/app\\\/uploads\\\/sites\\\/7\\\/2025\\\/10\\\/KGER-BIP1-102025.png\",\"contentUrl\":\"https:\\\/\\\/www.upjs.sk\\\/app\\\/uploads\\\/sites\\\/7\\\/2025\\\/10\\\/KGER-BIP1-102025.png\",\"width\":1000,\"height\":700},{\"@type\":\"BreadcrumbList\",\"@id\":\"https:\\\/\\\/www.upjs.sk\\\/filozoficka-fakulta\\\/actuality\\\/bip-erasmus-na-katedre-germanistiky-ff-upjs-102025\\\/#breadcrumb\",\"itemListElement\":[{\"@type\":\"ListItem\",\"position\":1,\"name\":\"Home\",\"item\":\"https:\\\/\\\/www.upjs.sk\\\/filozoficka-fakulta\\\/\"},{\"@type\":\"ListItem\",\"position\":2,\"name\":\"Aktuality\",\"item\":\"https:\\\/\\\/www.upjs.sk\\\/filozoficka-fakulta\\\/actuality\\\/\"},{\"@type\":\"ListItem\",\"position\":3,\"name\":\"BIP Erasmus+ na Katedre germanistiky FF UPJ\u0160\"}]},{\"@type\":\"WebSite\",\"@id\":\"https:\\\/\\\/www.upjs.sk\\\/filozoficka-fakulta\\\/#website\",\"url\":\"https:\\\/\\\/www.upjs.sk\\\/filozoficka-fakulta\\\/\",\"name\":\"Filozofick\u00e1 fakulta | UPJ\u0160\",\"description\":\"\",\"publisher\":{\"@id\":\"https:\\\/\\\/www.upjs.sk\\\/filozoficka-fakulta\\\/#organization\"},\"potentialAction\":[{\"@type\":\"SearchAction\",\"target\":{\"@type\":\"EntryPoint\",\"urlTemplate\":\"https:\\\/\\\/www.upjs.sk\\\/filozoficka-fakulta\\\/?s={search_term_string}\"},\"query-input\":{\"@type\":\"PropertyValueSpecification\",\"valueRequired\":true,\"valueName\":\"search_term_string\"}}],\"inLanguage\":\"sk-SK\"},{\"@type\":\"Organization\",\"@id\":\"https:\\\/\\\/www.upjs.sk\\\/filozoficka-fakulta\\\/#organization\",\"name\":\"Filozofick\u00e1 fakulta | UPJ\u0160\",\"url\":\"https:\\\/\\\/www.upjs.sk\\\/filozoficka-fakulta\\\/\",\"logo\":{\"@type\":\"ImageObject\",\"inLanguage\":\"sk-SK\",\"@id\":\"https:\\\/\\\/www.upjs.sk\\\/filozoficka-fakulta\\\/#\\\/schema\\\/logo\\\/image\\\/\",\"url\":\"https:\\\/\\\/www.upjs.sk\\\/app\\\/uploads\\\/sites\\\/7\\\/2022\\\/09\\\/logo-filozoficka-fakulta.png\",\"contentUrl\":\"https:\\\/\\\/www.upjs.sk\\\/app\\\/uploads\\\/sites\\\/7\\\/2022\\\/09\\\/logo-filozoficka-fakulta.png\",\"width\":415,\"height\":87,\"caption\":\"Filozofick\u00e1 fakulta | UPJ\u0160\"},\"image\":{\"@id\":\"https:\\\/\\\/www.upjs.sk\\\/filozoficka-fakulta\\\/#\\\/schema\\\/logo\\\/image\\\/\"}}]}<\/script>\n<!-- \/ Yoast SEO plugin. -->","yoast_head_json":{"title":"BIP Erasmus+ na Katedre germanistiky FF UPJ\u0160 - Filozofick\u00e1 fakulta | UPJ\u0160","robots":{"index":"index","follow":"follow","max-snippet":"max-snippet:-1","max-image-preview":"max-image-preview:large","max-video-preview":"max-video-preview:-1"},"canonical":"https:\/\/www.upjs.sk\/filozoficka-fakulta\/actuality\/bip-erasmus-na-katedre-germanistiky-ff-upjs-102025\/","og_locale":"sk_SK","og_type":"article","og_title":"BIP Erasmus+ na Katedre germanistiky FF UPJ\u0160 - Filozofick\u00e1 fakulta | UPJ\u0160","og_description":"Katedra germanistiky Filozofickej fakulty UPJ\u0160 v Ko\u0161iciach&nbsp;host\u00ed medzin\u00e1rodn\u00fdch partnerov a \u0161tudentov v r\u00e1mci&nbsp;BIP Erasmus+, ktor\u00fd \u00faspe\u0161ne pokra\u010duje t\u00fd\u017ed\u0148ov\u00fdm stretnut\u00edm v Ko\u0161iciach. Po in\u0161pirat\u00edvnych mobilit\u00e1ch a intenz\u00edvnej spolupr\u00e1ci v Innsbrucku a Var\u0161ave sa BIP zameran\u00fd na k\u013e\u00fa\u010dov\u00e9 eur\u00f3pske t\u00e9my pres\u00fava do fin\u00e1lnej f\u00e1zy na na\u0161ej univerzite.Kr\u00e1tko popoludn\u00ed sa uskuto\u010dnilo \u00favodn\u00e9 stretnutie, po\u010das ktor\u00e9ho sa \u0161tudenti rozdelili &hellip; \u010c\u00edta\u0165 \u010falej","og_url":"https:\/\/www.upjs.sk\/filozoficka-fakulta\/actuality\/bip-erasmus-na-katedre-germanistiky-ff-upjs-102025\/","og_site_name":"Filozofick\u00e1 fakulta | UPJ\u0160","article_modified_time":"2025-11-03T10:10:49+00:00","og_image":[{"width":1000,"height":700,"url":"https:\/\/www.upjs.sk\/app\/uploads\/sites\/7\/2025\/10\/KGER-BIP1-102025.png","type":"image\/png"}],"twitter_card":"summary_large_image","twitter_misc":{"Predpokladan\u00fd \u010das \u010d\u00edtania":"3 min\u00faty"},"schema":{"@context":"https:\/\/schema.org","@graph":[{"@type":"WebPage","@id":"https:\/\/www.upjs.sk\/filozoficka-fakulta\/actuality\/bip-erasmus-na-katedre-germanistiky-ff-upjs-102025\/","url":"https:\/\/www.upjs.sk\/filozoficka-fakulta\/actuality\/bip-erasmus-na-katedre-germanistiky-ff-upjs-102025\/","name":"BIP Erasmus+ na Katedre germanistiky FF UPJ\u0160 - Filozofick\u00e1 fakulta | UPJ\u0160","isPartOf":{"@id":"https:\/\/www.upjs.sk\/filozoficka-fakulta\/#website"},"primaryImageOfPage":{"@id":"https:\/\/www.upjs.sk\/filozoficka-fakulta\/actuality\/bip-erasmus-na-katedre-germanistiky-ff-upjs-102025\/#primaryimage"},"image":{"@id":"https:\/\/www.upjs.sk\/filozoficka-fakulta\/actuality\/bip-erasmus-na-katedre-germanistiky-ff-upjs-102025\/#primaryimage"},"thumbnailUrl":"https:\/\/www.upjs.sk\/app\/uploads\/sites\/7\/2025\/10\/KGER-BIP1-102025.png","datePublished":"2025-10-25T06:16:59+00:00","dateModified":"2025-11-03T10:10:49+00:00","breadcrumb":{"@id":"https:\/\/www.upjs.sk\/filozoficka-fakulta\/actuality\/bip-erasmus-na-katedre-germanistiky-ff-upjs-102025\/#breadcrumb"},"inLanguage":"sk-SK","potentialAction":[{"@type":"ReadAction","target":["https:\/\/www.upjs.sk\/filozoficka-fakulta\/actuality\/bip-erasmus-na-katedre-germanistiky-ff-upjs-102025\/"]}]},{"@type":"ImageObject","inLanguage":"sk-SK","@id":"https:\/\/www.upjs.sk\/filozoficka-fakulta\/actuality\/bip-erasmus-na-katedre-germanistiky-ff-upjs-102025\/#primaryimage","url":"https:\/\/www.upjs.sk\/app\/uploads\/sites\/7\/2025\/10\/KGER-BIP1-102025.png","contentUrl":"https:\/\/www.upjs.sk\/app\/uploads\/sites\/7\/2025\/10\/KGER-BIP1-102025.png","width":1000,"height":700},{"@type":"BreadcrumbList","@id":"https:\/\/www.upjs.sk\/filozoficka-fakulta\/actuality\/bip-erasmus-na-katedre-germanistiky-ff-upjs-102025\/#breadcrumb","itemListElement":[{"@type":"ListItem","position":1,"name":"Home","item":"https:\/\/www.upjs.sk\/filozoficka-fakulta\/"},{"@type":"ListItem","position":2,"name":"Aktuality","item":"https:\/\/www.upjs.sk\/filozoficka-fakulta\/actuality\/"},{"@type":"ListItem","position":3,"name":"BIP Erasmus+ na Katedre germanistiky FF UPJ\u0160"}]},{"@type":"WebSite","@id":"https:\/\/www.upjs.sk\/filozoficka-fakulta\/#website","url":"https:\/\/www.upjs.sk\/filozoficka-fakulta\/","name":"Filozofick\u00e1 fakulta | UPJ\u0160","description":"","publisher":{"@id":"https:\/\/www.upjs.sk\/filozoficka-fakulta\/#organization"},"potentialAction":[{"@type":"SearchAction","target":{"@type":"EntryPoint","urlTemplate":"https:\/\/www.upjs.sk\/filozoficka-fakulta\/?s={search_term_string}"},"query-input":{"@type":"PropertyValueSpecification","valueRequired":true,"valueName":"search_term_string"}}],"inLanguage":"sk-SK"},{"@type":"Organization","@id":"https:\/\/www.upjs.sk\/filozoficka-fakulta\/#organization","name":"Filozofick\u00e1 fakulta | UPJ\u0160","url":"https:\/\/www.upjs.sk\/filozoficka-fakulta\/","logo":{"@type":"ImageObject","inLanguage":"sk-SK","@id":"https:\/\/www.upjs.sk\/filozoficka-fakulta\/#\/schema\/logo\/image\/","url":"https:\/\/www.upjs.sk\/app\/uploads\/sites\/7\/2022\/09\/logo-filozoficka-fakulta.png","contentUrl":"https:\/\/www.upjs.sk\/app\/uploads\/sites\/7\/2022\/09\/logo-filozoficka-fakulta.png","width":415,"height":87,"caption":"Filozofick\u00e1 fakulta | UPJ\u0160"},"image":{"@id":"https:\/\/www.upjs.sk\/filozoficka-fakulta\/#\/schema\/logo\/image\/"}}]}},"_links":{"self":[{"href":"https:\/\/www.upjs.sk\/filozoficka-fakulta\/wp-json\/wp\/v2\/cpt_aktuality\/57304","targetHints":{"allow":["GET"]}}],"collection":[{"href":"https:\/\/www.upjs.sk\/filozoficka-fakulta\/wp-json\/wp\/v2\/cpt_aktuality"}],"about":[{"href":"https:\/\/www.upjs.sk\/filozoficka-fakulta\/wp-json\/wp\/v2\/types\/cpt_aktuality"}],"author":[{"embeddable":true,"href":"https:\/\/www.upjs.sk\/filozoficka-fakulta\/wp-json\/wp\/v2\/users\/21"}],"version-history":[{"count":13,"href":"https:\/\/www.upjs.sk\/filozoficka-fakulta\/wp-json\/wp\/v2\/cpt_aktuality\/57304\/revisions"}],"predecessor-version":[{"id":57580,"href":"https:\/\/www.upjs.sk\/filozoficka-fakulta\/wp-json\/wp\/v2\/cpt_aktuality\/57304\/revisions\/57580"}],"wp:featuredmedia":[{"embeddable":true,"href":"https:\/\/www.upjs.sk\/filozoficka-fakulta\/wp-json\/wp\/v2\/media\/57305"}],"wp:attachment":[{"href":"https:\/\/www.upjs.sk\/filozoficka-fakulta\/wp-json\/wp\/v2\/media?parent=57304"}],"wp:term":[{"taxonomy":"category","embeddable":true,"href":"https:\/\/www.upjs.sk\/filozoficka-fakulta\/wp-json\/wp\/v2\/categories?post=57304"},{"taxonomy":"post_tag","embeddable":true,"href":"https:\/\/www.upjs.sk\/filozoficka-fakulta\/wp-json\/wp\/v2\/tags?post=57304"},{"taxonomy":"tax_aktuality","embeddable":true,"href":"https:\/\/www.upjs.sk\/filozoficka-fakulta\/wp-json\/wp\/v2\/tax_aktuality?post=57304"}],"curies":[{"name":"wp","href":"https:\/\/api.w.org\/{rel}","templated":true}]}}