{"id":57351,"date":"2025-10-20T07:41:25","date_gmt":"2025-10-20T06:41:25","guid":{"rendered":"https:\/\/www.upjs.sk\/filozoficka-fakulta\/?post_type=cpt_aktuality&#038;p=57351"},"modified":"2025-10-29T13:31:51","modified_gmt":"2025-10-29T12:31:51","slug":"bip-erasmus-na-katedre-historie-ff-upjs-102025","status":"publish","type":"cpt_aktuality","link":"https:\/\/www.upjs.sk\/filozoficka-fakulta\/actuality\/bip-erasmus-na-katedre-historie-ff-upjs-102025\/","title":{"rendered":"BIP Ko\u0161ice 2025: Pathways \u2013 Historical Tourism and Mobility Studies"},"content":{"rendered":"\n<p>V d\u0148och 13. \u2013 17. okt\u00f3bra 2025\u00a0sa na\u00a0<strong><mark style=\"background-color:rgba(0, 0, 0, 0)\" class=\"has-inline-color has-filozoficka-f-color\">Katedre hist\u00f3rie Filozofickej fakulty UPJ\u0160 v\u00a0Ko\u0161iciach<\/mark><\/strong>\u00a0uskuto\u010dnil medzin\u00e1rodn\u00fd\u00a0<strong>Blended Intensive Programme<\/strong>\u00a0(BIP)\u00a0s n\u00e1zvom\u00a0<strong><em>Pathways: Historical Tourism and Mobility Studies<\/em><\/strong>. P\u00e4\u0165d\u0148ov\u00e9 podujatie spojilo \u0161tudentov a\u00a0\u010diasto\u010dne pedag\u00f3gov z viacer\u00fdch eur\u00f3pskych univerz\u00edt (Univerzita kardin\u00e1la Stefana Wyszy\u0144sk\u00e9ho vo Var\u0161ave, Univerzita Karlova v Prahe, Juho\u010desk\u00e1 univerzita v\u00a0\u010cesk\u00fdch Bud\u011bjoviciach, Z\u00e1pado\u010desk\u00e1 univerzita v\u00a0Plzni),\u00a0ktor\u00ed sa spolo\u010dne venovali dejin\u00e1m turizmu, mobility a cestovania v r\u00f4znych historick\u00fdch obdobiach a\u00a0kontextu\u00e1lnych s\u00favislostiach.<br>Program otvorili\u00a0<strong>Mgr. Maro\u0161 Melich\u00e1rek, PhD., univerzitn\u00fd docent<\/strong>\u00a0(KH FF UPJ\u0160),\u00a0<strong>doc. Mgr. Vladim\u00edr Lichner, PhD.<\/strong>\u00a0(prodekan pre medzin\u00e1rodn\u00e9 vz\u0165ahy FF UPJ\u0160),\u00a0<strong>prof. PaedDr. Martin Pek\u00e1r, PhD.<\/strong>\u00a0(ved\u00faci KH FF UPJ\u0160) a\u00a0<strong>doc. Mgr. Mikul\u00e1\u0161 Jan\u010dura, PhD.<\/strong>\u00a0(KH FF UPJ\u0160). Priv\u00edtali \u00fa\u010dastn\u00edkov a predstavili ciele aktivity, a\u00a0to prepoji\u0165 historick\u00e9 myslenie a\u00a0aspekty problematiky turizmu, cestovn\u00e9ho ruchu a\u00a0mobility s aktu\u00e1lnymi ot\u00e1zkami so zrete\u013eom na udr\u017eate\u013enos\u0165 a kult\u00farne dedi\u010dstvo.<br>\u00davodn\u00fa predn\u00e1\u0161ku o turistike v staroveku\u00a0predniesol\u00a0<strong>Mgr. Kamil \u0160va\u0148a, PhD.<\/strong>\u00a0(KH FF UPJ\u0160), ktor\u00fd pribl\u00ed\u017eil, ako cestovanie v antike formovalo spolo\u010densk\u00e9 vz\u0165ahy a predstavy o\u00a0svete. Popoludn\u00ed nasledoval prv\u00fd blok \u0161tudentsk\u00fdch prezent\u00e1ci\u00ed, v ktor\u00fdch zazneli refer\u00e1ty o\u00a0fenom\u00e9ne Grand Tour v 18. storo\u010d\u00ed (<strong>Aleksandra Biega\u0142a<\/strong>, UKSW), o kontraste masov\u00e9ho a\u00a0individualizovan\u00e9ho turizmu (<strong>Karol\u00edna Rytychov\u00e1<\/strong>, Z\u010cU) \u010di o v\u00fdvoji k\u00fape\u013en\u00fdch miest ako centier eur\u00f3pskeho cestovn\u00e9ho ruchu (<strong>Julia Tyzska<\/strong>, UKSW). De\u0148 uzavrela komentovan\u00e1 prehliadka stredovek\u00fdch Ko\u0161\u00edc, ktor\u00fa viedol\u00a0<strong>doc. Mgr. Drahoslav Magdo\u0161ko, PhD.<\/strong>\u00a0(KH FF UPJ\u0160), a ve\u010dern\u00fd pub kv\u00edz\u00a0so \u0161tudentmi\u00a0<strong><em>Spolku Universitas<\/em><\/strong>\u00a0(KH FF UPJ\u0160), ktor\u00fd priniesol od\u013eah\u010den\u00fd, ale st\u00e1le pou\u010dn\u00fd poh\u013ead na dejiny turizmu.<br>Druh\u00fd de\u0148 (14. 10. 2025) pokra\u010doval prezent\u00e1ciami \u0161tudentov z Po\u013eska, ktor\u00ed sa zamerali na hist\u00f3riu luxusn\u00fdch vlakov (<strong>Karol Podolski<\/strong>, UKSW), \u00falohu \u017eien v\u00a0cestovan\u00ed (<strong>Gabriela Kisielewska<\/strong>, UKSW) a prepojenie turizmu s\u00a0nacionalizmom (<strong>Franciszek Bogdaniuk<\/strong>, UKSW). Popoludn\u00ed vyst\u00fapil\u00a0<strong>doc. Mgr. Mikul\u00e1\u0161 Jan\u010dura, PhD.<\/strong>\u00a0(KH FF UPJ\u0160) s predn\u00e1\u0161kou\u00a0<em>Dejiny turizmu: v\u00fdchodisk\u00e1, \u0161pecifik\u00e1 t\u00e9my a v\u00fdzvy pre historika<\/em>, ktor\u00e1 otvorila ot\u00e1zku, ako mo\u017eno dejiny cestovn\u00e9ho ruchu sk\u00fama\u0165 v \u0161ir\u0161\u00edch kult\u00farnych a spolo\u010densk\u00fdch s\u00favislostiach. Ve\u010der patril premietaniu filmu\u00a0<em>Green Book<\/em>, po ktorom nasledovala online diskusia s\u00a0<strong>prof. Jeffreyom E. Andersonom<\/strong>\u00a0(University of Louisiana, Monroe, USA) zameran\u00e1 na cestovanie ako priestor stretu kult\u00far a predsudkov.<br>Stred t\u00fd\u017ed\u0148a (15. 10.) priniesol t\u00e9my o organiz\u00e1cii cestovania v totalitn\u00fdch re\u017eimoch. \u0160tudentsk\u00e9 prezent\u00e1cie boli zameran\u00e9 na z\u00e1ber od nacistickej organiz\u00e1cie\u00a0<em>Kraft durch Freude<\/em>\u00a0(<strong>Karolina Holl\u00e1<\/strong>, UK) po dovolenky v Po\u013eskej \u013eudovej republike (<strong>Krzysztof Lig\u0119za<\/strong>,\u00a0<strong>Krystian Gajc<\/strong>, UKSW). Nasleduj\u00face pr\u00edspevky sa niesli v duchu porovn\u00e1vania minul\u00fdch a\u00a0s\u00fa\u010dasn\u00fdch modelov turizmu (<strong>Veronika Feren\u010d\u00edkov\u00e1<\/strong>, UK)\u00a0a vn\u00edmania organizovanej dovolenky cez prizmu vo\u013en\u00e9ho \u010dasu a\u00a0vo\u013eno\u010dasov\u00fdch kli\u0161\u00e9 (<strong>Kate\u0159ina Eisenhammerov\u00e1<\/strong>,\u00a0<strong>Magdalena Ra\u0161pli\u010dkov\u00e1<\/strong>,\u00a0<strong>Leona Kardov\u00e1<\/strong>, J\u010cU). Predpolud\u0148aj\u0161\u00ed blok uzavrela odborn\u00e1 predn\u00e1\u0161ka <strong>Mgr. Mari\u00e1na Luk\u00e1\u010da, PhD.<\/strong> (TUKE) na t\u00e9mu <em>Minulos\u0165 a s\u00fa\u010dasnos\u0165 pr\u00e1vnej \u00fapravy cestovn\u00e9ho ruchu na Slovensku<\/em>. Popoludn\u00ed nasledovala men\u0161ia exkurzia do lesoparku Bankov\u00a0v Ko\u0161iciach, ktor\u00fa viedla\u00a0<strong>Mgr. Estera Pracuov\u00e1<\/strong>\u00a0(KH FF UPJ\u0160). \u00da\u010dastn\u00edci spoznali aj hospod\u00e1rsko-ekologick\u00e9 a kult\u00farne aspekty miestneho rekrea\u010dn\u00e9ho priestoru.<br>Vo \u0161tvrtok (16. 10.) sa \u00fa\u010dastn\u00edci vydali na celodenn\u00fa exkurziu do tokajskej oblasti. Program zah\u0155\u0148al n\u00e1v\u0161tevu hradu Boldogk\u0151\u00a0a plavbu po rieke Bodrog v\u00a0regi\u00f3ne Tokaja. Exkurzia pon\u00fakla nielen historick\u00fd a geografick\u00fd kontext, ale aj priamy z\u00e1\u017eitok z krajiny, ktor\u00e1 po st\u00e1ro\u010dia formovala vin\u00e1rsku trad\u00edciu a turistick\u00fa identitu regi\u00f3nu.<br>Posledn\u00fd de\u0148 (17. 10.) patril diskusii\u00a0<em>Zabl\u00fa\u010f spr\u00e1vne&#8230;<\/em>\u00a0so z\u00e1stupcami Local Nomad tours z\u00a0Ko\u0161\u00edc\u00a0(<strong>Igor Kupec<\/strong>,\u00a0<strong>Andrej Klobu\u0161n\u00edk<\/strong>), ktor\u00ed pribl\u00ed\u017eili s\u00fa\u010dasn\u00e9 trendy udr\u017eate\u013en\u00e9ho turizmu a autentick\u00e9ho spozn\u00e1vania miest. Nasledoval z\u00e1vere\u010dn\u00fd blok \u0161tudentsk\u00fdch pr\u00edspevkov, v ktor\u00fdch rezonovali t\u00e9my ekoturizmu (<strong>Kate\u0159ina Bu\u010dkov\u00e1<\/strong>, Z\u010cU)\u00a0aj kult\u00farneho dedi\u010dstva a\u00a0muzeol\u00f3gie (<strong>Ad\u00e9la Kova\u0159\u00edkov\u00e1<\/strong>, Z\u010cU). Po s\u00fahrnnej diskusii sa podujatie symbolicky uzavrelo neform\u00e1lnym poseden\u00edm, po\u010das ktor\u00e9ho sa \u00fa\u010dastn\u00edci podelili o\u00a0sk\u00fasenosti a n\u00e1pady na \u010fal\u0161iu spolupr\u00e1cu.<br>Blended Intensive Programme Ko\u0161ice 2025 sa uk\u00e1zal ako podujatie, ktor\u00e9 prep\u00e1ja historick\u00e9 poznanie s aktu\u00e1lnymi ot\u00e1zkami cestovania a mobility. Vytvoril priestor na stretnutie eur\u00f3pskych \u0161tudentov hist\u00f3rie a\u00a0in\u00fdch odborov so \u0161tudentmi FF UPJ\u0160 a\u00a0umo\u017enil tie\u017e v\u00fdmenu pr\u00edstupov, mo\u017enos\u0165 budovania siete kontaktov a z\u00e1rove\u0148 predstavil Ko\u0161ice ako mesto, ktor\u00e9 samo pre\u0161lo dlh\u00fdm v\u00fdvojom od stredovek\u00e9ho centra po modern\u00fd priestor kult\u00farneho turizmu.<\/p>\n\n\n\n<p><strong>Mgr. Maro\u0161 Melich\u00e1rek, PhD., univerzitn\u00fd docent<\/strong><br><strong>doc. Mgr. Mikul\u00e1\u0161 Jan\u010dura, PhD.<\/strong><br>Katedra hist\u00f3rie FF UPJ\u0160<\/p>\n","protected":false},"excerpt":{"rendered":"<p>V d\u0148och 13. \u2013 17. okt\u00f3bra 2025\u00a0sa na\u00a0Katedre hist\u00f3rie Filozofickej fakulty UPJ\u0160 v\u00a0Ko\u0161iciach\u00a0uskuto\u010dnil medzin\u00e1rodn\u00fd\u00a0Blended Intensive Programme\u00a0(BIP)\u00a0s n\u00e1zvom\u00a0Pathways: Historical Tourism and Mobility Studies. P\u00e4\u0165d\u0148ov\u00e9 podujatie spojilo \u0161tudentov a\u00a0\u010diasto\u010dne pedag\u00f3gov z viacer\u00fdch eur\u00f3pskych univerz\u00edt (Univerzita kardin\u00e1la Stefana Wyszy\u0144sk\u00e9ho vo Var\u0161ave, Univerzita Karlova v Prahe, Juho\u010desk\u00e1 univerzita v\u00a0\u010cesk\u00fdch Bud\u011bjoviciach, Z\u00e1pado\u010desk\u00e1 univerzita v\u00a0Plzni),\u00a0ktor\u00ed sa spolo\u010dne venovali dejin\u00e1m turizmu, mobility &hellip; <a href=\"https:\/\/www.upjs.sk\/filozoficka-fakulta\/actuality\/bip-erasmus-na-katedre-historie-ff-upjs-102025\/\">\u010c\u00edta\u0165 \u010falej<\/a><\/p>\n","protected":false},"author":21,"featured_media":57365,"template":"","meta":{"_acf_changed":false,"_editorskit_title_hidden":false,"_editorskit_reading_time":0,"_editorskit_is_block_options_detached":false,"_editorskit_block_options_position":"{}","footnotes":""},"categories":[],"tags":[],"tax_aktuality":[],"class_list":["post-57351","cpt_aktuality","type-cpt_aktuality","status-publish","has-post-thumbnail","hentry"],"acf":{"acf_link_na_externy_obsah":"","poradie_clanku":0},"yoast_head":"<!-- This site is optimized with the Yoast SEO plugin v27.4 - https:\/\/yoast.com\/product\/yoast-seo-wordpress\/ -->\n<title>BIP Ko\u0161ice 2025: Pathways \u2013 Historical Tourism and Mobility Studies - Filozofick\u00e1 fakulta | UPJ\u0160<\/title>\n<meta name=\"robots\" content=\"index, follow, max-snippet:-1, max-image-preview:large, max-video-preview:-1\" \/>\n<link rel=\"canonical\" href=\"https:\/\/www.upjs.sk\/filozoficka-fakulta\/actuality\/bip-erasmus-na-katedre-historie-ff-upjs-102025\/\" \/>\n<meta property=\"og:locale\" content=\"sk_SK\" \/>\n<meta property=\"og:type\" content=\"article\" \/>\n<meta property=\"og:title\" content=\"BIP Ko\u0161ice 2025: Pathways \u2013 Historical Tourism and Mobility Studies - Filozofick\u00e1 fakulta | UPJ\u0160\" \/>\n<meta property=\"og:description\" content=\"V d\u0148och 13. \u2013 17. okt\u00f3bra 2025\u00a0sa na\u00a0Katedre hist\u00f3rie Filozofickej fakulty UPJ\u0160 v\u00a0Ko\u0161iciach\u00a0uskuto\u010dnil medzin\u00e1rodn\u00fd\u00a0Blended Intensive Programme\u00a0(BIP)\u00a0s n\u00e1zvom\u00a0Pathways: Historical Tourism and Mobility Studies. P\u00e4\u0165d\u0148ov\u00e9 podujatie spojilo \u0161tudentov a\u00a0\u010diasto\u010dne pedag\u00f3gov z viacer\u00fdch eur\u00f3pskych univerz\u00edt (Univerzita kardin\u00e1la Stefana Wyszy\u0144sk\u00e9ho vo Var\u0161ave, Univerzita Karlova v Prahe, Juho\u010desk\u00e1 univerzita v\u00a0\u010cesk\u00fdch Bud\u011bjoviciach, Z\u00e1pado\u010desk\u00e1 univerzita v\u00a0Plzni),\u00a0ktor\u00ed sa spolo\u010dne venovali dejin\u00e1m turizmu, mobility &hellip; \u010c\u00edta\u0165 \u010falej\" \/>\n<meta property=\"og:url\" content=\"https:\/\/www.upjs.sk\/filozoficka-fakulta\/actuality\/bip-erasmus-na-katedre-historie-ff-upjs-102025\/\" \/>\n<meta property=\"og:site_name\" content=\"Filozofick\u00e1 fakulta | UPJ\u0160\" \/>\n<meta property=\"article:modified_time\" content=\"2025-10-29T12:31:51+00:00\" \/>\n<meta property=\"og:image\" content=\"https:\/\/www.upjs.sk\/app\/uploads\/sites\/7\/2025\/10\/KH-BIP1-102025.jpg\" \/>\n\t<meta property=\"og:image:width\" content=\"1000\" \/>\n\t<meta property=\"og:image:height\" content=\"1050\" \/>\n\t<meta property=\"og:image:type\" content=\"image\/jpeg\" \/>\n<meta name=\"twitter:card\" content=\"summary_large_image\" \/>\n<meta name=\"twitter:label1\" content=\"Predpokladan\u00fd \u010das \u010d\u00edtania\" \/>\n\t<meta name=\"twitter:data1\" content=\"4 min\u00faty\" \/>\n<script type=\"application\/ld+json\" class=\"yoast-schema-graph\">{\"@context\":\"https:\\\/\\\/schema.org\",\"@graph\":[{\"@type\":\"WebPage\",\"@id\":\"https:\\\/\\\/www.upjs.sk\\\/filozoficka-fakulta\\\/actuality\\\/bip-erasmus-na-katedre-historie-ff-upjs-102025\\\/\",\"url\":\"https:\\\/\\\/www.upjs.sk\\\/filozoficka-fakulta\\\/actuality\\\/bip-erasmus-na-katedre-historie-ff-upjs-102025\\\/\",\"name\":\"BIP Ko\u0161ice 2025: Pathways \u2013 Historical Tourism and Mobility Studies - Filozofick\u00e1 fakulta | UPJ\u0160\",\"isPartOf\":{\"@id\":\"https:\\\/\\\/www.upjs.sk\\\/filozoficka-fakulta\\\/#website\"},\"primaryImageOfPage\":{\"@id\":\"https:\\\/\\\/www.upjs.sk\\\/filozoficka-fakulta\\\/actuality\\\/bip-erasmus-na-katedre-historie-ff-upjs-102025\\\/#primaryimage\"},\"image\":{\"@id\":\"https:\\\/\\\/www.upjs.sk\\\/filozoficka-fakulta\\\/actuality\\\/bip-erasmus-na-katedre-historie-ff-upjs-102025\\\/#primaryimage\"},\"thumbnailUrl\":\"https:\\\/\\\/www.upjs.sk\\\/app\\\/uploads\\\/sites\\\/7\\\/2025\\\/10\\\/KH-BIP1-102025.jpg\",\"datePublished\":\"2025-10-20T06:41:25+00:00\",\"dateModified\":\"2025-10-29T12:31:51+00:00\",\"breadcrumb\":{\"@id\":\"https:\\\/\\\/www.upjs.sk\\\/filozoficka-fakulta\\\/actuality\\\/bip-erasmus-na-katedre-historie-ff-upjs-102025\\\/#breadcrumb\"},\"inLanguage\":\"sk-SK\",\"potentialAction\":[{\"@type\":\"ReadAction\",\"target\":[\"https:\\\/\\\/www.upjs.sk\\\/filozoficka-fakulta\\\/actuality\\\/bip-erasmus-na-katedre-historie-ff-upjs-102025\\\/\"]}]},{\"@type\":\"ImageObject\",\"inLanguage\":\"sk-SK\",\"@id\":\"https:\\\/\\\/www.upjs.sk\\\/filozoficka-fakulta\\\/actuality\\\/bip-erasmus-na-katedre-historie-ff-upjs-102025\\\/#primaryimage\",\"url\":\"https:\\\/\\\/www.upjs.sk\\\/app\\\/uploads\\\/sites\\\/7\\\/2025\\\/10\\\/KH-BIP1-102025.jpg\",\"contentUrl\":\"https:\\\/\\\/www.upjs.sk\\\/app\\\/uploads\\\/sites\\\/7\\\/2025\\\/10\\\/KH-BIP1-102025.jpg\",\"width\":1000,\"height\":1050},{\"@type\":\"BreadcrumbList\",\"@id\":\"https:\\\/\\\/www.upjs.sk\\\/filozoficka-fakulta\\\/actuality\\\/bip-erasmus-na-katedre-historie-ff-upjs-102025\\\/#breadcrumb\",\"itemListElement\":[{\"@type\":\"ListItem\",\"position\":1,\"name\":\"Home\",\"item\":\"https:\\\/\\\/www.upjs.sk\\\/filozoficka-fakulta\\\/\"},{\"@type\":\"ListItem\",\"position\":2,\"name\":\"Aktuality\",\"item\":\"https:\\\/\\\/www.upjs.sk\\\/filozoficka-fakulta\\\/actuality\\\/\"},{\"@type\":\"ListItem\",\"position\":3,\"name\":\"BIP Ko\u0161ice 2025: Pathways \u2013 Historical Tourism and Mobility Studies\"}]},{\"@type\":\"WebSite\",\"@id\":\"https:\\\/\\\/www.upjs.sk\\\/filozoficka-fakulta\\\/#website\",\"url\":\"https:\\\/\\\/www.upjs.sk\\\/filozoficka-fakulta\\\/\",\"name\":\"Filozofick\u00e1 fakulta | UPJ\u0160\",\"description\":\"\",\"publisher\":{\"@id\":\"https:\\\/\\\/www.upjs.sk\\\/filozoficka-fakulta\\\/#organization\"},\"potentialAction\":[{\"@type\":\"SearchAction\",\"target\":{\"@type\":\"EntryPoint\",\"urlTemplate\":\"https:\\\/\\\/www.upjs.sk\\\/filozoficka-fakulta\\\/?s={search_term_string}\"},\"query-input\":{\"@type\":\"PropertyValueSpecification\",\"valueRequired\":true,\"valueName\":\"search_term_string\"}}],\"inLanguage\":\"sk-SK\"},{\"@type\":\"Organization\",\"@id\":\"https:\\\/\\\/www.upjs.sk\\\/filozoficka-fakulta\\\/#organization\",\"name\":\"Filozofick\u00e1 fakulta | UPJ\u0160\",\"url\":\"https:\\\/\\\/www.upjs.sk\\\/filozoficka-fakulta\\\/\",\"logo\":{\"@type\":\"ImageObject\",\"inLanguage\":\"sk-SK\",\"@id\":\"https:\\\/\\\/www.upjs.sk\\\/filozoficka-fakulta\\\/#\\\/schema\\\/logo\\\/image\\\/\",\"url\":\"https:\\\/\\\/www.upjs.sk\\\/app\\\/uploads\\\/sites\\\/7\\\/2022\\\/09\\\/logo-filozoficka-fakulta.png\",\"contentUrl\":\"https:\\\/\\\/www.upjs.sk\\\/app\\\/uploads\\\/sites\\\/7\\\/2022\\\/09\\\/logo-filozoficka-fakulta.png\",\"width\":415,\"height\":87,\"caption\":\"Filozofick\u00e1 fakulta | UPJ\u0160\"},\"image\":{\"@id\":\"https:\\\/\\\/www.upjs.sk\\\/filozoficka-fakulta\\\/#\\\/schema\\\/logo\\\/image\\\/\"}}]}<\/script>\n<!-- \/ Yoast SEO plugin. -->","yoast_head_json":{"title":"BIP Ko\u0161ice 2025: Pathways \u2013 Historical Tourism and Mobility Studies - Filozofick\u00e1 fakulta | UPJ\u0160","robots":{"index":"index","follow":"follow","max-snippet":"max-snippet:-1","max-image-preview":"max-image-preview:large","max-video-preview":"max-video-preview:-1"},"canonical":"https:\/\/www.upjs.sk\/filozoficka-fakulta\/actuality\/bip-erasmus-na-katedre-historie-ff-upjs-102025\/","og_locale":"sk_SK","og_type":"article","og_title":"BIP Ko\u0161ice 2025: Pathways \u2013 Historical Tourism and Mobility Studies - Filozofick\u00e1 fakulta | UPJ\u0160","og_description":"V d\u0148och 13. \u2013 17. okt\u00f3bra 2025\u00a0sa na\u00a0Katedre hist\u00f3rie Filozofickej fakulty UPJ\u0160 v\u00a0Ko\u0161iciach\u00a0uskuto\u010dnil medzin\u00e1rodn\u00fd\u00a0Blended Intensive Programme\u00a0(BIP)\u00a0s n\u00e1zvom\u00a0Pathways: Historical Tourism and Mobility Studies. P\u00e4\u0165d\u0148ov\u00e9 podujatie spojilo \u0161tudentov a\u00a0\u010diasto\u010dne pedag\u00f3gov z viacer\u00fdch eur\u00f3pskych univerz\u00edt (Univerzita kardin\u00e1la Stefana Wyszy\u0144sk\u00e9ho vo Var\u0161ave, Univerzita Karlova v Prahe, Juho\u010desk\u00e1 univerzita v\u00a0\u010cesk\u00fdch Bud\u011bjoviciach, Z\u00e1pado\u010desk\u00e1 univerzita v\u00a0Plzni),\u00a0ktor\u00ed sa spolo\u010dne venovali dejin\u00e1m turizmu, mobility &hellip; \u010c\u00edta\u0165 \u010falej","og_url":"https:\/\/www.upjs.sk\/filozoficka-fakulta\/actuality\/bip-erasmus-na-katedre-historie-ff-upjs-102025\/","og_site_name":"Filozofick\u00e1 fakulta | UPJ\u0160","article_modified_time":"2025-10-29T12:31:51+00:00","og_image":[{"width":1000,"height":1050,"url":"https:\/\/www.upjs.sk\/app\/uploads\/sites\/7\/2025\/10\/KH-BIP1-102025.jpg","type":"image\/jpeg"}],"twitter_card":"summary_large_image","twitter_misc":{"Predpokladan\u00fd \u010das \u010d\u00edtania":"4 min\u00faty"},"schema":{"@context":"https:\/\/schema.org","@graph":[{"@type":"WebPage","@id":"https:\/\/www.upjs.sk\/filozoficka-fakulta\/actuality\/bip-erasmus-na-katedre-historie-ff-upjs-102025\/","url":"https:\/\/www.upjs.sk\/filozoficka-fakulta\/actuality\/bip-erasmus-na-katedre-historie-ff-upjs-102025\/","name":"BIP Ko\u0161ice 2025: Pathways \u2013 Historical Tourism and Mobility Studies - Filozofick\u00e1 fakulta | UPJ\u0160","isPartOf":{"@id":"https:\/\/www.upjs.sk\/filozoficka-fakulta\/#website"},"primaryImageOfPage":{"@id":"https:\/\/www.upjs.sk\/filozoficka-fakulta\/actuality\/bip-erasmus-na-katedre-historie-ff-upjs-102025\/#primaryimage"},"image":{"@id":"https:\/\/www.upjs.sk\/filozoficka-fakulta\/actuality\/bip-erasmus-na-katedre-historie-ff-upjs-102025\/#primaryimage"},"thumbnailUrl":"https:\/\/www.upjs.sk\/app\/uploads\/sites\/7\/2025\/10\/KH-BIP1-102025.jpg","datePublished":"2025-10-20T06:41:25+00:00","dateModified":"2025-10-29T12:31:51+00:00","breadcrumb":{"@id":"https:\/\/www.upjs.sk\/filozoficka-fakulta\/actuality\/bip-erasmus-na-katedre-historie-ff-upjs-102025\/#breadcrumb"},"inLanguage":"sk-SK","potentialAction":[{"@type":"ReadAction","target":["https:\/\/www.upjs.sk\/filozoficka-fakulta\/actuality\/bip-erasmus-na-katedre-historie-ff-upjs-102025\/"]}]},{"@type":"ImageObject","inLanguage":"sk-SK","@id":"https:\/\/www.upjs.sk\/filozoficka-fakulta\/actuality\/bip-erasmus-na-katedre-historie-ff-upjs-102025\/#primaryimage","url":"https:\/\/www.upjs.sk\/app\/uploads\/sites\/7\/2025\/10\/KH-BIP1-102025.jpg","contentUrl":"https:\/\/www.upjs.sk\/app\/uploads\/sites\/7\/2025\/10\/KH-BIP1-102025.jpg","width":1000,"height":1050},{"@type":"BreadcrumbList","@id":"https:\/\/www.upjs.sk\/filozoficka-fakulta\/actuality\/bip-erasmus-na-katedre-historie-ff-upjs-102025\/#breadcrumb","itemListElement":[{"@type":"ListItem","position":1,"name":"Home","item":"https:\/\/www.upjs.sk\/filozoficka-fakulta\/"},{"@type":"ListItem","position":2,"name":"Aktuality","item":"https:\/\/www.upjs.sk\/filozoficka-fakulta\/actuality\/"},{"@type":"ListItem","position":3,"name":"BIP Ko\u0161ice 2025: Pathways \u2013 Historical Tourism and Mobility Studies"}]},{"@type":"WebSite","@id":"https:\/\/www.upjs.sk\/filozoficka-fakulta\/#website","url":"https:\/\/www.upjs.sk\/filozoficka-fakulta\/","name":"Filozofick\u00e1 fakulta | UPJ\u0160","description":"","publisher":{"@id":"https:\/\/www.upjs.sk\/filozoficka-fakulta\/#organization"},"potentialAction":[{"@type":"SearchAction","target":{"@type":"EntryPoint","urlTemplate":"https:\/\/www.upjs.sk\/filozoficka-fakulta\/?s={search_term_string}"},"query-input":{"@type":"PropertyValueSpecification","valueRequired":true,"valueName":"search_term_string"}}],"inLanguage":"sk-SK"},{"@type":"Organization","@id":"https:\/\/www.upjs.sk\/filozoficka-fakulta\/#organization","name":"Filozofick\u00e1 fakulta | UPJ\u0160","url":"https:\/\/www.upjs.sk\/filozoficka-fakulta\/","logo":{"@type":"ImageObject","inLanguage":"sk-SK","@id":"https:\/\/www.upjs.sk\/filozoficka-fakulta\/#\/schema\/logo\/image\/","url":"https:\/\/www.upjs.sk\/app\/uploads\/sites\/7\/2022\/09\/logo-filozoficka-fakulta.png","contentUrl":"https:\/\/www.upjs.sk\/app\/uploads\/sites\/7\/2022\/09\/logo-filozoficka-fakulta.png","width":415,"height":87,"caption":"Filozofick\u00e1 fakulta | UPJ\u0160"},"image":{"@id":"https:\/\/www.upjs.sk\/filozoficka-fakulta\/#\/schema\/logo\/image\/"}}]}},"_links":{"self":[{"href":"https:\/\/www.upjs.sk\/filozoficka-fakulta\/wp-json\/wp\/v2\/cpt_aktuality\/57351","targetHints":{"allow":["GET"]}}],"collection":[{"href":"https:\/\/www.upjs.sk\/filozoficka-fakulta\/wp-json\/wp\/v2\/cpt_aktuality"}],"about":[{"href":"https:\/\/www.upjs.sk\/filozoficka-fakulta\/wp-json\/wp\/v2\/types\/cpt_aktuality"}],"author":[{"embeddable":true,"href":"https:\/\/www.upjs.sk\/filozoficka-fakulta\/wp-json\/wp\/v2\/users\/21"}],"version-history":[{"count":4,"href":"https:\/\/www.upjs.sk\/filozoficka-fakulta\/wp-json\/wp\/v2\/cpt_aktuality\/57351\/revisions"}],"predecessor-version":[{"id":57473,"href":"https:\/\/www.upjs.sk\/filozoficka-fakulta\/wp-json\/wp\/v2\/cpt_aktuality\/57351\/revisions\/57473"}],"wp:featuredmedia":[{"embeddable":true,"href":"https:\/\/www.upjs.sk\/filozoficka-fakulta\/wp-json\/wp\/v2\/media\/57365"}],"wp:attachment":[{"href":"https:\/\/www.upjs.sk\/filozoficka-fakulta\/wp-json\/wp\/v2\/media?parent=57351"}],"wp:term":[{"taxonomy":"category","embeddable":true,"href":"https:\/\/www.upjs.sk\/filozoficka-fakulta\/wp-json\/wp\/v2\/categories?post=57351"},{"taxonomy":"post_tag","embeddable":true,"href":"https:\/\/www.upjs.sk\/filozoficka-fakulta\/wp-json\/wp\/v2\/tags?post=57351"},{"taxonomy":"tax_aktuality","embeddable":true,"href":"https:\/\/www.upjs.sk\/filozoficka-fakulta\/wp-json\/wp\/v2\/tax_aktuality?post=57351"}],"curies":[{"name":"wp","href":"https:\/\/api.w.org\/{rel}","templated":true}]}}