{"id":58831,"date":"2026-01-26T10:27:08","date_gmt":"2026-01-26T09:27:08","guid":{"rendered":"https:\/\/www.upjs.sk\/filozoficka-fakulta\/?post_type=cpt_aktuality&#038;p=58831"},"modified":"2026-01-30T10:52:33","modified_gmt":"2026-01-30T09:52:33","slug":"pracovne-stretnutie-dekanov-ff-26012026","status":"publish","type":"cpt_aktuality","link":"https:\/\/www.upjs.sk\/filozoficka-fakulta\/actuality\/pracovne-stretnutie-dekanov-ff-26012026\/","title":{"rendered":"Pracovn\u00e9 stretnutie dekanov FF s veden\u00edm SAAV\u0160"},"content":{"rendered":"\n<p>Dekanka&nbsp;<strong><mark style=\"background-color:rgba(0, 0, 0, 0)\" class=\"has-inline-color has-filozoficka-f-color\">Filozofickej fakulty UPJ\u0160 v Ko\u0161iciach<\/mark>&nbsp;prof. Mgr. Ren\u00e1ta Panocov\u00e1, PhD.<\/strong>, sa v pondelok 26. janu\u00e1ra 2026 z\u00fa\u010dastnila&nbsp;v Bratislave na pracovnom stretnut\u00ed dekanov filozofick\u00fdch fak\u00falt s predsedom a podpredsedom V\u00fdkonnej rady Slovenskej akredita\u010dnej agent\u00fary pre vysok\u00e9 \u0161kolstvo&nbsp;<strong>prof. Ing. Robertom Redhammerom, CSc.<\/strong>,&nbsp;a&nbsp;<strong>prof. RNDr. Ren\u00e9m Matlovi\u010dom, PhD.<\/strong><br>Hlavnou t\u00e9mou rokovania boli aktu\u00e1lne ot\u00e1zky v oblasti zabezpe\u010dovania kvality vysoko\u0161kolsk\u00e9ho vzdel\u00e1vania, najm\u00e4 nadmern\u00e9 administrat\u00edvne za\u0165a\u017eenie pri aktu\u00e1lnej peri\u00f3de hodnotenia \u0161tudijn\u00fdch programov, nadmern\u00e1 regul\u00e1cia pri \u00faprav\u00e1ch \u0161tudijn\u00fdch programov, nadmern\u00e9 po\u017eiadavky na zabezpe\u010dovanie profilov\u00fdch predmetov a pripravovan\u00e9 zmeny z oblasti vysoko\u0161kolskej legislat\u00edvy. \u00da\u010dastn\u00edci stretnutia diskutovali aj o praktick\u00fdch aspektoch implement\u00e1cie po\u017eiadaviek na kvalitu a v\u00fdzvach, s ktor\u00fdmi sa pri tomto procese stret\u00e1vaj\u00fa filozofick\u00e9 fakulty.<\/p>\n\n\n\n<p>Publikoval: M. Gladi\u0161, FF UPJ\u0160 v Ko\u0161iciach<br>Zdroj inform\u00e1ci\u00ed a fotografi\u00ed: Dekan\u00e1t FF UKF v Nitre<\/p>\n\n\n<style>.kb-row-layout-id58831_32d1e8-c8 > .kt-row-column-wrap{align-content:start;}:where(.kb-row-layout-id58831_32d1e8-c8 > .kt-row-column-wrap) > .wp-block-kadence-column{justify-content:start;}.kb-row-layout-id58831_32d1e8-c8 > .kt-row-column-wrap{column-gap:var(--global-kb-gap-md, 2rem);row-gap:var(--global-kb-gap-md, 2rem);grid-template-columns:repeat(2, minmax(0, 1fr));}.kb-row-layout-id58831_32d1e8-c8 > .kt-row-layout-overlay{opacity:0.30;}@media all and (max-width: 1024px){.kb-row-layout-id58831_32d1e8-c8 > .kt-row-column-wrap{grid-template-columns:repeat(2, minmax(0, 1fr));}}@media all and (max-width: 767px){.kb-row-layout-id58831_32d1e8-c8 > .kt-row-column-wrap{grid-template-columns:minmax(0, 1fr);}}<\/style><div class=\"kb-row-layout-wrap kb-row-layout-id58831_32d1e8-c8 alignnone wp-block-kadence-rowlayout\"><div class=\"kt-row-column-wrap kt-has-2-columns kt-row-layout-equal kt-tab-layout-inherit kt-mobile-layout-row kt-row-valign-top\">\n<style>.kadence-column58831_7b0734-f3 > .kt-inside-inner-col,.kadence-column58831_7b0734-f3 > .kt-inside-inner-col:before{border-top-left-radius:0px;border-top-right-radius:0px;border-bottom-right-radius:0px;border-bottom-left-radius:0px;}.kadence-column58831_7b0734-f3 > .kt-inside-inner-col{column-gap:var(--global-kb-gap-sm, 1rem);}.kadence-column58831_7b0734-f3 > .kt-inside-inner-col{flex-direction:column;}.kadence-column58831_7b0734-f3 > .kt-inside-inner-col > .aligncenter{width:100%;}.kadence-column58831_7b0734-f3 > .kt-inside-inner-col:before{opacity:0.3;}.kadence-column58831_7b0734-f3{position:relative;}@media all and (max-width: 1024px){.kadence-column58831_7b0734-f3 > .kt-inside-inner-col{flex-direction:column;justify-content:center;}}@media all and (max-width: 767px){.kadence-column58831_7b0734-f3 > .kt-inside-inner-col{flex-direction:column;justify-content:center;}}<\/style>\n<div class=\"wp-block-kadence-column kadence-column58831_7b0734-f3\"><div class=\"kt-inside-inner-col\">\n<figure class=\"wp-block-image size-large\"><a href=\"https:\/\/www.upjs.sk\/app\/uploads\/sites\/7\/2026\/01\/Stretnutie-dekanov-FF-26012026-1.jpg\" target=\"_blank\" rel=\" noreferrer noopener\"><img loading=\"lazy\" decoding=\"async\" width=\"1024\" height=\"644\" src=\"https:\/\/www.upjs.sk\/app\/uploads\/sites\/7\/2026\/01\/Stretnutie-dekanov-FF-26012026-1-1024x644.jpg\" alt=\"\" class=\"wp-image-58834\" srcset=\"https:\/\/www.upjs.sk\/app\/uploads\/sites\/7\/2026\/01\/Stretnutie-dekanov-FF-26012026-1-1024x644.jpg 1024w, https:\/\/www.upjs.sk\/app\/uploads\/sites\/7\/2026\/01\/Stretnutie-dekanov-FF-26012026-1-300x189.jpg 300w, https:\/\/www.upjs.sk\/app\/uploads\/sites\/7\/2026\/01\/Stretnutie-dekanov-FF-26012026-1-768x483.jpg 768w, https:\/\/www.upjs.sk\/app\/uploads\/sites\/7\/2026\/01\/Stretnutie-dekanov-FF-26012026-1.jpg 1200w\" sizes=\"auto, (max-width: 1024px) 100vw, 1024px\" \/><\/a><\/figure>\n<\/div><\/div>\n\n\n<style>.kadence-column58831_c4aebc-20 > .kt-inside-inner-col,.kadence-column58831_c4aebc-20 > .kt-inside-inner-col:before{border-top-left-radius:0px;border-top-right-radius:0px;border-bottom-right-radius:0px;border-bottom-left-radius:0px;}.kadence-column58831_c4aebc-20 > .kt-inside-inner-col{column-gap:var(--global-kb-gap-sm, 1rem);}.kadence-column58831_c4aebc-20 > .kt-inside-inner-col{flex-direction:column;}.kadence-column58831_c4aebc-20 > .kt-inside-inner-col > .aligncenter{width:100%;}.kadence-column58831_c4aebc-20 > .kt-inside-inner-col:before{opacity:0.3;}.kadence-column58831_c4aebc-20{position:relative;}@media all and (max-width: 1024px){.kadence-column58831_c4aebc-20 > .kt-inside-inner-col{flex-direction:column;justify-content:center;}}@media all and (max-width: 767px){.kadence-column58831_c4aebc-20 > .kt-inside-inner-col{flex-direction:column;justify-content:center;}}<\/style>\n<div class=\"wp-block-kadence-column kadence-column58831_c4aebc-20\"><div class=\"kt-inside-inner-col\">\n<figure class=\"wp-block-image size-large\"><a href=\"https:\/\/www.upjs.sk\/app\/uploads\/sites\/7\/2026\/01\/Stretnutie-dekanov-FF-26012026-2.jpg\" target=\"_blank\" rel=\" noreferrer noopener\"><img loading=\"lazy\" decoding=\"async\" width=\"1024\" height=\"644\" src=\"https:\/\/www.upjs.sk\/app\/uploads\/sites\/7\/2026\/01\/Stretnutie-dekanov-FF-26012026-2-1024x644.jpg\" alt=\"\" class=\"wp-image-58837\" srcset=\"https:\/\/www.upjs.sk\/app\/uploads\/sites\/7\/2026\/01\/Stretnutie-dekanov-FF-26012026-2-1024x644.jpg 1024w, https:\/\/www.upjs.sk\/app\/uploads\/sites\/7\/2026\/01\/Stretnutie-dekanov-FF-26012026-2-300x189.jpg 300w, https:\/\/www.upjs.sk\/app\/uploads\/sites\/7\/2026\/01\/Stretnutie-dekanov-FF-26012026-2-768x483.jpg 768w, https:\/\/www.upjs.sk\/app\/uploads\/sites\/7\/2026\/01\/Stretnutie-dekanov-FF-26012026-2.jpg 1200w\" sizes=\"auto, (max-width: 1024px) 100vw, 1024px\" \/><\/a><\/figure>\n<\/div><\/div>\n\n<\/div><\/div>","protected":false},"excerpt":{"rendered":"<p>Dekanka&nbsp;Filozofickej fakulty UPJ\u0160 v Ko\u0161iciach&nbsp;prof. Mgr. Ren\u00e1ta Panocov\u00e1, PhD., sa v pondelok 26. janu\u00e1ra 2026 z\u00fa\u010dastnila&nbsp;v Bratislave na pracovnom stretnut\u00ed dekanov filozofick\u00fdch fak\u00falt s predsedom a podpredsedom V\u00fdkonnej rady Slovenskej akredita\u010dnej agent\u00fary pre vysok\u00e9 \u0161kolstvo&nbsp;prof. Ing. Robertom Redhammerom, CSc.,&nbsp;a&nbsp;prof. RNDr. Ren\u00e9m Matlovi\u010dom, PhD.Hlavnou t\u00e9mou rokovania boli aktu\u00e1lne ot\u00e1zky v oblasti zabezpe\u010dovania kvality vysoko\u0161kolsk\u00e9ho vzdel\u00e1vania, najm\u00e4 &hellip; <a href=\"https:\/\/www.upjs.sk\/filozoficka-fakulta\/actuality\/pracovne-stretnutie-dekanov-ff-26012026\/\">\u010c\u00edta\u0165 \u010falej<\/a><\/p>\n","protected":false},"author":21,"featured_media":58834,"template":"","meta":{"_acf_changed":false,"_editorskit_title_hidden":false,"_editorskit_reading_time":0,"_editorskit_is_block_options_detached":false,"_editorskit_block_options_position":"{}","footnotes":""},"categories":[],"tags":[],"tax_aktuality":[],"class_list":["post-58831","cpt_aktuality","type-cpt_aktuality","status-publish","has-post-thumbnail","hentry"],"acf":{"acf_link_na_externy_obsah":"","poradie_clanku":0},"yoast_head":"<!-- This site is optimized with the Yoast SEO plugin v27.4 - https:\/\/yoast.com\/product\/yoast-seo-wordpress\/ -->\n<title>Pracovn\u00e9 stretnutie dekanov FF s veden\u00edm SAAV\u0160 - Filozofick\u00e1 fakulta | UPJ\u0160<\/title>\n<meta name=\"robots\" content=\"index, follow, max-snippet:-1, max-image-preview:large, max-video-preview:-1\" \/>\n<link rel=\"canonical\" href=\"https:\/\/www.upjs.sk\/filozoficka-fakulta\/actuality\/pracovne-stretnutie-dekanov-ff-26012026\/\" \/>\n<meta property=\"og:locale\" content=\"sk_SK\" \/>\n<meta property=\"og:type\" content=\"article\" \/>\n<meta property=\"og:title\" content=\"Pracovn\u00e9 stretnutie dekanov FF s veden\u00edm SAAV\u0160 - Filozofick\u00e1 fakulta | UPJ\u0160\" \/>\n<meta property=\"og:description\" content=\"Dekanka&nbsp;Filozofickej fakulty UPJ\u0160 v Ko\u0161iciach&nbsp;prof. Mgr. Ren\u00e1ta Panocov\u00e1, PhD., sa v pondelok 26. janu\u00e1ra 2026 z\u00fa\u010dastnila&nbsp;v Bratislave na pracovnom stretnut\u00ed dekanov filozofick\u00fdch fak\u00falt s predsedom a podpredsedom V\u00fdkonnej rady Slovenskej akredita\u010dnej agent\u00fary pre vysok\u00e9 \u0161kolstvo&nbsp;prof. Ing. Robertom Redhammerom, CSc.,&nbsp;a&nbsp;prof. RNDr. Ren\u00e9m Matlovi\u010dom, PhD.Hlavnou t\u00e9mou rokovania boli aktu\u00e1lne ot\u00e1zky v oblasti zabezpe\u010dovania kvality vysoko\u0161kolsk\u00e9ho vzdel\u00e1vania, najm\u00e4 &hellip; \u010c\u00edta\u0165 \u010falej\" \/>\n<meta property=\"og:url\" content=\"https:\/\/www.upjs.sk\/filozoficka-fakulta\/actuality\/pracovne-stretnutie-dekanov-ff-26012026\/\" \/>\n<meta property=\"og:site_name\" content=\"Filozofick\u00e1 fakulta | UPJ\u0160\" \/>\n<meta property=\"article:modified_time\" content=\"2026-01-30T09:52:33+00:00\" \/>\n<meta property=\"og:image\" content=\"https:\/\/www.upjs.sk\/app\/uploads\/sites\/7\/2026\/01\/Stretnutie-dekanov-FF-26012026-1.jpg\" \/>\n\t<meta property=\"og:image:width\" content=\"1200\" \/>\n\t<meta property=\"og:image:height\" content=\"755\" \/>\n\t<meta property=\"og:image:type\" content=\"image\/jpeg\" \/>\n<meta name=\"twitter:card\" content=\"summary_large_image\" \/>\n<meta name=\"twitter:label1\" content=\"Predpokladan\u00fd \u010das \u010d\u00edtania\" \/>\n\t<meta name=\"twitter:data1\" content=\"2 min\u00faty\" \/>\n<script type=\"application\/ld+json\" class=\"yoast-schema-graph\">{\"@context\":\"https:\\\/\\\/schema.org\",\"@graph\":[{\"@type\":\"WebPage\",\"@id\":\"https:\\\/\\\/www.upjs.sk\\\/filozoficka-fakulta\\\/actuality\\\/pracovne-stretnutie-dekanov-ff-26012026\\\/\",\"url\":\"https:\\\/\\\/www.upjs.sk\\\/filozoficka-fakulta\\\/actuality\\\/pracovne-stretnutie-dekanov-ff-26012026\\\/\",\"name\":\"Pracovn\u00e9 stretnutie dekanov FF s veden\u00edm SAAV\u0160 - Filozofick\u00e1 fakulta | UPJ\u0160\",\"isPartOf\":{\"@id\":\"https:\\\/\\\/www.upjs.sk\\\/filozoficka-fakulta\\\/#website\"},\"primaryImageOfPage\":{\"@id\":\"https:\\\/\\\/www.upjs.sk\\\/filozoficka-fakulta\\\/actuality\\\/pracovne-stretnutie-dekanov-ff-26012026\\\/#primaryimage\"},\"image\":{\"@id\":\"https:\\\/\\\/www.upjs.sk\\\/filozoficka-fakulta\\\/actuality\\\/pracovne-stretnutie-dekanov-ff-26012026\\\/#primaryimage\"},\"thumbnailUrl\":\"https:\\\/\\\/www.upjs.sk\\\/app\\\/uploads\\\/sites\\\/7\\\/2026\\\/01\\\/Stretnutie-dekanov-FF-26012026-1.jpg\",\"datePublished\":\"2026-01-26T09:27:08+00:00\",\"dateModified\":\"2026-01-30T09:52:33+00:00\",\"breadcrumb\":{\"@id\":\"https:\\\/\\\/www.upjs.sk\\\/filozoficka-fakulta\\\/actuality\\\/pracovne-stretnutie-dekanov-ff-26012026\\\/#breadcrumb\"},\"inLanguage\":\"sk-SK\",\"potentialAction\":[{\"@type\":\"ReadAction\",\"target\":[\"https:\\\/\\\/www.upjs.sk\\\/filozoficka-fakulta\\\/actuality\\\/pracovne-stretnutie-dekanov-ff-26012026\\\/\"]}]},{\"@type\":\"ImageObject\",\"inLanguage\":\"sk-SK\",\"@id\":\"https:\\\/\\\/www.upjs.sk\\\/filozoficka-fakulta\\\/actuality\\\/pracovne-stretnutie-dekanov-ff-26012026\\\/#primaryimage\",\"url\":\"https:\\\/\\\/www.upjs.sk\\\/app\\\/uploads\\\/sites\\\/7\\\/2026\\\/01\\\/Stretnutie-dekanov-FF-26012026-1.jpg\",\"contentUrl\":\"https:\\\/\\\/www.upjs.sk\\\/app\\\/uploads\\\/sites\\\/7\\\/2026\\\/01\\\/Stretnutie-dekanov-FF-26012026-1.jpg\",\"width\":1200,\"height\":755},{\"@type\":\"BreadcrumbList\",\"@id\":\"https:\\\/\\\/www.upjs.sk\\\/filozoficka-fakulta\\\/actuality\\\/pracovne-stretnutie-dekanov-ff-26012026\\\/#breadcrumb\",\"itemListElement\":[{\"@type\":\"ListItem\",\"position\":1,\"name\":\"Home\",\"item\":\"https:\\\/\\\/www.upjs.sk\\\/filozoficka-fakulta\\\/\"},{\"@type\":\"ListItem\",\"position\":2,\"name\":\"Aktuality\",\"item\":\"https:\\\/\\\/www.upjs.sk\\\/filozoficka-fakulta\\\/actuality\\\/\"},{\"@type\":\"ListItem\",\"position\":3,\"name\":\"Pracovn\u00e9 stretnutie dekanov FF s veden\u00edm SAAV\u0160\"}]},{\"@type\":\"WebSite\",\"@id\":\"https:\\\/\\\/www.upjs.sk\\\/filozoficka-fakulta\\\/#website\",\"url\":\"https:\\\/\\\/www.upjs.sk\\\/filozoficka-fakulta\\\/\",\"name\":\"Filozofick\u00e1 fakulta | UPJ\u0160\",\"description\":\"\",\"publisher\":{\"@id\":\"https:\\\/\\\/www.upjs.sk\\\/filozoficka-fakulta\\\/#organization\"},\"potentialAction\":[{\"@type\":\"SearchAction\",\"target\":{\"@type\":\"EntryPoint\",\"urlTemplate\":\"https:\\\/\\\/www.upjs.sk\\\/filozoficka-fakulta\\\/?s={search_term_string}\"},\"query-input\":{\"@type\":\"PropertyValueSpecification\",\"valueRequired\":true,\"valueName\":\"search_term_string\"}}],\"inLanguage\":\"sk-SK\"},{\"@type\":\"Organization\",\"@id\":\"https:\\\/\\\/www.upjs.sk\\\/filozoficka-fakulta\\\/#organization\",\"name\":\"Filozofick\u00e1 fakulta | UPJ\u0160\",\"url\":\"https:\\\/\\\/www.upjs.sk\\\/filozoficka-fakulta\\\/\",\"logo\":{\"@type\":\"ImageObject\",\"inLanguage\":\"sk-SK\",\"@id\":\"https:\\\/\\\/www.upjs.sk\\\/filozoficka-fakulta\\\/#\\\/schema\\\/logo\\\/image\\\/\",\"url\":\"https:\\\/\\\/www.upjs.sk\\\/app\\\/uploads\\\/sites\\\/7\\\/2022\\\/09\\\/logo-filozoficka-fakulta.png\",\"contentUrl\":\"https:\\\/\\\/www.upjs.sk\\\/app\\\/uploads\\\/sites\\\/7\\\/2022\\\/09\\\/logo-filozoficka-fakulta.png\",\"width\":415,\"height\":87,\"caption\":\"Filozofick\u00e1 fakulta | UPJ\u0160\"},\"image\":{\"@id\":\"https:\\\/\\\/www.upjs.sk\\\/filozoficka-fakulta\\\/#\\\/schema\\\/logo\\\/image\\\/\"}}]}<\/script>\n<!-- \/ Yoast SEO plugin. -->","yoast_head_json":{"title":"Pracovn\u00e9 stretnutie dekanov FF s veden\u00edm SAAV\u0160 - Filozofick\u00e1 fakulta | UPJ\u0160","robots":{"index":"index","follow":"follow","max-snippet":"max-snippet:-1","max-image-preview":"max-image-preview:large","max-video-preview":"max-video-preview:-1"},"canonical":"https:\/\/www.upjs.sk\/filozoficka-fakulta\/actuality\/pracovne-stretnutie-dekanov-ff-26012026\/","og_locale":"sk_SK","og_type":"article","og_title":"Pracovn\u00e9 stretnutie dekanov FF s veden\u00edm SAAV\u0160 - Filozofick\u00e1 fakulta | UPJ\u0160","og_description":"Dekanka&nbsp;Filozofickej fakulty UPJ\u0160 v Ko\u0161iciach&nbsp;prof. Mgr. Ren\u00e1ta Panocov\u00e1, PhD., sa v pondelok 26. janu\u00e1ra 2026 z\u00fa\u010dastnila&nbsp;v Bratislave na pracovnom stretnut\u00ed dekanov filozofick\u00fdch fak\u00falt s predsedom a podpredsedom V\u00fdkonnej rady Slovenskej akredita\u010dnej agent\u00fary pre vysok\u00e9 \u0161kolstvo&nbsp;prof. Ing. Robertom Redhammerom, CSc.,&nbsp;a&nbsp;prof. RNDr. Ren\u00e9m Matlovi\u010dom, PhD.Hlavnou t\u00e9mou rokovania boli aktu\u00e1lne ot\u00e1zky v oblasti zabezpe\u010dovania kvality vysoko\u0161kolsk\u00e9ho vzdel\u00e1vania, najm\u00e4 &hellip; \u010c\u00edta\u0165 \u010falej","og_url":"https:\/\/www.upjs.sk\/filozoficka-fakulta\/actuality\/pracovne-stretnutie-dekanov-ff-26012026\/","og_site_name":"Filozofick\u00e1 fakulta | UPJ\u0160","article_modified_time":"2026-01-30T09:52:33+00:00","og_image":[{"width":1200,"height":755,"url":"https:\/\/www.upjs.sk\/app\/uploads\/sites\/7\/2026\/01\/Stretnutie-dekanov-FF-26012026-1.jpg","type":"image\/jpeg"}],"twitter_card":"summary_large_image","twitter_misc":{"Predpokladan\u00fd \u010das \u010d\u00edtania":"2 min\u00faty"},"schema":{"@context":"https:\/\/schema.org","@graph":[{"@type":"WebPage","@id":"https:\/\/www.upjs.sk\/filozoficka-fakulta\/actuality\/pracovne-stretnutie-dekanov-ff-26012026\/","url":"https:\/\/www.upjs.sk\/filozoficka-fakulta\/actuality\/pracovne-stretnutie-dekanov-ff-26012026\/","name":"Pracovn\u00e9 stretnutie dekanov FF s veden\u00edm SAAV\u0160 - Filozofick\u00e1 fakulta | UPJ\u0160","isPartOf":{"@id":"https:\/\/www.upjs.sk\/filozoficka-fakulta\/#website"},"primaryImageOfPage":{"@id":"https:\/\/www.upjs.sk\/filozoficka-fakulta\/actuality\/pracovne-stretnutie-dekanov-ff-26012026\/#primaryimage"},"image":{"@id":"https:\/\/www.upjs.sk\/filozoficka-fakulta\/actuality\/pracovne-stretnutie-dekanov-ff-26012026\/#primaryimage"},"thumbnailUrl":"https:\/\/www.upjs.sk\/app\/uploads\/sites\/7\/2026\/01\/Stretnutie-dekanov-FF-26012026-1.jpg","datePublished":"2026-01-26T09:27:08+00:00","dateModified":"2026-01-30T09:52:33+00:00","breadcrumb":{"@id":"https:\/\/www.upjs.sk\/filozoficka-fakulta\/actuality\/pracovne-stretnutie-dekanov-ff-26012026\/#breadcrumb"},"inLanguage":"sk-SK","potentialAction":[{"@type":"ReadAction","target":["https:\/\/www.upjs.sk\/filozoficka-fakulta\/actuality\/pracovne-stretnutie-dekanov-ff-26012026\/"]}]},{"@type":"ImageObject","inLanguage":"sk-SK","@id":"https:\/\/www.upjs.sk\/filozoficka-fakulta\/actuality\/pracovne-stretnutie-dekanov-ff-26012026\/#primaryimage","url":"https:\/\/www.upjs.sk\/app\/uploads\/sites\/7\/2026\/01\/Stretnutie-dekanov-FF-26012026-1.jpg","contentUrl":"https:\/\/www.upjs.sk\/app\/uploads\/sites\/7\/2026\/01\/Stretnutie-dekanov-FF-26012026-1.jpg","width":1200,"height":755},{"@type":"BreadcrumbList","@id":"https:\/\/www.upjs.sk\/filozoficka-fakulta\/actuality\/pracovne-stretnutie-dekanov-ff-26012026\/#breadcrumb","itemListElement":[{"@type":"ListItem","position":1,"name":"Home","item":"https:\/\/www.upjs.sk\/filozoficka-fakulta\/"},{"@type":"ListItem","position":2,"name":"Aktuality","item":"https:\/\/www.upjs.sk\/filozoficka-fakulta\/actuality\/"},{"@type":"ListItem","position":3,"name":"Pracovn\u00e9 stretnutie dekanov FF s veden\u00edm SAAV\u0160"}]},{"@type":"WebSite","@id":"https:\/\/www.upjs.sk\/filozoficka-fakulta\/#website","url":"https:\/\/www.upjs.sk\/filozoficka-fakulta\/","name":"Filozofick\u00e1 fakulta | UPJ\u0160","description":"","publisher":{"@id":"https:\/\/www.upjs.sk\/filozoficka-fakulta\/#organization"},"potentialAction":[{"@type":"SearchAction","target":{"@type":"EntryPoint","urlTemplate":"https:\/\/www.upjs.sk\/filozoficka-fakulta\/?s={search_term_string}"},"query-input":{"@type":"PropertyValueSpecification","valueRequired":true,"valueName":"search_term_string"}}],"inLanguage":"sk-SK"},{"@type":"Organization","@id":"https:\/\/www.upjs.sk\/filozoficka-fakulta\/#organization","name":"Filozofick\u00e1 fakulta | UPJ\u0160","url":"https:\/\/www.upjs.sk\/filozoficka-fakulta\/","logo":{"@type":"ImageObject","inLanguage":"sk-SK","@id":"https:\/\/www.upjs.sk\/filozoficka-fakulta\/#\/schema\/logo\/image\/","url":"https:\/\/www.upjs.sk\/app\/uploads\/sites\/7\/2022\/09\/logo-filozoficka-fakulta.png","contentUrl":"https:\/\/www.upjs.sk\/app\/uploads\/sites\/7\/2022\/09\/logo-filozoficka-fakulta.png","width":415,"height":87,"caption":"Filozofick\u00e1 fakulta | UPJ\u0160"},"image":{"@id":"https:\/\/www.upjs.sk\/filozoficka-fakulta\/#\/schema\/logo\/image\/"}}]}},"_links":{"self":[{"href":"https:\/\/www.upjs.sk\/filozoficka-fakulta\/wp-json\/wp\/v2\/cpt_aktuality\/58831","targetHints":{"allow":["GET"]}}],"collection":[{"href":"https:\/\/www.upjs.sk\/filozoficka-fakulta\/wp-json\/wp\/v2\/cpt_aktuality"}],"about":[{"href":"https:\/\/www.upjs.sk\/filozoficka-fakulta\/wp-json\/wp\/v2\/types\/cpt_aktuality"}],"author":[{"embeddable":true,"href":"https:\/\/www.upjs.sk\/filozoficka-fakulta\/wp-json\/wp\/v2\/users\/21"}],"version-history":[{"count":4,"href":"https:\/\/www.upjs.sk\/filozoficka-fakulta\/wp-json\/wp\/v2\/cpt_aktuality\/58831\/revisions"}],"predecessor-version":[{"id":58854,"href":"https:\/\/www.upjs.sk\/filozoficka-fakulta\/wp-json\/wp\/v2\/cpt_aktuality\/58831\/revisions\/58854"}],"wp:featuredmedia":[{"embeddable":true,"href":"https:\/\/www.upjs.sk\/filozoficka-fakulta\/wp-json\/wp\/v2\/media\/58834"}],"wp:attachment":[{"href":"https:\/\/www.upjs.sk\/filozoficka-fakulta\/wp-json\/wp\/v2\/media?parent=58831"}],"wp:term":[{"taxonomy":"category","embeddable":true,"href":"https:\/\/www.upjs.sk\/filozoficka-fakulta\/wp-json\/wp\/v2\/categories?post=58831"},{"taxonomy":"post_tag","embeddable":true,"href":"https:\/\/www.upjs.sk\/filozoficka-fakulta\/wp-json\/wp\/v2\/tags?post=58831"},{"taxonomy":"tax_aktuality","embeddable":true,"href":"https:\/\/www.upjs.sk\/filozoficka-fakulta\/wp-json\/wp\/v2\/tax_aktuality?post=58831"}],"curies":[{"name":"wp","href":"https:\/\/api.w.org\/{rel}","templated":true}]}}