{"id":59747,"date":"2026-04-24T13:52:31","date_gmt":"2026-04-24T12:52:31","guid":{"rendered":"https:\/\/www.upjs.sk\/filozoficka-fakulta\/?post_type=cpt_aktuality&#038;p=59747"},"modified":"2026-04-24T13:53:23","modified_gmt":"2026-04-24T12:53:23","slug":"magda-vasaryova-24042026","status":"publish","type":"cpt_aktuality","link":"https:\/\/www.upjs.sk\/filozoficka-fakulta\/actuality\/magda-vasaryova-24042026\/","title":{"rendered":"Magda V\u00e1\u0161\u00e1ryov\u00e1: Aj mal\u00e1 skupina odhodlan\u00fdch \u013eud\u00ed m\u00f4\u017ee zmeni\u0165 svet"},"content":{"rendered":"\n<p><strong><mark style=\"background-color:rgba(0, 0, 0, 0)\" class=\"has-inline-color has-filozoficka-f-color\">Filozofick\u00e1 fakulta UPJ\u0160 v Ko\u0161iciach<\/mark><\/strong>\u00a0pri pr\u00edle\u017eitosti celoslovensk\u00e9ho zasadnutia spolku slovensk\u00fdch \u017eien \u017divena v Ko\u0161iciach priv\u00edtala 24. apr\u00edla 2026\u00a0<strong>\u010destn\u00fa predsedn\u00ed\u010dku \u017diveny Dr. h. c. Mgr. Magdu V\u00e1\u0161\u00e1ryov\u00fa, Ph.D.<\/strong>\u00a0V zaplnenej Aule UPJ\u0160 na Ul. Dr. Kostliv\u00e9ho vyst\u00fapila s\u00a0predn\u00e1\u0161kou na t\u00e9mu\u00a0<strong><em>Spolkov\u00e1 \u010dinnos\u0165 \u017eien \u2013 podpora solidarity, koh\u00e9zie a\u00a0aktivizmu v\u00a0spolo\u010dnosti<\/em><\/strong>.<\/p>\n\n\n\n<p>Popul\u00e1rnu slovensk\u00fa here\u010dku, diplomatku, sociologi\u010dku a\u00a0politi\u010dku priv\u00edtali organiz\u00e1torka podujatia\u00a0<strong>doc. PaedDr. Ivica Hajdu\u010dekov\u00e1, PhD.<\/strong>, a\u00a0v\u00a0mene vedenia Filozofickej fakulty UPJ\u0160 prodekan\u00a0<strong>prof. PhDr. Mari\u00e1n Andri\u010d\u00edk, PhD.<\/strong><br><strong>Dr. h. c. Mgr. Magda V\u00e1\u0161\u00e1ryov\u00e1, Ph.D.<\/strong>, sa vo svojej predn\u00e1\u0161ke venovala \u010dinnosti spolkov, ktor\u00e9 pomohli kreova\u0165 ob\u010diansku spolo\u010dnos\u0165. Pr\u00edtomnos\u0165 a bud\u00facnos\u0165 v\u00a0dne\u0161nom rozorvanom svete \u2013 ako avizovala pozv\u00e1nka na podujatie \u2013 toti\u017e z\u00e1le\u017e\u00ed pr\u00e1ve od sily a\u00a0neboj\u00e1cnosti ob\u010dianskej spolo\u010dnosti.<br>Magda V\u00e1\u0161\u00e1ryov\u00e1 zd\u00f4raznila, \u017ee spolo\u010dnos\u0165 by bola bez ob\u010dianskych iniciat\u00edv a\u00a0zdru\u017een\u00ed nielen omnoho pas\u00edvnej\u0161ia, ale aj menej koh\u00e9zna.<br>\u201e<em>Aj mal\u00e1 skupina prem\u00fd\u0161\u013eaj\u00facich,\u00a0iniciat\u00edvnych a\u00a0odhodlan\u00fdch \u013eud\u00ed m\u00f4\u017ee zmeni\u0165 svet,<\/em>\u201c uviedla s\u00a0t\u00fdm, \u017ee spolo\u010dnos\u0165 by sa bez aktivizmu ob\u010dianskych spolkov nevyv\u00edjala. V\u00a0tejto s\u00favislosti upozornila na kr\u00edzu d\u00f4very v\u00a0s\u00fa\u010dasnej spolo\u010dnosti, ktorej d\u00f4sledkom m\u00f4\u017ee by\u0165 autoritat\u00edvnos\u0165.<br>\u201e<em>Pre autoritat\u00edvnu spolo\u010dnos\u0165 je pr\u00edzna\u010dn\u00e9, \u017ee chce v\u0161etko kontrolova\u0165, dokonca aj myslenie \u013eud\u00ed. Vy\u017eaduje poslu\u0161nos\u0165 a\u00a0podriadenos\u0165, preto neprip\u00fa\u0161\u0165a in\u00e9 ako ofici\u00e1lne n\u00e1zory a\u00a0my\u0161lienky,<\/em>\u201c varovala najm\u00e4 \u0161tudentov pr\u00edtomn\u00fdch v\u00a0aule.<br>\u201e<em>Ke\u010f sa v\u0161ak \u013eudia spoja, s\u00fa omnoho mocnej\u0161\u00ed \u2013 a\u00a0pr\u00e1ve v\u00a0tom je sila ob\u010dianskej a\u00a0demokratickej spolo\u010dnosti. Autoritat\u00edvne re\u017eimy preto odmietaj\u00fa spolkov\u00fa \u010dinnos\u0165 \u2013 kto kontroluje mo\u017enos\u0165 \u013eud\u00ed sa zdru\u017eova\u0165, kontroluje aj ich schopnos\u0165 kona\u0165,<\/em>\u201c kon\u0161tatovala M. V\u00e1\u0161\u00e1ryov\u00e1 a\u00a0dodala, \u017ee bez akt\u00edvnej ob\u010dianskej society nem\u00f4\u017eeme ma\u0165 demokratick\u00fa spolo\u010dnos\u0165.<br>\u201e<em>Nikto n\u00e1m ned\u00e1 slobodu, mus\u00edme si ju vzia\u0165,<\/em>\u201c pripomenula zn\u00e1me heslo ob\u010dianskej odvahy a\u00a0anga\u017eovanosti. Z\u00e1rove\u0148 vyzdvihla d\u00f4le\u017eitos\u0165 vzdelania, ke\u010f uviedla, \u017ee \u201e<em>len vzdelan\u00ed \u013eudia myslia kriticky<\/em>\u201c, ale upozornila aj na potrebu nap\u00edsa\u0165 \u201enov\u00fa n\u00e1rodn\u00fa rozpr\u00e1vku\u201c, ktor\u00e1 by nahradila tradi\u010dn\u00fa slovensk\u00fa \u201eromantick\u00fa rozpr\u00e1vku\u201c e\u0161te z\u00a0\u010dias \u0161t\u00farovcov. Predn\u00e1\u0161ku Magdy V\u00e1\u0161\u00e1ryovej zakon\u010dila in\u0161pirat\u00edvna diskusia.<\/p>\n\n\n\n<p>Text a fotografie: Mari\u00e1n Gladi\u0161, FF UPJ\u0160<\/p>\n","protected":false},"excerpt":{"rendered":"<p>Filozofick\u00e1 fakulta UPJ\u0160 v Ko\u0161iciach\u00a0pri pr\u00edle\u017eitosti celoslovensk\u00e9ho zasadnutia spolku slovensk\u00fdch \u017eien \u017divena v Ko\u0161iciach priv\u00edtala 24. apr\u00edla 2026\u00a0\u010destn\u00fa predsedn\u00ed\u010dku \u017diveny Dr. h. c. Mgr. Magdu V\u00e1\u0161\u00e1ryov\u00fa, Ph.D.\u00a0V zaplnenej Aule UPJ\u0160 na Ul. Dr. Kostliv\u00e9ho vyst\u00fapila s\u00a0predn\u00e1\u0161kou na t\u00e9mu\u00a0Spolkov\u00e1 \u010dinnos\u0165 \u017eien \u2013 podpora solidarity, koh\u00e9zie a\u00a0aktivizmu v\u00a0spolo\u010dnosti. Popul\u00e1rnu slovensk\u00fa here\u010dku, diplomatku, sociologi\u010dku a\u00a0politi\u010dku priv\u00edtali organiz\u00e1torka podujatia\u00a0doc. &hellip; <a href=\"https:\/\/www.upjs.sk\/filozoficka-fakulta\/actuality\/magda-vasaryova-24042026\/\">\u010c\u00edta\u0165 \u010falej<\/a><\/p>\n","protected":false},"author":21,"featured_media":59750,"template":"","meta":{"_acf_changed":false,"_editorskit_title_hidden":false,"_editorskit_reading_time":0,"_editorskit_is_block_options_detached":false,"_editorskit_block_options_position":"{}","footnotes":""},"categories":[],"tags":[],"tax_aktuality":[],"class_list":["post-59747","cpt_aktuality","type-cpt_aktuality","status-publish","has-post-thumbnail","hentry"],"acf":{"acf_link_na_externy_obsah":"","poradie_clanku":""},"yoast_head":"<!-- This site is optimized with the Yoast SEO plugin v27.4 - https:\/\/yoast.com\/product\/yoast-seo-wordpress\/ -->\n<title>Magda V\u00e1\u0161\u00e1ryov\u00e1: Aj mal\u00e1 skupina odhodlan\u00fdch \u013eud\u00ed m\u00f4\u017ee zmeni\u0165 svet - Filozofick\u00e1 fakulta | UPJ\u0160<\/title>\n<meta name=\"robots\" content=\"index, follow, max-snippet:-1, max-image-preview:large, max-video-preview:-1\" \/>\n<link rel=\"canonical\" href=\"https:\/\/www.upjs.sk\/filozoficka-fakulta\/actuality\/magda-vasaryova-24042026\/\" \/>\n<meta property=\"og:locale\" content=\"sk_SK\" \/>\n<meta property=\"og:type\" content=\"article\" \/>\n<meta property=\"og:title\" content=\"Magda V\u00e1\u0161\u00e1ryov\u00e1: Aj mal\u00e1 skupina odhodlan\u00fdch \u013eud\u00ed m\u00f4\u017ee zmeni\u0165 svet - Filozofick\u00e1 fakulta | UPJ\u0160\" \/>\n<meta property=\"og:description\" content=\"Filozofick\u00e1 fakulta UPJ\u0160 v Ko\u0161iciach\u00a0pri pr\u00edle\u017eitosti celoslovensk\u00e9ho zasadnutia spolku slovensk\u00fdch \u017eien \u017divena v Ko\u0161iciach priv\u00edtala 24. apr\u00edla 2026\u00a0\u010destn\u00fa predsedn\u00ed\u010dku \u017diveny Dr. h. c. Mgr. Magdu V\u00e1\u0161\u00e1ryov\u00fa, Ph.D.\u00a0V zaplnenej Aule UPJ\u0160 na Ul. Dr. Kostliv\u00e9ho vyst\u00fapila s\u00a0predn\u00e1\u0161kou na t\u00e9mu\u00a0Spolkov\u00e1 \u010dinnos\u0165 \u017eien \u2013 podpora solidarity, koh\u00e9zie a\u00a0aktivizmu v\u00a0spolo\u010dnosti. Popul\u00e1rnu slovensk\u00fa here\u010dku, diplomatku, sociologi\u010dku a\u00a0politi\u010dku priv\u00edtali organiz\u00e1torka podujatia\u00a0doc. &hellip; \u010c\u00edta\u0165 \u010falej\" \/>\n<meta property=\"og:url\" content=\"https:\/\/www.upjs.sk\/filozoficka-fakulta\/actuality\/magda-vasaryova-24042026\/\" \/>\n<meta property=\"og:site_name\" content=\"Filozofick\u00e1 fakulta | UPJ\u0160\" \/>\n<meta property=\"article:modified_time\" content=\"2026-04-24T12:53:23+00:00\" \/>\n<meta property=\"og:image\" content=\"https:\/\/www.upjs.sk\/app\/uploads\/sites\/7\/2026\/04\/Zivena-Magda-Vasaryova-1.jpg\" \/>\n\t<meta property=\"og:image:width\" content=\"1000\" \/>\n\t<meta property=\"og:image:height\" content=\"700\" \/>\n\t<meta property=\"og:image:type\" content=\"image\/jpeg\" \/>\n<meta name=\"twitter:card\" content=\"summary_large_image\" \/>\n<meta name=\"twitter:label1\" content=\"Predpokladan\u00fd \u010das \u010d\u00edtania\" \/>\n\t<meta name=\"twitter:data1\" content=\"2 min\u00faty\" \/>\n<script type=\"application\/ld+json\" class=\"yoast-schema-graph\">{\"@context\":\"https:\\\/\\\/schema.org\",\"@graph\":[{\"@type\":\"WebPage\",\"@id\":\"https:\\\/\\\/www.upjs.sk\\\/filozoficka-fakulta\\\/actuality\\\/magda-vasaryova-24042026\\\/\",\"url\":\"https:\\\/\\\/www.upjs.sk\\\/filozoficka-fakulta\\\/actuality\\\/magda-vasaryova-24042026\\\/\",\"name\":\"Magda V\u00e1\u0161\u00e1ryov\u00e1: Aj mal\u00e1 skupina odhodlan\u00fdch \u013eud\u00ed m\u00f4\u017ee zmeni\u0165 svet - Filozofick\u00e1 fakulta | UPJ\u0160\",\"isPartOf\":{\"@id\":\"https:\\\/\\\/www.upjs.sk\\\/filozoficka-fakulta\\\/#website\"},\"primaryImageOfPage\":{\"@id\":\"https:\\\/\\\/www.upjs.sk\\\/filozoficka-fakulta\\\/actuality\\\/magda-vasaryova-24042026\\\/#primaryimage\"},\"image\":{\"@id\":\"https:\\\/\\\/www.upjs.sk\\\/filozoficka-fakulta\\\/actuality\\\/magda-vasaryova-24042026\\\/#primaryimage\"},\"thumbnailUrl\":\"https:\\\/\\\/www.upjs.sk\\\/app\\\/uploads\\\/sites\\\/7\\\/2026\\\/04\\\/Zivena-Magda-Vasaryova-1.jpg\",\"datePublished\":\"2026-04-24T12:52:31+00:00\",\"dateModified\":\"2026-04-24T12:53:23+00:00\",\"breadcrumb\":{\"@id\":\"https:\\\/\\\/www.upjs.sk\\\/filozoficka-fakulta\\\/actuality\\\/magda-vasaryova-24042026\\\/#breadcrumb\"},\"inLanguage\":\"sk-SK\",\"potentialAction\":[{\"@type\":\"ReadAction\",\"target\":[\"https:\\\/\\\/www.upjs.sk\\\/filozoficka-fakulta\\\/actuality\\\/magda-vasaryova-24042026\\\/\"]}]},{\"@type\":\"ImageObject\",\"inLanguage\":\"sk-SK\",\"@id\":\"https:\\\/\\\/www.upjs.sk\\\/filozoficka-fakulta\\\/actuality\\\/magda-vasaryova-24042026\\\/#primaryimage\",\"url\":\"https:\\\/\\\/www.upjs.sk\\\/app\\\/uploads\\\/sites\\\/7\\\/2026\\\/04\\\/Zivena-Magda-Vasaryova-1.jpg\",\"contentUrl\":\"https:\\\/\\\/www.upjs.sk\\\/app\\\/uploads\\\/sites\\\/7\\\/2026\\\/04\\\/Zivena-Magda-Vasaryova-1.jpg\",\"width\":1000,\"height\":700},{\"@type\":\"BreadcrumbList\",\"@id\":\"https:\\\/\\\/www.upjs.sk\\\/filozoficka-fakulta\\\/actuality\\\/magda-vasaryova-24042026\\\/#breadcrumb\",\"itemListElement\":[{\"@type\":\"ListItem\",\"position\":1,\"name\":\"Home\",\"item\":\"https:\\\/\\\/www.upjs.sk\\\/filozoficka-fakulta\\\/\"},{\"@type\":\"ListItem\",\"position\":2,\"name\":\"Aktuality\",\"item\":\"https:\\\/\\\/www.upjs.sk\\\/filozoficka-fakulta\\\/actuality\\\/\"},{\"@type\":\"ListItem\",\"position\":3,\"name\":\"Magda V\u00e1\u0161\u00e1ryov\u00e1: Aj mal\u00e1 skupina odhodlan\u00fdch \u013eud\u00ed m\u00f4\u017ee zmeni\u0165 svet\"}]},{\"@type\":\"WebSite\",\"@id\":\"https:\\\/\\\/www.upjs.sk\\\/filozoficka-fakulta\\\/#website\",\"url\":\"https:\\\/\\\/www.upjs.sk\\\/filozoficka-fakulta\\\/\",\"name\":\"Filozofick\u00e1 fakulta | UPJ\u0160\",\"description\":\"\",\"publisher\":{\"@id\":\"https:\\\/\\\/www.upjs.sk\\\/filozoficka-fakulta\\\/#organization\"},\"potentialAction\":[{\"@type\":\"SearchAction\",\"target\":{\"@type\":\"EntryPoint\",\"urlTemplate\":\"https:\\\/\\\/www.upjs.sk\\\/filozoficka-fakulta\\\/?s={search_term_string}\"},\"query-input\":{\"@type\":\"PropertyValueSpecification\",\"valueRequired\":true,\"valueName\":\"search_term_string\"}}],\"inLanguage\":\"sk-SK\"},{\"@type\":\"Organization\",\"@id\":\"https:\\\/\\\/www.upjs.sk\\\/filozoficka-fakulta\\\/#organization\",\"name\":\"Filozofick\u00e1 fakulta | UPJ\u0160\",\"url\":\"https:\\\/\\\/www.upjs.sk\\\/filozoficka-fakulta\\\/\",\"logo\":{\"@type\":\"ImageObject\",\"inLanguage\":\"sk-SK\",\"@id\":\"https:\\\/\\\/www.upjs.sk\\\/filozoficka-fakulta\\\/#\\\/schema\\\/logo\\\/image\\\/\",\"url\":\"https:\\\/\\\/www.upjs.sk\\\/app\\\/uploads\\\/sites\\\/7\\\/2022\\\/09\\\/logo-filozoficka-fakulta.png\",\"contentUrl\":\"https:\\\/\\\/www.upjs.sk\\\/app\\\/uploads\\\/sites\\\/7\\\/2022\\\/09\\\/logo-filozoficka-fakulta.png\",\"width\":415,\"height\":87,\"caption\":\"Filozofick\u00e1 fakulta | UPJ\u0160\"},\"image\":{\"@id\":\"https:\\\/\\\/www.upjs.sk\\\/filozoficka-fakulta\\\/#\\\/schema\\\/logo\\\/image\\\/\"}}]}<\/script>\n<!-- \/ Yoast SEO plugin. -->","yoast_head_json":{"title":"Magda V\u00e1\u0161\u00e1ryov\u00e1: Aj mal\u00e1 skupina odhodlan\u00fdch \u013eud\u00ed m\u00f4\u017ee zmeni\u0165 svet - Filozofick\u00e1 fakulta | UPJ\u0160","robots":{"index":"index","follow":"follow","max-snippet":"max-snippet:-1","max-image-preview":"max-image-preview:large","max-video-preview":"max-video-preview:-1"},"canonical":"https:\/\/www.upjs.sk\/filozoficka-fakulta\/actuality\/magda-vasaryova-24042026\/","og_locale":"sk_SK","og_type":"article","og_title":"Magda V\u00e1\u0161\u00e1ryov\u00e1: Aj mal\u00e1 skupina odhodlan\u00fdch \u013eud\u00ed m\u00f4\u017ee zmeni\u0165 svet - Filozofick\u00e1 fakulta | UPJ\u0160","og_description":"Filozofick\u00e1 fakulta UPJ\u0160 v Ko\u0161iciach\u00a0pri pr\u00edle\u017eitosti celoslovensk\u00e9ho zasadnutia spolku slovensk\u00fdch \u017eien \u017divena v Ko\u0161iciach priv\u00edtala 24. apr\u00edla 2026\u00a0\u010destn\u00fa predsedn\u00ed\u010dku \u017diveny Dr. h. c. Mgr. Magdu V\u00e1\u0161\u00e1ryov\u00fa, Ph.D.\u00a0V zaplnenej Aule UPJ\u0160 na Ul. Dr. Kostliv\u00e9ho vyst\u00fapila s\u00a0predn\u00e1\u0161kou na t\u00e9mu\u00a0Spolkov\u00e1 \u010dinnos\u0165 \u017eien \u2013 podpora solidarity, koh\u00e9zie a\u00a0aktivizmu v\u00a0spolo\u010dnosti. Popul\u00e1rnu slovensk\u00fa here\u010dku, diplomatku, sociologi\u010dku a\u00a0politi\u010dku priv\u00edtali organiz\u00e1torka podujatia\u00a0doc. &hellip; \u010c\u00edta\u0165 \u010falej","og_url":"https:\/\/www.upjs.sk\/filozoficka-fakulta\/actuality\/magda-vasaryova-24042026\/","og_site_name":"Filozofick\u00e1 fakulta | UPJ\u0160","article_modified_time":"2026-04-24T12:53:23+00:00","og_image":[{"width":1000,"height":700,"url":"https:\/\/www.upjs.sk\/app\/uploads\/sites\/7\/2026\/04\/Zivena-Magda-Vasaryova-1.jpg","type":"image\/jpeg"}],"twitter_card":"summary_large_image","twitter_misc":{"Predpokladan\u00fd \u010das \u010d\u00edtania":"2 min\u00faty"},"schema":{"@context":"https:\/\/schema.org","@graph":[{"@type":"WebPage","@id":"https:\/\/www.upjs.sk\/filozoficka-fakulta\/actuality\/magda-vasaryova-24042026\/","url":"https:\/\/www.upjs.sk\/filozoficka-fakulta\/actuality\/magda-vasaryova-24042026\/","name":"Magda V\u00e1\u0161\u00e1ryov\u00e1: Aj mal\u00e1 skupina odhodlan\u00fdch \u013eud\u00ed m\u00f4\u017ee zmeni\u0165 svet - Filozofick\u00e1 fakulta | UPJ\u0160","isPartOf":{"@id":"https:\/\/www.upjs.sk\/filozoficka-fakulta\/#website"},"primaryImageOfPage":{"@id":"https:\/\/www.upjs.sk\/filozoficka-fakulta\/actuality\/magda-vasaryova-24042026\/#primaryimage"},"image":{"@id":"https:\/\/www.upjs.sk\/filozoficka-fakulta\/actuality\/magda-vasaryova-24042026\/#primaryimage"},"thumbnailUrl":"https:\/\/www.upjs.sk\/app\/uploads\/sites\/7\/2026\/04\/Zivena-Magda-Vasaryova-1.jpg","datePublished":"2026-04-24T12:52:31+00:00","dateModified":"2026-04-24T12:53:23+00:00","breadcrumb":{"@id":"https:\/\/www.upjs.sk\/filozoficka-fakulta\/actuality\/magda-vasaryova-24042026\/#breadcrumb"},"inLanguage":"sk-SK","potentialAction":[{"@type":"ReadAction","target":["https:\/\/www.upjs.sk\/filozoficka-fakulta\/actuality\/magda-vasaryova-24042026\/"]}]},{"@type":"ImageObject","inLanguage":"sk-SK","@id":"https:\/\/www.upjs.sk\/filozoficka-fakulta\/actuality\/magda-vasaryova-24042026\/#primaryimage","url":"https:\/\/www.upjs.sk\/app\/uploads\/sites\/7\/2026\/04\/Zivena-Magda-Vasaryova-1.jpg","contentUrl":"https:\/\/www.upjs.sk\/app\/uploads\/sites\/7\/2026\/04\/Zivena-Magda-Vasaryova-1.jpg","width":1000,"height":700},{"@type":"BreadcrumbList","@id":"https:\/\/www.upjs.sk\/filozoficka-fakulta\/actuality\/magda-vasaryova-24042026\/#breadcrumb","itemListElement":[{"@type":"ListItem","position":1,"name":"Home","item":"https:\/\/www.upjs.sk\/filozoficka-fakulta\/"},{"@type":"ListItem","position":2,"name":"Aktuality","item":"https:\/\/www.upjs.sk\/filozoficka-fakulta\/actuality\/"},{"@type":"ListItem","position":3,"name":"Magda V\u00e1\u0161\u00e1ryov\u00e1: Aj mal\u00e1 skupina odhodlan\u00fdch \u013eud\u00ed m\u00f4\u017ee zmeni\u0165 svet"}]},{"@type":"WebSite","@id":"https:\/\/www.upjs.sk\/filozoficka-fakulta\/#website","url":"https:\/\/www.upjs.sk\/filozoficka-fakulta\/","name":"Filozofick\u00e1 fakulta | UPJ\u0160","description":"","publisher":{"@id":"https:\/\/www.upjs.sk\/filozoficka-fakulta\/#organization"},"potentialAction":[{"@type":"SearchAction","target":{"@type":"EntryPoint","urlTemplate":"https:\/\/www.upjs.sk\/filozoficka-fakulta\/?s={search_term_string}"},"query-input":{"@type":"PropertyValueSpecification","valueRequired":true,"valueName":"search_term_string"}}],"inLanguage":"sk-SK"},{"@type":"Organization","@id":"https:\/\/www.upjs.sk\/filozoficka-fakulta\/#organization","name":"Filozofick\u00e1 fakulta | UPJ\u0160","url":"https:\/\/www.upjs.sk\/filozoficka-fakulta\/","logo":{"@type":"ImageObject","inLanguage":"sk-SK","@id":"https:\/\/www.upjs.sk\/filozoficka-fakulta\/#\/schema\/logo\/image\/","url":"https:\/\/www.upjs.sk\/app\/uploads\/sites\/7\/2022\/09\/logo-filozoficka-fakulta.png","contentUrl":"https:\/\/www.upjs.sk\/app\/uploads\/sites\/7\/2022\/09\/logo-filozoficka-fakulta.png","width":415,"height":87,"caption":"Filozofick\u00e1 fakulta | UPJ\u0160"},"image":{"@id":"https:\/\/www.upjs.sk\/filozoficka-fakulta\/#\/schema\/logo\/image\/"}}]}},"_links":{"self":[{"href":"https:\/\/www.upjs.sk\/filozoficka-fakulta\/wp-json\/wp\/v2\/cpt_aktuality\/59747","targetHints":{"allow":["GET"]}}],"collection":[{"href":"https:\/\/www.upjs.sk\/filozoficka-fakulta\/wp-json\/wp\/v2\/cpt_aktuality"}],"about":[{"href":"https:\/\/www.upjs.sk\/filozoficka-fakulta\/wp-json\/wp\/v2\/types\/cpt_aktuality"}],"author":[{"embeddable":true,"href":"https:\/\/www.upjs.sk\/filozoficka-fakulta\/wp-json\/wp\/v2\/users\/21"}],"version-history":[{"count":4,"href":"https:\/\/www.upjs.sk\/filozoficka-fakulta\/wp-json\/wp\/v2\/cpt_aktuality\/59747\/revisions"}],"predecessor-version":[{"id":59775,"href":"https:\/\/www.upjs.sk\/filozoficka-fakulta\/wp-json\/wp\/v2\/cpt_aktuality\/59747\/revisions\/59775"}],"wp:featuredmedia":[{"embeddable":true,"href":"https:\/\/www.upjs.sk\/filozoficka-fakulta\/wp-json\/wp\/v2\/media\/59750"}],"wp:attachment":[{"href":"https:\/\/www.upjs.sk\/filozoficka-fakulta\/wp-json\/wp\/v2\/media?parent=59747"}],"wp:term":[{"taxonomy":"category","embeddable":true,"href":"https:\/\/www.upjs.sk\/filozoficka-fakulta\/wp-json\/wp\/v2\/categories?post=59747"},{"taxonomy":"post_tag","embeddable":true,"href":"https:\/\/www.upjs.sk\/filozoficka-fakulta\/wp-json\/wp\/v2\/tags?post=59747"},{"taxonomy":"tax_aktuality","embeddable":true,"href":"https:\/\/www.upjs.sk\/filozoficka-fakulta\/wp-json\/wp\/v2\/tax_aktuality?post=59747"}],"curies":[{"name":"wp","href":"https:\/\/api.w.org\/{rel}","templated":true}]}}