{"id":56590,"date":"2025-09-18T13:15:36","date_gmt":"2025-09-18T12:15:36","guid":{"rendered":"https:\/\/www.upjs.sk\/filozoficka-fakulta\/?post_type=cpt_podujatia&#038;p=56590"},"modified":"2025-09-18T13:17:58","modified_gmt":"2025-09-18T12:17:58","slug":"nikdy-viac-je-teraz-25092025","status":"publish","type":"cpt_podujatia","link":"https:\/\/www.upjs.sk\/filozoficka-fakulta\/events\/nikdy-viac-je-teraz-25092025\/","title":{"rendered":"Nikdy viac je teraz!"},"content":{"rendered":"\n<p><strong><mark style=\"background-color:rgba(0, 0, 0, 0)\" class=\"has-inline-color has-filozoficka-f-color\">Katedra hist\u00f3rie Filozofickej fakulty UPJ\u0160 v Ko\u0161iciach<\/mark><\/strong>&nbsp;v spolupr\u00e1ci s&nbsp;<strong>Karpatskou platformou<\/strong>&nbsp;poz\u00fdvaj\u00fa na odborn\u00fa diskusiu pod n\u00e1zvom&nbsp;<strong>Nikdy viac je teraz!<\/strong><br>Podujatie sa uskuto\u010dn\u00ed pri pr\u00edle\u017eitosti D\u0148a obet\u00ed holokaustu a rasov\u00e9ho n\u00e1silia vo \u0161tvrtok&nbsp;<strong>25. septembra 2025 o 17.00 hod. v Historickej aule Rektor\u00e1tu UPJ\u0160<\/strong>&nbsp;na \u0160rob\u00e1rovej 2 v Ko\u0161iciach.<br>Pozvanie do diskusie prijali ved\u00faci M\u00fazea holokaustu v Seredi&nbsp;<strong>Martin Kor\u010dok<\/strong>, rab\u00edn&nbsp;<strong>Misha Kapustin<\/strong>&nbsp;(\u00dastredn\u00fd zv\u00e4z \u017eidovsk\u00fdch n\u00e1bo\u017eensk\u00fdch obc\u00ed v SR), historik&nbsp;<strong>Peter Borza<\/strong>&nbsp;(Katedra hist\u00f3rie Filozofickej fakulty&nbsp;UPJ\u0160 v Ko\u0161iciach) a politol\u00f3g&nbsp;<strong>Grigorij Mese\u017enikov<\/strong>&nbsp;(In\u0161tit\u00fat pre verejn\u00e9 ot\u00e1zky).<br>Diskusiu bude moderova\u0165&nbsp;<strong>Vikt\u00f3ria \u0160vig\u00e1rov\u00e1<\/strong>&nbsp;(Katedra hist\u00f3rie Filozofickej fakulty&nbsp;UPJ\u0160 v Ko\u0161iciach).<\/p>\n","protected":false},"excerpt":{"rendered":"<p>Katedra hist\u00f3rie Filozofickej fakulty UPJ\u0160 v Ko\u0161iciach&nbsp;v spolupr\u00e1ci s&nbsp;Karpatskou platformou&nbsp;poz\u00fdvaj\u00fa na odborn\u00fa diskusiu pod n\u00e1zvom&nbsp;Nikdy viac je teraz!Podujatie sa uskuto\u010dn\u00ed pri pr\u00edle\u017eitosti D\u0148a obet\u00ed holokaustu a rasov\u00e9ho n\u00e1silia vo \u0161tvrtok&nbsp;25. septembra 2025 o 17.00 hod. v Historickej aule Rektor\u00e1tu UPJ\u0160&nbsp;na \u0160rob\u00e1rovej 2 v Ko\u0161iciach.Pozvanie do diskusie prijali ved\u00faci M\u00fazea holokaustu v Seredi&nbsp;Martin Kor\u010dok, rab\u00edn&nbsp;Misha Kapustin&nbsp;(\u00dastredn\u00fd &hellip; <a href=\"https:\/\/www.upjs.sk\/filozoficka-fakulta\/events\/nikdy-viac-je-teraz-25092025\/\">\u010c\u00edta\u0165 \u010falej<\/a><\/p>\n","protected":false},"author":21,"featured_media":56561,"menu_order":0,"template":"","meta":{"_acf_changed":true,"_editorskit_title_hidden":false,"_editorskit_reading_time":0,"_editorskit_is_block_options_detached":false,"_editorskit_block_options_position":"{}"},"categories":[],"tags":[],"tax_aktuality":[],"class_list":["post-56590","cpt_podujatia","type-cpt_podujatia","status-publish","has-post-thumbnail","hentry"],"acf":{"acf_link_na_externy_obsah":"","cpt_udalost_datum_konania":"20250925","cpt_udalost_datum_koniec":"20250925","cpt_udalost_miesto_konania":"Historick\u00e1 aula UPJ\u0160","cpt_udalost_cas_konania":"17:00:00"},"yoast_head":"<!-- This site is optimized with the Yoast SEO plugin v27.4 - https:\/\/yoast.com\/product\/yoast-seo-wordpress\/ -->\n<title>Nikdy viac je teraz! - Filozofick\u00e1 fakulta | UPJ\u0160<\/title>\n<meta name=\"robots\" content=\"index, follow, max-snippet:-1, max-image-preview:large, max-video-preview:-1\" \/>\n<link rel=\"canonical\" href=\"https:\/\/www.upjs.sk\/filozoficka-fakulta\/events\/nikdy-viac-je-teraz-25092025\/\" \/>\n<meta property=\"og:locale\" content=\"sk_SK\" \/>\n<meta property=\"og:type\" content=\"article\" \/>\n<meta property=\"og:title\" content=\"Nikdy viac je teraz! - Filozofick\u00e1 fakulta | UPJ\u0160\" \/>\n<meta property=\"og:description\" content=\"Katedra hist\u00f3rie Filozofickej fakulty UPJ\u0160 v Ko\u0161iciach&nbsp;v spolupr\u00e1ci s&nbsp;Karpatskou platformou&nbsp;poz\u00fdvaj\u00fa na odborn\u00fa diskusiu pod n\u00e1zvom&nbsp;Nikdy viac je teraz!Podujatie sa uskuto\u010dn\u00ed pri pr\u00edle\u017eitosti D\u0148a obet\u00ed holokaustu a rasov\u00e9ho n\u00e1silia vo \u0161tvrtok&nbsp;25. septembra 2025 o 17.00 hod. v Historickej aule Rektor\u00e1tu UPJ\u0160&nbsp;na \u0160rob\u00e1rovej 2 v Ko\u0161iciach.Pozvanie do diskusie prijali ved\u00faci M\u00fazea holokaustu v Seredi&nbsp;Martin Kor\u010dok, rab\u00edn&nbsp;Misha Kapustin&nbsp;(\u00dastredn\u00fd &hellip; \u010c\u00edta\u0165 \u010falej\" \/>\n<meta property=\"og:url\" content=\"https:\/\/www.upjs.sk\/filozoficka-fakulta\/events\/nikdy-viac-je-teraz-25092025\/\" \/>\n<meta property=\"og:site_name\" content=\"Filozofick\u00e1 fakulta | UPJ\u0160\" \/>\n<meta property=\"article:modified_time\" content=\"2025-09-18T12:17:58+00:00\" \/>\n<meta property=\"og:image\" content=\"https:\/\/www.upjs.sk\/app\/uploads\/sites\/7\/2022\/04\/2025-09_Nikdy_viac_je_teraz_diskusia_KH_FFUPJS.jpg\" \/>\n\t<meta property=\"og:image:width\" content=\"509\" \/>\n\t<meta property=\"og:image:height\" content=\"720\" \/>\n\t<meta property=\"og:image:type\" content=\"image\/jpeg\" \/>\n<meta name=\"twitter:card\" content=\"summary_large_image\" \/>\n<meta name=\"twitter:label1\" content=\"Predpokladan\u00fd \u010das \u010d\u00edtania\" \/>\n\t<meta name=\"twitter:data1\" content=\"1 min\u00fata\" \/>\n<script type=\"application\/ld+json\" class=\"yoast-schema-graph\">{\"@context\":\"https:\\\/\\\/schema.org\",\"@graph\":[{\"@type\":\"WebPage\",\"@id\":\"https:\\\/\\\/www.upjs.sk\\\/filozoficka-fakulta\\\/events\\\/nikdy-viac-je-teraz-25092025\\\/\",\"url\":\"https:\\\/\\\/www.upjs.sk\\\/filozoficka-fakulta\\\/events\\\/nikdy-viac-je-teraz-25092025\\\/\",\"name\":\"Nikdy viac je teraz! - Filozofick\u00e1 fakulta | UPJ\u0160\",\"isPartOf\":{\"@id\":\"https:\\\/\\\/www.upjs.sk\\\/filozoficka-fakulta\\\/#website\"},\"primaryImageOfPage\":{\"@id\":\"https:\\\/\\\/www.upjs.sk\\\/filozoficka-fakulta\\\/events\\\/nikdy-viac-je-teraz-25092025\\\/#primaryimage\"},\"image\":{\"@id\":\"https:\\\/\\\/www.upjs.sk\\\/filozoficka-fakulta\\\/events\\\/nikdy-viac-je-teraz-25092025\\\/#primaryimage\"},\"thumbnailUrl\":\"https:\\\/\\\/www.upjs.sk\\\/app\\\/uploads\\\/sites\\\/7\\\/2022\\\/04\\\/2025-09_Nikdy_viac_je_teraz_diskusia_KH_FFUPJS.jpg\",\"datePublished\":\"2025-09-18T12:15:36+00:00\",\"dateModified\":\"2025-09-18T12:17:58+00:00\",\"breadcrumb\":{\"@id\":\"https:\\\/\\\/www.upjs.sk\\\/filozoficka-fakulta\\\/events\\\/nikdy-viac-je-teraz-25092025\\\/#breadcrumb\"},\"inLanguage\":\"sk-SK\",\"potentialAction\":[{\"@type\":\"ReadAction\",\"target\":[\"https:\\\/\\\/www.upjs.sk\\\/filozoficka-fakulta\\\/events\\\/nikdy-viac-je-teraz-25092025\\\/\"]}]},{\"@type\":\"ImageObject\",\"inLanguage\":\"sk-SK\",\"@id\":\"https:\\\/\\\/www.upjs.sk\\\/filozoficka-fakulta\\\/events\\\/nikdy-viac-je-teraz-25092025\\\/#primaryimage\",\"url\":\"https:\\\/\\\/www.upjs.sk\\\/app\\\/uploads\\\/sites\\\/7\\\/2022\\\/04\\\/2025-09_Nikdy_viac_je_teraz_diskusia_KH_FFUPJS.jpg\",\"contentUrl\":\"https:\\\/\\\/www.upjs.sk\\\/app\\\/uploads\\\/sites\\\/7\\\/2022\\\/04\\\/2025-09_Nikdy_viac_je_teraz_diskusia_KH_FFUPJS.jpg\",\"width\":509,\"height\":720},{\"@type\":\"BreadcrumbList\",\"@id\":\"https:\\\/\\\/www.upjs.sk\\\/filozoficka-fakulta\\\/events\\\/nikdy-viac-je-teraz-25092025\\\/#breadcrumb\",\"itemListElement\":[{\"@type\":\"ListItem\",\"position\":1,\"name\":\"Home\",\"item\":\"https:\\\/\\\/www.upjs.sk\\\/filozoficka-fakulta\\\/\"},{\"@type\":\"ListItem\",\"position\":2,\"name\":\"Podujatia\",\"item\":\"https:\\\/\\\/www.upjs.sk\\\/filozoficka-fakulta\\\/events\\\/\"},{\"@type\":\"ListItem\",\"position\":3,\"name\":\"Nikdy viac je teraz!\"}]},{\"@type\":\"WebSite\",\"@id\":\"https:\\\/\\\/www.upjs.sk\\\/filozoficka-fakulta\\\/#website\",\"url\":\"https:\\\/\\\/www.upjs.sk\\\/filozoficka-fakulta\\\/\",\"name\":\"Filozofick\u00e1 fakulta | UPJ\u0160\",\"description\":\"\",\"publisher\":{\"@id\":\"https:\\\/\\\/www.upjs.sk\\\/filozoficka-fakulta\\\/#organization\"},\"potentialAction\":[{\"@type\":\"SearchAction\",\"target\":{\"@type\":\"EntryPoint\",\"urlTemplate\":\"https:\\\/\\\/www.upjs.sk\\\/filozoficka-fakulta\\\/?s={search_term_string}\"},\"query-input\":{\"@type\":\"PropertyValueSpecification\",\"valueRequired\":true,\"valueName\":\"search_term_string\"}}],\"inLanguage\":\"sk-SK\"},{\"@type\":\"Organization\",\"@id\":\"https:\\\/\\\/www.upjs.sk\\\/filozoficka-fakulta\\\/#organization\",\"name\":\"Filozofick\u00e1 fakulta | UPJ\u0160\",\"url\":\"https:\\\/\\\/www.upjs.sk\\\/filozoficka-fakulta\\\/\",\"logo\":{\"@type\":\"ImageObject\",\"inLanguage\":\"sk-SK\",\"@id\":\"https:\\\/\\\/www.upjs.sk\\\/filozoficka-fakulta\\\/#\\\/schema\\\/logo\\\/image\\\/\",\"url\":\"https:\\\/\\\/www.upjs.sk\\\/app\\\/uploads\\\/sites\\\/7\\\/2022\\\/09\\\/logo-filozoficka-fakulta.png\",\"contentUrl\":\"https:\\\/\\\/www.upjs.sk\\\/app\\\/uploads\\\/sites\\\/7\\\/2022\\\/09\\\/logo-filozoficka-fakulta.png\",\"width\":415,\"height\":87,\"caption\":\"Filozofick\u00e1 fakulta | UPJ\u0160\"},\"image\":{\"@id\":\"https:\\\/\\\/www.upjs.sk\\\/filozoficka-fakulta\\\/#\\\/schema\\\/logo\\\/image\\\/\"}}]}<\/script>\n<!-- \/ Yoast SEO plugin. -->","yoast_head_json":{"title":"Nikdy viac je teraz! - Filozofick\u00e1 fakulta | UPJ\u0160","robots":{"index":"index","follow":"follow","max-snippet":"max-snippet:-1","max-image-preview":"max-image-preview:large","max-video-preview":"max-video-preview:-1"},"canonical":"https:\/\/www.upjs.sk\/filozoficka-fakulta\/events\/nikdy-viac-je-teraz-25092025\/","og_locale":"sk_SK","og_type":"article","og_title":"Nikdy viac je teraz! - Filozofick\u00e1 fakulta | UPJ\u0160","og_description":"Katedra hist\u00f3rie Filozofickej fakulty UPJ\u0160 v Ko\u0161iciach&nbsp;v spolupr\u00e1ci s&nbsp;Karpatskou platformou&nbsp;poz\u00fdvaj\u00fa na odborn\u00fa diskusiu pod n\u00e1zvom&nbsp;Nikdy viac je teraz!Podujatie sa uskuto\u010dn\u00ed pri pr\u00edle\u017eitosti D\u0148a obet\u00ed holokaustu a rasov\u00e9ho n\u00e1silia vo \u0161tvrtok&nbsp;25. septembra 2025 o 17.00 hod. v Historickej aule Rektor\u00e1tu UPJ\u0160&nbsp;na \u0160rob\u00e1rovej 2 v Ko\u0161iciach.Pozvanie do diskusie prijali ved\u00faci M\u00fazea holokaustu v Seredi&nbsp;Martin Kor\u010dok, rab\u00edn&nbsp;Misha Kapustin&nbsp;(\u00dastredn\u00fd &hellip; \u010c\u00edta\u0165 \u010falej","og_url":"https:\/\/www.upjs.sk\/filozoficka-fakulta\/events\/nikdy-viac-je-teraz-25092025\/","og_site_name":"Filozofick\u00e1 fakulta | UPJ\u0160","article_modified_time":"2025-09-18T12:17:58+00:00","og_image":[{"width":509,"height":720,"url":"https:\/\/www.upjs.sk\/app\/uploads\/sites\/7\/2022\/04\/2025-09_Nikdy_viac_je_teraz_diskusia_KH_FFUPJS.jpg","type":"image\/jpeg"}],"twitter_card":"summary_large_image","twitter_misc":{"Predpokladan\u00fd \u010das \u010d\u00edtania":"1 min\u00fata"},"schema":{"@context":"https:\/\/schema.org","@graph":[{"@type":"WebPage","@id":"https:\/\/www.upjs.sk\/filozoficka-fakulta\/events\/nikdy-viac-je-teraz-25092025\/","url":"https:\/\/www.upjs.sk\/filozoficka-fakulta\/events\/nikdy-viac-je-teraz-25092025\/","name":"Nikdy viac je teraz! - Filozofick\u00e1 fakulta | UPJ\u0160","isPartOf":{"@id":"https:\/\/www.upjs.sk\/filozoficka-fakulta\/#website"},"primaryImageOfPage":{"@id":"https:\/\/www.upjs.sk\/filozoficka-fakulta\/events\/nikdy-viac-je-teraz-25092025\/#primaryimage"},"image":{"@id":"https:\/\/www.upjs.sk\/filozoficka-fakulta\/events\/nikdy-viac-je-teraz-25092025\/#primaryimage"},"thumbnailUrl":"https:\/\/www.upjs.sk\/app\/uploads\/sites\/7\/2022\/04\/2025-09_Nikdy_viac_je_teraz_diskusia_KH_FFUPJS.jpg","datePublished":"2025-09-18T12:15:36+00:00","dateModified":"2025-09-18T12:17:58+00:00","breadcrumb":{"@id":"https:\/\/www.upjs.sk\/filozoficka-fakulta\/events\/nikdy-viac-je-teraz-25092025\/#breadcrumb"},"inLanguage":"sk-SK","potentialAction":[{"@type":"ReadAction","target":["https:\/\/www.upjs.sk\/filozoficka-fakulta\/events\/nikdy-viac-je-teraz-25092025\/"]}]},{"@type":"ImageObject","inLanguage":"sk-SK","@id":"https:\/\/www.upjs.sk\/filozoficka-fakulta\/events\/nikdy-viac-je-teraz-25092025\/#primaryimage","url":"https:\/\/www.upjs.sk\/app\/uploads\/sites\/7\/2022\/04\/2025-09_Nikdy_viac_je_teraz_diskusia_KH_FFUPJS.jpg","contentUrl":"https:\/\/www.upjs.sk\/app\/uploads\/sites\/7\/2022\/04\/2025-09_Nikdy_viac_je_teraz_diskusia_KH_FFUPJS.jpg","width":509,"height":720},{"@type":"BreadcrumbList","@id":"https:\/\/www.upjs.sk\/filozoficka-fakulta\/events\/nikdy-viac-je-teraz-25092025\/#breadcrumb","itemListElement":[{"@type":"ListItem","position":1,"name":"Home","item":"https:\/\/www.upjs.sk\/filozoficka-fakulta\/"},{"@type":"ListItem","position":2,"name":"Podujatia","item":"https:\/\/www.upjs.sk\/filozoficka-fakulta\/events\/"},{"@type":"ListItem","position":3,"name":"Nikdy viac je teraz!"}]},{"@type":"WebSite","@id":"https:\/\/www.upjs.sk\/filozoficka-fakulta\/#website","url":"https:\/\/www.upjs.sk\/filozoficka-fakulta\/","name":"Filozofick\u00e1 fakulta | UPJ\u0160","description":"","publisher":{"@id":"https:\/\/www.upjs.sk\/filozoficka-fakulta\/#organization"},"potentialAction":[{"@type":"SearchAction","target":{"@type":"EntryPoint","urlTemplate":"https:\/\/www.upjs.sk\/filozoficka-fakulta\/?s={search_term_string}"},"query-input":{"@type":"PropertyValueSpecification","valueRequired":true,"valueName":"search_term_string"}}],"inLanguage":"sk-SK"},{"@type":"Organization","@id":"https:\/\/www.upjs.sk\/filozoficka-fakulta\/#organization","name":"Filozofick\u00e1 fakulta | UPJ\u0160","url":"https:\/\/www.upjs.sk\/filozoficka-fakulta\/","logo":{"@type":"ImageObject","inLanguage":"sk-SK","@id":"https:\/\/www.upjs.sk\/filozoficka-fakulta\/#\/schema\/logo\/image\/","url":"https:\/\/www.upjs.sk\/app\/uploads\/sites\/7\/2022\/09\/logo-filozoficka-fakulta.png","contentUrl":"https:\/\/www.upjs.sk\/app\/uploads\/sites\/7\/2022\/09\/logo-filozoficka-fakulta.png","width":415,"height":87,"caption":"Filozofick\u00e1 fakulta | UPJ\u0160"},"image":{"@id":"https:\/\/www.upjs.sk\/filozoficka-fakulta\/#\/schema\/logo\/image\/"}}]}},"_links":{"self":[{"href":"https:\/\/www.upjs.sk\/filozoficka-fakulta\/wp-json\/wp\/v2\/cpt_podujatia\/56590","targetHints":{"allow":["GET"]}}],"collection":[{"href":"https:\/\/www.upjs.sk\/filozoficka-fakulta\/wp-json\/wp\/v2\/cpt_podujatia"}],"about":[{"href":"https:\/\/www.upjs.sk\/filozoficka-fakulta\/wp-json\/wp\/v2\/types\/cpt_podujatia"}],"author":[{"embeddable":true,"href":"https:\/\/www.upjs.sk\/filozoficka-fakulta\/wp-json\/wp\/v2\/users\/21"}],"wp:featuredmedia":[{"embeddable":true,"href":"https:\/\/www.upjs.sk\/filozoficka-fakulta\/wp-json\/wp\/v2\/media\/56561"}],"wp:attachment":[{"href":"https:\/\/www.upjs.sk\/filozoficka-fakulta\/wp-json\/wp\/v2\/media?parent=56590"}],"wp:term":[{"taxonomy":"category","embeddable":true,"href":"https:\/\/www.upjs.sk\/filozoficka-fakulta\/wp-json\/wp\/v2\/categories?post=56590"},{"taxonomy":"post_tag","embeddable":true,"href":"https:\/\/www.upjs.sk\/filozoficka-fakulta\/wp-json\/wp\/v2\/tags?post=56590"},{"taxonomy":"tax_aktuality","embeddable":true,"href":"https:\/\/www.upjs.sk\/filozoficka-fakulta\/wp-json\/wp\/v2\/tax_aktuality?post=56590"}],"curies":[{"name":"wp","href":"https:\/\/api.w.org\/{rel}","templated":true}]}}