{"id":12914,"date":"2022-06-10T08:03:06","date_gmt":"2022-06-10T08:03:06","guid":{"rendered":"https:\/\/www.upjs.sk\/filozoficka-fakulta\/pracoviska\/root\/katedra-historie\/9172-2\/"},"modified":"2026-04-13T10:50:56","modified_gmt":"2026-04-13T09:50:56","slug":"9172-2","status":"publish","type":"cpt_pracoviska","link":"https:\/\/www.upjs.sk\/filozoficka-fakulta\/pracoviska\/katedra-historie\/9172-2\/","title":{"rendered":"Konferencie a podujatia Katedry hist\u00f3rie"},"content":{"rendered":"<style>.kadence-column12914_e515fe-35 > .kt-inside-inner-col{padding-right:0px;padding-left:var(--global-kb-spacing-xs, 1rem);}.kadence-column12914_e515fe-35 > .kt-inside-inner-col,.kadence-column12914_e515fe-35 > .kt-inside-inner-col:before{border-top-left-radius:0px;border-top-right-radius:0px;border-bottom-right-radius:0px;border-bottom-left-radius:0px;}.kadence-column12914_e515fe-35 > .kt-inside-inner-col{column-gap:var(--global-kb-gap-sm, 1rem);}.kadence-column12914_e515fe-35 > .kt-inside-inner-col{flex-direction:column;}.kadence-column12914_e515fe-35 > .kt-inside-inner-col > .aligncenter{width:100%;}.kadence-column12914_e515fe-35 > .kt-inside-inner-col{background-color:#F4F4F4;}.kadence-column12914_e515fe-35 > .kt-inside-inner-col:before{opacity:0.3;}.kadence-column12914_e515fe-35{position:relative;}@media all and (max-width: 1024px){.kadence-column12914_e515fe-35 > .kt-inside-inner-col{flex-direction:column;justify-content:center;}}@media all and (max-width: 767px){.kadence-column12914_e515fe-35 > .kt-inside-inner-col{flex-direction:column;justify-content:center;}}<\/style>\n<div class=\"wp-block-kadence-column kadence-column12914_e515fe-35\"><div class=\"kt-inside-inner-col\"><style>.kb-row-layout-id12914_b5a6bd-60 > .kt-row-column-wrap{align-content:start;}:where(.kb-row-layout-id12914_b5a6bd-60 > .kt-row-column-wrap) > .wp-block-kadence-column{justify-content:start;}.kb-row-layout-id12914_b5a6bd-60 > .kt-row-column-wrap{column-gap:var(--global-kb-gap-md, 2rem);row-gap:var(--global-kb-gap-md, 2rem);padding-top:var(--global-kb-spacing-xxs, 0.5rem);grid-template-columns:minmax(0, 2fr) minmax(0, 1fr);}.kb-row-layout-id12914_b5a6bd-60 > .kt-row-layout-overlay{opacity:0.30;}@media all and (max-width: 1024px){.kb-row-layout-id12914_b5a6bd-60 > .kt-row-column-wrap{grid-template-columns:minmax(0, 2fr) minmax(0, 1fr);}}@media all and (max-width: 767px){.kb-row-layout-id12914_b5a6bd-60 > .kt-row-column-wrap{grid-template-columns:minmax(0, 1fr);}}<\/style><div class=\"kb-row-layout-wrap kb-row-layout-id12914_b5a6bd-60 alignnone wp-block-kadence-rowlayout\"><div class=\"kt-row-column-wrap kt-has-2-columns kt-row-layout-left-golden kt-tab-layout-inherit kt-mobile-layout-row kt-row-valign-top\">\n<style>.kadence-column12914_73dc70-3d > .kt-inside-inner-col,.kadence-column12914_73dc70-3d > .kt-inside-inner-col:before{border-top-left-radius:0px;border-top-right-radius:0px;border-bottom-right-radius:0px;border-bottom-left-radius:0px;}.kadence-column12914_73dc70-3d > .kt-inside-inner-col{column-gap:var(--global-kb-gap-sm, 1rem);}.kadence-column12914_73dc70-3d > .kt-inside-inner-col{flex-direction:column;}.kadence-column12914_73dc70-3d > .kt-inside-inner-col > .aligncenter{width:100%;}.kadence-column12914_73dc70-3d > .kt-inside-inner-col:before{opacity:0.3;}.kadence-column12914_73dc70-3d{position:relative;}@media all and (max-width: 1024px){.kadence-column12914_73dc70-3d > .kt-inside-inner-col{flex-direction:column;justify-content:center;}}@media all and (max-width: 767px){.kadence-column12914_73dc70-3d > .kt-inside-inner-col{flex-direction:column;justify-content:center;}}<\/style>\n<div class=\"wp-block-kadence-column kadence-column12914_73dc70-3d\"><div class=\"kt-inside-inner-col\">\n<p>Katedra hist\u00f3rie Filozofickej fakulty Univerzity Pavla Jozefa \u0160af\u00e1rika v Ko\u0161iciach realizuje r\u00f4zne vedeck\u00e9 i populariza\u010dn\u00e9 aktivity. Z vlastn\u00fdch projektov aj zo spolupr\u00e1ce s \u010fal\u0161\u00edmi pracoviskami vypl\u00fdvaj\u00fa&nbsp;<strong><a aria-label=\"vedeck\u00e9 konferencie a workshopy (opens in a new tab)\" href=\"https:\/\/www.upjs.sk\/filozoficka-fakulta\/pracoviska\/katedra-historie\/9172-2\/15788-2\/\" target=\"_blank\" rel=\"noreferrer noopener\" class=\"ek-link\">vedeck\u00e9 konferencie a workshopy<\/a><\/strong>. Patria k nim tie\u017e prezent\u00e1cie publikovan\u00fdch monografi\u00ed a zborn\u00edkov. Spomedzi odborn\u00fdch podujat\u00ed si z\u00edskalo&nbsp;trad\u00edciu <strong><a aria-label=\"Stretnutie mlad\u00fdch historikov (opens in a new tab)\" href=\"https:\/\/www.upjs.sk\/filozoficka-fakulta\/pracoviska\/katedra-historie\/9172-2\/15789-2\/\" target=\"_blank\" rel=\"noreferrer noopener\" class=\"ek-link\">Stretnutie mlad\u00fdch historikov<\/a><\/strong>, na ktorom doktorandi zo Slovenska i susedn\u00fdch kraj\u00edn prezentuj\u00fa \u010das\u0165 svojich&nbsp;v\u00fdskumov za diskusie s \u010fal\u0161\u00edmi historikmi. Po\u010das semestra maj\u00fa \u0161tudenti mo\u017enos\u0165 nav\u0161t\u00edvi\u0165&nbsp;<strong><a aria-label=\"hos\u0165ovsk\u00e9 predn\u00e1\u0161ky (opens in a new tab)\" href=\"https:\/\/www.upjs.sk\/filozoficka-fakulta\/pracoviska\/katedra-historie\/9172-2\/15790-2\/\" target=\"_blank\" rel=\"noreferrer noopener\" class=\"ek-link\">hos\u0165ovsk\u00e9 predn\u00e1\u0161ky<\/a>&nbsp;<\/strong>v podan\u00ed&nbsp;pozvan\u00fdch mimokatedrov\u00fdch&nbsp;slovensk\u00fdch i zahrani\u010dn\u00fdch odborn\u00edkov.&nbsp;T\u00ed najakt\u00edvnej\u0161\u00ed z radov \u0161tudentov predstavuj\u00fa svoje pr\u00e1ce na <strong><a aria-label=\"\u0160tudentskej vedeckej konferencii (opens in a new tab)\" href=\"https:\/\/www.upjs.sk\/filozoficka-fakulta\/pracoviska\/katedra-historie\/9172-2\/15791-2\/\" target=\"_blank\" rel=\"noreferrer noopener\" class=\"ek-link\">\u0160tudentskej vedeckej konferencii<\/a><\/strong>. <\/p>\n\n\n\n<p>Viacer\u00e9 podujatia s\u00fa v\u0161ak ur\u010den\u00e9 pre v\u0161etk\u00fdch&nbsp;z\u00e1ujemcov&nbsp;o dejiny. Takto v rokoch 2013 a\u017e 2016 katedra&nbsp;v spolupr\u00e1ci s \u00dastavom pam\u00e4ti n\u00e1roda usporiadala po\u010detn\u00e9&nbsp;<strong><a aria-label=\"Diskusn\u00e9 ve\u010dery (opens in a new tab)\" href=\"https:\/\/www.upjs.sk\/filozoficka-fakulta\/pracoviska\/katedra-historie\/9172-2\/15792-2\/\" target=\"_blank\" rel=\"noreferrer noopener\" class=\"ek-link\">Diskusn\u00e9 ve\u010dery<\/a><\/strong><a href=\"\/filozoficka-fakulta\/katedra-historie\/15792\" target=\"_blank\" rel=\"noreferrer noopener\" class=\"ek-link\"> <\/a>zameran\u00e9 na r\u00f4zne politick\u00e9 a spolo\u010densk\u00e9 t\u00e9my dej\u00edn Slovenska v 20. storo\u010d\u00ed. Zamestnanci katedry spolo\u010dne so&nbsp;\u0161tudentmi organizuj\u00fa&nbsp;\u010fal\u0161ie <strong><a aria-label=\"aktivity&nbsp;pre verejnos\u0165 a \u0161tudentov (opens in a new tab)\" href=\"https:\/\/www.upjs.sk\/filozoficka-fakulta\/pracoviska\/katedra-historie\/9172-2\/15794-2\/\" target=\"_blank\" rel=\"noreferrer noopener\" class=\"ek-link\">aktivity&nbsp;pre verejnos\u0165 a \u0161tudentov<\/a><\/strong>, medzi ak\u00e9 patria workshopy,&nbsp;\u0161tudentsk\u00e9 exkurzie, ale tie\u017e podujatia pre \u0161irok\u00fd&nbsp;okruh n\u00e1v\u0161tevn\u00edkov,&nbsp;prostredn\u00edctvom ktor\u00fdch sa poukazuje na s\u00favislosti dejinn\u00fdch udalost\u00ed so spolo\u010densk\u00fdmi t\u00e9mami aktu\u00e1lnymi&nbsp;v s\u00fa\u010dasnosti. Viac o na\u0161ich aktivit\u00e1ch sa dozviete na <strong><a href=\"https:\/\/www.facebook.com\/KatedraHistorieFFUPJS\/\" target=\"_blank\" aria-label=\"Facebook (opens in a new tab)\" rel=\"noreferrer noopener\" class=\"ek-link\">Facebook<\/a><\/strong>-u. <\/p>\n<\/div><\/div>\n\n\n<style>.kadence-column12914_e855c5-08 > .kt-inside-inner-col{display:flex;}.kadence-column12914_e855c5-08 > .kt-inside-inner-col,.kadence-column12914_e855c5-08 > .kt-inside-inner-col:before{border-top-left-radius:0px;border-top-right-radius:0px;border-bottom-right-radius:0px;border-bottom-left-radius:0px;}.kadence-column12914_e855c5-08 > .kt-inside-inner-col{column-gap:var(--global-kb-gap-sm, 1rem);}.kadence-column12914_e855c5-08 > .kt-inside-inner-col{flex-direction:column;justify-content:flex-start;}.kadence-column12914_e855c5-08 > .kt-inside-inner-col > .aligncenter{width:100%;}.kt-row-column-wrap > .kadence-column12914_e855c5-08{align-self:flex-start;}.kt-inner-column-height-full:not(.kt-has-1-columns) > .wp-block-kadence-column.kadence-column12914_e855c5-08{align-self:auto;}.kt-inner-column-height-full:not(.kt-has-1-columns) > .wp-block-kadence-column.kadence-column12914_e855c5-08 > .kt-inside-inner-col{flex-direction:column;justify-content:flex-start;}.kadence-column12914_e855c5-08 > .kt-inside-inner-col:before{opacity:0.3;}.kadence-column12914_e855c5-08{position:relative;}@media all and (max-width: 1024px){.kt-row-column-wrap > .kadence-column12914_e855c5-08{align-self:flex-start;}}@media all and (max-width: 1024px){.kt-inner-column-height-full:not(.kt-has-1-columns) > .wp-block-kadence-column.kadence-column12914_e855c5-08{align-self:auto;}}@media all and (max-width: 1024px){.kt-inner-column-height-full:not(.kt-has-1-columns) > .wp-block-kadence-column.kadence-column12914_e855c5-08 > .kt-inside-inner-col{flex-direction:column;justify-content:flex-start;}}@media all and (max-width: 1024px){.kadence-column12914_e855c5-08 > .kt-inside-inner-col{flex-direction:column;justify-content:flex-start;}}@media all and (max-width: 767px){.kt-row-column-wrap > .kadence-column12914_e855c5-08{align-self:flex-start;}.kt-inner-column-height-full:not(.kt-has-1-columns) > .wp-block-kadence-column.kadence-column12914_e855c5-08{align-self:auto;}.kt-inner-column-height-full:not(.kt-has-1-columns) > .wp-block-kadence-column.kadence-column12914_e855c5-08 > .kt-inside-inner-col{flex-direction:column;justify-content:flex-start;}.kadence-column12914_e855c5-08 > .kt-inside-inner-col{flex-direction:column;justify-content:flex-start;}}<\/style>\n<div class=\"wp-block-kadence-column kadence-column12914_e855c5-08\"><div class=\"kt-inside-inner-col\"><style>.kadence-column12914_507fb9-33 > .kt-inside-inner-col{display:flex;}.kadence-column12914_507fb9-33 > .kt-inside-inner-col,.kadence-column12914_507fb9-33 > .kt-inside-inner-col:before{border-top-left-radius:0px;border-top-right-radius:0px;border-bottom-right-radius:0px;border-bottom-left-radius:0px;}.kadence-column12914_507fb9-33 > .kt-inside-inner-col{column-gap:var(--global-kb-gap-sm, 1rem);}.kadence-column12914_507fb9-33 > .kt-inside-inner-col{flex-direction:column;justify-content:center;}.kadence-column12914_507fb9-33 > .kt-inside-inner-col > .aligncenter{width:100%;}.kt-row-column-wrap > .kadence-column12914_507fb9-33{align-self:center;}.kt-inner-column-height-full:not(.kt-has-1-columns) > .wp-block-kadence-column.kadence-column12914_507fb9-33{align-self:auto;}.kt-inner-column-height-full:not(.kt-has-1-columns) > .wp-block-kadence-column.kadence-column12914_507fb9-33 > .kt-inside-inner-col{flex-direction:column;justify-content:center;}.kadence-column12914_507fb9-33 > .kt-inside-inner-col:before{opacity:0.3;}.kadence-column12914_507fb9-33{position:relative;}@media all and (max-width: 1024px){.kt-row-column-wrap > .kadence-column12914_507fb9-33{align-self:center;}}@media all and (max-width: 1024px){.kt-inner-column-height-full:not(.kt-has-1-columns) > .wp-block-kadence-column.kadence-column12914_507fb9-33{align-self:auto;}}@media all and (max-width: 1024px){.kt-inner-column-height-full:not(.kt-has-1-columns) > .wp-block-kadence-column.kadence-column12914_507fb9-33 > .kt-inside-inner-col{flex-direction:column;justify-content:center;}}@media all and (max-width: 1024px){.kadence-column12914_507fb9-33 > .kt-inside-inner-col{flex-direction:column;justify-content:center;}}@media all and (max-width: 767px){.kt-row-column-wrap > .kadence-column12914_507fb9-33{align-self:center;}.kt-inner-column-height-full:not(.kt-has-1-columns) > .wp-block-kadence-column.kadence-column12914_507fb9-33{align-self:auto;}.kt-inner-column-height-full:not(.kt-has-1-columns) > .wp-block-kadence-column.kadence-column12914_507fb9-33 > .kt-inside-inner-col{flex-direction:column;justify-content:center;}.kadence-column12914_507fb9-33 > .kt-inside-inner-col{flex-direction:column;justify-content:center;}}<\/style>\n<div class=\"wp-block-kadence-column kadence-column12914_507fb9-33\"><div class=\"kt-inside-inner-col\"><style>.kb-image12914_760c18-66 .kb-image-has-overlay:after{opacity:0.3;}<\/style>\n<div class=\"wp-block-kadence-image kb-image12914_760c18-66\"><figure class=\"aligncenter size-full\"><img loading=\"lazy\" decoding=\"async\" width=\"960\" height=\"720\" src=\"https:\/\/www.upjs.sk\/app\/uploads\/sites\/7\/2022\/06\/Podujatia_KH_FF_UPJS.jpg\" alt=\"\" class=\"kb-img wp-image-48387\" srcset=\"https:\/\/www.upjs.sk\/app\/uploads\/sites\/7\/2022\/06\/Podujatia_KH_FF_UPJS.jpg 960w, https:\/\/www.upjs.sk\/app\/uploads\/sites\/7\/2022\/06\/Podujatia_KH_FF_UPJS-300x225.jpg 300w, https:\/\/www.upjs.sk\/app\/uploads\/sites\/7\/2022\/06\/Podujatia_KH_FF_UPJS-768x576.jpg 768w\" sizes=\"auto, (max-width: 960px) 100vw, 960px\" \/><\/figure><\/div>\n<\/div><\/div>\n<\/div><\/div>\n\n<\/div><\/div><\/div><\/div>\n\n\n<style>.wp-block-kadence-spacer.kt-block-spacer-12914_d272ae-d0 .kt-block-spacer{height:90px;}.wp-block-kadence-spacer.kt-block-spacer-12914_d272ae-d0 .kt-divider{border-top-width:1px;height:1px;border-top-color:#C19152;width:80%;border-top-style:solid;}<\/style>\n<div class=\"wp-block-kadence-spacer aligncenter kt-block-spacer-12914_d272ae-d0\"><div class=\"kt-block-spacer kt-block-spacer-halign-left\"><hr class=\"kt-divider\"\/><\/div><\/div>\n\n\n\n<h2 class=\"wp-block-heading has-zakladna-zlata-color has-text-color has-link-color wp-elements-640b5d6eee35dc05e546974201167438\">S\u00fahrnn\u00fd preh\u013ead<\/h2>\n\n\n\n<div style=\"height:70px\" aria-hidden=\"true\" class=\"wp-block-spacer\"><\/div>\n\n\n<style>.kadence-column12914_b2e62c-28 > .kt-inside-inner-col,.kadence-column12914_b2e62c-28 > .kt-inside-inner-col:before{border-top-left-radius:0px;border-top-right-radius:0px;border-bottom-right-radius:0px;border-bottom-left-radius:0px;}.kadence-column12914_b2e62c-28 > .kt-inside-inner-col{column-gap:var(--global-kb-gap-sm, 1rem);}.kadence-column12914_b2e62c-28 > .kt-inside-inner-col{flex-direction:column;}.kadence-column12914_b2e62c-28 > .kt-inside-inner-col > .aligncenter{width:100%;}.kadence-column12914_b2e62c-28 > .kt-inside-inner-col{background-color:#F4F4F4;}.kadence-column12914_b2e62c-28 > .kt-inside-inner-col:before{opacity:0.3;}.kadence-column12914_b2e62c-28{position:relative;}@media all and (max-width: 1024px){.kadence-column12914_b2e62c-28 > .kt-inside-inner-col{flex-direction:column;justify-content:center;}}@media all and (max-width: 767px){.kadence-column12914_b2e62c-28 > .kt-inside-inner-col{flex-direction:column;justify-content:center;}}<\/style>\n<div class=\"wp-block-kadence-column kadence-column12914_b2e62c-28\"><div class=\"kt-inside-inner-col\"><style>.kt-accordion-id12914_044d50-0f .kt-accordion-inner-wrap{column-gap:var(--global-kb-gap-md, 2rem);row-gap:8px;}.kt-accordion-id12914_044d50-0f .kt-accordion-panel-inner{background:#F4F4F4;padding-top:var(--global-kb-spacing-sm, 1.5rem);padding-right:var(--global-kb-spacing-sm, 1.5rem);padding-bottom:var(--global-kb-spacing-sm, 1.5rem);padding-left:var(--global-kb-spacing-sm, 1.5rem);}.kt-accordion-id12914_044d50-0f .wp-block-kadence-pane .kt-accordion-header-wrap .kt-blocks-accordion-header{background:#F4F4F4;color:#C19152;padding-top:var(--global-kb-spacing-xxs, 0.5rem);padding-right:var(--global-kb-spacing-xs, 1rem);padding-bottom:var(--global-kb-spacing-xxs, 0.5rem);padding-left:var(--global-kb-spacing-xs, 1rem);}.kt-accordion-id12914_044d50-0f:not( .kt-accodion-icon-style-basiccircle ):not( .kt-accodion-icon-style-xclosecircle ):not( .kt-accodion-icon-style-arrowcircle ) .kt-blocks-accordion-icon-trigger:after, .kt-accordion-id12914_044d50-0f:not( .kt-accodion-icon-style-basiccircle ):not( .kt-accodion-icon-style-xclosecircle ):not( .kt-accodion-icon-style-arrowcircle ) .kt-blocks-accordion-icon-trigger:before{background:#C19152;}.kt-accordion-id12914_044d50-0f:not( .kt-accodion-icon-style-basic ):not( .kt-accodion-icon-style-xclose ):not( .kt-accodion-icon-style-arrow ) .kt-blocks-accordion-icon-trigger{background:#C19152;}.kt-accordion-id12914_044d50-0f:not( .kt-accodion-icon-style-basic ):not( .kt-accodion-icon-style-xclose ):not( .kt-accodion-icon-style-arrow ) .kt-blocks-accordion-icon-trigger:after, .kt-accordion-id12914_044d50-0f:not( .kt-accodion-icon-style-basic ):not( .kt-accodion-icon-style-xclose ):not( .kt-accodion-icon-style-arrow ) .kt-blocks-accordion-icon-trigger:before{background:#F4F4F4;}@media all and (max-width: 767px){.kt-accordion-id12914_044d50-0f .kt-accordion-inner-wrap{display:block;}.kt-accordion-id12914_044d50-0f .kt-accordion-inner-wrap .kt-accordion-pane:not(:first-child){margin-top:8px;}}<\/style>\n<div class=\"wp-block-kadence-accordion alignnone\"><div class=\"kt-accordion-wrap kt-accordion-id12914_044d50-0f kt-accordion-has-17-panes kt-active-pane-0 kt-accordion-block kt-pane-header-alignment-left kt-accodion-icon-style-arrow kt-accodion-icon-side-left\" style=\"max-width:none\"><div class=\"kt-accordion-inner-wrap\" data-allow-multiple-open=\"false\" data-start-open=\"none\">\n<div class=\"wp-block-kadence-pane kt-accordion-pane kt-accordion-pane-17 kt-pane12914_58c731-a5\"><div class=\"kt-accordion-header-wrap\"><button class=\"kt-blocks-accordion-header kt-acccordion-button-label-show\" type=\"button\"><span class=\"kt-blocks-accordion-title-wrap\"><span class=\"kt-blocks-accordion-title\"><strong>2026<\/strong><\/span><\/span><span class=\"kt-blocks-accordion-icon-trigger\"><\/span><\/button><\/div><div class=\"kt-accordion-panel kt-accordion-panel-hidden\"><div class=\"kt-accordion-panel-inner\">\n<ul class=\"wp-block-list\">\n<li><strong>14\/04\/2026:<\/strong> <strong>Pov\u00e1le\u010dn\u00fd v\u00fdvoj Jugosl\u00e1vie v kontextu balk\u00e1nsk\u00e9 a mezin\u00e1rodn\u00ed politiky po roce 1945: p\u0159\u00edpadov\u00e1 studie SR Bosny a Hercegoviny<\/strong>, predn\u00e1\u0161ka doc. Mgr. Ond\u0159eja \u017d\u00edlu, PhD., z Fakulty soci\u00e1lnych vied Univerzity Karlovej v Prahe, Ko\u0161ice (<a href=\"https:\/\/www.upjs.sk\/app\/uploads\/sites\/7\/2019\/02\/2026-04_Hostovska_prednaska_Zila_KH_FF_UPJS.jpg\">plag\u00e1t<\/a>)<\/li>\n\n\n\n<li><strong>08\/04\/2026:<\/strong> <strong>The Black Death and the Auxiliary Sciences &#8211; Methods to Understand a Historical Cataclysm<\/strong>, predn\u00e1\u0161ka doc. Andr\u00e1sa Vadasa z E\u00f6tv\u00f6s Lor\u00e1nd University v Budape\u0161ti, Ko\u0161ice (<a href=\"https:\/\/www.upjs.sk\/app\/uploads\/sites\/7\/2019\/02\/2026-04_Hostovska_prednaska_Vadas_KH_FF_UPJS.pdf\">plag\u00e1t<\/a>)<\/li>\n\n\n\n<li><strong>26\/03\/2026:<\/strong> <strong>Bookclub &amp; Bookswap<\/strong>, podujatie organizovan\u00e9 \u0161tudentsk\u00fdm spolkom Universitas, Ko\u0161ice (<a href=\"https:\/\/www.upjs.sk\/app\/uploads\/sites\/7\/2022\/04\/2026-03_Universitas_Bookswap.jpg\">plag\u00e1t<\/a>)<\/li>\n\n\n\n<li><strong>20\/03\/2026:<\/strong> <strong>Dominik\u00e1ni v provincii Hungaria v 13. storo\u010d\u00ed<\/strong>, predn\u00e1\u0161ka PhDr. Mgr. Gabriela Petra Hun\u010dagu OP, PhD., univ. doc. z Teologickej fakulty Trnavskej univerzity v Trnave a Institutum Historicum Ordinis Praedicatorum v R\u00edme, miestnos\u0165 AP2P4, \u010das 9:50, Ko\u0161ice<\/li>\n\n\n\n<li><strong>18\/02\/2026:<\/strong> <strong>Medi\u00e1ln\u00ed prezentace d\u011bjin &#8211; dokument\u00e1rn\u00ed film jako reflexe minulosti<\/strong>, predn\u00e1\u0161ka Mgr. Milana Hesa, Ph.D. z Univerzity J. E. Purkyn\u011b v \u00dast\u00ed nad Labem, Ko\u0161ice (<a href=\"https:\/\/www.upjs.sk\/app\/uploads\/sites\/7\/2019\/02\/2026-02_Hostovska_prednaska_medialni_prezentace_dejin_Hes.jpg\">plag\u00e1t<\/a>)<\/li>\n\n\n\n<li><strong>09 a 12\/02\/2026:<\/strong> <strong>Diskusia s Jurajom Vargom z EuroClia a CEDINU + Historick\u00fd poh\u00e1rik<\/strong>, podujatia organizovan\u00e9 \u0161tudentsk\u00fdm spolkom Universitas, Ko\u0161ice (<a href=\"https:\/\/www.upjs.sk\/app\/uploads\/sites\/7\/2022\/04\/2026-02_Diskusia_Juraj_Varga_Universitas_KH_FF_UPJS.jpg\">program<\/a>, <a href=\"https:\/\/www.upjs.sk\/app\/uploads\/sites\/7\/2022\/04\/Universitas_studentsky_spolok_KH_FF_UPJS.jpg\">Universitas<\/a>)<\/li>\n\n\n\n<li><strong>06\/02\/2026:<\/strong> <strong>De\u0148 otvoren\u00fdch dver\u00ed<\/strong>, podujatie na FF UPJ\u0160 pre potenci\u00e1lnych \u0161tudentov, Ko\u0161ice (<a href=\"http:\/\/chrome-extension:\/\/efaidnbmnnnibpcajpcglclefindmkaj\/https:\/\/www.upjs.sk\/app\/uploads\/sites\/7\/2026\/01\/DOD-FF-UPJS-2026-program.pdf\">inform\u00e1cie<\/a>, <a href=\"https:\/\/www.upjs.sk\/app\/uploads\/sites\/7\/2022\/04\/Katedra_historie_UPJS_DOD_2026.jpg\">na\u0161a katedra<\/a>)<\/li>\n<\/ul>\n<\/div><\/div><\/div>\n\n\n\n<div class=\"wp-block-kadence-pane kt-accordion-pane kt-accordion-pane-16 kt-pane12914_8e9e38-02\"><div class=\"kt-accordion-header-wrap\"><button class=\"kt-blocks-accordion-header kt-acccordion-button-label-show\" type=\"button\"><span class=\"kt-blocks-accordion-title-wrap\"><span class=\"kt-blocks-accordion-title\"><strong>2025<\/strong><\/span><\/span><span class=\"kt-blocks-accordion-icon-trigger\"><\/span><\/button><\/div><div class=\"kt-accordion-panel kt-accordion-panel-hidden\"><div class=\"kt-accordion-panel-inner\">\n<ul class=\"wp-block-list\">\n<li><strong>01\/12\/2025:<\/strong> <strong>\u0160tudentsk\u00e1 vedeck\u00e1 konferencia<\/strong> <strong>XV.<\/strong>, Ko\u0161ice (<a href=\"https:\/\/www.upjs.sk\/app\/uploads\/sites\/7\/2020\/11\/2025-12_Studentska_vedecka_konferencia_XV_KH_FF_UPJS.pdf\">program<\/a>)<\/li>\n\n\n\n<li><strong>24\/11\/2025:<\/strong> <strong>&#8222;Skapal mar\u0161\u00e1l, mysl\u00edm zosil\u0148ova\u010d&#8220;: \u0160pecifik\u00e1 v\u00fdvoja hudobnej sc\u00e9ny v Juhosl\u00e1vii<\/strong>, predn\u00e1\u0161ka s minikoncertom hudobn\u00edka a b\u00e1snika Michala Mitr\u00edka, Ko\u0161ice (<a href=\"https:\/\/www.upjs.sk\/app\/uploads\/sites\/7\/2019\/02\/2025-11_Hostovska_prednaska_Mitrik_KH_FF_UPJS.jpg\">plag\u00e1t<\/a>)<\/li>\n\n\n\n<li><strong>20\/11\/2025: Medzin\u00e1rodn\u00e1 odborn\u00e1 konferencia k 770. v\u00fdro\u010diu prvej p\u00edsomnej zmienky o meste Moldava nad Bodvou<\/strong>, podujatie pod z\u00e1\u0161titou na\u0161ej katedry, Moldava nad Bodvou (<a href=\"https:\/\/www.upjs.sk\/app\/uploads\/sites\/7\/2025\/11\/770vyrocie-Moldava-nad-Bodvou-pozvanka.jpg\">pozv\u00e1nka<\/a>, <a href=\"https:\/\/www.upjs.sk\/app\/uploads\/sites\/7\/2025\/11\/770vyrocie-Moldava-nad-Bodvou-program.jpg\">program<\/a>)<\/li>\n\n\n\n<li><strong>19\/11\/2025: Kult\u00fara a umenie na Slovensku v tieni Tretej r\u00ed\u0161e<\/strong>, odborn\u00fd semin\u00e1r, Ko\u0161ice (<a href=\"https:\/\/www.upjs.sk\/app\/uploads\/sites\/7\/2021\/10\/2025-11_Kultura_a_umenie_na-Slovensku_v_tieni_Tretej_rise_KH_FF_UPJS.pdf\">plag\u00e1t<\/a>)<\/li>\n\n\n\n<li><strong>17-21\/11\/2025:<\/strong> <strong>Respira Democratia!<\/strong>, interakt\u00edvna v\u00fdstava pre verejnos\u0165 pri pr\u00edle\u017eitosti spomienky na Ne\u017en\u00fa revol\u00faciu, Ko\u0161ice (<a href=\"https:\/\/www.upjs.sk\/app\/uploads\/sites\/7\/2022\/04\/2025-11_Respira_Democratia_cystava_KH_FF_UPJS.jpg\">plag\u00e1t<\/a>)<\/li>\n\n\n\n<li><strong>12\/11\/2025:<\/strong> <strong>Od str\u00e1\u017en\u00edho domku k zahradn\u00edmu m\u011bstu: Zam\u011bstnaneck\u00e9 bydlen\u00ed \u017eele\u017eni\u010d\u00e1\u0159\u016f na vybran\u00fdch p\u0159\u00edkladech z \u010desk\u00fdch zem\u00ed<\/strong>, predn\u00e1\u0161ka doc. Phdr. Martina Jemelku, Ph.D., Masaryk\u016fv \u00fastav a Archiv AV \u010cR, Ko\u0161ice (<a href=\"https:\/\/www.upjs.sk\/app\/uploads\/sites\/7\/2019\/02\/2025-11_Hostovska_prednaska_Jemelka_KH_FF_UPJS.jpg\">plag\u00e1t<\/a>)<\/li>\n\n\n\n<li><strong>13-17\/10\/2025: Pathways &#8211; Historical Tourism and Mobility Studies<\/strong>, s\u00e9ria podujat\u00ed pre zahrani\u010dn\u00fdch \u0161tudentov z univerz\u00edt z \u010ceska a Po\u013eska ako s\u00fa\u010das\u0165 medzin\u00e1rodn\u00e9ho projektu, Ko\u0161ice (<a href=\"https:\/\/www.upjs.sk\/app\/uploads\/sites\/7\/2022\/04\/2025-10_Pathways_Historical_Turism_and_Mobility_Studies_KH_FF_UPJS.pdf\">program<\/a>)<\/li>\n\n\n\n<li><strong>25\/09\/2025: Nikdy viac je teraz!<\/strong>, odborn\u00e1 diskusia pre \u0161tudentov a verejnos\u0165 pri pr\u00edle\u017eitosti D\u0148a obet\u00ed holokaustu a rasov\u00e9ho n\u00e1silia, Ko\u0161ice (<a href=\"https:\/\/www.upjs.sk\/app\/uploads\/sites\/7\/2022\/04\/2025-09_Nikdy_viac_je_teraz_diskusia_KH_FFUPJS.jpg\">plag\u00e1t<\/a>)<\/li>\n\n\n\n<li><strong>16-18\/09\/2025: Historick\u00fd t\u00fd\u017ede\u0148<\/strong>, s\u00e9ria podujat\u00ed organizovan\u00fdch \u0161tudentsk\u00fdm spolkom Universitas (<a href=\"https:\/\/www.upjs.sk\/app\/uploads\/sites\/7\/2022\/04\/2025_09_Historicky_tyzden_Universtas.jpg\">program<\/a>)<\/li>\n\n\n\n<li><strong>15\/05\/2025: Ukrajinsk\u00e9 vysok\u00e9 \u0161koly a aktu\u00e1lne v\u00fdzvy v oblasti digit\u00e1lnej transform\u00e1cie<\/strong>, predn\u00e1\u0161ka doc. Ihora Shnitsera, CSc., Ko\u0161ice (<a href=\"https:\/\/www.upjs.sk\/app\/uploads\/sites\/7\/2021\/10\/2025-05_Prednaska_Ukrajinske_vysoke_skoly_Shnitser.jpg\">plag\u00e1t<\/a>)<\/li>\n\n\n\n<li><strong>30\/04\/2025: Survival: Slavery and Slave Life in the Old South<\/strong>, hos\u0165ovsk\u00e1 predn\u00e1\u0161ka prof. Jeffrey E. Andersona, PhD. z University of Louisiana Monroe, Ko\u0161ice (<a href=\"https:\/\/www.upjs.sk\/app\/uploads\/sites\/7\/2019\/02\/2024-04_Hostovska_prednaska_Anderson.jpg\">plag\u00e1t<\/a>)<\/li>\n\n\n\n<li><strong>29\/04\/2025: \u017dena o\u010dami stredovek\u00e9ho mu\u017ea<\/strong>, hos\u0165ovsk\u00e1 predn\u00e1\u0161ka doc. Martina \u0160anderu, Ph.D. z Historick\u00e9ho \u00fastavu FF Univerzity Hradec Kr\u00e1lov\u00e9, Ko\u0161ice (<a href=\"https:\/\/www.upjs.sk\/app\/uploads\/sites\/7\/2019\/02\/2024-04_Hostovska_prednaska_Sandera.pdf\">plag\u00e1t<\/a>)<\/li>\n\n\n\n<li><strong>23\/04\/2025: Krajsk\u00e9 kolo dejepisnej olympi\u00e1dy<\/strong>, podujatie pre \u0161tudentov z\u00e1kladn\u00fdch a stredn\u00fdch \u0161k\u00f4l, Ko\u0161ice (<a href=\"https:\/\/www.upjs.sk\/app\/uploads\/sites\/7\/2022\/04\/2024-04_Krajske_kolo_dejepisnej_olympiady.jpg\">plag\u00e1t<\/a>)<\/li>\n\n\n\n<li><strong>03\/04\/2025: Dejiny univerzitn\u00e9ho vzdel\u00e1vania v Ko\u0161iciach<\/strong>, predn\u00e1\u0161ka na\u0161ej kolegyne Mgr. M\u00e1rie Fedor\u010d\u00e1kovej, PhD., po ktorej nasleduje <strong>Bookswap<\/strong>, ako podujatia katedry so \u0161tudentsk\u00fdm spolkom Universitas, Ko\u0161ice (<a href=\"https:\/\/www.upjs.sk\/app\/uploads\/sites\/7\/2022\/04\/2024-04_Univerzitne_vzdelavanie_a_Bookswap.jpg\">plag\u00e1t<\/a>)<\/li>\n\n\n\n<li><strong>27\/02\/2025: Rozpad osmansk\u00e9ho imp\u00e9ria, n\u00e1rodotvorn\u00e9 a st\u00e1totvorn\u00e9 procesy na Balk\u00e1ne<\/strong>, hos\u0165ovsk\u00e9 predn\u00e1\u0161ky PhDr. Ond\u0159eje \u017d\u00edlu, Ph.D. z Institutu mezin\u00e1rodn\u00edch studi\u00ed, Univerzita Karlova, Praha (<a href=\"https:\/\/www.upjs.sk\/app\/uploads\/sites\/7\/2019\/02\/2025-02_Hostovska_prednaska_Rozpad_osmanskeho_imperia_Zila.jpg\">plag\u00e1t<\/a>)<\/li>\n\n\n\n<li><strong>13\/02\/2025: Vysoko\u0161kolsk\u00e9 \u0161t\u00fadium kedysi a dnes<\/strong>, diskusia s na\u0161\u00edm prof. PaedDr. \u0160tefanom \u0160utajom, DrSc. a doktorandkou Mgr. Monikou Tresovou, po ktorej nasleduje <strong>Historick\u00fd poh\u00e1rik<\/strong>, podujatia katedry so \u0161tudentsk\u00fdm spolkom Universitas, Ko\u0161ice (<a href=\"https:\/\/www.upjs.sk\/app\/uploads\/sites\/7\/2022\/04\/2025-02_Universitas_-Katedra_historie_Diskusia_a_Historicky_poharik.jpg\">plag\u00e1t<\/a>)<\/li>\n\n\n\n<li><strong>10-14\/02\/2025: Memento hominis<\/strong>, v\u00fdstava v are\u00e1li FF UPJ\u0160 pri pr\u00edle\u017eitosti 80. v\u00fdro\u010dia oslobodenia Ko\u0161\u00edc, Ko\u0161ice (<a href=\"https:\/\/www.upjs.sk\/app\/uploads\/sites\/7\/2025\/02\/Memento-hominis-022025.jpg\">plag\u00e1t<\/a>)<\/li>\n\n\n\n<li><strong>07\/02\/2025: De\u0148 otvoren\u00fdch dver\u00ed<\/strong>, podujatie na FF UPJ\u0160 pre potenci\u00e1lnych \u0161tudentov, Ko\u0161ice (<a href=\"https:\/\/www.upjs.sk\/filozoficka-fakulta\/actuality\/dod-ff-upjs-2025\/\">viac inform\u00e1ci\u00ed<\/a>)<\/li>\n<\/ul>\n<\/div><\/div><\/div>\n\n\n\n<div class=\"wp-block-kadence-pane kt-accordion-pane kt-accordion-pane-15 kt-pane12914_72c9cd-c8\"><div class=\"kt-accordion-header-wrap\"><button class=\"kt-blocks-accordion-header kt-acccordion-button-label-show\" type=\"button\"><span class=\"kt-blocks-accordion-title-wrap\"><span class=\"kt-blocks-accordion-title\"><strong>2024<\/strong><\/span><\/span><span class=\"kt-blocks-accordion-icon-trigger\"><\/span><\/button><\/div><div class=\"kt-accordion-panel kt-accordion-panel-hidden\"><div class=\"kt-accordion-panel-inner\">\n<ul class=\"wp-block-list\">\n<li><strong>12\/12\/2024: Rus\u00edni a \u010ceskoslovensko (1919 &#8211; 1939)<\/strong>, prezent\u00e1cia knihy &#8222;Krajinsk\u00e1 hranica medzi Slovenskom a Podkarpatskou Rusou (1919 &#8211; 1939)&#8220; jej autorom prof. PhDr. Petrom \u0160vorcom, CSc., Ko\u0161ice (<a href=\"https:\/\/www.upjs.sk\/app\/uploads\/sites\/7\/2022\/04\/2024-12_Rusini_a_Ceskoslovensko_Svorc_prednaska.jpg\">plag\u00e1t<\/a>)<\/li>\n\n\n\n<li><strong>05\/12\/2024: Mikul\u00e1\u0161sky pun\u010d <\/strong>s Viano\u010dn\u00fdm kv\u00edzom, podujatie pre na\u0161ich \u0161tudentov organizovan\u00e9 spolkom Universitas, Ko\u0161ice (<a href=\"https:\/\/www.upjs.sk\/app\/uploads\/sites\/7\/2022\/04\/2024-12_Mikulassky_punc_Universitas_Kosice.jpg\">plag\u00e1t<\/a>)<\/li>\n\n\n\n<li><strong>02\/12\/2024:<\/strong> <strong>\u0160tudentsk\u00e1 vedeck\u00e1 konferencia<\/strong>, Ko\u0161ice (<a href=\"https:\/\/www.upjs.sk\/app\/uploads\/sites\/7\/2020\/11\/2024-11_Studentska_vedecka_konferencia_Katedra_historie_UPJS_program.pdf\">program<\/a>)<\/li>\n\n\n\n<li><strong>29\/11\/2024: Hali\u010d a Uhry mezi prvn\u00edm a t\u0159et\u00edm delen\u00edm Polska (1772 &#8211; 1795). Legitimizace anexe, vznit\u0159n\u00ed z\u0159\u00edzen\u00ed a transfer<\/strong>, hos\u0165ovsk\u00e1 predn\u00e1\u0161ka prof. Milo\u0161a \u0158ezn\u00edka z Technische Universit\u00e4t Chemnitz, Ko\u0161ice (<a href=\"https:\/\/www.upjs.sk\/app\/uploads\/sites\/7\/2022\/04\/2024-11_Hostovska_prednaska_Reznik1.jpg\">plag\u00e1t<\/a>)<\/li>\n\n\n\n<li><strong>27\/11\/2024: Prezent\u00e1cia \u010dinnosti medzivl\u00e1dnej \u010cesko-nemeckej a Slovensko-nemeckej komisie historikov<\/strong>, Ko\u0161ice (<a href=\"https:\/\/www.upjs.sk\/app\/uploads\/sites\/7\/2021\/10\/2024-11_Cesko-nemecka_a_Slovensko-nemecka_komisia_historikov_Kosice.jpg\">plag\u00e1t<\/a>)<\/li>\n\n\n\n<li><strong>05\/11\/2024: Politick\u00ed v\u00e4zni a ods\u00faden\u00ed (obdobie tvrd\u00fdch perzek\u00faci\u00ed 1948 &#8211; 1968)<\/strong>, workshop spojen\u00fd s exkurziou v M\u00fazeu obet\u00ed komunizmu, podujatie organizovan\u00e9 v spolupr\u00e1ci so \u0161tudentsk\u00fdm spolkom Universitas, Ko\u0161ice (<a href=\"https:\/\/www.upjs.sk\/app\/uploads\/sites\/7\/2022\/04\/2024-11_Workshop_politcki_vazni_Muzeum_obeti_komunizmu.jpg\">plag\u00e1t<\/a>)<\/li>\n\n\n\n<li><strong>15-16\/10\/2024:<\/strong> <strong>Stretnutie mlad\u00fdch historikov XIV.: Myslenie a spolo\u010dnos\u0165 v priebehu dej\u00edn<\/strong>, konferencia, Ko\u0161ice (<a aria-label=\"CfP (opens in a new tab)\" class=\"ek-link\" href=\"https:\/\/www.upjs.sk\/app\/uploads\/sites\/7\/2022\/06\/2024-10_Stretnutie_mladych_historikov-XIV_CfP.pdf\" target=\"_blank\" rel=\"noreferrer noopener\">CfP<\/a>, <a href=\"https:\/\/www.upjs.sk\/app\/uploads\/sites\/7\/2022\/06\/2024-10_Stretnutie_mladych_historikov_XIV_program-5.pdf\">program<\/a>)<\/li>\n\n\n\n<li><strong>17-19\/09\/2024: Historick\u00fd t\u00fd\u017ede\u0148<\/strong>, s\u00e9ria podujat\u00ed organizovan\u00fdch \u0161tudentsk\u00fdm spolkom Universitas v spolupr\u00e1ci s na\u0161ou katedrou (<a href=\"https:\/\/www.upjs.sk\/app\/uploads\/sites\/7\/2022\/04\/2024-09_Historicky_tyzden_KH_FF_UPJS.jpg\">program<\/a>)<\/li>\n\n\n\n<li><strong>30\/06-03\/07\/2024: Letn\u00e1 \u0161kola \u017eidovsko-kres\u0165ansk\u00fdch vz\u0165ahov v Ko\u0161iciach<\/strong>, 3. ro\u010dn\u00edk podujatia v r\u00e1mci projektu \u017didovsko-kres\u0165ansk\u00e9 \u0161t\u00fadi\u00e1, Ko\u0161ice (<a href=\"https:\/\/www.upjs.sk\/app\/uploads\/sites\/7\/2021\/10\/2024-07_Letna_skola_zidovsko-krestanskych_vztahov_Kosice.jpg\" target=\"_blank\" rel=\"noreferrer noopener\">plag\u00e1t<\/a>)<\/li>\n\n\n\n<li><strong>11-12\/06\/2024: The Unforgotten. Exploring the Holocaust From the Individual Perspective<\/strong>, konferencia s medzin\u00e1rodnou \u00fa\u010das\u0165ou, Ko\u0161ice (<a aria-label=\"program (opens in a new tab)\" href=\"https:\/\/www.upjs.sk\/app\/uploads\/sites\/7\/2024\/05\/KH-konf-Vega-Tel-Hai-jun2024.jpg\" target=\"_blank\" rel=\"noreferrer noopener\" class=\"ek-link\">program<\/a>)<\/li>\n\n\n\n<li><strong>29\/04\/2024: V\u00fdskum dej\u00edn Bosny a Hercegoviny v modern\u00fdch podmienkach<\/strong> + <strong>Strat\u00e9gie pl\u00e1novania publika\u010dn\u00fdch v\u00fdstupov<\/strong>, hos\u0165ovsk\u00e9 predn\u00e1\u0161ky PhDr. Ond\u0159eje \u017d\u00edlu, Ph.D. z Institutu mezin\u00e1rodn\u00edch studi\u00ed, Univerzita Karlova, Praha<\/li>\n\n\n\n<li><strong>24\/04\/2024: Historick\u00fd poh\u00e1rik<\/strong>, stretnutie \u0161tudentov a pedag\u00f3gov organizovan\u00e9 \u0161tudentsk\u00fdm spolkom Universitas (<a aria-label=\"plag\u00e1t (opens in a new tab)\" href=\"https:\/\/www.upjs.sk\/app\/uploads\/sites\/7\/2022\/04\/2024-04_Historicky_poharik_UNIVERSITAS.jpg\" target=\"_blank\" rel=\"noreferrer noopener\" class=\"ek-link\">plag\u00e1t<\/a>)<\/li>\n\n\n\n<li><strong>19\/04\/2024:<\/strong> <strong>Krajsk\u00e9 kolo Dejepisnej olympi\u00e1dy<\/strong>, Ko\u0161ice (<a aria-label=\"plag\u00e1t (opens in a new tab)\" href=\"https:\/\/www.upjs.sk\/app\/uploads\/sites\/7\/2024\/04\/KK-dejepisnej-olympiady-2024.jpg\" target=\"_blank\" rel=\"noreferrer noopener\" class=\"ek-link\">plag\u00e1t<\/a>)<\/li>\n\n\n\n<li><strong>17-18\/04\/2024: Geologicko-paleontologicko-archeologick\u00e1 diskusia 2024<\/strong>, konferencia o najstar\u0161om obdob\u00ed v\u00fdvoja \u010dloveka, Ko\u0161ice (<a aria-label=\"CfP (opens in a new tab)\" href=\"https:\/\/www.upjs.sk\/app\/uploads\/sites\/7\/2021\/10\/2024-04_Konferencia_GEPAARD_CfP.pdf\" target=\"_blank\" rel=\"noreferrer noopener\" class=\"ek-link\">CfP<\/a>)<\/li>\n\n\n\n<li><strong>17\/04\/2024: Koncept el\u00edt a \u010desko-slovensk\u00fd kontext<\/strong>, konferencia v r\u00e1mci pravideln\u00fdch stretnut\u00ed \u010cesko-slovenskej komisie historikov, organizovan\u00e1 aj s podporou <a aria-label=\"International Visegrad Fund (opens in a new tab)\" href=\"https:\/\/www.visegradfund.org\/\" target=\"_blank\" rel=\"noreferrer noopener\" class=\"ek-link\">International Visegrad Fund<\/a>, Ko\u0161ice (<a aria-label=\"program (opens in a new tab)\" href=\"https:\/\/www.upjs.sk\/app\/uploads\/sites\/7\/2021\/10\/2024-04_Koncept_elit_konferencia_KH_FF_UPJS.pdf\" target=\"_blank\" rel=\"noreferrer noopener\" class=\"ek-link\">program<\/a>)<\/li>\n\n\n\n<li><strong>14\/03-12\/04\/2024: Svet v puklin\u00e1ch. By\u0165 \u017eenou v \u010dase holokaustu<\/strong>, v\u00fdstava v are\u00e1li FF UPJ\u0160, budova Plat\u00f3n, Ko\u0161ice (<a aria-label=\"plag\u00e1t (opens in a new tab)\" href=\"https:\/\/www.upjs.sk\/app\/uploads\/sites\/7\/2022\/04\/2024-Vystava_Svetlo_v_puklinach_KH_FF_UPJS_Yad_Vashem_compressed.jpg\" target=\"_blank\" rel=\"noreferrer noopener\" class=\"ek-link\">plag\u00e1t<\/a>, <a aria-label=\"info (opens in a new tab)\" href=\"https:\/\/www.upjs.sk\/app\/uploads\/sites\/7\/2022\/04\/2024-Vystava_Svetlo_v_puklinach_KH_FF_UPJS_Yad_Vashem_obsah.pdf\" target=\"_blank\" rel=\"noreferrer noopener\" class=\"ek-link\">info<\/a>)<\/li>\n\n\n\n<li><strong>21\/03\/2024: HERSTORY: \u017eeny \u2013 pedagogi\u010dky \u2013 vedkyne<\/strong>, diskusia organizovan\u00e1 na\u0161ou katedrou a \u0161tudentsk\u00fdm spolkom Universitas, po ktorej nasleduje book swap, Ko\u0161ice (<a href=\"https:\/\/www.upjs.sk\/app\/uploads\/sites\/7\/2024\/03\/KH-Herstory-21032024.jpg\" target=\"_blank\" rel=\"noreferrer noopener\">plag\u00e1t<\/a>) <\/li>\n<\/ul>\n<\/div><\/div><\/div>\n\n\n\n<div class=\"wp-block-kadence-pane kt-accordion-pane kt-accordion-pane-1 kt-pane12914_15076b-74\"><div class=\"kt-accordion-header-wrap\"><button class=\"kt-blocks-accordion-header kt-acccordion-button-label-show\" type=\"button\"><span class=\"kt-blocks-accordion-title-wrap\"><span class=\"kt-blocks-accordion-title\"><strong>2023<\/strong><\/span><\/span><span class=\"kt-blocks-accordion-icon-trigger\"><\/span><\/button><\/div><div class=\"kt-accordion-panel kt-accordion-panel-hidden\"><div class=\"kt-accordion-panel-inner\">\n<ul class=\"wp-block-list\">\n<li><strong>06\/12\/2023: Vojnov\u00e9 cintor\u00edny z prvej svetovej vojny na \u00fazem\u00ed severov\u00fdchodn\u00e9ho Slovenska. Z\u00e1kladn\u00e9 princ\u00edpy zria\u010fovania<\/strong> <strong>a v\u00fdstavby po\u010das vojny a kone\u010dnej \u00fapravy v medzivojnovom obdob\u00ed<\/strong>, predn\u00e1\u0161ka PaedDr. ThLic. Antona Li\u0161ku, PhD., Ko\u0161ice (<a aria-label=\"pozv\u00e1nka (opens in a new tab)\" href=\"https:\/\/www.upjs.sk\/app\/uploads\/sites\/7\/2023\/12\/KH-prednaska-Antona-Lisku-06122023.jpg\" target=\"_blank\" rel=\"noreferrer noopener\" class=\"ek-link\">pozv\u00e1nka<\/a>)<\/li>\n\n\n\n<li><strong>05\/12\/2023:<\/strong> <strong>Arcivojvoda Karol \u010di Napoleon II.? H\u013eadanie kandid\u00e1ta na po\u013esk\u00fd tr\u00f3n po\u010das novembrov\u00e9ho povstania 1830 &#8211; 1831<\/strong>, hos\u0165ovsk\u00e1 predn\u00e1\u0161ka Mgr. Olivera Zajaca, PhD. z H\u00da SAV, Ko\u0161ice (<a aria-label=\"pozv\u00e1nka (opens in a new tab)\" href=\"https:\/\/www.upjs.sk\/app\/uploads\/sites\/7\/2023\/12\/KH-prednaska-Olivera-Zajaca-05122023.jpg\" target=\"_blank\" rel=\"noreferrer noopener\" class=\"ek-link\">pozv\u00e1nka<\/a>)<\/li>\n\n\n\n<li><strong>30\/11\/2023:<\/strong> <strong>\u0160tudentsk\u00e1 vedeck\u00e1 konferencia<\/strong> (<a aria-label=\"program (opens in a new tab)\" href=\"https:\/\/www.upjs.sk\/app\/uploads\/sites\/7\/2023\/11\/KH-Studentska-vedecka-konferencia-30112023-program.pdf\" target=\"_blank\" rel=\"noreferrer noopener\" class=\"ek-link\">program<\/a>)<\/li>\n\n\n\n<li><strong>28\/11\/2023:<\/strong>&nbsp;<strong>Queens, Magic, and Voodoo Gods?<\/strong>, hos\u0165ovsk\u00e1 predn\u00e1\u0161ka prof. Jeffreyho E. Andersona z College of Arts, University of Louisiana Monroe, Ko\u0161ice (<a href=\"https:\/\/www.upjs.sk\/app\/uploads\/sites\/7\/2019\/02\/2023-11_Prednaska_Queen_Magic_Voodoo.jpg\" target=\"_blank\" rel=\"noreferrer noopener\" class=\"ek-link\">plag\u00e1t<\/a>)<\/li>\n\n\n\n<li><strong>13\/11\/2023: De\u0148 \u0161tudentstva<\/strong>, informat\u00edvne stretnutie pre verejnos\u0165 organizovan\u00e9 na\u0161ou katedrou a \u0161tudentsk\u00fdm spolkom Universitas ako pripomienka udalost\u00ed zo 17. novembra 1989, Ko\u0161ice (<a aria-label=\"plag\u00e1t (opens in a new tab)\" href=\"https:\/\/www.upjs.sk\/app\/uploads\/sites\/7\/2023\/11\/KH-den-studentstva-13112023.jpg\" target=\"_blank\" rel=\"noreferrer noopener\" class=\"ek-link\">plag\u00e1t<\/a>)<\/li>\n\n\n\n<li><strong>10\/11\/2023 &#8211; 15\/12\/2023: V\u00fdstava Frontov\u00e9 a lazaretn\u00e9 vojnov\u00e9 cintor\u00edny z prvej svetovej vojny na \u00fazem\u00ed severov\u00fdchodn\u00e9ho Slovenska &#8211; pamiatky hist\u00f3rie<\/strong>, vernis\u00e1\u017e 10. 11. o 13:30, Ko\u0161ice (<a aria-label=\"plag\u00e1t (opens in a new tab)\" href=\"https:\/\/www.upjs.sk\/app\/uploads\/sites\/7\/2023\/11\/KH-vystava-vojnove-cintoriny-1sv-nov2023.pdf\" target=\"_blank\" rel=\"noreferrer noopener\" class=\"ek-link\">plag\u00e1t<\/a>)<\/li>\n\n\n\n<li><strong>24\/10\/2023: Stretnutie mlad\u00fdch historikov XIII.: Moc v dejin\u00e1ch \u013eudskej spolo\u010dnosti<\/strong>, Ko\u0161ice (<a aria-label=\" (opens in a new tab)\" href=\"https:\/\/www.upjs.sk\/app\/uploads\/sites\/7\/2022\/06\/2023-10_Konferencia_SMH_13_CfP_SK_compressed.pdf\" target=\"_blank\" rel=\"noreferrer noopener\" class=\"ek-link\">CfP<\/a>, <a aria-label=\"program (opens in a new tab)\" href=\"https:\/\/www.upjs.sk\/app\/uploads\/sites\/7\/2022\/06\/Konferencia_SMH_XIII_oktober_2023_program.pdf\" target=\"_blank\" rel=\"noreferrer noopener\" class=\"ek-link\">program<\/a>)<\/li>\n\n\n\n<li><strong>12\/10\/2023: Politische Korruption und \u00dcberlebensstrategien der Eliten bei den Regimewechseln in Deutschland und Ostmitteleuropa von dem 18. bis zum 20. Jahrhundert<\/strong>, konferencia v r\u00e1mci spolo\u010dn\u00e9ho zasadnutia Slovensko-nemeckej a \u010cesko-nemeckej komisie historikov, Ko\u0161ice (<a aria-label=\"program (opens in a new tab)\" href=\"https:\/\/www.upjs.sk\/app\/uploads\/sites\/7\/2021\/10\/Konferencia_Politische_Korruption_October_2023_Programme.pdf\" target=\"_blank\" rel=\"noreferrer noopener\" class=\"ek-link\">program<\/a>)<\/li>\n\n\n\n<li><strong>11-13\/10\/2023: Spolo\u010dn\u00e9 zasadnutie Slovensko-nemeckej a \u010cesko-nemeckej komisie historikov<\/strong>, Ko\u0161ice<\/li>\n\n\n\n<li><strong>04\/10\/2023: European Medieval and Early Modern Towns<\/strong>, online spolu\u00fa\u010das\u0165 na medzin\u00e1rodnom workshope, Barcelona (<a aria-label=\"program (opens in a new tab)\" href=\"https:\/\/www.upjs.sk\/app\/uploads\/sites\/7\/2021\/10\/2023-10_Worskhop_European_Medieval_and-Early_Modern_Towns_Barcelona_Programme.jpg\" target=\"_blank\" rel=\"noreferrer noopener\" class=\"ek-link\">program<\/a>)<\/li>\n\n\n\n<li><strong>19-21\/09\/2023: Historick\u00fd t\u00fd\u017ede\u0148<\/strong>, s\u00e9ria diskusi\u00ed a predn\u00e1\u0161ok s pedag\u00f3gmi na\u0161ej katedry, ktor\u00fa organizuje \u0161tudentsk\u00fd spolok Universitas, Ko\u0161ice (<a href=\"https:\/\/www.upjs.sk\/app\/uploads\/sites\/7\/2022\/04\/Prednasky_Historicky_tyzden_Univesitas_2023_09.jpg\" target=\"_blank\" rel=\"noreferrer noopener\">plag\u00e1t<\/a>)<\/li>\n\n\n\n<li><strong>11-15\/09\/2023:<\/strong> <strong>Summer School of Historical Sources for Family Research and Gender History<\/strong>, s\u00fa\u010das\u0165 projektu International Visegrad Fund s n\u00e1zvom Little (Big) Women, Opava, \u010cesk\u00e1 republika (<a aria-label=\"webstr\u00e1nka projektu (opens in a new tab)\" href=\"https:\/\/uhv.fpf.slu.cz\/little-big-women\/\" target=\"_blank\" rel=\"noreferrer noopener\" class=\"ek-link\">webstr\u00e1nka projektu<\/a>)<\/li>\n\n\n\n<li><strong>12-15\/06\/2023: Odborn\u00e1 exkurzia<\/strong> s na\u0161imi \u0161tudentmi, Praha (<a href=\"https:\/\/www.upjs.sk\/app\/uploads\/sites\/7\/2022\/04\/Exkurzia_Katedra_historie_2023_05.pdf\" target=\"_blank\" rel=\"noreferrer noopener\">propoz\u00edcie<\/a>)<\/li>\n\n\n\n<li><strong>11\/05\/2023:<\/strong>&nbsp;<strong>Historik, archiv\u00e1r a univerzitn\u00fd profesor Ferdinand Uli\u010dn\u00fd \u00b490<\/strong>, konferencia pri pr\u00edle\u017eitosti \u017eivotn\u00e9ho jubilea popredn\u00e9ho slovensk\u00e9ho medievistu, Ko\u0161ice (<a aria-label=\" (opens in a new tab)\" href=\"https:\/\/www.upjs.sk\/app\/uploads\/sites\/7\/2021\/10\/2023-05_Konferencia_Ulicny_90_program.pdf\" target=\"_blank\" rel=\"noreferrer noopener\" class=\"ek-link\">program<\/a>) <\/li>\n\n\n\n<li><strong>02\/05\/2023:<\/strong> <strong>Smrt ve st\u0159edov\u011bk\u00e9 imaginaci<\/strong>, hos\u0165ovsk\u00e1 predn\u00e1\u0161ka doc. Martina \u0160anderu, Ph.D. z Historick\u00e9ho \u00fastavu FF Univerzity Hradec Kr\u00e1lov\u00e9, Ko\u0161ice (<a aria-label=\"plag\u00e1t (opens in a new tab)\" href=\"https:\/\/www.upjs.sk\/app\/uploads\/sites\/7\/2019\/02\/2023-05_Hostovska_prednaska_Sandera_compressed.pdf\" target=\"_blank\" rel=\"noreferrer noopener\" class=\"ek-link\">plag\u00e1t<\/a>)<\/li>\n\n\n\n<li><strong>15\/03\/2023: Po stop\u00e1ch profesorov a \u0161tudentov alebo (ne)zn\u00e1me dejiny Univerzity Istropolitany<\/strong>, hos\u0165ovsk\u00e1 predn\u00e1\u0161ka PhDr. Miriam Hlava\u010dkovej, PhD. z Historick\u00e9ho \u00fastavu SAV, Ko\u0161ice (<a aria-label=\"plag\u00e1t (opens in a new tab)\" href=\"https:\/\/www.upjs.sk\/app\/uploads\/sites\/7\/2019\/02\/2023-03_Hostovska_prednaska_Hlavackova_compressed.jpg\" target=\"_blank\" rel=\"noreferrer noopener\" class=\"ek-link\">plag\u00e1t<\/a>)<\/li>\n\n\n\n<li><strong>02-04\/03\/2023: Workshop Little (Big) Women<\/strong>, s\u00fa\u010das\u0165 projektu International Visegrad Fund, Opava, \u010cesk\u00e1 republika (<a href=\"https:\/\/uhv.fpf.slu.cz\/little-big-women\/\" target=\"_blank\" rel=\"noreferrer noopener\">webstr\u00e1nka projektu<\/a>)<\/li>\n<\/ul>\n<\/div><\/div><\/div>\n\n\n\n<div class=\"wp-block-kadence-pane kt-accordion-pane kt-accordion-pane-2 kt-pane12914_b0cad8-fb\"><div class=\"kt-accordion-header-wrap\"><button class=\"kt-blocks-accordion-header kt-acccordion-button-label-show\" type=\"button\"><span class=\"kt-blocks-accordion-title-wrap\"><span class=\"kt-blocks-accordion-title\"><strong>2022<\/strong><\/span><\/span><span class=\"kt-blocks-accordion-icon-trigger\"><\/span><\/button><\/div><div class=\"kt-accordion-panel kt-accordion-panel-hidden\"><div class=\"kt-accordion-panel-inner\">\n<ul class=\"wp-block-list\">\n<li><strong>23\/11\/2022: Sapientia aedificavit sibi domum. Trnavsk\u00e1 univerzita v dejin\u00e1ch vysoko\u0161kolsk\u00e9ho vzdel\u00e1vania v Uhorsku (1635 &#8211; 1777)<\/strong>, hos\u0165ovsk\u00e1 predn\u00e1\u0161ka PhDr. Henriety \u017da\u017eovej, PhD. z \u00dastavu dej\u00edn Trnavskej univerzity, Ko\u0161ice (<a aria-label=\"plag\u00e1t (opens in a new tab)\" href=\"https:\/\/www.upjs.sk\/app\/uploads\/sites\/7\/2019\/02\/2022-11_2023-05_Hostovska_prednaska_Zazova_compressed.pdf\" target=\"_blank\" rel=\"noreferrer noopener\" class=\"ek-link\">plag\u00e1t<\/a>)<\/li>\n\n\n\n<li><strong>08\/11\/2022:<\/strong>&nbsp;<strong>Antisemitizmus a holokaust v pam\u00e4ti \u010dloveka<\/strong>, moderovan\u00e1 diskusia pre \u0161tudentov a verejnos\u0165, Ko\u0161ice (<a href=\"\/public\/media\/15794\/2022-11_Antisemitizmus_a_holokaust.jpg\" target=\"_blank\" rel=\"noreferrer noopener\" class=\"ek-link\">plag\u00e1t<\/a>)<\/li>\n\n\n\n<li><strong>18\/10\/2022: Stredovek\u00e1 univerzita ako vzdel\u00e1vacia inov\u00e1cia<\/strong>, hos\u0165ovsk\u00e1 predn\u00e1\u0161ka PhDr. Mgr. Gabriela&nbsp;P. Hun\u010dagu, OP, PhD., Ko\u0161ice (<a href=\"\/public\/media\/15794\/2022-10_Stredoveka_univerzita_Huncaga_Kosice.png\" target=\"_blank\" rel=\"noreferrer noopener\" class=\"ek-link\">plag\u00e1t<\/a>)<\/li>\n\n\n\n<li><strong>12-13\/10\/2022:&nbsp;Stretnutie mlad\u00fdch historikov XII.: Historick\u00fd prame\u0148 v s\u00fa\u010dasnosti &#8211; arch\u00edvy, inov\u00e1cie, zdie\u013eanie<\/strong>, Ko\u0161ice&nbsp;(<a href=\"\/public\/media\/15789\/2022-10_CfP_SMH_XII_SVK.pdf\" target=\"_blank\" rel=\"noreferrer noopener\">CfP<\/a>, <a href=\"\/public\/media\/15789\/2022_SMH_XII_ApplicationForm.xls\" target=\"_blank\" rel=\"noreferrer noopener\">prihl\u00e1\u0161ka<\/a>)<\/li>\n\n\n\n<li><strong>13\/04\/2022:<\/strong>&nbsp;<strong>Ako u\u010di\u0165 o holokauste dnes<\/strong>, Ko\u0161ice, metodick\u00fd de\u0148 pre u\u010dite\u013eov a \u0161tudentov hist\u00f3rie&nbsp;(<a href=\"\/public\/media\/15794\/2022-04_Ako_ucit_o_holokauste_dnes_program.pdf\" target=\"_blank\" rel=\"noreferrer noopener\">program<\/a>)<\/li>\n\n\n\n<li><strong>11\/02\/2022:<\/strong>&nbsp;<strong>De\u0148 otvoren\u00fdch dver\u00ed UPJ\u0160<\/strong>, Ko\u0161ice, tentoraz online (<a href=\"https:\/\/www.upjs.sk\/aktuality\/dod-upjs-2022\/\" target=\"_blank\" rel=\"noreferrer noopener\">viac inform\u00e1ci\u00ed<\/a>)<\/li>\n<\/ul>\n<\/div><\/div><\/div>\n\n\n\n<div class=\"wp-block-kadence-pane kt-accordion-pane kt-accordion-pane-3 kt-pane12914_0b363e-69\"><div class=\"kt-accordion-header-wrap\"><button class=\"kt-blocks-accordion-header kt-acccordion-button-label-show\" type=\"button\"><span class=\"kt-blocks-accordion-title-wrap\"><span class=\"kt-blocks-accordion-title\"><strong>2021<\/strong><\/span><\/span><span class=\"kt-blocks-accordion-icon-trigger\"><\/span><\/button><\/div><div class=\"kt-accordion-panel kt-accordion-panel-hidden\"><div class=\"kt-accordion-panel-inner\">\n<ul class=\"wp-block-list\">\n<li>19-20\/10\/2021:&nbsp;<strong>Stretnutie mlad\u00fdch historikov XI.: Poznanie, spolo\u010dnos\u0165, dejiny<\/strong>, Ko\u0161ice (<a href=\"\/public\/media\/15789\/2021-10_SMH_XI_SVK_CfP.pdf\" target=\"_blank\" rel=\"noreferrer noopener\">CfP<\/a>, <a href=\"\/public\/media\/15789\/2021-10_SMH_XI_ApplicationForm.xls\" target=\"_blank\" rel=\"noreferrer noopener\">prihl\u00e1\u0161ka<\/a>, <a href=\"\/public\/media\/15789\/Konferencia_SMH_XI_2021_program.pdf\" target=\"_blank\" rel=\"noreferrer noopener\">program<\/a>)<\/li>\n\n\n\n<li>19\/10\/2021:&nbsp;<strong>Listy Jozefovi Tisovi a &#8222;\u017eidovsk\u00e1 ot\u00e1zka&#8220;<\/strong>, workshop, Ko\u0161ice&nbsp;(<a href=\"\/public\/media\/15788\/2021-10_Letters_to_Tiso_workshop_program.png\" target=\"_blank\" rel=\"noreferrer noopener\">program<\/a>)<\/li>\n\n\n\n<li>27\/09 &#8211; 01\/10\/2021:&nbsp;<strong>20th Annual Conference of the Conflict Studies Working Group<\/strong>, Ko\u0161ice&nbsp;(<a href=\"\/public\/media\/15788\/2021_09-10_Konferencia_20th_Annual Conference of_the_CSWG_program.pdf\" target=\"_blank\" rel=\"noreferrer noopener\">program<\/a>)<\/li>\n\n\n\n<li>27\/04\/2021:&nbsp;Spustenie <strong>online v\u00fdstavy k st\u00e9mu v\u00fdro\u010diu nedo\u017eit\u00fdch naroden\u00edn prof. PhDr. Ladislava Tajt\u00e1ka, Csc. <\/strong>(<a href=\"https:\/\/tajtak100.sk\/\" target=\"_blank\" rel=\"noreferrer noopener\">v\u00fdstava<\/a>, <a href=\"https:\/\/www.upjs.sk\/filozoficka-fakulta\/vystava-Tajtak100\/\" target=\"_blank\" rel=\"noreferrer noopener\">info<\/a>)<\/li>\n\n\n\n<li>16\/07\/2021:&nbsp;<strong>Univerzita bez hran\u00edc<\/strong>, pravideln\u00e9 podujatie na univerzitnej p\u00f4de pre \u017eiakov 5. a 6. ro\u010dn\u00edka z\u00e1kladn\u00fdch \u0161k\u00f4l, na\u0161a katedra s t\u00e9mou &#8222;Mesto v premen\u00e1ch \u010dasu a priestoru&#8220;&nbsp;(<a href=\"https:\/\/www.upjs.sk\/verejnost-media\/vztahy-s-verejnostou\/univerzita-bez-hranic\/o-projekte\/\" target=\"_blank\" rel=\"noreferrer noopener\">info<\/a>, <a href=\"https:\/\/www.upjs.sk\/public\/media\/14145\/program-UBH-UPJS-2021.pdf\" target=\"_blank\" rel=\"noreferrer noopener\">program<\/a>)<\/li>\n\n\n\n<li>04\/2021:&nbsp;Spustenie <strong>eduka\u010dno-historick\u00e9ho port\u00e1lu Prv\u00fd dotyk so slobodou<\/strong> venovan\u00e9mu 30. v\u00fdro\u010diu Ne\u017enej revol\u00facie. Dostupn\u00e1 e-u\u010debnica&nbsp;(<a href=\"https:\/\/prvydotyksoslobodou.sk\/\" target=\"_blank\" rel=\"noreferrer noopener\">webstr\u00e1nka<\/a>, <a href=\"https:\/\/www.upjs.sk\/zo-zivota-upjs\/24859\/\" target=\"_blank\" rel=\"noreferrer noopener\">info<\/a>)<\/li>\n\n\n\n<li>21\/04\/2021:&nbsp;<strong>Hist\u00f3ria v digit\u00e1lnej \u00e9re<\/strong>, online pracovn\u00fd semin\u00e1r pod gesciou \u010cesko-slovenskej komisie historikov, Katedry hist\u00f3rie FF UPJ\u0160 a \u0160t\u00e1tneho arch\u00edvu v Ko\u0161iciach (<a href=\"\/public\/media\/15788\/2021-04_CSKH_Kosice_2021_Program.pdf\" target=\"_blank\" rel=\"noreferrer noopener\">program<\/a>)<\/li>\n<\/ul>\n<\/div><\/div><\/div>\n\n\n\n<div class=\"wp-block-kadence-pane kt-accordion-pane kt-accordion-pane-4 kt-pane12914_780a8b-12\"><div class=\"kt-accordion-header-wrap\"><button class=\"kt-blocks-accordion-header kt-acccordion-button-label-show\" type=\"button\"><span class=\"kt-blocks-accordion-title-wrap\"><span class=\"kt-blocks-accordion-title\"><strong>2020<\/strong><\/span><\/span><span class=\"kt-blocks-accordion-icon-trigger\"><\/span><\/button><\/div><div class=\"kt-accordion-panel kt-accordion-panel-hidden\"><div class=\"kt-accordion-panel-inner\">\n<ul class=\"wp-block-list\">\n<li>17\/12\/2020:&nbsp;<strong>Tendencie v\u00fdvoja etnick\u00fdch vz\u0165ahov na Slovensku<\/strong>, interview o v\u00fdsledkoch v\u00fdskumu, 12:00 &#8211; 14:00, online (<a href=\"\/public\/media\/15788\/2020_12_Workshop_APVV_plagat.pdf\" target=\"_blank\" rel=\"noreferrer noopener\">plag\u00e1t<\/a>)<\/li>\n\n\n\n<li>25\/11\/2020:&nbsp;<strong>\u0160tudentsk\u00e1 vedeck\u00e1 konferencia IX.<\/strong>&nbsp;(<a href=\"\/public\/media\/15791\/SVK_2020.pdf\" target=\"_blank\" rel=\"noreferrer noopener\">program<\/a>)<\/li>\n\n\n\n<li>18-19\/11\/2020:&nbsp;<strong>Stretnutie mlad\u00fdch historikov X.: Hranice v priestore a \u010dase<\/strong>, Ko\u0161ice, konferencia&nbsp;ur\u010den\u00e1 slovensk\u00fdm aj zahrani\u010dn\u00fdm doktorandom (<a href=\"\/public\/media\/15789\/CfP_SMH_X__SK.pdf\" target=\"_blank\" rel=\"noreferrer noopener\">CfP<\/a>,&nbsp;<a href=\"\/public\/media\/15789\/SMH_X_2020_prihlaska.xls\" target=\"_blank\" rel=\"noreferrer noopener\">prihl\u00e1\u0161ka<\/a>,&nbsp;<a href=\"\/public\/media\/15789\/Konferencia_SMH_X_program.pdf\" target=\"_blank\" rel=\"noreferrer noopener\">program<\/a>)<\/li>\n\n\n\n<li>31\/07\/2020:&nbsp;<strong>Univerzita bez hran\u00edc<\/strong>, Ko\u0161ice&nbsp;(<a href=\"https:\/\/www.upjs.sk\/verejnost-media\/vztahy-s-verejnostou\/univerzita-bez-hranic\/\" target=\"_blank\" rel=\"noreferrer noopener\">info<\/a>)<\/li>\n\n\n\n<li>19-21\/05\/2020:&nbsp;<strong>20th Annual Conference of the Conflict Studies Working Group<\/strong>, Ko\u0161ice&nbsp;(kv\u00f4li epid\u00e9mii COVID-19&nbsp;prelo\u017een\u00e9&nbsp;predbe\u017ene&nbsp;na september\/okt\u00f3ber 2021)<\/li>\n\n\n\n<li>22\/04\/2020:&nbsp;<strong>Hist\u00f3ria v digit\u00e1lnej \u00e9re<\/strong>, 52. zasadnutie \u010cesko-slovenskej komisie historikov, Ko\u0161ice (kv\u00f4li epid\u00e9mii COVID-19 prelo\u017een\u00e9&nbsp;predbe\u017ene&nbsp;na apr\u00edl 2021)<\/li>\n\n\n\n<li>03-04\/03\/2020:&nbsp;<strong>Continuity and Rupture in Central European Art: Adventures with the European Research Council<\/strong>&nbsp;a&nbsp;<strong>Myths of Modernism: Vienna before and after 1918<\/strong>, UPJ\u0160 Local Trainig &#8211; verejn\u00e9 predn\u00e1\u0161ky prof. Matthew Rampley (ERC Advanced Grant Principal Investigator and Senior Researcher at Masaryk University, Brno), Ko\u0161ice (<a href=\"\/public\/media\/15788\/2020-03_UPJS_Open_Lectures_Matthew_Rampley.jpg\" target=\"_blank\" rel=\"noreferrer noopener\">plag\u00e1t<\/a>)<\/li>\n\n\n\n<li>07\/02\/2020:&nbsp;<strong>De\u0148 otvoren\u00fdch dver\u00ed UPJ\u0160<\/strong>, Ko\u0161ice, od 9:00&nbsp;(<a href=\"https:\/\/www.upjs.sk\/filozoficka-fakulta\/info-pre-zaujemcov-o-studium\/\" target=\"_blank\" rel=\"noreferrer noopener\">info<\/a>)<\/li>\n<\/ul>\n<\/div><\/div><\/div>\n\n\n\n<div class=\"wp-block-kadence-pane kt-accordion-pane kt-accordion-pane-5 kt-pane12914_c5537d-d1\"><div class=\"kt-accordion-header-wrap\"><button class=\"kt-blocks-accordion-header kt-acccordion-button-label-show\" type=\"button\"><span class=\"kt-blocks-accordion-title-wrap\"><span class=\"kt-blocks-accordion-title\"><strong>2019<\/strong><\/span><\/span><span class=\"kt-blocks-accordion-icon-trigger\"><\/span><\/button><\/div><div class=\"kt-accordion-panel kt-accordion-panel-hidden\"><div class=\"kt-accordion-panel-inner\">\n<ul class=\"wp-block-list\">\n<li>16\/12\/2019:&nbsp;<strong>Z\u00e1kon o n\u00e1rodnostiach a Rada vl\u00e1dy Slovenskej socialistickej republiky pre n\u00e1rodnosti (predstavy a realita)<\/strong>, workshop v r\u00e1mci katedrov\u00e9ho projektu APVV-15-0475 &#8222;Tendencie v\u00fdvoja etnick\u00fdch vz\u0165ahov na Slovensku&#8220;, Ko\u0161ice (<a href=\"\/public\/media\/15788\/2019-12_Workshop_Zakon_o_narodnostiach_APVV_plagat.pdf\" target=\"_blank\" rel=\"noreferrer noopener\">plag\u00e1t<\/a>)<\/li>\n\n\n\n<li>11-12\/12\/2019:&nbsp;<strong>Architects under Party Dictatorship&nbsp;<\/strong>a<strong>&nbsp;Architects in the Neo-Liberal Order<\/strong>, predn\u00e1\u0161ky Petra Roubala, M.A., M.Phil., Ph.D. v r\u00e1mci projektu urbanHIST, Ko\u0161ice (<a href=\"\/public\/media\/15788\/2019-12_prednasky_urbanHIST_Roubal.jpg\" target=\"_blank\" rel=\"noreferrer noopener\">plag\u00e1t<\/a>)<\/li>\n\n\n\n<li>27\/11\/2019:&nbsp;<strong>\u0160tudentsk\u00e1 vedeck\u00e1 konferencia VIII&nbsp;<\/strong>(<a href=\"\/public\/media\/15791\/2019-11_Studentska_vedecka_konferencia_KE_program.pdf\" target=\"_blank\" rel=\"noreferrer noopener\">program<\/a>)<\/li>\n\n\n\n<li>26\/11\/2019:&nbsp;<strong>Life after PhD &#8211; Postdoc Research and Funding Opportunities<\/strong>, PhDr. Sl\u00e1vka Ot\u010den\u00e1\u0161ov\u00e1, MA., PhD., webin\u00e1r v r\u00e1mci projektu urbanHIST, Ko\u0161ice (<a href=\"\/public\/media\/15788\/2019-11_Webinar_Life_After_PhD_Otcenasova.jpg\" target=\"_blank\" rel=\"noreferrer noopener\">plag\u00e1t<\/a>)<\/li>\n\n\n\n<li>21\/11\/2019:&nbsp;<strong>Tendencie v\u00fdvoja etnick\u00fdch vz\u0165ahov na Slovensku&nbsp;<\/strong>(Komparat\u00edvny v\u00fdskum n\u00e1rodnostnej problematiky v rokoch 2004-2020), workshop s prezent\u00e1ciou&nbsp;v\u00fdsledkov projektov\u00e9ho v\u00fdskumu, Ko\u0161ice (<a href=\"\/public\/media\/15788\/2019-11_Tendencie _vyvoja_etnickych_vztahov_na_Slovensku_workshop_plagat.pdf\" target=\"_blank\" rel=\"noreferrer noopener\">plag\u00e1t<\/a>)<\/li>\n\n\n\n<li>19\/11\/2019:&nbsp;<strong>Sv. Al\u017ebeta Uhorsk\u00e1: sila dobr\u00fdch skutkov<\/strong>, interakt\u00edvna v\u00fdstava pre verejnos\u0165, kult\u00farne centrum Veritas, Ko\u0161ice, 18:30 (<a href=\"\/public\/media\/15794\/2019-11_Sv_Alzbeta_Uhorska_plagat.jpg\" target=\"_blank\" rel=\"noreferrer noopener\">plag\u00e1t<\/a>)<\/li>\n\n\n\n<li>14\/11-20\/12\/2019:&nbsp;<strong>Prv\u00fd dotyk so slobodou<\/strong>, verejn\u00e1 v\u00fdstava k v\u00fdro\u010diu Novembra \u00b489, Verejn\u00e1 kni\u017enica J\u00e1na Bocatia, Hlavn\u00e1 48&nbsp;(<a href=\"\/public\/media\/15794\/2019-11_Prvy_dotyk_so_slobodou_vystava_plagat.jpg\" target=\"_blank\" rel=\"noreferrer noopener\">plag\u00e1t<\/a>, <a href=\"http:\/\/www.nezna.3-d.sk\/\" target=\"_blank\" rel=\"noreferrer noopener\">virtu\u00e1lna prehliadka<\/a>)<\/li>\n\n\n\n<li>13\/11\/2019:&nbsp;<strong>Dlh novembru<\/strong>, verejn\u00e1 diskusia k uplynutiu tridsiatich rokov od Ne\u017enej revol\u00facie, Ko\u0161ice, Divadlo Th\u00e1lia, 18:50 &#8211; 20:30&nbsp;(<a href=\"https:\/\/www.facebook.com\/events\/761536954308599\/\" target=\"_blank\" rel=\"noreferrer noopener\">inform\u00e1cie<\/a>)<\/li>\n\n\n\n<li>29-30\/10\/2019:&nbsp;<strong>Budovanie demokracie u\u010den\u00edm o minulosti<\/strong>, medzin\u00e1rodn\u00e9 kolokvium a workshop pre u\u010dite\u013eov dejepisu, Ko\u0161ice (<a href=\"\/public\/media\/15788\/2019-10_Building_democracy_by_history_teaching_Programme.pdf\" target=\"_blank\" rel=\"noreferrer noopener\">program EN<\/a>, <a href=\"\/public\/media\/15788\/2019-10_Budovanie_demokracie_ucenim_dejepisu_Program.pdf\" target=\"_blank\" rel=\"noreferrer noopener\">program SK<\/a>)<\/li>\n\n\n\n<li>16-17\/10\/2019:&nbsp;<strong>S<\/strong><strong>tretnutie mlad\u00fdch historikov IX: Ako sa p\u00ed\u0161u dejiny?<\/strong>, doktorandsk\u00e1 konferencia, Ko\u0161ice (<a href=\"\/public\/media\/15789\/SMH_IX_CfP_SK.pdf\" target=\"_blank\" rel=\"noreferrer noopener\">CfP<\/a>,&nbsp;<a href=\"\/public\/media\/15789\/SMH_IX_2019_prihlaska.xls\" target=\"_blank\" rel=\"noreferrer noopener\">prihl\u00e1\u0161ka<\/a>, <a href=\"\/public\/media\/15789\/2019-10_SMH_IX_program_final.pdf\" target=\"_blank\" rel=\"noreferrer noopener\">program<\/a>)<\/li>\n\n\n\n<li>16\/10\/2019:&nbsp;<strong>Ako p\u00edsa\u0165 dejiny fanzinov?<\/strong>, verejn\u00e1 predn\u00e1\u0161ka Mgr. Miroslava Michelu, PhD. z \u00dastavu \u010desk\u00fdch d\u011bjin FF UK v Prahe, 17:00 Verejn\u00e1 kni\u017enica J\u00e1na Bocatia, Ko\u0161ice (<a href=\"\/public\/media\/15794\/2019-10_Ako_pisat_dejiny_fanzinov_MichelaMichela_plagat.pdf\" target=\"_blank\" rel=\"noreferrer noopener\">plag\u00e1t<\/a>)<\/li>\n\n\n\n<li>19-20\/09\/2019:&nbsp;<strong>Zmeny hran\u00edc a pohyb obyvate\u013estva v Eur\u00f3pe po druhej svetovej vojne<\/strong>, vedeck\u00e1 konferencia, Ko\u0161ice (<a href=\"\/public\/media\/15788\/2019-09_Konferencia_hranice_a_pohyb _obyvatelstv_vyzva.docx\" target=\"_blank\" rel=\"noreferrer noopener\">CfP<\/a>,&nbsp;<a href=\"\/public\/media\/15788\/2019-09_Konferencia_Zmeny_hranic_a_pohyb_obyvatelstva_VEGA_plagat.pdf\" target=\"_blank\" rel=\"noreferrer noopener\">plag\u00e1t<\/a>,&nbsp;<a href=\"\/public\/media\/15788\/2019-09_Konferencia_Zmeny_hranic_a_pohyb_obyvatelstva_VEGA_program.pdf\" target=\"_blank\" rel=\"noreferrer noopener\">program<\/a>)<\/li>\n\n\n\n<li>14\/09\/2019:&nbsp;<strong>City in the Wind of Change,&nbsp;<\/strong>KH FF UPJ\u0160 na<strong>&nbsp;Medzin\u00e1rodnom&nbsp;festivale umenia Trans\/Misie<\/strong>, verejn\u00e1 diskusia o ziskoch a sklamaniach 30 rokov po p\u00e1de \u017eeleznej opony, 15:00, V\u00fdchodoslovensk\u00e1 gal\u00e9ria, Ko\u0161ice (<a href=\"\/public\/media\/15794\/2019-09_TransMisie_Festival_umenia_plagat.jpg\" target=\"_blank\" rel=\"noreferrer noopener\">plag\u00e1t<\/a>.&nbsp;<a href=\"https:\/\/www.trans-misie.sk\/2019\/06\/23\/city-in-the-wind-of-change\/\" target=\"_blank\" rel=\"noreferrer noopener\">info<\/a>)<\/li>\n\n\n\n<li>13\/09\/2019:&nbsp;<strong>Klinika doktora Frankensteina<\/strong>, verejn\u00e1 v\u00fdstava a komentovan\u00e1 prehliadka univerzitnej budovy Plat\u00f3n ako b\u00fdvalej p\u00f4rodnice a gynekologickej kliniky&#8230; p\u00f4sobil kedysi v Ko\u0161iciach Frankenstein?, Ko\u0161ice (<a href=\"\/public\/media\/15794\/2019-09_Klinika_doktora_Frankensteina_plagat.png\" target=\"_blank\" rel=\"noreferrer noopener\">plag\u00e1t<\/a>, <a href=\"https:\/\/www.upjs.sk\/filozoficka-fakulta\/klinika-doktora-Frankensteina\/\" target=\"_blank\" rel=\"noreferrer noopener\">info<\/a>)<\/li>\n\n\n\n<li>3-6\/06\/2019:&nbsp;<strong>Historick\u00e1 exkurzia<\/strong>&nbsp;pre \u0161tudentov (<a href=\"\/public\/media\/15794\/2019-06_Historicka_exkurzia.jpg\" target=\"_blank\" rel=\"noreferrer noopener\">propoz\u00edcie<\/a>)<\/li>\n\n\n\n<li>21\/05\/2019:&nbsp;<strong>Boje o Slovensko v roku 1919 a Franc\u00fazska vojensk\u00e1 misia<\/strong>, predn\u00e1\u0161kov\u00fd cyklus s vernis\u00e1\u017eou, Ko\u0161ice (<a href=\"\/public\/media\/15788\/2019-05_Boje_o_Slovensko_francuzska_misia_plagat.jpg\" target=\"_blank\" rel=\"noreferrer noopener\">program<\/a>)<\/li>\n\n\n\n<li>13\/05\/2019:&nbsp;<strong>Verejn\u00e1 prezent\u00e1cia najnov\u0161\u00edch vedek\u00fdch publik\u00e1ci\u00ed k dejin\u00e1m Ko\u0161\u00edc<\/strong>: monografie prof. \u0160tefana \u0160utaja a dr. Al\u017ebety Bojkovej, ako aj zborn\u00edk editorov dr. Petra Fedor\u010d\u00e1ka a Patr\u00edcie Fogelovej,&nbsp;Ko\u0161ice, 16:00 (<a href=\"\/public\/media\/15794\/2019-05_Prezentacia_knih_VEGA_Kosice_pozvanka.pdf\" target=\"_blank\" rel=\"noreferrer noopener\">pozv\u00e1nka<\/a>)<\/li>\n\n\n\n<li>1-4\/04\/2019:&nbsp;<strong>Network-Wide Workshop Week V<\/strong>, organizovan\u00fd v r\u00e1mci medzin\u00e1rodn\u00e9ho projektu urbanHIST,&nbsp;Ko\u0161ice&nbsp;(<a href=\"\/public\/media\/15788\/2019-04_Network-Wide_Workshop_Week_V_Programme.pdf\" target=\"_blank\" rel=\"noreferrer noopener\">program<\/a>)<\/li>\n\n\n\n<li>01\/04\/2019:&nbsp;<strong>ERC Grants for Frontier Research<\/strong>, prezent\u00e1cia PhDr. Sl\u00e1vky Ot\u010den\u00e1\u0161ovej, MA., PhD., Ko\u0161ice, nutn\u00e1 online registr\u00e1cia (<a href=\"\/public\/media\/15788\/2019-04_ERC_Grants_Presentation_Otcenasova_poster.png\" target=\"_blank\" rel=\"noreferrer noopener\">pozv\u00e1nka<\/a>,&nbsp;<a href=\"\/public\/media\/15788\/2019-04_ERC_Grants_Presentation_Otcenasova_instructions.jpg\" target=\"_blank\" rel=\"noreferrer noopener\">in\u0161trukcie<\/a>)<\/li>\n\n\n\n<li>21\/03\/2019:&nbsp;<strong>Krajsk\u00e9 kolo dejepisnej olympi\u00e1dy<\/strong>, Ko\u0161ice, 9:00 &#8211; 13:00, FF UPJ\u0160<\/li>\n\n\n\n<li>07\/03\/2019:&nbsp;<strong>Out of memory<\/strong>,&nbsp; verejn\u00e1 diskusia k ot\u00e1zkam v\u00fdro\u010dia vzniku&nbsp;Slovensk\u00e9ho \u0161t\u00e1tu (14. marec 1939), Ko\u0161ice &#8211; Halmi Place,&nbsp;17:00 &#8211; 18:30 (<a href=\"\/public\/media\/15794\/2019_03_Out_of_memory_diskusia.png\" target=\"_blank\" rel=\"noreferrer noopener\">plag\u00e1t<\/a>)<\/li>\n\n\n\n<li>21\/02\/2019:&nbsp;<strong>Ples historikov<\/strong>, Precise Kantine, ka\u017edoro\u010dn\u00fd ples pre \u0161tudentov a absolventov na\u0161ej katedry, viac inform\u00e1ci\u00ed na&nbsp;<a href=\"https:\/\/www.facebook.com\/events\/520097668502918\/\" target=\"_blank\" rel=\"noreferrer noopener\">Facebooku&nbsp;<\/a>(predaj l\u00edstkov v kancel\u00e1rii \u010d. 215)<\/li>\n\n\n\n<li>13\/02\/2019:&nbsp;<strong>Hus\u00e1k: vrcholy a p\u00e1dy 1945 &#8211; 1951<\/strong>, verejn\u00e1 prezent\u00e1cia novej knihy za \u00fa\u010dasti autorov,&nbsp;Ko\u0161ice (<a href=\"\/public\/media\/15794\/2019-02_Perezentacia_knihy_Husak_vrcholy_a_pady.jpg\" target=\"_blank\" rel=\"noreferrer noopener\">plag\u00e1t<\/a>)<\/li>\n\n\n\n<li>08\/02\/2019:&nbsp;<strong>De\u0148 otvoren\u00fdch dver\u00ed Filozofickej fakulty UPJ\u0160<\/strong>,&nbsp;prezent\u00e1cia Katedry hist\u00f3rie o 9:00 a 10:00&nbsp;(<a href=\"https:\/\/www.upjs.sk\/filozoficka-fakulta\/info-pre-zaujemcov-o-studium\/\" target=\"_blank\" rel=\"noreferrer noopener\">inform\u00e1cie<\/a>)<\/li>\n\n\n\n<li>07\/02\/2019:&nbsp;<strong>Seredsk\u00e9 svedectv\u00e1<\/strong>, premietanie filmov k problematike holokaustu, Rektor\u00e1t UPJ\u0160 (<a href=\"\/public\/media\/15794\/2019-02_Seredske_svedectva.png\" target=\"_blank\" rel=\"noreferrer noopener\">plag\u00e1t<\/a>)<\/li>\n<\/ul>\n<\/div><\/div><\/div>\n\n\n\n<div class=\"wp-block-kadence-pane kt-accordion-pane kt-accordion-pane-6 kt-pane12914_b7ae10-01\"><div class=\"kt-accordion-header-wrap\"><button class=\"kt-blocks-accordion-header kt-acccordion-button-label-show\" type=\"button\"><span class=\"kt-blocks-accordion-title-wrap\"><span class=\"kt-blocks-accordion-title\"><strong>2018<\/strong><\/span><\/span><span class=\"kt-blocks-accordion-icon-trigger\"><\/span><\/button><\/div><div class=\"kt-accordion-panel kt-accordion-panel-hidden\"><div class=\"kt-accordion-panel-inner\">\n<ul class=\"wp-block-list\">\n<li><strong>Vyhodnotenie medi\u00e1lnych v\u00fdstupov FF UPJ\u0160<\/strong>&nbsp;za rok 2018 a podiel Katedry hist\u00f3rie (<a href=\"https:\/\/www.upjs.sk\/filozoficka-fakulta\/FF-v-mediach-2018\/?fbclid=IwAR0TkPEUDB4nrVSLjO1zD7JxePrTmYR8dCDaETQuQUkHmDim9iBZcFs6oSw\" target=\"_blank\" rel=\"noreferrer noopener\">link<\/a>)<\/li>\n\n\n\n<li><strong>Tuka proti republike. Proces z 1929<\/strong>, verejn\u00e1 prezent\u00e1cia novej monografie n\u00e1\u0161ho kolegu Mgr. Petra Fedor\u010d\u00e1ka, PhD., 19. december 2018, Ko\u0161ice (<a href=\"\/public\/media\/15794\/2018_12-Tuka_proti_republike_prezentacia_knihy_Fedorcak.jpg\" target=\"_blank\" rel=\"noreferrer noopener\">plag\u00e1t<\/a>)<\/li>\n\n\n\n<li><strong>Predn\u00e1\u0161ka&nbsp;Mgr. \u00c1d\u00e1ma Nov\u00e1ka<\/strong>: Seals of rulers and magnates from&nbsp; Archives of the City of Ko\u0161ice\/Arch\u00edv mesta Ko\u0161ice, 12. december 2018, Ko\u0161ice (<a href=\"\/public\/media\/15790\/2018-12_Hostovska_prednaska_Novak.jpg\" target=\"_blank\" rel=\"noreferrer noopener\">plag\u00e1t<\/a>)<\/li>\n\n\n\n<li><strong>Predn\u00e1\u0161ky PhDr. Mari\u00e1na Hochela, Ph.D.<\/strong>: Napoleonovo ta\u017een\u00ed roku 1805, P\u00e9\u010de o pam\u00e1tky a kulturn\u00ed d\u011bdictv\u00ed jako sou\u010d\u00e1st kulturn\u00ed politiky Napoleona Bonaparta ve Francii 4. &#8211; 5. december 2018, Ko\u0161ice&nbsp;(<a href=\"\/public\/media\/15790\/2018-12_Hostovska_prednaska_Hochel.jpg\" target=\"_blank\" rel=\"noreferrer noopener\">plag\u00e1t<\/a>)<\/li>\n\n\n\n<li><strong>Aktu\u00e1lne v\u00fdzvy vyu\u010dovania dejepisu<\/strong>, semin\u00e1r pre u\u010dite\u013eov, 4. &#8211; 5. december 2018, Ko\u0161ice (<a href=\"\/public\/media\/15794\/2018-12_Seminar_Aktualne_vyzvy_vyucovania_dejepisu_plagat.jpg\" target=\"_blank\" rel=\"noreferrer noopener\">plag\u00e1t<\/a>,&nbsp;<a href=\"\/public\/media\/15794\/2018-12_Seminar_Aktualne_vyzvy_vyucovania_dejepisu_program.jpg\" target=\"_blank\" rel=\"noreferrer noopener\">program<\/a>)<\/li>\n\n\n\n<li><strong>Cesta k porozumeniu (80 rokov od Viedenskej arbitr\u00e1\u017ee)<\/strong>, verejn\u00e1 diskusia, 22. november 2018, Ko\u0161ice (<a href=\"\/public\/media\/15794\/2018-11_Cesta_k_porozumeniu_diskusia_plagat.pdf\" target=\"_blank\" rel=\"noreferrer noopener\">plag\u00e1t<\/a>)<\/li>\n\n\n\n<li><strong>Predn\u00e1\u0161ka Dr. Adeline Rucquoi&nbsp;<\/strong>(riadite\u013eky Centre de Recherches Historiques, Par\u00ed\u017e): Les Chemins de Compostelle. Un renouvellement mill\u00e9naire, 21. november 2018, 09:00, budova Plat\u00f3n, Ko\u0161ice<\/li>\n\n\n\n<li><strong>\u0160tudentsk\u00e1 vedeck\u00e1 konferencia<\/strong>, 20. november 2018 (<a href=\"\/public\/media\/15794\/2018-11_Studentska_vedecka_konferencia.pdf\" target=\"_blank\" rel=\"noreferrer noopener\">program<\/a>)<\/li>\n\n\n\n<li><strong>Stredoeur\u00f3pske s\u00favislosti n\u00e1rodnostn\u00e9ho v\u00fdvoja na za\u010diatku 21. storo\u010dia<\/strong>, konferencia, 15. november 2018, Ko\u0161ice (<a href=\"\/public\/media\/15788\/2018-11_Konferencia_APVV_Stredoeuropske_suvislosti _narodnostneho_vyvoja_CfP.pdf\" target=\"_blank\" rel=\"noreferrer noopener\">CfP<\/a>, <a href=\"\/public\/media\/15788\/2018-11_Konferencia_Stredoeuropske_suvislosti_narodn_vyvoja_zac21storocia_program.pdf\" target=\"_blank\" rel=\"noreferrer noopener\">program<\/a>)<\/li>\n\n\n\n<li><strong>Men\u0161inov\u00e1 politika v strednej Eur\u00f3pe po studenej vojne &#8211; historick\u00e9 s\u00favislosti a s\u00fa\u010dasn\u00fd stav<\/strong>,&nbsp; hos\u0165ovsk\u00e1 predn\u00e1\u0161ka JUDr. J\u00e1na G\u00e1bora<strong>&nbsp;<\/strong>(MZVaEZ SR),&nbsp;14. november 2018, 13:30 &#8211; 15:00, FF UPJ\u0160, budova Plat\u00f3n, miestnos\u0165 AP1P1&nbsp;(<a href=\"\/public\/media\/15790\/2018-11_Hostovska_prednaska_Gabora.jpg\" target=\"_blank\" rel=\"noreferrer noopener\">pozv\u00e1nka<\/a>)<\/li>\n\n\n\n<li><strong>Festival slobody v Ko\u0161iciach<\/strong>, filmy, versnis\u00e1\u017e a diskusia, 12. november 2018, Taba\u010dka Kulturfabrik&nbsp;(<a href=\"\/public\/media\/15794\/2018-11_Festival_slobody_Kosice_1.jpg\" target=\"_blank\" rel=\"noreferrer noopener\">plag\u00e1t<\/a>)<\/li>\n\n\n\n<li><strong>European Holocaust Research Infrastructure<\/strong>, predn\u00e1\u0161ka, 7. november 2018, 16:15 &#8211; 17:45<\/li>\n\n\n\n<li><strong>De\u0148 otvoren\u00fdch dver\u00ed: Dejiny tvor\u00ed\u0161 ty!<\/strong>, De\u0148 otvoren\u00fdch dver\u00ed UPJ\u0160 spojen\u00fd s interakt\u00edvnou v\u00fdstavou organizovanou na\u0161ou katedrou k &#8222;osmi\u010dkov\u00fdm&#8220; rokom v are\u00e1li FF UPJ\u0160 v Ko\u0161iciach, 5. okt\u00f3ber 2018, 9:00 &#8211; 16:00 (<a href=\"https:\/\/www.upjs.sk\/aktuality\/DOD-UPJS-051018\/\" target=\"_blank\" rel=\"noreferrer noopener\">De\u0148 otvoren\u00fdch dver\u00ed FF UPJ\u0160<\/a>,&nbsp;<a href=\"\/public\/media\/15794\/2018-10_Vystava_Dejiny_tvoris_ty_plagat.jpg\" target=\"_blank\" rel=\"noreferrer noopener\">interakt\u00edvna v\u00fdstava<\/a>)<\/li>\n\n\n\n<li><strong>Network-wide Workshop Week and Young Urban(h)ist Conference<\/strong> (The 8th Meeting of Young Historians in Ko\u0161ice), medzin\u00e1rodn\u00e9 vedeck\u00e9 podujatia v r\u00e1mci projektu urbanHIST, 1. &#8211; 5. okt\u00f3ber 2018,&nbsp;Ko\u0161ice (<a href=\"\/public\/media\/15789\/2018-10_SMH_VIII_Young_urbanHIST_CfP.pdf\" target=\"_blank\" rel=\"noreferrer noopener\">CfP<\/a>,&nbsp;<a href=\"\/public\/media\/15789\/2018-10_SMH_VIII_Young_urbanHIST_Appl.form.pdf\" target=\"_blank\" rel=\"noreferrer noopener\">prihl\u00e1\u0161ka<\/a>, <a href=\"\/public\/media\/15789\/2018-10_Konferencia_SMH_VIII_urbanHIST_program.pdf\" target=\"_blank\" rel=\"noreferrer noopener\">program<\/a>)<\/li>\n\n\n\n<li><strong>Eur\u00f3pska noc v\u00fdskumn\u00edkov 2018<\/strong>, verejn\u00e9&nbsp;prezent\u00e1cie, 28. september 2018, 09:00 &#8211; 19:00, \u00c1trium Optima, Ko\u0161ice (<a href=\"https:\/\/www.upjs.sk\/aktuality\/noc-vyskumnikov-2018\/\" target=\"_blank\" rel=\"noreferrer noopener\">program UPJ\u0160<\/a>,&nbsp;<a href=\"http:\/\/www.nocvyskumnikov.sk\/\" target=\"_blank\" rel=\"noreferrer noopener\">webstr\u00e1nka festivalu<\/a>)<\/li>\n\n\n\n<li><strong>Vymenovanie&nbsp;doc. PaedDr. Martina Pek\u00e1ra, PhD.,&nbsp;ved\u00faceho na\u0161ej katedry, za profesora<\/strong>&nbsp;prezidentom Slovenskej republiky Andrejom Kiskom, 19. september 2018, Bratislava<\/li>\n\n\n\n<li><strong>Inov\u00e1cia v\u00fdu\u010dby antick\u00fdch dej\u00edn na vysok\u00fdch \u0161kol\u00e1ch<\/strong>, workshop a medzin\u00e1rodn\u00e9 kolokvium pre vysoko\u0161kolsk\u00fdch pedag\u00f3gov, 10. &#8211; 11. september 2018, Ko\u0161ice (<a href=\"\/public\/media\/15788\/2018_09-Workshop_Inovacia_vyucby_antickych_dejin_pozvanka.pdf\" target=\"_blank\" rel=\"noreferrer noopener\">pozv\u00e1nka<\/a>,&nbsp;<a href=\"\/public\/media\/15788\/2018_09-Workshop_Inovacia_vyucby_antickych_dejin_program.pdf\" target=\"_blank\" rel=\"noreferrer noopener\">program<\/a>)<\/li>\n\n\n\n<li><strong>Okup\u00e1cia, normaliz\u00e1cia a dne\u0161n\u00e9 Slovensko<\/strong>, verejn\u00e1 diskusia, 20. august 2018, 19:00, Ko\u0161ice (<a href=\"\/public\/media\/15794\/2018-08_Okupacia,_normalizacia_dnesne_SVK_diskusia.jpg\" target=\"_blank\" rel=\"noreferrer noopener\">pozv\u00e1nka<\/a>)<\/li>\n\n\n\n<li><strong>Univerzita bez hran\u00edc<\/strong>, aktivity pre&nbsp;\u017eiakov z\u00e1kladn\u00fdch \u0161k\u00f4l, 13. j\u00fal 2018, Ko\u0161ice (<a href=\"https:\/\/www.upjs.sk\/verejnost-media\/vztahy-s-verejnostou\/univerzita-bez-hranic\/\" target=\"_blank\" rel=\"noreferrer noopener\">inform\u00e1cie<\/a>)<\/li>\n\n\n\n<li><strong>urbanHIST ESRs colloquium III: Discussion of the current state of the research within IRPs<\/strong>, kolokvium v r\u00e1mci projektu urbanHIST, 2. j\u00fal 2018, Ko\u0161ice (<a href=\"\/public\/media\/15788\/2018-06_UrbanHist_Colloquium_3_poster.jpg\" target=\"_blank\" rel=\"noreferrer noopener\">poster<\/a>)<\/li>\n\n\n\n<li><strong>Diskusn\u00e9 ve\u010dery \u00dastavu pam\u00e4ti n\u00e1roda: Obnovenie gr\u00e9ckokatol\u00edckej cirkvi v roku 1968<\/strong>, moderuje \u010dlen na\u0161ej katedry, doc. ThDr. Peter Borza, PhD., 11. j\u00fan 2018, Pre\u0161ov (<a href=\"\/public\/media\/15794\/2018-06_Diskusne_vecery_UPN_moderator_Borza_UPJS.jpg\" target=\"_blank\" rel=\"noreferrer noopener\">pozv\u00e1nka<\/a>)<\/li>\n\n\n\n<li><strong>Historick\u00e1 exkurzia<\/strong>&nbsp;so \u0161tudentmi po vybran\u00fdch pam\u00e4tihodnostiach Slovenska, 5. &#8211; 8. j\u00fan 2018 (predbe\u017en\u00e9&nbsp;<a href=\"\/public\/media\/15794\/2018_6_Historicka_Exkurzia_pre_studentov_1.jpg\" target=\"_blank\" rel=\"noreferrer noopener\">propoz\u00edcie<\/a>)<\/li>\n\n\n\n<li><strong>The Experience of State Socialism Reimagined<\/strong>, medzin\u00e1rodn\u00fd workshop, 31. m\u00e1j &#8211; 1. j\u00fan 2018 (<a href=\"https:\/\/www.upjs.sk\/filozoficka-fakulta\/info-pre-verejnost-a-media\/The-Experience-of-State-Socialism-Reimagined\/\" target=\"_blank\" rel=\"noreferrer noopener\">spr\u00e1va z workshopu<\/a>)<\/li>\n\n\n\n<li><strong>Pr\u00edbeh Juraja Sz\u00e1nta. Rozhovor o z\u00e1chrancoch a obeti<\/strong>, prezent\u00e1cia novej knihy ved\u00faceho na\u0161ej katedry Doc. PaedDr. Martina Pek\u00e1ra, PhD., 23. m\u00e1j 2018, 16:00, Pribinova 1, Ko\u0161ice (<a href=\"\/public\/media\/15794\/2018-05_Prezentacia_knihy_Szanto_ Pekar_plagat.jpg\" target=\"_blank\" rel=\"noreferrer noopener\">pozv\u00e1nka<\/a>)<\/li>\n\n\n\n<li><strong>Etnicita v kontexte &#8222;ve\u013ek\u00fdch medzn\u00edkov&#8220;: Etnick\u00e1 politika, vz\u0165ahy a ich transform\u00e1cie na Slovensku po rokoch 1918, 1938, 1948<\/strong>, predn\u00e1\u0161kov\u00fd cyklus a workshop pre \u0161tudentov hist\u00f3rie a politol\u00f3gie, 4. m\u00e1j 2018, Ko\u0161ice (<a href=\"\/public\/media\/15794\/2018-05_Workshop_Etnicita_ APVV.jpg\" target=\"_blank\" rel=\"noreferrer noopener\">pozv\u00e1nka<\/a>)<\/li>\n\n\n\n<li><strong>Osobn\u00fd automobilizmus na Slovensku v rokoch 1918 &#8211; 1938<\/strong>, prezent\u00e1cia monografie n\u00e1\u0161ho kolegu Mgr. Mikul\u00e1\u0161a Jan\u010duru, PhD., 25. apr\u00edl 2018, 16:30, Ko\u0161ice (<a href=\"\/public\/media\/15794\/2018-04_Prezentacia_knihy_Osobny_automobilizmus_Jancura.pdf\" target=\"_blank\" rel=\"noreferrer noopener\">pozv\u00e1nka<\/a>)<\/li>\n\n\n\n<li><strong>\u010cesk\u00fd a uhersk\u00fd st\u00e1t ve st\u0159edov\u011bku &#8211; protivn\u00edci i partne\u0159i<\/strong>, hos\u0165ovsk\u00e1 predn\u00e1\u0161ka doc. PhDr. Matina \u0160anderu, Ph.D.,&nbsp;19. apr\u00edl 2018, Ko\u0161ice (<a href=\"\/public\/media\/15790\/2018-04_Hostovska_prednaska_Sandera.pdf\" target=\"_blank\" rel=\"noreferrer noopener\">pozv\u00e1nka<\/a>)<\/li>\n\n\n\n<li><strong>Demokratiza\u010dn\u00e9 procesy a kr\u00edzy demokracie: Slovensko 1918 &#8211; 2018<\/strong>, verejn\u00e1 diskusia, 28. marec 2018, 17:00 &#8211; 19:30, Taba\u010dka Kulturfabrik (<a href=\"\/public\/media\/15794\/2018-03_Kriza_demokracie_diskusia_Tabacka.pdf\" target=\"_blank\" rel=\"noreferrer noopener\">pozv\u00e1nka<\/a>)<\/li>\n\n\n\n<li><strong>Krajsk\u00e9 kolo Dejepisnej olympi\u00e1dy<\/strong>, Ko\u0161ice, 22. marec 2018, 09:00 &#8211; 12:00 (<a href=\"\/public\/media\/15794\/2018-03_Dejepisna_olympiada.jpg\" target=\"_blank\" rel=\"noreferrer noopener\">pozv\u00e1nka<\/a>)<\/li>\n\n\n\n<li><strong>Komunismus a emancipace \u017een, \u010ceskoslovensko 1948 &#8211; 1968<\/strong>,&nbsp;hos\u0165ovsk\u00e1 predn\u00e1\u0161ka Mgr. Denisy Ne\u010dasov\u00e9, Ph.D., 21. marec 2018, Ko\u0161ice<\/li>\n\n\n\n<li><strong>The Other Half of Europe II<\/strong>, kolokvium v r\u00e1mci projektu urbanHIST, Ko\u0161ice, 14. marec 2018 (<a href=\"\/public\/media\/15788\/2018-03_The_Other_Half_of_Europe_II_urbanHIST_colloquium.jpg\" target=\"_blank\" rel=\"noreferrer noopener\">pozv\u00e1nka<\/a>)<\/li>\n\n\n\n<li><strong>Hos\u0165ovsk\u00e9 predn\u00e1\u0161ky doc. PhDr. Luk\u00e1\u0161a Novotn\u00e9ho, Ph.D.<\/strong>, 13. marec 2018, 09:50 &#8211; 11:20, Ko\u0161ice (<a href=\"\/public\/media\/15790\/2018-03_Hostovska_prednaska_Novotny.jpg\" target=\"_blank\" rel=\"noreferrer noopener\">pozv\u00e1nka<\/a>)<\/li>\n\n\n\n<li><strong>Osvietenstvo na Slovensku<\/strong>, beseda s historikom PhDr. Michalom Badom, PhD. spojen\u00e1 s prezent\u00e1ciou jeho najnov\u0161ej knihy &#8222;Slovensk\u00e9 dejiny II. (1526 &#8211; 1780)&#8220;, Ko\u0161ice, 7. marec 2018, 10:45 &#8211; 12:15 (<a href=\"\/public\/media\/15794\/2018-03_Osvietenstvo_na_Slovensku_beseda_Bada.pdf\" target=\"_blank\" rel=\"noreferrer noopener\">pozv\u00e1nka<\/a>)<\/li>\n\n\n\n<li><strong>Febru\u00e1r 1948<\/strong>, prv\u00e1 zo s\u00e9rie diskusi\u00ed organizovan\u00fdch na\u0161ou katedrou k osmi\u010dkov\u00fdm rokom, tentokr\u00e1t v spolupr\u00e1ci s \u00dastavom pam\u00e4ti n\u00e1roda, diskutova\u0165 bud\u00fa \u0160tefan \u0160utaj z na\u0161ej katedry a Ondrej Podolec z \u00daPN, Ko\u0161ice, Taba\u010dka &#8211; Kulturfabrik, 1. marec 2018, 17:30 &#8211; 19:00&nbsp;(<a href=\"\/public\/media\/15794\/2018-03_Diskusia_Februar_1948.jpg\" target=\"_blank\" rel=\"noreferrer noopener\">pozv\u00e1nka<\/a>)&nbsp;<\/li>\n\n\n\n<li><strong>Hos\u0165ovsk\u00e9 predn\u00e1\u0161ky<\/strong> <strong>Mgr. \u00c1d\u00e1ma Novaka<\/strong>, 21. febru\u00e1r 2018, 10:45 &#8211; 12:15, Ko\u0161ice (<a href=\"\/public\/media\/17020\/2018_02_hostovska_prednaska_Novak_Adam.pdf\" target=\"_blank\" rel=\"noreferrer noopener\">pozv\u00e1nka<\/a>)<\/li>\n\n\n\n<li><strong>V\u00fdstava Slovensko a Organiz\u00e1cia spojen\u00fdch n\u00e1rodov,<\/strong>&nbsp;Ko\u0161ice, budova Plat\u00f3n v are\u00e1li FF UPJ\u0160, otvorenie za \u00fa\u010dasti autora PhDr. Slavom\u00edra Mich\u00e1leka, DrSc, riadite\u013ea Historick\u00e9ho \u00fastavu SAV,&nbsp;20. febru\u00e1r&nbsp;2018, 14:00 &#8211; 16:00&nbsp;(<a href=\"\/public\/media\/15794\/2018-02_Vystava_Slovensko_a_Organizacia_spojenych_narodov_Michalek.jpg\" target=\"_blank\" rel=\"noreferrer noopener\">pozv\u00e1nka<\/a>)<\/li>\n\n\n\n<li><strong>Erasmus+<\/strong>, informa\u010dn\u00e9 stretnutie o mo\u017enostiach \u0161tudijn\u00fdch pobytov, 19. febru\u00e1r 2018, Ko\u0161ice (<a href=\"\/public\/media\/15794\/2018-02_Erasmus_stretnutie.pdf\" target=\"_blank\" rel=\"noreferrer noopener\">pozv\u00e1nka<\/a>)<\/li>\n\n\n\n<li><strong>De\u0148 otvoren\u00fdch dver\u00ed FF UPJ\u0160 v Ko\u0161iciach<\/strong>, 9. febru\u00e1r 2018<\/li>\n\n\n\n<li><strong>L\u00b4architecture engag\u00e9e: How the Engaged Architecture Changed the European City<\/strong>, webin\u00e1r projektu urbanHIST, predn\u00e1\u0161ka prof. Dr. Ing. arch. Henriety Morav\u010d\u00edkovej, 8. febru\u00e1r 2018, Ko\u0161ice (<a href=\"\/public\/media\/15788\/2018-02_Webinar_urbanHIST_Moravcikova.jpg\" target=\"_blank\" rel=\"noreferrer noopener\">pozv\u00e1nka<\/a>)<\/li>\n\n\n\n<li><strong>Eastern Europe after the First World War<\/strong>, medzin\u00e1rodn\u00e1 konferencia na Ve\u013evyslanectve&nbsp;Slovenskej republiky v Berl\u00edne (Nemecko), Hildenbrandstrasse 25, 31. janu\u00e1r &#8211; 2. febru\u00e1r 2018 (<a href=\"\/public\/media\/9172\/Konferencia_Eastern_Europe_after_WW1_2018_01_CfP.pdf\">CfP<\/a>, &nbsp;<a href=\"\/public\/media\/15788\/2018_01_Konferenz_Tagungsprogramm-Erster-Weltkrieg.pdf\" target=\"_blank\" rel=\"noreferrer noopener\">program<\/a>)<\/li>\n<\/ul>\n<\/div><\/div><\/div>\n\n\n\n<div class=\"wp-block-kadence-pane kt-accordion-pane kt-accordion-pane-7 kt-pane12914_c833f2-49\"><div class=\"kt-accordion-header-wrap\"><button class=\"kt-blocks-accordion-header kt-acccordion-button-label-show\" type=\"button\"><span class=\"kt-blocks-accordion-title-wrap\"><span class=\"kt-blocks-accordion-title\"><strong>2017<\/strong><\/span><\/span><span class=\"kt-blocks-accordion-icon-trigger\"><\/span><\/button><\/div><div class=\"kt-accordion-panel kt-accordion-panel-hidden\"><div class=\"kt-accordion-panel-inner\">\n<ul class=\"wp-block-list\">\n<li><strong>Samospr\u00e1va mesta Ko\u0161ice v stredoveku<\/strong>, prezent\u00e1cia novej monografie&nbsp;n\u00e1\u0161ho kolegu Mgr. Drahoslava Magdo\u0161ka, PhD., 13. december 2017, Ko\u0161ice (<a href=\"\/public\/media\/15788\/2017-12_Pozvanka_prezentacia_knihy_Samosprava_mesta_Kosice_v_stredoveku.pdf\" target=\"_blank\" rel=\"noreferrer noopener\">pozv\u00e1nka<\/a>)<\/li>\n\n\n\n<li><strong>The Other Half of Europe I<\/strong>, kolokvium v r\u00e1mci projektu &#8222;urbanHIST&#8220;, 11. december 2017, Ko\u0161ice (<a href=\"\/public\/media\/15788\/2017-12_The_Other_Half_of_Europe_I.jpg\" target=\"_blank\" rel=\"noreferrer noopener\">plag\u00e1t<\/a>)<\/li>\n\n\n\n<li><strong>IV. ples historikov<\/strong>, katedrov\u00fd b\u00e1l, 7. december 2017, Ko\u0161ice (<a href=\"\/public\/media\/15794\/2017-12_Ples_historikov_IV.jpg\" target=\"_blank\" rel=\"noreferrer noopener\">plag\u00e1t<\/a>)<\/li>\n\n\n\n<li><strong>GIS as a Tool, a Technology and Science<\/strong>, predn\u00e1\u0161ka RNDr. J\u00e1na Ka\u0148uka, PhD. v r\u00e1mci projektu urbanHIST, Ko\u0161ice, 4. december 2018, 13:30 &#8211; 15:00<\/li>\n\n\n\n<li><strong>Morphological Changes in Post-Socialistic Cities:<\/strong>&nbsp;Using 3D Models, Case of Ko\u0161ice.&nbsp;Predn\u00e1\u0161ka n\u00e1\u0161ho v\u00fdskumn\u00e9ho pracovn\u00edka Mgr. Adama G\u00f3rku na p\u00f4de \u00dastavu geografie PF UPJ\u0160, Ko\u0161ice, 29. november, 10:30 &#8211; 11:30<\/li>\n\n\n\n<li><strong>\u0160tudentsk\u00e1 vedeck\u00e1 konferencia<\/strong>, 22. november 2017, Ko\u0161ice (<a href=\"\/public\/media\/15791\/Studentska_vedecka_konferencia_program_2017.pdf\" target=\"_blank\" rel=\"noreferrer noopener\">program<\/a>)<\/li>\n\n\n\n<li><strong>Etnicita a m\u00e9di\u00e1<\/strong>, workshop, 20. november 2017, Ko\u0161ice (<a href=\"\/public\/media\/15788\/2017-11_Workshop_Etnicita_a_media_APVV_program.pdf\" target=\"_blank\" rel=\"noreferrer noopener\">program<\/a>)<\/li>\n\n\n\n<li><strong>Obraz nepriate\u013ea v propagande po\u010das II. svetovej vojny na Slovensku<\/strong>, v\u00fdstava, hos\u0165ovsk\u00e1 predn\u00e1\u0161ka a prezent\u00e1cia rovnomennej knihy prof. PhDr. Eduarda Ni\u017e\u0148ansk\u00e9ho, CSc., 8. november 2017 (v\u00fdstava potrv\u00e1 do 8. decembra 2017), Ko\u0161ice (<a href=\"\/public\/media\/15794\/2017_11_Obraz_nepriatela_vystava-prednaska-prezentacia_plagat.jpg\" target=\"_blank\" rel=\"noreferrer noopener\">pozv\u00e1nka<\/a>)<\/li>\n\n\n\n<li><strong>Stretnutie mlad\u00fdch historikov VII.: Prehodnoten\u00e9 dejiny. Historick\u00e1 pam\u00e4\u0165 &#8211; jej miesto a v\u00fdznam pre spolo\u010dnos\u0165<\/strong>, konferencia doktorandov, 25. okt\u00f3ber 2017, Ko\u0161ice (<a href=\"\/public\/media\/15789\/SMH_VII_2017_CfP.pdf\" target=\"_blank\" rel=\"noreferrer noopener\">CfP<\/a>,&nbsp;<a href=\"\/public\/media\/15789\/SMH_VII_2017_prihlaska.pdf.xls\" target=\"_blank\" rel=\"noreferrer noopener\">prihl\u00e1\u0161ka<\/a>, <a href=\"\/public\/media\/15789\/Program_SMH_VII_2017.pdf\" target=\"_blank\" rel=\"noreferrer noopener\">program<\/a>)<\/li>\n\n\n\n<li><strong>Memory in Urban Space: Possibilities and Limits of Comparative Research<\/strong>, workshop s n\u00f3rskymi kolegami, 24. okt\u00f3ber, Ko\u0161ice (<a href=\"\/public\/media\/15788\/Workshop_Memory_in_Urban_Space_2017.pdf\" target=\"_blank\" rel=\"noreferrer noopener\">program<\/a>)<\/li>\n\n\n\n<li><strong>De\u0148 otvoren\u00fdch dver\u00ed<\/strong>, prezent\u00e1cia katedry pre z\u00e1ujemcov o vysoko\u0161kolsk\u00e9 \u0161t\u00fadium, 6. okt\u00f3ber 2017, Ko\u0161ice (<a href=\"\/public\/media\/9172\/Den_otvorenych_dveri_2017_10.jpg\">pozv\u00e1nka<\/a>)<\/li>\n\n\n\n<li><strong>Juhoslavizmus versus \u010dechoslovakizmus: konfliktn\u00e9 dejiny ideol\u00f3gi\u00ed<\/strong>, medzin\u00e1rodn\u00e1 konferencia, 4. okt\u00f3ber 2017, Ko\u0161ice (<a href=\"\/public\/media\/9172\/Konferencia-Juhoslavizmus_vs_cechoslovakizmus_2017_10-CfP.jpg\">CfP<\/a>,&nbsp;<a href=\"\/public\/media\/15788\/Workshop_Juhoslavizmus_versus_cechoslovakiszmus_2017_10.pdf\" target=\"_blank\" rel=\"noreferrer noopener\">program<\/a>)<\/li>\n\n\n\n<li><strong>Noc v\u00fdskumn\u00edkov<\/strong>, interakt\u00edvne prezent\u00e1cie pre verejnos\u0165, 29. september 2017, Ko\u0161ice, OC Optima, 9:00 &#8211; 21:00<\/li>\n\n\n\n<li><strong>Osobnosti z dej\u00edn \u0161kolstva a vedy v Ko\u0161iciach<\/strong>, vedeck\u00e1 konferencia, 20. september 2017, Ko\u0161ice (<a href=\"\/public\/media\/9172\/Osobnosti.z.dejin.skolstva.a.vedy.v.Kosiciach_20.9.2017_vyzva.pdf\" target=\"_blank\" rel=\"noreferrer noopener\">CfP<\/a>, <a href=\"\/public\/media\/9172\/Konferencia_Osobnosti_skolstva_a_vedy_VEGA_2017_09_program.pdf\">program<\/a>)<\/li>\n\n\n\n<li><strong>Zmaten\u00ed jazyk\u016f: Historik v lingvistick\u00e9m pekle<\/strong>, hos\u0165ovsk\u00e1 predn\u00e1\u0161ka prof. Mgr. Jaroslava Millera, M.A., Ph.D., 13. j\u00fan 2017, 10:00<\/li>\n\n\n\n<li><strong>Kto bude \u010fal\u0161\u00ed II.?<\/strong>, interakt\u00edvna v\u00fdstava pre verejnos\u0165, 31. m\u00e1j 2017, 10:00 &#8211; 18:00, Ko\u0161ice &#8211; are\u00e1l FF UPJ\u0160 (<a href=\"\/public\/media\/15794\/Kto_bude_dalsi_2_2017_maj.jpg\" target=\"_blank\" rel=\"noreferrer noopener\">pozv\u00e1nka<\/a>,&nbsp;<a href=\"https:\/\/www.rtvs.sk\/televizia\/archiv\/11580\/127136#2098\" target=\"_blank\" rel=\"noreferrer noopener\">report\u00e1\u017e RTVS<\/a>,&nbsp;<a href=\"https:\/\/www.tvkosice.sk\/video\/592ee2024526ca31ce1e820c\" target=\"_blank\" rel=\"noreferrer noopener\">TV Ko\u0161ice<\/a>)<\/li>\n\n\n\n<li><strong>Vedeck\u00fd brloh: Pr\u00edbehy starej povaly<\/strong>, interakt\u00edvna hodina pre deti v podan\u00ed na\u0161ej kolegyne&nbsp;PhDr. Al\u017ebety&nbsp;Bojkovej, PhD., 27. m\u00e1j 2017, 14:00 &#8211; 16:00, Ko\u0161ice (<a href=\"https:\/\/www.facebook.com\/events\/221758474986820\/?acontext=%7B%22action_history%22%3A%22[%7B%5C%22surface%5C%22%3A%5C%22page%5C%22%2C%5C%22mechanism%5C%22%3A%5C%22page_upcoming_events_card%5C%22%2C%5C%22extra_data%5C%22%3A[]%7D]%22%2C%22has_source%22%3Atrue%7D\" target=\"_blank\" rel=\"noreferrer noopener\">inform\u00e1cie<\/a>)<\/li>\n\n\n\n<li><strong>Starostlivos\u0165 o priemyseln\u00e9 dedi\u010dstvo v \u010ceskej republike v premen\u00e1ch \u010dasu<\/strong>, hos\u0165ovsk\u00e1&nbsp;predn\u00e1\u0161ka Mgr. Kv\u011bty Jord\u00e1novej, PhD., 4. m\u00e1j 2017, 11:40, Ko\u0161ice (<a href=\"\/public\/media\/15790\/Hostovska_prednaska_2017_05_Jordanova.pdf\" target=\"_blank\" rel=\"noreferrer noopener\">pozv\u00e1nka<\/a>)<\/li>\n\n\n\n<li><strong>Etnick\u00e9 vz\u0165ahy a vizualita na Slovensku<\/strong>, workshop pre \u0161tudentov, 3. m\u00e1j 2017, Ko\u0161ice (<a href=\"\/public\/media\/9172\/Workshop_Etnicke_vztahy_a_vizualita_APVV_2017_maj.pdf\">program<\/a>)<\/li>\n\n\n\n<li><strong>De\u0148 otvoren\u00fdch dver\u00ed na FF UPJ\u0160<\/strong>, prezent\u00e1cia katedry pre z\u00e1ujemcov o vysoko\u0161kolsk\u00e9 \u0161t\u00fadium,&nbsp;10. febru\u00e1r 2017<\/li>\n<\/ul>\n<\/div><\/div><\/div>\n\n\n\n<div class=\"wp-block-kadence-pane kt-accordion-pane kt-accordion-pane-8 kt-pane12914_385f6d-01\"><div class=\"kt-accordion-header-wrap\"><button class=\"kt-blocks-accordion-header kt-acccordion-button-label-show\" type=\"button\"><span class=\"kt-blocks-accordion-title-wrap\"><span class=\"kt-blocks-accordion-title\"><strong>2016<\/strong><\/span><\/span><span class=\"kt-blocks-accordion-icon-trigger\"><\/span><\/button><\/div><div class=\"kt-accordion-panel kt-accordion-panel-hidden\"><div class=\"kt-accordion-panel-inner\">\n<ul class=\"wp-block-list\">\n<li><strong>Politick\u00e9 elity normaliza\u010dn\u00e9ho Slovenska 1969 &#8211; 1989<\/strong>, hos\u0165ovsk\u00e1 predn\u00e1\u0161ka PhDr. Richarda Pavlovi\u010da, PhD. 15. december 2016, 12:35, Ko\u0161ice (<a href=\"\/public\/media\/9172\/Hostovka_prednaska_2016_12_Politicke_elity_Pavlovic.jpg\">pozv\u00e1nka<\/a>)<\/li>\n\n\n\n<li><strong>III. ples historikov<\/strong>, 9. december 2016, Ko\u0161ice (<a href=\"\/public\/media\/9172\/Ples_historikov_2016.jpg\">plag\u00e1t<\/a>, <a href=\"\/public\/media\/9172\/Ples_historikov_2016.pdf\">pozv\u00e1nka<\/a>)<\/li>\n\n\n\n<li><strong>P\u00e1pe\u017esk\u00e1 diplomacia v kontexte studenej vojny (1962 &#8211; 1989)<\/strong>, hos\u0165ovsk\u00e1 predn\u00e1\u0161ka prof. Dr. phil. Em\u00edlie Hrabovec, PhD., 8. december 2016, 10:00 &#8211; 11:30, Ko\u0161ice (Moyzesova 9, budova Plat\u00f3n, miestnos\u0165 AP2P4)<\/li>\n\n\n\n<li><strong>Prezent\u00e1cia knihy &#8222;Slovensko a sv\u00e4t\u00e1 stolica v kontexte vatik\u00e1nskej v\u00fdchodnej politiky (1962 &#8211; 1989)&#8220;<\/strong> <strong>od histori\u010dky prof. Em\u00edlie Hrabovec<\/strong>, spojen\u00e9 s diskusiou a mo\u017enos\u0165ou zak\u00fapenia knihy, 7. december 2016, 16:00 &#8211; 17:30, Kult\u00farno-vzdel\u00e1vacie centrum \u0160VKK, Pribinova 1, Ko\u0161ice (<a href=\"\/public\/media\/9172\/Prezentacia_knihy_Slovensko_a_svata_stolica_2016_december.jpg\">pozv\u00e1nka<\/a>)<\/li>\n\n\n\n<li><strong>\u0160tudentsk\u00e1 vedeck\u00e1 konferencia<\/strong>, 5. december 2016, Ko\u0161ice (<a href=\"\/public\/media\/9172\/Studentska_vedecka_konferencia_program_2016.pdf\">program<\/a>)<\/li>\n\n\n\n<li><strong>Cena v\u00ed\u0165azstva<\/strong>, medzin\u00e1rodn\u00e1 vedeck\u00e1 konferencia o odvle\u010den\u00ed ob\u010danov zo Slovenska a zo susedn\u00fdch \u0161t\u00e1tov do ZSSR v rokoch 1944-1945, 24. november 2016, Ko\u0161ice (<a href=\"\/public\/media\/9172\/Cena_vitazstva_konferencia_2016_november.pdf\">program<\/a>)<\/li>\n\n\n\n<li><strong>Poznanie je svetlo<\/strong>, pripomenutie si 17. novembra 1989, podujatie organizovan\u00e9 \u0161tudentmi Katedry hist\u00f3rie FF UPJ\u0160, Ko\u0161ice, 16. november 2016 (<a href=\"\/public\/media\/9172\/Poznanie_je_svetlo_2016_november_far.pdf\">plag\u00e1t<\/a>, <a href=\"\/public\/media\/9172\/Poznanie_je_svetlo_2016_november_cb.jpg\">plag\u00e1t<\/a>)<\/li>\n\n\n\n<li><strong>Aktu\u00e1lne ot\u00e1zky v\u00fdskumu n\u00e1rodnostnej politiky a n\u00e1rodnostn\u00fdch vz\u0165ahov v 20. a 21. storo\u010d\u00ed, <\/strong>konferencia, 14. &#8211; 15. november 2016, Ko\u0161ice (<a href=\"\/public\/media\/9172\/Konferencia_APVV_2016_november_program.pdf\">program<\/a>)<\/li>\n\n\n\n<li>&#8222;<strong>Krst&#8220; nov\u00fdch priestorov<\/strong> na\u0161ej katedry spojen\u00fd s prezent\u00e1ciou zborn\u00edka &#8222;\u013dudia a dejiny&#8220; vydan\u00e9ho pri pr\u00edle\u017eitosti \u017eivotn\u00e9ho jubilea prof. PhDr. Ladislava Tajt\u00e1ka, CSc., 3. november 2016, 16:00, Moyzesova 9, Ko\u0161ice<\/li>\n\n\n\n<li><strong>Fakty, interpret\u00e1cie, pam\u00e4\u0165<\/strong>, workshop pre \u0161tudentov na\u0161ej katedry. Spoluorganiz\u00e1tori: \u00dastav pam\u00e4ti n\u00e1roda a KAS Bratislava, 18. okt\u00f3ber 2016, 9:00 &#8211; 15:00, Ko\u0161ice<\/li>\n\n\n\n<li><strong>Stretnutie mlad\u00fdch historikov VI.: Migra\u010dn\u00e9 procesy v dejin\u00e1ch Eur\u00f3py. Kr\u00edza alebo \u00fasvit civiliz\u00e1cie?<\/strong>, konferencia, 12. okt\u00f3ber 2016, Ko\u0161ice (<a href=\"\/public\/media\/9172\/Konferencia_SMH6_2016_pozvanka.pdf\">pozv\u00e1nka<\/a>, <a href=\"\/public\/media\/9172\/Konferencia_SMH_VI_program_oktober_2016.pdf\">program<\/a>)<\/li>\n\n\n\n<li><strong>Profil absolventa hist\u00f3rie IV: Doktorandsk\u00e9 \u0161t\u00fadium na Slovensku a jeho aktu\u00e1lne probl\u00e9my<\/strong>, zasadnutie ved\u00facich katedier dej\u00edn v r\u00e1mci Sekcie pre vysoko\u0161kolsk\u00e9 vzdel\u00e1vanie a odborov\u00fa didaktiku SHS, 11. okt\u00f3ber 2016, 11:00 &#8211; 17:00, Ko\u0161ice<\/li>\n\n\n\n<li><strong>Noc v\u00fdskumn\u00edkov: Pr\u00edbeh po\u013eud\u0161tenia<\/strong>, prezent\u00e1cie pre verejnos\u0165, 30. september 2016, 9:00 &#8211; 21:00, \u00c1trium OC Optima, Ko\u0161ice<\/li>\n\n\n\n<li><strong>Diskusn\u00fd ve\u010der \u00dastavu pam\u00e4ti n\u00e1roda a Katedry hist\u00f3rie FF UPJ\u0160<\/strong>: projekcia dokument\u00e1rneho filmu &#8222;Vo\u013ene \u017eij\u00faca ml\u00e1de\u017e&#8220;, diskutuj\u00faci: Peter Kalmus a Mgr. Peter Ja\u0161ek, PhD. (\u00dastav pam\u00e4ti n\u00e1roda), 22. j\u00fan 2016, Ko\u0161ice<\/li>\n\n\n\n<li><strong>Diskusn\u00fd ve\u010der \u00dastavu pam\u00e4ti n\u00e1roda a Katedry hist\u00f3rie FF UPJ\u0160<\/strong>: Arbitr\u00e1\u017e, 18. m\u00e1j 2016, Ko\u0161ice (<a href=\"\/public\/media\/9172\/Diskusny_vecer_2016_maj_18_Arbitraz.jpg\">pozv\u00e1nka<\/a>)<\/li>\n\n\n\n<li><strong>Kto bude \u010fal\u0161\u00ed?<\/strong>, interakt\u00edvna v\u00fdstava, 5. m\u00e1j 2016, Ko\u0161ice (<a href=\"\/public\/media\/9172\/Vystava_Kto_ bude_dalsi_2016_maj.pdf\">pozv\u00e1nka<\/a>, <a href=\"\/public\/media\/9172\/Vystava_Kto_bude_dalsi_2016_maj_ohlasy_v_mediach.pdf\">ohlasy v m\u00e9di\u00e1ch<\/a>, <a href=\"https:\/\/www.upjs.sk\/filozoficka-fakulta\/info-pre-verejnost-a-media\/kto-bude-dalsi\/\">fotogal\u00e9ria<\/a>)<\/li>\n\n\n\n<li><strong>Historick\u00e1 diel\u0148a: Stopy pam\u00e4ti v Ko\u0161iciach<\/strong>, diskusia pre u\u010dite\u013eov dejepisu a bud\u00facich pedag\u00f3gov, 16. apr\u00edl 2016, Ko\u0161ice (<a href=\"\/public\/media\/9172\/Historicka_dielna_Stopy_pamati_v_KE_2016_04_16.pdf\">pozv\u00e1nka<\/a>)<\/li>\n\n\n\n<li><strong>Po\u010d\u00e1tky dopravn\u00ed revoluce v \u010desk\u00fdch zem\u00edch + Protoindustrializace aneb Industrializace p\u0159ed industrializac\u00ed<\/strong>, hos\u0165ovsk\u00e9 predn\u00e1\u0161ky doc. PhDr. Petra Popelku, Ph.D, 5. &#8211; 6. apr\u00edl 2016, Ko\u0161ice (<a href=\"\/public\/media\/9172\/Hostovska_prednska_P_Popelka_2016_april.pdf\">pozv\u00e1nka<\/a>)<\/li>\n\n\n\n<li><strong>Diskusn\u00fd ve\u010der \u00dastavu pam\u00e4ti n\u00e1roda a Katedry hist\u00f3rie FF UPJ\u0160<\/strong>: Svie\u010dkov\u00e1 manifest\u00e1cia alebo bratislavsk\u00fd Ve\u013ek\u00fd piatok, 23. marec 2016, Ko\u0161ice (<a href=\"\/public\/media\/9172\/Diskusny_vecer_2016_03_23.jpg\">pozv\u00e1nka<\/a>)<\/li>\n\n\n\n<li><strong>Zneu\u017eit\u00e9 dejiny &#8211; mal\u00e9 pozn\u00e1mky k ve\u013ek\u00e9mu probl\u00e9mu<\/strong>, predn\u00e1\u0161ka doc. PaedDr. Martina Pek\u00e1ra, PhD., 22. marec 2016, Ko\u0161ice (<a href=\"\/public\/media\/9172\/Prednaska_Pekar_Slov.stat_2016_0322.jpg\">pozv\u00e1nka<\/a>)<\/li>\n\n\n\n<li><strong>Probl\u00e9my s\u00fa\u010dasn\u00e9ho \u0161kolstva, vo\u013eby, vn\u00edmanie dej\u00edn<\/strong>, predn\u00e1\u0161ka prof. PaedDr. \u0160tefana \u0160utaja, DrSc., 15. marec 2016 (<a href=\"\/public\/media\/9172\/Prednaska_Problemy_suc_skolstva_Sutaj_marec_2016.jpg\">pozv\u00e1nka<\/a>)<\/li>\n\n\n\n<li><strong>Diskusn\u00fd ve\u010der \u00dastavu pam\u00e4ti n\u00e1roda a Katedry hist\u00f3rie FF UPJ\u0160<\/strong>: Napr\u00e1vanie naru\u0161enej pam\u00e4ti. Muzealiz\u00e1cia kult\u00farneho dedi\u010dstva Nemcov v \u010ceskej republike, 24. febru\u00e1r 2016 (<a href=\"\/public\/media\/9172\/Diskusne_vecery_2016_2402.pdf\">pozv\u00e1nka<\/a>)<\/li>\n\n\n\n<li><strong>\u010ceskoslovensk\u00e1 m\u011bna ve st\u0159edoevropsk\u00fdch souvislostech 1918 &#8211; 1939<\/strong> + <strong>\u010ceskoslovensk\u00fd protikomunistick\u00fd exil po roce 1948<\/strong>, hos\u0165ovsk\u00e9 predn\u00e1\u0161ky prof. PhDr. Zde\u0148ka Jir\u00e1ska, CSc, 16. a 18. febru\u00e1r 2016 (<a href=\"\/public\/media\/9172\/Hostovska_prednaska_Jirasek_2016_1602.jpg\">pozv\u00e1nka<\/a>)<\/li>\n\n\n\n<li><strong>Diskusn\u00fd ve\u010der \u00dastavu pam\u00e4ti n\u00e1roda a Katedry hist\u00f3rie FF UPJ\u0160<\/strong>: Jozef a jeho bratia, 20. janu\u00e1r 2016, Ko\u0161ice (<a href=\"\/public\/media\/9172\/Diskusny_vecer_2016_jan_20.jpg\">pozv\u00e1nka<\/a>)<\/li>\n<\/ul>\n<\/div><\/div><\/div>\n\n\n\n<div class=\"wp-block-kadence-pane kt-accordion-pane kt-accordion-pane-9 kt-pane12914_cb929c-c9\"><div class=\"kt-accordion-header-wrap\"><button class=\"kt-blocks-accordion-header kt-acccordion-button-label-show\" type=\"button\"><span class=\"kt-blocks-accordion-title-wrap\"><span class=\"kt-blocks-accordion-title\"><strong>2015<\/strong><\/span><\/span><span class=\"kt-blocks-accordion-icon-trigger\"><\/span><\/button><\/div><div class=\"kt-accordion-panel kt-accordion-panel-hidden\"><div class=\"kt-accordion-panel-inner\">\n<ul class=\"wp-block-list\">\n<li><strong>Prezent\u00e1cia novej monografie prof. PaedDr. \u0160tefana \u0160utaja, DrSc. &#8222;Par\u00ed\u017eska konferencia 1946 a mierov\u00e1 zmluva s Ma\u010farskom&#8220;<\/strong>, 16. december 2015, Ko\u0161ice (<a href=\"\/public\/media\/9172\/Prezentacia_knihy_Parizska_konferencia_Sutaj_december_2015.pdf\">pozv\u00e1nka<\/a>)<\/li>\n\n\n\n<li><strong>Boj o klasick\u00e9 jazyky na st\u0159edn\u00edch \u0161kol\u00e1ch v druh\u00e9 polovin\u011b 19. stolet\u00ed, hos\u0165ovsk\u00e1 predn\u00e1\u0161ka PhDr. Karly Vym\u011btalovej<\/strong>, 8. december 2015, Ko\u0161ice (<a href=\"\/public\/media\/9172\/Hostovska_prednaska_Vymetalova_december_2015.pdf\">pozv\u00e1nka<\/a>)<\/li>\n\n\n\n<li><strong>Advent a Mikul\u00e1\u0161ske trad\u00edcie na Vala\u0161sku<\/strong>, hos\u0165ovsk\u00e1 predn\u00e1\u0161ka Mgr. Miroslava Ma\u0148asa, 1. december 2015, Ko\u0161ice (<a href=\"\/public\/media\/9172\/Hostovska_prednaska_Miro_Manas_2015.jpg\">pozv\u00e1nka<\/a>)<\/li>\n\n\n\n<li><strong>\u0160tudentsk\u00e1 vedeck\u00e1 konferencia<\/strong>, 23. november 2015, Ko\u0161ice, Petzvalova 4, miestnos\u0165 AT0P8 (<a href=\"\/public\/media\/9172\/SVK_program_2015.pdf\">program<\/a>)<\/li>\n\n\n\n<li><strong>Prezent\u00e1cia zborn\u00edka &#8222;Pozn\u00e1vanie dej\u00edn Slovenska&#8220; vydan\u00e9ho pri pr\u00edle\u017eitosti \u017eivotn\u00e9ho jubilea prof. PhDr. Ferdinanda Uli\u010dn\u00e9ho, DrSc<\/strong>., 11. november 2015, Ko\u0161ice (<a href=\"\/public\/media\/9172\/Prezentacia_zborn\u00edka_jubileum_prof_Ulicneho.pdf\">pozv\u00e1nka<\/a>)<\/li>\n\n\n\n<li><strong>Stretnutie mlad\u00fdch historikov V.: Vojensk\u00e9 konflikty v dejin\u00e1ch Eur\u00f3py<\/strong>, 7. okt\u00f3ber 2015,&nbsp;konferencia,&nbsp;Ko\u0161ice (<a href=\"\/public\/media\/9172\/Konferencia_SHM_V_oktober_2015_program.pdf\">program<\/a>)<\/li>\n\n\n\n<li><strong>Stadt und Krieg (1914-1989): Multiethnische St\u00e4dte in den Kriegen des 20. Jahrhunderts (konferencia v r\u00e1mci v\u00fdro\u010dn\u00e9ho zasadnutia \u010cesko-nemeckej a Slovensko-nemeckej komisie historikov),<\/strong> 25. september 2015, Ko\u0161ice (<a href=\"\/public\/media\/9172\/Konferencia_Stadt_und_Krieg_september_2015_program.pdf\">program<\/a>)<\/li>\n\n\n\n<li><strong>N\u00e1rodnos\u0165 v s\u010d\u00edtaniach \u013eudu 1880-1930 + Vzostup a p\u00e1d inteligencie na pr\u00edklade Ostravy 1848-1948<\/strong>, hos\u0165ovsk\u00e9 predn\u00e1\u0161ky Doc. PhDr. Andrey Pokludov\u00e9, Ph.D. (<a href=\"\/public\/media\/9172\/Hostovska_prednska_ Pokludova_1.jpg\">pozv\u00e1nka<\/a>)<\/li>\n\n\n\n<li><strong>\u010cesk\u00e9 politick\u00e9 strany a jejich pov\u00e1le\u010dn\u00e1 obnova a \u010dinnost (1945-1948)<\/strong> + <strong>N\u00e1rodn\u00ed fronta po roce 1945<\/strong>, hos\u0165ovsk\u00e9 predn\u00e1\u0161ky prof. PhDr. Ji\u0159\u00edho Kociana, CSc (<a href=\"\/public\/media\/9172\/Hostovske_prednasky_Kocian_september_2015.jpg\">pozv\u00e1nka<\/a>)<\/li>\n\n\n\n<li><strong>\u013dudia a dejiny &#8211; historick\u00e1 biografia a jej miesto v historiografii<\/strong>, konferencia, 11. september 2015, Rektor\u00e1t UPJ\u0160, \u0160rob\u00e1rova 2, Ko\u0161ice (<a href=\"\/public\/media\/9172\/Konferencia_\u013dudia_a_dejiny_VEGA_september_2015_pozv\u00e1nka.jpg\">pozv\u00e1nka<\/a>,&nbsp;<a href=\"\/public\/media\/9172\/Konferencia_\u013dudia_a_dejiny_VEGA_september_2015.jpg\">program<\/a>)<\/li>\n\n\n\n<li><strong>Univerzita bez hran\u00edc<\/strong>, podujatie pre \u0161tudentov 5. a 6. ro\u010dn\u00edka z\u00e1kladn\u00fdch \u0161k\u00f4l, 10. j\u00fal 2015 (<a href=\"http:\/\/univerzitabezhranic.upjs.sk\/sk\/program-2015\">program<\/a>)<\/li>\n\n\n\n<li><strong>Diskusn\u00fd ve\u010der Katedry hist\u00f3rie FF UPJ\u0160 a \u00dastavu pam\u00e4ti n\u00e1roda<\/strong>: 22. j\u00fana 1941 &#8211; Slov\u00e1ci a Ma\u010fari v nemeckom \u0165a\u017een\u00ed proti ZSSR,&nbsp;24. j\u00fan 2015 (<a href=\"\/public\/media\/9172\/Diskusne_vecery_24062015.jpg\">pozv\u00e1nka<\/a>)<\/li>\n\n\n\n<li><strong>Spolky v Ko\u0161iciach v 19. storo\u010d\u00ed &#8211; \u00faloha spolkov v \u017eivote mesta<\/strong>, predn\u00e1\u0161ka Mgr. Nikolety Dzurikaninovej (na\u0161ej doktorandky), 16. j\u00fan 2015 (<a href=\"\/public\/media\/9172\/Predn\u00e1\u0161ka_Nikoleta_Dzurikaninova_KDS_16062015.png\">pozv\u00e1nka<\/a>)<\/li>\n\n\n\n<li><strong>Udr\u017eate\u013en\u00fd rozvoj miest a nov\u00fd \u00fazemn\u00fd pl\u00e1n pre Ko\u0161ice<\/strong>, medzin\u00e1rodn\u00e1 konferencia, ktorej partnerom je aj FF UPJ\u0160, 29. m\u00e1j 2015 (<a href=\"\/public\/media\/9172\/Konferencia_Udrzatelny_rozvoj_miest_m\u00e1j_2015.pdf\">program<\/a>)<\/li>\n\n\n\n<li><strong>Diskusn\u00fd ve\u010der Katedry hist\u00f3rie FF UPJ\u0160 a \u00dastavu pam\u00e4ti n\u00e1roda: 1945 &#8211; Medzi vojnou a mierom,&nbsp;<\/strong>27. m\u00e1j 2015 (<a href=\"\/public\/media\/9172\/Diskusne_vecery_27052015.jpg\">pozv\u00e1nka<\/a>)<\/li>\n\n\n\n<li><strong>Moderniza\u010dn\u00e9 procesy v multietnick\u00fdch \u0161t\u00e1toch z h\u013eadiska mentality, soci\u00e1lnych a kult\u00farnych dej\u00edn<\/strong>, &nbsp;19. &#8211; 20. m\u00e1j 2015, Ko\u0161ice, medzin\u00e1rodn\u00e1 konferencia (<a href=\"\/public\/media\/9172\/Konferencia_T\u00e9Ka_2015_v\u00fdzva_sk.pdf\">slov. v\u00fdzva<\/a>, <a href=\"\/public\/media\/9172\/Konferencia_T\u00e9Ka_2015_v\u00fdzva_mad.pdf\">ma\u010f. v\u00fdzva<\/a>, <a href=\"\/public\/media\/9172\/Konferencia_T\u00e9ka_20052015_program.pdf\">program<\/a>)<\/li>\n\n\n\n<li><strong>Diskusn\u00fd ve\u010der Katedry hist\u00f3rie FF UPJ\u0160 a \u00dastavu pam\u00e4ti n\u00e1roda: Michal Lef\u010d\u00edk &#8211; zabudnut\u00fd pr\u00edpad &#8222;ko\u0161ick\u00e9ho Palacha&#8220;,&nbsp;<\/strong>29. apr\u00edl 2015 (<a href=\"\/public\/media\/9172\/Diskusne_vecery_29042015.jpg\">pozv\u00e1nka<\/a>)<\/li>\n\n\n\n<li><strong>Bosnianska ot\u00e1zka v 19. a 20. storo\u010d\u00ed<\/strong> + <strong>T. G. Masaryk a ju\u017en\u00ed Slovania, nov\u00e9 poznatky z v\u00fdskumu<\/strong>, hos\u0165ovsk\u00e9 predn\u00e1\u0161ky Doc. PhDr. Ladislava Hladk\u00e9ho, Ph.D., 23. apr\u00edl 2015 (<a href=\"\/public\/media\/9172\/Hostovska_prednska_Hladky_23042015.jpg\">pozv\u00e1nka<\/a>)<\/li>\n\n\n\n<li><strong>International Student Conference of the V4 and Romania: 25 years since the fall of communism<\/strong>, 26. &#8211; 27. marec 2015, Bukure\u0161\u0165, Rumunsko (<a href=\"\/public\/media\/9172\/Konferencia_25_years_since_fall_of_communism_pozv\u00e1nka.png\">call for papers<\/a>). Viac inform\u00e1cii na webstr\u00e1nke projektu (<a href=\"http:\/\/v4andromania25years.wordpress.com\/\">link<\/a>)<\/li>\n\n\n\n<li><strong>Budovanie n\u00e1rodnej identity v kraji drsn\u00fdch horalov: Alb\u00e1nci v 19. storo\u010d\u00ed<\/strong>, hos\u0165ovsk\u00e1 predn\u00e1\u0161ka Mgr. P\u0159emysla Vin\u0161a, 26. marec 2015 (<a href=\"\/public\/media\/9172\/Hostovska_prednaska_Vins_26032015.jpg\">pozv\u00e1nka<\/a>)<\/li>\n\n\n\n<li><strong>Diskusn\u00fd ve\u010der Katedry hist\u00f3rie FF UPJ\u0160 a \u00dastavu pam\u00e4ti n\u00e1roda<\/strong>: Retrib\u00facia na slovensk\u00fd sp\u00f4sob, &nbsp;18. marec 2015 (<a href=\"\/public\/media\/9172\/Diskusne_vecery_18032015.jpg\">pozv\u00e1nka<\/a>)<\/li>\n\n\n\n<li><strong>Diskusn\u00fd ve\u010der Katedry hist\u00f3rie FF UPJ\u0160 a \u00dastavu pam\u00e4ti n\u00e1roda<\/strong>: \u010co n\u00e1jdeme v arch\u00edvoch? 24. febru\u00e1r 2015 (16:30, Verejn\u00e1 kni\u017enica J\u00e1na Bocatia, Hlavn\u00e1 48, Ko\u0161ice)<\/li>\n\n\n\n<li><strong>Diskusn\u00fd ve\u010der Katedry hist\u00f3rie FF UPJ\u0160 a \u00dastavu pam\u00e4ti n\u00e1roda: Zimomriavky <\/strong>(premi\u00e9ra dokument\u00e1rneho filmu aj s diskusiou), 27. janu\u00e1r 2015 (<a href=\"\/public\/media\/9172\/Diskusne_vecery_27012015.jpg\">pozv\u00e1nka<\/a>)<\/li>\n<\/ul>\n<\/div><\/div><\/div>\n\n\n\n<div class=\"wp-block-kadence-pane kt-accordion-pane kt-accordion-pane-10 kt-pane12914_e11b84-47\"><div class=\"kt-accordion-header-wrap\"><button class=\"kt-blocks-accordion-header kt-acccordion-button-label-show\" type=\"button\"><span class=\"kt-blocks-accordion-title-wrap\"><span class=\"kt-blocks-accordion-title\"><strong>2014<\/strong><\/span><\/span><span class=\"kt-blocks-accordion-icon-trigger\"><\/span><\/button><\/div><div class=\"kt-accordion-panel kt-accordion-panel-hidden\"><div class=\"kt-accordion-panel-inner\">\n<ul class=\"wp-block-list\">\n<li><strong>Theorizing Post-Socialist Change in East-Central Europe<\/strong>, hos\u0165ovsk\u00e1 predn\u00e1\u0161ka Dr. habil. Eszter Bartha, PhD., 17. december 2014, 10.00 hod.,&nbsp;miestnos\u0165 AT0P8&nbsp;&nbsp;<\/li>\n\n\n\n<li><strong>Diskusn\u00fd ve\u010der Katedry hist\u00f3rie FF UPJ\u0160 a \u00dastavu pam\u00e4ti n\u00e1roda: Putovanie z neslobody <\/strong>(Masov\u00e9 n\u00e1bo\u017eensk\u00e9 p\u00fate po\u010das komunistick\u00e9ho re\u017eimu), 16 december 2014 (<a href=\"\/public\/media\/9172\/Diskusne_vecery_16122014.pdf\">pozv\u00e1nka<\/a>)<\/li>\n\n\n\n<li><strong>Sever Karpatskej kotliny v dobe hal\u0161tatskej \/ Das n\u00f6rdliche Karpatenbecken in der Hallstattzeit<\/strong>, 10. &#8211; 12. december 2014, medzin\u00e1rodn\u00e1 konferencia, Ko\u0161ice (<a href=\"\/public\/media\/9172\/Konferencia_Die_nordliche_Karpatenbecken_2014.pdf\">v\u00fdzva<\/a>)<\/li>\n\n\n\n<li><strong>\u0160tudentsk\u00e1 vedeck\u00e1 konferencia<\/strong>, 10. december 2014 (<a href=\"\/public\/media\/9172\/Studentska_vedecka_konferencia_2014.jpg\">program<\/a>)<\/li>\n\n\n\n<li><strong>Prv\u00fd ples historikov<\/strong>, spolo\u010densk\u00e9 podujatie pre \u0161tudentov a zamestnancov KH FF UPJ\u0160, 5. december 2014 (<a href=\"\/public\/media\/9172\/Ples_historikov_1_2014.jpg\">pozv\u00e1nka<\/a>)<\/li>\n\n\n\n<li><strong>Listiny ako predmet sk\u00famania diplomatiky a historick\u00e9 pramene<\/strong>, hos\u0165ovsk\u00e1 predn\u00e1\u0161ka Prof. PhDr. Ferdinanda Uli\u010dn\u00e9ho, DrSc., 4. december 2014 (<a href=\"\/public\/media\/9172\/Hostovska_prednaska_F.Ulicn\u00fd _december2014.pdf\">pozv\u00e1nka<\/a>)<\/li>\n\n\n\n<li><strong>Festival slobody<\/strong>, 27. november 2014, podujatia pre verejnos\u0165 organizovan\u00e9 \u00dastavom pam\u00e4ti n\u00e1roda, v Ko\u0161iciach v spolupr\u00e1ci s na\u0161ou katedrou (<a href=\"http:\/\/www.festivalslobody.sk\/\">webstr\u00e1nka<\/a>)<\/li>\n\n\n\n<li><strong>Priemyselno-v\u00fdrobn\u00e9 dru\u017estv\u00e1 \u010desk\u00fdch a slovensk\u00fdch robotn\u00edkov a ro\u013en\u00edkov v ZSSR<\/strong>, hos\u0165ovsk\u00e1 predn\u00e1\u0161ka doc. PhDr. Du\u0161ana Jan\u00e1ka, PhD., 26. november 2014, 8.00, Petzvalova 4, miestnos\u0165 S11<\/li>\n\n\n\n<li><strong>\u010ceskoslovensko a sovietsko-juhoslovansk\u00e1 roztr\u017eka v roku 1948 &#8211; \u010cierna Hora a v\u00fdchodn\u00e1 ot\u00e1zka v novoveku &#8211; Petar II. Petrovi\u0107-Njego\u0161 a jeho miesto v dejin\u00e1ch \u010ciernej Hory<\/strong>, hos\u0165ovsk\u00e9 predn\u00e1\u0161ky PhDr. Ond\u0159eja Vojtechovsk\u00e9ho, PhD., 25. &#8211; 26. november 2014 (<a href=\"\/public\/media\/9172\/Hostovske_prednasky_Vojtechovsk\u00fd_25-26_november_2014.jpg\">pozv\u00e1nka<\/a>)<\/li>\n\n\n\n<li><strong>Diskusn\u00fd ve\u010der Katedry hist\u00f3rie FF UPJ\u0160 a \u00dastavu pam\u00e4ti n\u00e1roda: \u0164a\u017ek\u00e9 p\u00e4\u0165desiate roky&#8230;<\/strong>, 25 november 2014 (<a href=\"\/public\/media\/9172\/DV-KE-pozv\u00e1nka-141125-solo.pdf\">pozv\u00e1nka<\/a>)<\/li>\n\n\n\n<li><strong>Diskusn\u00fd ve\u010der Katedry hist\u00f3rie FF UPJ\u0160 a \u00dastavu pam\u00e4ti n\u00e1roda: Historici a pam\u00e4tn\u00edci. V\u00fdznam oral history v historickom v\u00fdskume<\/strong>, 21. okt\u00f3ber 2014 (<a href=\"\/public\/media\/9172\/DV-KE-pozv\u00e1nka-141021-solo.pdf\">pozv\u00e1nka<\/a>)<\/li>\n\n\n\n<li><strong>Stretnutie mlad\u00fdch historikov IV. Stredoeur\u00f3pske mesto ako politick\u00e9, hospod\u00e1rske a kult\u00farne centrum<\/strong>, 15. &#8211; 16. okt\u00f3ber 2014, Ko\u0161ice (<a href=\"\/public\/media\/9172\/CfP KE 2014.pdf\">pozv\u00e1nka<\/a>, <a href=\"\/public\/media\/9172\/Prihl\u00e1\u0161ka SMH IV.xls\">prihl\u00e1\u0161ka<\/a>, <a href=\"\/public\/media\/9172\/Konferencia_Stredoeuropske mesto_SMH4_program.pdf\">program<\/a>)<\/li>\n\n\n\n<li><strong>\u017deny v intelektu\u00e1ln\u00edch profes\u00edch v prvn\u00ed polovin\u011b 20. stolet\u00ed &#8211; Poslankyn\u011b a sen\u00e1torky N\u00e1rodn\u00edho shroma\u017eden\u00ed \u010ceskoslovensk\u00e9 republiky 1918-1939 &#8211; \u00davod do gender studies, <\/strong>hos\u0165ovsk\u00e9 predn\u00e1\u0161ky Doc. PhDr. Dany Musilovej, CSc., 14. &#8211; 15. okt\u00f3ber 2014 (<a href=\"\/public\/media\/9172\/Hostovska_prednaska_Musilova_oktober2014.pdf\">program<\/a>)<\/li>\n\n\n\n<li><strong>De\u0148 otvoren\u00fdch dver\u00ed UPJ\u0160<\/strong>, 10. okt\u00f3ber 2014 (<a href=\"\/public\/media\/9172\/Den_otvorenych_dveri_2014.jpg\">pozv\u00e1nka<\/a>)<\/li>\n\n\n\n<li><strong>Noc v\u00fdskumn\u00edkov<\/strong>, 26. september (<a href=\"\/public\/media\/9172\/Noc_v\u00fdskumn\u00edkov_2014.jpg\">pozv\u00e1nka<\/a>)<\/li>\n\n\n\n<li><strong>Diskusn\u00fd ve\u010der Katedry hist\u00f3rie FF UPJ\u0160 a \u00dastavu pam\u00e4ti n\u00e1roda: Povstanie a okup\u00e1cia<\/strong>, 23. september 2014 (<a href=\"\/public\/media\/9172\/DV-KE-pozv\u00e1nka-23092014.pdf\">pozv\u00e1nka<\/a>)<\/li>\n\n\n\n<li><strong>Diskusn\u00fd ve\u010der Katedry hist\u00f3rie FF UPJ\u0160 a \u00dastavu pam\u00e4ti n\u00e1roda:<\/strong> <strong>Trad\u00edcia auton\u00f3mie na Podkarpatskej Rusi<\/strong>, 24. j\u00fan 2014 (<a href=\"\/public\/media\/9172\/Diskusny_vecer_24062014.pdf\">pozv\u00e1nka<\/a>)<\/li>\n\n\n\n<li><strong>Diskusn\u00fd ve\u010der Katedry hist\u00f3rie FF UPJ\u0160 a \u00dastavu pam\u00e4ti n\u00e1roda:<\/strong> <strong>Draho zaplaten\u00e1 sloboda. Prechod frontu \u00fazem\u00edm Slovenska 1944-1945<\/strong>, 22. m\u00e1j 2014 (<a href=\"\/public\/media\/9172\/Diskusny_vecer_22052014.JPG\">pozv\u00e1nka<\/a>)<\/li>\n\n\n\n<li><strong>Svedkovia neslobody: Predstavenie \u010dinnosti \u00daPN a refer\u00e1tu Oral history<\/strong>, 15. m\u00e1j 2014 (<a href=\"\/public\/media\/9172\/Svedkovia_neslobody_2014.jpg\">pozv\u00e1nka<\/a>)<\/li>\n\n\n\n<li><strong>Prezent\u00e1cia knihy &#8222;Remembering the city. A guide through the past of Ko\u0161ice&#8220;<\/strong>, 12. m\u00e1j 2014, Szlov\u00e1k Int\u00e9zet Budapest &#8211; Slovensk\u00fd in\u0161tit\u00fat v Budape\u0161ti (<a href=\"\/public\/media\/9172\/Remembering_the_city_cover.jpg\">obal knihy<\/a>)<\/li>\n\n\n\n<li><strong>Diskusn\u00fd ve\u010der Katedry hist\u00f3rie FF UPJ\u0160 a \u00dastavu pam\u00e4ti n\u00e1roda: Na\u0161i prezidenti. G. Hus\u00e1k a V. Havel v spomienkach Rudolfa Schustera<\/strong>, prelo\u017een\u00fd na m\u00e1j 2014 (<a href=\"\/public\/media\/9172\/Diskusne_vecery_24042014.pdf\">pozv\u00e1nka<\/a>)<\/li>\n\n\n\n<li><strong>Urban Societies and Economical Networks in Central Europe in the Early Modern<\/strong>, hos\u0165ovsk\u00e1 predn\u00e1\u0161ka PhDr. Attilu T\u00f3zsa-Rig\u00f3, 29. apr\u00edl 2014 (<a href=\"\/public\/media\/9172\/Microsoft PowerPoint - Towns in the Early Modern Central Europe.pdf\">pozv\u00e1nka<\/a>)<\/li>\n\n\n\n<li><strong>Napoleonuv sv\u011bt um\u011bn\u00ed okem Napoleonov\u00fdm \/ Napoleon Bonaparte, sv\u011bt um\u011bn\u00ed a um\u011blcu &#8211; Formov\u00e1n\u00ed modern\u00edho muzejnictv\u00ed, sb\u011bratelstv\u00ed a ochrana kulturn\u00edho dedictv\u00ed v obdob\u00ed Francouzsk\u00e9 revoluce a I. c\u00edsa\u0159stv\u00ed ve Francii<\/strong>, hos\u0165ovsk\u00e9 predn\u00e1\u0161ky PhDr. Mariana Hochela, Ph.D., 8. a 10. apr\u00edla 2014 (<a href=\"\/public\/media\/9172\/Hos\u0165ovsk\u00e1_predn\u00e1\u0161ka_Napoleon_umenie_muzejnictvo.png\">pozv\u00e1nka<\/a>)<\/li>\n\n\n\n<li><strong>America Reacts to the Holocaust<\/strong>, hos\u0165ovsk\u00e1 predn\u00e1\u0161ka Dr. Sziszkoszn\u00e9 Hal\u00e1sz Dorottya, 3. apr\u00edl 2014 (<a href=\"\/public\/media\/9172\/Hos\u0165ovsk\u00e1_predn\u00e1\u0161ka_AmericaReactstothe Holocaust.png\">pozv\u00e1nka<\/a>)<\/li>\n\n\n\n<li><strong>Uhorsk\u00fd regionalizmus na \u0160ari\u0161i<\/strong>, hos\u0165ovsk\u00e1 predn\u00e1\u0161ka Veroniky Gayer, 28. marec 2014 (<a href=\"\/public\/media\/9172\/Hos\u0165ovsk\u00e1_predn\u00e1\u0161ka_Uhorsk\u00fd_regionalizmus_\u0160ari\u0161i.jpg\">pozv\u00e1nka<\/a>)<\/li>\n\n\n\n<li><strong>Diskusn\u00fd ve\u010der Katedry hist\u00f3rie FF UPJ\u0160 a \u00dastavu pam\u00e4ti n\u00e1roda: 14. marec 1939 a jeho miesto v dejin\u00e1ch Slovenska<\/strong>, 20. marec 2014 (<a href=\"\/public\/media\/9172\/Diskusny_vecer_20032014.jpg\">pozv\u00e1nka<\/a>)<\/li>\n\n\n\n<li><strong>Diskusn\u00fd ve\u010der Katedry hist\u00f3rie FF UPJ\u0160 a \u00dastavu pam\u00e4ti n\u00e1roda: \u0160port a politika<\/strong>, 20. febru\u00e1r 2014 (<a href=\"https:\/\/www.facebook.com\/events\/597935533613444\/\">link<\/a>, <a href=\"\/public\/media\/9172\/Diskusny_vecer_20022014.pdf\">pozv\u00e1nka<\/a>)<\/li>\n\n\n\n<li><strong>De\u0148 otvoren\u00fdch dver\u00ed na FF UPJ\u0160<\/strong>, 7. febru\u00e1r 2014 (<a href=\"\/public\/media\/9172\/Den_otvorenych_dveri_2014.jpg\">pozv\u00e1nka<\/a>)<\/li>\n\n\n\n<li><strong>Diskusn\u00fd ve\u010der \u00dastavu pam\u00e4ti n\u00e1roda: Spisovatelia v politike<\/strong>, 23. janu\u00e1r 2014 (<a href=\"\/public\/media\/9172\/Diskusne_vecery_23012014.jpg\">pozv\u00e1nka<\/a>, <a href=\"\/filozoficka-fakulta\/katedra-historie\/10105\">fotogal\u00e9ria<\/a>)<\/li>\n<\/ul>\n<\/div><\/div><\/div>\n\n\n\n<div class=\"wp-block-kadence-pane kt-accordion-pane kt-accordion-pane-11 kt-pane12914_2bd1cf-20\"><div class=\"kt-accordion-header-wrap\"><button class=\"kt-blocks-accordion-header kt-acccordion-button-label-show\" type=\"button\"><span class=\"kt-blocks-accordion-title-wrap\"><span class=\"kt-blocks-accordion-title\"><strong>2013<\/strong><\/span><\/span><span class=\"kt-blocks-accordion-icon-trigger\"><\/span><\/button><\/div><div class=\"kt-accordion-panel kt-accordion-panel-hidden\"><div class=\"kt-accordion-panel-inner\">\n<ul class=\"wp-block-list\">\n<li><strong>Diskusn\u00e9 ve\u010dery \u00dastavu pam\u00e4ti n\u00e1roda. Karpatsk\u00ed Nemci na Slovensku v 20. storo\u010d\u00ed &#8211; Od spolu\u017eitia k trag\u00e9dii<\/strong>, 10. december 2013 (<a href=\"\/public\/media\/9172\/Diskusn\u00e9_ve\u010dery_10122013.jpg\">pozv\u00e1nka<\/a>, <a href=\"\/filozoficka-fakulta\/katedra-historie\/10034\">fotogal\u00e9ria<\/a>)<\/li>\n\n\n\n<li><strong>M\u011bl v Jugosl\u00e1cii m\u00edr \u0161anci? K\u0159es\u0165anstv\u00ed a isl\u00e1m na Balk\u00e1n\u011b v dob\u00e1ch Osmansk\u00e9 \u0159\u00ed\u0161e<\/strong>, hos\u0165ovsk\u00e9 predn\u00e1\u0161ky Doc. PhDr. V\u00e1clava \u0160t\u011bp\u00e1nka, Ph.D., 28. november 2013 (<a href=\"\/public\/media\/9172\/Predn\u00e1\u0161ka_\u0160tep\u00e1nek_28112013.png\">pozv\u00e1nka<\/a>)<\/li>\n\n\n\n<li><strong>Diskusn\u00e9 ve\u010dery \u00dastavu pam\u00e4ti n\u00e1roda<\/strong>. <strong>17. november 1989 &#8211; Zisky a zlyhania<\/strong>, 26. november 2013 (<a href=\"\/public\/media\/9172\/Diskusn\u00e9_ve\u010dery_26112013.jpg\">pozv\u00e1nka<\/a>, <a href=\"\/filozoficka-fakulta\/katedra-historie\/10035\">fotogal\u00e9ria<\/a>)<\/li>\n\n\n\n<li><strong>Slov\u00e1ci a \u010cesi &#8211; pou\u010denie z dej\u00edn<\/strong>, hos\u0165ovsk\u00e1 predn\u00e1\u0161ka JUDr. J\u00e1na \u010carnogursk\u00e9ho, 26. november 2013 (<a href=\"\/public\/media\/9172\/Predn\u00e1\u0161ka_\u010carnogursk\u00fd_26112013.jpg\">pozv\u00e1nka<\/a>)<\/li>\n\n\n\n<li><strong>Mystra na Pelopon\u00e9ze &#8211; posledn\u00e1 pevnos\u0165 Byzant\u00edncov<\/strong>, hos\u0165ovsk\u00e1 predn\u00e1\u0161ka Mgr. Martina Kone\u010dn\u00e9ho, PhD., 25. november 2013 (<a href=\"\/public\/media\/9172\/Predn\u00e1\u0161ka_Kone\u010dn\u00fd_25112013.png\">pozv\u00e1nka<\/a>)<\/li>\n\n\n\n<li><strong>Projekcia filmov o obdob\u00ed komunistickej neslobody<\/strong>, 18. november 2013, Ko\u0161ice (<a href=\"\/public\/media\/9172\/Predn\u00e1\u0161ka_Projekcia_folmov_18112013.jpg\">program<\/a>)<\/li>\n\n\n\n<li><strong>\u0160tudentsk\u00e1 vedeck\u00e1 konferencia<\/strong>, 18. november 2013, Ko\u0161ice (<a href=\"\/public\/media\/9172\/tudentsk\u00e1_vedeck\u00e1_konf_18112013.jpg\">program<\/a>)<\/li>\n\n\n\n<li><strong>Diskusn\u00e9 ve\u010dery \u00dastavu pam\u00e4ti n\u00e1roda: Slovensk\u00ed katol\u00edcki biskupi v zovret\u00ed dvoch total\u00edt<\/strong>, 31. okt\u00f3ber 2013, Ko\u0161ice (<a href=\"\/public\/media\/9172\/Diskusn\u00e9_ve\u010dery_31102013.jpg\">pozv\u00e1nka<\/a>, <a href=\"\/filozoficka-fakulta\/katedra-historie\/10036\">fotogal\u00e9ria<\/a>)<\/li>\n\n\n\n<li><strong>39. zasadnutie \u010cesko-slovenskej komisie historikov<\/strong>, 21. &#8211; 23. okt\u00f3ber 2013, Ko\u0161ice. S\u00fa\u010das\u0165ou programu je vedeck\u00fd semin\u00e1r ur\u010den\u00fd aj verejnosti <strong>Centrum a perif\u00e9ria v \u010ceskoslovensku (regi\u00f3n a jeho vymedzovanie)<\/strong>, 21. &#8211; 22. okt\u00f3ber 2013, Ko\u0161ice (<a href=\"\/public\/media\/9172\/Centrum_a_periferia_CSKH_2013.pdf\">program<\/a>, <a href=\"\/filozoficka-fakulta\/katedra-historie\/10037\">fotogal\u00e9ria<\/a>)<\/li>\n\n\n\n<li><strong>Z v\u00e4zenia a\u017e na vrchol moci: Gust\u00e1v Hus\u00e1k 1960-1971<\/strong>, hos\u0165ovsk\u00e1 predn\u00e1\u0161ka PhDr. Zde\u0148ka Dosko\u010dila, Ph.D., 21. okt\u00f3ber 2013 (<a href=\"\/public\/media\/9172\/Predn\u00e1\u0161ka_Dosko\u010dil_21102013.jpg\">pozv\u00e1nka<\/a>)<\/li>\n\n\n\n<li><strong>Stretnutie mlad\u00fdch historikov III. \u010clovek, spolo\u010dnos\u0165, doba<\/strong>, 16. &#8211; 17. okt\u00f3ber 2013, Ko\u0161ice, 3. ro\u010dn\u00edk konferencie doktorandov a mlad\u00fdch historikov (<a href=\"\/public\/media\/9172\/SMH_III_vyzva.jpg\">v\u00fdzva<\/a>, <a href=\"\/public\/media\/9172\/Program_konferencie_SMH_III.pdf\">program<\/a>, <a href=\"\/filozoficka-fakulta\/katedra-historie\/10038\">fotogal\u00e9ria<\/a>)<\/li>\n\n\n\n<li><strong>Ma\u010farsk\u00fd iredentizmus a \u010ceskoslovensko 1918-1938<\/strong>, hos\u0165ovsk\u00e1 predn\u00e1\u0161ka Mgr. Miroslava Michelu, PhD., 15. okt\u00f3ber 2013 (<a href=\"\/public\/media\/9172\/Predn\u00e1\u0161ka_Michela_15102013.jpg\">pozv\u00e1nka<\/a>)<\/li>\n\n\n\n<li><strong>Remembering the City &#8211; A Guide Through the Past of Ko\u0161ice<\/strong>, 14. okt\u00f3ber 2013, Ko\u0161ice, prezent\u00e1cia knihy (<a href=\"\/public\/media\/9172\/Remembering_the_city_14_10_2013.jpg\">pozv\u00e1nka<\/a>)<\/li>\n\n\n\n<li><strong>The Transformation of Memory after 1945: European Perspectives on the City, Migration and Remembrance<\/strong>, 14. okt\u00f3ber 2013, Ko\u0161ice, medzin\u00e1rodn\u00fd workshop (<a href=\"\/public\/media\/9172\/The_Transformation_of_Memory_2013_v\u00fdzva.jpg\">v\u00fdzva<\/a>, <a href=\"\/public\/media\/9172\/Die_Transformation_der Erinnerung_nach_1945-oktober 2013.jpg\">program<\/a>, <a href=\"\/filozoficka-fakulta\/katedra-historie\/10039\">fotogal\u00e9ria<\/a>)<\/li>\n\n\n\n<li><strong>Historick\u00e9 medzn\u00edky vo v\u00fdvoji Ko\u0161\u00edc v 20. storo\u010d\u00ed<\/strong>, 10. &#8211; 11. okt\u00f3ber 2013, Ko\u0161ice, konferencia (<a href=\"\/public\/media\/9172\/Pozvanka_konferencia_Historicke_medzniky_10_11_oktober_2013.jpg\">pozv\u00e1nka<\/a>, <a href=\"\/public\/media\/9172\/Program_konferencia_Historicke_medzniky_10_11_oktober_2013_1.png\">program 1<\/a>, <a href=\"\/public\/media\/9172\/Program_konferencia_Historicke_medzniky_10_11_oktober_2013_2.png\">program 2,<\/a> <a href=\"\/filozoficka-fakulta\/katedra-historie\/9796\">fotogal\u00e9ria<\/a>)<\/li>\n\n\n\n<li><strong>Ka\u017edodenn\u00fd \u017eivot na Slovensku v obdob\u00ed budovania socializmu<\/strong>, hos\u0165ovsk\u00e1 predn\u00e1\u0161ka Mgr. Mateja Medveck\u00e9ho, PhD., 7. okt\u00f3ber 2013 (<a href=\"\/public\/media\/9172\/Predn\u00e1\u0161ka_Medveck\u00fd_07102013.jpg\">pozv\u00e1nka<\/a>)<\/li>\n\n\n\n<li><strong>Diskusn\u00e9 ve\u010dery \u00dastavu pam\u00e4ti n\u00e1roda. Mn\u00edchovsk\u00e1 dohoda a jej tiene<\/strong>, 30. september 2013, Ko\u0161ice, (<a href=\"\/public\/media\/9172\/Diskusne_vecery_UPN_30_9_2013_Mnichov1938.jpg\">pozv\u00e1nka<\/a>, <a href=\"\/public\/media\/9172\/Diskusny_vecer_05102013_2.jpg\">fotogal\u00e9ria<\/a>)<\/li>\n\n\n\n<li><strong>Pozn\u00e1vanie dej\u00edn Slovenska. Pramene, met\u00f3dy a poznatky<\/strong>, 25. &#8211; 26. september 2013, Pre\u0161ov, konferencia pri pr\u00edle\u017eitosti jubilea prof. PhDr. Ferdinanda Uli\u010dn\u00e9ho, DrSc. (<a href=\"\/public\/media\/9172\/Jubileum_F_Uli\u010dn\u00fd_PROGRAM_KONFERENCIE.pdf\">program<\/a>, <a href=\"\/filozoficka-fakulta\/katedra-historie\/9814\">fotogal\u00e9ria<\/a>)<\/li>\n\n\n\n<li><strong>\u010cesko-uhersk\u00e9 vztahy ve st\u0159edov\u011bku<\/strong>, 24. september 2013, Ko\u0161ice, hos\u0165ovsk\u00e1 predn\u00e1\u0161ka doc. PhDr. Martina \u0160anderu, Ph.D. z Univerzity v Hradci Kr\u00e1lov\u00e9 (<a href=\"\/public\/media\/9172\/Prednaska_doc_Sandera_09_2013.jpg\">program<\/a>)<\/li>\n\n\n\n<li><strong>N\u00e1rodnostn\u00e1 politika v \u010ceskoslovensku v \u0161es\u0165desiatych rokoch 20. storo\u010dia<\/strong>, 10. &#8211; 11. september 2013, Ko\u0161ice, konferencia (<a href=\"\/public\/media\/9172\/Konferencia N\u00e1rodnostn\u00e1 politika_pozvanka.jpg\">pozv\u00e1nka<\/a>, <a href=\"\/public\/media\/9172\/Konferencia N\u00e1rodnostn\u00e1 politika_program.pdf\">program,<\/a> <a href=\"\/filozoficka-fakulta\/katedra-historie\/9797\">fotogal\u00e9ria<\/a>)<\/li>\n\n\n\n<li><strong>Transform\u00e1cia stredoeur\u00f3pskych miest v historickom v\u00fdvoji II &#8211; Ko\u0161ice, Opava, Miskolc, Krak\u00f3w <\/strong>(19. &#8211; 20. storo\u010die), 20. &#8211; 21. j\u00fan 2013, Krak\u00f3w, medzin\u00e1rodn\u00e1 konferencia (<a href=\"http:\/\/www.kmok.eu\">web str\u00e1nka projektu<\/a>, <a href=\"\/filozoficka-fakulta\/katedra-historie\/10040\">fotogal\u00e9ria<\/a>)<\/li>\n\n\n\n<li><strong>Vojnov\u00e9 cintor\u00edny I. svetovej vojny, 20. &#8211; 22. marca 2013<\/strong>, Ko\u0161ice, medzin\u00e1rodn\u00e1 konferencia (<a href=\"\/public\/media\/9172\/konferencia_vojnove_cintoriny_ww1_-_marec_2013_-_program.pdf\">program<\/a>)<\/li>\n<\/ul>\n<\/div><\/div><\/div>\n\n\n\n<div class=\"wp-block-kadence-pane kt-accordion-pane kt-accordion-pane-12 kt-pane12914_edf278-94\"><div class=\"kt-accordion-header-wrap\"><button class=\"kt-blocks-accordion-header kt-acccordion-button-label-show\" type=\"button\"><span class=\"kt-blocks-accordion-title-wrap\"><span class=\"kt-blocks-accordion-title\"><strong>2012<\/strong><\/span><\/span><span class=\"kt-blocks-accordion-icon-trigger\"><\/span><\/button><\/div><div class=\"kt-accordion-panel kt-accordion-panel-hidden\"><div class=\"kt-accordion-panel-inner\">\n<ul class=\"wp-block-list\">\n<li><strong>Stretnutie mlad\u00fdch historikov II. Priese\u010dn\u00edky spolo\u010dnej hist\u00f3rie kraj\u00edn V4<\/strong>, 29. &#8211; 30. okt\u00f3ber 2012, Ko\u0161ice, 2. ro\u010dn\u00edk doktorandskej konferencie (<a href=\"\/public\/media\/9172\/stretnutie_mladch_historikov_ii_-_2012.pdf\">program<\/a>)<\/li>\n\n\n\n<li><strong>Alternat\u00edvny sprievodca hist\u00f3riou Ko\u0161\u00edc 2013<\/strong>, 26. okt\u00f3ber 2012, Ko\u0161ice, prezent\u00e1cia medzin\u00e1rodn\u00e9ho projektu (<a href=\"\/public\/media\/9172\/sprievodca_koice_2013_-_pozvanka.pdf\">pozv\u00e1nka<\/a>)<\/li>\n\n\n\n<li><strong>Ko\u0161ice &#8211; in\u0161titucion\u00e1lna z\u00e1klad\u0148a kult\u00fary, \u0161kolstva a vedy,<\/strong> 24. okt\u00f3ber 2012, Ko\u0161ice, konferencia k 140. v\u00fdro\u010diu zalo\u017eenia V\u00fdchodoslovensk\u00e9ho m\u00fazea (<a href=\"\/public\/media\/9172\/kosice_institucionalnazakladnakulturyskolstvaavedy_programkonferencie.pdf\">program<\/a>)<\/li>\n\n\n\n<li><strong>Transform\u00e1cia stredoeur\u00f3pskych miest v historickom v\u00fdvoji<\/strong>, 28. &#8211; 29. j\u00fan 2012, Ko\u0161ice, medzin\u00e1rodn\u00e1 konferencia (<a href=\"\/public\/media\/9172\/transformacia_miest_v4_-_program_-_28-29_jun_2012.pdf\">program<\/a>)<\/li>\n\n\n\n<li><strong>Slovensko v rokoch neslobody II, Osobnosti zn\u00e1me &#8211; nezn\u00e1me<\/strong>, 22. &#8211; 23. m\u00e1j 2012, konferencia mlad\u00fdch historikov, Bansk\u00e1 Bystrica<\/li>\n\n\n\n<li><strong>Bitka pri Rozhanovciach v kontexte slovensk\u00fdch a uhorsk\u00fdch dej\u00edn<\/strong>, 22. &#8211; 23. marec 2012, Ko\u0161ice, konferencia k 700. v\u00fdro\u010diu zn\u00e1mej bitky (<a href=\"\/public\/media\/9172\/bitka_pri_rozhanovciach_-_program_-_1_strana.jpg\">program 1<\/a>, <a href=\"\/public\/media\/9172\/bitka_pri_rozhanovciach_-_program_-_2_strana.jpg\">program 2<\/a>)<\/li>\n\n\n\n<li><strong>Researches on Urban History<\/strong>, 26. janu\u00e1r 2012, konferencia historikov UPJ\u0160 a Univerzity v Mi\u0161kovci (<a href=\"\/public\/media\/9172\/program-researches-on-urban-history_2012.pdf\">program<\/a>)<\/li>\n<\/ul>\n<\/div><\/div><\/div>\n\n\n\n<div class=\"wp-block-kadence-pane kt-accordion-pane kt-accordion-pane-13 kt-pane12914_3a2276-c0\"><div class=\"kt-accordion-header-wrap\"><button class=\"kt-blocks-accordion-header kt-acccordion-button-label-show\" type=\"button\"><span class=\"kt-blocks-accordion-title-wrap\"><span class=\"kt-blocks-accordion-title\"><strong>2011<\/strong><\/span><\/span><span class=\"kt-blocks-accordion-icon-trigger\"><\/span><\/button><\/div><div class=\"kt-accordion-panel kt-accordion-panel-hidden\"><div class=\"kt-accordion-panel-inner\">\n<ul class=\"wp-block-list\">\n<li><strong>H\u013eadanie spolo\u010dn\u00e9ho jazyka o spolo\u010dnej minulosti. Dial\u00f3g mladej gener\u00e1cie slovensk\u00fdch a ma\u010farsk\u00fdch historikov<\/strong>, 25. november 2011, Bratislava, Konferencia mlad\u00fdch slovensk\u00fdch a ma\u010farsk\u00fdch historikov (<a href=\"\/public\/media\/9172\/spol._jazyk_o_spol._minulosti_-_konf..pdf\">program<\/a>)<\/li>\n\n\n\n<li><strong>Stavebno-historick\u00fd v\u00fdvoj Ko\u0161\u00edc v stredoveku a novoveku<\/strong>, 11. okt\u00f3ber 2011, Ko\u0161ice, 2. vedeck\u00e1 konferencia k v\u00fdskumu ko\u0161ick\u00fdch dej\u00edn<\/li>\n\n\n\n<li><strong>Stretnutie mlad\u00fdch historikov: Spolo\u010dnos\u0165, kult\u00fara a ka\u017edodennos\u0165 v dejin\u00e1ch Slovenska<\/strong>, 27. &#8211; 28. september 2011, Ko\u0161ice, konferencia doktorandov a mlad\u00fdch historikov (<a href=\"\/public\/media\/9172\/program_smh_27-28.9.2011.pdf\">program<\/a>)<\/li>\n\n\n\n<li><strong>Hist\u00f3ria a kult\u00fara \u2013 model multikult\u00farnej a cezhrani\u010dnej spolupr\u00e1ce v regi\u00f3ne V\u00fdchodn\u00e9ho Ma\u010farska a V\u00fdchodn\u00e9ho Slovenska<\/strong>, 14. apr\u00edl 2011, Ko\u0161ice, odborn\u00e1 konferencia s workshopom<\/li>\n<\/ul>\n<\/div><\/div><\/div>\n\n\n\n<div class=\"wp-block-kadence-pane kt-accordion-pane kt-accordion-pane-14 kt-pane12914_ea7afa-4b\"><div class=\"kt-accordion-header-wrap\"><button class=\"kt-blocks-accordion-header kt-acccordion-button-label-show\" type=\"button\"><span class=\"kt-blocks-accordion-title-wrap\"><span class=\"kt-blocks-accordion-title\"><strong>2010<\/strong><\/span><\/span><span class=\"kt-blocks-accordion-icon-trigger\"><\/span><\/button><\/div><div class=\"kt-accordion-panel kt-accordion-panel-hidden\"><div class=\"kt-accordion-panel-inner\">\n<ul class=\"wp-block-list\">\n<li><strong>Po stop\u00e1ch slobody \u2013 komunizmus a p\u00e4\u0165desiate roky 20. storo\u010dia na Slovensku<\/strong>, 30. november 2010, Ko\u0161ice, semin\u00e1r v spolupr\u00e1ci s \u00dastavom pam\u00e4ti n\u00e1roda<\/li>\n\n\n\n<li><strong>Ko\u0161ice a dejiny &#8211; dejiny Ko\u0161\u00edc<\/strong>, 16. &#8211; 17. september 2010, Ko\u0161ice, konferencia k stavu v\u00fdskumu dej\u00edn mesta a jeho perspekt\u00edvam<\/li>\n<\/ul>\n<\/div><\/div><\/div>\n<\/div><\/div><\/div>\n<\/div><\/div>\n\n\n\n<p><\/p>\n","protected":false},"author":1,"featured_media":12915,"parent":12841,"menu_order":34,"template":"","meta":{"_acf_changed":false,"_editorskit_title_hidden":false,"_editorskit_reading_time":0,"_editorskit_is_block_options_detached":false,"_editorskit_block_options_position":"{}"},"categories":[],"tags":[],"tax_aktuality":[],"class_list":["post-12914","cpt_pracoviska","type-cpt_pracoviska","status-publish","has-post-thumbnail","hentry"],"acf":{"acf_link_na_externy_obsah":""},"yoast_head":"<!-- This site is optimized with the Yoast SEO plugin v27.4 - https:\/\/yoast.com\/product\/yoast-seo-wordpress\/ -->\n<title>Konferencie a podujatia Katedry hist\u00f3rie - Filozofick\u00e1 fakulta | UPJ\u0160<\/title>\n<meta name=\"robots\" content=\"index, follow, max-snippet:-1, max-image-preview:large, max-video-preview:-1\" \/>\n<link rel=\"canonical\" href=\"https:\/\/www.upjs.sk\/filozoficka-fakulta\/pracoviska\/katedra-historie\/9172-2\/\" \/>\n<meta property=\"og:locale\" content=\"sk_SK\" \/>\n<meta property=\"og:type\" content=\"article\" \/>\n<meta property=\"og:title\" content=\"Konferencie a podujatia Katedry hist\u00f3rie - Filozofick\u00e1 fakulta | UPJ\u0160\" \/>\n<meta property=\"og:description\" content=\"\u00a0\" \/>\n<meta property=\"og:url\" content=\"https:\/\/www.upjs.sk\/filozoficka-fakulta\/pracoviska\/katedra-historie\/9172-2\/\" \/>\n<meta property=\"og:site_name\" content=\"Filozofick\u00e1 fakulta | UPJ\u0160\" \/>\n<meta property=\"article:modified_time\" content=\"2026-04-13T09:50:56+00:00\" \/>\n<meta property=\"og:image\" content=\"https:\/\/www.upjs.sk\/app\/uploads\/sites\/7\/2022\/09\/Ceskoslovenska-komisia-historikov-logo-1.jpg\" \/>\n\t<meta property=\"og:image:width\" content=\"254\" \/>\n\t<meta property=\"og:image:height\" content=\"160\" \/>\n\t<meta property=\"og:image:type\" content=\"image\/jpeg\" \/>\n<meta name=\"twitter:card\" content=\"summary_large_image\" \/>\n<meta name=\"twitter:label1\" content=\"Predpokladan\u00fd \u010das \u010d\u00edtania\" \/>\n\t<meta name=\"twitter:data1\" content=\"31 min\u00fat\" \/>\n<script type=\"application\/ld+json\" class=\"yoast-schema-graph\">{\"@context\":\"https:\\\/\\\/schema.org\",\"@graph\":[{\"@type\":\"WebPage\",\"@id\":\"https:\\\/\\\/www.upjs.sk\\\/filozoficka-fakulta\\\/pracoviska\\\/katedra-historie\\\/9172-2\\\/\",\"url\":\"https:\\\/\\\/www.upjs.sk\\\/filozoficka-fakulta\\\/pracoviska\\\/katedra-historie\\\/9172-2\\\/\",\"name\":\"Konferencie a podujatia Katedry hist\u00f3rie - Filozofick\u00e1 fakulta | UPJ\u0160\",\"isPartOf\":{\"@id\":\"https:\\\/\\\/www.upjs.sk\\\/filozoficka-fakulta\\\/#website\"},\"primaryImageOfPage\":{\"@id\":\"https:\\\/\\\/www.upjs.sk\\\/filozoficka-fakulta\\\/pracoviska\\\/katedra-historie\\\/9172-2\\\/#primaryimage\"},\"image\":{\"@id\":\"https:\\\/\\\/www.upjs.sk\\\/filozoficka-fakulta\\\/pracoviska\\\/katedra-historie\\\/9172-2\\\/#primaryimage\"},\"thumbnailUrl\":\"https:\\\/\\\/www.upjs.sk\\\/app\\\/uploads\\\/sites\\\/7\\\/2022\\\/09\\\/Ceskoslovenska-komisia-historikov-logo-1.jpg\",\"datePublished\":\"2022-06-10T08:03:06+00:00\",\"dateModified\":\"2026-04-13T09:50:56+00:00\",\"breadcrumb\":{\"@id\":\"https:\\\/\\\/www.upjs.sk\\\/filozoficka-fakulta\\\/pracoviska\\\/katedra-historie\\\/9172-2\\\/#breadcrumb\"},\"inLanguage\":\"sk-SK\",\"potentialAction\":[{\"@type\":\"ReadAction\",\"target\":[\"https:\\\/\\\/www.upjs.sk\\\/filozoficka-fakulta\\\/pracoviska\\\/katedra-historie\\\/9172-2\\\/\"]}]},{\"@type\":\"ImageObject\",\"inLanguage\":\"sk-SK\",\"@id\":\"https:\\\/\\\/www.upjs.sk\\\/filozoficka-fakulta\\\/pracoviska\\\/katedra-historie\\\/9172-2\\\/#primaryimage\",\"url\":\"https:\\\/\\\/www.upjs.sk\\\/app\\\/uploads\\\/sites\\\/7\\\/2022\\\/09\\\/Ceskoslovenska-komisia-historikov-logo-1.jpg\",\"contentUrl\":\"https:\\\/\\\/www.upjs.sk\\\/app\\\/uploads\\\/sites\\\/7\\\/2022\\\/09\\\/Ceskoslovenska-komisia-historikov-logo-1.jpg\",\"width\":254,\"height\":160,\"caption\":\"9172\"},{\"@type\":\"BreadcrumbList\",\"@id\":\"https:\\\/\\\/www.upjs.sk\\\/filozoficka-fakulta\\\/pracoviska\\\/katedra-historie\\\/9172-2\\\/#breadcrumb\",\"itemListElement\":[{\"@type\":\"ListItem\",\"position\":1,\"name\":\"Home\",\"item\":\"https:\\\/\\\/www.upjs.sk\\\/filozoficka-fakulta\\\/\"},{\"@type\":\"ListItem\",\"position\":2,\"name\":\"Pracovisk\u00e1\",\"item\":\"https:\\\/\\\/www.upjs.sk\\\/filozoficka-fakulta\\\/pracoviska\\\/\"},{\"@type\":\"ListItem\",\"position\":3,\"name\":\"Katedra hist\u00f3rie\",\"item\":\"https:\\\/\\\/www.upjs.sk\\\/filozoficka-fakulta\\\/pracoviska\\\/katedra-historie\\\/\"},{\"@type\":\"ListItem\",\"position\":4,\"name\":\"Konferencie a podujatia Katedry hist\u00f3rie\"}]},{\"@type\":\"WebSite\",\"@id\":\"https:\\\/\\\/www.upjs.sk\\\/filozoficka-fakulta\\\/#website\",\"url\":\"https:\\\/\\\/www.upjs.sk\\\/filozoficka-fakulta\\\/\",\"name\":\"Filozofick\u00e1 fakulta | UPJ\u0160\",\"description\":\"\",\"publisher\":{\"@id\":\"https:\\\/\\\/www.upjs.sk\\\/filozoficka-fakulta\\\/#organization\"},\"potentialAction\":[{\"@type\":\"SearchAction\",\"target\":{\"@type\":\"EntryPoint\",\"urlTemplate\":\"https:\\\/\\\/www.upjs.sk\\\/filozoficka-fakulta\\\/?s={search_term_string}\"},\"query-input\":{\"@type\":\"PropertyValueSpecification\",\"valueRequired\":true,\"valueName\":\"search_term_string\"}}],\"inLanguage\":\"sk-SK\"},{\"@type\":\"Organization\",\"@id\":\"https:\\\/\\\/www.upjs.sk\\\/filozoficka-fakulta\\\/#organization\",\"name\":\"Filozofick\u00e1 fakulta | UPJ\u0160\",\"url\":\"https:\\\/\\\/www.upjs.sk\\\/filozoficka-fakulta\\\/\",\"logo\":{\"@type\":\"ImageObject\",\"inLanguage\":\"sk-SK\",\"@id\":\"https:\\\/\\\/www.upjs.sk\\\/filozoficka-fakulta\\\/#\\\/schema\\\/logo\\\/image\\\/\",\"url\":\"https:\\\/\\\/www.upjs.sk\\\/app\\\/uploads\\\/sites\\\/7\\\/2022\\\/09\\\/logo-filozoficka-fakulta.png\",\"contentUrl\":\"https:\\\/\\\/www.upjs.sk\\\/app\\\/uploads\\\/sites\\\/7\\\/2022\\\/09\\\/logo-filozoficka-fakulta.png\",\"width\":415,\"height\":87,\"caption\":\"Filozofick\u00e1 fakulta | UPJ\u0160\"},\"image\":{\"@id\":\"https:\\\/\\\/www.upjs.sk\\\/filozoficka-fakulta\\\/#\\\/schema\\\/logo\\\/image\\\/\"}}]}<\/script>\n<!-- \/ Yoast SEO plugin. -->","yoast_head_json":{"title":"Konferencie a podujatia Katedry hist\u00f3rie - Filozofick\u00e1 fakulta | UPJ\u0160","robots":{"index":"index","follow":"follow","max-snippet":"max-snippet:-1","max-image-preview":"max-image-preview:large","max-video-preview":"max-video-preview:-1"},"canonical":"https:\/\/www.upjs.sk\/filozoficka-fakulta\/pracoviska\/katedra-historie\/9172-2\/","og_locale":"sk_SK","og_type":"article","og_title":"Konferencie a podujatia Katedry hist\u00f3rie - Filozofick\u00e1 fakulta | UPJ\u0160","og_description":"\u00a0","og_url":"https:\/\/www.upjs.sk\/filozoficka-fakulta\/pracoviska\/katedra-historie\/9172-2\/","og_site_name":"Filozofick\u00e1 fakulta | UPJ\u0160","article_modified_time":"2026-04-13T09:50:56+00:00","og_image":[{"width":254,"height":160,"url":"https:\/\/www.upjs.sk\/app\/uploads\/sites\/7\/2022\/09\/Ceskoslovenska-komisia-historikov-logo-1.jpg","type":"image\/jpeg"}],"twitter_card":"summary_large_image","twitter_misc":{"Predpokladan\u00fd \u010das \u010d\u00edtania":"31 min\u00fat"},"schema":{"@context":"https:\/\/schema.org","@graph":[{"@type":"WebPage","@id":"https:\/\/www.upjs.sk\/filozoficka-fakulta\/pracoviska\/katedra-historie\/9172-2\/","url":"https:\/\/www.upjs.sk\/filozoficka-fakulta\/pracoviska\/katedra-historie\/9172-2\/","name":"Konferencie a podujatia Katedry hist\u00f3rie - Filozofick\u00e1 fakulta | UPJ\u0160","isPartOf":{"@id":"https:\/\/www.upjs.sk\/filozoficka-fakulta\/#website"},"primaryImageOfPage":{"@id":"https:\/\/www.upjs.sk\/filozoficka-fakulta\/pracoviska\/katedra-historie\/9172-2\/#primaryimage"},"image":{"@id":"https:\/\/www.upjs.sk\/filozoficka-fakulta\/pracoviska\/katedra-historie\/9172-2\/#primaryimage"},"thumbnailUrl":"https:\/\/www.upjs.sk\/app\/uploads\/sites\/7\/2022\/09\/Ceskoslovenska-komisia-historikov-logo-1.jpg","datePublished":"2022-06-10T08:03:06+00:00","dateModified":"2026-04-13T09:50:56+00:00","breadcrumb":{"@id":"https:\/\/www.upjs.sk\/filozoficka-fakulta\/pracoviska\/katedra-historie\/9172-2\/#breadcrumb"},"inLanguage":"sk-SK","potentialAction":[{"@type":"ReadAction","target":["https:\/\/www.upjs.sk\/filozoficka-fakulta\/pracoviska\/katedra-historie\/9172-2\/"]}]},{"@type":"ImageObject","inLanguage":"sk-SK","@id":"https:\/\/www.upjs.sk\/filozoficka-fakulta\/pracoviska\/katedra-historie\/9172-2\/#primaryimage","url":"https:\/\/www.upjs.sk\/app\/uploads\/sites\/7\/2022\/09\/Ceskoslovenska-komisia-historikov-logo-1.jpg","contentUrl":"https:\/\/www.upjs.sk\/app\/uploads\/sites\/7\/2022\/09\/Ceskoslovenska-komisia-historikov-logo-1.jpg","width":254,"height":160,"caption":"9172"},{"@type":"BreadcrumbList","@id":"https:\/\/www.upjs.sk\/filozoficka-fakulta\/pracoviska\/katedra-historie\/9172-2\/#breadcrumb","itemListElement":[{"@type":"ListItem","position":1,"name":"Home","item":"https:\/\/www.upjs.sk\/filozoficka-fakulta\/"},{"@type":"ListItem","position":2,"name":"Pracovisk\u00e1","item":"https:\/\/www.upjs.sk\/filozoficka-fakulta\/pracoviska\/"},{"@type":"ListItem","position":3,"name":"Katedra hist\u00f3rie","item":"https:\/\/www.upjs.sk\/filozoficka-fakulta\/pracoviska\/katedra-historie\/"},{"@type":"ListItem","position":4,"name":"Konferencie a podujatia Katedry hist\u00f3rie"}]},{"@type":"WebSite","@id":"https:\/\/www.upjs.sk\/filozoficka-fakulta\/#website","url":"https:\/\/www.upjs.sk\/filozoficka-fakulta\/","name":"Filozofick\u00e1 fakulta | UPJ\u0160","description":"","publisher":{"@id":"https:\/\/www.upjs.sk\/filozoficka-fakulta\/#organization"},"potentialAction":[{"@type":"SearchAction","target":{"@type":"EntryPoint","urlTemplate":"https:\/\/www.upjs.sk\/filozoficka-fakulta\/?s={search_term_string}"},"query-input":{"@type":"PropertyValueSpecification","valueRequired":true,"valueName":"search_term_string"}}],"inLanguage":"sk-SK"},{"@type":"Organization","@id":"https:\/\/www.upjs.sk\/filozoficka-fakulta\/#organization","name":"Filozofick\u00e1 fakulta | UPJ\u0160","url":"https:\/\/www.upjs.sk\/filozoficka-fakulta\/","logo":{"@type":"ImageObject","inLanguage":"sk-SK","@id":"https:\/\/www.upjs.sk\/filozoficka-fakulta\/#\/schema\/logo\/image\/","url":"https:\/\/www.upjs.sk\/app\/uploads\/sites\/7\/2022\/09\/logo-filozoficka-fakulta.png","contentUrl":"https:\/\/www.upjs.sk\/app\/uploads\/sites\/7\/2022\/09\/logo-filozoficka-fakulta.png","width":415,"height":87,"caption":"Filozofick\u00e1 fakulta | UPJ\u0160"},"image":{"@id":"https:\/\/www.upjs.sk\/filozoficka-fakulta\/#\/schema\/logo\/image\/"}}]}},"_links":{"self":[{"href":"https:\/\/www.upjs.sk\/filozoficka-fakulta\/wp-json\/wp\/v2\/cpt_pracoviska\/12914","targetHints":{"allow":["GET"]}}],"collection":[{"href":"https:\/\/www.upjs.sk\/filozoficka-fakulta\/wp-json\/wp\/v2\/cpt_pracoviska"}],"about":[{"href":"https:\/\/www.upjs.sk\/filozoficka-fakulta\/wp-json\/wp\/v2\/types\/cpt_pracoviska"}],"author":[{"embeddable":true,"href":"https:\/\/www.upjs.sk\/filozoficka-fakulta\/wp-json\/wp\/v2\/users\/1"}],"up":[{"embeddable":true,"href":"https:\/\/www.upjs.sk\/filozoficka-fakulta\/wp-json\/wp\/v2\/cpt_pracoviska\/12841"}],"wp:featuredmedia":[{"embeddable":true,"href":"https:\/\/www.upjs.sk\/filozoficka-fakulta\/wp-json\/wp\/v2\/media\/12915"}],"wp:attachment":[{"href":"https:\/\/www.upjs.sk\/filozoficka-fakulta\/wp-json\/wp\/v2\/media?parent=12914"}],"wp:term":[{"taxonomy":"category","embeddable":true,"href":"https:\/\/www.upjs.sk\/filozoficka-fakulta\/wp-json\/wp\/v2\/categories?post=12914"},{"taxonomy":"post_tag","embeddable":true,"href":"https:\/\/www.upjs.sk\/filozoficka-fakulta\/wp-json\/wp\/v2\/tags?post=12914"},{"taxonomy":"tax_aktuality","embeddable":true,"href":"https:\/\/www.upjs.sk\/filozoficka-fakulta\/wp-json\/wp\/v2\/tax_aktuality?post=12914"}],"curies":[{"name":"wp","href":"https:\/\/api.w.org\/{rel}","templated":true}]}}