{"id":48367,"date":"2024-01-22T12:58:28","date_gmt":"2024-01-22T11:58:28","guid":{"rendered":"https:\/\/www.upjs.sk\/filozoficka-fakulta\/pracoviska\/katedra-historie\/15782-2-2\/"},"modified":"2024-09-18T13:19:44","modified_gmt":"2024-09-18T12:19:44","slug":"15782-2-2","status":"publish","type":"cpt_pracoviska","link":"https:\/\/www.upjs.sk\/filozoficka-fakulta\/pracoviska\/katedra-historie\/15782-2-2\/","title":{"rendered":"Aktu\u00e1lne a ukon\u010den\u00e9 vedeck\u00e9 projekty Katedry hist\u00f3rie"},"content":{"rendered":"<style>.kadence-column48367_908d80-e9 > .kt-inside-inner-col{padding-right:var(--global-kb-spacing-xs, 1rem);padding-left:var(--global-kb-spacing-xs, 1rem);}.kadence-column48367_908d80-e9 > .kt-inside-inner-col,.kadence-column48367_908d80-e9 > .kt-inside-inner-col:before{border-top-left-radius:0px;border-top-right-radius:0px;border-bottom-right-radius:0px;border-bottom-left-radius:0px;}.kadence-column48367_908d80-e9 > .kt-inside-inner-col{column-gap:var(--global-kb-gap-sm, 1rem);}.kadence-column48367_908d80-e9 > .kt-inside-inner-col{flex-direction:column;}.kadence-column48367_908d80-e9 > .kt-inside-inner-col > .aligncenter{width:100%;}.kadence-column48367_908d80-e9 > .kt-inside-inner-col{background-color:#F4F4F4;}.kadence-column48367_908d80-e9 > .kt-inside-inner-col:before{opacity:0.3;}.kadence-column48367_908d80-e9{position:relative;}@media all and (max-width: 1024px){.kadence-column48367_908d80-e9 > .kt-inside-inner-col{flex-direction:column;justify-content:center;}}@media all and (max-width: 767px){.kadence-column48367_908d80-e9 > .kt-inside-inner-col{flex-direction:column;justify-content:center;}}<\/style>\n<div class=\"wp-block-kadence-column kadence-column48367_908d80-e9\"><div class=\"kt-inside-inner-col\">\n<p><br><strong>European Inclusive Education for Digital Society, Social Innovation and Global Citizenship (EURIDICE)<\/strong><br><em>Agent\u00fara a k\u00f3d projektu<\/em>: European Union\u2019s Digital Europe Programme, Grant Agreement No. 101123121 (EURIDICE)<br><em>Doba rie\u0161enia<\/em>: okt\u00f3ber 2024 \u2013 2027<br><em>Rie\u0161ite\u013esk\u00e9 organiz\u00e1cie<\/em>: 17 \u010dlenov medzin\u00e1rodn\u00e9ho konzorcia\u00a0<br><em>Abstrakt<\/em>: Amb\u00edciou projektu je, aby predstavoval jeden z k\u013e\u00fa\u010dov\u00fdch n\u00e1strojov digit\u00e1lnej transform\u00e1cie vzdel\u00e1vania tak na UPJ\u0160, ako aj v \u0161ir\u0161om meradle.\u00a0Spolo\u010dne s na\u0161ou Katedrou hist\u00f3rie FF UPJ\u0160 (prof. PaedDr. Martin Pek\u00e1r, PhD.) je projekt koordinovan\u00fd kolegami z Vrije Universiteit Amsterdam a odborne ho zastre\u0161uje tie\u017e Katedra verejnej politiky a te\u00f3rie verejnej spr\u00e1vy FVS UPJ\u0160.<br><strong><a aria-label=\"Webstr\u00e1nka projektu (opens in a new tab)\" class=\"ek-link\" href=\"https:\/\/euridice.eu\/\" target=\"_blank\" rel=\"noreferrer noopener\">Webstr\u00e1nka projektu<\/a><\/strong><\/p>\n\n\n\n<p><strong>P\u00f4vod a soci\u00e1lne siete mestsk\u00fdch el\u00edt v Uhorsku na konci stredoveku<\/strong><br><em>Agent\u00fara a k\u00f3d projektu<\/em>: VEGA 1\/0240\/24<br><em>Doba rie\u0161enia<\/em>: 2024 \u2013 2027<br><em>Rie\u0161ite\u013esk\u00e9 organiz\u00e1cie<\/em>: Katedra hist\u00f3rie FF UPJ\u0160 (ved\u00faci rie\u0161ite\u013e Mgr. Drahoslav Magdo\u0161ko, PhD., rie\u0161itelia Mgr. M\u00e1ria Fedor\u010d\u00e1kov\u00e1, PhD. a Mgr. Peter Fedor\u010d\u00e1k, PhD., spolupracovn\u00edk Mgr. Milan Georgievski, PhD. zo Slovensk\u00e9ho n\u00e1rodn\u00e9ho m\u00fazea v Martine)&nbsp;<br><em>Abstrakt<\/em>: Bl\u00ed\u017eiace sa v\u00fdro\u010die bitky pri Moh\u00e1\u010di z roku 1526 podnecuje k \u010fal\u0161\u00edm v\u00fdskumom pomerov v Uhorskom kr\u00e1\u013eovstve na pomedz\u00ed stredoveku a novoveku. Pozornos\u0165 si zasluhuj\u00fa taktie\u017e mestsk\u00e9 elity, o to viac, \u017ee v porovnan\u00ed s dobovou celo\u0161t\u00e1tnou politikou i \u0161\u013eachtou ide o m\u00e1lo preb\u00e1dan\u00fa problematiku. Cie\u013eom projektu je preto v\u00fdskum, anal\u00fdza a interpret\u00e1cia fenom\u00e9nu el\u00edt vo vybran\u00fdch mest\u00e1ch, predov\u0161etk\u00fdm v Ko\u0161iciach, Bardejove a Banskej Bystrici, so zameran\u00edm na jagelovsk\u00e9 obdobie (1490 \u2013 1526), s mo\u017en\u00fdm presahom pred i po uvedenom chronologickom rozmedz\u00ed. \u0164a\u017eiskov\u00e9 v\u00fdskumn\u00e9 ot\u00e1zky sa t\u00fdkaj\u00fa p\u00f4vodu, soci\u00e1lnych siet\u00ed i strat\u00e9gi\u00ed, ako aj \u00farovne vzdelania ved\u00facich osobnost\u00ed mestsk\u00fdch komun\u00edt na konci stredoveku, \u010di\u017ee na prahu zmien, ak\u00e9 n\u00e1sledne priniesol n\u00e1stup \u0161t\u00e1tnej moci, reform\u00e1cie, humanizmu a in\u00fdch faktorov.<\/p>\n\n\n\n<p><strong>Dejiny umenia v Slovenskom \u0161t\u00e1te a v nacistickej Eur\u00f3pe. In\u0161tit\u00facie a recepcia medzi centrom a perif\u00e9riou<\/strong><br><em>Agent\u00fara a k\u00f3d projektu<\/em>: APVV-22-0301<br><em>Doba rie\u0161enia<\/em>: 2023 \u2013 2027<br><em>Rie\u0161ite\u013esk\u00e9 organiz\u00e1cie<\/em>: Filozofick\u00e1 fakulta Univerzity Komensk\u00e9ho v Bratislave, Fakulta v\u00fdtvarn\u00fdch umen\u00ed Vysok\u00e9 \u0161koly v\u00fdtvarn\u00fdch umen\u00ed a Filozofick\u00e1 fakulta Univerzity Pavla Jozefa \u0160af\u00e1rika v Ko\u0161iciach (Katedra hist\u00f3rie FF UPJ\u0160, ved\u00faci rie\u0161ite\u013e prof. PaedDr. Martin Pek\u00e1r, PhD., rie\u0161itelia Mgr. Zuzana Tok\u00e1rov\u00e1, PhD. a Mgr. Vikt\u00f3ria \u0160vig\u00e1rov\u00e1)<br><em>Abstrakt<\/em>: Predkladan\u00fd projekt sk\u00fama dejiny umenia v obdob\u00ed Slovensk\u00e9ho \u0161t\u00e1tu v kontexte kult\u00farnej politiky nacistick\u00e9ho Nemecka. Na rozdiel od star\u0161\u00edch \u0161t\u00fadi\u00ed, ktor\u00e9 sk\u00famali dan\u00fd predmet v \u00fazkom r\u00e1mci vlastnej vednej discipl\u00edny, sa projekt vyzna\u010duje medziodborov\u00fdm pr\u00edstupom a pon\u00faka po prv\u00fd raz syntetick\u00fd poh\u013ead na dan\u00fa oblas\u0165, pri\u010dom sa in\u0161piruje najnov\u0161\u00edm v\u00fdskumom in\u0161titucionalizovania eur\u00f3pskej kult\u00farnej politiky pod nadvl\u00e1dou nacistick\u00e9ho Nemecka. Prid\u0155\u017eaj\u00fac sa metodol\u00f3gie a te\u00f3ri\u00ed centra a perif\u00e9rie projekt sk\u00fama kult\u00farne interakcie medzi nacistick\u00fdm Nemeckom a jeho \u201evzorov\u00fdm\u201c slovensk\u00fdm satelitom, resp. nemeckou men\u0161inou na Slovensku. Vych\u00e1dza pritom z hypot\u00e9zy, \u017ee tieto vz\u0165ahy a interakcie neboli line\u00e1rne v zmysle propagandistickej indoktrin\u00e1cie perif\u00e9rie centrom, ale i\u0161lo sk\u00f4r o obdobu \u201esemiosf\u00e9ry\u201c (Juri Lotman), ke\u010f centrum z\u00e1rove\u0148 prij\u00edma podnety z perif\u00e9rie a kanonizuje ich. Perif\u00e9ria v tomto ch\u00e1pan\u00ed nie je homog\u00e9nna oblas\u0165, naopak, m\u00f4\u017ee tu doch\u00e1dza\u0165 k procesom konkurovania o priaze\u0148 centra. Z tejto perspekt\u00edvy projekt sk\u00fama kult\u00farne interakcie na poli literat\u00fary, intelektu\u00e1lnych dej\u00edn, filmu a v\u00fdtvarn\u00e9ho umenia, resp. ich in\u0161titucionalizovanie v oblastiach \u0161t\u00e1tneho usmer\u0148ovania umenia, tvorby kult\u00farno-politick\u00fdch siet\u00ed, \u0161kolstva a univerzitn\u00e9ho vzdel\u00e1vania, v neposlednom rade prostredn\u00edctvom sprostredkovate\u013esk\u00fdch funkci\u00ed semisf\u00e9ry Protektor\u00e1tu \u010cechy a Morava. Popri interakci\u00e1ch medzi centrom a perif\u00e9riou projekt kladie d\u00f4raz na moment recepcie kult\u00fary a umenia, tzv. horizont o\u010dak\u00e1van\u00ed, ktor\u00e9 boli do ve\u013ekej miery fragmentovan\u00e9 a v\u010faka tomu vrhaj\u00fa nov\u00e9 svetlo na rozdielne reakcie jednotliv\u00fdch akt\u00e9rov, siahaj\u00face od akt\u00edvnej kolabor\u00e1cie \u010di aspo\u0148 afirm\u00e1cie po kritiku alebo a\u017e subverziu.<br><br><strong>Dejiny univerzitn\u00e9ho vzdel\u00e1vania v Ko\u0161iciach<\/strong><br><em>Agent\u00fara a k\u00f3d projektu<\/em>: UPJ\u0160 VVGS-2023-2676<br><em>Doba rie\u0161enia<\/em>: 1. 7. 2023 &#8211; 30. 6. 2024<br><em>Rie\u0161ite\u013esk\u00e1 organiz\u00e1cia<\/em>: KH FF UPJ\u0160 (ved\u00faca projektu Mgr. M\u00e1ria Fedor\u010d\u00e1kov\u00e1, PhD., rie\u0161itelia: Mgr. Peter Fedor\u010d\u00e1k, PhD., Mgr. Monika Tresov\u00e1)<br><em>Abstrakt<\/em>: Predkladan\u00fd projekt nadv\u00e4zuje na v\u00fdskum prame\u0148ov k univerzitn\u00fdm dejin\u00e1m v Ko\u0161iciach, ktor\u00fd sa realizoval v rokoch 2019 &#8211; 2023 prostredn\u00edctvom projektov VVGS &#8211; PCOV Dejiny UPJ\u0160 a Historick\u00fd digit\u00e1lny arch\u00edv (HiDA) I. &#8211; III. Predkladan\u00fd projekt sa zameriava na vytvorenie obsahovej koncepcie v\u00fdu\u010dby univerzitn\u00fdch dej\u00edn v Ko\u0161iciach prostredn\u00edctvom multimedi\u00e1lneho \u0161tudijn\u00e9ho materi\u00e1lu, ktor\u00fd bude syntetizova\u0165 doteraj\u0161ie poznatky v\u00fdskumu univerzitn\u00fdch dej\u00edn a z\u00e1rove\u0148 ich bude prezentova\u0165 v interakt\u00edvnej podobe. Svoje miesto tu bud\u00fa ma\u0165 dejiny jednotliv\u00fdch akademick\u00fdch in\u0161tit\u00faci\u00ed, osobnosti spojen\u00e9 s vysoko\u0161kolsk\u00fdm vzdel\u00e1van\u00edm, univerzitn\u00e1 trad\u00edcia a kult\u00fara a ich prejavy v prostred\u00ed akademick\u00fdch in\u0161tit\u00faci\u00ed, univerzitn\u00e1 architekt\u00fara a jej funkcie v mestskom priestore. Nep\u00f4jde tak o v\u00fdlu\u010dne line\u00e1rne a in\u0161titucion\u00e1lne po\u0148atie univerzitn\u00fdch dej\u00edn, ale obozn\u00e1menie sa s r\u00f4znymi tematick\u00fdmi oblas\u0165ami, ktor\u00e9 spolu vytv\u00e1raj\u00fa \u0161trukt\u00faru dej\u00edn univerzitn\u00e9ho vzdel\u00e1vania v konkr\u00e9tnom meste. Takto navrhnut\u00fd predmet vytv\u00e1ra priestor pre rozv\u00edjanie interdiciplin\u00e1rnych vz\u0165ahov a vedie \u0161tudentov k akt\u00edvnemu pozn\u00e1vaniu dej\u00edn vlastnej in\u0161tit\u00facie, mesta a regi\u00f3nu.<\/p>\n\n\n\n<p><strong>Fenom\u00e9n motorizmu: Komentovan\u00e1 ed\u00edcia prame\u0148ov k dejin\u00e1m osobn\u00e9ho automobilizmu na Slovensku v medzivojnovom obdob\u00ed<\/strong><br><em>Agent\u00fara a k\u00f3d projektu<\/em>: UPJ\u0160 VVGS-2022-2431<br><em>Doba rie\u0161enia<\/em>: 1. 1. 2023 &#8211; 31. 12. 2024<br><em>Rie\u0161ite\u013esk\u00e1 organiz\u00e1cia<\/em>: KH FF UPJ\u0160 (Mgr. Mikul\u00e1\u0161 Jan\u010dura, PhD.)<br><em>Abstrakt<\/em>: Motorizmus sa v medzivojnovom obdob\u00ed stal d\u00f4le\u017eitou s\u00fa\u010das\u0165ou hospod\u00e1rsko-ekonomickej \u0161trukt\u00fary a tie\u017e v\u00fdrazn\u00fdm kult\u00farno-spolo\u010densk\u00fdm ukazovate\u013eom. V podmienkach medzivojnov\u00e9ho \u010ceskoslovenska a vn\u00fatorne dispropor\u010dn\u00e9ho hospod\u00e1rskeho a spolo\u010densk\u00e9ho v\u00fdvoja medzi jednotliv\u00fdmi \u010das\u0165ami republiky, nar\u00e1\u017eal na po\u010detn\u00e9 mno\u017estvo probl\u00e9mov, ktor\u00e9 s\u00fa pre historikov relevantnou v\u00fdskumnou v\u00fdzvou. Skrz motorizmus, jeho legislat\u00edvne ukotvenie, postoj \u0161t\u00e1tnej politiky \u010di jeho etablovanie sa v spolo\u010dnosti mo\u017eno sledova\u0165 \u0161ir\u0161ie, kontextu\u00e1lne s\u00favislosti a to ako na celo\u0161t\u00e1tnej, tak region\u00e1lnej \u00farovni. V historickej vede je v\u0161ak t\u00e1to problematika, prim\u00e1rne kv\u00f4li jej \u0161pecifickosti, st\u00e1le na okraji b\u00e1date\u013esk\u00e9ho z\u00e1ujmu. Projekt m\u00e1 amb\u00edciu nadviaza\u0165 na u\u017e existuj\u00face v\u00fdsledky v\u00fdskumu a doplni\u0165 ich o reflexiu problematiky v \u0165a\u017eiskovom pramennom materi\u00e1ly \u0161ir\u0161ej proveniencie. Z\u00e1merom projektu je vytvorenie viacvrstevnej, elektronickej, komentovanej ed\u00edcie prame\u0148ov, umiestnenej na rovnomennej webovej platforme, ktor\u00e1 dopln\u00ed a roz\u0161\u00edri poznanie problematiky, ukotvenej v hospod\u00e1rskych a kult\u00farno-spolo\u010densk\u00fdch s\u00favislostiach sledovan\u00e9ho obdobia. S\u00fabe\u017en\u00fdm cie\u013eom je pr\u00edprava vedeckej \u0161t\u00fadie a jej zadanie do tla\u010de vybran\u00e9ho indexovan\u00e9ho \u010dasopisu. V\u00fdsledky projektu z\u00e1rove\u0148 prepoja vedecko-v\u00fdskumn\u00fa a v\u00fdu\u010dbov\u00fa zlo\u017eku, a to prim\u00e1rne vo v\u00fdu\u010dbe hospod\u00e1rskych, soci\u00e1lnych a kult\u00farnych dej\u00edn Slovenska v medzivojnovom obdob\u00ed. Navy\u0161e, v\u010faka svojej forme, prispeje elektronick\u00e1 komentovan\u00e1 ed\u00edcia prame\u0148ov aj k rozvoju inovat\u00edvnych pr\u00edstupov vo v\u00fdu\u010dbe t\u00fdchto predmetov. Samotn\u00e9 hospod\u00e1rske, soci\u00e1lne a kult\u00farne dejiny sledovan\u00e9ho obdobia patria medzi k\u013e\u00fa\u010dov\u00e9 t\u00e9my modern\u00fdch dej\u00edn Slovenska. Prim\u00e1rnymi cie\u013eov\u00fdmi skupinami v\u00fdsledkov projektu s\u00fa odborn\u00e1 verejnos\u0165, \u0161tudenti vysok\u00fdch \u0161k\u00f4l v odboroch hist\u00f3ria a u\u010dite\u013estvo dejepisu. Sekund\u00e1rnymi skupinami s\u00fa \u0161tudenti stredn\u00fdch \u0161k\u00f4l a \u0161ir\u0161ia verejnos\u0165.<\/p>\n\n\n\n<p><strong>Visiting researcher<\/strong><br>Balkan Studies Center &#8211; International University of Sarajevo (Bosna a Hercegovina), 2023-2024, Mgr. Maro\u0161 Melich\u00e1rek, PhD. <\/p>\n\n\n\n<p><strong>Little (Big) Women<\/strong><br><em>Agent\u00fara a k\u00f3d projektu<\/em>: Visegrad Fund, No. 22230253<br><em>Rie\u0161ite\u013esk\u00e1 organiz\u00e1cia<\/em>: \u00dastav historick\u00fdch vied, Filozoficko &#8211; pr\u00edrodovedeckej fakulty Sliezskej univerzity v Opave v spolupr\u00e1ci s Katedrou hist\u00f3rie FF UPJ\u0160, In\u0161tit\u00fatom hist\u00f3rie a arch\u00edvnych \u0161t\u00fadi\u00ed Pedagogickej univerzity v Krakove a Katedrou hist\u00f3rie Ukrajinskej katol\u00edckej univerzity vo \u013dvove.<br><em>Rie\u0161itelia za KH FF UPJ\u0160<\/em>: Mgr. M\u00e1ria Fedor\u010d\u00e1kov\u00e1, PhD., Mgr. Drahoslav Magdo\u0161ko, PhD.<br><em>Doba rie\u0161enia<\/em>: 1.1. 2023 &#8211; 31.12 2023<br><em>Abstrakt<\/em>: Postaven\u00ed \u017eeny ve spole\u010dnosti v minulosti z\u00e1viselo a st\u00e1le z\u00e1vis\u00ed na \u0159ad\u011b faktor\u016f. N\u011bkter\u00e9 z nich jsou trval\u00e9 a nem\u011bnn\u00e9 (vrozen\u00e9), n\u011bkter\u00e9 se dynamicky m\u011bn\u00ed v pr\u016fb\u011bhu \u017eivota \u017eeny v z\u00e1vislosti na jej\u00edm v\u011bku, \u010dlenech jej\u00ed rodiny a dal\u0161\u00edch faktorech, jako je vypuknut\u00ed ozbrojen\u00e9ho konfliktu, epidemie nebo okolnosti politick\u00e9ho a ekonomick\u00e9ho v\u00fdvoje. Sv\u011bdectv\u00ed pramen\u016f, kter\u00e9 se dochovaly pro sledovan\u00e9 obdob\u00ed (15. \u2013 18. stolet\u00ed), jsou t\u011b\u017eko pochopiteln\u00e9 bez z\u00e1kladn\u00ed znalosti historick\u00e9ho kontextu a z\u00e1kladn\u00edch rys\u016f jednotliv\u00fdch typ\u016f dostupn\u00fdch prim\u00e1rn\u00edch pramen\u016f. N\u00e1\u0161 projekt se soust\u0159ed\u00ed na dva z\u00e1kladn\u00ed okruhy probl\u00e9m\u016f. Zaprv\u00e9 je to ot\u00e1zka (zat\u00edm relativn\u011b m\u00e1lo intenzivn\u00ed) akademick\u00e9 a studentsk\u00e9 peregrinace mezi zapojen\u00fdmi institucemi, kterou bychom r\u00e1di podpo\u0159ili a pos\u00edlili. Zadruh\u00e9 bychom r\u00e1di podpo\u0159ili mezin\u00e1rodn\u00ed spolupr\u00e1ci v oblasti akademick\u00e9ho v\u00fdzkumu i studentsk\u00fdch badatelsk\u00fdch projekt\u016f. P\u0159i \u0159e\u0161en\u00ed obou t\u011bchto probl\u00e9m\u016f si n\u00e1\u0161 projekt klade za c\u00edl poskytnout z\u00e1zem\u00ed pro p\u0159edstaven\u00ed mo\u017enost\u00ed, kter\u00e9 mohou zapojen\u00e9 instituce nab\u00eddnout, a pro sd\u00edlen\u00ed badatelsk\u00fdch zku\u0161enost\u00ed s prac\u00ed se zdroji (prim\u00e1rn\u00edmi historick\u00fdmi prameny) r\u016fzn\u00e9ho charakteru. Mezin\u00e1rodn\u00edho odborn\u00e9ho workshopu (jaro 2023) se z\u00fa\u010dastn\u00ed v\u00fdzkumn\u00edci z teritori\u00e1ln\u011b a z hlediska historick\u00e9ho v\u00fdvoje si bl\u00edzk\u00fdch region\u016f (CZ, PL, SK, UA) zab\u00fdvaj\u00edc\u00ed se problematikou p\u0159edmodern\u00ed rodiny a m\u011bn\u00edc\u00edho se postaven\u00ed \u017eeny v r\u016fzn\u00fdch soci\u00e1ln\u00edch vrstv\u00e1ch a situac\u00edch. V\u00fdsledky tohoto workshopu budou zve\u0159ejn\u011bny formou online studijn\u00edho materi\u00e1lu pro studenty nadch\u00e1zej\u00edc\u00ed letn\u00ed \u0161koly. Ta se uskute\u010dn\u00ed v z\u00e1\u0159\u00ed 2023 a zam\u011b\u0159\u00ed se na rozvoj dovednost\u00ed student\u016f p\u0159i pr\u00e1ci se v\u0161emi druhy (p\u0159edev\u0161\u00edm p\u00edsemn\u00fdch) prim\u00e1rn\u00edch historick\u00fdch pramen\u016f vyu\u017e\u00edvan\u00fdch pro v\u00fdzkum d\u011bjin rodiny a gender history. <br>Web:&nbsp;<a href=\"http:\/\/uhv.fpf.slu.cz\/little-big-women\/\" target=\"_blank\" rel=\"noreferrer noopener\">http:\/\/uhv.fpf.slu.cz\/little-big-women\/<\/a><\/p>\n\n\n\n<p><strong>Strat\u00e9gie pre\u017eitia holokaustu a mestsk\u00e9 elity II.<\/strong> &nbsp;<br><em>Agent\u00fara a k\u00f3d projektu<\/em>: VEGA 1\/0109\/22<br><em>Doba rie\u0161enia<\/em>: janu\u00e1r 2022&nbsp;\u2013 december 2025<br><em>Rie\u0161ite\u013esk\u00e1&nbsp;organiz\u00e1cia<\/em>: KH FF UPJ\u0160 (ved\u00faci projektu prof. PaedDr. Martin Pek\u00e1r, PhD., rie\u0161itelia Mgr. Zuzana Tok\u00e1rov\u00e1, PhD., doc. ThDr. Peter Borza, PhD., doc. PhDr. Sl\u00e1vka Ot\u010den\u00e1\u0161ov\u00e1, M.A., PhD.)<br><em>Abstrakt<\/em>: Cie\u013eom projektu je \u0161t\u00fadium, anal\u00fdza a interpret\u00e1cia soci\u00e1lneho pozadia holokaustu na pr\u00edklade konkr\u00e9tnych typologicky odli\u0161n\u00fdch pr\u00edpadov, ktor\u00e9 sa sp\u00e1jaj\u00fa s proti\u017eidovskou politikou na Slovensku v rokoch 1938-1945. Pozornos\u0165 budeme venova\u0165 prostrediu holokaustu na \u00farovni mesta, so \u0161pecifick\u00fdm zrete\u013eom na soci\u00e1lnu mobilitu, ale aj obrazom holokaustu a ich premen\u00e1m v z\u00e1vislosti od striedaj\u00facich sa \u0161t\u00e1tnych re\u017eimov a d\u00f4razom na vz\u0165ah medzi pr\u00edslu\u0161n\u00edkmi elity a rasovo prenasledovan\u00fdm obyvate\u013estvom. O\u010dak\u00e1vame v\u00fdznamn\u00fd posun poznania najm\u00e4 v oblasti v\u00fdskumu soci\u00e1lneho prostredia holokaustu smerom k problematike lok\u00e1lnych agresorov a k form\u00e1m pomoci \u017eidovsk\u00e9mu obyvate\u013estvu a tie\u017e v r\u00e1mci v\u00fdskumu premeny obrazov holokaustu v slovenskej spolo\u010dnosti.<\/p>\n\n\n\n<p><strong>Dejiny Hlinkovej slovenskej \u013eudovej strany v dom\u00e1cich a eur\u00f3pskych dimenzi\u00e1ch (1905 \u2013 1945)&nbsp;<\/strong><br><em>Agent\u00fara a k\u00f3d projektu<\/em>: APVV-19-0358<br><em>Doba rie\u0161enia<\/em>: september 2020&nbsp;\u2013 december 2023<br><em>Rie\u0161ite\u013esk\u00e9&nbsp;organiz\u00e1cie<\/em>: Univerzita Mateja Bela v Banskej Bystrici (Katedra hist\u00f3rie Filozofickej fakulty a Katedra bezpe\u010dnostn\u00fdch \u0161t\u00fadi\u00ed Fakulty politick\u00fdch vied a medzin\u00e1rodn\u00fdch vz\u0165ahov), Univerzita Pavla Jozefa \u0160af\u00e1rika v Ko\u0161iciach (Katedra hist\u00f3rie Filozofickej fakulty: Prof. PaedDr. Martin Pek\u00e1r, PhD., doc. ThDr. Peter Borza, PhD., Mgr. Zuzana Tok\u00e1rov\u00e1, PhD.), Univerzita Kon\u0161tant\u00edna Filozofa v Nitre (Katedra hist\u00f3rie Filozofickej fakulty), Univerzita Komensk\u00e9ho v Bratislave (Katedra hist\u00f3rie Filozofickej fakulty a Katedra hist\u00f3rie Pedagogickej fakulty)<br><em>Abstrakt<\/em>:&nbsp;Projekt vytv\u00e1ra spojen\u00edm \u0161tyroch vedeck\u00fdch t\u00edmov nadin\u0161titucion\u00e1lnu platformu pre h\u013abkov\u00fd v\u00fdskum a komplexn\u00e9 spracovanie dej\u00edn Hlinkovej slovenskej \u013eudovej strany, jedn\u00e9ho z najmarkantnej\u0161\u00edch politick\u00fdch subjektov p\u00f4sobiacich na Slovensku v 20. storo\u010d\u00ed. Amb\u00edciou rie\u0161ite\u013esk\u00e9ho kolekt\u00edvu, zlo\u017een\u00e9ho z historikov, politol\u00f3gov a kulturol\u00f3gov, je zachyti\u0165 dejiny Hlinkovej slovenskej \u013eudovej strany ako dynamicky sa vyv\u00edjaj\u00faceho objektu a subjektu politiky v dom\u00e1com i medzin\u00e1rodnom r\u00e1mci a vytvori\u0165 ucelen\u00e9 syntetick\u00e9 dielo o dejin\u00e1ch HS\u013dS. V procese rie\u0161enia projektu paralelne vznikn\u00fa tie\u017e dva vysoko\u0161kolsk\u00e9 u\u010debn\u00e9 texty \u2013 preh\u013eadov\u00e1 u\u010debnica k z\u00e1kladnej l\u00ednii dej\u00edn HS\u013dS a komentovan\u00e1 antol\u00f3gia prame\u0148ov k jej dejin\u00e1m, doplnen\u00e9 o \u010fal\u0161ie vedecko-v\u00fdskumn\u00e9, publika\u010dn\u00e9, pedagogick\u00e9 i populariza\u010dn\u00e9 aktivity.<\/p>\n\n\n\n<p><strong>Premeny a interakcie ideol\u00f3gie \u010dechoslovakizmu a juhoslavizmu v podmienkach 20. storo\u010dia<\/strong> &nbsp;<br><em>Agent\u00fara a k\u00f3d projektu<\/em>: VEGA 1\/0342\/20<br><em>Doba rie\u0161enia<\/em>: janu\u00e1r 2020&nbsp;\u2013 december 2023<br><em>Rie\u0161ite\u013esk\u00e1&nbsp;organiz\u00e1cia<\/em>: KH FF UPJ\u0160&nbsp;(rie\u0161itelia prof. PaedDr. Martin Pek\u00e1r, PhD., Mgr. Maro\u0161 Melich\u00e1rek, PhD., Mgr. Mikul\u00e1\u0161 Jan\u010dura, PhD.)<br><em>Abstrakt<\/em>: Hlavn\u00fdm vedecko-v\u00fdskumn\u00fdm z\u00e1merom projektu je charakterizova\u0165, analyzova\u0165 a interpretova\u0165 k\u013e\u00fa\u010dov\u00e9 aspekty dej\u00edn \u010dechoslovakizmu a juhoslavizmu v komparat\u00edvnej perspekt\u00edve v priebehu 20. storo\u010dia. S\u00fa\u010dasne sa s\u00fastred\u00edme i na dobov\u00fd ideologicko-politick\u00fd fenom\u00e9n vytv\u00e1rania jednotn\u00e9ho n\u00e1roda (\u010dechoslovakizmus a juhoslavizmus) v \u010ceskoslovensku a v Juhosl\u00e1vii. V pr\u00edpade aplik\u00e1cie my\u0161lienky \u010dechoslovakizmu a juhoslavizmu sa zameriame na kompar\u00e1ciu foriem realiz\u00e1cie konceptu jednotn\u00e9ho politick\u00e9ho n\u00e1roda. D\u00f4le\u017eitou s\u00fa\u010das\u0165ou z\u00e1meru je pouk\u00e1zanie na transform\u00e1ciu, akou jednotliv\u00e9 my\u0161lienky pre\u0161li v obdob\u00ed po r. 1948 v \u010ceskoslovensku a po r. 1945 v Juhosl\u00e1vii. Ako negat\u00edvne sk\u00fasenosti s koncepciami integr\u00e1lneho juhoslovanstva a \u010dechoslovakizmu ovplyvnili \u010fal\u0161ie smerovanie t\u00fdchto ideol\u00f3gi\u00ed v nov\u00fdch podmienkach. Za \u00fa\u010delom dosiahnutia posunu v historickom poznan\u00ed sme zadefinovali \u0161tyri z\u00e1kladn\u00e9 vedecko-v\u00fdskumn\u00e9 okruhy, v ktor\u00fdch budeme pozornos\u0165 venova\u0165 \u0161t\u00fadiu teoretick\u00fdch konceptov a ich n\u00e1slednej aplik\u00e1cie na vybran\u00e9 formy spolupr\u00e1ce, a to v oblasti kult\u00farno-spolo\u010denskej, hospod\u00e1rsko-ekonomickej a v oblasti implik\u00e1cie ideol\u00f3gie v medzivojnovom obdob\u00ed a v obdob\u00ed po 2. svetovej vojne. V uveden\u00fdch l\u00edni\u00e1ch v\u00fdskumu chceme plynule nadviaza\u0165 na doposia\u013e zn\u00e1me poznatky a vzh\u013eadom na konkr\u00e9tnos\u0165 zadefinovania vedecko-v\u00fdskumn\u00fdch \u00faloh v\u00fdrazne preh\u013abi\u0165 doteraj\u0161\u00ed stav v poznan\u00ed sk\u00famanej problematiky.<\/p>\n\n\n\n<p><strong>Dejiny UPJ\u0160 a historick\u00fd digit\u00e1lny arch\u00edv (HiDA) III.<\/strong><br><em>Agent\u00fara a k\u00f3d projektu<\/em>: UPJ\u0160 VVGS 2022-2112<br><em>Doba rie\u0161enia<\/em>: marec 2022&nbsp;\u2013 febru\u00e1r 2023<br><em>Rie\u0161ite\u013esk\u00e1&nbsp;organiz\u00e1cia<\/em>: KH FF UPJ\u0160 (ved\u00faca projektu Mgr. M\u00e1ria Fedor\u010d\u00e1kov\u00e1, PhD., rie\u0161itelia prof. PaedDr. \u0160tefan \u0160utaj, DrSc., Mgr. Peter Fedor\u010d\u00e1k, PhD., Mgr. Nikola Regin\u00e1\u010dov\u00e1, PhD., Mgr. Katar\u00edna Luk\u00e1\u010dov\u00e1, PhD., Mgr. Miriam Fil\u010d\u00e1kov\u00e1)<br><em>Abstrakt<\/em>: Predkladan\u00fd projekt nadv\u00e4zuje na z\u00e1mery predch\u00e1dzaj\u00facich dvoch projektov VVVGS \u2013 PCOV: Dejiny UPJ\u0160 a Historick\u00fd digit\u00e1lny arch\u00edv (HiDA) I. a Dejiny UPJ\u0160 a Historick\u00fd digit\u00e1lny arch\u00edv (HiDA) II. a je ich prirodzen\u00fdm pokra\u010dovan\u00edm. Vych\u00e1dza z v\u00fdsledkov predch\u00e1dzaj\u00faceho v\u00fdskumu prame\u0148ov k dejin\u00e1m univerzitn\u00e9ho vzdel\u00e1vania v Ko\u0161iciach, ktor\u00fd priniesol poznatky o ulo\u017een\u00ed jednotliv\u00fdch typov prame\u0148ov v arch\u00edvoch a pam\u00e4\u0165ov\u00fdch in\u0161tit\u00faci\u00e1ch na \u00fazem\u00ed SR a Ma\u010farska. Ke\u010f\u017ee tieto pramene s\u00fa ulo\u017een\u00e9 a inventarizovan\u00e9 v spomenut\u00fdch in\u0161tit\u00faci\u00e1ch, vhodn\u00fdm rie\u0161en\u00edm ich vyu\u017eitia pre potreby historick\u00e9ho v\u00fdskumu a spr\u00edstupnenia je vytvorenie digit\u00e1lneho arch\u00edvu, ktor\u00e9ho dlhodob\u00fdm z\u00e1merom je zhroma\u017edenie digitaliz\u00e1tov v\u0161etk\u00fdch dostupn\u00fdch prame\u0148ov k dejin\u00e1m UPJ\u0160 a jej historick\u00fdch predchodcov, ich spracovanie vo forme metad\u00e1t a arch\u00edvnych pom\u00f4cok a napokon spr\u00edstupnenie odbornej a \u0161ir\u0161ej verejnosti vo forme u\u017e\u00edvate\u013esk\u00e9ho rozhrania. Predkladan\u00fd projekt sa zameriava na pilotn\u00fa f\u00e1zu HiDA, ktor\u00e1 pozost\u00e1va z digitaliz\u00e1cie a tvorby metad\u00e1t vybran\u00fdch s\u00faborov prame\u0148ov a vytvorenia funk\u010dn\u00e9ho digit\u00e1lneho \u00falo\u017eiska pre potreby administr\u00e1torov projektu, ktor\u00e9 bude z\u00e1rove\u0148 hlavn\u00fdm v\u00fdstupom projektu. Projektov\u00fd t\u00edm pozost\u00e1va z \u010dlenov Katedry hist\u00f3rie FF UPJ\u0160, ktor\u00ed maj\u00fa sk\u00fasenosti s tvorbou komplexn\u00e9ho pam\u00e4\u0165ov\u00e9ho port\u00e1lu PamMap (www.pammap.sk) a na projekte HiDA bud\u00fa spolupracova\u0165 so spr\u00e1vcom syst\u00e9mu z Centra informa\u010dn\u00fdch a komunika\u010dn\u00fdch technol\u00f3gi\u00ed UPJ\u0160.<\/p>\n\n\n\n<p><strong>Komplexn\u00fd pam\u00e4\u0165ov\u00fd port\u00e1l a historick\u00fd atlas miest Slovenska (Bratislava a Ko\u0161ice)<\/strong><br><em>Agent\u00fara a k\u00f3d projektu<\/em>: APVV-16-0383<br><em>Doba rie\u0161enia<\/em>: j\u00fal 2017 \u2013 december 2021<br><em>Rie\u0161ite\u013esk\u00e9 organiz\u00e1cie<\/em>: Filozofick\u00e1 fakulta Univerzity Komensk\u00e9ho v Bratislave (Katedra arch\u00edvnictva a pomocn\u00fdch vied historick\u00fdch) a&nbsp;Filozofick\u00e1 fakulta UPJ\u0160 (Katedra hist\u00f3rie: prof. PaedDr. Martin Pek\u00e1r, PhD.,&nbsp;doc. PhDr. \u013dubom\u00edra Kaminsk\u00e1, DrSc., Mgr. Peter. Fedor\u010d\u00e1k, PhD., Mgr. Drahoslav Magdo\u0161ko, PhD.)<br><em>Abstrakt<\/em>: Cie\u013eom interdisciplin\u00e1rneho t\u00edmu historikov, archeol\u00f3gov, pamiatk\u00e1rov a historick\u00fdch geografov je vytvorenie novej platformy pre dejiny miest \u2013 online pr\u00edstupn\u00e9ho viacre\u010dov\u00e9ho komplexn\u00e9ho pam\u00e4\u0165ov\u00e9ho port\u00e1lu pre dejiny miest (v prvej f\u00e1ze Bratislavy a Ko\u0161\u00edc). Ide o aplikovan\u00fd digit\u00e1lny v\u00fdstup, ktor\u00fd inovat\u00edvne sp\u00e1ja tri pr\u00edstupy: 1) kartografick\u00fd; 2) encyklopedick\u00fd; 3) datab\u00e1zov\u00fd. Testovaciu verziu tak\u00e9hoto port\u00e1lu pre Bratislavu u\u017e ved\u00faci rie\u0161ite\u013e, doc. Juraj \u0160ediv\u00fd, PhD., vytvoril (<strong><a href=\"http:\/\/www.pammap.sk\/\" target=\"_blank\" rel=\"noreferrer noopener\">www.PamMap.sk<\/a><\/strong>).&nbsp;Paralelne s port\u00e1lom dva vedeck\u00e9 t\u00edmy vytvoria aj klasick\u00e9 historick\u00e9 atlasy Bratislavy a Ko\u0161\u00edc. Tak\u00e9to atlasy patria medzi hlavn\u00e9 v\u00fdstupy eur\u00f3pskej urb\u00e1nnej historiografie (napr. v Nemecku takmer 300 atlasov, v Rak\u00fasku takmer 100, existuj\u00fa vo v\u0161etk\u00fdch okolit\u00fdch krajin\u00e1ch Slovenska).&nbsp;Port\u00e1l bude v bud\u00facnosti otvoren\u00fd aj pre t\u00edmy z in\u00fdch miest.<\/p>\n\n\n\n<p><strong>Dejiny UPJ\u0160 a historick\u00fd digit\u00e1lny arch\u00edv (HiDA) II.<\/strong><br><em>Agent\u00fara a k\u00f3d projektu<\/em>: UPJ\u0160 VVGS 2020-1661<br><em>Doba rie\u0161enia<\/em>: 2020&nbsp;\u2013 2021<br><em>Rie\u0161ite\u013esk\u00e1&nbsp;organiz\u00e1cia<\/em>: KH FF UPJ\u0160 (ved\u00faca projektu Mgr. M\u00e1ria Fedor\u010d\u00e1kov\u00e1, PhD., rie\u0161itelia Mgr. Peter Fedor\u010d\u00e1k, PhD., Mgr. Nikola Regin\u00e1\u010dov\u00e1, PhD., JUDr. \u013dubo\u0161 Dobrovi\u010d, PhD., Mgr. Miriam Fil\u010d\u00e1kov\u00e1, Mgr. Danka Ku\u0161n\u00edrov\u00e1)<br><em>Abstrakt<\/em>: V\u00fdskum dej\u00edn UPJ\u0160 a vytvorenie digit\u00e1lnej b\u00e1zy arch\u00edvnych dokumentov.<\/p>\n\n\n\n<p><strong>Letters to Tiso&#8230; Harnessing the Power of Storytelling in the Classroom to Combat Hate and Extremism<\/strong><strong>&nbsp;<\/strong><br><em>Agent\u00fara:<\/em>&nbsp;US Embassy Small Grant<br><em>Doba rie\u0161enia:&nbsp;<\/em>2019 \u2013 2021<br><em>Rie\u0161ite\u013esk\u00e9&nbsp;organiz\u00e1cie:<\/em>&nbsp;Katedra hist\u00f3rie FF UPJ\u0160 (prof. PaedDr. Martin Pek\u00e1r, PhD., PaedDr. Al\u017ebeta Bojkov\u00e1, PhD.), Univerzita Komensk\u00e9ho v Bratislave, M\u00fazeum SNP v Banskej Bystrici<br><em>Abstrakt: <\/em>Z\u00e1merom je tvorba&nbsp;u\u010debn\u00fdch osnov, workshopy pre u\u010dite\u013eov a prezent\u00e1cie&nbsp;pre \u0161tudentov i&nbsp;verejnos\u0165 na z\u00e1klade listov nap\u00edsan\u00fdch Jozefovi Tisovi (1939-1944). Projekt podpor\u00ed&nbsp;marginalizovan\u00e9 skupiny a ideu integr\u00e1cie, spolo\u010dne s \u010d\u00edm&nbsp;roz\u0161\u00edri povedomie o americkom&nbsp;umen\u00ed&nbsp;i&nbsp;kult\u00fare, a to&nbsp;predstaven\u00edm&nbsp;americkej&nbsp;trad\u00edcie&nbsp;o nar\u00e1cii&nbsp;pr\u00edbehov aj o americkej&nbsp;literat\u00fare&nbsp;slovensk\u00e9mu publiku. V ned\u00e1vnom malom katedrovom grante sme u\u017e za\u017eili, ako si&nbsp;\u0161tudenti a dospel\u00ed jedine\u010dn\u00fdm sp\u00f4sobom nach\u00e1dzaj\u00fa&nbsp;cestu k dejin\u00e1m holokaustu. Pr\u00edslu\u0161n\u00fd projekt otvoril mysle \u013eud\u00ed, o\u017eivil arch\u00edvne dokumenty, a ke\u010f\u017ee informovanie verejnosti prostredn\u00edctvom tak\u00fdchto pr\u00edbehov sa uk\u00e1zalo by\u0165 skuto\u010dne siln\u00e9 a efekt\u00edvne, pre\u010do podobn\u00fa techniku nezopakova\u0165 a systematicky neprivies\u0165 do \u0161kolsk\u00fdch lav\u00edc? Do pozit\u00edvnej spolupr\u00e1ce na aktu\u00e1lnom projekte sa preto zapoja tie\u017e americk\u00ed a slovensk\u00ed pedag\u00f3govia.<\/p>\n\n\n\n<p><strong>Prv\u00fd dotyk so slobodou&nbsp;<\/strong><br><em>Agent\u00fara a k\u00f3d projektu:<\/em> VVGS-2019-1385<br><em>Doba rie\u0161enia: <\/em>janu\u00e1r&nbsp;2020 \u2013 janu\u00e1r 2021<br><em>Rie\u0161ite\u013esk\u00e1&nbsp;organiz\u00e1cia:<\/em> Katedra hist\u00f3rie FF UPJ\u0160 (Mgr. Mikul\u00e1\u0161 Jan\u010dura, PhD., PaedDr. Al\u017ebeta \u015anie\u017cko, PhD.)&nbsp;<br><em>Abstrakt:&nbsp;<\/em>Ne\u017en\u00e1 revol\u00facia k\u013e\u00fa\u010dov\u00fdm sp\u00f4sobom zasiahla a ovplyvnila historick\u00e9 vedomie obyvate\u013estva, ktor\u00e9 m\u00e1 multigenera\u010dn\u00fd presah a\u017e do s\u00fa\u010dasnosti. \u0160ir\u0161ie kontextu\u00e1lne v\u00fdchodisk\u00e1 a udalosti z&nbsp;novembra 1989 tak okrem politickej a hospod\u00e1rskej roviny maj\u00fa aj v\u00fdrazn\u00fa socio-kult\u00farnu h\u013abku a dosah. V s\u00favislosti s 30. v\u00fdro\u010d\u00edm Ne\u017enej revol\u00facie bola pod z\u00e1\u0161titou Ko\u0161ick\u00e9ho samospr\u00e1vneho kraja v spolupr\u00e1ci s Verejnou kni\u017enicou J\u00e1na Bocatia, Univerzitou Pavla Jozefa \u0160af\u00e1rika v Ko\u0161iciach, \u00dastavom pam\u00e4ti n\u00e1roda a R\u00e1diom a telev\u00edziou Slovenska usporiadan\u00e1 interakt\u00edvna v\u00fdstava Prv\u00fd dotyk so slobodou. V\u00fdstava akcentovala socio-kult\u00farny dopad a zamerala sa na rozv\u00edjanie piatich dimenzi\u00ed historick\u00e9ho vedomia u cie\u013eov\u00fdch skup\u00edn n\u00e1v\u0161tevn\u00edkov (identita, historicita, pam\u00e4\u0165, priestor, \u010das), pri\u010dom vyu\u017eila \u0161irok\u00e9 portf\u00f3lio prezentovan\u00e9ho materi\u00e1lu, vr\u00e1tane interakt\u00edvnych a&nbsp;informa\u010dno-technologick\u00fdch prvkov. Z\u00e1merom rovnomenn\u00e9ho projektu je vytvorenie viacvrstevn\u00e9ho, interakt\u00edvneho a multimedi\u00e1lneho \u0161tudijn\u00e9ho materi\u00e1lu. Jeho elektronick\u00e1 verzia bude v transformovanej, didakticky upravenej podobe prezentova\u0165 vodiaci my\u0161lienkov\u00fd koncept v\u00fdstavy, jej obsah a ciele. Z\u00e1rove\u0148 bude obohaten\u00e1 aj o teoretick\u00e9 vstupy do problematiky rozv\u00edjania historick\u00e9ho vedomia s prepojen\u00edm na verejn\u00fd priestor, s osobitn\u00fdm zameran\u00edm na vysoko\u0161kolsk\u00fdch \u0161tudentov, ale taktie\u017e \u017eiakov z\u00e1kladn\u00fdch a stredn\u00fdch \u0161k\u00f4l.<\/p>\n\n\n\n<p><strong>Moderniz\u00e1cia v&nbsp;mestskom priestore: H\u013eadanie nov\u00fdch pr\u00edstupov<\/strong><strong>&nbsp;<\/strong><br><em>Agent\u00fara a k\u00f3d projektu:<\/em>&nbsp;EEA Grants, FBRTG01-11<br><em>Doba rie\u0161enia:&nbsp;<\/em>j\u00fan&nbsp;2020 \u2013 september 2020<br><em>Rie\u0161ite\u013esk\u00e1&nbsp;organiz\u00e1cia:<\/em>&nbsp;Katedra hist\u00f3rie FF UPJ\u0160 (Mgr. Mikul\u00e1\u0161 Jan\u010dura, PhD., Mgr. Maro\u0161 Melich\u00e1rek, PhD., Mgr. Henrich Hrehor, PhD.)&nbsp;<br><em>Abstrakt:&nbsp;<\/em>K\u013e\u00fa\u010dov\u00fdm cie\u013eom aktivity je usporiadanie odborn\u00e9ho workshopu a&nbsp;r\u00e1mcovanie a&nbsp;konceptualiz\u00e1cia problematiky moderniz\u00e1cie v&nbsp;mestskom prostred\u00ed, ktor\u00fd bude z\u00e1rove\u0148 sl\u00fa\u017ei\u0165 ako platforma pre diskusiu o&nbsp;mo\u017en\u00fdch v\u00fdskumn\u00fdch pr\u00edstupoch v&nbsp;komparat\u00edvnom kontexte medzi Slovenskom a&nbsp;N\u00f3rskom. S\u00fabe\u017en\u00fdm cie\u013eom aktivity je pr\u00edprava heuristickej strat\u00e9gie projektov\u00fdch sch\u00e9m a&nbsp;v\u00fdziev v&nbsp;s\u00falade s&nbsp;nastolenou v\u00fdskumnou t\u00e9mou. Sekund\u00e1rnym cie\u013eom je tie\u017e diskusia o&nbsp;roz\u0161irovan\u00ed a&nbsp;posil\u0148ovan\u00ed bilater\u00e1lnych pedagogick\u00fdch aktiv\u00edt na \u00farovni predn\u00e1\u0161ok, semin\u00e1rov a&nbsp;pod. Ako n\u00e1stroj bude pou\u017eit\u00e1 kompar\u00e1cia \u0161tudijn\u00fdch programov a v\u00fdskumno-v\u00fdskumn\u00fdch zameran\u00ed pracov\u00edsk. Komplexn\u00fdm z\u00e1merom je posilnenie a&nbsp;roz\u0161\u00edrenie aktu\u00e1lnej cezhrani\u010dnej spolupr\u00e1ce na \u00farovni v\u00fdskumu, projektov\u00fdch aktiv\u00edt, mobil\u00edt a&nbsp;vzdel\u00e1vania.<\/p>\n\n\n\n<p><strong>Semiologick\u00fd, historick\u00fd a kult\u00farny aspekt n\u00e1rodnej identity na pr\u00edklade kraj\u00edn Vy\u0161ehradskej skupiny<\/strong><br><em>Agent\u00fara a k\u00f3d projektu:<\/em>&nbsp;MNiSW DIALOG 0245\/2018<br><em>Doba rie\u0161enia:&nbsp;<\/em>2019 \u2013 2020<br><em>Rie\u0161ite\u013esk\u00e1&nbsp;organiz\u00e1cia:<\/em>&nbsp;P\u00e1pe\u017esk\u00e1 univerzita J\u00e1na Pavla II v Krakove (Po\u013esko),&nbsp; Karlova univerzita v Prahe (\u010cesk\u00e1 republika), Vysok\u00e1 \u0161kola G\u00e1la Ferenca v Szegede (Ma\u010farsko), Univerzita Pavla Jozefa \u0160af\u00e1rika v Ko\u0161iciach, Slovensko (rie\u0161ite\u013e doc. ThDr. Peter Borza, PhD.)<br><em>Abstrakt: <\/em><em>&#8222;<\/em>Semiologiczny, historyczny i kulturowy aspekt to\u017csamo\u015bci narodowej na przyk\u0142adzie kraj\u00f3w Grupy Wyszehradzkiej. Pr\u00f3ba znalezienia jedno\u015bci w r\u00f3\u017cnorodno\u015bci\u201c je grant realizovan\u00fd Katedrou krajinn\u00e9ho obrazu a kult\u00farneho dedi\u010dstva P\u00e1pe\u017eskej univerzity J\u00e1na Pavla II. v Krakove. Cie\u013eom projektu je obozn\u00e1mi\u0165 sa s hist\u00f3riou a trad\u00edciami Po\u013eska, \u010ceskej republiky, Slovenska a Ma\u010farska. Tieto krajiny patria do Vy\u0161ehradskej skupiny, ktor\u00e1 bola zalo\u017een\u00e1 pred 28 rokmi v roku 1991. V r\u00e1mci tohto programu sa uskuto\u010dn\u00ed v\u00fdskum spolo\u010dn\u00e9ho dedi\u010dstva t\u00fdchto kraj\u00edn skrze skupinu vedcov a \u0161tudentov z kraj\u00edn V4 (webstr\u00e1nka projektu: <a href=\"https:\/\/unityv4.pl\/\" target=\"_blank\" rel=\"noreferrer noopener\">https:\/\/unityv4.pl\/<\/a>).&nbsp;<\/p>\n\n\n\n<p><strong>Dejiny UPJ\u0160 a historick\u00fd digit\u00e1lny arch\u00edv (HiDA) I.<\/strong><br>Agent\u00fara a k\u00f3d projektu: UPJ\u0160 VVGS 2019-1206<br>Doba rie\u0161enia: 2019&nbsp;\u2013 2020<br>Rie\u0161ite\u013esk\u00e1 organiz\u00e1cia: KH FF UPJ\u0160 (ved\u00faci projektu prof. PaedDr. Martin Pek\u00e1r, PhD., rie\u0161itelia Mgr. M\u00e1ria Fedor\u010d\u00e1kov\u00e1, PhD., Mgr. Peter Fedor\u010d\u00e1k, PhD., Mgr. Henrich Hrehor, PhD., Mgr. Nikola Regin\u00e1\u010dov\u00e1, PhD., Mgr. Peter Pavoni\u010d)<br>V\u00fdskum dej\u00edn UPJ\u0160 a vytvorenie digit\u00e1lnej b\u00e1zy arch\u00edvnych dokumentov.<\/p>\n\n\n\n<p><strong>Inov\u00e1cia v\u00fdu\u010dby antick\u00fdch dej\u00edn na vysok\u00fdch \u0161kol\u00e1ch. Vysoko\u0161kolsk\u00e1 u\u010debnica &#8222;Dejiny neskorej antiky (Vybran\u00e9 kapitoly II.)&#8220;<\/strong><br><em>Agent\u00fara a k\u00f3d projektu<\/em>: KEGA 013-UPJ\u0160-4\/2018&nbsp;<br><em>Doba rie\u0161enia<\/em>: janu\u00e1r 2018 \u2013 december 2020<br><em>Rie\u0161ite\u013esk\u00e1&nbsp;organiz\u00e1cia<\/em>: KH FF UPJ\u0160 (ved\u00faci rie\u0161ite\u013e Mgr. Marta Sendekov\u00e1, PhD.)<br><em>Abstrakt<\/em>: Projekt je zameran\u00fd na vytvorenie vysoko\u0161kolskej u\u010debnice Dejiny neskorej antiky (Vybran\u00e9 kapitoly II.). \u0160t\u00fadium a vedeck\u00fd v\u00fdskum dej\u00edn neskorej antiky, ktor\u00e9ho dominantn\u00fdm priestorom je akademick\u00e1 p\u00f4da, v s\u00fa\u010dasnosti zaznamen\u00e1va rast\u00faci z\u00e1ujem univerzitn\u00fdch pracov\u00edsk na Slovensku aj v zahrani\u010d\u00ed (\u0161tudentov ako aj v\u00fdskumn\u00fdch pracovn\u00edkov) o tento predmet. U\u010debnica Dejiny neskorej antiky bude svoj\u00edm obsahov\u00fdm zameran\u00edm tematicky nadv\u00e4zova\u0165 na rovnomenn\u00fa vysoko\u0161kolsk\u00fa u\u010debnicu Vybran\u00e9 kapitoly I. (2015, FF UPJ\u0160 v Ko\u0161iciach), ktor\u00e1 predlo\u017e\u00ed chronologick\u00fdm sp\u00f4sobom politicko-spolo\u010densk\u00e9 a soci\u00e1lno-n\u00e1bo\u017eensk\u00e9 udalosti sk\u00faman\u00e9ho obdobia od roku 395 do roku 476. Vysoko\u0161kolsk\u00e1 u\u010debnica je ur\u010den\u00e1 predov\u0161etk\u00fdm \u0161tudentom, ktor\u00ed nadobudn\u00fa z\u00e1kladn\u00e9 znalosti o tomto dejinnom obdob\u00ed. Publik\u00e1cia prispeje k rozvoju vzdel\u00e1vania a skvalitneniu vyu\u010dovacieho procesu na fakult\u00e1ch slovensk\u00fdch vysok\u00fdch \u0161k\u00f4l. Bude vhodnou pedagogickou pom\u00f4ckou, svoj\u00edm sp\u00f4sobom zatia\u013e jedinou, ktor\u00e1 inovat\u00edvnym sp\u00f4sobom poskytne \u0161tudentom najnov\u0161ie poznatky vedeck\u00e9ho v\u00fdskumu v r\u00e1mci multidisciplin\u00e1rneho pr\u00edstupu o k\u013e\u00fa\u010dov\u00fdch udalostiach a v\u00fdznamn\u00fdch osobnostiach neskoroantick\u00e9ho obdobia, ku ktor\u00fdm slovensk\u00ed \u0161tudenti v r\u00e1mci \u0161t\u00fadia nemaj\u00fa pr\u00edstup ani jazykov\u00e9 kompetencie. Vysoko\u0161kolsk\u00e1 u\u010debnica obsahovo skvalitn\u00ed v\u00fdu\u010dbu \u0161tudijn\u00e9ho predmetu antick\u00fdch dej\u00edn na Slovensku a inovuje \u0161t\u00fadium hist\u00f3rie o nov\u00e9 formy, met\u00f3dy pr\u00edstupu k sk\u00faman\u00e9mu obdobiu a najnov\u0161iu zahrani\u010dn\u00fa literat\u00faru.<\/p>\n\n\n\n<p><strong>Strat\u00e9gie pre\u017eitia holokaustu a mestsk\u00e9 elity<\/strong> &nbsp;<br><em>Agent\u00fara a k\u00f3d projektu<\/em>: VEGA 1\/0254\/17<br><em>Doba rie\u0161enia<\/em>: j\u00fal 2017 \u2013 j\u00fan 2021<br><em>Rie\u0161ite\u013esk\u00e1&nbsp;organiz\u00e1cia<\/em>: KH FF UPJ\u0160&nbsp;(ved\u00faci rie\u0161ite\u013e prof. PaedDr. Martin Pek\u00e1r a rie\u0161itelia&nbsp; Mgr. Zuzana Tok\u00e1rov\u00e1, PhD., PhD.,&nbsp;PhDr. Sl\u00e1vka Ot\u010den\u00e1\u0161ov\u00e1, M.A, PhD., Mgr. Luk\u00e1\u0161 Katri\u0148\u00e1k)<br><em>Abstrakt<\/em>: Cie\u013eom projektu je \u0161t\u00fadium, anal\u00fdza a interpret\u00e1cia konkr\u00e9tnych pr\u00edpadov v r\u00e1mci fenom\u00e9nu, ktor\u00fd sa sp\u00e1ja s prenasledovan\u00edm \u017didov na Slovensku v rokoch 1938 \u2013 1945. Pozornos\u0165 budeme venova\u0165 \u017eidovsk\u00fdm rodin\u00e1m a r\u00f4znym strat\u00e9gi\u00e1m pre\u017eitia holokaustu v konfront\u00e1cii s r\u00f4znymi reakciami pr\u00edslu\u0161n\u00edkov mestsk\u00fdch el\u00edt. V r\u00e1mci v\u00fdskumu chceme osobitn\u00fa pozornos\u0165 venova\u0165 \u0161t\u00fadiu teoretick\u00fdch konceptov a n\u00e1sledne ich aplik\u00e1cii na vytipovan\u00e9 pr\u00edpady z \u00fazemia Slovenska. Predpoklad\u00e1me v\u00fdznamn\u00fd posun poznania v oblasti v\u00fdskumu soci\u00e1lneho prostredia holokaustu smerom na jednej strane k problematike lok\u00e1lnych agresorov, na druhej strane smerom k form\u00e1m pomoci \u017eidovsk\u00e9mu obyvate\u013estvu.<\/p>\n\n\n\n<p><strong>History of European Urbanism in the 20th Century (urbanHIST)<\/strong><br><em>Agent\u00fara a k\u00f3d projektu<\/em>: Horizon 2020 \u2013 MSCA<br><em>Doba rie\u0161enia<\/em>: okt\u00f3ber 2016 \u2013 september 2020<br><em>Rie\u0161ite\u013esk\u00e9 organiz\u00e1cie<\/em>: Bauhaus-Universit\u00e4t Weimar (Nemecko), UPJ\u0160, KH FF (Slovensko), Universidad de Valladolid (\u0160panielsko),&nbsp; Blekinge Tekniska H\u00f6gskola Karlskrona (\u0160v\u00e9dsko)&nbsp;<br><em>Abstrakt<\/em>: Na projekte sa podie\u013ea konzorcium \u0161tyroch univerz\u00edt pod veden\u00edm Bauhaus-Universit\u00e4t Weimar (Nemecko), ktor\u00e9 z\u00edskalo grant typu Inovat\u00edvne \u0161koliace siete (ITN) a Eur\u00f3pske spolo\u010dn\u00e9 doktor\u00e1ty (EJD) v r\u00e1mci akcie Maria Sk\u0142odowska-Curie (MSCA) v priorite Excelentn\u00e1 veda. Spolo\u010dne s Weimarom a Ko\u0161icami s\u00fa pr\u00edjemcami grantu Universidad de Valladolid (\u0160panielsko) a Blekinge Tekniska H\u00f6gskola Karlskrona (\u0160v\u00e9dsko). Riadite\u013eom slovenskej \u010dasti projektu je prof. PaedDr. Martin Pek\u00e1r, PhD., ved\u00faci na\u0161ej katedry. V r\u00e1mci vzniknutej inovat\u00edvnej siete uveden\u00e9 \u0161tyri univerzitn\u00e9 pracovisk\u00e1 riadia a koordinuj\u00fa \u010dinnos\u0165 \u010fal\u0161\u00edch jeden\u00e1stich partnersk\u00fdch in\u0161tit\u00faci\u00ed z Nemecka, Talianska, \u0160panielska, Franc\u00fazska, \u0160v\u00e9dska, Ve\u013ekej Brit\u00e1nie, \u010ceskej republiky a Slovenskej republiky. Hlavn\u00fdm vedeck\u00fdm z\u00e1merom je komplexn\u00fd interdisciplin\u00e1rny v\u00fdskum v\u00fdvoja eur\u00f3pskeho urbanizmu v uplynulom storo\u010d\u00ed, ktor\u00fd bude geograficky pokr\u00fdva\u0165 cel\u00fd kontinent a prim\u00e1rne sa s\u00fastred\u00ed na identifik\u00e1ciu a interpret\u00e1ciu spolo\u010dn\u00fdch v\u00fdvojov\u00fdch tendenci\u00ed. K\u013e\u00fa\u010dov\u00fdm prvkom inovat\u00edvnej siete sa stane rozvoj excelentn\u00e9ho doktorandsk\u00e9ho \u0161t\u00fadia ukon\u010den\u00e9ho dvojit\u00fdmi diplomami.&nbsp;<br><a href=\"https:\/\/www.urbanhist.eu\/\" target=\"_blank\" rel=\"noreferrer noopener\" class=\"ek-link\"><strong>Webstr\u00e1nka projektu<\/strong><\/a><\/p>\n\n\n\n<p><strong>Tendencie v\u00fdvoja etnick\u00fdch vz\u0165ahov na Slovensku<\/strong>&nbsp;<strong>(komparat\u00edvny v\u00fdskum n\u00e1rodnostnej problematiky v rokoch 2004 &#8211; 2020)<\/strong><br>Agent\u00fara a k\u00f3d projektu: APVV-15-0475<br>Doba rie\u0161enia: 2016&nbsp;\u2013 2020<br>Rie\u0161ite\u013esk\u00e9 organiz\u00e1cie:&nbsp;Centrum spolo\u010densk\u00fdch a psychologick\u00fdch vied SAV, Katedra hist\u00f3rie (prof. PaedDr. \u0160tefan \u0160utaj, DrSc., Mgr. Nikola Regin\u00e1\u010dov\u00e1, PhD., Mgr. Barbara Kacerov\u00e1) a Katedra politol\u00f3gie FF UPJ\u0160&nbsp;<br>Prv\u00fdm cie\u013eom projektu je anal\u00fdza v\u00fdvoja n\u00e1rodnostn\u00fdch vz\u0165ahov v rokoch 2004 \u2013 2016, v r\u00e1mci ktorej bude z\u00e1merom postihn\u00fa\u0165: v\u00fdvoj v oblasti n\u00e1rodnostn\u00fdch vz\u0165ahov, strat\u00e9giu n\u00e1rodnostnej politiky SR, ciele a z\u00e1mery politick\u00fdch str\u00e1n v z\u00e1vislosti od etnickej pr\u00edslu\u0161nosti, demografick\u00fd v\u00fdvoj n\u00e1rodnostn\u00fdch men\u0161\u00edn na za\u010diatku 21.storo\u010dia, kooper\u00e1ciu eur\u00f3pskej a slovenskej politiky v oblasti in\u0161tit\u00faci\u00ed a riadenia n\u00e1rodnostnej politiky, zhodnotenie \u010dinnosti a politiky jednotliv\u00fdch vl\u00e1d v sledovanom obdob\u00ed, vn\u00edmanie hist\u00f3rie n\u00e1rodnostn\u00fdch men\u0161\u00edn, sk\u00famanie historickej pam\u00e4te s osobitn\u00fdm zameran\u00edm na historick\u00e9 udalosti s etnick\u00fdm pozad\u00edm (slovensko-ma\u010farsk\u00e9 vz\u0165ahy, rus\u00ednsko-ukrajinsk\u00e9 vz\u0165ahy, vz\u0165ahy majority a minority, r\u00f3mska problematika, nov\u00e9 men\u0161iny, migr\u00e1cia, bezpe\u010die&#8230;). Druh\u00fdm cie\u013eom projektu bude realiz\u00e1cia interdisciplin\u00e1rne orientovan\u00e9ho empirick\u00e9ho v\u00fdskumu, zameran\u00e9ho na \u0165a\u017eiskov\u00e9 teoretick\u00e9, metodologick\u00e9 a praktick\u00e9 ot\u00e1zky etnicity a n\u00e1rodnostn\u00fdch vz\u0165ahov (so zachovan\u00edm metodick\u00fdch postupov aplikovan\u00fdch v empirickom v\u00fdskume z r. 2004).<br><a href=\"http:\/\/apvv-projekt7.webnode.sk\/\" target=\"_blank\" rel=\"noreferrer noopener\" class=\"ek-link\"><strong>Webstr\u00e1nka projektu<\/strong><\/a><\/p>\n\n\n\n<p><strong>Memory in Urban Space: Possibilities and Limits of Comparative Research<\/strong><br>Agent\u00fara a k\u00f3d projektu:&nbsp;EEA and Norway Grants Dept. BFN16-CLT-006.&nbsp;<br>Doba rie\u0161enia:&nbsp;okt\u00f3ber 2017&nbsp;\u2013&nbsp;janu\u00e1r 2018<br>Rie\u0161ite\u013esk\u00e9 organiz\u00e1cie:&nbsp;KH FF UPJ\u0160 (Mgr. Mikul\u00e1\u0161 Jan\u010dura, PhD.) a partnersk\u00e1 organiz\u00e1cia Faculty of Social Sciences, Department of History,&nbsp;Nord University in Bod\u00f8, N\u00f3rsko<br>Hlavn\u00fdm cie\u013eom projektu je nadviazanie u\u017e\u0161ej spolupr\u00e1ce medzi pracoviskami, podp\u00edsanie bilater\u00e1lnej zmluvy o spolupr\u00e1ci, diskusia o roz\u0161\u00edren\u00ed v\u00fdskumnej siete v r\u00e1mci aktu\u00e1lne prebiehaj\u00faceho projektu urbanHIST a napl\u00e1novanie \u010fal\u0161\u00edch spolo\u010dn\u00fdch v\u00fdskumn\u00fdch aktiv\u00edt v r\u00e1mci problematiky historickej pam\u00e4te v urb\u00e1nnom priestore.&nbsp;V\u00fdstupy:&nbsp;workshop (<a href=\"\/public\/media\/15788\/Workshop_Memory_in_Urban_Space_2017.pdf\" target=\"_blank\" rel=\"noreferrer noopener\">program<\/a>)<\/p>\n\n\n\n<p><strong>Gr\u00e9ckokatol\u00edcka cirkev na okupovan\u00fdch \u00fazemiach \u010ceskoslovenska v rokoch 1938 \u2013 1945<\/strong><br>Agent\u00fara a k\u00f3d projektu: VEGA&nbsp;1\/0184\/17<br>Doba rie\u0161enia: 2017&nbsp;\u2013 2019<br>Rie\u0161ite\u013esk\u00e1&nbsp;organiz\u00e1cia: KH FF UPJ\u0160&nbsp;(zodpovedn\u00fd rie\u0161ite\u013e&nbsp;doc. ThDr. Peter Borza, PhD.)<br>Okup\u00e1cia \u00fazem\u00ed \u010ceskoslovenska v rokoch 1938 \u2013 1945 vytvorila nov\u00e9 podmienky pre \u010dinnos\u0165 gr\u00e9ckokatol\u00edckej cirkvi, ktor\u00e1 bola v r\u00e1mci \u010ceskoslovenska organizovan\u00e1 v Pre\u0161ovskom a Muka\u010devskom biskupstve. Spolu s Podkarpatskou Rusou a odst\u00fapen\u00fdm ju\u017en\u00fdm \u00fazem\u00edm Slovenska sa gr\u00e9ckokatol\u00edcke farnosti aj s biskupsk\u00fdm s\u00eddlom U\u017ehorod ocitli v Ma\u010farsku a jedin\u00e1 gr\u00e9ckokatol\u00edcka farnos\u0165 v \u010cech\u00e1ch zasa v Protektor\u00e1te \u010cechy a Morava. V rozdielnych podmienkach v\u0161ak na\u010falej vykon\u00e1vali svoju \u010dinnos\u0165, ktor\u00e1 si zasl\u00fa\u017ei pozornos\u0165, ke\u010f\u017ee doteraz sa autori zameriavali na \u00fazemie Slovenska. Preto je amb\u00edciou rie\u0161ite\u013eov projektu uskuto\u010dni\u0165 z\u00e1kladn\u00fd arch\u00edvny v\u00fdskum v centr\u00e1lnych aj region\u00e1lnych arch\u00edvoch a po n\u00e1slednej anal\u00fdze pramenn\u00e9ho materi\u00e1lu ako aj publikovanej literat\u00fary formulova\u0165 vlastn\u00fa interpret\u00e1ciu problematiky nielen vo v\u0161eobecnej rovine, ale predstavi\u0165 v\u0161etky aspekty postavenia a v\u00fdvoja gr\u00e9ckokatol\u00edckej cirkvi na \u00fazem\u00ed okupovan\u00e9ho \u010ceskoslovenska v rokoch 1938 &#8211; 1945.&nbsp;<\/p>\n\n\n\n<p><strong>Interakt\u00edvna v\u00fdstava &#8222;Dejiny tvor\u00ed\u0161 ty&#8220;<\/strong><br>Agent\u00fara a k\u00f3d projektu: UPJ\u0160, VVGS-2017-716<br>Doba rie\u0161enia: marec 2018&nbsp;\u2013 febru\u00e1r 2019<br>Rie\u0161ite\u013esk\u00e9 organiz\u00e1cie: Katedra hist\u00f3rie FF UPJ\u0160&nbsp;<br>Hlavn\u00fdm cie\u013eom projektu je usporiadanie interakt\u00edvnej v\u00fdstavy, v r\u00e1mci ktorej bude prostredn\u00edctvom \u201e\u017eiv\u00e9ho\u201c pramenn\u00e9ho materi\u00e1lu n\u00e1v\u0161tevn\u00edkom sprostredkovan\u00fd a spr\u00edstupnen\u00fd poh\u013ead na k\u013e\u00fa\u010dov\u00e9 medzn\u00edky v dejin\u00e1ch Slovenska v 20. storo\u010d\u00ed naviazan\u00e9 na v\u00fdro\u010dn\u00fd rok 2018. V tento s\u00favislosti p\u00f4jde o udalosti z rokov 1918 (ukon\u010denie 1. svetovej vojny a vznik 1. \u010cSR), 1938 (Mn\u00edchovsk\u00e1 dohoda, vyhl\u00e1senie auton\u00f3mie Slovenska,Viedensk\u00e1 arbitr\u00e1\u017e), 1948 (n\u00e1stup komunistickej totality) a 1968 (inv\u00e1zia vojsk Var\u0161avskej zmluvy). Samotn\u00e1 v\u00fdstava si okrem spr\u00edstupnenia t\u00fdchto udalost\u00ed cie\u013eov\u00fdm skupin\u00e1m kladie za cie\u013e aj populariz\u00e1ciu historickej vedy, ako aj propag\u00e1ciu vysoko\u0161kolsk\u00e9ho \u0161t\u00fadia, a to nielen na katedre hist\u00f3rie FF UPJ\u0160, ale aj na Filozofickej fakulte a samotnej Univerzite Pavla Jozefa \u0160af\u00e1rika v Ko\u0161iciach. \u010eal\u0161\u00edm, nemenej d\u00f4le\u017eit\u00fdm \u010diastkov\u00fdm cie\u013eom je propag\u00e1cia otvorenosti Univerzity Pavla Jozefa \u0160af\u00e1rika v Ko\u0161iciach vo\u010di my\u0161lienkam usporiada\u0165 alternat\u00edvnej\u0161ie laden\u00e9 podujatia na jej p\u00f4de a t\u00fdm aj celkovo pozit\u00edvny pr\u00edstup univerzity k akt\u00edvnemu pestovaniu filozofie akademick\u00e9ho \u017eivota.&nbsp;<\/p>\n\n\n\n<p><strong>Inov\u00e1cia v\u00fdu\u010dby antick\u00fdch dej\u00edn na vysok\u00fdch \u0161kol\u00e1ch<\/strong><br>Agent\u00fara a k\u00f3d projektu: UPJ\u0160 VVGS 2017-679&nbsp;<br>Doba rie\u0161enia: november 2017&nbsp;\u2013 okt\u00f3ber 2018<br>Rie\u0161ite\u013esk\u00e1&nbsp;organiz\u00e1cia:&nbsp;KH FF UPJ\u0160 (ved\u00faci rie\u0161ite\u013e Mgr. Marta Sendekov\u00e1, PhD.)<br>Projekt je zameran\u00fd na zorganizovanie dvojd\u0148ov\u00e9ho odborn\u00e9ho interdisciplin\u00e1rneho pracovn\u00e9ho semin\u00e1ra &#8211; workshopu na Katedre hist\u00f3rie FF UPJ\u0160 v Ko\u0161iciach v oblasti historick\u00fdch vied s cie\u013eom inov\u00e1cie v\u00fdu\u010dby antick\u00fdch a rano-stredovek\u00fdch dej\u00edn ako aj latinsk\u00e9ho jazyka na vysok\u00fdch a stredn\u00fdch \u0161kol\u00e1ch. \u0160t\u00fadium a vedeck\u00fd v\u00fdskum antick\u00fdch dej\u00edn, ktor\u00e9ho dominantn\u00fdm priestorom je akademick\u00e1 p\u00f4da, v s\u00fa\u010dasnosti zaznamen\u00e1va rast\u00faci z\u00e1ujem univerzitn\u00fdch pracov\u00edsk na Slovensku aj v zahrani\u010d\u00ed o tento predmet. Workshop, ktor\u00e9ho realiz\u00e1cia sa uskuto\u010dn\u00ed v 10.-11. septembra 2018, bude svoj\u00edm obsahov\u00fdm zameran\u00edm predstavova\u0165 n\u00f3vum v r\u00e1mci inov\u00e1cie vysoko\u0161kolskej v\u00fdu\u010dby. \u00da\u010dastn\u00edkmi workshopu s\u00fa predov\u0161etk\u00fdm vysoko\u0161kolsk\u00ed pedag\u00f3govia antick\u00fdch a rano-stredovek\u00fdch dej\u00edn, klasick\u00e9ho jazyka a teol\u00f3gie zo Slovensk\u00fdch univerz\u00edt, z univerz\u00edt \u010ceskej republiky, \u0161tudenti UPJ\u0160 odboru hist\u00f3ria, klasick\u00e1 filol\u00f3gia, filozofia, politol\u00f3gia, taktie\u017e \u0161tudenti teol\u00f3gie a stredo\u0161kolsk\u00ed u\u010ditelia dejepisu a latinsk\u00e9ho jazyka z Ko\u0161ick\u00e9ho a Pre\u0161ovsk\u00e9ho kraja, ktor\u00ed nadobudn\u00fa nov\u00e9 poznatky a prakticky sa za\u0161kolia do pou\u017e\u00edvania interpreta\u010dno-analytickej natur\u00e1lnej met\u00f3dy Prof. Hansa H. \u00d8rberga vo vyu\u010dovacom procese. Workshop prispeje k rozvoju vzdel\u00e1vania a skvalitneniu vyu\u010dovacieho procesu nielen na katedre hist\u00f3rie, ale aj \u010fal\u0161\u00edch fak\u00falt UPJ\u0160, slovensk\u00fdch a \u010desk\u00fdch vysok\u00fdch \u0161k\u00f4l a stredn\u00fdch \u0161k\u00f4l na v\u00fdchodnom Slovensku. Svoj\u00edm sp\u00f4sobom bude zatia\u013e prv\u00fdm odborn\u00fdm semin\u00e1rom na Slovensku, ktor\u00fd inovat\u00edvnym sp\u00f4sobom poskytne a umo\u017en\u00ed praktick\u00e9 vyu\u017eitie jednej z najnov\u0161\u00edch didaktick\u00fdch met\u00f3d &#8211; konkr\u00e9tne natur\u00e1lnej met\u00f3dy v\u0161eobecne naz\u00fdvanej \u201e\u00d8rberg\u201c a pom\u00f4cok vysoko\u0161kolsk\u00fdm pedag\u00f3gom, stredo\u0161kolsk\u00fdm pedag\u00f3gom a \u0161tudentom. Workshop podpor\u00ed pr\u00ednos nov\u00fdch poznatkov vedeck\u00e9ho v\u00fdskumu v r\u00e1mci multidisciplin\u00e1rneho pr\u00edstupu, skvalitn\u00ed v\u00fdu\u010dbu antick\u00fdch dej\u00edn na Slovensku a inovuje vysoko\u0161kolsk\u00fa didaktiku dej\u00edn a klasick\u00fdch o nov\u00e9 formy a met\u00f3dy pr\u00edstupu, spr\u00edstupn\u00ed tie\u017e zahrani\u010dn\u00fa literat\u00faru.<\/p>\n\n\n\n<p><strong>Miesta pam\u00e4ti Ko\u0161\u00edc II. (\u013eudia a dejiny)<\/strong><br>Agent\u00fara a k\u00f3d projektu: VEGA 1\/0212\/05&nbsp;<br>Doba rie\u0161enia:&nbsp;janu\u00e1r 2015 \u2013 december 2018<br>Rie\u0161ite\u013esk\u00e1&nbsp;organiz\u00e1cia:&nbsp;KH FF UPJ\u0160 (ved\u00faci rie\u0161ite\u013e prof. PaedDr. \u0160tefan \u0160utaj, DrSc., z\u00e1stupca ved\u00faceho rie\u0161ite\u013ea doc. PaedDr. Martin Pek\u00e1r, PhD. a rie\u0161itelia Mgr. Al\u017ebeta Bojkov\u00e1, PhD., Mgr. Peter Fedor\u010d\u00e1k, PhD., Mgr. Drahoslav Magdo\u0161ko, PhD.,&nbsp; Mgr. Nikola Regin\u00e1\u010dov\u00e1, PhD.)<br>Amb\u00edciou rie\u0161ite\u013eov projektu v r\u00e1mci konceptu \u201eDejiny a pam\u00e4\u0165\u201c je spracova\u0165 \u00falohu a postavenie v\u00fdznamn\u00fdch a zauj\u00edmav\u00fdch osobnost\u00ed z dej\u00edn Ko\u0161\u00edc, d\u00f4le\u017eit\u00fdch pre formovanie historickej pam\u00e4ti mesta. Vybran\u00e9 osobnosti budeme sk\u00fama\u0165 v historick\u00fdch s\u00favislostiach od konca 14.st. po s\u00fa\u010dasnos\u0165. Projekt priamo nadv\u00e4zuje na kon\u010diaci projekt , ktor\u00fd bol venovan\u00fd historick\u00fdm medzn\u00edkom a in\u0161tit\u00faci\u00e1m v dejin\u00e1m Ko\u0161\u00edc. Vybran\u00e9 osobnosti bude teda sk\u00fama\u0165 aj v ich s\u00favislostiach s historick\u00fdm v\u00fdvojom v\u00fdznamn\u00fdch in\u0161tit\u00faci\u00ed \u0161t\u00e1tnej spr\u00e1vy, verejnej spr\u00e1vy, kult\u00farnych, cirkevn\u00fdch, \u0161kolsk\u00fdch, vedeck\u00fdch a hospod\u00e1rskych in\u0161tit\u00faci\u00ed, spolkov a politick\u00fdch str\u00e1n p\u00f4sobiacich v Ko\u0161iciach, d\u00f4le\u017eit\u00fdch pre historick\u00fa pam\u00e4\u0165 mesta. Cie\u013eom bude zhodnotenie v\u00fdznamu vybran\u00fdch osobnost\u00ed, ich postavenia v kontexte lok\u00e1lnych (ko\u0161ick\u00fdch), region\u00e1lnych (uhorsk\u00fdch \u010di slovensk\u00fdch) dej\u00edn a eur\u00f3pskych dej\u00edn. Cie\u013eom je vytvori\u0165 predpoklady a z\u00e1klad\u0148u pre bud\u00face spracovanie synt\u00e9zy dej\u00edn Ko\u0161\u00edc.<\/p>\n\n\n\n<p><strong>Yugoslavism versus Czechoslovakism<\/strong>&nbsp;<strong>: The History of Conflicting Ideologies in Central and Southeastern Europe<\/strong><br>Agent\u00fara a k\u00f3d projektu:&nbsp;UPJ\u0160&nbsp;2016-313 PCOV&nbsp;<br>Doba rie\u0161enia:&nbsp;2016&nbsp;\u2013&nbsp;2017<br>Rie\u0161ite\u013esk\u00e1&nbsp;organiz\u00e1cia:&nbsp;KH FF UPJ\u0160 (Mgr. Maro\u0161 Melich\u00e1rek, PhD.)<br>Projekt je orientovan\u00fd na vytvorenie inovat\u00edvneho a interdisiplin\u00e1rneho workshopu (s n\u00e1zvom Juhoslavizmus verzus \u010dechoslovakizmus: konfliktn\u00e9 dejiny ideol\u00f3gi\u00ed v strednej a juhov\u00fdchodnej Eur\u00f3pe) v oblasti historickej vedy s dopadom celkov\u00fd spolo\u010densk\u00fd v\u00fdvoj. Medzin\u00e1rodn\u00fd Workshop popredn\u00fdch \u010desk\u00fdch, slovensk\u00fdch a zahrani\u010dn\u00fdch balkanistov a historikov, by mal prinies\u0165 vedeck\u00fd dial\u00f3g, ktor\u00fd by znamenal nov\u00fd poh\u013ead na doteraz publikovan\u00e9 v\u00fdstupy v\u00fdskumu danej problematiky. V\u00fdsledkom bude s\u00fabor publikovan\u00fdch \u0161t\u00fadi\u00ed na zvolen\u00fa t\u00e9mu v \u010dasopise Porta Balkanica (\u010cR), resp. Mesto a dejiny (SR).<\/p>\n\n\n\n<p><strong>Centrum excelentnosti &#8211; Hrady na Slovensku. Interdisciplin\u00e1rny poh\u013ead na fenom\u00e9n hradov<\/strong><br>Skratka projektu: CE \u2013 HnS&nbsp;<br>Doba rie\u0161enia: okt\u00f3ber 2013 \u2013 okt\u00f3ber 2017<br>Rie\u0161ite\u013esk\u00e1&nbsp;organiz\u00e1cia:&nbsp;Historick\u00fd \u00fastav SAV. Spolurie\u0161itelia z na\u0161ej katedry: prof. PaedDr. \u0160tefan \u0160utaj, DrSc., Mgr. Peter Fedor\u010d\u00e1k, PhD., Mgr. Drahoslav Magdo\u0161ko, PhD.<\/p>\n\n\n\n<p><strong>International Visegrad Fund<\/strong>&nbsp;<strong>(Scholarship)<\/strong><br>\u0160tipendium pre&nbsp;v\u00fdskumn\u00fd pobyt na Univerzite v Novom Sade (Srbsko)<br>Doba rie\u0161enia: september 2016 \u2013 j\u00fan 2017<br>Rie\u0161ite\u013e:&nbsp;Mgr. Maro\u0161 Melich\u00e1rek, PhD.&nbsp;<\/p>\n\n\n\n<p><strong>European Network Remembrance and Solidarity<\/strong>&nbsp;<strong>(c<\/strong><strong>estovn\u00fd grant)<\/strong><br>5th European Remembrance International Symposium of European institutions Dealing with 20th-Century History: 1956. Contexts \u2013 Impact \u2013 Remembrance<br>Organiz\u00e1tor: European Network Remembrance and Solidarity v spolupr\u00e1ci s Hungarian Committee of National Remembrance a Hungarian Academy of Science). Budape\u0161\u0165 (Ma\u010farsko), 24. \u2013 26. m\u00e1j 2016.<br>Rie\u0161ite\u013e: Mgr. Zuzana Tok\u00e1rov\u00e1, PhD.<\/p>\n\n\n\n<p><strong>International Visegrad Fund<\/strong>&nbsp;<strong>(Scholarship)<\/strong><strong>&nbsp;<\/strong><br>\u0160tipendium pre v\u00fdskumn\u00fd pobyt na Central European University v Budape\u0161ti (Ma\u010farsko), Department of Medieval Studies<br>Doba rie\u0161enia: september 2014 \u2013 j\u00fan 2015, janu\u00e1r 2016 \u2013 j\u00fan 2016<br>Rie\u0161ite\u013e:&nbsp;Mgr. Drahoslav Magdo\u0161ko, PhD.<\/p>\n\n\n\n<p><strong>International Visegrad Fund, Balassi Int\u00e9zet, Tempus Hungary&nbsp;<\/strong><strong>(Scholarships)<\/strong><br>\u0160tipendi\u00e1pre&nbsp;v\u00fdskumn\u00e9&nbsp;pobyty na Katedre v\u00fdchodoeur\u00f3pskych dej\u00edn, ELTE v Budape\u0161ti (Ma\u010farsko)<br>Doba rie\u0161enia: janu\u00e1r 2011&nbsp;\u2013 janu\u00e1r 2016<br>Rie\u0161ite\u013e:&nbsp;PhDr. Sl\u00e1vka Ot\u010den\u00e1\u0161ov\u00e1, M.A, PhD.&nbsp;<\/p>\n\n\n\n<p><strong>Vybran\u00e9 probl\u00e9my \u010dinnosti mocensko-repres\u00edvneho apar\u00e1tu na Slovensku 1939 <\/strong><strong>\u2013<\/strong><strong> 1945<\/strong><br>Agent\u00fara a k\u00f3d projektu: VEGA 1\/0572\/13<br>Doba rie\u0161enia: janu\u00e1r 2013 \u2013 december 2015<br>Rie\u0161ite\u013esk\u00e1&nbsp;organiz\u00e1cia: KH FF UPJ\u0160&nbsp;(ved\u00faci rie\u0161ite\u013e doc. PaedDr. Martin Pek\u00e1r, PhD. a rie\u0161itelia&nbsp; Mgr. Henrich Hrehor, PhD., Mgr. Zuzana Tok\u00e1rov\u00e1, PhD.)<br>Z\u00e1merom projektu bolo vytvorenie spolo\u010dnej b\u00e1zy pre v\u00fdskumu p\u00f4sobenia mocensko-repres\u00edvneho apar\u00e1tu na Slovensku v rokoch 1939 \u2013 1945 na Katedre hist\u00f3rie FF UPJ\u0160 v Ko\u0161iciach, ktor\u00e1 bola v \u0161t\u00e1diu kon\u0161tituovania. V r\u00e1mci v\u00fdskumu bude ka\u017ed\u00fd rie\u0161ite\u013e venova\u0165 pozornos\u0165 vlastnej subt\u00e9me. R\u00e1tali sme so vznikom dvoch pr\u00e1c charakteru vedeckej monografie (biografia Gejzu Fritza a publik\u00e1cia k pozemkovej reforme v rokoch 1939 \u2013 1945 so zrete\u013eom na v\u00fdchodn\u00e9 Slovensko) a jednej dizerta\u010dnej pr\u00e1ce tematicky orientovanej na \u010dinnos\u0165 mocensko-repres\u00edvneho apar\u00e1tu na Slovensku v rokoch 1939 \u2013 1945.<\/p>\n\n\n\n<p><strong>\u0160koly, \u017eiaci, u\u010ditelia <\/strong>\u2013<strong> v\u00fdvoj stredn\u00e9ho \u0161kolstva vo vybran\u00fdch mest\u00e1ch v\u00fdchodn\u00e9ho Slovenska v rokoch 1918&nbsp;<\/strong><strong>\u2013 1948<\/strong><br>Agent\u00fara a k\u00f3d projektu: VEGA 5 043<br>Doba rie\u0161enia: janu\u00e1r 2013&nbsp;\u2013 december 2015<br>Rie\u0161ite\u013esk\u00e9&nbsp;organiz\u00e1cie: hlavn\u00fd rie\u0161ite\u013e&nbsp;Spolo\u010denskovedn\u00fd&nbsp;\u00fastav&nbsp;SAV v Ko\u0161iciach.&nbsp;Z\u00e1stupca ved\u00faceho rie\u0161ite\u013ea za na\u0161u katedru: Mgr. Henrich Hrehor, PhD.&nbsp;<br>\u00dalohou rie\u0161ite\u013esk\u00e9ho t\u00edmu bude formou komparat\u00edvneho v\u00fdskumu spracova\u0165 t\u00e9mu na z\u00e1klade nov\u00e9ho v\u00fdskumn\u00e9ho materi\u00e1lu a pomocou viacer\u00fdch metodologick\u00fdch postupov zisten\u00e9 poznatky interpretova\u0165 a prezentova\u0165 v odborn\u00fdch \u010dasopisoch, zborn\u00edku a kolekt\u00edvnej monografii. \u0164a\u017eiskom v\u00fdskumu bude sledova\u0165 v\u00fdvojov\u00e9 tendencie v oblasti v\u00fdchovy a vzdel\u00e1vania \u017eiakov, ako aj pedag\u00f3gov. Smerovanie v\u00fdvoja \u0161kolstva sa pok\u00fasime ozrejmi\u0165 okrem in\u00e9ho na z\u00e1klade doteraz e\u0161te m\u00e1lo spracovan\u00fdch, resp. nespracovan\u00fdch ot\u00e1zok t\u00fdkaj\u00facich sa pou\u017e\u00edvania u\u010debn\u00edc, u\u010debn\u00fdch osnov ako aj vo\u013eno\u010dasov\u00fdch aktiv\u00edt organizovan\u00fdch \u0161kolou. Jedn\u00fdm z cie\u013eov projektu bude rozpracova\u0165 aspekty v\u00fdchovno-vzdel\u00e1vacieho procesu v mest\u00e1ch a obciach v\u00fdchodn\u00e9ho Slovenska v rokoch 1918 \u2013 1948 a dospie\u0165 tak k v\u00fdchodisk\u00e1m, ktor\u00e9 v bud\u00facnosti umo\u017enia detailnej\u0161\u00ed a komplexnej\u0161\u00ed poh\u013ead nielen na v\u00fdvoj \u0161kolstva na v\u00fdchodnom Slovensku v tomto obdob\u00ed.<\/p>\n\n\n\n<p><strong>Ko\u0161ick\u00e9 archiv\u00e1lie v Gener\u00e1lnom dominik\u00e1nskom arch\u00edve v R\u00edme: v\u00fdskumn\u00fd grant<\/strong>&nbsp;<strong>Slovensk\u00e9ho historick\u00e9ho \u00fastavu v R\u00edme<\/strong><br>Doba rie\u0161enia: okt\u00f3ber 2015<br>Rie\u0161ite\u013e: Mgr. Drahoslav Magdo\u0161ko, PhD.<\/p>\n\n\n\n<p><strong>European Network Remembrance and Solidarity<\/strong> <strong>(c<\/strong><strong>estovn\u00fd grant)<\/strong><br>4th European Remembrance International Symposium of European institutions Dealing with 20th-Century History: Remembrance of the Second World War 70 Years After. Winners, Losers, Perpetrators, Victims, Bystanders<br>Organiz\u00e1tor: European Network Remembrance and Solidarity,&nbsp;Viede\u0148 (Rak\u00fasko), 11. \u2013 13. m\u00e1j 2015<br>Rie\u0161ite\u013e: Mgr. Zuzana Tok\u00e1rov\u00e1, PhD.<\/p>\n\n\n\n<p><strong>Ko\u0161ick\u00ed dominik\u00e1ni: v\u00fdskumn\u00fd pobyt v R\u00edme z grantu Slovensk\u00e9ho historick\u00e9ho \u00fastavu v R\u00edme<\/strong><br>Doba rie\u0161enia: okt\u00f3ber 2014<br>Rie\u0161ite\u013e: Mgr. Drahoslav Magdo\u0161ko, PhD.<\/p>\n\n\n\n<p><strong>\u0160tipendium prim\u00e1tora mesta Par\u00ed\u017e (Mairie de Paris)<\/strong>&nbsp;<br>Hos\u0165uj\u00faci v\u00fdskum na Centre de Recherches sur l\u00b4Europe centrale, orientale et balkanique (CRECOB), Universit\u00e9 Paris Sorbonne IV.&nbsp;<br>Doba rie\u0161enia: september 2013&nbsp;\u2013 j\u00fan 2014<br>Rie\u0161ite\u013e:&nbsp;PhDr. Sl\u00e1vka Ot\u010den\u00e1\u0161ov\u00e1, M.A,&nbsp;PhD.&nbsp;<\/p>\n\n\n\n<p><strong>Inov\u00e1cie pre vedomostn\u00fa spolo\u010dnos\u0165 (<\/strong><strong>IRES<\/strong><strong>)<\/strong>&nbsp;<br>Agent\u00fara a k\u00f3d projektu: Eur\u00f3pske \u0161truktur\u00e1lne fondy NFP 26110230130<br>Doba rie\u0161enia: december 2012 \u2013 november 2015<br>Rie\u0161ite\u013esk\u00e1&nbsp;organiz\u00e1cia: UPJ\u0160<br>Cie\u013eom aktivity je inov\u00e1cia&nbsp;troch \u0161tudijn\u00fdch programov a vytvorenie&nbsp;piatich akredita\u010dn\u00fdch spisov nov\u00fdch \u0161tudijn\u00fdch programov na FF UPJ\u0160. Z\u00e1kladnou funkciou aktivity je implement\u00e1cia strat\u00e9gi\u00ed Eur\u00f3pskej \u00fanie (soci\u00e1lne, jazykov\u00e9 a kult\u00farne v\u010dlenenie jednotlivca do spolo\u010dnosti) realizovan\u00e1 ako roz\u0161\u00edrenie ponuky \u0161tudijn\u00fdch programov na FF UPJ\u0160 a v\u00fdrazn\u00e9 skvalitnenie \u00farovne \u0161t\u00fadia v troch \u0161tudijn\u00fdch programoch prostredn\u00edctvom inov\u00e1cie v medzin\u00e1rodnej spolupr\u00e1ci. V\u00fdstupom tejto aktivity bud\u00fa v spolupr\u00e1ci s medzin\u00e1rodne uzn\u00e1van\u00fdmi expertmi pripraven\u00e9 akredita\u010dn\u00e9 spisy nov\u00fdch \u0161tudijn\u00fdch programov FF UPJ\u0160, vzdel\u00e1vac\u00ed program, vydan\u00e9 monografie a u\u010debn\u00e9 texty a uskuto\u010dnen\u00e1 predn\u00e1\u0161kov\u00e1 \u010dinnos\u0165 medzin\u00e1rodne uzn\u00e1van\u00fdch expertov. Z\u00e1rove\u0148 bude zak\u00fapen\u00e1 \u0161tudijn\u00e1 literat\u00fara, ktor\u00e1 po pr\u00edprave akredita\u010dn\u00fdch spisov bude poskytnut\u00e1 \u0161tudentom novovytvoren\u00fdch \u0161tudijn\u00fdch programov.<\/p>\n\n\n\n<p><strong>Rozvoj inovat\u00edvnych foriem vzdel\u00e1vania a podpora interdisciplinarity \u0161t\u00fadia na UPJ\u0160 (<\/strong><strong>RIFIV<\/strong>&nbsp;)<br>Agent\u00fara a k\u00f3d projektu: Eur\u00f3pske \u0161truktur\u00e1lne fondy ITMS 26110230101<br>Doba rie\u0161enia: 2012 \u2013 2015<br>Rie\u0161ite\u013esk\u00e1&nbsp;organiz\u00e1cia: UPJ\u0160<br>The aim of the project is to develop innovative forms of education and to create the interdisciplinary cgaracter of study at all levels and subjects of University Pavol Jozef \u0160af\u00e1rik in Ko\u0161ice, to increase the readiness of graduates to enter in the labor market through the innovation of study programs and the creation of new study programs at the Faculty of Arts. The output of this activity will also be the release of university textbooks, textbooks or a script for innovated and newly created study programs.<\/p>\n\n\n\n<p><strong>Miesta pam\u00e4ti Ko\u0161\u00edc I. (historick\u00e9 prelomy a in\u0161tit\u00facie)<\/strong><br>Agent\u00fara a k\u00f3d projektu: VEGA 1\/0101\/12<br>Doba rie\u0161enia: janu\u00e1r 2012 \u2013 december 2014<br>Rie\u0161ite\u013esk\u00e1&nbsp;organiz\u00e1cia: KH FF UPJ\u0160 (ved\u00faci rie\u0161ite\u013e prof. PaedDr. \u0160tefan \u0160utaj, DrSc.)<\/p>\n\n\n\n<p><strong>Transformation of Central European Cities&nbsp;in Historical Development<\/strong> <strong>(Ko\u0161ice, Miskolc, Opava, Krak\u00f3w)<\/strong><br>Agent\u00fara a k\u00f3d projektu: International Visegrad Fund 31110003<br>Doba rie\u0161enia:september 2011 \u2013 j\u00fal 2014<br>Rie\u0161ite\u013esk\u00e1&nbsp;organiz\u00e1cia za slovensk\u00fa stranu: KH FF UPJ\u0160 (koordin\u00e1tor Mgr. Henrich Hrehor, PhD.)<\/p>\n\n\n\n<p><strong>Od \u010deskoslovenskej k slovenskej \u0161t\u00e1tnosti. \u017didia a ich osudy vo vybran\u00fdch v\u00fdchodoslovensk\u00fdch mest\u00e1ch (1918 \u2013 1945)<\/strong><br>Agent\u00fara a k\u00f3d projektu: VEGA 1\/0114\/12<br>Doba rie\u0161enia: 2012 \u2013 2014<br>Rie\u0161ite\u013esk\u00e1&nbsp;organiz\u00e1cia: zodpovedn\u00fd rie\u0161ite\u013e&nbsp;In\u0161tit\u00fat hist\u00f3rie Filozofickej fakulty Pre\u0161ovskej univerzity v Pre\u0161ove (prof. PhDr. Peter \u0160vorc, CSc.). Spolurie\u0161ite\u013e za na\u0161u katedru: Mgr. Zuzana Tok\u00e1rov\u00e1, PhD.<\/p>\n\n\n\n<p><strong>Z\u00e1kladn\u00e9 probl\u00e9my r\u00edmskeho cis\u00e1rstva v neskorom obdob\u00ed<\/strong><br>Agent\u00fara a k\u00f3d projektu: VEGA 1\/0620\/12<br>Doba rie\u0161enia: 2011 \u2013 2014<br>Rie\u0161ite\u013esk\u00e1&nbsp;organiz\u00e1cia: FF UK v Bratislave (ved\u00faci rie\u0161ite\u013e doc. PhDr. Pavol Valachovi\u010d, CSc.).&nbsp;Spolurie\u0161ite\u013e a z\u00e1stupca ved\u00faceho projektu za na\u0161u katedru: Mgr. Marta Sendekov\u00e1, PhD.<br>The project aims at the research of fundamental aspects in the development of civilization from Late Antiquity to the Middle Ages. The historic period of Late Antiquity and its transition to the Early Middle Ages is the subject of a lively discussion in the present research world. The period of Late Antiquity is often referred to as \u2018a ground-breaking\u2019 or as a historic landmark in the periodization of the history between Antiquity and the Middle Ages. The objective of the project will be a research, analysis and an unbiased examination of fundamental aspects of the development of society in ancient times as a ground-breaking period, as well as a subsequent relation to the Middle Ages. In discussion preceded by the research to date, specific features shall be examined, upon which one can consider the period of Late Antiquity to be a historic landmark, pertaining to questions whether fundamentally new structures in the state and policy were developed.&nbsp;<\/p>\n\n\n\n<p><strong>Remembering the City \u2013 A Guide through the Past of Ko\u0161ice<\/strong><br>Financovanie: International Visegrad Fund, The European Network Remembrance and Solidarity, Balassi int\u00e9zet, Ma\u010farsk\u00fd in\u0161tit\u00fat v Bratislave, Univerzita Pavla Jozefa \u0160af\u00e1rika v Ko\u0161iciach<br>Doba rie\u0161enia: 2011 \u2013 2013<br>Zodpovedn\u00fd rie\u0161ite\u013e za slovensk\u00fa stranu: PhDr. Sl\u00e1vka Ot\u010den\u00e1\u0161ov\u00e1, M.A, PhD.<br>V\u00fdstupy: populariza\u010dn\u00fd sprievodca dejinami Ko\u0161\u00edc<\/p>\n<\/div><\/div>\n\n\n\n<div style=\"height:31px\" aria-hidden=\"true\" class=\"wp-block-spacer\"><\/div>\n","protected":false},"author":1,"featured_media":12905,"parent":12841,"menu_order":4,"template":"","meta":{"_acf_changed":false,"_editorskit_title_hidden":false,"_editorskit_reading_time":0,"_editorskit_is_block_options_detached":false,"_editorskit_block_options_position":"{}"},"categories":[],"tags":[],"tax_aktuality":[],"class_list":["post-48367","cpt_pracoviska","type-cpt_pracoviska","status-publish","has-post-thumbnail","hentry"],"acf":{"acf_link_na_externy_obsah":""},"yoast_head":"<!-- This site is optimized with the Yoast SEO plugin v27.4 - https:\/\/yoast.com\/product\/yoast-seo-wordpress\/ -->\n<title>Aktu\u00e1lne a ukon\u010den\u00e9 vedeck\u00e9 projekty Katedry hist\u00f3rie - Filozofick\u00e1 fakulta | UPJ\u0160<\/title>\n<meta name=\"robots\" content=\"index, follow, max-snippet:-1, max-image-preview:large, max-video-preview:-1\" \/>\n<link rel=\"canonical\" href=\"https:\/\/www.upjs.sk\/filozoficka-fakulta\/pracoviska\/katedra-historie\/15782-2-2\/\" \/>\n<meta property=\"og:locale\" content=\"sk_SK\" \/>\n<meta property=\"og:type\" content=\"article\" \/>\n<meta property=\"og:title\" content=\"Aktu\u00e1lne a ukon\u010den\u00e9 vedeck\u00e9 projekty Katedry hist\u00f3rie - Filozofick\u00e1 fakulta | UPJ\u0160\" \/>\n<meta property=\"og:description\" content=\"European Inclusive Education for Digital Society, Social Innovation and Global Citizenship (EURIDICE)Agent\u00fara a k\u00f3d projektu: European Union\u2019s Digital Europe Programme, Grant Agreement No. 101123121 (EURIDICE)Doba rie\u0161enia: okt\u00f3ber 2024 \u2013 2027Rie\u0161ite\u013esk\u00e9 organiz\u00e1cie: 17 \u010dlenov medzin\u00e1rodn\u00e9ho konzorcia\u00a0Abstrakt: Amb\u00edciou projektu je, aby predstavoval jeden z k\u013e\u00fa\u010dov\u00fdch n\u00e1strojov digit\u00e1lnej transform\u00e1cie vzdel\u00e1vania tak na UPJ\u0160, ako aj v \u0161ir\u0161om meradle.\u00a0Spolo\u010dne &hellip; \u010c\u00edta\u0165 \u010falej\" \/>\n<meta property=\"og:url\" content=\"https:\/\/www.upjs.sk\/filozoficka-fakulta\/pracoviska\/katedra-historie\/15782-2-2\/\" \/>\n<meta property=\"og:site_name\" content=\"Filozofick\u00e1 fakulta | UPJ\u0160\" \/>\n<meta property=\"article:modified_time\" content=\"2024-09-18T12:19:44+00:00\" \/>\n<meta property=\"og:image\" content=\"https:\/\/www.upjs.sk\/app\/uploads\/sites\/7\/2022\/09\/Logo_APVV_Tendencie_vyvoja_etnickych_vztahov-1.jpg\" \/>\n\t<meta property=\"og:image:width\" content=\"708\" \/>\n\t<meta property=\"og:image:height\" content=\"74\" \/>\n\t<meta property=\"og:image:type\" content=\"image\/jpeg\" \/>\n<meta name=\"twitter:card\" content=\"summary_large_image\" \/>\n<meta name=\"twitter:label1\" content=\"Predpokladan\u00fd \u010das \u010d\u00edtania\" \/>\n\t<meta name=\"twitter:data1\" content=\"33 min\u00fat\" \/>\n<script type=\"application\/ld+json\" class=\"yoast-schema-graph\">{\"@context\":\"https:\\\/\\\/schema.org\",\"@graph\":[{\"@type\":\"WebPage\",\"@id\":\"https:\\\/\\\/www.upjs.sk\\\/filozoficka-fakulta\\\/pracoviska\\\/katedra-historie\\\/15782-2-2\\\/\",\"url\":\"https:\\\/\\\/www.upjs.sk\\\/filozoficka-fakulta\\\/pracoviska\\\/katedra-historie\\\/15782-2-2\\\/\",\"name\":\"Aktu\u00e1lne a ukon\u010den\u00e9 vedeck\u00e9 projekty Katedry hist\u00f3rie - Filozofick\u00e1 fakulta | UPJ\u0160\",\"isPartOf\":{\"@id\":\"https:\\\/\\\/www.upjs.sk\\\/filozoficka-fakulta\\\/#website\"},\"primaryImageOfPage\":{\"@id\":\"https:\\\/\\\/www.upjs.sk\\\/filozoficka-fakulta\\\/pracoviska\\\/katedra-historie\\\/15782-2-2\\\/#primaryimage\"},\"image\":{\"@id\":\"https:\\\/\\\/www.upjs.sk\\\/filozoficka-fakulta\\\/pracoviska\\\/katedra-historie\\\/15782-2-2\\\/#primaryimage\"},\"thumbnailUrl\":\"https:\\\/\\\/www.upjs.sk\\\/app\\\/uploads\\\/sites\\\/7\\\/2022\\\/09\\\/Logo_APVV_Tendencie_vyvoja_etnickych_vztahov-1.jpg\",\"datePublished\":\"2024-01-22T11:58:28+00:00\",\"dateModified\":\"2024-09-18T12:19:44+00:00\",\"breadcrumb\":{\"@id\":\"https:\\\/\\\/www.upjs.sk\\\/filozoficka-fakulta\\\/pracoviska\\\/katedra-historie\\\/15782-2-2\\\/#breadcrumb\"},\"inLanguage\":\"sk-SK\",\"potentialAction\":[{\"@type\":\"ReadAction\",\"target\":[\"https:\\\/\\\/www.upjs.sk\\\/filozoficka-fakulta\\\/pracoviska\\\/katedra-historie\\\/15782-2-2\\\/\"]}]},{\"@type\":\"ImageObject\",\"inLanguage\":\"sk-SK\",\"@id\":\"https:\\\/\\\/www.upjs.sk\\\/filozoficka-fakulta\\\/pracoviska\\\/katedra-historie\\\/15782-2-2\\\/#primaryimage\",\"url\":\"https:\\\/\\\/www.upjs.sk\\\/app\\\/uploads\\\/sites\\\/7\\\/2022\\\/09\\\/Logo_APVV_Tendencie_vyvoja_etnickych_vztahov-1.jpg\",\"contentUrl\":\"https:\\\/\\\/www.upjs.sk\\\/app\\\/uploads\\\/sites\\\/7\\\/2022\\\/09\\\/Logo_APVV_Tendencie_vyvoja_etnickych_vztahov-1.jpg\",\"width\":708,\"height\":74,\"caption\":\"15782\"},{\"@type\":\"BreadcrumbList\",\"@id\":\"https:\\\/\\\/www.upjs.sk\\\/filozoficka-fakulta\\\/pracoviska\\\/katedra-historie\\\/15782-2-2\\\/#breadcrumb\",\"itemListElement\":[{\"@type\":\"ListItem\",\"position\":1,\"name\":\"Home\",\"item\":\"https:\\\/\\\/www.upjs.sk\\\/filozoficka-fakulta\\\/\"},{\"@type\":\"ListItem\",\"position\":2,\"name\":\"Pracovisk\u00e1\",\"item\":\"https:\\\/\\\/www.upjs.sk\\\/filozoficka-fakulta\\\/pracoviska\\\/\"},{\"@type\":\"ListItem\",\"position\":3,\"name\":\"Katedra hist\u00f3rie\",\"item\":\"https:\\\/\\\/www.upjs.sk\\\/filozoficka-fakulta\\\/pracoviska\\\/katedra-historie\\\/\"},{\"@type\":\"ListItem\",\"position\":4,\"name\":\"Aktu\u00e1lne a ukon\u010den\u00e9 vedeck\u00e9 projekty Katedry hist\u00f3rie\"}]},{\"@type\":\"WebSite\",\"@id\":\"https:\\\/\\\/www.upjs.sk\\\/filozoficka-fakulta\\\/#website\",\"url\":\"https:\\\/\\\/www.upjs.sk\\\/filozoficka-fakulta\\\/\",\"name\":\"Filozofick\u00e1 fakulta | UPJ\u0160\",\"description\":\"\",\"publisher\":{\"@id\":\"https:\\\/\\\/www.upjs.sk\\\/filozoficka-fakulta\\\/#organization\"},\"potentialAction\":[{\"@type\":\"SearchAction\",\"target\":{\"@type\":\"EntryPoint\",\"urlTemplate\":\"https:\\\/\\\/www.upjs.sk\\\/filozoficka-fakulta\\\/?s={search_term_string}\"},\"query-input\":{\"@type\":\"PropertyValueSpecification\",\"valueRequired\":true,\"valueName\":\"search_term_string\"}}],\"inLanguage\":\"sk-SK\"},{\"@type\":\"Organization\",\"@id\":\"https:\\\/\\\/www.upjs.sk\\\/filozoficka-fakulta\\\/#organization\",\"name\":\"Filozofick\u00e1 fakulta | UPJ\u0160\",\"url\":\"https:\\\/\\\/www.upjs.sk\\\/filozoficka-fakulta\\\/\",\"logo\":{\"@type\":\"ImageObject\",\"inLanguage\":\"sk-SK\",\"@id\":\"https:\\\/\\\/www.upjs.sk\\\/filozoficka-fakulta\\\/#\\\/schema\\\/logo\\\/image\\\/\",\"url\":\"https:\\\/\\\/www.upjs.sk\\\/app\\\/uploads\\\/sites\\\/7\\\/2022\\\/09\\\/logo-filozoficka-fakulta.png\",\"contentUrl\":\"https:\\\/\\\/www.upjs.sk\\\/app\\\/uploads\\\/sites\\\/7\\\/2022\\\/09\\\/logo-filozoficka-fakulta.png\",\"width\":415,\"height\":87,\"caption\":\"Filozofick\u00e1 fakulta | UPJ\u0160\"},\"image\":{\"@id\":\"https:\\\/\\\/www.upjs.sk\\\/filozoficka-fakulta\\\/#\\\/schema\\\/logo\\\/image\\\/\"}}]}<\/script>\n<!-- \/ Yoast SEO plugin. -->","yoast_head_json":{"title":"Aktu\u00e1lne a ukon\u010den\u00e9 vedeck\u00e9 projekty Katedry hist\u00f3rie - Filozofick\u00e1 fakulta | UPJ\u0160","robots":{"index":"index","follow":"follow","max-snippet":"max-snippet:-1","max-image-preview":"max-image-preview:large","max-video-preview":"max-video-preview:-1"},"canonical":"https:\/\/www.upjs.sk\/filozoficka-fakulta\/pracoviska\/katedra-historie\/15782-2-2\/","og_locale":"sk_SK","og_type":"article","og_title":"Aktu\u00e1lne a ukon\u010den\u00e9 vedeck\u00e9 projekty Katedry hist\u00f3rie - Filozofick\u00e1 fakulta | UPJ\u0160","og_description":"European Inclusive Education for Digital Society, Social Innovation and Global Citizenship (EURIDICE)Agent\u00fara a k\u00f3d projektu: European Union\u2019s Digital Europe Programme, Grant Agreement No. 101123121 (EURIDICE)Doba rie\u0161enia: okt\u00f3ber 2024 \u2013 2027Rie\u0161ite\u013esk\u00e9 organiz\u00e1cie: 17 \u010dlenov medzin\u00e1rodn\u00e9ho konzorcia\u00a0Abstrakt: Amb\u00edciou projektu je, aby predstavoval jeden z k\u013e\u00fa\u010dov\u00fdch n\u00e1strojov digit\u00e1lnej transform\u00e1cie vzdel\u00e1vania tak na UPJ\u0160, ako aj v \u0161ir\u0161om meradle.\u00a0Spolo\u010dne &hellip; \u010c\u00edta\u0165 \u010falej","og_url":"https:\/\/www.upjs.sk\/filozoficka-fakulta\/pracoviska\/katedra-historie\/15782-2-2\/","og_site_name":"Filozofick\u00e1 fakulta | UPJ\u0160","article_modified_time":"2024-09-18T12:19:44+00:00","og_image":[{"width":708,"height":74,"url":"https:\/\/www.upjs.sk\/app\/uploads\/sites\/7\/2022\/09\/Logo_APVV_Tendencie_vyvoja_etnickych_vztahov-1.jpg","type":"image\/jpeg"}],"twitter_card":"summary_large_image","twitter_misc":{"Predpokladan\u00fd \u010das \u010d\u00edtania":"33 min\u00fat"},"schema":{"@context":"https:\/\/schema.org","@graph":[{"@type":"WebPage","@id":"https:\/\/www.upjs.sk\/filozoficka-fakulta\/pracoviska\/katedra-historie\/15782-2-2\/","url":"https:\/\/www.upjs.sk\/filozoficka-fakulta\/pracoviska\/katedra-historie\/15782-2-2\/","name":"Aktu\u00e1lne a ukon\u010den\u00e9 vedeck\u00e9 projekty Katedry hist\u00f3rie - Filozofick\u00e1 fakulta | UPJ\u0160","isPartOf":{"@id":"https:\/\/www.upjs.sk\/filozoficka-fakulta\/#website"},"primaryImageOfPage":{"@id":"https:\/\/www.upjs.sk\/filozoficka-fakulta\/pracoviska\/katedra-historie\/15782-2-2\/#primaryimage"},"image":{"@id":"https:\/\/www.upjs.sk\/filozoficka-fakulta\/pracoviska\/katedra-historie\/15782-2-2\/#primaryimage"},"thumbnailUrl":"https:\/\/www.upjs.sk\/app\/uploads\/sites\/7\/2022\/09\/Logo_APVV_Tendencie_vyvoja_etnickych_vztahov-1.jpg","datePublished":"2024-01-22T11:58:28+00:00","dateModified":"2024-09-18T12:19:44+00:00","breadcrumb":{"@id":"https:\/\/www.upjs.sk\/filozoficka-fakulta\/pracoviska\/katedra-historie\/15782-2-2\/#breadcrumb"},"inLanguage":"sk-SK","potentialAction":[{"@type":"ReadAction","target":["https:\/\/www.upjs.sk\/filozoficka-fakulta\/pracoviska\/katedra-historie\/15782-2-2\/"]}]},{"@type":"ImageObject","inLanguage":"sk-SK","@id":"https:\/\/www.upjs.sk\/filozoficka-fakulta\/pracoviska\/katedra-historie\/15782-2-2\/#primaryimage","url":"https:\/\/www.upjs.sk\/app\/uploads\/sites\/7\/2022\/09\/Logo_APVV_Tendencie_vyvoja_etnickych_vztahov-1.jpg","contentUrl":"https:\/\/www.upjs.sk\/app\/uploads\/sites\/7\/2022\/09\/Logo_APVV_Tendencie_vyvoja_etnickych_vztahov-1.jpg","width":708,"height":74,"caption":"15782"},{"@type":"BreadcrumbList","@id":"https:\/\/www.upjs.sk\/filozoficka-fakulta\/pracoviska\/katedra-historie\/15782-2-2\/#breadcrumb","itemListElement":[{"@type":"ListItem","position":1,"name":"Home","item":"https:\/\/www.upjs.sk\/filozoficka-fakulta\/"},{"@type":"ListItem","position":2,"name":"Pracovisk\u00e1","item":"https:\/\/www.upjs.sk\/filozoficka-fakulta\/pracoviska\/"},{"@type":"ListItem","position":3,"name":"Katedra hist\u00f3rie","item":"https:\/\/www.upjs.sk\/filozoficka-fakulta\/pracoviska\/katedra-historie\/"},{"@type":"ListItem","position":4,"name":"Aktu\u00e1lne a ukon\u010den\u00e9 vedeck\u00e9 projekty Katedry hist\u00f3rie"}]},{"@type":"WebSite","@id":"https:\/\/www.upjs.sk\/filozoficka-fakulta\/#website","url":"https:\/\/www.upjs.sk\/filozoficka-fakulta\/","name":"Filozofick\u00e1 fakulta | UPJ\u0160","description":"","publisher":{"@id":"https:\/\/www.upjs.sk\/filozoficka-fakulta\/#organization"},"potentialAction":[{"@type":"SearchAction","target":{"@type":"EntryPoint","urlTemplate":"https:\/\/www.upjs.sk\/filozoficka-fakulta\/?s={search_term_string}"},"query-input":{"@type":"PropertyValueSpecification","valueRequired":true,"valueName":"search_term_string"}}],"inLanguage":"sk-SK"},{"@type":"Organization","@id":"https:\/\/www.upjs.sk\/filozoficka-fakulta\/#organization","name":"Filozofick\u00e1 fakulta | UPJ\u0160","url":"https:\/\/www.upjs.sk\/filozoficka-fakulta\/","logo":{"@type":"ImageObject","inLanguage":"sk-SK","@id":"https:\/\/www.upjs.sk\/filozoficka-fakulta\/#\/schema\/logo\/image\/","url":"https:\/\/www.upjs.sk\/app\/uploads\/sites\/7\/2022\/09\/logo-filozoficka-fakulta.png","contentUrl":"https:\/\/www.upjs.sk\/app\/uploads\/sites\/7\/2022\/09\/logo-filozoficka-fakulta.png","width":415,"height":87,"caption":"Filozofick\u00e1 fakulta | UPJ\u0160"},"image":{"@id":"https:\/\/www.upjs.sk\/filozoficka-fakulta\/#\/schema\/logo\/image\/"}}]}},"_links":{"self":[{"href":"https:\/\/www.upjs.sk\/filozoficka-fakulta\/wp-json\/wp\/v2\/cpt_pracoviska\/48367","targetHints":{"allow":["GET"]}}],"collection":[{"href":"https:\/\/www.upjs.sk\/filozoficka-fakulta\/wp-json\/wp\/v2\/cpt_pracoviska"}],"about":[{"href":"https:\/\/www.upjs.sk\/filozoficka-fakulta\/wp-json\/wp\/v2\/types\/cpt_pracoviska"}],"author":[{"embeddable":true,"href":"https:\/\/www.upjs.sk\/filozoficka-fakulta\/wp-json\/wp\/v2\/users\/1"}],"up":[{"embeddable":true,"href":"https:\/\/www.upjs.sk\/filozoficka-fakulta\/wp-json\/wp\/v2\/cpt_pracoviska\/12841"}],"wp:featuredmedia":[{"embeddable":true,"href":"https:\/\/www.upjs.sk\/filozoficka-fakulta\/wp-json\/wp\/v2\/media\/12905"}],"wp:attachment":[{"href":"https:\/\/www.upjs.sk\/filozoficka-fakulta\/wp-json\/wp\/v2\/media?parent=48367"}],"wp:term":[{"taxonomy":"category","embeddable":true,"href":"https:\/\/www.upjs.sk\/filozoficka-fakulta\/wp-json\/wp\/v2\/categories?post=48367"},{"taxonomy":"post_tag","embeddable":true,"href":"https:\/\/www.upjs.sk\/filozoficka-fakulta\/wp-json\/wp\/v2\/tags?post=48367"},{"taxonomy":"tax_aktuality","embeddable":true,"href":"https:\/\/www.upjs.sk\/filozoficka-fakulta\/wp-json\/wp\/v2\/tax_aktuality?post=48367"}],"curies":[{"name":"wp","href":"https:\/\/api.w.org\/{rel}","templated":true}]}}