{"id":19537,"date":"2022-10-06T11:54:46","date_gmt":"2022-10-06T11:54:46","guid":{"rendered":"https:\/\/www.upjs.sk\/filozoficka-fakulta\/upjs-life\/kaa-prednasky-z-praxe-arval\/"},"modified":"2022-10-06T11:54:46","modified_gmt":"2022-10-06T11:54:46","slug":"kaa-prednasky-z-praxe-arval","status":"publish","type":"cpt_zo-zivota-upjs","link":"https:\/\/www.upjs.sk\/filozoficka-fakulta\/upjs-life\/kaa-prednasky-z-praxe-arval\/","title":{"rendered":"Prv\u00e1 &#8222;predn\u00e1\u0161ka z praxe&#8220; pre \u0161tudentov KAA FF UPJ\u0160 v tomto semestri"},"content":{"rendered":"<p>\u00a0<\/p>\n<p style=\"text-align:justify\">\u0160tudentky a \u0161tudenti <span style=\"color:#f39c12\"><strong>Katedry anglistiky a amerikanistiky Filozofickej fakulty UPJ\u0160 v Ko\u0161iciach<\/strong><\/span> sa v utorok 4. 10. 2022 z\u00fa\u010dastnili na prvej <strong>predn\u00e1\u0161ke z praxe<\/strong> na t\u00e9mu <strong>Linkedin \u2013 v\u00fdznam prezent\u00e1cie pre \u00faspe\u0161nos\u0165 na trhu pr\u00e1ce<\/strong>, ktor\u00fa pripravili a zorganizovali z\u00e1stupkyne spolo\u010dnosti Arval Competence Centre v spolupr\u00e1ci s Univerzitn\u00fdm poradensk\u00fdm centrom UNIPOC.<br \/>\nOkrem praktick\u00fdch inform\u00e1ci\u00ed o tom, ako si \u010do najvhodnej\u0161ie vystava\u0165 \u00fa\u010det na Linkedin z poh\u013eadu n\u00e1bor\u00e1ra, sa \u0161tudentky a \u0161tudenti z\u00e1rove\u0148 dozvedeli u\u017eito\u010dn\u00e9 inform\u00e1cie o mo\u017enostiach absolvovania st\u00e1\u017ee v spolo\u010dnosti ARVAL, ktor\u00e1 je \u010dlenom skupiny BPN Paribas, na r\u00f4znych poz\u00edci\u00e1ch (project manager, policy analyst, marketing specialist at\u010f.) vr\u00e1tane pr\u00e1ce na \u010diasto\u010dn\u00fd aj pln\u00fd \u00fav\u00e4zok a online formy pr\u00e1ce.<br \/>\n\u010eakujeme spolo\u010dnosti ARVAL a UNIPOC za pozvanie na t\u00fato zauj\u00edmav\u00fa predn\u00e1\u0161ku.<\/p>\n<p style=\"text-align:justify\"><strong>doc. PhDr. Sl\u00e1vka Janigov\u00e1, PhD.<\/strong><br \/>\ndocentka KAA FF UPJ\u0160<\/p>\n","protected":false},"excerpt":{"rendered":"<p>\u00a0 \u0160tudentky a \u0161tudenti Katedry anglistiky a amerikanistiky Filozofickej fakulty UPJ\u0160 v Ko\u0161iciach sa v utorok 4. 10. 2022 z\u00fa\u010dastnili na prvej predn\u00e1\u0161ke z praxe na t\u00e9mu Linkedin \u2013 v\u00fdznam prezent\u00e1cie pre \u00faspe\u0161nos\u0165 na trhu pr\u00e1ce, ktor\u00fa pripravili a zorganizovali z\u00e1stupkyne spolo\u010dnosti Arval Competence Centre v spolupr\u00e1ci s Univerzitn\u00fdm poradensk\u00fdm centrom UNIPOC. Okrem praktick\u00fdch inform\u00e1ci\u00ed &hellip; <a href=\"https:\/\/www.upjs.sk\/filozoficka-fakulta\/upjs-life\/kaa-prednasky-z-praxe-arval\/\">\u010c\u00edta\u0165 \u010falej<\/a><\/p>\n","protected":false},"author":1,"featured_media":19538,"menu_order":0,"template":"","meta":{"_acf_changed":false,"_editorskit_title_hidden":false,"_editorskit_reading_time":0,"_editorskit_is_block_options_detached":false,"_editorskit_block_options_position":"{}"},"categories":[],"tags":[],"tax_aktuality":[],"class_list":["post-19537","cpt_zo-zivota-upjs","type-cpt_zo-zivota-upjs","status-publish","has-post-thumbnail","hentry"],"acf":{"acf_link_na_externy_obsah":""},"yoast_head":"<!-- This site is optimized with the Yoast SEO plugin v27.4 - https:\/\/yoast.com\/product\/yoast-seo-wordpress\/ -->\n<title>Prv\u00e1 &quot;predn\u00e1\u0161ka z praxe&quot; pre \u0161tudentov KAA FF UPJ\u0160 v tomto semestri - Filozofick\u00e1 fakulta | UPJ\u0160<\/title>\n<meta name=\"robots\" content=\"index, follow, max-snippet:-1, max-image-preview:large, max-video-preview:-1\" \/>\n<link rel=\"canonical\" href=\"https:\/\/www.upjs.sk\/filozoficka-fakulta\/upjs-life\/kaa-prednasky-z-praxe-arval\/\" \/>\n<meta property=\"og:locale\" content=\"sk_SK\" \/>\n<meta property=\"og:type\" content=\"article\" \/>\n<meta property=\"og:title\" content=\"Prv\u00e1 &quot;predn\u00e1\u0161ka z praxe&quot; pre \u0161tudentov KAA FF UPJ\u0160 v tomto semestri - Filozofick\u00e1 fakulta | UPJ\u0160\" \/>\n<meta property=\"og:description\" content=\"\u00a0 \u0160tudentky a \u0161tudenti Katedry anglistiky a amerikanistiky Filozofickej fakulty UPJ\u0160 v Ko\u0161iciach sa v utorok 4. 10. 2022 z\u00fa\u010dastnili na prvej predn\u00e1\u0161ke z praxe na t\u00e9mu Linkedin \u2013 v\u00fdznam prezent\u00e1cie pre \u00faspe\u0161nos\u0165 na trhu pr\u00e1ce, ktor\u00fa pripravili a zorganizovali z\u00e1stupkyne spolo\u010dnosti Arval Competence Centre v spolupr\u00e1ci s Univerzitn\u00fdm poradensk\u00fdm centrom UNIPOC. Okrem praktick\u00fdch inform\u00e1ci\u00ed &hellip; \u010c\u00edta\u0165 \u010falej\" \/>\n<meta property=\"og:url\" content=\"https:\/\/www.upjs.sk\/filozoficka-fakulta\/upjs-life\/kaa-prednasky-z-praxe-arval\/\" \/>\n<meta property=\"og:site_name\" content=\"Filozofick\u00e1 fakulta | UPJ\u0160\" \/>\n<meta property=\"og:image\" content=\"https:\/\/www.upjs.sk\/app\/uploads\/sites\/7\/2022\/10\/mbanner-prednasky-z-praxe.jpg\" \/>\n\t<meta property=\"og:image:width\" content=\"900\" \/>\n\t<meta property=\"og:image:height\" content=\"500\" \/>\n\t<meta property=\"og:image:type\" content=\"image\/jpeg\" \/>\n<meta name=\"twitter:card\" content=\"summary_large_image\" \/>\n<meta name=\"twitter:label1\" content=\"Predpokladan\u00fd \u010das \u010d\u00edtania\" \/>\n\t<meta name=\"twitter:data1\" content=\"1 min\u00fata\" \/>\n<script type=\"application\/ld+json\" class=\"yoast-schema-graph\">{\"@context\":\"https:\\\/\\\/schema.org\",\"@graph\":[{\"@type\":\"WebPage\",\"@id\":\"https:\\\/\\\/www.upjs.sk\\\/filozoficka-fakulta\\\/upjs-life\\\/kaa-prednasky-z-praxe-arval\\\/\",\"url\":\"https:\\\/\\\/www.upjs.sk\\\/filozoficka-fakulta\\\/upjs-life\\\/kaa-prednasky-z-praxe-arval\\\/\",\"name\":\"Prv\u00e1 \\\"predn\u00e1\u0161ka z praxe\\\" pre \u0161tudentov KAA FF UPJ\u0160 v tomto semestri - Filozofick\u00e1 fakulta | UPJ\u0160\",\"isPartOf\":{\"@id\":\"https:\\\/\\\/www.upjs.sk\\\/filozoficka-fakulta\\\/#website\"},\"primaryImageOfPage\":{\"@id\":\"https:\\\/\\\/www.upjs.sk\\\/filozoficka-fakulta\\\/upjs-life\\\/kaa-prednasky-z-praxe-arval\\\/#primaryimage\"},\"image\":{\"@id\":\"https:\\\/\\\/www.upjs.sk\\\/filozoficka-fakulta\\\/upjs-life\\\/kaa-prednasky-z-praxe-arval\\\/#primaryimage\"},\"thumbnailUrl\":\"https:\\\/\\\/www.upjs.sk\\\/app\\\/uploads\\\/sites\\\/7\\\/2022\\\/10\\\/mbanner-prednasky-z-praxe.jpg\",\"datePublished\":\"2022-10-06T11:54:46+00:00\",\"breadcrumb\":{\"@id\":\"https:\\\/\\\/www.upjs.sk\\\/filozoficka-fakulta\\\/upjs-life\\\/kaa-prednasky-z-praxe-arval\\\/#breadcrumb\"},\"inLanguage\":\"sk-SK\",\"potentialAction\":[{\"@type\":\"ReadAction\",\"target\":[\"https:\\\/\\\/www.upjs.sk\\\/filozoficka-fakulta\\\/upjs-life\\\/kaa-prednasky-z-praxe-arval\\\/\"]}]},{\"@type\":\"ImageObject\",\"inLanguage\":\"sk-SK\",\"@id\":\"https:\\\/\\\/www.upjs.sk\\\/filozoficka-fakulta\\\/upjs-life\\\/kaa-prednasky-z-praxe-arval\\\/#primaryimage\",\"url\":\"https:\\\/\\\/www.upjs.sk\\\/app\\\/uploads\\\/sites\\\/7\\\/2022\\\/10\\\/mbanner-prednasky-z-praxe.jpg\",\"contentUrl\":\"https:\\\/\\\/www.upjs.sk\\\/app\\\/uploads\\\/sites\\\/7\\\/2022\\\/10\\\/mbanner-prednasky-z-praxe.jpg\",\"width\":900,\"height\":500,\"caption\":\"KAA-prednasky-z-praxe-Arval\"},{\"@type\":\"BreadcrumbList\",\"@id\":\"https:\\\/\\\/www.upjs.sk\\\/filozoficka-fakulta\\\/upjs-life\\\/kaa-prednasky-z-praxe-arval\\\/#breadcrumb\",\"itemListElement\":[{\"@type\":\"ListItem\",\"position\":1,\"name\":\"Home\",\"item\":\"https:\\\/\\\/www.upjs.sk\\\/filozoficka-fakulta\\\/\"},{\"@type\":\"ListItem\",\"position\":2,\"name\":\"Zo \u017eivota fakulty\",\"item\":\"https:\\\/\\\/www.upjs.sk\\\/filozoficka-fakulta\\\/upjs-life\\\/\"},{\"@type\":\"ListItem\",\"position\":3,\"name\":\"Prv\u00e1 &#8220;predn\u00e1\u0161ka z praxe&#8221; pre \u0161tudentov KAA FF UPJ\u0160 v tomto semestri\"}]},{\"@type\":\"WebSite\",\"@id\":\"https:\\\/\\\/www.upjs.sk\\\/filozoficka-fakulta\\\/#website\",\"url\":\"https:\\\/\\\/www.upjs.sk\\\/filozoficka-fakulta\\\/\",\"name\":\"Filozofick\u00e1 fakulta | UPJ\u0160\",\"description\":\"\",\"publisher\":{\"@id\":\"https:\\\/\\\/www.upjs.sk\\\/filozoficka-fakulta\\\/#organization\"},\"potentialAction\":[{\"@type\":\"SearchAction\",\"target\":{\"@type\":\"EntryPoint\",\"urlTemplate\":\"https:\\\/\\\/www.upjs.sk\\\/filozoficka-fakulta\\\/?s={search_term_string}\"},\"query-input\":{\"@type\":\"PropertyValueSpecification\",\"valueRequired\":true,\"valueName\":\"search_term_string\"}}],\"inLanguage\":\"sk-SK\"},{\"@type\":\"Organization\",\"@id\":\"https:\\\/\\\/www.upjs.sk\\\/filozoficka-fakulta\\\/#organization\",\"name\":\"Filozofick\u00e1 fakulta | UPJ\u0160\",\"url\":\"https:\\\/\\\/www.upjs.sk\\\/filozoficka-fakulta\\\/\",\"logo\":{\"@type\":\"ImageObject\",\"inLanguage\":\"sk-SK\",\"@id\":\"https:\\\/\\\/www.upjs.sk\\\/filozoficka-fakulta\\\/#\\\/schema\\\/logo\\\/image\\\/\",\"url\":\"https:\\\/\\\/www.upjs.sk\\\/app\\\/uploads\\\/sites\\\/7\\\/2022\\\/09\\\/logo-filozoficka-fakulta.png\",\"contentUrl\":\"https:\\\/\\\/www.upjs.sk\\\/app\\\/uploads\\\/sites\\\/7\\\/2022\\\/09\\\/logo-filozoficka-fakulta.png\",\"width\":415,\"height\":87,\"caption\":\"Filozofick\u00e1 fakulta | UPJ\u0160\"},\"image\":{\"@id\":\"https:\\\/\\\/www.upjs.sk\\\/filozoficka-fakulta\\\/#\\\/schema\\\/logo\\\/image\\\/\"}}]}<\/script>\n<!-- \/ Yoast SEO plugin. -->","yoast_head_json":{"title":"Prv\u00e1 \"predn\u00e1\u0161ka z praxe\" pre \u0161tudentov KAA FF UPJ\u0160 v tomto semestri - Filozofick\u00e1 fakulta | UPJ\u0160","robots":{"index":"index","follow":"follow","max-snippet":"max-snippet:-1","max-image-preview":"max-image-preview:large","max-video-preview":"max-video-preview:-1"},"canonical":"https:\/\/www.upjs.sk\/filozoficka-fakulta\/upjs-life\/kaa-prednasky-z-praxe-arval\/","og_locale":"sk_SK","og_type":"article","og_title":"Prv\u00e1 \"predn\u00e1\u0161ka z praxe\" pre \u0161tudentov KAA FF UPJ\u0160 v tomto semestri - Filozofick\u00e1 fakulta | UPJ\u0160","og_description":"\u00a0 \u0160tudentky a \u0161tudenti Katedry anglistiky a amerikanistiky Filozofickej fakulty UPJ\u0160 v Ko\u0161iciach sa v utorok 4. 10. 2022 z\u00fa\u010dastnili na prvej predn\u00e1\u0161ke z praxe na t\u00e9mu Linkedin \u2013 v\u00fdznam prezent\u00e1cie pre \u00faspe\u0161nos\u0165 na trhu pr\u00e1ce, ktor\u00fa pripravili a zorganizovali z\u00e1stupkyne spolo\u010dnosti Arval Competence Centre v spolupr\u00e1ci s Univerzitn\u00fdm poradensk\u00fdm centrom UNIPOC. Okrem praktick\u00fdch inform\u00e1ci\u00ed &hellip; \u010c\u00edta\u0165 \u010falej","og_url":"https:\/\/www.upjs.sk\/filozoficka-fakulta\/upjs-life\/kaa-prednasky-z-praxe-arval\/","og_site_name":"Filozofick\u00e1 fakulta | UPJ\u0160","og_image":[{"width":900,"height":500,"url":"https:\/\/www.upjs.sk\/app\/uploads\/sites\/7\/2022\/10\/mbanner-prednasky-z-praxe.jpg","type":"image\/jpeg"}],"twitter_card":"summary_large_image","twitter_misc":{"Predpokladan\u00fd \u010das \u010d\u00edtania":"1 min\u00fata"},"schema":{"@context":"https:\/\/schema.org","@graph":[{"@type":"WebPage","@id":"https:\/\/www.upjs.sk\/filozoficka-fakulta\/upjs-life\/kaa-prednasky-z-praxe-arval\/","url":"https:\/\/www.upjs.sk\/filozoficka-fakulta\/upjs-life\/kaa-prednasky-z-praxe-arval\/","name":"Prv\u00e1 \"predn\u00e1\u0161ka z praxe\" pre \u0161tudentov KAA FF UPJ\u0160 v tomto semestri - Filozofick\u00e1 fakulta | UPJ\u0160","isPartOf":{"@id":"https:\/\/www.upjs.sk\/filozoficka-fakulta\/#website"},"primaryImageOfPage":{"@id":"https:\/\/www.upjs.sk\/filozoficka-fakulta\/upjs-life\/kaa-prednasky-z-praxe-arval\/#primaryimage"},"image":{"@id":"https:\/\/www.upjs.sk\/filozoficka-fakulta\/upjs-life\/kaa-prednasky-z-praxe-arval\/#primaryimage"},"thumbnailUrl":"https:\/\/www.upjs.sk\/app\/uploads\/sites\/7\/2022\/10\/mbanner-prednasky-z-praxe.jpg","datePublished":"2022-10-06T11:54:46+00:00","breadcrumb":{"@id":"https:\/\/www.upjs.sk\/filozoficka-fakulta\/upjs-life\/kaa-prednasky-z-praxe-arval\/#breadcrumb"},"inLanguage":"sk-SK","potentialAction":[{"@type":"ReadAction","target":["https:\/\/www.upjs.sk\/filozoficka-fakulta\/upjs-life\/kaa-prednasky-z-praxe-arval\/"]}]},{"@type":"ImageObject","inLanguage":"sk-SK","@id":"https:\/\/www.upjs.sk\/filozoficka-fakulta\/upjs-life\/kaa-prednasky-z-praxe-arval\/#primaryimage","url":"https:\/\/www.upjs.sk\/app\/uploads\/sites\/7\/2022\/10\/mbanner-prednasky-z-praxe.jpg","contentUrl":"https:\/\/www.upjs.sk\/app\/uploads\/sites\/7\/2022\/10\/mbanner-prednasky-z-praxe.jpg","width":900,"height":500,"caption":"KAA-prednasky-z-praxe-Arval"},{"@type":"BreadcrumbList","@id":"https:\/\/www.upjs.sk\/filozoficka-fakulta\/upjs-life\/kaa-prednasky-z-praxe-arval\/#breadcrumb","itemListElement":[{"@type":"ListItem","position":1,"name":"Home","item":"https:\/\/www.upjs.sk\/filozoficka-fakulta\/"},{"@type":"ListItem","position":2,"name":"Zo \u017eivota fakulty","item":"https:\/\/www.upjs.sk\/filozoficka-fakulta\/upjs-life\/"},{"@type":"ListItem","position":3,"name":"Prv\u00e1 &#8220;predn\u00e1\u0161ka z praxe&#8221; pre \u0161tudentov KAA FF UPJ\u0160 v tomto semestri"}]},{"@type":"WebSite","@id":"https:\/\/www.upjs.sk\/filozoficka-fakulta\/#website","url":"https:\/\/www.upjs.sk\/filozoficka-fakulta\/","name":"Filozofick\u00e1 fakulta | UPJ\u0160","description":"","publisher":{"@id":"https:\/\/www.upjs.sk\/filozoficka-fakulta\/#organization"},"potentialAction":[{"@type":"SearchAction","target":{"@type":"EntryPoint","urlTemplate":"https:\/\/www.upjs.sk\/filozoficka-fakulta\/?s={search_term_string}"},"query-input":{"@type":"PropertyValueSpecification","valueRequired":true,"valueName":"search_term_string"}}],"inLanguage":"sk-SK"},{"@type":"Organization","@id":"https:\/\/www.upjs.sk\/filozoficka-fakulta\/#organization","name":"Filozofick\u00e1 fakulta | UPJ\u0160","url":"https:\/\/www.upjs.sk\/filozoficka-fakulta\/","logo":{"@type":"ImageObject","inLanguage":"sk-SK","@id":"https:\/\/www.upjs.sk\/filozoficka-fakulta\/#\/schema\/logo\/image\/","url":"https:\/\/www.upjs.sk\/app\/uploads\/sites\/7\/2022\/09\/logo-filozoficka-fakulta.png","contentUrl":"https:\/\/www.upjs.sk\/app\/uploads\/sites\/7\/2022\/09\/logo-filozoficka-fakulta.png","width":415,"height":87,"caption":"Filozofick\u00e1 fakulta | UPJ\u0160"},"image":{"@id":"https:\/\/www.upjs.sk\/filozoficka-fakulta\/#\/schema\/logo\/image\/"}}]}},"_links":{"self":[{"href":"https:\/\/www.upjs.sk\/filozoficka-fakulta\/wp-json\/wp\/v2\/cpt_zo-zivota-upjs\/19537","targetHints":{"allow":["GET"]}}],"collection":[{"href":"https:\/\/www.upjs.sk\/filozoficka-fakulta\/wp-json\/wp\/v2\/cpt_zo-zivota-upjs"}],"about":[{"href":"https:\/\/www.upjs.sk\/filozoficka-fakulta\/wp-json\/wp\/v2\/types\/cpt_zo-zivota-upjs"}],"author":[{"embeddable":true,"href":"https:\/\/www.upjs.sk\/filozoficka-fakulta\/wp-json\/wp\/v2\/users\/1"}],"wp:featuredmedia":[{"embeddable":true,"href":"https:\/\/www.upjs.sk\/filozoficka-fakulta\/wp-json\/wp\/v2\/media\/19538"}],"wp:attachment":[{"href":"https:\/\/www.upjs.sk\/filozoficka-fakulta\/wp-json\/wp\/v2\/media?parent=19537"}],"wp:term":[{"taxonomy":"category","embeddable":true,"href":"https:\/\/www.upjs.sk\/filozoficka-fakulta\/wp-json\/wp\/v2\/categories?post=19537"},{"taxonomy":"post_tag","embeddable":true,"href":"https:\/\/www.upjs.sk\/filozoficka-fakulta\/wp-json\/wp\/v2\/tags?post=19537"},{"taxonomy":"tax_aktuality","embeddable":true,"href":"https:\/\/www.upjs.sk\/filozoficka-fakulta\/wp-json\/wp\/v2\/tax_aktuality?post=19537"}],"curies":[{"name":"wp","href":"https:\/\/api.w.org\/{rel}","templated":true}]}}