{"id":19704,"date":"2020-02-25T09:34:46","date_gmt":"2020-02-25T09:34:46","guid":{"rendered":"https:\/\/www.upjs.sk\/filozoficka-fakulta\/upjs-life\/kk-onjal-2020\/"},"modified":"2020-02-25T09:34:46","modified_gmt":"2020-02-25T09:34:46","slug":"kk-onjal-2020","status":"publish","type":"cpt_zo-zivota-upjs","link":"https:\/\/www.upjs.sk\/filozoficka-fakulta\/upjs-life\/kk-onjal-2020\/","title":{"rendered":"V Los Angeles Oscary, na Katedre germanistiky FF UPJ\u0160 Olympi\u00e1da v nemeckom jazyku"},"content":{"rendered":"<p>\u00a0<\/p>\n<p style=\"text-align: justify;\">\u017diaci stredn\u00fdch \u0161k\u00f4l sa 11. febru\u00e1ra 2020 stretli na <span style=\"color:#FFA500\"><strong>Katedre germanistiky Filozofickej fakulty UPJ\u0160 v Ko\u0161iciach<\/strong><\/span>, aby si v krajskom kole <strong>Olympi\u00e1dy v nemeckom jazyku<\/strong> preverili svoje jazykov\u00e9 zru\u010dnosti. S\u00fa\u0165a\u017eiaci rie\u0161ili n\u00e1ro\u010dn\u00e9 \u00falohy z po\u010d\u00favania a \u010d\u00edtania s porozumen\u00edm, absolvovali test z gramatiky a zo slovnej z\u00e1soby a zmerali si sily aj v \u00fastnom prejave. Predov\u0161etk\u00fdm v \u00fastnom prejave prekvapili \u00fa\u010dastn\u00edci olympi\u00e1dy svojou kreativitou a schopnos\u0165ou pohotovo reagova\u0165 na r\u00f4zne okruhy probl\u00e9mov. Ve\u013emi dobr\u00e1 jazykov\u00e1 \u00farove\u0148 38 s\u00fa\u0165a\u017eiacich potvrdzuje, \u017ee stredo\u0161kol\u00e1ci sa vedia pre nem\u010dinu nadchn\u00fa\u0165, aj ke\u010f m\u00e1 poves\u0165 n\u00e1ro\u010dn\u00e9ho predmetu.<br \/>\nKrajsk\u00e9 kolo olympi\u00e1dy sa konalo pod z\u00e1\u0161titou predsedn\u00ed\u010dky <strong>PaedDr. Ingrid Puchalovej, PhD.<\/strong>, ved\u00facej KG FF UPJ\u0160. \u010clenky katedry pracovali spolu so stredo\u0161kolsk\u00fdmi u\u010dite\u013ekami v \u0161tyroch komisi\u00e1ch na FF UPJ\u0160, \u010fal\u0161ie tri kateg\u00f3rie sa konali na Gymn\u00e1ziu \u0160rob\u00e1rova, s ktorou KG FF UPJ\u0160 u\u017e viac rokov \u00faspe\u0161ne spolupracuje.<br \/>\nV\u00ed\u0165azi v\u0161etk\u00fdch kateg\u00f3ri\u00ed postupuj\u00fa do celoslovensk\u00e9ho kola. Dr\u017e\u00edme im palce, prajeme ve\u013ea \u00faspechov a ver\u00edme, \u017ee niektor\u00fdch z nich budeme m\u00f4c\u0165 priv\u00edta\u0165 nesk\u00f4r u n\u00e1s ako \u0161tudentov germanistiky.<\/p>\n<p style=\"text-align: justify;\">Zdroj: <a href=\"http:\/\/katedragermanistiky.webnode.sk\" target=\"_blank\" rel=\"noopener\">katedragermanistiky.webnode.sk<\/a><\/p>\n","protected":false},"excerpt":{"rendered":"<p>\u00a0 \u017diaci stredn\u00fdch \u0161k\u00f4l sa 11. febru\u00e1ra 2020 stretli na Katedre germanistiky Filozofickej fakulty UPJ\u0160 v Ko\u0161iciach, aby si v krajskom kole Olympi\u00e1dy v nemeckom jazyku preverili svoje jazykov\u00e9 zru\u010dnosti. S\u00fa\u0165a\u017eiaci rie\u0161ili n\u00e1ro\u010dn\u00e9 \u00falohy z po\u010d\u00favania a \u010d\u00edtania s porozumen\u00edm, absolvovali test z gramatiky a zo slovnej z\u00e1soby a zmerali si sily aj v \u00fastnom &hellip; <a href=\"https:\/\/www.upjs.sk\/filozoficka-fakulta\/upjs-life\/kk-onjal-2020\/\">\u010c\u00edta\u0165 \u010falej<\/a><\/p>\n","protected":false},"author":1,"featured_media":11513,"menu_order":0,"template":"","meta":{"_acf_changed":false,"_editorskit_title_hidden":false,"_editorskit_reading_time":0,"_editorskit_is_block_options_detached":false,"_editorskit_block_options_position":"{}"},"categories":[],"tags":[],"tax_aktuality":[],"class_list":["post-19704","cpt_zo-zivota-upjs","type-cpt_zo-zivota-upjs","status-publish","has-post-thumbnail","hentry"],"acf":{"acf_link_na_externy_obsah":""},"yoast_head":"<!-- This site is optimized with the Yoast SEO plugin v27.4 - https:\/\/yoast.com\/product\/yoast-seo-wordpress\/ -->\n<title>V Los Angeles Oscary, na Katedre germanistiky FF UPJ\u0160 Olympi\u00e1da v nemeckom jazyku - Filozofick\u00e1 fakulta | UPJ\u0160<\/title>\n<meta name=\"robots\" content=\"index, follow, max-snippet:-1, max-image-preview:large, max-video-preview:-1\" \/>\n<link rel=\"canonical\" href=\"https:\/\/www.upjs.sk\/filozoficka-fakulta\/upjs-life\/kk-onjal-2020\/\" \/>\n<meta property=\"og:locale\" content=\"sk_SK\" \/>\n<meta property=\"og:type\" content=\"article\" \/>\n<meta property=\"og:title\" content=\"V Los Angeles Oscary, na Katedre germanistiky FF UPJ\u0160 Olympi\u00e1da v nemeckom jazyku - Filozofick\u00e1 fakulta | UPJ\u0160\" \/>\n<meta property=\"og:description\" content=\"\u00a0 \u017diaci stredn\u00fdch \u0161k\u00f4l sa 11. febru\u00e1ra 2020 stretli na Katedre germanistiky Filozofickej fakulty UPJ\u0160 v Ko\u0161iciach, aby si v krajskom kole Olympi\u00e1dy v nemeckom jazyku preverili svoje jazykov\u00e9 zru\u010dnosti. S\u00fa\u0165a\u017eiaci rie\u0161ili n\u00e1ro\u010dn\u00e9 \u00falohy z po\u010d\u00favania a \u010d\u00edtania s porozumen\u00edm, absolvovali test z gramatiky a zo slovnej z\u00e1soby a zmerali si sily aj v \u00fastnom &hellip; \u010c\u00edta\u0165 \u010falej\" \/>\n<meta property=\"og:url\" content=\"https:\/\/www.upjs.sk\/filozoficka-fakulta\/upjs-life\/kk-onjal-2020\/\" \/>\n<meta property=\"og:site_name\" content=\"Filozofick\u00e1 fakulta | UPJ\u0160\" \/>\n<meta property=\"og:image\" content=\"https:\/\/www.upjs.sk\/app\/uploads\/sites\/7\/2022\/09\/4.jpg\" \/>\n\t<meta property=\"og:image:width\" content=\"800\" \/>\n\t<meta property=\"og:image:height\" content=\"533\" \/>\n\t<meta property=\"og:image:type\" content=\"image\/jpeg\" \/>\n<meta name=\"twitter:card\" content=\"summary_large_image\" \/>\n<meta name=\"twitter:label1\" content=\"Predpokladan\u00fd \u010das \u010d\u00edtania\" \/>\n\t<meta name=\"twitter:data1\" content=\"1 min\u00fata\" \/>\n<script type=\"application\/ld+json\" class=\"yoast-schema-graph\">{\"@context\":\"https:\\\/\\\/schema.org\",\"@graph\":[{\"@type\":\"WebPage\",\"@id\":\"https:\\\/\\\/www.upjs.sk\\\/filozoficka-fakulta\\\/upjs-life\\\/kk-onjal-2020\\\/\",\"url\":\"https:\\\/\\\/www.upjs.sk\\\/filozoficka-fakulta\\\/upjs-life\\\/kk-onjal-2020\\\/\",\"name\":\"V Los Angeles Oscary, na Katedre germanistiky FF UPJ\u0160 Olympi\u00e1da v nemeckom jazyku - Filozofick\u00e1 fakulta | UPJ\u0160\",\"isPartOf\":{\"@id\":\"https:\\\/\\\/www.upjs.sk\\\/filozoficka-fakulta\\\/#website\"},\"primaryImageOfPage\":{\"@id\":\"https:\\\/\\\/www.upjs.sk\\\/filozoficka-fakulta\\\/upjs-life\\\/kk-onjal-2020\\\/#primaryimage\"},\"image\":{\"@id\":\"https:\\\/\\\/www.upjs.sk\\\/filozoficka-fakulta\\\/upjs-life\\\/kk-onjal-2020\\\/#primaryimage\"},\"thumbnailUrl\":\"https:\\\/\\\/www.upjs.sk\\\/app\\\/uploads\\\/sites\\\/7\\\/2022\\\/09\\\/4.jpg\",\"datePublished\":\"2020-02-25T09:34:46+00:00\",\"breadcrumb\":{\"@id\":\"https:\\\/\\\/www.upjs.sk\\\/filozoficka-fakulta\\\/upjs-life\\\/kk-onjal-2020\\\/#breadcrumb\"},\"inLanguage\":\"sk-SK\",\"potentialAction\":[{\"@type\":\"ReadAction\",\"target\":[\"https:\\\/\\\/www.upjs.sk\\\/filozoficka-fakulta\\\/upjs-life\\\/kk-onjal-2020\\\/\"]}]},{\"@type\":\"ImageObject\",\"inLanguage\":\"sk-SK\",\"@id\":\"https:\\\/\\\/www.upjs.sk\\\/filozoficka-fakulta\\\/upjs-life\\\/kk-onjal-2020\\\/#primaryimage\",\"url\":\"https:\\\/\\\/www.upjs.sk\\\/app\\\/uploads\\\/sites\\\/7\\\/2022\\\/09\\\/4.jpg\",\"contentUrl\":\"https:\\\/\\\/www.upjs.sk\\\/app\\\/uploads\\\/sites\\\/7\\\/2022\\\/09\\\/4.jpg\",\"width\":800,\"height\":533,\"caption\":\"KK-ONJaL-2020\"},{\"@type\":\"BreadcrumbList\",\"@id\":\"https:\\\/\\\/www.upjs.sk\\\/filozoficka-fakulta\\\/upjs-life\\\/kk-onjal-2020\\\/#breadcrumb\",\"itemListElement\":[{\"@type\":\"ListItem\",\"position\":1,\"name\":\"Home\",\"item\":\"https:\\\/\\\/www.upjs.sk\\\/filozoficka-fakulta\\\/\"},{\"@type\":\"ListItem\",\"position\":2,\"name\":\"Zo \u017eivota fakulty\",\"item\":\"https:\\\/\\\/www.upjs.sk\\\/filozoficka-fakulta\\\/upjs-life\\\/\"},{\"@type\":\"ListItem\",\"position\":3,\"name\":\"V Los Angeles Oscary, na Katedre germanistiky FF UPJ\u0160 Olympi\u00e1da v nemeckom jazyku\"}]},{\"@type\":\"WebSite\",\"@id\":\"https:\\\/\\\/www.upjs.sk\\\/filozoficka-fakulta\\\/#website\",\"url\":\"https:\\\/\\\/www.upjs.sk\\\/filozoficka-fakulta\\\/\",\"name\":\"Filozofick\u00e1 fakulta | UPJ\u0160\",\"description\":\"\",\"publisher\":{\"@id\":\"https:\\\/\\\/www.upjs.sk\\\/filozoficka-fakulta\\\/#organization\"},\"potentialAction\":[{\"@type\":\"SearchAction\",\"target\":{\"@type\":\"EntryPoint\",\"urlTemplate\":\"https:\\\/\\\/www.upjs.sk\\\/filozoficka-fakulta\\\/?s={search_term_string}\"},\"query-input\":{\"@type\":\"PropertyValueSpecification\",\"valueRequired\":true,\"valueName\":\"search_term_string\"}}],\"inLanguage\":\"sk-SK\"},{\"@type\":\"Organization\",\"@id\":\"https:\\\/\\\/www.upjs.sk\\\/filozoficka-fakulta\\\/#organization\",\"name\":\"Filozofick\u00e1 fakulta | UPJ\u0160\",\"url\":\"https:\\\/\\\/www.upjs.sk\\\/filozoficka-fakulta\\\/\",\"logo\":{\"@type\":\"ImageObject\",\"inLanguage\":\"sk-SK\",\"@id\":\"https:\\\/\\\/www.upjs.sk\\\/filozoficka-fakulta\\\/#\\\/schema\\\/logo\\\/image\\\/\",\"url\":\"https:\\\/\\\/www.upjs.sk\\\/app\\\/uploads\\\/sites\\\/7\\\/2022\\\/09\\\/logo-filozoficka-fakulta.png\",\"contentUrl\":\"https:\\\/\\\/www.upjs.sk\\\/app\\\/uploads\\\/sites\\\/7\\\/2022\\\/09\\\/logo-filozoficka-fakulta.png\",\"width\":415,\"height\":87,\"caption\":\"Filozofick\u00e1 fakulta | UPJ\u0160\"},\"image\":{\"@id\":\"https:\\\/\\\/www.upjs.sk\\\/filozoficka-fakulta\\\/#\\\/schema\\\/logo\\\/image\\\/\"}}]}<\/script>\n<!-- \/ Yoast SEO plugin. -->","yoast_head_json":{"title":"V Los Angeles Oscary, na Katedre germanistiky FF UPJ\u0160 Olympi\u00e1da v nemeckom jazyku - Filozofick\u00e1 fakulta | UPJ\u0160","robots":{"index":"index","follow":"follow","max-snippet":"max-snippet:-1","max-image-preview":"max-image-preview:large","max-video-preview":"max-video-preview:-1"},"canonical":"https:\/\/www.upjs.sk\/filozoficka-fakulta\/upjs-life\/kk-onjal-2020\/","og_locale":"sk_SK","og_type":"article","og_title":"V Los Angeles Oscary, na Katedre germanistiky FF UPJ\u0160 Olympi\u00e1da v nemeckom jazyku - Filozofick\u00e1 fakulta | UPJ\u0160","og_description":"\u00a0 \u017diaci stredn\u00fdch \u0161k\u00f4l sa 11. febru\u00e1ra 2020 stretli na Katedre germanistiky Filozofickej fakulty UPJ\u0160 v Ko\u0161iciach, aby si v krajskom kole Olympi\u00e1dy v nemeckom jazyku preverili svoje jazykov\u00e9 zru\u010dnosti. S\u00fa\u0165a\u017eiaci rie\u0161ili n\u00e1ro\u010dn\u00e9 \u00falohy z po\u010d\u00favania a \u010d\u00edtania s porozumen\u00edm, absolvovali test z gramatiky a zo slovnej z\u00e1soby a zmerali si sily aj v \u00fastnom &hellip; \u010c\u00edta\u0165 \u010falej","og_url":"https:\/\/www.upjs.sk\/filozoficka-fakulta\/upjs-life\/kk-onjal-2020\/","og_site_name":"Filozofick\u00e1 fakulta | UPJ\u0160","og_image":[{"width":800,"height":533,"url":"https:\/\/www.upjs.sk\/app\/uploads\/sites\/7\/2022\/09\/4.jpg","type":"image\/jpeg"}],"twitter_card":"summary_large_image","twitter_misc":{"Predpokladan\u00fd \u010das \u010d\u00edtania":"1 min\u00fata"},"schema":{"@context":"https:\/\/schema.org","@graph":[{"@type":"WebPage","@id":"https:\/\/www.upjs.sk\/filozoficka-fakulta\/upjs-life\/kk-onjal-2020\/","url":"https:\/\/www.upjs.sk\/filozoficka-fakulta\/upjs-life\/kk-onjal-2020\/","name":"V Los Angeles Oscary, na Katedre germanistiky FF UPJ\u0160 Olympi\u00e1da v nemeckom jazyku - Filozofick\u00e1 fakulta | UPJ\u0160","isPartOf":{"@id":"https:\/\/www.upjs.sk\/filozoficka-fakulta\/#website"},"primaryImageOfPage":{"@id":"https:\/\/www.upjs.sk\/filozoficka-fakulta\/upjs-life\/kk-onjal-2020\/#primaryimage"},"image":{"@id":"https:\/\/www.upjs.sk\/filozoficka-fakulta\/upjs-life\/kk-onjal-2020\/#primaryimage"},"thumbnailUrl":"https:\/\/www.upjs.sk\/app\/uploads\/sites\/7\/2022\/09\/4.jpg","datePublished":"2020-02-25T09:34:46+00:00","breadcrumb":{"@id":"https:\/\/www.upjs.sk\/filozoficka-fakulta\/upjs-life\/kk-onjal-2020\/#breadcrumb"},"inLanguage":"sk-SK","potentialAction":[{"@type":"ReadAction","target":["https:\/\/www.upjs.sk\/filozoficka-fakulta\/upjs-life\/kk-onjal-2020\/"]}]},{"@type":"ImageObject","inLanguage":"sk-SK","@id":"https:\/\/www.upjs.sk\/filozoficka-fakulta\/upjs-life\/kk-onjal-2020\/#primaryimage","url":"https:\/\/www.upjs.sk\/app\/uploads\/sites\/7\/2022\/09\/4.jpg","contentUrl":"https:\/\/www.upjs.sk\/app\/uploads\/sites\/7\/2022\/09\/4.jpg","width":800,"height":533,"caption":"KK-ONJaL-2020"},{"@type":"BreadcrumbList","@id":"https:\/\/www.upjs.sk\/filozoficka-fakulta\/upjs-life\/kk-onjal-2020\/#breadcrumb","itemListElement":[{"@type":"ListItem","position":1,"name":"Home","item":"https:\/\/www.upjs.sk\/filozoficka-fakulta\/"},{"@type":"ListItem","position":2,"name":"Zo \u017eivota fakulty","item":"https:\/\/www.upjs.sk\/filozoficka-fakulta\/upjs-life\/"},{"@type":"ListItem","position":3,"name":"V Los Angeles Oscary, na Katedre germanistiky FF UPJ\u0160 Olympi\u00e1da v nemeckom jazyku"}]},{"@type":"WebSite","@id":"https:\/\/www.upjs.sk\/filozoficka-fakulta\/#website","url":"https:\/\/www.upjs.sk\/filozoficka-fakulta\/","name":"Filozofick\u00e1 fakulta | UPJ\u0160","description":"","publisher":{"@id":"https:\/\/www.upjs.sk\/filozoficka-fakulta\/#organization"},"potentialAction":[{"@type":"SearchAction","target":{"@type":"EntryPoint","urlTemplate":"https:\/\/www.upjs.sk\/filozoficka-fakulta\/?s={search_term_string}"},"query-input":{"@type":"PropertyValueSpecification","valueRequired":true,"valueName":"search_term_string"}}],"inLanguage":"sk-SK"},{"@type":"Organization","@id":"https:\/\/www.upjs.sk\/filozoficka-fakulta\/#organization","name":"Filozofick\u00e1 fakulta | UPJ\u0160","url":"https:\/\/www.upjs.sk\/filozoficka-fakulta\/","logo":{"@type":"ImageObject","inLanguage":"sk-SK","@id":"https:\/\/www.upjs.sk\/filozoficka-fakulta\/#\/schema\/logo\/image\/","url":"https:\/\/www.upjs.sk\/app\/uploads\/sites\/7\/2022\/09\/logo-filozoficka-fakulta.png","contentUrl":"https:\/\/www.upjs.sk\/app\/uploads\/sites\/7\/2022\/09\/logo-filozoficka-fakulta.png","width":415,"height":87,"caption":"Filozofick\u00e1 fakulta | UPJ\u0160"},"image":{"@id":"https:\/\/www.upjs.sk\/filozoficka-fakulta\/#\/schema\/logo\/image\/"}}]}},"_links":{"self":[{"href":"https:\/\/www.upjs.sk\/filozoficka-fakulta\/wp-json\/wp\/v2\/cpt_zo-zivota-upjs\/19704","targetHints":{"allow":["GET"]}}],"collection":[{"href":"https:\/\/www.upjs.sk\/filozoficka-fakulta\/wp-json\/wp\/v2\/cpt_zo-zivota-upjs"}],"about":[{"href":"https:\/\/www.upjs.sk\/filozoficka-fakulta\/wp-json\/wp\/v2\/types\/cpt_zo-zivota-upjs"}],"author":[{"embeddable":true,"href":"https:\/\/www.upjs.sk\/filozoficka-fakulta\/wp-json\/wp\/v2\/users\/1"}],"wp:featuredmedia":[{"embeddable":true,"href":"https:\/\/www.upjs.sk\/filozoficka-fakulta\/wp-json\/wp\/v2\/media\/11513"}],"wp:attachment":[{"href":"https:\/\/www.upjs.sk\/filozoficka-fakulta\/wp-json\/wp\/v2\/media?parent=19704"}],"wp:term":[{"taxonomy":"category","embeddable":true,"href":"https:\/\/www.upjs.sk\/filozoficka-fakulta\/wp-json\/wp\/v2\/categories?post=19704"},{"taxonomy":"post_tag","embeddable":true,"href":"https:\/\/www.upjs.sk\/filozoficka-fakulta\/wp-json\/wp\/v2\/tags?post=19704"},{"taxonomy":"tax_aktuality","embeddable":true,"href":"https:\/\/www.upjs.sk\/filozoficka-fakulta\/wp-json\/wp\/v2\/tax_aktuality?post=19704"}],"curies":[{"name":"wp","href":"https:\/\/api.w.org\/{rel}","templated":true}]}}