{"id":19708,"date":"2020-02-06T14:49:08","date_gmt":"2020-02-06T14:49:08","guid":{"rendered":"https:\/\/www.upjs.sk\/filozoficka-fakulta\/upjs-life\/uspesni-absolventi-ms-ff\/"},"modified":"2020-02-06T14:49:08","modified_gmt":"2020-02-06T14:49:08","slug":"uspesni-absolventi-ms-ff","status":"publish","type":"cpt_zo-zivota-upjs","link":"https:\/\/www.upjs.sk\/filozoficka-fakulta\/upjs-life\/uspesni-absolventi-ms-ff\/","title":{"rendered":"\u00daspe\u0161n\u00ed absolventi masmedi\u00e1lnych \u0161t\u00fadi\u00ed na FF UPJ\u0160 posil\u0148uj\u00fa redakcie m\u00e9di\u00ed, pracuj\u00fa aj ako kvalifikovan\u00ed hovorcovia"},"content":{"rendered":"<p>\u00a0<\/p>\n<p style=\"text-align: justify;\">\u00a0 \u00a0 \u00a0Jedn\u00fdm z najviac \u017eiadan\u00fdch \u0161tudijn\u00fdch odborov na <span style=\"color:#FFA500\"><strong>Filozofickej fakulte UPJ\u0160 v Ko\u0161iciach<\/strong><\/span> s\u00fa <strong>masmedi\u00e1lne \u0161t\u00fadi\u00e1<\/strong>, ktor\u00e9 od roku 2008 zabezpe\u010duje <span style=\"color:#FFA500\">Katedra slovakistiky, slovansk\u00fdch filol\u00f3gi\u00ed a komunik\u00e1cie FF UPJ\u0160<\/span>. Prv\u00fdch absolventov magistersk\u00e9ho stup\u0148a \u0161t\u00fadia z roku 2013 nasleduj\u00fa ka\u017ed\u00fd rok \u010fal\u0161\u00ed \u00faspe\u0161n\u00ed absolventi. Katedru, fakultu aj univerzitu m\u00f4\u017ee te\u0161i\u0165, \u017ee mnoh\u00ed z nich sa hne\u010f po skon\u010den\u00ed \u0161t\u00fadia \u2013 a v nejednom pr\u00edpade <strong>e\u0161te po\u010das samotn\u00e9ho \u0161t\u00fadia<\/strong> \u2013 \u00faspe\u0161ne <strong>uplatnia v masmedi\u00e1lnej praxi<\/strong>.<br \/>\n\u00a0 \u00a0 \u00a0V redakci\u00e1ch region\u00e1lnych a celo\u0161t\u00e1tnych m\u00e9di\u00ed dnes p\u00f4sobia viac ako tri desiatky absolventov masmedi\u00e1lnych \u0161t\u00fadi\u00ed z Filozofickej fakulty UPJ\u0160 v Ko\u0161iciach (najviac \u2013 a\u017e vy\u0161e jedna tretina \u2013 vo verejnopr\u00e1vnom Rozhlase a telev\u00edzii Slovenska), a to na najr\u00f4znej\u0161\u00edch postoch \u2013 od redaktora a moder\u00e1tora, scen\u00e1ristu, asistenta r\u00e9\u017eie, asistenta v\u00fdroby, asistenta produkcie, produk\u010dn\u00e9ho a\u017e po hlavn\u00e9ho v\u00fdkonn\u00e9ho producenta v zahrani\u010dnej telev\u00edznej spolo\u010dnosti.<br \/>\n\u00a0 \u00a0 \u00a0Ohlasy zo strany zamestn\u00e1vate\u013eov potvrdzuj\u00fa, \u017ee d\u00f4vodom je nielen kvalitn\u00e1 odborn\u00e1, ale aj jazykov\u00e1 pr\u00edprava, \u010do je \u0161pecifikom pr\u00e1ve ko\u0161ickej \u201emasmedi\u00e1lky\u201c.<br \/>\n\u00a0 \u00a0 \u00a0\u201eM\u00e1me dobr\u00fa sp\u00e4tn\u00fa v\u00e4zbu, \u017ee investova\u0165 energiu a \u010das do kvalitn\u00e9ho vyu\u010dovania slovensk\u00e9ho jazyka pre \u0161tudentov masmedi\u00e1lnych \u0161t\u00fadi\u00ed sa vypl\u00e1ca,\u201c dosved\u010duje ved\u00faca Katedry slovakistiky, slovansk\u00fdch filol\u00f3gi\u00ed a komunik\u00e1cie FF UPJ\u0160 <strong>doc. PhDr. Marianna Sedl\u00e1kov\u00e1, PhD.<\/strong> Dod\u00e1va, \u017ee v\u00fdznamn\u00e9 miesto pri roz\u0161irovan\u00ed kult\u00farneho z\u00e1beru bud\u00facich pracovn\u00edkov masm\u00e9di\u00ed maj\u00fa aj slovensk\u00e1 a svetov\u00e1 literat\u00fara \u010di umenovedn\u00e9 predmety.<br \/>\n\u00a0 \u00a0 \u00a0Aj to je jeden z d\u00f4vodov, pre\u010do o absolventov masmedi\u00e1lnych \u0161t\u00fadi\u00ed z ko\u0161ickej filozofickej fakulty prejavuj\u00fa zamestn\u00e1vatelia \u010doraz v\u00e4\u010d\u0161\u00ed z\u00e1ujem aj v oblasti vz\u0165ahov k verejnosti. Na\u0161u alma mater maj\u00fa vo svojom curriculum vitae uveden\u00fa napr. tla\u010dov\u00e1 referentka na Gener\u00e1lnom konzul\u00e1te Ma\u010farskej republiky v Ko\u0161iciach, hovorca Magistr\u00e1tu mesta Ko\u0161ice, hovorky\u0148a Dopravn\u00e9ho podniku mesta Ko\u0161ice, PR mana\u017e\u00e9r Ko\u0161ice Regi\u00f3n Turizmus alebo PR a marketingov\u00e1 mana\u017e\u00e9rka V\u00fdchodoslovenskej gal\u00e9rie.<br \/>\n\u00a0 \u00a0 \u00a0\u201eSme radi, \u017ee za n\u00e1s hovoria na\u0161e v\u00fdsledky. Uplatnite\u013enos\u0165 na\u0161ich absolventov v odbore, ktor\u00fd vy\u0161tudovali, je tou najlep\u0161ou reklamou. Popri kvalitnej teoretickej pr\u00edprave maj\u00fa mo\u017enos\u0165 stret\u00e1va\u0165 sa aj s praktick\u00fdmi \u010dinnos\u0165ami \u2013 prostredn\u00edctvom univerzitn\u00fdch m\u00e9di\u00ed, rozhovorov \u010di workshopov, ktor\u00e9 ved\u00fa odborn\u00edci z praxe. Te\u00f3ria, prax, ale aj amb\u00edcie pracova\u0165 na sebe s\u00fa spojen\u00edm aspektov, ktor\u00e9 na\u0161im absolventom nech\u00fdbaj\u00fa a smeruj\u00fa k uplatnite\u013enosti na trhu pr\u00e1ce,\u201c kon\u0161tatuje ved\u00faca oddelenia masmedi\u00e1lnych \u0161t\u00fadi\u00ed <strong>PhDr. Ren\u00e1ta Cenkov\u00e1, PhD., MBA<\/strong>.<br \/>\n\u00a0 \u00a0 \u00a0Spolupr\u00e1ca Univerzity Pavla Jozefa \u0160af\u00e1rika s region\u00e1lnymi \u0161t\u00fadiami verejnopr\u00e1vneho rozhlasu a telev\u00edzie m\u00e1 dlhoro\u010dn\u00fa trad\u00edciu \u2013 potvrdzuje riadite\u013e \u0160t\u00fadia RTVS Ko\u0161ice <strong>PhDr. Jozef Puchala, PhD.<\/strong>, ktor\u00fd p\u00f4sob\u00ed aj ako vysoko\u0161kolsk\u00fd u\u010dite\u013e na FF UPJ\u0160.<br \/>\n\u00a0 \u00a0 \u00a0\u201eZ radov \u0161tudentov filozofickej fakulty vy\u0161li mnoh\u00e9 zn\u00e1me tv\u00e1re, ktor\u00e9 s\u00fa nielen v na\u0161om medi\u00e1lnom prostred\u00ed mienkotvorn\u00e9 aj dnes. D\u00fafam, \u017ee nebude prek\u00e1\u017ekou, ak to budem personifikova\u0165 priamo na seba: Filozofick\u00fa fakultu UPJ\u0160 v Ko\u0161iciach pozn\u00e1m z obidvoch str\u00e1n \u2013 ako \u0161tudent aj ako vysoko\u0161kolsk\u00fd pedag\u00f3g. M\u00f4\u017eem teda naozaj \u00faprimne kon\u0161tatova\u0165, \u017ee jej absolventi s\u00fa na pr\u00e1cu v m\u00e9di\u00e1ch profesion\u00e1lne pripraven\u00ed. Sved\u010d\u00ed o tom azda i t\u00e1 skuto\u010dnos\u0165, \u017ee len v na\u0161ej verejnopr\u00e1vnej in\u0161tit\u00facii ich na r\u00f4znych, preva\u017ene redaktorsk\u00fdch poz\u00edci\u00e1ch pracuj\u00fa takmer dve desiatky.\u201c<\/p>\n<p style=\"text-align: justify;\"><strong>PhDr. Mari\u00e1n Gladi\u0161, PhD.<\/strong><br \/>\nFilozofick\u00e1 fakulta UPJ\u0160 v Ko\u0161iciach<\/p>\n","protected":false},"excerpt":{"rendered":"<p>\u00a0 \u00a0 \u00a0 \u00a0Jedn\u00fdm z najviac \u017eiadan\u00fdch \u0161tudijn\u00fdch odborov na Filozofickej fakulte UPJ\u0160 v Ko\u0161iciach s\u00fa masmedi\u00e1lne \u0161t\u00fadi\u00e1, ktor\u00e9 od roku 2008 zabezpe\u010duje Katedra slovakistiky, slovansk\u00fdch filol\u00f3gi\u00ed a komunik\u00e1cie FF UPJ\u0160. Prv\u00fdch absolventov magistersk\u00e9ho stup\u0148a \u0161t\u00fadia z roku 2013 nasleduj\u00fa ka\u017ed\u00fd rok \u010fal\u0161\u00ed \u00faspe\u0161n\u00ed absolventi. Katedru, fakultu aj univerzitu m\u00f4\u017ee te\u0161i\u0165, \u017ee mnoh\u00ed z nich &hellip; <a href=\"https:\/\/www.upjs.sk\/filozoficka-fakulta\/upjs-life\/uspesni-absolventi-ms-ff\/\">\u010c\u00edta\u0165 \u010falej<\/a><\/p>\n","protected":false},"author":1,"featured_media":19709,"menu_order":0,"template":"","meta":{"_acf_changed":false,"_editorskit_title_hidden":false,"_editorskit_reading_time":0,"_editorskit_is_block_options_detached":false,"_editorskit_block_options_position":"{}"},"categories":[],"tags":[],"tax_aktuality":[],"class_list":["post-19708","cpt_zo-zivota-upjs","type-cpt_zo-zivota-upjs","status-publish","has-post-thumbnail","hentry"],"acf":{"acf_link_na_externy_obsah":""},"yoast_head":"<!-- This site is optimized with the Yoast SEO plugin v27.4 - https:\/\/yoast.com\/product\/yoast-seo-wordpress\/ -->\n<title>\u00daspe\u0161n\u00ed absolventi masmedi\u00e1lnych \u0161t\u00fadi\u00ed na FF UPJ\u0160 posil\u0148uj\u00fa redakcie m\u00e9di\u00ed, pracuj\u00fa aj ako kvalifikovan\u00ed hovorcovia - Filozofick\u00e1 fakulta | UPJ\u0160<\/title>\n<meta name=\"robots\" content=\"index, follow, max-snippet:-1, max-image-preview:large, max-video-preview:-1\" \/>\n<link rel=\"canonical\" href=\"https:\/\/www.upjs.sk\/filozoficka-fakulta\/upjs-life\/uspesni-absolventi-ms-ff\/\" \/>\n<meta property=\"og:locale\" content=\"sk_SK\" \/>\n<meta property=\"og:type\" content=\"article\" \/>\n<meta property=\"og:title\" content=\"\u00daspe\u0161n\u00ed absolventi masmedi\u00e1lnych \u0161t\u00fadi\u00ed na FF UPJ\u0160 posil\u0148uj\u00fa redakcie m\u00e9di\u00ed, pracuj\u00fa aj ako kvalifikovan\u00ed hovorcovia - Filozofick\u00e1 fakulta | UPJ\u0160\" \/>\n<meta property=\"og:description\" content=\"\u00a0 \u00a0 \u00a0 \u00a0Jedn\u00fdm z najviac \u017eiadan\u00fdch \u0161tudijn\u00fdch odborov na Filozofickej fakulte UPJ\u0160 v Ko\u0161iciach s\u00fa masmedi\u00e1lne \u0161t\u00fadi\u00e1, ktor\u00e9 od roku 2008 zabezpe\u010duje Katedra slovakistiky, slovansk\u00fdch filol\u00f3gi\u00ed a komunik\u00e1cie FF UPJ\u0160. Prv\u00fdch absolventov magistersk\u00e9ho stup\u0148a \u0161t\u00fadia z roku 2013 nasleduj\u00fa ka\u017ed\u00fd rok \u010fal\u0161\u00ed \u00faspe\u0161n\u00ed absolventi. Katedru, fakultu aj univerzitu m\u00f4\u017ee te\u0161i\u0165, \u017ee mnoh\u00ed z nich &hellip; \u010c\u00edta\u0165 \u010falej\" \/>\n<meta property=\"og:url\" content=\"https:\/\/www.upjs.sk\/filozoficka-fakulta\/upjs-life\/uspesni-absolventi-ms-ff\/\" \/>\n<meta property=\"og:site_name\" content=\"Filozofick\u00e1 fakulta | UPJ\u0160\" \/>\n<meta property=\"og:image\" content=\"https:\/\/www.upjs.sk\/app\/uploads\/sites\/7\/2022\/10\/masmedialne-studia.jpg\" \/>\n\t<meta property=\"og:image:width\" content=\"1000\" \/>\n\t<meta property=\"og:image:height\" content=\"555\" \/>\n\t<meta property=\"og:image:type\" content=\"image\/jpeg\" \/>\n<meta name=\"twitter:card\" content=\"summary_large_image\" \/>\n<meta name=\"twitter:label1\" content=\"Predpokladan\u00fd \u010das \u010d\u00edtania\" \/>\n\t<meta name=\"twitter:data1\" content=\"3 min\u00faty\" \/>\n<script type=\"application\/ld+json\" class=\"yoast-schema-graph\">{\"@context\":\"https:\\\/\\\/schema.org\",\"@graph\":[{\"@type\":\"WebPage\",\"@id\":\"https:\\\/\\\/www.upjs.sk\\\/filozoficka-fakulta\\\/upjs-life\\\/uspesni-absolventi-ms-ff\\\/\",\"url\":\"https:\\\/\\\/www.upjs.sk\\\/filozoficka-fakulta\\\/upjs-life\\\/uspesni-absolventi-ms-ff\\\/\",\"name\":\"\u00daspe\u0161n\u00ed absolventi masmedi\u00e1lnych \u0161t\u00fadi\u00ed na FF UPJ\u0160 posil\u0148uj\u00fa redakcie m\u00e9di\u00ed, pracuj\u00fa aj ako kvalifikovan\u00ed hovorcovia - Filozofick\u00e1 fakulta | UPJ\u0160\",\"isPartOf\":{\"@id\":\"https:\\\/\\\/www.upjs.sk\\\/filozoficka-fakulta\\\/#website\"},\"primaryImageOfPage\":{\"@id\":\"https:\\\/\\\/www.upjs.sk\\\/filozoficka-fakulta\\\/upjs-life\\\/uspesni-absolventi-ms-ff\\\/#primaryimage\"},\"image\":{\"@id\":\"https:\\\/\\\/www.upjs.sk\\\/filozoficka-fakulta\\\/upjs-life\\\/uspesni-absolventi-ms-ff\\\/#primaryimage\"},\"thumbnailUrl\":\"https:\\\/\\\/www.upjs.sk\\\/app\\\/uploads\\\/sites\\\/7\\\/2022\\\/10\\\/masmedialne-studia.jpg\",\"datePublished\":\"2020-02-06T14:49:08+00:00\",\"breadcrumb\":{\"@id\":\"https:\\\/\\\/www.upjs.sk\\\/filozoficka-fakulta\\\/upjs-life\\\/uspesni-absolventi-ms-ff\\\/#breadcrumb\"},\"inLanguage\":\"sk-SK\",\"potentialAction\":[{\"@type\":\"ReadAction\",\"target\":[\"https:\\\/\\\/www.upjs.sk\\\/filozoficka-fakulta\\\/upjs-life\\\/uspesni-absolventi-ms-ff\\\/\"]}]},{\"@type\":\"ImageObject\",\"inLanguage\":\"sk-SK\",\"@id\":\"https:\\\/\\\/www.upjs.sk\\\/filozoficka-fakulta\\\/upjs-life\\\/uspesni-absolventi-ms-ff\\\/#primaryimage\",\"url\":\"https:\\\/\\\/www.upjs.sk\\\/app\\\/uploads\\\/sites\\\/7\\\/2022\\\/10\\\/masmedialne-studia.jpg\",\"contentUrl\":\"https:\\\/\\\/www.upjs.sk\\\/app\\\/uploads\\\/sites\\\/7\\\/2022\\\/10\\\/masmedialne-studia.jpg\",\"width\":1000,\"height\":555,\"caption\":\"uspesni-absolventi-MS-FF\"},{\"@type\":\"BreadcrumbList\",\"@id\":\"https:\\\/\\\/www.upjs.sk\\\/filozoficka-fakulta\\\/upjs-life\\\/uspesni-absolventi-ms-ff\\\/#breadcrumb\",\"itemListElement\":[{\"@type\":\"ListItem\",\"position\":1,\"name\":\"Home\",\"item\":\"https:\\\/\\\/www.upjs.sk\\\/filozoficka-fakulta\\\/\"},{\"@type\":\"ListItem\",\"position\":2,\"name\":\"Zo \u017eivota fakulty\",\"item\":\"https:\\\/\\\/www.upjs.sk\\\/filozoficka-fakulta\\\/upjs-life\\\/\"},{\"@type\":\"ListItem\",\"position\":3,\"name\":\"\u00daspe\u0161n\u00ed absolventi masmedi\u00e1lnych \u0161t\u00fadi\u00ed na FF UPJ\u0160 posil\u0148uj\u00fa redakcie m\u00e9di\u00ed, pracuj\u00fa aj ako kvalifikovan\u00ed hovorcovia\"}]},{\"@type\":\"WebSite\",\"@id\":\"https:\\\/\\\/www.upjs.sk\\\/filozoficka-fakulta\\\/#website\",\"url\":\"https:\\\/\\\/www.upjs.sk\\\/filozoficka-fakulta\\\/\",\"name\":\"Filozofick\u00e1 fakulta | UPJ\u0160\",\"description\":\"\",\"publisher\":{\"@id\":\"https:\\\/\\\/www.upjs.sk\\\/filozoficka-fakulta\\\/#organization\"},\"potentialAction\":[{\"@type\":\"SearchAction\",\"target\":{\"@type\":\"EntryPoint\",\"urlTemplate\":\"https:\\\/\\\/www.upjs.sk\\\/filozoficka-fakulta\\\/?s={search_term_string}\"},\"query-input\":{\"@type\":\"PropertyValueSpecification\",\"valueRequired\":true,\"valueName\":\"search_term_string\"}}],\"inLanguage\":\"sk-SK\"},{\"@type\":\"Organization\",\"@id\":\"https:\\\/\\\/www.upjs.sk\\\/filozoficka-fakulta\\\/#organization\",\"name\":\"Filozofick\u00e1 fakulta | UPJ\u0160\",\"url\":\"https:\\\/\\\/www.upjs.sk\\\/filozoficka-fakulta\\\/\",\"logo\":{\"@type\":\"ImageObject\",\"inLanguage\":\"sk-SK\",\"@id\":\"https:\\\/\\\/www.upjs.sk\\\/filozoficka-fakulta\\\/#\\\/schema\\\/logo\\\/image\\\/\",\"url\":\"https:\\\/\\\/www.upjs.sk\\\/app\\\/uploads\\\/sites\\\/7\\\/2022\\\/09\\\/logo-filozoficka-fakulta.png\",\"contentUrl\":\"https:\\\/\\\/www.upjs.sk\\\/app\\\/uploads\\\/sites\\\/7\\\/2022\\\/09\\\/logo-filozoficka-fakulta.png\",\"width\":415,\"height\":87,\"caption\":\"Filozofick\u00e1 fakulta | UPJ\u0160\"},\"image\":{\"@id\":\"https:\\\/\\\/www.upjs.sk\\\/filozoficka-fakulta\\\/#\\\/schema\\\/logo\\\/image\\\/\"}}]}<\/script>\n<!-- \/ Yoast SEO plugin. -->","yoast_head_json":{"title":"\u00daspe\u0161n\u00ed absolventi masmedi\u00e1lnych \u0161t\u00fadi\u00ed na FF UPJ\u0160 posil\u0148uj\u00fa redakcie m\u00e9di\u00ed, pracuj\u00fa aj ako kvalifikovan\u00ed hovorcovia - Filozofick\u00e1 fakulta | UPJ\u0160","robots":{"index":"index","follow":"follow","max-snippet":"max-snippet:-1","max-image-preview":"max-image-preview:large","max-video-preview":"max-video-preview:-1"},"canonical":"https:\/\/www.upjs.sk\/filozoficka-fakulta\/upjs-life\/uspesni-absolventi-ms-ff\/","og_locale":"sk_SK","og_type":"article","og_title":"\u00daspe\u0161n\u00ed absolventi masmedi\u00e1lnych \u0161t\u00fadi\u00ed na FF UPJ\u0160 posil\u0148uj\u00fa redakcie m\u00e9di\u00ed, pracuj\u00fa aj ako kvalifikovan\u00ed hovorcovia - Filozofick\u00e1 fakulta | UPJ\u0160","og_description":"\u00a0 \u00a0 \u00a0 \u00a0Jedn\u00fdm z najviac \u017eiadan\u00fdch \u0161tudijn\u00fdch odborov na Filozofickej fakulte UPJ\u0160 v Ko\u0161iciach s\u00fa masmedi\u00e1lne \u0161t\u00fadi\u00e1, ktor\u00e9 od roku 2008 zabezpe\u010duje Katedra slovakistiky, slovansk\u00fdch filol\u00f3gi\u00ed a komunik\u00e1cie FF UPJ\u0160. Prv\u00fdch absolventov magistersk\u00e9ho stup\u0148a \u0161t\u00fadia z roku 2013 nasleduj\u00fa ka\u017ed\u00fd rok \u010fal\u0161\u00ed \u00faspe\u0161n\u00ed absolventi. Katedru, fakultu aj univerzitu m\u00f4\u017ee te\u0161i\u0165, \u017ee mnoh\u00ed z nich &hellip; \u010c\u00edta\u0165 \u010falej","og_url":"https:\/\/www.upjs.sk\/filozoficka-fakulta\/upjs-life\/uspesni-absolventi-ms-ff\/","og_site_name":"Filozofick\u00e1 fakulta | UPJ\u0160","og_image":[{"width":1000,"height":555,"url":"https:\/\/www.upjs.sk\/app\/uploads\/sites\/7\/2022\/10\/masmedialne-studia.jpg","type":"image\/jpeg"}],"twitter_card":"summary_large_image","twitter_misc":{"Predpokladan\u00fd \u010das \u010d\u00edtania":"3 min\u00faty"},"schema":{"@context":"https:\/\/schema.org","@graph":[{"@type":"WebPage","@id":"https:\/\/www.upjs.sk\/filozoficka-fakulta\/upjs-life\/uspesni-absolventi-ms-ff\/","url":"https:\/\/www.upjs.sk\/filozoficka-fakulta\/upjs-life\/uspesni-absolventi-ms-ff\/","name":"\u00daspe\u0161n\u00ed absolventi masmedi\u00e1lnych \u0161t\u00fadi\u00ed na FF UPJ\u0160 posil\u0148uj\u00fa redakcie m\u00e9di\u00ed, pracuj\u00fa aj ako kvalifikovan\u00ed hovorcovia - Filozofick\u00e1 fakulta | UPJ\u0160","isPartOf":{"@id":"https:\/\/www.upjs.sk\/filozoficka-fakulta\/#website"},"primaryImageOfPage":{"@id":"https:\/\/www.upjs.sk\/filozoficka-fakulta\/upjs-life\/uspesni-absolventi-ms-ff\/#primaryimage"},"image":{"@id":"https:\/\/www.upjs.sk\/filozoficka-fakulta\/upjs-life\/uspesni-absolventi-ms-ff\/#primaryimage"},"thumbnailUrl":"https:\/\/www.upjs.sk\/app\/uploads\/sites\/7\/2022\/10\/masmedialne-studia.jpg","datePublished":"2020-02-06T14:49:08+00:00","breadcrumb":{"@id":"https:\/\/www.upjs.sk\/filozoficka-fakulta\/upjs-life\/uspesni-absolventi-ms-ff\/#breadcrumb"},"inLanguage":"sk-SK","potentialAction":[{"@type":"ReadAction","target":["https:\/\/www.upjs.sk\/filozoficka-fakulta\/upjs-life\/uspesni-absolventi-ms-ff\/"]}]},{"@type":"ImageObject","inLanguage":"sk-SK","@id":"https:\/\/www.upjs.sk\/filozoficka-fakulta\/upjs-life\/uspesni-absolventi-ms-ff\/#primaryimage","url":"https:\/\/www.upjs.sk\/app\/uploads\/sites\/7\/2022\/10\/masmedialne-studia.jpg","contentUrl":"https:\/\/www.upjs.sk\/app\/uploads\/sites\/7\/2022\/10\/masmedialne-studia.jpg","width":1000,"height":555,"caption":"uspesni-absolventi-MS-FF"},{"@type":"BreadcrumbList","@id":"https:\/\/www.upjs.sk\/filozoficka-fakulta\/upjs-life\/uspesni-absolventi-ms-ff\/#breadcrumb","itemListElement":[{"@type":"ListItem","position":1,"name":"Home","item":"https:\/\/www.upjs.sk\/filozoficka-fakulta\/"},{"@type":"ListItem","position":2,"name":"Zo \u017eivota fakulty","item":"https:\/\/www.upjs.sk\/filozoficka-fakulta\/upjs-life\/"},{"@type":"ListItem","position":3,"name":"\u00daspe\u0161n\u00ed absolventi masmedi\u00e1lnych \u0161t\u00fadi\u00ed na FF UPJ\u0160 posil\u0148uj\u00fa redakcie m\u00e9di\u00ed, pracuj\u00fa aj ako kvalifikovan\u00ed hovorcovia"}]},{"@type":"WebSite","@id":"https:\/\/www.upjs.sk\/filozoficka-fakulta\/#website","url":"https:\/\/www.upjs.sk\/filozoficka-fakulta\/","name":"Filozofick\u00e1 fakulta | UPJ\u0160","description":"","publisher":{"@id":"https:\/\/www.upjs.sk\/filozoficka-fakulta\/#organization"},"potentialAction":[{"@type":"SearchAction","target":{"@type":"EntryPoint","urlTemplate":"https:\/\/www.upjs.sk\/filozoficka-fakulta\/?s={search_term_string}"},"query-input":{"@type":"PropertyValueSpecification","valueRequired":true,"valueName":"search_term_string"}}],"inLanguage":"sk-SK"},{"@type":"Organization","@id":"https:\/\/www.upjs.sk\/filozoficka-fakulta\/#organization","name":"Filozofick\u00e1 fakulta | UPJ\u0160","url":"https:\/\/www.upjs.sk\/filozoficka-fakulta\/","logo":{"@type":"ImageObject","inLanguage":"sk-SK","@id":"https:\/\/www.upjs.sk\/filozoficka-fakulta\/#\/schema\/logo\/image\/","url":"https:\/\/www.upjs.sk\/app\/uploads\/sites\/7\/2022\/09\/logo-filozoficka-fakulta.png","contentUrl":"https:\/\/www.upjs.sk\/app\/uploads\/sites\/7\/2022\/09\/logo-filozoficka-fakulta.png","width":415,"height":87,"caption":"Filozofick\u00e1 fakulta | UPJ\u0160"},"image":{"@id":"https:\/\/www.upjs.sk\/filozoficka-fakulta\/#\/schema\/logo\/image\/"}}]}},"_links":{"self":[{"href":"https:\/\/www.upjs.sk\/filozoficka-fakulta\/wp-json\/wp\/v2\/cpt_zo-zivota-upjs\/19708","targetHints":{"allow":["GET"]}}],"collection":[{"href":"https:\/\/www.upjs.sk\/filozoficka-fakulta\/wp-json\/wp\/v2\/cpt_zo-zivota-upjs"}],"about":[{"href":"https:\/\/www.upjs.sk\/filozoficka-fakulta\/wp-json\/wp\/v2\/types\/cpt_zo-zivota-upjs"}],"author":[{"embeddable":true,"href":"https:\/\/www.upjs.sk\/filozoficka-fakulta\/wp-json\/wp\/v2\/users\/1"}],"wp:featuredmedia":[{"embeddable":true,"href":"https:\/\/www.upjs.sk\/filozoficka-fakulta\/wp-json\/wp\/v2\/media\/19709"}],"wp:attachment":[{"href":"https:\/\/www.upjs.sk\/filozoficka-fakulta\/wp-json\/wp\/v2\/media?parent=19708"}],"wp:term":[{"taxonomy":"category","embeddable":true,"href":"https:\/\/www.upjs.sk\/filozoficka-fakulta\/wp-json\/wp\/v2\/categories?post=19708"},{"taxonomy":"post_tag","embeddable":true,"href":"https:\/\/www.upjs.sk\/filozoficka-fakulta\/wp-json\/wp\/v2\/tags?post=19708"},{"taxonomy":"tax_aktuality","embeddable":true,"href":"https:\/\/www.upjs.sk\/filozoficka-fakulta\/wp-json\/wp\/v2\/tax_aktuality?post=19708"}],"curies":[{"name":"wp","href":"https:\/\/api.w.org\/{rel}","templated":true}]}}