{"id":39602,"date":"2023-02-20T12:47:35","date_gmt":"2023-02-20T11:47:35","guid":{"rendered":"https:\/\/www.upjs.sk\/filozoficka-fakulta\/?post_type=cpt_zo-zivota-upjs&#038;p=39602"},"modified":"2023-02-20T12:47:36","modified_gmt":"2023-02-20T11:47:36","slug":"projekt-po-skole-s-minervou","status":"publish","type":"cpt_zo-zivota-upjs","link":"https:\/\/www.upjs.sk\/filozoficka-fakulta\/upjs-life\/projekt-po-skole-s-minervou\/","title":{"rendered":"V Minerve sa oplat\u00ed osta\u0165 po \u0161kole!"},"content":{"rendered":"\n<p>Skupinka doktorandov a \u0161tudentov&nbsp;<strong>Filozofickej fakulty UPJ\u0160 v Ko\u0161iciach<\/strong>&nbsp;podnietila vznik nov\u00e9ho ambici\u00f3zneho projektu \u2013&nbsp;<strong>Po \u0161kole s Minervou<\/strong>. Z\u00e1merom je \u201eo\u017eivi\u0165\u201c priestory kampusovej kaviarne Minerva, ktor\u00e1 zvykne by\u0165 nav\u0161tevovan\u00e1 predov\u0161etk\u00fdm po\u010das vo\u013en\u00fdch chv\u00ed\u013e medzi predn\u00e1\u0161kami a semin\u00e1rmi.<br>Po \u0161kole s Minervou pon\u00fakne \u0161tudentom mo\u017enos\u0165 roz\u0161\u00edri\u0165 svoje obzory a zru\u010dnosti. Na t\u00fd\u017edennej b\u00e1ze sa bude zameriava\u0165 na organizovanie workshopov a diskusi\u00ed, dominantne orientovan\u00fdch na t\u00e9my, ktor\u00e9 n\u00e1m pon\u00fakaj\u00fa spolo\u010densk\u00e9 vedy. Podujatia poskytn\u00fa \u00fa\u010dastn\u00edkom mo\u017enos\u0165 spozna\u0165 nov\u00e9 pr\u00edstupy k rie\u0161eniu r\u00f4znych probl\u00e9mov a roz\u0161\u00edri\u0165 svoje vedomosti o r\u00f4znych t\u00e9mach.<br>Osta\u0165 po \u0161kole bude v\u00fdbornou pr\u00edle\u017eitos\u0165ou pre \u0161tudentov, ktor\u00ed chc\u00fa z\u00edska\u0165 nov\u00e9 sk\u00fasenosti a vedomosti. Projekt bude prebieha\u0165 po\u010das cel\u00e9ho semestra. Otvoren\u00fd je pre v\u0161etk\u00fdch \u0161tudentov, ktor\u00ed sa chc\u00fa zapoji\u0165 do jeho aktiv\u00edt a roz\u0161\u00edri\u0165 svoje vedomosti o spolo\u010densk\u00fdch ved\u00e1ch.<\/p>\n\n\n\n<p>Organiza\u010dn\u00fd t\u00edm:<br><strong>Mgr. Andrea \u010curo\u0161ov\u00e1 Gavalcov\u00e1<\/strong>,&nbsp;<strong>Mgr. Peter Oleni\u010d<\/strong>,&nbsp;<strong>Mgr. Samuel Vahovsk\u00fd<\/strong>,&nbsp;<strong>Bc. Timotej Miklo\u0161<\/strong>&nbsp;a&nbsp;<strong>Da\u0161a Popovi\u010dov\u00e1<\/strong><br>(T\u00edm sa bude rozrasta\u0165.&nbsp;\ud83d\ude42)<\/p>\n\n\n\n<figure class=\"wp-block-image aligncenter size-full is-resized\"><img loading=\"lazy\" decoding=\"async\" src=\"https:\/\/www.upjs.sk\/app\/uploads\/sites\/7\/2023\/02\/pssm-febr2023.jpg\" alt=\"\" class=\"wp-image-39603\" width=\"750\" height=\"417\" srcset=\"https:\/\/www.upjs.sk\/app\/uploads\/sites\/7\/2023\/02\/pssm-febr2023.jpg 1000w, https:\/\/www.upjs.sk\/app\/uploads\/sites\/7\/2023\/02\/pssm-febr2023-300x167.jpg 300w, https:\/\/www.upjs.sk\/app\/uploads\/sites\/7\/2023\/02\/pssm-febr2023-768x427.jpg 768w\" sizes=\"auto, (max-width: 750px) 100vw, 750px\" \/><\/figure>\n","protected":false},"excerpt":{"rendered":"<p>Skupinka doktorandov a \u0161tudentov&nbsp;Filozofickej fakulty UPJ\u0160 v Ko\u0161iciach&nbsp;podnietila vznik nov\u00e9ho ambici\u00f3zneho projektu \u2013&nbsp;Po \u0161kole s Minervou. Z\u00e1merom je \u201eo\u017eivi\u0165\u201c priestory kampusovej kaviarne Minerva, ktor\u00e1 zvykne by\u0165 nav\u0161tevovan\u00e1 predov\u0161etk\u00fdm po\u010das vo\u013en\u00fdch chv\u00ed\u013e medzi predn\u00e1\u0161kami a semin\u00e1rmi.Po \u0161kole s Minervou pon\u00fakne \u0161tudentom mo\u017enos\u0165 roz\u0161\u00edri\u0165 svoje obzory a zru\u010dnosti. Na t\u00fd\u017edennej b\u00e1ze sa bude zameriava\u0165 na organizovanie workshopov &hellip; <a href=\"https:\/\/www.upjs.sk\/filozoficka-fakulta\/upjs-life\/projekt-po-skole-s-minervou\/\">\u010c\u00edta\u0165 \u010falej<\/a><\/p>\n","protected":false},"author":21,"featured_media":0,"menu_order":0,"template":"","meta":{"_acf_changed":false,"_editorskit_title_hidden":false,"_editorskit_reading_time":1,"_editorskit_is_block_options_detached":false,"_editorskit_block_options_position":"{}"},"categories":[],"tags":[],"tax_aktuality":[],"class_list":["post-39602","cpt_zo-zivota-upjs","type-cpt_zo-zivota-upjs","status-publish","hentry"],"acf":{"acf_link_na_externy_obsah":""},"yoast_head":"<!-- This site is optimized with the Yoast SEO plugin v27.4 - https:\/\/yoast.com\/product\/yoast-seo-wordpress\/ -->\n<title>V Minerve sa oplat\u00ed osta\u0165 po \u0161kole! - Filozofick\u00e1 fakulta | UPJ\u0160<\/title>\n<meta name=\"robots\" content=\"index, follow, max-snippet:-1, max-image-preview:large, max-video-preview:-1\" \/>\n<link rel=\"canonical\" href=\"https:\/\/www.upjs.sk\/filozoficka-fakulta\/upjs-life\/projekt-po-skole-s-minervou\/\" \/>\n<meta property=\"og:locale\" content=\"sk_SK\" \/>\n<meta property=\"og:type\" content=\"article\" \/>\n<meta property=\"og:title\" content=\"V Minerve sa oplat\u00ed osta\u0165 po \u0161kole! - Filozofick\u00e1 fakulta | UPJ\u0160\" \/>\n<meta property=\"og:description\" content=\"Skupinka doktorandov a \u0161tudentov&nbsp;Filozofickej fakulty UPJ\u0160 v Ko\u0161iciach&nbsp;podnietila vznik nov\u00e9ho ambici\u00f3zneho projektu \u2013&nbsp;Po \u0161kole s Minervou. Z\u00e1merom je \u201eo\u017eivi\u0165\u201c priestory kampusovej kaviarne Minerva, ktor\u00e1 zvykne by\u0165 nav\u0161tevovan\u00e1 predov\u0161etk\u00fdm po\u010das vo\u013en\u00fdch chv\u00ed\u013e medzi predn\u00e1\u0161kami a semin\u00e1rmi.Po \u0161kole s Minervou pon\u00fakne \u0161tudentom mo\u017enos\u0165 roz\u0161\u00edri\u0165 svoje obzory a zru\u010dnosti. Na t\u00fd\u017edennej b\u00e1ze sa bude zameriava\u0165 na organizovanie workshopov &hellip; \u010c\u00edta\u0165 \u010falej\" \/>\n<meta property=\"og:url\" content=\"https:\/\/www.upjs.sk\/filozoficka-fakulta\/upjs-life\/projekt-po-skole-s-minervou\/\" \/>\n<meta property=\"og:site_name\" content=\"Filozofick\u00e1 fakulta | UPJ\u0160\" \/>\n<meta property=\"article:modified_time\" content=\"2023-02-20T11:47:36+00:00\" \/>\n<meta property=\"og:image\" content=\"https:\/\/www.upjs.sk\/app\/uploads\/sites\/7\/2023\/02\/pssm-febr2023.jpg\" \/>\n<meta name=\"twitter:card\" content=\"summary_large_image\" \/>\n<meta name=\"twitter:label1\" content=\"Predpokladan\u00fd \u010das \u010d\u00edtania\" \/>\n\t<meta name=\"twitter:data1\" content=\"2 min\u00faty\" \/>\n<script type=\"application\/ld+json\" class=\"yoast-schema-graph\">{\"@context\":\"https:\\\/\\\/schema.org\",\"@graph\":[{\"@type\":\"WebPage\",\"@id\":\"https:\\\/\\\/www.upjs.sk\\\/filozoficka-fakulta\\\/upjs-life\\\/projekt-po-skole-s-minervou\\\/\",\"url\":\"https:\\\/\\\/www.upjs.sk\\\/filozoficka-fakulta\\\/upjs-life\\\/projekt-po-skole-s-minervou\\\/\",\"name\":\"V Minerve sa oplat\u00ed osta\u0165 po \u0161kole! - Filozofick\u00e1 fakulta | UPJ\u0160\",\"isPartOf\":{\"@id\":\"https:\\\/\\\/www.upjs.sk\\\/filozoficka-fakulta\\\/#website\"},\"primaryImageOfPage\":{\"@id\":\"https:\\\/\\\/www.upjs.sk\\\/filozoficka-fakulta\\\/upjs-life\\\/projekt-po-skole-s-minervou\\\/#primaryimage\"},\"image\":{\"@id\":\"https:\\\/\\\/www.upjs.sk\\\/filozoficka-fakulta\\\/upjs-life\\\/projekt-po-skole-s-minervou\\\/#primaryimage\"},\"thumbnailUrl\":\"https:\\\/\\\/www.upjs.sk\\\/app\\\/uploads\\\/sites\\\/7\\\/2023\\\/02\\\/pssm-febr2023.jpg\",\"datePublished\":\"2023-02-20T11:47:35+00:00\",\"dateModified\":\"2023-02-20T11:47:36+00:00\",\"breadcrumb\":{\"@id\":\"https:\\\/\\\/www.upjs.sk\\\/filozoficka-fakulta\\\/upjs-life\\\/projekt-po-skole-s-minervou\\\/#breadcrumb\"},\"inLanguage\":\"sk-SK\",\"potentialAction\":[{\"@type\":\"ReadAction\",\"target\":[\"https:\\\/\\\/www.upjs.sk\\\/filozoficka-fakulta\\\/upjs-life\\\/projekt-po-skole-s-minervou\\\/\"]}]},{\"@type\":\"ImageObject\",\"inLanguage\":\"sk-SK\",\"@id\":\"https:\\\/\\\/www.upjs.sk\\\/filozoficka-fakulta\\\/upjs-life\\\/projekt-po-skole-s-minervou\\\/#primaryimage\",\"url\":\"https:\\\/\\\/www.upjs.sk\\\/app\\\/uploads\\\/sites\\\/7\\\/2023\\\/02\\\/pssm-febr2023.jpg\",\"contentUrl\":\"https:\\\/\\\/www.upjs.sk\\\/app\\\/uploads\\\/sites\\\/7\\\/2023\\\/02\\\/pssm-febr2023.jpg\"},{\"@type\":\"BreadcrumbList\",\"@id\":\"https:\\\/\\\/www.upjs.sk\\\/filozoficka-fakulta\\\/upjs-life\\\/projekt-po-skole-s-minervou\\\/#breadcrumb\",\"itemListElement\":[{\"@type\":\"ListItem\",\"position\":1,\"name\":\"Home\",\"item\":\"https:\\\/\\\/www.upjs.sk\\\/filozoficka-fakulta\\\/\"},{\"@type\":\"ListItem\",\"position\":2,\"name\":\"Zo \u017eivota fakulty\",\"item\":\"https:\\\/\\\/www.upjs.sk\\\/filozoficka-fakulta\\\/upjs-life\\\/\"},{\"@type\":\"ListItem\",\"position\":3,\"name\":\"V Minerve sa oplat\u00ed osta\u0165 po \u0161kole!\"}]},{\"@type\":\"WebSite\",\"@id\":\"https:\\\/\\\/www.upjs.sk\\\/filozoficka-fakulta\\\/#website\",\"url\":\"https:\\\/\\\/www.upjs.sk\\\/filozoficka-fakulta\\\/\",\"name\":\"Filozofick\u00e1 fakulta | UPJ\u0160\",\"description\":\"\",\"publisher\":{\"@id\":\"https:\\\/\\\/www.upjs.sk\\\/filozoficka-fakulta\\\/#organization\"},\"potentialAction\":[{\"@type\":\"SearchAction\",\"target\":{\"@type\":\"EntryPoint\",\"urlTemplate\":\"https:\\\/\\\/www.upjs.sk\\\/filozoficka-fakulta\\\/?s={search_term_string}\"},\"query-input\":{\"@type\":\"PropertyValueSpecification\",\"valueRequired\":true,\"valueName\":\"search_term_string\"}}],\"inLanguage\":\"sk-SK\"},{\"@type\":\"Organization\",\"@id\":\"https:\\\/\\\/www.upjs.sk\\\/filozoficka-fakulta\\\/#organization\",\"name\":\"Filozofick\u00e1 fakulta | UPJ\u0160\",\"url\":\"https:\\\/\\\/www.upjs.sk\\\/filozoficka-fakulta\\\/\",\"logo\":{\"@type\":\"ImageObject\",\"inLanguage\":\"sk-SK\",\"@id\":\"https:\\\/\\\/www.upjs.sk\\\/filozoficka-fakulta\\\/#\\\/schema\\\/logo\\\/image\\\/\",\"url\":\"https:\\\/\\\/www.upjs.sk\\\/app\\\/uploads\\\/sites\\\/7\\\/2022\\\/09\\\/logo-filozoficka-fakulta.png\",\"contentUrl\":\"https:\\\/\\\/www.upjs.sk\\\/app\\\/uploads\\\/sites\\\/7\\\/2022\\\/09\\\/logo-filozoficka-fakulta.png\",\"width\":415,\"height\":87,\"caption\":\"Filozofick\u00e1 fakulta | UPJ\u0160\"},\"image\":{\"@id\":\"https:\\\/\\\/www.upjs.sk\\\/filozoficka-fakulta\\\/#\\\/schema\\\/logo\\\/image\\\/\"}}]}<\/script>\n<!-- \/ Yoast SEO plugin. -->","yoast_head_json":{"title":"V Minerve sa oplat\u00ed osta\u0165 po \u0161kole! - Filozofick\u00e1 fakulta | UPJ\u0160","robots":{"index":"index","follow":"follow","max-snippet":"max-snippet:-1","max-image-preview":"max-image-preview:large","max-video-preview":"max-video-preview:-1"},"canonical":"https:\/\/www.upjs.sk\/filozoficka-fakulta\/upjs-life\/projekt-po-skole-s-minervou\/","og_locale":"sk_SK","og_type":"article","og_title":"V Minerve sa oplat\u00ed osta\u0165 po \u0161kole! - Filozofick\u00e1 fakulta | UPJ\u0160","og_description":"Skupinka doktorandov a \u0161tudentov&nbsp;Filozofickej fakulty UPJ\u0160 v Ko\u0161iciach&nbsp;podnietila vznik nov\u00e9ho ambici\u00f3zneho projektu \u2013&nbsp;Po \u0161kole s Minervou. Z\u00e1merom je \u201eo\u017eivi\u0165\u201c priestory kampusovej kaviarne Minerva, ktor\u00e1 zvykne by\u0165 nav\u0161tevovan\u00e1 predov\u0161etk\u00fdm po\u010das vo\u013en\u00fdch chv\u00ed\u013e medzi predn\u00e1\u0161kami a semin\u00e1rmi.Po \u0161kole s Minervou pon\u00fakne \u0161tudentom mo\u017enos\u0165 roz\u0161\u00edri\u0165 svoje obzory a zru\u010dnosti. Na t\u00fd\u017edennej b\u00e1ze sa bude zameriava\u0165 na organizovanie workshopov &hellip; \u010c\u00edta\u0165 \u010falej","og_url":"https:\/\/www.upjs.sk\/filozoficka-fakulta\/upjs-life\/projekt-po-skole-s-minervou\/","og_site_name":"Filozofick\u00e1 fakulta | UPJ\u0160","article_modified_time":"2023-02-20T11:47:36+00:00","og_image":[{"url":"https:\/\/www.upjs.sk\/app\/uploads\/sites\/7\/2023\/02\/pssm-febr2023.jpg","type":"","width":"","height":""}],"twitter_card":"summary_large_image","twitter_misc":{"Predpokladan\u00fd \u010das \u010d\u00edtania":"2 min\u00faty"},"schema":{"@context":"https:\/\/schema.org","@graph":[{"@type":"WebPage","@id":"https:\/\/www.upjs.sk\/filozoficka-fakulta\/upjs-life\/projekt-po-skole-s-minervou\/","url":"https:\/\/www.upjs.sk\/filozoficka-fakulta\/upjs-life\/projekt-po-skole-s-minervou\/","name":"V Minerve sa oplat\u00ed osta\u0165 po \u0161kole! - Filozofick\u00e1 fakulta | UPJ\u0160","isPartOf":{"@id":"https:\/\/www.upjs.sk\/filozoficka-fakulta\/#website"},"primaryImageOfPage":{"@id":"https:\/\/www.upjs.sk\/filozoficka-fakulta\/upjs-life\/projekt-po-skole-s-minervou\/#primaryimage"},"image":{"@id":"https:\/\/www.upjs.sk\/filozoficka-fakulta\/upjs-life\/projekt-po-skole-s-minervou\/#primaryimage"},"thumbnailUrl":"https:\/\/www.upjs.sk\/app\/uploads\/sites\/7\/2023\/02\/pssm-febr2023.jpg","datePublished":"2023-02-20T11:47:35+00:00","dateModified":"2023-02-20T11:47:36+00:00","breadcrumb":{"@id":"https:\/\/www.upjs.sk\/filozoficka-fakulta\/upjs-life\/projekt-po-skole-s-minervou\/#breadcrumb"},"inLanguage":"sk-SK","potentialAction":[{"@type":"ReadAction","target":["https:\/\/www.upjs.sk\/filozoficka-fakulta\/upjs-life\/projekt-po-skole-s-minervou\/"]}]},{"@type":"ImageObject","inLanguage":"sk-SK","@id":"https:\/\/www.upjs.sk\/filozoficka-fakulta\/upjs-life\/projekt-po-skole-s-minervou\/#primaryimage","url":"https:\/\/www.upjs.sk\/app\/uploads\/sites\/7\/2023\/02\/pssm-febr2023.jpg","contentUrl":"https:\/\/www.upjs.sk\/app\/uploads\/sites\/7\/2023\/02\/pssm-febr2023.jpg"},{"@type":"BreadcrumbList","@id":"https:\/\/www.upjs.sk\/filozoficka-fakulta\/upjs-life\/projekt-po-skole-s-minervou\/#breadcrumb","itemListElement":[{"@type":"ListItem","position":1,"name":"Home","item":"https:\/\/www.upjs.sk\/filozoficka-fakulta\/"},{"@type":"ListItem","position":2,"name":"Zo \u017eivota fakulty","item":"https:\/\/www.upjs.sk\/filozoficka-fakulta\/upjs-life\/"},{"@type":"ListItem","position":3,"name":"V Minerve sa oplat\u00ed osta\u0165 po \u0161kole!"}]},{"@type":"WebSite","@id":"https:\/\/www.upjs.sk\/filozoficka-fakulta\/#website","url":"https:\/\/www.upjs.sk\/filozoficka-fakulta\/","name":"Filozofick\u00e1 fakulta | UPJ\u0160","description":"","publisher":{"@id":"https:\/\/www.upjs.sk\/filozoficka-fakulta\/#organization"},"potentialAction":[{"@type":"SearchAction","target":{"@type":"EntryPoint","urlTemplate":"https:\/\/www.upjs.sk\/filozoficka-fakulta\/?s={search_term_string}"},"query-input":{"@type":"PropertyValueSpecification","valueRequired":true,"valueName":"search_term_string"}}],"inLanguage":"sk-SK"},{"@type":"Organization","@id":"https:\/\/www.upjs.sk\/filozoficka-fakulta\/#organization","name":"Filozofick\u00e1 fakulta | UPJ\u0160","url":"https:\/\/www.upjs.sk\/filozoficka-fakulta\/","logo":{"@type":"ImageObject","inLanguage":"sk-SK","@id":"https:\/\/www.upjs.sk\/filozoficka-fakulta\/#\/schema\/logo\/image\/","url":"https:\/\/www.upjs.sk\/app\/uploads\/sites\/7\/2022\/09\/logo-filozoficka-fakulta.png","contentUrl":"https:\/\/www.upjs.sk\/app\/uploads\/sites\/7\/2022\/09\/logo-filozoficka-fakulta.png","width":415,"height":87,"caption":"Filozofick\u00e1 fakulta | UPJ\u0160"},"image":{"@id":"https:\/\/www.upjs.sk\/filozoficka-fakulta\/#\/schema\/logo\/image\/"}}]}},"_links":{"self":[{"href":"https:\/\/www.upjs.sk\/filozoficka-fakulta\/wp-json\/wp\/v2\/cpt_zo-zivota-upjs\/39602","targetHints":{"allow":["GET"]}}],"collection":[{"href":"https:\/\/www.upjs.sk\/filozoficka-fakulta\/wp-json\/wp\/v2\/cpt_zo-zivota-upjs"}],"about":[{"href":"https:\/\/www.upjs.sk\/filozoficka-fakulta\/wp-json\/wp\/v2\/types\/cpt_zo-zivota-upjs"}],"author":[{"embeddable":true,"href":"https:\/\/www.upjs.sk\/filozoficka-fakulta\/wp-json\/wp\/v2\/users\/21"}],"wp:attachment":[{"href":"https:\/\/www.upjs.sk\/filozoficka-fakulta\/wp-json\/wp\/v2\/media?parent=39602"}],"wp:term":[{"taxonomy":"category","embeddable":true,"href":"https:\/\/www.upjs.sk\/filozoficka-fakulta\/wp-json\/wp\/v2\/categories?post=39602"},{"taxonomy":"post_tag","embeddable":true,"href":"https:\/\/www.upjs.sk\/filozoficka-fakulta\/wp-json\/wp\/v2\/tags?post=39602"},{"taxonomy":"tax_aktuality","embeddable":true,"href":"https:\/\/www.upjs.sk\/filozoficka-fakulta\/wp-json\/wp\/v2\/tax_aktuality?post=39602"}],"curies":[{"name":"wp","href":"https:\/\/api.w.org\/{rel}","templated":true}]}}