{"id":46425,"date":"2023-10-05T14:05:46","date_gmt":"2023-10-05T13:05:46","guid":{"rendered":"https:\/\/www.upjs.sk\/filozoficka-fakulta\/?post_type=cpt_zo-zivota-upjs&#038;p=46425"},"modified":"2023-10-05T14:23:03","modified_gmt":"2023-10-05T13:23:03","slug":"informacny-seminar-granty-erc-sept2023","status":"publish","type":"cpt_zo-zivota-upjs","link":"https:\/\/www.upjs.sk\/filozoficka-fakulta\/upjs-life\/informacny-seminar-granty-erc-sept2023\/","title":{"rendered":"Informa\u010dn\u00fd semin\u00e1r \u2013 granty ERC"},"content":{"rendered":"<style>.wp-block-kadence-column.kb-section-dir-horizontal > .kt-inside-inner-col > .kt-info-box_016d76-d8 .kt-blocks-info-box-link-wrap{max-width:unset;}.kt-info-box_016d76-d8 .kt-blocks-info-box-link-wrap{border-top:5px solid #F4F4F4;border-right:5px solid #F4F4F4;border-bottom:5px solid #F4F4F4;border-left:5px solid #F4F4F4;background:#ffffff;padding-top:var(--global-kb-spacing-sm, 1.5rem);padding-right:var(--global-kb-spacing-sm, 1.5rem);padding-bottom:var(--global-kb-spacing-sm, 1.5rem);padding-left:var(--global-kb-spacing-sm, 1.5rem);margin-top:50px;}.kt-info-box_016d76-d8.wp-block-kadence-infobox{max-width:100%;}.kt-info-box_016d76-d8 .kadence-info-box-image-inner-intrisic-container{max-width:120px;}.kt-info-box_016d76-d8 .kadence-info-box-image-inner-intrisic-container .kadence-info-box-image-intrisic{padding-bottom:55.5556%;width:450px;height:0px;max-width:100%;}.kt-info-box_016d76-d8 .kadence-info-box-icon-container .kt-info-svg-icon, .kt-info-box_016d76-d8 .kt-info-svg-icon-flip, .kt-info-box_016d76-d8 .kt-blocks-info-box-number{font-size:50px;}.kt-info-box_016d76-d8 .kt-blocks-info-box-media{background:#ffffff;border-color:#F4F4F4;border-top-width:5px;border-right-width:5px;border-bottom-width:5px;border-left-width:5px;padding-top:0px;padding-right:0px;padding-bottom:0px;padding-left:0px;}.kt-info-box_016d76-d8 .kt-blocks-info-box-media-container{margin-top:-75px;margin-right:0px;margin-bottom:20px;margin-left:0px;}.kt-info-box_016d76-d8 .kt-blocks-info-box-link-wrap:hover .kt-blocks-info-box-media{border-color:#F4F4F4;}.kt-info-box_016d76-d8 .kt-infobox-textcontent h2.kt-blocks-info-box-title{padding-top:0px;padding-right:0px;padding-bottom:0px;padding-left:0px;margin-top:5px;margin-right:0px;margin-bottom:10px;margin-left:0px;}.kt-info-box_016d76-d8 .kt-blocks-info-box-learnmore{background:transparent;border-width:0px 0px 0px 0px;padding-top:4px;padding-right:8px;padding-bottom:4px;padding-left:8px;margin-top:10px;margin-right:0px;margin-bottom:10px;margin-left:0px;}@media all and (max-width: 1024px){.kt-info-box_016d76-d8 .kt-blocks-info-box-link-wrap{border-top:5px solid #F4F4F4;border-right:5px solid #F4F4F4;border-bottom:5px solid #F4F4F4;border-left:5px solid #F4F4F4;}}@media all and (max-width: 767px){.kt-info-box_016d76-d8 .kt-blocks-info-box-link-wrap{border-top:5px solid #F4F4F4;border-right:5px solid #F4F4F4;border-bottom:5px solid #F4F4F4;border-left:5px solid #F4F4F4;}}<\/style>\n<div class=\"wp-block-kadence-infobox kt-info-box_016d76-d8\"><span class=\"kt-blocks-info-box-link-wrap info-box-link kt-blocks-info-box-media-align-top kt-info-halign-left\"><div class=\"kt-blocks-info-box-media-container\"><div class=\"kt-blocks-info-box-media kt-info-media-animate-none\"><div class=\"kadence-info-box-image-inner-intrisic-container\"><div class=\"kadence-info-box-image-intrisic kt-info-animate-none\"><div class=\"kadence-info-box-image-inner-intrisic\"><img loading=\"lazy\" decoding=\"async\" src=\"https:\/\/www.upjs.sk\/app\/uploads\/sites\/7\/2022\/10\/logo-ERC.jpg\" alt=\"erc-granty-okt2019\" width=\"450\" height=\"250\" class=\"kt-info-box-image wp-image-18379\" srcset=\"https:\/\/www.upjs.sk\/app\/uploads\/sites\/7\/2022\/10\/logo-ERC.jpg 450w, https:\/\/www.upjs.sk\/app\/uploads\/sites\/7\/2022\/10\/logo-ERC-300x167.jpg 300w\" sizes=\"auto, (max-width: 450px) 100vw, 450px\" \/><\/div><\/div><\/div><\/div><\/div><div class=\"kt-infobox-textcontent\"><p class=\"kt-blocks-info-box-text\">D\u0148a 27. 09. 2023 sme na p\u00f4de Filozofickej fakulty UPJ\u0160 v Ko\u0161iciach priv\u00edtali <strong>doc. PhDr. Sl\u00e1vku Ot\u010den\u00e1\u0161ov\u00fa, PhD. <\/strong>(Katedra hist\u00f3rie FF UPJ\u0160), vyslan\u00fa n\u00e1rodn\u00fa expertku pri agent\u00fare ERCEA (European Research Council Executive Agency) v Bruseli. Po\u010das informa\u010dn\u00e9ho semin\u00e1ra na t\u00e9mu <strong><em>ERC granty \u2013 preh\u013ead a novinky v pracovnom programe<\/em><\/strong> boli okrem z\u00e1kladn\u00fdch inform\u00e1ci\u00ed o typoch grantov ERC prezentovan\u00e9 aj u\u017eito\u010dn\u00e9 novinky v ich financovan\u00ed a hodnoten\u00ed, ktor\u00e9 priniesol nov\u00fd <a href=\"https:\/\/ec.europa.eu\/info\/funding-tenders\/opportunities\/docs\/2021-2027\/horizon\/wp-call\/2024\/wp_horizon-erc-2024_en.pdf\"><\/a><a aria-label=\" (opens in a new tab)\" href=\"https:\/\/ec.europa.eu\/info\/funding-tenders\/opportunities\/docs\/2021-2027\/horizon\/wp-call\/2024\/wp_horizon-erc-2024_en.pdf\" target=\"_blank\" rel=\"noreferrer noopener\" class=\"ek-link\">pracovn\u00fd program ERC na rok 2024<\/a>. Doc. PhDr. Sl\u00e1vka Ot\u010den\u00e1\u0161ov\u00e1, PhD. predstavila aj zmeny v samotnej projektovej \u017eiadosti, \u010di v opr\u00e1vnenosti\u00a0 uch\u00e1dza\u010dov o jednotliv\u00e9 typy ERC grantov. Uveden\u00e9 t\u00e9my rozpr\u00fadili \u017eiv\u00fa diskusiu s \u00fa\u010dastn\u00edkmi semin\u00e1ra, ktor\u00e1 samotnej prezentuj\u00facej ako aj organiz\u00e1torom podujatia poskytla vz\u00e1cnu sp\u00e4tn\u00fa v\u00e4zbu o potrebe organizovania podujat\u00ed podobn\u00e9ho charakteru pre akademick\u00fdch zamestnancov, \u010di u\u017e na \u00farovni fakulty alebo aj univerzity.<br\/>\u00a0<br\/>Viac inform\u00e1cii\u00ed o grantoch ERC:<br\/><a href=\"https:\/\/erc.europa.eu\/apply-grant\"><\/a><a aria-label=\" (opens in a new tab)\" href=\"https:\/\/erc.europa.eu\/apply-grant\" target=\"_blank\" rel=\"noreferrer noopener\" class=\"ek-link\">https:\/\/erc.europa.eu\/apply-grant<\/a><br\/>\u00a0<br\/>Text a foto:<br\/>Mgr. Katar\u00edna Hajdukov\u00e1<br\/>FF UPJ\u0160<\/p><\/div><\/span><\/div>\n","protected":false},"excerpt":{"rendered":"","protected":false},"author":21,"featured_media":0,"menu_order":0,"template":"","meta":{"_acf_changed":false,"_editorskit_title_hidden":false,"_editorskit_reading_time":0,"_editorskit_is_block_options_detached":false,"_editorskit_block_options_position":"{}"},"categories":[],"tags":[],"tax_aktuality":[],"class_list":["post-46425","cpt_zo-zivota-upjs","type-cpt_zo-zivota-upjs","status-publish","hentry"],"acf":{"acf_link_na_externy_obsah":""},"yoast_head":"<!-- This site is optimized with the Yoast SEO plugin v27.4 - https:\/\/yoast.com\/product\/yoast-seo-wordpress\/ -->\n<title>Informa\u010dn\u00fd semin\u00e1r \u2013 granty ERC - Filozofick\u00e1 fakulta | UPJ\u0160<\/title>\n<meta name=\"robots\" content=\"index, follow, max-snippet:-1, max-image-preview:large, max-video-preview:-1\" \/>\n<link rel=\"canonical\" href=\"https:\/\/www.upjs.sk\/filozoficka-fakulta\/upjs-life\/informacny-seminar-granty-erc-sept2023\/\" \/>\n<meta property=\"og:locale\" content=\"sk_SK\" \/>\n<meta property=\"og:type\" content=\"article\" \/>\n<meta property=\"og:title\" content=\"Informa\u010dn\u00fd semin\u00e1r \u2013 granty ERC - Filozofick\u00e1 fakulta | UPJ\u0160\" \/>\n<meta property=\"og:url\" content=\"https:\/\/www.upjs.sk\/filozoficka-fakulta\/upjs-life\/informacny-seminar-granty-erc-sept2023\/\" \/>\n<meta property=\"og:site_name\" content=\"Filozofick\u00e1 fakulta | UPJ\u0160\" \/>\n<meta property=\"article:modified_time\" content=\"2023-10-05T13:23:03+00:00\" \/>\n<meta property=\"og:image\" content=\"https:\/\/www.upjs.sk\/app\/uploads\/sites\/7\/2022\/10\/logo-ERC.jpg\" \/>\n<meta name=\"twitter:card\" content=\"summary_large_image\" \/>\n<meta name=\"twitter:label1\" content=\"Predpokladan\u00fd \u010das \u010d\u00edtania\" \/>\n\t<meta name=\"twitter:data1\" content=\"1 min\u00fata\" \/>\n<script type=\"application\/ld+json\" class=\"yoast-schema-graph\">{\"@context\":\"https:\\\/\\\/schema.org\",\"@graph\":[{\"@type\":\"WebPage\",\"@id\":\"https:\\\/\\\/www.upjs.sk\\\/filozoficka-fakulta\\\/upjs-life\\\/informacny-seminar-granty-erc-sept2023\\\/\",\"url\":\"https:\\\/\\\/www.upjs.sk\\\/filozoficka-fakulta\\\/upjs-life\\\/informacny-seminar-granty-erc-sept2023\\\/\",\"name\":\"Informa\u010dn\u00fd semin\u00e1r \u2013 granty ERC - Filozofick\u00e1 fakulta | UPJ\u0160\",\"isPartOf\":{\"@id\":\"https:\\\/\\\/www.upjs.sk\\\/filozoficka-fakulta\\\/#website\"},\"primaryImageOfPage\":{\"@id\":\"https:\\\/\\\/www.upjs.sk\\\/filozoficka-fakulta\\\/upjs-life\\\/informacny-seminar-granty-erc-sept2023\\\/#primaryimage\"},\"image\":{\"@id\":\"https:\\\/\\\/www.upjs.sk\\\/filozoficka-fakulta\\\/upjs-life\\\/informacny-seminar-granty-erc-sept2023\\\/#primaryimage\"},\"thumbnailUrl\":\"https:\\\/\\\/www.upjs.sk\\\/app\\\/uploads\\\/sites\\\/7\\\/2022\\\/10\\\/logo-ERC.jpg\",\"datePublished\":\"2023-10-05T13:05:46+00:00\",\"dateModified\":\"2023-10-05T13:23:03+00:00\",\"breadcrumb\":{\"@id\":\"https:\\\/\\\/www.upjs.sk\\\/filozoficka-fakulta\\\/upjs-life\\\/informacny-seminar-granty-erc-sept2023\\\/#breadcrumb\"},\"inLanguage\":\"sk-SK\",\"potentialAction\":[{\"@type\":\"ReadAction\",\"target\":[\"https:\\\/\\\/www.upjs.sk\\\/filozoficka-fakulta\\\/upjs-life\\\/informacny-seminar-granty-erc-sept2023\\\/\"]}]},{\"@type\":\"ImageObject\",\"inLanguage\":\"sk-SK\",\"@id\":\"https:\\\/\\\/www.upjs.sk\\\/filozoficka-fakulta\\\/upjs-life\\\/informacny-seminar-granty-erc-sept2023\\\/#primaryimage\",\"url\":\"https:\\\/\\\/www.upjs.sk\\\/app\\\/uploads\\\/sites\\\/7\\\/2022\\\/10\\\/logo-ERC.jpg\",\"contentUrl\":\"https:\\\/\\\/www.upjs.sk\\\/app\\\/uploads\\\/sites\\\/7\\\/2022\\\/10\\\/logo-ERC.jpg\"},{\"@type\":\"BreadcrumbList\",\"@id\":\"https:\\\/\\\/www.upjs.sk\\\/filozoficka-fakulta\\\/upjs-life\\\/informacny-seminar-granty-erc-sept2023\\\/#breadcrumb\",\"itemListElement\":[{\"@type\":\"ListItem\",\"position\":1,\"name\":\"Home\",\"item\":\"https:\\\/\\\/www.upjs.sk\\\/filozoficka-fakulta\\\/\"},{\"@type\":\"ListItem\",\"position\":2,\"name\":\"Zo \u017eivota fakulty\",\"item\":\"https:\\\/\\\/www.upjs.sk\\\/filozoficka-fakulta\\\/upjs-life\\\/\"},{\"@type\":\"ListItem\",\"position\":3,\"name\":\"Informa\u010dn\u00fd semin\u00e1r \u2013 granty ERC\"}]},{\"@type\":\"WebSite\",\"@id\":\"https:\\\/\\\/www.upjs.sk\\\/filozoficka-fakulta\\\/#website\",\"url\":\"https:\\\/\\\/www.upjs.sk\\\/filozoficka-fakulta\\\/\",\"name\":\"Filozofick\u00e1 fakulta | UPJ\u0160\",\"description\":\"\",\"publisher\":{\"@id\":\"https:\\\/\\\/www.upjs.sk\\\/filozoficka-fakulta\\\/#organization\"},\"potentialAction\":[{\"@type\":\"SearchAction\",\"target\":{\"@type\":\"EntryPoint\",\"urlTemplate\":\"https:\\\/\\\/www.upjs.sk\\\/filozoficka-fakulta\\\/?s={search_term_string}\"},\"query-input\":{\"@type\":\"PropertyValueSpecification\",\"valueRequired\":true,\"valueName\":\"search_term_string\"}}],\"inLanguage\":\"sk-SK\"},{\"@type\":\"Organization\",\"@id\":\"https:\\\/\\\/www.upjs.sk\\\/filozoficka-fakulta\\\/#organization\",\"name\":\"Filozofick\u00e1 fakulta | UPJ\u0160\",\"url\":\"https:\\\/\\\/www.upjs.sk\\\/filozoficka-fakulta\\\/\",\"logo\":{\"@type\":\"ImageObject\",\"inLanguage\":\"sk-SK\",\"@id\":\"https:\\\/\\\/www.upjs.sk\\\/filozoficka-fakulta\\\/#\\\/schema\\\/logo\\\/image\\\/\",\"url\":\"https:\\\/\\\/www.upjs.sk\\\/app\\\/uploads\\\/sites\\\/7\\\/2022\\\/09\\\/logo-filozoficka-fakulta.png\",\"contentUrl\":\"https:\\\/\\\/www.upjs.sk\\\/app\\\/uploads\\\/sites\\\/7\\\/2022\\\/09\\\/logo-filozoficka-fakulta.png\",\"width\":415,\"height\":87,\"caption\":\"Filozofick\u00e1 fakulta | UPJ\u0160\"},\"image\":{\"@id\":\"https:\\\/\\\/www.upjs.sk\\\/filozoficka-fakulta\\\/#\\\/schema\\\/logo\\\/image\\\/\"}}]}<\/script>\n<!-- \/ Yoast SEO plugin. -->","yoast_head_json":{"title":"Informa\u010dn\u00fd semin\u00e1r \u2013 granty ERC - Filozofick\u00e1 fakulta | UPJ\u0160","robots":{"index":"index","follow":"follow","max-snippet":"max-snippet:-1","max-image-preview":"max-image-preview:large","max-video-preview":"max-video-preview:-1"},"canonical":"https:\/\/www.upjs.sk\/filozoficka-fakulta\/upjs-life\/informacny-seminar-granty-erc-sept2023\/","og_locale":"sk_SK","og_type":"article","og_title":"Informa\u010dn\u00fd semin\u00e1r \u2013 granty ERC - Filozofick\u00e1 fakulta | UPJ\u0160","og_url":"https:\/\/www.upjs.sk\/filozoficka-fakulta\/upjs-life\/informacny-seminar-granty-erc-sept2023\/","og_site_name":"Filozofick\u00e1 fakulta | UPJ\u0160","article_modified_time":"2023-10-05T13:23:03+00:00","og_image":[{"url":"https:\/\/www.upjs.sk\/app\/uploads\/sites\/7\/2022\/10\/logo-ERC.jpg","type":"","width":"","height":""}],"twitter_card":"summary_large_image","twitter_misc":{"Predpokladan\u00fd \u010das \u010d\u00edtania":"1 min\u00fata"},"schema":{"@context":"https:\/\/schema.org","@graph":[{"@type":"WebPage","@id":"https:\/\/www.upjs.sk\/filozoficka-fakulta\/upjs-life\/informacny-seminar-granty-erc-sept2023\/","url":"https:\/\/www.upjs.sk\/filozoficka-fakulta\/upjs-life\/informacny-seminar-granty-erc-sept2023\/","name":"Informa\u010dn\u00fd semin\u00e1r \u2013 granty ERC - Filozofick\u00e1 fakulta | UPJ\u0160","isPartOf":{"@id":"https:\/\/www.upjs.sk\/filozoficka-fakulta\/#website"},"primaryImageOfPage":{"@id":"https:\/\/www.upjs.sk\/filozoficka-fakulta\/upjs-life\/informacny-seminar-granty-erc-sept2023\/#primaryimage"},"image":{"@id":"https:\/\/www.upjs.sk\/filozoficka-fakulta\/upjs-life\/informacny-seminar-granty-erc-sept2023\/#primaryimage"},"thumbnailUrl":"https:\/\/www.upjs.sk\/app\/uploads\/sites\/7\/2022\/10\/logo-ERC.jpg","datePublished":"2023-10-05T13:05:46+00:00","dateModified":"2023-10-05T13:23:03+00:00","breadcrumb":{"@id":"https:\/\/www.upjs.sk\/filozoficka-fakulta\/upjs-life\/informacny-seminar-granty-erc-sept2023\/#breadcrumb"},"inLanguage":"sk-SK","potentialAction":[{"@type":"ReadAction","target":["https:\/\/www.upjs.sk\/filozoficka-fakulta\/upjs-life\/informacny-seminar-granty-erc-sept2023\/"]}]},{"@type":"ImageObject","inLanguage":"sk-SK","@id":"https:\/\/www.upjs.sk\/filozoficka-fakulta\/upjs-life\/informacny-seminar-granty-erc-sept2023\/#primaryimage","url":"https:\/\/www.upjs.sk\/app\/uploads\/sites\/7\/2022\/10\/logo-ERC.jpg","contentUrl":"https:\/\/www.upjs.sk\/app\/uploads\/sites\/7\/2022\/10\/logo-ERC.jpg"},{"@type":"BreadcrumbList","@id":"https:\/\/www.upjs.sk\/filozoficka-fakulta\/upjs-life\/informacny-seminar-granty-erc-sept2023\/#breadcrumb","itemListElement":[{"@type":"ListItem","position":1,"name":"Home","item":"https:\/\/www.upjs.sk\/filozoficka-fakulta\/"},{"@type":"ListItem","position":2,"name":"Zo \u017eivota fakulty","item":"https:\/\/www.upjs.sk\/filozoficka-fakulta\/upjs-life\/"},{"@type":"ListItem","position":3,"name":"Informa\u010dn\u00fd semin\u00e1r \u2013 granty ERC"}]},{"@type":"WebSite","@id":"https:\/\/www.upjs.sk\/filozoficka-fakulta\/#website","url":"https:\/\/www.upjs.sk\/filozoficka-fakulta\/","name":"Filozofick\u00e1 fakulta | UPJ\u0160","description":"","publisher":{"@id":"https:\/\/www.upjs.sk\/filozoficka-fakulta\/#organization"},"potentialAction":[{"@type":"SearchAction","target":{"@type":"EntryPoint","urlTemplate":"https:\/\/www.upjs.sk\/filozoficka-fakulta\/?s={search_term_string}"},"query-input":{"@type":"PropertyValueSpecification","valueRequired":true,"valueName":"search_term_string"}}],"inLanguage":"sk-SK"},{"@type":"Organization","@id":"https:\/\/www.upjs.sk\/filozoficka-fakulta\/#organization","name":"Filozofick\u00e1 fakulta | UPJ\u0160","url":"https:\/\/www.upjs.sk\/filozoficka-fakulta\/","logo":{"@type":"ImageObject","inLanguage":"sk-SK","@id":"https:\/\/www.upjs.sk\/filozoficka-fakulta\/#\/schema\/logo\/image\/","url":"https:\/\/www.upjs.sk\/app\/uploads\/sites\/7\/2022\/09\/logo-filozoficka-fakulta.png","contentUrl":"https:\/\/www.upjs.sk\/app\/uploads\/sites\/7\/2022\/09\/logo-filozoficka-fakulta.png","width":415,"height":87,"caption":"Filozofick\u00e1 fakulta | UPJ\u0160"},"image":{"@id":"https:\/\/www.upjs.sk\/filozoficka-fakulta\/#\/schema\/logo\/image\/"}}]}},"_links":{"self":[{"href":"https:\/\/www.upjs.sk\/filozoficka-fakulta\/wp-json\/wp\/v2\/cpt_zo-zivota-upjs\/46425","targetHints":{"allow":["GET"]}}],"collection":[{"href":"https:\/\/www.upjs.sk\/filozoficka-fakulta\/wp-json\/wp\/v2\/cpt_zo-zivota-upjs"}],"about":[{"href":"https:\/\/www.upjs.sk\/filozoficka-fakulta\/wp-json\/wp\/v2\/types\/cpt_zo-zivota-upjs"}],"author":[{"embeddable":true,"href":"https:\/\/www.upjs.sk\/filozoficka-fakulta\/wp-json\/wp\/v2\/users\/21"}],"wp:attachment":[{"href":"https:\/\/www.upjs.sk\/filozoficka-fakulta\/wp-json\/wp\/v2\/media?parent=46425"}],"wp:term":[{"taxonomy":"category","embeddable":true,"href":"https:\/\/www.upjs.sk\/filozoficka-fakulta\/wp-json\/wp\/v2\/categories?post=46425"},{"taxonomy":"post_tag","embeddable":true,"href":"https:\/\/www.upjs.sk\/filozoficka-fakulta\/wp-json\/wp\/v2\/tags?post=46425"},{"taxonomy":"tax_aktuality","embeddable":true,"href":"https:\/\/www.upjs.sk\/filozoficka-fakulta\/wp-json\/wp\/v2\/tax_aktuality?post=46425"}],"curies":[{"name":"wp","href":"https:\/\/api.w.org\/{rel}","templated":true}]}}