{"id":47311,"date":"2023-11-22T08:53:26","date_gmt":"2023-11-22T07:53:26","guid":{"rendered":"https:\/\/www.upjs.sk\/filozoficka-fakulta\/?post_type=cpt_zo-zivota-upjs&#038;p=47311"},"modified":"2023-11-24T10:20:45","modified_gmt":"2023-11-24T09:20:45","slug":"prednaska-evy-kovats-na-kaa-2023","status":"publish","type":"cpt_zo-zivota-upjs","link":"https:\/\/www.upjs.sk\/filozoficka-fakulta\/upjs-life\/prednaska-evy-kovats-na-kaa-2023\/","title":{"rendered":"\u00c9va Kov\u00e1ts: Ka\u017ed\u00e9 dva t\u00fd\u017edne vo svete zanikne jeden jazyk"},"content":{"rendered":"\n<p>Na p\u00f4du&nbsp;<strong>Katedry anglistiky a&nbsp;amerikanistiky Filozofickej fakulty UPJ\u0160 v&nbsp;Ko\u0161iciach<\/strong>&nbsp;op\u00e4\u0165 zav\u00edtala frankof\u00f3nna n\u00e1v\u0161teva z Ma\u010farska. Pani&nbsp;<strong>\u00c9va Kov\u00e1ts<\/strong>&nbsp;je dlhoro\u010dnou vyu\u010duj\u00facou franc\u00faz\u0161tiny a&nbsp;organiz\u00e1torkou frankof\u00f3nneho spolo\u010densk\u00e9ho \u017eivota v&nbsp;meste Mi\u0161kovec.<br>Predn\u00e1\u0161aj\u00faca si vzala na mu\u0161ku jazyk ako syst\u00e9m \u2013 vo franc\u00faz\u0161tine vysvet\u013eovala v\u0161eobecn\u00e9 z\u00e1klady jazykovedy a spomenula najzn\u00e1mej\u0161\u00edch protagonistov te\u00f3rie jazyka. Najzauj\u00edmavej\u0161ou \u010das\u0165ou jej predn\u00e1\u0161ky s&nbsp;n\u00e1zvom \u201eHovori\u0165 znamen\u00e1 kona\u0165 (\u010co je komunik\u00e1cia? Jazyk ako k\u00f3d. Jazyky sveta. Jazyk ako nehmotn\u00e9 dedi\u010dstvo \u013eudstva)\u201c boli poznatky o&nbsp;jazykoch sveta \u2013 ich po\u010dte, skupin\u00e1ch a nezn\u00e1mych v\u00e4zb\u00e1ch medzi nimi. Prekvapenie sp\u00f4sobil poznatok, \u017ee vo svete \u00faplne zanikne jeden jazyk ka\u017ed\u00e9 dva t\u00fd\u017edne.<br>Nefrankof\u00f3nnej \u010dasti publika sprostredkovali predn\u00e1\u0161an\u00e9 poznatky \u0161tudentky franc\u00fazskeho modulu programu&nbsp;<em>anglick\u00fd jazyk pre eur\u00f3pske in\u0161tit\u00facie a&nbsp;ekonomiku<\/em>. Prv\u00fdkr\u00e1t mali pr\u00edle\u017eitos\u0165 mimo tlmo\u010dn\u00edckeho laborat\u00f3ria z\u00faro\u010di\u0165 poznatky, ktor\u00e9 nadobudli na hodin\u00e1ch simult\u00e1nneho tlmo\u010denia.<\/p>\n\n\n\n<p><strong>Mgr. Roman Gajdo\u0161<\/strong><br>KAA FF UPJ\u0160<\/p>\n","protected":false},"excerpt":{"rendered":"<p>Na p\u00f4du&nbsp;Katedry anglistiky a&nbsp;amerikanistiky Filozofickej fakulty UPJ\u0160 v&nbsp;Ko\u0161iciach&nbsp;op\u00e4\u0165 zav\u00edtala frankof\u00f3nna n\u00e1v\u0161teva z Ma\u010farska. Pani&nbsp;\u00c9va Kov\u00e1ts&nbsp;je dlhoro\u010dnou vyu\u010duj\u00facou franc\u00faz\u0161tiny a&nbsp;organiz\u00e1torkou frankof\u00f3nneho spolo\u010densk\u00e9ho \u017eivota v&nbsp;meste Mi\u0161kovec.Predn\u00e1\u0161aj\u00faca si vzala na mu\u0161ku jazyk ako syst\u00e9m \u2013 vo franc\u00faz\u0161tine vysvet\u013eovala v\u0161eobecn\u00e9 z\u00e1klady jazykovedy a spomenula najzn\u00e1mej\u0161\u00edch protagonistov te\u00f3rie jazyka. Najzauj\u00edmavej\u0161ou \u010das\u0165ou jej predn\u00e1\u0161ky s&nbsp;n\u00e1zvom \u201eHovori\u0165 znamen\u00e1 kona\u0165 (\u010co je komunik\u00e1cia? &hellip; <a href=\"https:\/\/www.upjs.sk\/filozoficka-fakulta\/upjs-life\/prednaska-evy-kovats-na-kaa-2023\/\">\u010c\u00edta\u0165 \u010falej<\/a><\/p>\n","protected":false},"author":21,"featured_media":0,"menu_order":0,"template":"","meta":{"_acf_changed":false,"_editorskit_title_hidden":false,"_editorskit_reading_time":0,"_editorskit_is_block_options_detached":false,"_editorskit_block_options_position":"{}"},"categories":[],"tags":[],"tax_aktuality":[],"class_list":["post-47311","cpt_zo-zivota-upjs","type-cpt_zo-zivota-upjs","status-publish","hentry"],"acf":{"acf_link_na_externy_obsah":""},"yoast_head":"<!-- This site is optimized with the Yoast SEO plugin v27.4 - https:\/\/yoast.com\/product\/yoast-seo-wordpress\/ -->\n<title>\u00c9va Kov\u00e1ts: Ka\u017ed\u00e9 dva t\u00fd\u017edne vo svete zanikne jeden jazyk - Filozofick\u00e1 fakulta | UPJ\u0160<\/title>\n<meta name=\"robots\" content=\"index, follow, max-snippet:-1, max-image-preview:large, max-video-preview:-1\" \/>\n<link rel=\"canonical\" href=\"https:\/\/www.upjs.sk\/filozoficka-fakulta\/upjs-life\/prednaska-evy-kovats-na-kaa-2023\/\" \/>\n<meta property=\"og:locale\" content=\"sk_SK\" \/>\n<meta property=\"og:type\" content=\"article\" \/>\n<meta property=\"og:title\" content=\"\u00c9va Kov\u00e1ts: Ka\u017ed\u00e9 dva t\u00fd\u017edne vo svete zanikne jeden jazyk - Filozofick\u00e1 fakulta | UPJ\u0160\" \/>\n<meta property=\"og:description\" content=\"Na p\u00f4du&nbsp;Katedry anglistiky a&nbsp;amerikanistiky Filozofickej fakulty UPJ\u0160 v&nbsp;Ko\u0161iciach&nbsp;op\u00e4\u0165 zav\u00edtala frankof\u00f3nna n\u00e1v\u0161teva z Ma\u010farska. Pani&nbsp;\u00c9va Kov\u00e1ts&nbsp;je dlhoro\u010dnou vyu\u010duj\u00facou franc\u00faz\u0161tiny a&nbsp;organiz\u00e1torkou frankof\u00f3nneho spolo\u010densk\u00e9ho \u017eivota v&nbsp;meste Mi\u0161kovec.Predn\u00e1\u0161aj\u00faca si vzala na mu\u0161ku jazyk ako syst\u00e9m \u2013 vo franc\u00faz\u0161tine vysvet\u013eovala v\u0161eobecn\u00e9 z\u00e1klady jazykovedy a spomenula najzn\u00e1mej\u0161\u00edch protagonistov te\u00f3rie jazyka. Najzauj\u00edmavej\u0161ou \u010das\u0165ou jej predn\u00e1\u0161ky s&nbsp;n\u00e1zvom \u201eHovori\u0165 znamen\u00e1 kona\u0165 (\u010co je komunik\u00e1cia? &hellip; \u010c\u00edta\u0165 \u010falej\" \/>\n<meta property=\"og:url\" content=\"https:\/\/www.upjs.sk\/filozoficka-fakulta\/upjs-life\/prednaska-evy-kovats-na-kaa-2023\/\" \/>\n<meta property=\"og:site_name\" content=\"Filozofick\u00e1 fakulta | UPJ\u0160\" \/>\n<meta property=\"article:modified_time\" content=\"2023-11-24T09:20:45+00:00\" \/>\n<meta name=\"twitter:card\" content=\"summary_large_image\" \/>\n<meta name=\"twitter:label1\" content=\"Predpokladan\u00fd \u010das \u010d\u00edtania\" \/>\n\t<meta name=\"twitter:data1\" content=\"1 min\u00fata\" \/>\n<script type=\"application\/ld+json\" class=\"yoast-schema-graph\">{\"@context\":\"https:\\\/\\\/schema.org\",\"@graph\":[{\"@type\":\"WebPage\",\"@id\":\"https:\\\/\\\/www.upjs.sk\\\/filozoficka-fakulta\\\/upjs-life\\\/prednaska-evy-kovats-na-kaa-2023\\\/\",\"url\":\"https:\\\/\\\/www.upjs.sk\\\/filozoficka-fakulta\\\/upjs-life\\\/prednaska-evy-kovats-na-kaa-2023\\\/\",\"name\":\"\u00c9va Kov\u00e1ts: Ka\u017ed\u00e9 dva t\u00fd\u017edne vo svete zanikne jeden jazyk - Filozofick\u00e1 fakulta | UPJ\u0160\",\"isPartOf\":{\"@id\":\"https:\\\/\\\/www.upjs.sk\\\/filozoficka-fakulta\\\/#website\"},\"datePublished\":\"2023-11-22T07:53:26+00:00\",\"dateModified\":\"2023-11-24T09:20:45+00:00\",\"breadcrumb\":{\"@id\":\"https:\\\/\\\/www.upjs.sk\\\/filozoficka-fakulta\\\/upjs-life\\\/prednaska-evy-kovats-na-kaa-2023\\\/#breadcrumb\"},\"inLanguage\":\"sk-SK\",\"potentialAction\":[{\"@type\":\"ReadAction\",\"target\":[\"https:\\\/\\\/www.upjs.sk\\\/filozoficka-fakulta\\\/upjs-life\\\/prednaska-evy-kovats-na-kaa-2023\\\/\"]}]},{\"@type\":\"BreadcrumbList\",\"@id\":\"https:\\\/\\\/www.upjs.sk\\\/filozoficka-fakulta\\\/upjs-life\\\/prednaska-evy-kovats-na-kaa-2023\\\/#breadcrumb\",\"itemListElement\":[{\"@type\":\"ListItem\",\"position\":1,\"name\":\"Home\",\"item\":\"https:\\\/\\\/www.upjs.sk\\\/filozoficka-fakulta\\\/\"},{\"@type\":\"ListItem\",\"position\":2,\"name\":\"Zo \u017eivota fakulty\",\"item\":\"https:\\\/\\\/www.upjs.sk\\\/filozoficka-fakulta\\\/upjs-life\\\/\"},{\"@type\":\"ListItem\",\"position\":3,\"name\":\"\u00c9va Kov\u00e1ts: Ka\u017ed\u00e9 dva t\u00fd\u017edne vo svete zanikne jeden jazyk\"}]},{\"@type\":\"WebSite\",\"@id\":\"https:\\\/\\\/www.upjs.sk\\\/filozoficka-fakulta\\\/#website\",\"url\":\"https:\\\/\\\/www.upjs.sk\\\/filozoficka-fakulta\\\/\",\"name\":\"Filozofick\u00e1 fakulta | UPJ\u0160\",\"description\":\"\",\"publisher\":{\"@id\":\"https:\\\/\\\/www.upjs.sk\\\/filozoficka-fakulta\\\/#organization\"},\"potentialAction\":[{\"@type\":\"SearchAction\",\"target\":{\"@type\":\"EntryPoint\",\"urlTemplate\":\"https:\\\/\\\/www.upjs.sk\\\/filozoficka-fakulta\\\/?s={search_term_string}\"},\"query-input\":{\"@type\":\"PropertyValueSpecification\",\"valueRequired\":true,\"valueName\":\"search_term_string\"}}],\"inLanguage\":\"sk-SK\"},{\"@type\":\"Organization\",\"@id\":\"https:\\\/\\\/www.upjs.sk\\\/filozoficka-fakulta\\\/#organization\",\"name\":\"Filozofick\u00e1 fakulta | UPJ\u0160\",\"url\":\"https:\\\/\\\/www.upjs.sk\\\/filozoficka-fakulta\\\/\",\"logo\":{\"@type\":\"ImageObject\",\"inLanguage\":\"sk-SK\",\"@id\":\"https:\\\/\\\/www.upjs.sk\\\/filozoficka-fakulta\\\/#\\\/schema\\\/logo\\\/image\\\/\",\"url\":\"https:\\\/\\\/www.upjs.sk\\\/app\\\/uploads\\\/sites\\\/7\\\/2022\\\/09\\\/logo-filozoficka-fakulta.png\",\"contentUrl\":\"https:\\\/\\\/www.upjs.sk\\\/app\\\/uploads\\\/sites\\\/7\\\/2022\\\/09\\\/logo-filozoficka-fakulta.png\",\"width\":415,\"height\":87,\"caption\":\"Filozofick\u00e1 fakulta | UPJ\u0160\"},\"image\":{\"@id\":\"https:\\\/\\\/www.upjs.sk\\\/filozoficka-fakulta\\\/#\\\/schema\\\/logo\\\/image\\\/\"}}]}<\/script>\n<!-- \/ Yoast SEO plugin. -->","yoast_head_json":{"title":"\u00c9va Kov\u00e1ts: Ka\u017ed\u00e9 dva t\u00fd\u017edne vo svete zanikne jeden jazyk - Filozofick\u00e1 fakulta | UPJ\u0160","robots":{"index":"index","follow":"follow","max-snippet":"max-snippet:-1","max-image-preview":"max-image-preview:large","max-video-preview":"max-video-preview:-1"},"canonical":"https:\/\/www.upjs.sk\/filozoficka-fakulta\/upjs-life\/prednaska-evy-kovats-na-kaa-2023\/","og_locale":"sk_SK","og_type":"article","og_title":"\u00c9va Kov\u00e1ts: Ka\u017ed\u00e9 dva t\u00fd\u017edne vo svete zanikne jeden jazyk - Filozofick\u00e1 fakulta | UPJ\u0160","og_description":"Na p\u00f4du&nbsp;Katedry anglistiky a&nbsp;amerikanistiky Filozofickej fakulty UPJ\u0160 v&nbsp;Ko\u0161iciach&nbsp;op\u00e4\u0165 zav\u00edtala frankof\u00f3nna n\u00e1v\u0161teva z Ma\u010farska. Pani&nbsp;\u00c9va Kov\u00e1ts&nbsp;je dlhoro\u010dnou vyu\u010duj\u00facou franc\u00faz\u0161tiny a&nbsp;organiz\u00e1torkou frankof\u00f3nneho spolo\u010densk\u00e9ho \u017eivota v&nbsp;meste Mi\u0161kovec.Predn\u00e1\u0161aj\u00faca si vzala na mu\u0161ku jazyk ako syst\u00e9m \u2013 vo franc\u00faz\u0161tine vysvet\u013eovala v\u0161eobecn\u00e9 z\u00e1klady jazykovedy a spomenula najzn\u00e1mej\u0161\u00edch protagonistov te\u00f3rie jazyka. Najzauj\u00edmavej\u0161ou \u010das\u0165ou jej predn\u00e1\u0161ky s&nbsp;n\u00e1zvom \u201eHovori\u0165 znamen\u00e1 kona\u0165 (\u010co je komunik\u00e1cia? &hellip; \u010c\u00edta\u0165 \u010falej","og_url":"https:\/\/www.upjs.sk\/filozoficka-fakulta\/upjs-life\/prednaska-evy-kovats-na-kaa-2023\/","og_site_name":"Filozofick\u00e1 fakulta | UPJ\u0160","article_modified_time":"2023-11-24T09:20:45+00:00","twitter_card":"summary_large_image","twitter_misc":{"Predpokladan\u00fd \u010das \u010d\u00edtania":"1 min\u00fata"},"schema":{"@context":"https:\/\/schema.org","@graph":[{"@type":"WebPage","@id":"https:\/\/www.upjs.sk\/filozoficka-fakulta\/upjs-life\/prednaska-evy-kovats-na-kaa-2023\/","url":"https:\/\/www.upjs.sk\/filozoficka-fakulta\/upjs-life\/prednaska-evy-kovats-na-kaa-2023\/","name":"\u00c9va Kov\u00e1ts: Ka\u017ed\u00e9 dva t\u00fd\u017edne vo svete zanikne jeden jazyk - Filozofick\u00e1 fakulta | UPJ\u0160","isPartOf":{"@id":"https:\/\/www.upjs.sk\/filozoficka-fakulta\/#website"},"datePublished":"2023-11-22T07:53:26+00:00","dateModified":"2023-11-24T09:20:45+00:00","breadcrumb":{"@id":"https:\/\/www.upjs.sk\/filozoficka-fakulta\/upjs-life\/prednaska-evy-kovats-na-kaa-2023\/#breadcrumb"},"inLanguage":"sk-SK","potentialAction":[{"@type":"ReadAction","target":["https:\/\/www.upjs.sk\/filozoficka-fakulta\/upjs-life\/prednaska-evy-kovats-na-kaa-2023\/"]}]},{"@type":"BreadcrumbList","@id":"https:\/\/www.upjs.sk\/filozoficka-fakulta\/upjs-life\/prednaska-evy-kovats-na-kaa-2023\/#breadcrumb","itemListElement":[{"@type":"ListItem","position":1,"name":"Home","item":"https:\/\/www.upjs.sk\/filozoficka-fakulta\/"},{"@type":"ListItem","position":2,"name":"Zo \u017eivota fakulty","item":"https:\/\/www.upjs.sk\/filozoficka-fakulta\/upjs-life\/"},{"@type":"ListItem","position":3,"name":"\u00c9va Kov\u00e1ts: Ka\u017ed\u00e9 dva t\u00fd\u017edne vo svete zanikne jeden jazyk"}]},{"@type":"WebSite","@id":"https:\/\/www.upjs.sk\/filozoficka-fakulta\/#website","url":"https:\/\/www.upjs.sk\/filozoficka-fakulta\/","name":"Filozofick\u00e1 fakulta | UPJ\u0160","description":"","publisher":{"@id":"https:\/\/www.upjs.sk\/filozoficka-fakulta\/#organization"},"potentialAction":[{"@type":"SearchAction","target":{"@type":"EntryPoint","urlTemplate":"https:\/\/www.upjs.sk\/filozoficka-fakulta\/?s={search_term_string}"},"query-input":{"@type":"PropertyValueSpecification","valueRequired":true,"valueName":"search_term_string"}}],"inLanguage":"sk-SK"},{"@type":"Organization","@id":"https:\/\/www.upjs.sk\/filozoficka-fakulta\/#organization","name":"Filozofick\u00e1 fakulta | UPJ\u0160","url":"https:\/\/www.upjs.sk\/filozoficka-fakulta\/","logo":{"@type":"ImageObject","inLanguage":"sk-SK","@id":"https:\/\/www.upjs.sk\/filozoficka-fakulta\/#\/schema\/logo\/image\/","url":"https:\/\/www.upjs.sk\/app\/uploads\/sites\/7\/2022\/09\/logo-filozoficka-fakulta.png","contentUrl":"https:\/\/www.upjs.sk\/app\/uploads\/sites\/7\/2022\/09\/logo-filozoficka-fakulta.png","width":415,"height":87,"caption":"Filozofick\u00e1 fakulta | UPJ\u0160"},"image":{"@id":"https:\/\/www.upjs.sk\/filozoficka-fakulta\/#\/schema\/logo\/image\/"}}]}},"_links":{"self":[{"href":"https:\/\/www.upjs.sk\/filozoficka-fakulta\/wp-json\/wp\/v2\/cpt_zo-zivota-upjs\/47311","targetHints":{"allow":["GET"]}}],"collection":[{"href":"https:\/\/www.upjs.sk\/filozoficka-fakulta\/wp-json\/wp\/v2\/cpt_zo-zivota-upjs"}],"about":[{"href":"https:\/\/www.upjs.sk\/filozoficka-fakulta\/wp-json\/wp\/v2\/types\/cpt_zo-zivota-upjs"}],"author":[{"embeddable":true,"href":"https:\/\/www.upjs.sk\/filozoficka-fakulta\/wp-json\/wp\/v2\/users\/21"}],"wp:attachment":[{"href":"https:\/\/www.upjs.sk\/filozoficka-fakulta\/wp-json\/wp\/v2\/media?parent=47311"}],"wp:term":[{"taxonomy":"category","embeddable":true,"href":"https:\/\/www.upjs.sk\/filozoficka-fakulta\/wp-json\/wp\/v2\/categories?post=47311"},{"taxonomy":"post_tag","embeddable":true,"href":"https:\/\/www.upjs.sk\/filozoficka-fakulta\/wp-json\/wp\/v2\/tags?post=47311"},{"taxonomy":"tax_aktuality","embeddable":true,"href":"https:\/\/www.upjs.sk\/filozoficka-fakulta\/wp-json\/wp\/v2\/tax_aktuality?post=47311"}],"curies":[{"name":"wp","href":"https:\/\/api.w.org\/{rel}","templated":true}]}}