{"id":48840,"date":"2024-02-19T10:37:47","date_gmt":"2024-02-19T09:37:47","guid":{"rendered":"https:\/\/www.upjs.sk\/filozoficka-fakulta\/?post_type=cpt_zo-zivota-upjs&#038;p=48840"},"modified":"2024-02-19T10:38:10","modified_gmt":"2024-02-19T09:38:10","slug":"kaa-ff-upjs-kam-na-vs-07022024","status":"publish","type":"cpt_zo-zivota-upjs","link":"https:\/\/www.upjs.sk\/filozoficka-fakulta\/upjs-life\/kaa-ff-upjs-kam-na-vs-07022024\/","title":{"rendered":"KAA FF UPJ\u0160 na vzdel\u00e1vacom ve\u013etrhu \u201eKam na vysok\u00fa\u201c v Bratislave"},"content":{"rendered":"\n<div class=\"wp-block-media-text is-stacked-on-mobile\" style=\"grid-template-columns:40% auto\"><figure class=\"wp-block-media-text__media\"><img loading=\"lazy\" decoding=\"async\" width=\"1024\" height=\"717\" src=\"https:\/\/www.upjs.sk\/app\/uploads\/sites\/7\/2024\/02\/KAA-kam-na-VS-07022024-1024x717.jpeg\" alt=\"\" class=\"wp-image-48841 size-full\" srcset=\"https:\/\/www.upjs.sk\/app\/uploads\/sites\/7\/2024\/02\/KAA-kam-na-VS-07022024-1024x717.jpeg 1024w, https:\/\/www.upjs.sk\/app\/uploads\/sites\/7\/2024\/02\/KAA-kam-na-VS-07022024-300x210.jpeg 300w, https:\/\/www.upjs.sk\/app\/uploads\/sites\/7\/2024\/02\/KAA-kam-na-VS-07022024-768x538.jpeg 768w, https:\/\/www.upjs.sk\/app\/uploads\/sites\/7\/2024\/02\/KAA-kam-na-VS-07022024.jpeg 1200w\" sizes=\"auto, (max-width: 1024px) 100vw, 1024px\" \/><\/figure><div class=\"wp-block-media-text__content\">\n<p>Doktorandky&nbsp;<strong><mark style=\"background-color:rgba(0, 0, 0, 0)\" class=\"has-inline-color has-filozoficka-f-color\">Katedry&nbsp;anglistiky a amerikanistiky Filozofickej fakulty UPJ\u0160 v Ko\u0161iciach<\/mark><\/strong>&nbsp;prezentovali&nbsp;7. 2. 2024 na\u0161u katedru, fakultu a univerzitu na vzdel\u00e1vacom ve\u013etrhu univerz\u00edt&nbsp;<strong>Kam na vysok\u00fa<\/strong>&nbsp;v Bratislave. Ve\u013emi n\u00e1s pote\u0161il z\u00e1ujem \u0161tudentov o na\u0161e \u0161tudijn\u00e9 programy. Najv\u00e4\u010d\u0161\u00ed \u00faspech zo\u017eali praktick\u00e9 aspekty \u0161t\u00fadia, a to najm\u00e4 st\u00e1\u017ee a brig\u00e1dy vo firm\u00e1ch.<br>\u0160tudentov zaujala aj mo\u017enos\u0165 z\u00edska\u0165 dvojit\u00fd diplom, \u010di pr\u00edle\u017eitos\u0165 vycestova\u0165 do zahrani\u010dia prostredn\u00edctvom programu Erasmus+. Taktie\u017e ich pote\u0161ila inform\u00e1cia, \u017ee by \u0161tudovali na&nbsp;<strong>najlep\u0161ej katedre filol\u00f3gie na Slovensku<\/strong>.<br>Budeme sa na nich te\u0161i\u0165, ke\u010f nast\u00fapia do prv\u00e9ho ro\u010dn\u00edka.<\/p>\n\n\n\n<p><strong>Mgr. Katar\u00edna Dankov\u00e1<\/strong>&nbsp;a&nbsp;<strong>Mgr. Milana Hrachov\u00e1<\/strong><br>doktorandky KAA FF UPJ\u0160<\/p>\n<\/div><\/div>\n","protected":false},"excerpt":{"rendered":"<p>Doktorandky&nbsp;Katedry&nbsp;anglistiky a amerikanistiky Filozofickej fakulty UPJ\u0160 v Ko\u0161iciach&nbsp;prezentovali&nbsp;7. 2. 2024 na\u0161u katedru, fakultu a univerzitu na vzdel\u00e1vacom ve\u013etrhu univerz\u00edt&nbsp;Kam na vysok\u00fa&nbsp;v Bratislave. Ve\u013emi n\u00e1s pote\u0161il z\u00e1ujem \u0161tudentov o na\u0161e \u0161tudijn\u00e9 programy. Najv\u00e4\u010d\u0161\u00ed \u00faspech zo\u017eali praktick\u00e9 aspekty \u0161t\u00fadia, a to najm\u00e4 st\u00e1\u017ee a brig\u00e1dy vo firm\u00e1ch.\u0160tudentov zaujala aj mo\u017enos\u0165 z\u00edska\u0165 dvojit\u00fd diplom, \u010di pr\u00edle\u017eitos\u0165 vycestova\u0165 do &hellip; <a href=\"https:\/\/www.upjs.sk\/filozoficka-fakulta\/upjs-life\/kaa-ff-upjs-kam-na-vs-07022024\/\">\u010c\u00edta\u0165 \u010falej<\/a><\/p>\n","protected":false},"author":21,"featured_media":0,"menu_order":0,"template":"","meta":{"_acf_changed":false,"_editorskit_title_hidden":false,"_editorskit_reading_time":0,"_editorskit_is_block_options_detached":false,"_editorskit_block_options_position":"{}"},"categories":[],"tags":[],"tax_aktuality":[],"class_list":["post-48840","cpt_zo-zivota-upjs","type-cpt_zo-zivota-upjs","status-publish","hentry"],"acf":{"acf_link_na_externy_obsah":""},"yoast_head":"<!-- This site is optimized with the Yoast SEO plugin v27.4 - https:\/\/yoast.com\/product\/yoast-seo-wordpress\/ -->\n<title>KAA FF UPJ\u0160 na vzdel\u00e1vacom ve\u013etrhu \u201eKam na vysok\u00fa\u201c v Bratislave - Filozofick\u00e1 fakulta | UPJ\u0160<\/title>\n<meta name=\"robots\" content=\"index, follow, max-snippet:-1, max-image-preview:large, max-video-preview:-1\" \/>\n<link rel=\"canonical\" href=\"https:\/\/www.upjs.sk\/filozoficka-fakulta\/upjs-life\/kaa-ff-upjs-kam-na-vs-07022024\/\" \/>\n<meta property=\"og:locale\" content=\"sk_SK\" \/>\n<meta property=\"og:type\" content=\"article\" \/>\n<meta property=\"og:title\" content=\"KAA FF UPJ\u0160 na vzdel\u00e1vacom ve\u013etrhu \u201eKam na vysok\u00fa\u201c v Bratislave - Filozofick\u00e1 fakulta | UPJ\u0160\" \/>\n<meta property=\"og:description\" content=\"Doktorandky&nbsp;Katedry&nbsp;anglistiky a amerikanistiky Filozofickej fakulty UPJ\u0160 v Ko\u0161iciach&nbsp;prezentovali&nbsp;7. 2. 2024 na\u0161u katedru, fakultu a univerzitu na vzdel\u00e1vacom ve\u013etrhu univerz\u00edt&nbsp;Kam na vysok\u00fa&nbsp;v Bratislave. Ve\u013emi n\u00e1s pote\u0161il z\u00e1ujem \u0161tudentov o na\u0161e \u0161tudijn\u00e9 programy. Najv\u00e4\u010d\u0161\u00ed \u00faspech zo\u017eali praktick\u00e9 aspekty \u0161t\u00fadia, a to najm\u00e4 st\u00e1\u017ee a brig\u00e1dy vo firm\u00e1ch.\u0160tudentov zaujala aj mo\u017enos\u0165 z\u00edska\u0165 dvojit\u00fd diplom, \u010di pr\u00edle\u017eitos\u0165 vycestova\u0165 do &hellip; \u010c\u00edta\u0165 \u010falej\" \/>\n<meta property=\"og:url\" content=\"https:\/\/www.upjs.sk\/filozoficka-fakulta\/upjs-life\/kaa-ff-upjs-kam-na-vs-07022024\/\" \/>\n<meta property=\"og:site_name\" content=\"Filozofick\u00e1 fakulta | UPJ\u0160\" \/>\n<meta property=\"article:modified_time\" content=\"2024-02-19T09:38:10+00:00\" \/>\n<meta property=\"og:image\" content=\"https:\/\/www.upjs.sk\/app\/uploads\/sites\/7\/2024\/02\/KAA-kam-na-VS-07022024-1024x717.jpeg\" \/>\n<meta name=\"twitter:card\" content=\"summary_large_image\" \/>\n<meta name=\"twitter:label1\" content=\"Predpokladan\u00fd \u010das \u010d\u00edtania\" \/>\n\t<meta name=\"twitter:data1\" content=\"1 min\u00fata\" \/>\n<script type=\"application\/ld+json\" class=\"yoast-schema-graph\">{\"@context\":\"https:\\\/\\\/schema.org\",\"@graph\":[{\"@type\":\"WebPage\",\"@id\":\"https:\\\/\\\/www.upjs.sk\\\/filozoficka-fakulta\\\/upjs-life\\\/kaa-ff-upjs-kam-na-vs-07022024\\\/\",\"url\":\"https:\\\/\\\/www.upjs.sk\\\/filozoficka-fakulta\\\/upjs-life\\\/kaa-ff-upjs-kam-na-vs-07022024\\\/\",\"name\":\"KAA FF UPJ\u0160 na vzdel\u00e1vacom ve\u013etrhu \u201eKam na vysok\u00fa\u201c v Bratislave - Filozofick\u00e1 fakulta | UPJ\u0160\",\"isPartOf\":{\"@id\":\"https:\\\/\\\/www.upjs.sk\\\/filozoficka-fakulta\\\/#website\"},\"primaryImageOfPage\":{\"@id\":\"https:\\\/\\\/www.upjs.sk\\\/filozoficka-fakulta\\\/upjs-life\\\/kaa-ff-upjs-kam-na-vs-07022024\\\/#primaryimage\"},\"image\":{\"@id\":\"https:\\\/\\\/www.upjs.sk\\\/filozoficka-fakulta\\\/upjs-life\\\/kaa-ff-upjs-kam-na-vs-07022024\\\/#primaryimage\"},\"thumbnailUrl\":\"https:\\\/\\\/www.upjs.sk\\\/app\\\/uploads\\\/sites\\\/7\\\/2024\\\/02\\\/KAA-kam-na-VS-07022024-1024x717.jpeg\",\"datePublished\":\"2024-02-19T09:37:47+00:00\",\"dateModified\":\"2024-02-19T09:38:10+00:00\",\"breadcrumb\":{\"@id\":\"https:\\\/\\\/www.upjs.sk\\\/filozoficka-fakulta\\\/upjs-life\\\/kaa-ff-upjs-kam-na-vs-07022024\\\/#breadcrumb\"},\"inLanguage\":\"sk-SK\",\"potentialAction\":[{\"@type\":\"ReadAction\",\"target\":[\"https:\\\/\\\/www.upjs.sk\\\/filozoficka-fakulta\\\/upjs-life\\\/kaa-ff-upjs-kam-na-vs-07022024\\\/\"]}]},{\"@type\":\"ImageObject\",\"inLanguage\":\"sk-SK\",\"@id\":\"https:\\\/\\\/www.upjs.sk\\\/filozoficka-fakulta\\\/upjs-life\\\/kaa-ff-upjs-kam-na-vs-07022024\\\/#primaryimage\",\"url\":\"https:\\\/\\\/www.upjs.sk\\\/app\\\/uploads\\\/sites\\\/7\\\/2024\\\/02\\\/KAA-kam-na-VS-07022024-1024x717.jpeg\",\"contentUrl\":\"https:\\\/\\\/www.upjs.sk\\\/app\\\/uploads\\\/sites\\\/7\\\/2024\\\/02\\\/KAA-kam-na-VS-07022024-1024x717.jpeg\"},{\"@type\":\"BreadcrumbList\",\"@id\":\"https:\\\/\\\/www.upjs.sk\\\/filozoficka-fakulta\\\/upjs-life\\\/kaa-ff-upjs-kam-na-vs-07022024\\\/#breadcrumb\",\"itemListElement\":[{\"@type\":\"ListItem\",\"position\":1,\"name\":\"Home\",\"item\":\"https:\\\/\\\/www.upjs.sk\\\/filozoficka-fakulta\\\/\"},{\"@type\":\"ListItem\",\"position\":2,\"name\":\"Zo \u017eivota fakulty\",\"item\":\"https:\\\/\\\/www.upjs.sk\\\/filozoficka-fakulta\\\/upjs-life\\\/\"},{\"@type\":\"ListItem\",\"position\":3,\"name\":\"KAA FF UPJ\u0160 na vzdel\u00e1vacom ve\u013etrhu \u201eKam na vysok\u00fa\u201c v Bratislave\"}]},{\"@type\":\"WebSite\",\"@id\":\"https:\\\/\\\/www.upjs.sk\\\/filozoficka-fakulta\\\/#website\",\"url\":\"https:\\\/\\\/www.upjs.sk\\\/filozoficka-fakulta\\\/\",\"name\":\"Filozofick\u00e1 fakulta | UPJ\u0160\",\"description\":\"\",\"publisher\":{\"@id\":\"https:\\\/\\\/www.upjs.sk\\\/filozoficka-fakulta\\\/#organization\"},\"potentialAction\":[{\"@type\":\"SearchAction\",\"target\":{\"@type\":\"EntryPoint\",\"urlTemplate\":\"https:\\\/\\\/www.upjs.sk\\\/filozoficka-fakulta\\\/?s={search_term_string}\"},\"query-input\":{\"@type\":\"PropertyValueSpecification\",\"valueRequired\":true,\"valueName\":\"search_term_string\"}}],\"inLanguage\":\"sk-SK\"},{\"@type\":\"Organization\",\"@id\":\"https:\\\/\\\/www.upjs.sk\\\/filozoficka-fakulta\\\/#organization\",\"name\":\"Filozofick\u00e1 fakulta | UPJ\u0160\",\"url\":\"https:\\\/\\\/www.upjs.sk\\\/filozoficka-fakulta\\\/\",\"logo\":{\"@type\":\"ImageObject\",\"inLanguage\":\"sk-SK\",\"@id\":\"https:\\\/\\\/www.upjs.sk\\\/filozoficka-fakulta\\\/#\\\/schema\\\/logo\\\/image\\\/\",\"url\":\"https:\\\/\\\/www.upjs.sk\\\/app\\\/uploads\\\/sites\\\/7\\\/2022\\\/09\\\/logo-filozoficka-fakulta.png\",\"contentUrl\":\"https:\\\/\\\/www.upjs.sk\\\/app\\\/uploads\\\/sites\\\/7\\\/2022\\\/09\\\/logo-filozoficka-fakulta.png\",\"width\":415,\"height\":87,\"caption\":\"Filozofick\u00e1 fakulta | UPJ\u0160\"},\"image\":{\"@id\":\"https:\\\/\\\/www.upjs.sk\\\/filozoficka-fakulta\\\/#\\\/schema\\\/logo\\\/image\\\/\"}}]}<\/script>\n<!-- \/ Yoast SEO plugin. -->","yoast_head_json":{"title":"KAA FF UPJ\u0160 na vzdel\u00e1vacom ve\u013etrhu \u201eKam na vysok\u00fa\u201c v Bratislave - Filozofick\u00e1 fakulta | UPJ\u0160","robots":{"index":"index","follow":"follow","max-snippet":"max-snippet:-1","max-image-preview":"max-image-preview:large","max-video-preview":"max-video-preview:-1"},"canonical":"https:\/\/www.upjs.sk\/filozoficka-fakulta\/upjs-life\/kaa-ff-upjs-kam-na-vs-07022024\/","og_locale":"sk_SK","og_type":"article","og_title":"KAA FF UPJ\u0160 na vzdel\u00e1vacom ve\u013etrhu \u201eKam na vysok\u00fa\u201c v Bratislave - Filozofick\u00e1 fakulta | UPJ\u0160","og_description":"Doktorandky&nbsp;Katedry&nbsp;anglistiky a amerikanistiky Filozofickej fakulty UPJ\u0160 v Ko\u0161iciach&nbsp;prezentovali&nbsp;7. 2. 2024 na\u0161u katedru, fakultu a univerzitu na vzdel\u00e1vacom ve\u013etrhu univerz\u00edt&nbsp;Kam na vysok\u00fa&nbsp;v Bratislave. Ve\u013emi n\u00e1s pote\u0161il z\u00e1ujem \u0161tudentov o na\u0161e \u0161tudijn\u00e9 programy. Najv\u00e4\u010d\u0161\u00ed \u00faspech zo\u017eali praktick\u00e9 aspekty \u0161t\u00fadia, a to najm\u00e4 st\u00e1\u017ee a brig\u00e1dy vo firm\u00e1ch.\u0160tudentov zaujala aj mo\u017enos\u0165 z\u00edska\u0165 dvojit\u00fd diplom, \u010di pr\u00edle\u017eitos\u0165 vycestova\u0165 do &hellip; \u010c\u00edta\u0165 \u010falej","og_url":"https:\/\/www.upjs.sk\/filozoficka-fakulta\/upjs-life\/kaa-ff-upjs-kam-na-vs-07022024\/","og_site_name":"Filozofick\u00e1 fakulta | UPJ\u0160","article_modified_time":"2024-02-19T09:38:10+00:00","og_image":[{"url":"https:\/\/www.upjs.sk\/app\/uploads\/sites\/7\/2024\/02\/KAA-kam-na-VS-07022024-1024x717.jpeg","type":"","width":"","height":""}],"twitter_card":"summary_large_image","twitter_misc":{"Predpokladan\u00fd \u010das \u010d\u00edtania":"1 min\u00fata"},"schema":{"@context":"https:\/\/schema.org","@graph":[{"@type":"WebPage","@id":"https:\/\/www.upjs.sk\/filozoficka-fakulta\/upjs-life\/kaa-ff-upjs-kam-na-vs-07022024\/","url":"https:\/\/www.upjs.sk\/filozoficka-fakulta\/upjs-life\/kaa-ff-upjs-kam-na-vs-07022024\/","name":"KAA FF UPJ\u0160 na vzdel\u00e1vacom ve\u013etrhu \u201eKam na vysok\u00fa\u201c v Bratislave - Filozofick\u00e1 fakulta | UPJ\u0160","isPartOf":{"@id":"https:\/\/www.upjs.sk\/filozoficka-fakulta\/#website"},"primaryImageOfPage":{"@id":"https:\/\/www.upjs.sk\/filozoficka-fakulta\/upjs-life\/kaa-ff-upjs-kam-na-vs-07022024\/#primaryimage"},"image":{"@id":"https:\/\/www.upjs.sk\/filozoficka-fakulta\/upjs-life\/kaa-ff-upjs-kam-na-vs-07022024\/#primaryimage"},"thumbnailUrl":"https:\/\/www.upjs.sk\/app\/uploads\/sites\/7\/2024\/02\/KAA-kam-na-VS-07022024-1024x717.jpeg","datePublished":"2024-02-19T09:37:47+00:00","dateModified":"2024-02-19T09:38:10+00:00","breadcrumb":{"@id":"https:\/\/www.upjs.sk\/filozoficka-fakulta\/upjs-life\/kaa-ff-upjs-kam-na-vs-07022024\/#breadcrumb"},"inLanguage":"sk-SK","potentialAction":[{"@type":"ReadAction","target":["https:\/\/www.upjs.sk\/filozoficka-fakulta\/upjs-life\/kaa-ff-upjs-kam-na-vs-07022024\/"]}]},{"@type":"ImageObject","inLanguage":"sk-SK","@id":"https:\/\/www.upjs.sk\/filozoficka-fakulta\/upjs-life\/kaa-ff-upjs-kam-na-vs-07022024\/#primaryimage","url":"https:\/\/www.upjs.sk\/app\/uploads\/sites\/7\/2024\/02\/KAA-kam-na-VS-07022024-1024x717.jpeg","contentUrl":"https:\/\/www.upjs.sk\/app\/uploads\/sites\/7\/2024\/02\/KAA-kam-na-VS-07022024-1024x717.jpeg"},{"@type":"BreadcrumbList","@id":"https:\/\/www.upjs.sk\/filozoficka-fakulta\/upjs-life\/kaa-ff-upjs-kam-na-vs-07022024\/#breadcrumb","itemListElement":[{"@type":"ListItem","position":1,"name":"Home","item":"https:\/\/www.upjs.sk\/filozoficka-fakulta\/"},{"@type":"ListItem","position":2,"name":"Zo \u017eivota fakulty","item":"https:\/\/www.upjs.sk\/filozoficka-fakulta\/upjs-life\/"},{"@type":"ListItem","position":3,"name":"KAA FF UPJ\u0160 na vzdel\u00e1vacom ve\u013etrhu \u201eKam na vysok\u00fa\u201c v Bratislave"}]},{"@type":"WebSite","@id":"https:\/\/www.upjs.sk\/filozoficka-fakulta\/#website","url":"https:\/\/www.upjs.sk\/filozoficka-fakulta\/","name":"Filozofick\u00e1 fakulta | UPJ\u0160","description":"","publisher":{"@id":"https:\/\/www.upjs.sk\/filozoficka-fakulta\/#organization"},"potentialAction":[{"@type":"SearchAction","target":{"@type":"EntryPoint","urlTemplate":"https:\/\/www.upjs.sk\/filozoficka-fakulta\/?s={search_term_string}"},"query-input":{"@type":"PropertyValueSpecification","valueRequired":true,"valueName":"search_term_string"}}],"inLanguage":"sk-SK"},{"@type":"Organization","@id":"https:\/\/www.upjs.sk\/filozoficka-fakulta\/#organization","name":"Filozofick\u00e1 fakulta | UPJ\u0160","url":"https:\/\/www.upjs.sk\/filozoficka-fakulta\/","logo":{"@type":"ImageObject","inLanguage":"sk-SK","@id":"https:\/\/www.upjs.sk\/filozoficka-fakulta\/#\/schema\/logo\/image\/","url":"https:\/\/www.upjs.sk\/app\/uploads\/sites\/7\/2022\/09\/logo-filozoficka-fakulta.png","contentUrl":"https:\/\/www.upjs.sk\/app\/uploads\/sites\/7\/2022\/09\/logo-filozoficka-fakulta.png","width":415,"height":87,"caption":"Filozofick\u00e1 fakulta | UPJ\u0160"},"image":{"@id":"https:\/\/www.upjs.sk\/filozoficka-fakulta\/#\/schema\/logo\/image\/"}}]}},"_links":{"self":[{"href":"https:\/\/www.upjs.sk\/filozoficka-fakulta\/wp-json\/wp\/v2\/cpt_zo-zivota-upjs\/48840","targetHints":{"allow":["GET"]}}],"collection":[{"href":"https:\/\/www.upjs.sk\/filozoficka-fakulta\/wp-json\/wp\/v2\/cpt_zo-zivota-upjs"}],"about":[{"href":"https:\/\/www.upjs.sk\/filozoficka-fakulta\/wp-json\/wp\/v2\/types\/cpt_zo-zivota-upjs"}],"author":[{"embeddable":true,"href":"https:\/\/www.upjs.sk\/filozoficka-fakulta\/wp-json\/wp\/v2\/users\/21"}],"wp:attachment":[{"href":"https:\/\/www.upjs.sk\/filozoficka-fakulta\/wp-json\/wp\/v2\/media?parent=48840"}],"wp:term":[{"taxonomy":"category","embeddable":true,"href":"https:\/\/www.upjs.sk\/filozoficka-fakulta\/wp-json\/wp\/v2\/categories?post=48840"},{"taxonomy":"post_tag","embeddable":true,"href":"https:\/\/www.upjs.sk\/filozoficka-fakulta\/wp-json\/wp\/v2\/tags?post=48840"},{"taxonomy":"tax_aktuality","embeddable":true,"href":"https:\/\/www.upjs.sk\/filozoficka-fakulta\/wp-json\/wp\/v2\/tax_aktuality?post=48840"}],"curies":[{"name":"wp","href":"https:\/\/api.w.org\/{rel}","templated":true}]}}