{"id":51903,"date":"2024-10-31T08:22:19","date_gmt":"2024-10-31T07:22:19","guid":{"rendered":"https:\/\/www.upjs.sk\/filozoficka-fakulta\/?post_type=cpt_zo-zivota-upjs&#038;p=51903"},"modified":"2024-10-31T08:24:18","modified_gmt":"2024-10-31T07:24:18","slug":"nova-bibliografia-o-jgtajovskom","status":"publish","type":"cpt_zo-zivota-upjs","link":"https:\/\/www.upjs.sk\/filozoficka-fakulta\/upjs-life\/nova-bibliografia-o-jgtajovskom\/","title":{"rendered":"Nov\u00e1 bibliografia o J. G. Tajovskom s vedeckou \u0161t\u00fadiou doc. I. Hajdu\u010dekovej"},"content":{"rendered":"\n<p>Pri pr\u00edle\u017eitosti 150. v\u00fdro\u010dia narodenia Jozefa Gregora Tajovsk\u00e9ho sa v \u0160t\u00e1tnej vedeckej kni\u017enici v Banskej Bystrici uskuto\u010dnilo 18. a 19. okt\u00f3bra 2024 dvojd\u0148ov\u00e9 podujatie, na ktorom boli uveden\u00e9 do \u017eivota dve nov\u00e9 v\u00fdberov\u00e9 bibliografie\u00a0<strong><em>Jozef Gregor Tajovsk\u00fd v slovenskej a \u010deskej tla\u010di<\/em><\/strong>\u00a0a\u00a0<strong><em>Hana Gregorov\u00e1 v slovenskej a \u010deskej tla\u010di<\/em><\/strong>, ktor\u00e9 zostavili\u00a0<strong>PaedDr. Slavom\u00edra O\u010den\u00e1\u0161ov\u00e1-\u0160trbov\u00e1, PhD.<\/strong>, a\u00a0<strong>PaedDr. Ivan O\u010den\u00e1\u0161, PhD.<\/strong><br>Do bibliografie o J. G. Tajovskom prispela vedeckou \u0161t\u00fadiou\u00a0<em>Poetologick\u00e9 premeny Jozefa Gregora Tajovsk\u00e9ho v prizme liter\u00e1rnej vedy 20. a 21. storo\u010dia\u00a0<\/em>liter\u00e1rna vedky\u0148a\u00a0<strong>doc. PaedDr. Ivica Hajdu\u010dekov\u00e1, PhD.<\/strong>, ktor\u00e1 p\u00f4sob\u00ed na\u00a0<strong><mark style=\"background-color:rgba(0, 0, 0, 0)\" class=\"has-inline-color has-filozoficka-f-color\">Katedre slovakistiky, slovansk\u00fdch filol\u00f3gi\u00ed a komunik\u00e1cie Filozofickej fakulty UPJ\u0160 v Ko\u0161iciach<\/mark><\/strong>.<br>Spravodajsk\u00fd z\u00e1znam z podujatia a krstu knihy je dostupn\u00fd v <a href=\"https:\/\/www.rtvs.sk\/televizia\/archiv\/21274\/494958#2618\" target=\"_blank\" rel=\"noreferrer noopener\">arch\u00edve Slovenskej telev\u00edzie<\/a>.<\/p>\n\n\n\n<p>Publikoval: M. Gladi\u0161, FF UPJ\u0160<\/p>\n\n\n<style>.kb-row-layout-id51903_94158d-fb > .kt-row-column-wrap{align-content:start;}:where(.kb-row-layout-id51903_94158d-fb > .kt-row-column-wrap) > .wp-block-kadence-column{justify-content:start;}.kb-row-layout-id51903_94158d-fb > .kt-row-column-wrap{column-gap:var(--global-kb-gap-md, 2rem);row-gap:var(--global-kb-gap-md, 2rem);padding-top:var(--global-kb-spacing-sm, 1.5rem);padding-bottom:var(--global-kb-spacing-sm, 1.5rem);grid-template-columns:repeat(2, minmax(0, 1fr));}.kb-row-layout-id51903_94158d-fb > .kt-row-layout-overlay{opacity:0.30;}@media all and (max-width: 1024px){.kb-row-layout-id51903_94158d-fb > .kt-row-column-wrap{grid-template-columns:repeat(2, minmax(0, 1fr));}}@media all and (max-width: 767px){.kb-row-layout-id51903_94158d-fb > .kt-row-column-wrap{grid-template-columns:minmax(0, 1fr);}}<\/style><div class=\"kb-row-layout-wrap kb-row-layout-id51903_94158d-fb alignnone wp-block-kadence-rowlayout\"><div class=\"kt-row-column-wrap kt-has-2-columns kt-row-layout-equal kt-tab-layout-inherit kt-mobile-layout-row kt-row-valign-top\">\n<style>.kadence-column51903_0f292e-36 > .kt-inside-inner-col,.kadence-column51903_0f292e-36 > .kt-inside-inner-col:before{border-top-left-radius:0px;border-top-right-radius:0px;border-bottom-right-radius:0px;border-bottom-left-radius:0px;}.kadence-column51903_0f292e-36 > .kt-inside-inner-col{column-gap:var(--global-kb-gap-sm, 1rem);}.kadence-column51903_0f292e-36 > .kt-inside-inner-col{flex-direction:column;}.kadence-column51903_0f292e-36 > .kt-inside-inner-col > .aligncenter{width:100%;}.kadence-column51903_0f292e-36 > .kt-inside-inner-col:before{opacity:0.3;}.kadence-column51903_0f292e-36{position:relative;}@media all and (max-width: 1024px){.kadence-column51903_0f292e-36 > .kt-inside-inner-col{flex-direction:column;justify-content:center;}}@media all and (max-width: 767px){.kadence-column51903_0f292e-36 > .kt-inside-inner-col{flex-direction:column;justify-content:center;}}<\/style>\n<div class=\"wp-block-kadence-column kadence-column51903_0f292e-36\"><div class=\"kt-inside-inner-col\"><style>.kb-image51903_7815dd-01.kb-image-is-ratio-size, .kb-image51903_7815dd-01 .kb-image-is-ratio-size{max-width:300px;width:100%;}.wp-block-kadence-column > .kt-inside-inner-col > .kb-image51903_7815dd-01.kb-image-is-ratio-size, .wp-block-kadence-column > .kt-inside-inner-col > .kb-image51903_7815dd-01 .kb-image-is-ratio-size{align-self:unset;}.kb-image51903_7815dd-01 figure{max-width:300px;}.kb-image51903_7815dd-01 .image-is-svg, .kb-image51903_7815dd-01 .image-is-svg img{width:100%;}.kb-image51903_7815dd-01 .kb-image-has-overlay:after{opacity:0.3;}<\/style>\n<div class=\"wp-block-kadence-image kb-image51903_7815dd-01\"><figure class=\"aligncenter size-large\"><img loading=\"lazy\" decoding=\"async\" width=\"756\" height=\"1024\" src=\"https:\/\/www.upjs.sk\/app\/uploads\/sites\/7\/2023\/06\/bibliografia-tajovsky-obalka2-756x1024.jpg\" alt=\"\" class=\"kb-img wp-image-51890\" srcset=\"https:\/\/www.upjs.sk\/app\/uploads\/sites\/7\/2023\/06\/bibliografia-tajovsky-obalka2-756x1024.jpg 756w, https:\/\/www.upjs.sk\/app\/uploads\/sites\/7\/2023\/06\/bibliografia-tajovsky-obalka2-222x300.jpg 222w, https:\/\/www.upjs.sk\/app\/uploads\/sites\/7\/2023\/06\/bibliografia-tajovsky-obalka2-768x1040.jpg 768w, https:\/\/www.upjs.sk\/app\/uploads\/sites\/7\/2023\/06\/bibliografia-tajovsky-obalka2.jpg 1045w\" sizes=\"auto, (max-width: 756px) 100vw, 756px\" \/><\/figure><\/div>\n<\/div><\/div>\n\n\n<style>.kadence-column51903_e32bb7-86 > .kt-inside-inner-col,.kadence-column51903_e32bb7-86 > .kt-inside-inner-col:before{border-top-left-radius:0px;border-top-right-radius:0px;border-bottom-right-radius:0px;border-bottom-left-radius:0px;}.kadence-column51903_e32bb7-86 > .kt-inside-inner-col{column-gap:var(--global-kb-gap-sm, 1rem);}.kadence-column51903_e32bb7-86 > .kt-inside-inner-col{flex-direction:column;}.kadence-column51903_e32bb7-86 > .kt-inside-inner-col > .aligncenter{width:100%;}.kadence-column51903_e32bb7-86 > .kt-inside-inner-col:before{opacity:0.3;}.kadence-column51903_e32bb7-86{position:relative;}@media all and (max-width: 1024px){.kadence-column51903_e32bb7-86 > .kt-inside-inner-col{flex-direction:column;justify-content:center;}}@media all and (max-width: 767px){.kadence-column51903_e32bb7-86 > .kt-inside-inner-col{flex-direction:column;justify-content:center;}}<\/style>\n<div class=\"wp-block-kadence-column kadence-column51903_e32bb7-86\"><div class=\"kt-inside-inner-col\"><style>.kb-image51903_318fc3-2f.kb-image-is-ratio-size, .kb-image51903_318fc3-2f .kb-image-is-ratio-size{max-width:305px;width:100%;}.wp-block-kadence-column > .kt-inside-inner-col > .kb-image51903_318fc3-2f.kb-image-is-ratio-size, .wp-block-kadence-column > .kt-inside-inner-col > .kb-image51903_318fc3-2f .kb-image-is-ratio-size{align-self:unset;}.kb-image51903_318fc3-2f figure{max-width:305px;}.kb-image51903_318fc3-2f .image-is-svg, .kb-image51903_318fc3-2f .image-is-svg img{width:100%;}.kb-image51903_318fc3-2f .kb-image-has-overlay:after{opacity:0.3;}<\/style>\n<div class=\"wp-block-kadence-image kb-image51903_318fc3-2f\"><figure class=\"aligncenter size-large\"><img loading=\"lazy\" decoding=\"async\" width=\"759\" height=\"1024\" src=\"https:\/\/www.upjs.sk\/app\/uploads\/sites\/7\/2024\/10\/bibliografia-gregorova-obalka2-759x1024.jpg\" alt=\"\" class=\"kb-img wp-image-51904\" srcset=\"https:\/\/www.upjs.sk\/app\/uploads\/sites\/7\/2024\/10\/bibliografia-gregorova-obalka2-759x1024.jpg 759w, https:\/\/www.upjs.sk\/app\/uploads\/sites\/7\/2024\/10\/bibliografia-gregorova-obalka2-222x300.jpg 222w, https:\/\/www.upjs.sk\/app\/uploads\/sites\/7\/2024\/10\/bibliografia-gregorova-obalka2-768x1036.jpg 768w, https:\/\/www.upjs.sk\/app\/uploads\/sites\/7\/2024\/10\/bibliografia-gregorova-obalka2.jpg 1045w\" sizes=\"auto, (max-width: 759px) 100vw, 759px\" \/><\/figure><\/div>\n<\/div><\/div>\n\n<\/div><\/div>","protected":false},"excerpt":{"rendered":"<p>Pri pr\u00edle\u017eitosti 150. v\u00fdro\u010dia narodenia Jozefa Gregora Tajovsk\u00e9ho sa v \u0160t\u00e1tnej vedeckej kni\u017enici v Banskej Bystrici uskuto\u010dnilo 18. a 19. okt\u00f3bra 2024 dvojd\u0148ov\u00e9 podujatie, na ktorom boli uveden\u00e9 do \u017eivota dve nov\u00e9 v\u00fdberov\u00e9 bibliografie\u00a0Jozef Gregor Tajovsk\u00fd v slovenskej a \u010deskej tla\u010di\u00a0a\u00a0Hana Gregorov\u00e1 v slovenskej a \u010deskej tla\u010di, ktor\u00e9 zostavili\u00a0PaedDr. Slavom\u00edra O\u010den\u00e1\u0161ov\u00e1-\u0160trbov\u00e1, PhD., a\u00a0PaedDr. Ivan O\u010den\u00e1\u0161, &hellip; <a href=\"https:\/\/www.upjs.sk\/filozoficka-fakulta\/upjs-life\/nova-bibliografia-o-jgtajovskom\/\">\u010c\u00edta\u0165 \u010falej<\/a><\/p>\n","protected":false},"author":21,"featured_media":0,"menu_order":0,"template":"","meta":{"_acf_changed":false,"_editorskit_title_hidden":false,"_editorskit_reading_time":0,"_editorskit_is_block_options_detached":false,"_editorskit_block_options_position":"{}"},"categories":[],"tags":[],"tax_aktuality":[],"class_list":["post-51903","cpt_zo-zivota-upjs","type-cpt_zo-zivota-upjs","status-publish","hentry"],"acf":{"acf_link_na_externy_obsah":""},"yoast_head":"<!-- This site is optimized with the Yoast SEO plugin v27.4 - https:\/\/yoast.com\/product\/yoast-seo-wordpress\/ -->\n<title>Nov\u00e1 bibliografia o J. G. Tajovskom s vedeckou \u0161t\u00fadiou doc. I. Hajdu\u010dekovej - Filozofick\u00e1 fakulta | UPJ\u0160<\/title>\n<meta name=\"robots\" content=\"index, follow, max-snippet:-1, max-image-preview:large, max-video-preview:-1\" \/>\n<link rel=\"canonical\" href=\"https:\/\/www.upjs.sk\/filozoficka-fakulta\/upjs-life\/nova-bibliografia-o-jgtajovskom\/\" \/>\n<meta property=\"og:locale\" content=\"sk_SK\" \/>\n<meta property=\"og:type\" content=\"article\" \/>\n<meta property=\"og:title\" content=\"Nov\u00e1 bibliografia o J. G. Tajovskom s vedeckou \u0161t\u00fadiou doc. I. Hajdu\u010dekovej - Filozofick\u00e1 fakulta | UPJ\u0160\" \/>\n<meta property=\"og:description\" content=\"Pri pr\u00edle\u017eitosti 150. v\u00fdro\u010dia narodenia Jozefa Gregora Tajovsk\u00e9ho sa v \u0160t\u00e1tnej vedeckej kni\u017enici v Banskej Bystrici uskuto\u010dnilo 18. a 19. okt\u00f3bra 2024 dvojd\u0148ov\u00e9 podujatie, na ktorom boli uveden\u00e9 do \u017eivota dve nov\u00e9 v\u00fdberov\u00e9 bibliografie\u00a0Jozef Gregor Tajovsk\u00fd v slovenskej a \u010deskej tla\u010di\u00a0a\u00a0Hana Gregorov\u00e1 v slovenskej a \u010deskej tla\u010di, ktor\u00e9 zostavili\u00a0PaedDr. Slavom\u00edra O\u010den\u00e1\u0161ov\u00e1-\u0160trbov\u00e1, PhD., a\u00a0PaedDr. Ivan O\u010den\u00e1\u0161, &hellip; \u010c\u00edta\u0165 \u010falej\" \/>\n<meta property=\"og:url\" content=\"https:\/\/www.upjs.sk\/filozoficka-fakulta\/upjs-life\/nova-bibliografia-o-jgtajovskom\/\" \/>\n<meta property=\"og:site_name\" content=\"Filozofick\u00e1 fakulta | UPJ\u0160\" \/>\n<meta property=\"article:modified_time\" content=\"2024-10-31T07:24:18+00:00\" \/>\n<meta property=\"og:image\" content=\"https:\/\/www.upjs.sk\/app\/uploads\/sites\/7\/2023\/06\/bibliografia-tajovsky-obalka2.jpg\" \/>\n\t<meta property=\"og:image:width\" content=\"1045\" \/>\n\t<meta property=\"og:image:height\" content=\"1415\" \/>\n\t<meta property=\"og:image:type\" content=\"image\/jpeg\" \/>\n<meta name=\"twitter:card\" content=\"summary_large_image\" \/>\n<meta name=\"twitter:label1\" content=\"Predpokladan\u00fd \u010das \u010d\u00edtania\" \/>\n\t<meta name=\"twitter:data1\" content=\"2 min\u00faty\" \/>\n<script type=\"application\/ld+json\" class=\"yoast-schema-graph\">{\"@context\":\"https:\\\/\\\/schema.org\",\"@graph\":[{\"@type\":\"WebPage\",\"@id\":\"https:\\\/\\\/www.upjs.sk\\\/filozoficka-fakulta\\\/upjs-life\\\/nova-bibliografia-o-jgtajovskom\\\/\",\"url\":\"https:\\\/\\\/www.upjs.sk\\\/filozoficka-fakulta\\\/upjs-life\\\/nova-bibliografia-o-jgtajovskom\\\/\",\"name\":\"Nov\u00e1 bibliografia o J. G. Tajovskom s vedeckou \u0161t\u00fadiou doc. I. Hajdu\u010dekovej - Filozofick\u00e1 fakulta | UPJ\u0160\",\"isPartOf\":{\"@id\":\"https:\\\/\\\/www.upjs.sk\\\/filozoficka-fakulta\\\/#website\"},\"primaryImageOfPage\":{\"@id\":\"https:\\\/\\\/www.upjs.sk\\\/filozoficka-fakulta\\\/upjs-life\\\/nova-bibliografia-o-jgtajovskom\\\/#primaryimage\"},\"image\":{\"@id\":\"https:\\\/\\\/www.upjs.sk\\\/filozoficka-fakulta\\\/upjs-life\\\/nova-bibliografia-o-jgtajovskom\\\/#primaryimage\"},\"thumbnailUrl\":\"https:\\\/\\\/www.upjs.sk\\\/app\\\/uploads\\\/sites\\\/7\\\/2023\\\/06\\\/bibliografia-tajovsky-obalka2-756x1024.jpg\",\"datePublished\":\"2024-10-31T07:22:19+00:00\",\"dateModified\":\"2024-10-31T07:24:18+00:00\",\"breadcrumb\":{\"@id\":\"https:\\\/\\\/www.upjs.sk\\\/filozoficka-fakulta\\\/upjs-life\\\/nova-bibliografia-o-jgtajovskom\\\/#breadcrumb\"},\"inLanguage\":\"sk-SK\",\"potentialAction\":[{\"@type\":\"ReadAction\",\"target\":[\"https:\\\/\\\/www.upjs.sk\\\/filozoficka-fakulta\\\/upjs-life\\\/nova-bibliografia-o-jgtajovskom\\\/\"]}]},{\"@type\":\"ImageObject\",\"inLanguage\":\"sk-SK\",\"@id\":\"https:\\\/\\\/www.upjs.sk\\\/filozoficka-fakulta\\\/upjs-life\\\/nova-bibliografia-o-jgtajovskom\\\/#primaryimage\",\"url\":\"https:\\\/\\\/www.upjs.sk\\\/app\\\/uploads\\\/sites\\\/7\\\/2023\\\/06\\\/bibliografia-tajovsky-obalka2-756x1024.jpg\",\"contentUrl\":\"https:\\\/\\\/www.upjs.sk\\\/app\\\/uploads\\\/sites\\\/7\\\/2023\\\/06\\\/bibliografia-tajovsky-obalka2-756x1024.jpg\"},{\"@type\":\"BreadcrumbList\",\"@id\":\"https:\\\/\\\/www.upjs.sk\\\/filozoficka-fakulta\\\/upjs-life\\\/nova-bibliografia-o-jgtajovskom\\\/#breadcrumb\",\"itemListElement\":[{\"@type\":\"ListItem\",\"position\":1,\"name\":\"Home\",\"item\":\"https:\\\/\\\/www.upjs.sk\\\/filozoficka-fakulta\\\/\"},{\"@type\":\"ListItem\",\"position\":2,\"name\":\"Zo \u017eivota fakulty\",\"item\":\"https:\\\/\\\/www.upjs.sk\\\/filozoficka-fakulta\\\/upjs-life\\\/\"},{\"@type\":\"ListItem\",\"position\":3,\"name\":\"Nov\u00e1 bibliografia o J. G. Tajovskom s vedeckou \u0161t\u00fadiou doc. I. Hajdu\u010dekovej\"}]},{\"@type\":\"WebSite\",\"@id\":\"https:\\\/\\\/www.upjs.sk\\\/filozoficka-fakulta\\\/#website\",\"url\":\"https:\\\/\\\/www.upjs.sk\\\/filozoficka-fakulta\\\/\",\"name\":\"Filozofick\u00e1 fakulta | UPJ\u0160\",\"description\":\"\",\"publisher\":{\"@id\":\"https:\\\/\\\/www.upjs.sk\\\/filozoficka-fakulta\\\/#organization\"},\"potentialAction\":[{\"@type\":\"SearchAction\",\"target\":{\"@type\":\"EntryPoint\",\"urlTemplate\":\"https:\\\/\\\/www.upjs.sk\\\/filozoficka-fakulta\\\/?s={search_term_string}\"},\"query-input\":{\"@type\":\"PropertyValueSpecification\",\"valueRequired\":true,\"valueName\":\"search_term_string\"}}],\"inLanguage\":\"sk-SK\"},{\"@type\":\"Organization\",\"@id\":\"https:\\\/\\\/www.upjs.sk\\\/filozoficka-fakulta\\\/#organization\",\"name\":\"Filozofick\u00e1 fakulta | UPJ\u0160\",\"url\":\"https:\\\/\\\/www.upjs.sk\\\/filozoficka-fakulta\\\/\",\"logo\":{\"@type\":\"ImageObject\",\"inLanguage\":\"sk-SK\",\"@id\":\"https:\\\/\\\/www.upjs.sk\\\/filozoficka-fakulta\\\/#\\\/schema\\\/logo\\\/image\\\/\",\"url\":\"https:\\\/\\\/www.upjs.sk\\\/app\\\/uploads\\\/sites\\\/7\\\/2022\\\/09\\\/logo-filozoficka-fakulta.png\",\"contentUrl\":\"https:\\\/\\\/www.upjs.sk\\\/app\\\/uploads\\\/sites\\\/7\\\/2022\\\/09\\\/logo-filozoficka-fakulta.png\",\"width\":415,\"height\":87,\"caption\":\"Filozofick\u00e1 fakulta | UPJ\u0160\"},\"image\":{\"@id\":\"https:\\\/\\\/www.upjs.sk\\\/filozoficka-fakulta\\\/#\\\/schema\\\/logo\\\/image\\\/\"}}]}<\/script>\n<!-- \/ Yoast SEO plugin. -->","yoast_head_json":{"title":"Nov\u00e1 bibliografia o J. G. Tajovskom s vedeckou \u0161t\u00fadiou doc. I. Hajdu\u010dekovej - Filozofick\u00e1 fakulta | UPJ\u0160","robots":{"index":"index","follow":"follow","max-snippet":"max-snippet:-1","max-image-preview":"max-image-preview:large","max-video-preview":"max-video-preview:-1"},"canonical":"https:\/\/www.upjs.sk\/filozoficka-fakulta\/upjs-life\/nova-bibliografia-o-jgtajovskom\/","og_locale":"sk_SK","og_type":"article","og_title":"Nov\u00e1 bibliografia o J. G. Tajovskom s vedeckou \u0161t\u00fadiou doc. I. Hajdu\u010dekovej - Filozofick\u00e1 fakulta | UPJ\u0160","og_description":"Pri pr\u00edle\u017eitosti 150. v\u00fdro\u010dia narodenia Jozefa Gregora Tajovsk\u00e9ho sa v \u0160t\u00e1tnej vedeckej kni\u017enici v Banskej Bystrici uskuto\u010dnilo 18. a 19. okt\u00f3bra 2024 dvojd\u0148ov\u00e9 podujatie, na ktorom boli uveden\u00e9 do \u017eivota dve nov\u00e9 v\u00fdberov\u00e9 bibliografie\u00a0Jozef Gregor Tajovsk\u00fd v slovenskej a \u010deskej tla\u010di\u00a0a\u00a0Hana Gregorov\u00e1 v slovenskej a \u010deskej tla\u010di, ktor\u00e9 zostavili\u00a0PaedDr. Slavom\u00edra O\u010den\u00e1\u0161ov\u00e1-\u0160trbov\u00e1, PhD., a\u00a0PaedDr. Ivan O\u010den\u00e1\u0161, &hellip; \u010c\u00edta\u0165 \u010falej","og_url":"https:\/\/www.upjs.sk\/filozoficka-fakulta\/upjs-life\/nova-bibliografia-o-jgtajovskom\/","og_site_name":"Filozofick\u00e1 fakulta | UPJ\u0160","article_modified_time":"2024-10-31T07:24:18+00:00","og_image":[{"width":1045,"height":1415,"url":"https:\/\/www.upjs.sk\/app\/uploads\/sites\/7\/2023\/06\/bibliografia-tajovsky-obalka2.jpg","type":"image\/jpeg"}],"twitter_card":"summary_large_image","twitter_misc":{"Predpokladan\u00fd \u010das \u010d\u00edtania":"2 min\u00faty"},"schema":{"@context":"https:\/\/schema.org","@graph":[{"@type":"WebPage","@id":"https:\/\/www.upjs.sk\/filozoficka-fakulta\/upjs-life\/nova-bibliografia-o-jgtajovskom\/","url":"https:\/\/www.upjs.sk\/filozoficka-fakulta\/upjs-life\/nova-bibliografia-o-jgtajovskom\/","name":"Nov\u00e1 bibliografia o J. G. Tajovskom s vedeckou \u0161t\u00fadiou doc. I. Hajdu\u010dekovej - Filozofick\u00e1 fakulta | UPJ\u0160","isPartOf":{"@id":"https:\/\/www.upjs.sk\/filozoficka-fakulta\/#website"},"primaryImageOfPage":{"@id":"https:\/\/www.upjs.sk\/filozoficka-fakulta\/upjs-life\/nova-bibliografia-o-jgtajovskom\/#primaryimage"},"image":{"@id":"https:\/\/www.upjs.sk\/filozoficka-fakulta\/upjs-life\/nova-bibliografia-o-jgtajovskom\/#primaryimage"},"thumbnailUrl":"https:\/\/www.upjs.sk\/app\/uploads\/sites\/7\/2023\/06\/bibliografia-tajovsky-obalka2-756x1024.jpg","datePublished":"2024-10-31T07:22:19+00:00","dateModified":"2024-10-31T07:24:18+00:00","breadcrumb":{"@id":"https:\/\/www.upjs.sk\/filozoficka-fakulta\/upjs-life\/nova-bibliografia-o-jgtajovskom\/#breadcrumb"},"inLanguage":"sk-SK","potentialAction":[{"@type":"ReadAction","target":["https:\/\/www.upjs.sk\/filozoficka-fakulta\/upjs-life\/nova-bibliografia-o-jgtajovskom\/"]}]},{"@type":"ImageObject","inLanguage":"sk-SK","@id":"https:\/\/www.upjs.sk\/filozoficka-fakulta\/upjs-life\/nova-bibliografia-o-jgtajovskom\/#primaryimage","url":"https:\/\/www.upjs.sk\/app\/uploads\/sites\/7\/2023\/06\/bibliografia-tajovsky-obalka2-756x1024.jpg","contentUrl":"https:\/\/www.upjs.sk\/app\/uploads\/sites\/7\/2023\/06\/bibliografia-tajovsky-obalka2-756x1024.jpg"},{"@type":"BreadcrumbList","@id":"https:\/\/www.upjs.sk\/filozoficka-fakulta\/upjs-life\/nova-bibliografia-o-jgtajovskom\/#breadcrumb","itemListElement":[{"@type":"ListItem","position":1,"name":"Home","item":"https:\/\/www.upjs.sk\/filozoficka-fakulta\/"},{"@type":"ListItem","position":2,"name":"Zo \u017eivota fakulty","item":"https:\/\/www.upjs.sk\/filozoficka-fakulta\/upjs-life\/"},{"@type":"ListItem","position":3,"name":"Nov\u00e1 bibliografia o J. G. Tajovskom s vedeckou \u0161t\u00fadiou doc. I. Hajdu\u010dekovej"}]},{"@type":"WebSite","@id":"https:\/\/www.upjs.sk\/filozoficka-fakulta\/#website","url":"https:\/\/www.upjs.sk\/filozoficka-fakulta\/","name":"Filozofick\u00e1 fakulta | UPJ\u0160","description":"","publisher":{"@id":"https:\/\/www.upjs.sk\/filozoficka-fakulta\/#organization"},"potentialAction":[{"@type":"SearchAction","target":{"@type":"EntryPoint","urlTemplate":"https:\/\/www.upjs.sk\/filozoficka-fakulta\/?s={search_term_string}"},"query-input":{"@type":"PropertyValueSpecification","valueRequired":true,"valueName":"search_term_string"}}],"inLanguage":"sk-SK"},{"@type":"Organization","@id":"https:\/\/www.upjs.sk\/filozoficka-fakulta\/#organization","name":"Filozofick\u00e1 fakulta | UPJ\u0160","url":"https:\/\/www.upjs.sk\/filozoficka-fakulta\/","logo":{"@type":"ImageObject","inLanguage":"sk-SK","@id":"https:\/\/www.upjs.sk\/filozoficka-fakulta\/#\/schema\/logo\/image\/","url":"https:\/\/www.upjs.sk\/app\/uploads\/sites\/7\/2022\/09\/logo-filozoficka-fakulta.png","contentUrl":"https:\/\/www.upjs.sk\/app\/uploads\/sites\/7\/2022\/09\/logo-filozoficka-fakulta.png","width":415,"height":87,"caption":"Filozofick\u00e1 fakulta | UPJ\u0160"},"image":{"@id":"https:\/\/www.upjs.sk\/filozoficka-fakulta\/#\/schema\/logo\/image\/"}}]}},"_links":{"self":[{"href":"https:\/\/www.upjs.sk\/filozoficka-fakulta\/wp-json\/wp\/v2\/cpt_zo-zivota-upjs\/51903","targetHints":{"allow":["GET"]}}],"collection":[{"href":"https:\/\/www.upjs.sk\/filozoficka-fakulta\/wp-json\/wp\/v2\/cpt_zo-zivota-upjs"}],"about":[{"href":"https:\/\/www.upjs.sk\/filozoficka-fakulta\/wp-json\/wp\/v2\/types\/cpt_zo-zivota-upjs"}],"author":[{"embeddable":true,"href":"https:\/\/www.upjs.sk\/filozoficka-fakulta\/wp-json\/wp\/v2\/users\/21"}],"wp:attachment":[{"href":"https:\/\/www.upjs.sk\/filozoficka-fakulta\/wp-json\/wp\/v2\/media?parent=51903"}],"wp:term":[{"taxonomy":"category","embeddable":true,"href":"https:\/\/www.upjs.sk\/filozoficka-fakulta\/wp-json\/wp\/v2\/categories?post=51903"},{"taxonomy":"post_tag","embeddable":true,"href":"https:\/\/www.upjs.sk\/filozoficka-fakulta\/wp-json\/wp\/v2\/tags?post=51903"},{"taxonomy":"tax_aktuality","embeddable":true,"href":"https:\/\/www.upjs.sk\/filozoficka-fakulta\/wp-json\/wp\/v2\/tax_aktuality?post=51903"}],"curies":[{"name":"wp","href":"https:\/\/api.w.org\/{rel}","templated":true}]}}