{"id":57427,"date":"2025-10-27T09:00:14","date_gmt":"2025-10-27T08:00:14","guid":{"rendered":"https:\/\/www.upjs.sk\/filozoficka-fakulta\/?post_type=cpt_zo-zivota-upjs&#038;p=57427"},"modified":"2025-10-27T09:00:16","modified_gmt":"2025-10-27T08:00:16","slug":"spolocne-v-13-komnate-2025","status":"publish","type":"cpt_zo-zivota-upjs","link":"https:\/\/www.upjs.sk\/filozoficka-fakulta\/upjs-life\/spolocne-v-13-komnate-2025\/","title":{"rendered":"Spolo\u010dne v\u00a013. komnate"},"content":{"rendered":"\n<p><strong>Modern\u00e1 soci\u00e1lna pr\u00e1ca<\/strong>\u00a0sa \u010doraz viac obracia k participat\u00edvnym pr\u00edstupom, ktor\u00e9 d\u00e1vaj\u00fa hlas t\u00fdm, ktor\u00ed s\u00fa prehliadan\u00ed. Jedn\u00fdm z nich je\u00a0<strong>met\u00f3da PhotoVoice<\/strong>\u00a0\u2013 inovat\u00edvny n\u00e1stroj sp\u00e1jaj\u00faci vizu\u00e1lne vyjadrenie a narat\u00edvne v\u00fdpovede so spolo\u010denskou advok\u00e1ciou. Prostredn\u00edctvom fotografi\u00ed umo\u017e\u0148uje \u013eu\u010fom vyjadri\u0165 svoje sk\u00fasenosti a potreby, ktor\u00e9 by inak zostali nevidite\u013en\u00e9. V pr\u00edpade \u013eud\u00ed so sluchov\u00fdm a zrakov\u00fdm postihnut\u00edm otv\u00e1ra vizu\u00e1lny jazyk mo\u017enos\u0165 vies\u0165 dial\u00f3g so spolo\u010dnos\u0165ou a in\u0161tit\u00faciami, ktor\u00e9 m\u00f4\u017eu zlep\u0161i\u0165 ich \u017eivotn\u00e9 podmienky a pom\u00f4c\u0165 im prekona\u0165 r\u00f4zne bari\u00e9ry.<br>Pr\u00e1ve projekt\u00a0<strong>\u201ePhotoVoice ako inovat\u00edvna met\u00f3da advok\u00e1cie soci\u00e1lnych potrieb \u013eud\u00ed so sluchov\u00fdm postihnut\u00edm\u201c<\/strong>\u00a0vznikol s cie\u013eom posilni\u0165 hlas tejto skupiny \u013eud\u00ed a sprostredkova\u0165 ich perspekt\u00edvu odbornej i \u0161irokej verejnosti. Cie\u013eom projektu je predov\u0161etk\u00fdm\u00a0<strong>identifikova\u0165 soci\u00e1lne potreby \u013eud\u00ed s kombinovan\u00fdm postihnut\u00edm zraku a sluchu<\/strong>. Realiz\u00e1cia projektu je z\u00e1rove\u0148 pr\u00edle\u017eitos\u0165ou na\u00a0<strong>v\u00fdchovu a vzdel\u00e1vanie verejnosti<\/strong>, najm\u00e4 pri b\u00faran\u00ed stereotypov a predsudkov.<br>V r\u00e1mci rie\u0161enia projektu sme sa viackr\u00e1t stretli s klientmi\u00a0<strong>neziskovej organiz\u00e1cie Maj\u00e1k<\/strong>, s ktor\u00fdmi sme h\u013eadali sp\u00f4soby, ako pomocou fotografi\u00ed vyjadri\u0165 ich sk\u00fasenosti so svetom, ktor\u00fd ich niekedy \u201enepo\u010duje\u201c. \u00da\u010dastn\u00edci zachyt\u00e1vali obrazy vyjadruj\u00face potreby, ktor\u00e9 s\u00fa pre v\u00e4\u010d\u0161inu z n\u00e1s samozrejm\u00e9, no pre nich \u010dasto zost\u00e1vaj\u00fa nenaplnenou t\u00fa\u017ebou \u2013\u00a0<strong>l\u00e1ska, intimita, domov, priate\u013estvo, spiritualita, zamestnanie<\/strong>\u00a0\u010di t\u00fa\u017eba by\u0165 oby\u010dajnou s\u00fa\u010das\u0165ou funk\u010dnej spolo\u010dnosti. Pre pracovn\u00edkov organiz\u00e1cie sme zrealizovali\u00a0<strong>workshop o metodike PhotoVoice<\/strong>, ktor\u00fd viedla\u00a0<strong>Dr. Izabela Kami\u0144ska-Jatczak<\/strong>, odborn\u00ed\u010dka na metodiku z akademick\u00e9ho prostredia\u00a0<strong>Uniwersytet \u0141\u00f3dzki<\/strong>. Fotografie, ktor\u00e9 po\u010das projektu vznikli, sme pripravili na\u00a0<strong>putovn\u00fa v\u00fdstavu<\/strong>.<br>Prv\u00e1 prezent\u00e1cia v\u00fdstupov sa konala 12. 11. 2024 vo Fashion Point Caf\u00e9 a z\u00fa\u010dastnili sa na nej hostia z akademick\u00e9ho prostredia aj z praxe. Vernis\u00e1\u017e moderovala\u00a0<strong>ved\u00faca projektu doc. Katar\u00edna \u0160i\u0148ansk\u00e1<\/strong>. V r\u00e1mci pribl\u00ed\u017eenia \u017eivota klientov organiz\u00e1cie Maj\u00e1k prehovorili aj jej zamestnanci, ktor\u00ed sa denne stret\u00e1vaj\u00fa s v\u00fdzvami a potrebami svojich klientov. Ich osobn\u00e9 sk\u00fasenosti dodali prezentovan\u00fdm dielam autentick\u00fd rozmer. Fotografie sa tak stali nielen umeleck\u00fdm, ale aj\u00a0<strong>soci\u00e1lnym svedectvom o \u017eivote s kombinovan\u00fdm postihnut\u00edm<\/strong>.<br>Po \u00favodnej v\u00fdstave sa kolekcia premiestnila do\u00a0<strong>Verejnej kni\u017enice J\u00e1na Bocatia<\/strong>, kde sme organizovali podujatie\u00a0<strong>\u201e\u017div\u00e1 kni\u017enica\u201c<\/strong>\u00a0\u2013 pr\u00edbehy zamestnancov i klientov organiz\u00e1cie Maj\u00e1k. Hostia si mohli vypo\u010du\u0165 autentick\u00e9 v\u00fdpovede o \u017eivote \u013eud\u00ed so zrakov\u00fdm a sluchov\u00fdm postihnut\u00edm a o ich ka\u017edodenn\u00fdch potreb\u00e1ch. Diskusia, ktor\u00e1 nasledovala, uk\u00e1zala, \u017ee aj kr\u00e1tke stretnutie m\u00f4\u017ee by\u0165 siln\u00fdm z\u00e1\u017eitkom, ktor\u00fd men\u00ed poh\u013ead na svet.<br>\u010eal\u0161ou pl\u00e1novanou zast\u00e1vkou v\u00fdstavy je\u00a0<strong>Kulturpark<\/strong>, kde si n\u00e1v\u0161tevn\u00edci bud\u00fa m\u00f4c\u0165 pozrie\u0165 fotografie od\u00a0<strong>18. 11. 2025<\/strong>. Ka\u017ed\u00e9 nov\u00e9 miesto prin\u00e1\u0161a nov\u00e9 interpret\u00e1cie \u2013 fotografie vyvol\u00e1vaj\u00fa rozhovory, ot\u00e1zky, ale aj em\u00f3cie, \u010d\u00edm nap\u013a\u0148aj\u00fa svoj advoka\u010dn\u00fd cie\u013e.<br>Projekt\u00a0<strong>PhotoVoice<\/strong>\u00a0tak prin\u00e1\u0161a viac ne\u017e len fotografie \u2013 prin\u00e1\u0161a\u00a0<strong>hlas, ktor\u00fd je vidie\u0165<\/strong>. Umo\u017e\u0148uje \u013eu\u010fom so sluchov\u00fdm a zrakov\u00fdm postihnut\u00edm hovori\u0165 obrazom, preb\u00fadza\u0165 empatiu a upozor\u0148ova\u0165 na potrebu rovnosti v pr\u00edstupe, komunik\u00e1cii a porozumen\u00ed. Ukazuje, \u017ee skuto\u010dn\u00e1 inkl\u00fazia sa neza\u010d\u00edna rozhodnut\u00edm in\u0161tit\u00facie, ale\u00a0<strong>ochotou spolo\u010dnosti pozrie\u0165 sa na svet o\u010dami t\u00fdch, ktor\u00fdch doteraz \u010dasto nepo\u010dula<\/strong>.<\/p>\n\n\n\n<p><strong>Mgr. Tom\u00e1\u0161 \u0160e\u010fo, PhD.<\/strong><br><strong>Mgr. Lucia T\u00f3thov\u00e1, PhD., univerzitn\u00e1 docentka<\/strong><br><strong>doc. PhDr. Katar\u00edna \u0160i\u0148ansk\u00e1, PhD.<\/strong><br>Filozofick\u00e1 fakulta UPJ\u0160 v Ko\u0161iciach<\/p>\n\n\n<style>.kb-row-layout-id57427_71b4e7-0c > .kt-row-column-wrap{align-content:start;}:where(.kb-row-layout-id57427_71b4e7-0c > .kt-row-column-wrap) > .wp-block-kadence-column{justify-content:start;}.kb-row-layout-id57427_71b4e7-0c > .kt-row-column-wrap{column-gap:var(--global-kb-gap-md, 2rem);row-gap:var(--global-kb-gap-md, 2rem);grid-template-columns:repeat(2, minmax(0, 1fr));}.kb-row-layout-id57427_71b4e7-0c > .kt-row-layout-overlay{opacity:0.30;}@media all and (max-width: 1024px){.kb-row-layout-id57427_71b4e7-0c > .kt-row-column-wrap{grid-template-columns:repeat(2, minmax(0, 1fr));}}@media all and (max-width: 767px){.kb-row-layout-id57427_71b4e7-0c > .kt-row-column-wrap{grid-template-columns:minmax(0, 1fr);}}<\/style><div class=\"kb-row-layout-wrap kb-row-layout-id57427_71b4e7-0c alignnone wp-block-kadence-rowlayout\"><div class=\"kt-row-column-wrap kt-has-2-columns kt-row-layout-equal kt-tab-layout-inherit kt-mobile-layout-row kt-row-valign-top\">\n<style>.kadence-column57427_e80ffe-c8 > .kt-inside-inner-col,.kadence-column57427_e80ffe-c8 > .kt-inside-inner-col:before{border-top-left-radius:0px;border-top-right-radius:0px;border-bottom-right-radius:0px;border-bottom-left-radius:0px;}.kadence-column57427_e80ffe-c8 > .kt-inside-inner-col{column-gap:var(--global-kb-gap-sm, 1rem);}.kadence-column57427_e80ffe-c8 > .kt-inside-inner-col{flex-direction:column;}.kadence-column57427_e80ffe-c8 > .kt-inside-inner-col > .aligncenter{width:100%;}.kadence-column57427_e80ffe-c8 > .kt-inside-inner-col:before{opacity:0.3;}.kadence-column57427_e80ffe-c8{position:relative;}@media all and (max-width: 1024px){.kadence-column57427_e80ffe-c8 > .kt-inside-inner-col{flex-direction:column;justify-content:center;}}@media all and (max-width: 767px){.kadence-column57427_e80ffe-c8 > .kt-inside-inner-col{flex-direction:column;justify-content:center;}}<\/style>\n<div class=\"wp-block-kadence-column kadence-column57427_e80ffe-c8\"><div class=\"kt-inside-inner-col\">\n<figure class=\"wp-block-image size-full\"><img loading=\"lazy\" decoding=\"async\" width=\"1000\" height=\"750\" src=\"https:\/\/www.upjs.sk\/app\/uploads\/sites\/7\/2025\/10\/FF-13komnata-1-2025.jpg\" alt=\"\" class=\"wp-image-57428\" srcset=\"https:\/\/www.upjs.sk\/app\/uploads\/sites\/7\/2025\/10\/FF-13komnata-1-2025.jpg 1000w, https:\/\/www.upjs.sk\/app\/uploads\/sites\/7\/2025\/10\/FF-13komnata-1-2025-300x225.jpg 300w, https:\/\/www.upjs.sk\/app\/uploads\/sites\/7\/2025\/10\/FF-13komnata-1-2025-768x576.jpg 768w\" sizes=\"auto, (max-width: 1000px) 100vw, 1000px\" \/><\/figure>\n<\/div><\/div>\n\n\n<style>.kadence-column57427_af7091-df > .kt-inside-inner-col,.kadence-column57427_af7091-df > .kt-inside-inner-col:before{border-top-left-radius:0px;border-top-right-radius:0px;border-bottom-right-radius:0px;border-bottom-left-radius:0px;}.kadence-column57427_af7091-df > .kt-inside-inner-col{column-gap:var(--global-kb-gap-sm, 1rem);}.kadence-column57427_af7091-df > .kt-inside-inner-col{flex-direction:column;}.kadence-column57427_af7091-df > .kt-inside-inner-col > .aligncenter{width:100%;}.kadence-column57427_af7091-df > .kt-inside-inner-col:before{opacity:0.3;}.kadence-column57427_af7091-df{position:relative;}@media all and (max-width: 1024px){.kadence-column57427_af7091-df > .kt-inside-inner-col{flex-direction:column;justify-content:center;}}@media all and (max-width: 767px){.kadence-column57427_af7091-df > .kt-inside-inner-col{flex-direction:column;justify-content:center;}}<\/style>\n<div class=\"wp-block-kadence-column kadence-column57427_af7091-df\"><div class=\"kt-inside-inner-col\">\n<figure class=\"wp-block-image size-large is-resized\"><img loading=\"lazy\" decoding=\"async\" width=\"931\" height=\"1024\" src=\"https:\/\/www.upjs.sk\/app\/uploads\/sites\/7\/2025\/10\/FF-13komnata-2-2025-931x1024.jpg\" alt=\"\" class=\"wp-image-57431\" style=\"width:376px\" srcset=\"https:\/\/www.upjs.sk\/app\/uploads\/sites\/7\/2025\/10\/FF-13komnata-2-2025-931x1024.jpg 931w, https:\/\/www.upjs.sk\/app\/uploads\/sites\/7\/2025\/10\/FF-13komnata-2-2025-273x300.jpg 273w, https:\/\/www.upjs.sk\/app\/uploads\/sites\/7\/2025\/10\/FF-13komnata-2-2025-768x845.jpg 768w, https:\/\/www.upjs.sk\/app\/uploads\/sites\/7\/2025\/10\/FF-13komnata-2-2025.jpg 1000w\" sizes=\"auto, (max-width: 931px) 100vw, 931px\" \/><\/figure>\n<\/div><\/div>\n\n<\/div><\/div>","protected":false},"excerpt":{"rendered":"<p>Modern\u00e1 soci\u00e1lna pr\u00e1ca\u00a0sa \u010doraz viac obracia k participat\u00edvnym pr\u00edstupom, ktor\u00e9 d\u00e1vaj\u00fa hlas t\u00fdm, ktor\u00ed s\u00fa prehliadan\u00ed. Jedn\u00fdm z nich je\u00a0met\u00f3da PhotoVoice\u00a0\u2013 inovat\u00edvny n\u00e1stroj sp\u00e1jaj\u00faci vizu\u00e1lne vyjadrenie a narat\u00edvne v\u00fdpovede so spolo\u010denskou advok\u00e1ciou. Prostredn\u00edctvom fotografi\u00ed umo\u017e\u0148uje \u013eu\u010fom vyjadri\u0165 svoje sk\u00fasenosti a potreby, ktor\u00e9 by inak zostali nevidite\u013en\u00e9. V pr\u00edpade \u013eud\u00ed so sluchov\u00fdm a zrakov\u00fdm postihnut\u00edm otv\u00e1ra &hellip; <a href=\"https:\/\/www.upjs.sk\/filozoficka-fakulta\/upjs-life\/spolocne-v-13-komnate-2025\/\">\u010c\u00edta\u0165 \u010falej<\/a><\/p>\n","protected":false},"author":21,"featured_media":0,"menu_order":0,"template":"","meta":{"_acf_changed":false,"_editorskit_title_hidden":false,"_editorskit_reading_time":0,"_editorskit_is_block_options_detached":false,"_editorskit_block_options_position":"{}"},"categories":[],"tags":[],"tax_aktuality":[],"class_list":["post-57427","cpt_zo-zivota-upjs","type-cpt_zo-zivota-upjs","status-publish","hentry"],"acf":{"acf_link_na_externy_obsah":""},"yoast_head":"<!-- This site is optimized with the Yoast SEO plugin v27.4 - https:\/\/yoast.com\/product\/yoast-seo-wordpress\/ -->\n<title>Spolo\u010dne v\u00a013. komnate - Filozofick\u00e1 fakulta | UPJ\u0160<\/title>\n<meta name=\"robots\" content=\"index, follow, max-snippet:-1, max-image-preview:large, max-video-preview:-1\" \/>\n<link rel=\"canonical\" href=\"https:\/\/www.upjs.sk\/filozoficka-fakulta\/upjs-life\/spolocne-v-13-komnate-2025\/\" \/>\n<meta property=\"og:locale\" content=\"sk_SK\" \/>\n<meta property=\"og:type\" content=\"article\" \/>\n<meta property=\"og:title\" content=\"Spolo\u010dne v\u00a013. komnate - Filozofick\u00e1 fakulta | UPJ\u0160\" \/>\n<meta property=\"og:description\" content=\"Modern\u00e1 soci\u00e1lna pr\u00e1ca\u00a0sa \u010doraz viac obracia k participat\u00edvnym pr\u00edstupom, ktor\u00e9 d\u00e1vaj\u00fa hlas t\u00fdm, ktor\u00ed s\u00fa prehliadan\u00ed. Jedn\u00fdm z nich je\u00a0met\u00f3da PhotoVoice\u00a0\u2013 inovat\u00edvny n\u00e1stroj sp\u00e1jaj\u00faci vizu\u00e1lne vyjadrenie a narat\u00edvne v\u00fdpovede so spolo\u010denskou advok\u00e1ciou. Prostredn\u00edctvom fotografi\u00ed umo\u017e\u0148uje \u013eu\u010fom vyjadri\u0165 svoje sk\u00fasenosti a potreby, ktor\u00e9 by inak zostali nevidite\u013en\u00e9. V pr\u00edpade \u013eud\u00ed so sluchov\u00fdm a zrakov\u00fdm postihnut\u00edm otv\u00e1ra &hellip; \u010c\u00edta\u0165 \u010falej\" \/>\n<meta property=\"og:url\" content=\"https:\/\/www.upjs.sk\/filozoficka-fakulta\/upjs-life\/spolocne-v-13-komnate-2025\/\" \/>\n<meta property=\"og:site_name\" content=\"Filozofick\u00e1 fakulta | UPJ\u0160\" \/>\n<meta property=\"article:modified_time\" content=\"2025-10-27T08:00:16+00:00\" \/>\n<meta property=\"og:image\" content=\"https:\/\/www.upjs.sk\/app\/uploads\/sites\/7\/2025\/10\/FF-13komnata-1-2025.jpg\" \/>\n\t<meta property=\"og:image:width\" content=\"1000\" \/>\n\t<meta property=\"og:image:height\" content=\"750\" \/>\n\t<meta property=\"og:image:type\" content=\"image\/jpeg\" \/>\n<meta name=\"twitter:card\" content=\"summary_large_image\" \/>\n<meta name=\"twitter:label1\" content=\"Predpokladan\u00fd \u010das \u010d\u00edtania\" \/>\n\t<meta name=\"twitter:data1\" content=\"3 min\u00faty\" \/>\n<script type=\"application\/ld+json\" class=\"yoast-schema-graph\">{\"@context\":\"https:\\\/\\\/schema.org\",\"@graph\":[{\"@type\":\"WebPage\",\"@id\":\"https:\\\/\\\/www.upjs.sk\\\/filozoficka-fakulta\\\/upjs-life\\\/spolocne-v-13-komnate-2025\\\/\",\"url\":\"https:\\\/\\\/www.upjs.sk\\\/filozoficka-fakulta\\\/upjs-life\\\/spolocne-v-13-komnate-2025\\\/\",\"name\":\"Spolo\u010dne v\u00a013. komnate - Filozofick\u00e1 fakulta | UPJ\u0160\",\"isPartOf\":{\"@id\":\"https:\\\/\\\/www.upjs.sk\\\/filozoficka-fakulta\\\/#website\"},\"primaryImageOfPage\":{\"@id\":\"https:\\\/\\\/www.upjs.sk\\\/filozoficka-fakulta\\\/upjs-life\\\/spolocne-v-13-komnate-2025\\\/#primaryimage\"},\"image\":{\"@id\":\"https:\\\/\\\/www.upjs.sk\\\/filozoficka-fakulta\\\/upjs-life\\\/spolocne-v-13-komnate-2025\\\/#primaryimage\"},\"thumbnailUrl\":\"https:\\\/\\\/www.upjs.sk\\\/app\\\/uploads\\\/sites\\\/7\\\/2025\\\/10\\\/FF-13komnata-1-2025.jpg\",\"datePublished\":\"2025-10-27T08:00:14+00:00\",\"dateModified\":\"2025-10-27T08:00:16+00:00\",\"breadcrumb\":{\"@id\":\"https:\\\/\\\/www.upjs.sk\\\/filozoficka-fakulta\\\/upjs-life\\\/spolocne-v-13-komnate-2025\\\/#breadcrumb\"},\"inLanguage\":\"sk-SK\",\"potentialAction\":[{\"@type\":\"ReadAction\",\"target\":[\"https:\\\/\\\/www.upjs.sk\\\/filozoficka-fakulta\\\/upjs-life\\\/spolocne-v-13-komnate-2025\\\/\"]}]},{\"@type\":\"ImageObject\",\"inLanguage\":\"sk-SK\",\"@id\":\"https:\\\/\\\/www.upjs.sk\\\/filozoficka-fakulta\\\/upjs-life\\\/spolocne-v-13-komnate-2025\\\/#primaryimage\",\"url\":\"https:\\\/\\\/www.upjs.sk\\\/app\\\/uploads\\\/sites\\\/7\\\/2025\\\/10\\\/FF-13komnata-1-2025.jpg\",\"contentUrl\":\"https:\\\/\\\/www.upjs.sk\\\/app\\\/uploads\\\/sites\\\/7\\\/2025\\\/10\\\/FF-13komnata-1-2025.jpg\"},{\"@type\":\"BreadcrumbList\",\"@id\":\"https:\\\/\\\/www.upjs.sk\\\/filozoficka-fakulta\\\/upjs-life\\\/spolocne-v-13-komnate-2025\\\/#breadcrumb\",\"itemListElement\":[{\"@type\":\"ListItem\",\"position\":1,\"name\":\"Home\",\"item\":\"https:\\\/\\\/www.upjs.sk\\\/filozoficka-fakulta\\\/\"},{\"@type\":\"ListItem\",\"position\":2,\"name\":\"Zo \u017eivota fakulty\",\"item\":\"https:\\\/\\\/www.upjs.sk\\\/filozoficka-fakulta\\\/upjs-life\\\/\"},{\"@type\":\"ListItem\",\"position\":3,\"name\":\"Spolo\u010dne v\u00a013. komnate\"}]},{\"@type\":\"WebSite\",\"@id\":\"https:\\\/\\\/www.upjs.sk\\\/filozoficka-fakulta\\\/#website\",\"url\":\"https:\\\/\\\/www.upjs.sk\\\/filozoficka-fakulta\\\/\",\"name\":\"Filozofick\u00e1 fakulta | UPJ\u0160\",\"description\":\"\",\"publisher\":{\"@id\":\"https:\\\/\\\/www.upjs.sk\\\/filozoficka-fakulta\\\/#organization\"},\"potentialAction\":[{\"@type\":\"SearchAction\",\"target\":{\"@type\":\"EntryPoint\",\"urlTemplate\":\"https:\\\/\\\/www.upjs.sk\\\/filozoficka-fakulta\\\/?s={search_term_string}\"},\"query-input\":{\"@type\":\"PropertyValueSpecification\",\"valueRequired\":true,\"valueName\":\"search_term_string\"}}],\"inLanguage\":\"sk-SK\"},{\"@type\":\"Organization\",\"@id\":\"https:\\\/\\\/www.upjs.sk\\\/filozoficka-fakulta\\\/#organization\",\"name\":\"Filozofick\u00e1 fakulta | UPJ\u0160\",\"url\":\"https:\\\/\\\/www.upjs.sk\\\/filozoficka-fakulta\\\/\",\"logo\":{\"@type\":\"ImageObject\",\"inLanguage\":\"sk-SK\",\"@id\":\"https:\\\/\\\/www.upjs.sk\\\/filozoficka-fakulta\\\/#\\\/schema\\\/logo\\\/image\\\/\",\"url\":\"https:\\\/\\\/www.upjs.sk\\\/app\\\/uploads\\\/sites\\\/7\\\/2022\\\/09\\\/logo-filozoficka-fakulta.png\",\"contentUrl\":\"https:\\\/\\\/www.upjs.sk\\\/app\\\/uploads\\\/sites\\\/7\\\/2022\\\/09\\\/logo-filozoficka-fakulta.png\",\"width\":415,\"height\":87,\"caption\":\"Filozofick\u00e1 fakulta | UPJ\u0160\"},\"image\":{\"@id\":\"https:\\\/\\\/www.upjs.sk\\\/filozoficka-fakulta\\\/#\\\/schema\\\/logo\\\/image\\\/\"}}]}<\/script>\n<!-- \/ Yoast SEO plugin. -->","yoast_head_json":{"title":"Spolo\u010dne v\u00a013. komnate - Filozofick\u00e1 fakulta | UPJ\u0160","robots":{"index":"index","follow":"follow","max-snippet":"max-snippet:-1","max-image-preview":"max-image-preview:large","max-video-preview":"max-video-preview:-1"},"canonical":"https:\/\/www.upjs.sk\/filozoficka-fakulta\/upjs-life\/spolocne-v-13-komnate-2025\/","og_locale":"sk_SK","og_type":"article","og_title":"Spolo\u010dne v\u00a013. komnate - Filozofick\u00e1 fakulta | UPJ\u0160","og_description":"Modern\u00e1 soci\u00e1lna pr\u00e1ca\u00a0sa \u010doraz viac obracia k participat\u00edvnym pr\u00edstupom, ktor\u00e9 d\u00e1vaj\u00fa hlas t\u00fdm, ktor\u00ed s\u00fa prehliadan\u00ed. Jedn\u00fdm z nich je\u00a0met\u00f3da PhotoVoice\u00a0\u2013 inovat\u00edvny n\u00e1stroj sp\u00e1jaj\u00faci vizu\u00e1lne vyjadrenie a narat\u00edvne v\u00fdpovede so spolo\u010denskou advok\u00e1ciou. Prostredn\u00edctvom fotografi\u00ed umo\u017e\u0148uje \u013eu\u010fom vyjadri\u0165 svoje sk\u00fasenosti a potreby, ktor\u00e9 by inak zostali nevidite\u013en\u00e9. V pr\u00edpade \u013eud\u00ed so sluchov\u00fdm a zrakov\u00fdm postihnut\u00edm otv\u00e1ra &hellip; \u010c\u00edta\u0165 \u010falej","og_url":"https:\/\/www.upjs.sk\/filozoficka-fakulta\/upjs-life\/spolocne-v-13-komnate-2025\/","og_site_name":"Filozofick\u00e1 fakulta | UPJ\u0160","article_modified_time":"2025-10-27T08:00:16+00:00","og_image":[{"width":1000,"height":750,"url":"https:\/\/www.upjs.sk\/app\/uploads\/sites\/7\/2025\/10\/FF-13komnata-1-2025.jpg","type":"image\/jpeg"}],"twitter_card":"summary_large_image","twitter_misc":{"Predpokladan\u00fd \u010das \u010d\u00edtania":"3 min\u00faty"},"schema":{"@context":"https:\/\/schema.org","@graph":[{"@type":"WebPage","@id":"https:\/\/www.upjs.sk\/filozoficka-fakulta\/upjs-life\/spolocne-v-13-komnate-2025\/","url":"https:\/\/www.upjs.sk\/filozoficka-fakulta\/upjs-life\/spolocne-v-13-komnate-2025\/","name":"Spolo\u010dne v\u00a013. komnate - Filozofick\u00e1 fakulta | UPJ\u0160","isPartOf":{"@id":"https:\/\/www.upjs.sk\/filozoficka-fakulta\/#website"},"primaryImageOfPage":{"@id":"https:\/\/www.upjs.sk\/filozoficka-fakulta\/upjs-life\/spolocne-v-13-komnate-2025\/#primaryimage"},"image":{"@id":"https:\/\/www.upjs.sk\/filozoficka-fakulta\/upjs-life\/spolocne-v-13-komnate-2025\/#primaryimage"},"thumbnailUrl":"https:\/\/www.upjs.sk\/app\/uploads\/sites\/7\/2025\/10\/FF-13komnata-1-2025.jpg","datePublished":"2025-10-27T08:00:14+00:00","dateModified":"2025-10-27T08:00:16+00:00","breadcrumb":{"@id":"https:\/\/www.upjs.sk\/filozoficka-fakulta\/upjs-life\/spolocne-v-13-komnate-2025\/#breadcrumb"},"inLanguage":"sk-SK","potentialAction":[{"@type":"ReadAction","target":["https:\/\/www.upjs.sk\/filozoficka-fakulta\/upjs-life\/spolocne-v-13-komnate-2025\/"]}]},{"@type":"ImageObject","inLanguage":"sk-SK","@id":"https:\/\/www.upjs.sk\/filozoficka-fakulta\/upjs-life\/spolocne-v-13-komnate-2025\/#primaryimage","url":"https:\/\/www.upjs.sk\/app\/uploads\/sites\/7\/2025\/10\/FF-13komnata-1-2025.jpg","contentUrl":"https:\/\/www.upjs.sk\/app\/uploads\/sites\/7\/2025\/10\/FF-13komnata-1-2025.jpg"},{"@type":"BreadcrumbList","@id":"https:\/\/www.upjs.sk\/filozoficka-fakulta\/upjs-life\/spolocne-v-13-komnate-2025\/#breadcrumb","itemListElement":[{"@type":"ListItem","position":1,"name":"Home","item":"https:\/\/www.upjs.sk\/filozoficka-fakulta\/"},{"@type":"ListItem","position":2,"name":"Zo \u017eivota fakulty","item":"https:\/\/www.upjs.sk\/filozoficka-fakulta\/upjs-life\/"},{"@type":"ListItem","position":3,"name":"Spolo\u010dne v\u00a013. komnate"}]},{"@type":"WebSite","@id":"https:\/\/www.upjs.sk\/filozoficka-fakulta\/#website","url":"https:\/\/www.upjs.sk\/filozoficka-fakulta\/","name":"Filozofick\u00e1 fakulta | UPJ\u0160","description":"","publisher":{"@id":"https:\/\/www.upjs.sk\/filozoficka-fakulta\/#organization"},"potentialAction":[{"@type":"SearchAction","target":{"@type":"EntryPoint","urlTemplate":"https:\/\/www.upjs.sk\/filozoficka-fakulta\/?s={search_term_string}"},"query-input":{"@type":"PropertyValueSpecification","valueRequired":true,"valueName":"search_term_string"}}],"inLanguage":"sk-SK"},{"@type":"Organization","@id":"https:\/\/www.upjs.sk\/filozoficka-fakulta\/#organization","name":"Filozofick\u00e1 fakulta | UPJ\u0160","url":"https:\/\/www.upjs.sk\/filozoficka-fakulta\/","logo":{"@type":"ImageObject","inLanguage":"sk-SK","@id":"https:\/\/www.upjs.sk\/filozoficka-fakulta\/#\/schema\/logo\/image\/","url":"https:\/\/www.upjs.sk\/app\/uploads\/sites\/7\/2022\/09\/logo-filozoficka-fakulta.png","contentUrl":"https:\/\/www.upjs.sk\/app\/uploads\/sites\/7\/2022\/09\/logo-filozoficka-fakulta.png","width":415,"height":87,"caption":"Filozofick\u00e1 fakulta | UPJ\u0160"},"image":{"@id":"https:\/\/www.upjs.sk\/filozoficka-fakulta\/#\/schema\/logo\/image\/"}}]}},"_links":{"self":[{"href":"https:\/\/www.upjs.sk\/filozoficka-fakulta\/wp-json\/wp\/v2\/cpt_zo-zivota-upjs\/57427","targetHints":{"allow":["GET"]}}],"collection":[{"href":"https:\/\/www.upjs.sk\/filozoficka-fakulta\/wp-json\/wp\/v2\/cpt_zo-zivota-upjs"}],"about":[{"href":"https:\/\/www.upjs.sk\/filozoficka-fakulta\/wp-json\/wp\/v2\/types\/cpt_zo-zivota-upjs"}],"author":[{"embeddable":true,"href":"https:\/\/www.upjs.sk\/filozoficka-fakulta\/wp-json\/wp\/v2\/users\/21"}],"wp:attachment":[{"href":"https:\/\/www.upjs.sk\/filozoficka-fakulta\/wp-json\/wp\/v2\/media?parent=57427"}],"wp:term":[{"taxonomy":"category","embeddable":true,"href":"https:\/\/www.upjs.sk\/filozoficka-fakulta\/wp-json\/wp\/v2\/categories?post=57427"},{"taxonomy":"post_tag","embeddable":true,"href":"https:\/\/www.upjs.sk\/filozoficka-fakulta\/wp-json\/wp\/v2\/tags?post=57427"},{"taxonomy":"tax_aktuality","embeddable":true,"href":"https:\/\/www.upjs.sk\/filozoficka-fakulta\/wp-json\/wp\/v2\/tax_aktuality?post=57427"}],"curies":[{"name":"wp","href":"https:\/\/api.w.org\/{rel}","templated":true}]}}