{"id":58147,"date":"2025-11-25T07:49:47","date_gmt":"2025-11-25T06:49:47","guid":{"rendered":"https:\/\/www.upjs.sk\/filozoficka-fakulta\/?post_type=cpt_zo-zivota-upjs&#038;p=58147"},"modified":"2025-11-25T07:50:21","modified_gmt":"2025-11-25T06:50:21","slug":"kpd-2025","status":"publish","type":"cpt_zo-zivota-upjs","link":"https:\/\/www.upjs.sk\/filozoficka-fakulta\/upjs-life\/kpd-2025\/","title":{"rendered":"Na FF UPJ\u0160 sa uskuto\u010dnil XIV. ro\u010dn\u00edk Ko\u0161ick\u00fdch politologick\u00fdch dial\u00f3gov"},"content":{"rendered":"\n<p><strong><mark style=\"background-color:rgba(0, 0, 0, 0)\" class=\"has-inline-color has-filozoficka-f-color\">Katedra politol\u00f3gie Filozofickej fakulty UPJ\u0160 v Ko\u0161iciach<\/mark><\/strong>\u00a0zorganizovala \u2013 v spolupr\u00e1ci s ob\u010dianskym zdru\u017een\u00edm Res Publica \u2013 vedeck\u00fa konferenciu s medzin\u00e1rodnou \u00fa\u010das\u0165ou pod n\u00e1zvom\u00a0<strong><em>MOC A NARAT\u00cdV: In\u0161trumentaliz\u00e1cia minulosti ako fenom\u00e9n s\u00fa\u010dasnosti<\/em><\/strong>. Z\u00e1\u0161titu nad konferenciou prevzala dekanka Filozofickej fakulty UPJ\u0160 v Ko\u0161iciach\u00a0<strong>prof. Mgr. Ren\u00e1ta Panocov\u00e1, PhD.<\/strong><br>Konferencia sa uskuto\u010dnila v priestoroch historickej auly a ve\u013ekej zasada\u010dky Rektor\u00e1tu UPJ\u0160. Podujatie otvorili prodekan FF UPJ\u0160 pre medzin\u00e1rodn\u00e9 vz\u0165ahy\u00a0<strong>doc. Mgr. Vladim\u00edr Lichner, PhD.<\/strong>, a\u00a0<strong>doc. PhDr. Daniel Dobia\u0161, PhD., univerzitn\u00fd profesor<\/strong>, z Katedry politol\u00f3gie FF UPJ\u0160. Konferencia sa konala ako s\u00fa\u010das\u0165 projektu VEGA \u010d. 1\/0645\/25\u00a0<em>In\u0161trumentaliz\u00e1cia historick\u00fdch udalost\u00ed ako predmet rekodifika\u010dn\u00fdch sch\u00e9m v politickej a propagandistickej praxi na Slovensku po roku 1989 (vybran\u00e9 aspekty etnick\u00fdch vz\u0165ahov)<\/em>.<br>Cie\u013eom konferencie bolo vytvori\u0165 platformu na odborn\u00fa diskusiu o aktu\u00e1lnych spolo\u010densk\u00fdch probl\u00e9moch s\u00favisiacich s mocou, historickou pam\u00e4\u0165ou a formovan\u00edm verejn\u00fdch narat\u00edvov. Program tvorilo viac ako tridsa\u0165 odborn\u00fdch pr\u00edspevkov, ktor\u00e9 sa venovali presahu historick\u00fdch narat\u00edvov do t\u00e9m s\u00fa\u010dasn\u00e9ho diskurzu, bezpe\u010dnostn\u00fdm v\u00fdzvam \u010di anal\u00fdze \u010desk\u00fdch parlamentn\u00fdch volieb.<br>Interdisciplin\u00e1rny rozmer konferencie pod\u010diarkla \u00fa\u010das\u0165 odborn\u00edkov nielen z oblast\u00ed politol\u00f3gie a medzin\u00e1rodn\u00fdch vz\u0165ahov. Priestor dostali aj doktorandi, ktor\u00ed svoje pr\u00edspevky prezentovali v samostatnom paneli. Konferencia tak umo\u017enila dial\u00f3g medzi viacer\u00fdmi gener\u00e1ciami v\u00fdskumn\u00edkov.<br>Prezentovan\u00e9 pr\u00edspevky z\u00e1rove\u0148 potvrdili, \u017ee\u00a0<strong>z\u00e1pas o interpret\u00e1ciu minulosti patr\u00ed aj dnes k najd\u00f4le\u017eitej\u0161\u00edm t\u00e9mam vo verejnom priestore<\/strong>.<br>\u201e<em>XIV. ro\u010dn\u00edk Ko\u0161ick\u00fdch politologick\u00fdch dial\u00f3gov predstavoval obsahov\u00fa kontinuitu s predch\u00e1dzaj\u00facimi ro\u010dn\u00edkmi. Centr\u00e1lnym tematick\u00fdm horizontom konferencie bolo sk\u00famanie vz\u0165ahu hodn\u00f4t a moci a interpreta\u010dn\u00fdch n\u00e1strojov na ich legitimiz\u00e1ciu. \u00da\u010dastn\u00edci sa zhodli na tom, \u017ee k\u013e\u00fa\u010dovou \u00falohou vzdelania v t\u00fdchto procesoch je z\u00edskanie politickej gramotnosti, ktor\u00e1 z \u013eud\u00ed rob\u00ed plnohodnotn\u00fdch \u010dlenov spolo\u010dnosti,<\/em>\u201c uviedol doc. PhDr. Daniel Dobia\u0161, PhD., univerzitn\u00fd profesor, z Katedry politol\u00f3gie FF UPJ\u0160.<\/p>\n\n\n\n<p><strong>Mgr. Martina Hur\u010dalov\u00e1, PhD.<\/strong><br>Katedra politol\u00f3gie FF\u00a0UPJ\u0160\u00a0v Ko\u0161iciach<\/p>\n","protected":false},"excerpt":{"rendered":"<p>Katedra politol\u00f3gie Filozofickej fakulty UPJ\u0160 v Ko\u0161iciach\u00a0zorganizovala \u2013 v spolupr\u00e1ci s ob\u010dianskym zdru\u017een\u00edm Res Publica \u2013 vedeck\u00fa konferenciu s medzin\u00e1rodnou \u00fa\u010das\u0165ou pod n\u00e1zvom\u00a0MOC A NARAT\u00cdV: In\u0161trumentaliz\u00e1cia minulosti ako fenom\u00e9n s\u00fa\u010dasnosti. Z\u00e1\u0161titu nad konferenciou prevzala dekanka Filozofickej fakulty UPJ\u0160 v Ko\u0161iciach\u00a0prof. Mgr. Ren\u00e1ta Panocov\u00e1, PhD.Konferencia sa uskuto\u010dnila v priestoroch historickej auly a ve\u013ekej zasada\u010dky Rektor\u00e1tu UPJ\u0160. &hellip; <a href=\"https:\/\/www.upjs.sk\/filozoficka-fakulta\/upjs-life\/kpd-2025\/\">\u010c\u00edta\u0165 \u010falej<\/a><\/p>\n","protected":false},"author":21,"featured_media":0,"menu_order":0,"template":"","meta":{"_acf_changed":false,"_editorskit_title_hidden":false,"_editorskit_reading_time":0,"_editorskit_is_block_options_detached":false,"_editorskit_block_options_position":"{}"},"categories":[],"tags":[],"tax_aktuality":[],"class_list":["post-58147","cpt_zo-zivota-upjs","type-cpt_zo-zivota-upjs","status-publish","hentry"],"acf":{"acf_link_na_externy_obsah":""},"yoast_head":"<!-- This site is optimized with the Yoast SEO plugin v27.4 - https:\/\/yoast.com\/product\/yoast-seo-wordpress\/ -->\n<title>Na FF UPJ\u0160 sa uskuto\u010dnil XIV. ro\u010dn\u00edk Ko\u0161ick\u00fdch politologick\u00fdch dial\u00f3gov - Filozofick\u00e1 fakulta | UPJ\u0160<\/title>\n<meta name=\"robots\" content=\"index, follow, max-snippet:-1, max-image-preview:large, max-video-preview:-1\" \/>\n<link rel=\"canonical\" href=\"https:\/\/www.upjs.sk\/filozoficka-fakulta\/upjs-life\/kpd-2025\/\" \/>\n<meta property=\"og:locale\" content=\"sk_SK\" \/>\n<meta property=\"og:type\" content=\"article\" \/>\n<meta property=\"og:title\" content=\"Na FF UPJ\u0160 sa uskuto\u010dnil XIV. ro\u010dn\u00edk Ko\u0161ick\u00fdch politologick\u00fdch dial\u00f3gov - Filozofick\u00e1 fakulta | UPJ\u0160\" \/>\n<meta property=\"og:description\" content=\"Katedra politol\u00f3gie Filozofickej fakulty UPJ\u0160 v Ko\u0161iciach\u00a0zorganizovala \u2013 v spolupr\u00e1ci s ob\u010dianskym zdru\u017een\u00edm Res Publica \u2013 vedeck\u00fa konferenciu s medzin\u00e1rodnou \u00fa\u010das\u0165ou pod n\u00e1zvom\u00a0MOC A NARAT\u00cdV: In\u0161trumentaliz\u00e1cia minulosti ako fenom\u00e9n s\u00fa\u010dasnosti. Z\u00e1\u0161titu nad konferenciou prevzala dekanka Filozofickej fakulty UPJ\u0160 v Ko\u0161iciach\u00a0prof. Mgr. Ren\u00e1ta Panocov\u00e1, PhD.Konferencia sa uskuto\u010dnila v priestoroch historickej auly a ve\u013ekej zasada\u010dky Rektor\u00e1tu UPJ\u0160. &hellip; \u010c\u00edta\u0165 \u010falej\" \/>\n<meta property=\"og:url\" content=\"https:\/\/www.upjs.sk\/filozoficka-fakulta\/upjs-life\/kpd-2025\/\" \/>\n<meta property=\"og:site_name\" content=\"Filozofick\u00e1 fakulta | UPJ\u0160\" \/>\n<meta property=\"article:modified_time\" content=\"2025-11-25T06:50:21+00:00\" \/>\n<meta name=\"twitter:card\" content=\"summary_large_image\" \/>\n<meta name=\"twitter:label1\" content=\"Predpokladan\u00fd \u010das \u010d\u00edtania\" \/>\n\t<meta name=\"twitter:data1\" content=\"2 min\u00faty\" \/>\n<script type=\"application\/ld+json\" class=\"yoast-schema-graph\">{\"@context\":\"https:\\\/\\\/schema.org\",\"@graph\":[{\"@type\":\"WebPage\",\"@id\":\"https:\\\/\\\/www.upjs.sk\\\/filozoficka-fakulta\\\/upjs-life\\\/kpd-2025\\\/\",\"url\":\"https:\\\/\\\/www.upjs.sk\\\/filozoficka-fakulta\\\/upjs-life\\\/kpd-2025\\\/\",\"name\":\"Na FF UPJ\u0160 sa uskuto\u010dnil XIV. ro\u010dn\u00edk Ko\u0161ick\u00fdch politologick\u00fdch dial\u00f3gov - Filozofick\u00e1 fakulta | UPJ\u0160\",\"isPartOf\":{\"@id\":\"https:\\\/\\\/www.upjs.sk\\\/filozoficka-fakulta\\\/#website\"},\"datePublished\":\"2025-11-25T06:49:47+00:00\",\"dateModified\":\"2025-11-25T06:50:21+00:00\",\"breadcrumb\":{\"@id\":\"https:\\\/\\\/www.upjs.sk\\\/filozoficka-fakulta\\\/upjs-life\\\/kpd-2025\\\/#breadcrumb\"},\"inLanguage\":\"sk-SK\",\"potentialAction\":[{\"@type\":\"ReadAction\",\"target\":[\"https:\\\/\\\/www.upjs.sk\\\/filozoficka-fakulta\\\/upjs-life\\\/kpd-2025\\\/\"]}]},{\"@type\":\"BreadcrumbList\",\"@id\":\"https:\\\/\\\/www.upjs.sk\\\/filozoficka-fakulta\\\/upjs-life\\\/kpd-2025\\\/#breadcrumb\",\"itemListElement\":[{\"@type\":\"ListItem\",\"position\":1,\"name\":\"Home\",\"item\":\"https:\\\/\\\/www.upjs.sk\\\/filozoficka-fakulta\\\/\"},{\"@type\":\"ListItem\",\"position\":2,\"name\":\"Zo \u017eivota fakulty\",\"item\":\"https:\\\/\\\/www.upjs.sk\\\/filozoficka-fakulta\\\/upjs-life\\\/\"},{\"@type\":\"ListItem\",\"position\":3,\"name\":\"Na FF UPJ\u0160 sa uskuto\u010dnil XIV. ro\u010dn\u00edk Ko\u0161ick\u00fdch politologick\u00fdch dial\u00f3gov\"}]},{\"@type\":\"WebSite\",\"@id\":\"https:\\\/\\\/www.upjs.sk\\\/filozoficka-fakulta\\\/#website\",\"url\":\"https:\\\/\\\/www.upjs.sk\\\/filozoficka-fakulta\\\/\",\"name\":\"Filozofick\u00e1 fakulta | UPJ\u0160\",\"description\":\"\",\"publisher\":{\"@id\":\"https:\\\/\\\/www.upjs.sk\\\/filozoficka-fakulta\\\/#organization\"},\"potentialAction\":[{\"@type\":\"SearchAction\",\"target\":{\"@type\":\"EntryPoint\",\"urlTemplate\":\"https:\\\/\\\/www.upjs.sk\\\/filozoficka-fakulta\\\/?s={search_term_string}\"},\"query-input\":{\"@type\":\"PropertyValueSpecification\",\"valueRequired\":true,\"valueName\":\"search_term_string\"}}],\"inLanguage\":\"sk-SK\"},{\"@type\":\"Organization\",\"@id\":\"https:\\\/\\\/www.upjs.sk\\\/filozoficka-fakulta\\\/#organization\",\"name\":\"Filozofick\u00e1 fakulta | UPJ\u0160\",\"url\":\"https:\\\/\\\/www.upjs.sk\\\/filozoficka-fakulta\\\/\",\"logo\":{\"@type\":\"ImageObject\",\"inLanguage\":\"sk-SK\",\"@id\":\"https:\\\/\\\/www.upjs.sk\\\/filozoficka-fakulta\\\/#\\\/schema\\\/logo\\\/image\\\/\",\"url\":\"https:\\\/\\\/www.upjs.sk\\\/app\\\/uploads\\\/sites\\\/7\\\/2022\\\/09\\\/logo-filozoficka-fakulta.png\",\"contentUrl\":\"https:\\\/\\\/www.upjs.sk\\\/app\\\/uploads\\\/sites\\\/7\\\/2022\\\/09\\\/logo-filozoficka-fakulta.png\",\"width\":415,\"height\":87,\"caption\":\"Filozofick\u00e1 fakulta | UPJ\u0160\"},\"image\":{\"@id\":\"https:\\\/\\\/www.upjs.sk\\\/filozoficka-fakulta\\\/#\\\/schema\\\/logo\\\/image\\\/\"}}]}<\/script>\n<!-- \/ Yoast SEO plugin. -->","yoast_head_json":{"title":"Na FF UPJ\u0160 sa uskuto\u010dnil XIV. ro\u010dn\u00edk Ko\u0161ick\u00fdch politologick\u00fdch dial\u00f3gov - Filozofick\u00e1 fakulta | UPJ\u0160","robots":{"index":"index","follow":"follow","max-snippet":"max-snippet:-1","max-image-preview":"max-image-preview:large","max-video-preview":"max-video-preview:-1"},"canonical":"https:\/\/www.upjs.sk\/filozoficka-fakulta\/upjs-life\/kpd-2025\/","og_locale":"sk_SK","og_type":"article","og_title":"Na FF UPJ\u0160 sa uskuto\u010dnil XIV. ro\u010dn\u00edk Ko\u0161ick\u00fdch politologick\u00fdch dial\u00f3gov - Filozofick\u00e1 fakulta | UPJ\u0160","og_description":"Katedra politol\u00f3gie Filozofickej fakulty UPJ\u0160 v Ko\u0161iciach\u00a0zorganizovala \u2013 v spolupr\u00e1ci s ob\u010dianskym zdru\u017een\u00edm Res Publica \u2013 vedeck\u00fa konferenciu s medzin\u00e1rodnou \u00fa\u010das\u0165ou pod n\u00e1zvom\u00a0MOC A NARAT\u00cdV: In\u0161trumentaliz\u00e1cia minulosti ako fenom\u00e9n s\u00fa\u010dasnosti. Z\u00e1\u0161titu nad konferenciou prevzala dekanka Filozofickej fakulty UPJ\u0160 v Ko\u0161iciach\u00a0prof. Mgr. Ren\u00e1ta Panocov\u00e1, PhD.Konferencia sa uskuto\u010dnila v priestoroch historickej auly a ve\u013ekej zasada\u010dky Rektor\u00e1tu UPJ\u0160. &hellip; \u010c\u00edta\u0165 \u010falej","og_url":"https:\/\/www.upjs.sk\/filozoficka-fakulta\/upjs-life\/kpd-2025\/","og_site_name":"Filozofick\u00e1 fakulta | UPJ\u0160","article_modified_time":"2025-11-25T06:50:21+00:00","twitter_card":"summary_large_image","twitter_misc":{"Predpokladan\u00fd \u010das \u010d\u00edtania":"2 min\u00faty"},"schema":{"@context":"https:\/\/schema.org","@graph":[{"@type":"WebPage","@id":"https:\/\/www.upjs.sk\/filozoficka-fakulta\/upjs-life\/kpd-2025\/","url":"https:\/\/www.upjs.sk\/filozoficka-fakulta\/upjs-life\/kpd-2025\/","name":"Na FF UPJ\u0160 sa uskuto\u010dnil XIV. ro\u010dn\u00edk Ko\u0161ick\u00fdch politologick\u00fdch dial\u00f3gov - Filozofick\u00e1 fakulta | UPJ\u0160","isPartOf":{"@id":"https:\/\/www.upjs.sk\/filozoficka-fakulta\/#website"},"datePublished":"2025-11-25T06:49:47+00:00","dateModified":"2025-11-25T06:50:21+00:00","breadcrumb":{"@id":"https:\/\/www.upjs.sk\/filozoficka-fakulta\/upjs-life\/kpd-2025\/#breadcrumb"},"inLanguage":"sk-SK","potentialAction":[{"@type":"ReadAction","target":["https:\/\/www.upjs.sk\/filozoficka-fakulta\/upjs-life\/kpd-2025\/"]}]},{"@type":"BreadcrumbList","@id":"https:\/\/www.upjs.sk\/filozoficka-fakulta\/upjs-life\/kpd-2025\/#breadcrumb","itemListElement":[{"@type":"ListItem","position":1,"name":"Home","item":"https:\/\/www.upjs.sk\/filozoficka-fakulta\/"},{"@type":"ListItem","position":2,"name":"Zo \u017eivota fakulty","item":"https:\/\/www.upjs.sk\/filozoficka-fakulta\/upjs-life\/"},{"@type":"ListItem","position":3,"name":"Na FF UPJ\u0160 sa uskuto\u010dnil XIV. ro\u010dn\u00edk Ko\u0161ick\u00fdch politologick\u00fdch dial\u00f3gov"}]},{"@type":"WebSite","@id":"https:\/\/www.upjs.sk\/filozoficka-fakulta\/#website","url":"https:\/\/www.upjs.sk\/filozoficka-fakulta\/","name":"Filozofick\u00e1 fakulta | UPJ\u0160","description":"","publisher":{"@id":"https:\/\/www.upjs.sk\/filozoficka-fakulta\/#organization"},"potentialAction":[{"@type":"SearchAction","target":{"@type":"EntryPoint","urlTemplate":"https:\/\/www.upjs.sk\/filozoficka-fakulta\/?s={search_term_string}"},"query-input":{"@type":"PropertyValueSpecification","valueRequired":true,"valueName":"search_term_string"}}],"inLanguage":"sk-SK"},{"@type":"Organization","@id":"https:\/\/www.upjs.sk\/filozoficka-fakulta\/#organization","name":"Filozofick\u00e1 fakulta | UPJ\u0160","url":"https:\/\/www.upjs.sk\/filozoficka-fakulta\/","logo":{"@type":"ImageObject","inLanguage":"sk-SK","@id":"https:\/\/www.upjs.sk\/filozoficka-fakulta\/#\/schema\/logo\/image\/","url":"https:\/\/www.upjs.sk\/app\/uploads\/sites\/7\/2022\/09\/logo-filozoficka-fakulta.png","contentUrl":"https:\/\/www.upjs.sk\/app\/uploads\/sites\/7\/2022\/09\/logo-filozoficka-fakulta.png","width":415,"height":87,"caption":"Filozofick\u00e1 fakulta | UPJ\u0160"},"image":{"@id":"https:\/\/www.upjs.sk\/filozoficka-fakulta\/#\/schema\/logo\/image\/"}}]}},"_links":{"self":[{"href":"https:\/\/www.upjs.sk\/filozoficka-fakulta\/wp-json\/wp\/v2\/cpt_zo-zivota-upjs\/58147","targetHints":{"allow":["GET"]}}],"collection":[{"href":"https:\/\/www.upjs.sk\/filozoficka-fakulta\/wp-json\/wp\/v2\/cpt_zo-zivota-upjs"}],"about":[{"href":"https:\/\/www.upjs.sk\/filozoficka-fakulta\/wp-json\/wp\/v2\/types\/cpt_zo-zivota-upjs"}],"author":[{"embeddable":true,"href":"https:\/\/www.upjs.sk\/filozoficka-fakulta\/wp-json\/wp\/v2\/users\/21"}],"wp:attachment":[{"href":"https:\/\/www.upjs.sk\/filozoficka-fakulta\/wp-json\/wp\/v2\/media?parent=58147"}],"wp:term":[{"taxonomy":"category","embeddable":true,"href":"https:\/\/www.upjs.sk\/filozoficka-fakulta\/wp-json\/wp\/v2\/categories?post=58147"},{"taxonomy":"post_tag","embeddable":true,"href":"https:\/\/www.upjs.sk\/filozoficka-fakulta\/wp-json\/wp\/v2\/tags?post=58147"},{"taxonomy":"tax_aktuality","embeddable":true,"href":"https:\/\/www.upjs.sk\/filozoficka-fakulta\/wp-json\/wp\/v2\/tax_aktuality?post=58147"}],"curies":[{"name":"wp","href":"https:\/\/api.w.org\/{rel}","templated":true}]}}