{"id":59677,"date":"2026-04-23T07:56:18","date_gmt":"2026-04-23T06:56:18","guid":{"rendered":"https:\/\/www.upjs.sk\/filozoficka-fakulta\/?post_type=cpt_zo-zivota-upjs&#038;p=59677"},"modified":"2026-04-23T07:56:21","modified_gmt":"2026-04-23T06:56:21","slug":"sturko-internatne-rozhlasove-studio-roka-2026","status":"publish","type":"cpt_zo-zivota-upjs","link":"https:\/\/www.upjs.sk\/filozoficka-fakulta\/upjs-life\/sturko-internatne-rozhlasove-studio-roka-2026\/","title":{"rendered":"\u0160tuRKo je intern\u00e1tnym rozhlasov\u00fdm \u0161t\u00fadiom roka 2026"},"content":{"rendered":"\n<p><strong>\u0160tudentsk\u00fd rozhlas Ko\u0161ice<\/strong>, zn\u00e1my aj pod skratkou <strong>\u0160tuRKo<\/strong>, z\u00edskal titul <strong>intern\u00e1tne rozhlasov\u00e9 \u0161t\u00fadio roka 2026<\/strong> v s\u00fa\u0165a\u017ei <strong><em>R\u00e1diorallye<\/em><\/strong>, ktor\u00e1 sa uskuto\u010dnila v d\u0148och 17. \u2013 19. apr\u00edla 2026 na p\u00f4de Pre\u0161ovskej univerzity v Pre\u0161ove. Tamoj\u0161ie univerzitn\u00e9 r\u00e1dio PaF otvorilo dvere svojho zrekon\u0161truovan\u00e9ho vysielacieho \u0161t\u00fadia piatim IR\u0160-k\u00e1m (bratislavsk\u00e9mu TLIS-u, \u017eilinsk\u00fdm RAPE\u0160-u a\u00a0X-ku,\u00a0ko\u0161ick\u00fdm R\u00e1diu 9 a\u00a0\u0160tuRKu).<br>S\u00fa\u0165a\u017eilo sa v\u00a0siedmich kateg\u00f3ri\u00e1ch, v\u00a0ktor\u00fdch si \u0160tuRKo vybojovalo viacero diplomov:<br>Kateg\u00f3ria A \u2013 slovesn\u00e1 tvorba: 1. miesto (National G\u00e1d\u017eographic),<br>Kateg\u00f3ria B \u2013 spravodajstvo a publicistika: 1. miesto a cena odbornej poroty (Odkazy do vetra), 2. miesto (STARINA),<br>Kateg\u00f3ria C \u2013 rozhovory: 1. miesto (OZ Ma\u010dacie klbko),<br>Kateg\u00f3ria D \u2013 reklamy a up\u00fatavky: 1. miesto a cena odbornej poroty (P\u00fdcha, aj p\u00e1d\u2026), 2. miesto (Nie je vapka ako vapka),<br>Kateg\u00f3ria E \u2013 zvu\u010dky, d\u017eingle a podkresov\u00e1 hudba: 2. miesto (Ve\u013ek\u00e1 filmov\u00e1 a seri\u00e1lov\u00e1 show Johnnyho Crockera),<br>Kateg\u00f3ria F \u2013 fonorallye: 1. miesto (Predstavy vs. realita),<br>Kateg\u00f3ria G \u2013 \u017eiv\u00e9 vysielanie: 1. miesto (Pop The Bubble \u2013 Gener\u00e1cia Z).<br>Okrem toho do Ko\u0161\u00edc putovali aj ocenenia IR\u0160 roka 2026 a\u00a0Nahr\u00e1vka roka.<\/p>\n\n\n\n<p><strong>Bc. Katar\u00edna Gazdov\u00e1<\/strong><br>\u0161tudentka slovakisticko-medi\u00e1lnych \u0161t\u00fadi\u00ed<br>Filozofick\u00e1 fakulta UPJ\u0160 v\u00a0Ko\u0161iciach<\/p>\n","protected":false},"excerpt":{"rendered":"<p>\u0160tudentsk\u00fd rozhlas Ko\u0161ice, zn\u00e1my aj pod skratkou \u0160tuRKo, z\u00edskal titul intern\u00e1tne rozhlasov\u00e9 \u0161t\u00fadio roka 2026 v s\u00fa\u0165a\u017ei R\u00e1diorallye, ktor\u00e1 sa uskuto\u010dnila v d\u0148och 17. \u2013 19. apr\u00edla 2026 na p\u00f4de Pre\u0161ovskej univerzity v Pre\u0161ove. Tamoj\u0161ie univerzitn\u00e9 r\u00e1dio PaF otvorilo dvere svojho zrekon\u0161truovan\u00e9ho vysielacieho \u0161t\u00fadia piatim IR\u0160-k\u00e1m (bratislavsk\u00e9mu TLIS-u, \u017eilinsk\u00fdm RAPE\u0160-u a\u00a0X-ku,\u00a0ko\u0161ick\u00fdm R\u00e1diu 9 a\u00a0\u0160tuRKu).S\u00fa\u0165a\u017eilo sa &hellip; <a href=\"https:\/\/www.upjs.sk\/filozoficka-fakulta\/upjs-life\/sturko-internatne-rozhlasove-studio-roka-2026\/\">\u010c\u00edta\u0165 \u010falej<\/a><\/p>\n","protected":false},"author":21,"featured_media":0,"menu_order":0,"template":"","meta":{"_acf_changed":true,"_editorskit_title_hidden":false,"_editorskit_reading_time":0,"_editorskit_is_block_options_detached":false,"_editorskit_block_options_position":"{}"},"categories":[],"tags":[],"tax_aktuality":[],"class_list":["post-59677","cpt_zo-zivota-upjs","type-cpt_zo-zivota-upjs","status-publish","hentry"],"acf":{"acf_link_na_externy_obsah":""},"yoast_head":"<!-- This site is optimized with the Yoast SEO plugin v27.4 - https:\/\/yoast.com\/product\/yoast-seo-wordpress\/ -->\n<title>\u0160tuRKo je intern\u00e1tnym rozhlasov\u00fdm \u0161t\u00fadiom roka 2026 - Filozofick\u00e1 fakulta | UPJ\u0160<\/title>\n<meta name=\"robots\" content=\"index, follow, max-snippet:-1, max-image-preview:large, max-video-preview:-1\" \/>\n<link rel=\"canonical\" href=\"https:\/\/www.upjs.sk\/filozoficka-fakulta\/upjs-life\/sturko-internatne-rozhlasove-studio-roka-2026\/\" \/>\n<meta property=\"og:locale\" content=\"sk_SK\" \/>\n<meta property=\"og:type\" content=\"article\" \/>\n<meta property=\"og:title\" content=\"\u0160tuRKo je intern\u00e1tnym rozhlasov\u00fdm \u0161t\u00fadiom roka 2026 - Filozofick\u00e1 fakulta | UPJ\u0160\" \/>\n<meta property=\"og:description\" content=\"\u0160tudentsk\u00fd rozhlas Ko\u0161ice, zn\u00e1my aj pod skratkou \u0160tuRKo, z\u00edskal titul intern\u00e1tne rozhlasov\u00e9 \u0161t\u00fadio roka 2026 v s\u00fa\u0165a\u017ei R\u00e1diorallye, ktor\u00e1 sa uskuto\u010dnila v d\u0148och 17. \u2013 19. apr\u00edla 2026 na p\u00f4de Pre\u0161ovskej univerzity v Pre\u0161ove. Tamoj\u0161ie univerzitn\u00e9 r\u00e1dio PaF otvorilo dvere svojho zrekon\u0161truovan\u00e9ho vysielacieho \u0161t\u00fadia piatim IR\u0160-k\u00e1m (bratislavsk\u00e9mu TLIS-u, \u017eilinsk\u00fdm RAPE\u0160-u a\u00a0X-ku,\u00a0ko\u0161ick\u00fdm R\u00e1diu 9 a\u00a0\u0160tuRKu).S\u00fa\u0165a\u017eilo sa &hellip; \u010c\u00edta\u0165 \u010falej\" \/>\n<meta property=\"og:url\" content=\"https:\/\/www.upjs.sk\/filozoficka-fakulta\/upjs-life\/sturko-internatne-rozhlasove-studio-roka-2026\/\" \/>\n<meta property=\"og:site_name\" content=\"Filozofick\u00e1 fakulta | UPJ\u0160\" \/>\n<meta property=\"article:modified_time\" content=\"2026-04-23T06:56:21+00:00\" \/>\n<meta name=\"twitter:card\" content=\"summary_large_image\" \/>\n<meta name=\"twitter:label1\" content=\"Predpokladan\u00fd \u010das \u010d\u00edtania\" \/>\n\t<meta name=\"twitter:data1\" content=\"1 min\u00fata\" \/>\n<script type=\"application\/ld+json\" class=\"yoast-schema-graph\">{\"@context\":\"https:\\\/\\\/schema.org\",\"@graph\":[{\"@type\":\"WebPage\",\"@id\":\"https:\\\/\\\/www.upjs.sk\\\/filozoficka-fakulta\\\/upjs-life\\\/sturko-internatne-rozhlasove-studio-roka-2026\\\/\",\"url\":\"https:\\\/\\\/www.upjs.sk\\\/filozoficka-fakulta\\\/upjs-life\\\/sturko-internatne-rozhlasove-studio-roka-2026\\\/\",\"name\":\"\u0160tuRKo je intern\u00e1tnym rozhlasov\u00fdm \u0161t\u00fadiom roka 2026 - Filozofick\u00e1 fakulta | UPJ\u0160\",\"isPartOf\":{\"@id\":\"https:\\\/\\\/www.upjs.sk\\\/filozoficka-fakulta\\\/#website\"},\"datePublished\":\"2026-04-23T06:56:18+00:00\",\"dateModified\":\"2026-04-23T06:56:21+00:00\",\"breadcrumb\":{\"@id\":\"https:\\\/\\\/www.upjs.sk\\\/filozoficka-fakulta\\\/upjs-life\\\/sturko-internatne-rozhlasove-studio-roka-2026\\\/#breadcrumb\"},\"inLanguage\":\"sk-SK\",\"potentialAction\":[{\"@type\":\"ReadAction\",\"target\":[\"https:\\\/\\\/www.upjs.sk\\\/filozoficka-fakulta\\\/upjs-life\\\/sturko-internatne-rozhlasove-studio-roka-2026\\\/\"]}]},{\"@type\":\"BreadcrumbList\",\"@id\":\"https:\\\/\\\/www.upjs.sk\\\/filozoficka-fakulta\\\/upjs-life\\\/sturko-internatne-rozhlasove-studio-roka-2026\\\/#breadcrumb\",\"itemListElement\":[{\"@type\":\"ListItem\",\"position\":1,\"name\":\"Home\",\"item\":\"https:\\\/\\\/www.upjs.sk\\\/filozoficka-fakulta\\\/\"},{\"@type\":\"ListItem\",\"position\":2,\"name\":\"Zo \u017eivota fakulty\",\"item\":\"https:\\\/\\\/www.upjs.sk\\\/filozoficka-fakulta\\\/upjs-life\\\/\"},{\"@type\":\"ListItem\",\"position\":3,\"name\":\"\u0160tuRKo je intern\u00e1tnym rozhlasov\u00fdm \u0161t\u00fadiom roka 2026\"}]},{\"@type\":\"WebSite\",\"@id\":\"https:\\\/\\\/www.upjs.sk\\\/filozoficka-fakulta\\\/#website\",\"url\":\"https:\\\/\\\/www.upjs.sk\\\/filozoficka-fakulta\\\/\",\"name\":\"Filozofick\u00e1 fakulta | UPJ\u0160\",\"description\":\"\",\"publisher\":{\"@id\":\"https:\\\/\\\/www.upjs.sk\\\/filozoficka-fakulta\\\/#organization\"},\"potentialAction\":[{\"@type\":\"SearchAction\",\"target\":{\"@type\":\"EntryPoint\",\"urlTemplate\":\"https:\\\/\\\/www.upjs.sk\\\/filozoficka-fakulta\\\/?s={search_term_string}\"},\"query-input\":{\"@type\":\"PropertyValueSpecification\",\"valueRequired\":true,\"valueName\":\"search_term_string\"}}],\"inLanguage\":\"sk-SK\"},{\"@type\":\"Organization\",\"@id\":\"https:\\\/\\\/www.upjs.sk\\\/filozoficka-fakulta\\\/#organization\",\"name\":\"Filozofick\u00e1 fakulta | UPJ\u0160\",\"url\":\"https:\\\/\\\/www.upjs.sk\\\/filozoficka-fakulta\\\/\",\"logo\":{\"@type\":\"ImageObject\",\"inLanguage\":\"sk-SK\",\"@id\":\"https:\\\/\\\/www.upjs.sk\\\/filozoficka-fakulta\\\/#\\\/schema\\\/logo\\\/image\\\/\",\"url\":\"https:\\\/\\\/www.upjs.sk\\\/app\\\/uploads\\\/sites\\\/7\\\/2022\\\/09\\\/logo-filozoficka-fakulta.png\",\"contentUrl\":\"https:\\\/\\\/www.upjs.sk\\\/app\\\/uploads\\\/sites\\\/7\\\/2022\\\/09\\\/logo-filozoficka-fakulta.png\",\"width\":415,\"height\":87,\"caption\":\"Filozofick\u00e1 fakulta | UPJ\u0160\"},\"image\":{\"@id\":\"https:\\\/\\\/www.upjs.sk\\\/filozoficka-fakulta\\\/#\\\/schema\\\/logo\\\/image\\\/\"}}]}<\/script>\n<!-- \/ Yoast SEO plugin. -->","yoast_head_json":{"title":"\u0160tuRKo je intern\u00e1tnym rozhlasov\u00fdm \u0161t\u00fadiom roka 2026 - Filozofick\u00e1 fakulta | UPJ\u0160","robots":{"index":"index","follow":"follow","max-snippet":"max-snippet:-1","max-image-preview":"max-image-preview:large","max-video-preview":"max-video-preview:-1"},"canonical":"https:\/\/www.upjs.sk\/filozoficka-fakulta\/upjs-life\/sturko-internatne-rozhlasove-studio-roka-2026\/","og_locale":"sk_SK","og_type":"article","og_title":"\u0160tuRKo je intern\u00e1tnym rozhlasov\u00fdm \u0161t\u00fadiom roka 2026 - Filozofick\u00e1 fakulta | UPJ\u0160","og_description":"\u0160tudentsk\u00fd rozhlas Ko\u0161ice, zn\u00e1my aj pod skratkou \u0160tuRKo, z\u00edskal titul intern\u00e1tne rozhlasov\u00e9 \u0161t\u00fadio roka 2026 v s\u00fa\u0165a\u017ei R\u00e1diorallye, ktor\u00e1 sa uskuto\u010dnila v d\u0148och 17. \u2013 19. apr\u00edla 2026 na p\u00f4de Pre\u0161ovskej univerzity v Pre\u0161ove. Tamoj\u0161ie univerzitn\u00e9 r\u00e1dio PaF otvorilo dvere svojho zrekon\u0161truovan\u00e9ho vysielacieho \u0161t\u00fadia piatim IR\u0160-k\u00e1m (bratislavsk\u00e9mu TLIS-u, \u017eilinsk\u00fdm RAPE\u0160-u a\u00a0X-ku,\u00a0ko\u0161ick\u00fdm R\u00e1diu 9 a\u00a0\u0160tuRKu).S\u00fa\u0165a\u017eilo sa &hellip; \u010c\u00edta\u0165 \u010falej","og_url":"https:\/\/www.upjs.sk\/filozoficka-fakulta\/upjs-life\/sturko-internatne-rozhlasove-studio-roka-2026\/","og_site_name":"Filozofick\u00e1 fakulta | UPJ\u0160","article_modified_time":"2026-04-23T06:56:21+00:00","twitter_card":"summary_large_image","twitter_misc":{"Predpokladan\u00fd \u010das \u010d\u00edtania":"1 min\u00fata"},"schema":{"@context":"https:\/\/schema.org","@graph":[{"@type":"WebPage","@id":"https:\/\/www.upjs.sk\/filozoficka-fakulta\/upjs-life\/sturko-internatne-rozhlasove-studio-roka-2026\/","url":"https:\/\/www.upjs.sk\/filozoficka-fakulta\/upjs-life\/sturko-internatne-rozhlasove-studio-roka-2026\/","name":"\u0160tuRKo je intern\u00e1tnym rozhlasov\u00fdm \u0161t\u00fadiom roka 2026 - Filozofick\u00e1 fakulta | UPJ\u0160","isPartOf":{"@id":"https:\/\/www.upjs.sk\/filozoficka-fakulta\/#website"},"datePublished":"2026-04-23T06:56:18+00:00","dateModified":"2026-04-23T06:56:21+00:00","breadcrumb":{"@id":"https:\/\/www.upjs.sk\/filozoficka-fakulta\/upjs-life\/sturko-internatne-rozhlasove-studio-roka-2026\/#breadcrumb"},"inLanguage":"sk-SK","potentialAction":[{"@type":"ReadAction","target":["https:\/\/www.upjs.sk\/filozoficka-fakulta\/upjs-life\/sturko-internatne-rozhlasove-studio-roka-2026\/"]}]},{"@type":"BreadcrumbList","@id":"https:\/\/www.upjs.sk\/filozoficka-fakulta\/upjs-life\/sturko-internatne-rozhlasove-studio-roka-2026\/#breadcrumb","itemListElement":[{"@type":"ListItem","position":1,"name":"Home","item":"https:\/\/www.upjs.sk\/filozoficka-fakulta\/"},{"@type":"ListItem","position":2,"name":"Zo \u017eivota fakulty","item":"https:\/\/www.upjs.sk\/filozoficka-fakulta\/upjs-life\/"},{"@type":"ListItem","position":3,"name":"\u0160tuRKo je intern\u00e1tnym rozhlasov\u00fdm \u0161t\u00fadiom roka 2026"}]},{"@type":"WebSite","@id":"https:\/\/www.upjs.sk\/filozoficka-fakulta\/#website","url":"https:\/\/www.upjs.sk\/filozoficka-fakulta\/","name":"Filozofick\u00e1 fakulta | UPJ\u0160","description":"","publisher":{"@id":"https:\/\/www.upjs.sk\/filozoficka-fakulta\/#organization"},"potentialAction":[{"@type":"SearchAction","target":{"@type":"EntryPoint","urlTemplate":"https:\/\/www.upjs.sk\/filozoficka-fakulta\/?s={search_term_string}"},"query-input":{"@type":"PropertyValueSpecification","valueRequired":true,"valueName":"search_term_string"}}],"inLanguage":"sk-SK"},{"@type":"Organization","@id":"https:\/\/www.upjs.sk\/filozoficka-fakulta\/#organization","name":"Filozofick\u00e1 fakulta | UPJ\u0160","url":"https:\/\/www.upjs.sk\/filozoficka-fakulta\/","logo":{"@type":"ImageObject","inLanguage":"sk-SK","@id":"https:\/\/www.upjs.sk\/filozoficka-fakulta\/#\/schema\/logo\/image\/","url":"https:\/\/www.upjs.sk\/app\/uploads\/sites\/7\/2022\/09\/logo-filozoficka-fakulta.png","contentUrl":"https:\/\/www.upjs.sk\/app\/uploads\/sites\/7\/2022\/09\/logo-filozoficka-fakulta.png","width":415,"height":87,"caption":"Filozofick\u00e1 fakulta | UPJ\u0160"},"image":{"@id":"https:\/\/www.upjs.sk\/filozoficka-fakulta\/#\/schema\/logo\/image\/"}}]}},"_links":{"self":[{"href":"https:\/\/www.upjs.sk\/filozoficka-fakulta\/wp-json\/wp\/v2\/cpt_zo-zivota-upjs\/59677","targetHints":{"allow":["GET"]}}],"collection":[{"href":"https:\/\/www.upjs.sk\/filozoficka-fakulta\/wp-json\/wp\/v2\/cpt_zo-zivota-upjs"}],"about":[{"href":"https:\/\/www.upjs.sk\/filozoficka-fakulta\/wp-json\/wp\/v2\/types\/cpt_zo-zivota-upjs"}],"author":[{"embeddable":true,"href":"https:\/\/www.upjs.sk\/filozoficka-fakulta\/wp-json\/wp\/v2\/users\/21"}],"wp:attachment":[{"href":"https:\/\/www.upjs.sk\/filozoficka-fakulta\/wp-json\/wp\/v2\/media?parent=59677"}],"wp:term":[{"taxonomy":"category","embeddable":true,"href":"https:\/\/www.upjs.sk\/filozoficka-fakulta\/wp-json\/wp\/v2\/categories?post=59677"},{"taxonomy":"post_tag","embeddable":true,"href":"https:\/\/www.upjs.sk\/filozoficka-fakulta\/wp-json\/wp\/v2\/tags?post=59677"},{"taxonomy":"tax_aktuality","embeddable":true,"href":"https:\/\/www.upjs.sk\/filozoficka-fakulta\/wp-json\/wp\/v2\/tax_aktuality?post=59677"}],"curies":[{"name":"wp","href":"https:\/\/api.w.org\/{rel}","templated":true}]}}