{"id":10978,"date":"2022-06-07T10:01:32","date_gmt":"2022-06-07T10:01:32","guid":{"rendered":"https:\/\/www.upjs.sk\/filozoficka-fakulta\/info-pre-studentov\/zp-a-ss\/"},"modified":"2026-02-27T11:46:34","modified_gmt":"2026-02-27T10:46:34","slug":"zp-a-ss","status":"publish","type":"page","link":"https:\/\/www.upjs.sk\/filozoficka-fakulta\/info-pre-studentov\/zp-a-ss\/","title":{"rendered":"Z\u00e1vere\u010dn\u00e9 pr\u00e1ce a \u0161t\u00e1tne sk\u00fa\u0161ky"},"content":{"rendered":"\n<ul class=\"wp-block-list\">\n<li><strong><a href=\"https:\/\/www.upjs.sk\/app\/uploads\/sites\/7\/2026\/02\/pokyny-ZPaSS-2026.pdf\" target=\"_blank\" rel=\"noreferrer noopener\">Pokyny k odovzd\u00e1vaniu z\u00e1vere\u010dn\u00fdch pr\u00e1c a k \u0161t\u00e1tnym sk\u00fa\u0161kam<\/a><\/strong> (2025\/2026)<\/li>\n<\/ul>\n\n\n\n<ul class=\"wp-block-list\">\n<li><a href=\"https:\/\/www.upjs.sk\/app\/uploads\/sites\/7\/2022\/09\/smernica-1-2011.pdf\" target=\"_blank\" rel=\"noopener\">Smernica \u010d. 1\/2011 o z\u00e1kladn\u00fdch n\u00e1le\u017eitostiach z\u00e1vere\u010dn\u00fdch pr\u00e1c, rigor\u00f3znych pr\u00e1c a habilita\u010dn\u00fdch pr\u00e1c, ich spr\u00edstupnen\u00ed po dobu ich uchovania a kontrole originality platn\u00e1 pre UPJ\u0160 v Ko\u0161iciach a jej s\u00fa\u010dast\u00ed<\/a><br><a href=\"https:\/\/www.upjs.sk\/app\/uploads\/sites\/7\/2022\/09\/Smernica-1-2011-dod-1.pdf\" target=\"_blank\" rel=\"noopener\">Dodatok \u010d. 1<\/a>, <a href=\"https:\/\/www.upjs.sk\/app\/uploads\/sites\/7\/2022\/09\/Smernica-1-2011-dod-2.pdf\" target=\"_blank\" rel=\"noopener\">Dodatok \u010d. 2<\/a>, <a href=\"https:\/\/www.upjs.sk\/app\/uploads\/sites\/7\/2022\/09\/Smernica-1-2011-dod-3.pdf\" target=\"_blank\" rel=\"noopener\">Dodatok \u010d. 3<\/a>, <a href=\"https:\/\/www.upjs.sk\/app\/uploads\/sites\/7\/2022\/09\/Smernica-1-2011-dod-4.pdf\" target=\"_blank\" rel=\"noopener\">Dodatok \u010d. 4<\/a><\/li>\n<\/ul>\n\n\n\n<ul class=\"wp-block-list\">\n<li><a href=\"https:\/\/intranet.upjs.sk\/op\/op.Public.php?documentid=4311\" target=\"_blank\" rel=\"noopener\">Smernica dekanky k realiz\u00e1cii \u0160tudijn\u00e9ho poriadku UPJ\u0160 v Ko\u0161iciach na Filozofickej fakulte UPJ\u0160 1\/2015<\/a> <span style=\"font-size: 10px;\">(s \u00fa\u010dinnos\u0165ou od 15. 03. 2021)<\/span><\/li>\n\n\n\n<li><a href=\"https:\/\/intranet.upjs.sk\/op\/op.Public.php?documentid=7585\" target=\"_blank\" rel=\"noopener\">Pokyn dekana \u010d. 2\/2010 k&nbsp; odovzd\u00e1vaniu z\u00e1vere\u010dn\u00fdch pr\u00e1c po term\u00edne stanovenom Smernicou dekana \u010d. 1\/2010<\/a><\/li>\n<\/ul>\n\n\n\n<ul class=\"wp-block-list\">\n<li><a href=\"https:\/\/cms.crzp.sk\" target=\"_blank\" rel=\"noopener\">Centr\u00e1lny register ZP<\/a><\/li>\n<\/ul>\n\n\n\n<ul class=\"wp-block-list\">\n<li><a href=\"\/pracoviska\/univerzitna-kniznica\/zaverecne-prace\/\" target=\"_blank\" rel=\"noopener\" class=\"ek-link\">\u010eal\u0161ie dokumenty a inform\u00e1cie<\/a><\/li>\n<\/ul>\n\n\n<style>.wp-block-kadence-spacer.kt-block-spacer-10978_8ba5b5-f0 .kt-block-spacer{height:30px;}.wp-block-kadence-spacer.kt-block-spacer-10978_8ba5b5-f0 .kt-divider{border-top-width:1px;height:1px;border-top-color:#eee;width:80%;border-top-style:solid;}<\/style>\n<div class=\"wp-block-kadence-spacer aligncenter kt-block-spacer-10978_8ba5b5-f0\"><div class=\"kt-block-spacer kt-block-spacer-halign-center\"><hr class=\"kt-divider\"\/><\/div><\/div>\n\n\n\n<ul class=\"wp-block-list\">\n<li>\u0160abl\u00f3na pre tvorbu ZP\n<ul class=\"wp-block-list\">\n<li><a href=\"https:\/\/www.upjs.sk\/app\/uploads\/sites\/7\/2022\/09\/FF-sablonaZP-2016.dotx\" target=\"_blank\" rel=\"noopener\">dotx verzia<\/a><\/li>\n\n\n\n<li><a href=\"https:\/\/www.upjs.sk\/app\/uploads\/sites\/7\/2022\/09\/FF-sablonaZP-EN-2016.dotx\" target=\"_blank\" rel=\"noopener\">dotx verzia EN<\/a><\/li>\n\n\n\n<li><a href=\"https:\/\/www.upjs.sk\/app\/uploads\/sites\/7\/2022\/09\/SablonaZP-EN-2022-with-instructions.dotx\" target=\"_blank\" rel=\"noopener\">dotx verzia EN (with instructions in English)<\/a><\/li>\n<\/ul>\n<\/li>\n<\/ul>\n","protected":false},"excerpt":{"rendered":"","protected":false},"author":1,"featured_media":0,"parent":16333,"menu_order":7,"comment_status":"closed","ping_status":"closed","template":"","meta":{"_acf_changed":false,"_editorskit_title_hidden":false,"_editorskit_reading_time":1,"_editorskit_is_block_options_detached":false,"_editorskit_block_options_position":"{}","footnotes":""},"categories":[],"tags":[],"class_list":["post-10978","page","type-page","status-publish","hentry"],"acf":{"acf_link_na_externy_obsah":""},"yoast_head":"<!-- This site is optimized with the Yoast SEO plugin v27.4 - https:\/\/yoast.com\/product\/yoast-seo-wordpress\/ -->\n<title>Z\u00e1vere\u010dn\u00e9 pr\u00e1ce a \u0161t\u00e1tne sk\u00fa\u0161ky - Filozofick\u00e1 fakulta | UPJ\u0160<\/title>\n<meta name=\"robots\" content=\"index, follow, max-snippet:-1, max-image-preview:large, max-video-preview:-1\" \/>\n<link rel=\"canonical\" href=\"https:\/\/www.upjs.sk\/filozoficka-fakulta\/info-pre-studentov\/zp-a-ss\/\" \/>\n<meta property=\"og:locale\" content=\"sk_SK\" \/>\n<meta property=\"og:type\" content=\"article\" \/>\n<meta property=\"og:title\" content=\"Z\u00e1vere\u010dn\u00e9 pr\u00e1ce a \u0161t\u00e1tne sk\u00fa\u0161ky - Filozofick\u00e1 fakulta | UPJ\u0160\" \/>\n<meta property=\"og:url\" content=\"https:\/\/www.upjs.sk\/filozoficka-fakulta\/info-pre-studentov\/zp-a-ss\/\" \/>\n<meta property=\"og:site_name\" content=\"Filozofick\u00e1 fakulta | UPJ\u0160\" \/>\n<meta property=\"article:modified_time\" content=\"2026-02-27T10:46:34+00:00\" \/>\n<meta name=\"twitter:card\" content=\"summary_large_image\" \/>\n<meta name=\"twitter:label1\" content=\"Predpokladan\u00fd \u010das \u010d\u00edtania\" \/>\n\t<meta name=\"twitter:data1\" content=\"1 min\u00fata\" \/>\n<script type=\"application\/ld+json\" class=\"yoast-schema-graph\">{\"@context\":\"https:\\\/\\\/schema.org\",\"@graph\":[{\"@type\":\"WebPage\",\"@id\":\"https:\\\/\\\/www.upjs.sk\\\/filozoficka-fakulta\\\/info-pre-studentov\\\/zp-a-ss\\\/\",\"url\":\"https:\\\/\\\/www.upjs.sk\\\/filozoficka-fakulta\\\/info-pre-studentov\\\/zp-a-ss\\\/\",\"name\":\"Z\u00e1vere\u010dn\u00e9 pr\u00e1ce a \u0161t\u00e1tne sk\u00fa\u0161ky - Filozofick\u00e1 fakulta | UPJ\u0160\",\"isPartOf\":{\"@id\":\"https:\\\/\\\/www.upjs.sk\\\/filozoficka-fakulta\\\/#website\"},\"datePublished\":\"2022-06-07T10:01:32+00:00\",\"dateModified\":\"2026-02-27T10:46:34+00:00\",\"breadcrumb\":{\"@id\":\"https:\\\/\\\/www.upjs.sk\\\/filozoficka-fakulta\\\/info-pre-studentov\\\/zp-a-ss\\\/#breadcrumb\"},\"inLanguage\":\"sk-SK\",\"potentialAction\":[{\"@type\":\"ReadAction\",\"target\":[\"https:\\\/\\\/www.upjs.sk\\\/filozoficka-fakulta\\\/info-pre-studentov\\\/zp-a-ss\\\/\"]}]},{\"@type\":\"BreadcrumbList\",\"@id\":\"https:\\\/\\\/www.upjs.sk\\\/filozoficka-fakulta\\\/info-pre-studentov\\\/zp-a-ss\\\/#breadcrumb\",\"itemListElement\":[{\"@type\":\"ListItem\",\"position\":1,\"name\":\"Home\",\"item\":\"https:\\\/\\\/www.upjs.sk\\\/filozoficka-fakulta\\\/\"},{\"@type\":\"ListItem\",\"position\":2,\"name\":\"\u0160t\u00fadium na fakulte\",\"item\":\"https:\\\/\\\/www.upjs.sk\\\/filozoficka-fakulta\\\/info-pre-studentov\\\/\"},{\"@type\":\"ListItem\",\"position\":3,\"name\":\"Z\u00e1vere\u010dn\u00e9 pr\u00e1ce a \u0161t\u00e1tne sk\u00fa\u0161ky\"}]},{\"@type\":\"WebSite\",\"@id\":\"https:\\\/\\\/www.upjs.sk\\\/filozoficka-fakulta\\\/#website\",\"url\":\"https:\\\/\\\/www.upjs.sk\\\/filozoficka-fakulta\\\/\",\"name\":\"Filozofick\u00e1 fakulta | UPJ\u0160\",\"description\":\"\",\"publisher\":{\"@id\":\"https:\\\/\\\/www.upjs.sk\\\/filozoficka-fakulta\\\/#organization\"},\"potentialAction\":[{\"@type\":\"SearchAction\",\"target\":{\"@type\":\"EntryPoint\",\"urlTemplate\":\"https:\\\/\\\/www.upjs.sk\\\/filozoficka-fakulta\\\/?s={search_term_string}\"},\"query-input\":{\"@type\":\"PropertyValueSpecification\",\"valueRequired\":true,\"valueName\":\"search_term_string\"}}],\"inLanguage\":\"sk-SK\"},{\"@type\":\"Organization\",\"@id\":\"https:\\\/\\\/www.upjs.sk\\\/filozoficka-fakulta\\\/#organization\",\"name\":\"Filozofick\u00e1 fakulta | UPJ\u0160\",\"url\":\"https:\\\/\\\/www.upjs.sk\\\/filozoficka-fakulta\\\/\",\"logo\":{\"@type\":\"ImageObject\",\"inLanguage\":\"sk-SK\",\"@id\":\"https:\\\/\\\/www.upjs.sk\\\/filozoficka-fakulta\\\/#\\\/schema\\\/logo\\\/image\\\/\",\"url\":\"https:\\\/\\\/www.upjs.sk\\\/app\\\/uploads\\\/sites\\\/7\\\/2022\\\/09\\\/logo-filozoficka-fakulta.png\",\"contentUrl\":\"https:\\\/\\\/www.upjs.sk\\\/app\\\/uploads\\\/sites\\\/7\\\/2022\\\/09\\\/logo-filozoficka-fakulta.png\",\"width\":415,\"height\":87,\"caption\":\"Filozofick\u00e1 fakulta | UPJ\u0160\"},\"image\":{\"@id\":\"https:\\\/\\\/www.upjs.sk\\\/filozoficka-fakulta\\\/#\\\/schema\\\/logo\\\/image\\\/\"}}]}<\/script>\n<!-- \/ Yoast SEO plugin. -->","yoast_head_json":{"title":"Z\u00e1vere\u010dn\u00e9 pr\u00e1ce a \u0161t\u00e1tne sk\u00fa\u0161ky - Filozofick\u00e1 fakulta | UPJ\u0160","robots":{"index":"index","follow":"follow","max-snippet":"max-snippet:-1","max-image-preview":"max-image-preview:large","max-video-preview":"max-video-preview:-1"},"canonical":"https:\/\/www.upjs.sk\/filozoficka-fakulta\/info-pre-studentov\/zp-a-ss\/","og_locale":"sk_SK","og_type":"article","og_title":"Z\u00e1vere\u010dn\u00e9 pr\u00e1ce a \u0161t\u00e1tne sk\u00fa\u0161ky - Filozofick\u00e1 fakulta | UPJ\u0160","og_url":"https:\/\/www.upjs.sk\/filozoficka-fakulta\/info-pre-studentov\/zp-a-ss\/","og_site_name":"Filozofick\u00e1 fakulta | UPJ\u0160","article_modified_time":"2026-02-27T10:46:34+00:00","twitter_card":"summary_large_image","twitter_misc":{"Predpokladan\u00fd \u010das \u010d\u00edtania":"1 min\u00fata"},"schema":{"@context":"https:\/\/schema.org","@graph":[{"@type":"WebPage","@id":"https:\/\/www.upjs.sk\/filozoficka-fakulta\/info-pre-studentov\/zp-a-ss\/","url":"https:\/\/www.upjs.sk\/filozoficka-fakulta\/info-pre-studentov\/zp-a-ss\/","name":"Z\u00e1vere\u010dn\u00e9 pr\u00e1ce a \u0161t\u00e1tne sk\u00fa\u0161ky - Filozofick\u00e1 fakulta | UPJ\u0160","isPartOf":{"@id":"https:\/\/www.upjs.sk\/filozoficka-fakulta\/#website"},"datePublished":"2022-06-07T10:01:32+00:00","dateModified":"2026-02-27T10:46:34+00:00","breadcrumb":{"@id":"https:\/\/www.upjs.sk\/filozoficka-fakulta\/info-pre-studentov\/zp-a-ss\/#breadcrumb"},"inLanguage":"sk-SK","potentialAction":[{"@type":"ReadAction","target":["https:\/\/www.upjs.sk\/filozoficka-fakulta\/info-pre-studentov\/zp-a-ss\/"]}]},{"@type":"BreadcrumbList","@id":"https:\/\/www.upjs.sk\/filozoficka-fakulta\/info-pre-studentov\/zp-a-ss\/#breadcrumb","itemListElement":[{"@type":"ListItem","position":1,"name":"Home","item":"https:\/\/www.upjs.sk\/filozoficka-fakulta\/"},{"@type":"ListItem","position":2,"name":"\u0160t\u00fadium na fakulte","item":"https:\/\/www.upjs.sk\/filozoficka-fakulta\/info-pre-studentov\/"},{"@type":"ListItem","position":3,"name":"Z\u00e1vere\u010dn\u00e9 pr\u00e1ce a \u0161t\u00e1tne sk\u00fa\u0161ky"}]},{"@type":"WebSite","@id":"https:\/\/www.upjs.sk\/filozoficka-fakulta\/#website","url":"https:\/\/www.upjs.sk\/filozoficka-fakulta\/","name":"Filozofick\u00e1 fakulta | UPJ\u0160","description":"","publisher":{"@id":"https:\/\/www.upjs.sk\/filozoficka-fakulta\/#organization"},"potentialAction":[{"@type":"SearchAction","target":{"@type":"EntryPoint","urlTemplate":"https:\/\/www.upjs.sk\/filozoficka-fakulta\/?s={search_term_string}"},"query-input":{"@type":"PropertyValueSpecification","valueRequired":true,"valueName":"search_term_string"}}],"inLanguage":"sk-SK"},{"@type":"Organization","@id":"https:\/\/www.upjs.sk\/filozoficka-fakulta\/#organization","name":"Filozofick\u00e1 fakulta | UPJ\u0160","url":"https:\/\/www.upjs.sk\/filozoficka-fakulta\/","logo":{"@type":"ImageObject","inLanguage":"sk-SK","@id":"https:\/\/www.upjs.sk\/filozoficka-fakulta\/#\/schema\/logo\/image\/","url":"https:\/\/www.upjs.sk\/app\/uploads\/sites\/7\/2022\/09\/logo-filozoficka-fakulta.png","contentUrl":"https:\/\/www.upjs.sk\/app\/uploads\/sites\/7\/2022\/09\/logo-filozoficka-fakulta.png","width":415,"height":87,"caption":"Filozofick\u00e1 fakulta | UPJ\u0160"},"image":{"@id":"https:\/\/www.upjs.sk\/filozoficka-fakulta\/#\/schema\/logo\/image\/"}}]}},"_links":{"self":[{"href":"https:\/\/www.upjs.sk\/filozoficka-fakulta\/wp-json\/wp\/v2\/pages\/10978","targetHints":{"allow":["GET"]}}],"collection":[{"href":"https:\/\/www.upjs.sk\/filozoficka-fakulta\/wp-json\/wp\/v2\/pages"}],"about":[{"href":"https:\/\/www.upjs.sk\/filozoficka-fakulta\/wp-json\/wp\/v2\/types\/page"}],"author":[{"embeddable":true,"href":"https:\/\/www.upjs.sk\/filozoficka-fakulta\/wp-json\/wp\/v2\/users\/1"}],"replies":[{"embeddable":true,"href":"https:\/\/www.upjs.sk\/filozoficka-fakulta\/wp-json\/wp\/v2\/comments?post=10978"}],"version-history":[{"count":14,"href":"https:\/\/www.upjs.sk\/filozoficka-fakulta\/wp-json\/wp\/v2\/pages\/10978\/revisions"}],"predecessor-version":[{"id":59170,"href":"https:\/\/www.upjs.sk\/filozoficka-fakulta\/wp-json\/wp\/v2\/pages\/10978\/revisions\/59170"}],"up":[{"embeddable":true,"href":"https:\/\/www.upjs.sk\/filozoficka-fakulta\/wp-json\/wp\/v2\/pages\/16333"}],"wp:attachment":[{"href":"https:\/\/www.upjs.sk\/filozoficka-fakulta\/wp-json\/wp\/v2\/media?parent=10978"}],"wp:term":[{"taxonomy":"category","embeddable":true,"href":"https:\/\/www.upjs.sk\/filozoficka-fakulta\/wp-json\/wp\/v2\/categories?post=10978"},{"taxonomy":"post_tag","embeddable":true,"href":"https:\/\/www.upjs.sk\/filozoficka-fakulta\/wp-json\/wp\/v2\/tags?post=10978"}],"curies":[{"name":"wp","href":"https:\/\/api.w.org\/{rel}","templated":true}]}}