{"id":12418,"date":"2021-01-05T11:32:25","date_gmt":"2021-01-05T11:32:25","guid":{"rendered":"https:\/\/www.upjs.sk\/filozoficka-fakulta\/info-pre-verejnost-a-media\/ff-v-mediach\/2020-2\/"},"modified":"2025-01-17T11:33:01","modified_gmt":"2025-01-17T10:33:01","slug":"2020-2","status":"publish","type":"page","link":"https:\/\/www.upjs.sk\/filozoficka-fakulta\/info-pre-verejnost-a-media\/ff-v-mediach\/2020-2\/","title":{"rendered":"Fakulta v m\u00e9di\u00e1ch 2020"},"content":{"rendered":"\n<p><strong>31. 12. 2020<br>Liter\u00e1rny \u010din roka 2020: Preklad a slovensk\u00e9 vydanie Straten\u00e9ho raja<\/strong> \u2013 postaral sa o\u0148 b\u00e1snik, prekladate\u013e, vedec a pedag\u00f3g, prodekan Filozofickej fakulty UPJ\u0160 v Ko\u0161iciach prof. PhDr. Mari\u00e1n Andri\u010d\u00edk, PhD.; IndexMag<br><a href=\"https:\/\/indexmag.sk\/2020\/12\/31\/preklad-a-slovenske-vydanie-strateny-raj\/\" target=\"_blank\" rel=\"noopener\">https:\/\/indexmag.sk\/2020\/12\/31\/preklad-a-slovenske-vydanie-strateny-raj\/<\/a><\/p>\n\n\n\n<p><strong>31. 12. 2020<br>Matovi\u010dova vl\u00e1da rozviazala ruky pol\u00edcii, s politickou kult\u00farou sa v\u0161ak nikam nepohla<\/strong> \u2013 od novej vl\u00e1dy sa o\u010dak\u00e1valo viac transparentnosti, otvorenosti a reforiem \u2013 zd\u00f4raznil pre tla\u010dov\u00fa agent\u00faru SITA Mgr. Gabriel E\u0161tok, PhD., z Katedry politol\u00f3gie Filozofickej fakulty UPJ\u0160 v Ko\u0161iciach<br>\u2013 WebNoviny.sk:<br><a href=\"https:\/\/www.webnoviny.sk\/matovicova-vlada-rozviazala-ruky-policii-s-politickou-kulturou-sa-vsak-nikam-nepohla\/\" target=\"_blank\" rel=\"noopener\">https:\/\/www.webnoviny.sk\/matovicova-vlada-rozviazala-ruky-policii-s-politickou-kulturou-sa-vsak-nikam-nepohla\/<\/a><br>\u2013 Noviny.sk:<br><a href=\"https:\/\/www.noviny.sk\/578280-politologovia-najvyraznejsim-uspechom-sucasnej-vlady-je-rozviazanie-ruk-policii-a-vysetrovatelom\" target=\"_blank\" rel=\"noopener\">https:\/\/www.noviny.sk\/578280-politologovia-najvyraznejsim-uspechom-sucasnej-vlady-je-rozviazanie-ruk-policii-a-vysetrovatelom<\/a><br>\u2013 Financial Report:<br><a href=\"https:\/\/www.finreport.sk\/agenturne-spravy\/matovicova-vlada-rozviazala-ruky-policii-s-politickou-kulturou-sa-vsak-nikam-nepohla\/\" target=\"_blank\" rel=\"noopener\">https:\/\/www.finreport.sk\/agenturne-spravy\/matovicova-vlada-rozviazala-ruky-policii-s-politickou-kulturou-sa-vsak-nikam-nepohla\/<\/a><br>\u2013 \u010cas.sk:<br><a href=\"https:\/\/www.cas.sk\/clanok\/1069705\/politologovia-o-uspechoch-a-padoch-sucasnej-vlady-stiplavy-opis-premiera-si-neodpustili\/\" target=\"_blank\" rel=\"noopener\">https:\/\/www.cas.sk\/clanok\/1069705\/politologovia-o-uspechoch-a-padoch-sucasnej-vlady-stiplavy-opis-premiera-si-neodpustili\/<\/a><br>\u2013 eGoodWill.sk:<br><a href=\"https:\/\/egoodwill.sk\/aktuality\/spravy\/matovicova-vlada-rozviazala-ruky-policii-s-politickou-kulturou-sa-vsak-nikam-nepohla\/\" target=\"_blank\" rel=\"noopener\">https:\/\/egoodwill.sk\/aktuality\/spravy\/matovicova-vlada-rozviazala-ruky-policii-s-politickou-kulturou-sa-vsak-nikam-nepohla\/<\/a><br>\u2013 Pozri.sk:<br><a href=\"https:\/\/spravy.pozri.sk\/clanok\/matovicova-vlada-rozviazala-ruky-policii-s-politickou-kulturou-sa-vsak-nikam-nepohla\/1523639\" target=\"_blank\" rel=\"noopener\">https:\/\/spravy.pozri.sk\/clanok\/matovicova-vlada-rozviazala-ruky-policii-s-politickou-kulturou-sa-vsak-nikam-nepohla\/1523639<\/a><br>\u2013 \u0160portDnes.sk:<br><a href=\"https:\/\/www.sportdnes.sk\/slovensko\/matovicova-vlada-rozviazala-ruky-policii-s-politickou-kulturou-sa-vsak-nikam-nepohla\/\" target=\"_blank\" rel=\"noopener\">https:\/\/www.sportdnes.sk\/slovensko\/matovicova-vlada-rozviazala-ruky-policii-s-politickou-kulturou-sa-vsak-nikam-nepohla\/<\/a><br>\u2013 Aktualizovan\u00e9.sk:<br><a href=\"https:\/\/aktualizovane.sk\/matovicova-vlada-rozviazala-ruky-policii-s-politickou-kulturou-sa-vsak-nikam-nepohla\/\" target=\"_blank\" rel=\"noopener\">https:\/\/aktualizovane.sk\/matovicova-vlada-rozviazala-ruky-policii-s-politickou-kulturou-sa-vsak-nikam-nepohla\/<\/a><br>\u2013 24 hod\u00edn \u2013 denn\u00edk pre v\u0161etk\u00fdch:<br><a href=\"https:\/\/www.24hod.sk\/matovicova-vlada-rozviazala-ruky-policii-s-politickou-kulturou-sa-vsak-nikam-nepohla-cl747703.html\" target=\"_blank\" rel=\"noopener\">https:\/\/www.24hod.sk\/matovicova-vlada-rozviazala-ruky-policii-s-politickou-kulturou-sa-vsak-nikam-nepohla-cl747703.html<\/a><br>\u2013 InfoZ\u00f3na.sk:<br><a href=\"https:\/\/infozona.sk\/matovicova-vlada-rozviazala-ruky-policii-s-politickou-kulturou-sa-vsak-nikam-nepohla\/\" target=\"_blank\" rel=\"noopener\">https:\/\/infozona.sk\/matovicova-vlada-rozviazala-ruky-policii-s-politickou-kulturou-sa-vsak-nikam-nepohla\/<\/a><br>\u2013 PressMedia.sk:<br><a href=\"https:\/\/www.pressmedia.sk\/matovicova-vlada-rozviazala-ruky-policii-s-politickou-kulturou-sa-vsak-nikam-nepohla\/\" target=\"_blank\" rel=\"noopener\">https:\/\/www.pressmedia.sk\/matovicova-vlada-rozviazala-ruky-policii-s-politickou-kulturou-sa-vsak-nikam-nepohla\/<\/a><\/p>\n\n\n\n<p><strong>30. 12. 2020<br>V\u00fdznamn\u00fdmi udalos\u0165ami roka 2020 boli pod\u013ea politol\u00f3gov koronakr\u00edza a parlamentn\u00e9 vo\u013eby<\/strong> \u2013 bilancuje aj Mgr. Gabriel E\u0161tok, PhD., z Katedry politol\u00f3gie Filozofickej fakulty UPJ\u0160 v Ko\u0161iciach<br>\u2013 WebNoviny.sk:<br><a href=\"https:\/\/www.webnoviny.sk\/vyznamnymi-udalostami-roka-2020-boli-podla-politologov-koronakriza-a-parlamentne-volby\/\" target=\"_blank\" rel=\"noopener\">https:\/\/www.webnoviny.sk\/vyznamnymi-udalostami-roka-2020-boli-podla-politologov-koronakriza-a-parlamentne-volby\/<\/a><br>\u2013 Noviny.sk:<br><a href=\"https:\/\/www.noviny.sk\/577843-politologovia-vyznamnymi-udalostami-roka-boli-koronakriza-a-parlamentne-volby-zhoduju-sa-estok-a-stefancik\" target=\"_blank\" rel=\"noopener\">https:\/\/www.noviny.sk\/577843-politologovia-vyznamnymi-udalostami-roka-boli-koronakriza-a-parlamentne-volby-zhoduju-sa-estok-a-stefancik<\/a><br>\u2013 Aktualizovan\u00e9.sk:<br><a href=\"https:\/\/aktualizovane.sk\/vyznamnymi-udalostami-roka-2020-boli-podla-politologov-koronakriza-a-parlamentne-volby\/\" target=\"_blank\" rel=\"noopener\">https:\/\/aktualizovane.sk\/vyznamnymi-udalostami-roka-2020-boli-podla-politologov-koronakriza-a-parlamentne-volby\/<\/a><br>\u2013 Financial Report:<br><a href=\"https:\/\/www.finreport.sk\/agenturne-spravy\/vyznamnymi-udalostami-roka-2020-boli-podla-politologov-koronakriza-a-parlamentne-volby\/\" target=\"_blank\" rel=\"noopener\">https:\/\/www.finreport.sk\/agenturne-spravy\/vyznamnymi-udalostami-roka-2020-boli-podla-politologov-koronakriza-a-parlamentne-volby\/<\/a><br>\u2013 24 hod\u00edn \u2013 denn\u00edk pre v\u0161etk\u00fdch:<br><a href=\"https:\/\/www.24hod.sk\/vyznamnymi-udalostami-roka-2020-boli-podla-politologov-koronakriza-a-parlamentne-volby-cl747617.html\" target=\"_blank\" rel=\"noopener\">https:\/\/www.24hod.sk\/vyznamnymi-udalostami-roka-2020-boli-podla-politologov-koronakriza-a-parlamentne-volby-cl747617.html<\/a><br>\u2013 Pozri.sk:<br><a href=\"https:\/\/spravy.pozri.sk\/clanok\/vyznamnymi-udalostami-roka-2020-boli-podla-politologov-koronakriza-a-parlamentne-volby\/1523563\" target=\"_blank\" rel=\"noopener\">https:\/\/spravy.pozri.sk\/clanok\/vyznamnymi-udalostami-roka-2020-boli-podla-politologov-koronakriza-a-parlamentne-volby\/1523563<\/a><br>\u2013 InfoZ\u00f3na.sk:<br><a href=\"https:\/\/infozona.sk\/vyznamnymi-udalostami-roka-2020-boli-podla-politologov-koronakriza-a-parlamentne-volby\/\" target=\"_blank\" rel=\"noopener\">https:\/\/infozona.sk\/vyznamnymi-udalostami-roka-2020-boli-podla-politologov-koronakriza-a-parlamentne-volby\/<\/a><br>\u2013 \u0160portDnes.sk:<br><a href=\"https:\/\/www.sportdnes.sk\/slovensko\/vyznamnymi-udalostami-roka-2020-boli-podla-politologov-koronakriza-a-parlamentne-volby\/\" target=\"_blank\" rel=\"noopener\">https:\/\/www.sportdnes.sk\/slovensko\/vyznamnymi-udalostami-roka-2020-boli-podla-politologov-koronakriza-a-parlamentne-volby\/<\/a><br>\u2013 eGoodWill.sk:<br><a href=\"https:\/\/egoodwill.sk\/aktuality\/spravy\/vyznamnymi-udalostami-roka-2020-boli-podla-politologov-koronakriza-a-parlamentne-volby\/\" target=\"_blank\" rel=\"noopener\">https:\/\/egoodwill.sk\/aktuality\/spravy\/vyznamnymi-udalostami-roka-2020-boli-podla-politologov-koronakriza-a-parlamentne-volby\/<\/a><br>\u2013 PressMedia.sk:<br><a href=\"https:\/\/www.pressmedia.sk\/vyznamnymi-udalostami-roka-2020-boli-podla-politologov-koronakriza-a-parlamentne-volby\/\" target=\"_blank\" rel=\"noopener\">https:\/\/www.pressmedia.sk\/vyznamnymi-udalostami-roka-2020-boli-podla-politologov-koronakriza-a-parlamentne-volby\/<\/a><\/p>\n\n\n\n<p><strong>21. 12. 2020<br>Poetry Jam (viano\u010dn\u00e1 ed\u00edcia)<\/strong> \u2013 \u0161peci\u00e1lnym hos\u0165om ve\u010dera bol liter\u00e1rny vedec, prekladate\u013e a&nbsp;vysoko\u0161kolsk\u00fd pedag\u00f3g prof. PhDr. Mari\u00e1n Andri\u010d\u00edk, PhD., prodekan Filozofickej fakulty UPJ\u0160 v&nbsp;Ko\u0161iciach a&nbsp;\u010dlen Katedry slovakistiky, slovansk\u00fdch filol\u00f3gi\u00ed a&nbsp;komunik\u00e1cie FF UPJ\u0160; TelKE<br><a href=\"https:\/\/www.facebook.com\/telketv\/videos\/205976554461167\/\" target=\"_blank\" rel=\"noopener\">https:\/\/www.facebook.com\/telketv\/videos\/205976554461167\/<\/a><\/p>\n\n\n\n<p><strong>20. 12. 2020<br>Prv\u00e9 rozhlasov\u00e9 vysielanie na Slovensku zaznelo v \u00e9teri v roku 1925 z Ko\u0161\u00edc<\/strong> \u2013 pribl\u00ed\u017eil PhDr. Mari\u00e1n Gladi\u0161, PhD., z Katedry slovakistiky, slovansk\u00fdch filol\u00f3gi\u00ed a komunik\u00e1cie Filozofickej fakulty UPJ\u0160 v Ko\u0161iciach<br>\u2013 Tla\u010dov\u00e1 agent\u00fara Slovenskej republiky (TASR):<br><a href=\"https:\/\/www.tasr.sk\/tasr-clanok\/TASR:20201220TBB00056\" target=\"_blank\" rel=\"noopener\">https:\/\/www.tasr.sk\/tasr-clanok\/TASR:20201220TBB00056<\/a><br>\u2013 Teraz.sk:<br><a href=\"https:\/\/www.teraz.sk\/najnovsie\/prve-rozhlasove-vysielanie-na-slovensk\/515631-clanok.html\" target=\"_blank\" rel=\"noopener\">https:\/\/www.teraz.sk\/najnovsie\/prve-rozhlasove-vysielanie-na-slovensk\/515631-clanok.html<\/a><br>\u2013 Bratislavsk\u00e9 noviny:<br><a href=\"https:\/\/www.bratislavskenoviny.sk\/stalo-sa\/doma\/63325-prve-rozhlasove-vysielanie-na-slovensku-zaznelo-v-eteri-v-roku-1925-z-kosic\" target=\"_blank\" rel=\"noopener\">https:\/\/www.bratislavskenoviny.sk\/stalo-sa\/doma\/63325-prve-rozhlasove-vysielanie-na-slovensku-zaznelo-v-eteri-v-roku-1925-z-kosic<\/a><br>\u2013 Dnes24.sk:<br><a href=\"https:\/\/kosice.dnes24.sk\/prve-rozhlasove-vysielanie-na-slovensku-zaznelo-v-eteri-v-roku-1925-z-kosic-378277\" target=\"_blank\" rel=\"noopener\">https:\/\/kosice.dnes24.sk\/prve-rozhlasove-vysielanie-na-slovensku-zaznelo-v-eteri-v-roku-1925-z-kosic-378277<\/a><br>\u2013 \u017divot Pre\u0161ova:<br><a href=\"https:\/\/www.zivotpo.sk\/clanky\/clanok\/141721\" target=\"_blank\" rel=\"noopener\">https:\/\/www.zivotpo.sk\/clanky\/clanok\/141721<\/a><br>\u2013 The World News:<br><a href=\"https:\/\/theworldnews.net\/sk-news\/historia-prve-rozhlasove-vysielanie-na-slovensku-zaznelo-v-eteri-v-roku-1925-z-kosic-viete-kedy-sa-pridala-bratislava\" target=\"_blank\" rel=\"noopener\">https:\/\/theworldnews.net\/sk-news\/historia-prve-rozhlasove-vysielanie-na-slovensku-zaznelo-v-eteri-v-roku-1925-z-kosic-viete-kedy-sa-pridala-bratislava<\/a><\/p>\n\n\n\n<p><strong>20. 12. 2020<br>Prv\u00e9 rozhlasov\u00e9 vysielanie z Ko\u0161\u00edc. \u017denu nerozoznali od mu\u017ea, ot\u00e1\u010dali jednu plat\u0148u<\/strong> \u2013 informuje PhDr. Mari\u00e1n Gladi\u0161, PhD., z Katedry slovakistiky, slovansk\u00fdch filol\u00f3gi\u00ed a komunik\u00e1cie Filozofickej fakulty UPJ\u0160 v Ko\u0161iciach; denn\u00edk Korz\u00e1r (21. 12. 2020, s. 3)<br><a href=\"https:\/\/kosice.korzar.sme.sk\/c\/22559147\/prve-rozhlasove-vysielanie-z-kosic-zenu-nerozoznali-od-muza-otacali-jednu-platnu.html\" target=\"_blank\" rel=\"noopener\">https:\/\/kosice.korzar.sme.sk\/c\/22559147\/prve-rozhlasove-vysielanie-z-kosic-zenu-nerozoznali-od-muza-otacali-jednu-platnu.html<\/a><\/p>\n\n\n\n<p><strong>20. 12. 2020<br>Pred 95 rokmi z Ko\u0161\u00edc zaznelo prv\u00e9 r\u00e1diov\u00e9 vysielanie na Slovensku. \u010cSR z\u00edskala vysiela\u010d od Nemecka z vojnov\u00fdch repar\u00e1ci\u00ed<\/strong> \u2013 informoval PhDr. Mari\u00e1n Gladi\u0161, PhD., z Katedry slovakistiky, slovansk\u00fdch filol\u00f3gi\u00ed a komunik\u00e1cie Filozofickej fakulty UPJ\u0160 v Ko\u0161iciach; Dobr\u00e9 noviny<br><a href=\"https:\/\/www.dobrenoviny.sk\/c\/193725\/pred-95-rokmi-z-kosic-zaznelo-prve-radiove-vysielanie-na-slovensku-csr-ziskala-vysielac-od-nemecka-z-vojnovych-reparacii\" target=\"_blank\" rel=\"noopener\">https:\/\/www.dobrenoviny.sk\/c\/193725\/pred-95-rokmi-z-kosic-zaznelo-prve-radiove-vysielanie-na-slovensku-csr-ziskala-vysielac-od-nemecka-z-vojnovych-reparacii<\/a><\/p>\n\n\n\n<p><strong>16. 12. 2020<br>Pred 95 rokmi z Hanisky letelo do \u00e9teru prv\u00e9 slovensk\u00e9 rozhlasov\u00e9 vysielanie<\/strong> \u2013 m\u00e9di\u00e1 informoval PhDr. Mari\u00e1n Gladi\u0161, PhD., z Katedry slovakistiky, slovansk\u00fdch filol\u00f3gi\u00ed a komunik\u00e1cie Filozofickej fakulty UPJ\u0160 v Ko\u0161iciach; Ko\u0161iceDnes.sk<br><a href=\"https:\/\/kosicednes.sk\/zaujimavosti\/pred-95-rokmi-z-hanisky-letelo-do-eteru-prve-slovenske-rozhlasove-vysielanie\/\" target=\"_blank\" rel=\"noopener\">https:\/\/kosicednes.sk\/zaujimavosti\/pred-95-rokmi-z-hanisky-letelo-do-eteru-prve-slovenske-rozhlasove-vysielanie\/<\/a><\/p>\n\n\n\n<p><strong>16. 12. 2020<br>Hist\u00f3ria rozhlasov\u00e9ho vysielania na Slovensku sa za\u010dala p\u00edsa\u0165 v Ko\u0161iciach presne pred 95 rokmi<\/strong> \u2013 informuje PhDr. Mari\u00e1n Gladi\u0161, PhD., z Katedry slovakistiky, slovansk\u00fdch filol\u00f3gi\u00ed a komunik\u00e1cie Filozofickej fakulty UPJ\u0160 v Ko\u0161iciach; U\u010dite\u013esk\u00e9 noviny<br><a href=\"https:\/\/www.ucn.sk\/aktuality\/historia-rozhlasoveho-vysielania-na-slovensku-sa-zacala-pisat-v-kosiciach-presne-pred-95-rokmi\" target=\"_blank\" rel=\"noopener\">https:\/\/www.ucn.sk\/aktuality\/historia-rozhlasoveho-vysielania-na-slovensku-sa-zacala-pisat-v-kosiciach-presne-pred-95-rokmi<\/a><\/p>\n\n\n\n<p><strong>15. 12. 2020<br>Pand\u00e9mia v niektor\u00fdch rodin\u00e1ch zlep\u0161ila vz\u0165ahy s dospievaj\u00facimi<\/strong> \u2013 vypl\u00fdva to z v\u00fdsledkov v\u00fdskumn\u00fdch t\u00edmov Katedry pedagogickej psychol\u00f3gie a psychol\u00f3gie zdravia Filozofickej fakulty UPJ\u0160 v Ko\u0161iciach \u2013 potvrdzuj\u00fa dekanka FF UPJ\u0160 prof. PhDr. O\u013ega Orosov\u00e1, CSc., a Mgr. M\u00e1ria Ba\u010d\u00edkov\u00e1, PhD.; Veda na dosah (Centrum vedecko-technick\u00fdch inform\u00e1ci\u00ed SR)<br><a href=\"https:\/\/vedanadosah.cvtisr.sk\/pandemia-v-niektorych-rodinach-zlepsila-vztahy-s-dospievajucimi\" target=\"_blank\" rel=\"noopener\">https:\/\/vedanadosah.cvtisr.sk\/pandemia-v-niektorych-rodinach-zlepsila-vztahy-s-dospievajucimi<\/a><\/p>\n\n\n\n<p><strong>13. 12. 2020<br>Matovi\u010d by mal zlep\u0161i\u0165 komunik\u00e1ciu, politologi\u010dka ozna\u010dila konflikt s \u010caputovou za \u201ebiz\u00e1r\u201c<\/strong> \u2013 premi\u00e9r by mal pr\u00eds\u0165 s jasnou v\u00edziou boja s pand\u00e9miou a zlep\u0161i\u0165 svoju komunik\u00e1ciu \u2013 pre agent\u00faru SITA to uviedla Mgr. Ren\u00e1ta Dulinov\u00e1 Bzdilov\u00e1, PhD., z Katedry politol\u00f3gie Filozofickej fakulty UPJ\u0160 v Ko\u0161iciach<br>\u2013 WebNoviny.sk:<br><a href=\"https:\/\/www.webnoviny.sk\/rozpory-medzi-matovicom-a-caputovou-narastaju-premier-by-sa-mal-zlepsit-v-komunikacii\/\" target=\"_blank\" rel=\"noopener\">https:\/\/www.webnoviny.sk\/rozpory-medzi-matovicom-a-caputovou-narastaju-premier-by-sa-mal-zlepsit-v-komunikacii\/<\/a><br>\u2013 \u010cas.sk:<br><a href=\"https:\/\/www.cas.sk\/clanok\/1063282\/napatie-medzi-caputovou-a-matovicom-vrcholi-politologicka-to-vidi-jasne-preco-im-to-neklape\/\" target=\"_blank\" rel=\"noopener\">https:\/\/www.cas.sk\/clanok\/1063282\/napatie-medzi-caputovou-a-matovicom-vrcholi-politologicka-to-vidi-jasne-preco-im-to-neklape\/<\/a><br>\u2013 Financial Report:<br><a href=\"https:\/\/www.finreport.sk\/agenturne-spravy\/matovic-by-mal-zlepsit-komunikaciu-politologicka-oznacila-konflikt-s-caputovou-za-bizar\/\" target=\"_blank\" rel=\"noopener\">https:\/\/www.finreport.sk\/agenturne-spravy\/matovic-by-mal-zlepsit-komunikaciu-politologicka-oznacila-konflikt-s-caputovou-za-bizar\/<\/a><br>\u2013 24 hod\u00edn \u2013 denn\u00edk pre v\u0161etk\u00fdch:<br><a href=\"https:\/\/www.24hod.sk\/matovic-by-mal-zlepsit-komunikaciu-politologicka-oznacila-konflikt-s-caputovou-za-bizar-cl746825.html\" target=\"_blank\" rel=\"noopener\">https:\/\/www.24hod.sk\/matovic-by-mal-zlepsit-komunikaciu-politologicka-oznacila-konflikt-s-caputovou-za-bizar-cl746825.html<\/a><br>\u2013 Economics.sk:<br><a href=\"https:\/\/economics.sk\/ine-spravy\/spravy\/slovensko\/matovic-by-mal-zlepsit-komunikaciu-politologicka-oznacila-konflikt-s-caputovou-za-bizar\/\" target=\"_blank\" rel=\"noopener\">https:\/\/economics.sk\/ine-spravy\/spravy\/slovensko\/matovic-by-mal-zlepsit-komunikaciu-politologicka-oznacila-konflikt-s-caputovou-za-bizar\/<\/a><br>\u2013 InfoZ\u00f3na.sk:<br><a href=\"https:\/\/infozona.sk\/matovic-by-mal-zlepsit-komunikaciu-politologicka-oznacila-konflikt-s-caputovou-za-bizar\/\" target=\"_blank\" rel=\"noopener\">https:\/\/infozona.sk\/matovic-by-mal-zlepsit-komunikaciu-politologicka-oznacila-konflikt-s-caputovou-za-bizar\/<\/a><br>\u2013 Aktualizovan\u00e9.sk:<br><a href=\"https:\/\/aktualizovane.sk\/matovic-by-mal-zlepsit-komunikaciu-politologicka-oznacila-konflikt-s-caputovou-za-bizar\/\" target=\"_blank\" rel=\"noopener\">https:\/\/aktualizovane.sk\/matovic-by-mal-zlepsit-komunikaciu-politologicka-oznacila-konflikt-s-caputovou-za-bizar\/<\/a><br>\u2013 \u0160portDnes.sk:<br><a href=\"https:\/\/www.sportdnes.sk\/slovensko\/matovic-by-mal-zlepsit-komunikaciu-politologicka-oznacila-konflikt-s-caputovou-za-bizar\/\" target=\"_blank\" rel=\"noopener\">https:\/\/www.sportdnes.sk\/slovensko\/matovic-by-mal-zlepsit-komunikaciu-politologicka-oznacila-konflikt-s-caputovou-za-bizar\/<\/a><br>\u2013 Fotonovinky.sk:<br><a href=\"https:\/\/fotonovinky.sk\/matovic-by-mal-zlepsit-komunikaciu-politologicka-oznacila-konflikt-s-caputovou-za-bizar\/\" target=\"_blank\" rel=\"noopener\">https:\/\/fotonovinky.sk\/matovic-by-mal-zlepsit-komunikaciu-politologicka-oznacila-konflikt-s-caputovou-za-bizar\/<\/a><br>\u2013 eGoodWill.sk:<br><a href=\"https:\/\/egoodwill.sk\/aktuality\/spravy\/matovic-by-mal-zlepsit-komunikaciu-politologicka-oznacila-konflikt-s-caputovou-za-bizar\/\" target=\"_blank\" rel=\"noopener\">https:\/\/egoodwill.sk\/aktuality\/spravy\/matovic-by-mal-zlepsit-komunikaciu-politologicka-oznacila-konflikt-s-caputovou-za-bizar\/<\/a><br>\u2013 Pozri.sk:<br><a href=\"https:\/\/spravy.pozri.sk\/clanok\/matovic-by-mal-zlepsit-komunikaciu-politologicka-oznacila-konflikt-s-caputovou-za-bizar\/1522838\" target=\"_blank\" rel=\"noopener\">https:\/\/spravy.pozri.sk\/clanok\/matovic-by-mal-zlepsit-komunikaciu-politologicka-oznacila-konflikt-s-caputovou-za-bizar\/1522838<\/a><br>\u2013 Slovak.Press:<br><a href=\"https:\/\/slovak.press\/spravy\/matovic-by-mal-zlepsit-komunikaciu-politologicka-oznacila-konflikt-s-caputovou-za-bizar\/\" target=\"_blank\" rel=\"noopener\">https:\/\/slovak.press\/spravy\/matovic-by-mal-zlepsit-komunikaciu-politologicka-oznacila-konflikt-s-caputovou-za-bizar\/<\/a><\/p>\n\n\n\n<p><strong>12. 12. 2020<br>Dominanty Ko\u0161\u00edc \u2013 Amfite\u00e1ter<\/strong> \u2013 telev\u00edzny dokument s vyjadreniami Mgr. Dany Ku\u0161n\u00edrovej z Katedry hist\u00f3rie Filozofickej fakulty UPJ\u0160 v Ko\u0161iciach; TelKE<br><a href=\"https:\/\/www.telke.sk\/2020\/12\/12\/dominanty-kosic-amfiteater\/\" target=\"_blank\" rel=\"noopener\">https:\/\/www.telke.sk\/2020\/12\/12\/dominanty-kosic-amfiteater\/<\/a><\/p>\n\n\n\n<p><strong>11. 12. 2020<br>Tendencie v\u00fdvoja etnick\u00fdch vz\u0165ahov na Slovensku<\/strong> \u2013 na v\u00fdskumnom projekte spolupracuj\u00fa Katedra hist\u00f3rie a Katedra politol\u00f3gie Filozofickej fakulty UPJ\u0160 v&nbsp;Ko\u0161iciach; U\u010dite\u013esk\u00e9 noviny<br><a href=\"https:\/\/www.ucn.sk\/aktuality\/tendencie-vyvoja-etnickych-vztahov-na-slovensku\" target=\"_blank\" rel=\"noopener\">https:\/\/www.ucn.sk\/aktuality\/tendencie-vyvoja-etnickych-vztahov-na-slovensku<\/a><\/p>\n\n\n\n<p><strong>10. 12. 2020<br>Jazykov\u00e9 okienko: Testova\u0165<\/strong> \u2013 pripravila jazykovedky\u0148a doc. PhDr. Marianna Sedl\u00e1kov\u00e1, PhD., ved\u00faca Katedry slovakistiky, slovansk\u00fdch filol\u00f3gi\u00ed a komunik\u00e1cie Filozofickej fakulty UPJ\u0160 v Ko\u0161iciach; R\u00e1dio Regina (RTVS)<br><a href=\"https:\/\/reginavychod.rtvs.sk\/clanky\/zivotny-styl\/242271\/jazykove-okienko-testovat\" target=\"_blank\" rel=\"noopener\">https:\/\/reginavychod.rtvs.sk\/clanky\/zivotny-styl\/242271\/jazykove-okienko-testovat<\/a><\/p>\n\n\n\n<p><strong>10. 12. 2020<br>Jazykov\u00e9 okienko: Patriarcha (Hagia Sofia)<\/strong> \u2013 pripravila jazykovedky\u0148a doc. PhDr. Marianna Sedl\u00e1kov\u00e1, PhD., ved\u00faca Katedry slovakistiky, slovansk\u00fdch filol\u00f3gi\u00ed a komunik\u00e1cie Filozofickej fakulty UPJ\u0160 v Ko\u0161iciach; R\u00e1dio Regina (RTVS)<br><a href=\"https:\/\/reginavychod.rtvs.sk\/clanky\/zivotny-styl\/242269\/jazykove-okienko-patriarcha\" target=\"_blank\" rel=\"noopener\">https:\/\/reginavychod.rtvs.sk\/clanky\/zivotny-styl\/242269\/jazykove-okienko-patriarcha<\/a><\/p>\n\n\n\n<p><strong>10. 12. 2020<br>Jazykov\u00e9 okienko: Epidemick\u00fd\/epidemiologick\u00fd<\/strong> \u2013 pripravila jazykovedky\u0148a doc. PhDr. Marianna Sedl\u00e1kov\u00e1, PhD., ved\u00faca Katedry slovakistiky, slovansk\u00fdch filol\u00f3gi\u00ed a komunik\u00e1cie Filozofickej fakulty UPJ\u0160 v Ko\u0161iciach; R\u00e1dio Regina (RTVS)<br><a href=\"https:\/\/reginavychod.rtvs.sk\/clanky\/zivotny-styl\/242268\/jazykove-okienko-epidemicky-epidemiologicky\" target=\"_blank\" rel=\"noopener\">https:\/\/reginavychod.rtvs.sk\/clanky\/zivotny-styl\/242268\/jazykove-okienko-epidemicky-epidemiologicky<\/a><\/p>\n\n\n\n<p><strong>10. 12. 2020<br>Za v\u0161etk\u00fdm h\u013eadaj \u017eenu: \u013dudmila Podjavorinsk\u00e1<\/strong> \u2013 o\u010dami doc. PaedDr. Ivice Hajdu\u010dekovej, PhD., ved\u00facej oddelenia slovakistiky a liter\u00e1rnej vedy Katedry slovakistiky, slovansk\u00fdch filol\u00f3gi\u00ed a komunik\u00e1cie Filozofickej fakulty UPJ\u0160 v Ko\u0161iciach; R\u00e1dio Regina (RTVS)<br><a href=\"https:\/\/reginavychod.rtvs.sk\/clanky\/za-vsetkym-hladaj-zenu\/242248\/ludmila-podjavorinska\" target=\"_blank\" rel=\"noopener\">https:\/\/reginavychod.rtvs.sk\/clanky\/za-vsetkym-hladaj-zenu\/242248\/ludmila-podjavorinska<\/a><\/p>\n\n\n\n<p><strong>9. 12. 2020<br>Ko\u0161ick\u00ed psychol\u00f3govia: Lockdown znamenal pre niektor\u00e9 rodiny zlep\u0161enie vz\u0165ahov<\/strong> \u2013 vypl\u00fdva to z v\u00fdsledkov v\u00fdskumn\u00fdch t\u00edmov Katedry pedagogickej psychol\u00f3gie a psychol\u00f3gie zdravia Filozofickej fakulty UPJ\u0160 v Ko\u0161iciach \u2013 s vyjadreniami dekanky FF UPJ\u0160 prof. PhDr. O\u013egy Orosovej, CSc., a Mgr. M\u00e1rie Ba\u010d\u00edkovej, PhD.; Ko\u0161iceDnes.sk<br><a href=\"https:\/\/kosicednes.sk\/zaujimavosti-vsetky\/kosicki-psychologovia-lockdown-znamenal-pre-niektore-rodiny-zlepsenie-vztahov\/\" target=\"_blank\" rel=\"noopener\">https:\/\/kosicednes.sk\/zaujimavosti-vsetky\/kosicki-psychologovia-lockdown-znamenal-pre-niektore-rodiny-zlepsenie-vztahov\/<\/a><\/p>\n\n\n\n<p><strong>8. 12. 2020<br>Ko\u0161ick\u00ed psychol\u00f3govia: Lockdown znamenal pre niektor\u00e9 rodiny s dospievaj\u00facimi zlep\u0161enie vz\u0165ahov<\/strong> \u2013 vypl\u00fdva to z v\u00fdsledkov v\u00fdskumn\u00fdch t\u00edmov Katedry pedagogickej psychol\u00f3gie a psychol\u00f3gie zdravia Filozofickej fakulty UPJ\u0160 v Ko\u0161iciach; U\u010dite\u013esk\u00e9 noviny<br><a href=\"https:\/\/www.ucn.sk\/aktuality\/kosicki-psychologovia-lockdown-znamenal-pre-niektore-rodiny-s-dospievajucimi-zlepsenie-vztahov\" target=\"_blank\" rel=\"noopener\">https:\/\/www.ucn.sk\/aktuality\/kosicki-psychologovia-lockdown-znamenal-pre-niektore-rodiny-s-dospievajucimi-zlepsenie-vztahov<\/a><\/p>\n\n\n\n<p><strong>5. 12. 2020<br>Politologi\u010dka: Sp\u00f4sob v\u00fdberu gener\u00e1lneho prokur\u00e1tora by nemal ovplyvni\u0165 jeho \u010fal\u0161iu \u010dinnos\u0165<\/strong> \u2013 mysl\u00ed si Mgr. Benita Feketeov\u00e1 z Katedry politol\u00f3gie Filozofickej fakulty UPJ\u0160 v Ko\u0161iciach<br>\u2013 SITA \u2013 WebNoviny.sk:<br><a href=\"https:\/\/www.webnoviny.sk\/politologicka-sposob-vyberu-generalneho-prokuratora-by-nemal-ovplyvnit-jeho-dalsiu-cinnost\/\" target=\"_blank\" rel=\"noopener\">https:\/\/www.webnoviny.sk\/politologicka-sposob-vyberu-generalneho-prokuratora-by-nemal-ovplyvnit-jeho-dalsiu-cinnost\/<\/a><br>\u2013 Financial Report:<br><a href=\"https:\/\/www.finreport.sk\/agenturne-spravy\/politologicka-sposob-vyberu-generalneho-prokuratora-by-nemal-ovplyvnit-jeho-dalsiu-cinnost\/\" target=\"_blank\" rel=\"noopener\">https:\/\/www.finreport.sk\/agenturne-spravy\/politologicka-sposob-vyberu-generalneho-prokuratora-by-nemal-ovplyvnit-jeho-dalsiu-cinnost\/<\/a><br>\u2013 Economics.sk:<br><a href=\"https:\/\/economics.sk\/ine-spravy\/spravy\/slovensko\/politologicka-sposob-vyberu-generalneho-prokuratora-by-nemal-ovplyvnit-jeho-dalsiu-cinnost\/\" target=\"_blank\" rel=\"noopener\">https:\/\/economics.sk\/ine-spravy\/spravy\/slovensko\/politologicka-sposob-vyberu-generalneho-prokuratora-by-nemal-ovplyvnit-jeho-dalsiu-cinnost\/<\/a><br>\u2013 24 hod\u00edn \u2013 denn\u00edk pre v\u0161etk\u00fdch:<br><a href=\"https:\/\/www.24hod.sk\/politologicka-sposob-vyberu-generalneho-prokuratora-by-nemal-ovplyvnit-jeho-dalsiu-cinnost-cl746413.html\" target=\"_blank\" rel=\"noopener\">https:\/\/www.24hod.sk\/politologicka-sposob-vyberu-generalneho-prokuratora-by-nemal-ovplyvnit-jeho-dalsiu-cinnost-cl746413.html<\/a><br>\u2013 PressMedia.sk:<br><a href=\"https:\/\/www.pressmedia.sk\/politologicka-sposob-vyberu-generalneho-prokuratora-by-nemal-ovplyvnit-jeho-dalsiu-cinnost\/\" target=\"_blank\" rel=\"noopener\">https:\/\/www.pressmedia.sk\/politologicka-sposob-vyberu-generalneho-prokuratora-by-nemal-ovplyvnit-jeho-dalsiu-cinnost\/<\/a><br>\u2013 Slovak.Press:<br><a href=\"https:\/\/slovak.press\/spravy\/politologicka-sposob-vyberu-generalneho-prokuratora-by-nemal-ovplyvnit-jeho-dalsiu-cinnost\/\" target=\"_blank\" rel=\"noopener\">https:\/\/slovak.press\/spravy\/politologicka-sposob-vyberu-generalneho-prokuratora-by-nemal-ovplyvnit-jeho-dalsiu-cinnost\/<\/a><br>\u2013 InfoZ\u00f3na.sk:<br><a href=\"https:\/\/infozona.sk\/politologicka-sposob-vyberu-generalneho-prokuratora-by-nemal-ovplyvnit-jeho-dalsiu-cinnost\/\" target=\"_blank\" rel=\"noopener\">https:\/\/infozona.sk\/politologicka-sposob-vyberu-generalneho-prokuratora-by-nemal-ovplyvnit-jeho-dalsiu-cinnost\/<\/a><br>\u2013 eGoodWill.sk:<br><a href=\"https:\/\/egoodwill.sk\/aktuality\/spravy\/politologicka-sposob-vyberu-generalneho-prokuratora-by-nemal-ovplyvnit-jeho-dalsiu-cinnost\/\" target=\"_blank\" rel=\"noopener\">https:\/\/egoodwill.sk\/aktuality\/spravy\/politologicka-sposob-vyberu-generalneho-prokuratora-by-nemal-ovplyvnit-jeho-dalsiu-cinnost\/<\/a><br>\u2013 The World News:<br><a href=\"https:\/\/theworldnews.net\/sk-news\/politologicka-sposob-vyberu-generalneho-prokuratora-by-nemal-ovplyvnit-jeho-dalsiu-cinnost\" target=\"_blank\" rel=\"noopener\">https:\/\/theworldnews.net\/sk-news\/politologicka-sposob-vyberu-generalneho-prokuratora-by-nemal-ovplyvnit-jeho-dalsiu-cinnost<\/a><br>\u2013 Pozri.sk:<br><a href=\"https:\/\/spravy.pozri.sk\/clanok\/politologicka-sposob-vyberu-generalneho-prokuratora-by-nemal-ovplyvnit-jeho-dalsiu-cinnost\/1522437\" target=\"_blank\" rel=\"noopener\">https:\/\/spravy.pozri.sk\/clanok\/politologicka-sposob-vyberu-generalneho-prokuratora-by-nemal-ovplyvnit-jeho-dalsiu-cinnost\/1522437<\/a><br>\u2013 Aktualizovan\u00e9.sk:<br><a href=\"https:\/\/aktualizovane.sk\/politologicka-sposob-vyberu-generalneho-prokuratora-by-nemal-ovplyvnit-jeho-dalsiu-cinnost\/\" target=\"_blank\" rel=\"noopener\">https:\/\/aktualizovane.sk\/politologicka-sposob-vyberu-generalneho-prokuratora-by-nemal-ovplyvnit-jeho-dalsiu-cinnost\/<\/a><\/p>\n\n\n\n<p><strong>3. 12. 2020<br>Je rok 2020 za\u010diatok dek\u00e1dy zmien?<\/strong> \u2013 odpove\u010f na ot\u00e1zku bud\u00fa h\u013eada\u0165 na Katedre politol\u00f3gie Filozofickej fakulty UPJ\u0160 v Ko\u0161iciach na online konferencii v r\u00e1mci cyklu Ko\u0161ick\u00e9 politologick\u00e9 dial\u00f3gy; telev\u00edzia TelKE<br><a href=\"https:\/\/www.facebook.com\/telketv\/videos\/213468606970478\/\" target=\"_blank\" rel=\"noopener\">https:\/\/www.facebook.com\/telketv\/videos\/213468606970478\/<\/a><\/p>\n\n\n\n<p><strong>2. 12. 2020<br>Ko\u0161ick\u00e9 politologick\u00e9 dial\u00f3gy 2020: Za\u010diatok dek\u00e1dy zmien?<\/strong> \u2013 medzin\u00e1rodn\u00fa online konferenciu \u0161tudentov a mlad\u00fdch vedeck\u00fdch pracovn\u00edkov organizuje Katedra politol\u00f3gie Filozofickej fakulty UPJ\u0160 v Ko\u0161iciach; \u0160kolsk\u00e9.sk<br><a href=\"https:\/\/www.skolske.sk\/clanok\/55186\/kosicke-politologicke-dialogy-2020-zaciatok-dekady-zmien\" target=\"_blank\" rel=\"noopener\">https:\/\/www.skolske.sk\/clanok\/55186\/kosicke-politologicke-dialogy-2020-zaciatok-dekady-zmien<\/a><\/p>\n\n\n\n<p><strong>1. 12. 2020<br>Ko\u0161ick\u00e9 politologick\u00e9 dial\u00f3gy 2020: Za\u010diatok dek\u00e1dy zmien?<\/strong> \u2013 medzin\u00e1rodn\u00fa online konferenciu \u0161tudentov a mlad\u00fdch vedeck\u00fdch pracovn\u00edkov organizuje Katedra politol\u00f3gie Filozofickej fakulty UPJ\u0160 v&nbsp;Ko\u0161iciach<br>\u2013 Veda na dosah (Centrum vedecko-technick\u00fdch inform\u00e1ci\u00ed SR):<br><a href=\"https:\/\/vedanadosah.cvtisr.sk\/kosicke-politologicke-dialogy-2020-zaciatok-dekady-zmien\" target=\"_blank\" rel=\"noopener\">https:\/\/vedanadosah.cvtisr.sk\/kosicke-politologicke-dialogy-2020-zaciatok-dekady-zmien<\/a><br>\u2013 U\u010dite\u013esk\u00e9 noviny:<br><a href=\"https:\/\/www.ucn.sk\/aktuality\/kosicke-politologicke-dialogy-2020-zaciatok-dekady-zmien\" target=\"_blank\" rel=\"noopener\">https:\/\/www.ucn.sk\/aktuality\/kosicke-politologicke-dialogy-2020-zaciatok-dekady-zmien<\/a><\/p>\n\n\n\n<p><strong>30. 11. 2020<br>Ko\u0161ick\u00e9 politologick\u00e9 dial\u00f3gy<\/strong> \u2013 spomienka na 1. ro\u010dn\u00edk a inform\u00e1cie o aktu\u00e1lnom 9. ro\u010dn\u00edku podujatia, ktor\u00e9 organizuje Katedra politol\u00f3gie Filozofickej fakulty UPJ\u0160 v Ko\u0161iciach; Frenky.sk<br><a href=\"http:\/\/www.frenky.sk\/clanok\/1342\/kosicke_politologicke_dialogy.html\" target=\"_blank\" rel=\"noopener\">http:\/\/www.frenky.sk\/clanok\/1342\/kosicke_politologicke_dialogy.html<\/a><\/p>\n\n\n\n<p><strong>29. 11. 2020<br>Medzin\u00e1rodn\u00e1 online konferencia \u0161tudentov a mlad\u00fdch vedeck\u00fdch pracovn\u00edkov<\/strong> \u2013 organizuje ju Katedra politol\u00f3gie Filozofickej fakulty UPJ\u0160 v&nbsp;Ko\u0161iciach<br>\u2013 Ko\u0161iceDnes.sk:<br><a href=\"https:\/\/kosicednes.sk\/udalosti\/medzinarodna-online-konferencia-studentov-mladych-vedeckych-pracovnikov\/\" target=\"_blank\" rel=\"noopener\">https:\/\/kosicednes.sk\/udalosti\/medzinarodna-online-konferencia-studentov-mladych-vedeckych-pracovnikov\/<\/a><br>\u2013 Ko\u0161iceOnline.sk:<br><a href=\"https:\/\/www.kosiceonline.sk\/calendar\/Kosice\/2020-12-04\" target=\"_blank\" rel=\"noopener\">https:\/\/www.kosiceonline.sk\/calendar\/Kosice\/2020-12-04<\/a><\/p>\n\n\n\n<p><strong>28. 11. 2020<br>Zobrali n\u00e1m roboty pr\u00e1cu? Sto rokov slova robot<\/strong> \u2013 rozhlasov\u00fd pr\u00edspevok aj s vyjadreniami PhDr. Mari\u00e1na Gladi\u0161a, PhD., z Katedry slovakistiky, slovansk\u00fdch filol\u00f3gi\u00ed a komunik\u00e1cie Filozofickej fakulty UPJ\u0160 v Ko\u0161iciach; R\u00e1dio_FM (RTVS)<br><a href=\"https:\/\/fm.rtvs.sk\/rubriky\/temy_fm\/241134\/zobrali-nam-roboty-pracu-sto-rokov-slova-robot\" target=\"_blank\" rel=\"noopener\">https:\/\/fm.rtvs.sk\/rubriky\/temy_fm\/241134\/zobrali-nam-roboty-pracu-sto-rokov-slova-robot<\/a><\/p>\n\n\n\n<p><strong>26. 11. 2020<br>100 rokov slova \u201erobot\u201c<\/strong> \u2013 rozhlasov\u00fd pr\u00edspevok s&nbsp;vyjadreniami PhDr. Mari\u00e1na Gladi\u0161a, PhD., z Katedry slovakistiky, slovansk\u00fdch filol\u00f3gi\u00ed a komunik\u00e1cie Filozofickej fakulty UPJ\u0160 v Ko\u0161iciach; R\u00e1dio Slovensko (RTVS)<br><a href=\"https:\/\/slovensko.rtvs.sk\/clanky\/spolocnost\/240845\/100-rokov-slova-robot\" target=\"_blank\" rel=\"noopener\">https:\/\/slovensko.rtvs.sk\/clanky\/spolocnost\/240845\/100-rokov-slova-robot<\/a><\/p>\n\n\n\n<p><strong>23. 11. 2020<br>Seri\u00e1l t\u00fd\u017ed\u0148a: Relaxa\u010dn\u00e9 dychov\u00e9 cvi\u010denia<\/strong> \u2013 stres ovplyv\u0148uje aj na\u0161e d\u00fdchanie \u2013 potvrdzuj\u00fa to doc. PhDr. Be\u00e1ta R\u00e1czov\u00e1, PhD., a doc. Mgr. Monika Hricov\u00e1, PhD., z Katedry psychol\u00f3gie Filozofickej fakulty UPJ\u0160 v Ko\u0161iciach; R\u00e1dio Slovensko (RTVS)<br><a href=\"https:\/\/slovensko.rtvs.sk\/relacie\/serial-tyzdna\/240529\/relaxacne-dychove-cvicenia\" target=\"_blank\" rel=\"noopener\">https:\/\/slovensko.rtvs.sk\/relacie\/serial-tyzdna\/240529\/relaxacne-dychove-cvicenia<\/a><\/p>\n\n\n\n<p><strong>23. 11. 2020<br>Toto slovo pou\u017e\u00edvame u\u017e 100 rokov. V\u010faka dvom \u010desk\u00fdm bratom<\/strong> \u2013 PhDr. Mari\u00e1n Gladi\u0161, PhD., z Katedry slovakistiky, slovansk\u00fdch filol\u00f3gi\u00ed a komunik\u00e1cie Filozofickej fakulty UPJ\u0160 v Ko\u0161iciach o slove \u201erobot\u201c; Jemn\u00e9.sk<br><a href=\"https:\/\/www.jemne.sk\/novinky\/36796-toto-slovo-pouzivame-u-100-rokov-vdaka-dvom-ceskym-bratom\" target=\"_blank\" rel=\"noopener\">https:\/\/www.jemne.sk\/novinky\/36796-toto-slovo-pouzivame-u-100-rokov-vdaka-dvom-ceskym-bratom<\/a><\/p>\n\n\n\n<p><strong>20. 11. 2020<br>Slovo robot vzniklo pred sto rokmi: Sta\u010dilo m\u00e1lo a nikdy by sme ho nespoznali + kv\u00edz<\/strong> \u2013 s vyjadreniami PhDr. Mari\u00e1na Gladi\u0161a, PhD., z Katedry slovakistiky, slovansk\u00fdch filol\u00f3gi\u00ed a komunik\u00e1cie Filozofickej fakulty UPJ\u0160 v Ko\u0161iciach; Dnes 24<br><a href=\"https:\/\/www.dnes24.sk\/slovo-robot-vzniklo-pred-sto-rokmi-stacilo-malo-a-nikdy-by-sme-ho-nespoznali-kviz-375788\" target=\"_blank\" rel=\"noopener\">https:\/\/www.dnes24.sk\/slovo-robot-vzniklo-pred-sto-rokmi-stacilo-malo-a-nikdy-by-sme-ho-nespoznali-kviz-375788<\/a><\/p>\n\n\n\n<p><strong>18. 11. 2020<br>Slovo robot m\u00e1 sto rokov, zaviedli ho bratia \u010capkovci<\/strong> \u2013 informoval PhDr. Mari\u00e1n Gladi\u0161, PhD., z Katedry slovakistiky, slovansk\u00fdch filol\u00f3gi\u00ed a komunik\u00e1cie Filozofickej fakulty UPJ\u0160 v Ko\u0161iciach; Pravda.sk<br><a href=\"https:\/\/spravy.pravda.sk\/domace\/clanok\/569167-slovo-robot-ma-sto-rokov-zaviedli-ho-bratia-capkovci\/\" target=\"_blank\" rel=\"noopener\">https:\/\/spravy.pravda.sk\/domace\/clanok\/569167-slovo-robot-ma-sto-rokov-zaviedli-ho-bratia-capkovci\/<\/a><\/p>\n\n\n\n<p><strong>17. 11. 2020<br>Slovo robot m\u00e1 sto rokov, zaviedli ho bratia \u010capkovci<\/strong> \u2013 pribli\u017euje PhDr. Mari\u00e1n Gladi\u0161, PhD., z Katedry slovakistiky, slovansk\u00fdch filol\u00f3gi\u00ed a komunik\u00e1cie Filozofickej fakulty UPJ\u0160 v&nbsp;Ko\u0161iciach<br>\u2013 TASR \u2013 Teraz.sk:<br><a href=\"https:\/\/www.teraz.sk\/kultura\/slovo\/508386-clanok.html\" target=\"_blank\" rel=\"noopener\">https:\/\/www.teraz.sk\/kultura\/slovo\/508386-clanok.html<\/a><br>\u2013 Dnes24.sk:<br><a href=\"https:\/\/www.dnes24.sk\/rychle-spravy\/slovo-robot-ma-sto-rokov-zaviedli-ho-bratia-capkovci-145524\" target=\"_blank\" rel=\"noopener\">https:\/\/www.dnes24.sk\/rychle-spravy\/slovo-robot-ma-sto-rokov-zaviedli-ho-bratia-capkovci-145524<\/a><br>\u2013 24 hod\u00edn \u2013 denn\u00edk pre v\u0161etk\u00fdch:<br><a href=\"https:\/\/www.24hod.sk\/slovo-robot-ma-sto-rokov-zaviedli-ho-bratia-capkovci-cl745532.html\" target=\"_blank\" rel=\"noopener\">https:\/\/www.24hod.sk\/slovo-robot-ma-sto-rokov-zaviedli-ho-bratia-capkovci-cl745532.html<\/a><br>\u2013 eReport.sk:<br><a href=\"https:\/\/ereport.sk\/slovo-robot-ma-sto-rokov-zaviedli-ho-bratia-capkovci\/\" target=\"_blank\" rel=\"noopener\">https:\/\/ereport.sk\/slovo-robot-ma-sto-rokov-zaviedli-ho-bratia-capkovci\/<\/a><br>\u2013 Slovensk\u00fd report\u00e9r:<br><a href=\"https:\/\/www.slovenskyreporter.sk\/slovo-robot-ma-sto-rokov-zaviedli-ho-bratia-capkovci\/\" target=\"_blank\" rel=\"noopener\">https:\/\/www.slovenskyreporter.sk\/slovo-robot-ma-sto-rokov-zaviedli-ho-bratia-capkovci\/<\/a><br>\u2013 TheWorldNews.net:<br><a href=\"https:\/\/theworldnews.net\/sk-news\/slovo-robot-ma-sto-rokov-zaviedli-ho-bratia-capkovci\" target=\"_blank\" rel=\"noopener\">https:\/\/theworldnews.net\/sk-news\/slovo-robot-ma-sto-rokov-zaviedli-ho-bratia-capkovci<\/a><\/p>\n\n\n\n<p><strong>14. 11. 2020<br>Slovo \u201erobot\u201c oslavuje storo\u010dnicu<\/strong> \u2013 informuje PhDr. Mari\u00e1n Gladi\u0161, PhD., z Katedry slovakistiky, slovansk\u00fdch filol\u00f3gi\u00ed a komunik\u00e1cie Filozofickej fakulty UPJ\u0160 v Ko\u0161iciach; U\u010dite\u013esk\u00e9 noviny<br><a href=\"https:\/\/www.ucn.sk\/externe\/slovo-robot-oslavuje-storocnicu\" target=\"_blank\" rel=\"noopener\">https:\/\/www.ucn.sk\/externe\/slovo-robot-oslavuje-storocnicu<\/a><\/p>\n\n\n\n<p><strong>11. 11. 2020<br>Pripom\u00edname si storo\u010dnicu slova \u201erobot\u201c<\/strong> \u2013 informoval o tom PhDr. Mari\u00e1n Gladi\u0161, PhD., z Katedry slovakistiky, slovansk\u00fdch filol\u00f3gi\u00ed a komunik\u00e1cie Filozofickej fakulty UPJ\u0160 v Ko\u0161iciach; TelKE<br><a href=\"https:\/\/www.telke.sk\/2020\/11\/11\/pripominame-si-storocnicu-slova-robot\/\" target=\"_blank\" rel=\"noopener\">https:\/\/www.telke.sk\/2020\/11\/11\/pripominame-si-storocnicu-slova-robot\/<\/a><\/p>\n\n\n\n<p><strong>11. 11. 2020<br>Slovo \u201erobot\u201c oslavuje storo\u010dnicu<\/strong> \u2013 pribli\u017euje PhDr. Mari\u00e1n Gladi\u0161, PhD., z Katedry slovakistiky, slovansk\u00fdch filol\u00f3gi\u00ed a komunik\u00e1cie Filozofickej fakulty UPJ\u0160 v Ko\u0161iciach<br>\u2013 Veda na dosah (Centrum vedecko-technick\u00fdch inform\u00e1ci\u00ed SR):<br><a href=\"https:\/\/vedanadosah.cvtisr.sk\/slovo-robot-oslavuje-storocnicu\" target=\"_blank\" rel=\"noopener\">https:\/\/vedanadosah.cvtisr.sk\/slovo-robot-oslavuje-storocnicu<\/a><br>\u2013 IndexMag.sk:<br><a href=\"https:\/\/indexmag.sk\/2020\/11\/11\/slovo-robot-oslavuje-storocnicu\/\" target=\"_blank\" rel=\"noopener\">https:\/\/indexmag.sk\/2020\/11\/11\/slovo-robot-oslavuje-storocnicu\/<\/a><br>\u2013 ITmix.cz:<br><a href=\"https:\/\/itmix.cz\/slovo-robot-oslavuje-storocnicu\/\" target=\"_blank\" rel=\"noopener\">https:\/\/itmix.cz\/slovo-robot-oslavuje-storocnicu\/<\/a><br>\u2013 Ko\u0161iceDnes.sk:<br><a href=\"https:\/\/kosicednes.sk\/zaujimavosti-vsetky\/slovo-robot-oslavuje-storocnicu\/\" target=\"_blank\" rel=\"noopener\">https:\/\/kosicednes.sk\/zaujimavosti-vsetky\/slovo-robot-oslavuje-storocnicu\/<\/a><\/p>\n\n\n\n<p><strong>6. 11. 2020<br>Jazykov\u00e9 okienko: vode odoln\u00fd<\/strong> \u2013 o spr\u00e1vnom pou\u017e\u00edvan\u00ed slovn\u00e9ho spojenia \u201evode odoln\u00fd\u201c hovor\u00ed jazykovedky\u0148a doc. PhDr. Marianna Sedl\u00e1kov\u00e1, PhD., ved\u00faca Katedry slovakistiky, slovansk\u00fdch filol\u00f3gi\u00ed a komunik\u00e1cie Filozofickej fakulty UPJ\u0160 v Ko\u0161iciach; R\u00e1dio Regina (RTVS)<br><a href=\"https:\/\/reginavychod.rtvs.sk\/clanky\/zivotny-styl\/239112\/jazykove-okienko-vodeodolny\" target=\"_blank\" rel=\"noopener\">https:\/\/reginavychod.rtvs.sk\/clanky\/zivotny-styl\/239112\/jazykove-okienko-vodeodolny<\/a><\/p>\n\n\n\n<p><strong>6. 11. 2020<br>Jazykov\u00e9 okienko: cykl\u00f3na a cykl\u00f3n<\/strong> \u2013 o v\u00fdzname a spr\u00e1vnom pou\u017e\u00edvan\u00ed t\u00fdchto slov hovor\u00ed jazykovedky\u0148a doc. PhDr. Marianna Sedl\u00e1kov\u00e1, PhD., ved\u00faca Katedry slovakistiky, slovansk\u00fdch filol\u00f3gi\u00ed a komunik\u00e1cie Filozofickej fakulty UPJ\u0160 v Ko\u0161iciach; R\u00e1dio Regina (RTVS)<br><a href=\"https:\/\/reginavychod.rtvs.sk\/clanky\/zivotny-styl\/239108\/jazykove-okienko-cyklona\" target=\"_blank\" rel=\"noopener\">https:\/\/reginavychod.rtvs.sk\/clanky\/zivotny-styl\/239108\/jazykove-okienko-cyklona<\/a><\/p>\n\n\n\n<p><strong>6. 11. 2020<br>100 rokov rozhlasu vo svete<\/strong> \u2013 s vyjadreniami PhDr. Mari\u00e1na Gladi\u0161a, PhD., z Katedry slovakistiky, slovansk\u00fdch filol\u00f3gi\u00ed a komunik\u00e1cie Filozofickej fakulty UPJ\u0160 v Ko\u0161iciach; R\u00e1dio Slovensko (RTVS)<br><a href=\"https:\/\/slovensko.rtvs.sk\/clanky\/spolocnost\/239166\/100-rokov-rozhlasu-vo-svete\" target=\"_blank\" rel=\"noopener\">https:\/\/slovensko.rtvs.sk\/clanky\/spolocnost\/239166\/100-rokov-rozhlasu-vo-svete<\/a><\/p>\n\n\n\n<p><strong>3. 11. 2020<br>Presne pred 100 rokmi za\u010dala vysiela\u0165 prv\u00e1 rozhlasov\u00e1 stanica<\/strong> \u2013 pribli\u017euje PhDr. Mari\u00e1n Gladi\u0161, PhD., z Katedry slovakistiky, slovansk\u00fdch filol\u00f3gi\u00ed a komunik\u00e1cie Filozofickej fakulty UPJ\u0160 v Ko\u0161iciach; Ko\u0161iceDnes.sk<br><a href=\"https:\/\/kosicednes.sk\/historia\/presne-pred-100-rokmi-zacala-vysielat-prva-rozhlasova-stanica\/\" target=\"_blank\" rel=\"noopener\">https:\/\/kosicednes.sk\/historia\/presne-pred-100-rokmi-zacala-vysielat-prva-rozhlasova-stanica\/<\/a><\/p>\n\n\n\n<p><strong>1. 11. 2020<br>Rozhlasov\u00e1 budova v Ko\u0161iciach sl\u00fa\u017ei 90 rokov p\u00f4vodn\u00e9mu \u00fa\u010delu<\/strong> \u2013 detaily prezradil PhDr. Mari\u00e1n Gladi\u0161, PhD., z Katedry slovakistiky, slovansk\u00fdch filol\u00f3gi\u00ed a komunik\u00e1cie Filozofickej fakulty UPJ\u0160 v Ko\u0161iciach; U\u010dite\u013esk\u00e9 noviny<br><a href=\"https:\/\/www.ucn.sk\/externe\/rozhlasova-budova-v-kosiciach-sluzi-90-rokov-povodnemu-ucelu\" target=\"_blank\" rel=\"noopener\">https:\/\/www.ucn.sk\/externe\/rozhlasova-budova-v-kosiciach-sluzi-90-rokov-povodnemu-ucelu<\/a><\/p>\n\n\n\n<p><strong>30. 10. 2020<br>Rozhlasov\u00e1 budova v Ko\u0161iciach sl\u00fa\u017ei 90 rokov p\u00f4vodn\u00e9mu \u00fa\u010delu<\/strong> \u2013 informoval PhDr. Mari\u00e1n Gladi\u0161, PhD., z Katedry slovakistiky, slovansk\u00fdch filol\u00f3gi\u00ed a komunik\u00e1cie Filozofickej fakulty UPJ\u0160 v Ko\u0161iciach; Ko\u0161iceDnes.sk<br><a href=\"https:\/\/kosicednes.sk\/historia\/rozhlasova-budova-v-kosiciach-sluzi-90-rokov-povodnemu-ucelu\/\" target=\"_blank\" rel=\"noopener\">https:\/\/kosicednes.sk\/historia\/rozhlasova-budova-v-kosiciach-sluzi-90-rokov-povodnemu-ucelu\/<\/a><\/p>\n\n\n\n<p><strong>28. 10. 2020<br>Magaz\u00edn Regina: V\u00fdznam vzniku \u010cSR pre s\u00fa\u010dasn\u00e9 Slovensko<\/strong> (25:00 \u2013 32:15) \u2013 pribl\u00ed\u017eil ho ved\u00faci Katedry hist\u00f3rie Filozofickej fakulty UPJ\u0160 v Ko\u0161iciach prof. PaedDr. Martin Pek\u00e1r, PhD.; Dvojka (RTVS)<br><a href=\"https:\/\/www.rtvs.sk\/televizia\/archiv\/14356\/247359\" target=\"_blank\" rel=\"noopener\">https:\/\/www.rtvs.sk\/televizia\/archiv\/14356\/247359<\/a><\/p>\n\n\n\n<p><strong>25. 10. 2020<br>Znovunominovanie Kotlebu za \u0161\u00e9fa v\u00fdboru sved\u010d\u00ed pod\u013ea politologi\u010dky o kr\u00edze osobnost\u00ed v \u013dSNS<\/strong> \u2013 pre agent\u00faru SITA to uviedla Mgr. Ren\u00e1ta Dulinov\u00e1 Bzdilov\u00e1, PhD., z Katedry politol\u00f3gie Filozofickej fakulty UPJ\u0160 v Ko\u0161iciach<br>\u2013 WebNoviny.sk:<br><a href=\"https:\/\/www.webnoviny.sk\/znovunominovanie-kotlebu-za-sefa-vyboru-svedci-podla-politologicky-o-krize-osobnosti-v-lsns\/\" target=\"_blank\" rel=\"noopener\">https:\/\/www.webnoviny.sk\/znovunominovanie-kotlebu-za-sefa-vyboru-svedci-podla-politologicky-o-krize-osobnosti-v-lsns\/<\/a><br>\u2013 24 hod\u00edn \u2013 denn\u00edk pre v\u0161etk\u00fdch:<br><a href=\"https:\/\/www.24hod.sk\/znovunominovanie-kotlebu-za-sefa-vyboru-svedci-podla-politologicky-o-krize-osobnosti-v-lsns-cl744346.html\" target=\"_blank\" rel=\"noopener\">https:\/\/www.24hod.sk\/znovunominovanie-kotlebu-za-sefa-vyboru-svedci-podla-politologicky-o-krize-osobnosti-v-lsns-cl744346.html<\/a><br>\u2013 Aktualizovan\u00e9.sk:<br><a href=\"https:\/\/aktualizovane.sk\/znovunominovanie-kotlebu-za-sefa-vyboru-svedci-podla-politologicky-o-krize-osobnosti-v-lsns\/\" target=\"_blank\" rel=\"noopener\">https:\/\/aktualizovane.sk\/znovunominovanie-kotlebu-za-sefa-vyboru-svedci-podla-politologicky-o-krize-osobnosti-v-lsns\/<\/a><br>\u2013 \u0160portDnes.sk:<br><a href=\"https:\/\/www.sportdnes.sk\/slovensko\/znovunominovanie-kotlebu-za-sefa-vyboru-svedci-podla-politologicky-o-krize-osobnosti-v-lsns\/\" target=\"_blank\" rel=\"noopener\">https:\/\/www.sportdnes.sk\/slovensko\/znovunominovanie-kotlebu-za-sefa-vyboru-svedci-podla-politologicky-o-krize-osobnosti-v-lsns\/<\/a><br>\u2013 Financial Report:<br><a href=\"https:\/\/www.finreport.sk\/agenturne-spravy\/znovunominovanie-kotlebu-za-sefa-vyboru-svedci-podla-politologicky-o-krize-osobnosti-v-lsns\/\" target=\"_blank\" rel=\"noopener\">https:\/\/www.finreport.sk\/agenturne-spravy\/znovunominovanie-kotlebu-za-sefa-vyboru-svedci-podla-politologicky-o-krize-osobnosti-v-lsns\/<\/a><br>\u2013 Slovak.Press:<br><a href=\"https:\/\/slovak.press\/spravy\/znovunominovanie-kotlebu-za-sefa-vyboru-svedci-podla-politologicky-o-krize-osobnosti-v-lsns\/\" target=\"_blank\" rel=\"noopener\">https:\/\/slovak.press\/spravy\/znovunominovanie-kotlebu-za-sefa-vyboru-svedci-podla-politologicky-o-krize-osobnosti-v-lsns\/<\/a><br>\u2013 InfoZ\u00f3na.sk:<br><a href=\"https:\/\/infozona.sk\/znovunominovanie-kotlebu-za-sefa-vyboru-svedci-podla-politologicky-o-krize-osobnosti-v-lsns\/\" target=\"_blank\" rel=\"noopener\">https:\/\/infozona.sk\/znovunominovanie-kotlebu-za-sefa-vyboru-svedci-podla-politologicky-o-krize-osobnosti-v-lsns\/<\/a><br>\u2013 siOnline:<br><a href=\"http:\/\/sionline.sk\/znovunominovanie-kotlebu-za-sefa-vyboru-svedci-podla-politologicky-o-krize-osobnosti-v-lsns\/\" target=\"_blank\" rel=\"noopener\">http:\/\/sionline.sk\/znovunominovanie-kotlebu-za-sefa-vyboru-svedci-podla-politologicky-o-krize-osobnosti-v-lsns\/<\/a><br>\u2013 The World News:<br><a href=\"https:\/\/theworldnews.net\/sk-news\/znovunominovanie-kotlebu-za-sefa-vyboru-svedci-podla-politologicky-o-krize-osobnosti-v-lsns\" target=\"_blank\" rel=\"noopener\">https:\/\/theworldnews.net\/sk-news\/znovunominovanie-kotlebu-za-sefa-vyboru-svedci-podla-politologicky-o-krize-osobnosti-v-lsns<\/a><br>\u2013 Ekonomick\u00fdDenn\u00edk.sk:<br><a href=\"https:\/\/ekonomickydennik.sk\/znovunominovanie-kotlebu-za-sefa-vyboru-svedci-podla-politologicky-o-krize-osobnosti-v-lsns\/\" target=\"_blank\" rel=\"noopener\">https:\/\/ekonomickydennik.sk\/znovunominovanie-kotlebu-za-sefa-vyboru-svedci-podla-politologicky-o-krize-osobnosti-v-lsns\/<\/a><br>\u2013 MaxiV\u00fdber.sk:<br><a href=\"https:\/\/maxivyber.sk\/slovensko\/znovunominovanie-kotlebu-za-sefa-vyboru-svedci-podla-politologicky-o-krize-osobnosti-v-lsns\" target=\"_blank\" rel=\"noopener\">https:\/\/maxivyber.sk\/slovensko\/znovunominovanie-kotlebu-za-sefa-vyboru-svedci-podla-politologicky-o-krize-osobnosti-v-lsns<\/a><br>\u2013 eGoodWill:<br><a href=\"https:\/\/egoodwill.sk\/aktuality\/spravy\/znovunominovanie-kotlebu-za-sefa-vyboru-svedci-podla-politologicky-o-krize-osobnosti-v-lsns\/\" target=\"_blank\" rel=\"noopener\">https:\/\/egoodwill.sk\/aktuality\/spravy\/znovunominovanie-kotlebu-za-sefa-vyboru-svedci-podla-politologicky-o-krize-osobnosti-v-lsns\/<\/a><br>\u2013 Pozri.sk:<br><a href=\"https:\/\/spravy.pozri.sk\/clanok\/znovunominovanie-kotlebu-za-sefa-vyboru-svedci-podla-politologicky-o-krize-osobnosti-v-lsns\/1520688\" target=\"_blank\" rel=\"noopener\">https:\/\/spravy.pozri.sk\/clanok\/znovunominovanie-kotlebu-za-sefa-vyboru-svedci-podla-politologicky-o-krize-osobnosti-v-lsns\/1520688<\/a><\/p>\n\n\n\n<p><strong>8. 10. 2020<br>Za v\u0161etk\u00fdm h\u013eadaj \u017eenu: Bo\u017eena Slan\u010d\u00edkov\u00e1 Timrava<\/strong> \u2013 prv\u00fa slovensk\u00fa spisovate\u013eku predstavuje doc. PaedDr. Ivica Hajdu\u010dekov\u00e1, PhD., z Katedry slovakistiky, slovansk\u00fdch filol\u00f3gi\u00ed a komunik\u00e1cie Filozofickej fakulty UPJ\u0160 v Ko\u0161iciach; R\u00e1dio Regina (RTVS)<br><a href=\"https:\/\/reginavychod.rtvs.sk\/clanky\/za-vsetkym-hladaj-zenu\/236385\/bozena-slancikova-timrava\" target=\"_blank\" rel=\"noopener\">https:\/\/reginavychod.rtvs.sk\/clanky\/za-vsetkym-hladaj-zenu\/236385\/bozena-slancikova-timrava<\/a><\/p>\n\n\n\n<p><strong>8. 10. 2020<br>Jazykov\u00e9 okienko: V\u010del\u00ed \u00fa\u013e<\/strong> \u2013 spr\u00e1vne pou\u017e\u00edvanie slovn\u00e9ho spojenia vysvet\u013euje jazykovedky\u0148a doc. PhDr. Marianna Sedl\u00e1kov\u00e1, PhD., ved\u00faca Katedry slovakistiky, slovansk\u00fdch filol\u00f3gi\u00ed a komunik\u00e1cie Filozofickej fakulty UPJ\u0160 v Ko\u0161iciach; R\u00e1dio Regina (RTVS)<br><a href=\"https:\/\/reginavychod.rtvs.sk\/clanky\/zivotny-styl\/236395\/jazykove-okienko-vceli-ul\" target=\"_blank\" rel=\"noopener\">https:\/\/reginavychod.rtvs.sk\/clanky\/zivotny-styl\/236395\/jazykove-okienko-vceli-ul<\/a><\/p>\n\n\n\n<p><strong>7. 10. 2020<br>Matovi\u010d sa zatia\u013e nedok\u00e1zal \u201ez\u017ei\u0165\u201c s funkciou<\/strong> \u2013 mysl\u00ed si Mgr. Gabriel E\u0161tok, PhD., z Katedry politol\u00f3gie Filozofickej fakulty UPJ\u0160 v Ko\u0161iciach; nez\u00e1visl\u00fd spravodajsk\u00fd t\u00fd\u017edenn\u00edk Koment<br><a href=\"http:\/\/www.tyzdennikkoment.sk\/matovic-sa-zatial-nedokazal-zzit-s-funkciou\/\" target=\"_blank\" rel=\"noopener\">http:\/\/www.tyzdennikkoment.sk\/matovic-sa-zatial-nedokazal-zzit-s-funkciou\/<\/a><\/p>\n\n\n\n<p><strong>4. 10. 2020<br>Matovi\u010d sa nedok\u00e1zal z\u017ei\u0165 s funkciou premi\u00e9ra, \u0161t\u00fdl komunik\u00e1cie mu k popularite nepomohol<\/strong> \u2013 pre agent\u00faru SITA to uviedol Mgr. Gabriel E\u0161tok, PhD., z Katedry politol\u00f3gie Filozofickej fakulty UPJ\u0160 v Ko\u0161iciach<br>\u2013 WebNoviny.sk:<br><a href=\"https:\/\/www.webnoviny.sk\/matovic-sa-nedokazal-zzit-s-funkciou-premiera-styl-komunikacie-mu-k-popularite-nepomohol\/\" target=\"_blank\" rel=\"noopener\">https:\/\/www.webnoviny.sk\/matovic-sa-nedokazal-zzit-s-funkciou-premiera-styl-komunikacie-mu-k-popularite-nepomohol\/<\/a><br>\u2013 Pravda.sk:<br><a href=\"https:\/\/spravy.pravda.sk\/domace\/clanok\/564721-politolog-matovic-sa-nedokazal-zatial-zzit-s-funkciou\/\" target=\"_blank\" rel=\"noopener\">https:\/\/spravy.pravda.sk\/domace\/clanok\/564721-politolog-matovic-sa-nedokazal-zatial-zzit-s-funkciou\/<\/a><br>\u2013 \u010cas.sk:<br><a href=\"https:\/\/www.cas.sk\/clanok\/1033901\/dovera-v-prezidentku-caputovu-narasta-radikalny-prepad-matovica-slova-politologa-premiera-zabolia\/\" target=\"_blank\" rel=\"noopener\">https:\/\/www.cas.sk\/clanok\/1033901\/dovera-v-prezidentku-caputovu-narasta-radikalny-prepad-matovica-slova-politologa-premiera-zabolia\/<\/a><br>\u2013 Financial Report:<br><a href=\"https:\/\/www.finreport.sk\/agenturne-spravy\/matovic-sa-nedokazal-zzit-s-funkciou-premiera-styl-komunikacie-mu-k-popularite-nepomohol\/\" target=\"_blank\" rel=\"noopener\">https:\/\/www.finreport.sk\/agenturne-spravy\/matovic-sa-nedokazal-zzit-s-funkciou-premiera-styl-komunikacie-mu-k-popularite-nepomohol\/<\/a><br>\u2013 Ekonomick\u00fdDenn\u00edk.sk:<br><a href=\"https:\/\/ekonomickydennik.sk\/matovic-sa-nedokazal-zzit-s-funkciou-premiera-styl-komunikacie-mu-k-popularite-nepomohol\/\" target=\"_blank\" rel=\"noopener\">https:\/\/ekonomickydennik.sk\/matovic-sa-nedokazal-zzit-s-funkciou-premiera-styl-komunikacie-mu-k-popularite-nepomohol\/<\/a><br>\u2013 Aktualizovan\u00e9.sk:<br><a href=\"https:\/\/aktualizovane.sk\/matovic-sa-nedokazal-zzit-s-funkciou-premiera-styl-komunikacie-mu-k-popularite-nepomohol\/\" target=\"_blank\" rel=\"noopener\">https:\/\/aktualizovane.sk\/matovic-sa-nedokazal-zzit-s-funkciou-premiera-styl-komunikacie-mu-k-popularite-nepomohol\/<\/a><br>\u2013 24 hod\u00edn \u2013 denn\u00edk pre v\u0161etk\u00fdch:<br><a href=\"https:\/\/www.24hod.sk\/matovic-sa-nedokazal-zzit-s-funkciou-premiera-styl-komunikacie-mu-k-popularite-nepomohol-cl743345.html\" target=\"_blank\" rel=\"noopener\">https:\/\/www.24hod.sk\/matovic-sa-nedokazal-zzit-s-funkciou-premiera-styl-komunikacie-mu-k-popularite-nepomohol-cl743345.html<\/a><br>\u2013 Slovak.Press:<br><a href=\"https:\/\/slovak.press\/spravy\/matovic-sa-nedokazal-zzit-s-funkciou-premiera-styl-komunikacie-mu-k-popularite-nepomohol\/\" target=\"_blank\" rel=\"noopener\">https:\/\/slovak.press\/spravy\/matovic-sa-nedokazal-zzit-s-funkciou-premiera-styl-komunikacie-mu-k-popularite-nepomohol\/<\/a><br>\u2013 InfoZ\u00f3na.sk:<br><a href=\"https:\/\/infozona.sk\/matovic-sa-nedokazal-zzit-s-funkciou-premiera-styl-komunikacie-mu-k-popularite-nepomohol\/\" target=\"_blank\" rel=\"noopener\">https:\/\/infozona.sk\/matovic-sa-nedokazal-zzit-s-funkciou-premiera-styl-komunikacie-mu-k-popularite-nepomohol\/<\/a><br>\u2013 Pozri.sk:<br><a href=\"https:\/\/spravy.pozri.sk\/clanok\/matovic-sa-nedokazal-zzit-s-funkciou-premiera-styl-komunikacie-mu-k-popularite-nepomohol\/1519823\" target=\"_blank\" rel=\"noopener\">https:\/\/spravy.pozri.sk\/clanok\/matovic-sa-nedokazal-zzit-s-funkciou-premiera-styl-komunikacie-mu-k-popularite-nepomohol\/1519823<\/a><br>\u2013 Top Novinky:<br><a href=\"https:\/\/www.tpn.sk\/article.php?id=42032\" target=\"_blank\" rel=\"noopener\">https:\/\/www.tpn.sk\/article.php?id=42032<\/a><br>\u2013 eGoodWill:<br><a href=\"https:\/\/egoodwill.sk\/aktuality\/spravy\/matovic-sa-nedokazal-zzit-s-funkciou-premiera-styl-komunikacie-mu-k-popularite-nepomohol\/\" target=\"_blank\" rel=\"noopener\">https:\/\/egoodwill.sk\/aktuality\/spravy\/matovic-sa-nedokazal-zzit-s-funkciou-premiera-styl-komunikacie-mu-k-popularite-nepomohol\/<\/a><br>\u2013 \u0160portDnes.sk:<br><a href=\"https:\/\/www.sportdnes.sk\/slovensko\/matovic-sa-nedokazal-zzit-s-funkciou-premiera-styl-komunikacie-mu-k-popularite-nepomohol\/\" target=\"_blank\" rel=\"noopener\">https:\/\/www.sportdnes.sk\/slovensko\/matovic-sa-nedokazal-zzit-s-funkciou-premiera-styl-komunikacie-mu-k-popularite-nepomohol\/<\/a><\/p>\n\n\n\n<p><strong>22. 9. 2020<br>Niektor\u00e9 mest\u00e1 u\u017e maj\u00fa pam\u00e4\u0165ov\u00fa mapu<\/strong> \u2013 rozhlasov\u00fd pr\u00edspevok aj s vyjadreniami ved\u00faceho Katedry hist\u00f3rie Filozofickej fakulty UPJ\u0160 v Ko\u0161iciach prof. PaedDr. Martina Pek\u00e1ra, PhD.; R\u00e1dio Slovensko (RTVS)<br><a href=\"https:\/\/slovensko.rtvs.sk\/clanky\/spolocnost\/234885\/niektore-mesta-uz-maju-pamatovu-mapu\" target=\"_blank\" rel=\"noopener\">https:\/\/slovensko.rtvs.sk\/clanky\/spolocnost\/234885\/niektore-mesta-uz-maju-pamatovu-mapu<\/a><\/p>\n\n\n\n<p><strong>21. 9. 2020<br>Jazykov\u00e9 okienko: Pauza po \u010diarke<\/strong> \u2013 jazykovedky\u0148a doc. PhDr. Marianna Sedl\u00e1kov\u00e1, PhD., ved\u00faca Katedry slovakistiky, slovansk\u00fdch filol\u00f3gi\u00ed a komunik\u00e1cie Filozofickej fakulty UPJ\u0160 v Ko\u0161iciach, o spr\u00e1vnom pou\u017e\u00edvan\u00ed pauzy po \u010diarke; R\u00e1dio Regina (RTVS)<br><a href=\"https:\/\/reginavychod.rtvs.sk\/clanky\/zivotny-styl\/234704\/jazykove-okienko-pauza-po-ciarke\" target=\"_blank\" rel=\"noopener\">https:\/\/reginavychod.rtvs.sk\/clanky\/zivotny-styl\/234704\/jazykove-okienko-pauza-po-ciarke<\/a><\/p>\n\n\n\n<p><strong>20. 9. 2020<br>Mlieko sa nesmelo riedi\u0165 a ovocie kr\u00e1ja\u0165. Ko\u0161ick\u00e9 trhy kedysi patrili k vych\u00fdren\u00fdm<\/strong> \u2013 rozhovor s Mgr. Danou Ku\u0161n\u00edrovou z Katedry hist\u00f3rie Filozofickej fakulty UPJ\u0160 o dejin\u00e1ch trhovn\u00edctva v Ko\u0161iciach; Korz\u00e1r.Sme.sk (+ Ko\u0161ick\u00fd ve\u010der, 18. 9. 2020, s. 4)<br><a href=\"https:\/\/kosice.korzar.sme.sk\/c\/22490264\/mlieko-sa-nesmelo-riedit-a-ovocie-krajat-kosicke-trhy-kedysi-patrili-k-vychyrenym.html\" target=\"_blank\" rel=\"noopener\">https:\/\/kosice.korzar.sme.sk\/c\/22490264\/mlieko-sa-nesmelo-riedit-a-ovocie-krajat-kosicke-trhy-kedysi-patrili-k-vychyrenym.html<\/a><\/p>\n\n\n\n<p><strong>15. 9. 2020<br>Pred sto rokmi za\u010dala na Slovensku vych\u00e1dza\u0165 Pravda<\/strong> \u2013 je to najstar\u0161\u00ed, dodnes vych\u00e1dzaj\u00faci slovensk\u00fd denn\u00edk s pomerne b\u00farlivou hist\u00f3riou, hovor\u00ed PhDr. Mari\u00e1n Gladi\u0161, PhD., z Katedry slovakistiky, slovansk\u00fdch filol\u00f3gi\u00ed a&nbsp;komunik\u00e1cie Filozofickej fakulty UPJ\u0160 v Ko\u0161iciach; \u0160kolsk\u00e9.sk<br><a href=\"https:\/\/www.skolske.sk\/clanok\/54406\/pred-sto-rokmi-zacala-na-slovensku-vychadzat-pravda\" target=\"_blank\" rel=\"noopener\">https:\/\/www.skolske.sk\/clanok\/54406\/pred-sto-rokmi-zacala-na-slovensku-vychadzat-pravda<\/a><\/p>\n\n\n\n<p><strong>12. 9. 2020<br>Politol\u00f3g: Matovi\u010d sa s \u013eu\u010fmi pohr\u00e1va a d\u00e1va tajomn\u00e9 vyhl\u00e1senia, cie\u013eom je vzbudzova\u0165 pozornos\u0165<\/strong> \u2013 pre agent\u00faru SITA to uviedol Mgr. Tom\u00e1\u0161 Dvorsk\u00fd, PhD., z Katedry politol\u00f3gie Filozofickej fakulty UPJ\u0160 v Ko\u0161iciach<br>\u2013 WebNoviny.sk:<br><a href=\"https:\/\/www.webnoviny.sk\/politolog-matovic-sa-s-ludmi-pohrava-a-dava-tajomne-vyhlasenia-cielom-je-vzbudzovat-pozornost\/\" target=\"_blank\" rel=\"noopener\">https:\/\/www.webnoviny.sk\/politolog-matovic-sa-s-ludmi-pohrava-a-dava-tajomne-vyhlasenia-cielom-je-vzbudzovat-pozornost\/<\/a><br>\u2013 24 hod\u00edn \u2013 denn\u00edk pre v\u0161etk\u00fdch:<br><a href=\"https:\/\/www.24hod.sk\/politolog-matovic-sa-s-ludmi-pohrava-a-dava-tajomne-vyhlasenia-cielom-je-vzbudzovat-pozornost-cl742352.html\" target=\"_blank\" rel=\"noopener\">https:\/\/www.24hod.sk\/politolog-matovic-sa-s-ludmi-pohrava-a-dava-tajomne-vyhlasenia-cielom-je-vzbudzovat-pozornost-cl742352.html<\/a><br>\u2013 Financial Report:<br><a href=\"https:\/\/www.finreport.sk\/agenturne-spravy\/politolog-matovic-sa-s-ludmi-pohrava-a-dava-tajomne-vyhlasenia-cielom-je-vzbudzovat-pozornost\/\" target=\"_blank\" rel=\"noopener\">https:\/\/www.finreport.sk\/agenturne-spravy\/politolog-matovic-sa-s-ludmi-pohrava-a-dava-tajomne-vyhlasenia-cielom-je-vzbudzovat-pozornost\/<\/a><br>\u2013 Slovak.Press:<br><a href=\"https:\/\/slovak.press\/spravy\/politolog-matovic-sa-s-ludmi-pohrava-a-dava-tajomne-vyhlasenia-cielom-je-vzbudzovat-pozornost\/\" target=\"_blank\" rel=\"noopener\">https:\/\/slovak.press\/spravy\/politolog-matovic-sa-s-ludmi-pohrava-a-dava-tajomne-vyhlasenia-cielom-je-vzbudzovat-pozornost\/<\/a><br>\u2013 Aktualizovan\u00e9.sk:<br><a href=\"https:\/\/aktualizovane.sk\/politolog-matovic-sa-s-ludmi-pohrava-a-dava-tajomne-vyhlasenia-cielom-je-vzbudzovat-pozornost\/\" target=\"_blank\" rel=\"noopener\">https:\/\/aktualizovane.sk\/politolog-matovic-sa-s-ludmi-pohrava-a-dava-tajomne-vyhlasenia-cielom-je-vzbudzovat-pozornost\/<\/a><br>\u2013 InfoZ\u00f3na.sk:<br><a href=\"https:\/\/infozona.sk\/politolog-matovic-sa-s-ludmi-pohrava-a-dava-tajomne-vyhlasenia-cielom-je-vzbudzovat-pozornost\/\" target=\"_blank\" rel=\"noopener\">https:\/\/infozona.sk\/politolog-matovic-sa-s-ludmi-pohrava-a-dava-tajomne-vyhlasenia-cielom-je-vzbudzovat-pozornost\/<\/a><br>\u2013 StartItUp.sk:<br><a href=\"https:\/\/www.startitup.sk\/politolog-matovic-sa-s-citatelmi-pravidelne-pohrava-a-ucelovo-im-ponuka-tajomne-vyhlasenia-chce-vzbudzovat-pozornost\/\" target=\"_blank\" rel=\"noopener\">https:\/\/www.startitup.sk\/politolog-matovic-sa-s-citatelmi-pravidelne-pohrava-a-ucelovo-im-ponuka-tajomne-vyhlasenia-chce-vzbudzovat-pozornost\/<\/a><br>\u2013 \u0160portDnes.sk:<br><a href=\"https:\/\/www.sportdnes.sk\/slovensko\/politolog-matovic-sa-s-ludmi-pohrava-a-dava-tajomne-vyhlasenia-cielom-je-vzbudzovat-pozornost\/\" target=\"_blank\" rel=\"noopener\">https:\/\/www.sportdnes.sk\/slovensko\/politolog-matovic-sa-s-ludmi-pohrava-a-dava-tajomne-vyhlasenia-cielom-je-vzbudzovat-pozornost\/<\/a><br>\u2013 eGoodWill.sk:<br><a href=\"https:\/\/egoodwill.sk\/aktuality\/spravy\/politolog-matovic-sa-s-ludmi-pohrava-a-dava-tajomne-vyhlasenia-cielom-je-vzbudzovat-pozornost\/\" target=\"_blank\" rel=\"noopener\">https:\/\/egoodwill.sk\/aktuality\/spravy\/politolog-matovic-sa-s-ludmi-pohrava-a-dava-tajomne-vyhlasenia-cielom-je-vzbudzovat-pozornost\/<\/a><br>\u2013 TheWorldNews.net:<br><a href=\"https:\/\/theworldnews.net\/sk-news\/politolog-matovic-sa-s-ludmi-pohrava-a-dava-tajomne-vyhlasenia-cielom-je-vzbudzovat-pozornost\" target=\"_blank\" rel=\"noopener\">https:\/\/theworldnews.net\/sk-news\/politolog-matovic-sa-s-ludmi-pohrava-a-dava-tajomne-vyhlasenia-cielom-je-vzbudzovat-pozornost<\/a><\/p>\n\n\n\n<p><strong>12. 9. 2020<br>Politol\u00f3g: Matovi\u010dove tajupln\u00e9 vyhl\u00e1senia s\u00fa na vzbudzovanie pozornosti<\/strong> \u2013 pre agent\u00faru SITA to uviedol Mgr. Tom\u00e1\u0161 Dvorsk\u00fd, PhD., z Katedry politol\u00f3gie Filozofickej fakulty UPJ\u0160 v Ko\u0161iciach<br>\u2013 Pravda.sk:<br><a href=\"https:\/\/spravy.pravda.sk\/domace\/clanok\/562726-politolog-matovicove-tajuplne-vyhlasenia-su-na-vzbudzovanie-pozornosti\/\" target=\"_blank\" rel=\"noopener\">https:\/\/spravy.pravda.sk\/domace\/clanok\/562726-politolog-matovicove-tajuplne-vyhlasenia-su-na-vzbudzovanie-pozornosti\/<\/a><br>\u2013 TheDailyBreakingNews.com:<br><a href=\"https:\/\/thedailybreakingnews.com\/european-union\/slovakia\/politolog-matovicove-tajuplne-vyhlasenia-su-na-vzbudzovanie-pozornosti-domace-spravy\/\" target=\"_blank\" rel=\"noopener\">https:\/\/thedailybreakingnews.com\/european-union\/slovakia\/politolog-matovicove-tajuplne-vyhlasenia-su-na-vzbudzovanie-pozornosti-domace-spravy\/<\/a><br>\u2013 TheWorldNews.net:<br><a href=\"https:\/\/theworldnews.net\/sk-news\/politolog-matovicove-tajuplne-vyhlasenia-su-na-vzbudzovanie-pozornosti\" target=\"_blank\" rel=\"noopener\">https:\/\/theworldnews.net\/sk-news\/politolog-matovicove-tajuplne-vyhlasenia-su-na-vzbudzovanie-pozornosti<\/a><\/p>\n\n\n\n<p><strong>12. 9. 2020<br>Politol\u00f3g si posvietil na komunik\u00e1ciu Matovi\u010da: Sna\u017e\u00ed sa o vzbudenie pozornosti!<\/strong> \u2013 pre agent\u00faru SITA to uviedol Mgr. Tom\u00e1\u0161 Dvorsk\u00fd, PhD., z Katedry politol\u00f3gie Filozofickej fakulty UPJ\u0160 v Ko\u0161iciach; \u010cas.sk (Nov\u00fd \u010cas)<br><a href=\"https:\/\/www.cas.sk\/clanok\/1025023\/politolog-si-posvietil-na-komunikaciu-matovica-snazi-sa-o-vzbudenie-pozornosti\/\" target=\"_blank\" rel=\"noopener\">https:\/\/www.cas.sk\/clanok\/1025023\/politolog-si-posvietil-na-komunikaciu-matovica-snazi-sa-o-vzbudenie-pozornosti\/<\/a><\/p>\n\n\n\n<p><strong>4. 9. 2020<br>Mari\u00e1n Mil\u010d\u00e1k: Hlas b\u00e1snika neprekri\u010d\u00ed tento hlu\u010dn\u00fd a bizarn\u00fd svet<\/strong> \u2013 jubilant doc. Mari\u00e1n Mil\u010d\u00e1k, PhD., p\u00f4sob\u00ed na Katedre slovakistiky, slovansk\u00fdch filol\u00f3gi\u00ed a komunik\u00e1cie Filozofickej fakulty UPJ\u0160 v Ko\u0161iciach, kde vyu\u010duje dejiny a te\u00f3riu slovenskej a svetovej literat\u00fary; Teraz.sk<br><a href=\"https:\/\/www.teraz.sk\/kultura\/marian-milcak-hlas-basnika-neprekri\/490752-clanok.html\" target=\"_blank\" rel=\"noopener\">https:\/\/www.teraz.sk\/kultura\/marian-milcak-hlas-basnika-neprekri\/490752-clanok.html<\/a><\/p>\n\n\n\n<p><strong>5. 8. 2020<br>Chyst\u00e1 Danko n\u00e1vrat?<\/strong> \u2013 s vyjadren\u00edm Mgr. Gabriela E\u0161toka, PhD., z Katedry politol\u00f3gie Filozofickej fakulty UPJ\u0160 v Ko\u0161iciach; T\u00fd\u017edenn\u00edk Koment<br><a href=\"http:\/\/www.tyzdennikkoment.sk\/chysta-danko-navrat\/\" target=\"_blank\" rel=\"noopener\">http:\/\/www.tyzdennikkoment.sk\/chysta-danko-navrat\/<\/a><\/p>\n\n\n\n<p><strong>2. 8. 2020<br>Poslanci schv\u00e1lili skoro v\u0161etky novely z\u00e1konov v skr\u00e1tenom konan\u00ed, \u010caputov\u00e1 vetovala tri<\/strong> \u2013 Mgr. J\u00e1n Ruman, PhD., z Katedry politol\u00f3gie Filozofickej fakulty UPJ\u0160 v Ko\u0161iciach zd\u00f4raz\u0148uje, \u017ee tento postup n\u00e1le\u017e\u00ed prezidentovi a je nevyhnutn\u00fd pre zachovanie demokracie<br>\u2013 WebNoviny.sk:<br><a href=\"https:\/\/www.webnoviny.sk\/poslanci-schvalili-skoro-vsetky-novely-zakonov-v-skratenom-konani-caputova-vetovala-tri\/\" target=\"_blank\" rel=\"noopener\">https:\/\/www.webnoviny.sk\/poslanci-schvalili-skoro-vsetky-novely-zakonov-v-skratenom-konani-caputova-vetovala-tri\/<\/a><br>\u2013 24 hod\u00edn \u2013 denn\u00edk pre v\u0161etk\u00fdch:<br><a href=\"https:\/\/www.24hod.sk\/poslanci-schvalili-skoro-vsetky-novely-zakonov-v-skratenom-konani-caputova-vetovala-tri-cl740602.html\" target=\"_blank\" rel=\"noopener\">https:\/\/www.24hod.sk\/poslanci-schvalili-skoro-vsetky-novely-zakonov-v-skratenom-konani-caputova-vetovala-tri-cl740602.html<\/a><br>\u2013 Financial Report:<br><a href=\"https:\/\/www.finreport.sk\/agenturne-spravy\/poslanci-schvalili-skoro-vsetky-novely-zakonov-v-skratenom-konani-caputova-vetovala-tri\/\" target=\"_blank\" rel=\"noopener\">https:\/\/www.finreport.sk\/agenturne-spravy\/poslanci-schvalili-skoro-vsetky-novely-zakonov-v-skratenom-konani-caputova-vetovala-tri\/<\/a><br>\u2013 Ekonomick\u00fdDenn\u00edk.sk:<br><a href=\"https:\/\/ekonomickydennik.sk\/poslanci-schvalili-skoro-vsetky-novely-zakonov-v-skratenom-konani-caputova-vetovala-tri\/\" target=\"_blank\" rel=\"noopener\">https:\/\/ekonomickydennik.sk\/poslanci-schvalili-skoro-vsetky-novely-zakonov-v-skratenom-konani-caputova-vetovala-tri\/<\/a><br>\u2013 Economics.sk:<br><a href=\"https:\/\/economics.sk\/ine-spravy\/spravy\/slovensko\/poslanci-schvalili-skoro-vsetky-novely-zakonov-v-skratenom-konani-caputova-vetovala-tri\/\" target=\"_blank\" rel=\"noopener\">https:\/\/economics.sk\/ine-spravy\/spravy\/slovensko\/poslanci-schvalili-skoro-vsetky-novely-zakonov-v-skratenom-konani-caputova-vetovala-tri\/<\/a><br>\u2013 EuroNovinky.eu:<br><a href=\"https:\/\/euronovinky.eu\/poslanci-schvalili-skoro-vsetky-novely-zakonov-v-skratenom-konani-caputova-vetovala-tri\/\" target=\"_blank\" rel=\"noopener\">https:\/\/euronovinky.eu\/poslanci-schvalili-skoro-vsetky-novely-zakonov-v-skratenom-konani-caputova-vetovala-tri\/<\/a><br>\u2013 TopNovinky.sk:<br><a href=\"https:\/\/www.tpn.sk\/article.php?id=40027\" target=\"_blank\" rel=\"noopener\">https:\/\/www.tpn.sk\/article.php?id=40027<\/a><br>\u2013 InfoRaj.sk:<br><a href=\"https:\/\/inforaj.sk\/poslanci-schvalili-skoro-vsetky-novely-zakonov-v-skratenom-konani-caputova-vetovala-tri\/\" target=\"_blank\" rel=\"noopener\">https:\/\/inforaj.sk\/poslanci-schvalili-skoro-vsetky-novely-zakonov-v-skratenom-konani-caputova-vetovala-tri\/<\/a><br>\u2013 Slovak.Press:<br><a href=\"https:\/\/slovak.press\/spravy\/poslanci-schvalili-skoro-vsetky-novely-zakonov-v-skratenom-konani-caputova-vetovala-tri\/\" target=\"_blank\" rel=\"noopener\">https:\/\/slovak.press\/spravy\/poslanci-schvalili-skoro-vsetky-novely-zakonov-v-skratenom-konani-caputova-vetovala-tri\/<\/a><br>\u2013 Aktualizovan\u00e9.sk:<br><a href=\"https:\/\/aktualizovane.sk\/poslanci-schvalili-skoro-vsetky-novely-zakonov-v-skratenom-konani-caputova-vetovala-tri\/\" target=\"_blank\" rel=\"noopener\">https:\/\/aktualizovane.sk\/poslanci-schvalili-skoro-vsetky-novely-zakonov-v-skratenom-konani-caputova-vetovala-tri\/<\/a><br>\u2013 eGoodWill:<br><a href=\"https:\/\/egoodwill.sk\/aktuality\/spravy\/poslanci-schvalili-skoro-vsetky-novely-zakonov-v-skratenom-konani-caputova-vetovala-tri\/\" target=\"_blank\" rel=\"noopener\">https:\/\/egoodwill.sk\/aktuality\/spravy\/poslanci-schvalili-skoro-vsetky-novely-zakonov-v-skratenom-konani-caputova-vetovala-tri\/<\/a><br>\u2013 The World News:<br><a href=\"https:\/\/theworldnews.net\/sk-news\/poslanci-schvalili-skoro-vsetky-novely-zakonov-v-skratenom-konani-caputova-vetovala-tri\" target=\"_blank\" rel=\"noopener\">https:\/\/theworldnews.net\/sk-news\/poslanci-schvalili-skoro-vsetky-novely-zakonov-v-skratenom-konani-caputova-vetovala-tri<\/a><br>\u2013 \u0160portDnes.sk:<br><a href=\"https:\/\/www.sportdnes.sk\/slovensko\/poslanci-schvalili-skoro-vsetky-novely-zakonov-v-skratenom-konani-caputova-vetovala-tri\/\" target=\"_blank\" rel=\"noopener\">https:\/\/www.sportdnes.sk\/slovensko\/poslanci-schvalili-skoro-vsetky-novely-zakonov-v-skratenom-konani-caputova-vetovala-tri\/<\/a><br>\u2013 Noviny.sk:<br><a href=\"https:\/\/www.noviny.sk\/546235-poslanci-doteraz-prijali-43-noviel-zakonov-prezidentka-vetovala-tri-z-nich\" target=\"_blank\" rel=\"noopener\">https:\/\/www.noviny.sk\/546235-poslanci-doteraz-prijali-43-noviel-zakonov-prezidentka-vetovala-tri-z-nich<\/a><\/p>\n\n\n\n<p><strong>1. 8. 2020<br>Politol\u00f3g E\u0161tok: \u0160ancu na n\u00e1vrat SNS do parlamentu m\u00f4\u017ee pochova\u0165 Danko, ale aj Hrnko<\/strong> \u2013 pre agent\u00faru SITA to uviedol Mgr. Gabriel E\u0161tok, PhD., z Katedry politol\u00f3gie Filozofickej fakulty UPJ\u0160 v Ko\u0161iciach<br>\u2013 WebNoviny.sk:<br><a href=\"https:\/\/www.webnoviny.sk\/politolog-estok-sancu-na-navrat-sns-do-parlamentu-moze-pochovat-danko-ale-aj-hrnko\/\" target=\"_blank\" rel=\"noopener\">https:\/\/www.webnoviny.sk\/politolog-estok-sancu-na-navrat-sns-do-parlamentu-moze-pochovat-danko-ale-aj-hrnko\/<\/a><br>\u2013 24 hod\u00edn \u2013 denn\u00edk pre v\u0161etk\u00fdch:<br><a href=\"https:\/\/www.24hod.sk\/politolog-estok-sancu-na-navrat-sns-do-parlamentu-moze-pochovat-danko-ale-aj-hrnko-cl740546.html\" target=\"_blank\" rel=\"noopener\">https:\/\/www.24hod.sk\/politolog-estok-sancu-na-navrat-sns-do-parlamentu-moze-pochovat-danko-ale-aj-hrnko-cl740546.html<\/a><br>\u2013 Aktualizovan\u00e9.sk:<br><a href=\"https:\/\/aktualizovane.sk\/politolog-estok-sancu-na-navrat-sns-do-parlamentu-moze-pochovat-danko-ale-aj-hrnko\/\" target=\"_blank\" rel=\"noopener\">https:\/\/aktualizovane.sk\/politolog-estok-sancu-na-navrat-sns-do-parlamentu-moze-pochovat-danko-ale-aj-hrnko\/<\/a><br>\u2013 Financial Report:<br><a href=\"https:\/\/www.finreport.sk\/agenturne-spravy\/politolog-estok-sancu-na-navrat-sns-do-parlamentu-moze-pochovat-danko-ale-aj-hrnko\/\" target=\"_blank\" rel=\"noopener\">https:\/\/www.finreport.sk\/agenturne-spravy\/politolog-estok-sancu-na-navrat-sns-do-parlamentu-moze-pochovat-danko-ale-aj-hrnko\/<\/a><br>\u2013 InfoZ\u00f3na.sk:<br><a href=\"https:\/\/infozona.sk\/politolog-estok-sancu-na-navrat-sns-do-parlamentu-moze-pochovat-danko-ale-aj-hrnko\/\" target=\"_blank\" rel=\"noopener\">https:\/\/infozona.sk\/politolog-estok-sancu-na-navrat-sns-do-parlamentu-moze-pochovat-danko-ale-aj-hrnko\/<\/a><br>\u2013 Pozri.sk:<br><a href=\"https:\/\/spravy.pozri.sk\/clanok\/politolog-estok-sancu-na-navrat-sns-do-parlamentu-moze-pochovat-danko-ale-aj-hrnko\/1517134\" target=\"_blank\" rel=\"noopener\">https:\/\/spravy.pozri.sk\/clanok\/politolog-estok-sancu-na-navrat-sns-do-parlamentu-moze-pochovat-danko-ale-aj-hrnko\/1517134<\/a><br>\u2013 The World News:<br><a href=\"https:\/\/theworldnews.net\/sk-news\/politolog-estok-sancu-na-navrat-sns-do-parlamentu-moze-pochovat-danko-ale-aj-hrnko\" target=\"_blank\" rel=\"noopener\">https:\/\/theworldnews.net\/sk-news\/politolog-estok-sancu-na-navrat-sns-do-parlamentu-moze-pochovat-danko-ale-aj-hrnko<\/a><br>\u2013 \u0160portDnes.sk:<br><a href=\"https:\/\/www.sportdnes.sk\/slovensko\/politolog-estok-sancu-na-navrat-sns-do-parlamentu-moze-pochovat-danko-ale-aj-hrnko\/\" target=\"_blank\" rel=\"noopener\">https:\/\/www.sportdnes.sk\/slovensko\/politolog-estok-sancu-na-navrat-sns-do-parlamentu-moze-pochovat-danko-ale-aj-hrnko\/<\/a><\/p>\n\n\n\n<p><strong>31. 7. 2020<br>Politol\u00f3g o mo\u017enom n\u00e1vrate Danka do \u010dela SNS<\/strong> \u2013 \u00faplne by pochoval \u0161ance Slovenskej n\u00e1rodnej strany na n\u00e1vrat do parlamentu \u2013 mysl\u00ed si Mgr. Gabriel E\u0161tok, PhD., z Katedry politol\u00f3gie Filozofickej fakulty UPJ\u0160 v Ko\u0161iciach<br>\u2013 \u010cas.sk:<br><a href=\"https:\/\/www.cas.sk\/clanok\/1009360\/politolog-o-moznom-navrate-danka-do-cela-sns-uf-toto-exsefa-narodniarov-zaboli\/\" target=\"_blank\" rel=\"noopener\">https:\/\/www.cas.sk\/clanok\/1009360\/politolog-o-moznom-navrate-danka-do-cela-sns-uf-toto-exsefa-narodniarov-zaboli\/<\/a><br>\u2013 Noviny.sk:<br><a href=\"https:\/\/www.noviny.sk\/546022-politolog-navrat-danka-do-cela-sns-by-pochoval-sance-quot-strany-na-vstup-do-parlamentu-tvrdi-estok\" target=\"_blank\" rel=\"noopener\">https:\/\/www.noviny.sk\/546022-politolog-navrat-danka-do-cela-sns-by-pochoval-sance-quot-strany-na-vstup-do-parlamentu-tvrdi-estok<\/a><\/p>\n\n\n\n<p><strong>26. 7. 2020<br>\u0160tef\u00e1nik: Chlapec, ktor\u00fd odi\u0161iel do sveta a presadil sa<\/strong> \u2013 jeho pr\u00edbeh je mimoriadne in\u0161pirat\u00edvny, hovor\u00ed historik prof. PaedDr. Martin Pek\u00e1r, PhD., ved\u00faci Katedry hist\u00f3rie Filozofickej fakulty UPJ\u0160 v Ko\u0161iciach; Korz\u00e1r.SME.sk (+ Ko\u0161ick\u00fd ve\u010der, 24. 7. 2020)<br><a href=\"https:\/\/kosice.korzar.sme.sk\/c\/22452151\/stefanik-chlapec-ktory-odisiel-do-sveta-a-presadil-sa.html\" target=\"_blank\" rel=\"noopener\">https:\/\/kosice.korzar.sme.sk\/c\/22452151\/stefanik-chlapec-ktory-odisiel-do-sveta-a-presadil-sa.html<\/a><\/p>\n\n\n\n<p><strong>22. 7. 2020<br>Historik M. Pek\u00e1r: V z\u00e1pase o spolo\u010dn\u00fd \u0161t\u00e1t je \u0160tef\u00e1nik nedocenen\u00fd<\/strong> \u2013 ved\u00faci Katedry hist\u00f3rie Filozofickej fakulty UPJ\u0160 v Ko\u0161iciach prof. PaedDr. Martin Pek\u00e1r, PhD., v s\u00favislosti so 140. v\u00fdro\u010d\u00edm narodenia Milana Rastislava \u0160tef\u00e1nika<br>\u2013 Tla\u010dov\u00e1 agent\u00fara Slovenskej republiky (TASR):<br><a href=\"https:\/\/www.tasr.sk\/tasr-clanok\/TASR:20200722TBB00273\" target=\"_blank\" rel=\"noopener\">https:\/\/www.tasr.sk\/tasr-clanok\/TASR:20200722TBB00273<\/a><br>\u2013 Teraz.sk:<br><a href=\"https:\/\/www.teraz.sk\/slovensko\/v-zapase-o-spolocny-stat-je-stefa\/482208-clanok.html\" target=\"_blank\" rel=\"noopener\">https:\/\/www.teraz.sk\/slovensko\/v-zapase-o-spolocny-stat-je-stefa\/482208-clanok.html<\/a><br>\u2013 Dnes 24:<br><a href=\"https:\/\/www.dnes24.sk\/rychle-spravy\/stefanik-v-zapase-o-spolocny-stat-je-nedoceneny-tvrdi-historik-upjs-m-pekar-107467\" target=\"_blank\" rel=\"noopener\">https:\/\/www.dnes24.sk\/rychle-spravy\/stefanik-v-zapase-o-spolocny-stat-je-nedoceneny-tvrdi-historik-upjs-m-pekar-107467<\/a><br>\u2013 The World News:<br><a href=\"https:\/\/theworldnews.net\/sk-news\/historik-m-pekar-v-zapase-o-spolocny-stat-je-stefanik-nedoceneny\" target=\"_blank\" rel=\"noopener\">https:\/\/theworldnews.net\/sk-news\/historik-m-pekar-v-zapase-o-spolocny-stat-je-stefanik-nedoceneny<\/a><\/p>\n\n\n\n<p><strong>21. 7. 2020<br>Milan Rastislav \u0160tef\u00e1nik je pre slovensk\u00fa spolo\u010dnos\u0165 jedn\u00fdm z n\u00e1rodn\u00fdch symbolov<\/strong> \u2013 ved\u00faci Katedry hist\u00f3rie Filozofickej fakulty UPJ\u0160 v Ko\u0161iciach prof. PaedDr. Martin Pek\u00e1r, PhD., o v\u00fdzname M. R. \u0160tef\u00e1nika v slovensk\u00fdch dejin\u00e1ch; \u0160kolsk\u00e9.sk<br><a href=\"https:\/\/skolske.sk\/clanok\/53787\/milan-rastislav-stefanik-je-pre-slovensku-spolocnost-jednym-z-narodnych-symbolov\" target=\"_blank\" rel=\"noopener\">https:\/\/skolske.sk\/clanok\/53787\/milan-rastislav-stefanik-je-pre-slovensku-spolocnost-jednym-z-narodnych-symbolov<\/a><\/p>\n\n\n\n<p><strong>8. 7. 2020<br>Ni\u010denie s\u00f4ch a v\u00e1\u0161niv\u00e9 diskusie sa nevyhli ani Slovensku<\/strong> \u2013 populariza\u010dn\u00fd \u010dl\u00e1nok Mgr. Patr\u00edcie Fogelovej z Katedry hist\u00f3rie Filozofickej fakulty UPJ\u0160 v Ko\u0161iciach; HistoryWeb \u2013 Denn\u00edk N<br><a href=\"https:\/\/historyweb.dennikn.sk\/clanky\/detail\/nicenie-soch-a-vasnive-diskusie-sa-nevyhli-ani-slovensku\" target=\"_blank\" rel=\"noopener\">https:\/\/historyweb.dennikn.sk\/clanky\/detail\/nicenie-soch-a-vasnive-diskusie-sa-nevyhli-ani-slovensku<\/a><\/p>\n\n\n\n<p><strong>7. 7. 2020<br>Ako a pre\u010do rozv\u00edja\u0165 \u010d\u00edtanie s porozumen\u00edm?<\/strong> \u2013 rozhovor s doc. PhDr. Be\u00e1tou R\u00e1czovou, PhD., z Katedry psychol\u00f3gie Filozofickej fakulty UPJ\u0160 v Ko\u0161iciach o tom, ako m\u00f4\u017eeme od \u00fatleho veku rozv\u00edja\u0165 \u010d\u00edtanie s porozumen\u00edm; TAKTIK vydavate\u013estvo<br><a href=\"https:\/\/www.youtube.com\/watch?v=pz0OMfC-6Xc\" target=\"_blank\" rel=\"noopener\">https:\/\/www.youtube.com\/watch?v=pz0OMfC-6Xc<\/a><\/p>\n\n\n\n<p><strong>1. 7. 2020<br>Jazykov\u00e9 okienko: Influencer<\/strong> \u2013 o anglicizme \u201einfluencer\u201c hovor\u00ed jazykovedky\u0148a doc. PhDr. Marianna Sedl\u00e1kov\u00e1, PhD., ved\u00faca Katedry slovakistiky, slovansk\u00fdch filol\u00f3gi\u00ed a komunik\u00e1cie Filozofickej fakulty UPJ\u0160 v Ko\u0161iciach; R\u00e1dio Regina V\u00fdchod (RTVS)<br><a href=\"https:\/\/reginavychod.rtvs.sk\/clanky\/zivotny-styl\/228643\/jazykove-okienko-influencer\" target=\"_blank\" rel=\"noopener\">https:\/\/reginavychod.rtvs.sk\/clanky\/zivotny-styl\/228643\/jazykove-okienko-influencer<\/a><\/p>\n\n\n\n<p><strong>27. 6. 2020<br>Premi\u00e9r Matovi\u010d u\u017e nie je opozi\u010dn\u00fd politik a mal by to pochopi\u0165, hodnot\u00ed politol\u00f3g 100 dn\u00ed jeho vl\u00e1dy<\/strong> \u2013 pre agent\u00faru SITA sa vyjadril Mgr. Gabriel E\u0161tok, PhD., z Katedry politol\u00f3gie Filozofickej fakulty UPJ\u0160 v&nbsp;Ko\u0161iciach<br>\u2013 WebNoviny.sk:<br><a href=\"https:\/\/www.webnoviny.sk\/premier-matovic-uz-nie-je-opozicny-politik-a-mal-by-to-pochopit-hodnoti-politolog-100-dni-jeho-vlady\/\" target=\"_blank\" rel=\"noopener\">https:\/\/www.webnoviny.sk\/premier-matovic-uz-nie-je-opozicny-politik-a-mal-by-to-pochopit-hodnoti-politolog-100-dni-jeho-vlady\/<\/a><br>\u2013 Financial Report:<br><a href=\"https:\/\/www.finreport.sk\/agenturne-spravy\/premier-matovic-uz-nie-je-opozicny-politik-a-mal-by-to-pochopit-hodnoti-politolog-100-dni-jeho-vlady\/\" target=\"_blank\" rel=\"noopener\">https:\/\/www.finreport.sk\/agenturne-spravy\/premier-matovic-uz-nie-je-opozicny-politik-a-mal-by-to-pochopit-hodnoti-politolog-100-dni-jeho-vlady\/<\/a><br>\u2013 24 hod\u00edn \u2013 denn\u00edk pre v\u0161etk\u00fdch:<br><a href=\"https:\/\/www.24hod.sk\/premier-matovic-uz-nie-je-opozicny-politik-a-mal-by-to-pochopit-hodnoti-politolog-100-dni-jeho-vlady-cl739034.html\" target=\"_blank\" rel=\"noopener\">https:\/\/www.24hod.sk\/premier-matovic-uz-nie-je-opozicny-politik-a-mal-by-to-pochopit-hodnoti-politolog-100-dni-jeho-vlady-cl739034.html<\/a><br>\u2013 Aktualizovan\u00e9.sk:<br><a href=\"https:\/\/aktualizovane.sk\/premier-matovic-uz-nie-je-opozicny-politik-a-mal-by-to-pochopit-hodnoti-politolog-100-dni-jeho-vlady\/\" target=\"_blank\" rel=\"noopener\">https:\/\/aktualizovane.sk\/premier-matovic-uz-nie-je-opozicny-politik-a-mal-by-to-pochopit-hodnoti-politolog-100-dni-jeho-vlady\/<\/a><br>\u2013 eGoodWill:<br><a href=\"https:\/\/egoodwill.sk\/aktuality\/spravy\/premier-matovic-uz-nie-je-opozicny-politik-a-mal-by-to-pochopit-hodnoti-politolog-100-dni-jeho-vlady\/\" target=\"_blank\" rel=\"noopener\">https:\/\/egoodwill.sk\/aktuality\/spravy\/premier-matovic-uz-nie-je-opozicny-politik-a-mal-by-to-pochopit-hodnoti-politolog-100-dni-jeho-vlady\/<\/a><br>\u2013 \u0160portDnes.sk:<br><a href=\"https:\/\/www.sportdnes.sk\/slovensko\/premier-matovic-uz-nie-je-opozicny-politik-a-mal-by-to-pochopit-hodnoti-politolog-100-dni-jeho\/\" target=\"_blank\" rel=\"noopener\">https:\/\/www.sportdnes.sk\/slovensko\/premier-matovic-uz-nie-je-opozicny-politik-a-mal-by-to-pochopit-hodnoti-politolog-100-dni-jeho\/<\/a><br>\u2013 Pozri.sk:<br><a href=\"https:\/\/spravy.pozri.sk\/clanok\/premier-matovic-uz-nie-je-opozicny-politik-a-mal-by-to-pochopit-hodnoti-politolog-100-dni-jeho-vlady\/1515734\" target=\"_blank\" rel=\"noopener\">https:\/\/spravy.pozri.sk\/clanok\/premier-matovic-uz-nie-je-opozicny-politik-a-mal-by-to-pochopit-hodnoti-politolog-100-dni-jeho-vlady\/1515734<\/a><br>\u2013 The World News:<br><a href=\"https:\/\/theworldnews.net\/sk-news\/premier-matovic-uz-nie-je-opozicny-politik-a-mal-by-to-pochopit-hodnoti-politolog-100-dni-jeho-vlady\" target=\"_blank\" rel=\"noopener\">https:\/\/theworldnews.net\/sk-news\/premier-matovic-uz-nie-je-opozicny-politik-a-mal-by-to-pochopit-hodnoti-politolog-100-dni-jeho-vlady<\/a><\/p>\n\n\n\n<p><strong>26. 6. 2020<br>Jazykovedci z Filozofickej fakulty UPJ\u0160 za\u017e\u00edvaj\u00fa medzin\u00e1rodn\u00fd \u00faspech<\/strong> \u2013 \u010dlenovia \u0161pi\u010dkov\u00e9ho t\u00edmu Onomaziol\u00f3gia \u2013 slovotvorba \u2013 typol\u00f3gia vydali dve editovan\u00e9 publik\u00e1cie v prest\u00ed\u017enych zahrani\u010dn\u00fdch vydavate\u013estv\u00e1ch.; \u0160kolsk\u00e9.sk<br><a href=\"https:\/\/www.skolske.sk\/clanok\/53670\/jazykovedci-z-filozofickej-fakulty-upjs-zazivaju-medzinarodny-uspech\" target=\"_blank\" rel=\"noopener\">https:\/\/www.skolske.sk\/clanok\/53670\/jazykovedci-z-filozofickej-fakulty-upjs-zazivaju-medzinarodny-uspech<\/a><\/p>\n\n\n\n<p><strong>16. 6. 2020<br>Jazykov\u00e9 okienko: Pendler<\/strong> \u2013 spr\u00e1vne pou\u017e\u00edvanie slova vysvet\u013euje jazykovedky\u0148a doc. PhDr. Marianna Sedl\u00e1kov\u00e1, PhD., ved\u00faca Katedry slovakistiky, slovansk\u00fdch filol\u00f3gi\u00ed a komunik\u00e1cie Filozofickej fakulty UPJ\u0160 v Ko\u0161iciach; R\u00e1dio Regina V\u00fdchod (RTVS)<br><a href=\"https:\/\/reginavychod.rtvs.sk\/clanky\/zivotny-styl\/227386\/jazykove-okienko-pendler\" target=\"_blank\" rel=\"noopener\">https:\/\/reginavychod.rtvs.sk\/clanky\/zivotny-styl\/227386\/jazykove-okienko-pendler<\/a><\/p>\n\n\n\n<p><strong>13. 6. 2020<br>Matovi\u010d urobil v Ma\u010farsku gesto k dobr\u00fdm vz\u0165ahom, politol\u00f3g si v\u0161imol aj rozpory<\/strong> \u2013 pre agent\u00faru SITA sa vyjadril Mgr. Gabriel E\u0161tok, PhD., z Katedry politol\u00f3gie Filozofickej fakulty UPJ\u0160 v Ko\u0161iciach<br>\u2013 WebNoviny.sk:<br><a href=\"https:\/\/www.webnoviny.sk\/matovic-urobil-v-madarsku-gesto-k-dobrym-vztahom-politolog-si-vsimol-aj-rozpory\/\" target=\"_blank\" rel=\"noopener\">https:\/\/www.webnoviny.sk\/matovic-urobil-v-madarsku-gesto-k-dobrym-vztahom-politolog-si-vsimol-aj-rozpory\/<\/a><br>\u2013 Financial Report:<br><a href=\"https:\/\/www.finreport.sk\/agenturne-spravy\/matovic-urobil-v-madarsku-gesto-k-dobrym-vztahom-politolog-si-vsimol-aj-rozpory\/\" target=\"_blank\" rel=\"noopener\">https:\/\/www.finreport.sk\/agenturne-spravy\/matovic-urobil-v-madarsku-gesto-k-dobrym-vztahom-politolog-si-vsimol-aj-rozpory\/<\/a><br>\u2013 Aktualizovan\u00e9.sk:<br><a href=\"https:\/\/aktualizovane.sk\/matovic-urobil-v-madarsku-gesto-k-dobrym-vztahom-politolog-si-vsimol-aj-rozpory\/\" target=\"_blank\" rel=\"noopener\">https:\/\/aktualizovane.sk\/matovic-urobil-v-madarsku-gesto-k-dobrym-vztahom-politolog-si-vsimol-aj-rozpory\/<\/a><br>\u2013 24 hod\u00edn \u2013 denn\u00edk pre v\u0161etk\u00fdch:<br><a href=\"https:\/\/www.24hod.sk\/matovic-urobil-v-madarsku-gesto-k-dobrym-vztahom-politolog-si-vsimol-aj-rozpory-cl738395.html\" target=\"_blank\" rel=\"noopener\">https:\/\/www.24hod.sk\/matovic-urobil-v-madarsku-gesto-k-dobrym-vztahom-politolog-si-vsimol-aj-rozpory-cl738395.html<\/a><br>\u2013 eGoodWill:<br><a href=\"https:\/\/egoodwill.sk\/aktuality\/spravy\/matovic-urobil-v-madarsku-gesto-k-dobrym-vztahom-politolog-si-vsimol-aj-rozpory\/\" target=\"_blank\" rel=\"noopener\">https:\/\/egoodwill.sk\/aktuality\/spravy\/matovic-urobil-v-madarsku-gesto-k-dobrym-vztahom-politolog-si-vsimol-aj-rozpory\/<\/a><br>\u2013 The World News:<br><a href=\"https:\/\/theworldnews.net\/sk-news\/matovic-urobil-v-madarsku-gesto-k-dobrym-vztahom-politolog-si-vsimol-aj-rozpory\" target=\"_blank\" rel=\"noopener\">https:\/\/theworldnews.net\/sk-news\/matovic-urobil-v-madarsku-gesto-k-dobrym-vztahom-politolog-si-vsimol-aj-rozpory<\/a><br>\u2013 \u0160portDnes.sk:<br><a href=\"https:\/\/www.sportdnes.sk\/slovensko\/matovic-urobil-v-madarsku-gesto-k-dobrym-vztahom-politolog-si-vsimol-aj-rozpory\/\" target=\"_blank\" rel=\"noopener\">https:\/\/www.sportdnes.sk\/slovensko\/matovic-urobil-v-madarsku-gesto-k-dobrym-vztahom-politolog-si-vsimol-aj-rozpory\/<\/a><br>\u2013 InfoZ\u00f3na.sk:<br><a href=\"https:\/\/infozona.sk\/amp\/matovic-urobil-v-madarsku-gesto-k-dobrym-vztahom-politolog-si-vsimol-aj-rozpory\/\" target=\"_blank\" rel=\"noopener\">https:\/\/infozona.sk\/amp\/matovic-urobil-v-madarsku-gesto-k-dobrym-vztahom-politolog-si-vsimol-aj-rozpory\/<\/a><br>\u2013 Pozri.sk:<br><a href=\"https:\/\/spravy.pozri.sk\/clanok\/matovic-urobil-v-madarsku-gesto-k-dobrym-vztahom-politolog-si-vsimol-aj-rozpory\/1515166\" target=\"_blank\" rel=\"noopener\">https:\/\/spravy.pozri.sk\/clanok\/matovic-urobil-v-madarsku-gesto-k-dobrym-vztahom-politolog-si-vsimol-aj-rozpory\/1515166<\/a><\/p>\n\n\n\n<p><strong>11. 6. 2020<br>Protesty v USA<\/strong> \u2013 rozhlasov\u00fd pr\u00edspevok o d\u00f4vodoch protestov po vra\u017ede Georgea Floyda v USA \u2013 s vyjadreniami Mgr. Martiny Martausovej, PhD., a Mgr. J\u00faliusa Rozenfelda, PhD., z Katedry anglistiky a amerikanistiky Filozofickej fakulty UPJ\u0160 v Ko\u0161iciach; R\u00e1dio Slovensko (RTVS)<br><a href=\"https:\/\/slovensko.rtvs.sk\/clanky\/spolocnost\/227077\/protesty-v-usa\" target=\"_blank\" rel=\"noopener\">https:\/\/slovensko.rtvs.sk\/clanky\/spolocnost\/227077\/protesty-v-usa<\/a><\/p>\n\n\n\n<p><strong>4. 6. 2020<br>SK DEJINY. Slov\u00e1ci a Ma\u010fari: Trianon a jeho dedi\u010dstvo<\/strong> \u2013 hos\u0165om diskusnej rel\u00e1cie bol aj prof. PaedDr. \u0160tefan \u0160utaj, DrSc., z Katedry hist\u00f3rie Filozofickej fakulty UPJ\u0160 v Ko\u0161iciach; Dvojka (RTVS)<br><a href=\"https:\/\/www.rtvs.sk\/televizia\/archiv\/14144\/229671\" target=\"_blank\" rel=\"noopener\">https:\/\/www.rtvs.sk\/televizia\/archiv\/14144\/229671<\/a><\/p>\n\n\n\n<p><strong>4. 6. 2020<br>Sto rokov od Trianonu&#8230;<\/strong> \u2013 podpis Trianonskej zmluvy dodnes rozde\u013euje historikov v Ma\u010farsku a na Slovensku \u2013 d\u00f4vody vysvet\u013euje prof. PaedDr. \u0160tefan \u0160utaj, DrSc., z Katedry hist\u00f3rie Filozofickej fakulty UPJ\u0160 v Ko\u0161iciach; Ko\u0161iceDnes.sk<br><a href=\"https:\/\/kosicednes.sk\/historia\/sto-rokov-od-trianonu\/\" target=\"_blank\" rel=\"noopener\">https:\/\/kosicednes.sk\/historia\/sto-rokov-od-trianonu\/<\/a><\/p>\n\n\n\n<p><strong>4. 6. 2020<br>100 rokov od Trianonskej zmluvy. Pre\u010do ju Slov\u00e1ci a Ma\u010fari vn\u00edmaj\u00fa rozdielne?<\/strong> \u2013 vysvet\u013euje prof. PaedDr. \u0160tefan \u0160utaj, DrSc., z Katedry hist\u00f3rie Filozofickej fakulty UPJ\u0160 v Ko\u0161iciach; Veda na dosah<br><a href=\"https:\/\/vedanadosah.cvtisr.sk\/100-rokov-od-trianonskej-zmluvy-preco-ju-slovaci-a-madari-vnimaju-rozdielne\" target=\"_blank\" rel=\"noopener\">https:\/\/vedanadosah.cvtisr.sk\/100-rokov-od-trianonskej-zmluvy-preco-ju-slovaci-a-madari-vnimaju-rozdielne<\/a><\/p>\n\n\n\n<p><strong>1. 6. 2020<br>Regina: Obr\u00e1zkov\u00e9 knihy nielen pre deti<\/strong> (14:13 \u2013 20:35) \u2013 hovorila o nich liter\u00e1rna vedky\u0148a Mgr. Mark\u00e9ta Andri\u010d\u00edkov\u00e1, PhD., z Katedry slovakistiky, slovansk\u00fdch filol\u00f3gi\u00ed a komunik\u00e1cie Filozofickej fakulty UPJ\u0160 v Ko\u0161iciach; Dvojka (RTVS)<br><a href=\"https:\/\/www.rtvs.sk\/televizia\/archiv\/14356\/229502\" target=\"_blank\" rel=\"noopener\">https:\/\/www.rtvs.sk\/televizia\/archiv\/14356\/229502<\/a><\/p>\n\n\n\n<p><strong>30. 5. 2020<br>Koal\u00edcia by sa nezlomila, ak by Podmanick\u00fd vst\u00fapil do klubu Sme rodina, mysl\u00ed si politol\u00f3g E\u0161tok<\/strong> \u2013 k dianiu okolo b\u00fdval\u00e9ho poslanca opozi\u010dnej strany Smer-SD J\u00e1na Podmanick\u00e9ho sa pre agent\u00faru SITA vyjadril Mgr. Gabriel E\u0161tok, PhD., z Katedry politol\u00f3gie Filozofickej fakulty UPJ\u0160 v&nbsp;Ko\u0161iciach<br>\u2013 WebNoviny.sk:<br><a href=\"https:\/\/www.webnoviny.sk\/koalicia-by-sa-nezlomila-ak-by-podmanicky-vstupil-do-klubu-sme-rodina-mysli-si-politolog-estok\/\" target=\"_blank\" rel=\"noopener\">https:\/\/www.webnoviny.sk\/koalicia-by-sa-nezlomila-ak-by-podmanicky-vstupil-do-klubu-sme-rodina-mysli-si-politolog-estok\/<\/a><br>\u2013 .t\u00fd\u017ede\u0148:<br><a href=\"https:\/\/www.tyzden.sk\/politika\/65199\/vstup-podmanickeho-do-klubu-sme-rodina-by-koaliciu-nezlomil-tvrdi-politolog\/\" target=\"_blank\" rel=\"noopener\">https:\/\/www.tyzden.sk\/politika\/65199\/vstup-podmanickeho-do-klubu-sme-rodina-by-koaliciu-nezlomil-tvrdi-politolog\/<\/a><br>\u2013 Financial Report:<br><a href=\"https:\/\/www.finreport.sk\/agenturne-spravy\/koalicia-by-sa-nezlomila-ak-by-podmanicky-vstupil-do-klubu-sme-rodina-mysli-si-politolog-estok\/\" target=\"_blank\" rel=\"noopener\">https:\/\/www.finreport.sk\/agenturne-spravy\/koalicia-by-sa-nezlomila-ak-by-podmanicky-vstupil-do-klubu-sme-rodina-mysli-si-politolog-estok\/<\/a><br>\u2013 Ekonomick\u00fdDenn\u00edk.sk:<br><a href=\"https:\/\/ekonomickydennik.sk\/koalicia-by-sa-nezlomila-ak-by-podmanicky-vstupil-do-klubu-sme-rodina-mysli-si-politolog-estok\/\" target=\"_blank\" rel=\"noopener\">https:\/\/ekonomickydennik.sk\/koalicia-by-sa-nezlomila-ak-by-podmanicky-vstupil-do-klubu-sme-rodina-mysli-si-politolog-estok\/<\/a><br>\u2013 24 hod\u00edn \u2013 denn\u00edk pre v\u0161etk\u00fdch:<br><a href=\"https:\/\/www.24hod.sk\/koalicia-by-sa-nezlomila-ak-by-podmanicky-vstupil-do-klubu-sme-rodina-mysli-si-politolog-estok-cl737797.html\" target=\"_blank\" rel=\"noopener\">https:\/\/www.24hod.sk\/koalicia-by-sa-nezlomila-ak-by-podmanicky-vstupil-do-klubu-sme-rodina-mysli-si-politolog-estok-cl737797.html<\/a><br>\u2013 Aktualizovan\u00e9.sk:<br><a href=\"https:\/\/aktualizovane.sk\/koalicia-by-sa-nezlomila-ak-by-podmanicky-vstupil-do-klubu-sme-rodina-mysli-si-politolog-estok\/\" target=\"_blank\" rel=\"noopener\">https:\/\/aktualizovane.sk\/koalicia-by-sa-nezlomila-ak-by-podmanicky-vstupil-do-klubu-sme-rodina-mysli-si-politolog-estok\/<\/a><br>\u2013 \u0160portDnes.sk:<br><a href=\"https:\/\/www.sportdnes.sk\/slovensko\/koalicia-by-sa-nezlomila-ak-by-podmanicky-vstupil-do-klubu-sme-rodina-mysli-si-politolog-estok\/\" target=\"_blank\" rel=\"noopener\">https:\/\/www.sportdnes.sk\/slovensko\/koalicia-by-sa-nezlomila-ak-by-podmanicky-vstupil-do-klubu-sme-rodina-mysli-si-politolog-estok\/<\/a><br>\u2013 The World News:<br><a href=\"https:\/\/theworldnews.net\/sk-news\/koalicia-by-sa-nezlomila-ak-by-podmanicky-vstupil-do-klubu-sme-rodina-mysli-si-politolog-estok\" target=\"_blank\" rel=\"noopener\">https:\/\/theworldnews.net\/sk-news\/koalicia-by-sa-nezlomila-ak-by-podmanicky-vstupil-do-klubu-sme-rodina-mysli-si-politolog-estok<\/a><br>\u2013 Pozri.sk:<br><a href=\"https:\/\/spravy.pozri.sk\/clanok\/koalicia-by-sa-nezlomila-ak-by-podmanicky-vstupil-do-klubu-sme-rodina-mysli-si-politolog-estok\/1514581\" target=\"_blank\" rel=\"noopener\">https:\/\/spravy.pozri.sk\/clanok\/koalicia-by-sa-nezlomila-ak-by-podmanicky-vstupil-do-klubu-sme-rodina-mysli-si-politolog-estok\/1514581<\/a><br>\u2013 eGoodWill:<br><a href=\"https:\/\/egoodwill.sk\/aktuality\/spravy\/koalicia-by-sa-nezlomila-ak-by-podmanicky-vstupil-do-klubu-sme-rodina-mysli-si-politolog-estok\/\" target=\"_blank\" rel=\"noopener\">https:\/\/egoodwill.sk\/aktuality\/spravy\/koalicia-by-sa-nezlomila-ak-by-podmanicky-vstupil-do-klubu-sme-rodina-mysli-si-politolog-estok\/<\/a><\/p>\n\n\n\n<p><strong>29. 5. 2020<br>\u0160. \u0160utaj: Pre Ma\u010farov znamen\u00e1 Trianon jednu z najtragickej\u0161\u00edch udalost\u00ed 20. storo\u010dia<\/strong> \u2013 prof. PaedDr. \u0160tefan \u0160utaj, DrSc., z Katedry hist\u00f3rie Filozofickej fakulty UPJ\u0160 v Ko\u0161iciach k 100. v\u00fdro\u010diu podpisu Trianonskej mierovej zmluvy; \u0160kolsk\u00e9.sk<br><a href=\"https:\/\/www.skolske.sk\/clanok\/53472\/s-sutaj-pre-madarov-znamena-trianon-jednu-z-najtragickejsich-udalosti-20-storocia\" target=\"_blank\" rel=\"noopener\">https:\/\/www.skolske.sk\/clanok\/53472\/s-sutaj-pre-madarov-znamena-trianon-jednu-z-najtragickejsich-udalosti-20-storocia<\/a><\/p>\n\n\n\n<p><strong>28. 5. 2020<br>SK DEJINY. Slov\u00e1ci a Ma\u010fari: Trianon<\/strong> \u2013 hos\u0165om diskusnej rel\u00e1cie bol aj prof. PaedDr. \u0160tefan \u0160utaj, DrSc., z Katedry hist\u00f3rie Filozofickej fakulty UPJ\u0160 v Ko\u0161iciach; Dvojka (RTVS)<br><a href=\"https:\/\/www.rtvs.sk\/televizia\/archiv\/14144\/228752\" target=\"_blank\" rel=\"noopener\">https:\/\/www.rtvs.sk\/televizia\/archiv\/14144\/228752<\/a><\/p>\n\n\n\n<p><strong>28. 5. 2020<br>Vysoko\u0161kol\u00e1\u010dky sa pand\u00e9mie ob\u00e1vaj\u00fa viac a s\u00fa disciplinovanej\u0161ie pri dodr\u017eiavan\u00ed opatren\u00ed ako ich spolu\u017eiaci<\/strong> \u2013 k v\u00fdskumn\u00fdm t\u00edmom z 25 kraj\u00edn sveta patr\u00ed aj vedeck\u00fd t\u00edm Katedry pedagogickej psychol\u00f3gie a psychol\u00f3gie zdravia Filozofickej fakulty UPJ\u0160 v Ko\u0161iciach \u2013 o prv\u00fdch v\u00fdsledkoch informuje dekanka FF UPJ\u0160 a ved\u00faca v\u00fdskumn\u00e9ho t\u00edmu prof. PhDr. O\u013ega Orosov\u00e1, CSc.; \u017densk\u00fdWeb.sk<br><a href=\"http:\/\/www.zenskyweb.sk\/clanok\/46688-prieskum-vysokoskolacky-sa-pandemie-obavaju-viac-su-disciplinovanejsie-pri-dodrziavani\" target=\"_blank\" rel=\"noopener\">http:\/\/www.zenskyweb.sk\/clanok\/46688-prieskum-vysokoskolacky-sa-pandemie-obavaju-viac-su-disciplinovanejsie-pri-dodrziavani<\/a><\/p>\n\n\n\n<p><strong>27. 5. 2020<br>\u0160tudenti UPJ\u0160 s\u00fa\u010das\u0165ou medzin\u00e1rodnej vedeckej \u0161t\u00fadie<\/strong> \u2013 v\u00fdskumn\u00fd t\u00edm Katedry pedagogickej psychol\u00f3gie a psychol\u00f3gie zdravia Filozofickej fakulty UPJ\u0160 v Ko\u0161iciach prezentuje prv\u00e9 v\u00fdsledkoch \u0161t\u00fadie medzin\u00e1rodn\u00e9ho konzorcia, zameranej na dopad pand\u00e9mie koronav\u00edrusu a ochorenia Covid-19 na \u017eivot vysoko\u0161kol\u00e1kov \u2013 informuje dekanka FF UPJ\u0160 a ved\u00faca v\u00fdskumn\u00e9ho t\u00edmu prof. PhDr. O\u013ega Orosov\u00e1, CSc.; \u0160kolsk\u00e9.sk<br><a href=\"https:\/\/www.skolske.sk\/clanok\/53454\/studenti-kosickej-univerzity-pavla-jozefa-safarika-sucastoumedzinarodnej-vedeckej-studie\" target=\"_blank\" rel=\"noopener\">https:\/\/www.skolske.sk\/clanok\/53454\/studenti-kosickej-univerzity-pavla-jozefa-safarika-sucastoumedzinarodnej-vedeckej-studie<\/a><\/p>\n\n\n\n<p><strong>26. 5. 2020<br>Vysoko\u0161kol\u00e1ci sa v s\u00favislosti s koronav\u00edrusom ob\u00e1vaj\u00fa viac o bl\u00edzkych ne\u017e o seba<\/strong> \u2013 vypl\u00fdva to z prv\u00fdch v\u00fdsledkov \u0161t\u00fadie medzin\u00e1rodn\u00e9ho konzorcia zameranej na vplyv pand\u00e9mie na \u017eivot vysoko\u0161kol\u00e1kov \u2013 za vedeck\u00fd t\u00edm Katedry pedagogickej psychol\u00f3gie a psychol\u00f3gie zdravia Filozofickej fakulty UPJ\u0160 v Ko\u0161iciach informovala dekanka FF UPJ\u0160 a ved\u00faca v\u00fdskumn\u00e9ho t\u00edmu prof. PhDr. O\u013ega Orosov\u00e1, CSc.<br>\u2013 Tla\u010dov\u00e1 agent\u00fara Slovenskej republiky (TASR):<br><a href=\"https:\/\/www.tasr.sk\/tasr-clanok\/TASR:20200526TBB00321\" target=\"_blank\" rel=\"noopener\">https:\/\/www.tasr.sk\/tasr-clanok\/TASR:20200526TBB00321<\/a><br>\u2013 Denn\u00edk N:<br><a href=\"https:\/\/dennikn.sk\/minuta\/1907916\/\" target=\"_blank\" rel=\"noopener\">https:\/\/dennikn.sk\/minuta\/1907916\/<\/a><br>\u2013 Dnes 24:<br><a href=\"https:\/\/www.dnes24.sk\/rychle-spravy\/vysokoskolaci-sa-podla-vedcov-obavaju-ze-koronavirusom-sa-nakazia-ich-blizki-90279\" target=\"_blank\" rel=\"noopener\">https:\/\/www.dnes24.sk\/rychle-spravy\/vysokoskolaci-sa-podla-vedcov-obavaju-ze-koronavirusom-sa-nakazia-ich-blizki-90279<\/a><br>\u2013 Teraz.sk:<br><a href=\"https:\/\/www.teraz.sk\/najnovsie\/vysokoskolaci-sa-podla-vedcov-obavaj\/469725-clanok.html\" target=\"_blank\" rel=\"noopener\">https:\/\/www.teraz.sk\/najnovsie\/vysokoskolaci-sa-podla-vedcov-obavaj\/469725-clanok.html<\/a><br>\u2013 Ko\u0161ice Dnes:<br><a href=\"https:\/\/kosicednes.sk\/zaujimavosti\/vysokoskolaci-sa-pod-vedcov-obavaju-ze-koronavirusom-sa-nakazia-ich-blizki\/\" target=\"_blank\" rel=\"noopener\">https:\/\/kosicednes.sk\/zaujimavosti\/vysokoskolaci-sa-pod-vedcov-obavaju-ze-koronavirusom-sa-nakazia-ich-blizki\/<\/a><br>\u2013 Nov\u00fd \u010cas:<br><a href=\"https:\/\/www.cas.sk\/clanok\/984733\/kosicki-vysokoskolaci-odpovedali-na-otazky-o-koronaviruse-v-spravani-muzov-a-zien-sa-ukazal-rozdiel\/\" target=\"_blank\" rel=\"noopener\">https:\/\/www.cas.sk\/clanok\/984733\/kosicki-vysokoskolaci-odpovedali-na-otazky-o-koronaviruse-v-spravani-muzov-a-zien-sa-ukazal-rozdiel\/<\/a><br>\u2013 Topky.sk:<br><a href=\"https:\/\/www.topky.sk\/cl\/10\/1909557\/KORONAVIRUS-Studia-ukazuje--ze-TOHTO-sa-nasi-vysokoskolaci-sa-v-pripade-pandemie-najviac-obavaju\" target=\"_blank\" rel=\"noopener\">https:\/\/www.topky.sk\/cl\/10\/1909557\/KORONAVIRUS-Studia-ukazuje&#8211;ze-TOHTO-sa-nasi-vysokoskolaci-sa-v-pripade-pandemie-najviac-obavaju<\/a><br>\u2013 INDEX MAG:<br><a href=\"https:\/\/indexmag.sk\/2020\/05\/26\/studenti-upjs-sucastou-medzinarodnej-vedeckej-studie\/\" target=\"_blank\" rel=\"noopener\">https:\/\/indexmag.sk\/2020\/05\/26\/studenti-upjs-sucastou-medzinarodnej-vedeckej-studie\/<\/a><\/p>\n\n\n\n<p><strong>25. 5. 2020<br>Hos\u0165 R\u00e1dia Regina V\u00fdchod: Osobn\u00e9 automobily medzi vojnami<\/strong> \u2013 ako sa po 1. svet. vojne u n\u00e1s rozv\u00edjala osobn\u00e1 automobilov\u00e1 doprava, jej in\u0161tit\u00facie a dopravn\u00e1 infra\u0161trukt\u00fara; hostia: Mgr. Mikul\u00e1\u0161 Jan\u010dura, PhD., a Mgr. Katar\u00edna Hromu\u013e\u00e1kov\u00e1 z Katedry hist\u00f3rie Filozofickej fakulty UPJ\u0160 v Ko\u0161iciach; R\u00e1dio Regina V\u00fdchod (RTVS)<br><a href=\"https:\/\/www.rtvs.sk\/radio\/archiv\/1541\/1342863\" target=\"_blank\" rel=\"noopener\">https:\/\/www.rtvs.sk\/radio\/archiv\/1541\/1342863<\/a><\/p>\n\n\n\n<p><strong>24. 5. 2020<br>Nap\u00e4tie medzi Ficom a Pellegrinim st\u00fapa, pod\u013ea politol\u00f3ga doch\u00e1dza v Smere-SD k vn\u00fatorn\u00fdm pohybom<\/strong> \u2013 hodnot\u00ed Mgr. J\u00e1n Ruman, PhD., z Katedry politol\u00f3gie Filozofickej fakulty UPJ\u0160 v Ko\u0161iciach<br>\u2013 WebNoviny.sk:<br><a href=\"https:\/\/www.webnoviny.sk\/napatie-medzi-ficom-a-pellegrinim-stupa-podla-politologa-dochadza-v-smere-sd-k-vnutornym-pohybom\/\" target=\"_blank\" rel=\"noopener\">https:\/\/www.webnoviny.sk\/napatie-medzi-ficom-a-pellegrinim-stupa-podla-politologa-dochadza-v-smere-sd-k-vnutornym-pohybom\/<\/a><br>\u2013 Economics.sk:<br><a href=\"https:\/\/economics.sk\/ine-spravy\/spravy\/slovensko\/napatie-medzi-ficom-a-pellegrinim-stupa-podla-politologa-dochadza-v-smere-sd-k-vnutornym-pohybom\/\" target=\"_blank\" rel=\"noopener\">https:\/\/economics.sk\/ine-spravy\/spravy\/slovensko\/napatie-medzi-ficom-a-pellegrinim-stupa-podla-politologa-dochadza-v-smere-sd-k-vnutornym-pohybom\/<\/a><br>\u2013 Financial Report:<br><a href=\"https:\/\/www.finreport.sk\/agenturne-spravy\/napatie-medzi-ficom-a-pellegrinim-stupa-podla-politologa-dochadza-v-smere-sd-k-vnutornym-pohybom\/\" target=\"_blank\" rel=\"noopener\">https:\/\/www.finreport.sk\/agenturne-spravy\/napatie-medzi-ficom-a-pellegrinim-stupa-podla-politologa-dochadza-v-smere-sd-k-vnutornym-pohybom\/<\/a><br>\u2013 Aktualizovan\u00e9.sk:<br><a href=\"https:\/\/aktualizovane.sk\/napatie-medzi-ficom-a-pellegrinim-stupa-podla-politologa-dochadza-v-smere-sd-k-vnutornym-pohybom\/\" target=\"_blank\" rel=\"noopener\">https:\/\/aktualizovane.sk\/napatie-medzi-ficom-a-pellegrinim-stupa-podla-politologa-dochadza-v-smere-sd-k-vnutornym-pohybom\/<\/a><br>\u2013 Slovak.Press:<br><a href=\"https:\/\/slovak.press\/spravy\/napatie-medzi-ficom-a-pellegrinim-stupa-podla-politologa-dochadza-v-smere-sd-k-vnutornym-pohybom\/\" target=\"_blank\" rel=\"noopener\">https:\/\/slovak.press\/spravy\/napatie-medzi-ficom-a-pellegrinim-stupa-podla-politologa-dochadza-v-smere-sd-k-vnutornym-pohybom\/<\/a><br>\u2013 24 hod\u00edn \u2013 denn\u00edk pre v\u0161etk\u00fdch:<br><a href=\"https:\/\/www.24hod.sk\/napatie-medzi-ficom-a-pellegrinim-stupa-podla-politologa-dochadza-v-smere-sd-k-vnutornym-pohybom-cl737504.html\" target=\"_blank\" rel=\"noopener\">https:\/\/www.24hod.sk\/napatie-medzi-ficom-a-pellegrinim-stupa-podla-politologa-dochadza-v-smere-sd-k-vnutornym-pohybom-cl737504.html<\/a><br>\u2013 \u010cas.sk:<br><a href=\"https:\/\/www.cas.sk\/clanok\/983877\/dusna-atmosfera-v-smere-ocami-politologa-tieto-slova-sa-ficovi-nebudu-citat-lahko\/\" target=\"_blank\" rel=\"noopener\">https:\/\/www.cas.sk\/clanok\/983877\/dusna-atmosfera-v-smere-ocami-politologa-tieto-slova-sa-ficovi-nebudu-citat-lahko\/<\/a><br>\u2013 TopNovinky.sk:<br><a href=\"https:\/\/www.tpn.sk\/article.php?id=37750\" target=\"_blank\" rel=\"noopener\">https:\/\/www.tpn.sk\/article.php?id=37750<\/a><br>\u2013 Newsy.sk:<br><a href=\"http:\/\/newsy.sk\/2020\/05\/24\/napatie-medzi-ficom-a-pellegrinim-stupa-podla-politologa-dochadza-v-smere-sd-k-vnutornym-pohybom\/\" target=\"_blank\" rel=\"noopener\">http:\/\/newsy.sk\/2020\/05\/24\/napatie-medzi-ficom-a-pellegrinim-stupa-podla-politologa-dochadza-v-smere-sd-k-vnutornym-pohybom\/<\/a><br>\u2013 eGoodWill:<br><a href=\"https:\/\/egoodwill.sk\/aktuality\/spravy\/napatie-medzi-ficom-a-pellegrinim-stupa-podla-politologa-dochadza-v-smere-sd-k-vnutornym-pohybom\/\" target=\"_blank\" rel=\"noopener\">https:\/\/egoodwill.sk\/aktuality\/spravy\/napatie-medzi-ficom-a-pellegrinim-stupa-podla-politologa-dochadza-v-smere-sd-k-vnutornym-pohybom\/<\/a><br>\u2013 \u0160portDnes.sk:<br><a href=\"https:\/\/www.sportdnes.sk\/slovensko\/napaetie-medzi-ficom-a-pellegrinim-stupa-podla-politologa-dochadza-v-smere-sd-k-vnutornym-pohybom\/\" target=\"_blank\" rel=\"noopener\">https:\/\/www.sportdnes.sk\/slovensko\/napaetie-medzi-ficom-a-pellegrinim-stupa-podla-politologa-dochadza-v-smere-sd-k-vnutornym-pohybom\/<\/a><\/p>\n\n\n\n<p><strong>21. 5. 2020<br>Jazykov\u00e9 okienko: epid\u00e9mia a karant\u00e9na<\/strong> \u2013 jazykovedky\u0148a doc. PhDr. Marianna Sedl\u00e1kov\u00e1, PhD., ved\u00faca Katedry slovakistiky, slovansk\u00fdch filol\u00f3gi\u00ed a komunik\u00e1cie Filozofickej fakulty UPJ\u0160 v Ko\u0161iciach, o p\u00f4vode a spr\u00e1vnom pou\u017e\u00edvan\u00ed v s\u00fa\u010dasnosti frekventovan\u00fdch slov \u201eepid\u00e9mia\u201c a \u201ekarant\u00e9na\u201c; R\u00e1dio Regina V\u00fdchod (RTVS)<br><a href=\"https:\/\/reginavychod.rtvs.sk\/clanky\/zivotny-styl\/225257\/jazykove-okienko-epidemia-a-karantena\" target=\"_blank\" rel=\"noopener\">https:\/\/reginavychod.rtvs.sk\/clanky\/zivotny-styl\/225257\/jazykove-okienko-epidemia-a-karantena<\/a><\/p>\n\n\n\n<p><strong>16. 5. 2020<br>Spolupr\u00e1ca KDH s PS\/Spolu nebola prijat\u00e1 pozit\u00edvne, hnutie o \u010fal\u0161om sp\u00e1jan\u00ed s\u00edl neuva\u017euje<\/strong> \u2013 Mgr. Ren\u00e1ta Dulinov\u00e1 Bzdilov\u00e1 , PhD., z Katedry politol\u00f3gie Filozofickej fakulty UPJ\u0160 v Ko\u0161iciach zd\u00f4raz\u0148uje, \u017ee spolupr\u00e1ca str\u00e1n PS, Spolu a KDH pred vo\u013ebami nebola prijat\u00e1 pozit\u00edvne a ment\u00e1lne nastavenie verejnosti sa odvtedy nezmenilo<br>\u2013 WebNoviny.sk:<br><a href=\"https:\/\/www.webnoviny.sk\/spolupraca-kdh-s-ps-spolu-nebola-prijata-pozitivne-hnutie-o-dalsom-spajani-sil-neuvazuje\/\" target=\"_blank\" rel=\"noopener\">https:\/\/www.webnoviny.sk\/spolupraca-kdh-s-ps-spolu-nebola-prijata-pozitivne-hnutie-o-dalsom-spajani-sil-neuvazuje\/<\/a><br>\u2013 The World News:<br><a href=\"https:\/\/theworldnews.net\/sk-news\/spolupraca-kdh-s-ps-spolu-nebola-prijata-pozitivne-hnutie-o-dalsom-spajani-sil-neuvazuje\" target=\"_blank\" rel=\"noopener\">https:\/\/theworldnews.net\/sk-news\/spolupraca-kdh-s-ps-spolu-nebola-prijata-pozitivne-hnutie-o-dalsom-spajani-sil-neuvazuje<\/a><br>\u2013 24 hod\u00edn \u2013 denn\u00edk pre v\u0161etk\u00fdch:<br><a href=\"https:\/\/www.24hod.sk\/spolupraca-kdh-s-ps-spolu-nebola-prijata-pozitivne-hnutie-o-dalsom-spajani-sil-neuvazuje-cl737135.html\" target=\"_blank\" rel=\"noopener\">https:\/\/www.24hod.sk\/spolupraca-kdh-s-ps-spolu-nebola-prijata-pozitivne-hnutie-o-dalsom-spajani-sil-neuvazuje-cl737135.html<\/a><br>\u2013 Economics.sk:<br><a href=\"https:\/\/economics.sk\/ine-spravy\/spravy\/slovensko\/spolupraca-kdh-s-ps-spolu-nebola-prijata-pozitivne-hnutie-o-dalsom-spajani-sil-neuvazuje\/\" target=\"_blank\" rel=\"noopener\">https:\/\/economics.sk\/ine-spravy\/spravy\/slovensko\/spolupraca-kdh-s-ps-spolu-nebola-prijata-pozitivne-hnutie-o-dalsom-spajani-sil-neuvazuje\/<\/a><br>\u2013 Ekonomick\u00fdDenn\u00edk.sk:<br><a href=\"https:\/\/ekonomickydennik.sk\/spolupraca-kdh-s-ps-spolu-nebola-prijata-pozitivne-hnutie-o-dalsom-spajani-sil-neuvazuje\/\" target=\"_blank\" rel=\"noopener\">https:\/\/ekonomickydennik.sk\/spolupraca-kdh-s-ps-spolu-nebola-prijata-pozitivne-hnutie-o-dalsom-spajani-sil-neuvazuje\/<\/a><br>\u2013 Financial Report:<br><a href=\"https:\/\/www.finreport.sk\/agenturne-spravy\/spolupraca-kdh-s-ps-spolu-nebola-prijata-pozitivne-hnutie-o-dalsom-spajani-sil-neuvazuje\/\" target=\"_blank\" rel=\"noopener\">https:\/\/www.finreport.sk\/agenturne-spravy\/spolupraca-kdh-s-ps-spolu-nebola-prijata-pozitivne-hnutie-o-dalsom-spajani-sil-neuvazuje\/<\/a><br>\u2013 Newsy.sk:<br><a href=\"http:\/\/newsy.sk\/2020\/05\/16\/spolupraca-kdh-s-ps-spolu-nebola-prijata-pozitivne-hnutie-o-dalsom-spajani-sil-neuvazuje\/\" target=\"_blank\" rel=\"noopener\">http:\/\/newsy.sk\/2020\/05\/16\/spolupraca-kdh-s-ps-spolu-nebola-prijata-pozitivne-hnutie-o-dalsom-spajani-sil-neuvazuje\/<\/a><br>\u2013 Aktualizovan\u00e9.sk:<br><a href=\"https:\/\/aktualizovane.sk\/spolupraca-kdh-s-ps-spolu-nebola-prijata-pozitivne-hnutie-o-dalsom-spajani-sil-neuvazuje\/\" target=\"_blank\" rel=\"noopener\">https:\/\/aktualizovane.sk\/spolupraca-kdh-s-ps-spolu-nebola-prijata-pozitivne-hnutie-o-dalsom-spajani-sil-neuvazuje\/<\/a><br>\u2013 InfoZ\u00f3na.sk:<br><a href=\"https:\/\/infozona.sk\/spolupraca-kdh-s-ps-spolu-nebola-prijata-pozitivne-hnutie-o-dalsom-spajani-sil-neuvazuje\/\" target=\"_blank\" rel=\"noopener\">https:\/\/infozona.sk\/spolupraca-kdh-s-ps-spolu-nebola-prijata-pozitivne-hnutie-o-dalsom-spajani-sil-neuvazuje\/<\/a><br>\u2013 Pozri.sk:<br><a href=\"https:\/\/spravy.pozri.sk\/clanok\/spolupraca-kdh-s-ps-spolu-nebola-prijata-pozitivne-hnutie-o-dalsom-spajani-sil-neuvazuje\/1513947\" target=\"_blank\" rel=\"noopener\">https:\/\/spravy.pozri.sk\/clanok\/spolupraca-kdh-s-ps-spolu-nebola-prijata-pozitivne-hnutie-o-dalsom-spajani-sil-neuvazuje\/1513947<\/a><br>\u2013 TopNovinky.sk:<br><a href=\"https:\/\/www.tpn.sk\/article.php?id=37468\" target=\"_blank\" rel=\"noopener\">https:\/\/www.tpn.sk\/article.php?id=37468<\/a><br>\u2013 FotoNovinky.sk:<br><a href=\"https:\/\/fotonovinky.sk\/spolupraca-kdh-s-ps-spolu-nebola-prijata-pozitivne-hnutie-o-dalsom-spajani-sil-neuvazuje\/\" target=\"_blank\" rel=\"noopener\">https:\/\/fotonovinky.sk\/spolupraca-kdh-s-ps-spolu-nebola-prijata-pozitivne-hnutie-o-dalsom-spajani-sil-neuvazuje\/<\/a><br>\u2013 eGoodWill:<br><a href=\"https:\/\/egoodwill.sk\/aktuality\/spravy\/spolupraca-kdh-s-ps-spolu-nebola-prijata-pozitivne-hnutie-o-dalsom-spajani-sil-neuvazuje\/\" target=\"_blank\" rel=\"noopener\">https:\/\/egoodwill.sk\/aktuality\/spravy\/spolupraca-kdh-s-ps-spolu-nebola-prijata-pozitivne-hnutie-o-dalsom-spajani-sil-neuvazuje\/<\/a><br>\u2013 \u0160portDnes.sk:<br><a href=\"https:\/\/www.sportdnes.sk\/slovensko\/spolupraca-kdh-s-ps-spolu-nebola-prijata-pozitivne-hnutie-o-dalsom-spajani-sil-neuvazuje\/\" target=\"_blank\" rel=\"noopener\">https:\/\/www.sportdnes.sk\/slovensko\/spolupraca-kdh-s-ps-spolu-nebola-prijata-pozitivne-hnutie-o-dalsom-spajani-sil-neuvazuje\/<\/a><br>\u2013 \u0160portX.sk:<br><a href=\"https:\/\/sportx.sk\/spolupraca-kdh-s-ps-spolu-nebola-prijata-pozitivne-hnutie-o-dalsom-spajani-sil-neuvazuje\/\" target=\"_blank\" rel=\"noopener\">https:\/\/sportx.sk\/spolupraca-kdh-s-ps-spolu-nebola-prijata-pozitivne-hnutie-o-dalsom-spajani-sil-neuvazuje\/<\/a><\/p>\n\n\n\n<p><strong>12. 5. 2020<br><a href=\"https:\/\/www.upjs.sk\/app\/uploads\/sites\/7\/2022\/10\/MZ-42020-Korona-a-psychika.pdf\" target=\"_blank\" rel=\"noreferrer noopener\">Pre\u017eime karant\u00e9nu v psychickom zdrav\u00ed<\/a><\/strong> \u2013 rozhovor s doc. Mgr. Monikou Hricovou, PhD., z Katedry psychol\u00f3gie Filozofickej fakulty UPJ\u0160 v Ko\u0161iciach; Magaz\u00edn zdravia (\u010d. 4\/2020, s. 6)<\/p>\n\n\n\n<p><strong>11. 5. 2020<br>\u0160tudenti Univerzity Pavla Jozefa \u0160af\u00e1rika sa zapojili do medzin\u00e1rodnej \u0161t\u00fadie<\/strong> \u2013 s\u00fa\u010das\u0165ou v\u00fdskumn\u00e9ho konzorcia je aj vedeck\u00fd t\u00edm z Katedry pedagogickej psychol\u00f3gie a psychol\u00f3gie zdravia Filozofickej fakulty UPJ\u0160 v Ko\u0161iciach \u2013 s vyjadren\u00edm dekanky FF UPJ\u0160 prof. PhDr. O\u013egy Orosovej, CSc.; \u0160kolsk\u00e9.sk<br><a href=\"https:\/\/www.skolske.sk\/clanok\/53341\/studenti-univerzity-pavla-jozefa-safarika-sa-zapojili-do-medzinarodnej-studie\" target=\"_blank\" rel=\"noopener\">https:\/\/www.skolske.sk\/clanok\/53341\/studenti-univerzity-pavla-jozefa-safarika-sa-zapojili-do-medzinarodnej-studie<\/a><\/p>\n\n\n\n<p><strong>10. 5. 2020<br>Pre stranu Za \u013eud\u00ed je d\u00f4le\u017eit\u00e9 \u010do najsk\u00f4r zvoli\u0165 nov\u00e9ho predsedu<\/strong> \u2013 mysl\u00ed si Mgr. Gabriel E\u0161tok, PhD., z Katedry politol\u00f3gie Filozofickej fakulty UPJ\u0160 v Ko\u0161iciach; Konzervat\u00edvny web<br><a href=\"https:\/\/www.konzervativnyweb.sk\/c\/22400437\/pre-stranu-za-ludi-je-dolezite-co-najskor-zvolit-noveho-predsedu.html\" target=\"_blank\" rel=\"noopener\">https:\/\/www.konzervativnyweb.sk\/c\/22400437\/pre-stranu-za-ludi-je-dolezite-co-najskor-zvolit-noveho-predsedu.html<\/a><\/p>\n\n\n\n<p><strong>9. 5. 2020<br>Rozde\u013eovanie nie je cesta, tvrd\u00ed Hip\u0161 zo strany Spolu a pl\u00e1nuje rokova\u0165 s kiskovcami a progres\u00edvcami<\/strong> \u2013 s vyjadren\u00edm Mgr. Ren\u00e1ty Dulinovej Bzdilovej, PhD., z Katedry politol\u00f3gie Filozofickej fakulty UPJ\u0160 v Ko\u0161iciach (SITA Slovensk\u00e1 tla\u010dov\u00e1 agent\u00fara)<br>\u2013 WebNoviny.sk:<br><a href=\"https:\/\/www.webnoviny.sk\/rozdelovanie-nie-je-cesta-tvrdi-hips-zo-strany-spolu-a-planuje-rokovat-s-kiskovcami-a-progresivcami\/\" target=\"_blank\" rel=\"noopener\">https:\/\/www.webnoviny.sk\/rozdelovanie-nie-je-cesta-tvrdi-hips-zo-strany-spolu-a-planuje-rokovat-s-kiskovcami-a-progresivcami\/<\/a><br>\u2013 T\u00fd\u017ede\u0148.sk:<br><a href=\"https:\/\/www.tyzden.sk\/politika\/64677\/predseda-spolu-hips-chce-rokovat-o-spolupraci-s-ps-a-za-ludi-progresivci-o-tom-rozhodnu-po-junovom-sneme\/\" target=\"_blank\" rel=\"noopener\">https:\/\/www.tyzden.sk\/politika\/64677\/predseda-spolu-hips-chce-rokovat-o-spolupraci-s-ps-a-za-ludi-progresivci-o-tom-rozhodnu-po-junovom-sneme\/<\/a><br>\u2013 SME.sk:<br><a href=\"https:\/\/domov.sme.sk\/c\/22401061\/predseda-spolu-hips-chce-rokovat-o-spolupraci-s-ps-a-za-ludi.html\" target=\"_blank\" rel=\"noopener\">https:\/\/domov.sme.sk\/c\/22401061\/predseda-spolu-hips-chce-rokovat-o-spolupraci-s-ps-a-za-ludi.html<\/a><br>\u2013 eGoodWill:<br><a href=\"https:\/\/egoodwill.sk\/aktuality\/spravy\/rozdelovanie-nie-je-cesta-tvrdi-hips-zo-strany-spolu-a-planuje-rokovat-s-kiskovcami-a-progresivcami\/\" target=\"_blank\" rel=\"noopener\">https:\/\/egoodwill.sk\/aktuality\/spravy\/rozdelovanie-nie-je-cesta-tvrdi-hips-zo-strany-spolu-a-planuje-rokovat-s-kiskovcami-a-progresivcami\/<\/a><br>\u2013 Aktualizovan\u00e9.sk:<br><a href=\"https:\/\/aktualizovane.sk\/rozdelovanie-nie-je-cesta-tvrdi-hips-zo-strany-spolu-a-planuje-rokovat-s-kiskovcami-a-progresivcami\/\" target=\"_blank\" rel=\"noopener\">https:\/\/aktualizovane.sk\/rozdelovanie-nie-je-cesta-tvrdi-hips-zo-strany-spolu-a-planuje-rokovat-s-kiskovcami-a-progresivcami\/<\/a><br>\u2013 Financial Report:<br><a href=\"https:\/\/www.finreport.sk\/agenturne-spravy\/rozdelovanie-nie-je-cesta-tvrdi-hips-zo-strany-spolu-a-planuje-rokovat-s-kiskovcami-a-progresivcami\/\" target=\"_blank\" rel=\"noopener\">https:\/\/www.finreport.sk\/agenturne-spravy\/rozdelovanie-nie-je-cesta-tvrdi-hips-zo-strany-spolu-a-planuje-rokovat-s-kiskovcami-a-progresivcami\/<\/a><br>\u2013 Slovak.Press:<br><a href=\"https:\/\/slovak.press\/spravy\/rozdelovanie-nie-je-cesta-tvrdi-hips-zo-strany-spolu-a-planuje-rokovat-s-kiskovcami-a-progresivcami\/\" target=\"_blank\" rel=\"noopener\">https:\/\/slovak.press\/spravy\/rozdelovanie-nie-je-cesta-tvrdi-hips-zo-strany-spolu-a-planuje-rokovat-s-kiskovcami-a-progresivcami\/<\/a><\/p>\n\n\n\n<p><strong>8. 5. 2020<br>Koniec vojny bol pod\u013ea historika z UPJ\u0160 pre \u013eud\u00ed siln\u00fdm momentom<\/strong> \u2013 Mgr. Henrich Hrehor, PhD., z Katedry hist\u00f3rie Filozofickej fakulty UPJ\u0160 v Ko\u0161iciach k 75. v\u00fdro\u010diu ukon\u010denia druhej svetovej vojny<br>\u2013 Tla\u010dov\u00e1 agent\u00fara Slovenskej republiky (TASR):<br><a href=\"https:\/\/www.tasr.sk\/tasr-clanok\/TASR:20200508TBB00036\" target=\"_blank\" rel=\"noopener\">https:\/\/www.tasr.sk\/tasr-clanok\/TASR:20200508TBB00036<\/a><br>\u2013 Teraz.sk:<br><a href=\"https:\/\/www.teraz.sk\/najnovsie\/koniec-vojny-bol-podla-historika-z-upj\/465822-clanok.html\" target=\"_blank\" rel=\"noopener\">https:\/\/www.teraz.sk\/najnovsie\/koniec-vojny-bol-podla-historika-z-upj\/465822-clanok.html<\/a><br>\u2013 Dnes24.sk:<br><a href=\"https:\/\/www.dnes24.sk\/rychle-spravy\/oslobodenie75-koniec-vojny-bol-podla-historika-z-upjs-pre-ludi-silnym-momentom-85321\" target=\"_blank\" rel=\"noopener\">https:\/\/www.dnes24.sk\/rychle-spravy\/oslobodenie75-koniec-vojny-bol-podla-historika-z-upjs-pre-ludi-silnym-momentom-85321<\/a><\/p>\n\n\n\n<p><strong>8. 5. 2020<br>Historik Hrehor: Ak \u010dlovek neza\u017eije vojnu, nevie oceni\u0165 mier<\/strong> \u2013 Mgr. Henrich Hrehor, PhD., z Katedry hist\u00f3rie Filozofickej fakulty UPJ\u0160 v Ko\u0161iciach k 75. v\u00fdro\u010diu ukon\u010denia druhej svetovej vojny<br>\u2013 Dobr\u00e9 noviny:<br><a href=\"https:\/\/www.dobrenoviny.sk\/c\/183547\/historik-hrehor-ak-clovek-nezazije-vojnu-nevie-ocenit-mier\" target=\"_blank\" rel=\"noopener\">https:\/\/www.dobrenoviny.sk\/c\/183547\/historik-hrehor-ak-clovek-nezazije-vojnu-nevie-ocenit-mier<\/a><br>\u2013 The World News:<br><a href=\"https:\/\/theworldnews.net\/sk-news\/historik-hrehor-ak-clovek-nezazije-vojnu-nevie-ocenit-mier\" target=\"_blank\" rel=\"noopener\">https:\/\/theworldnews.net\/sk-news\/historik-hrehor-ak-clovek-nezazije-vojnu-nevie-ocenit-mier<\/a><br>\u2013 \u010cas.sk:<br><a href=\"https:\/\/www.cas.sk\/clanok\/978470\/historik-hrehor-o-konci-druhej-svetovej-vojny-ak-clovek-nezazije-vojnu-nevie-ocenit-mier\/\" target=\"_blank\" rel=\"noopener\">https:\/\/www.cas.sk\/clanok\/978470\/historik-hrehor-o-konci-druhej-svetovej-vojny-ak-clovek-nezazije-vojnu-nevie-ocenit-mier\/<\/a><\/p>\n\n\n\n<p><strong>8. 5. 2020<br>Svet si pripom\u00edna De\u0148 v\u00ed\u0165azstva nad fa\u0161izmom. Koniec vojny bol siln\u00fdm momentom<\/strong> \u2013 s vyjadreniami Mgr. Henricha Hrehora, PhD., z Katedry hist\u00f3rie Filozofickej fakulty UPJ\u0160 v Ko\u0161iciach k 75. v\u00fdro\u010diu ukon\u010denia druhej svetovej vojny; Ko\u0161ice:Dnes<br><a href=\"https:\/\/kosicednes.sk\/historia\/svet-si-pripomina-den-vitazstva-nad-fasizmom\/\" target=\"_blank\" rel=\"noopener\">https:\/\/kosicednes.sk\/historia\/svet-si-pripomina-den-vitazstva-nad-fasizmom\/<\/a><\/p>\n\n\n\n<p><strong>7. 5. 2020<br>Jazykov\u00e9 okienko: Berl\u00ednsky m\u00far<\/strong> \u2013 pou\u017eitie podmie\u0148ovacieho sp\u00f4sobu v minulom \u010dase vysvet\u013euje jazykovedky\u0148a doc. PhDr. Marianna Sedl\u00e1kov\u00e1, PhD., ved\u00faca Katedry slovakistiky, slovansk\u00fdch filol\u00f3gi\u00ed a komunik\u00e1cie Filozofickej fakulty UPJ\u0160 v Ko\u0161iciach; R\u00e1dio Regina V\u00fdchod (RTVS)<br><a href=\"https:\/\/reginavychod.rtvs.sk\/clanky\/zivotny-styl\/224213\/berlinsky-mur\" target=\"_blank\" rel=\"noopener\">https:\/\/reginavychod.rtvs.sk\/clanky\/zivotny-styl\/224213\/berlinsky-mur<\/a><\/p>\n\n\n\n<p><strong>7. 5. 2020<br>Kiskovci sa musia stabilizova\u0165 a zvoli\u0165 si nov\u00e9ho predsedu, ale Remi\u0161ov\u00e1 nie je l\u00edder a \u0160eliga nem\u00e1 sk\u00fasenosti<\/strong> \u2013 pre agent\u00faru SITA to uviedol Mgr. Gabriel E\u0161tok, PhD., z Katedry politol\u00f3gie Filozofickej fakulty UPJ\u0160 v&nbsp;Ko\u0161iciach<br>\u2013 WebNoviny.sk:<br><a href=\"https:\/\/www.webnoviny.sk\/kiskovci-sa-musia-stabilizovat-a-zvolit-si-noveho-predsedu-ale-politolog-pochybuje-o-remisovej-aj-seligovi\/\" target=\"_blank\" rel=\"noopener\">https:\/\/www.webnoviny.sk\/kiskovci-sa-musia-stabilizovat-a-zvolit-si-noveho-predsedu-ale-politolog-pochybuje-o-remisovej-aj-seligovi\/<\/a><br>\u2013 Financial Report:<br><a href=\"https:\/\/www.finreport.sk\/agenturne-spravy\/kiskovci-sa-musia-stabilizovat-a-zvolit-si-noveho-predsedu-ale-remisova-nie-je-lider-a-seliga-nema-skusenosti\/\" target=\"_blank\" rel=\"noopener\">https:\/\/www.finreport.sk\/agenturne-spravy\/kiskovci-sa-musia-stabilizovat-a-zvolit-si-noveho-predsedu-ale-remisova-nie-je-lider-a-seliga-nema-skusenosti\/<\/a><br>\u2013 24 hod\u00edn \u2013 denn\u00edk pre v\u0161etk\u00fdch:<br><a href=\"https:\/\/www.24hod.sk\/kiskovci-sa-musia-stabilizovat-a-zvolit-si-noveho-predsedu-ale-remisova-nie-je-lider-a-seliga-nema-skusenosti-cl736740.html\" target=\"_blank\" rel=\"noopener\">https:\/\/www.24hod.sk\/kiskovci-sa-musia-stabilizovat-a-zvolit-si-noveho-predsedu-ale-remisova-nie-je-lider-a-seliga-nema-skusenosti-cl736740.html<\/a><br>\u2013 Aktualizovan\u00e9.sk:<br><a href=\"https:\/\/aktualizovane.sk\/kiskovci-sa-musia-stabilizovat-a-zvolit-si-noveho-predsedu-ale-remisova-nie-je-lider-a-seliga-nema-skusenosti\/\" target=\"_blank\" rel=\"noopener\">https:\/\/aktualizovane.sk\/kiskovci-sa-musia-stabilizovat-a-zvolit-si-noveho-predsedu-ale-remisova-nie-je-lider-a-seliga-nema-skusenosti\/<\/a><br>\u2013 Slovak.Press:<br><a href=\"https:\/\/slovak.press\/spravy\/kiskovci-sa-musia-stabilizovat-a-zvolit-si-noveho-predsedu-ale-remisova-nie-je-lider-a-seliga-nema-skusenosti\/\" target=\"_blank\" rel=\"noopener\">https:\/\/slovak.press\/spravy\/kiskovci-sa-musia-stabilizovat-a-zvolit-si-noveho-predsedu-ale-remisova-nie-je-lider-a-seliga-nema-skusenosti\/<\/a><br>\u2013 eGoodWill:<br><a href=\"https:\/\/egoodwill.sk\/aktuality\/spravy\/kiskovci-sa-musia-stabilizovat-a-zvolit-si-noveho-predsedu-ale-remisova-nie-je-lider-a-seliga-nema-skusenosti\/\" target=\"_blank\" rel=\"noopener\">https:\/\/egoodwill.sk\/aktuality\/spravy\/kiskovci-sa-musia-stabilizovat-a-zvolit-si-noveho-predsedu-ale-remisova-nie-je-lider-a-seliga-nema-skusenosti\/<\/a><\/p>\n\n\n\n<p><strong>6. 5. 2020<br>Umenie: Straten\u00fd raj, John Milton<\/strong> (05:55 \u2013 12:12) \u2013 kult\u00farny magaz\u00edn RTVS s telev\u00edznym pr\u00edspevkom o historicky prvom slovenskom vydan\u00ed Miltonovho diela Straten\u00fd raj \u2013 slovensk\u00fd preklad vznikol v\u010faka liter\u00e1rnemu vedcovi, b\u00e1snikovi, prekladate\u013eovi a prodekanovi Filozofickej fakulty UPJ\u0160 v Ko\u0161iciach prof. PhDr. Mari\u00e1novi Andri\u010d\u00edkovi, PhD.; Dvojka (RTVS)<br><a href=\"https:\/\/www.rtvs.sk\/televizia\/archiv\/15329\/225559\" target=\"_blank\" rel=\"noopener\">https:\/\/www.rtvs.sk\/televizia\/archiv\/15329\/225559<\/a><\/p>\n\n\n\n<p><strong>6. 5. 2020<br>Ako Covid-19 prep\u00e1ja vedeck\u00e9 komunity<\/strong> \u2013 v\u00fdskumn\u00fd t\u00edm Katedry psychol\u00f3gie Filozofickej fakulty UPJ\u0160 v Ko\u0161iciach sa pripojil k medzin\u00e1rodnej \u0161t\u00fadii COVIDiSTRESS Global Survey, ktor\u00e1 sa realizuje pod z\u00e1\u0161titou Aarhuskej univerzity v D\u00e1nsku; Veda na dosah<br><a href=\"https:\/\/vedanadosah.cvtisr.sk\/ako-covid-19-prepaja-vedecke-komunity\" target=\"_blank\" rel=\"noopener\">https:\/\/vedanadosah.cvtisr.sk\/ako-covid-19-prepaja-vedecke-komunity<\/a><\/p>\n\n\n\n<p><strong>5. 5. 2020<br>Hos\u0165 R\u00e1dia Regina V\u00fdchod<\/strong> \u2013 t\u00e9ma: ako pom\u00f4c\u0165 de\u0165om a mlad\u00fdm \u013eu\u010fom vysporiada\u0165 sa s negat\u00edvnymi em\u00f3ciami \u2013 hos\u0165: riadite\u013e Linky detskej d\u00f4very Mgr. Vladim\u00edr Lichner, PhD., z Katedry soci\u00e1lnej pr\u00e1ce Filozofickej fakulty UPJ\u0160 v Ko\u0161iciach; R\u00e1dio Regina V\u00fdchod (RTVS)<br><a href=\"https:\/\/www.rtvs.sk\/radio\/archiv\/1541\/1330113\" target=\"_blank\" rel=\"noopener\">https:\/\/www.rtvs.sk\/radio\/archiv\/1541\/1330113<\/a><\/p>\n\n\n\n<p><strong>2. 5. 2020<br>\u013dSNS na\u010falej trv\u00e1 na nomin\u00e1cii Kotlebu do \u010dela v\u00fdboru, politol\u00f3g jej konanie ozna\u010dil za nanajv\u00fd\u0161 tr\u00e1pne<\/strong> \u2013 Mgr. J\u00e1n Ruman, PhD., z Katedry politol\u00f3gie Filozofickej fakulty UPJ\u0160 v Ko\u0161iciach zast\u00e1va n\u00e1zor, \u017ee opoz\u00edcia mala po ne\u00faspe\u0161nom hlasovan\u00ed zmeni\u0165 navrhovan\u00e9ho kandid\u00e1ta za kolekt\u00edvne prijate\u013enej\u0161ieho (SITA Slovensk\u00e1 tla\u010dov\u00e1 agent\u00fara)<br>\u2013 WebNoviny.sk:<br><a href=\"https:\/\/www.webnoviny.sk\/lsns-nadalej-trva-na-nominacii-kotlebu-do-cela-vyboru-politolog-jej-konanie-oznacil-za-nanajvys-trapne\/\" target=\"_blank\" rel=\"noopener\">https:\/\/www.webnoviny.sk\/lsns-nadalej-trva-na-nominacii-kotlebu-do-cela-vyboru-politolog-jej-konanie-oznacil-za-nanajvys-trapne\/<\/a><br>\u2013 Financial Report:<br><a href=\"https:\/\/www.finreport.sk\/agenturne-spravy\/lsns-nadalej-trva-na-nominacii-kotlebu-do-cela-vyboru-politolog-jej-konanie-oznacil-za-nanajvys-trapne\/\" target=\"_blank\" rel=\"noopener\">https:\/\/www.finreport.sk\/agenturne-spravy\/lsns-nadalej-trva-na-nominacii-kotlebu-do-cela-vyboru-politolog-jej-konanie-oznacil-za-nanajvys-trapne\/<\/a><br>\u2013 24 hod\u00edn \u2013 denn\u00edk pre v\u0161etk\u00fdch:<br><a href=\"https:\/\/www.24hod.sk\/lsns-nadalej-trva-na-nominacii-kotlebu-do-cela-vyboru-politolog-jej-konanie-oznacil-za-nanajvys-trapne-cl736537.html\" target=\"_blank\" rel=\"noopener\">https:\/\/www.24hod.sk\/lsns-nadalej-trva-na-nominacii-kotlebu-do-cela-vyboru-politolog-jej-konanie-oznacil-za-nanajvys-trapne-cl736537.html<\/a><br>\u2013 MaxiV\u00fdber.sk:<br><a href=\"https:\/\/maxivyber.sk\/slovensko\/lsns-nadalej-trva-na-nominacii-kotlebu-do-cela-vyboru-politolog-jej-konanie-oznacil-za-nanajvys-trapne\" target=\"_blank\" rel=\"noopener\">https:\/\/maxivyber.sk\/slovensko\/lsns-nadalej-trva-na-nominacii-kotlebu-do-cela-vyboru-politolog-jej-konanie-oznacil-za-nanajvys-trapne<\/a><br>\u2013 InfoRaj.sk:<br><a href=\"https:\/\/inforaj.sk\/lsns-nadalej-trva-na-nominacii-kotlebu-do-cela-vyboru-politolog-jej-konanie-oznacil-za-nanajvys-trapne\/\" target=\"_blank\" rel=\"noopener\">https:\/\/inforaj.sk\/lsns-nadalej-trva-na-nominacii-kotlebu-do-cela-vyboru-politolog-jej-konanie-oznacil-za-nanajvys-trapne\/<\/a><br>\u2013 InfoZ\u00f3na.sk:<br><a href=\"https:\/\/infozona.sk\/lsns-nadalej-trva-na-nominacii-kotlebu-do-cela-vyboru-politolog-jej-konanie-oznacil-za-nanajvys-trapne\/\" target=\"_blank\" rel=\"noopener\">https:\/\/infozona.sk\/lsns-nadalej-trva-na-nominacii-kotlebu-do-cela-vyboru-politolog-jej-konanie-oznacil-za-nanajvys-trapne\/<\/a><br>\u2013 TopNovinky.sk:<br><a href=\"https:\/\/www.tpn.sk\/article.php?id=37047\" target=\"_blank\" rel=\"noopener\">https:\/\/www.tpn.sk\/article.php?id=37047<\/a><br>\u2013 Newsy.sk:<br><a href=\"http:\/\/newsy.sk\/2020\/05\/02\/lsns-nadalej-trva-na-nominacii-kotlebu-do-cela-vyboru-politolog-jej-konanie-oznacil-za-nanajvys-trapne\/\" target=\"_blank\" rel=\"noopener\">http:\/\/newsy.sk\/2020\/05\/02\/lsns-nadalej-trva-na-nominacii-kotlebu-do-cela-vyboru-politolog-jej-konanie-oznacil-za-nanajvys-trapne\/<\/a><br>\u2013 Slovak.Press:<br><a href=\"https:\/\/slovak.press\/spravy\/lsns-nadalej-trva-na-nominacii-kotlebu-do-cela-vyboru-politolog-jej-konanie-oznacil-za-nanajvys-trapne\/\" target=\"_blank\" rel=\"noopener\">https:\/\/slovak.press\/spravy\/lsns-nadalej-trva-na-nominacii-kotlebu-do-cela-vyboru-politolog-jej-konanie-oznacil-za-nanajvys-trapne\/<\/a><br>\u2013 Aktualizovan\u00e9.sk:<br><a href=\"https:\/\/aktualizovane.sk\/lsns-nadalej-trva-na-nominacii-kotlebu-do-cela-vyboru-politolog-jej-konanie-oznacil-za-nanajvys-trapne\/\" target=\"_blank\" rel=\"noopener\">https:\/\/aktualizovane.sk\/lsns-nadalej-trva-na-nominacii-kotlebu-do-cela-vyboru-politolog-jej-konanie-oznacil-za-nanajvys-trapne\/<\/a><br>\u2013 The World News:<br><a href=\"https:\/\/theworldnews.net\/sk-news\/lsns-nadalej-trva-na-nominacii-kotlebu-do-cela-vyboru-politolog-jej-konanie-oznacil-za-nanajvys-trapne\" target=\"_blank\" rel=\"noopener\">https:\/\/theworldnews.net\/sk-news\/lsns-nadalej-trva-na-nominacii-kotlebu-do-cela-vyboru-politolog-jej-konanie-oznacil-za-nanajvys-trapne<\/a><br>\u2013 eGoodWill:<br><a href=\"https:\/\/egoodwill.sk\/aktuality\/spravy\/lsns-nadalej-trva-na-nominacii-kotlebu-do-cela-vyboru-politolog-jej-konanie-oznacil-za-nanajvys-trapne\/\" target=\"_blank\" rel=\"noopener\">https:\/\/egoodwill.sk\/aktuality\/spravy\/lsns-nadalej-trva-na-nominacii-kotlebu-do-cela-vyboru-politolog-jej-konanie-oznacil-za-nanajvys-trapne\/<\/a><\/p>\n\n\n\n<p><strong>29. 4. 2020<br>Spr\u00e1vy RTVS: Pred 70 rokmi zru\u0161ili gr\u00e9ckokatol\u00edcku cirkev<\/strong> (46:10 \u2013 48:36) \u2013 s vyjadren\u00edm doc. ThDr. Petra Borzu, PhD., z Katedry hist\u00f3rie Filozofickej fakulty UPJ\u0160 v Ko\u0161iciach; Jednotka (RTVS)<br><a href=\"https:\/\/www.rtvs.sk\/televizia\/archiv\/13982\/224353\" target=\"_blank\" rel=\"noopener\">https:\/\/www.rtvs.sk\/televizia\/archiv\/13982\/224353<\/a><\/p>\n\n\n\n<p><strong>28. 4. 2020<br>Slovakia and coronavirus: People fear for the economy the most<\/strong> \u2013 showed the first results of the survey as part of the international project, in which experts from the Faculty of Art&#8217;s Psychology Department at Pavol Jozef \u0160af\u00e1rik University in Ko\u0161ice participated; The Slovak Spectator<br><a href=\"https:\/\/spectator.sme.sk\/c\/22393399\/slovakia-and-coronavirus-people-fear-for-the-economy-the-most.html\" target=\"_blank\" rel=\"noopener\">https:\/\/spectator.sme.sk\/c\/22393399\/slovakia-and-coronavirus-people-fear-for-the-economy-the-most.html<\/a><\/p>\n\n\n\n<p><strong>28. 4. 2020<br>V\u00fdskumn\u00edci z UPJ\u0160 pozoruj\u00fa po\u010das pand\u00e9mie psychiku \u013eud\u00ed<\/strong> \u2013 vedeck\u00fd t\u00edm Katedry psychol\u00f3gie Filozofickej fakulty UPJ\u0160 v Ko\u0161iciach participuje na medzin\u00e1rodnom v\u00fdskumnom projekte COVIDiSTRESS Global Survey; TV telKE<br><a href=\"https:\/\/www.facebook.com\/telketv\/videos\/710703519680941\/\" target=\"_blank\" rel=\"noopener\">https:\/\/www.facebook.com\/telketv\/videos\/710703519680941\/<\/a><br><a href=\"https:\/\/www.telke.sk\/2020\/04\/28\/vyskumnici-z-upjs-pozoruju-pocas-pandemie-psychiku-obyvatelov\/\" target=\"_blank\" rel=\"noopener\">https:\/\/www.telke.sk\/2020\/04\/28\/vyskumnici-z-upjs-pozoruju-pocas-pandemie-psychiku-obyvatelov\/<\/a><\/p>\n\n\n\n<p><strong>28. 4. 2020<br>Agg\u00f3dunk a Covid-19 gazdas\u00e1gi hat\u00e1sai miatt<\/strong> \u2013 Szlov\u00e1ki\u00e1ban a kassai Pavol Jozef \u0160af\u00e1rik Egyetem Filoz\u00f3fiai Kar\u00e1nak csapata kapcsol\u00f3dott be a projektbe<br>\u2013 Nemzeti.net:<br><a href=\"https:\/\/nemzeti.net\/aggodunk-a-covid-19-gazdasagi-hatasai-miatt-15747413.html\" target=\"_blank\" rel=\"noopener\">https:\/\/nemzeti.net\/aggodunk-a-covid-19-gazdasagi-hatasai-miatt-15747413.html<\/a><br>\u2013 Ma7.sk:<br><a href=\"https:\/\/ma7.sk\/aktualis\/aggodunk-a-covid-19-gazdasagi-hatasai-miatt\" target=\"_blank\" rel=\"noopener\">https:\/\/ma7.sk\/aktualis\/aggodunk-a-covid-19-gazdasagi-hatasai-miatt<\/a><\/p>\n\n\n\n<p><strong>28. 4. 2020<br>A\u017e 80 % Slov\u00e1kov dept\u00e1 koronakr\u00edza, nie je to v\u0161ak z obavy o zdravie. \u010co n\u00e1s tr\u00e1pi?<\/strong> \u2013 odpove\u010f d\u00e1vaj\u00fa v\u00fdsledky v\u00fdskumu v r\u00e1mci medzin\u00e1rodn\u00e9ho projektu, do ktor\u00e9ho sa zapojil t\u00edm Katedry psychol\u00f3gie Filozofickej fakulty UPJ\u0160 v Ko\u0161iciach; Dnes24.sk<br><a href=\"https:\/\/www.dnes24.sk\/az-80-slovakov-depta-koronakriza-nie-je-to-vsak-z-obavy-o-zdravie-co-nas-trapi-360172\" target=\"_blank\" rel=\"noopener\">https:\/\/www.dnes24.sk\/az-80-slovakov-depta-koronakriza-nie-je-to-vsak-z-obavy-o-zdravie-co-nas-trapi-360172<\/a><\/p>\n\n\n\n<p><strong>28. 4. 2020<br>As many as 80% of Slovaks suffer from coronacrisis, but it is not out of concern for health. What&#8217;s bothering us?<\/strong> \u2013 the first research results under an international project involving a team from the Department of Psychology, Faculty of Arts, Pavol Jozef \u0160af\u00e1rik University in Ko\u0161ice; EngNews24h.com<br><a href=\"https:\/\/engnews24h.com\/as-many-as-80-of-slovaks-suffer-from-coronacrisis-but-it-is-not-out-of-concern-for-health-whats-bothering-us\/\" target=\"_blank\" rel=\"noopener\">https:\/\/engnews24h.com\/as-many-as-80-of-slovaks-suffer-from-coronacrisis-but-it-is-not-out-of-concern-for-health-whats-bothering-us\/<\/a><\/p>\n\n\n\n<p><strong>28. 4. 2020<br>Bis zu 80% der Slowaken leiden an Koronakrisis, aber es ist nicht aus Sorge um die Gesundheit. Was st\u00f6rt uns?<\/strong> \u2013 dies folgt aus den ersten Forschungsergebnissen unter ein internationales Projekt mit einem Team der Abteilung f\u00fcr Psychologie Philosophische Fakult\u00e4t, Pavol Jozef \u0160af\u00e1rik Universit\u00e4t in Ko\u0161ice; GerNews24h.com<br><a href=\"http:\/\/gernews24h.com\/bis-zu-80-der-slowaken-leiden-an-koronakrisis-aber-es-ist-nicht-aus-sorge-um-die-gesundheit-was-stort-uns\/\" target=\"_blank\" rel=\"noopener\">http:\/\/gernews24h.com\/bis-zu-80-der-slowaken-leiden-an-koronakrisis-aber-es-ist-nicht-aus-sorge-um-die-gesundheit-was-stort-uns\/<\/a><\/p>\n\n\n\n<p><strong>28. 4. 2020<br>Jusqu\u2019\u00e0 80% des Slovaques souffrent de coronacrisis, mais ce n\u2019est pas par souci de sant\u00e9. Qu\u2019est-ce qui nous d\u00e9range?<\/strong> \u2013 cela d\u00e9coule des premiers r\u00e9sultats de recherche un projet international impliquant une \u00e9quipe du D\u00e9partement de psychologie Facult\u00e9 des arts, Universit\u00e9 Pavol Jozef \u0160af\u00e1rik de Ko\u0161ice; FreNews24h.com<br><a href=\"http:\/\/frenews24h.com\/jusqua-80-des-slovaques-souffrent-de-coronacrisis-mais-ce-nest-pas-par-souci-de-sante-quest-ce-qui-nous-derange\/\" target=\"_blank\" rel=\"noopener\">http:\/\/frenews24h.com\/jusqua-80-des-slovaques-souffrent-de-coronacrisis-mais-ce-nest-pas-par-souci-de-sante-quest-ce-qui-nous-derange\/<\/a><\/p>\n\n\n\n<p><strong>28. 4. 2020<br>\u0414\u043e 80% \u0441\u043b\u043e\u0432\u0430\u043a\u043e\u0432 \u0441\u0442\u0440\u0430\u0434\u0430\u044e\u0442 \u043e\u0442 \u043a\u043e\u0440\u043e\u043d\u0430\u043a\u0440\u0438\u0437\u0430, \u043d\u043e \u044d\u0442\u043e \u043d\u0435 \u0438\u0437-\u0437\u0430 \u0437\u0430\u0431\u043e\u0442\u044b \u043e \u0437\u0434\u043e\u0440\u043e\u0432\u044c\u0435. \u0427\u0442\u043e \u043d\u0430\u0441 \u0431\u0435\u0441\u043f\u043e\u043a\u043e\u0438\u0442?<\/strong> \u2013 \u044d\u0442\u043e \u0441\u043b\u0435\u0434\u0443\u0435\u0442 \u0438\u0437 \u043f\u0435\u0440\u0432\u044b\u0445 \u0440\u0435\u0437\u0443\u043b\u044c\u0442\u0430\u0442\u043e\u0432 \u0438\u0441\u0441\u043b\u0435\u0434\u043e\u0432\u0430\u043d\u0438\u0439 \u043f\u043e\u0434 \u043c\u0435\u0436\u0434\u0443\u043d\u0430\u0440\u043e\u0434\u043d\u044b\u0439 \u043f\u0440\u043e\u0435\u043a\u0442 \u0441 \u0443\u0447\u0430\u0441\u0442\u0438\u0435\u043c \u043a\u043e\u043c\u0430\u043d\u0434\u044b \u0438\u0437 \u041a\u0430\u0444\u0435\u0434\u0440\u044b \u043f\u0441\u0438\u0445\u043e\u043b\u043e\u0433\u0438\u0438, \u0424\u0438\u043b\u043e\u0441\u043e\u0444\u0441\u043a\u0438\u0439 \u0444\u0430\u043a\u0443\u043b\u044c\u0442\u0435\u0442, \u0423\u043d\u0438\u0432\u0435\u0440\u0441\u0438\u0442\u0435\u0442 \u0438\u043c\u0435\u043d\u0438 \u041f\u0430\u0432\u043b\u0430 \u042e\u0437\u0435\u0444\u0430 \u0428\u0430\u0444\u0430\u0440\u0438\u043a\u0430 \u0432 \u041a\u043e\u0448\u0438\u0446\u0435; RusNews24h.com<br><a href=\"http:\/\/rusnews24h.com\/%D0%B4%D0%BE-80-%D1%81%D0%BB%D0%BE%D0%B2%D0%B0%D0%BA%D0%BE%D0%B2-%D1%81%D1%82%D1%80%D0%B0%D0%B4%D0%B0%D1%8E%D1%82-%D0%BE%D1%82-%D0%BA%D0%BE%D1%80%D0%BE%D0%BD%D0%B0%D0%BA%D1%80%D0%B8%D0%B7%D0%B0\/\" target=\"_blank\" rel=\"noopener\">http:\/\/rusnews24h.com\/\u0434\u043e-80-\u0441\u043b\u043e\u0432\u0430\u043a\u043e\u0432-\u0441\u0442\u0440\u0430\u0434\u0430\u044e\u0442-\u043e\u0442-\u043a\u043e\u0440\u043e\u043d\u0430\u043a\u0440\u0438\u0437\u0430\/<\/a><\/p>\n\n\n\n<p><strong>28. 4. 2020<br>Emergenza Covid, l\u201980% degli slovacchi teme la crisi economica<\/strong> \u2013 secondo una indagine internazionale cui partecipa il Dipartimento di Psicologia della Facolt\u00e0 di Filosofia dell\u2019Universit\u00e0 Pavol Jozef \u0160af\u00e1rik di Ko\u0161ice l\u201980% degli slovacchi \u00e8 preoccupato per lo stato dell\u2019economia nazionale colpita dall\u2019emergenza del coronavirus; BuongiornoSlovacchia.sk<br><a href=\"https:\/\/www.buongiornoslovacchia.sk\/index.php\/archives\/101746\" target=\"_blank\" rel=\"noopener\">https:\/\/www.buongiornoslovacchia.sk\/index.php\/archives\/101746<\/a><\/p>\n\n\n\n<p><strong>27. 4. 2020<br>V\u00fdskum ko\u0161ick\u00fdch psychol\u00f3gov: \u013dud\u00ed znepokojuje stav hospod\u00e1rstva<\/strong> \u2013 vedeck\u00fd t\u00edm Katedry psychol\u00f3gie Filozofickej fakulty UPJ\u0160 v Ko\u0161iciach sa pridal k&nbsp;medzin\u00e1rodn\u00e9mu projektu COVIDiSTRESS Global Survey; IndexMag.sk<br><a href=\"https:\/\/indexmag.sk\/2020\/04\/27\/vyskum-kosickych-psychologov-ludi-znepokojuje-stav-hospodarstva\/\" target=\"_blank\" rel=\"noopener\">https:\/\/indexmag.sk\/2020\/04\/27\/vyskum-kosickych-psychologov-ludi-znepokojuje-stav-hospodarstva\/<\/a><\/p>\n\n\n\n<p><strong>27. 4. 2020<br>Survey: Slovaks Mostly Concerned with State of Economy<\/strong> \u2013 according to the first results of an international survey project in which the Department of Psychology of the Faculty of Arts at Pavol Jozef \u0160af\u00e1rik University in Ko\u0161ice participated; Tla\u010dov\u00e1 agent\u00fara Slovenskej republiky (TASR)<br><a href=\"https:\/\/www.tasr.sk\/tasr-clanok\/TASR:20200427TBA01029\" target=\"_blank\" rel=\"noopener\">https:\/\/www.tasr.sk\/tasr-clanok\/TASR:20200427TBA01029<\/a><\/p>\n\n\n\n<p><strong>27. 4. 2020<br>A telefon a gy\u00f3gy\u00edr a v\u00edrusos kedvetlens\u00e9gre, de a vall\u00e1s is seg\u00edthet<\/strong> \u2013 ezek az adatok abb\u00f3l a nemzetk\u00f6zi projekt els\u0151 eredm\u00e9nyeib\u0151l der\u00fclnek ki, amelyben a Kassai Pavol Jozef \u0160af\u00e1rik Egyetem B\u00f6lcs\u00e9szettudom\u00e1nyi Tansz\u00e9k\u00e9nek csapata is r\u00e9szt vett, nyilatkozta Jana Nezkusilov\u00e1, a kassai csoport egyik tagja; Parameter.sk<br><a href=\"https:\/\/parameter.sk\/telefon-gyogyir-virusos-kedvetlensegre-de-vallas-segithet\" target=\"_blank\" rel=\"noopener\">https:\/\/parameter.sk\/telefon-gyogyir-virusos-kedvetlensegre-de-vallas-segithet<\/a><\/p>\n\n\n\n<p><strong>27. 4. 2020<br>V\u00fdskum sleduje psychiku po\u010das pand\u00e9mie, Slov\u00e1ci sa ob\u00e1vaj\u00fa o ekonomiku<\/strong> \u2013 vypl\u00fdva to z prv\u00fdch v\u00fdsledkov v\u00fdskumu v r\u00e1mci medzin\u00e1rodn\u00e9ho projektu, do ktor\u00e9ho sa zapojil t\u00edm Katedry psychol\u00f3gie Filozofickej fakulty UPJ\u0160 v Ko\u0161iciach<br>\u2013 Tla\u010dov\u00e1 agent\u00fara Slovenskej republiky (TASR):<br><a href=\"https:\/\/www.tasr.sk\/tasr-clanok\/TASR:20200427TBA00913\" target=\"_blank\" rel=\"noopener\">https:\/\/www.tasr.sk\/tasr-clanok\/TASR:20200427TBA00913<\/a><br>\u2013 Dnes24.sk:<br><a href=\"https:\/\/www.dnes24.sk\/rychle-spravy\/upjs-vyskum-sleduje-psychiku-pocas-pandemie-slovaci-sa-obavaju-o-ekonomiku-81817\" target=\"_blank\" rel=\"noopener\">https:\/\/www.dnes24.sk\/rychle-spravy\/upjs-vyskum-sleduje-psychiku-pocas-pandemie-slovaci-sa-obavaju-o-ekonomiku-81817<\/a><br>\u2013 Teraz.sk:<br><a href=\"https:\/\/www.teraz.sk\/slovensko\/viac-ako-80-percent-slovakov-znepokojuj\/463108-clanok.html\" target=\"_blank\" rel=\"noopener\">https:\/\/www.teraz.sk\/slovensko\/viac-ako-80-percent-slovakov-znepokojuj\/463108-clanok.html<\/a><br>\u2013 Korz\u00e1r.sk:<br><a href=\"https:\/\/kosice.korzar.sme.sk\/c\/22392490\/slovaci-sa-najviac-obavaju-o-ekonomiku-a-toho-ze-sa-nakazia.html\" target=\"_blank\" rel=\"noopener\">https:\/\/kosice.korzar.sme.sk\/c\/22392490\/slovaci-sa-najviac-obavaju-o-ekonomiku-a-toho-ze-sa-nakazia.html<\/a><br>\u2013 Ko\u0161iceDnes.sk:<br><a href=\"https:\/\/kosicednes.sk\/zaujimavosti\/kosicki-vyskumnici-z-upjs-sleduju-psychiku-ludi-pocas-pandemie\/\" target=\"_blank\" rel=\"noopener\">https:\/\/kosicednes.sk\/zaujimavosti\/kosicki-vyskumnici-z-upjs-sleduju-psychiku-ludi-pocas-pandemie\/<\/a><br>\u2013 Nov\u00fd \u010cas (\u010cas.sk):<br><a href=\"https:\/\/www.cas.sk\/clanok\/974209\/coho-sa-najviac-boja-slovaci-a-co-im-pomaha-zvladat-pandemiu-odpoved-priniesol-velky-vyskum\/\" target=\"_blank\" rel=\"noopener\">https:\/\/www.cas.sk\/clanok\/974209\/coho-sa-najviac-boja-slovaci-a-co-im-pomaha-zvladat-pandemiu-odpoved-priniesol-velky-vyskum\/<\/a><br>\u2013 Topky.sk:<br><a href=\"https:\/\/www.topky.sk\/cl\/10\/1894125\/KORONAVIRUS-Vyskum-sleduje-psychiku-pocas-pandemie--O-TOTO-sa-Slovaci-najviac-obavaju\" target=\"_blank\" rel=\"noopener\">https:\/\/www.topky.sk\/cl\/10\/1894125\/KORONAVIRUS-Vyskum-sleduje-psychiku-pocas-pandemie&#8211;O-TOTO-sa-Slovaci-najviac-obavaju<\/a><br>\u2013 The World News:<br><a href=\"https:\/\/theworldnews.net\/sk-news\/viac-ako-80-percent-slovakov-znepokojuje-stav-narodneho-hospodarstva\" target=\"_blank\" rel=\"noopener\">https:\/\/theworldnews.net\/sk-news\/viac-ako-80-percent-slovakov-znepokojuje-stav-narodneho-hospodarstva<\/a><\/p>\n\n\n\n<p><strong>27. 4. 2020<br>Za v\u0161etk\u00fdm h\u013eadaj \u017eenu: Dennica<\/strong> \u2013 prv\u00fd \u017eensk\u00fd \u010dasopis na Slovensku (1898 \u2013 1914) predstavuje doc. PaedDr. Ivica Hajdu\u010dekov\u00e1, PhD., z Katedry slovakistiky, slovansk\u00fdch filol\u00f3gi\u00ed a komunik\u00e1cie Filozofickej fakulty UPJ\u0160 v Ko\u0161iciach; R\u00e1dio Regina (RTVS)<br><a href=\"https:\/\/reginavychod.rtvs.sk\/clanky\/za-vsetkym-hladaj-zenu\/223372\/dennica\" target=\"_blank\" rel=\"noopener\">https:\/\/reginavychod.rtvs.sk\/clanky\/za-vsetkym-hladaj-zenu\/223372\/dennica<\/a><\/p>\n\n\n\n<p><strong>27. 4. 2020<br>Jazykov\u00e9 okienko: dohliada\u0165<\/strong> \u2013 o spr\u00e1vnom pou\u017e\u00edvan\u00ed slova \u201edohliada\u0165\u201c jazykovedky\u0148a doc. PhDr. Marianna Sedl\u00e1kov\u00e1, PhD., ved\u00faca Katedry slovakistiky, slovansk\u00fdch filol\u00f3gi\u00ed a komunik\u00e1cie Filozofickej fakulty UPJ\u0160 v Ko\u0161iciach;<br><a href=\"https:\/\/reginavychod.rtvs.sk\/clanky\/zivotny-styl\/223363\/jazykove-okienko-dohliadat\" target=\"_blank\" rel=\"noopener\">https:\/\/reginavychod.rtvs.sk\/clanky\/zivotny-styl\/223363\/jazykove-okienko-dohliadat<\/a><\/p>\n\n\n\n<p><strong>25. 4. 2020<br>Koll\u00e1r pod\u013ea politologi\u010dky pokra\u010duje v predvolebnej strat\u00e9gii, komunik\u00e1cia s opoz\u00edciou je zvl\u00e1\u0161tna<\/strong> \u2013 pre agent\u00faru SITA sa vyjadrila Mgr. Ren\u00e1ta Dulinov\u00e1 Bzdilov\u00e1, PhD., z Katedry politol\u00f3gie Filozofickej fakulty UPJ\u0160 v Ko\u0161iciach<br>\u2013 WebNoviny.sk:<br><a href=\"https:\/\/www.webnoviny.sk\/kollar-podla-politologicky-pokracuje-v-predvolebnej-strategii-komunikacia-s-opoziciou-je-zvlastna\/\" target=\"_blank\" rel=\"noopener\">https:\/\/www.webnoviny.sk\/kollar-podla-politologicky-pokracuje-v-predvolebnej-strategii-komunikacia-s-opoziciou-je-zvlastna\/<\/a><br>\u2013 24 hod\u00edn \u2013 denn\u00edk pre v\u0161etk\u00fdch:<br><a href=\"https:\/\/www.24hod.sk\/kollar-podla-politologicky-pokracuje-v-predvolebnej-strategii-komunikacia-s-opoziciou-je-zvlastna-cl736240.html\" target=\"_blank\" rel=\"noopener\">https:\/\/www.24hod.sk\/kollar-podla-politologicky-pokracuje-v-predvolebnej-strategii-komunikacia-s-opoziciou-je-zvlastna-cl736240.html<\/a><br>\u2013 Financial Report:<br><a href=\"https:\/\/www.finreport.sk\/agenturne-spravy\/kollar-podla-politologicky-pokracuje-v-predvolebnej-strategii-komunikacia-s-opoziciou-je-zvlastna\/\" target=\"_blank\" rel=\"noopener\">https:\/\/www.finreport.sk\/agenturne-spravy\/kollar-podla-politologicky-pokracuje-v-predvolebnej-strategii-komunikacia-s-opoziciou-je-zvlastna\/<\/a><br>\u2013 Economics.sk:<br><a href=\"https:\/\/economics.sk\/ine-spravy\/spravy\/slovensko\/kollar-podla-politologicky-pokracuje-v-predvolebnej-strategii-komunikacia-s-opoziciou-je-zvlastna\/\" target=\"_blank\" rel=\"noopener\">https:\/\/economics.sk\/ine-spravy\/spravy\/slovensko\/kollar-podla-politologicky-pokracuje-v-predvolebnej-strategii-komunikacia-s-opoziciou-je-zvlastna\/<\/a><br>\u2013 Aktualizovan\u00e9.sk:<br><a href=\"https:\/\/aktualizovane.sk\/kollar-podla-politologicky-pokracuje-v-predvolebnej-strategii-komunikacia-s-opoziciou-je-zvlastna\/\" target=\"_blank\" rel=\"noopener\">https:\/\/aktualizovane.sk\/kollar-podla-politologicky-pokracuje-v-predvolebnej-strategii-komunikacia-s-opoziciou-je-zvlastna\/<\/a><\/p>\n\n\n\n<p><strong>23. 4. 2020<br>Za v\u0161etk\u00fdm h\u013eadaj \u017eenu: Ter\u00e9zia Vansov\u00e1<\/strong> \u2013 spisovate\u013eka, kult\u00farna pracovn\u00ed\u010dka, etnografka, podporovate\u013eka ochotn\u00edckeho divadla \u2013 Ter\u00e9ziu Vansov\u00fa predstavuje doc. PaedDr. Ivica Hajdu\u010dekov\u00e1, PhD., z Katedry slovakistiky, slovansk\u00fdch filol\u00f3gi\u00ed a komunik\u00e1cie Filozofickej fakulty UPJ\u0160 v Ko\u0161iciach; R\u00e1dio Regina (RTVS)<br><a href=\"https:\/\/reginavychod.rtvs.sk\/clanky\/za-vsetkym-hladaj-zenu\/223120\/terezia-vansova\" target=\"_blank\" rel=\"noopener\">https:\/\/reginavychod.rtvs.sk\/clanky\/za-vsetkym-hladaj-zenu\/223120\/terezia-vansova<\/a><\/p>\n\n\n\n<p><strong>22. 4. 2020<br>V\u00fdskum ko\u0161ick\u00fdch psychol\u00f3gov: Seniori pre\u017e\u00edvaj\u00fa koronakr\u00edzu sk\u00f4r pozit\u00edvne<\/strong> \u2013 zistil vedeck\u00fd t\u00edm z Katedry psychol\u00f3gie Filozofickej fakulty UPJ\u0160 v Ko\u0161iciach; Ko\u0161ice:Dnes<br><a href=\"https:\/\/kosicednes.sk\/zaujimavosti\/vyskum-kosickych-psychologov-seniori-prezivaju-koronakrizu-skor-pozitivne\/\" target=\"_blank\" rel=\"noopener\">https:\/\/kosicednes.sk\/zaujimavosti\/vyskum-kosickych-psychologov-seniori-prezivaju-koronakrizu-skor-pozitivne\/<\/a><\/p>\n\n\n\n<p><strong>21. 4. 2020<br>Opatrenia proti \u0161\u00edreniu n\u00e1kazy v\u00e4\u010d\u0161inu d\u00f4chodcov neob\u0165a\u017euj\u00fa, uk\u00e1zal prieskum<\/strong> \u2013 realizoval ho v\u00fdskumn\u00fd t\u00edm Katedry psychol\u00f3gie Filozofickej fakulty UPJ\u0160 v Ko\u0161iciach<br>\u2013 SME:<br><a href=\"https:\/\/domov.sme.sk\/c\/22388234\/opatrenia-proti-sireniu-nakazy-dochodcov-neobtazuju.html\" target=\"_blank\" rel=\"noopener\">https:\/\/domov.sme.sk\/c\/22388234\/opatrenia-proti-sireniu-nakazy-dochodcov-neobtazuju.html<\/a><br>\u2013 Korz\u00e1r:<br><a href=\"https:\/\/kosice.korzar.sme.sk\/c\/22388253\/opatrenia-proti-sireniu-nakazy-vacsinu-dochodcov-neobtazuju-ukazal-prieskum.html\" target=\"_blank\" rel=\"noopener\">https:\/\/kosice.korzar.sme.sk\/c\/22388253\/opatrenia-proti-sireniu-nakazy-vacsinu-dochodcov-neobtazuju-ukazal-prieskum.html<\/a><br>\u2013 Denn\u00edk S:<br><a href=\"https:\/\/denniks.sk\/37518\/prieskum-opatrenia-proti-sireniu-nakazy-dochodcov-neobtazuju\/\" target=\"_blank\" rel=\"noopener\">https:\/\/denniks.sk\/37518\/prieskum-opatrenia-proti-sireniu-nakazy-dochodcov-neobtazuju\/<\/a><br>\u2013 Pie\u0161\u0165ansk\u00fd denn\u00edk:<br><a href=\"https:\/\/www.piestanskydennik.sk\/2020\/04\/22\/opatrenia-proti-sireniu-nakazy-vacsinu-dochodcov-vraj-neobtazuju\/\" target=\"_blank\" rel=\"noopener\">https:\/\/www.piestanskydennik.sk\/2020\/04\/22\/opatrenia-proti-sireniu-nakazy-vacsinu-dochodcov-vraj-neobtazuju\/<\/a><\/p>\n\n\n\n<p><strong>19. 4. 2020<br>Programov\u00e9 vyhl\u00e1senie Matovi\u010dovej vl\u00e1dy bolo pre koronav\u00edrus \u0161it\u00e9 hor\u00facou ihlou<\/strong> \u2013 pre agent\u00faru SITA to uviedol Mgr. J\u00e1n Ruman, PhD., z Katedry politol\u00f3gie Filozofickej fakulty UPJ\u0160 v Ko\u0161iciach<br>\u2013 WebNoviny.sk:<br><a href=\"https:\/\/www.webnoviny.sk\/pre-koronavirus-bol-text-programoveho-vyhlasenia-vlady-sity-horucou-ihlou-mysli-si-ruman\/\" target=\"_blank\" rel=\"noopener\">https:\/\/www.webnoviny.sk\/pre-koronavirus-bol-text-programoveho-vyhlasenia-vlady-sity-horucou-ihlou-mysli-si-ruman\/<\/a><br>\u2013 The World News:<br><a href=\"https:\/\/theworldnews.net\/sk-news\/programove-vyhlasenie-matovicovej-vlady-bolo-pre-koronavirus-site-horucou-ihlou-mysli-si-ruman\" target=\"_blank\" rel=\"noopener\">https:\/\/theworldnews.net\/sk-news\/programove-vyhlasenie-matovicovej-vlady-bolo-pre-koronavirus-site-horucou-ihlou-mysli-si-ruman<\/a><br>\u2013 Financial Report:<br><a href=\"https:\/\/www.finreport.sk\/agenturne-spravy\/programove-vyhlasenie-matovicovej-vlady-bolo-pre-koronavirus-site-horucou-ihlou-mysli-si-ruman\/\" target=\"_blank\" rel=\"noopener\">https:\/\/www.finreport.sk\/agenturne-spravy\/programove-vyhlasenie-matovicovej-vlady-bolo-pre-koronavirus-site-horucou-ihlou-mysli-si-ruman\/<\/a><br>\u2013 24 hod\u00edn \u2013 denn\u00edk pre v\u0161etk\u00fdch:<br><a href=\"https:\/\/www.24hod.sk\/programove-vyhlasenie-matovicovej-vlady-bolo-pre-koronavirus-site-horucou-ihlou-mysli-si-ruman-cl735918.html\" target=\"_blank\" rel=\"noopener\">https:\/\/www.24hod.sk\/programove-vyhlasenie-matovicovej-vlady-bolo-pre-koronavirus-site-horucou-ihlou-mysli-si-ruman-cl735918.html<\/a><br>\u2013 Pozri.sk:<br><a href=\"https:\/\/spravy.pozri.sk\/clanok\/programove-vyhlasenie-matovicovej-vlady-bolo-pre-koronavirus-site-horucou-ihlou-mysli-si-ruman\/1512844\" target=\"_blank\" rel=\"noopener\">https:\/\/spravy.pozri.sk\/clanok\/programove-vyhlasenie-matovicovej-vlady-bolo-pre-koronavirus-site-horucou-ihlou-mysli-si-ruman\/1512844<\/a><br>\u2013 StartItUp.sk:<br><a href=\"https:\/\/www.startitup.sk\/igor-matovic-dnes-predstavil-kostovku-toho-co-caka-slovensko\/\" target=\"_blank\" rel=\"noopener\">https:\/\/www.startitup.sk\/igor-matovic-dnes-predstavil-kostovku-toho-co-caka-slovensko\/<\/a><br>\u2013 Denn\u00edk S:<br><a href=\"https:\/\/denniks.sk\/37040\/text-programoveho-vyhlasenia-vlady-sity-horucou-ihlou-hlavnym-dovodom-je-koronakriza-tvrdi-politolog\/\" target=\"_blank\" rel=\"noopener\">https:\/\/denniks.sk\/37040\/text-programoveho-vyhlasenia-vlady-sity-horucou-ihlou-hlavnym-dovodom-je-koronakriza-tvrdi-politolog\/<\/a><br>\u2013 InfoZ\u00f3na.sk:<br><a href=\"https:\/\/infozona.sk\/programove-vyhlasenie-matovicovej-vlady-bolo-pre-koronavirus-site-horucou-ihlou-mysli-si-ruman\/\" target=\"_blank\" rel=\"noopener\">https:\/\/infozona.sk\/programove-vyhlasenie-matovicovej-vlady-bolo-pre-koronavirus-site-horucou-ihlou-mysli-si-ruman\/<\/a><br>\u2013 eGoodWill:<br><a href=\"https:\/\/egoodwill.sk\/aktuality\/spravy\/programove-vyhlasenie-matovicovej-vlady-bolo-pre-koronavirus-site-horucou-ihlou-mysli-si-ruman\/\" target=\"_blank\" rel=\"noopener\">https:\/\/egoodwill.sk\/aktuality\/spravy\/programove-vyhlasenie-matovicovej-vlady-bolo-pre-koronavirus-site-horucou-ihlou-mysli-si-ruman\/<\/a><\/p>\n\n\n\n<p><strong>12. 4. 2020<br>Psychologi\u010dky: Na\u0161a miera \u017eivotn\u00e9ho optimizmu je dnes kruto sk\u00fa\u0161an\u00e1<\/strong> \u2013 dekanka Filozofickej fakulty UPJ\u0160 v Ko\u0161iciach prof. PhDr. O\u013ega Orosov\u00e1, CSc., a Silvia Mochnack\u00fd, MSc., sa zhodli, \u017ee \u201eto, ak\u00ed naozaj sme, preveria najm\u00e4 n\u00e1ro\u010dn\u00e9 \u017eivotn\u00e9 situ\u00e1cie\u201c; denn\u00edk Korz\u00e1r (SME) + Ko\u0161ick\u00fd ve\u010der (9. 4. 2020, s. 5)<br><a href=\"https:\/\/kosice.korzar.sme.sk\/c\/22374647\/nasa-miera-zivotneho-optimizmu-je-dnes-kruto-skusana-zhodli-sa-psychologicky.html\" target=\"_blank\" rel=\"noopener\">https:\/\/kosice.korzar.sme.sk\/c\/22374647\/nasa-miera-zivotneho-optimizmu-je-dnes-kruto-skusana-zhodli-sa-psychologicky.html<\/a><\/p>\n\n\n\n<p><strong>12. 4. 2020<br>Symbolika Ve\u013ekej noci napriek koronav\u00edrusu pretrv\u00e1va<\/strong> \u2013 kulturol\u00f3g PhDr. Luk\u00e1\u0161 \u0160utor, PhD., z Katedry slovakistiky, slovansk\u00fdch filol\u00f3gi\u00ed a komunik\u00e1cie Filozofickej fakulty UPJ\u0160 v Ko\u0161iciach o p\u00f4vode ve\u013ekono\u010dn\u00fdch symbolov; Ko\u0161ice Dnes<br><a href=\"https:\/\/kosicednes.sk\/kultura\/symbolika-velkej-noci-napriek-koronavirusu-pretrvava\/\" target=\"_blank\" rel=\"noopener\">https:\/\/kosicednes.sk\/kultura\/symbolika-velkej-noci-napriek-koronavirusu-pretrvava\/<\/a><\/p>\n\n\n\n<p><strong>12. 4. 2020<br>Duch Ve\u013ekej noci bez objat\u00ed pre\u017eije<\/strong> \u2013 p\u00f4vod ve\u013ekono\u010dn\u00fdch symbolov pribli\u017euje kulturol\u00f3g PhDr. Luk\u00e1\u0161 \u0160utor, PhD.; psychol\u00f3g Mgr. Ondrej Kalina, PhD., sa zam\u00fd\u0161\u013ea nad t\u00fdm, ako mimoriadna situ\u00e1cia spojen\u00e1 so \u0161\u00edren\u00edm koronav\u00edrusu ovplyv\u0148uje soci\u00e1lne spr\u00e1vanie \u013eud\u00ed \u2013 obaja vedci p\u00f4sobia na Filozofickej fakulte UPJ\u0160 v Ko\u0161iciach (L. \u0160utor na Katedre slovakistiky, slovansk\u00fdch filol\u00f3gi\u00ed a komunik\u00e1cie, O. Kalina na Katedre pedagogickej psychol\u00f3gie a psychol\u00f3gie zdravia); Veda na dosah (CVTI SR)<br><a href=\"https:\/\/vedanadosah.cvtisr.sk\/duch-velkej-noci-bez-objati-prezije\" target=\"_blank\" rel=\"noopener\">https:\/\/vedanadosah.cvtisr.sk\/duch-velkej-noci-bez-objati-prezije<\/a><\/p>\n\n\n\n<p><strong>9. 4. 2020<br>Za v\u0161etk\u00fdm h\u013eadaj \u017eenu: Anna Perten<\/strong> \u2013 o budite\u013eke \u010desk\u00e9ho \u017eensk\u00e9ho robotn\u00edckeho hnutia s Mgr. Ren\u00e1tou Dulinovou Bzdilovou, PhD., z Katedry politol\u00f3gie Filozofickej fakulty UPJ\u0160 v Ko\u0161iciach; R\u00e1dio Regina V\u00fdchod (RTVS)<br><a href=\"https:\/\/reginavychod.rtvs.sk\/clanky\/za-vsetkym-hladaj-zenu\/222002\/anna-perten\" target=\"_blank\" rel=\"noopener\">https:\/\/reginavychod.rtvs.sk\/clanky\/za-vsetkym-hladaj-zenu\/222002\/anna-perten<\/a><\/p>\n\n\n\n<p><strong>5. 4. 2020<br>Spr\u00e1vy RTVS: Deti sa boja koronav\u00edrusu aj osamelosti<\/strong> (38:18 \u2013 40:18) \u2013 telev\u00edzny pr\u00edspevok s vyjadren\u00edm riadite\u013ea Linky detskej d\u00f4very Mgr. Vladim\u00edra Lichnera, PhD., z Katedry soci\u00e1lnej pr\u00e1ce Filozofickej fakulty UPJ\u0160 v Ko\u0161iciach; Jednotka (RTVS)<br><a href=\"https:\/\/www.rtvs.sk\/televizia\/archiv\/13982\/219611\" target=\"_blank\" rel=\"noopener\">https:\/\/www.rtvs.sk\/televizia\/archiv\/13982\/219611<\/a><\/p>\n\n\n\n<p><strong>3. 4. 2020<br>Za v\u0161etk\u00fdm h\u013eadaj \u017eenu: Emma M\u00e1ria Herzig<\/strong> \u2013 do roku 1925 bola sen\u00e1torkou N\u00e1rodn\u00e9ho zhroma\u017edenia \u010cSR \u2013 informuje Mgr. Ren\u00e1ta Dulinov\u00e1 Bzdilov\u00e1, PhD., z Katedry politol\u00f3gie Filozofickej fakulty UPJ\u0160 v Ko\u0161iciach; R\u00e1dio Regina V\u00fdchod (RTVS)<br><a href=\"https:\/\/reginavychod.rtvs.sk\/clanky\/za-vsetkym-hladaj-zenu\/221562\/emma-maria-herzig\" target=\"_blank\" rel=\"noopener\">https:\/\/reginavychod.rtvs.sk\/clanky\/za-vsetkym-hladaj-zenu\/221562\/emma-maria-herzig<\/a><\/p>\n\n\n\n<p><strong>3. 4. 2020<br>Jazykov\u00e9 okienko: zav\u00edrusen\u00fd<\/strong> \u2013 jazykovedky\u0148a doc. PhDr. Marianna Sedl\u00e1kov\u00e1, PhD., ved\u00faca Katedry slovakistiky, slovansk\u00fdch filol\u00f3gi\u00ed a komunik\u00e1cie Filozofickej fakulty UPJ\u0160 v Ko\u0161iciach, o spr\u00e1vnom pou\u017e\u00edvan\u00ed slov zav\u00edren\u00fd, zav\u00edrusen\u00fd a zav\u00edrusovan\u00fd; R\u00e1dio Regina V\u00fdchod (RTVS)<br><a href=\"https:\/\/reginavychod.rtvs.sk\/clanky\/zivotny-styl\/221554\/jazykove-okienko-zaviruseny\" target=\"_blank\" rel=\"noopener\">https:\/\/reginavychod.rtvs.sk\/clanky\/zivotny-styl\/221554\/jazykove-okienko-zaviruseny<\/a><\/p>\n\n\n\n<p><strong>2. 4. 2020<br>Politol\u00f3g: Nepredv\u00eddate\u013enos\u0165 je Matovi\u010dovi na \u0161kodu, \u00favahy o blackoute bez anal\u00fdz s\u00fa pre\u0161\u013eapom<\/strong> \u2013 pre agent\u00faru SITA to uviedol Mgr. Gabriel E\u0161tok, PhD., z Katedry politol\u00f3gie Filozofickej fakulty UPJ\u0160 v Ko\u0161iciach<br>\u2013 WebNoviny.sk:<br><a href=\"https:\/\/www.webnoviny.sk\/politolog-nepredvidatelnost-je-matovicovi-na-skodu-uvahy-o-blackoute-bez-analyz-su-preslapom\/\" target=\"_blank\" rel=\"noopener\">https:\/\/www.webnoviny.sk\/politolog-nepredvidatelnost-je-matovicovi-na-skodu-uvahy-o-blackoute-bez-analyz-su-preslapom\/<\/a><br>\u2013 24 hod\u00edn \u2013 denn\u00edk pre v\u0161etk\u00fdch:<br><a href=\"https:\/\/www.24hod.sk\/politolog-nepredvidatelnost-je-matovicovi-na-skodu-uvahy-o-blackoute-bez-analyz-su-preslapom-cl735197.html\" target=\"_blank\" rel=\"noopener\">https:\/\/www.24hod.sk\/politolog-nepredvidatelnost-je-matovicovi-na-skodu-uvahy-o-blackoute-bez-analyz-su-preslapom-cl735197.html<\/a><br>\u2013 Financial Report:<br><a href=\"https:\/\/www.finreport.sk\/agenturne-spravy\/politolog-nepredvidatelnost-je-matovicovi-na-skodu-uvahy-o-blackoute-bez-analyz-su-preslapom\/\" target=\"_blank\" rel=\"noopener\">https:\/\/www.finreport.sk\/agenturne-spravy\/politolog-nepredvidatelnost-je-matovicovi-na-skodu-uvahy-o-blackoute-bez-analyz-su-preslapom\/<\/a><br>\u2013 Aktualizovan\u00e9.sk:<br><a href=\"https:\/\/aktualizovane.sk\/politolog-nepredvidatelnost-je-matovicovi-na-skodu-uvahy-o-blackoute-bez-analyz-su-preslapom\/\" target=\"_blank\" rel=\"noopener\">https:\/\/aktualizovane.sk\/politolog-nepredvidatelnost-je-matovicovi-na-skodu-uvahy-o-blackoute-bez-analyz-su-preslapom\/<\/a><br>\u2013 InfoZ\u00f3na.sk:<br><a href=\"https:\/\/infozona.sk\/politolog-nepredvidatelnost-je-matovicovi-na-skodu-uvahy-o-blackoute-bez-analyz-su-preslapom\/\" target=\"_blank\" rel=\"noopener\">https:\/\/infozona.sk\/politolog-nepredvidatelnost-je-matovicovi-na-skodu-uvahy-o-blackoute-bez-analyz-su-preslapom\/<\/a><br>\u2013 eGoodWill:<br><a href=\"https:\/\/egoodwill.sk\/aktuality\/spravy\/politolog-nepredvidatelnost-je-matovicovi-na-skodu-uvahy-o-blackoute-bez-analyz-su-preslapom\/\" target=\"_blank\" rel=\"noopener\">https:\/\/egoodwill.sk\/aktuality\/spravy\/politolog-nepredvidatelnost-je-matovicovi-na-skodu-uvahy-o-blackoute-bez-analyz-su-preslapom\/<\/a><br>\u2013 Denn\u00edk S:<br><a href=\"https:\/\/denniks.sk\/33784\/matovicove-vyhlasenia-k-blackoutu-potvrdili-ze-je-nepredvidatelny-oslabuje-to-jeho-poziciu-tvrdi-politolog\/\" target=\"_blank\" rel=\"noopener\">https:\/\/denniks.sk\/33784\/matovicove-vyhlasenia-k-blackoutu-potvrdili-ze-je-nepredvidatelny-oslabuje-to-jeho-poziciu-tvrdi-politolog\/<\/a><\/p>\n\n\n\n<p><strong>2. 4. 2020<br>Ako pre\u017e\u00edvame n\u00e1rast chor\u00fdch na Covid-19<\/strong> \u2013 Katedra psychol\u00f3gie Filozofickej fakulty UPJ\u0160 v Ko\u0161iciach realizuje v\u00fdskum zameran\u00fd na to, ako \u013eudia vn\u00edmaj\u00fa hrozbu n\u00e1kazy koronav\u00edrusom a nako\u013eko sa pred n\u00edm chr\u00e1nia; Veda na dosah<br><a href=\"https:\/\/vedanadosah.cvtisr.sk\/ako-prezivame-narast-chorych-na-covid-19\" target=\"_blank\" rel=\"noopener\">https:\/\/vedanadosah.cvtisr.sk\/ako-prezivame-narast-chorych-na-covid-19<\/a><\/p>\n\n\n\n<p><strong>31. 3. 2020<br>Ve\u010dern\u00e9 reflexie<\/strong> \u2013 s hostkou prof. PhDr. O\u013egou Orosovou, CSc., dekankou Filozofickej fakulty UPJ\u0160 v Ko\u0161iciach; R\u00e1dio Regina (RTVS)<br><a href=\"https:\/\/www.rtvs.sk\/radio\/archiv\/1692\/1307965\" target=\"_blank\" rel=\"noopener\">https:\/\/www.rtvs.sk\/radio\/archiv\/1692\/1307965<\/a><\/p>\n\n\n\n<p><strong>30. 3. 2020<br>Pred sto rokmi vznikla \u0161t\u00e1tna vlajka b\u00fdval\u00e9ho \u010ceskoslovenska<\/strong> \u2013 s vyjadreniami historika Mgr. Henricha Hrehora, PhD., z Katedry hist\u00f3rie Filozofickej fakulty UPJ\u0160 v Ko\u0161iciach; Ko\u0161iceOnline.sk<br><a href=\"https:\/\/www.kosiceonline.sk\/pred-sto-rokmi-vznikla-statna-vlajka-byvaleho-ceskoslovenska\" target=\"_blank\" rel=\"noopener\">https:\/\/www.kosiceonline.sk\/pred-sto-rokmi-vznikla-statna-vlajka-byvaleho-ceskoslovenska<\/a><\/p>\n\n\n\n<p><strong>30. 3. 2020<br>V\u00fdskum psychol\u00f3gov UPJ\u0160: \u013dudia s vy\u0161\u0161ou toleranciou neistoty poci\u0165uj\u00fa ni\u017e\u0161ie ohrozenie koronav\u00edrusom<\/strong> \u2013 v\u00fdskumn\u00fd t\u00edm Katedry psychol\u00f3gie Filozofickej fakulty UPJ\u0160 v Ko\u0161iciach sa zameria aj na zmeny psychick\u00e9ho zdravia v d\u00f4sledku narastania po\u010dtu infikovan\u00fdch; IndexMag.sk<br><a href=\"https:\/\/indexmag.sk\/2020\/03\/30\/vyskum-psychologov-upjs-ludia-s-vyssou-toleranciou-neistoty-pocituju-nizsie-ohrozenie-koronavirusom\/\" target=\"_blank\" rel=\"noopener\">https:\/\/indexmag.sk\/2020\/03\/30\/vyskum-psychologov-upjs-ludia-s-vyssou-toleranciou-neistoty-pocituju-nizsie-ohrozenie-koronavirusom\/<\/a><\/p>\n\n\n\n<p><strong>29. 3. 2020<br>Aktu\u00e1lny v\u00fdskum ko\u0161ick\u00fdch psychol\u00f3gov: \u013dudia s vy\u0161\u0161ou toleranciou neistoty poci\u0165uj\u00fa ni\u017e\u0161ie ohrozenie koronav\u00edrusom<\/strong> \u2013 v\u00fdskumn\u00fd t\u00edm Katedry psychol\u00f3gie Filozofickej fakulty UPJ\u0160 v Ko\u0161iciach sa zameria aj na to, ako sa psychick\u00e9 zdravie men\u00ed v d\u00f4sledku narastania po\u010dtu infikovan\u00fdch; U\u010dite\u013esk\u00e9 noviny<br><a href=\"https:\/\/www.ucn.sk\/externe\/aktualny-vyskum-kosickych-psychologov-ludia-s-vyssou-toleranciou-neistoty-pocituju-nizsie-ohrozenie-koronavirusom\" target=\"_blank\" rel=\"noopener\">https:\/\/www.ucn.sk\/externe\/aktualny-vyskum-kosickych-psychologov-ludia-s-vyssou-toleranciou-neistoty-pocituju-nizsie-ohrozenie-koronavirusom<\/a><\/p>\n\n\n\n<p><strong>29. 3. 2020<br>Ko\u0161ick\u00e1 UPJ\u0160 sk\u00fama, ako na \u013eudsk\u00fa psychiku vpl\u00fdva koronav\u00edrus<\/strong> \u2013 \u013eudia s vy\u0161\u0161ou toleranciou neistoty poci\u0165uj\u00fa ni\u017e\u0161ie ohrozenie nov\u00fdm koronav\u00edrusom \u2013 vypl\u00fdva to z v\u00fdskumu, ktor\u00fd v s\u00fa\u010dasnosti realizuje Katedra psychol\u00f3gie Filozofickej fakulty UPJ\u0160 v Ko\u0161iciach; Ko\u0161iceOnline.sk<br><a href=\"https:\/\/www.kosiceonline.sk\/kosicka-upjs-skuma-ako-na-ludsku-psychiku-vplyva-koronavirus\" target=\"_blank\" rel=\"noopener\">https:\/\/www.kosiceonline.sk\/kosicka-upjs-skuma-ako-na-ludsku-psychiku-vplyva-koronavirus<\/a><\/p>\n\n\n\n<p><strong>28. 3. 2020<br>\u013dudia s vy\u0161\u0161ou mierou tolerancie neistoty poci\u0165uj\u00fa ni\u017e\u0161iu mieru ohrozenia koronav\u00edrusom<\/strong> \u2013 uk\u00e1zali to v\u00fdsledky v\u00fdskumu, ktor\u00fd aktu\u00e1lne realizuj\u00fa na Katedre psychol\u00f3gie Filozofickej fakulty UPJ\u0160 v Ko\u0161iciach<br>\u2013 Tla\u010dov\u00e1 agent\u00fara Slovenskej republiky (TASR):<br><a href=\"https:\/\/www.tasr.sk\/tasr-clanok\/TASR:20200328TBB00146\" target=\"_blank\" rel=\"noopener\">https:\/\/www.tasr.sk\/tasr-clanok\/TASR:20200328TBB00146<\/a><br>\u2013 The Daily Breaking News:<br><a href=\"https:\/\/thedailybreakingnews.com\/european-union-2\/slovakia\/prieskum-ohrozenie-koronavirusom-pocituju-ludia-s-vyssou-toleranciou-neistoty-menej-domace-spravy\/\" target=\"_blank\" rel=\"noopener\">https:\/\/thedailybreakingnews.com\/european-union-2\/slovakia\/prieskum-ohrozenie-koronavirusom-pocituju-ludia-s-vyssou-toleranciou-neistoty-menej-domace-spravy\/<\/a><br>\u2013 The World News:<br><a href=\"https:\/\/theworldnews.net\/sk-news\/ohrozenie-virusom-pocituju-ludia-s-vyssou-toleranciou-neistoty-menej\" target=\"_blank\" rel=\"noopener\">https:\/\/theworldnews.net\/sk-news\/ohrozenie-virusom-pocituju-ludia-s-vyssou-toleranciou-neistoty-menej<\/a><br>\u2013 Pravda.sk (Spr\u00e1vy):<br><a href=\"https:\/\/spravy.pravda.sk\/domace\/clanok\/546975-prieskum-ohrozenie-koronavirusom-pocituju-ludia-s-vyssou-toleranciou-neistoty-menej\/\" target=\"_blank\" rel=\"noopener\">https:\/\/spravy.pravda.sk\/domace\/clanok\/546975-prieskum-ohrozenie-koronavirusom-pocituju-ludia-s-vyssou-toleranciou-neistoty-menej\/<\/a><br>\u2013 Pravda.sk (Veda a technika):<br><a href=\"https:\/\/vat.pravda.sk\/clovek\/clanok\/546986-ludia-s-vyssou-mierou-tolerancie-neistoty-pocituju-nizsiu-mieru-ohrozenia-koronavirusom\/\" target=\"_blank\" rel=\"noopener\">https:\/\/vat.pravda.sk\/clovek\/clanok\/546986-ludia-s-vyssou-mierou-tolerancie-neistoty-pocituju-nizsiu-mieru-ohrozenia-koronavirusom\/<\/a><br>\u2013 Noviny.sk (JOJ):<br><a href=\"https:\/\/www.noviny.sk\/521481-ludia-s-vyssou-mierou-tolerancie-neistoty-pocituju-nizsiu-mieru-ohrozenia-koronavirusom-ukazal-vyskum-ujps\" target=\"_blank\" rel=\"noopener\">https:\/\/www.noviny.sk\/521481-ludia-s-vyssou-mierou-tolerancie-neistoty-pocituju-nizsiu-mieru-ohrozenia-koronavirusom-ukazal-vyskum-ujps<\/a><br>\u2013 Korz\u00e1r \u2013 denn\u00edk Ko\u0161ick\u00e9ho kraja:<br><a href=\"https:\/\/kosice.korzar.sme.sk\/c\/22370615\/miestam-s-vysokou-koncentraciou-ludi-sa-snazi-vyhybat-95-percent-opytanych.html\" target=\"_blank\" rel=\"noopener\">https:\/\/kosice.korzar.sme.sk\/c\/22370615\/miestam-s-vysokou-koncentraciou-ludi-sa-snazi-vyhybat-95-percent-opytanych.html<\/a><br>\u2013 Ko\u0161iceDnes.sk:<br><a href=\"https:\/\/kosicednes.sk\/udalosti\/ohrozenie-koronavirusom-pocituju-udia-s-vyssou-toleranciou-neistoty-menej\/\" target=\"_blank\" rel=\"noopener\">https:\/\/kosicednes.sk\/udalosti\/ohrozenie-koronavirusom-pocituju-udia-s-vyssou-toleranciou-neistoty-menej\/<\/a><br>\u2013 Teraz.sk:<br><a href=\"https:\/\/www.teraz.sk\/slovensko\/ohrozenie-koronavirusom-pocituju-lud\/456326-clanok.html\" target=\"_blank\" rel=\"noopener\">https:\/\/www.teraz.sk\/slovensko\/ohrozenie-koronavirusom-pocituju-lud\/456326-clanok.html<\/a><br>\u2013 WebNoviny.sk:<br><a href=\"https:\/\/www.webnoviny.sk\/vzdravotnictve\/ludia-lepsie-znasajuci-neistotu-sa-menej-boja-koronavirusu-zistili-kosicki-psychologovia\/\" target=\"_blank\" rel=\"noopener\">https:\/\/www.webnoviny.sk\/vzdravotnictve\/ludia-lepsie-znasajuci-neistotu-sa-menej-boja-koronavirusu-zistili-kosicki-psychologovia\/<\/a><br>\u2013 Topky.sk:<br><a href=\"https:\/\/www.topky.sk\/cl\/10\/1875701\/KORONAVIRUS-Ludia-s-vyssou-mierou-tolerancie-neistoty-pocituju-nizsiu-mieru-ohrozenia--ukazal-vyskum?utm_source=facebook&amp;utm_medium=social&amp;utm_campaign=korona\" target=\"_blank\" rel=\"noopener\">https:\/\/www.topky.sk\/cl\/10\/1875701\/KORONAVIRUS-Ludia-s-vyssou-mierou-tolerancie-neistoty-pocituju-nizsiu-mieru-ohrozenia&#8211;ukazal-vyskum?utm_source=facebook&amp;utm_medium=social&amp;utm_campaign=korona<\/a><br>\u2013 Pozri.sk:<br><a href=\"https:\/\/spravy.pozri.sk\/clanok\/ludia-lepsie-znasajuci-neistotu-sa-menej-boja-koronavirusu-zistili-kosicki-psychologovia\/1512020\" target=\"_blank\" rel=\"noopener\">https:\/\/spravy.pozri.sk\/clanok\/ludia-lepsie-znasajuci-neistotu-sa-menej-boja-koronavirusu-zistili-kosicki-psychologovia\/1512020<\/a><br>\u2013 24 hod\u00edn \u2013 denn\u00edk pre v\u0161etk\u00fdch:<br><a href=\"https:\/\/www.24hod.sk\/ludia-lepsie-znasajuci-neistotu-sa-menej-boja-koronavirusu-zistili-kosicki-psychologovia-cl734976.html\" target=\"_blank\" rel=\"noopener\">https:\/\/www.24hod.sk\/ludia-lepsie-znasajuci-neistotu-sa-menej-boja-koronavirusu-zistili-kosicki-psychologovia-cl734976.html<\/a><br>\u2013 StartItUp.sk:<br><a href=\"https:\/\/www.startitup.sk\/co-nam-pomaha-zvladat-uzkost-z-koronavirusu-odpoved-nasli-slovenski-vedci\/\" target=\"_blank\" rel=\"noopener\">https:\/\/www.startitup.sk\/co-nam-pomaha-zvladat-uzkost-z-koronavirusu-odpoved-nasli-slovenski-vedci\/<\/a><br>\u2013 USF.news:<br><a href=\"https:\/\/usf.news\/european-union-2\/slovakia\/prieskum-ohrozenie-koronavirusom-pocituju-ludia-s-vyssou-toleranciou-neistoty-menej-domace-spravy\/\" target=\"_blank\" rel=\"noopener\">https:\/\/usf.news\/european-union-2\/slovakia\/prieskum-ohrozenie-koronavirusom-pocituju-ludia-s-vyssou-toleranciou-neistoty-menej-domace-spravy\/<\/a><br>\u2013 Dnes24.sk:<br><a href=\"https:\/\/www.dnes24.sk\/rychle-spravy\/ohrozenie-koronavirusom-pocituju-ludia-s-vyssou-toleranciou-neistoty-menej-73164\" target=\"_blank\" rel=\"noopener\">https:\/\/www.dnes24.sk\/rychle-spravy\/ohrozenie-koronavirusom-pocituju-ludia-s-vyssou-toleranciou-neistoty-menej-73164<\/a><\/p>\n\n\n\n<p><strong>27. 3. 2020<br>Za v\u0161etk\u00fdm h\u013eadaj \u017eenu: Elena Mar\u00f3thy \u0160olt\u00e9sov\u00e1<\/strong> \u2013 ak\u00fd mala postoj k emancip\u00e1cii \u017eien? \u2013 objas\u0148uje doc. PaedDr. Ivica Hajdu\u010dekov\u00e1, PhD., z Katedry slovakistiky, slovansk\u00fdch filol\u00f3gi\u00ed a komunik\u00e1cie Filozofickej fakulty UPJ\u0160 v Ko\u0161iciach; R\u00e1dio Regina (RTVS)<br><a href=\"https:\/\/reginavychod.rtvs.sk\/clanky\/za-vsetkym-hladaj-zenu\/220925\/elena-marothy-soltesova\" target=\"_blank\" rel=\"noopener\">https:\/\/reginavychod.rtvs.sk\/clanky\/za-vsetkym-hladaj-zenu\/220925\/elena-marothy-soltesova<\/a><\/p>\n\n\n\n<p><strong>27. 3. 2020<br>Jazykov\u00e9 okienko: r\u00fa\u0161ko<\/strong> \u2013 jazykovedky\u0148a doc. PhDr. Marianna Sedl\u00e1kov\u00e1, PhD., ved\u00faca Katedry slovakistiky, slovansk\u00fdch filol\u00f3gi\u00ed a komunik\u00e1cie Filozofickej fakulty UPJ\u0160 v Ko\u0161iciach, o spr\u00e1vnom pou\u017e\u00edvan\u00ed slova r\u00fa\u0161ko; R\u00e1dio Regina (RTVS)<br><a href=\"https:\/\/reginavychod.rtvs.sk\/clanky\/zivotny-styl\/220945\/jazykove-okienko-rusko\" target=\"_blank\" rel=\"noopener\">https:\/\/reginavychod.rtvs.sk\/clanky\/zivotny-styl\/220945\/jazykove-okienko-rusko<\/a><\/p>\n\n\n\n<p><strong>25. 3. 2020<br>Ko\u0161ick\u00ed psychol\u00f3govia sk\u00famaj\u00fa emocion\u00e1lne reakcie na koronav\u00edrus<\/strong> \u2013 Katedra psychol\u00f3gie Filozofickej fakulty UPJ\u0160 v Ko\u0161iciach realizuje v t\u00fdchto d\u0148och v\u00fdskum s n\u00e1zvom Psychologick\u00e9 aspekty vn\u00edmania hrozby koronav\u00edrusu; Cassovia.sk<br><a href=\"http:\/\/www.cassovia.sk\/news\/21357\" target=\"_blank\" rel=\"noopener\">http:\/\/www.cassovia.sk\/news\/21357<\/a><\/p>\n\n\n\n<p><strong>25. 3. 2020<br>Politol\u00f3g: Po\u010det voli\u010dsk\u00fdch \u201ekr\u00fa\u017ekov\u201c Blahu a Kotlebu nes\u00favis\u00ed s obsaden\u00edm postov v parlamente<\/strong> \u2013 nere\u0161pektovanie pr\u00e1v opoz\u00edcie na predsedn\u00edcke funkcie vo v\u00fdboroch NR SR by bolo, ak by z opoz\u00edcie do t\u00fdchto funkci\u00ed nezvolili nikoho \u2013 pre agent\u00faru SITA to uviedol Mgr. J\u00e1n Ruman, PhD., z Katedry politol\u00f3gie Filozofickej fakulty UPJ\u0160 v Ko\u0161iciach<br>\u2013 WebNoviny.sk:<br><a href=\"https:\/\/www.webnoviny.sk\/politolog-pocet-volicskych-kruzkov-blahu-a-kotlebu-nesuvisi-s-obsadenim-postov-v-parlamente\/\" target=\"_blank\" rel=\"noopener\">https:\/\/www.webnoviny.sk\/politolog-pocet-volicskych-kruzkov-blahu-a-kotlebu-nesuvisi-s-obsadenim-postov-v-parlamente\/<\/a><br>\u2013 Financial Report:<br><a href=\"https:\/\/www.finreport.sk\/agenturne-spravy\/politolog-pocet-volicskych-kruzkov-blahu-a-kotlebu-nesuvisi-s-obsadenim-postov-v-parlamente\/\" target=\"_blank\" rel=\"noopener\">https:\/\/www.finreport.sk\/agenturne-spravy\/politolog-pocet-volicskych-kruzkov-blahu-a-kotlebu-nesuvisi-s-obsadenim-postov-v-parlamente\/<\/a><br>\u2013 The World News:<br><a href=\"https:\/\/theworldnews.net\/sk-news\/politolog-pocet-volicskych-kruzkov-blahu-a-kotlebu-nesuvisi-s-obsadenim-postov-v-parlamente\" target=\"_blank\" rel=\"noopener\">https:\/\/theworldnews.net\/sk-news\/politolog-pocet-volicskych-kruzkov-blahu-a-kotlebu-nesuvisi-s-obsadenim-postov-v-parlamente<\/a><br>\u2013 \u010cas.sk:<br><a href=\"https:\/\/www.cas.sk\/clanok\/961964\/poslanci-opat-nezvolili-blahu-a-kotlebu-za-predsedov-parlamentnych-vyborov-jasne-slova-politologa\/\" target=\"_blank\" rel=\"noopener\">https:\/\/www.cas.sk\/clanok\/961964\/poslanci-opat-nezvolili-blahu-a-kotlebu-za-predsedov-parlamentnych-vyborov-jasne-slova-politologa\/<\/a><br>\u2013 24 hod\u00edn \u2013 denn\u00edk pre v\u0161etk\u00fdch:<br><a href=\"https:\/\/www.24hod.sk\/politolog-pocet-volicskych-kruzkov-blahu-a-kotlebu-nesuvisi-s-obsadenim-postov-v-parlamente-cl734817.html\" target=\"_blank\" rel=\"noopener\">https:\/\/www.24hod.sk\/politolog-pocet-volicskych-kruzkov-blahu-a-kotlebu-nesuvisi-s-obsadenim-postov-v-parlamente-cl734817.html<\/a><br>\u2013 Aktualizovan\u00e9.sk:<br><a href=\"https:\/\/aktualizovane.sk\/politolog-pocet-volicskych-kruzkov-blahu-a-kotlebu-nesuvisi-s-obsadenim-postov-v-parlamente\/\" target=\"_blank\" rel=\"noopener\">https:\/\/aktualizovane.sk\/politolog-pocet-volicskych-kruzkov-blahu-a-kotlebu-nesuvisi-s-obsadenim-postov-v-parlamente\/<\/a><br>\u2013 Pozri.sk:<br><a href=\"https:\/\/spravy.pozri.sk\/clanok\/politolog-pocet-volicskych-kruzkov-blahu-a-kotlebu-nesuvisi-s-obsadenim-postov-v-parlamente\/1511867\" target=\"_blank\" rel=\"noopener\">https:\/\/spravy.pozri.sk\/clanok\/politolog-pocet-volicskych-kruzkov-blahu-a-kotlebu-nesuvisi-s-obsadenim-postov-v-parlamente\/1511867<\/a><br>\u2013 Slovak.Press:<br><a href=\"https:\/\/slovak.press\/spravy\/politolog-pocet-volicskych-kruzkov-blahu-a-kotlebu-nesuvisi-s-obsadenim-postov-v-parlamente\/\" target=\"_blank\" rel=\"noopener\">https:\/\/slovak.press\/spravy\/politolog-pocet-volicskych-kruzkov-blahu-a-kotlebu-nesuvisi-s-obsadenim-postov-v-parlamente\/<\/a><br>\u2013 eGoodWill:<br><a href=\"https:\/\/egoodwill.sk\/aktuality\/spravy\/politolog-pocet-volicskych-kruzkov-blahu-a-kotlebu-nesuvisi-s-obsadenim-postov-v-parlamente\/\" target=\"_blank\" rel=\"noopener\">https:\/\/egoodwill.sk\/aktuality\/spravy\/politolog-pocet-volicskych-kruzkov-blahu-a-kotlebu-nesuvisi-s-obsadenim-postov-v-parlamente\/<\/a><\/p>\n\n\n\n<p><strong>24. 3. 2020<br>M\u00e1me jedine\u010dn\u00fa mo\u017enos\u0165 rozumne investova\u0165 energiu do posilnenia vz\u0165ahov v rodine<\/strong> \u2013 rozhovor s psychologi\u010dkami prof. PhDr. O\u013egou Orosovou, CSc., dekankou Filozofickej fakulty UPJ\u0160 v Ko\u0161iciach, a Silviou Mochnack\u00fd, MSc., o d\u00f4sledkoch soci\u00e1lneho odl\u00fa\u010denia v \u010dase pand\u00e9mie ochorenia Covid-19 na \u013eudsk\u00e9 spr\u00e1vanie a psychiku; IndexMag.sk<br><a href=\"https:\/\/indexmag.sk\/2020\/03\/24\/mame-jedinecnu-moznost-rozumne-investovat-energiu-do-posilnenia-vztahov-v-rodine\/\" target=\"_blank\" rel=\"noopener\">https:\/\/indexmag.sk\/2020\/03\/24\/mame-jedinecnu-moznost-rozumne-investovat-energiu-do-posilnenia-vztahov-v-rodine\/<\/a><\/p>\n\n\n\n<p><strong>18. 3. 2020<br>Filozofick\u00e1 fakulta UPJ\u0160 pred\u013a\u017eila term\u00edn podania prihl\u00e1\u0161ok<\/strong> \u2013 uviedol poradca dekanky pre oblas\u0165 medializ\u00e1cie pr\u00e1ce a \u017eivota FF UPJ\u0160 PhDr. Mari\u00e1n Gladi\u0161, PhD.; Ko\u0161iceOnline.sk<br><a href=\"https:\/\/www.kosiceonline.sk\/filozoficka-fakulta-upjs-predlzila-termin-podania-prihlasok\" target=\"_blank\" rel=\"noopener\">https:\/\/www.kosiceonline.sk\/filozoficka-fakulta-upjs-predlzila-termin-podania-prihlasok<\/a><\/p>\n\n\n\n<p><strong>18. 3. 2020<br>Koronav\u00edrus (online: min\u00fata po min\u00fate) \u2013 7:22 Filozofick\u00e1 fakulta UPJ\u0160 v Ko\u0161iciach pos\u00fava term\u00edn na podanie prihl\u00e1\u0161ok na bakal\u00e1rske \u0161tudijn\u00e9 programy do 30. apr\u00edla 2020<\/strong> \u2013 prihl\u00e1\u0161ky je mo\u017en\u00e9 zasiela\u0165 elektronicky; 24 hod\u00edn \u2013 denn\u00edk pre v\u0161etk\u00fdch<br><a href=\"https:\/\/www.24hod.sk\/koronavirus-online-pocet-nakazenych-slovakov-sa-blizi-k-stovke-europska-unia-sa-zavrela-pred-svetom-cl734471.html\" target=\"_blank\" rel=\"noopener\">https:\/\/www.24hod.sk\/koronavirus-online-pocet-nakazenych-slovakov-sa-blizi-k-stovke-europska-unia-sa-zavrela-pred-svetom-cl734471.html<\/a><\/p>\n\n\n\n<p><strong>18. 3. 2020<br>Metropolitn\u00e9 spr\u00e1vy R\u00e1dia Ko\u0161ice: Filozofick\u00e1 fakulta UPJ\u0160 v Ko\u0161iciach pos\u00fava term\u00edn na podanie prihl\u00e1\u0161ok na bakal\u00e1rske \u0161tudijn\u00e9 programy<\/strong> (3:53 \u2013 5:35) \u2013 s vyjadren\u00edm poradcu dekanky pre oblas\u0165 medializ\u00e1cie pr\u00e1ce a \u017eivota FF UPJ\u0160 PhDr. Mari\u00e1na Gladi\u0161a, PhD.; R\u00e1dio Ko\u0161ice<br><a href=\"https:\/\/www.radiokosice.sk\/spravy-radia-kosice-z-18-3-2020\" target=\"_blank\" rel=\"noopener\">https:\/\/www.radiokosice.sk\/spravy-radia-kosice-z-18-3-2020<\/a><\/p>\n\n\n\n<p><strong>18. 3. 2020<br>Jazykov\u00e9 okienko: p\u00f4st<\/strong> \u2013 o spr\u00e1vnom pou\u017e\u00edvan\u00ed slova \u201ep\u00f4st\u201c jazykovedky\u0148a doc. PhDr. Marianna Sedl\u00e1kov\u00e1, PhD., ved\u00faca Katedry slovakistiky, slovansk\u00fdch filol\u00f3gi\u00ed a komunik\u00e1cie Filozofickej fakulty UPJ\u0160 v Ko\u0161iciach; R\u00e1dio Regina (RTVS)<br><a href=\"https:\/\/reginavychod.rtvs.sk\/clanky\/zivotny-styl\/220097\/jazykove-okienko-post\" target=\"_blank\" rel=\"noopener\">https:\/\/reginavychod.rtvs.sk\/clanky\/zivotny-styl\/220097\/jazykove-okienko-post<\/a><\/p>\n\n\n\n<p><strong>18. 3. 2020<br>Jazykov\u00e9 okienko: fa\u0161iangy<\/strong> \u2013 ved\u00faca Katedry slovakistiky, slovansk\u00fdch filol\u00f3gi\u00ed a komunik\u00e1cie Filozofickej fakulty UPJ\u0160 v Ko\u0161iciach, lingvistka doc. PhDr. Marianna Sedl\u00e1kov\u00e1, PhD., o spr\u00e1vnom pou\u017e\u00edvan\u00ed slova \u201efa\u0161iangy\u201c; R\u00e1dio Regina (RTVS)<br><a href=\"https:\/\/reginavychod.rtvs.sk\/clanky\/zivotny-styl\/220094\/jazykove-okienko-fasiangy\" target=\"_blank\" rel=\"noopener\">https:\/\/reginavychod.rtvs.sk\/clanky\/zivotny-styl\/220094\/jazykove-okienko-fasiangy<\/a><\/p>\n\n\n\n<p><strong>15. 3. 2020<br>Profesor Vladim\u00edr Le\u0161ko jubiluje<\/strong> \u2013 v\u00fdznamn\u00e1 osobnos\u0165 vedecko-akademick\u00e9ho \u017eivota Prof. h. c. prof. PhDr. Vladim\u00edr Le\u0161ko, CSc., sa do\u017e\u00edva vz\u00e1cneho \u017eivotn\u00e9ho jubilea \u2013 s vyjadreniami ved\u00facej Katedry filozofie a dej\u00edn filozofie Filozofickej fakulty UPJ\u0160 v Ko\u0161iciach PhDr. Katar\u00edny Mayerovej, PhD.; \u0160kolsk\u00e9.sk<br><a href=\"https:\/\/www.skolske.sk\/clanok\/52768\/profesor-vladimir-lesko-jubiluje\" target=\"_blank\" rel=\"noopener\">https:\/\/www.skolske.sk\/clanok\/52768\/profesor-vladimir-lesko-jubiluje<\/a><\/p>\n\n\n\n<p><strong>14. 3. 2020<br>Zlo\u017eenie vl\u00e1dy kr\u00e1tko po vo\u013eb\u00e1ch je pre politol\u00f3ga prekvapen\u00edm, Matovi\u010d ust\u00e1l \u00falohu medi\u00e1tora<\/strong> \u2013 pre agent\u00faru SITA to uviedol Mgr. Gabriel E\u0161tok, PhD., z Katedry politol\u00f3gie Filozofickej fakulty UPJ\u0160 v Ko\u0161iciach<br>\u2013 WebNoviny.sk:<br><a href=\"https:\/\/www.webnoviny.sk\/zlozenie-vlady-kratko-po-volbach-je-pre-politologa-prekvapenim-matovic-ustal-ulohu-mediatora\/\" target=\"_blank\" rel=\"noopener\">https:\/\/www.webnoviny.sk\/zlozenie-vlady-kratko-po-volbach-je-pre-politologa-prekvapenim-matovic-ustal-ulohu-mediatora\/<\/a><br>\u2013 Konzervat\u00edvny web:<br><a href=\"https:\/\/www.konzervativnyweb.sk\/c\/22358446\/zlozenie-vlady-kratko-po-volbach-je-prekvapenim-hovori-politolog.html\" target=\"_blank\" rel=\"noopener\">https:\/\/www.konzervativnyweb.sk\/c\/22358446\/zlozenie-vlady-kratko-po-volbach-je-prekvapenim-hovori-politolog.html<\/a><br>\u2013 Denn\u00edk S:<br><a href=\"https:\/\/denniks.sk\/29739\/zlozenie-vlady-kratko-po-volbach-je-prekvapenim-matovic-vsak-ukazal-principialny-postoj-tvrdi-estok\/\" target=\"_blank\" rel=\"noopener\">https:\/\/denniks.sk\/29739\/zlozenie-vlady-kratko-po-volbach-je-prekvapenim-matovic-vsak-ukazal-principialny-postoj-tvrdi-estok\/<\/a><br>\u2013 Glob.Zoznam.sk:<br><a href=\"https:\/\/glob.zoznam.sk\/zlozenie-vlady-kratko-po-volbach-je-prekvapenim-matovic-vsak-ukazal-principialny-postoj-tvrdi-politolog\/\" target=\"_blank\" rel=\"noopener\">https:\/\/glob.zoznam.sk\/zlozenie-vlady-kratko-po-volbach-je-prekvapenim-matovic-vsak-ukazal-principialny-postoj-tvrdi-politolog\/<\/a><br>\u2013 EuroRe\u0161pekt:<br><a href=\"https:\/\/www.eurorespekt.sk\/zlozenie-vlady-kratko-po-volbach-je-prekvapenim-matovic-vsak-ukazal-principialny-postoj-tvrdi-estok\/\" target=\"_blank\" rel=\"noopener\">https:\/\/www.eurorespekt.sk\/zlozenie-vlady-kratko-po-volbach-je-prekvapenim-matovic-vsak-ukazal-principialny-postoj-tvrdi-estok\/<\/a><br>\u2013 GoodBoog:<br><a href=\"https:\/\/spravy.goodboog.com\/zlozenie-vlady-kratko-po-volbach-je-prekvapenim-matovic-vsak-ukazal-principialny-postoj-tvrdi-politolog-estok\/\" target=\"_blank\" rel=\"noopener\">https:\/\/spravy.goodboog.com\/zlozenie-vlady-kratko-po-volbach-je-prekvapenim-matovic-vsak-ukazal-principialny-postoj-tvrdi-politolog-estok\/<\/a><br>\u2013 Topky.sk:<br><a href=\"https:\/\/www.topky.sk\/cl\/10\/1868903\/Zlozenie-vlady-kratko-po-volbach-je-prekvapenim--Matovic-vsak-ukazal-principialny-postoj--tvrdi-politolog\" target=\"_blank\" rel=\"noopener\">https:\/\/www.topky.sk\/cl\/10\/1868903\/Zlozenie-vlady-kratko-po-volbach-je-prekvapenim&#8211;Matovic-vsak-ukazal-principialny-postoj&#8211;tvrdi-politolog<\/a><\/p>\n\n\n\n<p><strong>10. 3. 2020<br>Ve\u010dern\u00e9 reflexie<\/strong> \u2013 zostrih verejnej nahr\u00e1vky podujatia \u017deny sa \u010d\u00edtaj\u00fa, ktor\u00e9 organizovala a moderovala ved\u00faca Katedry aplikovanej etiky Filozofickej fakulty UPJ\u0160 v Ko\u0161iciach Mgr. Adriana Jesenkov\u00e1, PhD.; R\u00e1dio Regina (RTVS)<br><a href=\"https:\/\/www.rtvs.sk\/radio\/archiv\/1692\/1313909\" target=\"_blank\" rel=\"noopener\">https:\/\/www.rtvs.sk\/radio\/archiv\/1692\/1313909<\/a><\/p>\n\n\n\n<p><strong>9. 3. 2020<br>Peter Getl\u00edk: \u201eDobr\u00fd text vznik\u00e1 \u0161krtan\u00edm, nie prid\u00e1van\u00edm\u201c<\/strong> \u2013 rozhovor s Mgr. Petrom Getl\u00edkom, PhD., z Katedry slovakistiky, slovansk\u00fdch filol\u00f3gi\u00ed a komunik\u00e1cie Filozofickej fakulty UPJ\u0160 v Ko\u0161iciach; Podvihorlatsk\u00e9 noviny (s. 4)<br><a href=\"https:\/\/drive.google.com\/file\/d\/1t65vFGJOuTDS1LEQkoO3ySse2F5Ffahw\/view\" target=\"_blank\" rel=\"noopener\">https:\/\/drive.google.com\/file\/d\/1t65vFGJOuTDS1LEQkoO3ySse2F5Ffahw\/view<\/a><\/p>\n\n\n\n<p><strong>7. 3. 2020<br>Knihomoli sa kone\u010dne do\u010dkali: Epos Straten\u00fd raj m\u00e1 prv\u00fd slovensk\u00fd preklad 350 rokov od kni\u017en\u00e9ho debutu<\/strong> \u2013 na historicky prvom slovenskom vydan\u00ed pracoval tri roky liter\u00e1rny vedec, b\u00e1snik, prekladate\u013e a prodekan Filozofickej fakulty UPJ\u0160 v Ko\u0161iciach prof. PhDr. Mari\u00e1n Andri\u010d\u00edk, PhD.; Nov\u00fd \u010cas<br><a href=\"https:\/\/www.cas.sk\/clanok\/950549\/knihomoli-sa-konecne-dockali-epos-strateny-raj-ma-prvy-slovensky-preklad-350-rokov-od-knizneho-debutu\/\" target=\"_blank\" rel=\"noopener\">https:\/\/www.cas.sk\/clanok\/950549\/knihomoli-sa-konecne-dockali-epos-strateny-raj-ma-prvy-slovensky-preklad-350-rokov-od-knizneho-debutu\/<\/a><\/p>\n\n\n\n<p><strong>6. 3. 2020<br>\u010co bude d\u00f4le\u017eit\u00e9 pri vytv\u00e1ran\u00ed \u0161tvorkoal\u00edcie? Politol\u00f3g prip\u00fa\u0161\u0165a aj efekt narastaj\u00facej snehovej gule<\/strong> \u2013 k\u013e\u00fa\u010dov\u00e9 pri rokovaniach bude zahodi\u0165 osobn\u00e9 spory a nach\u00e1dza\u0165 dohody a s\u00falad tam, kde sa to len bude da\u0165 \u2013 pre agent\u00faru SITA uviedol Mgr. J\u00e1n Ruman, PhD., z Katedry politol\u00f3gie Filozofickej fakulty UPJ\u0160 v Ko\u0161iciach<br>\u2013 WebNoviny.sk:<br><a href=\"https:\/\/www.webnoviny.sk\/co-bude-dolezite-pri-vytvarani-stvorkoalicie-politolog-pripusta-aj-efekt-narastajucej-snehovej-gule\/\" target=\"_blank\" rel=\"noopener\">https:\/\/www.webnoviny.sk\/co-bude-dolezite-pri-vytvarani-stvorkoalicie-politolog-pripusta-aj-efekt-narastajucej-snehovej-gule\/<\/a><br>\u2013 Financial Report:<br><a href=\"https:\/\/www.finreport.sk\/agenturne-spravy\/co-bude-dolezite-pri-vytvarani-stvorkoalicie-politolog-pripusta-aj-efekt-narastajucej-snehovej-gule\/\" target=\"_blank\" rel=\"noopener\">https:\/\/www.finreport.sk\/agenturne-spravy\/co-bude-dolezite-pri-vytvarani-stvorkoalicie-politolog-pripusta-aj-efekt-narastajucej-snehovej-gule\/<\/a><br>\u2013 Topky.sk:<br><a href=\"https:\/\/www.topky.sk\/cl\/10\/1866779\/Politolog-o-vytvarani-koalicie--Klucove-teraz-bude-zahodit-osobne-spory-a-nachadzat-dohody\" target=\"_blank\" rel=\"noopener\">https:\/\/www.topky.sk\/cl\/10\/1866779\/Politolog-o-vytvarani-koalicie&#8211;Klucove-teraz-bude-zahodit-osobne-spory-a-nachadzat-dohody<\/a><br>\u2013 \u010cas.sk:<br><a href=\"https:\/\/www.cas.sk\/clanok\/953498\/politolog-hodnoti-vznikajucu-koaliciu-vysvetluje-toto-spravanie-kisku\/\" target=\"_blank\" rel=\"noopener\">https:\/\/www.cas.sk\/clanok\/953498\/politolog-hodnoti-vznikajucu-koaliciu-vysvetluje-toto-spravanie-kisku\/<\/a><br>\u2013 eGoodWill:<br><a href=\"https:\/\/egoodwill.sk\/aktuality\/spravy\/co-bude-dolezite-pri-vytvarani-stvorkoalicie-politolog-pripusta-aj-efekt-narastajucej-snehovej-gule\/\" target=\"_blank\" rel=\"noopener\">https:\/\/egoodwill.sk\/aktuality\/spravy\/co-bude-dolezite-pri-vytvarani-stvorkoalicie-politolog-pripusta-aj-efekt-narastajucej-snehovej-gule\/<\/a><\/p>\n\n\n\n<p><strong>5. 3. 2020<br>Vy\u0161lo historicky prv\u00e9 slovensk\u00e9 vydanie Miltonovho Straten\u00e9ho raja<\/strong> \u2013 v\u010faka trojro\u010dn\u00e9mu \u00fasiliu liter\u00e1rneho vedca, b\u00e1snika, prekladate\u013ea a prodekana Filozofickej fakulty UPJ\u0160 v Ko\u0161iciach prof. PhDr. Mari\u00e1na Andri\u010d\u00edka, PhD.; \u0160kolsk\u00e9.sk<br><a href=\"https:\/\/skolske.sk\/clanok\/52600\/vyslo-historicky-prve-slovenske-vydanie-miltonovho-strateneho-raja\" target=\"_blank\" rel=\"noopener\">https:\/\/skolske.sk\/clanok\/52600\/vyslo-historicky-prve-slovenske-vydanie-miltonovho-strateneho-raja<\/a><\/p>\n\n\n\n<p><strong>4. 3. 2020<br>Bola by lep\u0161ia troj- alebo \u0161tvorkoal\u00edcia? Politol\u00f3g okomentoval prv\u00e9 rokovania Matovi\u010da a \u010fal\u0161\u00edch l\u00eddrov str\u00e1n<\/strong> \u2013 zostavovanie vl\u00e1dy nemus\u00ed by\u0165 tak\u00e9 jednoduch\u00e9, ako niektor\u00ed \u010dakali \u2013 pre agent\u00faru SITA uviedol Mgr. Gabriel E\u0161tok, PhD., z Katedry politol\u00f3gie Filozofickej fakulty UPJ\u0160 v Ko\u0161iciach<br>\u2013 WebNoviny.sk:<br><a href=\"https:\/\/www.webnoviny.sk\/bola-by-lepsia-troj-alebo-stvorkoalicia-politolog-okomentoval-aj-prve-rokovania-matovica-a-dalsich-lidrov-stran\/\" target=\"_blank\" rel=\"noopener\">https:\/\/www.webnoviny.sk\/bola-by-lepsia-troj-alebo-stvorkoalicia-politolog-okomentoval-aj-prve-rokovania-matovica-a-dalsich-lidrov-stran\/<\/a><br>\u2013 24 hod\u00edn \u2013 denn\u00edk pre v\u0161etk\u00fdch:<br><a href=\"https:\/\/www.24hod.sk\/bola-by-lepsia-troj-alebo-stvorkoalicia-politolog-okomentoval-aj-prve-rokovania-matovica-a-dalsich-lidrov-stran-cl733789.html\" target=\"_blank\" rel=\"noopener\">https:\/\/www.24hod.sk\/bola-by-lepsia-troj-alebo-stvorkoalicia-politolog-okomentoval-aj-prve-rokovania-matovica-a-dalsich-lidrov-stran-cl733789.html<\/a><br>\u2013 EuroRe\u0161pekt.sk:<br><a href=\"https:\/\/www.eurorespekt.sk\/zostavovanie-vlady-nemusi-byt-take-jednoduche-ako-niektori-cakali-tvrdi-estok\/\" target=\"_blank\" rel=\"noopener\">https:\/\/www.eurorespekt.sk\/zostavovanie-vlady-nemusi-byt-take-jednoduche-ako-niektori-cakali-tvrdi-estok\/<\/a><br>\u2013 Financial Report:<br><a href=\"https:\/\/www.finreport.sk\/agenturne-spravy\/bola-by-lepsia-troj-alebo-stvorkoalicia-politolog-okomentoval-aj-prve-rokovania-matovica-a-dalsich-lidrov-stran\/\" target=\"_blank\" rel=\"noopener\">https:\/\/www.finreport.sk\/agenturne-spravy\/bola-by-lepsia-troj-alebo-stvorkoalicia-politolog-okomentoval-aj-prve-rokovania-matovica-a-dalsich-lidrov-stran\/<\/a><br>\u2013 eGoodWill:<br><a href=\"https:\/\/egoodwill.sk\/aktuality\/spravy\/bola-by-lepsia-troj-alebo-stvorkoalicia-politolog-okomentoval-aj-prve-rokovania-matovica-a-dalsich-lidrov-stran\/\" target=\"_blank\" rel=\"noopener\">https:\/\/egoodwill.sk\/aktuality\/spravy\/bola-by-lepsia-troj-alebo-stvorkoalicia-politolog-okomentoval-aj-prve-rokovania-matovica-a-dalsich-lidrov-stran\/<\/a><\/p>\n\n\n\n<p><strong>4. 3. 2020<br>Klub komun\u00e1lnej politiky Ko\u0161ice: Volebn\u00fd v\u00edkend, ktor\u00fd prep\u00edsal politick\u00fa mapu Slovenska<\/strong> \u2013 hos\u0165 Mgr. Alexander Onufr\u00e1k, PhD., z Katedry politol\u00f3gie Filozofickej fakulty UPJ\u0160 v Ko\u0161iciach; R\u00e1dio Regina V\u00fdchod (RTVS)<br><a href=\"https:\/\/www.rtvs.sk\/radio\/archiv\/11452\/1292576\" target=\"_blank\" rel=\"noopener\">https:\/\/www.rtvs.sk\/radio\/archiv\/11452\/1292576<\/a><\/p>\n\n\n\n<p><strong>3. 3. 2020<br>Pozor, z\u00e1kruta! Po\u010diatky automobilizmu na Slovensku<\/strong> (31:55 \u2013 40:56) \u2013 s vyjadreniami Mgr. Mikul\u00e1\u0161a Jan\u010duru, PhD., a Mgr. Katar\u00edny Hromu\u013eakovej z Katedry hist\u00f3rie Filozofickej fakulty UPJ\u0160 v Ko\u0161iciach; R\u00e1dio Slovensko (RTVS)<br><a href=\"https:\/\/www.rtvs.sk\/radio\/archiv\/1115\/1292155\" target=\"_blank\" rel=\"noopener\">https:\/\/www.rtvs.sk\/radio\/archiv\/1115\/1292155<\/a><\/p>\n\n\n\n<p><strong>3. 3. 2020<br>Spr\u00e1vy RTVS: Prv\u00fd slovensk\u00fd preklad diela Straten\u00fd raj<\/strong> (44:28 \u2013 45:18) \u2013 jeho autorom je liter\u00e1rny vedec, b\u00e1snik, prekladate\u013e a prodekan Filozofickej fakulty UPJ\u0160 v Ko\u0161iciach prof. PhDr. Mari\u00e1n Andri\u010d\u00edk, PhD.; Jednotka (RTVS)<br><a href=\"https:\/\/www.rtvs.sk\/televizia\/archiv\/13982\/215619\" target=\"_blank\" rel=\"noopener\">https:\/\/www.rtvs.sk\/televizia\/archiv\/13982\/215619<\/a><\/p>\n\n\n\n<p><strong>3. 3. 2020<br>\u017durn\u00e1l R\u00e1dia Regina: Historicky prv\u00fd slovensk\u00fd preklad diela Straten\u00fd raj<\/strong> (16:06 \u2013 17:56) \u2013 autorom prekladu je liter\u00e1rny vedec, b\u00e1snik a prodekan Filozofickej fakulty UPJ\u0160 v Ko\u0161iciach prof. PhDr. Mari\u00e1n Andri\u010d\u00edk, PhD.; R\u00e1dio Regina (RTVS)<br><a href=\"https:\/\/www.rtvs.sk\/radio\/archiv\/1533\/1291978\" target=\"_blank\" rel=\"noopener\">https:\/\/www.rtvs.sk\/radio\/archiv\/1533\/1291978<\/a><\/p>\n\n\n\n<p><strong>3. 3. 2020<br>Autorom prv\u00e9ho slovensk\u00e9ho prekladu eposu Straten\u00fd raj je Mari\u00e1n Andri\u010d\u00edk<\/strong> \u2013 historicky prv\u00e9 slovensk\u00e9 vydanie eposu v preklade prof. PhDr. Mari\u00e1na Andri\u010d\u00edka, PhD., sl\u00e1vnostne predstavili v Historickej aule Rektor\u00e1tu UPJ\u0160 v Ko\u0161iciach \u2013 liter\u00e1rny vedec, b\u00e1snik, prekladate\u013e a prodekan Filozofickej fakulty UPJ\u0160 na \u0148om pracoval tri roky<br>\u2013 Tla\u010dov\u00e1 agent\u00fara Slovenskej republiky (TASR):<br><a href=\"https:\/\/www.tasr.sk\/tasr-clanok\/TASR:20200303TBA02268\" target=\"_blank\" rel=\"noopener\">https:\/\/www.tasr.sk\/tasr-clanok\/TASR:20200303TBA02268<\/a><br>\u2013 Teraz.sk:<br><a href=\"https:\/\/www.teraz.sk\/najnovsie\/kultura-autorom-prveho-slovenskeho-p\/450015-clanok.html\" target=\"_blank\" rel=\"noopener\">https:\/\/www.teraz.sk\/najnovsie\/kultura-autorom-prveho-slovenskeho-p\/450015-clanok.html<\/a><br>\u2013 Dobr\u00e9 noviny:<br><a href=\"https:\/\/www.dobrenoviny.sk\/c\/180266\/autorom-prveho-slovenskeho-prekladu-eposu-strateny-raj-je-marian-andricik\" target=\"_blank\" rel=\"noopener\">https:\/\/www.dobrenoviny.sk\/c\/180266\/autorom-prveho-slovenskeho-prekladu-eposu-strateny-raj-je-marian-andricik<\/a><br>\u2013 The World News:<br><a href=\"https:\/\/theworldnews.net\/sk-news\/autorom-prveho-slovenskeho-prekladu-eposu-strateny-raj-je-marian-andricik\" target=\"_blank\" rel=\"noopener\">https:\/\/theworldnews.net\/sk-news\/autorom-prveho-slovenskeho-prekladu-eposu-strateny-raj-je-marian-andricik<\/a><\/p>\n\n\n\n<p><strong>3. 3. 2020<br>Straten\u00fd raj Johna Miltona vych\u00e1dza prv\u00fdkr\u00e1t v sloven\u010dine<\/strong> \u2013 prelo\u017eil ho liter\u00e1rny vedec, b\u00e1snik, prekladate\u013e a prodekan Filozofickej fakulty UPJ\u0160 v Ko\u0161iciach prof. PhDr. Mari\u00e1n Andri\u010d\u00edk, PhD.; Veda na dosah<br><a href=\"https:\/\/vedanadosah.cvtisr.sk\/strateny-raj-johna-miltona-vychadza-prvykrat-v-slovencine\" target=\"_blank\" rel=\"noopener\">https:\/\/vedanadosah.cvtisr.sk\/strateny-raj-johna-miltona-vychadza-prvykrat-v-slovencine<\/a><\/p>\n\n\n\n<p><strong>2. 3. 2020<br>vPolitiKE \u2013 Povolebn\u00fd \u0161peci\u00e1l<\/strong> \u2013 s politol\u00f3gom Mgr. Alexandrom Onufr\u00e1kom, PhD., z Katedry politol\u00f3gie Filozofickej fakulty UPJ\u0160 v Ko\u0161iciach; telKE<br><a href=\"https:\/\/www.facebook.com\/telketv\/videos\/796469607498499\/\" target=\"_blank\" rel=\"noopener\">https:\/\/www.facebook.com\/telketv\/videos\/796469607498499\/<\/a><\/p>\n\n\n\n<p><strong>29. 2. 2020<br>Demokratick\u00e1 a kontroverzn\u00e1. Prv\u00e1 \u010deskoslovensk\u00e1 \u00fastava oslavuje 100 rokov<\/strong> \u2013 pribli\u017euje ved\u00faci Katedry hist\u00f3rie Filozofickej fakulty UPJ\u0160 v Ko\u0161iciach a prorektor pre vysoko\u0161kolsk\u00e9 vzdel\u00e1vanie, akademick\u00e9 trad\u00edcie a obrady prof. PaedDr. Martin Pek\u00e1r, PhD.; Veda na dosah<br><a href=\"https:\/\/vedanadosah.cvtisr.sk\/pred-sto-rokmi-vznikla-nasa-prva-ustava\" target=\"_blank\" rel=\"noopener\">https:\/\/vedanadosah.cvtisr.sk\/pred-sto-rokmi-vznikla-nasa-prva-ustava<\/a><\/p>\n\n\n\n<p><strong>29. 2. 2020<br>R\u00e1dio\u017eurn\u00e1l: Pre 41-tis\u00edc mlad\u00fdch \u013eud\u00ed s\u00fa dne\u0161n\u00e9 parlamentn\u00e9 vo\u013eby prv\u00e9, v r\u00e1mci ktor\u00fdch m\u00f4\u017eu odovzda\u0165 svoj hlas<\/strong> (4:16 \u2013 5:56) \u2013 s vyjadren\u00edm Mgr. Alexandra Onufr\u00e1ka, PhD., z Katedry politol\u00f3gie Filozofickej fakulty UPJ\u0160 v Ko\u0161iciach, ktor\u00fd v tejto s\u00favislosti ocenil pr\u00e1cu viacer\u00fdch stredo\u0161kolsk\u00fdch u\u010dite\u013eov; R\u00e1dio Slovensko (RTVS)<br><a href=\"https:\/\/www.rtvs.sk\/radio\/archiv\/1122\/1290384\" target=\"_blank\" rel=\"noopener\">https:\/\/www.rtvs.sk\/radio\/archiv\/1122\/1290384<\/a><\/p>\n\n\n\n<p><strong>28. 2. 2020<br>Metropolitn\u00e9 spr\u00e1vy R\u00e1dia Ko\u0161ice: Zajtra si budeme pripom\u00edna\u0165 100. v\u00fdro\u010die schv\u00e1lenia \u00dastavnej listiny \u010ceskoslovenskej republiky<\/strong> (3:56 \u2013 6:05) \u2013 objas\u0148uje ved\u00faci Katedry hist\u00f3rie Filozofickej fakulty UPJ\u0160 v&nbsp;Ko\u0161iciach prof. PaedDr. Martin Pek\u00e1r, PhD.; R\u00e1dio Ko\u0161ice<br><a href=\"https:\/\/www.radiokosice.sk\/spravy-radia-kosice-z-28-2-2020\" target=\"_blank\" rel=\"noopener\">https:\/\/www.radiokosice.sk\/spravy-radia-kosice-z-28-2-2020<\/a><\/p>\n\n\n\n<p><strong>28. 2. 2020<br>Epos Straten\u00fd raj od J. Miltona m\u00e1 prv\u00fd slovensk\u00fd preklad<\/strong> \u2013 na historicky prvom slovenskom vydan\u00ed pracoval tri roky liter\u00e1rny vedec, b\u00e1snik, prekladate\u013e a prodekan Filozofickej fakulty UPJ\u0160 v Ko\u0161iciach prof. PhDr. Mari\u00e1n Andri\u010d\u00edk, PhD.<br>\u2013 Tla\u010dov\u00e1 agent\u00fara Slovenskej republiky (TASR):<br><a href=\"https:\/\/www.tasr.sk\/tasr-clanok\/TASR:20200228TBA01505\" target=\"_blank\" rel=\"noopener\">https:\/\/www.tasr.sk\/tasr-clanok\/TASR:20200228TBA01505<\/a><br>\u2013 Teraz.sk:<br><a href=\"https:\/\/www.teraz.sk\/kosicky-kraj\/epos-strateny-raj-od-j-miltona-ma-prv\/449094-clanok.html\" target=\"_blank\" rel=\"noopener\">https:\/\/www.teraz.sk\/kosicky-kraj\/epos-strateny-raj-od-j-miltona-ma-prv\/449094-clanok.html<\/a><br>\u2013 Liter\u00e1rne noviny:<br><a href=\"https:\/\/literarnenoviny.sk\/servis\/epicka-biblicka-basen-strateny-raj-od-johna-miltona-vyjde-aj-v-slovencine\/\" target=\"_blank\" rel=\"noopener\">https:\/\/literarnenoviny.sk\/servis\/epicka-biblicka-basen-strateny-raj-od-johna-miltona-vyjde-aj-v-slovencine\/<\/a><br>\u2013 Ko\u0161ice Dnes:<br><a href=\"https:\/\/kosicednes.sk\/kultura\/epos-strateny-raj-ma-prvy-slovensky-preklad\/\" target=\"_blank\" rel=\"noopener\">https:\/\/kosicednes.sk\/kultura\/epos-strateny-raj-ma-prvy-slovensky-preklad\/<\/a><br>\u2013 Dobr\u00e9 noviny:<br><a href=\"https:\/\/www.dobrenoviny.sk\/c\/180017\/epos-strateny-raj-od-johna-miltona-ma-prvy-slovensky-preklad\" target=\"_blank\" rel=\"noopener\">https:\/\/www.dobrenoviny.sk\/c\/180017\/epos-strateny-raj-od-johna-miltona-ma-prvy-slovensky-preklad<\/a><br>\u2013 Dnes 24:<br><a href=\"https:\/\/www.dnes24.sk\/rychle-spravy\/kultura-epos-strateny-raj-od-j-miltona-ma-prvy-slovensky-preklad-62270\" target=\"_blank\" rel=\"noopener\">https:\/\/www.dnes24.sk\/rychle-spravy\/kultura-epos-strateny-raj-od-j-miltona-ma-prvy-slovensky-preklad-62270<\/a><br>\u2013 Denn\u00edkN.sk:<br><a href=\"https:\/\/dennikn.sk\/minuta\/1776657\/\" target=\"_blank\" rel=\"noopener\">https:\/\/dennikn.sk\/minuta\/1776657\/<\/a><\/p>\n\n\n\n<p><strong>28. 2. 2020<br>Historicky prv\u00e9 slovensk\u00e9 vydanie Miltonovho Straten\u00e9ho raja<\/strong> \u2013 autorom prekladu je liter\u00e1rny vedec, b\u00e1snik, prekladate\u013e a prodekan Filozofickej fakulty UPJ\u0160 v Ko\u0161iciach prof. PhDr. Mari\u00e1n Andri\u010d\u00edk, PhD.; Ko\u0161iceOnline.sk<br><a href=\"https:\/\/www.kosiceonline.sk\/calendar\/Kosice\/2020-03-03\" target=\"_blank\" rel=\"noopener\">https:\/\/www.kosiceonline.sk\/calendar\/Kosice\/2020-03-03<\/a><\/p>\n\n\n\n<p><strong>27. 2. 2020<br>Metropolitn\u00e9 spr\u00e1vy R\u00e1dia Ko\u0161ice: V sobotu 29. febru\u00e1ra sa na Slovensku bud\u00fa kona\u0165 parlamentn\u00e9 vo\u013eby<\/strong> (0:23 \u2013 3:03) \u2013 s vyjadreniami ved\u00facej Katedry politol\u00f3gie Filozofickej fakulty UPJ\u0160 v Ko\u0161iciach Dr. h. c. prof. PhDr. Marcely Gb\u00farovej, CSc.; R\u00e1dio Ko\u0161ice<br><a href=\"https:\/\/www.radiokosice.sk\/spravy-radia-kosice-z-27-2-2020\" target=\"_blank\" rel=\"noopener\">https:\/\/www.radiokosice.sk\/spravy-radia-kosice-z-27-2-2020<\/a><\/p>\n\n\n\n<p><strong>25. 2. 2020<br>Spr\u00e1vy RTVS: Ko\u0161ice a Pre\u0161ov oslobodili v rovnak\u00fd de\u0148<\/strong> (24:44 \u2013 27:20) \u2013 s vyjadreniami Mgr. Henricha Hrehora, PhD., z Katedry hist\u00f3rie Filozofickej fakulty UPJ\u0160 v Ko\u0161iciach; Jednotka (RTVS)<br><a href=\"https:\/\/www.rtvs.sk\/televizia\/archiv\/13982\/214799\" target=\"_blank\" rel=\"noopener\">https:\/\/www.rtvs.sk\/televizia\/archiv\/13982\/214799<\/a><\/p>\n\n\n\n<p><strong>21. 2. 2020<br>Za v\u0161etk\u00fdm h\u013eadaj \u017eenu: Hana Gregorov\u00e1<\/strong> \u2013 nebola len spisovate\u013eka, n\u00e1stoj\u010divo sa zasadzovala aj za pr\u00e1va \u017eien na vzdelanie, tvorbu a rovnocenn\u00e9 partnerstvo s mu\u017emi \u2013 pribli\u017euje doc. PaedDr. Ivica Hajdu\u010dekov\u00e1, PhD., z Katedry slovakistiky, slovansk\u00fdch filol\u00f3gi\u00ed a komunik\u00e1cie Filozofickej fakulty UPJ\u0160 v Ko\u0161iciach; R\u00e1dio Regina V\u00fdchod (RTVS)<br><a href=\"https:\/\/reginavychod.rtvs.sk\/clanky\/za-vsetkym-hladaj-zenu\/218081\/hana-gregorova\" target=\"_blank\" rel=\"noopener\">https:\/\/reginavychod.rtvs.sk\/clanky\/za-vsetkym-hladaj-zenu\/218081\/hana-gregorova<\/a><\/p>\n\n\n\n<p><strong>21. 2. 2020<br>Kulturol\u00f3g Luk\u00e1\u0161 \u0160utor: Najv\u00fdsti\u017enej\u0161\u00edm symbolom fa\u0161iangov je maska<\/strong> \u2013 vysvet\u013euje PhDr. Luk\u00e1\u0161 \u0160utor, PhD., z Katedry slovakistiky, slovansk\u00fdch filol\u00f3gi\u00ed a komunik\u00e1cie Filozofickej fakulty UPJ\u0160 v Ko\u0161iciach; \u0160kolsk\u00e9.sk<br><a href=\"https:\/\/skolske.sk\/clanok\/52381\/kulturolog-lukas-sutor-najvystiznejsim-symbolom-fasiangov-je-maska\" target=\"_blank\" rel=\"noopener\">https:\/\/skolske.sk\/clanok\/52381\/kulturolog-lukas-sutor-najvystiznejsim-symbolom-fasiangov-je-maska<\/a><\/p>\n\n\n\n<p><strong>20. 2. 2020<br>Fa\u0161iangov\u00fd smiech ru\u0161\u00ed star\u00fd poriadok<\/strong> \u2013 podstatu fa\u0161iangov ozrejmuje kulturol\u00f3g PhDr. Luk\u00e1\u0161 \u0160utor, PhD., z Katedry slovakistiky, slovansk\u00fdch filol\u00f3gi\u00ed a komunik\u00e1cie Filozofickej fakulty UPJ\u0160 v Ko\u0161iciach; Veda na dosah<br><a href=\"https:\/\/vedanadosah.cvtisr.sk\/fasiangovy-smiech-rusi-stary-poriadok\" target=\"_blank\" rel=\"noopener\">https:\/\/vedanadosah.cvtisr.sk\/fasiangovy-smiech-rusi-stary-poriadok<\/a><\/p>\n\n\n\n<p><strong>19. 2. 2020<br>Kni\u017enica v Humennom h\u013ead\u00e1 liter\u00e1rne talenty u\u017e po 40. raz<\/strong> \u2013 v s\u00fa\u0165a\u017ei Liter\u00e1rne talenty debutoval aj jej s\u00fa\u010dasn\u00fd porotca, pedag\u00f3g na Katedre slovakistiky, slovansk\u00fdch filol\u00f3gi\u00ed a komunik\u00e1cie Filozofickej fakulty UPJ\u0160 v Ko\u0161iciach prof. PhDr. Mari\u00e1n Andri\u010d\u00edk, PhD.<br>\u2013 TASR:<br><a href=\"https:\/\/www.tasr.sk\/tasr-clanok\/TASR:20200219TBA01891\" target=\"_blank\" rel=\"noopener\">https:\/\/www.tasr.sk\/tasr-clanok\/TASR:20200219TBA01891<\/a><br>\u2013 Teraz.sk:<br><a href=\"https:\/\/www.teraz.sk\/regiony\/kniznica-v-humennom-hlada-literarne\/447438-clanok.html\" target=\"_blank\" rel=\"noopener\">https:\/\/www.teraz.sk\/regiony\/kniznica-v-humennom-hlada-literarne\/447438-clanok.html<\/a><br>\u2013 Dnes 24:<br><a href=\"https:\/\/www.dnes24.sk\/rychle-spravy\/humenne-kniznica-hlada-literarne-talenty-uz-po-40-raz-59168\" target=\"_blank\" rel=\"noopener\">https:\/\/www.dnes24.sk\/rychle-spravy\/humenne-kniznica-hlada-literarne-talenty-uz-po-40-raz-59168<\/a><\/p>\n\n\n\n<p><strong>18. 2. 2020<br>Jazykov\u00e9 okienko: dienko<\/strong> \u2013 vysvet\u013euje jazykovedky\u0148a doc. PhDr. Marianna Sedl\u00e1kov\u00e1, PhD., ved\u00faca Katedry slovakistiky, slovansk\u00fdch filol\u00f3gi\u00ed a komunik\u00e1cie Filozofickej fakulty UPJ\u0160 v Ko\u0161iciach; R\u00e1dio Regina V\u00fdchod (RTVS)<br><a href=\"https:\/\/reginavychod.rtvs.sk\/clanky\/zivotny-styl\/217749\/jazykove-okienko-dienko\" target=\"_blank\" rel=\"noopener\">https:\/\/reginavychod.rtvs.sk\/clanky\/zivotny-styl\/217749\/jazykove-okienko-dienko<\/a><\/p>\n\n\n\n<p><strong>18. 2. 2020<br>Jazykov\u00e9 okienko: bo\u017e\u00ed\/bo\u017esk\u00fd<\/strong> \u2013 vysvet\u013euje jazykovedky\u0148a doc. PhDr. Marianna Sedl\u00e1kov\u00e1, PhD., ved\u00faca Katedry slovakistiky, slovansk\u00fdch filol\u00f3gi\u00ed a komunik\u00e1cie Filozofickej fakulty UPJ\u0160 v Ko\u0161iciach; R\u00e1dio Regina V\u00fdchod (RTVS)<br><a href=\"https:\/\/reginavychod.rtvs.sk\/clanky\/zivotny-styl\/217748\/jazykove-okienko-bozi-bozsky\" target=\"_blank\" rel=\"noopener\">https:\/\/reginavychod.rtvs.sk\/clanky\/zivotny-styl\/217748\/jazykove-okienko-bozi-bozsky<\/a><\/p>\n\n\n\n<p><strong>18. 2. 2020<br>Spr\u00e1vy telKE: Aj Ko\u0161i\u010dania bud\u00fa voli\u0165 vo vo\u013eb\u00e1ch do NR SR zo zahrani\u010dia<\/strong> \u2013 s vyjadreniami politol\u00f3ga Mgr. Alexandra Onufr\u00e1ka, PhD., z Katedry politol\u00f3gie Filozofickej fakulty UPJ\u0160 v Ko\u0161iciach; telKE<br><a href=\"https:\/\/www.facebook.com\/telketv\/videos\/563223540934424\/\" target=\"_blank\" rel=\"noopener\">https:\/\/www.facebook.com\/telketv\/videos\/563223540934424\/<\/a><\/p>\n\n\n\n<p><strong>12. 2. 2020<br>Magaz\u00edn Regina: Karnevalov\u00e1 kult\u00fara a fa\u0161iangy<\/strong> (27:00 \u2013 35:33) \u2013 \u0161t\u00fadiov\u00fdm hos\u0165om bol kulturol\u00f3g PhDr. Luk\u00e1\u0161 \u0160utor, PhD., z Katedry slovakistiky, slovansk\u00fdch filol\u00f3gi\u00ed a komunik\u00e1cie Filozofickej fakulty UPJ\u0160 v Ko\u0161iciach; Dvojka (RTVS)<br><a href=\"https:\/\/www.rtvs.sk\/televizia\/archiv\/14356\/213374\" target=\"_blank\" rel=\"noopener\">https:\/\/www.rtvs.sk\/televizia\/archiv\/14356\/213374<\/a><\/p>\n\n\n\n<p><strong>6. 2. 2020<br>Za v\u0161etk\u00fdm h\u013eadaj \u017eenu: Revolu\u010dn\u00e9 n\u00e1rodn\u00e9 zhroma\u017edenie<\/strong> \u2013 politologi\u010dka Mgr. Ren\u00e1ta Dulinov\u00e1 Bzdilov\u00e1, PhD., z Filozofickej fakulty UPJ\u0160 v Ko\u0161iciach o prv\u00fdch \u017een\u00e1ch, ktor\u00e9 sa stali poslanky\u0148ami \u010deskoslovensk\u00e9ho z\u00e1konodarn\u00e9ho zboru; R\u00e1dio Regina (RTVS)<br><a href=\"https:\/\/reginavychod.rtvs.sk\/clanky\/za-vsetkym-hladaj-zenu\/216722\/revolucne-narodne-zhromazdenie\" target=\"_blank\" rel=\"noopener\">https:\/\/reginavychod.rtvs.sk\/clanky\/za-vsetkym-hladaj-zenu\/216722\/revolucne-narodne-zhromazdenie<\/a><\/p>\n\n\n\n<p><strong>6. 2. 2020<br>Za v\u0161etk\u00fdm h\u013eadaj \u017eenu: 100 rokov volebn\u00e9ho pr\u00e1va \u017eien v \u010ceskoslovensku<\/strong> \u2013 politologi\u010dka Mgr. Ren\u00e1ta Dulinov\u00e1 Bzdilov\u00e1, PhD., z Filozofickej fakulty UPJ\u0160 v Ko\u0161iciach o postaven\u00ed \u017eien pred 100 rokmi; R\u00e1dio Regina (RTVS)<br><a href=\"https:\/\/reginavychod.rtvs.sk\/clanky\/za-vsetkym-hladaj-zenu\/216719\/100-rokov-volebneho-prava-zien-v-ceskoslovensku\" target=\"_blank\" rel=\"noopener\">https:\/\/reginavychod.rtvs.sk\/clanky\/za-vsetkym-hladaj-zenu\/216719\/100-rokov-volebneho-prava-zien-v-ceskoslovensku<\/a><\/p>\n\n\n\n<p><strong>6. 2. 2020<br>Krajsk\u00e9 kol\u00e1 predmetov\u00fdch olympi\u00e1d v Ko\u0161ickom kraji bud\u00fa na Filozofickej fakulte UPJ\u0160 v Ko\u0161iciach<\/strong> \u2013 informuje prodekan FF UPJ\u0160 pre pedagogick\u00fa \u010dinnos\u0165 a akredit\u00e1ciu prof. PhDr. Eugen Andreansk\u00fd, PhD.; \u0160kolsk\u00e9.sk<br><a href=\"https:\/\/skolske.sk\/clanok\/52122\/krajske-kola-predmetovych-olympiad-vkosickomkraji-budu-na-filozofickej-fakulte-upjs-vkosiciach\" target=\"_blank\" rel=\"noopener\">https:\/\/skolske.sk\/clanok\/52122\/krajske-kola-predmetovych-olympiad-vkosickomkraji-budu-na-filozofickej-fakulte-upjs-vkosiciach<\/a><\/p>\n\n\n\n<p><strong>5. 2. 2020<br>Krajsk\u00e9 kol\u00e1 predmetov\u00fdch olympi\u00e1d v Ko\u0161ickom kraji sa aj v tomto roku uskuto\u010dnia na p\u00f4de Filozofickej fakulty UPJ\u0160 v Ko\u0161iciach<\/strong> \u2013 informuje prodekan FF UPJ\u0160 prof. PhDr. Eugen Andreansk\u00fd, PhD.; EduWorld.sk<br><a href=\"https:\/\/eduworld.sk\/cd\/ts\/6700\/krajske-kola-predmetovych-olympiad-v-kosickom-kraji-sa-aj-v-tomto-roku-uskutocnia-na-pode-filozofickej-fakulty-upjs-v-kosiciach\" target=\"_blank\" rel=\"noopener\">https:\/\/eduworld.sk\/cd\/ts\/6700\/krajske-kola-predmetovych-olympiad-v-kosickom-kraji-sa-aj-v-tomto-roku-uskutocnia-na-pode-filozofickej-fakulty-upjs-v-kosiciach<\/a><\/p>\n\n\n\n<p><strong>5. 2. 2020<br>Magaz\u00edn Regina: Spolupr\u00e1ca Linky detskej d\u00f4very s Filozofickou fakultou UPJ\u0160 <\/strong>&nbsp;(15:27 \u2013 22:17) \u2013 \u0161t\u00fadiov\u00fd rozhovor s dekankou FF UPJ\u0160 prof. PhDr. O\u013egou Orosovou, CSc., a zakladate\u013ekou LDD PhDr. Danou Lova\u0161ovou; Dvojka (RTVS)<br><a href=\"https:\/\/www.rtvs.sk\/televizia\/archiv\/14356\/212461\" target=\"_blank\" rel=\"noopener\">https:\/\/www.rtvs.sk\/televizia\/archiv\/14356\/212461<\/a><\/p>\n\n\n\n<p><strong>4. 2. 2020<br>Pr\u00e1ca snov pre Slov\u00e1kov? Naj\u017eiadanej\u0161ie poz\u00edcie s\u00fa v m\u00e9di\u00e1ch<\/strong> \u2013 Kde sa d\u00e1 na Slovensku \u0161tudova\u0165 \u017eurnalistika a masmedi\u00e1lne \u0161t\u00fadi\u00e1? Aj na Filozofickej fakulte UPJ\u0160 v Ko\u0161iciach; Hospod\u00e1rske noviny<br><a href=\"https:\/\/hnonline.sk\/praca\/2083557-najziadanejsiu-profesiu-maju-novinari\" target=\"_blank\" rel=\"noopener\">https:\/\/hnonline.sk\/praca\/2083557-najziadanejsiu-profesiu-maju-novinari<\/a><\/p>\n\n\n\n<p><strong>4. 2. 2020<br>De\u0148 otvoren\u00fdch dver\u00ed FF UPJ\u0160<\/strong>; Cassovia.sk<br><a href=\"http:\/\/www.cassovia.sk\/news\/21330\" target=\"_blank\" rel=\"noopener\">http:\/\/www.cassovia.sk\/news\/21330<\/a><\/p>\n\n\n\n<p><strong>3. 2. 2020<br>Maturanti, vysk\u00fa\u0161ajte si \u0161t\u00fadium na univerzite \u2013 Filozofick\u00e1 fakulta UPJ\u0160 v Ko\u0161iciach pre v\u00e1s otv\u00e1ra br\u00e1ny svojho are\u00e1lu<\/strong>; Ko\u0161iceOnline.sk<br><a href=\"https:\/\/www.kosiceonline.sk\/calendar\/Kosice\/2020-02-07\" target=\"_blank\" rel=\"noopener\">https:\/\/www.kosiceonline.sk\/calendar\/Kosice\/2020-02-07<\/a><\/p>\n\n\n\n<p><strong>2. 2. 2020<br>Kulturol\u00f3g Luk\u00e1\u0161 \u0160utor: Hromnice si uchovali svoj \u013eudov\u00fd n\u00e1zov (aj obsah)<\/strong> \u2013 PhDr. Luk\u00e1\u0161 \u0160utor, PhD., z Katedry slovakistiky, slovansk\u00fdch filol\u00f3gi\u00ed a komunik\u00e1cie Filozofickej fakulty UPJ\u0160 v Ko\u0161iciach objas\u0148uje podstatu kres\u0165ansk\u00e9ho sviatku Obetovania P\u00e1na; \u0160kolsk\u00e9.sk<br><a href=\"https:\/\/www.skolske.sk\/clanok\/51993\/kulturolog-lukas-sutor-hromnice-si-uchovali-svoj-ludovy-nazov-aj-obsah\" target=\"_blank\" rel=\"noopener\">https:\/\/www.skolske.sk\/clanok\/51993\/kulturolog-lukas-sutor-hromnice-si-uchovali-svoj-ludovy-nazov-aj-obsah<\/a><\/p>\n\n\n\n<p><strong>2. 2. 2020<br>Hromnice sa pova\u017eovali za prechodn\u00e9 obdobie medzi zimou a jarou<\/strong> \u2013 podstatu sviatku ozrejmuje kulturol\u00f3g PhDr. Luk\u00e1\u0161 \u0160utor, PhD., z Katedry slovakistiky, slovansk\u00fdch filol\u00f3gi\u00ed a komunik\u00e1cie Filozofickej fakulty UPJ\u0160 v Ko\u0161iciach; Ko\u0161iceOnline.sk<br><a href=\"https:\/\/www.kosiceonline.sk\/hromnice-sa-povazovali-za-prechodne-obdobie-medzi-zimou-a-jarou\" target=\"_blank\" rel=\"noopener\">https:\/\/www.kosiceonline.sk\/hromnice-sa-povazovali-za-prechodne-obdobie-medzi-zimou-a-jarou<\/a><\/p>\n\n\n\n<p><strong>1. 2. 2020<br>Otestuj si svoj talent v liter\u00e1rnej s\u00fa\u0165a\u017ei v Ko\u0161iciach<\/strong> \u2013 Kni\u017enica pre ml\u00e1de\u017e mesta Ko\u0161ice zverejnila t\u00e9my pre XXV. ro\u010dn\u00edk s\u00fa\u0165a\u017ee Liter\u00e1rne Ko\u0161ice \u2013 pre kni\u017enicu ich vymyslela Mgr. Mark\u00e9ta Andri\u010d\u00edkov\u00e1, PhD., z Katedry slovakistiky, slovansk\u00fdch filol\u00f3gi\u00ed a komunik\u00e1cie Filozofickej fakulty UPJ\u0160 v&nbsp;Ko\u0161iciach, ktor\u00e1 bude z\u00e1rove\u0148 \u010dlenkou odbornej poroty, spolu s&nbsp;prodekanom FF UPJ\u0160 prof. PhDr. Mari\u00e1nom Andri\u010d\u00edkom, PhD.; Dnes24.sk<br><a href=\"https:\/\/kosice.dnes24.sk\/otestuj-si-svoj-talent-v-literarnej-sutazi-v-kosiciach-352539\" target=\"_blank\" rel=\"noopener\">https:\/\/kosice.dnes24.sk\/otestuj-si-svoj-talent-v-literarnej-sutazi-v-kosiciach-352539<\/a><\/p>\n\n\n\n<p><strong>31. 1. 2020<br>Online konferencia UNPLUGGED<\/strong> \u2013 realizovala ju Katedra pedagogickej psychol\u00f3gie a psychol\u00f3gie zdravia Filozofickej fakulty UPJ\u0160 v Ko\u0161iciach; U\u010dite\u013esk\u00e9 noviny<br><a href=\"https:\/\/www.ucn.sk\/vzdelavanie\/online-konferencia-unplugged\" target=\"_blank\" rel=\"noopener\">https:\/\/www.ucn.sk\/vzdelavanie\/online-konferencia-unplugged<\/a><\/p>\n\n\n\n<p><strong>30. 1. 2020<br>Oslobodenie Ko\u0161\u00edc<\/strong> \u2013 rozhlasov\u00fd pr\u00edspevok k 75. v\u00fdro\u010diu oslobodenia mesta Ko\u0161ice s vyjadreniami Mgr. Henricha Hrehora, PhD., z Katedry hist\u00f3rie Filozofickej fakulty UPJ\u0160 v Ko\u0161iciach; R\u00e1dio Slovensko (RTVS)<br><a href=\"https:\/\/slovensko.rtvs.sk\/clanky\/spolocnost\/216192\/oslobodenie-kosic\" target=\"_blank\" rel=\"noopener\">https:\/\/slovensko.rtvs.sk\/clanky\/spolocnost\/216192\/oslobodenie-kosic<\/a><\/p>\n\n\n\n<p><strong>30. 1. 2020<br>Hromnice s\u00fa sviatkom svetla<\/strong> \u2013 podstatu sviatku pribli\u017euje kulturol\u00f3g PhDr. Luk\u00e1\u0161 \u0160utor, PhD., z Katedry slovakistiky, slovansk\u00fdch filol\u00f3gi\u00ed a komunik\u00e1cie Filozofickej fakulty UPJ\u0160 v Ko\u0161iciach; Veda na dosah<br><a href=\"https:\/\/vedanadosah.cvtisr.sk\/hromnice-su-sviatkom-svetla\" target=\"_blank\" rel=\"noopener\">https:\/\/vedanadosah.cvtisr.sk\/hromnice-su-sviatkom-svetla<\/a><\/p>\n\n\n\n<p><strong>29. 1. 2020<br>Kni\u017enica pre ml\u00e1de\u017e mesta Ko\u0161ice h\u013ead\u00e1 talenty<\/strong> \u2013 t\u00e9my pre XXV. ro\u010dn\u00edk s\u00fa\u0165a\u017ee Liter\u00e1rne Ko\u0161ice pripravila liter\u00e1rna vedky\u0148a Mgr. Mark\u00e9ta Andri\u010d\u00edkov\u00e1, PhD., z Katedry slovakistiky, slovansk\u00fdch filol\u00f3gi\u00ed a komunik\u00e1cie Filozofickej fakulty UPJ\u0160 v Ko\u0161iciach, ktor\u00e1 bude z\u00e1rove\u0148 \u010dlenkou odbornej poroty \u2013 spolu s prodekanom FF UPJ\u0160 prof. PhDr. Mari\u00e1nom Andri\u010d\u00edkom, PhD.; \u0160kolsk\u00e9.sk<br><a href=\"https:\/\/www.skolske.sk\/clanok\/51973\/kniznica-pre-mladez-mesta-kosice-hlada-talenty\" target=\"_blank\" rel=\"noopener\">https:\/\/www.skolske.sk\/clanok\/51973\/kniznica-pre-mladez-mesta-kosice-hlada-talenty<\/a><\/p>\n\n\n\n<p><strong>21. 1. 2020<br>Ko\u0161ice boli prv\u00e9 ve\u013ek\u00e9 osloboden\u00e9 mesto na \u00fazem\u00ed b\u00fdval\u00e9ho \u010ceskoslovenska<\/strong> \u2013 pripom\u00edna historik Mgr. Henrich Hrehor, PhD., z Katedry hist\u00f3rie Filozofickej fakulty UPJ\u0160 v Ko\u0161iciach; \u0160kolsk\u00e9.sk<br><a href=\"https:\/\/www.skolske.sk\/clanok\/51831\/kosice-boli-prve-velke-oslobodene-mesto-na-uzemi-byvaleho-ceskoslovenska\" target=\"_blank\" rel=\"noopener\">https:\/\/www.skolske.sk\/clanok\/51831\/kosice-boli-prve-velke-oslobodene-mesto-na-uzemi-byvaleho-ceskoslovenska<\/a><\/p>\n\n\n\n<p><strong>20. 1. 2020<br>V Ko\u0161iciach si pripomenuli 75. v\u00fdro\u010die oslobodenia mesta<\/strong> \u2013 pod\u013ea historika Mgr. Henricha Hrehora, PhD., z Katedry hist\u00f3rie Filozofickej fakulty UPJ\u0160 v Ko\u0161iciach bolo oslobodenie mesta prv\u00fdm v\u00fdznamn\u00fdm medzn\u00edkom ukon\u010denia druhej svetovej vojny z poh\u013eadu Slovenska aj b\u00fdval\u00e9ho \u010ceskoslovenska<br>\u2013 Tla\u010dov\u00e1 agent\u00fara Slovenskej republiky (TASR):<br><a href=\"https:\/\/www.tasr.sk\/tasr-clanok\/TASR:20200120TBB00090\" target=\"_blank\" rel=\"noopener\">https:\/\/www.tasr.sk\/tasr-clanok\/TASR:20200120TBB00090<\/a><br>\u2013 Teraz.sk:<br><a href=\"https:\/\/www.teraz.sk\/regiony\/v-kosiciach-si-pripomenuli-75-vyroci\/441604-clanok.html\" target=\"_blank\" rel=\"noopener\">https:\/\/www.teraz.sk\/regiony\/v-kosiciach-si-pripomenuli-75-vyroci\/441604-clanok.html<\/a><br>\u2013 Obecn\u00e9 noviny:<br><a href=\"https:\/\/www.obecne-noviny.sk\/clanky\/v-kosiciach-si-pripomenuli-75-vyrocie-oslobodenia-mesta\" target=\"_blank\" rel=\"noopener\">https:\/\/www.obecne-noviny.sk\/clanky\/v-kosiciach-si-pripomenuli-75-vyrocie-oslobodenia-mesta<\/a><br>\u2013 Dobr\u00e9 noviny:<br><a href=\"https:\/\/www.dobrenoviny.sk\/c\/178133\/v-kosiciach-si-pripomenuli-75-vyrocie-oslobodenia-mesta\" target=\"_blank\" rel=\"noopener\">https:\/\/www.dobrenoviny.sk\/c\/178133\/v-kosiciach-si-pripomenuli-75-vyrocie-oslobodenia-mesta<\/a><br>\u2013 Obce.tasr.sk:<br><a href=\"https:\/\/obce.tasr.sk\/clanok\/2856\/v-kosiciach-si-pripomenuli-75.-vyrocie-oslobodenia-mesta\" target=\"_blank\" rel=\"noopener\">https:\/\/obce.tasr.sk\/clanok\/2856\/v-kosiciach-si-pripomenuli-75.-vyrocie-oslobodenia-mesta<\/a><\/p>\n\n\n\n<p><strong>18. 1. 2020<br>Zem spieva<\/strong> (1:28:20 \u2013 1:39:45) \u2013 vyst\u00fapenie \u0161tudentky Filozofickej fakulty UPJ\u0160 v Ko\u0161iciach Bc. Sone Mety\u013eovej; Jednotka (RTVS)<br><a href=\"https:\/\/www.rtvs.sk\/televizia\/archiv\/14986\/209531\" target=\"_blank\" rel=\"noopener\">https:\/\/www.rtvs.sk\/televizia\/archiv\/14986\/209531<\/a><\/p>\n\n\n\n<p><strong>18. 1. 2020<br>Ko\u0161ice boli prv\u00e9 v\u00e4\u010d\u0161ie osloboden\u00e9 mesto. Na konci vojny tu s\u00eddlil prezident<\/strong> \u2013 s vyjadreniami Mgr. Henricha Hrehora, PhD., z Katedry hist\u00f3rie Filozofickej fakulty UPJ\u0160 v Ko\u0161iciach; Korz\u00e1r \u2013 denn\u00edk Ko\u0161ick\u00e9ho kraja<br><a href=\"https:\/\/kosice.korzar.sme.sk\/c\/22305018\/kosice-boli-prve-vacsie-oslobodene-mesto-na-konci-vojny-tu-sidlil-prezident.html\" target=\"_blank\" rel=\"noopener\">https:\/\/kosice.korzar.sme.sk\/c\/22305018\/kosice-boli-prve-vacsie-oslobodene-mesto-na-konci-vojny-tu-sidlil-prezident.html<\/a><\/p>\n\n\n\n<p><strong>17. 1. 2020<br>Faktick\u00e9 za\u010dlenenie Ko\u0161\u00edc do obnovenej \u010ceskoslovenskej republiky<\/strong> \u2013 Mgr. Henrich Hrehor, PhD., z Katedry hist\u00f3rie Filozofickej fakulty UPJ\u0160 v Ko\u0161iciach k 75. v\u00fdro\u010diu oslobodenia mesta \u010cervenou arm\u00e1dou; Cassovia.sk<br><a href=\"http:\/\/www.cassovia.sk\/news\/21317\" target=\"_blank\" rel=\"noopener\">http:\/\/www.cassovia.sk\/news\/21317<\/a><\/p>\n\n\n\n<p><strong>7. 1. 2020<br>Spr\u00e1vy R\u00e1dia Ko\u0161ice: Pod\u013ea politol\u00f3ga nebude ma\u0165 slovensk\u00fd parlament po vo\u013eb\u00e1ch zast\u00fapenie ma\u010farskej men\u0161iny<\/strong> \u2013 mysl\u00ed si Mgr. J\u00e1n Ruman, PhD., z Katedry politol\u00f3gie Filozofickej fakulty UPJ\u0160 v Ko\u0161iciach; R\u00e1dio Ko\u0161ice<br><a href=\"https:\/\/www.radiokosice.sk\/spravy-radia-kosice-z-7-1-2020\" target=\"_blank\" rel=\"noopener\">https:\/\/www.radiokosice.sk\/spravy-radia-kosice-z-7-1-2020<\/a><\/p>\n\n\n\n<p><strong>7. 1. 2020<br>Vo\u013eby sa bl\u00ed\u017eia a medzi stranami to vrie. Ako m\u00f4\u017ee vyzera\u0165 politick\u00e1 mapa po vo\u013eb\u00e1ch?<\/strong> \u2013 progn\u00f3zuje Mgr. J\u00e1n Ruman, PhD., z Katedry politol\u00f3gie Filozofickej fakulty UPJ\u0160 v Ko\u0161iciach; Ko\u0161iceOnline.sk<br><a href=\"https:\/\/www.kosiceonline.sk\/volby-sa-blizia-a-medzi-stranami-to-vrie-ako-moze-vyzerat-politicka-mapa-po-volbach\" target=\"_blank\" rel=\"noopener\">https:\/\/www.kosiceonline.sk\/volby-sa-blizia-a-medzi-stranami-to-vrie-ako-moze-vyzerat-politicka-mapa-po-volbach<\/a><\/p>\n","protected":false},"excerpt":{"rendered":"<p>31. 12. 2020Liter\u00e1rny \u010din roka 2020: Preklad a slovensk\u00e9 vydanie Straten\u00e9ho raja \u2013 postaral sa o\u0148 b\u00e1snik, prekladate\u013e, vedec a pedag\u00f3g, prodekan Filozofickej fakulty UPJ\u0160 v Ko\u0161iciach prof. PhDr. Mari\u00e1n Andri\u010d\u00edk, PhD.; IndexMaghttps:\/\/indexmag.sk\/2020\/12\/31\/preklad-a-slovenske-vydanie-strateny-raj\/ 31. 12. 2020Matovi\u010dova vl\u00e1da rozviazala ruky pol\u00edcii, s politickou kult\u00farou sa v\u0161ak nikam nepohla \u2013 od novej vl\u00e1dy sa o\u010dak\u00e1valo viac transparentnosti, &hellip; <a href=\"https:\/\/www.upjs.sk\/filozoficka-fakulta\/info-pre-verejnost-a-media\/ff-v-mediach\/2020-2\/\">\u010c\u00edta\u0165 \u010falej<\/a><\/p>\n","protected":false},"author":1,"featured_media":0,"parent":48392,"menu_order":5,"comment_status":"closed","ping_status":"closed","template":"","meta":{"_acf_changed":false,"_editorskit_title_hidden":false,"_editorskit_reading_time":29,"_editorskit_is_block_options_detached":false,"_editorskit_block_options_position":"{}","footnotes":""},"categories":[],"tags":[],"class_list":["post-12418","page","type-page","status-publish","hentry"],"acf":{"acf_link_na_externy_obsah":""},"yoast_head":"<!-- This site is optimized with the Yoast SEO plugin v27.4 - https:\/\/yoast.com\/product\/yoast-seo-wordpress\/ -->\n<title>Fakulta v m\u00e9di\u00e1ch 2020 - Filozofick\u00e1 fakulta | UPJ\u0160<\/title>\n<meta name=\"robots\" content=\"index, follow, max-snippet:-1, max-image-preview:large, max-video-preview:-1\" \/>\n<link rel=\"canonical\" href=\"https:\/\/www.upjs.sk\/filozoficka-fakulta\/info-pre-verejnost-a-media\/ff-v-mediach\/2020-2\/\" \/>\n<meta property=\"og:locale\" content=\"sk_SK\" \/>\n<meta property=\"og:type\" content=\"article\" \/>\n<meta property=\"og:title\" content=\"Fakulta v m\u00e9di\u00e1ch 2020 - Filozofick\u00e1 fakulta | UPJ\u0160\" \/>\n<meta property=\"og:description\" content=\"31. 12. 2020Liter\u00e1rny \u010din roka 2020: Preklad a slovensk\u00e9 vydanie Straten\u00e9ho raja \u2013 postaral sa o\u0148 b\u00e1snik, prekladate\u013e, vedec a pedag\u00f3g, prodekan Filozofickej fakulty UPJ\u0160 v Ko\u0161iciach prof. PhDr. Mari\u00e1n Andri\u010d\u00edk, PhD.; IndexMaghttps:\/\/indexmag.sk\/2020\/12\/31\/preklad-a-slovenske-vydanie-strateny-raj\/ 31. 12. 2020Matovi\u010dova vl\u00e1da rozviazala ruky pol\u00edcii, s politickou kult\u00farou sa v\u0161ak nikam nepohla \u2013 od novej vl\u00e1dy sa o\u010dak\u00e1valo viac transparentnosti, &hellip; \u010c\u00edta\u0165 \u010falej\" \/>\n<meta property=\"og:url\" content=\"https:\/\/www.upjs.sk\/filozoficka-fakulta\/info-pre-verejnost-a-media\/ff-v-mediach\/2020-2\/\" \/>\n<meta property=\"og:site_name\" content=\"Filozofick\u00e1 fakulta | UPJ\u0160\" \/>\n<meta property=\"article:modified_time\" content=\"2025-01-17T10:33:01+00:00\" \/>\n<meta name=\"twitter:card\" content=\"summary_large_image\" \/>\n<meta name=\"twitter:label1\" content=\"Predpokladan\u00fd \u010das \u010d\u00edtania\" \/>\n\t<meta name=\"twitter:data1\" content=\"44 min\u00fat\" \/>\n<script type=\"application\/ld+json\" class=\"yoast-schema-graph\">{\"@context\":\"https:\\\/\\\/schema.org\",\"@graph\":[{\"@type\":\"WebPage\",\"@id\":\"https:\\\/\\\/www.upjs.sk\\\/filozoficka-fakulta\\\/info-pre-verejnost-a-media\\\/ff-v-mediach\\\/2020-2\\\/\",\"url\":\"https:\\\/\\\/www.upjs.sk\\\/filozoficka-fakulta\\\/info-pre-verejnost-a-media\\\/ff-v-mediach\\\/2020-2\\\/\",\"name\":\"Fakulta v m\u00e9di\u00e1ch 2020 - Filozofick\u00e1 fakulta | UPJ\u0160\",\"isPartOf\":{\"@id\":\"https:\\\/\\\/www.upjs.sk\\\/filozoficka-fakulta\\\/#website\"},\"datePublished\":\"2021-01-05T11:32:25+00:00\",\"dateModified\":\"2025-01-17T10:33:01+00:00\",\"breadcrumb\":{\"@id\":\"https:\\\/\\\/www.upjs.sk\\\/filozoficka-fakulta\\\/info-pre-verejnost-a-media\\\/ff-v-mediach\\\/2020-2\\\/#breadcrumb\"},\"inLanguage\":\"sk-SK\",\"potentialAction\":[{\"@type\":\"ReadAction\",\"target\":[\"https:\\\/\\\/www.upjs.sk\\\/filozoficka-fakulta\\\/info-pre-verejnost-a-media\\\/ff-v-mediach\\\/2020-2\\\/\"]}]},{\"@type\":\"BreadcrumbList\",\"@id\":\"https:\\\/\\\/www.upjs.sk\\\/filozoficka-fakulta\\\/info-pre-verejnost-a-media\\\/ff-v-mediach\\\/2020-2\\\/#breadcrumb\",\"itemListElement\":[{\"@type\":\"ListItem\",\"position\":1,\"name\":\"Home\",\"item\":\"https:\\\/\\\/www.upjs.sk\\\/filozoficka-fakulta\\\/\"},{\"@type\":\"ListItem\",\"position\":2,\"name\":\"Inform\u00e1cie pre verejnos\u0165 a m\u00e9di\u00e1\",\"item\":\"https:\\\/\\\/www.upjs.sk\\\/filozoficka-fakulta\\\/info-pre-verejnost-a-media\\\/\"},{\"@type\":\"ListItem\",\"position\":3,\"name\":\"Fakulta v m\u00e9di\u00e1ch 2026\",\"item\":\"https:\\\/\\\/www.upjs.sk\\\/filozoficka-fakulta\\\/info-pre-verejnost-a-media\\\/ff-v-mediach\\\/\"},{\"@type\":\"ListItem\",\"position\":4,\"name\":\"Fakulta v m\u00e9di\u00e1ch 2020\"}]},{\"@type\":\"WebSite\",\"@id\":\"https:\\\/\\\/www.upjs.sk\\\/filozoficka-fakulta\\\/#website\",\"url\":\"https:\\\/\\\/www.upjs.sk\\\/filozoficka-fakulta\\\/\",\"name\":\"Filozofick\u00e1 fakulta | UPJ\u0160\",\"description\":\"\",\"publisher\":{\"@id\":\"https:\\\/\\\/www.upjs.sk\\\/filozoficka-fakulta\\\/#organization\"},\"potentialAction\":[{\"@type\":\"SearchAction\",\"target\":{\"@type\":\"EntryPoint\",\"urlTemplate\":\"https:\\\/\\\/www.upjs.sk\\\/filozoficka-fakulta\\\/?s={search_term_string}\"},\"query-input\":{\"@type\":\"PropertyValueSpecification\",\"valueRequired\":true,\"valueName\":\"search_term_string\"}}],\"inLanguage\":\"sk-SK\"},{\"@type\":\"Organization\",\"@id\":\"https:\\\/\\\/www.upjs.sk\\\/filozoficka-fakulta\\\/#organization\",\"name\":\"Filozofick\u00e1 fakulta | UPJ\u0160\",\"url\":\"https:\\\/\\\/www.upjs.sk\\\/filozoficka-fakulta\\\/\",\"logo\":{\"@type\":\"ImageObject\",\"inLanguage\":\"sk-SK\",\"@id\":\"https:\\\/\\\/www.upjs.sk\\\/filozoficka-fakulta\\\/#\\\/schema\\\/logo\\\/image\\\/\",\"url\":\"https:\\\/\\\/www.upjs.sk\\\/app\\\/uploads\\\/sites\\\/7\\\/2022\\\/09\\\/logo-filozoficka-fakulta.png\",\"contentUrl\":\"https:\\\/\\\/www.upjs.sk\\\/app\\\/uploads\\\/sites\\\/7\\\/2022\\\/09\\\/logo-filozoficka-fakulta.png\",\"width\":415,\"height\":87,\"caption\":\"Filozofick\u00e1 fakulta | UPJ\u0160\"},\"image\":{\"@id\":\"https:\\\/\\\/www.upjs.sk\\\/filozoficka-fakulta\\\/#\\\/schema\\\/logo\\\/image\\\/\"}}]}<\/script>\n<!-- \/ Yoast SEO plugin. -->","yoast_head_json":{"title":"Fakulta v m\u00e9di\u00e1ch 2020 - Filozofick\u00e1 fakulta | UPJ\u0160","robots":{"index":"index","follow":"follow","max-snippet":"max-snippet:-1","max-image-preview":"max-image-preview:large","max-video-preview":"max-video-preview:-1"},"canonical":"https:\/\/www.upjs.sk\/filozoficka-fakulta\/info-pre-verejnost-a-media\/ff-v-mediach\/2020-2\/","og_locale":"sk_SK","og_type":"article","og_title":"Fakulta v m\u00e9di\u00e1ch 2020 - Filozofick\u00e1 fakulta | UPJ\u0160","og_description":"31. 12. 2020Liter\u00e1rny \u010din roka 2020: Preklad a slovensk\u00e9 vydanie Straten\u00e9ho raja \u2013 postaral sa o\u0148 b\u00e1snik, prekladate\u013e, vedec a pedag\u00f3g, prodekan Filozofickej fakulty UPJ\u0160 v Ko\u0161iciach prof. PhDr. Mari\u00e1n Andri\u010d\u00edk, PhD.; IndexMaghttps:\/\/indexmag.sk\/2020\/12\/31\/preklad-a-slovenske-vydanie-strateny-raj\/ 31. 12. 2020Matovi\u010dova vl\u00e1da rozviazala ruky pol\u00edcii, s politickou kult\u00farou sa v\u0161ak nikam nepohla \u2013 od novej vl\u00e1dy sa o\u010dak\u00e1valo viac transparentnosti, &hellip; \u010c\u00edta\u0165 \u010falej","og_url":"https:\/\/www.upjs.sk\/filozoficka-fakulta\/info-pre-verejnost-a-media\/ff-v-mediach\/2020-2\/","og_site_name":"Filozofick\u00e1 fakulta | UPJ\u0160","article_modified_time":"2025-01-17T10:33:01+00:00","twitter_card":"summary_large_image","twitter_misc":{"Predpokladan\u00fd \u010das \u010d\u00edtania":"44 min\u00fat"},"schema":{"@context":"https:\/\/schema.org","@graph":[{"@type":"WebPage","@id":"https:\/\/www.upjs.sk\/filozoficka-fakulta\/info-pre-verejnost-a-media\/ff-v-mediach\/2020-2\/","url":"https:\/\/www.upjs.sk\/filozoficka-fakulta\/info-pre-verejnost-a-media\/ff-v-mediach\/2020-2\/","name":"Fakulta v m\u00e9di\u00e1ch 2020 - Filozofick\u00e1 fakulta | UPJ\u0160","isPartOf":{"@id":"https:\/\/www.upjs.sk\/filozoficka-fakulta\/#website"},"datePublished":"2021-01-05T11:32:25+00:00","dateModified":"2025-01-17T10:33:01+00:00","breadcrumb":{"@id":"https:\/\/www.upjs.sk\/filozoficka-fakulta\/info-pre-verejnost-a-media\/ff-v-mediach\/2020-2\/#breadcrumb"},"inLanguage":"sk-SK","potentialAction":[{"@type":"ReadAction","target":["https:\/\/www.upjs.sk\/filozoficka-fakulta\/info-pre-verejnost-a-media\/ff-v-mediach\/2020-2\/"]}]},{"@type":"BreadcrumbList","@id":"https:\/\/www.upjs.sk\/filozoficka-fakulta\/info-pre-verejnost-a-media\/ff-v-mediach\/2020-2\/#breadcrumb","itemListElement":[{"@type":"ListItem","position":1,"name":"Home","item":"https:\/\/www.upjs.sk\/filozoficka-fakulta\/"},{"@type":"ListItem","position":2,"name":"Inform\u00e1cie pre verejnos\u0165 a m\u00e9di\u00e1","item":"https:\/\/www.upjs.sk\/filozoficka-fakulta\/info-pre-verejnost-a-media\/"},{"@type":"ListItem","position":3,"name":"Fakulta v m\u00e9di\u00e1ch 2026","item":"https:\/\/www.upjs.sk\/filozoficka-fakulta\/info-pre-verejnost-a-media\/ff-v-mediach\/"},{"@type":"ListItem","position":4,"name":"Fakulta v m\u00e9di\u00e1ch 2020"}]},{"@type":"WebSite","@id":"https:\/\/www.upjs.sk\/filozoficka-fakulta\/#website","url":"https:\/\/www.upjs.sk\/filozoficka-fakulta\/","name":"Filozofick\u00e1 fakulta | UPJ\u0160","description":"","publisher":{"@id":"https:\/\/www.upjs.sk\/filozoficka-fakulta\/#organization"},"potentialAction":[{"@type":"SearchAction","target":{"@type":"EntryPoint","urlTemplate":"https:\/\/www.upjs.sk\/filozoficka-fakulta\/?s={search_term_string}"},"query-input":{"@type":"PropertyValueSpecification","valueRequired":true,"valueName":"search_term_string"}}],"inLanguage":"sk-SK"},{"@type":"Organization","@id":"https:\/\/www.upjs.sk\/filozoficka-fakulta\/#organization","name":"Filozofick\u00e1 fakulta | UPJ\u0160","url":"https:\/\/www.upjs.sk\/filozoficka-fakulta\/","logo":{"@type":"ImageObject","inLanguage":"sk-SK","@id":"https:\/\/www.upjs.sk\/filozoficka-fakulta\/#\/schema\/logo\/image\/","url":"https:\/\/www.upjs.sk\/app\/uploads\/sites\/7\/2022\/09\/logo-filozoficka-fakulta.png","contentUrl":"https:\/\/www.upjs.sk\/app\/uploads\/sites\/7\/2022\/09\/logo-filozoficka-fakulta.png","width":415,"height":87,"caption":"Filozofick\u00e1 fakulta | UPJ\u0160"},"image":{"@id":"https:\/\/www.upjs.sk\/filozoficka-fakulta\/#\/schema\/logo\/image\/"}}]}},"_links":{"self":[{"href":"https:\/\/www.upjs.sk\/filozoficka-fakulta\/wp-json\/wp\/v2\/pages\/12418","targetHints":{"allow":["GET"]}}],"collection":[{"href":"https:\/\/www.upjs.sk\/filozoficka-fakulta\/wp-json\/wp\/v2\/pages"}],"about":[{"href":"https:\/\/www.upjs.sk\/filozoficka-fakulta\/wp-json\/wp\/v2\/types\/page"}],"author":[{"embeddable":true,"href":"https:\/\/www.upjs.sk\/filozoficka-fakulta\/wp-json\/wp\/v2\/users\/1"}],"replies":[{"embeddable":true,"href":"https:\/\/www.upjs.sk\/filozoficka-fakulta\/wp-json\/wp\/v2\/comments?post=12418"}],"version-history":[{"count":3,"href":"https:\/\/www.upjs.sk\/filozoficka-fakulta\/wp-json\/wp\/v2\/pages\/12418\/revisions"}],"predecessor-version":[{"id":53110,"href":"https:\/\/www.upjs.sk\/filozoficka-fakulta\/wp-json\/wp\/v2\/pages\/12418\/revisions\/53110"}],"up":[{"embeddable":true,"href":"https:\/\/www.upjs.sk\/filozoficka-fakulta\/wp-json\/wp\/v2\/pages\/48392"}],"wp:attachment":[{"href":"https:\/\/www.upjs.sk\/filozoficka-fakulta\/wp-json\/wp\/v2\/media?parent=12418"}],"wp:term":[{"taxonomy":"category","embeddable":true,"href":"https:\/\/www.upjs.sk\/filozoficka-fakulta\/wp-json\/wp\/v2\/categories?post=12418"},{"taxonomy":"post_tag","embeddable":true,"href":"https:\/\/www.upjs.sk\/filozoficka-fakulta\/wp-json\/wp\/v2\/tags?post=12418"}],"curies":[{"name":"wp","href":"https:\/\/api.w.org\/{rel}","templated":true}]}}