{"id":16457,"date":"2022-09-29T13:30:37","date_gmt":"2022-09-29T13:30:37","guid":{"rendered":"https:\/\/www.upjs.sk\/filozoficka-fakulta\/veda-a-vyskum\/hk-a-ik\/"},"modified":"2025-12-18T15:04:06","modified_gmt":"2025-12-18T14:04:06","slug":"hk-a-ik","status":"publish","type":"page","link":"https:\/\/www.upjs.sk\/filozoficka-fakulta\/veda-a-vyskum\/hk-a-ik\/","title":{"rendered":"Habilita\u010dn\u00e9 a inaugura\u010dn\u00e9 konanie"},"content":{"rendered":"\n<p>Referentka pre vedu, v\u00fdskum, kvalifika\u010dn\u00fd rast a doktorandsk\u00e9 \u0161t\u00fadium:<br><strong>Mgr. Gabriela Onu\u0161kov\u00e1, PhD.<\/strong><br>\u2709&nbsp;<a href=\"mailto:gabriela.onuskova@upjs.sk\">gabriela.onuskova@upjs.sk<\/a><br>\u2706 +421 55 234 7116<\/p>\n\n\n<style>.wp-block-kadence-spacer.kt-block-spacer-16457_b53c12-ae .kt-block-spacer{height:30px;}.wp-block-kadence-spacer.kt-block-spacer-16457_b53c12-ae .kt-divider{border-top-width:1px;height:1px;border-top-color:#eee;width:80%;border-top-style:solid;}<\/style>\n<div class=\"wp-block-kadence-spacer aligncenter kt-block-spacer-16457_b53c12-ae\"><div class=\"kt-block-spacer kt-block-spacer-halign-center\"><hr class=\"kt-divider\"\/><\/div><\/div>\n\n\n\n<figure class=\"wp-block-image aligncenter\"><a href=\"https:\/\/haik.upjs.sk\" target=\"_blank\" rel=\"noopener\"><img decoding=\"async\" src=\"https:\/\/www.upjs.sk\/app\/uploads\/sites\/7\/2022\/10\/banner-hk-a-ik.jpg\" alt=\"\"\/><\/a><\/figure>\n\n\n<style>.wp-block-kadence-spacer.kt-block-spacer-16457_ee2ecb-67 .kt-block-spacer{height:30px;}.wp-block-kadence-spacer.kt-block-spacer-16457_ee2ecb-67 .kt-divider{border-top-width:1px;height:1px;border-top-color:#eee;width:80%;border-top-style:solid;}<\/style>\n<div class=\"wp-block-kadence-spacer aligncenter kt-block-spacer-16457_ee2ecb-67\"><div class=\"kt-block-spacer kt-block-spacer-halign-center\"><hr class=\"kt-divider\"\/><\/div><\/div>\n\n\n\n<ul class=\"wp-block-list\">\n<li><a href=\"\/filozoficka-fakulta\/vav\/hk-a-ik-legislativa\" target=\"_blank\" rel=\"noopener\"><strong>Legislat\u00edva a d\u00f4le\u017eit\u00e9 dokumenty<\/strong><\/a><\/li>\n\n\n\n<li><a href=\"https:\/\/www.upjs.sk\/app\/uploads\/sites\/7\/2025\/12\/HK-FF-harmonogram-012026.pdf\" target=\"_blank\" rel=\"noreferrer noopener\">Harmonogram habilita\u010dn\u00e9ho konania<\/a><\/li>\n\n\n\n<li><a href=\"https:\/\/intranet.upjs.sk\/op\/op.Public.php?documentid=6009\" target=\"_blank\" rel=\"noreferrer noopener\">Rozhodnutie dekanky FF UPJ\u0160 \u010d. 4\/2025, ktor\u00fdm sa stanovuje v\u00fd\u0161ka poplatkov na \u00fahradu n\u00e1kladov spojen\u00fdch s habilita\u010dn\u00fdm konan\u00edm alebo vymen\u00favac\u00edm konan\u00edm na FF UPJ\u0160 v Ko\u0161iciach<\/a><\/li>\n<\/ul>\n\n\n<style>.wp-block-kadence-spacer.kt-block-spacer-16457_94b924-2c .kt-block-spacer{height:30px;}.wp-block-kadence-spacer.kt-block-spacer-16457_94b924-2c .kt-divider{border-top-width:1px;height:1px;border-top-color:#eee;width:80%;border-top-style:solid;}<\/style>\n<div class=\"wp-block-kadence-spacer aligncenter kt-block-spacer-16457_94b924-2c\"><div class=\"kt-block-spacer kt-block-spacer-halign-center\"><hr class=\"kt-divider\"\/><\/div><\/div>\n\n\n\n<p><span style=\"color: #ff0000\"><strong>Tla\u010div\u00e1 na stiahnutie<\/strong><\/span><\/p>\n\n\n\n<ul class=\"wp-block-list\">\n<li><a href=\"https:\/\/intranet.upjs.sk\/op\/op.Public.php?documentid=7558\" target=\"_blank\" rel=\"noopener\">Habilita\u010dn\u00fd spis<\/a> (vzor, pred odovzdan\u00edm potrebn\u00e9 konzultova\u0165 na pr\u00edslu\u0161nom \u00fatvare)<\/li>\n\n\n\n<li><a href=\"https:\/\/intranet.upjs.sk\/op\/op.Public.php?documentid=7559\" target=\"_blank\" rel=\"noopener\">Inaugura\u010dn\u00fd spis<\/a> (vzor, pred odovzdan\u00edm potrebn\u00e9 konzultova\u0165 na pr\u00edslu\u0161nom \u00fatvare)<\/li>\n<\/ul>\n\n\n\n<ul class=\"wp-block-list\">\n<li>Pr\u00edloha 2: Preh\u013ead plnenia krit\u00e9ri\u00ed na z\u00edskanie vedecko-pedagogick\u00e9ho titulu&nbsp;<strong>docent<\/strong>&nbsp;v odbore\n<ul class=\"wp-block-list\">\n<li><a href=\"https:\/\/intranet.upjs.sk\/op\/op.Public.php?documentid=5842\" target=\"_blank\" rel=\"noopener\">neslovansk\u00e9 jazyky a literat\u00fary<\/a><\/li>\n\n\n\n<li><a href=\"https:\/\/intranet.upjs.sk\/op\/op.Public.php?documentid=5841\" target=\"_blank\" rel=\"noopener\">dejiny filozofie<\/a><\/li>\n\n\n\n<li><a href=\"https:\/\/intranet.upjs.sk\/op\/op.Public.php?documentid=5840\" target=\"_blank\" rel=\"noopener\">slovensk\u00e9 dejiny<\/a><\/li>\n\n\n\n<li><a href=\"https:\/\/intranet.upjs.sk\/op\/op.Public.php?documentid=5839\" target=\"_blank\" rel=\"noopener\">liter\u00e1rna veda<\/a><\/li>\n\n\n\n<li><a href=\"https:\/\/intranet.upjs.sk\/op\/op.Public.php?documentid=5838\" target=\"_blank\" rel=\"noopener\">politol\u00f3gia<\/a><\/li>\n\n\n\n<li><a href=\"https:\/\/intranet.upjs.sk\/op\/op.Public.php?documentid=5837\" target=\"_blank\" rel=\"noopener\">soci\u00e1lna psychol\u00f3gia a psychol\u00f3gia pr\u00e1ce<\/a><\/li>\n\n\n\n<li><a href=\"https:\/\/intranet.upjs.sk\/op\/op.Public.php?documentid=5836\" target=\"_blank\" rel=\"noopener\">soci\u00e1lna pr\u00e1ca<\/a><\/li>\n<\/ul>\n<\/li>\n<\/ul>\n\n\n\n<ul class=\"wp-block-list\">\n<li>Pr\u00edloha 2: Preh\u013ead plnenia krit\u00e9ri\u00ed na z\u00edskanie vedecko-pedagogick\u00e9ho titulu&nbsp;<strong>profesor<\/strong>&nbsp;v odbore\n<ul class=\"wp-block-list\">\n<li><a href=\"https:\/\/intranet.upjs.sk\/op\/op.Public.php?documentid=5843\" target=\"_blank\" rel=\"noopener\">neslovansk\u00e9 jazyky a literat\u00fary<\/a><\/li>\n\n\n\n<li><a href=\"https:\/\/intranet.upjs.sk\/op\/op.Public.php?documentid=5844\" target=\"_blank\" rel=\"noopener\">dejiny filozofie<\/a><\/li>\n\n\n\n<li><a href=\"https:\/\/intranet.upjs.sk\/op\/op.Public.php?documentid=5845\" target=\"_blank\" rel=\"noopener\">slovensk\u00e9 dejiny<\/a><\/li>\n\n\n\n<li><a href=\"https:\/\/intranet.upjs.sk\/op\/op.Public.php?documentid=5846\" target=\"_blank\" rel=\"noopener\">liter\u00e1rna veda<\/a><\/li>\n\n\n\n<li><a href=\"https:\/\/intranet.upjs.sk\/op\/op.Public.php?documentid=5847\" target=\"_blank\" rel=\"noopener\">politol\u00f3gia<\/a><\/li>\n\n\n\n<li><a href=\"https:\/\/intranet.upjs.sk\/op\/op.Public.php?documentid=5848\" target=\"_blank\" rel=\"noopener\">soci\u00e1lna psychol\u00f3gia a psychol\u00f3gia pr\u00e1ce<\/a><\/li>\n\n\n\n<li><a href=\"https:\/\/intranet.upjs.sk\/op\/op.Public.php?documentid=5849\" target=\"_blank\" rel=\"noopener\">soci\u00e1lna pr\u00e1ca<\/a><\/li>\n<\/ul>\n<\/li>\n<\/ul>\n","protected":false},"excerpt":{"rendered":"<p>Referentka pre vedu, v\u00fdskum, kvalifika\u010dn\u00fd rast a doktorandsk\u00e9 \u0161t\u00fadium:Mgr. Gabriela Onu\u0161kov\u00e1, PhD.\u2709&nbsp;gabriela.onuskova@upjs.sk\u2706 +421 55 234 7116 Tla\u010div\u00e1 na stiahnutie<\/p>\n","protected":false},"author":1,"featured_media":16458,"parent":16446,"menu_order":0,"comment_status":"closed","ping_status":"closed","template":"","meta":{"_acf_changed":false,"_editorskit_title_hidden":false,"_editorskit_reading_time":1,"_editorskit_is_block_options_detached":false,"_editorskit_block_options_position":"{}","footnotes":""},"categories":[],"tags":[],"class_list":["post-16457","page","type-page","status-publish","has-post-thumbnail","hentry"],"acf":{"acf_link_na_externy_obsah":""},"yoast_head":"<!-- This site is optimized with the Yoast SEO plugin v27.4 - https:\/\/yoast.com\/product\/yoast-seo-wordpress\/ -->\n<title>Habilita\u010dn\u00e9 a inaugura\u010dn\u00e9 konanie - Filozofick\u00e1 fakulta | UPJ\u0160<\/title>\n<meta name=\"robots\" content=\"index, follow, max-snippet:-1, max-image-preview:large, max-video-preview:-1\" \/>\n<link rel=\"canonical\" href=\"https:\/\/www.upjs.sk\/filozoficka-fakulta\/veda-a-vyskum\/hk-a-ik\/\" \/>\n<meta property=\"og:locale\" content=\"sk_SK\" \/>\n<meta property=\"og:type\" content=\"article\" \/>\n<meta property=\"og:title\" content=\"Habilita\u010dn\u00e9 a inaugura\u010dn\u00e9 konanie - Filozofick\u00e1 fakulta | UPJ\u0160\" \/>\n<meta property=\"og:description\" content=\"Referentka pre vedu, v\u00fdskum, kvalifika\u010dn\u00fd rast a doktorandsk\u00e9 \u0161t\u00fadium:Mgr. Gabriela Onu\u0161kov\u00e1, PhD.\u2709&nbsp;gabriela.onuskova@upjs.sk\u2706 +421 55 234 7116 Tla\u010div\u00e1 na stiahnutie\" \/>\n<meta property=\"og:url\" content=\"https:\/\/www.upjs.sk\/filozoficka-fakulta\/veda-a-vyskum\/hk-a-ik\/\" \/>\n<meta property=\"og:site_name\" content=\"Filozofick\u00e1 fakulta | UPJ\u0160\" \/>\n<meta property=\"article:modified_time\" content=\"2025-12-18T14:04:06+00:00\" \/>\n<meta property=\"og:image\" content=\"https:\/\/www.upjs.sk\/app\/uploads\/sites\/7\/2022\/10\/banner-hk-a-ik.jpg\" \/>\n\t<meta property=\"og:image:width\" content=\"761\" \/>\n\t<meta property=\"og:image:height\" content=\"241\" \/>\n\t<meta property=\"og:image:type\" content=\"image\/jpeg\" \/>\n<meta name=\"twitter:card\" content=\"summary_large_image\" \/>\n<meta name=\"twitter:label1\" content=\"Predpokladan\u00fd \u010das \u010d\u00edtania\" \/>\n\t<meta name=\"twitter:data1\" content=\"2 min\u00faty\" \/>\n<script type=\"application\/ld+json\" class=\"yoast-schema-graph\">{\"@context\":\"https:\\\/\\\/schema.org\",\"@graph\":[{\"@type\":\"WebPage\",\"@id\":\"https:\\\/\\\/www.upjs.sk\\\/filozoficka-fakulta\\\/veda-a-vyskum\\\/hk-a-ik\\\/\",\"url\":\"https:\\\/\\\/www.upjs.sk\\\/filozoficka-fakulta\\\/veda-a-vyskum\\\/hk-a-ik\\\/\",\"name\":\"Habilita\u010dn\u00e9 a inaugura\u010dn\u00e9 konanie - Filozofick\u00e1 fakulta | UPJ\u0160\",\"isPartOf\":{\"@id\":\"https:\\\/\\\/www.upjs.sk\\\/filozoficka-fakulta\\\/#website\"},\"primaryImageOfPage\":{\"@id\":\"https:\\\/\\\/www.upjs.sk\\\/filozoficka-fakulta\\\/veda-a-vyskum\\\/hk-a-ik\\\/#primaryimage\"},\"image\":{\"@id\":\"https:\\\/\\\/www.upjs.sk\\\/filozoficka-fakulta\\\/veda-a-vyskum\\\/hk-a-ik\\\/#primaryimage\"},\"thumbnailUrl\":\"https:\\\/\\\/www.upjs.sk\\\/app\\\/uploads\\\/sites\\\/7\\\/2022\\\/10\\\/banner-hk-a-ik.jpg\",\"datePublished\":\"2022-09-29T13:30:37+00:00\",\"dateModified\":\"2025-12-18T14:04:06+00:00\",\"breadcrumb\":{\"@id\":\"https:\\\/\\\/www.upjs.sk\\\/filozoficka-fakulta\\\/veda-a-vyskum\\\/hk-a-ik\\\/#breadcrumb\"},\"inLanguage\":\"sk-SK\",\"potentialAction\":[{\"@type\":\"ReadAction\",\"target\":[\"https:\\\/\\\/www.upjs.sk\\\/filozoficka-fakulta\\\/veda-a-vyskum\\\/hk-a-ik\\\/\"]}]},{\"@type\":\"ImageObject\",\"inLanguage\":\"sk-SK\",\"@id\":\"https:\\\/\\\/www.upjs.sk\\\/filozoficka-fakulta\\\/veda-a-vyskum\\\/hk-a-ik\\\/#primaryimage\",\"url\":\"https:\\\/\\\/www.upjs.sk\\\/app\\\/uploads\\\/sites\\\/7\\\/2022\\\/10\\\/banner-hk-a-ik.jpg\",\"contentUrl\":\"https:\\\/\\\/www.upjs.sk\\\/app\\\/uploads\\\/sites\\\/7\\\/2022\\\/10\\\/banner-hk-a-ik.jpg\",\"width\":761,\"height\":241,\"caption\":\"hk-a-ik\"},{\"@type\":\"BreadcrumbList\",\"@id\":\"https:\\\/\\\/www.upjs.sk\\\/filozoficka-fakulta\\\/veda-a-vyskum\\\/hk-a-ik\\\/#breadcrumb\",\"itemListElement\":[{\"@type\":\"ListItem\",\"position\":1,\"name\":\"Home\",\"item\":\"https:\\\/\\\/www.upjs.sk\\\/filozoficka-fakulta\\\/\"},{\"@type\":\"ListItem\",\"position\":2,\"name\":\"Veda a v\u00fdskum\",\"item\":\"https:\\\/\\\/www.upjs.sk\\\/filozoficka-fakulta\\\/veda-a-vyskum\\\/\"},{\"@type\":\"ListItem\",\"position\":3,\"name\":\"Habilita\u010dn\u00e9 a inaugura\u010dn\u00e9 konanie\"}]},{\"@type\":\"WebSite\",\"@id\":\"https:\\\/\\\/www.upjs.sk\\\/filozoficka-fakulta\\\/#website\",\"url\":\"https:\\\/\\\/www.upjs.sk\\\/filozoficka-fakulta\\\/\",\"name\":\"Filozofick\u00e1 fakulta | UPJ\u0160\",\"description\":\"\",\"publisher\":{\"@id\":\"https:\\\/\\\/www.upjs.sk\\\/filozoficka-fakulta\\\/#organization\"},\"potentialAction\":[{\"@type\":\"SearchAction\",\"target\":{\"@type\":\"EntryPoint\",\"urlTemplate\":\"https:\\\/\\\/www.upjs.sk\\\/filozoficka-fakulta\\\/?s={search_term_string}\"},\"query-input\":{\"@type\":\"PropertyValueSpecification\",\"valueRequired\":true,\"valueName\":\"search_term_string\"}}],\"inLanguage\":\"sk-SK\"},{\"@type\":\"Organization\",\"@id\":\"https:\\\/\\\/www.upjs.sk\\\/filozoficka-fakulta\\\/#organization\",\"name\":\"Filozofick\u00e1 fakulta | UPJ\u0160\",\"url\":\"https:\\\/\\\/www.upjs.sk\\\/filozoficka-fakulta\\\/\",\"logo\":{\"@type\":\"ImageObject\",\"inLanguage\":\"sk-SK\",\"@id\":\"https:\\\/\\\/www.upjs.sk\\\/filozoficka-fakulta\\\/#\\\/schema\\\/logo\\\/image\\\/\",\"url\":\"https:\\\/\\\/www.upjs.sk\\\/app\\\/uploads\\\/sites\\\/7\\\/2022\\\/09\\\/logo-filozoficka-fakulta.png\",\"contentUrl\":\"https:\\\/\\\/www.upjs.sk\\\/app\\\/uploads\\\/sites\\\/7\\\/2022\\\/09\\\/logo-filozoficka-fakulta.png\",\"width\":415,\"height\":87,\"caption\":\"Filozofick\u00e1 fakulta | UPJ\u0160\"},\"image\":{\"@id\":\"https:\\\/\\\/www.upjs.sk\\\/filozoficka-fakulta\\\/#\\\/schema\\\/logo\\\/image\\\/\"}}]}<\/script>\n<!-- \/ Yoast SEO plugin. -->","yoast_head_json":{"title":"Habilita\u010dn\u00e9 a inaugura\u010dn\u00e9 konanie - Filozofick\u00e1 fakulta | UPJ\u0160","robots":{"index":"index","follow":"follow","max-snippet":"max-snippet:-1","max-image-preview":"max-image-preview:large","max-video-preview":"max-video-preview:-1"},"canonical":"https:\/\/www.upjs.sk\/filozoficka-fakulta\/veda-a-vyskum\/hk-a-ik\/","og_locale":"sk_SK","og_type":"article","og_title":"Habilita\u010dn\u00e9 a inaugura\u010dn\u00e9 konanie - Filozofick\u00e1 fakulta | UPJ\u0160","og_description":"Referentka pre vedu, v\u00fdskum, kvalifika\u010dn\u00fd rast a doktorandsk\u00e9 \u0161t\u00fadium:Mgr. Gabriela Onu\u0161kov\u00e1, PhD.\u2709&nbsp;gabriela.onuskova@upjs.sk\u2706 +421 55 234 7116 Tla\u010div\u00e1 na stiahnutie","og_url":"https:\/\/www.upjs.sk\/filozoficka-fakulta\/veda-a-vyskum\/hk-a-ik\/","og_site_name":"Filozofick\u00e1 fakulta | UPJ\u0160","article_modified_time":"2025-12-18T14:04:06+00:00","og_image":[{"width":761,"height":241,"url":"https:\/\/www.upjs.sk\/app\/uploads\/sites\/7\/2022\/10\/banner-hk-a-ik.jpg","type":"image\/jpeg"}],"twitter_card":"summary_large_image","twitter_misc":{"Predpokladan\u00fd \u010das \u010d\u00edtania":"2 min\u00faty"},"schema":{"@context":"https:\/\/schema.org","@graph":[{"@type":"WebPage","@id":"https:\/\/www.upjs.sk\/filozoficka-fakulta\/veda-a-vyskum\/hk-a-ik\/","url":"https:\/\/www.upjs.sk\/filozoficka-fakulta\/veda-a-vyskum\/hk-a-ik\/","name":"Habilita\u010dn\u00e9 a inaugura\u010dn\u00e9 konanie - Filozofick\u00e1 fakulta | UPJ\u0160","isPartOf":{"@id":"https:\/\/www.upjs.sk\/filozoficka-fakulta\/#website"},"primaryImageOfPage":{"@id":"https:\/\/www.upjs.sk\/filozoficka-fakulta\/veda-a-vyskum\/hk-a-ik\/#primaryimage"},"image":{"@id":"https:\/\/www.upjs.sk\/filozoficka-fakulta\/veda-a-vyskum\/hk-a-ik\/#primaryimage"},"thumbnailUrl":"https:\/\/www.upjs.sk\/app\/uploads\/sites\/7\/2022\/10\/banner-hk-a-ik.jpg","datePublished":"2022-09-29T13:30:37+00:00","dateModified":"2025-12-18T14:04:06+00:00","breadcrumb":{"@id":"https:\/\/www.upjs.sk\/filozoficka-fakulta\/veda-a-vyskum\/hk-a-ik\/#breadcrumb"},"inLanguage":"sk-SK","potentialAction":[{"@type":"ReadAction","target":["https:\/\/www.upjs.sk\/filozoficka-fakulta\/veda-a-vyskum\/hk-a-ik\/"]}]},{"@type":"ImageObject","inLanguage":"sk-SK","@id":"https:\/\/www.upjs.sk\/filozoficka-fakulta\/veda-a-vyskum\/hk-a-ik\/#primaryimage","url":"https:\/\/www.upjs.sk\/app\/uploads\/sites\/7\/2022\/10\/banner-hk-a-ik.jpg","contentUrl":"https:\/\/www.upjs.sk\/app\/uploads\/sites\/7\/2022\/10\/banner-hk-a-ik.jpg","width":761,"height":241,"caption":"hk-a-ik"},{"@type":"BreadcrumbList","@id":"https:\/\/www.upjs.sk\/filozoficka-fakulta\/veda-a-vyskum\/hk-a-ik\/#breadcrumb","itemListElement":[{"@type":"ListItem","position":1,"name":"Home","item":"https:\/\/www.upjs.sk\/filozoficka-fakulta\/"},{"@type":"ListItem","position":2,"name":"Veda a v\u00fdskum","item":"https:\/\/www.upjs.sk\/filozoficka-fakulta\/veda-a-vyskum\/"},{"@type":"ListItem","position":3,"name":"Habilita\u010dn\u00e9 a inaugura\u010dn\u00e9 konanie"}]},{"@type":"WebSite","@id":"https:\/\/www.upjs.sk\/filozoficka-fakulta\/#website","url":"https:\/\/www.upjs.sk\/filozoficka-fakulta\/","name":"Filozofick\u00e1 fakulta | UPJ\u0160","description":"","publisher":{"@id":"https:\/\/www.upjs.sk\/filozoficka-fakulta\/#organization"},"potentialAction":[{"@type":"SearchAction","target":{"@type":"EntryPoint","urlTemplate":"https:\/\/www.upjs.sk\/filozoficka-fakulta\/?s={search_term_string}"},"query-input":{"@type":"PropertyValueSpecification","valueRequired":true,"valueName":"search_term_string"}}],"inLanguage":"sk-SK"},{"@type":"Organization","@id":"https:\/\/www.upjs.sk\/filozoficka-fakulta\/#organization","name":"Filozofick\u00e1 fakulta | UPJ\u0160","url":"https:\/\/www.upjs.sk\/filozoficka-fakulta\/","logo":{"@type":"ImageObject","inLanguage":"sk-SK","@id":"https:\/\/www.upjs.sk\/filozoficka-fakulta\/#\/schema\/logo\/image\/","url":"https:\/\/www.upjs.sk\/app\/uploads\/sites\/7\/2022\/09\/logo-filozoficka-fakulta.png","contentUrl":"https:\/\/www.upjs.sk\/app\/uploads\/sites\/7\/2022\/09\/logo-filozoficka-fakulta.png","width":415,"height":87,"caption":"Filozofick\u00e1 fakulta | UPJ\u0160"},"image":{"@id":"https:\/\/www.upjs.sk\/filozoficka-fakulta\/#\/schema\/logo\/image\/"}}]}},"_links":{"self":[{"href":"https:\/\/www.upjs.sk\/filozoficka-fakulta\/wp-json\/wp\/v2\/pages\/16457","targetHints":{"allow":["GET"]}}],"collection":[{"href":"https:\/\/www.upjs.sk\/filozoficka-fakulta\/wp-json\/wp\/v2\/pages"}],"about":[{"href":"https:\/\/www.upjs.sk\/filozoficka-fakulta\/wp-json\/wp\/v2\/types\/page"}],"author":[{"embeddable":true,"href":"https:\/\/www.upjs.sk\/filozoficka-fakulta\/wp-json\/wp\/v2\/users\/1"}],"replies":[{"embeddable":true,"href":"https:\/\/www.upjs.sk\/filozoficka-fakulta\/wp-json\/wp\/v2\/comments?post=16457"}],"version-history":[{"count":13,"href":"https:\/\/www.upjs.sk\/filozoficka-fakulta\/wp-json\/wp\/v2\/pages\/16457\/revisions"}],"predecessor-version":[{"id":58601,"href":"https:\/\/www.upjs.sk\/filozoficka-fakulta\/wp-json\/wp\/v2\/pages\/16457\/revisions\/58601"}],"up":[{"embeddable":true,"href":"https:\/\/www.upjs.sk\/filozoficka-fakulta\/wp-json\/wp\/v2\/pages\/16446"}],"wp:featuredmedia":[{"embeddable":true,"href":"https:\/\/www.upjs.sk\/filozoficka-fakulta\/wp-json\/wp\/v2\/media\/16458"}],"wp:attachment":[{"href":"https:\/\/www.upjs.sk\/filozoficka-fakulta\/wp-json\/wp\/v2\/media?parent=16457"}],"wp:term":[{"taxonomy":"category","embeddable":true,"href":"https:\/\/www.upjs.sk\/filozoficka-fakulta\/wp-json\/wp\/v2\/categories?post=16457"},{"taxonomy":"post_tag","embeddable":true,"href":"https:\/\/www.upjs.sk\/filozoficka-fakulta\/wp-json\/wp\/v2\/tags?post=16457"}],"curies":[{"name":"wp","href":"https:\/\/api.w.org\/{rel}","templated":true}]}}