{"id":48392,"date":"2024-01-24T08:20:59","date_gmt":"2024-01-24T07:20:59","guid":{"rendered":"https:\/\/www.upjs.sk\/filozoficka-fakulta\/?page_id=48392"},"modified":"2026-04-27T07:18:30","modified_gmt":"2026-04-27T06:18:30","slug":"ff-v-mediach","status":"publish","type":"page","link":"https:\/\/www.upjs.sk\/filozoficka-fakulta\/info-pre-verejnost-a-media\/ff-v-mediach\/","title":{"rendered":"Fakulta v m\u00e9di\u00e1ch 2026"},"content":{"rendered":"\n<p><strong>25. 4. 2026<\/strong><br><strong>V ko\u0161ickej botanickej z\u00e1hrade zasadili lipu \u017diveny A. Heribanov\u00e1 a M. V\u00e1\u0161\u00e1ryov\u00e1<\/strong>\u00a0\u2013 v\u00a0r\u00e1mci sprievodn\u00e9ho programu spolku slovensk\u00fdch \u017eien \u017divena v Ko\u0161iciach predn\u00e1\u0161ala \u010destn\u00e1 predsedn\u00ed\u010dka \u017diveny Magda V\u00e1\u0161\u00e1ryov\u00e1 \u0161tudentom Filozofickej fakulty UPJ\u0160 na t\u00e9mu \u201eSpolkov\u00e1 \u010dinnos\u0165 \u017eien \u2013 podpora solidarity, koh\u00e9zie a aktivizmu v\u00a0spolo\u010dnosti\u201c<br>\u2013 Tla\u010dov\u00e1 agent\u00fara Slovenskej republiky (TASR):<br><a href=\"https:\/\/www.tasr.sk\/tasr-clanok\/TASR:2026042500000176\" target=\"_blank\" rel=\"noreferrer noopener\">https:\/\/www.tasr.sk\/tasr-clanok\/TASR:2026042500000176<\/a><br>\u2013 Teraz.sk:<br><a href=\"https:\/\/www.teraz.sk\/regiony\/v-kosickej-botanickej-zahrade-zasadili\/958149-clanok.html\" target=\"_blank\" rel=\"noreferrer noopener\">https:\/\/www.teraz.sk\/regiony\/v-kosickej-botanickej-zahrade-zasadili\/958149-clanok.html<\/a><br>\u2013 Regi\u00f3ny.sk:<br><a href=\"https:\/\/kosice.zoznam.sk\/v-kosickej-botanickej-zahrade-zasadili-lipu-ziveny-alena-heribanova-a-magda-vasaryova\" target=\"_blank\" rel=\"noreferrer noopener\">https:\/\/kosice.zoznam.sk\/v-kosickej-botanickej-zahrade-zasadili-lipu-ziveny-alena-heribanova-a-magda-vasaryova<\/a><br>\u2013 Slovensk\u00fd syndik\u00e1t novin\u00e1rov:<br><a href=\"https:\/\/www.ssn.sk\/31732\/magda-vasaryova-alena-heribanova-vysadili-v-botanickej-zahrade-upjs-v-kosiciach-strom-symbolizujuci-spolok-zivena\/\" target=\"_blank\" rel=\"noreferrer noopener\">https:\/\/www.ssn.sk\/31732\/magda-vasaryova-alena-heribanova-vysadili-v-botanickej-zahrade-upjs-v-kosiciach-strom-symbolizujuci-spolok-zivena\/<\/a><\/p>\n\n\n\n<p><strong>25. 4. 2026<\/strong><br><strong>\u0160t\u00farovo pero 2026<\/strong>\u00a0\u2013 ide o\u00a0prest\u00ed\u017ene ocenenie v\u00a0r\u00e1mci celoslovenskej novin\u00e1rskej s\u00fa\u0165a\u017ee stredo\u0161kol\u00e1kov a\u00a0vysoko\u0161kol\u00e1kov \u2013 v\u00a0kateg\u00f3rii V\u0160 \u010dasopisov obsadil 3. miesto \u010dasopis \u0161tudentov Filozofickej fakulty UPJ\u0160 v\u00a0Ko\u0161iciach Univerz\u00e1l<br>\u2013 Tla\u010dov\u00e1 agent\u00fara Slovenskej republiky (TASR):<br><a href=\"https:\/\/www.tasr.sk\/tasr-clanok\/TASR:2026042500000149\" target=\"_blank\" rel=\"noreferrer noopener\">https:\/\/www.tasr.sk\/tasr-clanok\/TASR:2026042500000149<\/a><br>\u2013 Teraz.sk:<br><a href=\"https:\/\/www.teraz.sk\/regiony\/zlate-sturovo-pero-ma-stredoskolsk\/958134-clanok.html\" target=\"_blank\" rel=\"noreferrer noopener\">https:\/\/www.teraz.sk\/regiony\/zlate-sturovo-pero-ma-stredoskolsk\/958134-clanok.html<\/a><br>\u2013 Bleskovky.Zoznam.sk:<br><a href=\"https:\/\/bleskovky.zoznam.sk\/cl\/1005001\/9380933\/Zlate-Sturovo-pero-ma-stredoskolsky-casopis-Rozhlad-z-Povazskej-Bystrice\" target=\"_blank\" rel=\"noreferrer noopener\">https:\/\/bleskovky.zoznam.sk\/cl\/1005001\/9380933\/Zlate-Sturovo-pero-ma-stredoskolsky-casopis-Rozhlad-z-Povazskej-Bystrice<\/a><br>\u2013 Regi\u00f3ny.sk:<br><a href=\"https:\/\/banskabystrica.zoznam.sk\/zlate-sturovo-pero-2026-najlepsi-stredoskolsky-casopis-je-rozhlad-z-povazskej-bystrice\" target=\"_blank\" rel=\"noreferrer noopener\">https:\/\/banskabystrica.zoznam.sk\/zlate-sturovo-pero-2026-najlepsi-stredoskolsky-casopis-je-rozhlad-z-povazskej-bystrice<\/a><\/p>\n\n\n\n<p><strong>23. 4. 2026<\/strong><br><strong>Spr\u00e1vy z regi\u00f3nov: Ko\u0161ick\u00e9 filozofick\u00e9 dni o aktu\u00e1lnych t\u00e9mach<\/strong>&nbsp;\u2013 5. ro\u010dn\u00edk Ko\u0161ick\u00fdch filozofick\u00fdch dn\u00ed priniesol poh\u013ead na aktu\u00e1lne spolo\u010densk\u00e9 probl\u00e9my prostredn\u00edctvom filozofie \u2013 s vyjadren\u00edm ved\u00facej Katedry filozofie Filozofickej fakulty UPJ\u0160 v Ko\u0161iciach PhDr. Katar\u00edny Mayerovej, PhD.; STVR 24<br><a href=\"https:\/\/www.stvr.sk\/televizia\/archiv\/3328\/593960#1305\" target=\"_blank\" rel=\"noreferrer noopener\">https:\/\/www.stvr.sk\/televizia\/archiv\/3328\/593960#1305<\/a><\/p>\n\n\n\n<p><strong>22. 4. 2026<\/strong><br><strong>Ko\u0161ick\u00e9 filozofick\u00e9 dni pon\u00fakaj\u00fa predn\u00e1\u0161ky, diskusie a&nbsp;workshopy<\/strong>&nbsp;\u2013 t\u00e9mou 5. ro\u010dn\u00edka podujatia je \u201eFilozofia medzi mierom a vojnou: konflikty, d\u00f4vera, n\u00e1dej\u201c, organizuje ho Katedra filozofie Filozofickej fakulty UPJ\u0160 v Ko\u0161iciach v spolupr\u00e1ci so Slovensk\u00fdm filozofick\u00fdm zdru\u017een\u00edm pri SAV<br>\u2013 Tla\u010dov\u00e1 agent\u00fara Slovenskej republiky (TASR):<br><a href=\"https:\/\/www.tasr.sk\/tasr-clanok\/TASR:2026042200000062\" target=\"_blank\" rel=\"noreferrer noopener\">https:\/\/www.tasr.sk\/tasr-clanok\/TASR:2026042200000062<\/a><br>\u2013 Teraz.sk:<br><a href=\"https:\/\/www.teraz.sk\/regiony\/kosicke-filozoficke-dni-ponukaju-pr\/957177-clanok.html\" target=\"_blank\" rel=\"noreferrer noopener\">https:\/\/www.teraz.sk\/regiony\/kosicke-filozoficke-dni-ponukaju-pr\/957177-clanok.html<\/a><br>\u2013 Bleskovky.Zoznam.sk:<br><a href=\"https:\/\/bleskovky.zoznam.sk\/cl\/1005001\/9377947\/Kosicke-filozoficke-dni-ponukaju-prednasky--diskusie-a-workshopy\" target=\"_blank\" rel=\"noreferrer noopener\">https:\/\/bleskovky.zoznam.sk\/cl\/1005001\/9377947\/Kosicke-filozoficke-dni-ponukaju-prednasky&#8211;diskusie-a-workshopy<\/a><\/p>\n\n\n\n<p><strong>16. 4. 2026<\/strong><br><strong>Spr\u00e1vy R\u00e1dia Ko\u0161ice: V\u00ed\u0165azstvo P\u00e9tera Magyara v parlamentn\u00fdch vo\u013eb\u00e1ch ovplyvn\u00ed aj vz\u0165ah so Slovenskom<\/strong>&nbsp;\u2013 pod\u013ea Mgr. Tom\u00e1\u0161a Dvorsk\u00e9ho, PhD., z Katedry politol\u00f3gie Filozofickej fakulty UPJ\u0160 v Ko\u0161iciach m\u00f4\u017ee nov\u00fd ma\u010farsk\u00fd l\u00edder prinies\u0165 viacer\u00e9 k\u013e\u00fa\u010dov\u00e9 zmeny; R\u00e1dio Ko\u0161ice<br><a href=\"https:\/\/www.radiokosice.sk\/spravy-radia-kosice-z-16-4-2026\" target=\"_blank\" rel=\"noreferrer noopener\">https:\/\/www.radiokosice.sk\/spravy-radia-kosice-z-16-4-2026<\/a><\/p>\n\n\n\n<p><strong>16. 4. 2026<\/strong><br><strong>Politol\u00f3g Tom\u00e1\u0161 Dvorsk\u00fd: Robert Fico a Viktor Orb\u00e1n boli v posledn\u00fdch rokoch dvoji\u010dkou, pr\u00edchodom P\u00e9tera Magyara str\u00e1ca premi\u00e9r spojenca<\/strong>&nbsp;\u2013 pod\u013ea Mgr. Tom\u00e1\u0161a Dvorsk\u00e9ho, PhD., z Katedry politol\u00f3gie Filozofickej fakulty UPJ\u0160 v Ko\u0161iciach m\u00f4\u017ee nov\u00fd ma\u010farsk\u00fd l\u00edder prinies\u0165 viacer\u00e9 k\u013e\u00fa\u010dov\u00e9 zmeny; Ko\u0161iceOnline.sk<br><a href=\"https:\/\/www.kosiceonline.sk\/politolog-tomas-dvorsky-robert-fico-a-viktor-orban-boli-v-poslednych-rokoch-dvojickou-prichodom-petera-magyara-straca-premier-spojenca\" target=\"_blank\" rel=\"noreferrer noopener\">https:\/\/www.kosiceonline.sk\/politolog-tomas-dvorsky-robert-fico-a-viktor-orban-boli-v-poslednych-rokoch-dvojickou-prichodom-petera-magyara-straca-premier-spojenca<\/a><\/p>\n\n\n\n<p><strong>15. 4. 2026<\/strong><br><strong>Klub komun\u00e1lnej politiky: Bl\u00ed\u017eiace sa komun\u00e1lne vo\u013eby<\/strong>&nbsp;\u2013 hos\u0165om diskusnej rel\u00e1cie bol aj doc. Mgr. Alexander Onufr\u00e1k, PhD., z Katedry politol\u00f3gie Filozofickej fakulty UPJ\u0160 v&nbsp;Ko\u0161iciach; R\u00e1dio Regina (STVR)<br><a href=\"https:\/\/www.stvr.sk\/radio\/archiv\/11452\/2770632\" target=\"_blank\" rel=\"noreferrer noopener\">https:\/\/www.stvr.sk\/radio\/archiv\/11452\/2770632<\/a><\/p>\n\n\n\n<p><strong>14. 4. 2026<\/strong><br><strong>Spr\u00e1vy z&nbsp;regi\u00f3nov: V\u00fdstava venovan\u00e1 tvorbe Ingeborg Bachmann<\/strong>&nbsp;\u2013 Filozofick\u00e1 fakulta UPJ\u0160 v&nbsp;Ko\u0161iciach venovala v\u00fdstavu ikone rak\u00faskej literat\u00fary Ingeborg Bachmann, ktor\u00e1 p\u00f4sobila po 2. svetovej vojne a&nbsp;svoje diela tvorila v protivojnovom duchu \u2013 spravodajsk\u00fd pr\u00edspevok z otvorenia v\u00fdstavy \u201eP\u00edsan\u00edm proti vojne \/ Schreiben gegen den&nbsp;Krieg\u201c s vyjadren\u00edm ved\u00facej Katedry germanistiky FF UPJ\u0160 doc. PaedDr. Ingrid Puchalovej, PhD.; STVR 24<br><a href=\"https:\/\/www.stvr.sk\/televizia\/archiv\/3328\/592643#1268\" target=\"_blank\" rel=\"noreferrer noopener\">https:\/\/www.stvr.sk\/televizia\/archiv\/3328\/592643#1268<\/a><\/p>\n\n\n\n<p><strong>13. 4. 2026<\/strong><br><strong>Politol\u00f3g: Slovensko sa po Orb\u00e1novej prehre v parlamentn\u00fdch vo\u013eb\u00e1ch m\u00f4\u017ee sta\u0165 posledn\u00fdm v\u00fdznamnej\u0161\u00edm \u201eklinov\u00fdm\u201c akt\u00e9rom v Eur\u00f3pskej \u00fanii<\/strong>&nbsp;\u2013 pre agent\u00faru SITA to uviedol Mgr. Peter Dub\u00f3czi, PhD., z Katedry politol\u00f3gie Filozofickej fakulty UPJ\u0160 v Ko\u0161iciach po tom, ako v parlamentn\u00fdch vo\u013eb\u00e1ch v Ma\u010farsku zv\u00ed\u0165azila opozi\u010dn\u00e1 strana Tisza na \u010dele s&nbsp;P\u00e9terom Magyarom<br>\u2013 SITA Slovensk\u00e1 tla\u010dov\u00e1 agent\u00fara:<br><a href=\"https:\/\/sita.sk\/politolog-slovensko-sa-po-orbanovej-prehre-v-parlamentnych-volbach-moze-stat-poslednym-vyznamnejsim-klinovym-akterom-v-europskej-unii\" target=\"_blank\" rel=\"noreferrer noopener\">https:\/\/sita.sk\/politolog-slovensko-sa-po-orbanovej-prehre-v-parlamentnych-volbach-moze-stat-poslednym-vyznamnejsim-klinovym-akterom-v-europskej-unii<\/a><br>\u2013 FinReport.sk:<br><a href=\"https:\/\/www.finreport.sk\/agenturne-spravy\/politolog-slovensko-sa-po-orbanovej-prehre-v-parlamentnych-volbach-moze-stat-poslednym-vyznamnejsim-klinovym-akterom-v-europskej-unii\" target=\"_blank\" rel=\"noreferrer noopener\">https:\/\/www.finreport.sk\/agenturne-spravy\/politolog-slovensko-sa-po-orbanovej-prehre-v-parlamentnych-volbach-moze-stat-poslednym-vyznamnejsim-klinovym-akterom-v-europskej-unii<\/a><br>\u2013 24hod.sk:<br><a href=\"https:\/\/www.24hod.sk\/politolog-slovensko-sa-po-orbanovej-prehre-v-parlamentnych-volbach-moze-stat-poslednym-vyznamnejsim-klinovym-akterom-v-europskej-unii-cl824591.html\" target=\"_blank\" rel=\"noreferrer noopener\">https:\/\/www.24hod.sk\/politolog-slovensko-sa-po-orbanovej-prehre-v-parlamentnych-volbach-moze-stat-poslednym-vyznamnejsim-klinovym-akterom-v-europskej-unii-cl824591.html<\/a><br>\u2013 Pozri.sk:<br><a href=\"https:\/\/spravy.pozri.sk\/clanok\/politolog-slovensko-sa-po-orbanovej-prehre-v-parlamentnych-volbach-moze-stat-poslednym-vyznamnejsim-klinovym-akterom-v-europskej-unii\/1607000\" target=\"_blank\" rel=\"noreferrer noopener\">https:\/\/spravy.pozri.sk\/clanok\/politolog-slovensko-sa-po-orbanovej-prehre-v-parlamentnych-volbach-moze-stat-poslednym-vyznamnejsim-klinovym-akterom-v-europskej-unii\/1607000<\/a><br>\u2013 Economics.sk:<br><a href=\"https:\/\/economics.sk\/ine-spravy\/spravy\/slovensko\/politolog-slovensko-sa-po-orbanovej-prehre-v-parlamentnych-volbach-moze-stat-poslednym-vyznamnejsim-klinovym-akterom-v-europskej-unii\" target=\"_blank\" rel=\"noreferrer noopener\">https:\/\/economics.sk\/ine-spravy\/spravy\/slovensko\/politolog-slovensko-sa-po-orbanovej-prehre-v-parlamentnych-volbach-moze-stat-poslednym-vyznamnejsim-klinovym-akterom-v-europskej-unii<\/a><br>\u2013 Ekonomick\u00fdDenn\u00edk.sk:<br><a href=\"https:\/\/ekonomickydennik.sk\/politolog-slovensko-sa-po-orbanovej-prehre-v-parlamentnych-volbach-moze-stat-poslednym-vyznamnejsim-klinovym-akterom-v-europskej-unii\/\" target=\"_blank\" rel=\"noreferrer noopener\">https:\/\/ekonomickydennik.sk\/politolog-slovensko-sa-po-orbanovej-prehre-v-parlamentnych-volbach-moze-stat-poslednym-vyznamnejsim-klinovym-akterom-v-europskej-unii\/<\/a><br>\u2013 Aktualizovan\u00e9.sk:<br><a href=\"https:\/\/aktualizovane.sk\/politolog-slovensko-sa-po-orbanovej-prehre-v-parlamentnych-volbach-moze-stat-poslednym-vyznamnejsim-klinovym-akterom-v-europskej-unii\/\" target=\"_blank\" rel=\"noreferrer noopener\">https:\/\/aktualizovane.sk\/politolog-slovensko-sa-po-orbanovej-prehre-v-parlamentnych-volbach-moze-stat-poslednym-vyznamnejsim-klinovym-akterom-v-europskej-unii\/<\/a><br>\u2013 BratislavaDe\u0148.sk:<br><a href=\"https:\/\/agenturnespravy.bratislavaden.sk\/aktualne\/politolog-slovensko-sa-po-orbanovej-prehre-v-parlamentnych-volbach-moze-stat-poslednym-vyznamnejsim-klinovym-akterom-v-europskej-unii\" target=\"_blank\" rel=\"noreferrer noopener\">https:\/\/agenturnespravy.bratislavaden.sk\/aktualne\/politolog-slovensko-sa-po-orbanovej-prehre-v-parlamentnych-volbach-moze-stat-poslednym-vyznamnejsim-klinovym-akterom-v-europskej-unii<\/a><br>\u2013 Pre\u0161ovsk\u00fd-ve\u010dern\u00edk.sk:<br><a href=\"https:\/\/presovsky-vecernik.sk\/spravy\/slovensko\/politolog-slovensko-sa-po-orbanovej-prehre-v-parlamentnych-volbach-moze-stat-poslednym-vyznamnejsim-klinovym-akterom-v-europskej-unii\/\" target=\"_blank\" rel=\"noreferrer noopener\">https:\/\/presovsky-vecernik.sk\/spravy\/slovensko\/politolog-slovensko-sa-po-orbanovej-prehre-v-parlamentnych-volbach-moze-stat-poslednym-vyznamnejsim-klinovym-akterom-v-europskej-unii\/<\/a><br>\u2013 NewsPoint.sk:<br><a href=\"https:\/\/www.newspoint.sk\/politolog-slovensko-sa-po-orbanovej-prehre-v-parlamentnych-volbach-moze-stat-poslednym-vyznamnejsim-klinovym-akterom-v-europskej-unii\/\" target=\"_blank\" rel=\"noreferrer noopener\">https:\/\/www.newspoint.sk\/politolog-slovensko-sa-po-orbanovej-prehre-v-parlamentnych-volbach-moze-stat-poslednym-vyznamnejsim-klinovym-akterom-v-europskej-unii\/<\/a><br>\u2013 MaxiV\u00fdber.sk:<br><a href=\"https:\/\/maxivyber.sk\/slovensko\/politolog-slovensko-sa-po-orbanovej-prehre-v-parlamentnych-volbach-moze-stat-poslednym-vyznamnejsim-klinovym-akterom-v-europskej-unii\" target=\"_blank\" rel=\"noreferrer noopener\">https:\/\/maxivyber.sk\/slovensko\/politolog-slovensko-sa-po-orbanovej-prehre-v-parlamentnych-volbach-moze-stat-poslednym-vyznamnejsim-klinovym-akterom-v-europskej-unii<\/a><br>\u2013 TopNovinky.sk:<br><a href=\"https:\/\/www.topnovinky.sk\/politolog-slovensko-sa-po-orbanovej-prehre-v-parlamentnych-volbach-moze-stat-poslednym-vyznamnejsim-klinovym-akterom-v-europskej-unii\/\" target=\"_blank\" rel=\"noreferrer noopener\">https:\/\/www.topnovinky.sk\/politolog-slovensko-sa-po-orbanovej-prehre-v-parlamentnych-volbach-moze-stat-poslednym-vyznamnejsim-klinovym-akterom-v-europskej-unii\/<\/a><br>\u2013 FotoNovinky.sk:<br><a href=\"https:\/\/fotonovinky.sk\/politolog-slovensko-sa-po-orbanovej-prehre-v-parlamentnych-volbach-moze-stat-poslednym-vyznamnejsim-klinovym-akterom-v-europskej-unii\/\" target=\"_blank\" rel=\"noreferrer noopener\">https:\/\/fotonovinky.sk\/politolog-slovensko-sa-po-orbanovej-prehre-v-parlamentnych-volbach-moze-stat-poslednym-vyznamnejsim-klinovym-akterom-v-europskej-unii\/<\/a><br>\u2013 InfoRaj.sk:<br><a href=\"https:\/\/inforaj.sk\/politolog-slovensko-sa-po-orbanovej-prehre-v-parlamentnych-volbach-moze-stat-poslednym-vyznamnejsim-klinovym-akterom-v-europskej-unii\/\" target=\"_blank\" rel=\"noreferrer noopener\">https:\/\/inforaj.sk\/politolog-slovensko-sa-po-orbanovej-prehre-v-parlamentnych-volbach-moze-stat-poslednym-vyznamnejsim-klinovym-akterom-v-europskej-unii\/<\/a><br>\u2013 PremiumBox.sk:<br><a href=\"https:\/\/www.premiumbox.sk\/politolog-slovensko-sa-po-orbanovej-prehre-v-parlamentnych-volbach-moze-stat-poslednym-vyznamnejsim-klinovym-akterom-v-europskej-unii\" target=\"_blank\" rel=\"noreferrer noopener\">https:\/\/www.premiumbox.sk\/politolog-slovensko-sa-po-orbanovej-prehre-v-parlamentnych-volbach-moze-stat-poslednym-vyznamnejsim-klinovym-akterom-v-europskej-unii<\/a><br>\u2013 I-lifestyle.sk:<br><a href=\"https:\/\/www.i-lifestyle.sk\/politolog-slovensko-sa-po-orbanovej-prehre-v-parlamentnych-volbach-moze-stat-poslednym-vyznamnejsim-klinovym-akterom-v-europskej-unii\" target=\"_blank\" rel=\"noreferrer noopener\">https:\/\/www.i-lifestyle.sk\/politolog-slovensko-sa-po-orbanovej-prehre-v-parlamentnych-volbach-moze-stat-poslednym-vyznamnejsim-klinovym-akterom-v-europskej-unii<\/a><br>\u2013 \u0160portX.sk:<br><a href=\"https:\/\/sportx.sk\/politolog-slovensko-sa-po-orbanovej-prehre-v-parlamentnych-volbach-moze-stat-poslednym-vyznamnejsim-klinovym-akterom-v-europskej-unii\/\" target=\"_blank\" rel=\"noreferrer noopener\">https:\/\/sportx.sk\/politolog-slovensko-sa-po-orbanovej-prehre-v-parlamentnych-volbach-moze-stat-poslednym-vyznamnejsim-klinovym-akterom-v-europskej-unii\/<\/a><br>\u2013 \u0160portDnes.sk:<br><a href=\"https:\/\/www.sportdnes.sk\/slovensko\/politolog-slovensko-sa-po-orbanovej-prehre-v-parlamentnych-volbach-moze-stat-poslednym-vyznamnejsim\" target=\"_blank\" rel=\"noreferrer noopener\">https:\/\/www.sportdnes.sk\/slovensko\/politolog-slovensko-sa-po-orbanovej-prehre-v-parlamentnych-volbach-moze-stat-poslednym-vyznamnejsim<\/a><\/p>\n\n\n\n<p><strong>10. 4. 2026<\/strong><br><strong>Na v\u00fdchodoslovensk\u00fdch univerzit\u00e1ch p\u00f4sobia piati nov\u00ed profesori<\/strong>&nbsp;\u2013 prezident SR Peter Pellegrini vymenoval 30 nov\u00fdch profesoriek a profesorov \u2013 medzi nimi aj prof. ThDr. Petra Borzu, PhD., z Katedry hist\u00f3rie Filozofickej fakulty UPJ\u0160 v&nbsp;Ko\u0161iciach a prof. Mgr. So\u0148u Lova\u0161ov\u00fa, PhD., z Katedry soci\u00e1lnej pr\u00e1ce FF UPJ\u0160<br>\u2013 R\u00e1dio Ko\u0161ice (Metropolitn\u00e9 spr\u00e1vy o 13.00, v \u010dase od 4:48):<br><a href=\"https:\/\/www.radiokosice.sk\/spravy-radia-kosice-z-10-4-2026\" target=\"_blank\" rel=\"noreferrer noopener\">https:\/\/www.radiokosice.sk\/spravy-radia-kosice-z-10-4-2026<\/a><br>\u2013 Ko\u0161iceOnline.sk:<br><a href=\"https:\/\/www.kosiceonline.sk\/na-vychodoslovenskych-univerzitach-posobia-piati-novi-profesori\" target=\"_blank\" rel=\"noreferrer noopener\">https:\/\/www.kosiceonline.sk\/na-vychodoslovenskych-univerzitach-posobia-piati-novi-profesori<\/a><\/p>\n\n\n\n<p><strong>30. 3. 2026<\/strong><br><strong>PARNAS | John Milton: Samson<\/strong>&nbsp;\u2013 Samson bojovn\u00edk uzatv\u00e1ra tretiu \u010das\u0165 Miltonovej tril\u00f3gie (Straten\u00fd raj, Vr\u00e1ten\u00fd raj, Samson bojovn\u00edk), ktorou n\u00e1s sprev\u00e1dza prof. PhDr. Mari\u00e1n Andri\u010d\u00edk, PhD., z Katedry slovakistiky, slovansk\u00fdch filol\u00f3gi\u00ed a komunik\u00e1cie Filozofickej fakulty UPJ\u0160 v Ko\u0161iciach; R\u00e1dio Dev\u00edn (STVR)<br><a href=\"https:\/\/devin.stvr.sk\/clanky\/literatura\/427382\/parnas-john-milton-samson\" target=\"_blank\" rel=\"noreferrer noopener\">https:\/\/devin.stvr.sk\/clanky\/literatura\/427382\/parnas-john-milton-samson<\/a><\/p>\n\n\n\n<p><strong>24. 3. 2026<\/strong><br><strong>Od prame\u0148a: Identita \u010cechov<\/strong>&nbsp;\u2013 n\u00e1rodnostn\u00fd magaz\u00edn na t\u00e9mu \u201eidentita \u010deskej men\u0161iny na Slovensku\u201c \u2013 aj s&nbsp;vyjadren\u00edm PhDr. Du\u0161ana Hru\u0161ku, PhD., z Katedry filozofie Filozofickej fakulty UPJ\u0160 v&nbsp;Ko\u0161iciach; Dvojka (STVR)<br><a href=\"https:\/\/www.stvr.sk\/televizia\/archiv\/21893\/588566#784\" target=\"_blank\" rel=\"noreferrer noopener\">https:\/\/www.stvr.sk\/televizia\/archiv\/21893\/588566#784<\/a><\/p>\n\n\n\n<p><strong>20. 3. 2026<\/strong><br><strong>Bridging the gap<\/strong>&nbsp;\u2013 AmCham Slovakia\u2019s Business Service Centers Forum (BSCF) currently cooperates institutionally with several Slovak faculties, including the Faculty of Arts, Pavol Jozef \u0160af\u00e1rik University in Ko\u0161ice; Spectator.SME.sk<br><a href=\"https:\/\/spectator.sme.sk\/business\/c\/bridging-the-gap\" target=\"_blank\" rel=\"noreferrer noopener\">https:\/\/spectator.sme.sk\/business\/c\/bridging-the-gap<\/a><\/p>\n\n\n\n<p><strong>19. 3. 2026<\/strong><br><strong>Folkl\u00f3r, m\u00fdty a nacionalizmus. Do Ko\u0161\u00edc pri\u0161li umelkyne z \u010ceska a&nbsp;Po\u013eska<\/strong>&nbsp;\u2013 s\u00fa\u010das\u0165ou ich pobytu bud\u00fa aj konzult\u00e1cie s&nbsp;PhDr. Luk\u00e1\u0161om \u0160utorom, PhD., z Katedry slovakistiky, slovansk\u00fdch filol\u00f3gi\u00ed a komunik\u00e1cie Filozofickej fakulty UPJ\u0160; EastMag.sk<br><a href=\"https:\/\/eastmag.sk\/2026\/03\/19\/folklor-myty-a-nacionalizmus-do-kosic-prisli-umelkyne-z-ceska-a-polska\/\" target=\"_blank\" rel=\"noreferrer noopener\">https:\/\/eastmag.sk\/2026\/03\/19\/folklor-myty-a-nacionalizmus-do-kosic-prisli-umelkyne-z-ceska-a-polska\/<\/a><\/p>\n\n\n\n<p><strong>16. 3. 2026<\/strong><br><strong>Slov\u00e1ci v zahrani\u010d\u00ed: Cesta na ambas\u00e1du by n\u00e1m vo\u013eby v\u00fdrazne skomplikovala<\/strong>&nbsp;\u2013 vyjadrenia viacer\u00fdch predstavite\u013eov vl\u00e1dy o zmene pravidiel hlasovania zo zahrani\u010dia s\u00fa pod\u013ea politol\u00f3ga doc. Mgr. Alexandra Onufr\u00e1ka, PhD., z Filozofickej fakulty UPJ\u0160 v Ko\u0161iciach v rozpore s programov\u00fdm vyhl\u00e1sen\u00edm vl\u00e1dy; MY.SME.sk<br><a href=\"https:\/\/my.sme.sk\/zvolen\/c\/slovaci-v-zahranici-cesta-na-ambasadu-by-nam-volby-vyrazne-skomplikovala-anketa\" target=\"_blank\" rel=\"noreferrer noopener\">https:\/\/my.sme.sk\/zvolen\/c\/slovaci-v-zahranici-cesta-na-ambasadu-by-nam-volby-vyrazne-skomplikovala-anketa<\/a><\/p>\n\n\n\n<p><strong>13. 3. 2026<\/strong><br><strong>Medzin\u00e1rodn\u00fd de\u0148 \u017eien na UPJ\u0160<\/strong>&nbsp;\u2013 pri pr\u00edle\u017eitosti MD\u017d pripravila Komisia pre rodov\u00fa rovnos\u0165 UPJ\u0160 nieko\u013eko podujat\u00ed, ktor\u00e9 otvorila \u017eiv\u00e1 kni\u017enica, kde sa \u010d\u00edtalo a diskutovalo o&nbsp;textoch v\u00fdznamn\u00fdch dejateliek, filozofiek, spisovateliek a vedk\u00fd\u0148 \u2013 aj s vyjadreniami Mgr. Martina \u0160k\u00e1ru, PhD., a&nbsp;doc. Mgr. Adriany Jesenkovej, PhD., z Katedry filozofie Filozofickej fakulty UPJ\u0160 v&nbsp;Ko\u0161iciach; R\u00e1dio Regina V\u00fdchod (STVR)<br><a href=\"https:\/\/reginavychod.stvr.sk\/clanky\/vzdelavanie\/437101\/medzinarodny-den-zien-na-upjs\" target=\"_blank\" rel=\"noreferrer noopener\">https:\/\/reginavychod.stvr.sk\/clanky\/vzdelavanie\/437101\/medzinarodny-den-zien-na-upjs<\/a><\/p>\n\n\n\n<p><strong>9. 3. 2026<\/strong><br><strong>PARNAS | John Milton: Vr\u00e1ten\u00fd raj<\/strong>&nbsp;\u2013 \u010d\u00edtanie k\u013e\u00fa\u010dov\u00fdch diel svetovej a slovenskej literat\u00fary s&nbsp;koment\u00e1rom \u2013 miniepos Vr\u00e1ten\u00fd raj (Paradise Regained) prelo\u017eil a odborn\u00fd koment\u00e1r poskytol prof. PhDr. Mari\u00e1n Andri\u010d\u00edk, PhD., z Katedry slovakistiky, slovansk\u00fdch filol\u00f3gi\u00ed a&nbsp;komunik\u00e1cie Filozofickej fakulty UPJ\u0160 v&nbsp;Ko\u0161iciach; R\u00e1dio Dev\u00edn (STVR)<br><a href=\"https:\/\/devin.stvr.sk\/clanky\/literatura\/427382\/parnas-john-milton-vrateny-raj\" target=\"_blank\" rel=\"noreferrer noopener\">https:\/\/devin.stvr.sk\/clanky\/literatura\/427382\/parnas-john-milton-vrateny-raj<\/a><\/p>\n\n\n\n<p><strong>9. 3. 2026<\/strong><br><strong>Nikdy viac je teraz!<\/strong>&nbsp;\u2013 pozv\u00e1nka na odborn\u00fa diskusiu pri pr\u00edle\u017eitosti 84. v\u00fdro\u010dia prv\u00e9ho \u017eidovsk\u00e9ho transportu z Popradu do Osvien\u010dimu \u2013 hos\u0165om diskusie bude aj doc. ThDr. Peter Borza, PhD., univerzitn\u00fd profesor, a&nbsp;moder\u00e1torkou PaedDr. Al\u017ebeta \u015anie\u017cko, PhD., obaja z&nbsp;Katedry hist\u00f3rie Filozofickej fakulty UPJ\u0160 v&nbsp;Ko\u0161iciach; Podol\u00ednec.sk<br><a href=\"https:\/\/www.podolinec.eu\/clanky-detail\/nikdy-viac-je-teraz-0\" target=\"_blank\" rel=\"noreferrer noopener\">https:\/\/www.podolinec.eu\/clanky-detail\/nikdy-viac-je-teraz-0<\/a><\/p>\n\n\n\n<p><strong>9. 3. 2026<\/strong><br><strong>Politol\u00f3g by zru\u0161enie vo\u013eby po\u0161tou zo zahrani\u010dia pova\u017eoval za ve\u013ek\u00fd krok sp\u00e4\u0165, ako hlavn\u00fa motiv\u00e1ciu konania vl\u00e1dy vid\u00ed strach<\/strong>&nbsp;\u2013 vl\u00e1da SR by zru\u0161en\u00edm vo\u013eby po\u0161tou zo zahrani\u010dia konala v rozpore s jej vlastn\u00fdm programov\u00fdm vyhl\u00e1sen\u00edm, pre agent\u00faru SITA to skon\u0161tatoval doc. Mgr. Alexander Onufr\u00e1k, PhD., z Katedry politol\u00f3gie Filozofickej fakulty UPJ\u0160 v&nbsp;Ko\u0161iciach<br>\u2013 SITA Slovensk\u00e1 tla\u010dov\u00e1 agent\u00fara:<br><a href=\"https:\/\/sita.sk\/politolog-by-zrusenie-volby-postou-zo-zahranicia-povazoval-za-velky-krok-spat-ako-hlavnu-motivaciu-konania-vlady-vidi-strach\" target=\"_blank\" rel=\"noreferrer noopener\">https:\/\/sita.sk\/politolog-by-zrusenie-volby-postou-zo-zahranicia-povazoval-za-velky-krok-spat-ako-hlavnu-motivaciu-konania-vlady-vidi-strach<\/a><br>\u2013 FinReport.sk:<br><a href=\"https:\/\/www.finreport.sk\/agenturne-spravy\/politolog-by-zrusenie-volby-postou-zo-zahranicia-povazoval-za-velky-krok-spat-ako-hlavnu-motivaciu-konania-vlady-vidi-strach\" target=\"_blank\" rel=\"noreferrer noopener\">https:\/\/www.finreport.sk\/agenturne-spravy\/politolog-by-zrusenie-volby-postou-zo-zahranicia-povazoval-za-velky-krok-spat-ako-hlavnu-motivaciu-konania-vlady-vidi-strach<\/a><br>\u2013 Ekonomick\u00fdDenn\u00edk.sk:<br><a href=\"https:\/\/ekonomickydennik.sk\/politolog-by-zrusenie-volby-postou-zo-zahranicia-povazoval-za-velky-krok-spat-ako-hlavnu-motivaciu-konania-vlady-vidi-strach\/\" target=\"_blank\" rel=\"noreferrer noopener\">https:\/\/ekonomickydennik.sk\/politolog-by-zrusenie-volby-postou-zo-zahranicia-povazoval-za-velky-krok-spat-ako-hlavnu-motivaciu-konania-vlady-vidi-strach\/<\/a><br>\u2013 Economics.sk:<br><a href=\"https:\/\/economics.sk\/ine-spravy\/spravy\/slovensko\/politolog-by-zrusenie-volby-postou-zo-zahranicia-povazoval-za-velky-krok-spat-ako-hlavnu-motivaciu-konania-vlady-vidi-strach\" target=\"_blank\" rel=\"noreferrer noopener\">https:\/\/economics.sk\/ine-spravy\/spravy\/slovensko\/politolog-by-zrusenie-volby-postou-zo-zahranicia-povazoval-za-velky-krok-spat-ako-hlavnu-motivaciu-konania-vlady-vidi-strach<\/a><br>\u2013 Pozri.sk:<br><a href=\"https:\/\/spravy.pozri.sk\/clanok\/politolog-by-zrusenie-volby-postou-zo-zahranicia-povazoval-za-velky-krok-spat-ako-hlavnu-motivaciu-konania-vlady-vidi-strach\/1606209\" target=\"_blank\" rel=\"noreferrer noopener\">https:\/\/spravy.pozri.sk\/clanok\/politolog-by-zrusenie-volby-postou-zo-zahranicia-povazoval-za-velky-krok-spat-ako-hlavnu-motivaciu-konania-vlady-vidi-strach\/1606209<\/a><br>\u2013 Aktualizovan\u00e9.sk:<br><a href=\"https:\/\/aktualizovane.sk\/politolog-by-zrusenie-volby-postou-zo-zahranicia-povazoval-za-velky-krok-spat-ako-hlavnu-motivaciu-konania-vlady-vidi-strach\/\" target=\"_blank\" rel=\"noreferrer noopener\">https:\/\/aktualizovane.sk\/politolog-by-zrusenie-volby-postou-zo-zahranicia-povazoval-za-velky-krok-spat-ako-hlavnu-motivaciu-konania-vlady-vidi-strach\/<\/a><br>\u2013 24hod.sk:<br><a href=\"https:\/\/www.24hod.sk\/politolog-by-zrusenie-volby-postou-zo-zahranicia-povazoval-za-velky-krok-spat-ako-hlavnu-motivaciu-konania-vlady-vidi-strach-cl823767.html\" target=\"_blank\" rel=\"noreferrer noopener\">https:\/\/www.24hod.sk\/politolog-by-zrusenie-volby-postou-zo-zahranicia-povazoval-za-velky-krok-spat-ako-hlavnu-motivaciu-konania-vlady-vidi-strach-cl823767.html<\/a><br>\u2013 BratislavaDe\u0148.sk:<br><a href=\"https:\/\/agenturnespravy.bratislavaden.sk\/aktualne\/politolog-by-zrusenie-volby-postou-zo-zahranicia-povazoval-za-velky-krok-spat-ako-hlavnu-motivaciu-konania-vlady-vidi-strach\" target=\"_blank\" rel=\"noreferrer noopener\">https:\/\/agenturnespravy.bratislavaden.sk\/aktualne\/politolog-by-zrusenie-volby-postou-zo-zahranicia-povazoval-za-velky-krok-spat-ako-hlavnu-motivaciu-konania-vlady-vidi-strach<\/a><br>\u2013 Slovensko.gratis:<br><a href=\"https:\/\/www.slovensko.gratis\/politolog-by-zrusenie-volby-postou-zo-zahranicia-povazoval-za-velky-krok-spat-ako-hlavnu-motivaciu-konania-vlady-vidi-strach\/\" target=\"_blank\" rel=\"noreferrer noopener\">https:\/\/www.slovensko.gratis\/politolog-by-zrusenie-volby-postou-zo-zahranicia-povazoval-za-velky-krok-spat-ako-hlavnu-motivaciu-konania-vlady-vidi-strach\/<\/a><br>\u2013 Bratislava.gratis:<br><a href=\"https:\/\/www.bratislava.gratis\/politolog-by-zrusenie-volby-postou-zo-zahranicia-povazoval-za-velky-krok-spat-ako-hlavnu-motivaciu-konania-vlady-vidi-strach\/\" target=\"_blank\" rel=\"noreferrer noopener\">https:\/\/www.bratislava.gratis\/politolog-by-zrusenie-volby-postou-zo-zahranicia-povazoval-za-velky-krok-spat-ako-hlavnu-motivaciu-konania-vlady-vidi-strach\/<\/a><br>\u2013 Ko\u0161ice.gratis:<br><a href=\"https:\/\/www.kosice.gratis\/politolog-by-zrusenie-volby-postou-zo-zahranicia-povazoval-za-velky-krok-spat-ako-hlavnu-motivaciu-konania-vlady-vidi-strach\/\" target=\"_blank\" rel=\"noreferrer noopener\">https:\/\/www.kosice.gratis\/politolog-by-zrusenie-volby-postou-zo-zahranicia-povazoval-za-velky-krok-spat-ako-hlavnu-motivaciu-konania-vlady-vidi-strach\/<\/a><br>\u2013 Bansk\u00e1Bystrica.gratis:<br><a href=\"https:\/\/banskabystrica.gratis\/politolog-by-zrusenie-volby-postou-zo-zahranicia-povazoval-za-velky-krok-spat-ako-hlavnu-motivaciu-konania-vlady-vidi-strach\/\" target=\"_blank\" rel=\"noreferrer noopener\">https:\/\/banskabystrica.gratis\/politolog-by-zrusenie-volby-postou-zo-zahranicia-povazoval-za-velky-krok-spat-ako-hlavnu-motivaciu-konania-vlady-vidi-strach\/<\/a><br>\u2013 Pre\u0161ovsk\u00fd-ve\u010dern\u00edk.sk:<br><a href=\"https:\/\/presovsky-vecernik.sk\/spravy\/slovensko\/politolog-by-zrusenie-volby-postou-zo-zahranicia-povazoval-za-velky-krok-spat-ako-hlavnu-motivaciu-konania-vlady-vidi-strach\/\" target=\"_blank\" rel=\"noreferrer noopener\">https:\/\/presovsky-vecernik.sk\/spravy\/slovensko\/politolog-by-zrusenie-volby-postou-zo-zahranicia-povazoval-za-velky-krok-spat-ako-hlavnu-motivaciu-konania-vlady-vidi-strach\/<\/a><br>\u2013 NewsPoint.sk:<br><a href=\"https:\/\/www.newspoint.sk\/politolog-by-zrusenie-volby-postou-zo-zahranicia-povazoval-za-velky-krok-spat-ako-hlavnu-motivaciu-konania-vlady-vidi-strach\/\" target=\"_blank\" rel=\"noreferrer noopener\">https:\/\/www.newspoint.sk\/politolog-by-zrusenie-volby-postou-zo-zahranicia-povazoval-za-velky-krok-spat-ako-hlavnu-motivaciu-konania-vlady-vidi-strach\/<\/a><br>\u2013 MaxiV\u00fdber.sk:<br><a href=\"https:\/\/maxivyber.sk\/slovensko\/politolog-by-zrusenie-volby-postou-zo-zahranicia-povazoval-za-velky-krok-spat-ako-hlavnu-motivaciu-konania-vlady-vidi-strach\" target=\"_blank\" rel=\"noreferrer noopener\">https:\/\/maxivyber.sk\/slovensko\/politolog-by-zrusenie-volby-postou-zo-zahranicia-povazoval-za-velky-krok-spat-ako-hlavnu-motivaciu-konania-vlady-vidi-strach<\/a><br>\u2013 TopNovinky.sk:<br><a href=\"https:\/\/www.topnovinky.sk\/politolog-by-zrusenie-volby-postou-zo-zahranicia-povazoval-za-velky-krok-spat-ako-hlavnu-motivaciu-konania-vlady-vidi-strach\/\" target=\"_blank\" rel=\"noreferrer noopener\">https:\/\/www.topnovinky.sk\/politolog-by-zrusenie-volby-postou-zo-zahranicia-povazoval-za-velky-krok-spat-ako-hlavnu-motivaciu-konania-vlady-vidi-strach\/<\/a><br>\u2013 FotoNovinky.sk:<br><a href=\"https:\/\/fotonovinky.sk\/politolog-by-zrusenie-volby-postou-zo-zahranicia-povazoval-za-velky-krok-spat-ako-hlavnu-motivaciu-konania-vlady-vidi-strach\/\" target=\"_blank\" rel=\"noreferrer noopener\">https:\/\/fotonovinky.sk\/politolog-by-zrusenie-volby-postou-zo-zahranicia-povazoval-za-velky-krok-spat-ako-hlavnu-motivaciu-konania-vlady-vidi-strach\/<\/a><br>\u2013 InfoRaj.sk:<br><a href=\"https:\/\/inforaj.sk\/politolog-by-zrusenie-volby-postou-zo-zahranicia-povazoval-za-velky-krok-spat-ako-hlavnu-motivaciu-konania-vlady-vidi-strach\/\" target=\"_blank\" rel=\"noreferrer noopener\">https:\/\/inforaj.sk\/politolog-by-zrusenie-volby-postou-zo-zahranicia-povazoval-za-velky-krok-spat-ako-hlavnu-motivaciu-konania-vlady-vidi-strach\/<\/a><br>\u2013 PremiumBox.sk:<br><a href=\"https:\/\/www.premiumbox.sk\/politolog-by-zrusenie-volby-postou-zo-zahranicia-povazoval-za-velky-krok-spat-ako-hlavnu-motivaciu-konania-vlady-vidi-strach\" target=\"_blank\" rel=\"noreferrer noopener\">https:\/\/www.premiumbox.sk\/politolog-by-zrusenie-volby-postou-zo-zahranicia-povazoval-za-velky-krok-spat-ako-hlavnu-motivaciu-konania-vlady-vidi-strach<\/a><br>\u2013 I-lifestyle.sk:<br><a href=\"https:\/\/www.i-lifestyle.sk\/politolog-by-zrusenie-volby-postou-zo-zahranicia-povazoval-za-velky-krok-spat-ako-hlavnu-motivaciu-konania-vlady-vidi-strach\" target=\"_blank\" rel=\"noreferrer noopener\">https:\/\/www.i-lifestyle.sk\/politolog-by-zrusenie-volby-postou-zo-zahranicia-povazoval-za-velky-krok-spat-ako-hlavnu-motivaciu-konania-vlady-vidi-strach<\/a><br>\u2013 \u0160portX.sk:<br><a href=\"https:\/\/sportx.sk\/politolog-by-zrusenie-volby-postou-zo-zahranicia-povazoval-za-velky-krok-spat-ako-hlavnu-motivaciu-konania-vlady-vidi-strach\/\" target=\"_blank\" rel=\"noreferrer noopener\">https:\/\/sportx.sk\/politolog-by-zrusenie-volby-postou-zo-zahranicia-povazoval-za-velky-krok-spat-ako-hlavnu-motivaciu-konania-vlady-vidi-strach\/<\/a><br>\u2013 \u0160portDnes.sk:<br><a href=\"https:\/\/www.sportdnes.sk\/slovensko\/politolog-by-zrusenie-volby-postou-zo-zahranicia-povazoval-za-velky-krok-spaet-ako-hlavnu-motivaciu\" target=\"_blank\" rel=\"noreferrer noopener\">https:\/\/www.sportdnes.sk\/slovensko\/politolog-by-zrusenie-volby-postou-zo-zahranicia-povazoval-za-velky-krok-spaet-ako-hlavnu-motivaciu<\/a><\/p>\n\n\n\n<p><strong>3. 3. 2026<\/strong><br><strong>V\u00fdvoj situ\u00e1cie v Ir\u00e1ne m\u00e1 r\u00f4zne scen\u00e1re, politol\u00f3g hovor\u00ed o bezpe\u010dnostn\u00fdch aj ekonomick\u00fdch rizik\u00e1ch pre Eur\u00f3pu<\/strong>&nbsp;\u2013 pre agent\u00faru SITA sa v s\u00favislosti s aktu\u00e1lnou situ\u00e1ciou v&nbsp;regi\u00f3ne vyjadril Mgr. Peter Dub\u00f3czi, PhD., z Katedry politol\u00f3gie Filozofickej fakulty UPJ\u0160 v&nbsp;Ko\u0161iciach<br>\u2013 SITA Slovensk\u00e1 tla\u010dov\u00e1 agent\u00fara:<br><a href=\"https:\/\/sita.sk\/vyvoj-situacie-v-irane-ma-rozne-scenare-politolog-hovori-o-bezpecnostnych-aj-ekonomickych-rizikach-pre-europu\" target=\"_blank\" rel=\"noreferrer noopener\">https:\/\/sita.sk\/vyvoj-situacie-v-irane-ma-rozne-scenare-politolog-hovori-o-bezpecnostnych-aj-ekonomickych-rizikach-pre-europu<\/a><br>\u2013 FinReport.sk:<br><a href=\"https:\/\/www.finreport.sk\/agenturne-spravy\/vyvoj-situacie-v-irane-ma-rozne-scenare-politolog-hovori-o-bezpecnostnych-aj-ekonomickych-rizikach-pre-europu\" target=\"_blank\" rel=\"noreferrer noopener\">https:\/\/www.finreport.sk\/agenturne-spravy\/vyvoj-situacie-v-irane-ma-rozne-scenare-politolog-hovori-o-bezpecnostnych-aj-ekonomickych-rizikach-pre-europu<\/a><br>\u2013 \u010cas.sk:<br><a href=\"https:\/\/www.cas.sk\/spravy\/odbornik-o-rizikach-vojny-na-blizkom-vychode-pre-slovensko-mozne-scenare-toho-ako-dopadne\" target=\"_blank\" rel=\"noreferrer noopener\">https:\/\/www.cas.sk\/spravy\/odbornik-o-rizikach-vojny-na-blizkom-vychode-pre-slovensko-mozne-scenare-toho-ako-dopadne<\/a><br>\u2013 Pozri.sk:<br><a href=\"https:\/\/spravy.pozri.sk\/clanok\/vyvoj-situacie-v-irane-ma-rozne-scenare-politolog-hovori-o-bezpecnostnych-aj-ekonomickych-rizikach-pre-europu\/1606062\" target=\"_blank\" rel=\"noreferrer noopener\">https:\/\/spravy.pozri.sk\/clanok\/vyvoj-situacie-v-irane-ma-rozne-scenare-politolog-hovori-o-bezpecnostnych-aj-ekonomickych-rizikach-pre-europu\/1606062<\/a><br>\u2013 P\u00ed\u0161e.sk:<br><a href=\"https:\/\/www.pise.sk\/spravy\/vyvoj-situacie-v-irane-ma-rozne-scenare-politolog-hovori-o-bezpecnostnych-aj-ekonomickych-rizikach-pre-europu\" target=\"_blank\" rel=\"noreferrer noopener\">https:\/\/www.pise.sk\/spravy\/vyvoj-situacie-v-irane-ma-rozne-scenare-politolog-hovori-o-bezpecnostnych-aj-ekonomickych-rizikach-pre-europu<\/a><br>\u2013 24hod.sk:<br><a href=\"https:\/\/www.24hod.sk\/vyvoj-situacie-v-irane-ma-rozne-scenare-politolog-hovori-o-bezpecnostnych-aj-ekonomickych-rizikach-pre-europu-cl823604.html\" target=\"_blank\" rel=\"noreferrer noopener\">https:\/\/www.24hod.sk\/vyvoj-situacie-v-irane-ma-rozne-scenare-politolog-hovori-o-bezpecnostnych-aj-ekonomickych-rizikach-pre-europu-cl823604.html<\/a><br>\u2013 Ekonomick\u00fdDenn\u00edk.sk:<br><a href=\"https:\/\/ekonomickydennik.sk\/vyvoj-situacie-v-irane-ma-rozne-scenare-politolog-hovori-o-bezpecnostnych-aj-ekonomickych-rizikach-pre-europu\/\" target=\"_blank\" rel=\"noreferrer noopener\">https:\/\/ekonomickydennik.sk\/vyvoj-situacie-v-irane-ma-rozne-scenare-politolog-hovori-o-bezpecnostnych-aj-ekonomickych-rizikach-pre-europu\/<\/a><br>\u2013 Ko\u0161ice.gratis:<br><a href=\"https:\/\/www.kosice.gratis\/vyvoj-situacie-v-irane-ma-rozne-scenare-politolog-hovori-o-bezpecnostnych-aj-ekonomickych-rizikach-pre-europu\/\" target=\"_blank\" rel=\"noreferrer noopener\">https:\/\/www.kosice.gratis\/vyvoj-situacie-v-irane-ma-rozne-scenare-politolog-hovori-o-bezpecnostnych-aj-ekonomickych-rizikach-pre-europu\/<\/a><br>\u2013 Slovensko.gratis:<br><a href=\"https:\/\/www.slovensko.gratis\/vyvoj-situacie-v-irane-ma-rozne-scenare-politolog-hovori-o-bezpecnostnych-aj-ekonomickych-rizikach-pre-europu\/\" target=\"_blank\" rel=\"noreferrer noopener\">https:\/\/www.slovensko.gratis\/vyvoj-situacie-v-irane-ma-rozne-scenare-politolog-hovori-o-bezpecnostnych-aj-ekonomickych-rizikach-pre-europu\/<\/a><br>\u2013 BratislavaDe\u0148.sk:<br><a href=\"https:\/\/agenturnespravy.bratislavaden.sk\/aktualne\/vyvoj-situacie-v-irane-ma-rozne-scenare-politolog-hovori-o-bezpecnostnych-aj-ekonomickych-rizikach-pre-europu\" target=\"_blank\" rel=\"noreferrer noopener\">https:\/\/agenturnespravy.bratislavaden.sk\/aktualne\/vyvoj-situacie-v-irane-ma-rozne-scenare-politolog-hovori-o-bezpecnostnych-aj-ekonomickych-rizikach-pre-europu<\/a><br>\u2013 \u0160portX.sk:<br><a href=\"https:\/\/sportx.sk\/vyvoj-situacie-v-irane-ma-rozne-scenare-politolog-hovori-o-bezpecnostnych-aj-ekonomickych-rizikach-pre-europu\/\" target=\"_blank\" rel=\"noreferrer noopener\">https:\/\/sportx.sk\/vyvoj-situacie-v-irane-ma-rozne-scenare-politolog-hovori-o-bezpecnostnych-aj-ekonomickych-rizikach-pre-europu\/<\/a><br>\u2013 TopSpr\u00e1vy.eu:<br><a href=\"https:\/\/topspravy.eu\/blog\/spravy\/vyvoj-situacie-v-irane-ma-rozne-scenare-politolog-hovori-o-bezpecnostnych-aj-ekonomickych-rizikach-pre-europu\/\" target=\"_blank\" rel=\"noreferrer noopener\">https:\/\/topspravy.eu\/blog\/spravy\/vyvoj-situacie-v-irane-ma-rozne-scenare-politolog-hovori-o-bezpecnostnych-aj-ekonomickych-rizikach-pre-europu\/<\/a><br>\u2013 InfoRaj.sk:<br><a href=\"https:\/\/inforaj.sk\/vyvoj-situacie-v-irane-ma-rozne-scenare-politolog-hovori-o-bezpecnostnych-aj-ekonomickych-rizikach-pre-europu\/\" target=\"_blank\" rel=\"noreferrer noopener\">https:\/\/inforaj.sk\/vyvoj-situacie-v-irane-ma-rozne-scenare-politolog-hovori-o-bezpecnostnych-aj-ekonomickych-rizikach-pre-europu\/<\/a><br>\u2013 Virtu\u00e1lne.sk:<br><a href=\"https:\/\/sturovo.virtualne.sk\/spravodajstvo\/vyvoj-situacie-v-irane-ma-rozne-scenare--politolog-hovori-o-bezpecnostnych-aj-ekonomickych-rizikach-pre-europu.html\" target=\"_blank\" rel=\"noreferrer noopener\">https:\/\/sturovo.virtualne.sk\/spravodajstvo\/vyvoj-situacie-v-irane-ma-rozne-scenare&#8211;politolog-hovori-o-bezpecnostnych-aj-ekonomickych-rizikach-pre-europu.html<\/a><br>\u2013 MaxiV\u00fdber.sk:<br><a href=\"https:\/\/maxivyber.sk\/svet\/vyvoj-situacie-v-irane-ma-rozne-scenare-politolog-hovori-o-bezpecnostnych-aj-ekonomickych-rizikach-pre-europu\" target=\"_blank\" rel=\"noreferrer noopener\">https:\/\/maxivyber.sk\/svet\/vyvoj-situacie-v-irane-ma-rozne-scenare-politolog-hovori-o-bezpecnostnych-aj-ekonomickych-rizikach-pre-europu<\/a><br>\u2013 Aktualizovan\u00e9.sk:<br><a href=\"https:\/\/aktualizovane.sk\/vyvoj-situacie-v-irane-ma-rozne-scenare-politolog-hovori-o-bezpecnostnych-aj-ekonomickych-rizikach-pre-europu\/\" target=\"_blank\" rel=\"noreferrer noopener\">https:\/\/aktualizovane.sk\/vyvoj-situacie-v-irane-ma-rozne-scenare-politolog-hovori-o-bezpecnostnych-aj-ekonomickych-rizikach-pre-europu\/<\/a><\/p>\n\n\n\n<p><strong>2. 3. 2026<\/strong><br><strong>\u017div\u00e1 kni\u017enica: Jej slov\u00e1, jej pr\u00edbeh, jej te\u00f3ria<\/strong>&nbsp;\u2013 Komisia pre rodov\u00fa rovnos\u0165 a&nbsp;Katedra filozofie Filozofickej fakulty UPJ\u0160 v Ko\u0161iciach poz\u00fdvaj\u00fa na podujatie \u017div\u00e1 kni\u017enica: Jej slov\u00e1, jej pr\u00edbeh, jej te\u00f3ria \u2013 v r\u00e1mci cyklu podujat\u00ed Rovnos\u0165 v r\u00f4znosti pri pr\u00edle\u017eitosti Medzin\u00e1rodn\u00e9ho d\u0148a \u017eien 2026<br>\u2013 Ko\u0161iceOnline.sk:<br><a href=\"https:\/\/www.kosiceonline.sk\/calendar\/Kosice\/2026-03-05\" target=\"_blank\" rel=\"noreferrer noopener\">https:\/\/www.kosiceonline.sk\/calendar\/Kosice\/2026-03-05<\/a><br>\u2013 Report\u00e9r24.sk:<br><a href=\"https:\/\/www.reporter24.sk\/2026\/03\/02\/pozvanka-upjs-ziva-kniznica-jej-slova-jej-pribeh-jej-teoria\/\" target=\"_blank\" rel=\"noreferrer noopener\">https:\/\/www.reporter24.sk\/2026\/03\/02\/pozvanka-upjs-ziva-kniznica-jej-slova-jej-pribeh-jej-teoria\/<\/a><br>\u2013 SSN.sk:<br><a href=\"https:\/\/www.ssn.sk\/31581\/na-upjs-v-kosiciach-ziva-kniznica\/\" target=\"_blank\" rel=\"noreferrer noopener\">https:\/\/www.ssn.sk\/31581\/na-upjs-v-kosiciach-ziva-kniznica\/<\/a><\/p>\n\n\n\n<p><strong>26. 2. 2026<\/strong><br><strong>No\u010dn\u00e1 pyram\u00edda: V\u00fdmena obyvate\u013estva medzi Ma\u010farskom a&nbsp;\u010cSR<\/strong>&nbsp;\u2013 hos\u0165om rozhlasovej rel\u00e1cie bol emeritn\u00fd profesor Katedry hist\u00f3rie Filozofickej fakulty UPJ\u0160 v Ko\u0161iciach prof. PaedDr. \u0160tefan \u0160utaj, DrSc. (v \u010dase od 9:50); R\u00e1dio Slovensko (STVR)<br><a href=\"https:\/\/www.stvr.sk\/radio\/archiv\/11436\/2740412\" target=\"_blank\" rel=\"noreferrer noopener\">https:\/\/www.stvr.sk\/radio\/archiv\/11436\/2740412<\/a><\/p>\n\n\n\n<p><strong>26. 2. 2026<\/strong><br><strong>Reflektor \u0161peci\u00e1l #30 \u2013 Ako vznikal nov\u00fd preklad Shakespearov\u00fdch Sonetov? (Mari\u00e1n Andri\u010d\u00edk)<\/strong>&nbsp;\u2013 podcastov\u00fd rozhovor s prof. PhDr. Mari\u00e1nom Andri\u010d\u00edkom, PhD., ktor\u00fd p\u00f4sob\u00ed na Katedre slovakistiky, slovansk\u00fdch filol\u00f3gi\u00ed a komunik\u00e1cie Filozofickej fakulty UPJ\u0160 v&nbsp;Ko\u0161iciach; Kandelaber (podcast)<br><a href=\"https:\/\/soundcloud.com\/kndlbr\/reflektor-peci-l-28-ako\" target=\"_blank\" rel=\"noreferrer noopener\">https:\/\/soundcloud.com\/kndlbr\/reflektor-peci-l-28-ako<\/a><\/p>\n\n\n\n<p><strong>25. 2. 2026<\/strong><br><strong>Laure\u00e1ti Ceny mesta Ko\u0161ice s\u00fa zn\u00e1mi, zastupite\u013estvo rozhodlo aj o udelen\u00ed \u010destn\u00e9ho ob\u010dianstva<\/strong>&nbsp;\u2013 ocenen\u00fd bude aj uzn\u00e1van\u00fd jazykovedec a emeritn\u00fd profesor Filozofickej fakulty UPJ\u0160 v Ko\u0161iciach Dr. h. c. prof. PhDr. J\u00e1n Sabol, DrSc.<br>\u2013 SITA Slovensk\u00e1 tla\u010dov\u00e1 agent\u00fara:<br><a href=\"https:\/\/sita.sk\/laureati-ceny-mesta-kosice-su-znami-zastupitelstvo-rozhodlo-aj-o-udeleni-cestneho-obcianstva\" target=\"_blank\" rel=\"noreferrer noopener\">https:\/\/sita.sk\/laureati-ceny-mesta-kosice-su-znami-zastupitelstvo-rozhodlo-aj-o-udeleni-cestneho-obcianstva<\/a><br>\u2013 FinReport.sk:<br><a href=\"https:\/\/www.finreport.sk\/agenturne-spravy\/laureati-ceny-mesta-kosice-su-znami-zastupitelstvo-rozhodlo-aj-o-udeleni-cestneho-obcianstva\" target=\"_blank\" rel=\"noreferrer noopener\">https:\/\/www.finreport.sk\/agenturne-spravy\/laureati-ceny-mesta-kosice-su-znami-zastupitelstvo-rozhodlo-aj-o-udeleni-cestneho-obcianstva<\/a><br>\u2013 NewsPoint.sk:<br><a href=\"https:\/\/www.newspoint.sk\/laureati-ceny-mesta-kosice-su-znami-zastupitelstvo-rozhodlo-aj-o-udeleni-cestneho-obcianstva\/\" target=\"_blank\" rel=\"noreferrer noopener\">https:\/\/www.newspoint.sk\/laureati-ceny-mesta-kosice-su-znami-zastupitelstvo-rozhodlo-aj-o-udeleni-cestneho-obcianstva\/<\/a><br>\u2013 Pozri.sk:<br><a href=\"https:\/\/spravy.pozri.sk\/clanok\/laureati-ceny-mesta-kosice-su-znami-zastupitelstvo-rozhodlo-aj-o-udeleni-cestneho-obcianstva\/1605897\" target=\"_blank\" rel=\"noreferrer noopener\">https:\/\/spravy.pozri.sk\/clanok\/laureati-ceny-mesta-kosice-su-znami-zastupitelstvo-rozhodlo-aj-o-udeleni-cestneho-obcianstva\/1605897<\/a><br>\u2013 \u0160portDnes.sk:<br><a href=\"https:\/\/www.sportdnes.sk\/slovensko\/laureati-ceny-mesta-kosice-su-znami-zastupitelstvo-rozhodlo-aj-o-udeleni-cestneho-obcianstva\" target=\"_blank\" rel=\"noreferrer noopener\">https:\/\/www.sportdnes.sk\/slovensko\/laureati-ceny-mesta-kosice-su-znami-zastupitelstvo-rozhodlo-aj-o-udeleni-cestneho-obcianstva<\/a><br>\u2013 PremiumBox.sk:<br><a href=\"https:\/\/www.premiumbox.sk\/laureati-ceny-mesta-kosice-su-znami-zastupitelstvo-rozhodlo-aj-o-udeleni-cestneho-obcianstva\" target=\"_blank\" rel=\"noreferrer noopener\">https:\/\/www.premiumbox.sk\/laureati-ceny-mesta-kosice-su-znami-zastupitelstvo-rozhodlo-aj-o-udeleni-cestneho-obcianstva<\/a><br>\u2013 Slovensko24\/7.sk:<br><a href=\"https:\/\/www.slovensko247.sk\/182300-laureati-ceny-mesta-kosice-su-znami-zastupitelstvo-rozhodlo-aj-o-udeleni-cestneho-obcianstva\" target=\"_blank\" rel=\"noreferrer noopener\">https:\/\/www.slovensko247.sk\/182300-laureati-ceny-mesta-kosice-su-znami-zastupitelstvo-rozhodlo-aj-o-udeleni-cestneho-obcianstva<\/a><br>\u2013 24hod.sk:<br><a href=\"https:\/\/www.24hod.sk\/laureati-ceny-mesta-kosice-su-znami-zastupitelstvo-rozhodlo-aj-o-udeleni-cestneho-obcianstva-cl823446.html\" target=\"_blank\" rel=\"noreferrer noopener\">https:\/\/www.24hod.sk\/laureati-ceny-mesta-kosice-su-znami-zastupitelstvo-rozhodlo-aj-o-udeleni-cestneho-obcianstva-cl823446.html<\/a><br>\u2013 Ekonomick\u00fdDenn\u00edk.sk:<br><a href=\"https:\/\/ekonomickydennik.sk\/laureati-ceny-mesta-kosice-su-znami-zastupitelstvo-rozhodlo-aj-o-udeleni-cestneho-obcianstva\/\" target=\"_blank\" rel=\"noreferrer noopener\">https:\/\/ekonomickydennik.sk\/laureati-ceny-mesta-kosice-su-znami-zastupitelstvo-rozhodlo-aj-o-udeleni-cestneho-obcianstva\/<\/a><br>\u2013 Aktualizovan\u00e9.sk:<br><a href=\"https:\/\/aktualizovane.sk\/laureati-ceny-mesta-kosice-su-znami-zastupitelstvo-rozhodlo-aj-o-udeleni-cestneho-obcianstva\/\" target=\"_blank\" rel=\"noreferrer noopener\">https:\/\/aktualizovane.sk\/laureati-ceny-mesta-kosice-su-znami-zastupitelstvo-rozhodlo-aj-o-udeleni-cestneho-obcianstva\/<\/a><br>\u2013 Ko\u0161icak.sk:<br><a href=\"https:\/\/www.kosicak.sk\/clanky\/11206\/kosice-vzdaju-hold-legendam-aj-vyznamnym-kosicanom-marika-gombitova-a-peter-bondra-ziskaju-cestne-obcianstvo\" target=\"_blank\" rel=\"noreferrer noopener\">https:\/\/www.kosicak.sk\/clanky\/11206\/kosice-vzdaju-hold-legendam-aj-vyznamnym-kosicanom-marika-gombitova-a-peter-bondra-ziskaju-cestne-obcianstvo<\/a><br>\u2013 Ko\u0161ice.sk:<br><a href=\"https:\/\/www.kosice.sk\/clanok\/gombitova-s-bondrom-sa-stanu-cestnymi-obcanmi-kosic\" target=\"_blank\" rel=\"noreferrer noopener\">https:\/\/www.kosice.sk\/clanok\/gombitova-s-bondrom-sa-stanu-cestnymi-obcanmi-kosic<\/a><\/p>\n\n\n\n<p><strong>24. 2. 2026<\/strong><br><strong>Extr\u00e9mizmus a radikaliz\u00e1cia u mlad\u00fdch<\/strong>&nbsp;\u2013 k t\u00e9me sa vyjadril aj Mgr. Tom\u00e1\u0161 \u0160e\u010fo, PhD., z Katedry soci\u00e1lnej pr\u00e1ce Filozofickej fakulty UPJ\u0160 v Ko\u0161iciach; R\u00e1dio Ko\u0161ice<br><a href=\"https:\/\/www.radiokosice.sk\/tema-24-2-extremizmus-a-radikalizacia-u-mladych\" target=\"_blank\" rel=\"noreferrer noopener\">https:\/\/www.radiokosice.sk\/tema-24-2-extremizmus-a-radikalizacia-u-mladych<\/a><\/p>\n\n\n\n<p><strong>23. 2. 2026<\/strong><br><strong>Vy\u0161la nov\u00e1 publik\u00e1cia o preklade vo ved\u00e1ch o \u010dloveku a&nbsp;kult\u00fare<\/strong>&nbsp;\u2013 publik\u00e1cia \u201eVybran\u00e9 kapitoly z te\u00f3rie a praxe prekladu vo ved\u00e1ch o \u010dloveku a&nbsp;kult\u00fare\u201c je v\u00fdsledkom pr\u00e1ce autorsk\u00e9ho kolekt\u00edvu pod veden\u00edm vedeckej editorky Mgr. Ivany Kupkovej, PhD., z&nbsp;Centra jazykovej pr\u00edpravy Filozofickej fakulty UPJ\u0160 v&nbsp;Ko\u0161iciach; SAV.sk<br><a href=\"https:\/\/www.sav.sk\/?lang=sk&amp;doc=services-news&amp;source_no=20&amp;news_no=13438\" target=\"_blank\" rel=\"noreferrer noopener\">https:\/\/www.sav.sk\/?lang=sk&amp;doc=services-news&amp;source_no=20&amp;news_no=13438<\/a><\/p>\n\n\n\n<p><strong>12. 2. 2026<\/strong><br><strong>\u201eAj po\u00e9zia v\u0161edn\u00e9ho d\u0148a, ako potvrdzuj\u00fa Sonety, m\u00f4\u017ee by\u0165 ve\u013ek\u00fdm umen\u00edm\u201c<\/strong>&nbsp;\u2013 slovensk\u00e1 literat\u00fara m\u00e1 nov\u00fd a najm\u00e4 modern\u00fd preklad jedn\u00e9ho z k\u013e\u00fa\u010dov\u00fdch diel svetovej lyriky \u2013 Shakespearov\u00fdch Sonetov, ktor\u00e9 vych\u00e1dzaj\u00fa od roku 1609 dodnes \u2013 viac v&nbsp;rozhovore s umeleck\u00fdm prekladate\u013eom a liter\u00e1rnym vedcom prof. PhDr. Mari\u00e1nom Andri\u010d\u00edkom, PhD., ktor\u00fd p\u00f4sob\u00ed na Katedre slovakistiky, slovansk\u00fdch filol\u00f3gi\u00ed a komunik\u00e1cie Filozofickej fakulty UPJ\u0160 v Ko\u0161iciach, kde od roku 2015 zast\u00e1va funkciu prodekana pre vedeckov\u00fdskumn\u00fa \u010dinnos\u0165 a doktorandsk\u00e9 \u0161t\u00fadium; Plan.art<br><a href=\"https:\/\/www.plan.art\/plan\/litera-plan\/preco-by-ste-mali-citat-sonety-\u201epre-ich-ciru-lyricku-krasu\" target=\"_blank\" rel=\"noreferrer noopener\">https:\/\/www.plan.art\/plan\/litera-plan\/preco-by-ste-mali-citat-sonety-\u201epre-ich-ciru-lyricku-krasu<\/a><\/p>\n\n\n\n<p><strong>11. 2. 2026<\/strong><br><strong>Diskusia \u017deny vo vede na UPJ\u0160 v&nbsp;Ko\u0161iciach<\/strong>&nbsp;\u2013 diskusia sa konala pri pr\u00edle\u017eitosti Medzin\u00e1rodn\u00e9ho d\u0148a \u017eien a diev\u010dat vo vede \u2013 o t\u00e9mach ako rodov\u00e1 rovnos\u0165 vo vede, vzory, medzigenera\u010dn\u00fd dial\u00f3g \u010di o tom, pre\u010do \u017eeny op\u00fa\u0161\u0165aj\u00fa akademick\u00fa p\u00f4du, pri\u0161li do \u0161t\u00fadia R\u00e1dia Dev\u00edn porozpr\u00e1va\u0165 doc. Mgr. Adriana Jesenkov\u00e1, PhD., z Katedry filozofie Filozofickej fakulty UPJ\u0160 v&nbsp;Ko\u0161iciach a&nbsp;prorektorka pre vedu, v\u00fdskum a agendu projektov prof. RNDr. Ren\u00e1ta Ori\u0148akov\u00e1, DrSc.; R\u00e1dio Dev\u00edn (STVR)<br><a href=\"https:\/\/devin.stvr.sk\/clanky\/kulturny-dennik\/432893\/diskusia-zeny-vo-vede-na-upjs-v-kosiciach\" target=\"_blank\" rel=\"noreferrer noopener\">https:\/\/devin.stvr.sk\/clanky\/kulturny-dennik\/432893\/diskusia-zeny-vo-vede-na-upjs-v-kosiciach<\/a><\/p>\n\n\n\n<p><strong>11. 2. 2026<\/strong><br><strong>Regina: Ko\u0161ick\u00ed \u017eiaci sa v&nbsp;\u0161kole c\u00edtia dobre a&nbsp;bezpe\u010dne<\/strong>&nbsp;\u2013 k v\u00fdsledkom prieskumu du\u0161evn\u00e9ho zdravia v ko\u0161ick\u00fdch z\u00e1kladn\u00fdch \u0161kol\u00e1ch, ktor\u00fd realizovala Filozofick\u00e1 fakulta UPJ\u0160 v Ko\u0161iciach, sa pre telev\u00edzny magaz\u00edn STVR o \u017eivote v&nbsp;regi\u00f3noch vyjadrila aj Mgr. Lucia Barbierik, PhD., z Katedry pedagogickej psychol\u00f3gie a psychol\u00f3gie zdravia FF UPJ\u0160; Dvojka (STVR)<br><a href=\"https:\/\/www.stvr.sk\/televizia\/archiv\/14356\/580985#1077\" target=\"_blank\" rel=\"noreferrer noopener\">https:\/\/www.stvr.sk\/televizia\/archiv\/14356\/580985#1077<\/a><\/p>\n\n\n\n<p><strong>7. 2. 2026<\/strong><br><strong>Pred 100 rokmi sa v rozhlasovom \u00e9teri prv\u00fdkr\u00e1t ozvala sloven\u010dina<\/strong>&nbsp;\u2013 podrobnosti uv\u00e1dza PhDr. Mari\u00e1n Gladi\u0161, PhD., z Katedry slovakistiky, slovansk\u00fdch filol\u00f3gi\u00ed a komunik\u00e1cie Filozofickej fakulty UPJ\u0160 v&nbsp;Ko\u0161iciach<br>\u2013 Tla\u010dov\u00e1 agent\u00fara Slovenskej republiky (TASR):<br><a href=\"https:\/\/www.tasr.sk\/tasr-clanok\/TASR:2026020700000204\" target=\"_blank\" rel=\"noreferrer noopener\">https:\/\/www.tasr.sk\/tasr-clanok\/TASR:2026020700000204<\/a><br>\u2013 Teraz.sk:<br><a href=\"https:\/\/www.teraz.sk\/slovensko\/pred-100-rokmi-sa-v-rozhlasovom-eteri-p\/939381-clanok.html\" target=\"_blank\" rel=\"noreferrer noopener\">https:\/\/www.teraz.sk\/slovensko\/pred-100-rokmi-sa-v-rozhlasovom-eteri-p\/939381-clanok.html<\/a><br>\u2013 Regi\u00f3ny.sk:<br><a href=\"https:\/\/bratislava.zoznam.sk\/prvykrat-v-rozhlase-zaznela-slovencina-vyznamny-historicky-okamih-pred-100-rokmi-v-kosiciach\" target=\"_blank\" rel=\"noreferrer noopener\">https:\/\/bratislava.zoznam.sk\/prvykrat-v-rozhlase-zaznela-slovencina-vyznamny-historicky-okamih-pred-100-rokmi-v-kosiciach<\/a><br>\u2013 Bleskovky.Zoznam.sk:<br><a href=\"https:\/\/bleskovky.zoznam.sk\/cl\/1005001\/9317989\/Pred-100-rokmi-sa-v-rozhlasovom-eteri-prvykrat-ozvala-slovencina\" target=\"_blank\" rel=\"noreferrer noopener\">https:\/\/bleskovky.zoznam.sk\/cl\/1005001\/9317989\/Pred-100-rokmi-sa-v-rozhlasovom-eteri-prvykrat-ozvala-slovencina<\/a><\/p>\n\n\n\n<p><strong>4. 2. 2026<\/strong><br><strong>Do kr\u00ed\u017ea: Bene\u0161ove dekr\u00e9ty<\/strong>&nbsp;\u2013 hos\u0165om diskusnej rel\u00e1cie bol aj emeritn\u00fd profesor Katedry hist\u00f3rie Filozofickej fakulty UPJ\u0160 v&nbsp;Ko\u0161iciach prof. PaedDr. \u0160tefan \u0160utaj, DrSc.; Dvojka (STVR)<br><a href=\"https:\/\/www.stvr.sk\/televizia\/archiv\/15289\/579716\" target=\"_blank\" rel=\"noreferrer noopener\">https:\/\/www.stvr.sk\/televizia\/archiv\/15289\/579716<\/a><\/p>\n\n\n\n<p><strong>4. 2. 2026<\/strong><br><strong>Regina: Ako \u010deli\u0165 sexu\u00e1lnemu ob\u0165a\u017eovaniu na pracovisku?<\/strong>&nbsp;\u2013 hostkou telev\u00edzneho magaz\u00ednu bola aj psychologi\u010dka Mgr. Marta Dobrowolska Kulanov\u00e1, PhD., z Katedry pedagogickej psychol\u00f3gie a psychol\u00f3gie zdravia Filozofickej fakulty UPJ\u0160 v&nbsp;Ko\u0161iciach; Dvojka (STVR)<br><a href=\"https:\/\/www.stvr.sk\/televizia\/archiv\/14356\/579701#2582\" target=\"_blank\" rel=\"noreferrer noopener\">https:\/\/www.stvr.sk\/televizia\/archiv\/14356\/579701#2582<\/a><\/p>\n\n\n\n<p><strong>4. 2. 2026<\/strong><br><strong>Pred 100 rokmi sa v rozhlasovom \u00e9teri prv\u00fdkr\u00e1t ozvala sloven\u010dina<\/strong>&nbsp;\u2013 podrobnosti uv\u00e1dza PhDr. Mari\u00e1n Gladi\u0161, PhD., z&nbsp;Katedry slovakistiky, slovansk\u00fdch filol\u00f3gi\u00ed a&nbsp;komunik\u00e1cie Filozofickej fakulty UPJ\u0160 v&nbsp;Ko\u0161iciach<br>\u2013 Slovensk\u00fd syndik\u00e1t novin\u00e1rov:<br><a href=\"https:\/\/www.ssn.sk\/31470\/pred-100-rokmi-sa-v-rozhlasovom-eteri-prvykrat-ozvala-slovencina\/\" target=\"_blank\" rel=\"noreferrer noopener\">https:\/\/www.ssn.sk\/31470\/pred-100-rokmi-sa-v-rozhlasovom-eteri-prvykrat-ozvala-slovencina\/<\/a><br>\u2013 ORF.at:<br><a href=\"https:\/\/volksgruppen.orf.at\/slovaci\/stories\/3340594\" target=\"_blank\" rel=\"noreferrer noopener\">https:\/\/volksgruppen.orf.at\/slovaci\/stories\/3340594<\/a><br>\u2013 EastMag.sk:<br><a href=\"https:\/\/eastmag.sk\/2026\/02\/04\/pred-100-rokmi-sa-v-rozhlasovom-eteri-prvykrat-ozvala-slovencina\/\" target=\"_blank\" rel=\"noreferrer noopener\">https:\/\/eastmag.sk\/2026\/02\/04\/pred-100-rokmi-sa-v-rozhlasovom-eteri-prvykrat-ozvala-slovencina\/<\/a><br>\u2013 Ahoj.tv:<br><a href=\"https:\/\/www.ahoj.tv\/clanky\/clanok\/14922\/pred-100-rokmi-sa-v-rozhlasovom-eteri-prvykrat-ozvala-slovencina\" target=\"_blank\" rel=\"noreferrer noopener\">https:\/\/www.ahoj.tv\/clanky\/clanok\/14922\/pred-100-rokmi-sa-v-rozhlasovom-eteri-prvykrat-ozvala-slovencina<\/a><\/p>\n\n\n\n<p><strong>2. 2. 2026<\/strong><br><strong>De\u0148 otvoren\u00fdch dver\u00ed Filozofickej fakulty UPJ\u0160 2026<\/strong>&nbsp;\u2013 vedenie FF UPJ\u0160 poz\u00fdva maturantov a \u010fal\u0161\u00edch z\u00e1ujemcov o vysoko\u0161kolsk\u00e9 \u0161t\u00fadium na DOD fakulty<br>\u2013 Veda na dosah (Centrum vedecko-technick\u00fdch inform\u00e1ci\u00ed SR):<br><a href=\"https:\/\/vedanadosah.cvtisr.sk\/podujatie\/dod-2026-den-otvorenych-dveri-filozofickej-fakulty-upjs\/\" target=\"_blank\" rel=\"noreferrer noopener\">https:\/\/vedanadosah.cvtisr.sk\/podujatie\/dod-2026-den-otvorenych-dveri-filozofickej-fakulty-upjs\/<\/a><br>\u2013 Slovensk\u00fd syndik\u00e1t novin\u00e1rov:<br><a href=\"https:\/\/www.ssn.sk\/31459\/studenti-studentom-vyskusajte-si-ako-chuti-studentsky-zivot-na-filozofickej-fakulte-upjs-v-kosiciach\/\" target=\"_blank\" rel=\"noreferrer noopener\">https:\/\/www.ssn.sk\/31459\/studenti-studentom-vyskusajte-si-ako-chuti-studentsky-zivot-na-filozofickej-fakulte-upjs-v-kosiciach\/<\/a><br>\u2013 Ko\u0161iceOnline.sk:<br><a href=\"https:\/\/www.kosiceonline.sk\/calendar\/Kosice\/2026-02-06\" target=\"_blank\" rel=\"noreferrer noopener\">https:\/\/www.kosiceonline.sk\/calendar\/Kosice\/2026-02-06<\/a><br>\u2013 EastMag.sk:<br><a href=\"https:\/\/eastmag.sk\/2026\/02\/02\/vyskusajte-si-ako-chuti-studentsky-zivot-na-filozofickej-fakulte-upjs-v-kosiciach\/\" target=\"_blank\" rel=\"noreferrer noopener\">https:\/\/eastmag.sk\/2026\/02\/02\/vyskusajte-si-ako-chuti-studentsky-zivot-na-filozofickej-fakulte-upjs-v-kosiciach\/<\/a><\/p>\n\n\n\n<p><strong>2. 2. 2026<\/strong><br><strong>Liter\u00e1rne Ko\u0161ice&nbsp;2026 \u0161tartuj\u00fa: Kni\u017enica h\u013ead\u00e1 nov\u00e9 talenty<\/strong>&nbsp;\u2013 odborn\u00e9 hodnotenie ob\u013e\u00fabenej s\u00fa\u0165a\u017ee zabezpe\u010dia aj liter\u00e1rni vedci a&nbsp;pedag\u00f3govia z Katedry slovakistiky, slovansk\u00fdch filol\u00f3gi\u00ed a&nbsp;komunik\u00e1cie Filozofickej fakulty UPJ\u0160 v&nbsp;Ko\u0161iciach \u2013 doc. Mgr. Mark\u00e9ta Andri\u010d\u00edkov\u00e1, PhD., a prof. PhDr. Mari\u00e1n Andri\u010d\u00edk, PhD.; EastMag.sk<br><a href=\"https:\/\/eastmag.sk\/2026\/02\/02\/literarne-kosice-2026-startuju-kniznica-hlada-nove-talenty\/\" target=\"_blank\" rel=\"noreferrer noopener\">https:\/\/eastmag.sk\/2026\/02\/02\/literarne-kosice-2026-startuju-kniznica-hlada-nove-talenty\/<\/a><\/p>\n\n\n\n<p><strong>2. 2. 2026<\/strong><br><strong>Magick\u00fd de\u0148 aj sviatok kres\u0165anov: Hromnice prezradia, kedy pr\u00edde jar<\/strong>&nbsp;\u2013 u\u017e Kelti sl\u00e1vili v&nbsp;obdob\u00ed medzi zimn\u00fdm slnovratom a jarnou rovnodennos\u0165ou Imbolc, pri\u010dom tento keltsk\u00fd sviatok mo\u017eno stoto\u017eni\u0165 s&nbsp;Hromnicami \u2013 vysvet\u013euje PhDr. Luk\u00e1\u0161 \u0160utor, PhD., z Katedry slovakistiky, slovansk\u00fdch filol\u00f3gi\u00ed a komunik\u00e1cie Filozofickej fakulty UPJ\u0160 v&nbsp;Ko\u0161iciach; Topky.sk<br><a href=\"https:\/\/www.topky.sk\/cl\/10\/9312831\/Magicky-den-aj-sviatok-krestanov--Hromnice-prezradia--KEDY-pride-jar-\" target=\"_blank\" rel=\"noreferrer noopener\">https:\/\/www.topky.sk\/cl\/10\/9312831\/Magicky-den-aj-sviatok-krestanov&#8211;Hromnice-prezradia&#8211;KEDY-pride-jar-<\/a><\/p>\n\n\n\n<p><strong>30. 1. 2026<\/strong><br><strong>Sexu\u00e1lne ob\u0165a\u017eovanie na pracovisku za\u017eila na Slovensku ka\u017ed\u00e1 druh\u00e1 \u017eena. Pom\u00f4c\u0165 m\u00f4\u017ee samohodnotenie firiem a prevent\u00edvne vzdel\u00e1vanie<\/strong>&nbsp;\u2013 z psychologick\u00e9ho h\u013eadiska ide o z\u00e1\u0165a\u017eov\u00fa situ\u00e1ciu, ktor\u00e1 m\u00f4\u017ee vies\u0165 k zv\u00fd\u0161en\u00e9mu stresu, \u00fazkosti, depres\u00edvnym pr\u00edznakom a u niektor\u00fdch \u013eud\u00ed aj k&nbsp;traume \u2013 vysvet\u013euje psychologi\u010dka Mgr. Marta Dobrowolska Kulanov\u00e1, PhD., z Katedry pedagogickej psychol\u00f3gie a psychol\u00f3gie zdravia Filozofickej fakulty UPJ\u0160 v Ko\u0161iciach; EastMag.sk<br><a href=\"https:\/\/eastmag.sk\/2026\/01\/30\/sexualne-obtazovanie-na-pracovisku-zazila-na-slovensku-kazda-druha-zena-pomoct-moze-samohodnotenie-firiem-a-preventivne-vzdelavanie\/\" target=\"_blank\" rel=\"noreferrer noopener\">https:\/\/eastmag.sk\/2026\/01\/30\/sexualne-obtazovanie-na-pracovisku-zazila-na-slovensku-kazda-druha-zena-pomoct-moze-samohodnotenie-firiem-a-preventivne-vzdelavanie\/<\/a><\/p>\n\n\n\n<p><strong>28. 1. 2026<\/strong><br><strong>Du\u0161evn\u00e9 zdravie ko\u0161ick\u00fdch \u0161kol\u00e1kov<\/strong>&nbsp;\u2013 k&nbsp;v\u00fdsledkom prieskumu du\u0161evn\u00e9ho zdravia v&nbsp;ko\u0161ick\u00fdch z\u00e1kladn\u00fdch \u0161kol\u00e1ch, ktor\u00fd realizovala Filozofick\u00e1 fakulta UPJ\u0160 v&nbsp;Ko\u0161iciach, sa pre R\u00e1dio Ko\u0161ice vyjadrili doc. Mgr. M\u00e1ria Ba\u010d\u00edkov\u00e1, PhD., Mgr. Lucia Barbierik, PhD., a&nbsp;PhDr. Anna Janovsk\u00e1, PhD., z Katedry pedagogickej psychol\u00f3gie a psychol\u00f3gie zdravia FF UPJ\u0160; R\u00e1dio Ko\u0161ice<br><a href=\"https:\/\/www.radiokosice.sk\/tema-28-1-dusevne-zdravie-kosickych-skolakov\" target=\"_blank\" rel=\"noreferrer noopener\">https:\/\/www.radiokosice.sk\/tema-28-1-dusevne-zdravie-kosickych-skolakov<\/a><\/p>\n\n\n\n<p><strong>28. 1. 2026<\/strong><br><strong>Kritikon:&nbsp;Na\u010do n\u00e1m je filozofia?<\/strong>&nbsp;\u2013 z\u00e1znam verejnej&nbsp;nahr\u00e1vky&nbsp;diskusnej rel\u00e1cie R\u00e1dia Dev\u00edn \u2013 o z\u00e1kladn\u00fdch ot\u00e1zkach filozofie a&nbsp;jej prepojeniach s \u010fal\u0161\u00edmi vedn\u00fdmi odbormi diskutovali ved\u00faca Katedry filozofie Filozofickej fakulty UPJ\u0160 v Ko\u0161iciach PhDr. Katar\u00edna Mayerov\u00e1, PhD., a \u010dlenovia katedry&nbsp;doc. Mgr. Adriana Jesenkov\u00e1, PhD., PhDr. Du\u0161an&nbsp;Hru\u0161ka, PhD., a&nbsp;Mgr. Martin \u0160k\u00e1ra, PhD.; R\u00e1dio Dev\u00edn (STVR)<br>\u2013&nbsp;<a href=\"https:\/\/www.stvr.sk\/radio\/archiv\/11123\/2720415\" target=\"_blank\" rel=\"noreferrer noopener\">https:\/\/www.stvr.sk\/radio\/archiv\/11123\/2720415<\/a><br>\u2013&nbsp;<a href=\"https:\/\/devin.stvr.sk\/clanky\/temy\/430557\/kritikon-na-co-nam-je-filozofia\" target=\"_blank\" rel=\"noreferrer noopener\">https:\/\/devin.stvr.sk\/clanky\/temy\/430557\/kritikon-na-co-nam-je-filozofia<\/a><\/p>\n\n\n\n<p><strong>14. 1. 2026<\/strong><br><strong>Regina: Ako sa zmenili rozpr\u00e1vky od \u010dias Dob\u0161insk\u00e9ho?<\/strong>&nbsp;\u2013 hostkou TV magaz\u00ednu o&nbsp;\u017eivote v&nbsp;regi\u00f3noch bola liter\u00e1rna vedky\u0148a doc. Mgr. Mark\u00e9ta Andri\u010d\u00edkov\u00e1, PhD., z&nbsp;Katedry slovakistiky, slovansk\u00fdch filol\u00f3gi\u00ed a komunik\u00e1cie Filozofickej fakulty UPJ\u0160 v&nbsp;Ko\u0161iciach; Dvojka (STVR)<br><a href=\"https:\/\/www.stvr.sk\/televizia\/archiv\/14356\/575738#2195\" target=\"_blank\" rel=\"noreferrer noopener\">https:\/\/www.stvr.sk\/televizia\/archiv\/14356\/575738#2195<\/a><\/p>\n\n\n\n<p><strong>2. 1. 2026<\/strong><br><strong>PARNAS | John Milton: Straten\u00fd raj<\/strong>&nbsp;\u2013 jedno z najv\u00fdznamnej\u0161\u00edch diel svetovej barokovej literat\u00fary, alegorick\u00fd obraz sveta o ceste za poznan\u00edm a&nbsp;sp\u00e1sou, ktor\u00fd zobrazuje z\u00e1pas dobra so zlom, prelo\u017eil do sloven\u010diny prof. PhDr. Mari\u00e1n Andri\u010d\u00edk, PhD., prodekan Filozofickej fakulty UPJ\u0160 v Ko\u0161iciach \u2013 na po\u010des\u0165 storo\u010dnice rozhlasov\u00e9ho vysielania na Slovensku zaznie cel\u00e1 tril\u00f3gia Johna Miltona: biblick\u00fd epos Straten\u00fd raj, miniepos Vr\u00e1ten\u00fd raj a trag\u00e9dia Samson bojovn\u00edk; R\u00e1dio Dev\u00edn (STVR)<br><a href=\"https:\/\/devin.stvr.sk\/clanky\/literatura\/427382\/parnas-john-milton-strateny-raj\" target=\"_blank\" rel=\"noreferrer noopener\">https:\/\/devin.stvr.sk\/clanky\/literatura\/427382\/parnas-john-milton-strateny-raj<\/a><\/p>\n","protected":false},"excerpt":{"rendered":"<p>25. 4. 2026V ko\u0161ickej botanickej z\u00e1hrade zasadili lipu \u017diveny A. Heribanov\u00e1 a M. V\u00e1\u0161\u00e1ryov\u00e1\u00a0\u2013 v\u00a0r\u00e1mci sprievodn\u00e9ho programu spolku slovensk\u00fdch \u017eien \u017divena v Ko\u0161iciach predn\u00e1\u0161ala \u010destn\u00e1 predsedn\u00ed\u010dka \u017diveny Magda V\u00e1\u0161\u00e1ryov\u00e1 \u0161tudentom Filozofickej fakulty UPJ\u0160 na t\u00e9mu \u201eSpolkov\u00e1 \u010dinnos\u0165 \u017eien \u2013 podpora solidarity, koh\u00e9zie a aktivizmu v\u00a0spolo\u010dnosti\u201c\u2013 Tla\u010dov\u00e1 agent\u00fara Slovenskej republiky (TASR):https:\/\/www.tasr.sk\/tasr-clanok\/TASR:2026042500000176\u2013 Teraz.sk:https:\/\/www.teraz.sk\/regiony\/v-kosickej-botanickej-zahrade-zasadili\/958149-clanok.html\u2013 Regi\u00f3ny.sk:https:\/\/kosice.zoznam.sk\/v-kosickej-botanickej-zahrade-zasadili-lipu-ziveny-alena-heribanova-a-magda-vasaryova\u2013 Slovensk\u00fd syndik\u00e1t novin\u00e1rov:https:\/\/www.ssn.sk\/31732\/magda-vasaryova-alena-heribanova-vysadili-v-botanickej-zahrade-upjs-v-kosiciach-strom-symbolizujuci-spolok-zivena\/ &hellip; <a href=\"https:\/\/www.upjs.sk\/filozoficka-fakulta\/info-pre-verejnost-a-media\/ff-v-mediach\/\">\u010c\u00edta\u0165 \u010falej<\/a><\/p>\n","protected":false},"author":21,"featured_media":0,"parent":16533,"menu_order":5,"comment_status":"closed","ping_status":"closed","template":"","meta":{"_acf_changed":false,"_editorskit_title_hidden":false,"_editorskit_reading_time":0,"_editorskit_is_block_options_detached":false,"_editorskit_block_options_position":"{}","footnotes":""},"categories":[],"tags":[],"class_list":["post-48392","page","type-page","status-publish","hentry"],"acf":{"acf_link_na_externy_obsah":""},"yoast_head":"<!-- This site is optimized with the Yoast SEO plugin v27.4 - https:\/\/yoast.com\/product\/yoast-seo-wordpress\/ -->\n<title>Fakulta v m\u00e9di\u00e1ch 2026 - Filozofick\u00e1 fakulta | UPJ\u0160<\/title>\n<meta name=\"robots\" content=\"index, follow, max-snippet:-1, max-image-preview:large, max-video-preview:-1\" \/>\n<link rel=\"canonical\" href=\"https:\/\/www.upjs.sk\/filozoficka-fakulta\/info-pre-verejnost-a-media\/ff-v-mediach\/\" \/>\n<meta property=\"og:locale\" content=\"sk_SK\" \/>\n<meta property=\"og:type\" content=\"article\" \/>\n<meta property=\"og:title\" content=\"Fakulta v m\u00e9di\u00e1ch 2026 - Filozofick\u00e1 fakulta | UPJ\u0160\" \/>\n<meta property=\"og:description\" content=\"25. 4. 2026V ko\u0161ickej botanickej z\u00e1hrade zasadili lipu \u017diveny A. Heribanov\u00e1 a M. V\u00e1\u0161\u00e1ryov\u00e1\u00a0\u2013 v\u00a0r\u00e1mci sprievodn\u00e9ho programu spolku slovensk\u00fdch \u017eien \u017divena v Ko\u0161iciach predn\u00e1\u0161ala \u010destn\u00e1 predsedn\u00ed\u010dka \u017diveny Magda V\u00e1\u0161\u00e1ryov\u00e1 \u0161tudentom Filozofickej fakulty UPJ\u0160 na t\u00e9mu \u201eSpolkov\u00e1 \u010dinnos\u0165 \u017eien \u2013 podpora solidarity, koh\u00e9zie a aktivizmu v\u00a0spolo\u010dnosti\u201c\u2013 Tla\u010dov\u00e1 agent\u00fara Slovenskej republiky (TASR):https:\/\/www.tasr.sk\/tasr-clanok\/TASR:2026042500000176\u2013 Teraz.sk:https:\/\/www.teraz.sk\/regiony\/v-kosickej-botanickej-zahrade-zasadili\/958149-clanok.html\u2013 Regi\u00f3ny.sk:https:\/\/kosice.zoznam.sk\/v-kosickej-botanickej-zahrade-zasadili-lipu-ziveny-alena-heribanova-a-magda-vasaryova\u2013 Slovensk\u00fd syndik\u00e1t novin\u00e1rov:https:\/\/www.ssn.sk\/31732\/magda-vasaryova-alena-heribanova-vysadili-v-botanickej-zahrade-upjs-v-kosiciach-strom-symbolizujuci-spolok-zivena\/ &hellip; \u010c\u00edta\u0165 \u010falej\" \/>\n<meta property=\"og:url\" content=\"https:\/\/www.upjs.sk\/filozoficka-fakulta\/info-pre-verejnost-a-media\/ff-v-mediach\/\" \/>\n<meta property=\"og:site_name\" content=\"Filozofick\u00e1 fakulta | UPJ\u0160\" \/>\n<meta property=\"article:modified_time\" content=\"2026-04-27T06:18:30+00:00\" \/>\n<meta name=\"twitter:card\" content=\"summary_large_image\" \/>\n<meta name=\"twitter:label1\" content=\"Predpokladan\u00fd \u010das \u010d\u00edtania\" \/>\n\t<meta name=\"twitter:data1\" content=\"12 min\u00fat\" \/>\n<script type=\"application\/ld+json\" class=\"yoast-schema-graph\">{\"@context\":\"https:\\\/\\\/schema.org\",\"@graph\":[{\"@type\":\"WebPage\",\"@id\":\"https:\\\/\\\/www.upjs.sk\\\/filozoficka-fakulta\\\/info-pre-verejnost-a-media\\\/ff-v-mediach\\\/\",\"url\":\"https:\\\/\\\/www.upjs.sk\\\/filozoficka-fakulta\\\/info-pre-verejnost-a-media\\\/ff-v-mediach\\\/\",\"name\":\"Fakulta v m\u00e9di\u00e1ch 2026 - Filozofick\u00e1 fakulta | UPJ\u0160\",\"isPartOf\":{\"@id\":\"https:\\\/\\\/www.upjs.sk\\\/filozoficka-fakulta\\\/#website\"},\"datePublished\":\"2024-01-24T07:20:59+00:00\",\"dateModified\":\"2026-04-27T06:18:30+00:00\",\"breadcrumb\":{\"@id\":\"https:\\\/\\\/www.upjs.sk\\\/filozoficka-fakulta\\\/info-pre-verejnost-a-media\\\/ff-v-mediach\\\/#breadcrumb\"},\"inLanguage\":\"sk-SK\",\"potentialAction\":[{\"@type\":\"ReadAction\",\"target\":[\"https:\\\/\\\/www.upjs.sk\\\/filozoficka-fakulta\\\/info-pre-verejnost-a-media\\\/ff-v-mediach\\\/\"]}]},{\"@type\":\"BreadcrumbList\",\"@id\":\"https:\\\/\\\/www.upjs.sk\\\/filozoficka-fakulta\\\/info-pre-verejnost-a-media\\\/ff-v-mediach\\\/#breadcrumb\",\"itemListElement\":[{\"@type\":\"ListItem\",\"position\":1,\"name\":\"Home\",\"item\":\"https:\\\/\\\/www.upjs.sk\\\/filozoficka-fakulta\\\/\"},{\"@type\":\"ListItem\",\"position\":2,\"name\":\"Inform\u00e1cie pre verejnos\u0165 a m\u00e9di\u00e1\",\"item\":\"https:\\\/\\\/www.upjs.sk\\\/filozoficka-fakulta\\\/info-pre-verejnost-a-media\\\/\"},{\"@type\":\"ListItem\",\"position\":3,\"name\":\"Fakulta v m\u00e9di\u00e1ch 2026\"}]},{\"@type\":\"WebSite\",\"@id\":\"https:\\\/\\\/www.upjs.sk\\\/filozoficka-fakulta\\\/#website\",\"url\":\"https:\\\/\\\/www.upjs.sk\\\/filozoficka-fakulta\\\/\",\"name\":\"Filozofick\u00e1 fakulta | UPJ\u0160\",\"description\":\"\",\"publisher\":{\"@id\":\"https:\\\/\\\/www.upjs.sk\\\/filozoficka-fakulta\\\/#organization\"},\"potentialAction\":[{\"@type\":\"SearchAction\",\"target\":{\"@type\":\"EntryPoint\",\"urlTemplate\":\"https:\\\/\\\/www.upjs.sk\\\/filozoficka-fakulta\\\/?s={search_term_string}\"},\"query-input\":{\"@type\":\"PropertyValueSpecification\",\"valueRequired\":true,\"valueName\":\"search_term_string\"}}],\"inLanguage\":\"sk-SK\"},{\"@type\":\"Organization\",\"@id\":\"https:\\\/\\\/www.upjs.sk\\\/filozoficka-fakulta\\\/#organization\",\"name\":\"Filozofick\u00e1 fakulta | UPJ\u0160\",\"url\":\"https:\\\/\\\/www.upjs.sk\\\/filozoficka-fakulta\\\/\",\"logo\":{\"@type\":\"ImageObject\",\"inLanguage\":\"sk-SK\",\"@id\":\"https:\\\/\\\/www.upjs.sk\\\/filozoficka-fakulta\\\/#\\\/schema\\\/logo\\\/image\\\/\",\"url\":\"https:\\\/\\\/www.upjs.sk\\\/app\\\/uploads\\\/sites\\\/7\\\/2022\\\/09\\\/logo-filozoficka-fakulta.png\",\"contentUrl\":\"https:\\\/\\\/www.upjs.sk\\\/app\\\/uploads\\\/sites\\\/7\\\/2022\\\/09\\\/logo-filozoficka-fakulta.png\",\"width\":415,\"height\":87,\"caption\":\"Filozofick\u00e1 fakulta | UPJ\u0160\"},\"image\":{\"@id\":\"https:\\\/\\\/www.upjs.sk\\\/filozoficka-fakulta\\\/#\\\/schema\\\/logo\\\/image\\\/\"}}]}<\/script>\n<!-- \/ Yoast SEO plugin. -->","yoast_head_json":{"title":"Fakulta v m\u00e9di\u00e1ch 2026 - Filozofick\u00e1 fakulta | UPJ\u0160","robots":{"index":"index","follow":"follow","max-snippet":"max-snippet:-1","max-image-preview":"max-image-preview:large","max-video-preview":"max-video-preview:-1"},"canonical":"https:\/\/www.upjs.sk\/filozoficka-fakulta\/info-pre-verejnost-a-media\/ff-v-mediach\/","og_locale":"sk_SK","og_type":"article","og_title":"Fakulta v m\u00e9di\u00e1ch 2026 - Filozofick\u00e1 fakulta | UPJ\u0160","og_description":"25. 4. 2026V ko\u0161ickej botanickej z\u00e1hrade zasadili lipu \u017diveny A. Heribanov\u00e1 a M. V\u00e1\u0161\u00e1ryov\u00e1\u00a0\u2013 v\u00a0r\u00e1mci sprievodn\u00e9ho programu spolku slovensk\u00fdch \u017eien \u017divena v Ko\u0161iciach predn\u00e1\u0161ala \u010destn\u00e1 predsedn\u00ed\u010dka \u017diveny Magda V\u00e1\u0161\u00e1ryov\u00e1 \u0161tudentom Filozofickej fakulty UPJ\u0160 na t\u00e9mu \u201eSpolkov\u00e1 \u010dinnos\u0165 \u017eien \u2013 podpora solidarity, koh\u00e9zie a aktivizmu v\u00a0spolo\u010dnosti\u201c\u2013 Tla\u010dov\u00e1 agent\u00fara Slovenskej republiky (TASR):https:\/\/www.tasr.sk\/tasr-clanok\/TASR:2026042500000176\u2013 Teraz.sk:https:\/\/www.teraz.sk\/regiony\/v-kosickej-botanickej-zahrade-zasadili\/958149-clanok.html\u2013 Regi\u00f3ny.sk:https:\/\/kosice.zoznam.sk\/v-kosickej-botanickej-zahrade-zasadili-lipu-ziveny-alena-heribanova-a-magda-vasaryova\u2013 Slovensk\u00fd syndik\u00e1t novin\u00e1rov:https:\/\/www.ssn.sk\/31732\/magda-vasaryova-alena-heribanova-vysadili-v-botanickej-zahrade-upjs-v-kosiciach-strom-symbolizujuci-spolok-zivena\/ &hellip; \u010c\u00edta\u0165 \u010falej","og_url":"https:\/\/www.upjs.sk\/filozoficka-fakulta\/info-pre-verejnost-a-media\/ff-v-mediach\/","og_site_name":"Filozofick\u00e1 fakulta | UPJ\u0160","article_modified_time":"2026-04-27T06:18:30+00:00","twitter_card":"summary_large_image","twitter_misc":{"Predpokladan\u00fd \u010das \u010d\u00edtania":"12 min\u00fat"},"schema":{"@context":"https:\/\/schema.org","@graph":[{"@type":"WebPage","@id":"https:\/\/www.upjs.sk\/filozoficka-fakulta\/info-pre-verejnost-a-media\/ff-v-mediach\/","url":"https:\/\/www.upjs.sk\/filozoficka-fakulta\/info-pre-verejnost-a-media\/ff-v-mediach\/","name":"Fakulta v m\u00e9di\u00e1ch 2026 - Filozofick\u00e1 fakulta | UPJ\u0160","isPartOf":{"@id":"https:\/\/www.upjs.sk\/filozoficka-fakulta\/#website"},"datePublished":"2024-01-24T07:20:59+00:00","dateModified":"2026-04-27T06:18:30+00:00","breadcrumb":{"@id":"https:\/\/www.upjs.sk\/filozoficka-fakulta\/info-pre-verejnost-a-media\/ff-v-mediach\/#breadcrumb"},"inLanguage":"sk-SK","potentialAction":[{"@type":"ReadAction","target":["https:\/\/www.upjs.sk\/filozoficka-fakulta\/info-pre-verejnost-a-media\/ff-v-mediach\/"]}]},{"@type":"BreadcrumbList","@id":"https:\/\/www.upjs.sk\/filozoficka-fakulta\/info-pre-verejnost-a-media\/ff-v-mediach\/#breadcrumb","itemListElement":[{"@type":"ListItem","position":1,"name":"Home","item":"https:\/\/www.upjs.sk\/filozoficka-fakulta\/"},{"@type":"ListItem","position":2,"name":"Inform\u00e1cie pre verejnos\u0165 a m\u00e9di\u00e1","item":"https:\/\/www.upjs.sk\/filozoficka-fakulta\/info-pre-verejnost-a-media\/"},{"@type":"ListItem","position":3,"name":"Fakulta v m\u00e9di\u00e1ch 2026"}]},{"@type":"WebSite","@id":"https:\/\/www.upjs.sk\/filozoficka-fakulta\/#website","url":"https:\/\/www.upjs.sk\/filozoficka-fakulta\/","name":"Filozofick\u00e1 fakulta | UPJ\u0160","description":"","publisher":{"@id":"https:\/\/www.upjs.sk\/filozoficka-fakulta\/#organization"},"potentialAction":[{"@type":"SearchAction","target":{"@type":"EntryPoint","urlTemplate":"https:\/\/www.upjs.sk\/filozoficka-fakulta\/?s={search_term_string}"},"query-input":{"@type":"PropertyValueSpecification","valueRequired":true,"valueName":"search_term_string"}}],"inLanguage":"sk-SK"},{"@type":"Organization","@id":"https:\/\/www.upjs.sk\/filozoficka-fakulta\/#organization","name":"Filozofick\u00e1 fakulta | UPJ\u0160","url":"https:\/\/www.upjs.sk\/filozoficka-fakulta\/","logo":{"@type":"ImageObject","inLanguage":"sk-SK","@id":"https:\/\/www.upjs.sk\/filozoficka-fakulta\/#\/schema\/logo\/image\/","url":"https:\/\/www.upjs.sk\/app\/uploads\/sites\/7\/2022\/09\/logo-filozoficka-fakulta.png","contentUrl":"https:\/\/www.upjs.sk\/app\/uploads\/sites\/7\/2022\/09\/logo-filozoficka-fakulta.png","width":415,"height":87,"caption":"Filozofick\u00e1 fakulta | UPJ\u0160"},"image":{"@id":"https:\/\/www.upjs.sk\/filozoficka-fakulta\/#\/schema\/logo\/image\/"}}]}},"_links":{"self":[{"href":"https:\/\/www.upjs.sk\/filozoficka-fakulta\/wp-json\/wp\/v2\/pages\/48392","targetHints":{"allow":["GET"]}}],"collection":[{"href":"https:\/\/www.upjs.sk\/filozoficka-fakulta\/wp-json\/wp\/v2\/pages"}],"about":[{"href":"https:\/\/www.upjs.sk\/filozoficka-fakulta\/wp-json\/wp\/v2\/types\/page"}],"author":[{"embeddable":true,"href":"https:\/\/www.upjs.sk\/filozoficka-fakulta\/wp-json\/wp\/v2\/users\/21"}],"replies":[{"embeddable":true,"href":"https:\/\/www.upjs.sk\/filozoficka-fakulta\/wp-json\/wp\/v2\/comments?post=48392"}],"version-history":[{"count":19,"href":"https:\/\/www.upjs.sk\/filozoficka-fakulta\/wp-json\/wp\/v2\/pages\/48392\/revisions"}],"predecessor-version":[{"id":59796,"href":"https:\/\/www.upjs.sk\/filozoficka-fakulta\/wp-json\/wp\/v2\/pages\/48392\/revisions\/59796"}],"up":[{"embeddable":true,"href":"https:\/\/www.upjs.sk\/filozoficka-fakulta\/wp-json\/wp\/v2\/pages\/16533"}],"wp:attachment":[{"href":"https:\/\/www.upjs.sk\/filozoficka-fakulta\/wp-json\/wp\/v2\/media?parent=48392"}],"wp:term":[{"taxonomy":"category","embeddable":true,"href":"https:\/\/www.upjs.sk\/filozoficka-fakulta\/wp-json\/wp\/v2\/categories?post=48392"},{"taxonomy":"post_tag","embeddable":true,"href":"https:\/\/www.upjs.sk\/filozoficka-fakulta\/wp-json\/wp\/v2\/tags?post=48392"}],"curies":[{"name":"wp","href":"https:\/\/api.w.org\/{rel}","templated":true}]}}