{"id":162587,"date":"2026-09-01T08:41:43","date_gmt":"2026-09-01T07:41:43","guid":{"rendered":"https:\/\/www.upjs.sk\/lekarska-fakulta\/?post_type=cpt_aktuality&#038;p=162587"},"modified":"2026-09-01T08:44:35","modified_gmt":"2026-09-01T07:44:35","slug":"opening-ceremony-of-the-2026-2027-academic-year","status":"publish","type":"cpt_aktuality","link":"https:\/\/www.upjs.sk\/lekarska-fakulta\/en\/actuality\/opening-ceremony-of-the-2026-2027-academic-year\/","title":{"rendered":"Opening Ceremony of the 2026\/2027 Academic Year"},"content":{"rendered":"<style>.wp-block-kadence-advancedheading.kt-adv-heading162587_bad53a-4f_0, .wp-block-kadence-advancedheading.kt-adv-heading162587_bad53a-4f_0[data-kb-block=\"kb-adv-heading162587_bad53a-4f_0\"]{font-style:normal;}.wp-block-kadence-advancedheading.kt-adv-heading162587_bad53a-4f_0 mark.kt-highlight, .wp-block-kadence-advancedheading.kt-adv-heading162587_bad53a-4f_0[data-kb-block=\"kb-adv-heading162587_bad53a-4f_0\"] mark.kt-highlight{font-style:normal;color:#f76a0c;-webkit-box-decoration-break:clone;box-decoration-break:clone;padding-top:0px;padding-right:0px;padding-bottom:0px;padding-left:0px;}.wp-block-kadence-advancedheading.kt-adv-heading162587_bad53a-4f_0 img.kb-inline-image, .wp-block-kadence-advancedheading.kt-adv-heading162587_bad53a-4f_0[data-kb-block=\"kb-adv-heading162587_bad53a-4f_0\"] img.kb-inline-image{width:150px;vertical-align:baseline;}<\/style>\n<p class=\"kt-adv-heading162587_bad53a-4f_0 wp-block-kadence-advancedheading\" data-kb-block=\"kb-adv-heading162587_bad53a-4f_0\">The Faculty of Medicine of Pavol Jozef \u0160af\u00e1rik University in Ko\u0161ice invites students, teachers, and faculty staff to <strong>the Opening Ceremony of the 2026\/2027 Academic Year<\/strong>, which will take place <strong>on Wednesday, September 16, 2026, at 10:30 a.m. in the Assembly Hall of the Faculty of Medicine at Trieda SNP 1<\/strong>.<\/p>\n\n\n<style>.wp-block-kadence-advancedheading.kt-adv-heading162587_bad53a-4f_1, .wp-block-kadence-advancedheading.kt-adv-heading162587_bad53a-4f_1[data-kb-block=\"kb-adv-heading162587_bad53a-4f_1\"]{font-style:normal;}.wp-block-kadence-advancedheading.kt-adv-heading162587_bad53a-4f_1 mark.kt-highlight, .wp-block-kadence-advancedheading.kt-adv-heading162587_bad53a-4f_1[data-kb-block=\"kb-adv-heading162587_bad53a-4f_1\"] mark.kt-highlight{font-style:normal;color:#f76a0c;-webkit-box-decoration-break:clone;box-decoration-break:clone;padding-top:0px;padding-right:0px;padding-bottom:0px;padding-left:0px;}.wp-block-kadence-advancedheading.kt-adv-heading162587_bad53a-4f_1 img.kb-inline-image, .wp-block-kadence-advancedheading.kt-adv-heading162587_bad53a-4f_1[data-kb-block=\"kb-adv-heading162587_bad53a-4f_1\"] img.kb-inline-image{width:150px;vertical-align:baseline;}<\/style>\n<p class=\"kt-adv-heading162587_bad53a-4f_1 wp-block-kadence-advancedheading\" data-kb-block=\"kb-adv-heading162587_bad53a-4f_1\">The event is traditionally an opportunity for the academic community to come together, reflect on the achievements of the past period, and discuss the plans and challenges that lie ahead in the new academic year.<\/p>\n\n\n<style>.wp-block-kadence-advancedheading.kt-adv-heading162587_bad53a-4f_2, .wp-block-kadence-advancedheading.kt-adv-heading162587_bad53a-4f_2[data-kb-block=\"kb-adv-heading162587_bad53a-4f_2\"]{font-style:normal;}.wp-block-kadence-advancedheading.kt-adv-heading162587_bad53a-4f_2 mark.kt-highlight, .wp-block-kadence-advancedheading.kt-adv-heading162587_bad53a-4f_2[data-kb-block=\"kb-adv-heading162587_bad53a-4f_2\"] mark.kt-highlight{font-style:normal;color:#f76a0c;-webkit-box-decoration-break:clone;box-decoration-break:clone;padding-top:0px;padding-right:0px;padding-bottom:0px;padding-left:0px;}.wp-block-kadence-advancedheading.kt-adv-heading162587_bad53a-4f_2 img.kb-inline-image, .wp-block-kadence-advancedheading.kt-adv-heading162587_bad53a-4f_2[data-kb-block=\"kb-adv-heading162587_bad53a-4f_2\"] img.kb-inline-image{width:150px;vertical-align:baseline;}<\/style>\n<p class=\"kt-adv-heading162587_bad53a-4f_2 wp-block-kadence-advancedheading\" data-kb-block=\"kb-adv-heading162587_bad53a-4f_2\"><\/p>\n\n\n<style>.wp-block-kadence-advancedheading.kt-adv-heading162587_bad53a-4f_3, .wp-block-kadence-advancedheading.kt-adv-heading162587_bad53a-4f_3[data-kb-block=\"kb-adv-heading162587_bad53a-4f_3\"]{font-style:normal;}.wp-block-kadence-advancedheading.kt-adv-heading162587_bad53a-4f_3 mark.kt-highlight, .wp-block-kadence-advancedheading.kt-adv-heading162587_bad53a-4f_3[data-kb-block=\"kb-adv-heading162587_bad53a-4f_3\"] mark.kt-highlight{font-style:normal;color:#f76a0c;-webkit-box-decoration-break:clone;box-decoration-break:clone;padding-top:0px;padding-right:0px;padding-bottom:0px;padding-left:0px;}.wp-block-kadence-advancedheading.kt-adv-heading162587_bad53a-4f_3 img.kb-inline-image, .wp-block-kadence-advancedheading.kt-adv-heading162587_bad53a-4f_3[data-kb-block=\"kb-adv-heading162587_bad53a-4f_3\"] img.kb-inline-image{width:150px;vertical-align:baseline;}<\/style>\n<p class=\"kt-adv-heading162587_bad53a-4f_3 wp-block-kadence-advancedheading\" data-kb-block=\"kb-adv-heading162587_bad53a-4f_3\">The ceremony will begin with an address by the Rector of Pavol Jozef \u0160af\u00e1rik University in Ko\u0161ice. The programme will also include the introduction of newly appointed professors, associate professors, and holders of other academic qualifications, as well as the presentation of the Rector\u2019s Awards in various categories. The programme will be complemented by a performance by the university choir Chorus Universitatis \u0160afarikianae.<\/p>\n\n\n<style>.wp-block-kadence-advancedheading.kt-adv-heading162587_bad53a-4f_4, .wp-block-kadence-advancedheading.kt-adv-heading162587_bad53a-4f_4[data-kb-block=\"kb-adv-heading162587_bad53a-4f_4\"]{font-style:normal;}.wp-block-kadence-advancedheading.kt-adv-heading162587_bad53a-4f_4 mark.kt-highlight, .wp-block-kadence-advancedheading.kt-adv-heading162587_bad53a-4f_4[data-kb-block=\"kb-adv-heading162587_bad53a-4f_4\"] mark.kt-highlight{font-style:normal;color:#f76a0c;-webkit-box-decoration-break:clone;box-decoration-break:clone;padding-top:0px;padding-right:0px;padding-bottom:0px;padding-left:0px;}.wp-block-kadence-advancedheading.kt-adv-heading162587_bad53a-4f_4 img.kb-inline-image, .wp-block-kadence-advancedheading.kt-adv-heading162587_bad53a-4f_4[data-kb-block=\"kb-adv-heading162587_bad53a-4f_4\"] img.kb-inline-image{width:150px;vertical-align:baseline;}<\/style>\n<p class=\"kt-adv-heading162587_bad53a-4f_4 wp-block-kadence-advancedheading\" data-kb-block=\"kb-adv-heading162587_bad53a-4f_4\">The beginning of a new academic year is not only an opportunity to come together, but also a chance to find inspiration and motivation for the months ahead. We hope that the new academic year will bring students, teachers, and other faculty staff many successes, new opportunities, and inspiring experiences in their studies, teaching, and research.<\/p>\n\n\n<style>.wp-block-kadence-advancedheading.kt-adv-heading162587_bad53a-4f_5, .wp-block-kadence-advancedheading.kt-adv-heading162587_bad53a-4f_5[data-kb-block=\"kb-adv-heading162587_bad53a-4f_5\"]{font-style:normal;}.wp-block-kadence-advancedheading.kt-adv-heading162587_bad53a-4f_5 mark.kt-highlight, .wp-block-kadence-advancedheading.kt-adv-heading162587_bad53a-4f_5[data-kb-block=\"kb-adv-heading162587_bad53a-4f_5\"] mark.kt-highlight{font-style:normal;color:#f76a0c;-webkit-box-decoration-break:clone;box-decoration-break:clone;padding-top:0px;padding-right:0px;padding-bottom:0px;padding-left:0px;}.wp-block-kadence-advancedheading.kt-adv-heading162587_bad53a-4f_5 img.kb-inline-image, .wp-block-kadence-advancedheading.kt-adv-heading162587_bad53a-4f_5[data-kb-block=\"kb-adv-heading162587_bad53a-4f_5\"] img.kb-inline-image{width:150px;vertical-align:baseline;}<\/style>\n<p class=\"kt-adv-heading162587_bad53a-4f_5 wp-block-kadence-advancedheading\" data-kb-block=\"kb-adv-heading162587_bad53a-4f_5\"><strong>Please note: In connection with the event, classes will be suspended from 10:00 a.m. to 1:00 p.m.<\/strong><\/p>\n\n\n<style>.wp-block-kadence-advancedheading.kt-adv-heading162587_1e30df-77, .wp-block-kadence-advancedheading.kt-adv-heading162587_1e30df-77[data-kb-block=\"kb-adv-heading162587_1e30df-77\"]{font-style:normal;}.wp-block-kadence-advancedheading.kt-adv-heading162587_1e30df-77 mark.kt-highlight, .wp-block-kadence-advancedheading.kt-adv-heading162587_1e30df-77[data-kb-block=\"kb-adv-heading162587_1e30df-77\"] mark.kt-highlight{font-style:normal;color:#f76a0c;-webkit-box-decoration-break:clone;box-decoration-break:clone;padding-top:0px;padding-right:0px;padding-bottom:0px;padding-left:0px;}.wp-block-kadence-advancedheading.kt-adv-heading162587_1e30df-77 img.kb-inline-image, .wp-block-kadence-advancedheading.kt-adv-heading162587_1e30df-77[data-kb-block=\"kb-adv-heading162587_1e30df-77\"] img.kb-inline-image{width:150px;vertical-align:baseline;}<\/style>\n<p class=\"kt-adv-heading162587_1e30df-77 wp-block-kadence-advancedheading\" data-kb-block=\"kb-adv-heading162587_1e30df-77\"><\/p>\n\n\n\n<figure class=\"wp-block-image aligncenter size-large is-resized\"><img loading=\"lazy\" decoding=\"async\" width=\"1080\" height=\"1350\" src=\"https:\/\/www.upjs.sk\/app\/uploads\/sites\/9\/2026\/09\/789594912_1092295476807525_1259971513781260888_n.jpg\" alt=\"\" class=\"wp-image-162588\" style=\"aspect-ratio:0.7998061859000243;width:647px;height:auto\" srcset=\"https:\/\/www.upjs.sk\/app\/uploads\/sites\/9\/2026\/09\/789594912_1092295476807525_1259971513781260888_n.jpg 1080w, https:\/\/www.upjs.sk\/app\/uploads\/sites\/9\/2026\/09\/789594912_1092295476807525_1259971513781260888_n-768x960.jpg 768w, https:\/\/www.upjs.sk\/app\/uploads\/sites\/9\/2026\/09\/789594912_1092295476807525_1259971513781260888_n-240x300.jpg 240w, https:\/\/www.upjs.sk\/app\/uploads\/sites\/9\/2026\/09\/789594912_1092295476807525_1259971513781260888_n-819x1024.jpg 819w\" sizes=\"auto, (max-width: 1080px) 100vw, 1080px\" \/><\/figure>\n","protected":false},"excerpt":{"rendered":"<p>The Faculty of Medicine of Pavol Jozef \u0160af\u00e1rik University in Ko\u0161ice invites students, teachers, and faculty staff to the Opening Ceremony of the 2026\/2027 Academic Year, which will take place on Wednesday, September 16, 2026, at 10:30 a.m. in the Assembly Hall of the Faculty of Medicine at Trieda SNP 1. The event is traditionally &hellip; <a href=\"https:\/\/www.upjs.sk\/lekarska-fakulta\/en\/actuality\/opening-ceremony-of-the-2026-2027-academic-year\/\">Continued<\/a><\/p>\n","protected":false},"author":97,"featured_media":162585,"template":"","meta":{"_acf_changed":false,"footnotes":""},"categories":[],"tags":[],"tax_aktuality":[],"class_list":["post-162587","cpt_aktuality","type-cpt_aktuality","status-publish","has-post-thumbnail","hentry"],"acf":{"acf_link_na_externy_obsah":"","poradie_clanku":""},"yoast_head":"<!-- This site is optimized with the Yoast SEO plugin v28.3 - https:\/\/yoast.com\/product\/yoast-seo-wordpress\/ -->\n<title>Opening Ceremony of the 2026\/2027 Academic Year - Lek\u00e1rska fakulta | UPJ\u0160<\/title>\n<meta name=\"robots\" content=\"index, follow, max-snippet:-1, max-image-preview:large, max-video-preview:-1\" \/>\n<link rel=\"canonical\" href=\"https:\/\/www.upjs.sk\/lekarska-fakulta\/en\/actuality\/opening-ceremony-of-the-2026-2027-academic-year\/\" \/>\n<meta property=\"og:locale\" content=\"en_US\" \/>\n<meta property=\"og:type\" content=\"article\" \/>\n<meta property=\"og:title\" content=\"Opening Ceremony of the 2026\/2027 Academic Year - Lek\u00e1rska fakulta | UPJ\u0160\" \/>\n<meta property=\"og:description\" content=\"The Faculty of Medicine of Pavol Jozef \u0160af\u00e1rik University in Ko\u0161ice invites students, teachers, and faculty staff to the Opening Ceremony of the 2026\/2027 Academic Year, which will take place on Wednesday, September 16, 2026, at 10:30 a.m. in the Assembly Hall of the Faculty of Medicine at Trieda SNP 1. The event is traditionally &hellip; Continued\" \/>\n<meta property=\"og:url\" content=\"https:\/\/www.upjs.sk\/lekarska-fakulta\/en\/actuality\/opening-ceremony-of-the-2026-2027-academic-year\/\" \/>\n<meta property=\"og:site_name\" content=\"Lek\u00e1rska fakulta | UPJ\u0160\" \/>\n<meta property=\"article:modified_time\" content=\"2026-09-01T07:44:35+00:00\" \/>\n<meta property=\"og:image\" content=\"https:\/\/www.upjs.sk\/app\/uploads\/sites\/9\/2026\/09\/Slavnostne-otvorenie-AR-na-UPJS.002-scaled.jpg\" \/>\n\t<meta property=\"og:image:width\" content=\"2560\" \/>\n\t<meta property=\"og:image:height\" content=\"1603\" \/>\n\t<meta property=\"og:image:type\" content=\"image\/jpeg\" \/>\n<meta name=\"twitter:card\" content=\"summary_large_image\" \/>\n<meta name=\"twitter:label1\" content=\"Est. reading time\" \/>\n\t<meta name=\"twitter:data1\" content=\"2 minutes\" \/>\n<script type=\"application\/ld+json\" class=\"yoast-schema-graph\">{\"@context\":\"https:\\\/\\\/schema.org\",\"@graph\":[{\"@type\":\"WebPage\",\"@id\":\"https:\\\/\\\/www.upjs.sk\\\/lekarska-fakulta\\\/en\\\/actuality\\\/opening-ceremony-of-the-2026-2027-academic-year\\\/\",\"url\":\"https:\\\/\\\/www.upjs.sk\\\/lekarska-fakulta\\\/en\\\/actuality\\\/opening-ceremony-of-the-2026-2027-academic-year\\\/\",\"name\":\"Opening Ceremony of the 2026\\\/2027 Academic Year - Lek\u00e1rska fakulta | UPJ\u0160\",\"isPartOf\":{\"@id\":\"https:\\\/\\\/www.upjs.sk\\\/lekarska-fakulta\\\/en\\\/#website\"},\"primaryImageOfPage\":{\"@id\":\"https:\\\/\\\/www.upjs.sk\\\/lekarska-fakulta\\\/en\\\/actuality\\\/opening-ceremony-of-the-2026-2027-academic-year\\\/#primaryimage\"},\"image\":{\"@id\":\"https:\\\/\\\/www.upjs.sk\\\/lekarska-fakulta\\\/en\\\/actuality\\\/opening-ceremony-of-the-2026-2027-academic-year\\\/#primaryimage\"},\"thumbnailUrl\":\"https:\\\/\\\/www.upjs.sk\\\/app\\\/uploads\\\/sites\\\/9\\\/2026\\\/09\\\/Slavnostne-otvorenie-AR-na-UPJS.002-scaled.jpg\",\"datePublished\":\"2026-09-01T07:41:43+00:00\",\"dateModified\":\"2026-09-01T07:44:35+00:00\",\"breadcrumb\":{\"@id\":\"https:\\\/\\\/www.upjs.sk\\\/lekarska-fakulta\\\/en\\\/actuality\\\/opening-ceremony-of-the-2026-2027-academic-year\\\/#breadcrumb\"},\"inLanguage\":\"en-US\",\"potentialAction\":[{\"@type\":\"ReadAction\",\"target\":[\"https:\\\/\\\/www.upjs.sk\\\/lekarska-fakulta\\\/en\\\/actuality\\\/opening-ceremony-of-the-2026-2027-academic-year\\\/\"]}]},{\"@type\":\"ImageObject\",\"inLanguage\":\"en-US\",\"@id\":\"https:\\\/\\\/www.upjs.sk\\\/lekarska-fakulta\\\/en\\\/actuality\\\/opening-ceremony-of-the-2026-2027-academic-year\\\/#primaryimage\",\"url\":\"https:\\\/\\\/www.upjs.sk\\\/app\\\/uploads\\\/sites\\\/9\\\/2026\\\/09\\\/Slavnostne-otvorenie-AR-na-UPJS.002-scaled.jpg\",\"contentUrl\":\"https:\\\/\\\/www.upjs.sk\\\/app\\\/uploads\\\/sites\\\/9\\\/2026\\\/09\\\/Slavnostne-otvorenie-AR-na-UPJS.002-scaled.jpg\",\"width\":2560,\"height\":1603},{\"@type\":\"BreadcrumbList\",\"@id\":\"https:\\\/\\\/www.upjs.sk\\\/lekarska-fakulta\\\/en\\\/actuality\\\/opening-ceremony-of-the-2026-2027-academic-year\\\/#breadcrumb\",\"itemListElement\":[{\"@type\":\"ListItem\",\"position\":1,\"name\":\"Home\",\"item\":\"https:\\\/\\\/www.upjs.sk\\\/lekarska-fakulta\\\/en\\\/\"},{\"@type\":\"ListItem\",\"position\":2,\"name\":\"News\",\"item\":\"https:\\\/\\\/www.upjs.sk\\\/lekarska-fakulta\\\/en\\\/actuality\\\/\"},{\"@type\":\"ListItem\",\"position\":3,\"name\":\"Opening Ceremony of the 2026\\\/2027 Academic Year\"}]},{\"@type\":\"WebSite\",\"@id\":\"https:\\\/\\\/www.upjs.sk\\\/lekarska-fakulta\\\/en\\\/#website\",\"url\":\"https:\\\/\\\/www.upjs.sk\\\/lekarska-fakulta\\\/en\\\/\",\"name\":\"Lek\u00e1rska fakulta | UPJ\u0160\",\"description\":\"\",\"publisher\":{\"@id\":\"https:\\\/\\\/www.upjs.sk\\\/lekarska-fakulta\\\/en\\\/#organization\"},\"potentialAction\":[{\"@type\":\"SearchAction\",\"target\":{\"@type\":\"EntryPoint\",\"urlTemplate\":\"https:\\\/\\\/www.upjs.sk\\\/lekarska-fakulta\\\/en\\\/?s={search_term_string}\"},\"query-input\":{\"@type\":\"PropertyValueSpecification\",\"valueRequired\":true,\"valueName\":\"search_term_string\"}}],\"inLanguage\":\"en-US\"},{\"@type\":\"Organization\",\"@id\":\"https:\\\/\\\/www.upjs.sk\\\/lekarska-fakulta\\\/en\\\/#organization\",\"name\":\"Lek\u00e1rska fakulta | UPJ\u0160\",\"url\":\"https:\\\/\\\/www.upjs.sk\\\/lekarska-fakulta\\\/en\\\/\",\"logo\":{\"@type\":\"ImageObject\",\"inLanguage\":\"en-US\",\"@id\":\"https:\\\/\\\/www.upjs.sk\\\/lekarska-fakulta\\\/en\\\/#\\\/schema\\\/logo\\\/image\\\/\",\"url\":\"https:\\\/\\\/www.upjs.sk\\\/app\\\/uploads\\\/sites\\\/9\\\/2023\\\/04\\\/LF-eNG_frame.svg\",\"contentUrl\":\"https:\\\/\\\/www.upjs.sk\\\/app\\\/uploads\\\/sites\\\/9\\\/2023\\\/04\\\/LF-eNG_frame.svg\",\"width\":292,\"height\":61,\"caption\":\"Lek\u00e1rska fakulta | UPJ\u0160\"},\"image\":{\"@id\":\"https:\\\/\\\/www.upjs.sk\\\/lekarska-fakulta\\\/en\\\/#\\\/schema\\\/logo\\\/image\\\/\"}}]}<\/script>\n<!-- \/ Yoast SEO plugin. -->","yoast_head_json":{"title":"Opening Ceremony of the 2026\/2027 Academic Year - Lek\u00e1rska fakulta | UPJ\u0160","robots":{"index":"index","follow":"follow","max-snippet":"max-snippet:-1","max-image-preview":"max-image-preview:large","max-video-preview":"max-video-preview:-1"},"canonical":"https:\/\/www.upjs.sk\/lekarska-fakulta\/en\/actuality\/opening-ceremony-of-the-2026-2027-academic-year\/","og_locale":"en_US","og_type":"article","og_title":"Opening Ceremony of the 2026\/2027 Academic Year - Lek\u00e1rska fakulta | UPJ\u0160","og_description":"The Faculty of Medicine of Pavol Jozef \u0160af\u00e1rik University in Ko\u0161ice invites students, teachers, and faculty staff to the Opening Ceremony of the 2026\/2027 Academic Year, which will take place on Wednesday, September 16, 2026, at 10:30 a.m. in the Assembly Hall of the Faculty of Medicine at Trieda SNP 1. The event is traditionally &hellip; Continued","og_url":"https:\/\/www.upjs.sk\/lekarska-fakulta\/en\/actuality\/opening-ceremony-of-the-2026-2027-academic-year\/","og_site_name":"Lek\u00e1rska fakulta | UPJ\u0160","article_modified_time":"2026-09-01T07:44:35+00:00","og_image":[{"width":2560,"height":1603,"url":"https:\/\/www.upjs.sk\/app\/uploads\/sites\/9\/2026\/09\/Slavnostne-otvorenie-AR-na-UPJS.002-scaled.jpg","type":"image\/jpeg"}],"twitter_card":"summary_large_image","twitter_misc":{"Est. reading time":"2 minutes"},"schema":{"@context":"https:\/\/schema.org","@graph":[{"@type":"WebPage","@id":"https:\/\/www.upjs.sk\/lekarska-fakulta\/en\/actuality\/opening-ceremony-of-the-2026-2027-academic-year\/","url":"https:\/\/www.upjs.sk\/lekarska-fakulta\/en\/actuality\/opening-ceremony-of-the-2026-2027-academic-year\/","name":"Opening Ceremony of the 2026\/2027 Academic Year - Lek\u00e1rska fakulta | UPJ\u0160","isPartOf":{"@id":"https:\/\/www.upjs.sk\/lekarska-fakulta\/en\/#website"},"primaryImageOfPage":{"@id":"https:\/\/www.upjs.sk\/lekarska-fakulta\/en\/actuality\/opening-ceremony-of-the-2026-2027-academic-year\/#primaryimage"},"image":{"@id":"https:\/\/www.upjs.sk\/lekarska-fakulta\/en\/actuality\/opening-ceremony-of-the-2026-2027-academic-year\/#primaryimage"},"thumbnailUrl":"https:\/\/www.upjs.sk\/app\/uploads\/sites\/9\/2026\/09\/Slavnostne-otvorenie-AR-na-UPJS.002-scaled.jpg","datePublished":"2026-09-01T07:41:43+00:00","dateModified":"2026-09-01T07:44:35+00:00","breadcrumb":{"@id":"https:\/\/www.upjs.sk\/lekarska-fakulta\/en\/actuality\/opening-ceremony-of-the-2026-2027-academic-year\/#breadcrumb"},"inLanguage":"en-US","potentialAction":[{"@type":"ReadAction","target":["https:\/\/www.upjs.sk\/lekarska-fakulta\/en\/actuality\/opening-ceremony-of-the-2026-2027-academic-year\/"]}]},{"@type":"ImageObject","inLanguage":"en-US","@id":"https:\/\/www.upjs.sk\/lekarska-fakulta\/en\/actuality\/opening-ceremony-of-the-2026-2027-academic-year\/#primaryimage","url":"https:\/\/www.upjs.sk\/app\/uploads\/sites\/9\/2026\/09\/Slavnostne-otvorenie-AR-na-UPJS.002-scaled.jpg","contentUrl":"https:\/\/www.upjs.sk\/app\/uploads\/sites\/9\/2026\/09\/Slavnostne-otvorenie-AR-na-UPJS.002-scaled.jpg","width":2560,"height":1603},{"@type":"BreadcrumbList","@id":"https:\/\/www.upjs.sk\/lekarska-fakulta\/en\/actuality\/opening-ceremony-of-the-2026-2027-academic-year\/#breadcrumb","itemListElement":[{"@type":"ListItem","position":1,"name":"Home","item":"https:\/\/www.upjs.sk\/lekarska-fakulta\/en\/"},{"@type":"ListItem","position":2,"name":"News","item":"https:\/\/www.upjs.sk\/lekarska-fakulta\/en\/actuality\/"},{"@type":"ListItem","position":3,"name":"Opening Ceremony of the 2026\/2027 Academic Year"}]},{"@type":"WebSite","@id":"https:\/\/www.upjs.sk\/lekarska-fakulta\/en\/#website","url":"https:\/\/www.upjs.sk\/lekarska-fakulta\/en\/","name":"Lek\u00e1rska fakulta | UPJ\u0160","description":"","publisher":{"@id":"https:\/\/www.upjs.sk\/lekarska-fakulta\/en\/#organization"},"potentialAction":[{"@type":"SearchAction","target":{"@type":"EntryPoint","urlTemplate":"https:\/\/www.upjs.sk\/lekarska-fakulta\/en\/?s={search_term_string}"},"query-input":{"@type":"PropertyValueSpecification","valueRequired":true,"valueName":"search_term_string"}}],"inLanguage":"en-US"},{"@type":"Organization","@id":"https:\/\/www.upjs.sk\/lekarska-fakulta\/en\/#organization","name":"Lek\u00e1rska fakulta | UPJ\u0160","url":"https:\/\/www.upjs.sk\/lekarska-fakulta\/en\/","logo":{"@type":"ImageObject","inLanguage":"en-US","@id":"https:\/\/www.upjs.sk\/lekarska-fakulta\/en\/#\/schema\/logo\/image\/","url":"https:\/\/www.upjs.sk\/app\/uploads\/sites\/9\/2023\/04\/LF-eNG_frame.svg","contentUrl":"https:\/\/www.upjs.sk\/app\/uploads\/sites\/9\/2023\/04\/LF-eNG_frame.svg","width":292,"height":61,"caption":"Lek\u00e1rska fakulta | UPJ\u0160"},"image":{"@id":"https:\/\/www.upjs.sk\/lekarska-fakulta\/en\/#\/schema\/logo\/image\/"}}]}},"_links":{"self":[{"href":"https:\/\/www.upjs.sk\/lekarska-fakulta\/en\/wp-json\/wp\/v2\/cpt_aktuality\/162587","targetHints":{"allow":["GET"]}}],"collection":[{"href":"https:\/\/www.upjs.sk\/lekarska-fakulta\/en\/wp-json\/wp\/v2\/cpt_aktuality"}],"about":[{"href":"https:\/\/www.upjs.sk\/lekarska-fakulta\/en\/wp-json\/wp\/v2\/types\/cpt_aktuality"}],"author":[{"embeddable":true,"href":"https:\/\/www.upjs.sk\/lekarska-fakulta\/en\/wp-json\/wp\/v2\/users\/97"}],"version-history":[{"count":8,"href":"https:\/\/www.upjs.sk\/lekarska-fakulta\/en\/wp-json\/wp\/v2\/cpt_aktuality\/162587\/revisions"}],"predecessor-version":[{"id":162600,"href":"https:\/\/www.upjs.sk\/lekarska-fakulta\/en\/wp-json\/wp\/v2\/cpt_aktuality\/162587\/revisions\/162600"}],"wp:featuredmedia":[{"embeddable":true,"href":"https:\/\/www.upjs.sk\/lekarska-fakulta\/en\/wp-json\/wp\/v2\/media\/162585"}],"wp:attachment":[{"href":"https:\/\/www.upjs.sk\/lekarska-fakulta\/en\/wp-json\/wp\/v2\/media?parent=162587"}],"wp:term":[{"taxonomy":"category","embeddable":true,"href":"https:\/\/www.upjs.sk\/lekarska-fakulta\/en\/wp-json\/wp\/v2\/categories?post=162587"},{"taxonomy":"post_tag","embeddable":true,"href":"https:\/\/www.upjs.sk\/lekarska-fakulta\/en\/wp-json\/wp\/v2\/tags?post=162587"},{"taxonomy":"tax_aktuality","embeddable":true,"href":"https:\/\/www.upjs.sk\/lekarska-fakulta\/en\/wp-json\/wp\/v2\/tax_aktuality?post=162587"}],"curies":[{"name":"wp","href":"https:\/\/api.w.org\/{rel}","templated":true}]}}