{"id":97699,"date":"2023-09-13T08:22:00","date_gmt":"2023-09-13T07:22:00","guid":{"rendered":"https:\/\/www.upjs.sk\/lekarska-fakulta\/?post_type=cpt_aktuality&#038;p=97699"},"modified":"2023-09-27T07:52:06","modified_gmt":"2023-09-27T06:52:06","slug":"new-professors-from-the-faculty-of-medicine-upjs","status":"publish","type":"cpt_aktuality","link":"https:\/\/www.upjs.sk\/lekarska-fakulta\/en\/actuality\/new-professors-from-the-faculty-of-medicine-upjs\/","title":{"rendered":"New professors from the Faculty of Medicine, UPJ\u0160"},"content":{"rendered":"\n<figure class=\"wp-block-gallery has-nested-images columns-default is-cropped wp-block-gallery-1 is-layout-flex wp-block-gallery-is-layout-flex\">\n<figure class=\"wp-block-image size-large\"><img loading=\"lazy\" decoding=\"async\" width=\"1024\" height=\"683\" data-id=\"96851\" src=\"https:\/\/www.upjs.sk\/app\/uploads\/sites\/9\/2023\/09\/Stancak2_resize-1024x683.jpg\" alt=\"\" class=\"wp-image-96851\" srcset=\"https:\/\/www.upjs.sk\/app\/uploads\/sites\/9\/2023\/09\/Stancak2_resize-1024x683.jpg 1024w, https:\/\/www.upjs.sk\/app\/uploads\/sites\/9\/2023\/09\/Stancak2_resize-300x200.jpg 300w, https:\/\/www.upjs.sk\/app\/uploads\/sites\/9\/2023\/09\/Stancak2_resize-768x512.jpg 768w, https:\/\/www.upjs.sk\/app\/uploads\/sites\/9\/2023\/09\/Stancak2_resize-1536x1025.jpg 1536w, https:\/\/www.upjs.sk\/app\/uploads\/sites\/9\/2023\/09\/Stancak2_resize.jpg 1638w\" sizes=\"auto, (max-width: 1024px) 100vw, 1024px\" \/><\/figure>\n\n\n\n<figure class=\"wp-block-image size-large\"><img loading=\"lazy\" decoding=\"async\" width=\"1024\" height=\"683\" data-id=\"96845\" src=\"https:\/\/www.upjs.sk\/app\/uploads\/sites\/9\/2023\/09\/Kristian2_resize-1024x683.jpg\" alt=\"\" class=\"wp-image-96845\" srcset=\"https:\/\/www.upjs.sk\/app\/uploads\/sites\/9\/2023\/09\/Kristian2_resize-1024x683.jpg 1024w, https:\/\/www.upjs.sk\/app\/uploads\/sites\/9\/2023\/09\/Kristian2_resize-300x200.jpg 300w, https:\/\/www.upjs.sk\/app\/uploads\/sites\/9\/2023\/09\/Kristian2_resize-768x512.jpg 768w, https:\/\/www.upjs.sk\/app\/uploads\/sites\/9\/2023\/09\/Kristian2_resize-1536x1025.jpg 1536w, https:\/\/www.upjs.sk\/app\/uploads\/sites\/9\/2023\/09\/Kristian2_resize.jpg 1638w\" sizes=\"auto, (max-width: 1024px) 100vw, 1024px\" \/><\/figure>\n\n\n\n<figure class=\"wp-block-image size-large\"><img loading=\"lazy\" decoding=\"async\" width=\"1024\" height=\"683\" data-id=\"96839\" src=\"https:\/\/www.upjs.sk\/app\/uploads\/sites\/9\/2023\/09\/Fedacko-2_resize-1024x683.jpg\" alt=\"\" class=\"wp-image-96839\" srcset=\"https:\/\/www.upjs.sk\/app\/uploads\/sites\/9\/2023\/09\/Fedacko-2_resize-1024x683.jpg 1024w, https:\/\/www.upjs.sk\/app\/uploads\/sites\/9\/2023\/09\/Fedacko-2_resize-300x200.jpg 300w, https:\/\/www.upjs.sk\/app\/uploads\/sites\/9\/2023\/09\/Fedacko-2_resize-768x512.jpg 768w, https:\/\/www.upjs.sk\/app\/uploads\/sites\/9\/2023\/09\/Fedacko-2_resize-1536x1025.jpg 1536w, https:\/\/www.upjs.sk\/app\/uploads\/sites\/9\/2023\/09\/Fedacko-2_resize.jpg 1638w\" sizes=\"auto, (max-width: 1024px) 100vw, 1024px\" \/><\/figure>\n<\/figure>\n\n\n\n<p>President Zuzana \u010caputov\u00e1 appointed 48 new professors, including the employees of our Faculty, at the Presidential Palace in Bratislava on Wednesday, September 12, &nbsp;2023:<\/p>\n\n\n\n<ul class=\"wp-block-list\">\n<li>J\u00e1n Feda\u010dko (Internal Diseases)<\/li>\n\n\n\n<li>Pavol Kristian (Internal Diseases)<\/li>\n\n\n\n<li>Branislav Stan\u010d\u00e1k (Internal Diseases)<\/li>\n<\/ul>\n\n\n\n<p><em>Congratulations!<\/em><\/p>\n","protected":false},"excerpt":{"rendered":"<p>President Zuzana \u010caputov\u00e1 appointed 48 new professors, including the employees of our Faculty, at the Presidential Palace in Bratislava on Wednesday, September 12, &nbsp;2023: Congratulations!<\/p>\n","protected":false},"author":75,"featured_media":96150,"template":"","meta":{"_acf_changed":false,"_editorskit_title_hidden":false,"_editorskit_reading_time":0,"_editorskit_is_block_options_detached":false,"_editorskit_block_options_position":"{}","footnotes":""},"categories":[],"tags":[],"tax_aktuality":[],"class_list":["post-97699","cpt_aktuality","type-cpt_aktuality","status-publish","has-post-thumbnail","hentry"],"acf":{"acf_link_na_externy_obsah":"","poradie_clanku":""},"yoast_head":"<!-- This site is optimized with the Yoast SEO plugin v27.4 - https:\/\/yoast.com\/product\/yoast-seo-wordpress\/ -->\n<title>New professors from the Faculty of Medicine, UPJ\u0160 - Lek\u00e1rska fakulta | UPJ\u0160<\/title>\n<meta name=\"robots\" content=\"index, follow, max-snippet:-1, max-image-preview:large, max-video-preview:-1\" \/>\n<link rel=\"canonical\" href=\"https:\/\/www.upjs.sk\/lekarska-fakulta\/en\/actuality\/new-professors-from-the-faculty-of-medicine-upjs\/\" \/>\n<meta property=\"og:locale\" content=\"en_US\" \/>\n<meta property=\"og:type\" content=\"article\" \/>\n<meta property=\"og:title\" content=\"New professors from the Faculty of Medicine, UPJ\u0160 - Lek\u00e1rska fakulta | UPJ\u0160\" \/>\n<meta property=\"og:description\" content=\"President Zuzana \u010caputov\u00e1 appointed 48 new professors, including the employees of our Faculty, at the Presidential Palace in Bratislava on Wednesday, September 12, &nbsp;2023: Congratulations!\" \/>\n<meta property=\"og:url\" content=\"https:\/\/www.upjs.sk\/lekarska-fakulta\/en\/actuality\/new-professors-from-the-faculty-of-medicine-upjs\/\" \/>\n<meta property=\"og:site_name\" content=\"Lek\u00e1rska fakulta | UPJ\u0160\" \/>\n<meta property=\"article:modified_time\" content=\"2023-09-27T06:52:06+00:00\" \/>\n<meta property=\"og:image\" content=\"https:\/\/www.upjs.sk\/app\/uploads\/sites\/9\/2023\/09\/novi-profesori.jpeg\" \/>\n\t<meta property=\"og:image:width\" content=\"1000\" \/>\n\t<meta property=\"og:image:height\" content=\"667\" \/>\n\t<meta property=\"og:image:type\" content=\"image\/jpeg\" \/>\n<meta name=\"twitter:card\" content=\"summary_large_image\" \/>\n<meta name=\"twitter:label1\" content=\"Est. reading time\" \/>\n\t<meta name=\"twitter:data1\" content=\"1 minute\" \/>\n<script type=\"application\/ld+json\" class=\"yoast-schema-graph\">{\"@context\":\"https:\\\/\\\/schema.org\",\"@graph\":[{\"@type\":\"WebPage\",\"@id\":\"https:\\\/\\\/www.upjs.sk\\\/lekarska-fakulta\\\/en\\\/actuality\\\/new-professors-from-the-faculty-of-medicine-upjs\\\/\",\"url\":\"https:\\\/\\\/www.upjs.sk\\\/lekarska-fakulta\\\/en\\\/actuality\\\/new-professors-from-the-faculty-of-medicine-upjs\\\/\",\"name\":\"New professors from the Faculty of Medicine, UPJ\u0160 - Lek\u00e1rska fakulta | UPJ\u0160\",\"isPartOf\":{\"@id\":\"https:\\\/\\\/www.upjs.sk\\\/lekarska-fakulta\\\/en\\\/#website\"},\"primaryImageOfPage\":{\"@id\":\"https:\\\/\\\/www.upjs.sk\\\/lekarska-fakulta\\\/en\\\/actuality\\\/new-professors-from-the-faculty-of-medicine-upjs\\\/#primaryimage\"},\"image\":{\"@id\":\"https:\\\/\\\/www.upjs.sk\\\/lekarska-fakulta\\\/en\\\/actuality\\\/new-professors-from-the-faculty-of-medicine-upjs\\\/#primaryimage\"},\"thumbnailUrl\":\"https:\\\/\\\/www.upjs.sk\\\/app\\\/uploads\\\/sites\\\/9\\\/2023\\\/09\\\/novi-profesori.jpeg\",\"datePublished\":\"2023-09-13T07:22:00+00:00\",\"dateModified\":\"2023-09-27T06:52:06+00:00\",\"breadcrumb\":{\"@id\":\"https:\\\/\\\/www.upjs.sk\\\/lekarska-fakulta\\\/en\\\/actuality\\\/new-professors-from-the-faculty-of-medicine-upjs\\\/#breadcrumb\"},\"inLanguage\":\"en-US\",\"potentialAction\":[{\"@type\":\"ReadAction\",\"target\":[\"https:\\\/\\\/www.upjs.sk\\\/lekarska-fakulta\\\/en\\\/actuality\\\/new-professors-from-the-faculty-of-medicine-upjs\\\/\"]}]},{\"@type\":\"ImageObject\",\"inLanguage\":\"en-US\",\"@id\":\"https:\\\/\\\/www.upjs.sk\\\/lekarska-fakulta\\\/en\\\/actuality\\\/new-professors-from-the-faculty-of-medicine-upjs\\\/#primaryimage\",\"url\":\"https:\\\/\\\/www.upjs.sk\\\/app\\\/uploads\\\/sites\\\/9\\\/2023\\\/09\\\/novi-profesori.jpeg\",\"contentUrl\":\"https:\\\/\\\/www.upjs.sk\\\/app\\\/uploads\\\/sites\\\/9\\\/2023\\\/09\\\/novi-profesori.jpeg\",\"width\":1000,\"height\":667},{\"@type\":\"BreadcrumbList\",\"@id\":\"https:\\\/\\\/www.upjs.sk\\\/lekarska-fakulta\\\/en\\\/actuality\\\/new-professors-from-the-faculty-of-medicine-upjs\\\/#breadcrumb\",\"itemListElement\":[{\"@type\":\"ListItem\",\"position\":1,\"name\":\"Home\",\"item\":\"https:\\\/\\\/www.upjs.sk\\\/lekarska-fakulta\\\/en\\\/\"},{\"@type\":\"ListItem\",\"position\":2,\"name\":\"News\",\"item\":\"https:\\\/\\\/www.upjs.sk\\\/lekarska-fakulta\\\/en\\\/actuality\\\/\"},{\"@type\":\"ListItem\",\"position\":3,\"name\":\"New professors from the Faculty of Medicine, UPJ\u0160\"}]},{\"@type\":\"WebSite\",\"@id\":\"https:\\\/\\\/www.upjs.sk\\\/lekarska-fakulta\\\/en\\\/#website\",\"url\":\"https:\\\/\\\/www.upjs.sk\\\/lekarska-fakulta\\\/en\\\/\",\"name\":\"Lek\u00e1rska fakulta | UPJ\u0160\",\"description\":\"\",\"publisher\":{\"@id\":\"https:\\\/\\\/www.upjs.sk\\\/lekarska-fakulta\\\/en\\\/#organization\"},\"potentialAction\":[{\"@type\":\"SearchAction\",\"target\":{\"@type\":\"EntryPoint\",\"urlTemplate\":\"https:\\\/\\\/www.upjs.sk\\\/lekarska-fakulta\\\/en\\\/?s={search_term_string}\"},\"query-input\":{\"@type\":\"PropertyValueSpecification\",\"valueRequired\":true,\"valueName\":\"search_term_string\"}}],\"inLanguage\":\"en-US\"},{\"@type\":\"Organization\",\"@id\":\"https:\\\/\\\/www.upjs.sk\\\/lekarska-fakulta\\\/en\\\/#organization\",\"name\":\"Lek\u00e1rska fakulta | UPJ\u0160\",\"url\":\"https:\\\/\\\/www.upjs.sk\\\/lekarska-fakulta\\\/en\\\/\",\"logo\":{\"@type\":\"ImageObject\",\"inLanguage\":\"en-US\",\"@id\":\"https:\\\/\\\/www.upjs.sk\\\/lekarska-fakulta\\\/en\\\/#\\\/schema\\\/logo\\\/image\\\/\",\"url\":\"https:\\\/\\\/www.upjs.sk\\\/app\\\/uploads\\\/sites\\\/9\\\/2023\\\/04\\\/LF-eNG_frame.svg\",\"contentUrl\":\"https:\\\/\\\/www.upjs.sk\\\/app\\\/uploads\\\/sites\\\/9\\\/2023\\\/04\\\/LF-eNG_frame.svg\",\"width\":292,\"height\":61,\"caption\":\"Lek\u00e1rska fakulta | UPJ\u0160\"},\"image\":{\"@id\":\"https:\\\/\\\/www.upjs.sk\\\/lekarska-fakulta\\\/en\\\/#\\\/schema\\\/logo\\\/image\\\/\"}}]}<\/script>\n<!-- \/ Yoast SEO plugin. -->","yoast_head_json":{"title":"New professors from the Faculty of Medicine, UPJ\u0160 - Lek\u00e1rska fakulta | UPJ\u0160","robots":{"index":"index","follow":"follow","max-snippet":"max-snippet:-1","max-image-preview":"max-image-preview:large","max-video-preview":"max-video-preview:-1"},"canonical":"https:\/\/www.upjs.sk\/lekarska-fakulta\/en\/actuality\/new-professors-from-the-faculty-of-medicine-upjs\/","og_locale":"en_US","og_type":"article","og_title":"New professors from the Faculty of Medicine, UPJ\u0160 - Lek\u00e1rska fakulta | UPJ\u0160","og_description":"President Zuzana \u010caputov\u00e1 appointed 48 new professors, including the employees of our Faculty, at the Presidential Palace in Bratislava on Wednesday, September 12, &nbsp;2023: Congratulations!","og_url":"https:\/\/www.upjs.sk\/lekarska-fakulta\/en\/actuality\/new-professors-from-the-faculty-of-medicine-upjs\/","og_site_name":"Lek\u00e1rska fakulta | UPJ\u0160","article_modified_time":"2023-09-27T06:52:06+00:00","og_image":[{"width":1000,"height":667,"url":"https:\/\/www.upjs.sk\/app\/uploads\/sites\/9\/2023\/09\/novi-profesori.jpeg","type":"image\/jpeg"}],"twitter_card":"summary_large_image","twitter_misc":{"Est. reading time":"1 minute"},"schema":{"@context":"https:\/\/schema.org","@graph":[{"@type":"WebPage","@id":"https:\/\/www.upjs.sk\/lekarska-fakulta\/en\/actuality\/new-professors-from-the-faculty-of-medicine-upjs\/","url":"https:\/\/www.upjs.sk\/lekarska-fakulta\/en\/actuality\/new-professors-from-the-faculty-of-medicine-upjs\/","name":"New professors from the Faculty of Medicine, UPJ\u0160 - Lek\u00e1rska fakulta | UPJ\u0160","isPartOf":{"@id":"https:\/\/www.upjs.sk\/lekarska-fakulta\/en\/#website"},"primaryImageOfPage":{"@id":"https:\/\/www.upjs.sk\/lekarska-fakulta\/en\/actuality\/new-professors-from-the-faculty-of-medicine-upjs\/#primaryimage"},"image":{"@id":"https:\/\/www.upjs.sk\/lekarska-fakulta\/en\/actuality\/new-professors-from-the-faculty-of-medicine-upjs\/#primaryimage"},"thumbnailUrl":"https:\/\/www.upjs.sk\/app\/uploads\/sites\/9\/2023\/09\/novi-profesori.jpeg","datePublished":"2023-09-13T07:22:00+00:00","dateModified":"2023-09-27T06:52:06+00:00","breadcrumb":{"@id":"https:\/\/www.upjs.sk\/lekarska-fakulta\/en\/actuality\/new-professors-from-the-faculty-of-medicine-upjs\/#breadcrumb"},"inLanguage":"en-US","potentialAction":[{"@type":"ReadAction","target":["https:\/\/www.upjs.sk\/lekarska-fakulta\/en\/actuality\/new-professors-from-the-faculty-of-medicine-upjs\/"]}]},{"@type":"ImageObject","inLanguage":"en-US","@id":"https:\/\/www.upjs.sk\/lekarska-fakulta\/en\/actuality\/new-professors-from-the-faculty-of-medicine-upjs\/#primaryimage","url":"https:\/\/www.upjs.sk\/app\/uploads\/sites\/9\/2023\/09\/novi-profesori.jpeg","contentUrl":"https:\/\/www.upjs.sk\/app\/uploads\/sites\/9\/2023\/09\/novi-profesori.jpeg","width":1000,"height":667},{"@type":"BreadcrumbList","@id":"https:\/\/www.upjs.sk\/lekarska-fakulta\/en\/actuality\/new-professors-from-the-faculty-of-medicine-upjs\/#breadcrumb","itemListElement":[{"@type":"ListItem","position":1,"name":"Home","item":"https:\/\/www.upjs.sk\/lekarska-fakulta\/en\/"},{"@type":"ListItem","position":2,"name":"News","item":"https:\/\/www.upjs.sk\/lekarska-fakulta\/en\/actuality\/"},{"@type":"ListItem","position":3,"name":"New professors from the Faculty of Medicine, UPJ\u0160"}]},{"@type":"WebSite","@id":"https:\/\/www.upjs.sk\/lekarska-fakulta\/en\/#website","url":"https:\/\/www.upjs.sk\/lekarska-fakulta\/en\/","name":"Lek\u00e1rska fakulta | UPJ\u0160","description":"","publisher":{"@id":"https:\/\/www.upjs.sk\/lekarska-fakulta\/en\/#organization"},"potentialAction":[{"@type":"SearchAction","target":{"@type":"EntryPoint","urlTemplate":"https:\/\/www.upjs.sk\/lekarska-fakulta\/en\/?s={search_term_string}"},"query-input":{"@type":"PropertyValueSpecification","valueRequired":true,"valueName":"search_term_string"}}],"inLanguage":"en-US"},{"@type":"Organization","@id":"https:\/\/www.upjs.sk\/lekarska-fakulta\/en\/#organization","name":"Lek\u00e1rska fakulta | UPJ\u0160","url":"https:\/\/www.upjs.sk\/lekarska-fakulta\/en\/","logo":{"@type":"ImageObject","inLanguage":"en-US","@id":"https:\/\/www.upjs.sk\/lekarska-fakulta\/en\/#\/schema\/logo\/image\/","url":"https:\/\/www.upjs.sk\/app\/uploads\/sites\/9\/2023\/04\/LF-eNG_frame.svg","contentUrl":"https:\/\/www.upjs.sk\/app\/uploads\/sites\/9\/2023\/04\/LF-eNG_frame.svg","width":292,"height":61,"caption":"Lek\u00e1rska fakulta | UPJ\u0160"},"image":{"@id":"https:\/\/www.upjs.sk\/lekarska-fakulta\/en\/#\/schema\/logo\/image\/"}}]}},"_links":{"self":[{"href":"https:\/\/www.upjs.sk\/lekarska-fakulta\/en\/wp-json\/wp\/v2\/cpt_aktuality\/97699","targetHints":{"allow":["GET"]}}],"collection":[{"href":"https:\/\/www.upjs.sk\/lekarska-fakulta\/en\/wp-json\/wp\/v2\/cpt_aktuality"}],"about":[{"href":"https:\/\/www.upjs.sk\/lekarska-fakulta\/en\/wp-json\/wp\/v2\/types\/cpt_aktuality"}],"author":[{"embeddable":true,"href":"https:\/\/www.upjs.sk\/lekarska-fakulta\/en\/wp-json\/wp\/v2\/users\/75"}],"version-history":[{"count":6,"href":"https:\/\/www.upjs.sk\/lekarska-fakulta\/en\/wp-json\/wp\/v2\/cpt_aktuality\/97699\/revisions"}],"predecessor-version":[{"id":97910,"href":"https:\/\/www.upjs.sk\/lekarska-fakulta\/en\/wp-json\/wp\/v2\/cpt_aktuality\/97699\/revisions\/97910"}],"wp:featuredmedia":[{"embeddable":true,"href":"https:\/\/www.upjs.sk\/lekarska-fakulta\/en\/wp-json\/wp\/v2\/media\/96150"}],"wp:attachment":[{"href":"https:\/\/www.upjs.sk\/lekarska-fakulta\/en\/wp-json\/wp\/v2\/media?parent=97699"}],"wp:term":[{"taxonomy":"category","embeddable":true,"href":"https:\/\/www.upjs.sk\/lekarska-fakulta\/en\/wp-json\/wp\/v2\/categories?post=97699"},{"taxonomy":"post_tag","embeddable":true,"href":"https:\/\/www.upjs.sk\/lekarska-fakulta\/en\/wp-json\/wp\/v2\/tags?post=97699"},{"taxonomy":"tax_aktuality","embeddable":true,"href":"https:\/\/www.upjs.sk\/lekarska-fakulta\/en\/wp-json\/wp\/v2\/tax_aktuality?post=97699"}],"curies":[{"name":"wp","href":"https:\/\/api.w.org\/{rel}","templated":true}]}}